{"id":43542,"date":"2024-04-12T08:08:53","date_gmt":"2024-04-12T06:08:53","guid":{"rendered":"https:\/\/www.visitsmaland.se\/destinationer\/oland\/"},"modified":"2026-04-07T08:14:22","modified_gmt":"2026-04-07T06:14:22","slug":"oland","status":"publish","type":"destination","link":"https:\/\/www.visitsmaland.se\/de\/reiseziele\/oland\/","title":{"rendered":"\u00d6land"},"content":{"rendered":"<div class=\"postHerosection postHerosection__wrapper\">\n    <div class=\"postHerosection postHerosection__container\">\n        <h1 class=\"postHerosection postHerosection__heroHeading\">\n            \u00d6land besuchen und entdecken         <\/h1>\n            <\/div>\n    <div class=\"postHerosection postHerosection__imageContainer\">\n        <img loading=\"lazy\" decoding=\"async\" width=\"2560\" height=\"1734\" src=\"https:\/\/www.visitsmaland.se\/wp-content\/uploads\/2024\/04\/Hero-7-scaled.jpg\" class=\"attachment-full size-full\" alt=\"\" srcset=\"https:\/\/www.visitsmaland.se\/wp-content\/uploads\/2024\/04\/Hero-7-scaled.jpg 2560w, https:\/\/www.visitsmaland.se\/wp-content\/uploads\/2024\/04\/Hero-7-300x203.jpg 300w, https:\/\/www.visitsmaland.se\/wp-content\/uploads\/2024\/04\/Hero-7-1024x694.jpg 1024w, https:\/\/www.visitsmaland.se\/wp-content\/uploads\/2024\/04\/Hero-7-768x520.jpg 768w, https:\/\/www.visitsmaland.se\/wp-content\/uploads\/2024\/04\/Hero-7-1536x1041.jpg 1536w, https:\/\/www.visitsmaland.se\/wp-content\/uploads\/2024\/04\/Hero-7-2048x1388.jpg 2048w\" sizes=\"(max-width: 2560px) 100vw, 2560px\" \/>    <\/div>\n<\/div>\n<div class=\"postHerosection postHerosection__breadcrumbs\">\n   <div class=\"postHerosection postHerosection__breadcrumbs-container\">\n        <p id=\"breadcrumbs\"><span><span><a href=\"https:\/\/www.visitsmaland.se\/de\/\">Startseite<\/a><\/span><\/span><\/p>    <\/div>\n<\/div>\n\n<div class=\"contentCta contentCta__wrapper\">\n    <div class=\"contentCta contentCta__container\">\n                    \t\t\t<div class=\"contentCta contentCta__text\" style=\"color: \">\n\t\t\t\t<p>Lass dich von der Sonne und dem Wind der Insel umarmen! \u00d6land hinterl\u00e4sst einen bleibenden Eindruck, egal zu welcher Jahreszeit du es besuchst. Hier kannst du durch weichen Sand schlendern, w\u00e4hrend die Wellen sanft um deine F\u00fc\u00dfe pl\u00e4tschern, auf dem Alvaret wandern mit Lerchen am Himmel und dem Duft von Thymian in der Luft oder den \u00d6landswind an einem rauen Wintertag sp\u00fcren. Hier kannst du auch Pizza beim Sonnenuntergang essen, Ruinen von Burgen aus vergangenen Zeiten erleben, in Richtung Horizont radeln oder ein erfrischendes Winterbad nehmen!<\/p>\n\t\t\t<\/div>\n                <hr>\n            <\/div>\n<\/div>\n\n\n<div class=\"contentImageTwoColumns contentImageTwoColumns__wrapper\" style=\"background-color: #f4f2eb\">\n    <div class=\"contentImageTwoColumns contentImageTwoColumns__container \">\n        <div class=\"contentImageTwoColumns contentImageTwoColumns__contentWrapper\">\n            <h2 class=\"contentImageTwoColumns contentImageTwoColumns__heading\" style=\"color: \">\n                Kultur &#038; Geschichte            <\/h2>\n            <div class=\"contentImageTwoColumns contentImageTwoColumns__text contentImageTwoColumns__text--short\" style=\"color: \">\n                                    <p>Wenn Sie einen Urlaub mit historischen und kulturellen Elementen suchen, ist \u00d6land das perfekte Reiseziel. \u00d6land ist eine kulturelle Schatzkammer, gepr\u00e4gt von alten Festungen, Gr\u00e4berfeldern und iko&#8230;                    <button type=\"button\" class=\"contentImageTwoColumns contentImageTwoColumns__readMoreLess\">\n                        Mehr lesen +                    <\/button>\n                            <\/div>\n            <div class=\"contentImageTwoColumns contentImageTwoColumns__text contentImageTwoColumns__text--full\" style=\"color: \">\n                <p>Wenn Sie einen Urlaub mit historischen und kulturellen Elementen suchen, ist \u00d6land das perfekte Reiseziel. \u00d6land ist eine kulturelle Schatzkammer, gepr\u00e4gt von alten Festungen, Gr\u00e4berfeldern und ikonischen Windm\u00fchlen. Das einzigartige UNESCO-Weltkulturerbe der Insel, die Agrarlandschaft S\u00fcd\u00f6lands, bietet Einblicke in eine tausendj\u00e4hrige Tradition der Landwirtschaft und des Zusammenlebens mit der Natur. Entdecken Sie das reiche Kulturerbe \u00d6lands und lassen Sie sich von seiner einzigartigen Landschaft und historischen Tiefe faszinieren.<\/p>\n                <button type=\"button\" class=\"contentImageTwoColumns contentImageTwoColumns__readMoreLess\">\n                    Weniger lesen &#8211;                <\/button>\n            <\/div>\n                        <div class=\"wp-block-buttons is-layout-flex wp-block-buttons-is-layout-flex\">\n                <div class=\"wp-block-button arrow-white\">\n                    <a aria-label=\"Kultur &#038; Geschichte\" class=\"wp-block-button__link wp-element-button\" href=\"https:\/\/de.oland.se\/kultur-och-historia\" style=\"background-color: #374632; color: #ffffff;border: solid 1px #374632\">\n                        Kultur &#038; Geschichte                    <\/a>\n                <\/div>\n            <\/div>\n                                <\/div>\n        <div class=\"contentImageTwoColumns contentImageTwoColumns__imageWrapper\">\n            <img loading=\"lazy\" decoding=\"async\" width=\"1024\" height=\"740\" src=\"https:\/\/www.visitsmaland.se\/wp-content\/uploads\/2024\/04\/GattlingeGravfalt-MarikaOttosson-2021-OlandCo-1-1024x740.jpg\" class=\"attachment-grid-card-images size-grid-card-images\" alt=\"\" \/>        <\/div>\n    <\/div>\n<\/div>\n\n\n<div class=\"contentImageTwoColumns contentImageTwoColumns__wrapper\" style=\"background-color: #374632\">\n    <div class=\"contentImageTwoColumns contentImageTwoColumns__container layout-reversed\">\n        <div class=\"contentImageTwoColumns contentImageTwoColumns__contentWrapper\">\n            <h2 class=\"contentImageTwoColumns contentImageTwoColumns__heading\" style=\"color: #ffffff\">\n                Flora &#038; Fauna             <\/h2>\n            <div class=\"contentImageTwoColumns contentImageTwoColumns__text contentImageTwoColumns__text--short\" style=\"color: #ffffff\">\n                                    <p>Lassen Sie sich im Fr\u00fchling von der Vielfalt der Orchideen beeindrucken oder beobachten Sie im Herbst die V\u00f6gel! \u00d6lands Geheimnis ist ihr Kalksteinboden. Er verleiht der Insel ein w\u00e4rmeres Klima und bietet zugleich einzigartige Bedingungen f\u00fcr Flora und Fauna.<\/p>\n                            <\/div>\n            <div class=\"contentImageTwoColumns contentImageTwoColumns__text contentImageTwoColumns__text--full\" style=\"color: #ffffff\">\n                <p>Lassen Sie sich im Fr\u00fchling von der Vielfalt der Orchideen beeindrucken oder beobachten Sie im Herbst die V\u00f6gel! \u00d6lands Geheimnis ist ihr Kalksteinboden. Er verleiht der Insel ein w\u00e4rmeres Klima und bietet zugleich einzigartige Bedingungen f\u00fcr Flora und Fauna.<\/p>\n                <button type=\"button\" class=\"contentImageTwoColumns contentImageTwoColumns__readMoreLess\">\n                    Weniger lesen &#8211;                <\/button>\n            <\/div>\n                        <div class=\"wp-block-buttons is-layout-flex wp-block-buttons-is-layout-flex\">\n                <div class=\"wp-block-button \">\n                    <a aria-label=\"Flora &#038; Fauna \" class=\"wp-block-button__link wp-element-button\" href=\"https:\/\/de.oland.se\/blomsterrundan\" style=\"background-color: #f4f2eb; color: #000000;border: solid 1px #f4f2eb\">\n                        Flora &#038; Fauna                     <\/a>\n                <\/div>\n            <\/div>\n                                <\/div>\n        <div class=\"contentImageTwoColumns contentImageTwoColumns__imageWrapper\">\n            <img loading=\"lazy\" decoding=\"async\" width=\"1024\" height=\"740\" src=\"https:\/\/www.visitsmaland.se\/wp-content\/uploads\/2024\/04\/Dyestad-OlandCo-AlexanderHall-2023-ALEX9870-1-1024x740.jpg\" class=\"attachment-grid-card-images size-grid-card-images\" alt=\"\" \/>        <\/div>\n    <\/div>\n<\/div>\n\n\n<div class=\"contentImageTwoColumns contentImageTwoColumns__wrapper\" style=\"background-color: #f4f2eb\">\n    <div class=\"contentImageTwoColumns contentImageTwoColumns__container \">\n        <div class=\"contentImageTwoColumns contentImageTwoColumns__contentWrapper\">\n            <h2 class=\"contentImageTwoColumns contentImageTwoColumns__heading\" style=\"color: \">\n                Abenteuern            <\/h2>\n            <div class=\"contentImageTwoColumns contentImageTwoColumns__text contentImageTwoColumns__text--short\" style=\"color: \">\n                                    <p>Sehnen Sie sich nach Abenteuern und Spannung? \u00d6land ist ein beliebtes Ziel f\u00fcr Radurlauber. Mit den guten Windverh\u00e4ltnissen auf \u00d6land ist es auch ein perfekter Ort, um mit einem Drachen zu fliegen&#8230;.                    <button type=\"button\" class=\"contentImageTwoColumns contentImageTwoColumns__readMoreLess\">\n                        Mehr lesen +                    <\/button>\n                            <\/div>\n            <div class=\"contentImageTwoColumns contentImageTwoColumns__text contentImageTwoColumns__text--full\" style=\"color: \">\n                <p>Sehnen Sie sich nach Abenteuern und Spannung? \u00d6land ist ein beliebtes Ziel f\u00fcr Radurlauber. Mit den guten Windverh\u00e4ltnissen auf \u00d6land ist es auch ein perfekter Ort, um mit einem Drachen zu fliegen. Steigen Sie auf den Pferder\u00fccken und machen Sie eine gef\u00fchrte Tour entlang der K\u00fcste. Egal, was Sie auf der Insel unternehmen, wir versprechen Ihnen unvergessliche Erinnerungen f\u00fcrs Leben. Eine Br\u00fccke von Kalmar verbindet die lange Insel mit dem Festland. Im Sommer fahren auch zwei F\u00e4hren zur Insel, eine von Oskarshamn und eine von Kalmar.<\/p>\n                <button type=\"button\" class=\"contentImageTwoColumns contentImageTwoColumns__readMoreLess\">\n                    Weniger lesen &#8211;                <\/button>\n            <\/div>\n                        <div class=\"wp-block-buttons is-layout-flex wp-block-buttons-is-layout-flex\">\n                <div class=\"wp-block-button arrow-white\">\n                    <a aria-label=\"Abenteuern\" class=\"wp-block-button__link wp-element-button\" href=\"https:\/\/de.oland.se\/segora\" style=\"background-color: #374632; color: #ffffff;border: solid 1px #374632\">\n                        Abenteuern                    <\/a>\n                <\/div>\n            <\/div>\n                                <\/div>\n        <div class=\"contentImageTwoColumns contentImageTwoColumns__imageWrapper\">\n            <img loading=\"lazy\" decoding=\"async\" width=\"1024\" height=\"740\" src=\"https:\/\/www.visitsmaland.se\/wp-content\/uploads\/2024\/04\/Oland-EketorpsBorg-UpZoneStudios2019-3-OlandCo--1024x740.jpg\" class=\"attachment-grid-card-images size-grid-card-images\" alt=\"\" \/>        <\/div>\n    <\/div>\n<\/div>\n\n\n\n<div style=\"height:23px\" aria-hidden=\"true\" class=\"wp-block-spacer\"><\/div>\n\n\n\n<figure class=\"wp-block-gallery has-nested-images columns-default is-cropped wp-block-gallery-2 is-layout-flex wp-block-gallery-is-layout-flex\">\n<figure class=\"wp-block-image size-large\"><img loading=\"lazy\" decoding=\"async\" width=\"1024\" height=\"683\" data-id=\"74886\" src=\"https:\/\/www.visitsmaland.se\/wp-content\/uploads\/2025\/09\/Oland-VinterBorgholm-MarcusCarlsson-2022-12-1024x683.jpg\" alt=\"\" class=\"wp-image-74886\" srcset=\"https:\/\/www.visitsmaland.se\/wp-content\/uploads\/2025\/09\/Oland-VinterBorgholm-MarcusCarlsson-2022-12-1024x683.jpg 1024w, https:\/\/www.visitsmaland.se\/wp-content\/uploads\/2025\/09\/Oland-VinterBorgholm-MarcusCarlsson-2022-12-300x200.jpg 300w, https:\/\/www.visitsmaland.se\/wp-content\/uploads\/2025\/09\/Oland-VinterBorgholm-MarcusCarlsson-2022-12-768x512.jpg 768w, https:\/\/www.visitsmaland.se\/wp-content\/uploads\/2025\/09\/Oland-VinterBorgholm-MarcusCarlsson-2022-12-1536x1025.jpg 1536w, https:\/\/www.visitsmaland.se\/wp-content\/uploads\/2025\/09\/Oland-VinterBorgholm-MarcusCarlsson-2022-12-2048x1366.jpg 2048w\" sizes=\"(max-width: 1024px) 100vw, 1024px\" \/><\/figure>\n\n\n\n<figure class=\"wp-block-image size-large\"><img loading=\"lazy\" decoding=\"async\" width=\"1024\" height=\"683\" data-id=\"61952\" src=\"https:\/\/www.visitsmaland.se\/wp-content\/uploads\/2024\/04\/GattlingeGravfalt-MarikaOttosson-2021-OlandCo-1-1024x683.jpg\" alt=\"\" class=\"wp-image-61952\" srcset=\"https:\/\/www.visitsmaland.se\/wp-content\/uploads\/2024\/04\/GattlingeGravfalt-MarikaOttosson-2021-OlandCo-1-1024x683.jpg 1024w, https:\/\/www.visitsmaland.se\/wp-content\/uploads\/2024\/04\/GattlingeGravfalt-MarikaOttosson-2021-OlandCo-1-300x200.jpg 300w, https:\/\/www.visitsmaland.se\/wp-content\/uploads\/2024\/04\/GattlingeGravfalt-MarikaOttosson-2021-OlandCo-1-768x512.jpg 768w, https:\/\/www.visitsmaland.se\/wp-content\/uploads\/2024\/04\/GattlingeGravfalt-MarikaOttosson-2021-OlandCo-1-1536x1024.jpg 1536w, https:\/\/www.visitsmaland.se\/wp-content\/uploads\/2024\/04\/GattlingeGravfalt-MarikaOttosson-2021-OlandCo-1-2048x1365.jpg 2048w\" sizes=\"(max-width: 1024px) 100vw, 1024px\" \/><\/figure>\n\n\n\n<figure class=\"wp-block-image size-large\"><img loading=\"lazy\" decoding=\"async\" width=\"1024\" height=\"682\" data-id=\"57214\" src=\"https:\/\/www.visitsmaland.se\/wp-content\/uploads\/2024\/12\/TD-SWEDEN-OLAND-22-1024x682.jpg\" alt=\"\" class=\"wp-image-57214\" srcset=\"https:\/\/www.visitsmaland.se\/wp-content\/uploads\/2024\/12\/TD-SWEDEN-OLAND-22-1024x682.jpg 1024w, https:\/\/www.visitsmaland.se\/wp-content\/uploads\/2024\/12\/TD-SWEDEN-OLAND-22-300x200.jpg 300w, https:\/\/www.visitsmaland.se\/wp-content\/uploads\/2024\/12\/TD-SWEDEN-OLAND-22-768x511.jpg 768w, https:\/\/www.visitsmaland.se\/wp-content\/uploads\/2024\/12\/TD-SWEDEN-OLAND-22-1536x1023.jpg 1536w, https:\/\/www.visitsmaland.se\/wp-content\/uploads\/2024\/12\/TD-SWEDEN-OLAND-22-2048x1364.jpg 2048w\" sizes=\"(max-width: 1024px) 100vw, 1024px\" \/><\/figure>\n<\/figure>\n\n\n\n<section class=\"contentFAQBlock contentFAQBlock__wrapper\">\n    <div class=\"contentFAQBlock contentFAQBlock__container\">\n                    <h2 class=\"contentFAQBlock contentFAQBlock__title\">H\u00e4ufig gestellte Fragen zu \u00d6land<\/h2>\n                \n        <div class=\"contentFAQBlock contentFAQBlock__faqContent\" itemscope itemtype=\"https:\/\/schema.org\/FAQPage\">\n            <div id=\"accordion-group-block_793a2b7501f0e58e7606d2e4f9f22d65\" class=\"contentFAQBlock contentFAQBlock__accordion\" data-allow-toggle>\n                                                <div class=\"contentFAQBlock contentFAQBlock__categoryGroup\">\n                                                                                                                <div class=\"contentFAQBlock contentFAQBlock__accordionItem\" itemscope itemprop=\"mainEntity\" itemtype=\"https:\/\/schema.org\/Question\">\n                                            <h4>\n                                                <button aria-expanded=\"false\" class=\"contentFAQBlock contentFAQBlock__accordionTrigger accordion-trigger\" aria-controls=\"accordion95170-cat1148-block_793a2b7501f0e58e7606d2e4f9f22d65\" id=\"accordion95170-cat1148-block_793a2b7501f0e58e7606d2e4f9f22d65id\">\n                                                    <span class=\"contentFAQBlock contentFAQBlock__accordionTitle accordion-title\" itemprop=\"name\">\n                                                        Wann ist die beste Reisezeit f\u00fcr \u00d6land?                                                        <span class=\"contentFAQBlock contentFAQBlock__accordionIcon accordion-icon\"><\/span>\n                                                    <\/span>\n                                                <\/button>\n                                            <\/h4>\n                                            <div itemscope itemprop=\"acceptedAnswer\" itemtype=\"https:\/\/schema.org\/Answer\" id=\"accordion95170-cat1148-block_793a2b7501f0e58e7606d2e4f9f22d65\" role=\"region\" aria-labelledby=\"accordion95170-cat1148-block_793a2b7501f0e58e7606d2e4f9f22d65id\" class=\"contentFAQBlock contentFAQBlock__accordionPanel accordion-panel\" hidden>\n                                                <div itemprop=\"text\" class=\"contentFAQBlock contentFAQBlock__accordionContent accordion-content\">\n                                                    <p>Man kann \u00d6land das ganze Jahr \u00fcber besuchen, aber die beste Zeit ist im Sommer, um die Natur zu erleben, oder im Herbst zur Erntezeit, wenn verschiedene Veranstaltungen stattfinden. <a href=\"https:\/\/de.oland.se\/aret-runt\">Hier mehr lesen<\/a>!<\/p>\n                                                <\/div>\n                                            <\/div>\n                                        <\/div>\n                                                                            <div class=\"contentFAQBlock contentFAQBlock__accordionItem\" itemscope itemprop=\"mainEntity\" itemtype=\"https:\/\/schema.org\/Question\">\n                                            <h4>\n                                                <button aria-expanded=\"false\" class=\"contentFAQBlock contentFAQBlock__accordionTrigger accordion-trigger\" aria-controls=\"accordion95171-cat1148-block_793a2b7501f0e58e7606d2e4f9f22d65\" id=\"accordion95171-cat1148-block_793a2b7501f0e58e7606d2e4f9f22d65id\">\n                                                    <span class=\"contentFAQBlock contentFAQBlock__accordionTitle accordion-title\" itemprop=\"name\">\n                                                        Wann ist die K\u00f6nigsfamilie auf \u00d6land?                                                        <span class=\"contentFAQBlock contentFAQBlock__accordionIcon accordion-icon\"><\/span>\n                                                    <\/span>\n                                                <\/button>\n                                            <\/h4>\n                                            <div itemscope itemprop=\"acceptedAnswer\" itemtype=\"https:\/\/schema.org\/Answer\" id=\"accordion95171-cat1148-block_793a2b7501f0e58e7606d2e4f9f22d65\" role=\"region\" aria-labelledby=\"accordion95171-cat1148-block_793a2b7501f0e58e7606d2e4f9f22d65id\" class=\"contentFAQBlock contentFAQBlock__accordionPanel accordion-panel\" hidden>\n                                                <div itemprop=\"text\" class=\"contentFAQBlock contentFAQBlock__accordionContent accordion-content\">\n                                                    <p>Die k\u00f6nigliche Familie ist normalerweise im Sommer auf \u00d6land und verbringt die Zeit in ihrer Sommerresidenz auf <a href=\"https:\/\/sollidensslott.se\/schloss-solliden\/\">Schloss Solliden<\/a>.<\/p>\n                                                <\/div>\n                                            <\/div>\n                                        <\/div>\n                                                                            <div class=\"contentFAQBlock contentFAQBlock__accordionItem\" itemscope itemprop=\"mainEntity\" itemtype=\"https:\/\/schema.org\/Question\">\n                                            <h4>\n                                                <button aria-expanded=\"false\" class=\"contentFAQBlock contentFAQBlock__accordionTrigger accordion-trigger\" aria-controls=\"accordion95168-cat1148-block_793a2b7501f0e58e7606d2e4f9f22d65\" id=\"accordion95168-cat1148-block_793a2b7501f0e58e7606d2e4f9f22d65id\">\n                                                    <span class=\"contentFAQBlock contentFAQBlock__accordionTitle accordion-title\" itemprop=\"name\">\n                                                        Was kostet die Br\u00fccke nach \u00d6land?                                                        <span class=\"contentFAQBlock contentFAQBlock__accordionIcon accordion-icon\"><\/span>\n                                                    <\/span>\n                                                <\/button>\n                                            <\/h4>\n                                            <div itemscope itemprop=\"acceptedAnswer\" itemtype=\"https:\/\/schema.org\/Answer\" id=\"accordion95168-cat1148-block_793a2b7501f0e58e7606d2e4f9f22d65\" role=\"region\" aria-labelledby=\"accordion95168-cat1148-block_793a2b7501f0e58e7606d2e4f9f22d65id\" class=\"contentFAQBlock contentFAQBlock__accordionPanel accordion-panel\" hidden>\n                                                <div itemprop=\"text\" class=\"contentFAQBlock contentFAQBlock__accordionContent accordion-content\">\n                                                    <p>Es kostet nichts, \u00fcber die Br\u00fccke von Kalmar nach \u00d6land zu fahren, sie ist kostenlos. <a href=\"https:\/\/de.oland.se\/olandsbron\">Hier mehr lesen<\/a>!<\/p>\n                                                <\/div>\n                                            <\/div>\n                                        <\/div>\n                                                                            <div class=\"contentFAQBlock contentFAQBlock__accordionItem\" itemscope itemprop=\"mainEntity\" itemtype=\"https:\/\/schema.org\/Question\">\n                                            <h4>\n                                                <button aria-expanded=\"false\" class=\"contentFAQBlock contentFAQBlock__accordionTrigger accordion-trigger\" aria-controls=\"accordion95172-cat1148-block_793a2b7501f0e58e7606d2e4f9f22d65\" id=\"accordion95172-cat1148-block_793a2b7501f0e58e7606d2e4f9f22d65id\">\n                                                    <span class=\"contentFAQBlock contentFAQBlock__accordionTitle accordion-title\" itemprop=\"name\">\n                                                        Wie kommt man von Deutschland nach \u00d6land?                                                        <span class=\"contentFAQBlock contentFAQBlock__accordionIcon accordion-icon\"><\/span>\n                                                    <\/span>\n                                                <\/button>\n                                            <\/h4>\n                                            <div itemscope itemprop=\"acceptedAnswer\" itemtype=\"https:\/\/schema.org\/Answer\" id=\"accordion95172-cat1148-block_793a2b7501f0e58e7606d2e4f9f22d65\" role=\"region\" aria-labelledby=\"accordion95172-cat1148-block_793a2b7501f0e58e7606d2e4f9f22d65id\" class=\"contentFAQBlock contentFAQBlock__accordionPanel accordion-panel\" hidden>\n                                                <div itemprop=\"text\" class=\"contentFAQBlock contentFAQBlock__accordionContent accordion-content\">\n                                                    <p>Von Deutschland aus kommt man am besten mit dem Auto oder Zug nach \u00d6land:<br \/>\nMit dem Zug: Von Hamburg aus nimmt man die Direktverbindung nach Kopenhagen und steigt doch noch einmal in den Zug nach Kalmar um, von wo aus ein Bus \u00fcber die Br\u00fccke nach \u00d6land f\u00e4hrt.<br \/>\nMit dem Auto: Von Deutschland aus erreicht man Schweden \u00fcber den Landweg durch D\u00e4nemark oder \u00fcber verschiedene F\u00e4hrverbindungen, z.B. Travem\u00fcnde \u2013 Malm\u00f6, Kiel \u2013 G\u00f6teborg oder Rostock \u2013 Trelleborg. In Kalmar angekommen f\u00fchrt die Kalmarsund-Br\u00fccke direkt r\u00fcber nach \u00d6land. Nach \u00d6land direkt f\u00e4hrt keine F\u00e4hre.<br \/>\nMit dem Flugzeug: W\u00e4hrend der Hauptsaison gibt es Flugverbindungen nach Kalmar, es kann jedoch sein, dass ein Umstieg in Stockholm notwendig ist. <\/p>\n                                                <\/div>\n                                            <\/div>\n                                        <\/div>\n                                                                            <div class=\"contentFAQBlock contentFAQBlock__accordionItem\" itemscope itemprop=\"mainEntity\" itemtype=\"https:\/\/schema.org\/Question\">\n                                            <h4>\n                                                <button aria-expanded=\"false\" class=\"contentFAQBlock contentFAQBlock__accordionTrigger accordion-trigger\" aria-controls=\"accordion95166-cat1148-block_793a2b7501f0e58e7606d2e4f9f22d65\" id=\"accordion95166-cat1148-block_793a2b7501f0e58e7606d2e4f9f22d65id\">\n                                                    <span class=\"contentFAQBlock contentFAQBlock__accordionTitle accordion-title\" itemprop=\"name\">\n                                                        Wie lang ist die Insel \u00d6land?                                                        <span class=\"contentFAQBlock contentFAQBlock__accordionIcon accordion-icon\"><\/span>\n                                                    <\/span>\n                                                <\/button>\n                                            <\/h4>\n                                            <div itemscope itemprop=\"acceptedAnswer\" itemtype=\"https:\/\/schema.org\/Answer\" id=\"accordion95166-cat1148-block_793a2b7501f0e58e7606d2e4f9f22d65\" role=\"region\" aria-labelledby=\"accordion95166-cat1148-block_793a2b7501f0e58e7606d2e4f9f22d65id\" class=\"contentFAQBlock contentFAQBlock__accordionPanel accordion-panel\" hidden>\n                                                <div itemprop=\"text\" class=\"contentFAQBlock contentFAQBlock__accordionContent accordion-content\">\n                                                    <p>Die Insel \u00d6land erstreckt sich von der s\u00fcdlichen bis zur n\u00f6rdlichen Spitze \u00fcber 137 Kilometer und ist an der breitesten Stelle 16 Kilometer breit.<\/p>\n                                                <\/div>\n                                            <\/div>\n                                        <\/div>\n                                                                            <div class=\"contentFAQBlock contentFAQBlock__accordionItem\" itemscope itemprop=\"mainEntity\" itemtype=\"https:\/\/schema.org\/Question\">\n                                            <h4>\n                                                <button aria-expanded=\"false\" class=\"contentFAQBlock contentFAQBlock__accordionTrigger accordion-trigger\" aria-controls=\"accordion95169-cat1148-block_793a2b7501f0e58e7606d2e4f9f22d65\" id=\"accordion95169-cat1148-block_793a2b7501f0e58e7606d2e4f9f22d65id\">\n                                                    <span class=\"contentFAQBlock contentFAQBlock__accordionTitle accordion-title\" itemprop=\"name\">\n                                                        Wo kann ich auf \u00d6land wildcampen?                                                        <span class=\"contentFAQBlock contentFAQBlock__accordionIcon accordion-icon\"><\/span>\n                                                    <\/span>\n                                                <\/button>\n                                            <\/h4>\n                                            <div itemscope itemprop=\"acceptedAnswer\" itemtype=\"https:\/\/schema.org\/Answer\" id=\"accordion95169-cat1148-block_793a2b7501f0e58e7606d2e4f9f22d65\" role=\"region\" aria-labelledby=\"accordion95169-cat1148-block_793a2b7501f0e58e7606d2e4f9f22d65id\" class=\"contentFAQBlock contentFAQBlock__accordionPanel accordion-panel\" hidden>\n                                                <div itemprop=\"text\" class=\"contentFAQBlock contentFAQBlock__accordionContent accordion-content\">\n                                                    <p><a href=\"https:\/\/de.oland.se\/fricampa-i-naturen\">Wildcampen<\/a> ist auf \u00d6land erlaubt, jedoch nicht zu nah an Wohnh\u00e4usern, auf Weideland oder auf landwirtschaftlich genutzten Fl\u00e4chen. In der Regel ist es gestattet, f\u00fcr ein oder zwei N\u00e4chte zu campen, in Nationalparks und Naturschutzgebieten gelten allerdings besondere Regeln.<\/p>\n                                                <\/div>\n                                            <\/div>\n                                        <\/div>\n                                                                            <div class=\"contentFAQBlock contentFAQBlock__accordionItem\" itemscope itemprop=\"mainEntity\" itemtype=\"https:\/\/schema.org\/Question\">\n                                            <h4>\n                                                <button aria-expanded=\"false\" class=\"contentFAQBlock contentFAQBlock__accordionTrigger accordion-trigger\" aria-controls=\"accordion95167-cat1148-block_793a2b7501f0e58e7606d2e4f9f22d65\" id=\"accordion95167-cat1148-block_793a2b7501f0e58e7606d2e4f9f22d65id\">\n                                                    <span class=\"contentFAQBlock contentFAQBlock__accordionTitle accordion-title\" itemprop=\"name\">\n                                                        Wo kann man auf \u00d6land baden?                                                        <span class=\"contentFAQBlock contentFAQBlock__accordionIcon accordion-icon\"><\/span>\n                                                    <\/span>\n                                                <\/button>\n                                            <\/h4>\n                                            <div itemscope itemprop=\"acceptedAnswer\" itemtype=\"https:\/\/schema.org\/Answer\" id=\"accordion95167-cat1148-block_793a2b7501f0e58e7606d2e4f9f22d65\" role=\"region\" aria-labelledby=\"accordion95167-cat1148-block_793a2b7501f0e58e7606d2e4f9f22d65id\" class=\"contentFAQBlock contentFAQBlock__accordionPanel accordion-panel\" hidden>\n                                                <div itemprop=\"text\" class=\"contentFAQBlock contentFAQBlock__accordionContent accordion-content\">\n                                                    <p>Es gibt mehrere verschiedene <a href=\"https:\/\/de.oland.se\/sol-och-bad\">Badepl\u00e4tze<\/a> auf \u00d6land, sowohl an Str\u00e4nden als auch in Schwimmb\u00e4dern. Es gibt unter anderem Orte wie B\u00f6da Sand, Talludden und den Hafen von F\u00e4rjestaden, um im Meer zu baden. Au\u00dferdem gibt es das Hallenbad in Borgholm und verschiedene Wasserparks.<\/p>\n                                                <\/div>\n                                            <\/div>\n                                        <\/div>\n                                                                    <\/div>\n                                        <\/div>\n        <\/div>\n    <\/div>\n<\/section>\n\n\n\n<div class=\"posttypeCards posttypeCards__wrapper\" style=\"background-color: \">\n    <div class=\"posttypeCards posttypeCards__container\">\n            <div class=\"posttypeCards posttypeCards__cardWrapper\" style=\"background-color: \">\n            <a aria-label=\"Naturum Trollskogen\" href=\"https:\/\/www.visitsmaland.se\/de\/entdecken\/naturum-trollskogen\/\"class=\"posttypeCards posttypeCards__imageWrapper\">\n                <img loading=\"lazy\" decoding=\"async\" width=\"1024\" height=\"740\" src=\"https:\/\/www.visitsmaland.se\/wp-content\/uploads\/2024\/04\/Oland-Trollskogen-Naturum1-UpZoneStudios2020-1024x740.jpg\" class=\"attachment-grid-card-images size-grid-card-images wp-post-image\" alt=\"\" \/>            <\/a>\n            <div class=\"posttypeCards posttypeCards__contentWrapper\">\n                <h3 class=\"posttypeCards posttypeCards__heading\" style=\"color: #FFFFFF\">\n                    Naturum Trollskogen                <\/h3>\n                <div class=\"wp-block-buttons is-layout-flex wp-block-buttons-is-layout-flex\">\n                    <div class=\"wp-block-button \">\n                        <a aria-label=\"Naturum Trollskogen\"class=\"wp-block-button__link wp-element-button\" href=\"https:\/\/www.visitsmaland.se\/de\/entdecken\/naturum-trollskogen\/\" style=\"background-color: #fbbd51; border: solid 1px #fbbd51\">\n                            Entdecke                        <\/a>\n                    <\/div>\n                <\/div>\n            <\/div>\n        <\/div>\n                <div class=\"posttypeCards posttypeCards__cardWrapper\" style=\"background-color: \">\n            <a aria-label=\"Borgholm Schloss\" href=\"https:\/\/www.visitsmaland.se\/de\/entdecken\/borgholm-schloss\/\"class=\"posttypeCards posttypeCards__imageWrapper\">\n                <img loading=\"lazy\" decoding=\"async\" width=\"1024\" height=\"740\" src=\"https:\/\/www.visitsmaland.se\/wp-content\/uploads\/2025\/06\/oland-borgholmsslott-marcuscarlsson-2022-2-OlandCo-1024x740.jpg\" class=\"attachment-grid-card-images size-grid-card-images wp-post-image\" alt=\"\" \/>            <\/a>\n            <div class=\"posttypeCards posttypeCards__contentWrapper\">\n                <h3 class=\"posttypeCards posttypeCards__heading\" style=\"color: #FFFFFF\">\n                    Borgholm Schloss                <\/h3>\n                <div class=\"wp-block-buttons is-layout-flex wp-block-buttons-is-layout-flex\">\n                    <div class=\"wp-block-button \">\n                        <a aria-label=\"Borgholm Schloss\"class=\"wp-block-button__link wp-element-button\" href=\"https:\/\/www.visitsmaland.se\/de\/entdecken\/borgholm-schloss\/\" style=\"background-color: #fbbd51; border: solid 1px #fbbd51\">\n                            Entdecke                        <\/a>\n                    <\/div>\n                <\/div>\n            <\/div>\n        <\/div>\n                <div class=\"posttypeCards posttypeCards__cardWrapper\" style=\"background-color: \">\n            <a aria-label=\"Paradisverkstaden auf \u00d6land\" href=\"https:\/\/www.visitsmaland.se\/de\/entdecken\/paradisverkstaden-auf-oeland\/\"class=\"posttypeCards posttypeCards__imageWrapper\">\n                <img loading=\"lazy\" decoding=\"async\" width=\"1024\" height=\"740\" src=\"https:\/\/www.visitsmaland.se\/wp-content\/uploads\/2025\/12\/LEX3389-1024x740.jpg\" class=\"attachment-grid-card-images size-grid-card-images wp-post-image\" alt=\"\" \/>            <\/a>\n            <div class=\"posttypeCards posttypeCards__contentWrapper\">\n                <h3 class=\"posttypeCards posttypeCards__heading\" style=\"color: #FFFFFF\">\n                    Paradisverkstaden auf \u00d6land                <\/h3>\n                <div class=\"wp-block-buttons is-layout-flex wp-block-buttons-is-layout-flex\">\n                    <div class=\"wp-block-button \">\n                        <a aria-label=\"Paradisverkstaden auf \u00d6land\"class=\"wp-block-button__link wp-element-button\" href=\"https:\/\/www.visitsmaland.se\/de\/entdecken\/paradisverkstaden-auf-oeland\/\" style=\"background-color: #fbbd51; border: solid 1px #fbbd51\">\n                            Entdecke                        <\/a>\n                    <\/div>\n                <\/div>\n            <\/div>\n        <\/div>\n                <div class=\"posttypeCards posttypeCards__cardWrapper\" style=\"background-color: \">\n            <a aria-label=\"\u00d6land und die Inseln in Sm\u00e5land\" href=\"https:\/\/www.visitsmaland.se\/de\/entdecken\/oeland-und-die-inseln-in-smaaland\/\"class=\"posttypeCards posttypeCards__imageWrapper\">\n                <img loading=\"lazy\" decoding=\"async\" width=\"1024\" height=\"740\" src=\"https:\/\/www.visitsmaland.se\/wp-content\/uploads\/2026\/02\/Linzimda_Sparosund-i-Tjustskargard_4-1-1024x740.png\" class=\"attachment-grid-card-images size-grid-card-images wp-post-image\" alt=\"\" \/>            <\/a>\n            <div class=\"posttypeCards posttypeCards__contentWrapper\">\n                <h3 class=\"posttypeCards posttypeCards__heading\" style=\"color: #FFFFFF\">\n                    \u00d6land und die Inseln in Sm\u00e5land                <\/h3>\n                <div class=\"wp-block-buttons is-layout-flex wp-block-buttons-is-layout-flex\">\n                    <div class=\"wp-block-button \">\n                        <a aria-label=\"\u00d6land und die Inseln in Sm\u00e5land\"class=\"wp-block-button__link wp-element-button\" href=\"https:\/\/www.visitsmaland.se\/de\/entdecken\/oeland-und-die-inseln-in-smaaland\/\" style=\"background-color: #fbbd51; border: solid 1px #fbbd51\">\n                            Entdecke                        <\/a>\n                    <\/div>\n                <\/div>\n            <\/div>\n        <\/div>\n            <\/div>\n<\/div>\n\n<div class=\"contentImageTwoColumns contentImageTwoColumns__wrapper\" style=\"background-color: #f4f2eb\">\n    <div class=\"contentImageTwoColumns contentImageTwoColumns__container layout-reversed\">\n        <div class=\"contentImageTwoColumns contentImageTwoColumns__contentWrapper\">\n            <h2 class=\"contentImageTwoColumns contentImageTwoColumns__heading\" style=\"color: \">\n                Lese mehr \u00fcber \u00d6land            <\/h2>\n            <div class=\"contentImageTwoColumns contentImageTwoColumns__text contentImageTwoColumns__text--short\" style=\"color: \">\n                                                                <\/div>\n            <div class=\"contentImageTwoColumns contentImageTwoColumns__text contentImageTwoColumns__text--full\" style=\"color: \">\n                                <button type=\"button\" class=\"contentImageTwoColumns contentImageTwoColumns__readMoreLess\">\n                    Weniger lesen &#8211;                <\/button>\n            <\/div>\n                        <div class=\"wp-block-buttons is-layout-flex wp-block-buttons-is-layout-flex\">\n                <div class=\"wp-block-button arrow-white\">\n                    <a aria-label=\"Klik her\" class=\"wp-block-button__link wp-element-button\" href=\"https:\/\/de.oland.se\/\" style=\"background-color: #374632; color: #ffffff;border: solid 1px #374632\">\n                        Klik her                    <\/a>\n                <\/div>\n            <\/div>\n                                <\/div>\n        <div class=\"contentImageTwoColumns contentImageTwoColumns__imageWrapper\">\n            <img loading=\"lazy\" decoding=\"async\" width=\"1024\" height=\"740\" src=\"https:\/\/www.visitsmaland.se\/wp-content\/uploads\/2024\/04\/OlandNeptuniAkrar-AlexanderHall2018-5-1024x740.jpg\" class=\"attachment-grid-card-images size-grid-card-images\" alt=\"\" \/>        <\/div>\n    <\/div>\n<\/div>\n","protected":false},"featured_media":37065,"template":"","region":[177],"class_list":["post-43542","destination","type-destination","status-publish","has-post-thumbnail","hentry","region-ostliches-smaland"],"acf":[],"yoast_head":"<!-- This site is optimized with the Yoast SEO plugin v28.3 - https:\/\/yoast.com\/product\/yoast-seo-wordpress\/ -->\n<title>\u00d6land \u2013 Natur, Windm\u00fchlen &amp; Str\u00e4nde erleben | Visit Sm\u00e5land<\/title>\n<meta name=\"description\" content=\"\u00d6land, vor Sm\u00e5lands K\u00fcste, ist ganzj\u00e4hrig einen Besuch wert. Spaziere an langen Sandstr\u00e4nden oder genie\u00dfe ein Bad.\" \/>\n<meta name=\"robots\" content=\"index, follow, max-snippet:-1, max-image-preview:large, max-video-preview:-1\" \/>\n<link rel=\"canonical\" href=\"https:\/\/www.visitsmaland.se\/de\/reiseziele\/oland\/\" \/>\n<meta property=\"og:locale\" content=\"de_DE\" \/>\n<meta property=\"og:type\" content=\"article\" \/>\n<meta property=\"og:title\" content=\"\u00d6land \u2013 Natur, Windm\u00fchlen &amp; Str\u00e4nde erleben | Visit Sm\u00e5land\" \/>\n<meta property=\"og:description\" content=\"\u00d6land, vor Sm\u00e5lands K\u00fcste, ist ganzj\u00e4hrig einen Besuch wert. Spaziere an langen Sandstr\u00e4nden oder genie\u00dfe ein Bad.\" \/>\n<meta property=\"og:url\" content=\"https:\/\/www.visitsmaland.se\/de\/reiseziele\/oland\/\" \/>\n<meta property=\"og:site_name\" content=\"Visit Sm\u00e5land\" \/>\n<meta property=\"article:publisher\" content=\"https:\/\/www.facebook.com\/visitsmaland\/\" \/>\n<meta property=\"article:modified_time\" content=\"2026-04-07T06:14:22+00:00\" \/>\n<meta property=\"og:image\" content=\"https:\/\/www.visitsmaland.se\/wp-content\/uploads\/2024\/04\/Hero-7-scaled.jpg\" \/>\n\t<meta property=\"og:image:width\" content=\"2560\" \/>\n\t<meta property=\"og:image:height\" content=\"1734\" \/>\n\t<meta property=\"og:image:type\" content=\"image\/jpeg\" \/>\n<meta name=\"twitter:card\" content=\"summary_large_image\" \/>\n<meta name=\"twitter:label1\" content=\"Gesch\u00e4tzte Lesezeit\" \/>\n\t<meta name=\"twitter:data1\" content=\"3\u00a0Minuten\" \/>\n<script type=\"application\/ld+json\" class=\"yoast-schema-graph\">{\"@context\":\"https:\\\/\\\/schema.org\",\"@graph\":[{\"@type\":\"WebPage\",\"@id\":\"https:\\\/\\\/www.visitsmaland.se\\\/de\\\/reiseziele\\\/oland\\\/\",\"url\":\"https:\\\/\\\/www.visitsmaland.se\\\/de\\\/reiseziele\\\/oland\\\/\",\"name\":\"\u00d6land \u2013 Natur, Windm\u00fchlen & Str\u00e4nde erleben | Visit Sm\u00e5land\",\"isPartOf\":{\"@id\":\"https:\\\/\\\/www.visitsmaland.se\\\/de\\\/#website\"},\"primaryImageOfPage\":{\"@id\":\"https:\\\/\\\/www.visitsmaland.se\\\/de\\\/reiseziele\\\/oland\\\/#primaryimage\"},\"image\":{\"@id\":\"https:\\\/\\\/www.visitsmaland.se\\\/de\\\/reiseziele\\\/oland\\\/#primaryimage\"},\"thumbnailUrl\":\"https:\\\/\\\/www.visitsmaland.se\\\/wp-content\\\/uploads\\\/2024\\\/04\\\/Hero-7-scaled.jpg\",\"datePublished\":\"2024-04-12T06:08:53+00:00\",\"dateModified\":\"2026-04-07T06:14:22+00:00\",\"description\":\"\u00d6land, vor Sm\u00e5lands K\u00fcste, ist ganzj\u00e4hrig einen Besuch wert. Spaziere an langen Sandstr\u00e4nden oder genie\u00dfe ein Bad.\",\"breadcrumb\":{\"@id\":\"https:\\\/\\\/www.visitsmaland.se\\\/de\\\/reiseziele\\\/oland\\\/#breadcrumb\"},\"inLanguage\":\"de\",\"potentialAction\":[{\"@type\":\"ReadAction\",\"target\":[\"https:\\\/\\\/www.visitsmaland.se\\\/de\\\/reiseziele\\\/oland\\\/\"]}]},{\"@type\":\"ImageObject\",\"inLanguage\":\"de\",\"@id\":\"https:\\\/\\\/www.visitsmaland.se\\\/de\\\/reiseziele\\\/oland\\\/#primaryimage\",\"url\":\"https:\\\/\\\/www.visitsmaland.se\\\/wp-content\\\/uploads\\\/2024\\\/04\\\/Hero-7-scaled.jpg\",\"contentUrl\":\"https:\\\/\\\/www.visitsmaland.se\\\/wp-content\\\/uploads\\\/2024\\\/04\\\/Hero-7-scaled.jpg\",\"width\":2560,\"height\":1734},{\"@type\":\"BreadcrumbList\",\"@id\":\"https:\\\/\\\/www.visitsmaland.se\\\/de\\\/reiseziele\\\/oland\\\/#breadcrumb\",\"itemListElement\":[{\"@type\":\"ListItem\",\"position\":1,\"name\":\"Startseite\",\"item\":\"https:\\\/\\\/www.visitsmaland.se\\\/de\\\/\"},{\"@type\":\"ListItem\",\"position\":2,\"name\":\"\u00d6land\"}]},{\"@type\":\"WebSite\",\"@id\":\"https:\\\/\\\/www.visitsmaland.se\\\/de\\\/#website\",\"url\":\"https:\\\/\\\/www.visitsmaland.se\\\/de\\\/\",\"name\":\"Visit Sm\u00e5land\",\"description\":\"V\u00e4lkommen till Sm\u00e5land\",\"potentialAction\":[{\"@type\":\"SearchAction\",\"target\":{\"@type\":\"EntryPoint\",\"urlTemplate\":\"https:\\\/\\\/www.visitsmaland.se\\\/de\\\/?s={search_term_string}\"},\"query-input\":{\"@type\":\"PropertyValueSpecification\",\"valueRequired\":true,\"valueName\":\"search_term_string\"}}],\"inLanguage\":\"de\"}]}<\/script>\n<!-- \/ Yoast SEO plugin. -->","yoast_head_json":{"title":"\u00d6land \u2013 Natur, Windm\u00fchlen & Str\u00e4nde erleben | Visit Sm\u00e5land","description":"\u00d6land, vor Sm\u00e5lands K\u00fcste, ist ganzj\u00e4hrig einen Besuch wert. Spaziere an langen Sandstr\u00e4nden oder genie\u00dfe ein Bad.","robots":{"index":"index","follow":"follow","max-snippet":"max-snippet:-1","max-image-preview":"max-image-preview:large","max-video-preview":"max-video-preview:-1"},"canonical":"https:\/\/www.visitsmaland.se\/de\/reiseziele\/oland\/","og_locale":"de_DE","og_type":"article","og_title":"\u00d6land \u2013 Natur, Windm\u00fchlen & Str\u00e4nde erleben | Visit Sm\u00e5land","og_description":"\u00d6land, vor Sm\u00e5lands K\u00fcste, ist ganzj\u00e4hrig einen Besuch wert. Spaziere an langen Sandstr\u00e4nden oder genie\u00dfe ein Bad.","og_url":"https:\/\/www.visitsmaland.se\/de\/reiseziele\/oland\/","og_site_name":"Visit Sm\u00e5land","article_publisher":"https:\/\/www.facebook.com\/visitsmaland\/","article_modified_time":"2026-04-07T06:14:22+00:00","og_image":[{"width":2560,"height":1734,"url":"https:\/\/www.visitsmaland.se\/wp-content\/uploads\/2024\/04\/Hero-7-scaled.jpg","type":"image\/jpeg"}],"twitter_card":"summary_large_image","twitter_misc":{"Gesch\u00e4tzte Lesezeit":"3\u00a0Minuten"},"schema":{"@context":"https:\/\/schema.org","@graph":[{"@type":"WebPage","@id":"https:\/\/www.visitsmaland.se\/de\/reiseziele\/oland\/","url":"https:\/\/www.visitsmaland.se\/de\/reiseziele\/oland\/","name":"\u00d6land \u2013 Natur, Windm\u00fchlen & Str\u00e4nde erleben | Visit Sm\u00e5land","isPartOf":{"@id":"https:\/\/www.visitsmaland.se\/de\/#website"},"primaryImageOfPage":{"@id":"https:\/\/www.visitsmaland.se\/de\/reiseziele\/oland\/#primaryimage"},"image":{"@id":"https:\/\/www.visitsmaland.se\/de\/reiseziele\/oland\/#primaryimage"},"thumbnailUrl":"https:\/\/www.visitsmaland.se\/wp-content\/uploads\/2024\/04\/Hero-7-scaled.jpg","datePublished":"2024-04-12T06:08:53+00:00","dateModified":"2026-04-07T06:14:22+00:00","description":"\u00d6land, vor Sm\u00e5lands K\u00fcste, ist ganzj\u00e4hrig einen Besuch wert. Spaziere an langen Sandstr\u00e4nden oder genie\u00dfe ein Bad.","breadcrumb":{"@id":"https:\/\/www.visitsmaland.se\/de\/reiseziele\/oland\/#breadcrumb"},"inLanguage":"de","potentialAction":[{"@type":"ReadAction","target":["https:\/\/www.visitsmaland.se\/de\/reiseziele\/oland\/"]}]},{"@type":"ImageObject","inLanguage":"de","@id":"https:\/\/www.visitsmaland.se\/de\/reiseziele\/oland\/#primaryimage","url":"https:\/\/www.visitsmaland.se\/wp-content\/uploads\/2024\/04\/Hero-7-scaled.jpg","contentUrl":"https:\/\/www.visitsmaland.se\/wp-content\/uploads\/2024\/04\/Hero-7-scaled.jpg","width":2560,"height":1734},{"@type":"BreadcrumbList","@id":"https:\/\/www.visitsmaland.se\/de\/reiseziele\/oland\/#breadcrumb","itemListElement":[{"@type":"ListItem","position":1,"name":"Startseite","item":"https:\/\/www.visitsmaland.se\/de\/"},{"@type":"ListItem","position":2,"name":"\u00d6land"}]},{"@type":"WebSite","@id":"https:\/\/www.visitsmaland.se\/de\/#website","url":"https:\/\/www.visitsmaland.se\/de\/","name":"Visit Sm\u00e5land","description":"V\u00e4lkommen till Sm\u00e5land","potentialAction":[{"@type":"SearchAction","target":{"@type":"EntryPoint","urlTemplate":"https:\/\/www.visitsmaland.se\/de\/?s={search_term_string}"},"query-input":{"@type":"PropertyValueSpecification","valueRequired":true,"valueName":"search_term_string"}}],"inLanguage":"de"}]}},"_links":{"self":[{"href":"https:\/\/www.visitsmaland.se\/de\/wp-json\/wp\/v2\/destination\/43542","targetHints":{"allow":["GET"]}}],"collection":[{"href":"https:\/\/www.visitsmaland.se\/de\/wp-json\/wp\/v2\/destination"}],"about":[{"href":"https:\/\/www.visitsmaland.se\/de\/wp-json\/wp\/v2\/types\/destination"}],"wp:featuredmedia":[{"embeddable":true,"href":"https:\/\/www.visitsmaland.se\/de\/wp-json\/wp\/v2\/media\/37065"}],"wp:attachment":[{"href":"https:\/\/www.visitsmaland.se\/de\/wp-json\/wp\/v2\/media?parent=43542"}],"wp:term":[{"taxonomy":"region","embeddable":true,"href":"https:\/\/www.visitsmaland.se\/de\/wp-json\/wp\/v2\/region?post=43542"}],"curies":[{"name":"wp","href":"https:\/\/api.w.org\/{rel}","templated":true}]}}