{"id":43571,"date":"2024-04-12T09:14:28","date_gmt":"2024-04-12T07:14:28","guid":{"rendered":"https:\/\/www.visitsmaland.se\/destinationer\/vaxjo\/"},"modified":"2026-04-07T08:12:26","modified_gmt":"2026-04-07T06:12:26","slug":"vaxjo","status":"publish","type":"destination","link":"https:\/\/www.visitsmaland.se\/de\/reiseziele\/vaxjo\/","title":{"rendered":"V\u00e4xj\u00f6"},"content":{"rendered":"<div class=\"postHerosection postHerosection__wrapper\">\n    <div class=\"postHerosection postHerosection__container\">\n        <h1 class=\"postHerosection postHerosection__heroHeading\">\n            V\u00e4xj\u00f6 \u2013 Die gr\u00fcne Stadt mit Glaskunst und kulinarischen Highlights        <\/h1>\n            <\/div>\n    <div class=\"postHerosection postHerosection__imageContainer\">\n        <img loading=\"lazy\" decoding=\"async\" width=\"2560\" height=\"1707\" src=\"https:\/\/www.visitsmaland.se\/wp-content\/uploads\/2024\/04\/HERO-4-scaled.jpg\" class=\"attachment-full size-full\" alt=\"\" srcset=\"https:\/\/www.visitsmaland.se\/wp-content\/uploads\/2024\/04\/HERO-4-scaled.jpg 2560w, https:\/\/www.visitsmaland.se\/wp-content\/uploads\/2024\/04\/HERO-4-300x200.jpg 300w, https:\/\/www.visitsmaland.se\/wp-content\/uploads\/2024\/04\/HERO-4-1024x683.jpg 1024w, https:\/\/www.visitsmaland.se\/wp-content\/uploads\/2024\/04\/HERO-4-768x512.jpg 768w, https:\/\/www.visitsmaland.se\/wp-content\/uploads\/2024\/04\/HERO-4-1536x1024.jpg 1536w, https:\/\/www.visitsmaland.se\/wp-content\/uploads\/2024\/04\/HERO-4-2048x1365.jpg 2048w\" sizes=\"(max-width: 2560px) 100vw, 2560px\" \/>    <\/div>\n<\/div>\n<div class=\"postHerosection postHerosection__breadcrumbs\">\n   <div class=\"postHerosection postHerosection__breadcrumbs-container\">\n        <p id=\"breadcrumbs\"><span><span><a href=\"https:\/\/www.visitsmaland.se\/de\/\">Startseite<\/a><\/span><\/span><\/p>    <\/div>\n<\/div>\n\n<div class=\"contentCta contentCta__wrapper\">\n    <div class=\"contentCta contentCta__container\">\n                    \t\t\t<div class=\"contentCta contentCta__text\" style=\"color: \">\n\t\t\t\t<p>V\u00e4xj\u00f6 ist das Herz von Sm\u00e5land und die Residenzstadt von Kronoberg l\u00e4n. Eine kleine Weltstadt, die durch Kontraste definiert wird. Auf der einen Seite Hektik, Shopping und das Nachtleben, auf der anderen Seite gem\u00fctliche Seitenstra\u00dfen, Stadtg\u00e4rten, Kopfsteinpflaster und Kultur. Der Name &#8222;V\u00e4xj\u00f6&#8220; entstand, als die Stadt an einem alten Handelsplatz am See lag, wo viele wichtige Routen zusammentrafen. Aus dem Namen V\u00e4gsj\u00f6 wurde sp\u00e4ter V\u00e4xj\u00f6. Mehrere gr\u00f6\u00dfere M\u00e4rkte und j\u00e4hrlich wiederkehrende Veranstaltungen, wie MAT, Karl-Oskardagarna und Scensommar laden Einheimische und Besucher ein, die herrliche Atmosph\u00e4re der Stadt und die Gemeinschaft der Bewohner zu genie\u00dfen.<\/p>\n\t\t\t<\/div>\n                <hr>\n            <\/div>\n<\/div>\n\n\n<div class=\"dynamicContentTwoColumns dynamicContentTwoColumns__wrapper\">\n    <div class=\"dynamicContentTwoColumns dynamicContentTwoColumns__container\">\n                                    <h3 class=\"dynamicContentTwoColumns dynamicContentTwoColumns__heading\">\n                    Stadtpuls &#038; Esskultur                <\/h3>\n                                                <div class=\"dynamicContentTwoColumns dynamicContentTwoColumns__text\">\n                    <p><p>Mit 700 Metern L\u00e4nge ist die Fu\u00dfg\u00e4ngerzone von V\u00e4xj\u00f6 eine der l\u00e4ngsten Schwedens. Weitere Fu\u00dfg\u00e4ngerzonen schlie\u00dfen sich an. Hier findest du eine gute Mischung aus kleinen, einzigartigen Gesch\u00e4ften, Einzelhandelsketten, Second-Hand-Shops, Spezialgesch\u00e4ften und Glaskunstl\u00e4den \u2013 Eine wirklich vielf\u00e4ltige Auswahl. Die Gesch\u00e4fte sind an allen Wochentagen ge\u00f6ffnet. Jeden Mittwoch und Samstag gibt es traditionellen Marktst\u00e4nde auf dem Stortorget. Der Dom mit seinen beiden T\u00fcrmen und klaren Farben ist eins der Wahrzeichen der Stadt, das \u00fcber ihren D\u00e4chern thront und besichtigt werden kann. In der Kirche gibt es sch\u00f6ne Glasarbeiten zu bewundern.<\/p>\n<p>\n                <\/div>\n                                                <div class=\"dynamicContentTwoColumns dynamicContentTwoColumns__text\">\n                    <p><p>V\u00e4xj\u00f6 ist eine Stadt der Esskultur mit einem gro\u00dfen Fokus auf Nachhaltigkeit. Die Restaurantgruppe PM &#038; V\u00e4nner mit dem dazugeh\u00f6rigen Gastrohotel zeigt die schmackhafte Seite der Region. Mit ihrer Philosophie, die auf den drei Eckpfeilern \u201eWald, Wiese und See\u201c basiert, integriert sie die Region perfekt in ihr Men\u00fc. Das Restaurant ist mit einem Michelin-Stern und das Weinangebot mit einem Grand Award von Wine Spectator ausgezeichnet. Die Firma betreibt neben mehreren Restaurants auch einen \u00f6kologischen Stadtbauernhof, der die Restaurants mit Gem\u00fcse versorgt. Bei einem Picknick de luxe kannst du das Gem\u00fcse direkt vor Ort essen. Kulinarisch ist die ganze Welt in der kleinen Stadt vertreten \u2013 japanisch, asiatisch, mexikanisch usw.<\/p>\n<p>\n                <\/div>\n                                                <div class=\"dynamicContentTwoColumns dynamicContentTwoColumns__imageWrapper\">\n                    <img loading=\"lazy\" decoding=\"async\" width=\"500\" height=\"333\" src=\"https:\/\/www.visitsmaland.se\/wp-content\/uploads\/2024\/04\/vaxjo-Ekobacken_alexander-hall-scaled.jpg\" class=\"attachment-500x500 size-500x500\" alt=\"\" srcset=\"https:\/\/www.visitsmaland.se\/wp-content\/uploads\/2024\/04\/vaxjo-Ekobacken_alexander-hall-scaled.jpg 2560w, https:\/\/www.visitsmaland.se\/wp-content\/uploads\/2024\/04\/vaxjo-Ekobacken_alexander-hall-300x200.jpg 300w, https:\/\/www.visitsmaland.se\/wp-content\/uploads\/2024\/04\/vaxjo-Ekobacken_alexander-hall-1024x683.jpg 1024w, https:\/\/www.visitsmaland.se\/wp-content\/uploads\/2024\/04\/vaxjo-Ekobacken_alexander-hall-768x512.jpg 768w, https:\/\/www.visitsmaland.se\/wp-content\/uploads\/2024\/04\/vaxjo-Ekobacken_alexander-hall-1536x1024.jpg 1536w, https:\/\/www.visitsmaland.se\/wp-content\/uploads\/2024\/04\/vaxjo-Ekobacken_alexander-hall-2048x1365.jpg 2048w\" sizes=\"(max-width: 500px) 100vw, 500px\" \/>                <\/div>\n                                                <div class=\"wp-block-buttons is-layout-flex wp-block-buttons-is-layout-flex\">\n                    <div class=\"wp-block-button\">\n                        <a aria-label=\"Mehr lesen\" class=\"wp-block-button__link wp-element-button dynamicContentTwoColumns dynamicContentTwoColumns__ctaButton\" href=\"https:\/\/www.vaxjocity.com\/\">\n                            vaxjocity.com                        <\/a>\n                    <\/div>\n                <\/div>\n                        <\/div>\n<\/div>\n\n\n<div class=\"contentImageTwoColumns contentImageTwoColumns__wrapper\" style=\"background-color: #f4f2eb\">\n    <div class=\"contentImageTwoColumns contentImageTwoColumns__container layout-reversed\">\n        <div class=\"contentImageTwoColumns contentImageTwoColumns__contentWrapper\">\n            <h2 class=\"contentImageTwoColumns contentImageTwoColumns__heading\" style=\"color: #000000\">\n                Kulturstadt            <\/h2>\n            <div class=\"contentImageTwoColumns contentImageTwoColumns__text contentImageTwoColumns__text--short\" style=\"color: #000000\">\n                                    <p>V\u00e4xj\u00f6 ist eine echte Kulturstadt mit Galerien, Museen, Theater und Konzerthalle. Das Sm\u00e5land-Museum ist das \u00e4lteste Landschaftsmuseum in Schweden und wurde bereits 1885 er\u00f6ffnet. In den st\u00e4ndigen A&#8230;                    <button type=\"button\" class=\"contentImageTwoColumns contentImageTwoColumns__readMoreLess\">\n                        Mehr lesen +                    <\/button>\n                            <\/div>\n            <div class=\"contentImageTwoColumns contentImageTwoColumns__text contentImageTwoColumns__text--full\" style=\"color: #000000\">\n                <p>V\u00e4xj\u00f6 ist eine echte Kulturstadt mit Galerien, Museen, Theater und Konzerthalle. Das Sm\u00e5land-Museum ist das \u00e4lteste Landschaftsmuseum in Schweden und wurde bereits 1885 er\u00f6ffnet. In den st\u00e4ndigen Ausstellungen findest du exklusive Exponate aus der gro\u00dfen Sammlung des Museums, die im Laufe der Jahre immer weitergewachsen ist. In der N\u00e4he befindet sich das schwedische Glasmuseum, in dem eine Auswahl der gr\u00f6\u00dften Sammlung von Kunst- und Gebrauchsglas in Schweden gezeigt wird sowie das Auswandererhaus, das die gro\u00dfe Emigration des 19. und 20. Jahrhunderts nach Amerika nacherz\u00e4hlt. Au\u00dferdem kannst du mit dem \u00e4ltesten schwedischen Dampfer mit Holzfeuerung,  der S\/S Thor, fahren. Das Boot verkehrt auf dem Helgasj\u00f6n vor V\u00e4xj\u00f6, mit der Ruine von Kronoberg als Heimathafen.<\/p>\n                <button type=\"button\" class=\"contentImageTwoColumns contentImageTwoColumns__readMoreLess\">\n                    Weniger lesen &#8211;                <\/button>\n            <\/div>\n                        <div class=\"wp-block-buttons is-layout-flex wp-block-buttons-is-layout-flex\">\n                <div class=\"wp-block-button arrow-white\">\n                    <a aria-label=\"upplev.vaxjo.se\/en\" class=\"wp-block-button__link wp-element-button\" href=\"https:\/\/upplev.vaxjo.se\/english\/experience-vaxjo\/things-to-do\/art-culture-and-attractions\" style=\"background-color: #374632; color: #ffffff;border: solid 1px #374632\">\n                        upplev.vaxjo.se\/en                    <\/a>\n                <\/div>\n            <\/div>\n                                <\/div>\n        <div class=\"contentImageTwoColumns contentImageTwoColumns__imageWrapper\">\n            <img loading=\"lazy\" decoding=\"async\" width=\"1024\" height=\"740\" src=\"https:\/\/www.visitsmaland.se\/wp-content\/uploads\/2024\/04\/smalandsmuseum-1024x740.jpg\" class=\"attachment-grid-card-images size-grid-card-images\" alt=\"\" \/>        <\/div>\n    <\/div>\n<\/div>\n\n\n<div class=\"contentImageTwoColumns contentImageTwoColumns__wrapper\" style=\"background-color: #374632\">\n    <div class=\"contentImageTwoColumns contentImageTwoColumns__container \">\n        <div class=\"contentImageTwoColumns contentImageTwoColumns__contentWrapper\">\n            <h2 class=\"contentImageTwoColumns contentImageTwoColumns__heading\" style=\"color: #ffffff\">\n                Naturnah            <\/h2>\n            <div class=\"contentImageTwoColumns contentImageTwoColumns__text contentImageTwoColumns__text--short\" style=\"color: #ffffff\">\n                                    <p>Die Innenstadt liegt sehr naturnah, denn nur einen Steinwurf vom Stortorget und den Einkaufsstra\u00dfen entfernt liegt der V\u00e4xj\u00f6sj\u00f6n, ein kleiner See, wo man sich mit Freunden verabredem oder joggen ge&#8230;                    <button type=\"button\" class=\"contentImageTwoColumns contentImageTwoColumns__readMoreLess\">\n                        Mehr lesen +                    <\/button>\n                            <\/div>\n            <div class=\"contentImageTwoColumns contentImageTwoColumns__text contentImageTwoColumns__text--full\" style=\"color: #ffffff\">\n                <p>Die Innenstadt liegt sehr naturnah, denn nur einen Steinwurf vom Stortorget und den Einkaufsstra\u00dfen entfernt liegt der V\u00e4xj\u00f6sj\u00f6n, ein kleiner See, wo man sich mit Freunden verabredem oder joggen gehen kann. Um die Stadt noch besser zu entdecken, kannst du den \u00fcber 4 Kilometer langen Pfad V\u00e4xj\u00f6 Runt mit seinen Parks, Seen und Wohngebieten ablaufen.<\/p>\n                <button type=\"button\" class=\"contentImageTwoColumns contentImageTwoColumns__readMoreLess\">\n                    Weniger lesen &#8211;                <\/button>\n            <\/div>\n                        <div class=\"wp-block-buttons is-layout-flex wp-block-buttons-is-layout-flex\">\n                <div class=\"wp-block-button \">\n                    <a aria-label=\"M\u00f6chten Sie mehr erfahren?\" class=\"wp-block-button__link wp-element-button\" href=\"https:\/\/www.upplev.vaxjo.se\/english\/experience-vaxjo\/things-to-do\/art-culture-and-attractions\/gallerys-and-art\/vaxjo-art-site---art-around-lake-vaxjosjon\" style=\"background-color: #f4f2eb; color: #000000;border: solid 1px #000000\">\n                        M\u00f6chten Sie mehr erfahren?                    <\/a>\n                <\/div>\n            <\/div>\n                                <\/div>\n        <div class=\"contentImageTwoColumns contentImageTwoColumns__imageWrapper\">\n            <img loading=\"lazy\" decoding=\"async\" width=\"1024\" height=\"740\" src=\"https:\/\/www.visitsmaland.se\/wp-content\/uploads\/2024\/04\/sydostleden_vaxjo-tingsryd-1-1024x740.jpg\" class=\"attachment-grid-card-images size-grid-card-images\" alt=\"\" \/>        <\/div>\n    <\/div>\n<\/div>\n\n\n\n<div style=\"height:21px\" aria-hidden=\"true\" class=\"wp-block-spacer\"><\/div>\n\n\n\n<figure class=\"wp-block-gallery has-nested-images columns-default is-cropped wp-block-gallery-2 is-layout-flex wp-block-gallery-is-layout-flex\">\n<figure class=\"wp-block-image size-large\"><img loading=\"lazy\" decoding=\"async\" width=\"1024\" height=\"683\" data-id=\"68421\" src=\"https:\/\/www.visitsmaland.se\/wp-content\/uploads\/2024\/04\/Domkyrkan-Vaxjo-1-1024x683.jpg\" alt=\"\" class=\"wp-image-68421\" srcset=\"https:\/\/www.visitsmaland.se\/wp-content\/uploads\/2024\/04\/Domkyrkan-Vaxjo-1-1024x683.jpg 1024w, https:\/\/www.visitsmaland.se\/wp-content\/uploads\/2024\/04\/Domkyrkan-Vaxjo-1-300x200.jpg 300w, https:\/\/www.visitsmaland.se\/wp-content\/uploads\/2024\/04\/Domkyrkan-Vaxjo-1-768x512.jpg 768w, https:\/\/www.visitsmaland.se\/wp-content\/uploads\/2024\/04\/Domkyrkan-Vaxjo-1-1536x1024.jpg 1536w, https:\/\/www.visitsmaland.se\/wp-content\/uploads\/2024\/04\/Domkyrkan-Vaxjo-1-2048x1365.jpg 2048w\" sizes=\"(max-width: 1024px) 100vw, 1024px\" \/><\/figure>\n\n\n\n<figure class=\"wp-block-image size-large\"><img loading=\"lazy\" decoding=\"async\" width=\"1024\" height=\"683\" data-id=\"65628\" src=\"https:\/\/www.visitsmaland.se\/wp-content\/uploads\/2024\/04\/Ekobacken_vaxjo_2022-Alexander-Hall-1-1024x683.jpg\" alt=\"\" class=\"wp-image-65628\" srcset=\"https:\/\/www.visitsmaland.se\/wp-content\/uploads\/2024\/04\/Ekobacken_vaxjo_2022-Alexander-Hall-1-1024x683.jpg 1024w, https:\/\/www.visitsmaland.se\/wp-content\/uploads\/2024\/04\/Ekobacken_vaxjo_2022-Alexander-Hall-1-300x200.jpg 300w, https:\/\/www.visitsmaland.se\/wp-content\/uploads\/2024\/04\/Ekobacken_vaxjo_2022-Alexander-Hall-1-768x512.jpg 768w, https:\/\/www.visitsmaland.se\/wp-content\/uploads\/2024\/04\/Ekobacken_vaxjo_2022-Alexander-Hall-1-1536x1025.jpg 1536w, https:\/\/www.visitsmaland.se\/wp-content\/uploads\/2024\/04\/Ekobacken_vaxjo_2022-Alexander-Hall-1-2048x1366.jpg 2048w\" sizes=\"(max-width: 1024px) 100vw, 1024px\" \/><\/figure>\n\n\n\n<figure class=\"wp-block-image size-large\"><img loading=\"lazy\" decoding=\"async\" width=\"1024\" height=\"686\" data-id=\"19160\" src=\"https:\/\/www.visitsmaland.se\/wp-content\/uploads\/2021\/10\/Vy-o\u0308ver-Va\u0308xjo\u0308-innerstad-mot-so\u0308der-1024x686.jpg\" alt=\"\" class=\"wp-image-19160\"\/><\/figure>\n<\/figure>\n\n\n\n<section class=\"contentFAQBlock contentFAQBlock__wrapper\">\n    <div class=\"contentFAQBlock contentFAQBlock__container\">\n                    <h2 class=\"contentFAQBlock contentFAQBlock__title\">H\u00e4ufig gestellte Fragen zu V\u00e4xj\u00f6<\/h2>\n                \n        <div class=\"contentFAQBlock contentFAQBlock__faqContent\" itemscope itemtype=\"https:\/\/schema.org\/FAQPage\">\n            <div id=\"accordion-group-block_928e7bffd941b6cb0b1f6ea947e1e71f\" class=\"contentFAQBlock contentFAQBlock__accordion\" data-allow-toggle>\n                                                <div class=\"contentFAQBlock contentFAQBlock__categoryGroup\">\n                                                                                                                <div class=\"contentFAQBlock contentFAQBlock__accordionItem\" itemscope itemprop=\"mainEntity\" itemtype=\"https:\/\/schema.org\/Question\">\n                                            <h4>\n                                                <button aria-expanded=\"false\" class=\"contentFAQBlock contentFAQBlock__accordionTrigger accordion-trigger\" aria-controls=\"accordion95190-cat1140-block_928e7bffd941b6cb0b1f6ea947e1e71f\" id=\"accordion95190-cat1140-block_928e7bffd941b6cb0b1f6ea947e1e71fid\">\n                                                    <span class=\"contentFAQBlock contentFAQBlock__accordionTitle accordion-title\" itemprop=\"name\">\n                                                        Lohnt sich ein Besuch in V\u00e4xj\u00f6?                                                        <span class=\"contentFAQBlock contentFAQBlock__accordionIcon accordion-icon\"><\/span>\n                                                    <\/span>\n                                                <\/button>\n                                            <\/h4>\n                                            <div itemscope itemprop=\"acceptedAnswer\" itemtype=\"https:\/\/schema.org\/Answer\" id=\"accordion95190-cat1140-block_928e7bffd941b6cb0b1f6ea947e1e71f\" role=\"region\" aria-labelledby=\"accordion95190-cat1140-block_928e7bffd941b6cb0b1f6ea947e1e71fid\" class=\"contentFAQBlock contentFAQBlock__accordionPanel accordion-panel\" hidden>\n                                                <div itemprop=\"text\" class=\"contentFAQBlock contentFAQBlock__accordionContent accordion-content\">\n                                                    <p>Ja, V\u00e4xj\u00f6 ist auf jeden Fall einen Besuch wert! Neben dem reichen Kulturerbe mit dem bekannten Dom von V\u00e4xj\u00f6 und zahlreichen Museen lockt die Stadt mit ihrer breiten Kulinarikszene auch viele Foodies an. Im Umland laden W\u00e4lder und Seen zu abwechlsungsreichen Outdoor-Abenteuern wie Wandern, Radfahren oder Paddeln ein. Weitere Infos findest du <a href=\"https:\/\/upplev.vaxjo.se\/\">hier<\/a>!<\/p>\n                                                <\/div>\n                                            <\/div>\n                                        <\/div>\n                                                                            <div class=\"contentFAQBlock contentFAQBlock__accordionItem\" itemscope itemprop=\"mainEntity\" itemtype=\"https:\/\/schema.org\/Question\">\n                                            <h4>\n                                                <button aria-expanded=\"false\" class=\"contentFAQBlock contentFAQBlock__accordionTrigger accordion-trigger\" aria-controls=\"accordion95192-cat1140-block_928e7bffd941b6cb0b1f6ea947e1e71f\" id=\"accordion95192-cat1140-block_928e7bffd941b6cb0b1f6ea947e1e71fid\">\n                                                    <span class=\"contentFAQBlock contentFAQBlock__accordionTitle accordion-title\" itemprop=\"name\">\n                                                        Was sind die besten Restaurants in V\u00e4xj\u00f6?                                                        <span class=\"contentFAQBlock contentFAQBlock__accordionIcon accordion-icon\"><\/span>\n                                                    <\/span>\n                                                <\/button>\n                                            <\/h4>\n                                            <div itemscope itemprop=\"acceptedAnswer\" itemtype=\"https:\/\/schema.org\/Answer\" id=\"accordion95192-cat1140-block_928e7bffd941b6cb0b1f6ea947e1e71f\" role=\"region\" aria-labelledby=\"accordion95192-cat1140-block_928e7bffd941b6cb0b1f6ea947e1e71fid\" class=\"contentFAQBlock contentFAQBlock__accordionPanel accordion-panel\" hidden>\n                                                <div itemprop=\"text\" class=\"contentFAQBlock contentFAQBlock__accordionContent accordion-content\">\n                                                    <p>In V\u00e4xj\u00f6 gibt es mehrere sehr gute Restaurants, darunter <a href=\"https:\/\/pmrestauranger.se\/en\/\">PM &#038; V\u00e4nner<\/a>, Izakaya Moshi, Signatur und Massimo. Einige von ihnen sind sogar im White Guide aufgef\u00fchrt. <a href=\"https:\/\/upplev.vaxjo.se\/\">Hier mehr lesen<\/a>!<\/p>\n                                                <\/div>\n                                            <\/div>\n                                        <\/div>\n                                                                            <div class=\"contentFAQBlock contentFAQBlock__accordionItem\" itemscope itemprop=\"mainEntity\" itemtype=\"https:\/\/schema.org\/Question\">\n                                            <h4>\n                                                <button aria-expanded=\"false\" class=\"contentFAQBlock contentFAQBlock__accordionTrigger accordion-trigger\" aria-controls=\"accordion95191-cat1140-block_928e7bffd941b6cb0b1f6ea947e1e71f\" id=\"accordion95191-cat1140-block_928e7bffd941b6cb0b1f6ea947e1e71fid\">\n                                                    <span class=\"contentFAQBlock contentFAQBlock__accordionTitle accordion-title\" itemprop=\"name\">\n                                                        Welche ist die gr\u00fcnste Stadt Europas?                                                        <span class=\"contentFAQBlock contentFAQBlock__accordionIcon accordion-icon\"><\/span>\n                                                    <\/span>\n                                                <\/button>\n                                            <\/h4>\n                                            <div itemscope itemprop=\"acceptedAnswer\" itemtype=\"https:\/\/schema.org\/Answer\" id=\"accordion95191-cat1140-block_928e7bffd941b6cb0b1f6ea947e1e71f\" role=\"region\" aria-labelledby=\"accordion95191-cat1140-block_928e7bffd941b6cb0b1f6ea947e1e71fid\" class=\"contentFAQBlock contentFAQBlock__accordionPanel accordion-panel\" hidden>\n                                                <div itemprop=\"text\" class=\"contentFAQBlock contentFAQBlock__accordionContent accordion-content\">\n                                                    <p>V\u00e4xj\u00f6 wurde im Jahr 2007 von der britischen BBC als Europas gr\u00fcnste Stadt bezeichnet und erhielt au\u00dferdem 2018 eine Auszeichnung des European Green Leaf Award. Die Stadt investiert seit Jahren in Klima- und Umweltfragen, was sich in nachhaltigen Neubauten wie Holzgeb\u00e4uden und innovativen Stadtvierteln widerspiegelt. <a href=\"https:\/\/www.vaxjo.se\/sidor\/politik-och-demokrati\/om-vaxjo.html\">Hier mehr lesen<\/a>!<\/p>\n                                                <\/div>\n                                            <\/div>\n                                        <\/div>\n                                                                            <div class=\"contentFAQBlock contentFAQBlock__accordionItem\" itemscope itemprop=\"mainEntity\" itemtype=\"https:\/\/schema.org\/Question\">\n                                            <h4>\n                                                <button aria-expanded=\"false\" class=\"contentFAQBlock contentFAQBlock__accordionTrigger accordion-trigger\" aria-controls=\"accordion95187-cat1140-block_928e7bffd941b6cb0b1f6ea947e1e71f\" id=\"accordion95187-cat1140-block_928e7bffd941b6cb0b1f6ea947e1e71fid\">\n                                                    <span class=\"contentFAQBlock contentFAQBlock__accordionTitle accordion-title\" itemprop=\"name\">\n                                                        Welche Tipps gibt es f\u00fcr V\u00e4xj\u00f6?                                                        <span class=\"contentFAQBlock contentFAQBlock__accordionIcon accordion-icon\"><\/span>\n                                                    <\/span>\n                                                <\/button>\n                                            <\/h4>\n                                            <div itemscope itemprop=\"acceptedAnswer\" itemtype=\"https:\/\/schema.org\/Answer\" id=\"accordion95187-cat1140-block_928e7bffd941b6cb0b1f6ea947e1e71f\" role=\"region\" aria-labelledby=\"accordion95187-cat1140-block_928e7bffd941b6cb0b1f6ea947e1e71fid\" class=\"contentFAQBlock contentFAQBlock__accordionPanel accordion-panel\" hidden>\n                                                <div itemprop=\"text\" class=\"contentFAQBlock contentFAQBlock__accordionContent accordion-content\">\n                                                    <p>In V\u00e4xj\u00f6 gibt es viel zu unternehmen, darunter Shopping und Essen im Einkaufszentrum Grand Samarkand, ein Besuch in der Spielhalle Sm\u00e5lands, Museumsbesuch oder ein Ausflug ins Schwimmbad von V\u00e4xj\u00f6. Ein besonderes Highlight ist ein Besuch im Dom von V\u00e4xj\u00f6. Auch die umliegende Natur hat viel zu bieten und l\u00e4dt zu Outdoorabenteuern wie Wandern, Radfahren oder Paddeln ein. <a href=\"https:\/\/upplev.vaxjo.se\/se--gora\">Hier <\/a>mehr lesen!<\/p>\n                                                <\/div>\n                                            <\/div>\n                                        <\/div>\n                                                                            <div class=\"contentFAQBlock contentFAQBlock__accordionItem\" itemscope itemprop=\"mainEntity\" itemtype=\"https:\/\/schema.org\/Question\">\n                                            <h4>\n                                                <button aria-expanded=\"false\" class=\"contentFAQBlock contentFAQBlock__accordionTrigger accordion-trigger\" aria-controls=\"accordion95189-cat1140-block_928e7bffd941b6cb0b1f6ea947e1e71f\" id=\"accordion95189-cat1140-block_928e7bffd941b6cb0b1f6ea947e1e71fid\">\n                                                    <span class=\"contentFAQBlock contentFAQBlock__accordionTitle accordion-title\" itemprop=\"name\">\n                                                        Wie viele Einwohner hat V\u00e4xj\u00f6?                                                        <span class=\"contentFAQBlock contentFAQBlock__accordionIcon accordion-icon\"><\/span>\n                                                    <\/span>\n                                                <\/button>\n                                            <\/h4>\n                                            <div itemscope itemprop=\"acceptedAnswer\" itemtype=\"https:\/\/schema.org\/Answer\" id=\"accordion95189-cat1140-block_928e7bffd941b6cb0b1f6ea947e1e71f\" role=\"region\" aria-labelledby=\"accordion95189-cat1140-block_928e7bffd941b6cb0b1f6ea947e1e71fid\" class=\"contentFAQBlock contentFAQBlock__accordionPanel accordion-panel\" hidden>\n                                                <div itemprop=\"text\" class=\"contentFAQBlock contentFAQBlock__accordionContent accordion-content\">\n                                                    <p>In der Gemeinde V\u00e4xj\u00f6 leben etwa 97.137 Einwohner, was die Gemeinde zur 21. gr\u00f6\u00dften in Schweden nach Einwohnerzahl macht.<\/p>\n                                                <\/div>\n                                            <\/div>\n                                        <\/div>\n                                                                            <div class=\"contentFAQBlock contentFAQBlock__accordionItem\" itemscope itemprop=\"mainEntity\" itemtype=\"https:\/\/schema.org\/Question\">\n                                            <h4>\n                                                <button aria-expanded=\"false\" class=\"contentFAQBlock contentFAQBlock__accordionTrigger accordion-trigger\" aria-controls=\"accordion95186-cat1140-block_928e7bffd941b6cb0b1f6ea947e1e71f\" id=\"accordion95186-cat1140-block_928e7bffd941b6cb0b1f6ea947e1e71fid\">\n                                                    <span class=\"contentFAQBlock contentFAQBlock__accordionTitle accordion-title\" itemprop=\"name\">\n                                                        Wof\u00fcr ist V\u00e4xj\u00f6 bekannt?                                                        <span class=\"contentFAQBlock contentFAQBlock__accordionIcon accordion-icon\"><\/span>\n                                                    <\/span>\n                                                <\/button>\n                                            <\/h4>\n                                            <div itemscope itemprop=\"acceptedAnswer\" itemtype=\"https:\/\/schema.org\/Answer\" id=\"accordion95186-cat1140-block_928e7bffd941b6cb0b1f6ea947e1e71f\" role=\"region\" aria-labelledby=\"accordion95186-cat1140-block_928e7bffd941b6cb0b1f6ea947e1e71fid\" class=\"contentFAQBlock contentFAQBlock__accordionPanel accordion-panel\" hidden>\n                                                <div itemprop=\"text\" class=\"contentFAQBlock contentFAQBlock__accordionContent accordion-content\">\n                                                    <p>Die Stadt V\u00e4xj\u00f6 ist bekannt f\u00fcr ihre vielen Seen, die Linn\u00e9-Universit\u00e4t, ihr Kulturerbe und die Glasbl\u00e4serei sowie f\u00fcr das umliegende \u201eM\u00f6belreich\u201d. Au\u00dferdem gibt es hier unter anderem das Auswanderermuseum und den Dom von V\u00e4xj\u00f6. Aufgrund ihrer vielen Restaurants ist die Stadt auch f\u00fcr ihre breite Kulinarikszene bekannt.<\/p>\n                                                <\/div>\n                                            <\/div>\n                                        <\/div>\n                                                                    <\/div>\n                                        <\/div>\n        <\/div>\n    <\/div>\n<\/section>\n\n\n\n  \n<div class=\"featuredTwoColumns featuredTwoColumns__wrapper\">\n    <div class=\"featuredTwoColumns featuredTwoColumns__container\">  \n            <div class=\"featuredTwoColumns featuredTwoColumns__feturedWrapper\">\n            <a aria-label=\"PM &amp; V\u00e4nner\" href=\"https:\/\/www.visitsmaland.se\/de\/entdecken\/pm-vanner\/\"class=\"featuredTwoColumns featuredTwoColumns__imageWrapper\">\n                <img loading=\"lazy\" decoding=\"async\" width=\"1024\" height=\"740\" src=\"https:\/\/www.visitsmaland.se\/wp-content\/uploads\/2024\/04\/ALEX3051-1-1024x740.jpg\" class=\"attachment-grid-card-images size-grid-card-images wp-post-image\" alt=\"\" \/>            <\/a>\n            <div class=\"featuredTwoColumns featuredTwoColumns__contentWrapper\">\n                <h2 class=\"featuredTwoColumns featuredTwoColumns__heading\">\n                    PM &amp; V\u00e4nner                <\/h2>\n                <p class=\"featuredTwoColumns featuredTwoColumns__description\">\n                    Michelin-Stern und Grand Award vom Wine Spectator: \u2026                <\/p>\n                 \n                 \n                <div class=\"wp-block-buttons is-layout-flex wp-block-buttons-is-layout-flex\">\n                    <div class=\"wp-block-button \">\n                        <a aria-label=\"PM &amp; V\u00e4nner\"class=\"wp-block-button__link wp-element-button\" href=\"https:\/\/www.visitsmaland.se\/de\/entdecken\/pm-vanner\/\">\n                            Entdecke                       \n                         <\/a>\n                    <\/div>\n                <\/div>\n            <\/div>\n        <\/div>\n                <div class=\"featuredTwoColumns featuredTwoColumns__feturedWrapper\">\n            <a aria-label=\"Design Hotels\" href=\"https:\/\/www.visitsmaland.se\/de\/entdecken\/design-hotels\/\"class=\"featuredTwoColumns featuredTwoColumns__imageWrapper\">\n                <img loading=\"lazy\" decoding=\"async\" width=\"1024\" height=\"740\" src=\"https:\/\/www.visitsmaland.se\/wp-content\/uploads\/2024\/04\/pm-baren-1024x740.jpg\" class=\"attachment-grid-card-images size-grid-card-images wp-post-image\" alt=\"\" \/>            <\/a>\n            <div class=\"featuredTwoColumns featuredTwoColumns__contentWrapper\">\n                <h2 class=\"featuredTwoColumns featuredTwoColumns__heading\">\n                    Design Hotels                <\/h2>\n                <p class=\"featuredTwoColumns featuredTwoColumns__description\">\n                    Mit dem Glasreich und dem M\u00f6belreich mitten in Sm\u00e5l\u2026                <\/p>\n                 \n                 \n                <div class=\"wp-block-buttons is-layout-flex wp-block-buttons-is-layout-flex\">\n                    <div class=\"wp-block-button \">\n                        <a aria-label=\"Design Hotels\"class=\"wp-block-button__link wp-element-button\" href=\"https:\/\/www.visitsmaland.se\/de\/entdecken\/design-hotels\/\">\n                            Entdecke                       \n                         <\/a>\n                    <\/div>\n                <\/div>\n            <\/div>\n        <\/div>\n            <\/div>\n<\/div>\n\n\n<div class=\"contentImageTwoColumns contentImageTwoColumns__wrapper\" style=\"background-color: #f4f2eb\">\n    <div class=\"contentImageTwoColumns contentImageTwoColumns__container layout-reversed\">\n        <div class=\"contentImageTwoColumns contentImageTwoColumns__contentWrapper\">\n            <h2 class=\"contentImageTwoColumns contentImageTwoColumns__heading\" style=\"color: \">\n                 Erfahre mehr \u00fcber V\u00e4xj\u00f6            <\/h2>\n            <div class=\"contentImageTwoColumns contentImageTwoColumns__text contentImageTwoColumns__text--short\" style=\"color: \">\n                                                                <\/div>\n            <div class=\"contentImageTwoColumns contentImageTwoColumns__text contentImageTwoColumns__text--full\" style=\"color: \">\n                                <button type=\"button\" class=\"contentImageTwoColumns contentImageTwoColumns__readMoreLess\">\n                    Weniger lesen &#8211;                <\/button>\n            <\/div>\n                        <div class=\"wp-block-buttons is-layout-flex wp-block-buttons-is-layout-flex\">\n                <div class=\"wp-block-button arrow-white\">\n                    <a aria-label=\"Klicken Sie hier\" class=\"wp-block-button__link wp-element-button\" href=\"https:\/\/www.vaxjocity.com\/\" style=\"background-color: #374632; color: #ffffff;border: solid 1px #374632\">\n                        Klicken Sie hier                    <\/a>\n                <\/div>\n            <\/div>\n                                <\/div>\n        <div class=\"contentImageTwoColumns contentImageTwoColumns__imageWrapper\">\n            <img loading=\"lazy\" decoding=\"async\" width=\"1024\" height=\"682\" src=\"https:\/\/www.visitsmaland.se\/wp-content\/uploads\/2023\/07\/linnneparken_vaxjo_smaland_-Jahja-alKhatib.jpg\" class=\"attachment-grid-card-images size-grid-card-images\" alt=\"\" srcset=\"https:\/\/www.visitsmaland.se\/wp-content\/uploads\/2023\/07\/linnneparken_vaxjo_smaland_-Jahja-alKhatib.jpg 2000w, https:\/\/www.visitsmaland.se\/wp-content\/uploads\/2023\/07\/linnneparken_vaxjo_smaland_-Jahja-alKhatib-300x200.jpg 300w, https:\/\/www.visitsmaland.se\/wp-content\/uploads\/2023\/07\/linnneparken_vaxjo_smaland_-Jahja-alKhatib-1024x682.jpg 1024w, https:\/\/www.visitsmaland.se\/wp-content\/uploads\/2023\/07\/linnneparken_vaxjo_smaland_-Jahja-alKhatib-768x512.jpg 768w, https:\/\/www.visitsmaland.se\/wp-content\/uploads\/2023\/07\/linnneparken_vaxjo_smaland_-Jahja-alKhatib-120x80.jpg 120w, https:\/\/www.visitsmaland.se\/wp-content\/uploads\/2023\/07\/linnneparken_vaxjo_smaland_-Jahja-alKhatib-1536x1024.jpg 1536w, https:\/\/www.visitsmaland.se\/wp-content\/uploads\/2023\/07\/linnneparken_vaxjo_smaland_-Jahja-alKhatib-600x400.jpg 600w, https:\/\/www.visitsmaland.se\/wp-content\/uploads\/2023\/07\/linnneparken_vaxjo_smaland_-Jahja-alKhatib-225x150.jpg 225w, https:\/\/www.visitsmaland.se\/wp-content\/uploads\/2023\/07\/linnneparken_vaxjo_smaland_-Jahja-alKhatib-180x120.jpg 180w\" sizes=\"(max-width: 1024px) 100vw, 1024px\" \/>        <\/div>\n    <\/div>\n<\/div>\n","protected":false},"featured_media":36848,"template":"","region":[192],"class_list":["post-43571","destination","type-destination","status-publish","has-post-thumbnail","hentry","region-sudliches-smaland"],"acf":[],"yoast_head":"<!-- This site is optimized with the Yoast SEO plugin v27.2 - https:\/\/yoast.com\/product\/yoast-seo-wordpress\/ -->\n<title>V\u00e4xj\u00f6 entdecken \u2013 Kultur, Natur &amp; Genuss | Visit Sm\u00e5land<\/title>\n<meta name=\"description\" content=\"V\u00e4xj\u00f6 ist das Herz von Sm\u00e5land und die Residenzstadt von Kronoberg l\u00e4n. Eine kleine Weltstadt, die durch Kontraste definiert wird.\" \/>\n<meta name=\"robots\" content=\"index, follow, max-snippet:-1, max-image-preview:large, max-video-preview:-1\" \/>\n<link rel=\"canonical\" href=\"https:\/\/www.visitsmaland.se\/de\/reiseziele\/vaxjo\/\" \/>\n<meta property=\"og:locale\" content=\"de_DE\" \/>\n<meta property=\"og:type\" content=\"article\" \/>\n<meta property=\"og:title\" content=\"V\u00e4xj\u00f6 entdecken \u2013 Kultur, Natur &amp; Genuss | Visit Sm\u00e5land\" \/>\n<meta property=\"og:description\" content=\"V\u00e4xj\u00f6 ist das Herz von Sm\u00e5land und die Residenzstadt von Kronoberg l\u00e4n. Eine kleine Weltstadt, die durch Kontraste definiert wird.\" \/>\n<meta property=\"og:url\" content=\"https:\/\/www.visitsmaland.se\/de\/reiseziele\/vaxjo\/\" \/>\n<meta property=\"og:site_name\" content=\"Visit Sm\u00e5land\" \/>\n<meta property=\"article:publisher\" content=\"https:\/\/www.facebook.com\/visitsmaland\/\" \/>\n<meta property=\"article:modified_time\" content=\"2026-04-07T06:12:26+00:00\" \/>\n<meta property=\"og:image\" content=\"https:\/\/www.visitsmaland.se\/wp-content\/uploads\/2024\/04\/HERO-4-scaled.jpg\" \/>\n\t<meta property=\"og:image:width\" content=\"2560\" \/>\n\t<meta property=\"og:image:height\" content=\"1707\" \/>\n\t<meta property=\"og:image:type\" content=\"image\/jpeg\" \/>\n<meta name=\"twitter:card\" content=\"summary_large_image\" \/>\n<meta name=\"twitter:label1\" content=\"Gesch\u00e4tzte Lesezeit\" \/>\n\t<meta name=\"twitter:data1\" content=\"1\u00a0Minute\" \/>\n<script type=\"application\/ld+json\" class=\"yoast-schema-graph\">{\"@context\":\"https:\/\/schema.org\",\"@graph\":[{\"@type\":\"WebPage\",\"@id\":\"https:\/\/www.visitsmaland.se\/de\/reiseziele\/vaxjo\/\",\"url\":\"https:\/\/www.visitsmaland.se\/de\/reiseziele\/vaxjo\/\",\"name\":\"V\u00e4xj\u00f6 entdecken \u2013 Kultur, Natur & Genuss | Visit Sm\u00e5land\",\"isPartOf\":{\"@id\":\"https:\/\/www.visitsmaland.se\/de\/#website\"},\"primaryImageOfPage\":{\"@id\":\"https:\/\/www.visitsmaland.se\/de\/reiseziele\/vaxjo\/#primaryimage\"},\"image\":{\"@id\":\"https:\/\/www.visitsmaland.se\/de\/reiseziele\/vaxjo\/#primaryimage\"},\"thumbnailUrl\":\"https:\/\/www.visitsmaland.se\/wp-content\/uploads\/2024\/04\/HERO-4-scaled.jpg\",\"datePublished\":\"2024-04-12T07:14:28+00:00\",\"dateModified\":\"2026-04-07T06:12:26+00:00\",\"description\":\"V\u00e4xj\u00f6 ist das Herz von Sm\u00e5land und die Residenzstadt von Kronoberg l\u00e4n. Eine kleine Weltstadt, die durch Kontraste definiert wird.\",\"breadcrumb\":{\"@id\":\"https:\/\/www.visitsmaland.se\/de\/reiseziele\/vaxjo\/#breadcrumb\"},\"inLanguage\":\"de\",\"potentialAction\":[{\"@type\":\"ReadAction\",\"target\":[\"https:\/\/www.visitsmaland.se\/de\/reiseziele\/vaxjo\/\"]}]},{\"@type\":\"ImageObject\",\"inLanguage\":\"de\",\"@id\":\"https:\/\/www.visitsmaland.se\/de\/reiseziele\/vaxjo\/#primaryimage\",\"url\":\"https:\/\/www.visitsmaland.se\/wp-content\/uploads\/2024\/04\/HERO-4-scaled.jpg\",\"contentUrl\":\"https:\/\/www.visitsmaland.se\/wp-content\/uploads\/2024\/04\/HERO-4-scaled.jpg\",\"width\":2560,\"height\":1707},{\"@type\":\"BreadcrumbList\",\"@id\":\"https:\/\/www.visitsmaland.se\/de\/reiseziele\/vaxjo\/#breadcrumb\",\"itemListElement\":[{\"@type\":\"ListItem\",\"position\":1,\"name\":\"Startseite\",\"item\":\"https:\/\/www.visitsmaland.se\/de\/\"},{\"@type\":\"ListItem\",\"position\":2,\"name\":\"V\u00e4xj\u00f6\"}]},{\"@type\":\"WebSite\",\"@id\":\"https:\/\/www.visitsmaland.se\/de\/#website\",\"url\":\"https:\/\/www.visitsmaland.se\/de\/\",\"name\":\"Visit Sm\u00e5land\",\"description\":\"V\u00e4lkommen till Sm\u00e5land\",\"potentialAction\":[{\"@type\":\"SearchAction\",\"target\":{\"@type\":\"EntryPoint\",\"urlTemplate\":\"https:\/\/www.visitsmaland.se\/de\/?s={search_term_string}\"},\"query-input\":{\"@type\":\"PropertyValueSpecification\",\"valueRequired\":true,\"valueName\":\"search_term_string\"}}],\"inLanguage\":\"de\"}]}<\/script>\n<!-- \/ Yoast SEO plugin. -->","yoast_head_json":{"title":"V\u00e4xj\u00f6 entdecken \u2013 Kultur, Natur & Genuss | Visit Sm\u00e5land","description":"V\u00e4xj\u00f6 ist das Herz von Sm\u00e5land und die Residenzstadt von Kronoberg l\u00e4n. Eine kleine Weltstadt, die durch Kontraste definiert wird.","robots":{"index":"index","follow":"follow","max-snippet":"max-snippet:-1","max-image-preview":"max-image-preview:large","max-video-preview":"max-video-preview:-1"},"canonical":"https:\/\/www.visitsmaland.se\/de\/reiseziele\/vaxjo\/","og_locale":"de_DE","og_type":"article","og_title":"V\u00e4xj\u00f6 entdecken \u2013 Kultur, Natur & Genuss | Visit Sm\u00e5land","og_description":"V\u00e4xj\u00f6 ist das Herz von Sm\u00e5land und die Residenzstadt von Kronoberg l\u00e4n. Eine kleine Weltstadt, die durch Kontraste definiert wird.","og_url":"https:\/\/www.visitsmaland.se\/de\/reiseziele\/vaxjo\/","og_site_name":"Visit Sm\u00e5land","article_publisher":"https:\/\/www.facebook.com\/visitsmaland\/","article_modified_time":"2026-04-07T06:12:26+00:00","og_image":[{"width":2560,"height":1707,"url":"https:\/\/www.visitsmaland.se\/wp-content\/uploads\/2024\/04\/HERO-4-scaled.jpg","type":"image\/jpeg"}],"twitter_card":"summary_large_image","twitter_misc":{"Gesch\u00e4tzte Lesezeit":"1\u00a0Minute"},"schema":{"@context":"https:\/\/schema.org","@graph":[{"@type":"WebPage","@id":"https:\/\/www.visitsmaland.se\/de\/reiseziele\/vaxjo\/","url":"https:\/\/www.visitsmaland.se\/de\/reiseziele\/vaxjo\/","name":"V\u00e4xj\u00f6 entdecken \u2013 Kultur, Natur & Genuss | Visit Sm\u00e5land","isPartOf":{"@id":"https:\/\/www.visitsmaland.se\/de\/#website"},"primaryImageOfPage":{"@id":"https:\/\/www.visitsmaland.se\/de\/reiseziele\/vaxjo\/#primaryimage"},"image":{"@id":"https:\/\/www.visitsmaland.se\/de\/reiseziele\/vaxjo\/#primaryimage"},"thumbnailUrl":"https:\/\/www.visitsmaland.se\/wp-content\/uploads\/2024\/04\/HERO-4-scaled.jpg","datePublished":"2024-04-12T07:14:28+00:00","dateModified":"2026-04-07T06:12:26+00:00","description":"V\u00e4xj\u00f6 ist das Herz von Sm\u00e5land und die Residenzstadt von Kronoberg l\u00e4n. Eine kleine Weltstadt, die durch Kontraste definiert wird.","breadcrumb":{"@id":"https:\/\/www.visitsmaland.se\/de\/reiseziele\/vaxjo\/#breadcrumb"},"inLanguage":"de","potentialAction":[{"@type":"ReadAction","target":["https:\/\/www.visitsmaland.se\/de\/reiseziele\/vaxjo\/"]}]},{"@type":"ImageObject","inLanguage":"de","@id":"https:\/\/www.visitsmaland.se\/de\/reiseziele\/vaxjo\/#primaryimage","url":"https:\/\/www.visitsmaland.se\/wp-content\/uploads\/2024\/04\/HERO-4-scaled.jpg","contentUrl":"https:\/\/www.visitsmaland.se\/wp-content\/uploads\/2024\/04\/HERO-4-scaled.jpg","width":2560,"height":1707},{"@type":"BreadcrumbList","@id":"https:\/\/www.visitsmaland.se\/de\/reiseziele\/vaxjo\/#breadcrumb","itemListElement":[{"@type":"ListItem","position":1,"name":"Startseite","item":"https:\/\/www.visitsmaland.se\/de\/"},{"@type":"ListItem","position":2,"name":"V\u00e4xj\u00f6"}]},{"@type":"WebSite","@id":"https:\/\/www.visitsmaland.se\/de\/#website","url":"https:\/\/www.visitsmaland.se\/de\/","name":"Visit Sm\u00e5land","description":"V\u00e4lkommen till Sm\u00e5land","potentialAction":[{"@type":"SearchAction","target":{"@type":"EntryPoint","urlTemplate":"https:\/\/www.visitsmaland.se\/de\/?s={search_term_string}"},"query-input":{"@type":"PropertyValueSpecification","valueRequired":true,"valueName":"search_term_string"}}],"inLanguage":"de"}]}},"_links":{"self":[{"href":"https:\/\/www.visitsmaland.se\/de\/wp-json\/wp\/v2\/destination\/43571","targetHints":{"allow":["GET"]}}],"collection":[{"href":"https:\/\/www.visitsmaland.se\/de\/wp-json\/wp\/v2\/destination"}],"about":[{"href":"https:\/\/www.visitsmaland.se\/de\/wp-json\/wp\/v2\/types\/destination"}],"wp:featuredmedia":[{"embeddable":true,"href":"https:\/\/www.visitsmaland.se\/de\/wp-json\/wp\/v2\/media\/36848"}],"wp:attachment":[{"href":"https:\/\/www.visitsmaland.se\/de\/wp-json\/wp\/v2\/media?parent=43571"}],"wp:term":[{"taxonomy":"region","embeddable":true,"href":"https:\/\/www.visitsmaland.se\/de\/wp-json\/wp\/v2\/region?post=43571"}],"curies":[{"name":"wp","href":"https:\/\/api.w.org\/{rel}","templated":true}]}}