{"id":43579,"date":"2024-04-12T09:34:59","date_gmt":"2024-04-12T07:34:59","guid":{"rendered":"https:\/\/www.visitsmaland.se\/destinationer\/asnen\/"},"modified":"2026-04-07T09:17:44","modified_gmt":"2026-04-07T07:17:44","slug":"asnen","status":"publish","type":"destination","link":"https:\/\/www.visitsmaland.se\/de\/reiseziele\/asnen\/","title":{"rendered":"\u00c5snen"},"content":{"rendered":"<div class=\"postHerosection postHerosection__wrapper\">\n    <div class=\"postHerosection postHerosection__container\">\n        <h1 class=\"postHerosection postHerosection__heroHeading\">\n            \u00c5snen         <\/h1>\n            <\/div>\n    <div class=\"postHerosection postHerosection__imageContainer\">\n        <img loading=\"lazy\" decoding=\"async\" width=\"2560\" height=\"1683\" src=\"https:\/\/www.visitsmaland.se\/wp-content\/uploads\/2024\/04\/HERO-5-scaled.jpg\" class=\"attachment-full size-full\" alt=\"\" srcset=\"https:\/\/www.visitsmaland.se\/wp-content\/uploads\/2024\/04\/HERO-5-scaled.jpg 2560w, https:\/\/www.visitsmaland.se\/wp-content\/uploads\/2024\/04\/HERO-5-300x197.jpg 300w, https:\/\/www.visitsmaland.se\/wp-content\/uploads\/2024\/04\/HERO-5-1024x673.jpg 1024w, https:\/\/www.visitsmaland.se\/wp-content\/uploads\/2024\/04\/HERO-5-768x505.jpg 768w, https:\/\/www.visitsmaland.se\/wp-content\/uploads\/2024\/04\/HERO-5-1536x1010.jpg 1536w, https:\/\/www.visitsmaland.se\/wp-content\/uploads\/2024\/04\/HERO-5-2048x1346.jpg 2048w\" sizes=\"(max-width: 2560px) 100vw, 2560px\" \/>    <\/div>\n<\/div>\n<div class=\"postHerosection postHerosection__breadcrumbs\">\n   <div class=\"postHerosection postHerosection__breadcrumbs-container\">\n        <p id=\"breadcrumbs\"><span><span><a href=\"https:\/\/www.visitsmaland.se\/de\/\">Startseite<\/a><\/span><\/span><\/p>    <\/div>\n<\/div>\n\n<div class=\"contentCta contentCta__wrapper\">\n    <div class=\"contentCta contentCta__container\">\n                    \t\t\t<div class=\"contentCta contentCta__text\" style=\"color: \">\n\t\t\t\t<p>Der See \u00c5snen verf\u00fcgt \u00fcber tausend Inseln und 700 km K\u00fcstenlinie, was sich zu einer einzigartigen Seenlandschaft zusammenf\u00fcgt: Schwedens 30. Nationalpark.<\/p>\n\t\t\t<\/div>\n                <hr>\n            <\/div>\n<\/div>\n\n\n<div class=\"dynamicContentTwoColumns dynamicContentTwoColumns__wrapper\">\n    <div class=\"dynamicContentTwoColumns dynamicContentTwoColumns__container\">\n                                    <h3 class=\"dynamicContentTwoColumns dynamicContentTwoColumns__heading\">\n                    Entdecke den Nationalpark                <\/h3>\n                                                <div class=\"dynamicContentTwoColumns dynamicContentTwoColumns__text\">\n                    <p><p>Der Nationalpark \u00c5snen bietet dir unber\u00fchrte Natur. Beim Blick auf den See f\u00fchlst du dich eins mit der Natur. Hier erlebst du die absolute Stille und funkelnde Sterne am Nachthimmel, ganz ungest\u00f6rt vom Lichtsmog der Gro\u00dfstadt.<\/p>\n<p>\n                <\/div>\n                                                <div class=\"dynamicContentTwoColumns dynamicContentTwoColumns__text\">\n                    <p><p>Gro\u00dfe Teile des \u00c5snen sind f\u00fcr dich zug\u00e4nglich, was die Vielfalt m\u00f6glicher Erlebnisse nahezu unersch\u00f6pflich macht. Paddele \u00fcber den \u00c5snen, wandere durch \u00fcppige Laubw\u00e4lder und genie\u00dfe wunderbare Vogelkonzerte. Vielleicht entdeckst du sogar einen Fischadler oder kannst dem zauberhaften Ruf des Prachttauchers lauschen.<\/p>\n<p>\n                <\/div>\n                                                <div class=\"dynamicContentTwoColumns dynamicContentTwoColumns__text\">\n                    <p><p>Der n\u00f6rdliche Eingang zum Nationalpark ist Sunnabron, entlang der Passage zur gr\u00f6\u00dften Insel von \u00c5snen, Sirk\u00f6n. Wanderwege f\u00fchren nach Bjurk\u00e4rr, einen der wertvollsten Laubw\u00e4lder Europas. Hier erwartet dich eine reiche Vogelwelt sowie seltene Insekten, Moose und Flechten.<\/p>\n<p>\n                <\/div>\n                                                <div class=\"dynamicContentTwoColumns dynamicContentTwoColumns__imageWrapper\">\n                    <img loading=\"lazy\" decoding=\"async\" width=\"500\" height=\"333\" src=\"https:\/\/www.visitsmaland.se\/wp-content\/uploads\/2024\/04\/asnen_alexhall-0af34b6a0539ee97d03edcf555f0a3da-1800x1200-2.jpg\" class=\"attachment-500x500 size-500x500\" alt=\"\" srcset=\"https:\/\/www.visitsmaland.se\/wp-content\/uploads\/2024\/04\/asnen_alexhall-0af34b6a0539ee97d03edcf555f0a3da-1800x1200-2.jpg 1800w, https:\/\/www.visitsmaland.se\/wp-content\/uploads\/2024\/04\/asnen_alexhall-0af34b6a0539ee97d03edcf555f0a3da-1800x1200-2-300x200.jpg 300w, https:\/\/www.visitsmaland.se\/wp-content\/uploads\/2024\/04\/asnen_alexhall-0af34b6a0539ee97d03edcf555f0a3da-1800x1200-2-1024x683.jpg 1024w, https:\/\/www.visitsmaland.se\/wp-content\/uploads\/2024\/04\/asnen_alexhall-0af34b6a0539ee97d03edcf555f0a3da-1800x1200-2-768x512.jpg 768w, https:\/\/www.visitsmaland.se\/wp-content\/uploads\/2024\/04\/asnen_alexhall-0af34b6a0539ee97d03edcf555f0a3da-1800x1200-2-1536x1024.jpg 1536w\" sizes=\"(max-width: 500px) 100vw, 500px\" \/>                <\/div>\n                                                <div class=\"dynamicContentTwoColumns dynamicContentTwoColumns__text\">\n                    <p><p>Im westlichen Teil des Nationalparks findest du seinen zweiten Eingang, Trollberget. Dieser Teil wird oft als \u201e\u00c5snen im Miniaturformat\u201c bezeichnet, da auf kleiner Fl\u00e4che sowohl Laubw\u00e4lder als auch Kiefern, Fichten, Seeufer und Moor zu finden sind. Die Klippe von Trollberget, wo die Trolle angeblich Weihnachten gefeiert haben, wird von Familien mit Kindern, die \u00c5snen besuchen, sehr gesch\u00e4tzt.<\/p>\n<p>\n                <\/div>\n                                                <div class=\"dynamicContentTwoColumns dynamicContentTwoColumns__text\">\n                    <p><p>Ein St\u00fcck weiter s\u00fcdlich befindet sich das Moorgebiet Toft\u00e5sa, wo sch\u00f6ne Wanderwege durch Kiefernw\u00e4lder und tiefe Moorlandschaften f\u00fchren. Ein \u201eNordland\u201c im Miniformat.<br \/>\nAn allen Eing\u00e4ngen zum Nationalpark findest du Rastpl\u00e4tze, Toiletten und Grillpl\u00e4tze. Im gesamten Nationalpark gibt es markierte Wanderwege. An den Eing\u00e4ngen gibt es gro\u00dfz\u00fcgige Holzstege, die sich perfekt zum Picknicken eignen.<\/p>\n<p>\n                <\/div>\n                                                <div class=\"dynamicContentTwoColumns dynamicContentTwoColumns__text\">\n                    <p><p>In \u00c5snen gibt es neben dem Nationalpark zus\u00e4tzlich 19 Naturschutzgebiete, die f\u00fcr tolle Naturerlebnisse und sch\u00f6ne Wanderungen geeignet sind, egal wie erfahren du bist. Um die Inseln des \u00c5snen zu erreichen, sind Boot, Kanu oder Kajak erforderlich. Das Vogelvorkommen im See ist wertvoll und w\u00e4hrend bestimmter Monate zus\u00e4tzlich gesch\u00fctzt. W\u00e4hrend der Brutzeit der V\u00f6gel vom 1. April bis 31. Juli ist es nicht erlaubt, alle Teile des Sees zu besuchen. Aber keine Sorge, der See hat \u00fcber tausend Inseln, also gibt es genug Platz, um die Natur zu erkunden!<\/p>\n<p>\n                <\/div>\n                                                <div class=\"wp-block-buttons is-layout-flex wp-block-buttons-is-layout-flex\">\n                    <div class=\"wp-block-button\">\n                        <a aria-label=\"Mehr lesen\" class=\"wp-block-button__link wp-element-button dynamicContentTwoColumns dynamicContentTwoColumns__ctaButton\" href=\"https:\/\/visitasnen.se\/de\/\">\n                            Jetzt entdecken                        <\/a>\n                    <\/div>\n                <\/div>\n                        <\/div>\n<\/div>\n\n\n<div class=\"contentImageTwoColumns contentImageTwoColumns__wrapper\" style=\"background-color: #374632\">\n    <div class=\"contentImageTwoColumns contentImageTwoColumns__container \">\n        <div class=\"contentImageTwoColumns contentImageTwoColumns__contentWrapper\">\n            <h2 class=\"contentImageTwoColumns contentImageTwoColumns__heading\" style=\"color: #ffffff\">\n                Lokale Speisen und Hofl\u00e4den            <\/h2>\n            <div class=\"contentImageTwoColumns contentImageTwoColumns__text contentImageTwoColumns__text--short\" style=\"color: #ffffff\">\n                                    <p>In der \u00c5snen-Region erwarten dich idyllische Hofl\u00e4den, die lokal produzierten Speisen anbieten. Die Obstanbaugeschichte von \u00c5snen ist lang, und einige Gebiete sind als national wertvolle Streuobstw&#8230;                    <button type=\"button\" class=\"contentImageTwoColumns contentImageTwoColumns__readMoreLess\">\n                        Mehr lesen +                    <\/button>\n                            <\/div>\n            <div class=\"contentImageTwoColumns contentImageTwoColumns__text contentImageTwoColumns__text--full\" style=\"color: #ffffff\">\n                <p>In der \u00c5snen-Region erwarten dich idyllische Hofl\u00e4den, die lokal produzierten Speisen anbieten. Die Obstanbaugeschichte von \u00c5snen ist lang, und einige Gebiete sind als national wertvolle Streuobstwiesen eingestuft. Selbstgemachtes Eis, lokal produzierter Saft, frisch gepfl\u00fcckte Beeren und Gem\u00fcse erwarten dich an vielen Stra\u00dfenkreuzungen!<\/p>\n                <button type=\"button\" class=\"contentImageTwoColumns contentImageTwoColumns__readMoreLess\">\n                    Weniger lesen &#8211;                <\/button>\n            <\/div>\n                        <div class=\"wp-block-buttons is-layout-flex wp-block-buttons-is-layout-flex\">\n                <div class=\"wp-block-button \">\n                    <a aria-label=\"Jetzt entdecken\" class=\"wp-block-button__link wp-element-button\" href=\"https:\/\/visitasnen.se\/mat\/?category=19472\" style=\"background-color: #f4f2eb; color: #000000;border: solid 1px #f4f2eb\">\n                        Jetzt entdecken                    <\/a>\n                <\/div>\n            <\/div>\n                                <\/div>\n        <div class=\"contentImageTwoColumns contentImageTwoColumns__imageWrapper\">\n            <img loading=\"lazy\" decoding=\"async\" width=\"1024\" height=\"740\" src=\"https:\/\/www.visitsmaland.se\/wp-content\/uploads\/2024\/04\/358077665_766376558616786_6057983724067609183_n-1024x740.jpg\" class=\"attachment-grid-card-images size-grid-card-images\" alt=\"\" \/>        <\/div>\n    <\/div>\n<\/div>\n\n\n<div class=\"contentImageTwoColumns contentImageTwoColumns__wrapper\" style=\"background-color: #f4f2eb\">\n    <div class=\"contentImageTwoColumns contentImageTwoColumns__container layout-reversed\">\n        <div class=\"contentImageTwoColumns contentImageTwoColumns__contentWrapper\">\n            <h2 class=\"contentImageTwoColumns contentImageTwoColumns__heading\" style=\"color: #000000\">\n                Eins mit der Natur im Kajak            <\/h2>\n            <div class=\"contentImageTwoColumns contentImageTwoColumns__text contentImageTwoColumns__text--short\" style=\"color: #000000\">\n                                    <p>Eine exzellente M\u00f6glichkeit, \u00c5snen zu erleben, besteht darin, mit dem Kajak zwischen den Inseln zu pendeln. Wenn du nach Fischadlern Ausschau h\u00e4ltst oder abends dem Ruf des Prachttauchers lauscht, &#8230;                    <button type=\"button\" class=\"contentImageTwoColumns contentImageTwoColumns__readMoreLess\">\n                        Mehr lesen +                    <\/button>\n                            <\/div>\n            <div class=\"contentImageTwoColumns contentImageTwoColumns__text contentImageTwoColumns__text--full\" style=\"color: #000000\">\n                <p>Eine exzellente M\u00f6glichkeit, \u00c5snen zu erleben, besteht darin, mit dem Kajak zwischen den Inseln zu pendeln. Wenn du nach Fischadlern Ausschau h\u00e4ltst oder abends dem Ruf des Prachttauchers lauscht, bist du so nah an der Natur dran, wie es geht. Kajaks k\u00f6nnen zum Beispiel im Resort Getn\u00f6 Lake \u00c5snen gemietet werden. Dort gibt es auch eine Angelschule f\u00fcr Kinder. Getn\u00f6 bietet dir eine gro\u00dfe Auswahl an Naturerlebnissen. Hier gibt es Campingpl\u00e4tze, \u00dcbernachtungsh\u00fctten, Angelm\u00f6glichkeiten, Kanus, Kajaks und gef\u00fchrte Touren. Wenn du Angelanf\u00e4nger bist, kannst du einen Grundlagenkurs im Norraryds Camping machen, wo du auch gef\u00fchrte Kajaktouren buchen kannst.<\/p>\n                <button type=\"button\" class=\"contentImageTwoColumns contentImageTwoColumns__readMoreLess\">\n                    Weniger lesen &#8211;                <\/button>\n            <\/div>\n                        <div class=\"wp-block-buttons is-layout-flex wp-block-buttons-is-layout-flex\">\n                <div class=\"wp-block-button arrow-white\">\n                    <a aria-label=\"Jetzt entdecken\" class=\"wp-block-button__link wp-element-button\" href=\"https:\/\/visitasnen.se\/outdoor\/nara-vatten-upplevelser\/paddla-i-asnen\/\" style=\"background-color: #374632; color: #ffffff;border: solid 1px #374632\">\n                        Jetzt entdecken                    <\/a>\n                <\/div>\n            <\/div>\n                                <\/div>\n        <div class=\"contentImageTwoColumns contentImageTwoColumns__imageWrapper\">\n            <img loading=\"lazy\" decoding=\"async\" width=\"1024\" height=\"740\" src=\"https:\/\/www.visitsmaland.se\/wp-content\/uploads\/2024\/04\/kanot-i-motvind_asnen-c6a031f1d74607276cce3fba145bff63-1800x1200-2-1024x740.jpg\" class=\"attachment-grid-card-images size-grid-card-images\" alt=\"\" \/>        <\/div>\n    <\/div>\n<\/div>\n\n\n<div class=\"contentImageTwoColumns contentImageTwoColumns__wrapper\" style=\"background-color: #ffffff\">\n    <div class=\"contentImageTwoColumns contentImageTwoColumns__container \">\n        <div class=\"contentImageTwoColumns contentImageTwoColumns__contentWrapper\">\n            <h2 class=\"contentImageTwoColumns contentImageTwoColumns__heading\" style=\"color: #000000\">\n                Mit dem Fahrrad um den \u00c5snen herumfahren            <\/h2>\n            <div class=\"contentImageTwoColumns contentImageTwoColumns__text contentImageTwoColumns__text--short\" style=\"color: \">\n                                    <p>Eine andere M\u00f6glichkeit, die Seenlandschaft von \u00c5snen zu erkunden, besteht darin, mit dem Fahrrad unterwegs zu sein. Der Radweg rund um den \u00c5snen ist 140 km lang und kann in so viele Etappen untert&#8230;                    <button type=\"button\" class=\"contentImageTwoColumns contentImageTwoColumns__readMoreLess\">\n                        Mehr lesen +                    <\/button>\n                            <\/div>\n            <div class=\"contentImageTwoColumns contentImageTwoColumns__text contentImageTwoColumns__text--full\" style=\"color: \">\n                <p>Eine andere M\u00f6glichkeit, die Seenlandschaft von \u00c5snen zu erkunden, besteht darin, mit dem Fahrrad unterwegs zu sein. Der Radweg rund um den \u00c5snen ist 140 km lang und kann in so viele Etappen unterteilt werden, wie du m\u00f6chtest. Egal ob kurze Pausen entlang des Weges oder \u00dcbernachtungen, alles ist m\u00f6glich. Die Route f\u00fchrt \u00fcber stillgelegte Bahnstrecken und kleine Schotterstra\u00dfen. Du kannst bequem ein Fahrradpaket buchen oder ein Fahrrad bei RentBike mieten.<\/p>\n                <button type=\"button\" class=\"contentImageTwoColumns contentImageTwoColumns__readMoreLess\">\n                    Weniger lesen &#8211;                <\/button>\n            <\/div>\n                        <div class=\"wp-block-buttons is-layout-flex wp-block-buttons-is-layout-flex\">\n                <div class=\"wp-block-button \">\n                    <a aria-label=\"Mehr erfahren\" class=\"wp-block-button__link wp-element-button\" href=\"https:\/\/rentbike.se\/\" style=\"background-color: #fbbd51; color: #000000;border: solid 1px #fbbd51\">\n                        Mehr erfahren                    <\/a>\n                <\/div>\n            <\/div>\n                                <\/div>\n        <div class=\"contentImageTwoColumns contentImageTwoColumns__imageWrapper\">\n            <img loading=\"lazy\" decoding=\"async\" width=\"1024\" height=\"683\" src=\"https:\/\/www.visitsmaland.se\/wp-content\/uploads\/2020\/06\/CyklaiA\u030asnen-scaled.jpg\" class=\"attachment-grid-card-images size-grid-card-images\" alt=\"\" srcset=\"https:\/\/www.visitsmaland.se\/wp-content\/uploads\/2020\/06\/CyklaiA\u030asnen-scaled.jpg 2000w, https:\/\/www.visitsmaland.se\/wp-content\/uploads\/2020\/06\/CyklaiA\u030asnen-300x200.jpg 300w, https:\/\/www.visitsmaland.se\/wp-content\/uploads\/2020\/06\/CyklaiA\u030asnen-1024x683.jpg 1024w, https:\/\/www.visitsmaland.se\/wp-content\/uploads\/2020\/06\/CyklaiA\u030asnen-768x512.jpg 768w, https:\/\/www.visitsmaland.se\/wp-content\/uploads\/2020\/06\/CyklaiA\u030asnen-1536x1024.jpg 1536w, https:\/\/www.visitsmaland.se\/wp-content\/uploads\/2020\/06\/CyklaiA\u030asnen-2048x1365.jpg 2048w, https:\/\/www.visitsmaland.se\/wp-content\/uploads\/2020\/06\/CyklaiA\u030asnen-600x400.jpg 600w\" sizes=\"(max-width: 1024px) 100vw, 1024px\" \/>        <\/div>\n    <\/div>\n<\/div>\n\n\n<div class=\"contentImageTwoColumns contentImageTwoColumns__wrapper\" style=\"background-color: #374632\">\n    <div class=\"contentImageTwoColumns contentImageTwoColumns__container layout-reversed\">\n        <div class=\"contentImageTwoColumns contentImageTwoColumns__contentWrapper\">\n            <h2 class=\"contentImageTwoColumns contentImageTwoColumns__heading\" style=\"color: #ffffff\">\n                Deine \u00c5snen-Bucketlist:            <\/h2>\n            <div class=\"contentImageTwoColumns contentImageTwoColumns__text contentImageTwoColumns__text--short\" style=\"color: #ffffff\">\n                                    <p>\u00b7 Der Blick auf die Inselwelt des \u00c5snen vom Lunnabacken aus.<br \/>\n\u00b7 Bjurk\u00e4rr mit seinen einzigartigen Laubw\u00e4ldern und breiten Wegen.<br \/>\n\u00b7 Der sagenumwobene Ort Trollberget mit seinen scharfen K&#8230;                    <button type=\"button\" class=\"contentImageTwoColumns contentImageTwoColumns__readMoreLess\">\n                        Mehr lesen +                    <\/button>\n                            <\/div>\n            <div class=\"contentImageTwoColumns contentImageTwoColumns__text contentImageTwoColumns__text--full\" style=\"color: #ffffff\">\n                <p>\u00b7 Der Blick auf die Inselwelt des \u00c5snen vom Lunnabacken aus.<br \/>\n\u00b7 Bjurk\u00e4rr mit seinen einzigartigen Laubw\u00e4ldern und breiten Wegen.<br \/>\n\u00b7 Der sagenumwobene Ort Trollberget mit seinen scharfen Klippen.<br \/>\n\u00b7 Wanderung am Wasser von Ulv\u00f6, entlang des Toft\u00e5sa Moores.<br \/>\n\u00b7 Huseby Bruk, ein lebendiges Industriedenkmal mit Schloss, Garten, Park, Restaurant und Veranstaltungen.<\/p>\n                <button type=\"button\" class=\"contentImageTwoColumns contentImageTwoColumns__readMoreLess\">\n                    Weniger lesen &#8211;                <\/button>\n            <\/div>\n                        <div class=\"wp-block-buttons is-layout-flex wp-block-buttons-is-layout-flex\">\n                <div class=\"wp-block-button \">\n                    <a aria-label=\"Mehr erfahren\" class=\"wp-block-button__link wp-element-button\" href=\"https:\/\/visitasnen.se\/de\/\" style=\"background-color: #f4f2eb; color: #000000;border: solid 1px #f4f2eb\">\n                        Mehr erfahren                    <\/a>\n                <\/div>\n            <\/div>\n                                <\/div>\n        <div class=\"contentImageTwoColumns contentImageTwoColumns__imageWrapper\">\n            <img loading=\"lazy\" decoding=\"async\" width=\"1024\" height=\"740\" src=\"https:\/\/www.visitsmaland.se\/wp-content\/uploads\/2024\/04\/8179_huseby-bruk-1024x740.jpg\" class=\"attachment-grid-card-images size-grid-card-images\" alt=\"\" \/>        <\/div>\n    <\/div>\n<\/div>\n\n\n  \n<div class=\"featuredTwoColumns featuredTwoColumns__wrapper\">\n    <div class=\"featuredTwoColumns featuredTwoColumns__container\">  \n            <div class=\"featuredTwoColumns featuredTwoColumns__feturedWrapper\">\n            <a aria-label=\"Getn\u00f6 Lake \u00c5snen Resort\" href=\"https:\/\/www.visitsmaland.se\/de\/entdecken\/getno-lake-asnen-resort\/\"class=\"featuredTwoColumns featuredTwoColumns__imageWrapper\">\n                <img loading=\"lazy\" decoding=\"async\" width=\"1024\" height=\"740\" src=\"https:\/\/www.visitsmaland.se\/wp-content\/uploads\/2024\/04\/TD-SWEDEN-GETNO-LAKE-15-1-1024x740.jpg\" class=\"attachment-grid-card-images size-grid-card-images wp-post-image\" alt=\"\" \/>            <\/a>\n            <div class=\"featuredTwoColumns featuredTwoColumns__contentWrapper\">\n                <h2 class=\"featuredTwoColumns featuredTwoColumns__heading\">\n                    Getn\u00f6 Lake \u00c5snen Resort                <\/h2>\n                <p class=\"featuredTwoColumns featuredTwoColumns__description\">\n                    Getn\u00f6 \u2013 Lake \u00c5snen Resort ist ein privates Natursch\u2026                <\/p>\n                 \n                 \n                <div class=\"wp-block-buttons is-layout-flex wp-block-buttons-is-layout-flex\">\n                    <div class=\"wp-block-button \">\n                        <a aria-label=\"Getn\u00f6 Lake \u00c5snen Resort\"class=\"wp-block-button__link wp-element-button\" href=\"https:\/\/www.visitsmaland.se\/de\/entdecken\/getno-lake-asnen-resort\/\">\n                            Entdecke                       \n                         <\/a>\n                    <\/div>\n                <\/div>\n            <\/div>\n        <\/div>\n                <div class=\"featuredTwoColumns featuredTwoColumns__feturedWrapper\">\n            <a aria-label=\"\u00c5snen Nationalpark\" href=\"https:\/\/www.visitsmaland.se\/de\/entdecken\/asnen-nationalpark\/\"class=\"featuredTwoColumns featuredTwoColumns__imageWrapper\">\n                <img loading=\"lazy\" decoding=\"async\" width=\"1024\" height=\"740\" src=\"https:\/\/www.visitsmaland.se\/wp-content\/uploads\/2024\/04\/5889_snen_flyg-1024x740.jpg\" class=\"attachment-grid-card-images size-grid-card-images wp-post-image\" alt=\"\" \/>            <\/a>\n            <div class=\"featuredTwoColumns featuredTwoColumns__contentWrapper\">\n                <h2 class=\"featuredTwoColumns featuredTwoColumns__heading\">\n                    \u00c5snen Nationalpark                <\/h2>\n                <p class=\"featuredTwoColumns featuredTwoColumns__description\">\n                    Mit seinen vielen Inseln, Buchten und flachen Sunde\u2026                <\/p>\n                 \n                 \n                <div class=\"wp-block-buttons is-layout-flex wp-block-buttons-is-layout-flex\">\n                    <div class=\"wp-block-button \">\n                        <a aria-label=\"\u00c5snen Nationalpark\"class=\"wp-block-button__link wp-element-button\" href=\"https:\/\/www.visitsmaland.se\/de\/entdecken\/asnen-nationalpark\/\">\n                            Entdecke                       \n                         <\/a>\n                    <\/div>\n                <\/div>\n            <\/div>\n        <\/div>\n            <\/div>\n<\/div>\n\n\n\n<div style=\"height:8px\" aria-hidden=\"true\" class=\"wp-block-spacer\"><\/div>\n\n\n\n<figure class=\"wp-block-gallery has-nested-images columns-default is-cropped wp-block-gallery-2 is-layout-flex wp-block-gallery-is-layout-flex\">\n<figure class=\"wp-block-image size-large\"><img loading=\"lazy\" decoding=\"async\" width=\"1024\" height=\"683\" data-id=\"25752\" src=\"https:\/\/www.visitsmaland.se\/wp-content\/uploads\/2024\/04\/kvallsmys_alexander-hall-1-1024x683.jpg\" alt=\"\" class=\"wp-image-25752\" srcset=\"https:\/\/www.visitsmaland.se\/wp-content\/uploads\/2024\/04\/kvallsmys_alexander-hall-1-1024x683.jpg 1024w, https:\/\/www.visitsmaland.se\/wp-content\/uploads\/2024\/04\/kvallsmys_alexander-hall-1-300x200.jpg 300w, https:\/\/www.visitsmaland.se\/wp-content\/uploads\/2024\/04\/kvallsmys_alexander-hall-1-768x512.jpg 768w, https:\/\/www.visitsmaland.se\/wp-content\/uploads\/2024\/04\/kvallsmys_alexander-hall-1-1536x1024.jpg 1536w, https:\/\/www.visitsmaland.se\/wp-content\/uploads\/2024\/04\/kvallsmys_alexander-hall-1-2048x1365.jpg 2048w\" sizes=\"(max-width: 1024px) 100vw, 1024px\" \/><\/figure>\n\n\n\n<figure class=\"wp-block-image size-large\"><img loading=\"lazy\" decoding=\"async\" width=\"1024\" height=\"682\" data-id=\"56644\" src=\"https:\/\/www.visitsmaland.se\/wp-content\/uploads\/2024\/04\/Asnen-banvallsleden_alexander-hall-1-1024x682.jpg\" alt=\"\" class=\"wp-image-56644\" srcset=\"https:\/\/www.visitsmaland.se\/wp-content\/uploads\/2024\/04\/Asnen-banvallsleden_alexander-hall-1-1024x682.jpg 1024w, https:\/\/www.visitsmaland.se\/wp-content\/uploads\/2024\/04\/Asnen-banvallsleden_alexander-hall-1-300x200.jpg 300w, https:\/\/www.visitsmaland.se\/wp-content\/uploads\/2024\/04\/Asnen-banvallsleden_alexander-hall-1-768x512.jpg 768w, https:\/\/www.visitsmaland.se\/wp-content\/uploads\/2024\/04\/Asnen-banvallsleden_alexander-hall-1-1536x1024.jpg 1536w, https:\/\/www.visitsmaland.se\/wp-content\/uploads\/2024\/04\/Asnen-banvallsleden_alexander-hall-1.jpg 2000w\" sizes=\"(max-width: 1024px) 100vw, 1024px\" \/><\/figure>\n\n\n\n<figure class=\"wp-block-image size-large\"><img loading=\"lazy\" decoding=\"async\" width=\"1024\" height=\"683\" data-id=\"67253\" src=\"https:\/\/www.visitsmaland.se\/wp-content\/uploads\/2024\/04\/Getno-fiskeskola-alexander-Hall-1024x683.jpg\" alt=\"\" class=\"wp-image-67253\" srcset=\"https:\/\/www.visitsmaland.se\/wp-content\/uploads\/2024\/04\/Getno-fiskeskola-alexander-Hall-1024x683.jpg 1024w, https:\/\/www.visitsmaland.se\/wp-content\/uploads\/2024\/04\/Getno-fiskeskola-alexander-Hall-300x200.jpg 300w, https:\/\/www.visitsmaland.se\/wp-content\/uploads\/2024\/04\/Getno-fiskeskola-alexander-Hall-768x512.jpg 768w, https:\/\/www.visitsmaland.se\/wp-content\/uploads\/2024\/04\/Getno-fiskeskola-alexander-Hall-1536x1024.jpg 1536w, https:\/\/www.visitsmaland.se\/wp-content\/uploads\/2024\/04\/Getno-fiskeskola-alexander-Hall-2048x1365.jpg 2048w\" sizes=\"(max-width: 1024px) 100vw, 1024px\" \/><\/figure>\n<\/figure>\n\n\n<div class=\"contentImageTwoColumns contentImageTwoColumns__wrapper\" style=\"background-color: \">\n    <div class=\"contentImageTwoColumns contentImageTwoColumns__container \">\n        <div class=\"contentImageTwoColumns contentImageTwoColumns__contentWrapper\">\n            <h2 class=\"contentImageTwoColumns contentImageTwoColumns__heading\" style=\"color: \">\n                \u00c5snen Nationalpark: Tipps f\u00fcr das Naturparadies in S\u00fcdschweden            <\/h2>\n            <div class=\"contentImageTwoColumns contentImageTwoColumns__text contentImageTwoColumns__text--short\" style=\"color: \">\n                                    <p>Hier kannst du einen Blogbeitrag \u00fcber \u00c5snen vom Reiseblog Globusliebe lesen.<\/p>\n                            <\/div>\n            <div class=\"contentImageTwoColumns contentImageTwoColumns__text contentImageTwoColumns__text--full\" style=\"color: \">\n                <p>Hier kannst du einen Blogbeitrag \u00fcber \u00c5snen vom Reiseblog Globusliebe lesen.<\/p>\n                <button type=\"button\" class=\"contentImageTwoColumns contentImageTwoColumns__readMoreLess\">\n                    Weniger lesen &#8211;                <\/button>\n            <\/div>\n                        <div class=\"wp-block-buttons is-layout-flex wp-block-buttons-is-layout-flex\">\n                <div class=\"wp-block-button \">\n                    <a aria-label=\"Jetzt entdecken\" class=\"wp-block-button__link wp-element-button\" href=\"https:\/\/globusliebe.com\/asnen-nationalpark-schweden\/\" style=\"background-color: #fbbd51; color: #000000;border: solid 1px #fbbd51\">\n                        Jetzt entdecken                    <\/a>\n                <\/div>\n            <\/div>\n                                <\/div>\n        <div class=\"contentImageTwoColumns contentImageTwoColumns__imageWrapper\">\n            <img loading=\"lazy\" decoding=\"async\" width=\"1024\" height=\"740\" src=\"https:\/\/www.visitsmaland.se\/wp-content\/uploads\/2024\/04\/globusliebe_10-scaled-e1769148354696-1024x740.jpg\" class=\"attachment-grid-card-images size-grid-card-images\" alt=\"\" \/>        <\/div>\n    <\/div>\n<\/div>\n\n\n\n<section class=\"contentFAQBlock contentFAQBlock__wrapper\">\n    <div class=\"contentFAQBlock contentFAQBlock__container\">\n                    <h2 class=\"contentFAQBlock contentFAQBlock__title\">H\u00e4ufig gestellte Fragen zu \u00c5snen<\/h2>\n                \n        <div class=\"contentFAQBlock contentFAQBlock__faqContent\" itemscope itemtype=\"https:\/\/schema.org\/FAQPage\">\n            <div id=\"accordion-group-block_bcf969138a98bbdb4633b485b464b4e8\" class=\"contentFAQBlock contentFAQBlock__accordion\" data-allow-toggle>\n                                                <div class=\"contentFAQBlock contentFAQBlock__categoryGroup\">\n                                                                                                                <div class=\"contentFAQBlock contentFAQBlock__accordionItem\" itemscope itemprop=\"mainEntity\" itemtype=\"https:\/\/schema.org\/Question\">\n                                            <h4>\n                                                <button aria-expanded=\"false\" class=\"contentFAQBlock contentFAQBlock__accordionTrigger accordion-trigger\" aria-controls=\"accordion95195-cat1143-block_bcf969138a98bbdb4633b485b464b4e8\" id=\"accordion95195-cat1143-block_bcf969138a98bbdb4633b485b464b4e8id\">\n                                                    <span class=\"contentFAQBlock contentFAQBlock__accordionTitle accordion-title\" itemprop=\"name\">\n                                                        Ist der \u00c5snen See ein Nationalpark?                                                        <span class=\"contentFAQBlock contentFAQBlock__accordionIcon accordion-icon\"><\/span>\n                                                    <\/span>\n                                                <\/button>\n                                            <\/h4>\n                                            <div itemscope itemprop=\"acceptedAnswer\" itemtype=\"https:\/\/schema.org\/Answer\" id=\"accordion95195-cat1143-block_bcf969138a98bbdb4633b485b464b4e8\" role=\"region\" aria-labelledby=\"accordion95195-cat1143-block_bcf969138a98bbdb4633b485b464b4e8id\" class=\"contentFAQBlock contentFAQBlock__accordionPanel accordion-panel\" hidden>\n                                                <div itemprop=\"text\" class=\"contentFAQBlock contentFAQBlock__accordionContent accordion-content\">\n                                                    <p>Der See \u00c5snen liegt im Nationalpark \u00c5snen, der au\u00dferdem ein gro\u00dfes Naturschutzgebiet an Land mit viel Wald und den Inseln im See umfasst.<\/p>\n                                                <\/div>\n                                            <\/div>\n                                        <\/div>\n                                                                            <div class=\"contentFAQBlock contentFAQBlock__accordionItem\" itemscope itemprop=\"mainEntity\" itemtype=\"https:\/\/schema.org\/Question\">\n                                            <h4>\n                                                <button aria-expanded=\"false\" class=\"contentFAQBlock contentFAQBlock__accordionTrigger accordion-trigger\" aria-controls=\"accordion95197-cat1143-block_bcf969138a98bbdb4633b485b464b4e8\" id=\"accordion95197-cat1143-block_bcf969138a98bbdb4633b485b464b4e8id\">\n                                                    <span class=\"contentFAQBlock contentFAQBlock__accordionTitle accordion-title\" itemprop=\"name\">\n                                                        Kann ich auf dem \u00c5snen See Boot fahren?                                                        <span class=\"contentFAQBlock contentFAQBlock__accordionIcon accordion-icon\"><\/span>\n                                                    <\/span>\n                                                <\/button>\n                                            <\/h4>\n                                            <div itemscope itemprop=\"acceptedAnswer\" itemtype=\"https:\/\/schema.org\/Answer\" id=\"accordion95197-cat1143-block_bcf969138a98bbdb4633b485b464b4e8\" role=\"region\" aria-labelledby=\"accordion95197-cat1143-block_bcf969138a98bbdb4633b485b464b4e8id\" class=\"contentFAQBlock contentFAQBlock__accordionPanel accordion-panel\" hidden>\n                                                <div itemprop=\"text\" class=\"contentFAQBlock contentFAQBlock__accordionContent accordion-content\">\n                                                    <p>Ja, man kann auf dem See \u00c5snen Boot fahren. Reisende k\u00f6nnen Boote, Kanus und Kajaks mieten.<\/p>\n                                                <\/div>\n                                            <\/div>\n                                        <\/div>\n                                                                            <div class=\"contentFAQBlock contentFAQBlock__accordionItem\" itemscope itemprop=\"mainEntity\" itemtype=\"https:\/\/schema.org\/Question\">\n                                            <h4>\n                                                <button aria-expanded=\"false\" class=\"contentFAQBlock contentFAQBlock__accordionTrigger accordion-trigger\" aria-controls=\"accordion95194-cat1143-block_bcf969138a98bbdb4633b485b464b4e8\" id=\"accordion95194-cat1143-block_bcf969138a98bbdb4633b485b464b4e8id\">\n                                                    <span class=\"contentFAQBlock contentFAQBlock__accordionTitle accordion-title\" itemprop=\"name\">\n                                                        Welche Tiere leben im \u00c5snen Nationalpark?                                                        <span class=\"contentFAQBlock contentFAQBlock__accordionIcon accordion-icon\"><\/span>\n                                                    <\/span>\n                                                <\/button>\n                                            <\/h4>\n                                            <div itemscope itemprop=\"acceptedAnswer\" itemtype=\"https:\/\/schema.org\/Answer\" id=\"accordion95194-cat1143-block_bcf969138a98bbdb4633b485b464b4e8\" role=\"region\" aria-labelledby=\"accordion95194-cat1143-block_bcf969138a98bbdb4633b485b464b4e8id\" class=\"contentFAQBlock contentFAQBlock__accordionPanel accordion-panel\" hidden>\n                                                <div itemprop=\"text\" class=\"contentFAQBlock contentFAQBlock__accordionContent accordion-content\">\n                                                    <p>Im Nationalpark \u00c5snen leben viele verschiedene Tierarten, darunter Elche, Kraniche, Seeadler und zahlreiche Fischarten. <a href=\"https:\/\/visitasnen.se\/de\/tipps\/asnen-big-five\/\">Hier mehr lesen<\/a>!<\/p>\n                                                <\/div>\n                                            <\/div>\n                                        <\/div>\n                                                                            <div class=\"contentFAQBlock contentFAQBlock__accordionItem\" itemscope itemprop=\"mainEntity\" itemtype=\"https:\/\/schema.org\/Question\">\n                                            <h4>\n                                                <button aria-expanded=\"false\" class=\"contentFAQBlock contentFAQBlock__accordionTrigger accordion-trigger\" aria-controls=\"accordion95196-cat1143-block_bcf969138a98bbdb4633b485b464b4e8\" id=\"accordion95196-cat1143-block_bcf969138a98bbdb4633b485b464b4e8id\">\n                                                    <span class=\"contentFAQBlock contentFAQBlock__accordionTitle accordion-title\" itemprop=\"name\">\n                                                        Welche Unterk\u00fcnfte gibt es im \u00c5snen Nationalpark?                                                        <span class=\"contentFAQBlock contentFAQBlock__accordionIcon accordion-icon\"><\/span>\n                                                    <\/span>\n                                                <\/button>\n                                            <\/h4>\n                                            <div itemscope itemprop=\"acceptedAnswer\" itemtype=\"https:\/\/schema.org\/Answer\" id=\"accordion95196-cat1143-block_bcf969138a98bbdb4633b485b464b4e8\" role=\"region\" aria-labelledby=\"accordion95196-cat1143-block_bcf969138a98bbdb4633b485b464b4e8id\" class=\"contentFAQBlock contentFAQBlock__accordionPanel accordion-panel\" hidden>\n                                                <div itemprop=\"text\" class=\"contentFAQBlock contentFAQBlock__accordionContent accordion-content\">\n                                                    <p>Unterk\u00fcnfte im Nationalpark selbst sind auf einen Campingplatz am Trollberget und einige Schutzh\u00fctten beschr\u00e4nkt. Dar\u00fcber hinaus gibt es in den umliegenden Gebieten weitere \u00dcbernachtungsm\u00f6glichkeiten wie Hotels, Jugendherbergen und Bed &#038; Breakfasts. <a href=\"https:\/\/visitasnen.se\/de\/\">Hier mehr lesen<\/a>!<\/p>\n                                                <\/div>\n                                            <\/div>\n                                        <\/div>\n                                                                            <div class=\"contentFAQBlock contentFAQBlock__accordionItem\" itemscope itemprop=\"mainEntity\" itemtype=\"https:\/\/schema.org\/Question\">\n                                            <h4>\n                                                <button aria-expanded=\"false\" class=\"contentFAQBlock contentFAQBlock__accordionTrigger accordion-trigger\" aria-controls=\"accordion95193-cat1143-block_bcf969138a98bbdb4633b485b464b4e8\" id=\"accordion95193-cat1143-block_bcf969138a98bbdb4633b485b464b4e8id\">\n                                                    <span class=\"contentFAQBlock contentFAQBlock__accordionTitle accordion-title\" itemprop=\"name\">\n                                                        Wie tief ist der See \u00c5snen?                                                        <span class=\"contentFAQBlock contentFAQBlock__accordionIcon accordion-icon\"><\/span>\n                                                    <\/span>\n                                                <\/button>\n                                            <\/h4>\n                                            <div itemscope itemprop=\"acceptedAnswer\" itemtype=\"https:\/\/schema.org\/Answer\" id=\"accordion95193-cat1143-block_bcf969138a98bbdb4633b485b464b4e8\" role=\"region\" aria-labelledby=\"accordion95193-cat1143-block_bcf969138a98bbdb4633b485b464b4e8id\" class=\"contentFAQBlock contentFAQBlock__accordionPanel accordion-panel\" hidden>\n                                                <div itemprop=\"text\" class=\"contentFAQBlock contentFAQBlock__accordionContent accordion-content\">\n                                                    <p>Die durchschnittliche Tiefe des Sees \u00c5snen betr\u00e4gt 3 Meter, an der tiefsten Stelle ist er 14 Meter tief.<\/p>\n                                                <\/div>\n                                            <\/div>\n                                        <\/div>\n                                                                            <div class=\"contentFAQBlock contentFAQBlock__accordionItem\" itemscope itemprop=\"mainEntity\" itemtype=\"https:\/\/schema.org\/Question\">\n                                            <h4>\n                                                <button aria-expanded=\"false\" class=\"contentFAQBlock contentFAQBlock__accordionTrigger accordion-trigger\" aria-controls=\"accordion95198-cat1143-block_bcf969138a98bbdb4633b485b464b4e8\" id=\"accordion95198-cat1143-block_bcf969138a98bbdb4633b485b464b4e8id\">\n                                                    <span class=\"contentFAQBlock contentFAQBlock__accordionTitle accordion-title\" itemprop=\"name\">\n                                                        Wie viele Inseln gibt es im \u00c5snen See?                                                        <span class=\"contentFAQBlock contentFAQBlock__accordionIcon accordion-icon\"><\/span>\n                                                    <\/span>\n                                                <\/button>\n                                            <\/h4>\n                                            <div itemscope itemprop=\"acceptedAnswer\" itemtype=\"https:\/\/schema.org\/Answer\" id=\"accordion95198-cat1143-block_bcf969138a98bbdb4633b485b464b4e8\" role=\"region\" aria-labelledby=\"accordion95198-cat1143-block_bcf969138a98bbdb4633b485b464b4e8id\" class=\"contentFAQBlock contentFAQBlock__accordionPanel accordion-panel\" hidden>\n                                                <div itemprop=\"text\" class=\"contentFAQBlock contentFAQBlock__accordionContent accordion-content\">\n                                                    <p>Der <a href=\"https:\/\/visitasnen.se\/de\/natur\/das-ist-asnen\/\">Nationalpark \u00c5snen<\/a> hat \u00fcber 1.000 Inseln und bildet somit eine Sch\u00e4renlandschaft im Binnensee. Neben den vielen Inseln und Gew\u00e4ssern gibt es auch eine reiche Pflanzen- und Tierwelt.<\/p>\n                                                <\/div>\n                                            <\/div>\n                                        <\/div>\n                                                                    <\/div>\n                                        <\/div>\n        <\/div>\n    <\/div>\n<\/section>\n\n\n\n<div class=\"contentImageTwoColumns contentImageTwoColumns__wrapper\" style=\"background-color: #f4f2eb\">\n    <div class=\"contentImageTwoColumns contentImageTwoColumns__container layout-reversed\">\n        <div class=\"contentImageTwoColumns contentImageTwoColumns__contentWrapper\">\n            <h2 class=\"contentImageTwoColumns contentImageTwoColumns__heading\" style=\"color: \">\n                Erfahre mehr \u00fcber den Nationalpark \u00c5snen            <\/h2>\n            <div class=\"contentImageTwoColumns contentImageTwoColumns__text contentImageTwoColumns__text--short\" style=\"color: \">\n                                                                <\/div>\n            <div class=\"contentImageTwoColumns contentImageTwoColumns__text contentImageTwoColumns__text--full\" style=\"color: \">\n                                <button type=\"button\" class=\"contentImageTwoColumns contentImageTwoColumns__readMoreLess\">\n                    Weniger lesen &#8211;                <\/button>\n            <\/div>\n                        <div class=\"wp-block-buttons is-layout-flex wp-block-buttons-is-layout-flex\">\n                <div class=\"wp-block-button arrow-white\">\n                    <a aria-label=\"Jetzt entdecken\" class=\"wp-block-button__link wp-element-button\" href=\"https:\/\/visitasnen.se\/de\/\" style=\"background-color: #374632; color: #ffffff;border: solid 1px #374632\">\n                        Jetzt entdecken                    <\/a>\n                <\/div>\n            <\/div>\n                                <\/div>\n        <div class=\"contentImageTwoColumns contentImageTwoColumns__imageWrapper\">\n            <img loading=\"lazy\" decoding=\"async\" width=\"1024\" height=\"740\" src=\"https:\/\/www.visitsmaland.se\/wp-content\/uploads\/2024\/04\/ALEX6736-1-1024x740.jpg\" class=\"attachment-grid-card-images size-grid-card-images\" alt=\"\" \/>        <\/div>\n    <\/div>\n<\/div>\n\n\n  \n<div class=\"featuredTwoColumns featuredTwoColumns__wrapper\">\n    <div class=\"featuredTwoColumns featuredTwoColumns__container\">  \n            <div class=\"featuredTwoColumns featuredTwoColumns__feturedWrapper\">\n            <a aria-label=\"Naturnahe Campingpl\u00e4tze in Sm\u00e5land\" href=\"https:\/\/www.visitsmaland.se\/de\/entdecken\/naturnahe-campingplaetze-in-smaland\/\"class=\"featuredTwoColumns featuredTwoColumns__imageWrapper\">\n                <img loading=\"lazy\" decoding=\"async\" width=\"1024\" height=\"740\" src=\"https:\/\/www.visitsmaland.se\/wp-content\/uploads\/2025\/04\/campar_natur-1024x740.jpg\" class=\"attachment-grid-card-images size-grid-card-images wp-post-image\" alt=\"\" srcset=\"https:\/\/www.visitsmaland.se\/wp-content\/uploads\/2025\/04\/campar_natur-1024x740.jpg 1024w, https:\/\/www.visitsmaland.se\/wp-content\/uploads\/2025\/04\/campar_natur-300x216.jpg 300w, https:\/\/www.visitsmaland.se\/wp-content\/uploads\/2025\/04\/campar_natur-768x554.jpg 768w, https:\/\/www.visitsmaland.se\/wp-content\/uploads\/2025\/04\/campar_natur-1536x1108.jpg 1536w, https:\/\/www.visitsmaland.se\/wp-content\/uploads\/2025\/04\/campar_natur-2048x1478.jpg 2048w\" sizes=\"(max-width: 1024px) 100vw, 1024px\" \/>            <\/a>\n            <div class=\"featuredTwoColumns featuredTwoColumns__contentWrapper\">\n                <h2 class=\"featuredTwoColumns featuredTwoColumns__heading\">\n                    Naturnahe Campingpl\u00e4tze in Sm\u00e5land                <\/h2>\n                <p class=\"featuredTwoColumns featuredTwoColumns__description\">\n                    Entdecke naturnahe Campingpl\u00e4tze in Sm\u00e5land und auf\u2026                <\/p>\n                 \n                 \n                <div class=\"wp-block-buttons is-layout-flex wp-block-buttons-is-layout-flex\">\n                    <div class=\"wp-block-button \">\n                        <a aria-label=\"Naturnahe Campingpl\u00e4tze in Sm\u00e5land\"class=\"wp-block-button__link wp-element-button\" href=\"https:\/\/www.visitsmaland.se\/de\/entdecken\/naturnahe-campingplaetze-in-smaland\/\">\n                            Entdecke                       \n                         <\/a>\n                    <\/div>\n                <\/div>\n            <\/div>\n        <\/div>\n                <div class=\"featuredTwoColumns featuredTwoColumns__feturedWrapper\">\n            <a aria-label=\"Naturabenteuer in Sm\u00e5land\" href=\"https:\/\/www.visitsmaland.se\/de\/entdecken\/naturabenteuer-in-smaland\/\"class=\"featuredTwoColumns featuredTwoColumns__imageWrapper\">\n                <img loading=\"lazy\" decoding=\"async\" width=\"1024\" height=\"740\" src=\"https:\/\/www.visitsmaland.se\/wp-content\/uploads\/2024\/04\/globusliebe00126_little-rock-zipline-klavrestrom-1024x740.jpg\" class=\"attachment-grid-card-images size-grid-card-images wp-post-image\" alt=\"\" \/>            <\/a>\n            <div class=\"featuredTwoColumns featuredTwoColumns__contentWrapper\">\n                <h2 class=\"featuredTwoColumns featuredTwoColumns__heading\">\n                    Naturabenteuer in Sm\u00e5land                <\/h2>\n                <p class=\"featuredTwoColumns featuredTwoColumns__description\">\n                    Erlebe die Natur Sm\u00e5lands: Gleite \u00fcber Baumwipfel, \u2026                <\/p>\n                 \n                 \n                <div class=\"wp-block-buttons is-layout-flex wp-block-buttons-is-layout-flex\">\n                    <div class=\"wp-block-button \">\n                        <a aria-label=\"Naturabenteuer in Sm\u00e5land\"class=\"wp-block-button__link wp-element-button\" href=\"https:\/\/www.visitsmaland.se\/de\/entdecken\/naturabenteuer-in-smaland\/\">\n                            Entdecke                       \n                         <\/a>\n                    <\/div>\n                <\/div>\n            <\/div>\n        <\/div>\n            <\/div>\n<\/div>\n","protected":false},"featured_media":36894,"template":"","region":[192],"class_list":["post-43579","destination","type-destination","status-publish","has-post-thumbnail","hentry","region-sudliches-smaland"],"acf":[],"yoast_head":"<!-- This site is optimized with the Yoast SEO plugin v27.5 - https:\/\/yoast.com\/product\/yoast-seo-wordpress\/ -->\n<title>\u00c5snen \u2013 Binnensee mit Sch\u00e4renlandschaft | Visit Sm\u00e5land<\/title>\n<meta name=\"description\" content=\"Der See \u00c5snen in Sm\u00e5land hat tausende Inseln und 700 km K\u00fcstenlinie, wodurch sich eine einzigartige Seenlandschaft bildet.\" \/>\n<meta name=\"robots\" content=\"index, follow, max-snippet:-1, max-image-preview:large, max-video-preview:-1\" \/>\n<link rel=\"canonical\" href=\"https:\/\/www.visitsmaland.se\/de\/reiseziele\/asnen\/\" \/>\n<meta property=\"og:locale\" content=\"de_DE\" \/>\n<meta property=\"og:type\" content=\"article\" \/>\n<meta property=\"og:title\" content=\"\u00c5snen \u2013 Binnensee mit Sch\u00e4renlandschaft | Visit Sm\u00e5land\" \/>\n<meta property=\"og:description\" content=\"Der See \u00c5snen in Sm\u00e5land hat tausende Inseln und 700 km K\u00fcstenlinie, wodurch sich eine einzigartige Seenlandschaft bildet.\" \/>\n<meta property=\"og:url\" content=\"https:\/\/www.visitsmaland.se\/de\/reiseziele\/asnen\/\" \/>\n<meta property=\"og:site_name\" content=\"Visit Sm\u00e5land\" \/>\n<meta property=\"article:publisher\" content=\"https:\/\/www.facebook.com\/visitsmaland\/\" \/>\n<meta property=\"article:modified_time\" content=\"2026-04-07T07:17:44+00:00\" \/>\n<meta property=\"og:image\" content=\"https:\/\/www.visitsmaland.se\/wp-content\/uploads\/2024\/04\/HERO-5-scaled.jpg\" \/>\n\t<meta property=\"og:image:width\" content=\"2560\" \/>\n\t<meta property=\"og:image:height\" content=\"1683\" \/>\n\t<meta property=\"og:image:type\" content=\"image\/jpeg\" \/>\n<meta name=\"twitter:card\" content=\"summary_large_image\" \/>\n<meta name=\"twitter:label1\" content=\"Gesch\u00e4tzte Lesezeit\" \/>\n\t<meta name=\"twitter:data1\" content=\"2\u00a0Minuten\" \/>\n<script type=\"application\/ld+json\" class=\"yoast-schema-graph\">{\"@context\":\"https:\\\/\\\/schema.org\",\"@graph\":[{\"@type\":\"WebPage\",\"@id\":\"https:\\\/\\\/www.visitsmaland.se\\\/de\\\/reiseziele\\\/asnen\\\/\",\"url\":\"https:\\\/\\\/www.visitsmaland.se\\\/de\\\/reiseziele\\\/asnen\\\/\",\"name\":\"\u00c5snen \u2013 Binnensee mit Sch\u00e4renlandschaft | Visit Sm\u00e5land\",\"isPartOf\":{\"@id\":\"https:\\\/\\\/www.visitsmaland.se\\\/de\\\/#website\"},\"primaryImageOfPage\":{\"@id\":\"https:\\\/\\\/www.visitsmaland.se\\\/de\\\/reiseziele\\\/asnen\\\/#primaryimage\"},\"image\":{\"@id\":\"https:\\\/\\\/www.visitsmaland.se\\\/de\\\/reiseziele\\\/asnen\\\/#primaryimage\"},\"thumbnailUrl\":\"https:\\\/\\\/www.visitsmaland.se\\\/wp-content\\\/uploads\\\/2024\\\/04\\\/HERO-5-scaled.jpg\",\"datePublished\":\"2024-04-12T07:34:59+00:00\",\"dateModified\":\"2026-04-07T07:17:44+00:00\",\"description\":\"Der See \u00c5snen in Sm\u00e5land hat tausende Inseln und 700 km K\u00fcstenlinie, wodurch sich eine einzigartige Seenlandschaft bildet.\",\"breadcrumb\":{\"@id\":\"https:\\\/\\\/www.visitsmaland.se\\\/de\\\/reiseziele\\\/asnen\\\/#breadcrumb\"},\"inLanguage\":\"de\",\"potentialAction\":[{\"@type\":\"ReadAction\",\"target\":[\"https:\\\/\\\/www.visitsmaland.se\\\/de\\\/reiseziele\\\/asnen\\\/\"]}]},{\"@type\":\"ImageObject\",\"inLanguage\":\"de\",\"@id\":\"https:\\\/\\\/www.visitsmaland.se\\\/de\\\/reiseziele\\\/asnen\\\/#primaryimage\",\"url\":\"https:\\\/\\\/www.visitsmaland.se\\\/wp-content\\\/uploads\\\/2024\\\/04\\\/HERO-5-scaled.jpg\",\"contentUrl\":\"https:\\\/\\\/www.visitsmaland.se\\\/wp-content\\\/uploads\\\/2024\\\/04\\\/HERO-5-scaled.jpg\",\"width\":2560,\"height\":1683},{\"@type\":\"BreadcrumbList\",\"@id\":\"https:\\\/\\\/www.visitsmaland.se\\\/de\\\/reiseziele\\\/asnen\\\/#breadcrumb\",\"itemListElement\":[{\"@type\":\"ListItem\",\"position\":1,\"name\":\"Startseite\",\"item\":\"https:\\\/\\\/www.visitsmaland.se\\\/de\\\/\"},{\"@type\":\"ListItem\",\"position\":2,\"name\":\"\u00c5snen\"}]},{\"@type\":\"WebSite\",\"@id\":\"https:\\\/\\\/www.visitsmaland.se\\\/de\\\/#website\",\"url\":\"https:\\\/\\\/www.visitsmaland.se\\\/de\\\/\",\"name\":\"Visit Sm\u00e5land\",\"description\":\"V\u00e4lkommen till Sm\u00e5land\",\"potentialAction\":[{\"@type\":\"SearchAction\",\"target\":{\"@type\":\"EntryPoint\",\"urlTemplate\":\"https:\\\/\\\/www.visitsmaland.se\\\/de\\\/?s={search_term_string}\"},\"query-input\":{\"@type\":\"PropertyValueSpecification\",\"valueRequired\":true,\"valueName\":\"search_term_string\"}}],\"inLanguage\":\"de\"}]}<\/script>\n<!-- \/ Yoast SEO plugin. -->","yoast_head_json":{"title":"\u00c5snen \u2013 Binnensee mit Sch\u00e4renlandschaft | Visit Sm\u00e5land","description":"Der See \u00c5snen in Sm\u00e5land hat tausende Inseln und 700 km K\u00fcstenlinie, wodurch sich eine einzigartige Seenlandschaft bildet.","robots":{"index":"index","follow":"follow","max-snippet":"max-snippet:-1","max-image-preview":"max-image-preview:large","max-video-preview":"max-video-preview:-1"},"canonical":"https:\/\/www.visitsmaland.se\/de\/reiseziele\/asnen\/","og_locale":"de_DE","og_type":"article","og_title":"\u00c5snen \u2013 Binnensee mit Sch\u00e4renlandschaft | Visit Sm\u00e5land","og_description":"Der See \u00c5snen in Sm\u00e5land hat tausende Inseln und 700 km K\u00fcstenlinie, wodurch sich eine einzigartige Seenlandschaft bildet.","og_url":"https:\/\/www.visitsmaland.se\/de\/reiseziele\/asnen\/","og_site_name":"Visit Sm\u00e5land","article_publisher":"https:\/\/www.facebook.com\/visitsmaland\/","article_modified_time":"2026-04-07T07:17:44+00:00","og_image":[{"width":2560,"height":1683,"url":"https:\/\/www.visitsmaland.se\/wp-content\/uploads\/2024\/04\/HERO-5-scaled.jpg","type":"image\/jpeg"}],"twitter_card":"summary_large_image","twitter_misc":{"Gesch\u00e4tzte Lesezeit":"2\u00a0Minuten"},"schema":{"@context":"https:\/\/schema.org","@graph":[{"@type":"WebPage","@id":"https:\/\/www.visitsmaland.se\/de\/reiseziele\/asnen\/","url":"https:\/\/www.visitsmaland.se\/de\/reiseziele\/asnen\/","name":"\u00c5snen \u2013 Binnensee mit Sch\u00e4renlandschaft | Visit Sm\u00e5land","isPartOf":{"@id":"https:\/\/www.visitsmaland.se\/de\/#website"},"primaryImageOfPage":{"@id":"https:\/\/www.visitsmaland.se\/de\/reiseziele\/asnen\/#primaryimage"},"image":{"@id":"https:\/\/www.visitsmaland.se\/de\/reiseziele\/asnen\/#primaryimage"},"thumbnailUrl":"https:\/\/www.visitsmaland.se\/wp-content\/uploads\/2024\/04\/HERO-5-scaled.jpg","datePublished":"2024-04-12T07:34:59+00:00","dateModified":"2026-04-07T07:17:44+00:00","description":"Der See \u00c5snen in Sm\u00e5land hat tausende Inseln und 700 km K\u00fcstenlinie, wodurch sich eine einzigartige Seenlandschaft bildet.","breadcrumb":{"@id":"https:\/\/www.visitsmaland.se\/de\/reiseziele\/asnen\/#breadcrumb"},"inLanguage":"de","potentialAction":[{"@type":"ReadAction","target":["https:\/\/www.visitsmaland.se\/de\/reiseziele\/asnen\/"]}]},{"@type":"ImageObject","inLanguage":"de","@id":"https:\/\/www.visitsmaland.se\/de\/reiseziele\/asnen\/#primaryimage","url":"https:\/\/www.visitsmaland.se\/wp-content\/uploads\/2024\/04\/HERO-5-scaled.jpg","contentUrl":"https:\/\/www.visitsmaland.se\/wp-content\/uploads\/2024\/04\/HERO-5-scaled.jpg","width":2560,"height":1683},{"@type":"BreadcrumbList","@id":"https:\/\/www.visitsmaland.se\/de\/reiseziele\/asnen\/#breadcrumb","itemListElement":[{"@type":"ListItem","position":1,"name":"Startseite","item":"https:\/\/www.visitsmaland.se\/de\/"},{"@type":"ListItem","position":2,"name":"\u00c5snen"}]},{"@type":"WebSite","@id":"https:\/\/www.visitsmaland.se\/de\/#website","url":"https:\/\/www.visitsmaland.se\/de\/","name":"Visit Sm\u00e5land","description":"V\u00e4lkommen till Sm\u00e5land","potentialAction":[{"@type":"SearchAction","target":{"@type":"EntryPoint","urlTemplate":"https:\/\/www.visitsmaland.se\/de\/?s={search_term_string}"},"query-input":{"@type":"PropertyValueSpecification","valueRequired":true,"valueName":"search_term_string"}}],"inLanguage":"de"}]}},"_links":{"self":[{"href":"https:\/\/www.visitsmaland.se\/de\/wp-json\/wp\/v2\/destination\/43579","targetHints":{"allow":["GET"]}}],"collection":[{"href":"https:\/\/www.visitsmaland.se\/de\/wp-json\/wp\/v2\/destination"}],"about":[{"href":"https:\/\/www.visitsmaland.se\/de\/wp-json\/wp\/v2\/types\/destination"}],"wp:featuredmedia":[{"embeddable":true,"href":"https:\/\/www.visitsmaland.se\/de\/wp-json\/wp\/v2\/media\/36894"}],"wp:attachment":[{"href":"https:\/\/www.visitsmaland.se\/de\/wp-json\/wp\/v2\/media?parent=43579"}],"wp:term":[{"taxonomy":"region","embeddable":true,"href":"https:\/\/www.visitsmaland.se\/de\/wp-json\/wp\/v2\/region?post=43579"}],"curies":[{"name":"wp","href":"https:\/\/api.w.org\/{rel}","templated":true}]}}