{"id":33207,"date":"2024-04-09T12:44:45","date_gmt":"2024-04-09T10:44:45","guid":{"rendered":"https:\/\/www.visitsmaland.se\/?post_type=guide&#038;p=33207"},"modified":"2026-03-12T11:23:54","modified_gmt":"2026-03-12T10:23:54","slug":"outdoor-in-vastervik","status":"publish","type":"guide","link":"https:\/\/www.visitsmaland.se\/de\/entdecken\/outdoor-in-vastervik\/","title":{"rendered":"Outdoor im V\u00e4stervik"},"content":{"rendered":"<div class=\"postHerosection postHerosection__wrapper\">\n    <div class=\"postHerosection postHerosection__container\">\n        <h1 class=\"postHerosection postHerosection__heroHeading\">\n            Outdoor in V\u00e4stervik        <\/h1>\n            <\/div>\n    <div class=\"postHerosection postHerosection__imageContainer\">\n        <img loading=\"lazy\" decoding=\"async\" width=\"2000\" height=\"1125\" src=\"https:\/\/www.visitsmaland.se\/wp-content\/uploads\/2024\/04\/david-wall-denhef-digital_kayaking-in-vastervik2.jpg\" class=\"attachment-full size-full\" alt=\"\" srcset=\"https:\/\/www.visitsmaland.se\/wp-content\/uploads\/2024\/04\/david-wall-denhef-digital_kayaking-in-vastervik2.jpg 2000w, https:\/\/www.visitsmaland.se\/wp-content\/uploads\/2024\/04\/david-wall-denhef-digital_kayaking-in-vastervik2-300x169.jpg 300w, https:\/\/www.visitsmaland.se\/wp-content\/uploads\/2024\/04\/david-wall-denhef-digital_kayaking-in-vastervik2-1024x576.jpg 1024w, https:\/\/www.visitsmaland.se\/wp-content\/uploads\/2024\/04\/david-wall-denhef-digital_kayaking-in-vastervik2-768x432.jpg 768w, https:\/\/www.visitsmaland.se\/wp-content\/uploads\/2024\/04\/david-wall-denhef-digital_kayaking-in-vastervik2-1536x864.jpg 1536w\" sizes=\"(max-width: 2000px) 100vw, 2000px\" \/>    <\/div>\n<\/div>\n<div class=\"postHerosection postHerosection__breadcrumbs\">\n   <div class=\"postHerosection postHerosection__breadcrumbs-container\">\n        <p id=\"breadcrumbs\"><span><span><a href=\"https:\/\/www.visitsmaland.se\/de\/\">Startseite<\/a><\/span><\/span><\/p>    <\/div>\n<\/div>\n\n<div class=\"contentCta contentCta__wrapper\">\n    <div class=\"contentCta contentCta__container\">\n                    \t\t\t<div class=\"contentCta contentCta__text\" style=\"color: \">\n\t\t\t\t<p>V\u00e4stervik ist international f\u00fchrend in Sachen Outdoor-Aktivit\u00e4ten. An der K\u00fcste Sm\u00e5lands kannst du frei und kostenlos so viel Seeluft und Meeresduft schnuppern, wie du m\u00f6chtest, und gleichzeitig die Gelegenheit nutzen, ein unvergessliches Abenteuer zu erleben. Willkommen im Sch\u00e4renparadies!<\/p>\n\t\t\t<\/div>\n                <hr>\n            <\/div>\n<\/div>\n\n\n\n<figure class=\"wp-block-gallery has-nested-images columns-default is-cropped wp-block-gallery-2 is-layout-flex wp-block-gallery-is-layout-flex\">\n<figure class=\"wp-block-image size-full\"><img loading=\"lazy\" decoding=\"async\" width=\"4611\" height=\"2593\" data-id=\"67864\" src=\"https:\/\/www.visitsmaland.se\/wp-content\/uploads\/2024\/04\/Linzimda_Sparosund-i-Tjustskargard_2-1.png\" alt=\"\" class=\"wp-image-67864\" srcset=\"https:\/\/www.visitsmaland.se\/wp-content\/uploads\/2024\/04\/Linzimda_Sparosund-i-Tjustskargard_2-1.png 4611w, https:\/\/www.visitsmaland.se\/wp-content\/uploads\/2024\/04\/Linzimda_Sparosund-i-Tjustskargard_2-1-300x169.png 300w, https:\/\/www.visitsmaland.se\/wp-content\/uploads\/2024\/04\/Linzimda_Sparosund-i-Tjustskargard_2-1-1024x576.png 1024w, https:\/\/www.visitsmaland.se\/wp-content\/uploads\/2024\/04\/Linzimda_Sparosund-i-Tjustskargard_2-1-768x432.png 768w, https:\/\/www.visitsmaland.se\/wp-content\/uploads\/2024\/04\/Linzimda_Sparosund-i-Tjustskargard_2-1-1536x864.png 1536w, https:\/\/www.visitsmaland.se\/wp-content\/uploads\/2024\/04\/Linzimda_Sparosund-i-Tjustskargard_2-1-2048x1152.png 2048w\" sizes=\"(max-width: 4611px) 100vw, 4611px\" \/><\/figure>\n\n\n\n<figure class=\"wp-block-image size-large\"><img loading=\"lazy\" decoding=\"async\" width=\"1024\" height=\"767\" data-id=\"35480\" src=\"https:\/\/www.visitsmaland.se\/wp-content\/uploads\/2024\/04\/kajak-vastervik-david-wall-denhef-digital-dji_0151-659832061fc47b23dd0238d38f02dbee-1600x1198-2-1024x767.jpg\" alt=\"\" class=\"wp-image-35480\" srcset=\"https:\/\/www.visitsmaland.se\/wp-content\/uploads\/2024\/04\/kajak-vastervik-david-wall-denhef-digital-dji_0151-659832061fc47b23dd0238d38f02dbee-1600x1198-2-1024x767.jpg 1024w, https:\/\/www.visitsmaland.se\/wp-content\/uploads\/2024\/04\/kajak-vastervik-david-wall-denhef-digital-dji_0151-659832061fc47b23dd0238d38f02dbee-1600x1198-2-300x225.jpg 300w, https:\/\/www.visitsmaland.se\/wp-content\/uploads\/2024\/04\/kajak-vastervik-david-wall-denhef-digital-dji_0151-659832061fc47b23dd0238d38f02dbee-1600x1198-2-768x575.jpg 768w, https:\/\/www.visitsmaland.se\/wp-content\/uploads\/2024\/04\/kajak-vastervik-david-wall-denhef-digital-dji_0151-659832061fc47b23dd0238d38f02dbee-1600x1198-2-1536x1150.jpg 1536w, https:\/\/www.visitsmaland.se\/wp-content\/uploads\/2024\/04\/kajak-vastervik-david-wall-denhef-digital-dji_0151-659832061fc47b23dd0238d38f02dbee-1600x1198-2.jpg 1600w\" sizes=\"(max-width: 1024px) 100vw, 1024px\" \/><\/figure>\n\n\n\n<figure class=\"wp-block-image size-large\"><img loading=\"lazy\" decoding=\"async\" width=\"1024\" height=\"683\" data-id=\"67324\" src=\"https:\/\/www.visitsmaland.se\/wp-content\/uploads\/2024\/04\/Fiske_vastervik-1-1024x683.jpg\" alt=\"\" class=\"wp-image-67324\" srcset=\"https:\/\/www.visitsmaland.se\/wp-content\/uploads\/2024\/04\/Fiske_vastervik-1-1024x683.jpg 1024w, https:\/\/www.visitsmaland.se\/wp-content\/uploads\/2024\/04\/Fiske_vastervik-1-300x200.jpg 300w, https:\/\/www.visitsmaland.se\/wp-content\/uploads\/2024\/04\/Fiske_vastervik-1-768x512.jpg 768w, https:\/\/www.visitsmaland.se\/wp-content\/uploads\/2024\/04\/Fiske_vastervik-1-1536x1024.jpg 1536w, https:\/\/www.visitsmaland.se\/wp-content\/uploads\/2024\/04\/Fiske_vastervik-1-2048x1365.jpg 2048w\" sizes=\"(max-width: 1024px) 100vw, 1024px\" \/><\/figure>\n<\/figure>\n\n\n<div class=\"contentImageTwoColumns contentImageTwoColumns__wrapper\" style=\"background-color: \">\n    <div class=\"contentImageTwoColumns contentImageTwoColumns__container layout-reversed\">\n        <div class=\"contentImageTwoColumns contentImageTwoColumns__contentWrapper\">\n            <h2 class=\"contentImageTwoColumns contentImageTwoColumns__heading\" style=\"color: \">\n                Wandern            <\/h2>\n            <div class=\"contentImageTwoColumns contentImageTwoColumns__text contentImageTwoColumns__text--short\" style=\"color: \">\n                                    <p>V\u00e4stervik bietet eine Vielzahl von Wanderwegen, die sich durch W\u00e4lder, entlang der K\u00fcste und \u00fcber die Sch\u00e4reninseln schl\u00e4ngeln. Ob kurzer Spaziergang oder l\u00e4ngere Wanderung \u2013 es gibt M\u00f6glichkeiten &#8230;                    <button type=\"button\" class=\"contentImageTwoColumns contentImageTwoColumns__readMoreLess\">\n                        Mehr lesen +                    <\/button>\n                            <\/div>\n            <div class=\"contentImageTwoColumns contentImageTwoColumns__text contentImageTwoColumns__text--full\" style=\"color: \">\n                <p>V\u00e4stervik bietet eine Vielzahl von Wanderwegen, die sich durch W\u00e4lder, entlang der K\u00fcste und \u00fcber die Sch\u00e4reninseln schl\u00e4ngeln. Ob kurzer Spaziergang oder l\u00e4ngere Wanderung \u2013 es gibt M\u00f6glichkeiten f\u00fcr jedes Niveau. Einer der bekanntesten Wege ist der Tjustleden, ein etwa 200 km langer Wanderweg, der sich durch die Gemeinde V\u00e4stervik erstreckt. Der Weg ist in mehrere Etappen unterteilt und f\u00fchrt durch abwechslungsreiche Landschaften, von tiefen W\u00e4ldern bis hin zu offenen Feldern. Wer den Sch\u00e4rengarten zu Fu\u00df erkunden m\u00f6chte, findet auf Hassel\u00f6 und Slad\u00f6 wundersch\u00f6ne Wanderwege, die die Inseln \u00fcber eine kleine Holzbr\u00fccke verbinden.<\/p>\n                <button type=\"button\" class=\"contentImageTwoColumns contentImageTwoColumns__readMoreLess\">\n                    Weniger lesen &#8211;                <\/button>\n            <\/div>\n                        <div class=\"wp-block-buttons is-layout-flex wp-block-buttons-is-layout-flex\">\n                <div class=\"wp-block-button \">\n                    <a aria-label=\"Jetzt entdecken\" class=\"wp-block-button__link wp-element-button\" href=\"https:\/\/en.vastervikoutdoor.com\/hiking\/\" style=\"background-color: #fbbd51; color: #000000;border: solid 1px #fbbd51\">\n                        Jetzt entdecken                    <\/a>\n                <\/div>\n            <\/div>\n                                <\/div>\n        <div class=\"contentImageTwoColumns contentImageTwoColumns__imageWrapper\">\n            <img loading=\"lazy\" decoding=\"async\" width=\"1024\" height=\"740\" src=\"https:\/\/www.visitsmaland.se\/wp-content\/uploads\/2024\/04\/IMG_8929-1-1024x740.jpg\" class=\"attachment-grid-card-images size-grid-card-images\" alt=\"\" \/>        <\/div>\n    <\/div>\n<\/div>\n\n\n<div class=\"contentImageTwoColumns contentImageTwoColumns__wrapper\" style=\"background-color: #374632\">\n    <div class=\"contentImageTwoColumns contentImageTwoColumns__container \">\n        <div class=\"contentImageTwoColumns contentImageTwoColumns__contentWrapper\">\n            <h2 class=\"contentImageTwoColumns contentImageTwoColumns__heading\" style=\"color: #ffffff\">\n                Radfahren            <\/h2>\n            <div class=\"contentImageTwoColumns contentImageTwoColumns__text contentImageTwoColumns__text--short\" style=\"color: #ffffff\">\n                                    <p>V\u00e4stervik l\u00e4sst sich wunderbar mit dem Fahrrad oder zu Fu\u00df erkunden. Es gibt Rad- und Wanderwege entlang der K\u00fcste und auf Landstra\u00dfen, je nachdem, was du sehen und entdecken m\u00f6chtest. F\u00fcr Abenteue&#8230;                    <button type=\"button\" class=\"contentImageTwoColumns contentImageTwoColumns__readMoreLess\">\n                        Mehr lesen +                    <\/button>\n                            <\/div>\n            <div class=\"contentImageTwoColumns contentImageTwoColumns__text contentImageTwoColumns__text--full\" style=\"color: #ffffff\">\n                <p>V\u00e4stervik l\u00e4sst sich wunderbar mit dem Fahrrad oder zu Fu\u00df erkunden. Es gibt Rad- und Wanderwege entlang der K\u00fcste und auf Landstra\u00dfen, je nachdem, was du sehen und entdecken m\u00f6chtest. F\u00fcr Abenteuerlustige gibt es eine beliebte Mountainbike-Strecke im Freizeitgebiet Karstorp, etwas au\u00dferhalb des Zentrums von V\u00e4stervik. Wenn du im Urlaub kein eigenes Fahrrad dabei hast, gibt es mehrere Fahrradverleihe.<\/p>\n                <button type=\"button\" class=\"contentImageTwoColumns contentImageTwoColumns__readMoreLess\">\n                    Weniger lesen &#8211;                <\/button>\n            <\/div>\n                        <div class=\"wp-block-buttons is-layout-flex wp-block-buttons-is-layout-flex\">\n                <div class=\"wp-block-button \">\n                    <a aria-label=\"Jetzt entdecken\" class=\"wp-block-button__link wp-element-button\" href=\"https:\/\/en.vastervikoutdoor.com\/biking\/\" style=\"background-color: #f4f2eb; color: #000000;border: solid 1px #f4f2eb\">\n                        Jetzt entdecken                    <\/a>\n                <\/div>\n            <\/div>\n                                <\/div>\n        <div class=\"contentImageTwoColumns contentImageTwoColumns__imageWrapper\">\n            <img loading=\"lazy\" decoding=\"async\" width=\"1024\" height=\"740\" src=\"https:\/\/www.visitsmaland.se\/wp-content\/uploads\/2024\/04\/Hasselo-fotograf-Nathalie-Chavez-191-1024x740.jpg\" class=\"attachment-grid-card-images size-grid-card-images\" alt=\"\" \/>        <\/div>\n    <\/div>\n<\/div>\n\n\n<div class=\"contentImageTwoColumns contentImageTwoColumns__wrapper\" style=\"background-color: #f4f2eb\">\n    <div class=\"contentImageTwoColumns contentImageTwoColumns__container layout-reversed\">\n        <div class=\"contentImageTwoColumns contentImageTwoColumns__contentWrapper\">\n            <h2 class=\"contentImageTwoColumns contentImageTwoColumns__heading\" style=\"color: \">\n                ArkNat Windschutz            <\/h2>\n            <div class=\"contentImageTwoColumns contentImageTwoColumns__text contentImageTwoColumns__text--short\" style=\"color: \">\n                                    <p>In der Gemeinde V\u00e4stervik findest du einzigartige Windschutzh\u00fctten, die von Architekturstudenten im Rahmen des ArkNat-Projekts geschaffen wurden. Diese kunstvollen und nat\u00fcrlichen Schutzh\u00fctten erst&#8230;                    <button type=\"button\" class=\"contentImageTwoColumns contentImageTwoColumns__readMoreLess\">\n                        Mehr lesen +                    <\/button>\n                            <\/div>\n            <div class=\"contentImageTwoColumns contentImageTwoColumns__text contentImageTwoColumns__text--full\" style=\"color: \">\n                <p>In der Gemeinde V\u00e4stervik findest du einzigartige Windschutzh\u00fctten, die von Architekturstudenten im Rahmen des ArkNat-Projekts geschaffen wurden. Diese kunstvollen und nat\u00fcrlichen Schutzh\u00fctten erstrecken sich vom T\u00e4llsj\u00f6n im S\u00fcden bis zum Storsj\u00f6n im Norden und laden zum \u00dcbernachten oder Entspannen inmitten wundersch\u00f6ner Natur ein. Die Windschutzh\u00fctten sind so gestaltet, dass sie sich in die Landschaft einf\u00fcgen und ein besonderes Naturerlebnis bieten.<\/p>\n                <button type=\"button\" class=\"contentImageTwoColumns contentImageTwoColumns__readMoreLess\">\n                    Weniger lesen &#8211;                <\/button>\n            <\/div>\n                        <div class=\"wp-block-buttons is-layout-flex wp-block-buttons-is-layout-flex\">\n                <div class=\"wp-block-button arrow-white\">\n                    <a aria-label=\"Jetzt entdecken\" class=\"wp-block-button__link wp-element-button\" href=\"https:\/\/www.vastervik.com\/arknat\/\" style=\"background-color: #374632; color: #ffffff;border: solid 1px #374632\">\n                        Jetzt entdecken                    <\/a>\n                <\/div>\n            <\/div>\n                                <\/div>\n        <div class=\"contentImageTwoColumns contentImageTwoColumns__imageWrapper\">\n            <img loading=\"lazy\" decoding=\"async\" width=\"1024\" height=\"740\" src=\"https:\/\/www.visitsmaland.se\/wp-content\/uploads\/2024\/04\/24082023-TSO-PANO1-1024x740.jpg\" class=\"attachment-grid-card-images size-grid-card-images\" alt=\"\" \/>        <\/div>\n    <\/div>\n<\/div>\n\n\n<div class=\"contentImageTwoColumns contentImageTwoColumns__wrapper\" style=\"background-color: \">\n    <div class=\"contentImageTwoColumns contentImageTwoColumns__container \">\n        <div class=\"contentImageTwoColumns contentImageTwoColumns__contentWrapper\">\n            <h2 class=\"contentImageTwoColumns contentImageTwoColumns__heading\" style=\"color: \">\n                Klettern            <\/h2>\n            <div class=\"contentImageTwoColumns contentImageTwoColumns__text contentImageTwoColumns__text--short\" style=\"color: \">\n                                    <p>Wenn du gerne kletterst, ist V\u00e4stervik das perfekte Reiseziel f\u00fcr dich. Die Boulderrouten, auf denen du Felsen erklimmst, ziehen die Elite aus aller Welt an, und die Granitfelsen von V\u00e4stervik biet&#8230;                    <button type=\"button\" class=\"contentImageTwoColumns contentImageTwoColumns__readMoreLess\">\n                        Mehr lesen +                    <\/button>\n                            <\/div>\n            <div class=\"contentImageTwoColumns contentImageTwoColumns__text contentImageTwoColumns__text--full\" style=\"color: \">\n                <p>Wenn du gerne kletterst, ist V\u00e4stervik das perfekte Reiseziel f\u00fcr dich. Die Boulderrouten, auf denen du Felsen erklimmst, ziehen die Elite aus aller Welt an, und die Granitfelsen von V\u00e4stervik bieten eines der weltbesten Bouldergebiete f\u00fcr Fortgeschrittene, Anf\u00e4ngerinnen und Anf\u00e4nger. Jedes Jahr zieht das Internationale Bouldertreffen die Weltelite an, aber nat\u00fcrlich gibt es auch gut gesicherte Routen f\u00fcr Neulinge.<\/p>\n                <button type=\"button\" class=\"contentImageTwoColumns contentImageTwoColumns__readMoreLess\">\n                    Weniger lesen &#8211;                <\/button>\n            <\/div>\n                        <div class=\"wp-block-buttons is-layout-flex wp-block-buttons-is-layout-flex\">\n                <div class=\"wp-block-button \">\n                    <a aria-label=\"Jetzt entdecken\" class=\"wp-block-button__link wp-element-button\" href=\"https:\/\/en.vastervikoutdoor.com\/climbing\/\" style=\"background-color: #fbbd51; color: #000000;border: solid 1px #fbbd51\">\n                        Jetzt entdecken                    <\/a>\n                <\/div>\n            <\/div>\n                                <\/div>\n        <div class=\"contentImageTwoColumns contentImageTwoColumns__imageWrapper\">\n            <img loading=\"lazy\" decoding=\"async\" width=\"1024\" height=\"740\" src=\"https:\/\/www.visitsmaland.se\/wp-content\/uploads\/2024\/04\/Visitsmaland-95-1024x740.jpg\" class=\"attachment-grid-card-images size-grid-card-images\" alt=\"\" \/>        <\/div>\n    <\/div>\n<\/div>\n\n\n  \n<div class=\"featuredTwoColumns featuredTwoColumns__wrapper\">\n    <div class=\"featuredTwoColumns featuredTwoColumns__container\">  \n            <div class=\"featuredTwoColumns featuredTwoColumns__feturedWrapper\">\n            <a aria-label=\"Natur &amp; Abenteuer\" href=\"https:\/\/www.visitsmaland.se\/de\/entdecken\/natur-abenteuer-inspiration\/\"class=\"featuredTwoColumns featuredTwoColumns__imageWrapper\">\n                <img loading=\"lazy\" decoding=\"async\" width=\"1024\" height=\"740\" src=\"https:\/\/www.visitsmaland.se\/wp-content\/uploads\/2024\/04\/cykel_vattern_low-1024x740.jpg\" class=\"attachment-grid-card-images size-grid-card-images wp-post-image\" alt=\"\" \/>            <\/a>\n            <div class=\"featuredTwoColumns featuredTwoColumns__contentWrapper\">\n                <h2 class=\"featuredTwoColumns featuredTwoColumns__heading\">\n                    Natur &amp; Abenteuer                <\/h2>\n                <p class=\"featuredTwoColumns featuredTwoColumns__description\">\n                    Erlebe Sm\u00e5lands tiefe W\u00e4lder und glitzernde Seen, w\u2026                <\/p>\n                 \n                 \n                <div class=\"wp-block-buttons is-layout-flex wp-block-buttons-is-layout-flex\">\n                    <div class=\"wp-block-button \">\n                        <a aria-label=\"Natur &amp; Abenteuer\"class=\"wp-block-button__link wp-element-button\" href=\"https:\/\/www.visitsmaland.se\/de\/entdecken\/natur-abenteuer-inspiration\/\">\n                            Entdecke                       \n                         <\/a>\n                    <\/div>\n                <\/div>\n            <\/div>\n        <\/div>\n                <div class=\"featuredTwoColumns featuredTwoColumns__feturedWrapper\">\n            <a aria-label=\"Adler- und Robbensafari\" href=\"https:\/\/www.visitsmaland.se\/de\/entdecken\/adler-und-robbensafari\/\"class=\"featuredTwoColumns featuredTwoColumns__imageWrapper\">\n                <img loading=\"lazy\" decoding=\"async\" width=\"1024\" height=\"740\" src=\"https:\/\/www.visitsmaland.se\/wp-content\/uploads\/2024\/04\/Salsafari-1024x740.jpg\" class=\"attachment-grid-card-images size-grid-card-images wp-post-image\" alt=\"\" \/>            <\/a>\n            <div class=\"featuredTwoColumns featuredTwoColumns__contentWrapper\">\n                <h2 class=\"featuredTwoColumns featuredTwoColumns__heading\">\n                    Adler- und Robbensafari                <\/h2>\n                <p class=\"featuredTwoColumns featuredTwoColumns__description\">\n                    Begleite uns auf einer spannenden Safari in den Sch\u2026                <\/p>\n                 \n                 \n                <div class=\"wp-block-buttons is-layout-flex wp-block-buttons-is-layout-flex\">\n                    <div class=\"wp-block-button \">\n                        <a aria-label=\"Adler- und Robbensafari\"class=\"wp-block-button__link wp-element-button\" href=\"https:\/\/www.visitsmaland.se\/de\/entdecken\/adler-und-robbensafari\/\">\n                            Entdecke                       \n                         <\/a>\n                    <\/div>\n                <\/div>\n            <\/div>\n        <\/div>\n            <\/div>\n<\/div>\n\n\n<div class=\"contentImageTwoColumns contentImageTwoColumns__wrapper\" style=\"background-color: #374632\">\n    <div class=\"contentImageTwoColumns contentImageTwoColumns__container layout-reversed\">\n        <div class=\"contentImageTwoColumns contentImageTwoColumns__contentWrapper\">\n            <h2 class=\"contentImageTwoColumns contentImageTwoColumns__heading\" style=\"color: #ffffff\">\n                Kajak fahren            <\/h2>\n            <div class=\"contentImageTwoColumns contentImageTwoColumns__text contentImageTwoColumns__text--short\" style=\"color: #ffffff\">\n                                    <p>In V\u00e4stervik kannst du sowohl auf dem See als auch im Sch\u00e4rengarten paddeln. Es gibt verschiedene Routen mit unterschiedlichen Schwierigkeitsgraden und unz\u00e4hlige M\u00f6glichkeiten. Eine sch\u00f6ne, etwas \u00fc&#8230;                    <button type=\"button\" class=\"contentImageTwoColumns contentImageTwoColumns__readMoreLess\">\n                        Mehr lesen +                    <\/button>\n                            <\/div>\n            <div class=\"contentImageTwoColumns contentImageTwoColumns__text contentImageTwoColumns__text--full\" style=\"color: #ffffff\">\n                <p>In V\u00e4stervik kannst du sowohl auf dem See als auch im Sch\u00e4rengarten paddeln. Es gibt verschiedene Routen mit unterschiedlichen Schwierigkeitsgraden und unz\u00e4hlige M\u00f6glichkeiten. Eine sch\u00f6ne, etwas \u00fcber 30 Kilometer lange Tour f\u00fchrt dich durch die Seen hinaus zum Meer und durch den Sch\u00e4rengarten nach Gr\u00e4ns\u00f6 Udde. Nach einer Fahrt am \u00c5lsj\u00f6n Richtung Toven gibt es ein Caf\u00e9, ideal f\u00fcr eine Kaffeepause. Dort kannst du deine Energiereserven auff\u00fcllen und anschlie\u00dfend weiter durch Gr\u00f6nv\u00e5llsfj\u00e4rden und Hult\u00f6 paddeln, wo sich das Meer \u00f6ffnet. Die meisten Inselchen und Sch\u00e4ren sind klein und werden nur von Seev\u00f6geln bewohnt.<\/p>\n                <button type=\"button\" class=\"contentImageTwoColumns contentImageTwoColumns__readMoreLess\">\n                    Weniger lesen &#8211;                <\/button>\n            <\/div>\n                        <div class=\"wp-block-buttons is-layout-flex wp-block-buttons-is-layout-flex\">\n                <div class=\"wp-block-button \">\n                    <a aria-label=\"Jetzt entdecken\" class=\"wp-block-button__link wp-element-button\" href=\"https:\/\/en.vastervikoutdoor.com\/kayak\/\" style=\"background-color: #f4f2eb; color: #000000;border: solid 1px #f4f2eb\">\n                        Jetzt entdecken                    <\/a>\n                <\/div>\n            <\/div>\n                                <\/div>\n        <div class=\"contentImageTwoColumns contentImageTwoColumns__imageWrapper\">\n            <img loading=\"lazy\" decoding=\"async\" width=\"1024\" height=\"740\" src=\"https:\/\/www.visitsmaland.se\/wp-content\/uploads\/2024\/04\/W3I7150-1024x740.jpg\" class=\"attachment-grid-card-images size-grid-card-images\" alt=\"\" \/>        <\/div>\n    <\/div>\n<\/div>\n\n\n<div class=\"contentImageTwoColumns contentImageTwoColumns__wrapper\" style=\"background-color: #f4f2eb\">\n    <div class=\"contentImageTwoColumns contentImageTwoColumns__container \">\n        <div class=\"contentImageTwoColumns contentImageTwoColumns__contentWrapper\">\n            <h2 class=\"contentImageTwoColumns contentImageTwoColumns__heading\" style=\"color: \">\n                Bootsfahrt im Archipel            <\/h2>\n            <div class=\"contentImageTwoColumns contentImageTwoColumns__text contentImageTwoColumns__text--short\" style=\"color: \">\n                                    <p>Der Sch\u00e4rengarten hei\u00dft dich mit deinem eigenen Boot willkommen und bietet dir die M\u00f6glichkeit, \u00fcberall anzulegen, solange du die Regeln und Vorschriften einhalten. Falls du kein eigenes Boot besit&#8230;                    <button type=\"button\" class=\"contentImageTwoColumns contentImageTwoColumns__readMoreLess\">\n                        Mehr lesen +                    <\/button>\n                            <\/div>\n            <div class=\"contentImageTwoColumns contentImageTwoColumns__text contentImageTwoColumns__text--full\" style=\"color: \">\n                <p>Der Sch\u00e4rengarten hei\u00dft dich mit deinem eigenen Boot willkommen und bietet dir die M\u00f6glichkeit, \u00fcberall anzulegen, solange du die Regeln und Vorschriften einhalten. Falls du kein eigenes Boot besitzt, kannst du beispielsweise in V\u00e4stervik Segel- oder Motorboote mieten. Am einfachsten erreichst du den Sch\u00e4rengarten mit dem Sch\u00e4renverkehr, der in der Hochsaison die gr\u00f6\u00dferen Inseln im \u00e4u\u00dferen Sch\u00e4rengarten anl\u00e4uft. Bootstaxis oder Postboote sind weitere Optionen, die unabh\u00e4ngig von Wetter, Wind und Jahreszeit verkehren.<\/p>\n                <button type=\"button\" class=\"contentImageTwoColumns contentImageTwoColumns__readMoreLess\">\n                    Weniger lesen &#8211;                <\/button>\n            <\/div>\n                        <div class=\"wp-block-buttons is-layout-flex wp-block-buttons-is-layout-flex\">\n                <div class=\"wp-block-button arrow-white\">\n                    <a aria-label=\"V\u00e4sterviks G\u00e4steh\u00e4fen\" class=\"wp-block-button__link wp-element-button\" href=\"https:\/\/www.vastervik.com\/gasthamnar\/\" style=\"background-color: #374632; color: #ffffff;border: solid 1px #374632\">\n                        V\u00e4sterviks G\u00e4steh\u00e4fen                    <\/a>\n                <\/div>\n            <\/div>\n                                <\/div>\n        <div class=\"contentImageTwoColumns contentImageTwoColumns__imageWrapper\">\n            <img loading=\"lazy\" decoding=\"async\" width=\"1024\" height=\"740\" src=\"https:\/\/www.visitsmaland.se\/wp-content\/uploads\/2024\/04\/vfab_resorten_2024-5-1024x740.jpg\" class=\"attachment-grid-card-images size-grid-card-images\" alt=\"\" \/>        <\/div>\n    <\/div>\n<\/div>\n\n\n  \n<div class=\"featuredTwoColumns featuredTwoColumns__wrapper\">\n    <div class=\"featuredTwoColumns featuredTwoColumns__container\">  \n            <div class=\"featuredTwoColumns featuredTwoColumns__feturedWrapper\">\n            <a aria-label=\"Eine Mahlzeit im Sch\u00e4rengarten von V\u00e4stervik\" href=\"https:\/\/www.visitsmaland.se\/de\/entdecken\/mahlzeit-im-scharengarten-von-vastervik\/\"class=\"featuredTwoColumns featuredTwoColumns__imageWrapper\">\n                <img loading=\"lazy\" decoding=\"async\" width=\"1024\" height=\"740\" src=\"https:\/\/www.visitsmaland.se\/wp-content\/uploads\/2024\/04\/AW3I4655-1024x740.jpg\" class=\"attachment-grid-card-images size-grid-card-images wp-post-image\" alt=\"\" \/>            <\/a>\n            <div class=\"featuredTwoColumns featuredTwoColumns__contentWrapper\">\n                <h2 class=\"featuredTwoColumns featuredTwoColumns__heading\">\n                    Eine Mahlzeit im Sch\u00e4rengarten von V\u00e4stervik                <\/h2>\n                <p class=\"featuredTwoColumns featuredTwoColumns__description\">\n                    Lass es dir schmecken in den Sch\u00e4ren vor V\u00e4stervik:\u2026                <\/p>\n                 \n                 \n                <div class=\"wp-block-buttons is-layout-flex wp-block-buttons-is-layout-flex\">\n                    <div class=\"wp-block-button \">\n                        <a aria-label=\"Eine Mahlzeit im Sch\u00e4rengarten von V\u00e4stervik\"class=\"wp-block-button__link wp-element-button\" href=\"https:\/\/www.visitsmaland.se\/de\/entdecken\/mahlzeit-im-scharengarten-von-vastervik\/\">\n                            Entdecke                       \n                         <\/a>\n                    <\/div>\n                <\/div>\n            <\/div>\n        <\/div>\n                <div class=\"featuredTwoColumns featuredTwoColumns__feturedWrapper\">\n            <a aria-label=\"Sch\u00e4renverkehr\" href=\"https:\/\/www.visitsmaland.se\/de\/entdecken\/schaerenverkehr\/\"class=\"featuredTwoColumns featuredTwoColumns__imageWrapper\">\n                <img loading=\"lazy\" decoding=\"async\" width=\"1024\" height=\"740\" src=\"https:\/\/www.visitsmaland.se\/wp-content\/uploads\/2024\/04\/Ellen-Key-1024x740.jpg\" class=\"attachment-grid-card-images size-grid-card-images wp-post-image\" alt=\"\" \/>            <\/a>\n            <div class=\"featuredTwoColumns featuredTwoColumns__contentWrapper\">\n                <h2 class=\"featuredTwoColumns featuredTwoColumns__heading\">\n                    Sch\u00e4renverkehr                <\/h2>\n                <p class=\"featuredTwoColumns featuredTwoColumns__description\">\n                    Entdecke den wundersch\u00f6nen Tjust\u2011Archipel mit den S\u2026                <\/p>\n                 \n                 \n                <div class=\"wp-block-buttons is-layout-flex wp-block-buttons-is-layout-flex\">\n                    <div class=\"wp-block-button \">\n                        <a aria-label=\"Sch\u00e4renverkehr\"class=\"wp-block-button__link wp-element-button\" href=\"https:\/\/www.visitsmaland.se\/de\/entdecken\/schaerenverkehr\/\">\n                            Entdecke                       \n                         <\/a>\n                    <\/div>\n                <\/div>\n            <\/div>\n        <\/div>\n            <\/div>\n<\/div>\n\n\n<div class=\"contentImageTwoColumns contentImageTwoColumns__wrapper\" style=\"background-color: \">\n    <div class=\"contentImageTwoColumns contentImageTwoColumns__container layout-reversed\">\n        <div class=\"contentImageTwoColumns contentImageTwoColumns__contentWrapper\">\n            <h2 class=\"contentImageTwoColumns contentImageTwoColumns__heading\" style=\"color: \">\n                Sch\u00e4renangeln in V\u00e4stervik            <\/h2>\n            <div class=\"contentImageTwoColumns contentImageTwoColumns__text contentImageTwoColumns__text--short\" style=\"color: \">\n                                    <p>Angeln im Sch\u00e4rengarten von V\u00e4stervik bietet eine fantastische Kombination aus malerischer Umgebung und hervorragenden Angelgew\u00e4ssern. Mit \u00fcber 5.000 Inseln, Holmen und Sch\u00e4ren z\u00e4hlt das Gebiet zu &#8230;                    <button type=\"button\" class=\"contentImageTwoColumns contentImageTwoColumns__readMoreLess\">\n                        Mehr lesen +                    <\/button>\n                            <\/div>\n            <div class=\"contentImageTwoColumns contentImageTwoColumns__text contentImageTwoColumns__text--full\" style=\"color: \">\n                <p>Angeln im Sch\u00e4rengarten von V\u00e4stervik bietet eine fantastische Kombination aus malerischer Umgebung und hervorragenden Angelgew\u00e4ssern. Mit \u00fcber 5.000 Inseln, Holmen und Sch\u00e4ren z\u00e4hlt das Gebiet zu den artenreichsten Sch\u00e4ren Schwedens und bietet ideale Bedingungen f\u00fcr das Sportfischen. Hier kannst du das ganze Jahr \u00fcber Hecht, Barsch und Meerforelle fangen.<\/p>\n                <button type=\"button\" class=\"contentImageTwoColumns contentImageTwoColumns__readMoreLess\">\n                    Weniger lesen &#8211;                <\/button>\n            <\/div>\n                        <div class=\"wp-block-buttons is-layout-flex wp-block-buttons-is-layout-flex\">\n                <div class=\"wp-block-button \">\n                    <a aria-label=\"Mehr erfahren\" class=\"wp-block-button__link wp-element-button\" href=\"https:\/\/www.visitsmaland.se\/de\/entdecken\/scharenangeln-in-vastervik\/\" style=\"background-color: #fbbd51; color: #000000;border: solid 1px #fbbd51\">\n                        Mehr erfahren                    <\/a>\n                <\/div>\n            <\/div>\n                                <\/div>\n        <div class=\"contentImageTwoColumns contentImageTwoColumns__imageWrapper\">\n            <img loading=\"lazy\" decoding=\"async\" width=\"1024\" height=\"740\" src=\"https:\/\/www.visitsmaland.se\/wp-content\/uploads\/2024\/04\/fiske_3-1024x740.jpg\" class=\"attachment-grid-card-images size-grid-card-images\" alt=\"\" \/>        <\/div>\n    <\/div>\n<\/div>\n\n\n<div class=\"contentCta contentCta__wrapper\">\n    <div class=\"contentCta contentCta__container\">\n                    \t\t\t<div class=\"contentCta contentCta__text\" style=\"color: \">\n\t\t\t\t<p>Windgepeitschte Sch\u00e4ren, Inseln mit umfassendem Serviceangebot oder sonnenwarme Badeklippen? Du hast die Wahl. Finde dein Sch\u00e4renparadies in V\u00e4stervik!<\/p>\n\t\t\t<\/div>\n                <hr>\n                <div class=\"contentCta contentCta__ctaWrapper\">\n            <div class=\"wp-block-buttons is-layout-flex wp-block-buttons-is-layout-flex\">\n                                                                                            <div class=\"wp-block-button is-style-outline\">\n                    <a aria-label=\"vastervik.com\" class=\"wp-block-button__link wp-element-button\" href=\"https:\/\/www.vastervik.com\/\" style=\"background-color: ; color: \">\n                        vastervik.com                    <\/a>\n                <\/div>\n                            <\/div>\n        <\/div>\n            <\/div>\n<\/div>\n\n\n  \n<div class=\"featuredTwoColumns featuredTwoColumns__wrapper\">\n    <div class=\"featuredTwoColumns featuredTwoColumns__container\">  \n            <div class=\"featuredTwoColumns featuredTwoColumns__feturedWrapper\">\n            <a aria-label=\"Bootsausfl\u00fcge\" href=\"https:\/\/www.visitsmaland.se\/de\/entdecken\/bootsausfluege\/\"class=\"featuredTwoColumns featuredTwoColumns__imageWrapper\">\n                <img loading=\"lazy\" decoding=\"async\" width=\"1024\" height=\"740\" src=\"https:\/\/www.visitsmaland.se\/wp-content\/uploads\/2024\/04\/DAYFOTOGRAFI-ST-BUNNOCHLOVE-0045-1-1024x740.jpg\" class=\"attachment-grid-card-images size-grid-card-images wp-post-image\" alt=\"\" \/>            <\/a>\n            <div class=\"featuredTwoColumns featuredTwoColumns__contentWrapper\">\n                <h2 class=\"featuredTwoColumns featuredTwoColumns__heading\">\n                    Bootsausfl\u00fcge                <\/h2>\n                <p class=\"featuredTwoColumns featuredTwoColumns__description\">\n                    Lass dich \u00fcber Kan\u00e4le schippern, nimm das Linienboo\u2026                <\/p>\n                 \n                 \n                <div class=\"wp-block-buttons is-layout-flex wp-block-buttons-is-layout-flex\">\n                    <div class=\"wp-block-button \">\n                        <a aria-label=\"Bootsausfl\u00fcge\"class=\"wp-block-button__link wp-element-button\" href=\"https:\/\/www.visitsmaland.se\/de\/entdecken\/bootsausfluege\/\">\n                            Entdecke                       \n                         <\/a>\n                    <\/div>\n                <\/div>\n            <\/div>\n        <\/div>\n                <div class=\"featuredTwoColumns featuredTwoColumns__feturedWrapper\">\n            <a aria-label=\"Camping mit der Familie in Sm\u00e5land\" href=\"https:\/\/www.visitsmaland.se\/de\/entdecken\/camping-mit-der-familie-in-smaland\/\"class=\"featuredTwoColumns featuredTwoColumns__imageWrapper\">\n                <img loading=\"lazy\" decoding=\"async\" width=\"1024\" height=\"740\" src=\"https:\/\/www.visitsmaland.se\/wp-content\/uploads\/2025\/04\/Eksjo_camping_6549-1-1024x740.jpg\" class=\"attachment-grid-card-images size-grid-card-images wp-post-image\" alt=\"\" \/>            <\/a>\n            <div class=\"featuredTwoColumns featuredTwoColumns__contentWrapper\">\n                <h2 class=\"featuredTwoColumns featuredTwoColumns__heading\">\n                    Camping mit der Familie in Sm\u00e5land                <\/h2>\n                <p class=\"featuredTwoColumns featuredTwoColumns__description\">\n                    Erlebt Camping mit der Familie in Sm\u00e5land und auf \u00d6\u2026                <\/p>\n                 \n                 \n                <div class=\"wp-block-buttons is-layout-flex wp-block-buttons-is-layout-flex\">\n                    <div class=\"wp-block-button \">\n                        <a aria-label=\"Camping mit der Familie in Sm\u00e5land\"class=\"wp-block-button__link wp-element-button\" href=\"https:\/\/www.visitsmaland.se\/de\/entdecken\/camping-mit-der-familie-in-smaland\/\">\n                            Entdecke                       \n                         <\/a>\n                    <\/div>\n                <\/div>\n            <\/div>\n        <\/div>\n            <\/div>\n<\/div>\n","protected":false},"excerpt":{"rendered":"<p>V\u00e4stervik an der sm\u00e5l\u00e4ndischen K\u00fcste ist ein erstklassiges Reiseziel f\u00fcr alle, die Lust auf Outdooraktivit\u00e4ten haben.<\/p>\n","protected":false},"featured_media":45881,"parent":0,"menu_order":816,"template":"","tags":[],"land":[],"class_list":["post-33207","guide","type-guide","status-publish","has-post-thumbnail","hentry"],"acf":{"priority":""},"yoast_head":"<!-- This site is optimized with the Yoast SEO plugin v27.2 - https:\/\/yoast.com\/product\/yoast-seo-wordpress\/ -->\n<title>Outdoor im V\u00e4stervik | Visit Sm\u00e5land<\/title>\n<meta name=\"description\" content=\"V\u00e4stervik an der sm\u00e5l\u00e4ndischen K\u00fcste ist ein erstklassiges Reiseziel f\u00fcr alle, die Lust auf Outdooraktivit\u00e4ten haben.\" \/>\n<meta name=\"robots\" content=\"index, follow, max-snippet:-1, max-image-preview:large, max-video-preview:-1\" \/>\n<link rel=\"canonical\" href=\"https:\/\/www.visitsmaland.se\/de\/entdecken\/outdoor-in-vastervik\/\" \/>\n<meta property=\"og:locale\" content=\"de_DE\" \/>\n<meta property=\"og:type\" content=\"article\" \/>\n<meta property=\"og:title\" content=\"Outdoor im V\u00e4stervik | Visit Sm\u00e5land\" \/>\n<meta property=\"og:description\" content=\"V\u00e4stervik an der sm\u00e5l\u00e4ndischen K\u00fcste ist ein erstklassiges Reiseziel f\u00fcr alle, die Lust auf Outdooraktivit\u00e4ten haben.\" \/>\n<meta property=\"og:url\" content=\"https:\/\/www.visitsmaland.se\/de\/entdecken\/outdoor-in-vastervik\/\" \/>\n<meta property=\"og:site_name\" content=\"Visit Sm\u00e5land\" \/>\n<meta property=\"article:publisher\" content=\"https:\/\/www.facebook.com\/visitsmaland\/\" \/>\n<meta property=\"article:modified_time\" content=\"2026-03-12T10:23:54+00:00\" \/>\n<meta property=\"og:image\" content=\"https:\/\/www.visitsmaland.se\/wp-content\/uploads\/2024\/04\/kajak-david-wall-denhef-digital-dji_0160-scaled.jpg\" \/>\n\t<meta property=\"og:image:width\" content=\"2560\" \/>\n\t<meta property=\"og:image:height\" content=\"1440\" \/>\n\t<meta property=\"og:image:type\" content=\"image\/jpeg\" \/>\n<meta name=\"twitter:card\" content=\"summary_large_image\" \/>\n<meta name=\"twitter:label1\" content=\"Gesch\u00e4tzte Lesezeit\" \/>\n\t<meta name=\"twitter:data1\" content=\"1\u00a0Minute\" \/>\n<script type=\"application\/ld+json\" class=\"yoast-schema-graph\">{\"@context\":\"https:\/\/schema.org\",\"@graph\":[{\"@type\":\"WebPage\",\"@id\":\"https:\/\/www.visitsmaland.se\/de\/entdecken\/outdoor-in-vastervik\/\",\"url\":\"https:\/\/www.visitsmaland.se\/de\/entdecken\/outdoor-in-vastervik\/\",\"name\":\"Outdoor im V\u00e4stervik | Visit Sm\u00e5land\",\"isPartOf\":{\"@id\":\"https:\/\/www.visitsmaland.se\/de\/#website\"},\"primaryImageOfPage\":{\"@id\":\"https:\/\/www.visitsmaland.se\/de\/entdecken\/outdoor-in-vastervik\/#primaryimage\"},\"image\":{\"@id\":\"https:\/\/www.visitsmaland.se\/de\/entdecken\/outdoor-in-vastervik\/#primaryimage\"},\"thumbnailUrl\":\"https:\/\/www.visitsmaland.se\/wp-content\/uploads\/2024\/04\/kajak-david-wall-denhef-digital-dji_0160-scaled.jpg\",\"datePublished\":\"2024-04-09T10:44:45+00:00\",\"dateModified\":\"2026-03-12T10:23:54+00:00\",\"description\":\"V\u00e4stervik an der sm\u00e5l\u00e4ndischen K\u00fcste ist ein erstklassiges Reiseziel f\u00fcr alle, die Lust auf Outdooraktivit\u00e4ten haben.\",\"breadcrumb\":{\"@id\":\"https:\/\/www.visitsmaland.se\/de\/entdecken\/outdoor-in-vastervik\/#breadcrumb\"},\"inLanguage\":\"de\",\"potentialAction\":[{\"@type\":\"ReadAction\",\"target\":[\"https:\/\/www.visitsmaland.se\/de\/entdecken\/outdoor-in-vastervik\/\"]}]},{\"@type\":\"ImageObject\",\"inLanguage\":\"de\",\"@id\":\"https:\/\/www.visitsmaland.se\/de\/entdecken\/outdoor-in-vastervik\/#primaryimage\",\"url\":\"https:\/\/www.visitsmaland.se\/wp-content\/uploads\/2024\/04\/kajak-david-wall-denhef-digital-dji_0160-scaled.jpg\",\"contentUrl\":\"https:\/\/www.visitsmaland.se\/wp-content\/uploads\/2024\/04\/kajak-david-wall-denhef-digital-dji_0160-scaled.jpg\",\"width\":2560,\"height\":1440},{\"@type\":\"BreadcrumbList\",\"@id\":\"https:\/\/www.visitsmaland.se\/de\/entdecken\/outdoor-in-vastervik\/#breadcrumb\",\"itemListElement\":[{\"@type\":\"ListItem\",\"position\":1,\"name\":\"Startseite\",\"item\":\"https:\/\/www.visitsmaland.se\/de\/\"},{\"@type\":\"ListItem\",\"position\":2,\"name\":\"Outdoor im V\u00e4stervik\"}]},{\"@type\":\"WebSite\",\"@id\":\"https:\/\/www.visitsmaland.se\/de\/#website\",\"url\":\"https:\/\/www.visitsmaland.se\/de\/\",\"name\":\"Visit Sm\u00e5land\",\"description\":\"V\u00e4lkommen till Sm\u00e5land\",\"potentialAction\":[{\"@type\":\"SearchAction\",\"target\":{\"@type\":\"EntryPoint\",\"urlTemplate\":\"https:\/\/www.visitsmaland.se\/de\/?s={search_term_string}\"},\"query-input\":{\"@type\":\"PropertyValueSpecification\",\"valueRequired\":true,\"valueName\":\"search_term_string\"}}],\"inLanguage\":\"de\"}]}<\/script>\n<!-- \/ Yoast SEO plugin. -->","yoast_head_json":{"title":"Outdoor im V\u00e4stervik | Visit Sm\u00e5land","description":"V\u00e4stervik an der sm\u00e5l\u00e4ndischen K\u00fcste ist ein erstklassiges Reiseziel f\u00fcr alle, die Lust auf Outdooraktivit\u00e4ten haben.","robots":{"index":"index","follow":"follow","max-snippet":"max-snippet:-1","max-image-preview":"max-image-preview:large","max-video-preview":"max-video-preview:-1"},"canonical":"https:\/\/www.visitsmaland.se\/de\/entdecken\/outdoor-in-vastervik\/","og_locale":"de_DE","og_type":"article","og_title":"Outdoor im V\u00e4stervik | Visit Sm\u00e5land","og_description":"V\u00e4stervik an der sm\u00e5l\u00e4ndischen K\u00fcste ist ein erstklassiges Reiseziel f\u00fcr alle, die Lust auf Outdooraktivit\u00e4ten haben.","og_url":"https:\/\/www.visitsmaland.se\/de\/entdecken\/outdoor-in-vastervik\/","og_site_name":"Visit Sm\u00e5land","article_publisher":"https:\/\/www.facebook.com\/visitsmaland\/","article_modified_time":"2026-03-12T10:23:54+00:00","og_image":[{"width":2560,"height":1440,"url":"https:\/\/www.visitsmaland.se\/wp-content\/uploads\/2024\/04\/kajak-david-wall-denhef-digital-dji_0160-scaled.jpg","type":"image\/jpeg"}],"twitter_card":"summary_large_image","twitter_misc":{"Gesch\u00e4tzte Lesezeit":"1\u00a0Minute"},"schema":{"@context":"https:\/\/schema.org","@graph":[{"@type":"WebPage","@id":"https:\/\/www.visitsmaland.se\/de\/entdecken\/outdoor-in-vastervik\/","url":"https:\/\/www.visitsmaland.se\/de\/entdecken\/outdoor-in-vastervik\/","name":"Outdoor im V\u00e4stervik | Visit Sm\u00e5land","isPartOf":{"@id":"https:\/\/www.visitsmaland.se\/de\/#website"},"primaryImageOfPage":{"@id":"https:\/\/www.visitsmaland.se\/de\/entdecken\/outdoor-in-vastervik\/#primaryimage"},"image":{"@id":"https:\/\/www.visitsmaland.se\/de\/entdecken\/outdoor-in-vastervik\/#primaryimage"},"thumbnailUrl":"https:\/\/www.visitsmaland.se\/wp-content\/uploads\/2024\/04\/kajak-david-wall-denhef-digital-dji_0160-scaled.jpg","datePublished":"2024-04-09T10:44:45+00:00","dateModified":"2026-03-12T10:23:54+00:00","description":"V\u00e4stervik an der sm\u00e5l\u00e4ndischen K\u00fcste ist ein erstklassiges Reiseziel f\u00fcr alle, die Lust auf Outdooraktivit\u00e4ten haben.","breadcrumb":{"@id":"https:\/\/www.visitsmaland.se\/de\/entdecken\/outdoor-in-vastervik\/#breadcrumb"},"inLanguage":"de","potentialAction":[{"@type":"ReadAction","target":["https:\/\/www.visitsmaland.se\/de\/entdecken\/outdoor-in-vastervik\/"]}]},{"@type":"ImageObject","inLanguage":"de","@id":"https:\/\/www.visitsmaland.se\/de\/entdecken\/outdoor-in-vastervik\/#primaryimage","url":"https:\/\/www.visitsmaland.se\/wp-content\/uploads\/2024\/04\/kajak-david-wall-denhef-digital-dji_0160-scaled.jpg","contentUrl":"https:\/\/www.visitsmaland.se\/wp-content\/uploads\/2024\/04\/kajak-david-wall-denhef-digital-dji_0160-scaled.jpg","width":2560,"height":1440},{"@type":"BreadcrumbList","@id":"https:\/\/www.visitsmaland.se\/de\/entdecken\/outdoor-in-vastervik\/#breadcrumb","itemListElement":[{"@type":"ListItem","position":1,"name":"Startseite","item":"https:\/\/www.visitsmaland.se\/de\/"},{"@type":"ListItem","position":2,"name":"Outdoor im V\u00e4stervik"}]},{"@type":"WebSite","@id":"https:\/\/www.visitsmaland.se\/de\/#website","url":"https:\/\/www.visitsmaland.se\/de\/","name":"Visit Sm\u00e5land","description":"V\u00e4lkommen till Sm\u00e5land","potentialAction":[{"@type":"SearchAction","target":{"@type":"EntryPoint","urlTemplate":"https:\/\/www.visitsmaland.se\/de\/?s={search_term_string}"},"query-input":{"@type":"PropertyValueSpecification","valueRequired":true,"valueName":"search_term_string"}}],"inLanguage":"de"}]}},"_links":{"self":[{"href":"https:\/\/www.visitsmaland.se\/de\/wp-json\/wp\/v2\/guide\/33207","targetHints":{"allow":["GET"]}}],"collection":[{"href":"https:\/\/www.visitsmaland.se\/de\/wp-json\/wp\/v2\/guide"}],"about":[{"href":"https:\/\/www.visitsmaland.se\/de\/wp-json\/wp\/v2\/types\/guide"}],"version-history":[{"count":10,"href":"https:\/\/www.visitsmaland.se\/de\/wp-json\/wp\/v2\/guide\/33207\/revisions"}],"predecessor-version":[{"id":93206,"href":"https:\/\/www.visitsmaland.se\/de\/wp-json\/wp\/v2\/guide\/33207\/revisions\/93206"}],"wp:featuredmedia":[{"embeddable":true,"href":"https:\/\/www.visitsmaland.se\/de\/wp-json\/wp\/v2\/media\/45881"}],"wp:attachment":[{"href":"https:\/\/www.visitsmaland.se\/de\/wp-json\/wp\/v2\/media?parent=33207"}],"wp:term":[{"taxonomy":"post_tag","embeddable":true,"href":"https:\/\/www.visitsmaland.se\/de\/wp-json\/wp\/v2\/tags?post=33207"},{"taxonomy":"land","embeddable":true,"href":"https:\/\/www.visitsmaland.se\/de\/wp-json\/wp\/v2\/land?post=33207"}],"curies":[{"name":"wp","href":"https:\/\/api.w.org\/{rel}","templated":true}]}}