{"id":34060,"date":"2024-04-22T13:39:36","date_gmt":"2024-04-22T11:39:36","guid":{"rendered":"https:\/\/www.visitsmaland.se\/?post_type=guide&#038;p=34060"},"modified":"2025-10-30T16:10:47","modified_gmt":"2025-10-30T15:10:47","slug":"weihnachten-in-smaland","status":"publish","type":"guide","link":"https:\/\/www.visitsmaland.se\/de\/entdecken\/weihnachten-in-smaland\/","title":{"rendered":"Weihnachtsm\u00e4rkte in Sm\u00e5land"},"content":{"rendered":"<div class=\"postHerosection postHerosection__wrapper\">\n    <div class=\"postHerosection postHerosection__container\">\n        <h1 class=\"postHerosection postHerosection__heroHeading\">\n            Weihnachtsm\u00e4rkte in Sm\u00e5land entdecken        <\/h1>\n            <\/div>\n    <div class=\"postHerosection postHerosection__imageContainer\">\n        <img loading=\"lazy\" decoding=\"async\" width=\"2560\" height=\"1707\" src=\"https:\/\/www.visitsmaland.se\/wp-content\/uploads\/2024\/04\/alx_9634-1-scaled.jpg\" class=\"attachment-full size-full\" alt=\"\" srcset=\"https:\/\/www.visitsmaland.se\/wp-content\/uploads\/2024\/04\/alx_9634-1-scaled.jpg 2560w, https:\/\/www.visitsmaland.se\/wp-content\/uploads\/2024\/04\/alx_9634-1-300x200.jpg 300w, https:\/\/www.visitsmaland.se\/wp-content\/uploads\/2024\/04\/alx_9634-1-1024x683.jpg 1024w, https:\/\/www.visitsmaland.se\/wp-content\/uploads\/2024\/04\/alx_9634-1-768x512.jpg 768w, https:\/\/www.visitsmaland.se\/wp-content\/uploads\/2024\/04\/alx_9634-1-1536x1024.jpg 1536w, https:\/\/www.visitsmaland.se\/wp-content\/uploads\/2024\/04\/alx_9634-1-2048x1365.jpg 2048w\" sizes=\"(max-width: 2560px) 100vw, 2560px\" \/>    <\/div>\n<\/div>\n<div class=\"postHerosection postHerosection__breadcrumbs\">\n   <div class=\"postHerosection postHerosection__breadcrumbs-container\">\n        <p id=\"breadcrumbs\"><span><span><a href=\"https:\/\/www.visitsmaland.se\/de\/\">Startseite<\/a><\/span><\/span><\/p>    <\/div>\n<\/div>\n\n<div class=\"contentCta contentCta__wrapper\">\n    <div class=\"contentCta contentCta__container\">\n                    \t\t\t<div class=\"contentCta contentCta__text\" style=\"color: \">\n\t\t\t\t<p>Weihnachtsm\u00e4rkte in Sm\u00e5land und auf \u00d6land sind ganz besondere Orte: Triff den Weihnachtsmann, genie\u00dfe S\u00fc\u00dfigkeiten und Weihnachtsessen aus lokal angebauten Produkten und finde ganz besondere Weihnachtsgeschenke f\u00fcr deine Liebsten. Hier geben wir dir Tipps zu einigen der Weihnachtsm\u00e4rkte in Sm\u00e5land und auf \u00d6land, wo du die perfekte Weihnachtsatmosph\u00e4re genie\u00dfen kannst. Willkommen, die festliche Stimmung mit uns zu erleben!<\/p>\n\t\t\t<\/div>\n                <hr>\n            <\/div>\n<\/div>\n\n\n<div class=\"contentImageTwoColumns contentImageTwoColumns__wrapper\" style=\"background-color: #f4f2eb\">\n    <div class=\"contentImageTwoColumns contentImageTwoColumns__container layout-reversed\">\n        <div class=\"contentImageTwoColumns contentImageTwoColumns__contentWrapper\">\n            <h2 class=\"contentImageTwoColumns contentImageTwoColumns__heading\" style=\"color: #000000\">\n                Weihnacht in Huseby Bruk            <\/h2>\n            <div class=\"contentImageTwoColumns contentImageTwoColumns__text contentImageTwoColumns__text--short\" style=\"color: #000000\">\n                                    <p>Im November besuchen etwa 30.000 Menschen den Weihnachtsmarkt in Huseby Bruk. Die j\u00e4hrliche Weihnachtsmesse kann sich zudem r\u00fchmen, die gr\u00f6\u00dfte in den nordischen L\u00e4ndern zu sein. Jeden Abend werden &#8230;                    <button type=\"button\" class=\"contentImageTwoColumns contentImageTwoColumns__readMoreLess\">\n                        Mehr lesen +                    <\/button>\n                            <\/div>\n            <div class=\"contentImageTwoColumns contentImageTwoColumns__text contentImageTwoColumns__text--full\" style=\"color: #000000\">\n                <p>Im November besuchen etwa 30.000 Menschen den Weihnachtsmarkt in Huseby Bruk. Die j\u00e4hrliche Weihnachtsmesse kann sich zudem r\u00fchmen, die gr\u00f6\u00dfte in den nordischen L\u00e4ndern zu sein. Jeden Abend werden 500 Fackeln und Lichter an 200 Weihnachtsb\u00e4ume entz\u00fcndet und schaffen eine magische Atmosph\u00e4re. Auf dem Markt kannst du Delikatessen von den besten Kleinproduzenten des Landes kosten und einzigartiges Kunsthandwerk von geschickten Kunsthandwerkern und Designern entdecken, das sich perfekt als Weihnachtsgeschenk eignet.<\/p>\n                <button type=\"button\" class=\"contentImageTwoColumns contentImageTwoColumns__readMoreLess\">\n                    Weniger lesen &#8211;                <\/button>\n            <\/div>\n                        <div class=\"wp-block-buttons is-layout-flex wp-block-buttons-is-layout-flex\">\n                <div class=\"wp-block-button arrow-white\">\n                    <a aria-label=\"Jetzt entdecken\" class=\"wp-block-button__link wp-element-button\" href=\"https:\/\/jul.husebybruk.se\/\" style=\"background-color: #374632; color: #ffffff;border: solid 1px #374632\">\n                        Jetzt entdecken                    <\/a>\n                <\/div>\n            <\/div>\n                                <\/div>\n        <div class=\"contentImageTwoColumns contentImageTwoColumns__imageWrapper\">\n            <img loading=\"lazy\" decoding=\"async\" width=\"1024\" height=\"740\" src=\"https:\/\/www.visitsmaland.se\/wp-content\/uploads\/2024\/04\/husebyjul-1024x740.jpg\" class=\"attachment-grid-card-images size-grid-card-images\" alt=\"\" \/>        <\/div>\n    <\/div>\n<\/div>\n\n\n\n<figure class=\"wp-block-gallery has-nested-images columns-default is-cropped wp-block-gallery-2 is-layout-flex wp-block-gallery-is-layout-flex\">\n<figure class=\"wp-block-image size-large\"><img loading=\"lazy\" decoding=\"async\" width=\"1024\" height=\"683\" data-id=\"74706\" src=\"https:\/\/www.visitsmaland.se\/wp-content\/uploads\/2024\/04\/ALX_0649-1024x683.jpg\" alt=\"\" class=\"wp-image-74706\" srcset=\"https:\/\/www.visitsmaland.se\/wp-content\/uploads\/2024\/04\/ALX_0649-1024x683.jpg 1024w, https:\/\/www.visitsmaland.se\/wp-content\/uploads\/2024\/04\/ALX_0649-300x200.jpg 300w, https:\/\/www.visitsmaland.se\/wp-content\/uploads\/2024\/04\/ALX_0649-768x512.jpg 768w, https:\/\/www.visitsmaland.se\/wp-content\/uploads\/2024\/04\/ALX_0649-1536x1024.jpg 1536w, https:\/\/www.visitsmaland.se\/wp-content\/uploads\/2024\/04\/ALX_0649-2048x1365.jpg 2048w\" sizes=\"(max-width: 1024px) 100vw, 1024px\" \/><\/figure>\n\n\n\n<figure class=\"wp-block-image size-large\"><img loading=\"lazy\" decoding=\"async\" width=\"1024\" height=\"683\" data-id=\"74701\" src=\"https:\/\/www.visitsmaland.se\/wp-content\/uploads\/2024\/04\/2-Huseby-Bruk-1024x683.jpg\" alt=\"\" class=\"wp-image-74701\" srcset=\"https:\/\/www.visitsmaland.se\/wp-content\/uploads\/2024\/04\/2-Huseby-Bruk-1024x683.jpg 1024w, https:\/\/www.visitsmaland.se\/wp-content\/uploads\/2024\/04\/2-Huseby-Bruk-300x200.jpg 300w, https:\/\/www.visitsmaland.se\/wp-content\/uploads\/2024\/04\/2-Huseby-Bruk-768x512.jpg 768w, https:\/\/www.visitsmaland.se\/wp-content\/uploads\/2024\/04\/2-Huseby-Bruk-1536x1024.jpg 1536w, https:\/\/www.visitsmaland.se\/wp-content\/uploads\/2024\/04\/2-Huseby-Bruk.jpg 2048w\" sizes=\"(max-width: 1024px) 100vw, 1024px\" \/><\/figure>\n\n\n\n<figure class=\"wp-block-image size-large\"><img loading=\"lazy\" decoding=\"async\" width=\"1024\" height=\"683\" data-id=\"74711\" src=\"https:\/\/www.visitsmaland.se\/wp-content\/uploads\/2024\/04\/ALX_9482-1024x683.jpg\" alt=\"\" class=\"wp-image-74711\" srcset=\"https:\/\/www.visitsmaland.se\/wp-content\/uploads\/2024\/04\/ALX_9482-1024x683.jpg 1024w, https:\/\/www.visitsmaland.se\/wp-content\/uploads\/2024\/04\/ALX_9482-300x200.jpg 300w, https:\/\/www.visitsmaland.se\/wp-content\/uploads\/2024\/04\/ALX_9482-768x512.jpg 768w, https:\/\/www.visitsmaland.se\/wp-content\/uploads\/2024\/04\/ALX_9482-1536x1024.jpg 1536w, https:\/\/www.visitsmaland.se\/wp-content\/uploads\/2024\/04\/ALX_9482-2048x1365.jpg 2048w\" sizes=\"(max-width: 1024px) 100vw, 1024px\" \/><\/figure>\n<\/figure>\n\n\n<div class=\"contentImageTwoColumns contentImageTwoColumns__wrapper\" style=\"background-color: #374632\">\n    <div class=\"contentImageTwoColumns contentImageTwoColumns__container \">\n        <div class=\"contentImageTwoColumns contentImageTwoColumns__contentWrapper\">\n            <h2 class=\"contentImageTwoColumns contentImageTwoColumns__heading\" style=\"color: #ffffff\">\n                Weihnachtsmarkt in Astrid Lindgrens N\u00e4s            <\/h2>\n            <div class=\"contentImageTwoColumns contentImageTwoColumns__text contentImageTwoColumns__text--short\" style=\"color: #ffffff\">\n                                    <p>Kaum jemand hat Weihnachten so m\u00e4rchenhaft beschrieben wie Astrid Lindgren. Ihre Bilder voller Erwartung, sprudelnder Freude und Sch\u00f6nheit sind f\u00fcr immer in unserem Bewusstsein verankert. In Sm\u00e5lan&#8230;                    <button type=\"button\" class=\"contentImageTwoColumns contentImageTwoColumns__readMoreLess\">\n                        Mehr lesen +                    <\/button>\n                            <\/div>\n            <div class=\"contentImageTwoColumns contentImageTwoColumns__text contentImageTwoColumns__text--full\" style=\"color: #ffffff\">\n                <p>Kaum jemand hat Weihnachten so m\u00e4rchenhaft beschrieben wie Astrid Lindgren. Ihre Bilder voller Erwartung, sprudelnder Freude und Sch\u00f6nheit sind f\u00fcr immer in unserem Bewusstsein verankert. In Sm\u00e5land hast du die Chance, die Weihnachtsstimmung in Astrid Lindgrens N\u00e4s zu erleben. Genie\u00dfe einen ganz besonderen Weihnachtsmarkt mit viel Essen, Kunsthandwerk, Handarbeit und anderen sch\u00f6nen Aktivit\u00e4ten.<\/p>\n                <button type=\"button\" class=\"contentImageTwoColumns contentImageTwoColumns__readMoreLess\">\n                    Weniger lesen &#8211;                <\/button>\n            <\/div>\n                        <div class=\"wp-block-buttons is-layout-flex wp-block-buttons-is-layout-flex\">\n                <div class=\"wp-block-button \">\n                    <a aria-label=\"Jetzt entdecken\" class=\"wp-block-button__link wp-element-button\" href=\"https:\/\/astridlindgrensnas.se\/evenemang\/julmarknaden-pa-nas\/\" style=\"background-color: #f4f2eb; color: #000000;border: solid 1px #f4f2eb\">\n                        Jetzt entdecken                    <\/a>\n                <\/div>\n            <\/div>\n                                <\/div>\n        <div class=\"contentImageTwoColumns contentImageTwoColumns__imageWrapper\">\n            <img loading=\"lazy\" decoding=\"async\" width=\"1024\" height=\"740\" src=\"https:\/\/www.visitsmaland.se\/wp-content\/uploads\/2024\/04\/nas-jul-2021-1-av-1-1024x740.jpg\" class=\"attachment-grid-card-images size-grid-card-images\" alt=\"\" \/>        <\/div>\n    <\/div>\n<\/div>\n\n\n<div class=\"contentImageTwoColumns contentImageTwoColumns__wrapper\" style=\"background-color: \">\n    <div class=\"contentImageTwoColumns contentImageTwoColumns__container layout-reversed\">\n        <div class=\"contentImageTwoColumns contentImageTwoColumns__contentWrapper\">\n            <h2 class=\"contentImageTwoColumns contentImageTwoColumns__heading\" style=\"color: \">\n                Weihnachtsmarkt in der Holzstadt Eksj\u00f6            <\/h2>\n            <div class=\"contentImageTwoColumns contentImageTwoColumns__text contentImageTwoColumns__text--short\" style=\"color: \">\n                                    <p>Auf dem Weihnachtsmarkt in Eksj\u00f6 wirst du an einen Markttag von vor 100 Jahren zur\u00fcckversetzt. Rieche den Gl\u00fchwein, lausche dem Klappern der Pferdehufe im Schnee und sieh zu, wie traditionelles Han&#8230;                    <button type=\"button\" class=\"contentImageTwoColumns contentImageTwoColumns__readMoreLess\">\n                        Mehr lesen +                    <\/button>\n                            <\/div>\n            <div class=\"contentImageTwoColumns contentImageTwoColumns__text contentImageTwoColumns__text--full\" style=\"color: \">\n                <p>Auf dem Weihnachtsmarkt in Eksj\u00f6 wirst du an einen Markttag von vor 100 Jahren zur\u00fcckversetzt. Rieche den Gl\u00fchwein, lausche dem Klappern der Pferdehufe im Schnee und sieh zu, wie traditionelles Handwerk ausge\u00fcbt wird. Hier findest du eine gro\u00dfe Auswahl an weihnachtlichen K\u00f6stlichkeiten: Marzipan, Brot, R\u00e4ucherfisch und W\u00fcrste, Pasteten, K\u00e4sekuchen, Schokolade und vieles mehr. Der Weihnachtsmarkt endet mit einer festlichen Feuershow an der Norra \u00c5bron.<\/p>\n                <button type=\"button\" class=\"contentImageTwoColumns contentImageTwoColumns__readMoreLess\">\n                    Weniger lesen &#8211;                <\/button>\n            <\/div>\n                        <div class=\"wp-block-buttons is-layout-flex wp-block-buttons-is-layout-flex\">\n                <div class=\"wp-block-button \">\n                    <a aria-label=\"Jetzt entdecken\" class=\"wp-block-button__link wp-element-button\" href=\"https:\/\/eksjo.se\/kultur-och-fritid\/evenemang\/eksjo-julmarknad\" style=\"background-color: #fbbd51; color: ;border: solid 1px #fbbd51\">\n                        Jetzt entdecken                    <\/a>\n                <\/div>\n            <\/div>\n                                <\/div>\n        <div class=\"contentImageTwoColumns contentImageTwoColumns__imageWrapper\">\n            <img loading=\"lazy\" decoding=\"async\" width=\"1024\" height=\"740\" src=\"https:\/\/www.visitsmaland.se\/wp-content\/uploads\/2024\/04\/IT30235-1-1024x740.jpg\" class=\"attachment-grid-card-images size-grid-card-images\" alt=\"\" \/>        <\/div>\n    <\/div>\n<\/div>\n\n\n\n<figure class=\"wp-block-gallery has-nested-images columns-default is-cropped wp-block-gallery-3 is-layout-flex wp-block-gallery-is-layout-flex\">\n<figure class=\"wp-block-image size-large\"><img loading=\"lazy\" decoding=\"async\" width=\"2560\" height=\"2560\" data-id=\"74746\" src=\"https:\/\/www.visitsmaland.se\/wp-content\/uploads\/2025\/08\/IT30308-1-edited-scaled.jpg\" alt=\"\" class=\"wp-image-74746\" srcset=\"https:\/\/www.visitsmaland.se\/wp-content\/uploads\/2025\/08\/IT30308-1-edited-scaled.jpg 2560w, https:\/\/www.visitsmaland.se\/wp-content\/uploads\/2025\/08\/IT30308-1-edited-300x300.jpg 300w, https:\/\/www.visitsmaland.se\/wp-content\/uploads\/2025\/08\/IT30308-1-edited-1024x1024.jpg 1024w, https:\/\/www.visitsmaland.se\/wp-content\/uploads\/2025\/08\/IT30308-1-edited-150x150.jpg 150w, https:\/\/www.visitsmaland.se\/wp-content\/uploads\/2025\/08\/IT30308-1-edited-768x768.jpg 768w, https:\/\/www.visitsmaland.se\/wp-content\/uploads\/2025\/08\/IT30308-1-edited-1536x1536.jpg 1536w, https:\/\/www.visitsmaland.se\/wp-content\/uploads\/2025\/08\/IT30308-1-edited-2048x2048.jpg 2048w\" sizes=\"(max-width: 2560px) 100vw, 2560px\" \/><\/figure>\n\n\n\n<figure class=\"wp-block-image size-large\"><img loading=\"lazy\" decoding=\"async\" width=\"2560\" height=\"2560\" data-id=\"74741\" src=\"https:\/\/www.visitsmaland.se\/wp-content\/uploads\/2025\/08\/IT30481-edited-scaled.jpg\" alt=\"\" class=\"wp-image-74741\" srcset=\"https:\/\/www.visitsmaland.se\/wp-content\/uploads\/2025\/08\/IT30481-edited-scaled.jpg 2560w, https:\/\/www.visitsmaland.se\/wp-content\/uploads\/2025\/08\/IT30481-edited-300x300.jpg 300w, https:\/\/www.visitsmaland.se\/wp-content\/uploads\/2025\/08\/IT30481-edited-1024x1024.jpg 1024w, https:\/\/www.visitsmaland.se\/wp-content\/uploads\/2025\/08\/IT30481-edited-150x150.jpg 150w, https:\/\/www.visitsmaland.se\/wp-content\/uploads\/2025\/08\/IT30481-edited-768x768.jpg 768w, https:\/\/www.visitsmaland.se\/wp-content\/uploads\/2025\/08\/IT30481-edited-1536x1536.jpg 1536w, https:\/\/www.visitsmaland.se\/wp-content\/uploads\/2025\/08\/IT30481-edited-2048x2048.jpg 2048w\" sizes=\"(max-width: 2560px) 100vw, 2560px\" \/><\/figure>\n\n\n\n<figure class=\"wp-block-image size-large\"><img loading=\"lazy\" decoding=\"async\" width=\"2560\" height=\"2560\" data-id=\"74751\" src=\"https:\/\/www.visitsmaland.se\/wp-content\/uploads\/2025\/08\/IT30432-1-edited-scaled.jpg\" alt=\"\" class=\"wp-image-74751\" srcset=\"https:\/\/www.visitsmaland.se\/wp-content\/uploads\/2025\/08\/IT30432-1-edited-scaled.jpg 2560w, https:\/\/www.visitsmaland.se\/wp-content\/uploads\/2025\/08\/IT30432-1-edited-300x300.jpg 300w, https:\/\/www.visitsmaland.se\/wp-content\/uploads\/2025\/08\/IT30432-1-edited-1024x1024.jpg 1024w, https:\/\/www.visitsmaland.se\/wp-content\/uploads\/2025\/08\/IT30432-1-edited-150x150.jpg 150w, https:\/\/www.visitsmaland.se\/wp-content\/uploads\/2025\/08\/IT30432-1-edited-768x768.jpg 768w, https:\/\/www.visitsmaland.se\/wp-content\/uploads\/2025\/08\/IT30432-1-edited-1536x1536.jpg 1536w, https:\/\/www.visitsmaland.se\/wp-content\/uploads\/2025\/08\/IT30432-1-edited-2048x2048.jpg 2048w\" sizes=\"(max-width: 2560px) 100vw, 2560px\" \/><\/figure>\n<\/figure>\n\n\n<div class=\"contentImageTwoColumns contentImageTwoColumns__wrapper\" style=\"background-color: #f4f2eb\">\n    <div class=\"contentImageTwoColumns contentImageTwoColumns__container \">\n        <div class=\"contentImageTwoColumns contentImageTwoColumns__contentWrapper\">\n            <h2 class=\"contentImageTwoColumns contentImageTwoColumns__heading\" style=\"color: \">\n                Weihnachten in Kosta            <\/h2>\n            <div class=\"contentImageTwoColumns contentImageTwoColumns__text contentImageTwoColumns__text--short\" style=\"color: \">\n                                    <p>Willkommen auf dem Weihnachtsmarkt in Kosta, mitten im sm\u00e5l\u00e4ndischen Glasreich. Sp\u00fcre die Weihnachtsstimmung in der Winterwelt voller Fantasie und Schnee. Probiere den nach Kostas eigenen Rezepten &#8230;                    <button type=\"button\" class=\"contentImageTwoColumns contentImageTwoColumns__readMoreLess\">\n                        Mehr lesen +                    <\/button>\n                            <\/div>\n            <div class=\"contentImageTwoColumns contentImageTwoColumns__text contentImageTwoColumns__text--full\" style=\"color: \">\n                <p>Willkommen auf dem Weihnachtsmarkt in Kosta, mitten im sm\u00e5l\u00e4ndischen Glasreich. Sp\u00fcre die Weihnachtsstimmung in der Winterwelt voller Fantasie und Schnee. Probiere den nach Kostas eigenen Rezepten eingelegten Hering. Wunderbare K\u00fcnstlerauftritte, Lesungen von Autoren und spektakul\u00e4re Glasshows wechseln sich ab, und ein prall gef\u00fclltes Programm garantiert ein erlebnisreiches Weihnachtsfest. Entdecke ein Winterwunderland mit funkelnden Kristallen aus Glas und Eis!<\/p>\n                <button type=\"button\" class=\"contentImageTwoColumns contentImageTwoColumns__readMoreLess\">\n                    Weniger lesen &#8211;                <\/button>\n            <\/div>\n                        <div class=\"wp-block-buttons is-layout-flex wp-block-buttons-is-layout-flex\">\n                <div class=\"wp-block-button arrow-white\">\n                    <a aria-label=\"Jetzt entdecken\" class=\"wp-block-button__link wp-element-button\" href=\"https:\/\/glasriket.se\/events\/jul-i-kosta-2021\/\" style=\"background-color: #374632; color: #ffffff;border: solid 1px #374632\">\n                        Jetzt entdecken                    <\/a>\n                <\/div>\n            <\/div>\n                                <\/div>\n        <div class=\"contentImageTwoColumns contentImageTwoColumns__imageWrapper\">\n            <img loading=\"lazy\" decoding=\"async\" width=\"1024\" height=\"740\" src=\"https:\/\/www.visitsmaland.se\/wp-content\/uploads\/2024\/04\/101126-kostaoutlet_03-1024x740.jpg\" class=\"attachment-grid-card-images size-grid-card-images\" alt=\"\" \/>        <\/div>\n    <\/div>\n<\/div>\n\n\n<div class=\"dynamicContentTwoColumns dynamicContentTwoColumns__wrapper\">\n    <div class=\"dynamicContentTwoColumns dynamicContentTwoColumns__container\">\n                                    <h3 class=\"dynamicContentTwoColumns dynamicContentTwoColumns__heading\">\n                    \u00c5sens by \u2013 Stimmungsvolle Weihnachtsmarkt in historischer Umgebung                <\/h3>\n                                                <div class=\"dynamicContentTwoColumns dynamicContentTwoColumns__imageWrapper\">\n                    <img loading=\"lazy\" decoding=\"async\" width=\"500\" height=\"375\" src=\"https:\/\/www.visitsmaland.se\/wp-content\/uploads\/2025\/08\/Asens_by_julmarknad-0_foto_sanna_halonen-scaled.jpg\" class=\"attachment-500x500 size-500x500\" alt=\"\" srcset=\"https:\/\/www.visitsmaland.se\/wp-content\/uploads\/2025\/08\/Asens_by_julmarknad-0_foto_sanna_halonen-scaled.jpg 2560w, https:\/\/www.visitsmaland.se\/wp-content\/uploads\/2025\/08\/Asens_by_julmarknad-0_foto_sanna_halonen-300x225.jpg 300w, https:\/\/www.visitsmaland.se\/wp-content\/uploads\/2025\/08\/Asens_by_julmarknad-0_foto_sanna_halonen-1024x768.jpg 1024w, https:\/\/www.visitsmaland.se\/wp-content\/uploads\/2025\/08\/Asens_by_julmarknad-0_foto_sanna_halonen-768x576.jpg 768w, https:\/\/www.visitsmaland.se\/wp-content\/uploads\/2025\/08\/Asens_by_julmarknad-0_foto_sanna_halonen-1536x1152.jpg 1536w, https:\/\/www.visitsmaland.se\/wp-content\/uploads\/2025\/08\/Asens_by_julmarknad-0_foto_sanna_halonen-2048x1537.jpg 2048w\" sizes=\"(max-width: 500px) 100vw, 500px\" \/>                <\/div>\n                                                <div class=\"dynamicContentTwoColumns dynamicContentTwoColumns__text\">\n                    <p><p>In einem der sch\u00f6nsten Kulturreservate Schwedens bereitet sich \u00c5sens by auf den Weihnachtsmarkt vor. qSchlendere durch das Dorf und triff Handwerker \u00fcberall. Hier kannst du lokal produzierte Speisen probieren, eine Pferdekutschenfahrt mit Glockenklang unternehmen und stimmungsvolle Weihnachtsmusik genie\u00dfen. Au\u00dferdem kannst du echtes Kunsthandwerk und die sch\u00f6nsten Weihnachtsgeschenke kaufen.<\/p>\n<p>\n                <\/div>\n                                                <div class=\"wp-block-buttons is-layout-flex wp-block-buttons-is-layout-flex\">\n                    <div class=\"wp-block-button\">\n                        <a aria-label=\"Mehr lesen\" class=\"wp-block-button__link wp-element-button dynamicContentTwoColumns dynamicContentTwoColumns__ctaButton\" href=\"https:\/\/asensby.se\/julmarknad\/\">\n                            Jetzt entdecken                        <\/a>\n                    <\/div>\n                <\/div>\n                                                <h3 class=\"dynamicContentTwoColumns dynamicContentTwoColumns__heading\">\n                    Weihnachten im Herrenhaus Rosenlund                <\/h3>\n                                                <div class=\"dynamicContentTwoColumns dynamicContentTwoColumns__imageWrapper\">\n                    <img loading=\"lazy\" decoding=\"async\" width=\"500\" height=\"333\" src=\"https:\/\/www.visitsmaland.se\/wp-content\/uploads\/2024\/04\/rosenlunds-herrgard.jpg\" class=\"attachment-500x500 size-500x500\" alt=\"\" srcset=\"https:\/\/www.visitsmaland.se\/wp-content\/uploads\/2024\/04\/rosenlunds-herrgard.jpg 1800w, https:\/\/www.visitsmaland.se\/wp-content\/uploads\/2024\/04\/rosenlunds-herrgard-300x200.jpg 300w, https:\/\/www.visitsmaland.se\/wp-content\/uploads\/2024\/04\/rosenlunds-herrgard-1024x683.jpg 1024w, https:\/\/www.visitsmaland.se\/wp-content\/uploads\/2024\/04\/rosenlunds-herrgard-768x512.jpg 768w, https:\/\/www.visitsmaland.se\/wp-content\/uploads\/2024\/04\/rosenlunds-herrgard-1536x1024.jpg 1536w\" sizes=\"(max-width: 500px) 100vw, 500px\" \/>                <\/div>\n                                                <div class=\"dynamicContentTwoColumns dynamicContentTwoColumns__text\">\n                    <p><p>Im November verwandelt sich das Herrenhaus Rosenlund in einen funkelnden Weihnachtsmarkt voller sch\u00f6ner Weihnachtsdekorationen, stimmungsvoller Musik und handgemachter Produkte. Im Inneren der Villa kannst du die gem\u00fctliche Weihnachtsstimmung genie\u00dfen, einen Kaffee trinken und festliche Weihnachtstafeln bestaunen.<\/p>\n<p>\n                <\/div>\n                                                <div class=\"wp-block-buttons is-layout-flex wp-block-buttons-is-layout-flex\">\n                    <div class=\"wp-block-button\">\n                        <a aria-label=\"Mehr lesen\" class=\"wp-block-button__link wp-element-button dynamicContentTwoColumns dynamicContentTwoColumns__ctaButton\" href=\"https:\/\/www.jonkoping.se\/fritid-kultur--natur\/friluftsliv-natur-och-parker\/parker\/rosenlunds-herrgard-och-rosarium\/upplev-julen-pa-rosenlunds-herrgard\">\n                            Jetzt entdecken                        <\/a>\n                    <\/div>\n                <\/div>\n                                                <h3 class=\"dynamicContentTwoColumns dynamicContentTwoColumns__heading\">\n                    Traditionelle Weihnachten in Smedbyn                <\/h3>\n                                                <div class=\"dynamicContentTwoColumns dynamicContentTwoColumns__text\">\n                    <p><p>Magische Weihnachtsstimmung herrscht in den kleinen roten H\u00e4uschen und im Husqvarna-Museum. Erlebe einen wirklich altert\u00fcmlichen Weihnachtsmarkt mit Kunsthandwerk und Weihnachtsm\u00e4nnern. W\u00e4hrend der Veranstaltung \u00f6ffnen die H\u00e4uschen ihre T\u00fcren, und du kannst viele sch\u00f6ne Weihnachtsgeschenke kaufen. Nutze die Gelegenheit, auch das Husqvarna-Museum zu besuchen \u2013 eine weltbekannte Industrie, die Huskvarna auf die Landkarte gesetzt hat. Ein Erlebnis f\u00fcr Gro\u00df und Klein mit magischer Weihnachtsatmosph\u00e4re in der Luft.<\/p>\n<p>\n                <\/div>\n                                                <div class=\"wp-block-buttons is-layout-flex wp-block-buttons-is-layout-flex\">\n                    <div class=\"wp-block-button\">\n                        <a aria-label=\"Mehr lesen\" class=\"wp-block-button__link wp-element-button dynamicContentTwoColumns dynamicContentTwoColumns__ctaButton\" href=\"https:\/\/jkpg.com\/en\/experiences\/smedbyn\">\n                            Jetzt entdecken                        <\/a>\n                    <\/div>\n                <\/div>\n                        <\/div>\n<\/div>\n\n\n<div class=\"contentImageTwoColumns contentImageTwoColumns__wrapper\" style=\"background-color: #374632\">\n    <div class=\"contentImageTwoColumns contentImageTwoColumns__container layout-reversed\">\n        <div class=\"contentImageTwoColumns contentImageTwoColumns__contentWrapper\">\n            <h2 class=\"contentImageTwoColumns contentImageTwoColumns__heading\" style=\"color: #ffffff\">\n                Weihnachtsmesse im Schloss Kalmar            <\/h2>\n            <div class=\"contentImageTwoColumns contentImageTwoColumns__text contentImageTwoColumns__text--short\" style=\"color: #ffffff\">\n                                    <p>Der Besuch der Weihnachtsmesse im Schloss Kalmar ist zur Tradition geworden und lockt Besucherinnen und Besucher von nah und fern. Die Weihnachtsmesse im Schloss Kalmar ist eine der stimmungsvollst&#8230;                    <button type=\"button\" class=\"contentImageTwoColumns contentImageTwoColumns__readMoreLess\">\n                        Mehr lesen +                    <\/button>\n                            <\/div>\n            <div class=\"contentImageTwoColumns contentImageTwoColumns__text contentImageTwoColumns__text--full\" style=\"color: #ffffff\">\n                <p>Der Besuch der Weihnachtsmesse im Schloss Kalmar ist zur Tradition geworden und lockt Besucherinnen und Besucher von nah und fern. Die Weihnachtsmesse im Schloss Kalmar ist eine der stimmungsvollsten des Landes und zudem eine der gr\u00f6\u00dften. Viele Aussteller kommen aus der Provinz Kalmar, aber auch der Rest des Landes ist vertreten. W\u00e4hrend der Messetage gibt es zahlreiche zus\u00e4tzliche Aktivit\u00e4ten. H\u00f6re stimmungsvolle Weihnachtsmusik in der Schlosskirche oder besuche verschiedene Auff\u00fchrungen rund um Winter und Weihnachtszeit.<\/p>\n                <button type=\"button\" class=\"contentImageTwoColumns contentImageTwoColumns__readMoreLess\">\n                    Weniger lesen &#8211;                <\/button>\n            <\/div>\n                        <div class=\"wp-block-buttons is-layout-flex wp-block-buttons-is-layout-flex\">\n                <div class=\"wp-block-button \">\n                    <a aria-label=\"Jetzt entdecken\" class=\"wp-block-button__link wp-element-button\" href=\"https:\/\/kalmarslott.se\/evenemang\/julmassa\/\" style=\"background-color: #f4f2eb; color: #000000;border: solid 1px #f4f2eb\">\n                        Jetzt entdecken                    <\/a>\n                <\/div>\n            <\/div>\n                                <\/div>\n        <div class=\"contentImageTwoColumns contentImageTwoColumns__imageWrapper\">\n            <img loading=\"lazy\" decoding=\"async\" width=\"1024\" height=\"740\" src=\"https:\/\/www.visitsmaland.se\/wp-content\/uploads\/2024\/04\/20231202_Humlesol_Kalmar_Slott_Jul_0346-1024x740.jpg\" class=\"attachment-grid-card-images size-grid-card-images\" alt=\"\" \/>        <\/div>\n    <\/div>\n<\/div>\n\n\n<div class=\"contentImageTwoColumns contentImageTwoColumns__wrapper\" style=\"background-color: #ffffff\">\n    <div class=\"contentImageTwoColumns contentImageTwoColumns__container \">\n        <div class=\"contentImageTwoColumns contentImageTwoColumns__contentWrapper\">\n            <h2 class=\"contentImageTwoColumns contentImageTwoColumns__heading\" style=\"color: \">\n                Weihnachten in Himmelsberga            <\/h2>\n            <div class=\"contentImageTwoColumns contentImageTwoColumns__text contentImageTwoColumns__text--short\" style=\"color: \">\n                                    <p>Der Weihnachtsmarkt in Himmelsberga auf \u00d6land lockt mit einer authentischen und stimmungsvollen Umgebung. Hier werden die Besucherinnen und Besucher mit Kunsthandwerk, lokalen Delikatessen und trad&#8230;                    <button type=\"button\" class=\"contentImageTwoColumns contentImageTwoColumns__readMoreLess\">\n                        Mehr lesen +                    <\/button>\n                            <\/div>\n            <div class=\"contentImageTwoColumns contentImageTwoColumns__text contentImageTwoColumns__text--full\" style=\"color: \">\n                <p>Der Weihnachtsmarkt in Himmelsberga auf \u00d6land lockt mit einer authentischen und stimmungsvollen Umgebung. Hier werden die Besucherinnen und Besucher mit Kunsthandwerk, lokalen Delikatessen und traditionellen Weihnachtsgeschm\u00e4ckern empfangen. Hofl\u00e4den und Ausstellungen tragen zu einem lebendigen Kulturerlebnis bei. Es ist ein Ort, an dem die wahre Weihnachtsstimmung zum Leben erwacht.<\/p>\n                <button type=\"button\" class=\"contentImageTwoColumns contentImageTwoColumns__readMoreLess\">\n                    Weniger lesen &#8211;                <\/button>\n            <\/div>\n                        <div class=\"wp-block-buttons is-layout-flex wp-block-buttons-is-layout-flex\">\n                <div class=\"wp-block-button \">\n                    <a aria-label=\"Jetzt entdecken\" class=\"wp-block-button__link wp-element-button\" href=\"https:\/\/olandsmuseum.com\/jul-pa-himmelsberga\/\" style=\"background-color: #fbbd51; color: #000000;border: solid 1px #fbbd51\">\n                        Jetzt entdecken                    <\/a>\n                <\/div>\n            <\/div>\n                                <\/div>\n        <div class=\"contentImageTwoColumns contentImageTwoColumns__imageWrapper\">\n            <img loading=\"lazy\" decoding=\"async\" width=\"1024\" height=\"740\" src=\"https:\/\/www.visitsmaland.se\/wp-content\/uploads\/2024\/04\/Himmelsberga_Julmarknad_2024_Lovisa_Furubo-45-Oland-Co-1024x740.jpg\" class=\"attachment-grid-card-images size-grid-card-images\" alt=\"\" \/>        <\/div>\n    <\/div>\n<\/div>\n\n\n  \n<div class=\"featuredTwoColumns featuredTwoColumns__wrapper\">\n    <div class=\"featuredTwoColumns featuredTwoColumns__container\">  \n            <div class=\"featuredTwoColumns featuredTwoColumns__feturedWrapper\">\n            <a aria-label=\"Weihnachtstraditionen in Sm\u00e5land\" href=\"https:\/\/www.visitsmaland.se\/de\/entdecken\/weihnachtsfeier-in-smaland\/\"class=\"featuredTwoColumns featuredTwoColumns__imageWrapper\">\n                <img loading=\"lazy\" decoding=\"async\" width=\"1024\" height=\"740\" src=\"https:\/\/www.visitsmaland.se\/wp-content\/uploads\/2025\/08\/ALEX3344-1024x740.jpg\" class=\"attachment-grid-card-images size-grid-card-images wp-post-image\" alt=\"\" \/>            <\/a>\n            <div class=\"featuredTwoColumns featuredTwoColumns__contentWrapper\">\n                <h2 class=\"featuredTwoColumns featuredTwoColumns__heading\">\n                    Weihnachtstraditionen in Sm\u00e5land                <\/h2>\n                <p class=\"featuredTwoColumns featuredTwoColumns__description\">\n                    Erlebe die gem\u00fctliche Weihnachtsstimmung in Sm\u00e5land\u2026                <\/p>\n                 \n                 \n                <div class=\"wp-block-buttons is-layout-flex wp-block-buttons-is-layout-flex\">\n                    <div class=\"wp-block-button \">\n                        <a aria-label=\"Weihnachtstraditionen in Sm\u00e5land\"class=\"wp-block-button__link wp-element-button\" href=\"https:\/\/www.visitsmaland.se\/de\/entdecken\/weihnachtsfeier-in-smaland\/\">\n                            Entdecke                       \n                         <\/a>\n                    <\/div>\n                <\/div>\n            <\/div>\n        <\/div>\n                <div class=\"featuredTwoColumns featuredTwoColumns__feturedWrapper\">\n            <a aria-label=\"Weihnachtsbuffet in Sm\u00e5land\" href=\"https:\/\/www.visitsmaland.se\/de\/entdecken\/weihnachtsbuffet-in-smaland\/\"class=\"featuredTwoColumns featuredTwoColumns__imageWrapper\">\n                <img loading=\"lazy\" decoding=\"async\" width=\"1024\" height=\"740\" src=\"https:\/\/www.visitsmaland.se\/wp-content\/uploads\/2025\/08\/Stufvenas-Gastgifveri-Julbord-23-1024x740.jpg\" class=\"attachment-grid-card-images size-grid-card-images wp-post-image\" alt=\"\" \/>            <\/a>\n            <div class=\"featuredTwoColumns featuredTwoColumns__contentWrapper\">\n                <h2 class=\"featuredTwoColumns featuredTwoColumns__heading\">\n                    Weihnachtsbuffet in Sm\u00e5land                <\/h2>\n                <p class=\"featuredTwoColumns featuredTwoColumns__description\">\n                    Weihnachtsbuffets in Sm\u00e5land und auf \u00d6land bieten t\u2026                <\/p>\n                 \n                 \n                <div class=\"wp-block-buttons is-layout-flex wp-block-buttons-is-layout-flex\">\n                    <div class=\"wp-block-button \">\n                        <a aria-label=\"Weihnachtsbuffet in Sm\u00e5land\"class=\"wp-block-button__link wp-element-button\" href=\"https:\/\/www.visitsmaland.se\/de\/entdecken\/weihnachtsbuffet-in-smaland\/\">\n                            Entdecke                       \n                         <\/a>\n                    <\/div>\n                <\/div>\n            <\/div>\n        <\/div>\n            <\/div>\n<\/div>\n","protected":false},"excerpt":{"rendered":"<p>Weihnachtsm\u00e4rkte in Sm\u00e5land und auf \u00d6land sind ganz besondere Orte: Triff den Weihnachtsmann, genie\u00dfe S\u00fc\u00dfigkeiten und Weihnachtsessen aus lokal angebauten Produkten und finde ganz besondere Weihnachtsgeschenke f\u00fcr deine Liebsten. Hier geben wir dir Tipps zu einigen der Weihnachtsm\u00e4rkte in Sm\u00e5land und auf \u00d6land, wo du die perfekte Weihnachtsatmosph\u00e4re genie\u00dfen kannst. Willkommen, die festliche Stimmung mit uns zu erleben!<\/p>\n","protected":false},"featured_media":34000,"parent":0,"menu_order":527,"template":"","tags":[],"land":[],"class_list":["post-34060","guide","type-guide","status-publish","has-post-thumbnail","hentry"],"acf":{"priority":""},"yoast_head":"<!-- This site is optimized with the Yoast SEO plugin v27.2 - https:\/\/yoast.com\/product\/yoast-seo-wordpress\/ -->\n<title>Weihnachten in Sm\u00e5land \u2013 stimmungsvolle Wintertage erleben | Visit Sm\u00e5land<\/title>\n<meta name=\"description\" content=\"Weihnachtsm\u00e4rkte in Sm\u00e5land locken mit S\u00fc\u00dfigkeiten, Weihnachtsessen und Kunsthandwerk. Willkommen, die festliche Stimmung zu erleben!\" \/>\n<meta name=\"robots\" content=\"index, follow, max-snippet:-1, max-image-preview:large, max-video-preview:-1\" \/>\n<link rel=\"canonical\" href=\"https:\/\/www.visitsmaland.se\/de\/entdecken\/weihnachten-in-smaland\/\" \/>\n<meta property=\"og:locale\" content=\"de_DE\" \/>\n<meta property=\"og:type\" content=\"article\" \/>\n<meta property=\"og:title\" content=\"Weihnachten in Sm\u00e5land \u2013 stimmungsvolle Wintertage erleben | Visit Sm\u00e5land\" \/>\n<meta property=\"og:description\" content=\"Weihnachtsm\u00e4rkte in Sm\u00e5land locken mit S\u00fc\u00dfigkeiten, Weihnachtsessen und Kunsthandwerk. Willkommen, die festliche Stimmung zu erleben!\" \/>\n<meta property=\"og:url\" content=\"https:\/\/www.visitsmaland.se\/de\/entdecken\/weihnachten-in-smaland\/\" \/>\n<meta property=\"og:site_name\" content=\"Visit Sm\u00e5land\" \/>\n<meta property=\"article:publisher\" content=\"https:\/\/www.facebook.com\/visitsmaland\/\" \/>\n<meta property=\"article:modified_time\" content=\"2025-10-30T15:10:47+00:00\" \/>\n<meta property=\"og:image\" content=\"https:\/\/www.visitsmaland.se\/wp-content\/uploads\/2024\/04\/alx_9634-1-scaled.jpg\" \/>\n\t<meta property=\"og:image:width\" content=\"2560\" \/>\n\t<meta property=\"og:image:height\" content=\"1707\" \/>\n\t<meta property=\"og:image:type\" content=\"image\/jpeg\" \/>\n<meta name=\"twitter:card\" content=\"summary_large_image\" \/>\n<meta name=\"twitter:label1\" content=\"Gesch\u00e4tzte Lesezeit\" \/>\n\t<meta name=\"twitter:data1\" content=\"7\u00a0Minuten\" \/>\n<script type=\"application\/ld+json\" class=\"yoast-schema-graph\">{\"@context\":\"https:\/\/schema.org\",\"@graph\":[{\"@type\":\"WebPage\",\"@id\":\"https:\/\/www.visitsmaland.se\/de\/entdecken\/weihnachten-in-smaland\/\",\"url\":\"https:\/\/www.visitsmaland.se\/de\/entdecken\/weihnachten-in-smaland\/\",\"name\":\"Weihnachten in Sm\u00e5land \u2013 stimmungsvolle Wintertage erleben | Visit Sm\u00e5land\",\"isPartOf\":{\"@id\":\"https:\/\/www.visitsmaland.se\/de\/#website\"},\"primaryImageOfPage\":{\"@id\":\"https:\/\/www.visitsmaland.se\/de\/entdecken\/weihnachten-in-smaland\/#primaryimage\"},\"image\":{\"@id\":\"https:\/\/www.visitsmaland.se\/de\/entdecken\/weihnachten-in-smaland\/#primaryimage\"},\"thumbnailUrl\":\"https:\/\/www.visitsmaland.se\/wp-content\/uploads\/2024\/04\/alx_9634-1-scaled.jpg\",\"datePublished\":\"2024-04-22T11:39:36+00:00\",\"dateModified\":\"2025-10-30T15:10:47+00:00\",\"description\":\"Weihnachtsm\u00e4rkte in Sm\u00e5land locken mit S\u00fc\u00dfigkeiten, Weihnachtsessen und Kunsthandwerk. Willkommen, die festliche Stimmung zu erleben!\",\"breadcrumb\":{\"@id\":\"https:\/\/www.visitsmaland.se\/de\/entdecken\/weihnachten-in-smaland\/#breadcrumb\"},\"inLanguage\":\"de\",\"potentialAction\":[{\"@type\":\"ReadAction\",\"target\":[\"https:\/\/www.visitsmaland.se\/de\/entdecken\/weihnachten-in-smaland\/\"]}]},{\"@type\":\"ImageObject\",\"inLanguage\":\"de\",\"@id\":\"https:\/\/www.visitsmaland.se\/de\/entdecken\/weihnachten-in-smaland\/#primaryimage\",\"url\":\"https:\/\/www.visitsmaland.se\/wp-content\/uploads\/2024\/04\/alx_9634-1-scaled.jpg\",\"contentUrl\":\"https:\/\/www.visitsmaland.se\/wp-content\/uploads\/2024\/04\/alx_9634-1-scaled.jpg\",\"width\":2560,\"height\":1707},{\"@type\":\"BreadcrumbList\",\"@id\":\"https:\/\/www.visitsmaland.se\/de\/entdecken\/weihnachten-in-smaland\/#breadcrumb\",\"itemListElement\":[{\"@type\":\"ListItem\",\"position\":1,\"name\":\"Startseite\",\"item\":\"https:\/\/www.visitsmaland.se\/de\/\"},{\"@type\":\"ListItem\",\"position\":2,\"name\":\"Weihnachtsm\u00e4rkte in Sm\u00e5land\"}]},{\"@type\":\"WebSite\",\"@id\":\"https:\/\/www.visitsmaland.se\/de\/#website\",\"url\":\"https:\/\/www.visitsmaland.se\/de\/\",\"name\":\"Visit Sm\u00e5land\",\"description\":\"V\u00e4lkommen till Sm\u00e5land\",\"potentialAction\":[{\"@type\":\"SearchAction\",\"target\":{\"@type\":\"EntryPoint\",\"urlTemplate\":\"https:\/\/www.visitsmaland.se\/de\/?s={search_term_string}\"},\"query-input\":{\"@type\":\"PropertyValueSpecification\",\"valueRequired\":true,\"valueName\":\"search_term_string\"}}],\"inLanguage\":\"de\"}]}<\/script>\n<!-- \/ Yoast SEO plugin. -->","yoast_head_json":{"title":"Weihnachten in Sm\u00e5land \u2013 stimmungsvolle Wintertage erleben | Visit Sm\u00e5land","description":"Weihnachtsm\u00e4rkte in Sm\u00e5land locken mit S\u00fc\u00dfigkeiten, Weihnachtsessen und Kunsthandwerk. Willkommen, die festliche Stimmung zu erleben!","robots":{"index":"index","follow":"follow","max-snippet":"max-snippet:-1","max-image-preview":"max-image-preview:large","max-video-preview":"max-video-preview:-1"},"canonical":"https:\/\/www.visitsmaland.se\/de\/entdecken\/weihnachten-in-smaland\/","og_locale":"de_DE","og_type":"article","og_title":"Weihnachten in Sm\u00e5land \u2013 stimmungsvolle Wintertage erleben | Visit Sm\u00e5land","og_description":"Weihnachtsm\u00e4rkte in Sm\u00e5land locken mit S\u00fc\u00dfigkeiten, Weihnachtsessen und Kunsthandwerk. Willkommen, die festliche Stimmung zu erleben!","og_url":"https:\/\/www.visitsmaland.se\/de\/entdecken\/weihnachten-in-smaland\/","og_site_name":"Visit Sm\u00e5land","article_publisher":"https:\/\/www.facebook.com\/visitsmaland\/","article_modified_time":"2025-10-30T15:10:47+00:00","og_image":[{"width":2560,"height":1707,"url":"https:\/\/www.visitsmaland.se\/wp-content\/uploads\/2024\/04\/alx_9634-1-scaled.jpg","type":"image\/jpeg"}],"twitter_card":"summary_large_image","twitter_misc":{"Gesch\u00e4tzte Lesezeit":"7\u00a0Minuten"},"schema":{"@context":"https:\/\/schema.org","@graph":[{"@type":"WebPage","@id":"https:\/\/www.visitsmaland.se\/de\/entdecken\/weihnachten-in-smaland\/","url":"https:\/\/www.visitsmaland.se\/de\/entdecken\/weihnachten-in-smaland\/","name":"Weihnachten in Sm\u00e5land \u2013 stimmungsvolle Wintertage erleben | Visit Sm\u00e5land","isPartOf":{"@id":"https:\/\/www.visitsmaland.se\/de\/#website"},"primaryImageOfPage":{"@id":"https:\/\/www.visitsmaland.se\/de\/entdecken\/weihnachten-in-smaland\/#primaryimage"},"image":{"@id":"https:\/\/www.visitsmaland.se\/de\/entdecken\/weihnachten-in-smaland\/#primaryimage"},"thumbnailUrl":"https:\/\/www.visitsmaland.se\/wp-content\/uploads\/2024\/04\/alx_9634-1-scaled.jpg","datePublished":"2024-04-22T11:39:36+00:00","dateModified":"2025-10-30T15:10:47+00:00","description":"Weihnachtsm\u00e4rkte in Sm\u00e5land locken mit S\u00fc\u00dfigkeiten, Weihnachtsessen und Kunsthandwerk. Willkommen, die festliche Stimmung zu erleben!","breadcrumb":{"@id":"https:\/\/www.visitsmaland.se\/de\/entdecken\/weihnachten-in-smaland\/#breadcrumb"},"inLanguage":"de","potentialAction":[{"@type":"ReadAction","target":["https:\/\/www.visitsmaland.se\/de\/entdecken\/weihnachten-in-smaland\/"]}]},{"@type":"ImageObject","inLanguage":"de","@id":"https:\/\/www.visitsmaland.se\/de\/entdecken\/weihnachten-in-smaland\/#primaryimage","url":"https:\/\/www.visitsmaland.se\/wp-content\/uploads\/2024\/04\/alx_9634-1-scaled.jpg","contentUrl":"https:\/\/www.visitsmaland.se\/wp-content\/uploads\/2024\/04\/alx_9634-1-scaled.jpg","width":2560,"height":1707},{"@type":"BreadcrumbList","@id":"https:\/\/www.visitsmaland.se\/de\/entdecken\/weihnachten-in-smaland\/#breadcrumb","itemListElement":[{"@type":"ListItem","position":1,"name":"Startseite","item":"https:\/\/www.visitsmaland.se\/de\/"},{"@type":"ListItem","position":2,"name":"Weihnachtsm\u00e4rkte in Sm\u00e5land"}]},{"@type":"WebSite","@id":"https:\/\/www.visitsmaland.se\/de\/#website","url":"https:\/\/www.visitsmaland.se\/de\/","name":"Visit Sm\u00e5land","description":"V\u00e4lkommen till Sm\u00e5land","potentialAction":[{"@type":"SearchAction","target":{"@type":"EntryPoint","urlTemplate":"https:\/\/www.visitsmaland.se\/de\/?s={search_term_string}"},"query-input":{"@type":"PropertyValueSpecification","valueRequired":true,"valueName":"search_term_string"}}],"inLanguage":"de"}]}},"_links":{"self":[{"href":"https:\/\/www.visitsmaland.se\/de\/wp-json\/wp\/v2\/guide\/34060","targetHints":{"allow":["GET"]}}],"collection":[{"href":"https:\/\/www.visitsmaland.se\/de\/wp-json\/wp\/v2\/guide"}],"about":[{"href":"https:\/\/www.visitsmaland.se\/de\/wp-json\/wp\/v2\/types\/guide"}],"version-history":[{"count":10,"href":"https:\/\/www.visitsmaland.se\/de\/wp-json\/wp\/v2\/guide\/34060\/revisions"}],"predecessor-version":[{"id":77477,"href":"https:\/\/www.visitsmaland.se\/de\/wp-json\/wp\/v2\/guide\/34060\/revisions\/77477"}],"wp:featuredmedia":[{"embeddable":true,"href":"https:\/\/www.visitsmaland.se\/de\/wp-json\/wp\/v2\/media\/34000"}],"wp:attachment":[{"href":"https:\/\/www.visitsmaland.se\/de\/wp-json\/wp\/v2\/media?parent=34060"}],"wp:term":[{"taxonomy":"post_tag","embeddable":true,"href":"https:\/\/www.visitsmaland.se\/de\/wp-json\/wp\/v2\/tags?post=34060"},{"taxonomy":"land","embeddable":true,"href":"https:\/\/www.visitsmaland.se\/de\/wp-json\/wp\/v2\/land?post=34060"}],"curies":[{"name":"wp","href":"https:\/\/api.w.org\/{rel}","templated":true}]}}