{"id":45426,"date":"2024-04-22T13:39:22","date_gmt":"2024-04-22T11:39:22","guid":{"rendered":"https:\/\/www.visitsmaland.se\/?post_type=guide&#038;p=45426"},"modified":"2026-03-12T10:36:59","modified_gmt":"2026-03-12T09:36:59","slug":"kinder-familie-inspiration","status":"publish","type":"guide","link":"https:\/\/www.visitsmaland.se\/de\/entdecken\/kinder-familie-inspiration\/","title":{"rendered":"Kinder &amp; Familie"},"content":{"rendered":"<div class=\"postHerosection postHerosection__wrapper\">\n    <div class=\"postHerosection postHerosection__container\">\n        <h1 class=\"postHerosection postHerosection__heroHeading\">\n            Erlebnisse f\u00fcr Kinder in Sm\u00e5land        <\/h1>\n            <\/div>\n    <div class=\"postHerosection postHerosection__imageContainer\">\n        <img loading=\"lazy\" decoding=\"async\" width=\"2000\" height=\"1331\" src=\"https:\/\/www.visitsmaland.se\/wp-content\/uploads\/2020\/06\/Smaland_9067.jpg\" class=\"attachment-full size-full\" alt=\"Zwei Kinder spielen im Garten auf einer Schaukel\" srcset=\"https:\/\/www.visitsmaland.se\/wp-content\/uploads\/2020\/06\/Smaland_9067.jpg 2000w, https:\/\/www.visitsmaland.se\/wp-content\/uploads\/2020\/06\/Smaland_9067-300x200.jpg 300w, https:\/\/www.visitsmaland.se\/wp-content\/uploads\/2020\/06\/Smaland_9067-1024x681.jpg 1024w, https:\/\/www.visitsmaland.se\/wp-content\/uploads\/2020\/06\/Smaland_9067-768x511.jpg 768w, https:\/\/www.visitsmaland.se\/wp-content\/uploads\/2020\/06\/Smaland_9067-120x80.jpg 120w, https:\/\/www.visitsmaland.se\/wp-content\/uploads\/2020\/06\/Smaland_9067-1536x1022.jpg 1536w, https:\/\/www.visitsmaland.se\/wp-content\/uploads\/2020\/06\/Smaland_9067-601x400.jpg 601w\" sizes=\"(max-width: 2000px) 100vw, 2000px\" \/>    <\/div>\n<\/div>\n<div class=\"postHerosection postHerosection__breadcrumbs\">\n   <div class=\"postHerosection postHerosection__breadcrumbs-container\">\n        <p id=\"breadcrumbs\"><span><span><a href=\"https:\/\/www.visitsmaland.se\/de\/\">Startseite<\/a><\/span><\/span><\/p>    <\/div>\n<\/div>\n\n<div class=\"contentCta contentCta__wrapper\">\n    <div class=\"contentCta contentCta__container\">\n                    \t\t\t<div class=\"contentCta contentCta__text\" style=\"color: \">\n\t\t\t\t<p>Holzfiguren, schnitzen, ein Abstecher in die Mattisborg, wilde Tiere aus n\u00e4chster N\u00e4he treffen. In Sm\u00e5land gibt es viele aufregende Erlebnisse f\u00fcr Kinder jeden Alters \u2013 sowohl f\u00fcr die Aktiven als auch f\u00fcr die Neugierigen. Wenn eure Familie also Geschichten, die Tierwelt und einen Schuss Adrenalin liebt, dann macht euch auf den Weg!<\/p>\n\t\t\t<\/div>\n                <hr>\n            <\/div>\n<\/div>\n\n\n<div class=\"contentImageTwoColumns contentImageTwoColumns__wrapper\" style=\"background-color: #374632\">\n    <div class=\"contentImageTwoColumns contentImageTwoColumns__container \">\n        <div class=\"contentImageTwoColumns contentImageTwoColumns__contentWrapper\">\n            <h2 class=\"contentImageTwoColumns contentImageTwoColumns__heading\" style=\"color: #ffffff\">\n                Astrid Lindgrens Welt            <\/h2>\n            <div class=\"contentImageTwoColumns contentImageTwoColumns__text contentImageTwoColumns__text--short\" style=\"color: #ffffff\">\n                                    <p>Wenige Kinderbuchautoren sind \u00fcber mehrere Generationen hinweg so beliebt wie Astrid Lindgren. In Vimmerby, der Geburtstadt von Astrid, kannst du in eine Welt eintauchen, die direkt aus ihren B\u00fcche&#8230;                    <button type=\"button\" class=\"contentImageTwoColumns contentImageTwoColumns__readMoreLess\">\n                        Mehr lesen +                    <\/button>\n                            <\/div>\n            <div class=\"contentImageTwoColumns contentImageTwoColumns__text contentImageTwoColumns__text--full\" style=\"color: #ffffff\">\n                <p>Wenige Kinderbuchautoren sind \u00fcber mehrere Generationen hinweg so beliebt wie Astrid Lindgren. In Vimmerby, der Geburtstadt von Astrid, kannst du in eine Welt eintauchen, die direkt aus ihren B\u00fcchern stammt. Im Freizeitpark Astrid Lindgrens V\u00e4rld werden die Geschichten lebendig und du triffst Pippi Langstrumpf, Michel aus L\u00f6nneberga, Karlsson vom Dach und all die anderen Charaktere. Nimm dir Zeit, um zu genie\u00dfen, denn es gibt so viel zu sehen und zu tun, dass es fast unm\u00f6glich ist, alles an einem Tag zu erleben \u2013 zum Gl\u00fcck gibt es direkt neben dem Park das kleine Dorf, ein Ferienresort mit gem\u00fctlichen Unterk\u00fcnften.<\/p>\n                <button type=\"button\" class=\"contentImageTwoColumns contentImageTwoColumns__readMoreLess\">\n                    Weniger lesen &#8211;                <\/button>\n            <\/div>\n                        <div class=\"wp-block-buttons is-layout-flex wp-block-buttons-is-layout-flex\">\n                <div class=\"wp-block-button \">\n                    <a aria-label=\"Jetzt entdecken\" class=\"wp-block-button__link wp-element-button\" href=\"https:\/\/astridlindgrensvarld.se\/de\/\" style=\"background-color: #f4f2eb; color: #000000;border: solid 1px #f4f2eb\">\n                        Jetzt entdecken                    <\/a>\n                <\/div>\n            <\/div>\n                                <\/div>\n        <div class=\"contentImageTwoColumns contentImageTwoColumns__imageWrapper\">\n            <img loading=\"lazy\" decoding=\"async\" width=\"1024\" height=\"740\" src=\"https:\/\/www.visitsmaland.se\/wp-content\/uploads\/2024\/04\/astrid_lindgrens_varld-1024x740.jpg\" class=\"attachment-grid-card-images size-grid-card-images\" alt=\"Pippi Langstrump auf ihrem Pferd vor der Villa Kunterbunt.\" \/>        <\/div>\n    <\/div>\n<\/div>\n\n\n<div class=\"contentImageTwoColumns contentImageTwoColumns__wrapper\" style=\"background-color: #f4f2eb\">\n    <div class=\"contentImageTwoColumns contentImageTwoColumns__container layout-reversed\">\n        <div class=\"contentImageTwoColumns contentImageTwoColumns__contentWrapper\">\n            <h2 class=\"contentImageTwoColumns contentImageTwoColumns__heading\" style=\"color: \">\n                High Chaparral            <\/h2>\n            <div class=\"contentImageTwoColumns contentImageTwoColumns__text contentImageTwoColumns__text--short\" style=\"color: \">\n                                    <p>Wenn der Cowboyhut sitzt, ist es Zeit f\u00fcr einen Besuch im Westernpark High Chaparral im Westen von Sm\u00e5land. Hier wird dein Traum vom Wilden Westen wahr: Lass den Alltag hinter dir gehe hinaus in di&#8230;                    <button type=\"button\" class=\"contentImageTwoColumns contentImageTwoColumns__readMoreLess\">\n                        Mehr lesen +                    <\/button>\n                            <\/div>\n            <div class=\"contentImageTwoColumns contentImageTwoColumns__text contentImageTwoColumns__text--full\" style=\"color: \">\n                <p>Wenn der Cowboyhut sitzt, ist es Zeit f\u00fcr einen Besuch im Westernpark High Chaparral im Westen von Sm\u00e5land. Hier wird dein Traum vom Wilden Westen wahr: Lass den Alltag hinter dir gehe hinaus in die Pr\u00e4rie! High Chaparral, der mehrfach zum besten Freizeitpark des Nordens gek\u00fcrt wurde, bietet sowohl Kindern als auch Erwachsenen ein actiongeladenes Abenteuer in spektakul\u00e4ren Kulissen, die dich ins 19. Jahrhundert der USA zur\u00fcckversetzen. Zahlreiche Cowboys und Banditen treiben sich hier herum und du kannst leicht Legenden wie Zorro, Lucky Luke und Billy the Kid begegnen. In dem interaktiven Themenpark kannst du au\u00dferdem selbst in verschiedene Rollen schl\u00fcpfen und den Wilden Westen hautnah erleben.<\/p>\n                <button type=\"button\" class=\"contentImageTwoColumns contentImageTwoColumns__readMoreLess\">\n                    Weniger lesen &#8211;                <\/button>\n            <\/div>\n                        <div class=\"wp-block-buttons is-layout-flex wp-block-buttons-is-layout-flex\">\n                <div class=\"wp-block-button arrow-white\">\n                    <a aria-label=\"www.highchaparral.se\/en\" class=\"wp-block-button__link wp-element-button\" href=\"https:\/\/www.highchaparral.se\/en\/\" style=\"background-color: #374632; color: #ffffff;border: solid 1px #374632\">\n                        www.highchaparral.se\/en                    <\/a>\n                <\/div>\n            <\/div>\n                                <\/div>\n        <div class=\"contentImageTwoColumns contentImageTwoColumns__imageWrapper\">\n            <img loading=\"lazy\" decoding=\"async\" width=\"1024\" height=\"682\" src=\"https:\/\/www.visitsmaland.se\/wp-content\/uploads\/2020\/06\/WWShow_img023_press.jpg\" class=\"attachment-grid-card-images size-grid-card-images\" alt=\"Mehrere Cowboys bei einer Westernshow im Freizeitpark High Chaparral.\" srcset=\"https:\/\/www.visitsmaland.se\/wp-content\/uploads\/2020\/06\/WWShow_img023_press.jpg 2000w, https:\/\/www.visitsmaland.se\/wp-content\/uploads\/2020\/06\/WWShow_img023_press-300x200.jpg 300w, https:\/\/www.visitsmaland.se\/wp-content\/uploads\/2020\/06\/WWShow_img023_press-1024x682.jpg 1024w, https:\/\/www.visitsmaland.se\/wp-content\/uploads\/2020\/06\/WWShow_img023_press-768x512.jpg 768w, https:\/\/www.visitsmaland.se\/wp-content\/uploads\/2020\/06\/WWShow_img023_press-120x80.jpg 120w, https:\/\/www.visitsmaland.se\/wp-content\/uploads\/2020\/06\/WWShow_img023_press-1536x1024.jpg 1536w, https:\/\/www.visitsmaland.se\/wp-content\/uploads\/2020\/06\/WWShow_img023_press-600x400.jpg 600w\" sizes=\"(max-width: 1024px) 100vw, 1024px\" \/>        <\/div>\n    <\/div>\n<\/div>\n\n\n<div class=\"posttypeCards posttypeCards__wrapper\" style=\"background-color: \">\n    <div class=\"posttypeCards posttypeCards__container\">\n            <div class=\"posttypeCards posttypeCards__cardWrapper\" style=\"background-color: \">\n            <a aria-label=\"IKEA Museum\" href=\"https:\/\/www.visitsmaland.se\/de\/entdecken\/ikea-museum\/\"class=\"posttypeCards posttypeCards__imageWrapper\">\n                <img loading=\"lazy\" decoding=\"async\" width=\"1024\" height=\"740\" src=\"https:\/\/www.visitsmaland.se\/wp-content\/uploads\/2024\/09\/IKEA_PhotoMikaelOlsson-2271-2-1024x740.jpg\" class=\"attachment-grid-card-images size-grid-card-images wp-post-image\" alt=\"\" \/>            <\/a>\n            <div class=\"posttypeCards posttypeCards__contentWrapper\">\n                <h3 class=\"posttypeCards posttypeCards__heading\" style=\"color: #FFFFFF\">\n                    IKEA Museum                <\/h3>\n                <div class=\"wp-block-buttons is-layout-flex wp-block-buttons-is-layout-flex\">\n                    <div class=\"wp-block-button \">\n                        <a aria-label=\"IKEA Museum\"class=\"wp-block-button__link wp-element-button\" href=\"https:\/\/www.visitsmaland.se\/de\/entdecken\/ikea-museum\/\" style=\"background-color: #fbbd51; border: solid 1px #fbbd51\">\n                            Entdecke                        <\/a>\n                    <\/div>\n                <\/div>\n            <\/div>\n        <\/div>\n                <div class=\"posttypeCards posttypeCards__cardWrapper\" style=\"background-color: \">\n            <a aria-label=\"Isaberg Mountain Resort\" href=\"https:\/\/www.visitsmaland.se\/de\/entdecken\/isaberg-mountain-resort\/\"class=\"posttypeCards posttypeCards__imageWrapper\">\n                <img loading=\"lazy\" decoding=\"async\" width=\"1024\" height=\"740\" src=\"https:\/\/www.visitsmaland.se\/wp-content\/uploads\/2024\/04\/isaberg_mtb160609-1651-72fcdb0f9033c1c0fe350d2a2b0fdf0c-1200x800-2-1024x740.jpg\" class=\"attachment-grid-card-images size-grid-card-images wp-post-image\" alt=\"\" \/>            <\/a>\n            <div class=\"posttypeCards posttypeCards__contentWrapper\">\n                <h3 class=\"posttypeCards posttypeCards__heading\" style=\"color: #FFFFFF\">\n                    Isaberg Mountain Resort                <\/h3>\n                <div class=\"wp-block-buttons is-layout-flex wp-block-buttons-is-layout-flex\">\n                    <div class=\"wp-block-button \">\n                        <a aria-label=\"Isaberg Mountain Resort\"class=\"wp-block-button__link wp-element-button\" href=\"https:\/\/www.visitsmaland.se\/de\/entdecken\/isaberg-mountain-resort\/\" style=\"background-color: #fbbd51; border: solid 1px #fbbd51\">\n                            Entdecke                        <\/a>\n                    <\/div>\n                <\/div>\n            <\/div>\n        <\/div>\n                <div class=\"posttypeCards posttypeCards__cardWrapper\" style=\"background-color: \">\n            <a aria-label=\"Schloss Kalmar\" href=\"https:\/\/www.visitsmaland.se\/de\/entdecken\/schloss-kalmar\/\"class=\"posttypeCards posttypeCards__imageWrapper\">\n                <img loading=\"lazy\" decoding=\"async\" width=\"1024\" height=\"740\" src=\"https:\/\/www.visitsmaland.se\/wp-content\/uploads\/2024\/04\/20210704_Humlesol_KS_Solnedga\u2560eng_0118-3-1024x740.jpg\" class=\"attachment-grid-card-images size-grid-card-images wp-post-image\" alt=\"\" \/>            <\/a>\n            <div class=\"posttypeCards posttypeCards__contentWrapper\">\n                <h3 class=\"posttypeCards posttypeCards__heading\" style=\"color: #FFFFFF\">\n                    Schloss Kalmar                <\/h3>\n                <div class=\"wp-block-buttons is-layout-flex wp-block-buttons-is-layout-flex\">\n                    <div class=\"wp-block-button \">\n                        <a aria-label=\"Schloss Kalmar\"class=\"wp-block-button__link wp-element-button\" href=\"https:\/\/www.visitsmaland.se\/de\/entdecken\/schloss-kalmar\/\" style=\"background-color: #fbbd51; border: solid 1px #fbbd51\">\n                            Entdecke                        <\/a>\n                    <\/div>\n                <\/div>\n            <\/div>\n        <\/div>\n                <div class=\"posttypeCards posttypeCards__cardWrapper\" style=\"background-color: \">\n            <a aria-label=\"Das M\u00e4rchenland\" href=\"https:\/\/www.visitsmaland.se\/de\/entdecken\/das-marchenland\/\"class=\"posttypeCards posttypeCards__imageWrapper\">\n                <img loading=\"lazy\" decoding=\"async\" width=\"1024\" height=\"740\" src=\"https:\/\/www.visitsmaland.se\/wp-content\/uploads\/2024\/04\/alex4374-mediumresolution150dpi80-quality-8fe781518f2e9caccb2cc6e8c1abaabb-2000x1333-2-1024x740.jpg\" class=\"attachment-grid-card-images size-grid-card-images wp-post-image\" alt=\"\" \/>            <\/a>\n            <div class=\"posttypeCards posttypeCards__contentWrapper\">\n                <h3 class=\"posttypeCards posttypeCards__heading\" style=\"color: #FFFFFF\">\n                    Das M\u00e4rchenland                <\/h3>\n                <div class=\"wp-block-buttons is-layout-flex wp-block-buttons-is-layout-flex\">\n                    <div class=\"wp-block-button \">\n                        <a aria-label=\"Das M\u00e4rchenland\"class=\"wp-block-button__link wp-element-button\" href=\"https:\/\/www.visitsmaland.se\/de\/entdecken\/das-marchenland\/\" style=\"background-color: #fbbd51; border: solid 1px #fbbd51\">\n                            Entdecke                        <\/a>\n                    <\/div>\n                <\/div>\n            <\/div>\n        <\/div>\n            <\/div>\n<\/div>\n\n\n<h2 class=\"wp-block-heading has-text-align-center\">Erlebnisse f\u00fcr Kinder<\/h2>\n\n\n<div class=\"contentImageTwoColumns contentImageTwoColumns__wrapper\" style=\"background-color: #f4f2eb\">\n    <div class=\"contentImageTwoColumns contentImageTwoColumns__container \">\n        <div class=\"contentImageTwoColumns contentImageTwoColumns__contentWrapper\">\n            <h2 class=\"contentImageTwoColumns contentImageTwoColumns__heading\" style=\"color: \">\n                Filmbyn Sm\u00e5land            <\/h2>\n            <div class=\"contentImageTwoColumns contentImageTwoColumns__text contentImageTwoColumns__text--short\" style=\"color: \">\n                                    <p>Wenn du die Verfilmungen von Astrid Lindgrens B\u00fcchern liebst, solltest du Filmbyn Sm\u00e5land, nur wenige Kilometer au\u00dferhalb von Mariannelund, nicht verpassen \u2013 genau, das Dorf, in dem Emil mit der Su&#8230;                    <button type=\"button\" class=\"contentImageTwoColumns contentImageTwoColumns__readMoreLess\">\n                        Mehr lesen +                    <\/button>\n                            <\/div>\n            <div class=\"contentImageTwoColumns contentImageTwoColumns__text contentImageTwoColumns__text--full\" style=\"color: \">\n                <p>Wenn du die Verfilmungen von Astrid Lindgrens B\u00fcchern liebst, solltest du Filmbyn Sm\u00e5land, nur wenige Kilometer au\u00dferhalb von Mariannelund, nicht verpassen \u2013 genau, das Dorf, in dem Emil mit der Suppensch\u00fcssel auf dem Kopf zum Arzt ging. Im Filmdorf k\u00f6nnt ihr hinter die Kulissen blicken und die magische Welt des Films erkunden. F\u00fcr besonders filmbegeisterte Besucher gibt es auch die M\u00f6glichkeit, die echten Drehorte aus der Umgebung von Vimmerby zu besuchen, darunter Bullerb\u00fc und Katthult.<\/p>\n                <button type=\"button\" class=\"contentImageTwoColumns contentImageTwoColumns__readMoreLess\">\n                    Weniger lesen &#8211;                <\/button>\n            <\/div>\n                        <div class=\"wp-block-buttons is-layout-flex wp-block-buttons-is-layout-flex\">\n                <div class=\"wp-block-button arrow-white\">\n                    <a aria-label=\"Jetzt entdecken\" class=\"wp-block-button__link wp-element-button\" href=\"https:\/\/filmbyn.se\/\" style=\"background-color: #374632; color: #ffffff;border: solid 1px #374632\">\n                        Jetzt entdecken                    <\/a>\n                <\/div>\n            <\/div>\n                                <\/div>\n        <div class=\"contentImageTwoColumns contentImageTwoColumns__imageWrapper\">\n            <img loading=\"lazy\" decoding=\"async\" width=\"1024\" height=\"740\" src=\"https:\/\/www.visitsmaland.se\/wp-content\/uploads\/2024\/04\/filmbynsmaland-1800x1200-48-29-1024x740.jpg\" class=\"attachment-grid-card-images size-grid-card-images\" alt=\"Eine Familie trifft den Kleinen Onkel in den Kulissen des Filmdorfes.\" \/>        <\/div>\n    <\/div>\n<\/div>\n\n\n<div class=\"contentImageTwoColumns contentImageTwoColumns__wrapper\" style=\"background-color: #374632\">\n    <div class=\"contentImageTwoColumns contentImageTwoColumns__container layout-reversed\">\n        <div class=\"contentImageTwoColumns contentImageTwoColumns__contentWrapper\">\n            <h2 class=\"contentImageTwoColumns contentImageTwoColumns__heading\" style=\"color: #ffffff\">\n                Little Rock Lake Zipline            <\/h2>\n            <div class=\"contentImageTwoColumns contentImageTwoColumns__text contentImageTwoColumns__text--short\" style=\"color: #ffffff\">\n                                    <p>Die Little Rock Lake Zipline bietet Action und Natur in einem. Im gr\u00f6\u00dften Ziplinepark Europas kannst du die Baumkronen hautnah erleben, w\u00e4hrend du auf den bis zu 400 Meter langen Seilrutschen entla&#8230;                    <button type=\"button\" class=\"contentImageTwoColumns contentImageTwoColumns__readMoreLess\">\n                        Mehr lesen +                    <\/button>\n                            <\/div>\n            <div class=\"contentImageTwoColumns contentImageTwoColumns__text contentImageTwoColumns__text--full\" style=\"color: #ffffff\">\n                <p>Die Little Rock Lake Zipline bietet Action und Natur in einem. Im gr\u00f6\u00dften Ziplinepark Europas kannst du die Baumkronen hautnah erleben, w\u00e4hrend du auf den bis zu 400 Meter langen Seilrutschen entlang saust, die dir ein Kribbeln im Bauch und eine neue Perspektive auf die Natur bieten. Einige der Rutschen erreichen Geschwindigkeiten von bis zu 50 Kilometern pro Stunde. Trotz des Adrenalins und der Action steht die Sicherheit bei Little Rock Lake Zipline an erster Stelle. Jeder kann dabei sein und Kinder \u00fcber 35 Kilogramm d\u00fcrfen sogar alleine fahren. Gleichzeitig erh\u00e4ltst du viele Informationen \u00fcber die Umgebung und n\u00fctzliche Tipps f\u00fcr unterwegs. Zwei erfahrene Guides begleiten dich w\u00e4hrend deiner Tour durch den Park. <\/p>\n                <button type=\"button\" class=\"contentImageTwoColumns contentImageTwoColumns__readMoreLess\">\n                    Weniger lesen &#8211;                <\/button>\n            <\/div>\n                        <div class=\"wp-block-buttons is-layout-flex wp-block-buttons-is-layout-flex\">\n                <div class=\"wp-block-button \">\n                    <a aria-label=\"Jetzt entdecken\" class=\"wp-block-button__link wp-element-button\" href=\"https:\/\/www.swedenzipline.com\/de\/\" style=\"background-color: #f4f2eb; color: #000000;border: solid 1px #f4f2eb\">\n                        Jetzt entdecken                    <\/a>\n                <\/div>\n            <\/div>\n                                <\/div>\n        <div class=\"contentImageTwoColumns contentImageTwoColumns__imageWrapper\">\n            <img loading=\"lazy\" decoding=\"async\" width=\"1024\" height=\"740\" src=\"https:\/\/www.visitsmaland.se\/wp-content\/uploads\/2024\/04\/little-rock-zipline-9-1024x740.jpg\" class=\"attachment-grid-card-images size-grid-card-images\" alt=\"Eine Person h\u00e4ngt in der Zipline zwischen den Baumkronen.\" \/>        <\/div>\n    <\/div>\n<\/div>\n\n\n<div class=\"posttypeCards posttypeCards__wrapper\" style=\"background-color: \">\n    <div class=\"posttypeCards posttypeCards__container\">\n            <div class=\"posttypeCards posttypeCards__cardWrapper\" style=\"background-color: \">\n            <a aria-label=\"Getn\u00f6 Lake \u00c5snen Resort\" href=\"https:\/\/www.visitsmaland.se\/de\/entdecken\/getno-lake-asnen-resort\/\"class=\"posttypeCards posttypeCards__imageWrapper\">\n                <img loading=\"lazy\" decoding=\"async\" width=\"1024\" height=\"740\" src=\"https:\/\/www.visitsmaland.se\/wp-content\/uploads\/2024\/04\/TD-SWEDEN-GETNO-LAKE-15-1-1024x740.jpg\" class=\"attachment-grid-card-images size-grid-card-images wp-post-image\" alt=\"\" \/>            <\/a>\n            <div class=\"posttypeCards posttypeCards__contentWrapper\">\n                <h3 class=\"posttypeCards posttypeCards__heading\" style=\"color: #FFFFFF\">\n                    Getn\u00f6 Lake \u00c5snen Resort                <\/h3>\n                <div class=\"wp-block-buttons is-layout-flex wp-block-buttons-is-layout-flex\">\n                    <div class=\"wp-block-button \">\n                        <a aria-label=\"Getn\u00f6 Lake \u00c5snen Resort\"class=\"wp-block-button__link wp-element-button\" href=\"https:\/\/www.visitsmaland.se\/de\/entdecken\/getno-lake-asnen-resort\/\" style=\"background-color: #fbbd51; border: solid 1px #fbbd51\">\n                            Entdecke                        <\/a>\n                    <\/div>\n                <\/div>\n            <\/div>\n        <\/div>\n                <div class=\"posttypeCards posttypeCards__cardWrapper\" style=\"background-color: \">\n            <a aria-label=\"\u00c5sens By\" href=\"https:\/\/www.visitsmaland.se\/de\/entdecken\/asens-by\/\"class=\"posttypeCards posttypeCards__imageWrapper\">\n                <img loading=\"lazy\" decoding=\"async\" width=\"1024\" height=\"740\" src=\"https:\/\/www.visitsmaland.se\/wp-content\/uploads\/2025\/01\/FotografEmmaIvarsson_20190924-1-1-1024x740.jpg\" class=\"attachment-grid-card-images size-grid-card-images wp-post-image\" alt=\"\" \/>            <\/a>\n            <div class=\"posttypeCards posttypeCards__contentWrapper\">\n                <h3 class=\"posttypeCards posttypeCards__heading\" style=\"color: #FFFFFF\">\n                    \u00c5sens By                <\/h3>\n                <div class=\"wp-block-buttons is-layout-flex wp-block-buttons-is-layout-flex\">\n                    <div class=\"wp-block-button \">\n                        <a aria-label=\"\u00c5sens By\"class=\"wp-block-button__link wp-element-button\" href=\"https:\/\/www.visitsmaland.se\/de\/entdecken\/asens-by\/\" style=\"background-color: #fbbd51; border: solid 1px #fbbd51\">\n                            Entdecke                        <\/a>\n                    <\/div>\n                <\/div>\n            <\/div>\n        <\/div>\n                <div class=\"posttypeCards posttypeCards__cardWrapper\" style=\"background-color: \">\n            <a aria-label=\"Elche in Sm\u00e5land\" href=\"https:\/\/www.visitsmaland.se\/de\/entdecken\/elche-in-smaland-erleben\/\"class=\"posttypeCards posttypeCards__imageWrapper\">\n                <img loading=\"lazy\" decoding=\"async\" width=\"1024\" height=\"740\" src=\"https:\/\/www.visitsmaland.se\/wp-content\/uploads\/2024\/04\/Algar-spegel-1-e1734685112320-1024x740.jpg\" class=\"attachment-grid-card-images size-grid-card-images wp-post-image\" alt=\"\" \/>            <\/a>\n            <div class=\"posttypeCards posttypeCards__contentWrapper\">\n                <h3 class=\"posttypeCards posttypeCards__heading\" style=\"color: #FFFFFF\">\n                    Elche in Sm\u00e5land                <\/h3>\n                <div class=\"wp-block-buttons is-layout-flex wp-block-buttons-is-layout-flex\">\n                    <div class=\"wp-block-button \">\n                        <a aria-label=\"Elche in Sm\u00e5land\"class=\"wp-block-button__link wp-element-button\" href=\"https:\/\/www.visitsmaland.se\/de\/entdecken\/elche-in-smaland-erleben\/\" style=\"background-color: #fbbd51; border: solid 1px #fbbd51\">\n                            Entdecke                        <\/a>\n                    <\/div>\n                <\/div>\n            <\/div>\n        <\/div>\n                <div class=\"posttypeCards posttypeCards__cardWrapper\" style=\"background-color: \">\n            <a aria-label=\"Camping mit der Familie in Sm\u00e5land\" href=\"https:\/\/www.visitsmaland.se\/de\/entdecken\/camping-mit-der-familie-in-smaland\/\"class=\"posttypeCards posttypeCards__imageWrapper\">\n                <img loading=\"lazy\" decoding=\"async\" width=\"1024\" height=\"740\" src=\"https:\/\/www.visitsmaland.se\/wp-content\/uploads\/2025\/04\/Eksjo_camping_6549-1-1024x740.jpg\" class=\"attachment-grid-card-images size-grid-card-images wp-post-image\" alt=\"\" \/>            <\/a>\n            <div class=\"posttypeCards posttypeCards__contentWrapper\">\n                <h3 class=\"posttypeCards posttypeCards__heading\" style=\"color: #FFFFFF\">\n                    Camping mit der Familie in Sm\u00e5land                <\/h3>\n                <div class=\"wp-block-buttons is-layout-flex wp-block-buttons-is-layout-flex\">\n                    <div class=\"wp-block-button \">\n                        <a aria-label=\"Camping mit der Familie in Sm\u00e5land\"class=\"wp-block-button__link wp-element-button\" href=\"https:\/\/www.visitsmaland.se\/de\/entdecken\/camping-mit-der-familie-in-smaland\/\" style=\"background-color: #fbbd51; border: solid 1px #fbbd51\">\n                            Entdecke                        <\/a>\n                    <\/div>\n                <\/div>\n            <\/div>\n        <\/div>\n            <\/div>\n<\/div>\n\n<div class=\"contentImageTwoColumns contentImageTwoColumns__wrapper\" style=\"background-color: #f4f2eb\">\n    <div class=\"contentImageTwoColumns contentImageTwoColumns__container \">\n        <div class=\"contentImageTwoColumns contentImageTwoColumns__contentWrapper\">\n            <h2 class=\"contentImageTwoColumns contentImageTwoColumns__heading\" style=\"color: #000000\">\n                Der K\u00f6nig des Waldes            <\/h2>\n            <div class=\"contentImageTwoColumns contentImageTwoColumns__text contentImageTwoColumns__text--short\" style=\"color: #000000\">\n                                    <p>Sm\u00e5land bietet eine echte Elchgarantie: Sch\u00e4tzungsweise 30.000 Elche streifen durch unsere W\u00f6lder, und wenn du sie nicht zuf\u00e4llig in der Natur siehst, dann ganz sicher in einem Elchpark.<\/p>\n                            <\/div>\n            <div class=\"contentImageTwoColumns contentImageTwoColumns__text contentImageTwoColumns__text--full\" style=\"color: #000000\">\n                <p>Sm\u00e5land bietet eine echte Elchgarantie: Sch\u00e4tzungsweise 30.000 Elche streifen durch unsere W\u00f6lder, und wenn du sie nicht zuf\u00e4llig in der Natur siehst, dann ganz sicher in einem Elchpark.<\/p>\n                <button type=\"button\" class=\"contentImageTwoColumns contentImageTwoColumns__readMoreLess\">\n                    Weniger lesen &#8211;                <\/button>\n            <\/div>\n                        <div class=\"wp-block-buttons is-layout-flex wp-block-buttons-is-layout-flex\">\n                <div class=\"wp-block-button arrow-white\">\n                    <a aria-label=\"Mehr erfahren\" class=\"wp-block-button__link wp-element-button\" href=\"https:\/\/www.visitsmaland.se\/de\/entdecken\/elche-in-smaland-erleben\/\" style=\"background-color: #374632; color: #ffffff;border: solid 1px #374632\">\n                        Mehr erfahren                    <\/a>\n                <\/div>\n            <\/div>\n                                <\/div>\n        <div class=\"contentImageTwoColumns contentImageTwoColumns__imageWrapper\">\n            <img loading=\"lazy\" decoding=\"async\" width=\"1024\" height=\"740\" src=\"https:\/\/www.visitsmaland.se\/wp-content\/uploads\/2024\/04\/Algar-spegel-1-e1734685112320-1024x740.jpg\" class=\"attachment-grid-card-images size-grid-card-images\" alt=\"\" \/>        <\/div>\n    <\/div>\n<\/div>\n\n\n<div class=\"dynamicContentTwoColumns dynamicContentTwoColumns__wrapper\">\n    <div class=\"dynamicContentTwoColumns dynamicContentTwoColumns__container\">\n                                    <h3 class=\"dynamicContentTwoColumns dynamicContentTwoColumns__heading\">\n                    Entdecke spannende Abenteuer auf \u00d6land                <\/h3>\n                                                <div class=\"dynamicContentTwoColumns dynamicContentTwoColumns__text\">\n                    <p><p>\u00d6land ist voller aufregender Aktivit\u00e4ten f\u00fcr Kinder! Hier findest du alles \u2013 von Tieren und Rittern bis hin zu schnellen Autos und exotischen Kamelen. Au\u00dferdem gibt es viele wundersch\u00f6ne Str\u00e4nde, an denen du schwimmen, Sandburgen bauen und den ganzen Tag spielen kannst. Mach dich bereit f\u00fcr ein unvergessliches Abenteuer!<\/p>\n<p>\n                <\/div>\n                                                <h3 class=\"dynamicContentTwoColumns dynamicContentTwoColumns__heading\">\n                    Seifenkistenland &#8211; L\u00e5dbilslandet                 <\/h3>\n                                                <div class=\"dynamicContentTwoColumns dynamicContentTwoColumns__imageWrapper\">\n                    <img loading=\"lazy\" decoding=\"async\" width=\"500\" height=\"334\" src=\"https:\/\/www.visitsmaland.se\/wp-content\/uploads\/2024\/04\/Oland-Ladbilslandet-UpZoneStudios2019-4-OlandCo--scaled.jpg\" class=\"attachment-500x500 size-500x500\" alt=\"\" srcset=\"https:\/\/www.visitsmaland.se\/wp-content\/uploads\/2024\/04\/Oland-Ladbilslandet-UpZoneStudios2019-4-OlandCo--scaled.jpg 2560w, https:\/\/www.visitsmaland.se\/wp-content\/uploads\/2024\/04\/Oland-Ladbilslandet-UpZoneStudios2019-4-OlandCo--300x200.jpg 300w, https:\/\/www.visitsmaland.se\/wp-content\/uploads\/2024\/04\/Oland-Ladbilslandet-UpZoneStudios2019-4-OlandCo--1024x683.jpg 1024w, https:\/\/www.visitsmaland.se\/wp-content\/uploads\/2024\/04\/Oland-Ladbilslandet-UpZoneStudios2019-4-OlandCo--768x512.jpg 768w, https:\/\/www.visitsmaland.se\/wp-content\/uploads\/2024\/04\/Oland-Ladbilslandet-UpZoneStudios2019-4-OlandCo--1536x1025.jpg 1536w, https:\/\/www.visitsmaland.se\/wp-content\/uploads\/2024\/04\/Oland-Ladbilslandet-UpZoneStudios2019-4-OlandCo--2048x1366.jpg 2048w\" sizes=\"(max-width: 500px) 100vw, 500px\" \/>                <\/div>\n                                                <div class=\"dynamicContentTwoColumns dynamicContentTwoColumns__text\">\n                    <p><p>M\u00f6chtest du dein eigenes Auto fahren? Im Seifenkistenland kannst du selbst ans Steuer eines echten Seifenkistenautos und auf Stra\u00dfen mit Ampeln und Kreisverkehren fahren. Auch LKWs, Polizeiwagen und Busse stehen bereit, um durch den Parkour zu fahren. Ein perfekter Ort f\u00fcr kleine Rennfahrerinnen und Rennfahrer, die Geschwindigkeit und Action lieben!<\/p>\n<p>\n                <\/div>\n                                                <div class=\"wp-block-buttons is-layout-flex wp-block-buttons-is-layout-flex\">\n                    <div class=\"wp-block-button\">\n                        <a aria-label=\"Mehr lesen\" class=\"wp-block-button__link wp-element-button dynamicContentTwoColumns dynamicContentTwoColumns__ctaButton\" href=\"https:\/\/www.ladbilslandetoland.com\/\">\n                            Seifenkistenland                        <\/a>\n                    <\/div>\n                <\/div>\n                                                <h3 class=\"dynamicContentTwoColumns dynamicContentTwoColumns__heading\">\n                    Die Festung Eketorp                <\/h3>\n                                                <div class=\"dynamicContentTwoColumns dynamicContentTwoColumns__imageWrapper\">\n                    <img loading=\"lazy\" decoding=\"async\" width=\"500\" height=\"334\" src=\"https:\/\/www.visitsmaland.se\/wp-content\/uploads\/2024\/04\/Oland-EketorpsBorg-UpZoneStudios2019-3-OlandCo--scaled.jpg\" class=\"attachment-500x500 size-500x500\" alt=\"\" srcset=\"https:\/\/www.visitsmaland.se\/wp-content\/uploads\/2024\/04\/Oland-EketorpsBorg-UpZoneStudios2019-3-OlandCo--scaled.jpg 2560w, https:\/\/www.visitsmaland.se\/wp-content\/uploads\/2024\/04\/Oland-EketorpsBorg-UpZoneStudios2019-3-OlandCo--300x200.jpg 300w, https:\/\/www.visitsmaland.se\/wp-content\/uploads\/2024\/04\/Oland-EketorpsBorg-UpZoneStudios2019-3-OlandCo--1024x683.jpg 1024w, https:\/\/www.visitsmaland.se\/wp-content\/uploads\/2024\/04\/Oland-EketorpsBorg-UpZoneStudios2019-3-OlandCo--768x512.jpg 768w, https:\/\/www.visitsmaland.se\/wp-content\/uploads\/2024\/04\/Oland-EketorpsBorg-UpZoneStudios2019-3-OlandCo--1536x1025.jpg 1536w, https:\/\/www.visitsmaland.se\/wp-content\/uploads\/2024\/04\/Oland-EketorpsBorg-UpZoneStudios2019-3-OlandCo--2048x1366.jpg 2048w\" sizes=\"(max-width: 500px) 100vw, 500px\" \/>                <\/div>\n                                                <div class=\"dynamicContentTwoColumns dynamicContentTwoColumns__text\">\n                    <p><p>Reise in die Vergangenheit und werde ein echter Ritter in der Festung Eketorp! Probiere eine R\u00fcstung an, schie\u00dfe mit Pfeil und Bogen und entdecke, wie Menschen im Mittelalter gelebt haben. Klettere auf die Festungsmauer und lass deinen Blick \u00fcber die Landschaft schweifen, w\u00e4hrend du Wache h\u00e4ltst. Ein spannender Ort, an dem Geschichte lebendig wird!<\/p>\n<p>\n                <\/div>\n                                                <div class=\"wp-block-buttons is-layout-flex wp-block-buttons-is-layout-flex\">\n                    <div class=\"wp-block-button\">\n                        <a aria-label=\"Mehr lesen\" class=\"wp-block-button__link wp-element-button dynamicContentTwoColumns dynamicContentTwoColumns__ctaButton\" href=\"https:\/\/eketorpsborg.se\/\">\n                            Die Festung Eketorp                        <\/a>\n                    <\/div>\n                <\/div>\n                                                <h3 class=\"dynamicContentTwoColumns dynamicContentTwoColumns__heading\">\n                    \u00d6lands Zoo und Vergn\u00fcgungspark                <\/h3>\n                                                <div class=\"dynamicContentTwoColumns dynamicContentTwoColumns__imageWrapper\">\n                    <img loading=\"lazy\" decoding=\"async\" width=\"500\" height=\"375\" src=\"https:\/\/www.visitsmaland.se\/wp-content\/uploads\/2024\/04\/Oland-OlandsDjurOchNojespark-UpZoneStudios2019-2-OlandCo--scaled.jpg\" class=\"attachment-500x500 size-500x500\" alt=\"\" srcset=\"https:\/\/www.visitsmaland.se\/wp-content\/uploads\/2024\/04\/Oland-OlandsDjurOchNojespark-UpZoneStudios2019-2-OlandCo--scaled.jpg 2560w, https:\/\/www.visitsmaland.se\/wp-content\/uploads\/2024\/04\/Oland-OlandsDjurOchNojespark-UpZoneStudios2019-2-OlandCo--300x225.jpg 300w, https:\/\/www.visitsmaland.se\/wp-content\/uploads\/2024\/04\/Oland-OlandsDjurOchNojespark-UpZoneStudios2019-2-OlandCo--1024x768.jpg 1024w, https:\/\/www.visitsmaland.se\/wp-content\/uploads\/2024\/04\/Oland-OlandsDjurOchNojespark-UpZoneStudios2019-2-OlandCo--768x576.jpg 768w, https:\/\/www.visitsmaland.se\/wp-content\/uploads\/2024\/04\/Oland-OlandsDjurOchNojespark-UpZoneStudios2019-2-OlandCo--1536x1151.jpg 1536w, https:\/\/www.visitsmaland.se\/wp-content\/uploads\/2024\/04\/Oland-OlandsDjurOchNojespark-UpZoneStudios2019-2-OlandCo--2048x1535.jpg 2048w\" sizes=\"(max-width: 500px) 100vw, 500px\" \/>                <\/div>\n                                                <div class=\"dynamicContentTwoColumns dynamicContentTwoColumns__text\">\n                    <p><p>Im \u00d6lands Zoo kannst du Tiere besuchen und dich im Vergn\u00fcgungspark am\u00fcsieren, aber das Beste ist der Wasserpark! Hier kannst du hohe Wasserrutschen hinuntersausen, in den Pools treiben und den ganzen Tag planschen. Es gibt sowohl ruhige Badebereiche als auch spannende Rutschen f\u00fcr alle, die den Nervenkitzel lieben. Perfekt f\u00fcr einen warmen Sommertag!<\/p>\n<p>\n                <\/div>\n                                                <div class=\"wp-block-buttons is-layout-flex wp-block-buttons-is-layout-flex\">\n                    <div class=\"wp-block-button\">\n                        <a aria-label=\"Mehr lesen\" class=\"wp-block-button__link wp-element-button dynamicContentTwoColumns dynamicContentTwoColumns__ctaButton\" href=\"https:\/\/olandsdjurpark.com\/\">\n                            \u00d6lands Zoo und Vergn\u00fcgungspark                        <\/a>\n                    <\/div>\n                <\/div>\n                                                <h3 class=\"dynamicContentTwoColumns dynamicContentTwoColumns__heading\">\n                    Die Kamelranch                <\/h3>\n                                                <div class=\"dynamicContentTwoColumns dynamicContentTwoColumns__imageWrapper\">\n                    <img loading=\"lazy\" decoding=\"async\" width=\"333\" height=\"500\" src=\"https:\/\/www.visitsmaland.se\/wp-content\/uploads\/2024\/04\/Oland_Ormoga_kamel_AlexanderHall3-2021-OlandCo-scaled.jpg\" class=\"attachment-500x500 size-500x500\" alt=\"\" srcset=\"https:\/\/www.visitsmaland.se\/wp-content\/uploads\/2024\/04\/Oland_Ormoga_kamel_AlexanderHall3-2021-OlandCo-scaled.jpg 1707w, https:\/\/www.visitsmaland.se\/wp-content\/uploads\/2024\/04\/Oland_Ormoga_kamel_AlexanderHall3-2021-OlandCo-200x300.jpg 200w, https:\/\/www.visitsmaland.se\/wp-content\/uploads\/2024\/04\/Oland_Ormoga_kamel_AlexanderHall3-2021-OlandCo-683x1024.jpg 683w, https:\/\/www.visitsmaland.se\/wp-content\/uploads\/2024\/04\/Oland_Ormoga_kamel_AlexanderHall3-2021-OlandCo-768x1152.jpg 768w, https:\/\/www.visitsmaland.se\/wp-content\/uploads\/2024\/04\/Oland_Ormoga_kamel_AlexanderHall3-2021-OlandCo-1024x1536.jpg 1024w, https:\/\/www.visitsmaland.se\/wp-content\/uploads\/2024\/04\/Oland_Ormoga_kamel_AlexanderHall3-2021-OlandCo-1365x2048.jpg 1365w\" sizes=\"(max-width: 333px) 100vw, 333px\" \/>                <\/div>\n                                                <div class=\"dynamicContentTwoColumns dynamicContentTwoColumns__text\">\n                    <p><p>Bist du schon einmal auf einem Kamel geritten? Auf der Kamelranch kannst du die freundlichen, flauschigen Tiere aus n\u00e4chster N\u00e4he kennenlernen. Hier gibt es auch Minischweine, Esel und Alpakas zum Streicheln. Wenn du m\u00f6chtest, kannst du sogar Kamelreiten machen und dich wie in der W\u00fcste f\u00fchlen.<\/p>\n<p>\n                <\/div>\n                                                <div class=\"wp-block-buttons is-layout-flex wp-block-buttons-is-layout-flex\">\n                    <div class=\"wp-block-button\">\n                        <a aria-label=\"Mehr lesen\" class=\"wp-block-button__link wp-element-button dynamicContentTwoColumns dynamicContentTwoColumns__ctaButton\" href=\"https:\/\/kamelranch.se\/\">\n                            Die Kamelranch                        <\/a>\n                    <\/div>\n                <\/div>\n                        <\/div>\n<\/div>\n\n\n<div class=\"contentImageTwoColumns contentImageTwoColumns__wrapper\" style=\"background-color: #374632\">\n    <div class=\"contentImageTwoColumns contentImageTwoColumns__container layout-reversed\">\n        <div class=\"contentImageTwoColumns contentImageTwoColumns__contentWrapper\">\n            <h2 class=\"contentImageTwoColumns contentImageTwoColumns__heading\" style=\"color: #ffffff\">\n                Angeln f\u00fcr die ganze Familie            <\/h2>\n            <div class=\"contentImageTwoColumns contentImageTwoColumns__text contentImageTwoColumns__text--short\" style=\"color: #ffffff\">\n                                    <p>Wenige Regionen in Schweden bieten eine solche Vielfalt an Angelm\u00f6glichkeiten wie Sm\u00e5land. Unabh\u00e4ngig von der Methode oder der Art, die man fangen m\u00f6chte \u2013 in Sm\u00e5land ist f\u00fcr jeden etwas dabei. Bei&#8230;                    <button type=\"button\" class=\"contentImageTwoColumns contentImageTwoColumns__readMoreLess\">\n                        Mehr lesen +                    <\/button>\n                            <\/div>\n            <div class=\"contentImageTwoColumns contentImageTwoColumns__text contentImageTwoColumns__text--full\" style=\"color: #ffffff\">\n                <p>Wenige Regionen in Schweden bieten eine solche Vielfalt an Angelm\u00f6glichkeiten wie Sm\u00e5land. Unabh\u00e4ngig von der Methode oder der Art, die man fangen m\u00f6chte \u2013 in Sm\u00e5land ist f\u00fcr jeden etwas dabei. Bei uns gibt es zahlreiche Seen und Gew\u00e4sser unterschiedlichster Gr\u00f6\u00dfe mit einer au\u00dfergew\u00f6hnlichen Artenvielfalt und gesunden Fischbest\u00e4nden.<\/p>\n                <button type=\"button\" class=\"contentImageTwoColumns contentImageTwoColumns__readMoreLess\">\n                    Weniger lesen &#8211;                <\/button>\n            <\/div>\n                        <div class=\"wp-block-buttons is-layout-flex wp-block-buttons-is-layout-flex\">\n                <div class=\"wp-block-button \">\n                    <a aria-label=\"Jetzt entdecken\" class=\"wp-block-button__link wp-element-button\" href=\"https:\/\/www.visitsmaland.se\/de\/entdecken\/angeln-in-smaland\/\" style=\"background-color: #f4f2eb; color: #000000;border: solid 1px #f4f2eb\">\n                        Jetzt entdecken                    <\/a>\n                <\/div>\n            <\/div>\n                                <\/div>\n        <div class=\"contentImageTwoColumns contentImageTwoColumns__imageWrapper\">\n            <img loading=\"lazy\" decoding=\"async\" width=\"1024\" height=\"740\" src=\"https:\/\/www.visitsmaland.se\/wp-content\/uploads\/2024\/04\/fiskegetno-1024x740.jpg\" class=\"attachment-grid-card-images size-grid-card-images\" alt=\"Ein Vater und seine Tochter bereiten die kleinen Boote f\u00fcr den Angelausflug vor.\" \/>        <\/div>\n    <\/div>\n<\/div>\n\n\n<div class=\"contentImageTwoColumns contentImageTwoColumns__wrapper\" style=\"background-color: #f4f2eb\">\n    <div class=\"contentImageTwoColumns contentImageTwoColumns__container \">\n        <div class=\"contentImageTwoColumns contentImageTwoColumns__contentWrapper\">\n            <h2 class=\"contentImageTwoColumns contentImageTwoColumns__heading\" style=\"color: #000000\">\n                Winteraktivit\u00e4ten            <\/h2>\n            <div class=\"contentImageTwoColumns contentImageTwoColumns__text contentImageTwoColumns__text--short\" style=\"color: #000000\">\n                                    <p>Entdecke Winteraktivit\u00e4ten in Sm\u00e5land: Ob das Knirschen des Schnees unter den Skiern h\u00f6ren, das Kribbeln im Bauch auf den Pisten sp\u00fcren oder eine Winterwanderung genie\u00dfen \u2013 Sm\u00e5land hei\u00dft dich im Winterparadies herzlich willkommen!<\/p>\n                            <\/div>\n            <div class=\"contentImageTwoColumns contentImageTwoColumns__text contentImageTwoColumns__text--full\" style=\"color: #000000\">\n                <p>Entdecke Winteraktivit\u00e4ten in Sm\u00e5land: Ob das Knirschen des Schnees unter den Skiern h\u00f6ren, das Kribbeln im Bauch auf den Pisten sp\u00fcren oder eine Winterwanderung genie\u00dfen \u2013 Sm\u00e5land hei\u00dft dich im Winterparadies herzlich willkommen!<\/p>\n                <button type=\"button\" class=\"contentImageTwoColumns contentImageTwoColumns__readMoreLess\">\n                    Weniger lesen &#8211;                <\/button>\n            <\/div>\n                        <div class=\"wp-block-buttons is-layout-flex wp-block-buttons-is-layout-flex\">\n                <div class=\"wp-block-button arrow-white\">\n                    <a aria-label=\"Mehr erfahren\" class=\"wp-block-button__link wp-element-button\" href=\"https:\/\/www.visitsmaland.se\/de\/entdecken\/winteraktivitaten\/\" style=\"background-color: #374632; color: #ffffff;border: solid 1px #374632\">\n                        Mehr erfahren                    <\/a>\n                <\/div>\n            <\/div>\n                                <\/div>\n        <div class=\"contentImageTwoColumns contentImageTwoColumns__imageWrapper\">\n            <img loading=\"lazy\" decoding=\"async\" width=\"1024\" height=\"740\" src=\"https:\/\/www.visitsmaland.se\/wp-content\/uploads\/2024\/04\/dayfotografi-st-vinter-105-cac655fdb82a4e1c1495313812a5f6e6-1200x800-3-1024x740.jpg\" class=\"attachment-grid-card-images size-grid-card-images\" alt=\"\" \/>        <\/div>\n    <\/div>\n<\/div>\n\n\n  \n<div class=\"featuredTwoColumns featuredTwoColumns__wrapper\">\n    <div class=\"featuredTwoColumns featuredTwoColumns__container\">  \n            <div class=\"featuredTwoColumns featuredTwoColumns__feturedWrapper\">\n            <a aria-label=\"Camping\" href=\"https:\/\/www.visitsmaland.se\/de\/entdecken\/camping\/\"class=\"featuredTwoColumns featuredTwoColumns__imageWrapper\">\n                <img loading=\"lazy\" decoding=\"async\" width=\"1024\" height=\"740\" src=\"https:\/\/www.visitsmaland.se\/wp-content\/uploads\/2024\/04\/eksjo-camping-3-1024x740.jpg\" class=\"attachment-grid-card-images size-grid-card-images wp-post-image\" alt=\"\" \/>            <\/a>\n            <div class=\"featuredTwoColumns featuredTwoColumns__contentWrapper\">\n                <h2 class=\"featuredTwoColumns featuredTwoColumns__heading\">\n                    Camping                <\/h2>\n                <p class=\"featuredTwoColumns featuredTwoColumns__description\">\n                    Natur, Freiheit, Abenteuer &#8211; hier sind die sch\u00f6nste\u2026                <\/p>\n                 \n                 \n                <div class=\"wp-block-buttons is-layout-flex wp-block-buttons-is-layout-flex\">\n                    <div class=\"wp-block-button \">\n                        <a aria-label=\"Camping\"class=\"wp-block-button__link wp-element-button\" href=\"https:\/\/www.visitsmaland.se\/de\/entdecken\/camping\/\">\n                            Entdecke                       \n                         <\/a>\n                    <\/div>\n                <\/div>\n            <\/div>\n        <\/div>\n                <div class=\"featuredTwoColumns featuredTwoColumns__feturedWrapper\">\n            <a aria-label=\"Radtourenanbieter in Sm\u00e5land\" href=\"https:\/\/www.visitsmaland.se\/de\/entdecken\/radtourenanbieter-in-smaland\/\"class=\"featuredTwoColumns featuredTwoColumns__imageWrapper\">\n                <img loading=\"lazy\" decoding=\"async\" width=\"1024\" height=\"740\" src=\"https:\/\/www.visitsmaland.se\/wp-content\/uploads\/2024\/11\/Smalands-Turism_Robert-Brolin-51-1024x740.jpg\" class=\"attachment-grid-card-images size-grid-card-images wp-post-image\" alt=\"\" \/>            <\/a>\n            <div class=\"featuredTwoColumns featuredTwoColumns__contentWrapper\">\n                <h2 class=\"featuredTwoColumns featuredTwoColumns__heading\">\n                    Radtourenanbieter in Sm\u00e5land                <\/h2>\n                <p class=\"featuredTwoColumns featuredTwoColumns__description\">\n                    Steig in den Sattel und mach dich auf zu einer Radt\u2026                <\/p>\n                 \n                 \n                <div class=\"wp-block-buttons is-layout-flex wp-block-buttons-is-layout-flex\">\n                    <div class=\"wp-block-button \">\n                        <a aria-label=\"Radtourenanbieter in Sm\u00e5land\"class=\"wp-block-button__link wp-element-button\" href=\"https:\/\/www.visitsmaland.se\/de\/entdecken\/radtourenanbieter-in-smaland\/\">\n                            Entdecke                       \n                         <\/a>\n                    <\/div>\n                <\/div>\n            <\/div>\n        <\/div>\n            <\/div>\n<\/div>\n","protected":false},"excerpt":{"rendered":"<p>Willkommen in Sm\u00e5land &#8211; dem Urlaubsland f\u00fcr Kinder! Hier findest du Infos f\u00fcr den Familienurlaub in Schweden &#8211; von Astrid Lindgren bis Ferienhaus-Buchungstipps<\/p>\n","protected":false},"featured_media":45332,"parent":0,"menu_order":499,"template":"","tags":[],"land":[],"class_list":["post-45426","guide","type-guide","status-publish","has-post-thumbnail","hentry"],"acf":{"priority":""},"yoast_head":"<!-- This site is optimized with the Yoast SEO plugin v27.5 - https:\/\/yoast.com\/product\/yoast-seo-wordpress\/ -->\n<title>Kinder &amp; Familie in Sm\u00e5land \u2013 Tipps f\u00fcr Ausfl\u00fcge mit Kindern | Visit Sm\u00e5land<\/title>\n<meta name=\"description\" content=\"Kinder &amp; Familien finden in Sm\u00e5land zahlreiche Erlebnisse. Von Lindgrens Geschichten \u00fcber atemberaubende Natur bis hin zu spannenden Abenteuern.\" \/>\n<meta name=\"robots\" content=\"index, follow, max-snippet:-1, max-image-preview:large, max-video-preview:-1\" \/>\n<link rel=\"canonical\" href=\"https:\/\/www.visitsmaland.se\/de\/entdecken\/kinder-familie-inspiration\/\" \/>\n<meta property=\"og:locale\" content=\"de_DE\" \/>\n<meta property=\"og:type\" content=\"article\" \/>\n<meta property=\"og:title\" content=\"Kinder &amp; Familie in Sm\u00e5land \u2013 Tipps f\u00fcr Ausfl\u00fcge mit Kindern | Visit Sm\u00e5land\" \/>\n<meta property=\"og:description\" content=\"Kinder &amp; Familien finden in Sm\u00e5land zahlreiche Erlebnisse. Von Lindgrens Geschichten \u00fcber atemberaubende Natur bis hin zu spannenden Abenteuern.\" \/>\n<meta property=\"og:url\" content=\"https:\/\/www.visitsmaland.se\/de\/entdecken\/kinder-familie-inspiration\/\" \/>\n<meta property=\"og:site_name\" content=\"Visit Sm\u00e5land\" \/>\n<meta property=\"article:publisher\" content=\"https:\/\/www.facebook.com\/visitsmaland\/\" \/>\n<meta property=\"article:modified_time\" content=\"2026-03-12T09:36:59+00:00\" \/>\n<meta property=\"og:image\" content=\"https:\/\/www.visitsmaland.se\/wp-content\/uploads\/2024\/04\/anna_hallams-family_walking_and_cycling-7265.jpg\" \/>\n\t<meta property=\"og:image:width\" content=\"2480\" \/>\n\t<meta property=\"og:image:height\" content=\"1681\" \/>\n\t<meta property=\"og:image:type\" content=\"image\/jpeg\" \/>\n<meta name=\"twitter:card\" content=\"summary_large_image\" \/>\n<meta name=\"twitter:label1\" content=\"Gesch\u00e4tzte Lesezeit\" \/>\n\t<meta name=\"twitter:data1\" content=\"1\u00a0Minute\" \/>\n<script type=\"application\/ld+json\" class=\"yoast-schema-graph\">{\"@context\":\"https:\\\/\\\/schema.org\",\"@graph\":[{\"@type\":\"WebPage\",\"@id\":\"https:\\\/\\\/www.visitsmaland.se\\\/de\\\/entdecken\\\/kinder-familie-inspiration\\\/\",\"url\":\"https:\\\/\\\/www.visitsmaland.se\\\/de\\\/entdecken\\\/kinder-familie-inspiration\\\/\",\"name\":\"Kinder & Familie in Sm\u00e5land \u2013 Tipps f\u00fcr Ausfl\u00fcge mit Kindern | Visit Sm\u00e5land\",\"isPartOf\":{\"@id\":\"https:\\\/\\\/www.visitsmaland.se\\\/de\\\/#website\"},\"primaryImageOfPage\":{\"@id\":\"https:\\\/\\\/www.visitsmaland.se\\\/de\\\/entdecken\\\/kinder-familie-inspiration\\\/#primaryimage\"},\"image\":{\"@id\":\"https:\\\/\\\/www.visitsmaland.se\\\/de\\\/entdecken\\\/kinder-familie-inspiration\\\/#primaryimage\"},\"thumbnailUrl\":\"https:\\\/\\\/www.visitsmaland.se\\\/wp-content\\\/uploads\\\/2024\\\/04\\\/anna_hallams-family_walking_and_cycling-7265.jpg\",\"datePublished\":\"2024-04-22T11:39:22+00:00\",\"dateModified\":\"2026-03-12T09:36:59+00:00\",\"description\":\"Kinder & Familien finden in Sm\u00e5land zahlreiche Erlebnisse. Von Lindgrens Geschichten \u00fcber atemberaubende Natur bis hin zu spannenden Abenteuern.\",\"breadcrumb\":{\"@id\":\"https:\\\/\\\/www.visitsmaland.se\\\/de\\\/entdecken\\\/kinder-familie-inspiration\\\/#breadcrumb\"},\"inLanguage\":\"de\",\"potentialAction\":[{\"@type\":\"ReadAction\",\"target\":[\"https:\\\/\\\/www.visitsmaland.se\\\/de\\\/entdecken\\\/kinder-familie-inspiration\\\/\"]}]},{\"@type\":\"ImageObject\",\"inLanguage\":\"de\",\"@id\":\"https:\\\/\\\/www.visitsmaland.se\\\/de\\\/entdecken\\\/kinder-familie-inspiration\\\/#primaryimage\",\"url\":\"https:\\\/\\\/www.visitsmaland.se\\\/wp-content\\\/uploads\\\/2024\\\/04\\\/anna_hallams-family_walking_and_cycling-7265.jpg\",\"contentUrl\":\"https:\\\/\\\/www.visitsmaland.se\\\/wp-content\\\/uploads\\\/2024\\\/04\\\/anna_hallams-family_walking_and_cycling-7265.jpg\",\"width\":2480,\"height\":1681},{\"@type\":\"BreadcrumbList\",\"@id\":\"https:\\\/\\\/www.visitsmaland.se\\\/de\\\/entdecken\\\/kinder-familie-inspiration\\\/#breadcrumb\",\"itemListElement\":[{\"@type\":\"ListItem\",\"position\":1,\"name\":\"Startseite\",\"item\":\"https:\\\/\\\/www.visitsmaland.se\\\/de\\\/\"},{\"@type\":\"ListItem\",\"position\":2,\"name\":\"Kinder &amp; Familie\"}]},{\"@type\":\"WebSite\",\"@id\":\"https:\\\/\\\/www.visitsmaland.se\\\/de\\\/#website\",\"url\":\"https:\\\/\\\/www.visitsmaland.se\\\/de\\\/\",\"name\":\"Visit Sm\u00e5land\",\"description\":\"V\u00e4lkommen till Sm\u00e5land\",\"potentialAction\":[{\"@type\":\"SearchAction\",\"target\":{\"@type\":\"EntryPoint\",\"urlTemplate\":\"https:\\\/\\\/www.visitsmaland.se\\\/de\\\/?s={search_term_string}\"},\"query-input\":{\"@type\":\"PropertyValueSpecification\",\"valueRequired\":true,\"valueName\":\"search_term_string\"}}],\"inLanguage\":\"de\"}]}<\/script>\n<!-- \/ Yoast SEO plugin. -->","yoast_head_json":{"title":"Kinder & Familie in Sm\u00e5land \u2013 Tipps f\u00fcr Ausfl\u00fcge mit Kindern | Visit Sm\u00e5land","description":"Kinder & Familien finden in Sm\u00e5land zahlreiche Erlebnisse. Von Lindgrens Geschichten \u00fcber atemberaubende Natur bis hin zu spannenden Abenteuern.","robots":{"index":"index","follow":"follow","max-snippet":"max-snippet:-1","max-image-preview":"max-image-preview:large","max-video-preview":"max-video-preview:-1"},"canonical":"https:\/\/www.visitsmaland.se\/de\/entdecken\/kinder-familie-inspiration\/","og_locale":"de_DE","og_type":"article","og_title":"Kinder & Familie in Sm\u00e5land \u2013 Tipps f\u00fcr Ausfl\u00fcge mit Kindern | Visit Sm\u00e5land","og_description":"Kinder & Familien finden in Sm\u00e5land zahlreiche Erlebnisse. Von Lindgrens Geschichten \u00fcber atemberaubende Natur bis hin zu spannenden Abenteuern.","og_url":"https:\/\/www.visitsmaland.se\/de\/entdecken\/kinder-familie-inspiration\/","og_site_name":"Visit Sm\u00e5land","article_publisher":"https:\/\/www.facebook.com\/visitsmaland\/","article_modified_time":"2026-03-12T09:36:59+00:00","og_image":[{"width":2480,"height":1681,"url":"https:\/\/www.visitsmaland.se\/wp-content\/uploads\/2024\/04\/anna_hallams-family_walking_and_cycling-7265.jpg","type":"image\/jpeg"}],"twitter_card":"summary_large_image","twitter_misc":{"Gesch\u00e4tzte Lesezeit":"1\u00a0Minute"},"schema":{"@context":"https:\/\/schema.org","@graph":[{"@type":"WebPage","@id":"https:\/\/www.visitsmaland.se\/de\/entdecken\/kinder-familie-inspiration\/","url":"https:\/\/www.visitsmaland.se\/de\/entdecken\/kinder-familie-inspiration\/","name":"Kinder & Familie in Sm\u00e5land \u2013 Tipps f\u00fcr Ausfl\u00fcge mit Kindern | Visit Sm\u00e5land","isPartOf":{"@id":"https:\/\/www.visitsmaland.se\/de\/#website"},"primaryImageOfPage":{"@id":"https:\/\/www.visitsmaland.se\/de\/entdecken\/kinder-familie-inspiration\/#primaryimage"},"image":{"@id":"https:\/\/www.visitsmaland.se\/de\/entdecken\/kinder-familie-inspiration\/#primaryimage"},"thumbnailUrl":"https:\/\/www.visitsmaland.se\/wp-content\/uploads\/2024\/04\/anna_hallams-family_walking_and_cycling-7265.jpg","datePublished":"2024-04-22T11:39:22+00:00","dateModified":"2026-03-12T09:36:59+00:00","description":"Kinder & Familien finden in Sm\u00e5land zahlreiche Erlebnisse. Von Lindgrens Geschichten \u00fcber atemberaubende Natur bis hin zu spannenden Abenteuern.","breadcrumb":{"@id":"https:\/\/www.visitsmaland.se\/de\/entdecken\/kinder-familie-inspiration\/#breadcrumb"},"inLanguage":"de","potentialAction":[{"@type":"ReadAction","target":["https:\/\/www.visitsmaland.se\/de\/entdecken\/kinder-familie-inspiration\/"]}]},{"@type":"ImageObject","inLanguage":"de","@id":"https:\/\/www.visitsmaland.se\/de\/entdecken\/kinder-familie-inspiration\/#primaryimage","url":"https:\/\/www.visitsmaland.se\/wp-content\/uploads\/2024\/04\/anna_hallams-family_walking_and_cycling-7265.jpg","contentUrl":"https:\/\/www.visitsmaland.se\/wp-content\/uploads\/2024\/04\/anna_hallams-family_walking_and_cycling-7265.jpg","width":2480,"height":1681},{"@type":"BreadcrumbList","@id":"https:\/\/www.visitsmaland.se\/de\/entdecken\/kinder-familie-inspiration\/#breadcrumb","itemListElement":[{"@type":"ListItem","position":1,"name":"Startseite","item":"https:\/\/www.visitsmaland.se\/de\/"},{"@type":"ListItem","position":2,"name":"Kinder &amp; Familie"}]},{"@type":"WebSite","@id":"https:\/\/www.visitsmaland.se\/de\/#website","url":"https:\/\/www.visitsmaland.se\/de\/","name":"Visit Sm\u00e5land","description":"V\u00e4lkommen till Sm\u00e5land","potentialAction":[{"@type":"SearchAction","target":{"@type":"EntryPoint","urlTemplate":"https:\/\/www.visitsmaland.se\/de\/?s={search_term_string}"},"query-input":{"@type":"PropertyValueSpecification","valueRequired":true,"valueName":"search_term_string"}}],"inLanguage":"de"}]}},"_links":{"self":[{"href":"https:\/\/www.visitsmaland.se\/de\/wp-json\/wp\/v2\/guide\/45426","targetHints":{"allow":["GET"]}}],"collection":[{"href":"https:\/\/www.visitsmaland.se\/de\/wp-json\/wp\/v2\/guide"}],"about":[{"href":"https:\/\/www.visitsmaland.se\/de\/wp-json\/wp\/v2\/types\/guide"}],"version-history":[{"count":10,"href":"https:\/\/www.visitsmaland.se\/de\/wp-json\/wp\/v2\/guide\/45426\/revisions"}],"predecessor-version":[{"id":93193,"href":"https:\/\/www.visitsmaland.se\/de\/wp-json\/wp\/v2\/guide\/45426\/revisions\/93193"}],"wp:featuredmedia":[{"embeddable":true,"href":"https:\/\/www.visitsmaland.se\/de\/wp-json\/wp\/v2\/media\/45332"}],"wp:attachment":[{"href":"https:\/\/www.visitsmaland.se\/de\/wp-json\/wp\/v2\/media?parent=45426"}],"wp:term":[{"taxonomy":"post_tag","embeddable":true,"href":"https:\/\/www.visitsmaland.se\/de\/wp-json\/wp\/v2\/tags?post=45426"},{"taxonomy":"land","embeddable":true,"href":"https:\/\/www.visitsmaland.se\/de\/wp-json\/wp\/v2\/land?post=45426"}],"curies":[{"name":"wp","href":"https:\/\/api.w.org\/{rel}","templated":true}]}}