{"id":46287,"date":"2024-04-22T13:42:19","date_gmt":"2024-04-22T11:42:19","guid":{"rendered":"https:\/\/www.visitsmaland.se\/?post_type=guide&#038;p=46287"},"modified":"2025-10-30T15:41:42","modified_gmt":"2025-10-30T14:41:42","slug":"smaland-fuer-jung-alt","status":"publish","type":"guide","link":"https:\/\/www.visitsmaland.se\/de\/entdecken\/smaland-fuer-jung-alt\/","title":{"rendered":"Sm\u00e5land f\u00fcr Jung &amp; Alt"},"content":{"rendered":"<div class=\"postHerosection postHerosection__wrapper\">\n    <div class=\"postHerosection postHerosection__container\">\n        <h1 class=\"postHerosection postHerosection__heroHeading\">\n            Sm\u00e5land f\u00fcr Jung &#038; Alt        <\/h1>\n            <\/div>\n    <div class=\"postHerosection postHerosection__imageContainer\">\n        <img loading=\"lazy\" decoding=\"async\" width=\"2560\" height=\"1707\" src=\"https:\/\/www.visitsmaland.se\/wp-content\/uploads\/2024\/04\/wiebke-jahn-kalmar3-scaled.jpg\" class=\"attachment-full size-full\" alt=\"\" srcset=\"https:\/\/www.visitsmaland.se\/wp-content\/uploads\/2024\/04\/wiebke-jahn-kalmar3-scaled.jpg 2560w, https:\/\/www.visitsmaland.se\/wp-content\/uploads\/2024\/04\/wiebke-jahn-kalmar3-300x200.jpg 300w, https:\/\/www.visitsmaland.se\/wp-content\/uploads\/2024\/04\/wiebke-jahn-kalmar3-1024x683.jpg 1024w, https:\/\/www.visitsmaland.se\/wp-content\/uploads\/2024\/04\/wiebke-jahn-kalmar3-768x512.jpg 768w, https:\/\/www.visitsmaland.se\/wp-content\/uploads\/2024\/04\/wiebke-jahn-kalmar3-1536x1024.jpg 1536w, https:\/\/www.visitsmaland.se\/wp-content\/uploads\/2024\/04\/wiebke-jahn-kalmar3-2048x1365.jpg 2048w\" sizes=\"(max-width: 2560px) 100vw, 2560px\" \/>    <\/div>\n<\/div>\n<div class=\"postHerosection postHerosection__breadcrumbs\">\n   <div class=\"postHerosection postHerosection__breadcrumbs-container\">\n        <p id=\"breadcrumbs\"><span><span><a href=\"https:\/\/www.visitsmaland.se\/de\/\">Startseite<\/a><\/span><\/span><\/p>    <\/div>\n<\/div>\n\n<div class=\"contentCta contentCta__wrapper\">\n    <div class=\"contentCta contentCta__container\">\n                    \t\t\t<div class=\"contentCta contentCta__text\" style=\"color: \">\n\t\t\t\t<p>&#8222;Denke ich an Sm\u00e5land, denke ich automatisch an Astrid Lindgren und ihre wunderbaren Kinderb\u00fccher&#8220;, sagt die Bloggerin Wiebke Jahn, wei\u00df aber auch:  Sm\u00e5land bietet einiges mehr als \u201eAstrid Lindgrens V\u00e4rld\u201c in Vimmerby. F\u00fcr alle, die Sm\u00e5land ein wenig abseits der ausgetretenen Pfade entdecken wollen und Aktivit\u00e4ten suchen, die sowohl Jung als auch Alt gefallen, hat Wiebke ein paar Ausflugsziele zusammengestellt, die sie auf jeden Fall wieder besuchen m\u00f6chte. <\/p>\n\t\t\t<\/div>\n                <hr>\n            <\/div>\n<\/div>\n\n\n<div class=\"contentImageTwoColumns contentImageTwoColumns__wrapper\" style=\"background-color: #374632\">\n    <div class=\"contentImageTwoColumns contentImageTwoColumns__container layout-reversed\">\n        <div class=\"contentImageTwoColumns contentImageTwoColumns__contentWrapper\">\n            <h2 class=\"contentImageTwoColumns contentImageTwoColumns__heading\" style=\"color: #fff\">\n                Wiebke Jahn            <\/h2>\n            <div class=\"contentImageTwoColumns contentImageTwoColumns__text contentImageTwoColumns__text--short\" style=\"color: #fff\">\n                                    <p>Bereits seit 2021 leben Wiebke und ihr Mann in der Region um den Polarkreis. Hier arbeitet sie als Lehrerin an einer schwedischen Schule und als \u00dcbersetzerin, und schreibt Artikel f\u00fcr diverse deuts&#8230;                    <button type=\"button\" class=\"contentImageTwoColumns contentImageTwoColumns__readMoreLess\">\n                        Mehr lesen +                    <\/button>\n                            <\/div>\n            <div class=\"contentImageTwoColumns contentImageTwoColumns__text contentImageTwoColumns__text--full\" style=\"color: #fff\">\n                <p>Bereits seit 2021 leben Wiebke und ihr Mann in der Region um den Polarkreis. Hier arbeitet sie als Lehrerin an einer schwedischen Schule und als \u00dcbersetzerin, und schreibt Artikel f\u00fcr diverse deutsche Zeitschriften. Au\u00dferdem berichtet sie auf <a href=\"http:\/\/www.instagram.com\/arctic_for_beginners\/\">Instagram<\/a> und ihrem <a href=\"http:\/\/www.arcticforbeginners.de\">Blog<\/a> von ihrem dortigen Leben \u2013 insbesondere im Vergleich zu ihren vorherigen Wohnorten. An der Polarkreis-Region sch\u00e4tzt Wiebke die arktische Kultur und den arktischen Lebensstil, sowie das Klima.<\/p>\n                <button type=\"button\" class=\"contentImageTwoColumns contentImageTwoColumns__readMoreLess\">\n                    Weniger lesen &#8211;                <\/button>\n            <\/div>\n                        <div class=\"wp-block-buttons is-layout-flex wp-block-buttons-is-layout-flex\">\n                <div class=\"wp-block-button \">\n                    <a aria-label=\"Instagram @arctic_for_beginners\" class=\"wp-block-button__link wp-element-button\" href=\"https:\/\/www.instagram.com\/arctic_for_beginners\/\" style=\"background-color: #f4f2eb; color: #000000;border: solid 1px #f4f2eb\">\n                        Instagram @arctic_for_beginners                    <\/a>\n                <\/div>\n            <\/div>\n                                <\/div>\n        <div class=\"contentImageTwoColumns contentImageTwoColumns__imageWrapper\">\n            <img loading=\"lazy\" decoding=\"async\" width=\"1024\" height=\"740\" src=\"https:\/\/www.visitsmaland.se\/wp-content\/uploads\/2024\/04\/image00005-1024x740.jpg\" class=\"attachment-grid-card-images size-grid-card-images\" alt=\"\" \/>        <\/div>\n    <\/div>\n<\/div>\n\n\n<div class=\"contentCta contentCta__wrapper\">\n    <div class=\"contentCta contentCta__container\">\n                        <h2 class=\"contentCta contentCta__heading\" style=\"color: \">\n                Fruchthof Rudenstam            <\/h2>\n                        <hr>\n                <div class=\"contentCta contentCta__ctaWrapper\">\n            <div class=\"wp-block-buttons is-layout-flex wp-block-buttons-is-layout-flex\">\n                                                                                            <div class=\"wp-block-button \">\n                    <a aria-label=\"rudenstam.se\" class=\"wp-block-button__link wp-element-button\" href=\"https:\/\/rudenstam.se\/\" style=\"background-color: #fbbd51; color: #000000\">\n                        rudenstam.se                    <\/a>\n                <\/div>\n                            <\/div>\n        <\/div>\n            <\/div>\n<\/div>\n\n\n<div class=\"dynamicContentTwoColumns dynamicContentTwoColumns__wrapper\">\n    <div class=\"dynamicContentTwoColumns dynamicContentTwoColumns__container\">\n                                    <h3 class=\"dynamicContentTwoColumns dynamicContentTwoColumns__heading\">\n                    Rudenstams                <\/h3>\n                                                <div class=\"dynamicContentTwoColumns dynamicContentTwoColumns__imageWrapper\">\n                    <img loading=\"lazy\" decoding=\"async\" width=\"375\" height=\"500\" src=\"https:\/\/www.visitsmaland.se\/wp-content\/uploads\/2024\/04\/image00006.jpg\" class=\"attachment-500x500 size-500x500\" alt=\"\" srcset=\"https:\/\/www.visitsmaland.se\/wp-content\/uploads\/2024\/04\/image00006.jpg 1536w, https:\/\/www.visitsmaland.se\/wp-content\/uploads\/2024\/04\/image00006-225x300.jpg 225w, https:\/\/www.visitsmaland.se\/wp-content\/uploads\/2024\/04\/image00006-768x1025.jpg 768w, https:\/\/www.visitsmaland.se\/wp-content\/uploads\/2024\/04\/image00006-1151x1536.jpg 1151w\" sizes=\"(max-width: 375px) 100vw, 375px\" \/>                <\/div>\n                                                <div class=\"dynamicContentTwoColumns dynamicContentTwoColumns__text\">\n                    <p><p>Zugegeben, aus dem Apfel-Land Deutschland kommend, scheint es zun\u00e4chst ein wenig unspektakul\u00e4r eine Apfelplantage zu besuchen. Aber Apfelanbau in Sm\u00e5land geschieht bei <a href=\"http:\/\/www.visitsmaland.se\/de\/erlebnisse\/essen-trinken\/smaland-im-glas\">Rudenstams<\/a> in einer ganz besonderen Kulisse. Nicht weit von der S\u00fcdspitze des fast wie ein Meer anmutenden Sees V\u00e4ttern gelegen, werden hier seit Generationen Obstb\u00e4ume, vor allem Apfelb\u00e4ume, angebaut. Der Ausblick auf den See, dessen N\u00e4he ein einzigartiges Klima f\u00fcr den Apfelanbau bietet, ist herrlich und erzeugt ein richtiges Schweden-Urlaubs-Gef\u00fchl.<\/p>\n<p>\n                <\/div>\n                                                <div class=\"dynamicContentTwoColumns dynamicContentTwoColumns__text\">\n                    <p><p>Eigentlich, so berichtet der Sohn des Eigent\u00fcmers Pelle Rudenstam, liegt Sm\u00e5land schon zu weit im Norden, um einen guten Obstbau zu erm\u00f6glichen. Die ersten B\u00e4ume kamen durch einen leitenden Ingenieur in der nahe gelegenen Waffenfabrik in Huskvarna nach Sm\u00e5land. Dieser Mitarbeiter reiste im 19. Jahrhundert nach Detroit, um die dortigen Produktionsweisen kennenzulernen. Neben Neuerungen f\u00fcr die Fabrik brachte er auch die Erkenntnis mit, dass es sich lohnen k\u00f6nnte, an den Ufern des V\u00e4ttern, der ihn an die grossen Seen in Nordamerika erinnerte, mit dem Obstbau zu beginnen. Viele Apfelbauernh\u00f6fe sind bis heute Familienbetriebe, so auch Rudenstamms.<\/p>\n<p>\n                <\/div>\n                                                <div class=\"dynamicContentTwoColumns dynamicContentTwoColumns__imageWrapper\">\n                    <img loading=\"lazy\" decoding=\"async\" width=\"375\" height=\"500\" src=\"https:\/\/www.visitsmaland.se\/wp-content\/uploads\/2024\/04\/image00007.jpg\" class=\"attachment-500x500 size-500x500\" alt=\"\" srcset=\"https:\/\/www.visitsmaland.se\/wp-content\/uploads\/2024\/04\/image00007.jpg 1536w, https:\/\/www.visitsmaland.se\/wp-content\/uploads\/2024\/04\/image00007-225x300.jpg 225w, https:\/\/www.visitsmaland.se\/wp-content\/uploads\/2024\/04\/image00007-768x1025.jpg 768w, https:\/\/www.visitsmaland.se\/wp-content\/uploads\/2024\/04\/image00007-1151x1536.jpg 1151w\" sizes=\"(max-width: 375px) 100vw, 375px\" \/>                <\/div>\n                                                <div class=\"dynamicContentTwoColumns dynamicContentTwoColumns__text\">\n                    <p><p>Die 35 Hektar gro\u00dfe Plantage ist bereits seit 1947 in der Hand der Familie Rudenstam. Zun\u00e4chst begann Nils Rudenstam als kleiner Junge mit dem Verkauf von eigenen \u00c4pfeln des Hofes auf dem Marktplatz in Huskvarna. Dieser Marktverkauf blieb Familientradition, bis die Nachfrage irgendwann so gro\u00df war, dass sie logistisch nicht mehr gestemmt werden konnte. Also entschied sich die Familie, Besucher fortan auch zu sich nach Hause einzuladen. \u00dcber die Jahre hinweg entstand ein niedliches Bauerncaf\u00e9, das immer weiter ausgebaut wurde. Der wunderbare Blick \u00fcber den V\u00e4ttern, die hausgemachten Spezialit\u00e4ten, die zuckers\u00fc\u00dfen Souvenirs und nicht zuletzt der beste Apfelsaft Schwedens machen einen Ausflug zu Rudenstams zu einem echten Erlebnis.<\/p>\n<p>\n                <\/div>\n                                                <div class=\"dynamicContentTwoColumns dynamicContentTwoColumns__text\">\n                    <p><p>Der Apfelsaft wird in vielen verschiedenen Sorten angeboten und ist im ganzen Land so bekannt, dass er sogar bei dem feierlichen Abendessen der Nobelpreisgala serviert wird. Wer schwedische Fika-Kultur in Kombination mit erlesenem Geschmack und einer Prise Geschichte erleben will, ist bei Rudenstam genau richtig.<\/p>\n<p>\n                <\/div>\n                        <\/div>\n<\/div>\n\n\n<div class=\"contentImageTwoColumns contentImageTwoColumns__wrapper\" style=\"background-color: #f4f2eb\">\n    <div class=\"contentImageTwoColumns contentImageTwoColumns__container \">\n        <div class=\"contentImageTwoColumns contentImageTwoColumns__contentWrapper\">\n            <h2 class=\"contentImageTwoColumns contentImageTwoColumns__heading\" style=\"color: \">\n                Profi-Tipp:            <\/h2>\n            <div class=\"contentImageTwoColumns contentImageTwoColumns__text contentImageTwoColumns__text--short\" style=\"color: \">\n                                    <p>Wenn du etwas mehr \u00fcber die Familiengeschichte von Rudenstams, den Obstbau in der Region und einen besonderen Ausblick erleben m\u00f6chtest, kannst du eine Apfelsafari buchen und auf einer gef\u00fchrten Tour die H\u00fcgel rund um das Bauerncaf\u00e9 entdecken. Die Safari kann auf Anfrage gebucht werden.<\/p>\n                            <\/div>\n            <div class=\"contentImageTwoColumns contentImageTwoColumns__text contentImageTwoColumns__text--full\" style=\"color: \">\n                <p>Wenn du etwas mehr \u00fcber die Familiengeschichte von Rudenstams, den Obstbau in der Region und einen besonderen Ausblick erleben m\u00f6chtest, kannst du eine Apfelsafari buchen und auf einer gef\u00fchrten Tour die H\u00fcgel rund um das Bauerncaf\u00e9 entdecken. Die Safari kann auf Anfrage gebucht werden.<\/p>\n                <button type=\"button\" class=\"contentImageTwoColumns contentImageTwoColumns__readMoreLess\">\n                    Weniger lesen &#8211;                <\/button>\n            <\/div>\n                        <div class=\"wp-block-buttons is-layout-flex wp-block-buttons-is-layout-flex\">\n                <div class=\"wp-block-button arrow-white\">\n                    <a aria-label=\"Apfelsafari buchen\" class=\"wp-block-button__link wp-element-button\" href=\"https:\/\/rudenstam.se\/evenemang\/\" style=\"background-color: #374632; color: #ffffff;border: solid 1px #374632\">\n                        Apfelsafari buchen                    <\/a>\n                <\/div>\n            <\/div>\n                                <\/div>\n        <div class=\"contentImageTwoColumns contentImageTwoColumns__imageWrapper\">\n            <img loading=\"lazy\" decoding=\"async\" width=\"1024\" height=\"740\" src=\"https:\/\/www.visitsmaland.se\/wp-content\/uploads\/2024\/04\/rudenstamstraktor-1800x1200-50-50-1024x740.jpg\" class=\"attachment-grid-card-images size-grid-card-images\" alt=\"\" \/>        <\/div>\n    <\/div>\n<\/div>\n\n\n<div class=\"contentCta contentCta__wrapper\">\n    <div class=\"contentCta contentCta__container\">\n                        <h2 class=\"contentCta contentCta__heading\" style=\"color: \">\n                Zeitreise in \u00c5sens By            <\/h2>\n                        <hr>\n                <div class=\"contentCta contentCta__ctaWrapper\">\n            <div class=\"wp-block-buttons is-layout-flex wp-block-buttons-is-layout-flex\">\n                                                                                            <div class=\"wp-block-button \">\n                    <a aria-label=\"\u00c5sens By\" class=\"wp-block-button__link wp-element-button\" href=\"https:\/\/asensby.se\/en\/home\/\" style=\"background-color: #fbbd51; color: \">\n                        \u00c5sens By                    <\/a>\n                <\/div>\n                                                                                                <div class=\"wp-block-button \">\n                    <a aria-label=\"Unterkunft buchen\" class=\"wp-block-button__link wp-element-button\" href=\"https:\/\/537b2784b42ed.sirvoy.me\/\" style=\"background-color: #fbbd51; color: \">\n                        Unterkunft buchen                    <\/a>\n                <\/div>\n                            <\/div>\n        <\/div>\n            <\/div>\n<\/div>\n\n\n<div class=\"dynamicContentTwoColumns dynamicContentTwoColumns__wrapper\">\n    <div class=\"dynamicContentTwoColumns dynamicContentTwoColumns__container\">\n                                    <div class=\"dynamicContentTwoColumns dynamicContentTwoColumns__imageWrapper\">\n                    <img loading=\"lazy\" decoding=\"async\" width=\"375\" height=\"500\" src=\"https:\/\/www.visitsmaland.se\/wp-content\/uploads\/2024\/04\/image00011.jpg\" class=\"attachment-500x500 size-500x500\" alt=\"\" srcset=\"https:\/\/www.visitsmaland.se\/wp-content\/uploads\/2024\/04\/image00011.jpg 1536w, https:\/\/www.visitsmaland.se\/wp-content\/uploads\/2024\/04\/image00011-225x300.jpg 225w, https:\/\/www.visitsmaland.se\/wp-content\/uploads\/2024\/04\/image00011-768x1024.jpg 768w, https:\/\/www.visitsmaland.se\/wp-content\/uploads\/2024\/04\/image00011-1152x1536.jpg 1152w\" sizes=\"(max-width: 375px) 100vw, 375px\" \/>                <\/div>\n                                                <div class=\"dynamicContentTwoColumns dynamicContentTwoColumns__text\">\n                    <p><p>Das Kulturreservat <a href=\"http:\/\/www.visitsmaland.se\/de\/erlebnisse\/kultur-geschichte\/asens-by\">\u201e\u00c5sens By\u201c<\/a> ist eine wahre Perle in S\u00fcdschweden. Hier wird das \u201ealte\u201c Schweden aus der Zeit Astrid Lindgrens am Leben erhalten. Das Besondere an einem schwedischen Kulturreservat ist, dass sowohl die Natur als auch die kulturellen Sch\u00e4tze einer Region gesch\u00fctzt und erhalten werden m\u00fcssen. \u00c5sens wurde als erstes Kulturreservat Schwedens im Jahr 2000 er\u00f6ffnet. Es handelt sich um ein typisches sm\u00e5l\u00e4ndisches Dorf, mit klassisch schwedischer Architektur. Es gibt aber eben auch typische alte Landrassen schwedischer Nutztiere zu bestaunen. Die Schafe des Dorfes sind unglaublich zutraulich und lassen sich gern streicheln, die einzige Bedingung: Sie entscheiden selbst, ob sie zu den G\u00e4sten m\u00f6chten oder nicht.<\/p>\n<p>\n                <\/div>\n                                                <div class=\"dynamicContentTwoColumns dynamicContentTwoColumns__text\">\n                    <p><p>In uriger Atmosph\u00e4re l\u00e4sst sich typisch sm\u00e5l\u00e4ndischer K\u00e4sekuchen genie\u00dfen und in der alten ausgebauten Scheune kann man handgemachte Sachen aus der Region kaufen. Das Highlight des Dorfes ist allerdings das alte Haus von Thekla, der letzten Bewohnerin des Ortes. Seit ihrem Tod in den 80iger Jahren wurde alles so bewahrt wie es zu ihren Lebzeiten aussah. Man kann so wirklich nachempfinden, wie das Landleben in Schweden vor gut 100 Jahren ausgesehen hat. Die alten Fotos von Theklas Familie an der Wand beeindrucken genauso wie die alte Speisekammer oder das \u201eutedass\u201c, das Plumpsklo.<\/p>\n<p>\n                <\/div>\n                                                <div class=\"dynamicContentTwoColumns dynamicContentTwoColumns__text\">\n                    <p><p>Mittlerweile gibt es 47 Kulturreservate in Schweden, 20 davon werden direkt vom schwedischen Staat finanziert. In \u00c5sens By kann man neben den alten H\u00e4usern auch beobachten, wie Landwirtschaft in fr\u00fcheren Zeiten betrieben wurde, an Kursen und Workshops zu allen m\u00f6glichen Themen teilnehmen und sogar dort \u00fcbernachten. Bei den \u00dcbernachtungsm\u00f6glichkeiten ist vom ger\u00e4umigen Hauptbauernhaus bis hin zur sehr urigen Holzf\u00e4llerh\u00fctte im Wald f\u00fcr jeden Geschmack etwas dabei. Die Kinder k\u00f6nnen sich gefahrlos auf dem ganzen Gel\u00e4nde austoben und die Erwachsenen den Charme der guten alten Zeit genie\u00dfen. \u00c5sens By ist definitiv ein Muss f\u00fcr alle Fans von Bullerb\u00fc, die zugleich ein wenig mehr \u00fcber die Geschichte der Region lernen m\u00f6chten.<\/p>\n<p>\n                <\/div>\n                        <\/div>\n<\/div>\n\n\n\n<div class=\"wp-block-group has-visitsmaland-greige-background-color has-background is-layout-constrained wp-block-group-is-layout-constrained\">    <div class=\"quoteBlock quoteBlock__wrapper\">\n        <div class=\"quoteBlock quoteBlock__container\">\n            <h3 class=\"quoteBlock quoteBlock__quote\">\n                &#8222;Die historische Region Sm\u00e5land ist aus gutem Grund ein beliebtes Reiseziel f\u00fcr Jung und Alt &#8211; hier lassen sich nicht nur wundersch\u00f6ne Landschaft und weite Nadelw\u00e4lder, sondern auch ein vielf\u00e4ltiges kulturelles Erbe erleben.&#8220;\n            <\/h3>\n            <hr>\n                        <p class=\"quoteBlock quoteBlock__quoteBy\">\n                &#8211; Wiebke Jahn            <\/p>\n                    <\/div>\n    <\/div>\n<\/div>\n\n\n<div class=\"contentCta contentCta__wrapper\">\n    <div class=\"contentCta contentCta__container\">\n                        <h2 class=\"contentCta contentCta__heading\" style=\"color: \">\n                Erleben Sie den Store Mosse Nationalpark            <\/h2>\n                        <hr>\n                <div class=\"contentCta contentCta__ctaWrapper\">\n            <div class=\"wp-block-buttons is-layout-flex wp-block-buttons-is-layout-flex\">\n                                                                                            <div class=\"wp-block-button \">\n                    <a aria-label=\"Store Mosse Nationalpark\" class=\"wp-block-button__link wp-element-button\" href=\"https:\/\/www.sverigesnationalparker.se\/en\/choose-park---list\/store-mosse-national-park\" style=\"background-color: #fbbd51; color: \">\n                        Store Mosse Nationalpark                    <\/a>\n                <\/div>\n                                                                                                <div class=\"wp-block-button \">\n                    <a aria-label=\"Naturum\" class=\"wp-block-button__link wp-element-button\" href=\"https:\/\/www.sverigesnationalparker.se\/en\/choose-park---list\/store-mosse-national-park\/visitor-information\/visitor-centre-opening-hours\/\" style=\"background-color: #fbbd51; color: \">\n                        Naturum                    <\/a>\n                <\/div>\n                            <\/div>\n        <\/div>\n            <\/div>\n<\/div>\n\n\n<div class=\"dynamicContentTwoColumns dynamicContentTwoColumns__wrapper\">\n    <div class=\"dynamicContentTwoColumns dynamicContentTwoColumns__container\">\n                                    <h3 class=\"dynamicContentTwoColumns dynamicContentTwoColumns__heading\">\n                    Store Mosse Nationalpark                <\/h3>\n                                                <div class=\"dynamicContentTwoColumns dynamicContentTwoColumns__imageWrapper\">\n                    <img loading=\"lazy\" decoding=\"async\" width=\"500\" height=\"429\" src=\"https:\/\/www.visitsmaland.se\/wp-content\/uploads\/2024\/04\/wiebke-jahn-store-mosse4-5e4a2021e7ed9e6e27c23675e74827ad-1600x1373-1.jpg\" class=\"attachment-500x500 size-500x500\" alt=\"\" srcset=\"https:\/\/www.visitsmaland.se\/wp-content\/uploads\/2024\/04\/wiebke-jahn-store-mosse4-5e4a2021e7ed9e6e27c23675e74827ad-1600x1373-1.jpg 1600w, https:\/\/www.visitsmaland.se\/wp-content\/uploads\/2024\/04\/wiebke-jahn-store-mosse4-5e4a2021e7ed9e6e27c23675e74827ad-1600x1373-1-300x257.jpg 300w, https:\/\/www.visitsmaland.se\/wp-content\/uploads\/2024\/04\/wiebke-jahn-store-mosse4-5e4a2021e7ed9e6e27c23675e74827ad-1600x1373-1-1024x879.jpg 1024w, https:\/\/www.visitsmaland.se\/wp-content\/uploads\/2024\/04\/wiebke-jahn-store-mosse4-5e4a2021e7ed9e6e27c23675e74827ad-1600x1373-1-768x659.jpg 768w, https:\/\/www.visitsmaland.se\/wp-content\/uploads\/2024\/04\/wiebke-jahn-store-mosse4-5e4a2021e7ed9e6e27c23675e74827ad-1600x1373-1-1536x1318.jpg 1536w\" sizes=\"(max-width: 500px) 100vw, 500px\" \/>                <\/div>\n                                                <div class=\"dynamicContentTwoColumns dynamicContentTwoColumns__text\">\n                    <p><p>Wie du vielleicht wei\u00dft, lebe ich selbst in Schwedisch-Lappland, aber meine Liebe f\u00fcr die karge Landschaft des Nordens entstand tats\u00e4chlich in Sm\u00e5land. Das mag jetzt vielleicht verwundern, aber im Herzen Sm\u00e5lands liegt das gr\u00f6\u00dfte Moorgebiet S\u00fcdschwedens: der <a href=\"http:\/\/www.visitsmaland.se\/de\/erlebnisse\/natur-abenteuer\/store-mosse\">Store Mosse Nationalpark<\/a>. Schweden ist ein Paradies f\u00fcr Naturliebhaber und insbesondere der Store Mosse Nationalpark h\u00e4lt f\u00fcr alle Altersstufen und Fitnesslevels besondere Aktivit\u00e4ten bereit.<\/p>\n<p>\n                <\/div>\n                                                <div class=\"dynamicContentTwoColumns dynamicContentTwoColumns__text\">\n                    <p><p>Zum einen kann ich zun\u00e4chst einen Besuch des \u201eNaturums\u201c ans Herz legen. Hier wurde mit viel Liebe zum Detail eine Ausstellung geschaffen, die \u00fcber die Wichtigkeit der Moore f\u00fcr unser Klima ebenso informiert, wie \u00fcber die Flora und Fauna des Nationalparks, und die Geschichte von Mensch und Natur in dieser Gegend. All dies geschieht auf moderne und abwechslungsreiche Weise.<\/p>\n<p>\n                <\/div>\n                                                <div class=\"dynamicContentTwoColumns dynamicContentTwoColumns__imageWrapper\">\n                    <img loading=\"lazy\" decoding=\"async\" width=\"375\" height=\"500\" src=\"https:\/\/www.visitsmaland.se\/wp-content\/uploads\/2024\/04\/image00002.jpg\" class=\"attachment-500x500 size-500x500\" alt=\"\" srcset=\"https:\/\/www.visitsmaland.se\/wp-content\/uploads\/2024\/04\/image00002.jpg 1536w, https:\/\/www.visitsmaland.se\/wp-content\/uploads\/2024\/04\/image00002-225x300.jpg 225w, https:\/\/www.visitsmaland.se\/wp-content\/uploads\/2024\/04\/image00002-768x1025.jpg 768w, https:\/\/www.visitsmaland.se\/wp-content\/uploads\/2024\/04\/image00002-1151x1536.jpg 1151w\" sizes=\"(max-width: 375px) 100vw, 375px\" \/>                <\/div>\n                                                <div class=\"dynamicContentTwoColumns dynamicContentTwoColumns__text\">\n                    <p><p>Nach dem Besuch im Naturum w\u00fcrde ich einen Blick auf die Karte des Nationalparks wagen: Es gibt so viele Wanderwege, dass f\u00fcr jeden Geschmack etwas dabei ist. Ob Schneeschuhwanderungen durch das Moor, Wanderungen mit Zelt und Trekkingrucksack f\u00fcr mehrere Tage, oder der \u201eSkogstrollens stig\u201c, f\u00fcr die j\u00fcngsten Besucher des Nationalparks. Hier hat man im wahrsten Sinne die Qual der Wahl und alle k\u00f6nnen in diesem Nationalpark ein tolles Naturerlebnis haben. Besonders sch\u00f6n ist, dass es auch barrierefrei ausgebaute Wege gibt. Insgesamt sind 50 Kilometer Wanderwege im Nationalpark erschlossen, allesamt laden ein, die reizvolle und auch f\u00fcr S\u00fcdschweden einzigartige Landschaft auf eigene Faust zu erforschen.<\/p>\n<p>\n                <\/div>\n                                                <div class=\"dynamicContentTwoColumns dynamicContentTwoColumns__text\">\n                    <p><p>Insbesondere f\u00fcr alle, die sich gern mal in den Norden Schwedens tr\u00e4umen, aber in ihrem kurzem Urlaub nicht so weit fahren k\u00f6nnen, ist dieser Nationalpark sicher ein absolutes Highlight.<\/p>\n<p>\n                <\/div>\n                        <\/div>\n<\/div>\n\n\n<div class=\"contentImageTwoColumns contentImageTwoColumns__wrapper\" style=\"background-color: #f4f2eb\">\n    <div class=\"contentImageTwoColumns contentImageTwoColumns__container \">\n        <div class=\"contentImageTwoColumns contentImageTwoColumns__contentWrapper\">\n            <h2 class=\"contentImageTwoColumns contentImageTwoColumns__heading\" style=\"color: \">\n                Profi-Tipp:            <\/h2>\n            <div class=\"contentImageTwoColumns contentImageTwoColumns__text contentImageTwoColumns__text--short\" style=\"color: \">\n                                    <p>Es lohnt sich gutes Schuhwerk einzupacken, ebenso wie Sonnencreme und Sonnenhut, denn in der meist baumlosen Moorlandschaft gibt es im Sommer nur wenig Schatten.<\/p>\n                            <\/div>\n            <div class=\"contentImageTwoColumns contentImageTwoColumns__text contentImageTwoColumns__text--full\" style=\"color: \">\n                <p>Es lohnt sich gutes Schuhwerk einzupacken, ebenso wie Sonnencreme und Sonnenhut, denn in der meist baumlosen Moorlandschaft gibt es im Sommer nur wenig Schatten.<\/p>\n                <button type=\"button\" class=\"contentImageTwoColumns contentImageTwoColumns__readMoreLess\">\n                    Weniger lesen &#8211;                <\/button>\n            <\/div>\n                                <\/div>\n        <div class=\"contentImageTwoColumns contentImageTwoColumns__imageWrapper\">\n            <img loading=\"lazy\" decoding=\"async\" width=\"1024\" height=\"740\" src=\"https:\/\/www.visitsmaland.se\/wp-content\/uploads\/2024\/04\/image00003-1024x740.jpg\" class=\"attachment-grid-card-images size-grid-card-images\" alt=\"\" \/>        <\/div>\n    <\/div>\n<\/div>\n\n\n<div class=\"contentCta contentCta__wrapper\">\n    <div class=\"contentCta contentCta__container\">\n                        <h2 class=\"contentCta contentCta__heading\" style=\"color: \">\n                Das Glasreich            <\/h2>\n                        <hr>\n                <div class=\"contentCta contentCta__ctaWrapper\">\n            <div class=\"wp-block-buttons is-layout-flex wp-block-buttons-is-layout-flex\">\n                                                                                            <div class=\"wp-block-button \">\n                    <a aria-label=\"Das Glasreich\" class=\"wp-block-button__link wp-element-button\" href=\"https:\/\/glasriket.se\/\" style=\"background-color: #fbbd51; color: \">\n                        Das Glasreich                    <\/a>\n                <\/div>\n                                                                                                <div class=\"wp-block-button \">\n                    <a aria-label=\"Kosta Boda Art Hotel\" class=\"wp-block-button__link wp-element-button\" href=\"https:\/\/kostabodaarthotel.se\/en\/home\/\" style=\"background-color: #fbbd51; color: \">\n                        Kosta Boda Art Hotel                    <\/a>\n                <\/div>\n                                                                                                <div class=\"wp-block-button \">\n                    <a aria-label=\"Kosta Outlet\" class=\"wp-block-button__link wp-element-button\" href=\"https:\/\/kostaoutlet.se\/\" style=\"background-color: #fbbd51; color: \">\n                        Kosta Outlet                    <\/a>\n                <\/div>\n                            <\/div>\n        <\/div>\n            <\/div>\n<\/div>\n\n\n<div class=\"dynamicContentTwoColumns dynamicContentTwoColumns__wrapper\">\n    <div class=\"dynamicContentTwoColumns dynamicContentTwoColumns__container\">\n                                    <h3 class=\"dynamicContentTwoColumns dynamicContentTwoColumns__heading\">\n                    Glasriket &#8211; das Glasreich                <\/h3>\n                                                <div class=\"dynamicContentTwoColumns dynamicContentTwoColumns__imageWrapper\">\n                    <img loading=\"lazy\" decoding=\"async\" width=\"500\" height=\"258\" src=\"https:\/\/www.visitsmaland.se\/wp-content\/uploads\/2024\/04\/wiebke-jahn-kosta-boda1-3c68d55346e516cc67fd1c2eb8fb9198-1600x824-1.jpg\" class=\"attachment-500x500 size-500x500\" alt=\"\" srcset=\"https:\/\/www.visitsmaland.se\/wp-content\/uploads\/2024\/04\/wiebke-jahn-kosta-boda1-3c68d55346e516cc67fd1c2eb8fb9198-1600x824-1.jpg 1600w, https:\/\/www.visitsmaland.se\/wp-content\/uploads\/2024\/04\/wiebke-jahn-kosta-boda1-3c68d55346e516cc67fd1c2eb8fb9198-1600x824-1-300x155.jpg 300w, https:\/\/www.visitsmaland.se\/wp-content\/uploads\/2024\/04\/wiebke-jahn-kosta-boda1-3c68d55346e516cc67fd1c2eb8fb9198-1600x824-1-1024x527.jpg 1024w, https:\/\/www.visitsmaland.se\/wp-content\/uploads\/2024\/04\/wiebke-jahn-kosta-boda1-3c68d55346e516cc67fd1c2eb8fb9198-1600x824-1-768x396.jpg 768w, https:\/\/www.visitsmaland.se\/wp-content\/uploads\/2024\/04\/wiebke-jahn-kosta-boda1-3c68d55346e516cc67fd1c2eb8fb9198-1600x824-1-1536x791.jpg 1536w\" sizes=\"(max-width: 500px) 100vw, 500px\" \/>                <\/div>\n                                                <div class=\"dynamicContentTwoColumns dynamicContentTwoColumns__text\">\n                    <p><p>Im s\u00fcdlichen Sm\u00e5land, rund um die Stadt V\u00e4xj\u00f6, befindet sich eine Region, die auch als \u201eGrasriket\u201c \u2013 <a href=\"http:\/\/www.visitsmaland.se\/de\/erlebnisse\/design\/das-glasreich\">Glasreich<\/a> \u2013 bezeichnet wird. Das Glasreich ist eine historisch \u00fcberaus spannende Region, die sich lohnt entdeckt zu werden. Bereits seit dem 17. Jahrhundert wird hier Glas verarbeitet, nachdem Handwerker aus Deutschland und Holland angeworben wurden, um die Glaskunst in Schweden anzusiedeln. Mit seinem nat\u00fcrlichen Rohstoffvorkommen war und ist Sm\u00e5land ein sehr guter Standort, um Glas zu produzieren. \u00dcber die Jahrhunderte hinweg hat sich in der Region ein unglaubliches kulturelles Erbe entwickelt. Heute gibt es immer noch 14 verschiedene Glash\u00fctten, die in Betrieb sind, und an vielen Orten gibt es touristisch spannende Dinge zu erleben.<\/p>\n<p>\n                <\/div>\n                                                <div class=\"dynamicContentTwoColumns dynamicContentTwoColumns__imageWrapper\">\n                    <img loading=\"lazy\" decoding=\"async\" width=\"333\" height=\"500\" src=\"https:\/\/www.visitsmaland.se\/wp-content\/uploads\/2024\/04\/wiebke-jahn-kosta-boda2-bf231f6709ea5a3b1d20217cbc412041-1600x2400-1.jpg\" class=\"attachment-500x500 size-500x500\" alt=\"\" srcset=\"https:\/\/www.visitsmaland.se\/wp-content\/uploads\/2024\/04\/wiebke-jahn-kosta-boda2-bf231f6709ea5a3b1d20217cbc412041-1600x2400-1.jpg 1600w, https:\/\/www.visitsmaland.se\/wp-content\/uploads\/2024\/04\/wiebke-jahn-kosta-boda2-bf231f6709ea5a3b1d20217cbc412041-1600x2400-1-200x300.jpg 200w, https:\/\/www.visitsmaland.se\/wp-content\/uploads\/2024\/04\/wiebke-jahn-kosta-boda2-bf231f6709ea5a3b1d20217cbc412041-1600x2400-1-683x1024.jpg 683w, https:\/\/www.visitsmaland.se\/wp-content\/uploads\/2024\/04\/wiebke-jahn-kosta-boda2-bf231f6709ea5a3b1d20217cbc412041-1600x2400-1-768x1152.jpg 768w, https:\/\/www.visitsmaland.se\/wp-content\/uploads\/2024\/04\/wiebke-jahn-kosta-boda2-bf231f6709ea5a3b1d20217cbc412041-1600x2400-1-1024x1536.jpg 1024w, https:\/\/www.visitsmaland.se\/wp-content\/uploads\/2024\/04\/wiebke-jahn-kosta-boda2-bf231f6709ea5a3b1d20217cbc412041-1600x2400-1-1365x2048.jpg 1365w\" sizes=\"(max-width: 333px) 100vw, 333px\" \/>                <\/div>\n                                                <div class=\"dynamicContentTwoColumns dynamicContentTwoColumns__text\">\n                    <p><p>Besonders empfehlenswert ist hier ein Besuch im Kosta Boda Art Hotel. In der Stadt Kosta gibt es ebenfalls eine eigene Glash\u00fctte und ein Outlet, wo sich g\u00fcnstig Glaskunstwerke erstehen lassen. Das Hotel des kleinen St\u00e4dtchens hat es aber besonders in sich, denn hier wird Glaskunst im Wert von mehreren Millionen Euro ausgestellt. Hier nimmt man einen Drink in der futuristischen Glasbar ein oder l\u00e4sst es sich im weltpremierten Spa gut gehen. Das Restaurant ist bereits im Guide Michelin gelistet und das Essen schmeckt hervorragend. Es macht Spa\u00df, einmal in diesem Ambiente zu bestaunen, was mit Glas f\u00fcr Kunstwerke hergestellt werden k\u00f6nnen.<\/p>\n<p>\n                <\/div>\n                                                <div class=\"dynamicContentTwoColumns dynamicContentTwoColumns__text\">\n                    <p><p>Wer mehr dar\u00fcber wissen will, wie Glas eigentlich entsteht, und wie die Arbeit in einer Glash\u00fctte aussieht, dem seien die beiden Glash\u00fctten in <a href=\"http:\/\/www.maleras.se\/en\/\">M\u00e5ler\u00e5s<\/a> und <a href=\"http:\/\/glasriket.se\/de\/reise\/glashutte-kosten\/\">Kosta<\/a> ans Herz gelegt. Hier kommen Jung und Alt voll auf ihre Kosten, denn sie k\u00f6nnen nicht nur die Hitze und die sicher schwere Arbeit in einer Glash\u00fctte nachvollziehen: G\u00e4ste jeden Alters (f\u00fcr Kinder empfiehlt es sich ein Besuch ab einem Alter von ungef\u00e4hr 5-6 Jahren) k\u00f6nnen selbst aktiv werden und ein kleines Glaskunstwerk schaffen. Zun\u00e4chst darf man verschiedene Farben ausw\u00e4hlen und dann den Zauber geschehen lassen. Du wirst Glasgegenst\u00e4nde danach mit anderen Augen betrachten.<\/p>\n<p>\n                <\/div>\n                        <\/div>\n<\/div>\n\n\n<div class=\"contentImageTwoColumns contentImageTwoColumns__wrapper\" style=\"background-color: #f4f2eb\">\n    <div class=\"contentImageTwoColumns contentImageTwoColumns__container layout-reversed\">\n        <div class=\"contentImageTwoColumns contentImageTwoColumns__contentWrapper\">\n            <h2 class=\"contentImageTwoColumns contentImageTwoColumns__heading\" style=\"color: #000000\">\n                Profi-Tipp:            <\/h2>\n            <div class=\"contentImageTwoColumns contentImageTwoColumns__text contentImageTwoColumns__text--short\" style=\"color: #000000\">\n                                    <p>Bei einem l\u00e4ngeren Aufenthalt in Sm\u00e5land sollte der Besuch einer Glash\u00fctte mit Workshop zu Anfang des Urlaubs geplant werden, da das Glas einen Tag zum kontrollierten Abk\u00fchlen ben\u00f6tigt. Nach ein pa&#8230;                    <button type=\"button\" class=\"contentImageTwoColumns contentImageTwoColumns__readMoreLess\">\n                        Mehr lesen +                    <\/button>\n                            <\/div>\n            <div class=\"contentImageTwoColumns contentImageTwoColumns__text contentImageTwoColumns__text--full\" style=\"color: #000000\">\n                <p>Bei einem l\u00e4ngeren Aufenthalt in Sm\u00e5land sollte der Besuch einer Glash\u00fctte mit Workshop zu Anfang des Urlaubs geplant werden, da das Glas einen Tag zum kontrollierten Abk\u00fchlen ben\u00f6tigt. Nach ein paar Tagen kannst du das Kunstwerk dann vor Ort abholen und mit nach Hause nehmen. Sollte das aus organisatorischen Gr\u00fcnden nicht m\u00f6glich sein, so wird das Team den neu entstandenen Schatz gegen einen Aufpreis auch gern per Post zur gew\u00fcnschten Adresse senden.<\/p>\n                <button type=\"button\" class=\"contentImageTwoColumns contentImageTwoColumns__readMoreLess\">\n                    Weniger lesen &#8211;                <\/button>\n            <\/div>\n                        <div class=\"wp-block-buttons is-layout-flex wp-block-buttons-is-layout-flex\">\n                <div class=\"wp-block-button arrow-white\">\n                    <a aria-label=\"Das Glasreich\" class=\"wp-block-button__link wp-element-button\" href=\"https:\/\/www.visitsmaland.se\/en\/discover\/kingdom-of-crystal\/\" style=\"background-color: #374632; color: #fff;border: solid 1px #374632\">\n                        Das Glasreich                    <\/a>\n                <\/div>\n            <\/div>\n                                <\/div>\n        <div class=\"contentImageTwoColumns contentImageTwoColumns__imageWrapper\">\n            <img loading=\"lazy\" decoding=\"async\" width=\"1024\" height=\"740\" src=\"https:\/\/www.visitsmaland.se\/wp-content\/uploads\/2024\/04\/wiebke-jahn-orranas1-1024x740.jpg\" class=\"attachment-grid-card-images size-grid-card-images\" alt=\"\" \/>        <\/div>\n    <\/div>\n<\/div>\n\n\n<div class=\"contentCta contentCta__wrapper\">\n    <div class=\"contentCta contentCta__container\">\n                        <h2 class=\"contentCta contentCta__heading\" style=\"color: \">\n                Entdecke Kalmar            <\/h2>\n                        <hr>\n                <div class=\"contentCta contentCta__ctaWrapper\">\n            <div class=\"wp-block-buttons is-layout-flex wp-block-buttons-is-layout-flex\">\n                                                                                            <div class=\"wp-block-button \">\n                    <a aria-label=\"Kalmar.com\" class=\"wp-block-button__link wp-element-button\" href=\"https:\/\/kalmar.com\/en\/kalmar.html\" style=\"background-color: #fbbd51; color: \">\n                        Kalmar.com                    <\/a>\n                <\/div>\n                                                                                                <div class=\"wp-block-button \">\n                    <a aria-label=\"F\u00fchrung buchen\" class=\"wp-block-button__link wp-element-button\" href=\"https:\/\/kalmar.com\/en\/kalmar\/good-to-know\/kalmar-tourist-center\/guide-booking-and-groups.html\" style=\"background-color: #fbbd51; color: \">\n                        F\u00fchrung buchen                    <\/a>\n                <\/div>\n                                                                                                <div class=\"wp-block-button \">\n                    <a aria-label=\"Schloss Kalmar\" class=\"wp-block-button__link wp-element-button\" href=\"https:\/\/kalmarslott.se\/en\/\" style=\"background-color: #fbbd51; color: \">\n                        Schloss Kalmar                    <\/a>\n                <\/div>\n                                                                                                <div class=\"wp-block-button \">\n                    <a aria-label=\"Stadt Kalmar\" class=\"wp-block-button__link wp-element-button\" href=\"https:\/\/www.kalmarcity.com\/\" style=\"background-color: #fbbd51; color: \">\n                        Stadt Kalmar                    <\/a>\n                <\/div>\n                            <\/div>\n        <\/div>\n            <\/div>\n<\/div>\n\n\n<div class=\"dynamicContentTwoColumns dynamicContentTwoColumns__wrapper\">\n    <div class=\"dynamicContentTwoColumns dynamicContentTwoColumns__container\">\n                                    <h3 class=\"dynamicContentTwoColumns dynamicContentTwoColumns__heading\">\n                    Kalmar                <\/h3>\n                                                <div class=\"dynamicContentTwoColumns dynamicContentTwoColumns__text\">\n                    <p><p>Vielleicht kennst du <a href=\"http:\/\/www.visitsmaland.se\/de\/regionen\/kalmar\">Kalmar<\/a>, so wie ich lange Zeit, als &#8222;die Stadt mit der Br\u00fccke nach \u00d6land&#8220;. Oft bin ich schon durchgefahren, in Gedanken bereits an einem der einsamen wei\u00dfen Sandstr\u00e4nde \u00d6lands. Allerdings lohnt es sich, in einer der \u00e4ltesten St\u00e4dte Schwedens einmal Halt zu machen. Sowohl Geschichtsinteressierte, Kunstliebende als auch Familien mit Kindern werden in diesem freundlichen bunten St\u00e4dtchen voll auf ihre Kosten kommen.<\/p>\n<p>\n                <\/div>\n                                                <div class=\"dynamicContentTwoColumns dynamicContentTwoColumns__imageWrapper\">\n                    <img loading=\"lazy\" decoding=\"async\" width=\"500\" height=\"333\" src=\"https:\/\/www.visitsmaland.se\/wp-content\/uploads\/2024\/04\/wiebke-jahn-kalmar3-scaled.jpg\" class=\"attachment-500x500 size-500x500\" alt=\"\" srcset=\"https:\/\/www.visitsmaland.se\/wp-content\/uploads\/2024\/04\/wiebke-jahn-kalmar3-scaled.jpg 2560w, https:\/\/www.visitsmaland.se\/wp-content\/uploads\/2024\/04\/wiebke-jahn-kalmar3-300x200.jpg 300w, https:\/\/www.visitsmaland.se\/wp-content\/uploads\/2024\/04\/wiebke-jahn-kalmar3-1024x683.jpg 1024w, https:\/\/www.visitsmaland.se\/wp-content\/uploads\/2024\/04\/wiebke-jahn-kalmar3-768x512.jpg 768w, https:\/\/www.visitsmaland.se\/wp-content\/uploads\/2024\/04\/wiebke-jahn-kalmar3-1536x1024.jpg 1536w, https:\/\/www.visitsmaland.se\/wp-content\/uploads\/2024\/04\/wiebke-jahn-kalmar3-2048x1365.jpg 2048w\" sizes=\"(max-width: 500px) 100vw, 500px\" \/>                <\/div>\n                                                <div class=\"dynamicContentTwoColumns dynamicContentTwoColumns__text\">\n                    <p><p>In Kalmar l\u00e4sst sich an jeder Ecke gelebte Geschichte beobachten und so lohnt sich zun\u00e4chst ein Besuch in der topmodernen Tourismusinformation. Ein Stadtrundgang, der auch auf Deutsch angeboten wird, ist in dieser spannenden Stadt sehr empfehlenswert. Besonders, aber nicht nur, f\u00fcr Kinder interessant, ist das alte Schloss Kalmar. Hier tragen die Mitarbeitenden Kleidung aus dem 17. Jahrhundert, die originalgetreue Einrichtung versetzt einen gedanklich in die Fr\u00fche Neuzeit und die restaurierten Deckengem\u00e4lde sind wirklich atemberaubend sch\u00f6n. Das Restaurant bietet eine moderne K\u00fcche mit einem Hauch Rustikali\u00e4t. Besonders sch\u00f6n ist die Kombination des altert\u00fcmlichen Flairs mit modernen wechselnden Ausstellungen.<\/p>\n<p>\n                <\/div>\n                                                <div class=\"dynamicContentTwoColumns dynamicContentTwoColumns__imageWrapper\">\n                    <img loading=\"lazy\" decoding=\"async\" width=\"375\" height=\"500\" src=\"https:\/\/www.visitsmaland.se\/wp-content\/uploads\/2024\/04\/wiebke-jahn-kalmar-2.jpg\" class=\"attachment-500x500 size-500x500\" alt=\"\" srcset=\"https:\/\/www.visitsmaland.se\/wp-content\/uploads\/2024\/04\/wiebke-jahn-kalmar-2.jpg 1536w, https:\/\/www.visitsmaland.se\/wp-content\/uploads\/2024\/04\/wiebke-jahn-kalmar-2-225x300.jpg 225w, https:\/\/www.visitsmaland.se\/wp-content\/uploads\/2024\/04\/wiebke-jahn-kalmar-2-768x1025.jpg 768w, https:\/\/www.visitsmaland.se\/wp-content\/uploads\/2024\/04\/wiebke-jahn-kalmar-2-1151x1536.jpg 1151w\" sizes=\"(max-width: 375px) 100vw, 375px\" \/>                <\/div>\n                                                <div class=\"dynamicContentTwoColumns dynamicContentTwoColumns__text\">\n                    <p><p>Abschlie\u00dfen sollte man seinen Besuch in Kalmar unbedingt mit einem kleinen Spaziergang durch die niedlichen kleinen G\u00e4sschen der Stadt. Sowohl die Altstadt mit ihren bunten pittoresken kleinen Holzh\u00e4uschen, die jedes Schwedenherz h\u00f6her schlagen lassen, als auch das bunte Treiben in der wundersch\u00f6nen Innenstadt machen Freude und Lust auf mehr. Sei es der wunderbare Domvorplatz, die kleinen Gesch\u00e4fte oder Caf\u00e9s \u2013 Kalmar verspr\u00fcht den besonderen Charme einer jungen Studentenstadt in fast unber\u00fchrter Kulisse aus dem 17. Jahrhundert und ist definitiv einen Besuch wert.<\/p>\n<p>\n                <\/div>\n                                                <div class=\"dynamicContentTwoColumns dynamicContentTwoColumns__imageWrapper\">\n                    <img loading=\"lazy\" decoding=\"async\" width=\"375\" height=\"500\" src=\"https:\/\/www.visitsmaland.se\/wp-content\/uploads\/2024\/04\/image00001.jpg\" class=\"attachment-500x500 size-500x500\" alt=\"\" srcset=\"https:\/\/www.visitsmaland.se\/wp-content\/uploads\/2024\/04\/image00001.jpg 1536w, https:\/\/www.visitsmaland.se\/wp-content\/uploads\/2024\/04\/image00001-225x300.jpg 225w, https:\/\/www.visitsmaland.se\/wp-content\/uploads\/2024\/04\/image00001-768x1024.jpg 768w, https:\/\/www.visitsmaland.se\/wp-content\/uploads\/2024\/04\/image00001-1152x1536.jpg 1152w\" sizes=\"(max-width: 375px) 100vw, 375px\" \/>                <\/div>\n                                                <div class=\"dynamicContentTwoColumns dynamicContentTwoColumns__text\">\n                    <p><p>Die historische Region Sm\u00e5land ist aus gutem Grund ein beliebtes Reiseziel f\u00fcr Jung und Alt \u2013 hier lassen sich nicht nur wundersch\u00f6ne Landschaft, weite Nadelw\u00e4lder, sondern auch ein vielf\u00e4ltiges kulturelle Erbe erleben.<\/p>\n<p>\n                <\/div>\n                        <\/div>\n<\/div>\n\n\n<div class=\"contentCta contentCta__wrapper\">\n    <div class=\"contentCta contentCta__container\">\n                        <h2 class=\"contentCta contentCta__heading\" style=\"color: \">\n                Mehr auf Wiebke Jahns blog            <\/h2>\n                        <hr>\n                <div class=\"contentCta contentCta__ctaWrapper\">\n            <div class=\"wp-block-buttons is-layout-flex wp-block-buttons-is-layout-flex\">\n                                                                                            <div class=\"wp-block-button \">\n                    <a aria-label=\"arcticforbeginners.de\/blog\" class=\"wp-block-button__link wp-element-button\" href=\"https:\/\/www.arcticforbeginners.de\/blog\/\" style=\"background-color: #fbbd51; color: \">\n                        arcticforbeginners.de\/blog                    <\/a>\n                <\/div>\n                            <\/div>\n        <\/div>\n            <\/div>\n<\/div>\n\n\n  \n<div class=\"featuredTwoColumns featuredTwoColumns__wrapper\">\n    <div class=\"featuredTwoColumns featuredTwoColumns__container\">  \n            <div class=\"featuredTwoColumns featuredTwoColumns__feturedWrapper\">\n            <a aria-label=\"Kultur &amp; Geschichte\" href=\"https:\/\/www.visitsmaland.se\/de\/entdecken\/kultur-geschichte-inspiration\/\"class=\"featuredTwoColumns featuredTwoColumns__imageWrapper\">\n                <img loading=\"lazy\" decoding=\"async\" width=\"1024\" height=\"740\" src=\"https:\/\/www.visitsmaland.se\/wp-content\/uploads\/2024\/04\/asensby_fotografemmaivarsson-3-1024x740.jpg\" class=\"attachment-grid-card-images size-grid-card-images wp-post-image\" alt=\"\" \/>            <\/a>\n            <div class=\"featuredTwoColumns featuredTwoColumns__contentWrapper\">\n                <h2 class=\"featuredTwoColumns featuredTwoColumns__heading\">\n                    Kultur &amp; Geschichte                <\/h2>\n                <p class=\"featuredTwoColumns featuredTwoColumns__description\">\n                    Bei allen Naturerlebnissen lockt Sm\u00e5land auch mit z\u2026                <\/p>\n                 \n                 \n                <div class=\"wp-block-buttons is-layout-flex wp-block-buttons-is-layout-flex\">\n                    <div class=\"wp-block-button \">\n                        <a aria-label=\"Kultur &amp; Geschichte\"class=\"wp-block-button__link wp-element-button\" href=\"https:\/\/www.visitsmaland.se\/de\/entdecken\/kultur-geschichte-inspiration\/\">\n                            Entdecke                       \n                         <\/a>\n                    <\/div>\n                <\/div>\n            <\/div>\n        <\/div>\n                <div class=\"featuredTwoColumns featuredTwoColumns__feturedWrapper\">\n            <a aria-label=\"Unterk\u00fcnfte\" href=\"https:\/\/www.visitsmaland.se\/de\/entdecken\/unterkunft-inspiration\/\"class=\"featuredTwoColumns featuredTwoColumns__imageWrapper\">\n                <img loading=\"lazy\" decoding=\"async\" width=\"1024\" height=\"740\" src=\"https:\/\/www.visitsmaland.se\/wp-content\/uploads\/2024\/04\/012-1024x740.jpg\" class=\"attachment-grid-card-images size-grid-card-images wp-post-image\" alt=\"\" \/>            <\/a>\n            <div class=\"featuredTwoColumns featuredTwoColumns__contentWrapper\">\n                <h2 class=\"featuredTwoColumns featuredTwoColumns__heading\">\n                    Unterk\u00fcnfte                <\/h2>\n                <p class=\"featuredTwoColumns featuredTwoColumns__description\">\n                    \u00dcbernachte in einem Herrenhaus, einem komfortablen \u2026                <\/p>\n                 \n                 \n                <div class=\"wp-block-buttons is-layout-flex wp-block-buttons-is-layout-flex\">\n                    <div class=\"wp-block-button \">\n                        <a aria-label=\"Unterk\u00fcnfte\"class=\"wp-block-button__link wp-element-button\" href=\"https:\/\/www.visitsmaland.se\/de\/entdecken\/unterkunft-inspiration\/\">\n                            Entdecke                       \n                         <\/a>\n                    <\/div>\n                <\/div>\n            <\/div>\n        <\/div>\n            <\/div>\n<\/div>\n","protected":false},"excerpt":{"rendered":"<p>Denke ich an Sm\u00e5land, denke ich automatisch an Astrid Lindgren und ihre wunderbaren Kinderb\u00fccher. Allerdings bietet Sm\u00e5land einiges mehr als \u201eAstrid Lindgrens V\u00e4rld\u201c in Vimmerby.<\/p>\n","protected":false},"featured_media":46030,"parent":0,"menu_order":478,"template":"","tags":[],"land":[],"class_list":["post-46287","guide","type-guide","status-publish","has-post-thumbnail","hentry"],"acf":{"priority":""},"yoast_head":"<!-- This site is optimized with the Yoast SEO plugin v27.2 - https:\/\/yoast.com\/product\/yoast-seo-wordpress\/ -->\n<title>Sm\u00e5land f\u00fcr Jung und Alt \u2013 Urlaub f\u00fcr alle Generationen | Visit Sm\u00e5land<\/title>\n<meta name=\"description\" content=\"Sm\u00e5land bietet f\u00fcr Jung und Alt viele Aktivit\u00e4ten: Wandertouren und Naturerlebnisse, Glash\u00fctten und gem\u00fctliche St\u00e4dte wollen entdeckt werden.\" \/>\n<meta name=\"robots\" content=\"index, follow, max-snippet:-1, max-image-preview:large, max-video-preview:-1\" \/>\n<link rel=\"canonical\" href=\"https:\/\/www.visitsmaland.se\/de\/entdecken\/smaland-fuer-jung-alt\/\" \/>\n<meta property=\"og:locale\" content=\"de_DE\" \/>\n<meta property=\"og:type\" content=\"article\" \/>\n<meta property=\"og:title\" content=\"Sm\u00e5land f\u00fcr Jung und Alt \u2013 Urlaub f\u00fcr alle Generationen | Visit Sm\u00e5land\" \/>\n<meta property=\"og:description\" content=\"Sm\u00e5land bietet f\u00fcr Jung und Alt viele Aktivit\u00e4ten: Wandertouren und Naturerlebnisse, Glash\u00fctten und gem\u00fctliche St\u00e4dte wollen entdeckt werden.\" \/>\n<meta property=\"og:url\" content=\"https:\/\/www.visitsmaland.se\/de\/entdecken\/smaland-fuer-jung-alt\/\" \/>\n<meta property=\"og:site_name\" content=\"Visit Sm\u00e5land\" \/>\n<meta property=\"article:publisher\" content=\"https:\/\/www.facebook.com\/visitsmaland\/\" \/>\n<meta property=\"article:modified_time\" content=\"2025-10-30T14:41:42+00:00\" \/>\n<meta property=\"og:image\" content=\"https:\/\/www.visitsmaland.se\/wp-content\/uploads\/2024\/04\/wiebke-jahn-kalmar3-scaled.jpg\" \/>\n\t<meta property=\"og:image:width\" content=\"2560\" \/>\n\t<meta property=\"og:image:height\" content=\"1707\" \/>\n\t<meta property=\"og:image:type\" content=\"image\/jpeg\" \/>\n<meta name=\"twitter:card\" content=\"summary_large_image\" \/>\n<meta name=\"twitter:label1\" content=\"Gesch\u00e4tzte Lesezeit\" \/>\n\t<meta name=\"twitter:data1\" content=\"1\u00a0Minute\" \/>\n<script type=\"application\/ld+json\" class=\"yoast-schema-graph\">{\"@context\":\"https:\/\/schema.org\",\"@graph\":[{\"@type\":\"WebPage\",\"@id\":\"https:\/\/www.visitsmaland.se\/de\/entdecken\/smaland-fuer-jung-alt\/\",\"url\":\"https:\/\/www.visitsmaland.se\/de\/entdecken\/smaland-fuer-jung-alt\/\",\"name\":\"Sm\u00e5land f\u00fcr Jung und Alt \u2013 Urlaub f\u00fcr alle Generationen | Visit Sm\u00e5land\",\"isPartOf\":{\"@id\":\"https:\/\/www.visitsmaland.se\/de\/#website\"},\"primaryImageOfPage\":{\"@id\":\"https:\/\/www.visitsmaland.se\/de\/entdecken\/smaland-fuer-jung-alt\/#primaryimage\"},\"image\":{\"@id\":\"https:\/\/www.visitsmaland.se\/de\/entdecken\/smaland-fuer-jung-alt\/#primaryimage\"},\"thumbnailUrl\":\"https:\/\/www.visitsmaland.se\/wp-content\/uploads\/2024\/04\/wiebke-jahn-kalmar3-scaled.jpg\",\"datePublished\":\"2024-04-22T11:42:19+00:00\",\"dateModified\":\"2025-10-30T14:41:42+00:00\",\"description\":\"Sm\u00e5land bietet f\u00fcr Jung und Alt viele Aktivit\u00e4ten: Wandertouren und Naturerlebnisse, Glash\u00fctten und gem\u00fctliche St\u00e4dte wollen entdeckt werden.\",\"breadcrumb\":{\"@id\":\"https:\/\/www.visitsmaland.se\/de\/entdecken\/smaland-fuer-jung-alt\/#breadcrumb\"},\"inLanguage\":\"de\",\"potentialAction\":[{\"@type\":\"ReadAction\",\"target\":[\"https:\/\/www.visitsmaland.se\/de\/entdecken\/smaland-fuer-jung-alt\/\"]}]},{\"@type\":\"ImageObject\",\"inLanguage\":\"de\",\"@id\":\"https:\/\/www.visitsmaland.se\/de\/entdecken\/smaland-fuer-jung-alt\/#primaryimage\",\"url\":\"https:\/\/www.visitsmaland.se\/wp-content\/uploads\/2024\/04\/wiebke-jahn-kalmar3-scaled.jpg\",\"contentUrl\":\"https:\/\/www.visitsmaland.se\/wp-content\/uploads\/2024\/04\/wiebke-jahn-kalmar3-scaled.jpg\",\"width\":2560,\"height\":1707},{\"@type\":\"BreadcrumbList\",\"@id\":\"https:\/\/www.visitsmaland.se\/de\/entdecken\/smaland-fuer-jung-alt\/#breadcrumb\",\"itemListElement\":[{\"@type\":\"ListItem\",\"position\":1,\"name\":\"Startseite\",\"item\":\"https:\/\/www.visitsmaland.se\/de\/\"},{\"@type\":\"ListItem\",\"position\":2,\"name\":\"Sm\u00e5land f\u00fcr Jung &amp; Alt\"}]},{\"@type\":\"WebSite\",\"@id\":\"https:\/\/www.visitsmaland.se\/de\/#website\",\"url\":\"https:\/\/www.visitsmaland.se\/de\/\",\"name\":\"Visit Sm\u00e5land\",\"description\":\"V\u00e4lkommen till Sm\u00e5land\",\"potentialAction\":[{\"@type\":\"SearchAction\",\"target\":{\"@type\":\"EntryPoint\",\"urlTemplate\":\"https:\/\/www.visitsmaland.se\/de\/?s={search_term_string}\"},\"query-input\":{\"@type\":\"PropertyValueSpecification\",\"valueRequired\":true,\"valueName\":\"search_term_string\"}}],\"inLanguage\":\"de\"}]}<\/script>\n<!-- \/ Yoast SEO plugin. -->","yoast_head_json":{"title":"Sm\u00e5land f\u00fcr Jung und Alt \u2013 Urlaub f\u00fcr alle Generationen | Visit Sm\u00e5land","description":"Sm\u00e5land bietet f\u00fcr Jung und Alt viele Aktivit\u00e4ten: Wandertouren und Naturerlebnisse, Glash\u00fctten und gem\u00fctliche St\u00e4dte wollen entdeckt werden.","robots":{"index":"index","follow":"follow","max-snippet":"max-snippet:-1","max-image-preview":"max-image-preview:large","max-video-preview":"max-video-preview:-1"},"canonical":"https:\/\/www.visitsmaland.se\/de\/entdecken\/smaland-fuer-jung-alt\/","og_locale":"de_DE","og_type":"article","og_title":"Sm\u00e5land f\u00fcr Jung und Alt \u2013 Urlaub f\u00fcr alle Generationen | Visit Sm\u00e5land","og_description":"Sm\u00e5land bietet f\u00fcr Jung und Alt viele Aktivit\u00e4ten: Wandertouren und Naturerlebnisse, Glash\u00fctten und gem\u00fctliche St\u00e4dte wollen entdeckt werden.","og_url":"https:\/\/www.visitsmaland.se\/de\/entdecken\/smaland-fuer-jung-alt\/","og_site_name":"Visit Sm\u00e5land","article_publisher":"https:\/\/www.facebook.com\/visitsmaland\/","article_modified_time":"2025-10-30T14:41:42+00:00","og_image":[{"width":2560,"height":1707,"url":"https:\/\/www.visitsmaland.se\/wp-content\/uploads\/2024\/04\/wiebke-jahn-kalmar3-scaled.jpg","type":"image\/jpeg"}],"twitter_card":"summary_large_image","twitter_misc":{"Gesch\u00e4tzte Lesezeit":"1\u00a0Minute"},"schema":{"@context":"https:\/\/schema.org","@graph":[{"@type":"WebPage","@id":"https:\/\/www.visitsmaland.se\/de\/entdecken\/smaland-fuer-jung-alt\/","url":"https:\/\/www.visitsmaland.se\/de\/entdecken\/smaland-fuer-jung-alt\/","name":"Sm\u00e5land f\u00fcr Jung und Alt \u2013 Urlaub f\u00fcr alle Generationen | Visit Sm\u00e5land","isPartOf":{"@id":"https:\/\/www.visitsmaland.se\/de\/#website"},"primaryImageOfPage":{"@id":"https:\/\/www.visitsmaland.se\/de\/entdecken\/smaland-fuer-jung-alt\/#primaryimage"},"image":{"@id":"https:\/\/www.visitsmaland.se\/de\/entdecken\/smaland-fuer-jung-alt\/#primaryimage"},"thumbnailUrl":"https:\/\/www.visitsmaland.se\/wp-content\/uploads\/2024\/04\/wiebke-jahn-kalmar3-scaled.jpg","datePublished":"2024-04-22T11:42:19+00:00","dateModified":"2025-10-30T14:41:42+00:00","description":"Sm\u00e5land bietet f\u00fcr Jung und Alt viele Aktivit\u00e4ten: Wandertouren und Naturerlebnisse, Glash\u00fctten und gem\u00fctliche St\u00e4dte wollen entdeckt werden.","breadcrumb":{"@id":"https:\/\/www.visitsmaland.se\/de\/entdecken\/smaland-fuer-jung-alt\/#breadcrumb"},"inLanguage":"de","potentialAction":[{"@type":"ReadAction","target":["https:\/\/www.visitsmaland.se\/de\/entdecken\/smaland-fuer-jung-alt\/"]}]},{"@type":"ImageObject","inLanguage":"de","@id":"https:\/\/www.visitsmaland.se\/de\/entdecken\/smaland-fuer-jung-alt\/#primaryimage","url":"https:\/\/www.visitsmaland.se\/wp-content\/uploads\/2024\/04\/wiebke-jahn-kalmar3-scaled.jpg","contentUrl":"https:\/\/www.visitsmaland.se\/wp-content\/uploads\/2024\/04\/wiebke-jahn-kalmar3-scaled.jpg","width":2560,"height":1707},{"@type":"BreadcrumbList","@id":"https:\/\/www.visitsmaland.se\/de\/entdecken\/smaland-fuer-jung-alt\/#breadcrumb","itemListElement":[{"@type":"ListItem","position":1,"name":"Startseite","item":"https:\/\/www.visitsmaland.se\/de\/"},{"@type":"ListItem","position":2,"name":"Sm\u00e5land f\u00fcr Jung &amp; Alt"}]},{"@type":"WebSite","@id":"https:\/\/www.visitsmaland.se\/de\/#website","url":"https:\/\/www.visitsmaland.se\/de\/","name":"Visit Sm\u00e5land","description":"V\u00e4lkommen till Sm\u00e5land","potentialAction":[{"@type":"SearchAction","target":{"@type":"EntryPoint","urlTemplate":"https:\/\/www.visitsmaland.se\/de\/?s={search_term_string}"},"query-input":{"@type":"PropertyValueSpecification","valueRequired":true,"valueName":"search_term_string"}}],"inLanguage":"de"}]}},"_links":{"self":[{"href":"https:\/\/www.visitsmaland.se\/de\/wp-json\/wp\/v2\/guide\/46287","targetHints":{"allow":["GET"]}}],"collection":[{"href":"https:\/\/www.visitsmaland.se\/de\/wp-json\/wp\/v2\/guide"}],"about":[{"href":"https:\/\/www.visitsmaland.se\/de\/wp-json\/wp\/v2\/types\/guide"}],"version-history":[{"count":10,"href":"https:\/\/www.visitsmaland.se\/de\/wp-json\/wp\/v2\/guide\/46287\/revisions"}],"predecessor-version":[{"id":74991,"href":"https:\/\/www.visitsmaland.se\/de\/wp-json\/wp\/v2\/guide\/46287\/revisions\/74991"}],"wp:featuredmedia":[{"embeddable":true,"href":"https:\/\/www.visitsmaland.se\/de\/wp-json\/wp\/v2\/media\/46030"}],"wp:attachment":[{"href":"https:\/\/www.visitsmaland.se\/de\/wp-json\/wp\/v2\/media?parent=46287"}],"wp:term":[{"taxonomy":"post_tag","embeddable":true,"href":"https:\/\/www.visitsmaland.se\/de\/wp-json\/wp\/v2\/tags?post=46287"},{"taxonomy":"land","embeddable":true,"href":"https:\/\/www.visitsmaland.se\/de\/wp-json\/wp\/v2\/land?post=46287"}],"curies":[{"name":"wp","href":"https:\/\/api.w.org\/{rel}","templated":true}]}}