{"id":60566,"date":"2024-04-09T12:44:42","date_gmt":"2024-04-09T10:44:42","guid":{"rendered":"https:\/\/www.visitsmaland.se\/upptack\/ridning\/"},"modified":"2025-10-29T10:05:39","modified_gmt":"2025-10-29T09:05:39","slug":"pferdereiten","status":"publish","type":"guide","link":"https:\/\/www.visitsmaland.se\/de\/entdecken\/pferdereiten\/","title":{"rendered":"Pferdereiten"},"content":{"rendered":"<div class=\"postHerosection postHerosection__wrapper\">\n    <div class=\"postHerosection postHerosection__container\">\n        <h1 class=\"postHerosection postHerosection__heroHeading\">\n            Reittouren in Sm\u00e5land        <\/h1>\n            <\/div>\n    <div class=\"postHerosection postHerosection__imageContainer\">\n        <img loading=\"lazy\" decoding=\"async\" width=\"2560\" height=\"1708\" src=\"https:\/\/www.visitsmaland.se\/wp-content\/uploads\/2024\/04\/Visingso-4-scaled.jpg\" class=\"attachment-full size-full\" alt=\"\" srcset=\"https:\/\/www.visitsmaland.se\/wp-content\/uploads\/2024\/04\/Visingso-4-scaled.jpg 2560w, https:\/\/www.visitsmaland.se\/wp-content\/uploads\/2024\/04\/Visingso-4-300x200.jpg 300w, https:\/\/www.visitsmaland.se\/wp-content\/uploads\/2024\/04\/Visingso-4-1024x683.jpg 1024w, https:\/\/www.visitsmaland.se\/wp-content\/uploads\/2024\/04\/Visingso-4-768x512.jpg 768w, https:\/\/www.visitsmaland.se\/wp-content\/uploads\/2024\/04\/Visingso-4-1536x1025.jpg 1536w, https:\/\/www.visitsmaland.se\/wp-content\/uploads\/2024\/04\/Visingso-4-2048x1366.jpg 2048w\" sizes=\"(max-width: 2560px) 100vw, 2560px\" \/>    <\/div>\n<\/div>\n<div class=\"postHerosection postHerosection__breadcrumbs\">\n   <div class=\"postHerosection postHerosection__breadcrumbs-container\">\n        <p id=\"breadcrumbs\"><span><span><a href=\"https:\/\/www.visitsmaland.se\/de\/\">Startseite<\/a><\/span><\/span><\/p>    <\/div>\n<\/div>\n\n<div class=\"contentCta contentCta__wrapper\">\n    <div class=\"contentCta contentCta__container\">\n                    \t\t\t<div class=\"contentCta contentCta__text\" style=\"color: \">\n\t\t\t\t<p>Entdecke die malerische Natur von Sm\u00e5land in vollem Galopp oder in gem\u00e4chlichem Schritt. Zwischen zwei flauschigen Pferdeohren kannst du die atemberaubende Landschaft genie\u00dfen, die sich vor dir entfaltet. Kombiniere Harmonie und Abenteuer mit einem Ausritt durch die sm\u00e5l\u00e4ndischen W\u00e4lder.<\/p>\n\t\t\t<\/div>\n                <hr>\n            <\/div>\n<\/div>\n\n\n<div class=\"contentImageTwoColumns contentImageTwoColumns__wrapper\" style=\"background-color: #f4f2eb\">\n    <div class=\"contentImageTwoColumns contentImageTwoColumns__container \">\n        <div class=\"contentImageTwoColumns contentImageTwoColumns__contentWrapper\">\n            <h2 class=\"contentImageTwoColumns contentImageTwoColumns__heading\" style=\"color: #000000\">\n                Stall Roempke            <\/h2>\n            <div class=\"contentImageTwoColumns contentImageTwoColumns__text contentImageTwoColumns__text--short\" style=\"color: #000000\">\n                                    <p>Der Stall Roempke bietet eine Reihe von Erlebnis-Paketen f\u00fcr alle, die Reitaktivit\u00e4ten mit naturverbundenen Abenteuern kombinieren m\u00f6chten. Hier kannst du alles buchen, von Ausritten durch die sch\u00f6&#8230;                    <button type=\"button\" class=\"contentImageTwoColumns contentImageTwoColumns__readMoreLess\">\n                        Mehr lesen +                    <\/button>\n                            <\/div>\n            <div class=\"contentImageTwoColumns contentImageTwoColumns__text contentImageTwoColumns__text--full\" style=\"color: #000000\">\n                <p>Der Stall Roempke bietet eine Reihe von Erlebnis-Paketen f\u00fcr alle, die Reitaktivit\u00e4ten mit naturverbundenen Abenteuern kombinieren m\u00f6chten. Hier kannst du alles buchen, von Ausritten durch die sch\u00f6nen Eichenw\u00e4lder und strandnahen Landschaften von Visings\u00f6 bis hin zu Wochenendcamps f\u00fcr alle Reitlevel. F\u00fcr diejenigen, die einen vollst\u00e4ndigen Aufenthalt w\u00fcnschen, werden Pakete mit \u00dcbernachtung auf charmanten Bauernh\u00f6fen und Zugang zu einem gem\u00fctlichen Mini-Spa angeboten. Der Stall Roempke ist das perfekte Ziel f\u00fcr diejenigen, die eine Mischung aus Aktivit\u00e4t und Entspannung suchen. Erlebe Sm\u00e5land und Visings\u00f6 vom Pferder\u00fccken \u2013 ein unvergessliches Abenteuer erwartet dich!<\/p>\n                <button type=\"button\" class=\"contentImageTwoColumns contentImageTwoColumns__readMoreLess\">\n                    Weniger lesen &#8211;                <\/button>\n            <\/div>\n                        <div class=\"wp-block-buttons is-layout-flex wp-block-buttons-is-layout-flex\">\n                <div class=\"wp-block-button arrow-white\">\n                    <a aria-label=\"Jetzt entdecken\" class=\"wp-block-button__link wp-element-button\" href=\"https:\/\/www.stallroempke.se\/upplevelsepaket\/\" style=\"background-color: #374632; color: #ffffff;border: solid 1px #374632\">\n                        Jetzt entdecken                    <\/a>\n                <\/div>\n            <\/div>\n                                <\/div>\n        <div class=\"contentImageTwoColumns contentImageTwoColumns__imageWrapper\">\n            <img loading=\"lazy\" decoding=\"async\" width=\"1024\" height=\"740\" src=\"https:\/\/www.visitsmaland.se\/wp-content\/uploads\/2024\/04\/Roempke-04-foto-Evelyn-Einebrant-1024x740.jpg\" class=\"attachment-grid-card-images size-grid-card-images\" alt=\"\" \/>        <\/div>\n    <\/div>\n<\/div>\n\n\n<div class=\"contentImageTwoColumns contentImageTwoColumns__wrapper\" style=\"background-color: #374632\">\n    <div class=\"contentImageTwoColumns contentImageTwoColumns__container layout-reversed\">\n        <div class=\"contentImageTwoColumns contentImageTwoColumns__contentWrapper\">\n            <h2 class=\"contentImageTwoColumns contentImageTwoColumns__heading\" style=\"color: #ffffff\">\n                Kvarnbacka Islandsh\u00e4star            <\/h2>\n            <div class=\"contentImageTwoColumns contentImageTwoColumns__text contentImageTwoColumns__text--short\" style=\"color: #ffffff\">\n                                    <p>Entdecke die Natur von \u00d6land vom Pferder\u00fccken aus \u2013 auf dem Islandpferdehof Kvarnbacka Islandsh\u00e4star. Hier werden Ausritte f\u00fcr Anf\u00e4ngerinnen und Anf\u00e4nger sowie erfahrene Reiterinnen und Reiter ange&#8230;                    <button type=\"button\" class=\"contentImageTwoColumns contentImageTwoColumns__readMoreLess\">\n                        Mehr lesen +                    <\/button>\n                            <\/div>\n            <div class=\"contentImageTwoColumns contentImageTwoColumns__text contentImageTwoColumns__text--full\" style=\"color: #ffffff\">\n                <p>Entdecke die Natur von \u00d6land vom Pferder\u00fccken aus \u2013 auf dem Islandpferdehof Kvarnbacka Islandsh\u00e4star. Hier werden Ausritte f\u00fcr Anf\u00e4ngerinnen und Anf\u00e4nger sowie erfahrene Reiterinnen und Reiter angeboten, gef\u00fchrt von sachkundigen Guides. Reite durch offene Felder, malerische Wege und sandige Stra\u00dfen. Kvarnbacka Islandsh\u00e4star bietet verschiedene Pakete an, bei denen Verpflegung enthalten ist, um das Erlebnis noch unvergesslicher zu machen. Mit seiner Lage im Herzen von \u00d6land ist dies die perfekte Aktivit\u00e4t f\u00fcr diejenigen, die Naturerlebnisse und Pferdebegeisterung kombinieren m\u00f6chten.<\/p>\n                <button type=\"button\" class=\"contentImageTwoColumns contentImageTwoColumns__readMoreLess\">\n                    Weniger lesen &#8211;                <\/button>\n            <\/div>\n                        <div class=\"wp-block-buttons is-layout-flex wp-block-buttons-is-layout-flex\">\n                <div class=\"wp-block-button \">\n                    <a aria-label=\"Mehr erfahren\" class=\"wp-block-button__link wp-element-button\" href=\"https:\/\/www.kvarnbacka.se\/turridning\/turridning-pa-oland\/\" style=\"background-color: #f4f2eb; color: #000000;border: solid 1px #f4f2eb\">\n                        Mehr erfahren                    <\/a>\n                <\/div>\n            <\/div>\n                                <\/div>\n        <div class=\"contentImageTwoColumns contentImageTwoColumns__imageWrapper\">\n            <img loading=\"lazy\" decoding=\"async\" width=\"1024\" height=\"740\" src=\"https:\/\/www.visitsmaland.se\/wp-content\/uploads\/2024\/04\/oland-kvarnbacka-alexander-hall-2023-OlandCo-ALEX2357-1024x740.jpg\" class=\"attachment-grid-card-images size-grid-card-images\" alt=\"\" \/>        <\/div>\n    <\/div>\n<\/div>\n\n\n<div class=\"contentImageTwoColumns contentImageTwoColumns__wrapper\" style=\"background-color: #ffffff\">\n    <div class=\"contentImageTwoColumns contentImageTwoColumns__container \">\n        <div class=\"contentImageTwoColumns contentImageTwoColumns__contentWrapper\">\n            <h2 class=\"contentImageTwoColumns contentImageTwoColumns__heading\" style=\"color: #000000\">\n                Eriksg\u00e5rden            <\/h2>\n            <div class=\"contentImageTwoColumns contentImageTwoColumns__text contentImageTwoColumns__text--short\" style=\"color: #000000\">\n                                    <p>Eriksg\u00e5rden bietet nat\u00fcrliche Erlebnisse mit dem Pferd im Mittelpunkt des lebendigen Dorfes Fj\u00e4lster, s\u00fcdlich von Vimmerby. Triff Ardennerpferde, Gotlandponys und andere Kleinpferde und lerne mehr \u00fcber die Tiere und das Kulturerbe der bezaubernden Umgebung.<\/p>\n                            <\/div>\n            <div class=\"contentImageTwoColumns contentImageTwoColumns__text contentImageTwoColumns__text--full\" style=\"color: #000000\">\n                <p>Eriksg\u00e5rden bietet nat\u00fcrliche Erlebnisse mit dem Pferd im Mittelpunkt des lebendigen Dorfes Fj\u00e4lster, s\u00fcdlich von Vimmerby. Triff Ardennerpferde, Gotlandponys und andere Kleinpferde und lerne mehr \u00fcber die Tiere und das Kulturerbe der bezaubernden Umgebung.<\/p>\n                <button type=\"button\" class=\"contentImageTwoColumns contentImageTwoColumns__readMoreLess\">\n                    Weniger lesen &#8211;                <\/button>\n            <\/div>\n                        <div class=\"wp-block-buttons is-layout-flex wp-block-buttons-is-layout-flex\">\n                <div class=\"wp-block-button \">\n                    <a aria-label=\"Mehr erfahren\" class=\"wp-block-button__link wp-element-button\" href=\"https:\/\/www.eriksgardenvimmerby.se\/de\/\" style=\"background-color: #fbbd51; color: #000000;border: solid 1px #fbbd51\">\n                        Mehr erfahren                    <\/a>\n                <\/div>\n            <\/div>\n                                <\/div>\n        <div class=\"contentImageTwoColumns contentImageTwoColumns__imageWrapper\">\n            <img loading=\"lazy\" decoding=\"async\" width=\"1024\" height=\"740\" src=\"https:\/\/www.visitsmaland.se\/wp-content\/uploads\/2024\/04\/eriksgarden-1024x740.jpg\" class=\"attachment-grid-card-images size-grid-card-images\" alt=\"\" \/>        <\/div>\n    <\/div>\n<\/div>\n\n\n<div class=\"contentImageTwoColumns contentImageTwoColumns__wrapper\" style=\"background-color: #374632\">\n    <div class=\"contentImageTwoColumns contentImageTwoColumns__container layout-reversed\">\n        <div class=\"contentImageTwoColumns contentImageTwoColumns__contentWrapper\">\n            <h2 class=\"contentImageTwoColumns contentImageTwoColumns__heading\" style=\"color: #ffffff\">\n                Visings\u00f6 Remmalag            <\/h2>\n            <div class=\"contentImageTwoColumns contentImageTwoColumns__text contentImageTwoColumns__text--short\" style=\"color: #ffffff\">\n                                    <p>Erlebe das m\u00e4rchenhafte Visings\u00f6 mit Pferd und Wagen! W\u00e4hrend der Sommersaison fahren die Remmalags den ganzen Tag \u00fcber regelm\u00e4\u00dfig. Es gibt verschiedene Touren zur Auswahl, die alle unterschiedlich&#8230;                    <button type=\"button\" class=\"contentImageTwoColumns contentImageTwoColumns__readMoreLess\">\n                        Mehr lesen +                    <\/button>\n                            <\/div>\n            <div class=\"contentImageTwoColumns contentImageTwoColumns__text contentImageTwoColumns__text--full\" style=\"color: #ffffff\">\n                <p>Erlebe das m\u00e4rchenhafte Visings\u00f6 mit Pferd und Wagen! W\u00e4hrend der Sommersaison fahren die Remmalags den ganzen Tag \u00fcber regelm\u00e4\u00dfig. Es gibt verschiedene Touren zur Auswahl, die alle unterschiedliche L\u00e4ngen haben. Genie\u00dfe die malerische Insel aus einem angenehm schaukelnden Wagen. Kleine Stopps unterwegs erm\u00f6glichen kurze Abstecher zu Sehensw\u00fcrdigkeiten auf der Insel.<\/p>\n                <button type=\"button\" class=\"contentImageTwoColumns contentImageTwoColumns__readMoreLess\">\n                    Weniger lesen &#8211;                <\/button>\n            <\/div>\n                        <div class=\"wp-block-buttons is-layout-flex wp-block-buttons-is-layout-flex\">\n                <div class=\"wp-block-button \">\n                    <a aria-label=\"Mehr erfahren\" class=\"wp-block-button__link wp-element-button\" href=\"http:\/\/www.visingsoremmalag.se\" style=\"background-color: #f4f2eb; color: ;border: solid 1px #f4f2eb\">\n                        Mehr erfahren                    <\/a>\n                <\/div>\n            <\/div>\n                                <\/div>\n        <div class=\"contentImageTwoColumns contentImageTwoColumns__imageWrapper\">\n            <img loading=\"lazy\" decoding=\"async\" width=\"1024\" height=\"740\" src=\"https:\/\/www.visitsmaland.se\/wp-content\/uploads\/2024\/05\/Visingso-5-1024x740.jpg\" class=\"attachment-grid-card-images size-grid-card-images\" alt=\"\" \/>        <\/div>\n    <\/div>\n<\/div>\n\n\n<div class=\"contentImageTwoColumns contentImageTwoColumns__wrapper\" style=\"background-color: #f4f2eb\">\n    <div class=\"contentImageTwoColumns contentImageTwoColumns__container \">\n        <div class=\"contentImageTwoColumns contentImageTwoColumns__contentWrapper\">\n            <h2 class=\"contentImageTwoColumns contentImageTwoColumns__heading\" style=\"color: #000000\">\n                Kyrkekvarn            <\/h2>\n            <div class=\"contentImageTwoColumns contentImageTwoColumns__text contentImageTwoColumns__text--short\" style=\"color: #000000\">\n                                    <p>Auf Kyrkekvarn werden Reiterlebnisse f\u00fcr Gro\u00df und Klein angeboten. Von Ausritten und Reiten auf eigene Faust bis hin zu Reittouren mit \u00dcbernachtung und dem Ponyexpress, einer Aktivit\u00e4t, bei der ein&#8230;                    <button type=\"button\" class=\"contentImageTwoColumns contentImageTwoColumns__readMoreLess\">\n                        Mehr lesen +                    <\/button>\n                            <\/div>\n            <div class=\"contentImageTwoColumns contentImageTwoColumns__text contentImageTwoColumns__text--full\" style=\"color: #000000\">\n                <p>Auf Kyrkekvarn werden Reiterlebnisse f\u00fcr Gro\u00df und Klein angeboten. Von Ausritten und Reiten auf eigene Faust bis hin zu Reittouren mit \u00dcbernachtung und dem Ponyexpress, einer Aktivit\u00e4t, bei der ein Pony und ein Kind von einem Elternteil entlang der Reitwege im Wald gef\u00fchrt werden \u2013 f\u00fcr alle Pferdefans findet sich das richtige Abenteuer. <\/p>\n                <button type=\"button\" class=\"contentImageTwoColumns contentImageTwoColumns__readMoreLess\">\n                    Weniger lesen &#8211;                <\/button>\n            <\/div>\n                        <div class=\"wp-block-buttons is-layout-flex wp-block-buttons-is-layout-flex\">\n                <div class=\"wp-block-button arrow-white\">\n                    <a aria-label=\"Mehr erfahren\" class=\"wp-block-button__link wp-element-button\" href=\"https:\/\/kyrkekvarn.com\/kyrkekvarn-information-auf-deutsch\" style=\"background-color: #374632; color: #ffffff;border: solid 1px #374632\">\n                        Mehr erfahren                    <\/a>\n                <\/div>\n            <\/div>\n                                <\/div>\n        <div class=\"contentImageTwoColumns contentImageTwoColumns__imageWrapper\">\n            <img loading=\"lazy\" decoding=\"async\" width=\"1024\" height=\"740\" src=\"https:\/\/www.visitsmaland.se\/wp-content\/uploads\/2024\/04\/kyrkekvarn-1024x740.jpg\" class=\"attachment-grid-card-images size-grid-card-images\" alt=\"\" \/>        <\/div>\n    <\/div>\n<\/div>\n\n\n  \n<div class=\"featuredTwoColumns featuredTwoColumns__wrapper\">\n    <div class=\"featuredTwoColumns featuredTwoColumns__container\">  \n            <div class=\"featuredTwoColumns featuredTwoColumns__feturedWrapper\">\n            <a aria-label=\"Kinder &amp; Familie\" href=\"https:\/\/www.visitsmaland.se\/de\/entdecken\/kinder-familie-inspiration\/\"class=\"featuredTwoColumns featuredTwoColumns__imageWrapper\">\n                <img loading=\"lazy\" decoding=\"async\" width=\"1024\" height=\"740\" src=\"https:\/\/www.visitsmaland.se\/wp-content\/uploads\/2024\/04\/anna_hallams-family_walking_and_cycling-7265-1024x740.jpg\" class=\"attachment-grid-card-images size-grid-card-images wp-post-image\" alt=\"\" \/>            <\/a>\n            <div class=\"featuredTwoColumns featuredTwoColumns__contentWrapper\">\n                <h2 class=\"featuredTwoColumns featuredTwoColumns__heading\">\n                    Kinder &amp; Familie                <\/h2>\n                <p class=\"featuredTwoColumns featuredTwoColumns__description\">\n                    Willkommen in Sm\u00e5land &#8211; dem Urlaubsland f\u00fcr Kinder!\u2026                <\/p>\n                 \n                 \n                <div class=\"wp-block-buttons is-layout-flex wp-block-buttons-is-layout-flex\">\n                    <div class=\"wp-block-button \">\n                        <a aria-label=\"Kinder &amp; Familie\"class=\"wp-block-button__link wp-element-button\" href=\"https:\/\/www.visitsmaland.se\/de\/entdecken\/kinder-familie-inspiration\/\">\n                            Entdecke                       \n                         <\/a>\n                    <\/div>\n                <\/div>\n            <\/div>\n        <\/div>\n                <div class=\"featuredTwoColumns featuredTwoColumns__feturedWrapper\">\n            <a aria-label=\"Radtourenanbieter in Sm\u00e5land\" href=\"https:\/\/www.visitsmaland.se\/de\/entdecken\/radtourenanbieter-in-smaland\/\"class=\"featuredTwoColumns featuredTwoColumns__imageWrapper\">\n                <img loading=\"lazy\" decoding=\"async\" width=\"1024\" height=\"740\" src=\"https:\/\/www.visitsmaland.se\/wp-content\/uploads\/2024\/11\/Smalands-Turism_Robert-Brolin-51-1024x740.jpg\" class=\"attachment-grid-card-images size-grid-card-images wp-post-image\" alt=\"\" \/>            <\/a>\n            <div class=\"featuredTwoColumns featuredTwoColumns__contentWrapper\">\n                <h2 class=\"featuredTwoColumns featuredTwoColumns__heading\">\n                    Radtourenanbieter in Sm\u00e5land                <\/h2>\n                <p class=\"featuredTwoColumns featuredTwoColumns__description\">\n                    Steig in den Sattel und mach dich auf zu einer Radt\u2026                <\/p>\n                 \n                 \n                <div class=\"wp-block-buttons is-layout-flex wp-block-buttons-is-layout-flex\">\n                    <div class=\"wp-block-button \">\n                        <a aria-label=\"Radtourenanbieter in Sm\u00e5land\"class=\"wp-block-button__link wp-element-button\" href=\"https:\/\/www.visitsmaland.se\/de\/entdecken\/radtourenanbieter-in-smaland\/\">\n                            Entdecke                       \n                         <\/a>\n                    <\/div>\n                <\/div>\n            <\/div>\n        <\/div>\n            <\/div>\n<\/div>\n","protected":false},"excerpt":{"rendered":"<p>Entdecken Sie die malerische Natur von Sm\u00e5land in vollem Tempo oder in gem\u00e4chlichem Tempo. Zwischen zwei flauschigen Pferdeohren k\u00f6nnen Sie die atemberaubende Landschaft genie\u00dfen, die sich vor Ihnen entfaltet. Kombinieren Sie Harmonie und Abenteuer mit einem Ausritt durch die sm\u00e5l\u00e4ndischen W\u00e4lder.<\/p>\n","protected":false},"featured_media":59557,"parent":0,"menu_order":790,"template":"","tags":[],"land":[],"class_list":["post-60566","guide","type-guide","status-publish","has-post-thumbnail","hentry"],"acf":{"priority":""},"yoast_head":"<!-- This site is optimized with the Yoast SEO plugin v27.5 - https:\/\/yoast.com\/product\/yoast-seo-wordpress\/ -->\n<title>Reittouren in Sm\u00e5land \u2013 Ausfl\u00fcge durch Wald und Flur | Visit Sm\u00e5land<\/title>\n<meta name=\"description\" content=\"Pferdereiten in Sm\u00e5land. Entdecke die malerische Natur von Sm\u00e5land in vollem Galopp oder in gem\u00fctlichem Schritt.\" \/>\n<meta name=\"robots\" content=\"index, follow, max-snippet:-1, max-image-preview:large, max-video-preview:-1\" \/>\n<link rel=\"canonical\" href=\"https:\/\/www.visitsmaland.se\/de\/entdecken\/pferdereiten\/\" \/>\n<meta property=\"og:locale\" content=\"de_DE\" \/>\n<meta property=\"og:type\" content=\"article\" \/>\n<meta property=\"og:title\" content=\"Reittouren in Sm\u00e5land \u2013 Ausfl\u00fcge durch Wald und Flur | Visit Sm\u00e5land\" \/>\n<meta property=\"og:description\" content=\"Pferdereiten in Sm\u00e5land. Entdecke die malerische Natur von Sm\u00e5land in vollem Galopp oder in gem\u00fctlichem Schritt.\" \/>\n<meta property=\"og:url\" content=\"https:\/\/www.visitsmaland.se\/de\/entdecken\/pferdereiten\/\" \/>\n<meta property=\"og:site_name\" content=\"Visit Sm\u00e5land\" \/>\n<meta property=\"article:publisher\" content=\"https:\/\/www.facebook.com\/visitsmaland\/\" \/>\n<meta property=\"article:modified_time\" content=\"2025-10-29T09:05:39+00:00\" \/>\n<meta property=\"og:image\" content=\"https:\/\/www.visitsmaland.se\/wp-content\/uploads\/2024\/04\/Visingso-4-scaled.jpg\" \/>\n\t<meta property=\"og:image:width\" content=\"2560\" \/>\n\t<meta property=\"og:image:height\" content=\"1708\" \/>\n\t<meta property=\"og:image:type\" content=\"image\/jpeg\" \/>\n<meta name=\"twitter:card\" content=\"summary_large_image\" \/>\n<meta name=\"twitter:label1\" content=\"Gesch\u00e4tzte Lesezeit\" \/>\n\t<meta name=\"twitter:data1\" content=\"1\u00a0Minute\" \/>\n<script type=\"application\/ld+json\" class=\"yoast-schema-graph\">{\"@context\":\"https:\\\/\\\/schema.org\",\"@graph\":[{\"@type\":\"WebPage\",\"@id\":\"https:\\\/\\\/www.visitsmaland.se\\\/de\\\/entdecken\\\/pferdereiten\\\/\",\"url\":\"https:\\\/\\\/www.visitsmaland.se\\\/de\\\/entdecken\\\/pferdereiten\\\/\",\"name\":\"Reittouren in Sm\u00e5land \u2013 Ausfl\u00fcge durch Wald und Flur | Visit Sm\u00e5land\",\"isPartOf\":{\"@id\":\"https:\\\/\\\/www.visitsmaland.se\\\/de\\\/#website\"},\"primaryImageOfPage\":{\"@id\":\"https:\\\/\\\/www.visitsmaland.se\\\/de\\\/entdecken\\\/pferdereiten\\\/#primaryimage\"},\"image\":{\"@id\":\"https:\\\/\\\/www.visitsmaland.se\\\/de\\\/entdecken\\\/pferdereiten\\\/#primaryimage\"},\"thumbnailUrl\":\"https:\\\/\\\/www.visitsmaland.se\\\/wp-content\\\/uploads\\\/2024\\\/04\\\/Visingso-4-scaled.jpg\",\"datePublished\":\"2024-04-09T10:44:42+00:00\",\"dateModified\":\"2025-10-29T09:05:39+00:00\",\"description\":\"Pferdereiten in Sm\u00e5land. Entdecke die malerische Natur von Sm\u00e5land in vollem Galopp oder in gem\u00fctlichem Schritt.\",\"breadcrumb\":{\"@id\":\"https:\\\/\\\/www.visitsmaland.se\\\/de\\\/entdecken\\\/pferdereiten\\\/#breadcrumb\"},\"inLanguage\":\"de\",\"potentialAction\":[{\"@type\":\"ReadAction\",\"target\":[\"https:\\\/\\\/www.visitsmaland.se\\\/de\\\/entdecken\\\/pferdereiten\\\/\"]}]},{\"@type\":\"ImageObject\",\"inLanguage\":\"de\",\"@id\":\"https:\\\/\\\/www.visitsmaland.se\\\/de\\\/entdecken\\\/pferdereiten\\\/#primaryimage\",\"url\":\"https:\\\/\\\/www.visitsmaland.se\\\/wp-content\\\/uploads\\\/2024\\\/04\\\/Visingso-4-scaled.jpg\",\"contentUrl\":\"https:\\\/\\\/www.visitsmaland.se\\\/wp-content\\\/uploads\\\/2024\\\/04\\\/Visingso-4-scaled.jpg\",\"width\":2560,\"height\":1708},{\"@type\":\"BreadcrumbList\",\"@id\":\"https:\\\/\\\/www.visitsmaland.se\\\/de\\\/entdecken\\\/pferdereiten\\\/#breadcrumb\",\"itemListElement\":[{\"@type\":\"ListItem\",\"position\":1,\"name\":\"Startseite\",\"item\":\"https:\\\/\\\/www.visitsmaland.se\\\/de\\\/\"},{\"@type\":\"ListItem\",\"position\":2,\"name\":\"Pferdereiten\"}]},{\"@type\":\"WebSite\",\"@id\":\"https:\\\/\\\/www.visitsmaland.se\\\/de\\\/#website\",\"url\":\"https:\\\/\\\/www.visitsmaland.se\\\/de\\\/\",\"name\":\"Visit Sm\u00e5land\",\"description\":\"V\u00e4lkommen till Sm\u00e5land\",\"potentialAction\":[{\"@type\":\"SearchAction\",\"target\":{\"@type\":\"EntryPoint\",\"urlTemplate\":\"https:\\\/\\\/www.visitsmaland.se\\\/de\\\/?s={search_term_string}\"},\"query-input\":{\"@type\":\"PropertyValueSpecification\",\"valueRequired\":true,\"valueName\":\"search_term_string\"}}],\"inLanguage\":\"de\"}]}<\/script>\n<!-- \/ Yoast SEO plugin. -->","yoast_head_json":{"title":"Reittouren in Sm\u00e5land \u2013 Ausfl\u00fcge durch Wald und Flur | Visit Sm\u00e5land","description":"Pferdereiten in Sm\u00e5land. Entdecke die malerische Natur von Sm\u00e5land in vollem Galopp oder in gem\u00fctlichem Schritt.","robots":{"index":"index","follow":"follow","max-snippet":"max-snippet:-1","max-image-preview":"max-image-preview:large","max-video-preview":"max-video-preview:-1"},"canonical":"https:\/\/www.visitsmaland.se\/de\/entdecken\/pferdereiten\/","og_locale":"de_DE","og_type":"article","og_title":"Reittouren in Sm\u00e5land \u2013 Ausfl\u00fcge durch Wald und Flur | Visit Sm\u00e5land","og_description":"Pferdereiten in Sm\u00e5land. Entdecke die malerische Natur von Sm\u00e5land in vollem Galopp oder in gem\u00fctlichem Schritt.","og_url":"https:\/\/www.visitsmaland.se\/de\/entdecken\/pferdereiten\/","og_site_name":"Visit Sm\u00e5land","article_publisher":"https:\/\/www.facebook.com\/visitsmaland\/","article_modified_time":"2025-10-29T09:05:39+00:00","og_image":[{"width":2560,"height":1708,"url":"https:\/\/www.visitsmaland.se\/wp-content\/uploads\/2024\/04\/Visingso-4-scaled.jpg","type":"image\/jpeg"}],"twitter_card":"summary_large_image","twitter_misc":{"Gesch\u00e4tzte Lesezeit":"1\u00a0Minute"},"schema":{"@context":"https:\/\/schema.org","@graph":[{"@type":"WebPage","@id":"https:\/\/www.visitsmaland.se\/de\/entdecken\/pferdereiten\/","url":"https:\/\/www.visitsmaland.se\/de\/entdecken\/pferdereiten\/","name":"Reittouren in Sm\u00e5land \u2013 Ausfl\u00fcge durch Wald und Flur | Visit Sm\u00e5land","isPartOf":{"@id":"https:\/\/www.visitsmaland.se\/de\/#website"},"primaryImageOfPage":{"@id":"https:\/\/www.visitsmaland.se\/de\/entdecken\/pferdereiten\/#primaryimage"},"image":{"@id":"https:\/\/www.visitsmaland.se\/de\/entdecken\/pferdereiten\/#primaryimage"},"thumbnailUrl":"https:\/\/www.visitsmaland.se\/wp-content\/uploads\/2024\/04\/Visingso-4-scaled.jpg","datePublished":"2024-04-09T10:44:42+00:00","dateModified":"2025-10-29T09:05:39+00:00","description":"Pferdereiten in Sm\u00e5land. Entdecke die malerische Natur von Sm\u00e5land in vollem Galopp oder in gem\u00fctlichem Schritt.","breadcrumb":{"@id":"https:\/\/www.visitsmaland.se\/de\/entdecken\/pferdereiten\/#breadcrumb"},"inLanguage":"de","potentialAction":[{"@type":"ReadAction","target":["https:\/\/www.visitsmaland.se\/de\/entdecken\/pferdereiten\/"]}]},{"@type":"ImageObject","inLanguage":"de","@id":"https:\/\/www.visitsmaland.se\/de\/entdecken\/pferdereiten\/#primaryimage","url":"https:\/\/www.visitsmaland.se\/wp-content\/uploads\/2024\/04\/Visingso-4-scaled.jpg","contentUrl":"https:\/\/www.visitsmaland.se\/wp-content\/uploads\/2024\/04\/Visingso-4-scaled.jpg","width":2560,"height":1708},{"@type":"BreadcrumbList","@id":"https:\/\/www.visitsmaland.se\/de\/entdecken\/pferdereiten\/#breadcrumb","itemListElement":[{"@type":"ListItem","position":1,"name":"Startseite","item":"https:\/\/www.visitsmaland.se\/de\/"},{"@type":"ListItem","position":2,"name":"Pferdereiten"}]},{"@type":"WebSite","@id":"https:\/\/www.visitsmaland.se\/de\/#website","url":"https:\/\/www.visitsmaland.se\/de\/","name":"Visit Sm\u00e5land","description":"V\u00e4lkommen till Sm\u00e5land","potentialAction":[{"@type":"SearchAction","target":{"@type":"EntryPoint","urlTemplate":"https:\/\/www.visitsmaland.se\/de\/?s={search_term_string}"},"query-input":{"@type":"PropertyValueSpecification","valueRequired":true,"valueName":"search_term_string"}}],"inLanguage":"de"}]}},"_links":{"self":[{"href":"https:\/\/www.visitsmaland.se\/de\/wp-json\/wp\/v2\/guide\/60566","targetHints":{"allow":["GET"]}}],"collection":[{"href":"https:\/\/www.visitsmaland.se\/de\/wp-json\/wp\/v2\/guide"}],"about":[{"href":"https:\/\/www.visitsmaland.se\/de\/wp-json\/wp\/v2\/types\/guide"}],"version-history":[{"count":10,"href":"https:\/\/www.visitsmaland.se\/de\/wp-json\/wp\/v2\/guide\/60566\/revisions"}],"predecessor-version":[{"id":77443,"href":"https:\/\/www.visitsmaland.se\/de\/wp-json\/wp\/v2\/guide\/60566\/revisions\/77443"}],"wp:featuredmedia":[{"embeddable":true,"href":"https:\/\/www.visitsmaland.se\/de\/wp-json\/wp\/v2\/media\/59557"}],"wp:attachment":[{"href":"https:\/\/www.visitsmaland.se\/de\/wp-json\/wp\/v2\/media?parent=60566"}],"wp:term":[{"taxonomy":"post_tag","embeddable":true,"href":"https:\/\/www.visitsmaland.se\/de\/wp-json\/wp\/v2\/tags?post=60566"},{"taxonomy":"land","embeddable":true,"href":"https:\/\/www.visitsmaland.se\/de\/wp-json\/wp\/v2\/land?post=60566"}],"curies":[{"name":"wp","href":"https:\/\/api.w.org\/{rel}","templated":true}]}}