{"id":66481,"date":"2024-04-22T13:39:14","date_gmt":"2024-04-22T11:39:14","guid":{"rendered":"https:\/\/www.visitsmaland.se\/upptack\/edible\/"},"modified":"2025-04-22T12:45:40","modified_gmt":"2025-04-22T10:45:40","slug":"the-edible-country","status":"publish","type":"guide","link":"https:\/\/www.visitsmaland.se\/de\/entdecken\/the-edible-country\/","title":{"rendered":"The Edible Country"},"content":{"rendered":"<div class=\"postHerosection postHerosection__wrapper\">\n    <div class=\"postHerosection postHerosection__container\">\n        <h1 class=\"postHerosection postHerosection__heroHeading\">\n            The Edible Country        <\/h1>\n            <\/div>\n    <div class=\"postHerosection postHerosection__imageContainer\">\n        <img loading=\"lazy\" decoding=\"async\" width=\"2560\" height=\"1707\" src=\"https:\/\/www.visitsmaland.se\/wp-content\/uploads\/2024\/04\/stufvenas-gastgifveri-the-edible-country-3-scaled.jpg\" class=\"attachment-full size-full\" alt=\"\" srcset=\"https:\/\/www.visitsmaland.se\/wp-content\/uploads\/2024\/04\/stufvenas-gastgifveri-the-edible-country-3-scaled.jpg 2560w, https:\/\/www.visitsmaland.se\/wp-content\/uploads\/2024\/04\/stufvenas-gastgifveri-the-edible-country-3-300x200.jpg 300w, https:\/\/www.visitsmaland.se\/wp-content\/uploads\/2024\/04\/stufvenas-gastgifveri-the-edible-country-3-1024x683.jpg 1024w, https:\/\/www.visitsmaland.se\/wp-content\/uploads\/2024\/04\/stufvenas-gastgifveri-the-edible-country-3-768x512.jpg 768w, https:\/\/www.visitsmaland.se\/wp-content\/uploads\/2024\/04\/stufvenas-gastgifveri-the-edible-country-3-1536x1024.jpg 1536w, https:\/\/www.visitsmaland.se\/wp-content\/uploads\/2024\/04\/stufvenas-gastgifveri-the-edible-country-3-2048x1365.jpg 2048w\" sizes=\"(max-width: 2560px) 100vw, 2560px\" \/>    <\/div>\n<\/div>\n<div class=\"postHerosection postHerosection__breadcrumbs\">\n   <div class=\"postHerosection postHerosection__breadcrumbs-container\">\n        <p id=\"breadcrumbs\"><span><span><a href=\"https:\/\/www.visitsmaland.se\/de\/\">Startseite<\/a><\/span><\/span><\/p>    <\/div>\n<\/div>\n\n<div class=\"contentCta contentCta__wrapper\">\n    <div class=\"contentCta contentCta__container\">\n                    \t\t\t<div class=\"contentCta contentCta__text\" style=\"color: \">\n\t\t\t\t<p>Hier werden regionale und biologische Lebensmittel gesch\u00e4tzt, und die Natur Sm\u00e5lands dient oft als Inspiration f\u00fcr lokale Men\u00fcs. Probiere die Aromen im Freien oder in einem der Restaurants.<\/p>\n\t\t\t<\/div>\n                <hr>\n            <\/div>\n<\/div>\n\n\n<div class=\"dynamicContentTwoColumns dynamicContentTwoColumns__wrapper\">\n    <div class=\"dynamicContentTwoColumns dynamicContentTwoColumns__container\">\n                                    <div class=\"dynamicContentTwoColumns dynamicContentTwoColumns__text\">\n                    <p><p>2019 pr\u00e4sentierte Visit Sweden die unglaubliche Natur Schwedens und Sm\u00e5lands als \u201eLand des Essens\u201c. Dank unserer sauberen Natur ist das Sammeln von Lebensmitteln seit langem Teil der schwedischen Kultur. Die Suche nach essbaren Lebensmitteln in der Wildnis geh\u00f6rt zu unserem Alltag, und wir kochen auch gerne im Freien. Deshalb findest du rustikale Tische an malerischen Orten in ganz Schweden.<\/p>\n<p>\n                <\/div>\n                                                <div class=\"dynamicContentTwoColumns dynamicContentTwoColumns__text\">\n                    <p><p>An vielen Orten kannst du ein Essen im Freien buchen (mit allen n\u00f6tigen Kochm\u00f6glichkeiten). Du suchst dir dein Essen selbst und kochst es in der Wildnis.<\/p>\n<p>\n                <\/div>\n                                                <div class=\"dynamicContentTwoColumns dynamicContentTwoColumns__text\">\n                    <p><p>Du erh\u00e4ltst Rezeptideen und Tipps zu den ben\u00f6tigten Zutaten, bevor du in die W\u00e4lder und Felder aufbrichst. F\u00fcr diese Erlebnisse kannst du auch einen Guide buchen. Dieser informiert dich \u00fcber die verf\u00fcgbaren Lebensmittel und hilft dir beim Zubereiten \u00fcber offenem Feuer. Ein erfahrener und fachkundiger Koch an deiner Seite garantiert ein himmlisches Essen.<\/p>\n<p>\n                <\/div>\n                                                <h3 class=\"dynamicContentTwoColumns dynamicContentTwoColumns__heading\">\n                    Tische in Sm\u00e5land                <\/h3>\n                                                <div class=\"dynamicContentTwoColumns dynamicContentTwoColumns__text\">\n                    <p><p>Drei Restaurants sind f\u00fcr ihre hervorragenden kulinarischen Erlebnisse in der Natur bekannt. Eins davon befindet sich tief im Wald, umgeben von Moos, in der N\u00e4he des Herrenhauses Asa Herrg\u00e5rd und des Gasthofs Stufven\u00e4s. An jedem dieser Orte kochst du dein Essen vor Ort, nachdem du saisonale Zutaten aus der nahegelegenen Natur gefunden hast. Pilze, Beeren, Kr\u00e4uter und Fisch sind nur einige der K\u00f6stlichkeiten, die du findest \u2013 alle anderen Zutaten kommen aus der K\u00fcche des K\u00fcchenchefs. Buche einen Guide, einen Koch, ein Kanu oder sogar ein Pferd, um zu deinem rustikalen Tisch zu gelangen. Dort angekommen, kannst du K\u00f6che, Kellner und sogar Sommeliers an deinen Tisch im Wald holen \u2013 f\u00fcr ein einzigartiges kulinarisches Erlebnis.<\/p>\n<p>\n                <\/div>\n                                                <div class=\"dynamicContentTwoColumns dynamicContentTwoColumns__imageWrapper\">\n                    <img loading=\"lazy\" decoding=\"async\" width=\"500\" height=\"333\" src=\"https:\/\/www.visitsmaland.se\/wp-content\/uploads\/2024\/04\/image-27-foto-cred-august-dellert-mediumresolution150dpi80quality-1-scaled.jpg\" class=\"attachment-500x500 size-500x500\" alt=\"\" srcset=\"https:\/\/www.visitsmaland.se\/wp-content\/uploads\/2024\/04\/image-27-foto-cred-august-dellert-mediumresolution150dpi80quality-1-scaled.jpg 2560w, https:\/\/www.visitsmaland.se\/wp-content\/uploads\/2024\/04\/image-27-foto-cred-august-dellert-mediumresolution150dpi80quality-1-300x200.jpg 300w, https:\/\/www.visitsmaland.se\/wp-content\/uploads\/2024\/04\/image-27-foto-cred-august-dellert-mediumresolution150dpi80quality-1-1024x683.jpg 1024w, https:\/\/www.visitsmaland.se\/wp-content\/uploads\/2024\/04\/image-27-foto-cred-august-dellert-mediumresolution150dpi80quality-1-768x512.jpg 768w, https:\/\/www.visitsmaland.se\/wp-content\/uploads\/2024\/04\/image-27-foto-cred-august-dellert-mediumresolution150dpi80quality-1-1536x1024.jpg 1536w, https:\/\/www.visitsmaland.se\/wp-content\/uploads\/2024\/04\/image-27-foto-cred-august-dellert-mediumresolution150dpi80quality-1-2048x1365.jpg 2048w\" sizes=\"(max-width: 500px) 100vw, 500px\" \/>                <\/div>\n                        <\/div>\n<\/div>\n\n\n\n<figure class=\"wp-block-gallery has-nested-images columns-default is-cropped wp-block-gallery-2 is-layout-flex wp-block-gallery-is-layout-flex\">\n<figure class=\"wp-block-image size-large\"><img loading=\"lazy\" decoding=\"async\" width=\"1024\" height=\"683\" data-id=\"34759\" src=\"https:\/\/www.visitsmaland.se\/wp-content\/uploads\/2024\/04\/image-29-foto-cred-august-dellert-mediumresolution150dpi80quality-1024x683.jpg\" alt=\"\" class=\"wp-image-34759\" srcset=\"https:\/\/www.visitsmaland.se\/wp-content\/uploads\/2024\/04\/image-29-foto-cred-august-dellert-mediumresolution150dpi80quality-1024x683.jpg 1024w, https:\/\/www.visitsmaland.se\/wp-content\/uploads\/2024\/04\/image-29-foto-cred-august-dellert-mediumresolution150dpi80quality-300x200.jpg 300w, https:\/\/www.visitsmaland.se\/wp-content\/uploads\/2024\/04\/image-29-foto-cred-august-dellert-mediumresolution150dpi80quality-768x512.jpg 768w, https:\/\/www.visitsmaland.se\/wp-content\/uploads\/2024\/04\/image-29-foto-cred-august-dellert-mediumresolution150dpi80quality-1536x1024.jpg 1536w, https:\/\/www.visitsmaland.se\/wp-content\/uploads\/2024\/04\/image-29-foto-cred-august-dellert-mediumresolution150dpi80quality-2048x1365.jpg 2048w\" sizes=\"(max-width: 1024px) 100vw, 1024px\" \/><\/figure>\n\n\n\n<figure class=\"wp-block-image size-large\"><img loading=\"lazy\" decoding=\"async\" width=\"1024\" height=\"683\" data-id=\"46504\" src=\"https:\/\/www.visitsmaland.se\/wp-content\/uploads\/2024\/04\/image-35-foto-cred-august-dellertlow-1024x683.jpg\" alt=\"\" class=\"wp-image-46504\" srcset=\"https:\/\/www.visitsmaland.se\/wp-content\/uploads\/2024\/04\/image-35-foto-cred-august-dellertlow-1024x683.jpg 1024w, https:\/\/www.visitsmaland.se\/wp-content\/uploads\/2024\/04\/image-35-foto-cred-august-dellertlow-300x200.jpg 300w, https:\/\/www.visitsmaland.se\/wp-content\/uploads\/2024\/04\/image-35-foto-cred-august-dellertlow-768x512.jpg 768w, https:\/\/www.visitsmaland.se\/wp-content\/uploads\/2024\/04\/image-35-foto-cred-august-dellertlow-1536x1024.jpg 1536w, https:\/\/www.visitsmaland.se\/wp-content\/uploads\/2024\/04\/image-35-foto-cred-august-dellertlow-2048x1365.jpg 2048w\" sizes=\"(max-width: 1024px) 100vw, 1024px\" \/><\/figure>\n\n\n\n<figure class=\"wp-block-image size-large\"><img loading=\"lazy\" decoding=\"async\" width=\"1024\" height=\"683\" data-id=\"46499\" src=\"https:\/\/www.visitsmaland.se\/wp-content\/uploads\/2024\/04\/image-21-foto-cred-august-dellert-mediumresolution150dpi80quality-1024x683.jpg\" alt=\"\" class=\"wp-image-46499\" srcset=\"https:\/\/www.visitsmaland.se\/wp-content\/uploads\/2024\/04\/image-21-foto-cred-august-dellert-mediumresolution150dpi80quality-1024x683.jpg 1024w, https:\/\/www.visitsmaland.se\/wp-content\/uploads\/2024\/04\/image-21-foto-cred-august-dellert-mediumresolution150dpi80quality-300x200.jpg 300w, https:\/\/www.visitsmaland.se\/wp-content\/uploads\/2024\/04\/image-21-foto-cred-august-dellert-mediumresolution150dpi80quality-768x512.jpg 768w, https:\/\/www.visitsmaland.se\/wp-content\/uploads\/2024\/04\/image-21-foto-cred-august-dellert-mediumresolution150dpi80quality-1536x1024.jpg 1536w, https:\/\/www.visitsmaland.se\/wp-content\/uploads\/2024\/04\/image-21-foto-cred-august-dellert-mediumresolution150dpi80quality-2048x1365.jpg 2048w\" sizes=\"(max-width: 1024px) 100vw, 1024px\" \/><\/figure>\n<\/figure>\n\n\n<div class=\"contentImageTwoColumns contentImageTwoColumns__wrapper\" style=\"background-color: \">\n    <div class=\"contentImageTwoColumns contentImageTwoColumns__container \">\n        <div class=\"contentImageTwoColumns contentImageTwoColumns__contentWrapper\">\n            <h2 class=\"contentImageTwoColumns contentImageTwoColumns__heading\" style=\"color: \">\n                Der Tisch bei Asa Herrg\u00e5rd            <\/h2>\n            <div class=\"contentImageTwoColumns contentImageTwoColumns__text contentImageTwoColumns__text--short\" style=\"color: \">\n                                    <p>Der Tisch, an dem du im Asa Herr\u00e5rd dein Essen genie\u00dft, steht auf einer malerischen Lichtung, die an M\u00e4rchen erinnert. Der Boden besteht aus korallengr\u00fcnem Moos, w\u00e4hrend die Kiefern die Decke bilde&#8230;                    <button type=\"button\" class=\"contentImageTwoColumns contentImageTwoColumns__readMoreLess\">\n                        Mehr lesen +                    <\/button>\n                            <\/div>\n            <div class=\"contentImageTwoColumns contentImageTwoColumns__text contentImageTwoColumns__text--full\" style=\"color: \">\n                <p>Der Tisch, an dem du im Asa Herr\u00e5rd dein Essen genie\u00dft, steht auf einer malerischen Lichtung, die an M\u00e4rchen erinnert. Der Boden besteht aus korallengr\u00fcnem Moos, w\u00e4hrend die Kiefern die Decke bilden \u2013 und jeder Stein in der N\u00e4he birgt weitere essbare Leckereien. Um diesen sagenumwobenen Tisch zu erreichen, musst du von Asa Herr\u00e5rd aus einige Kilometer durch einen ruhigen Wald auf einem moosbedeckten Pfad zur\u00fccklegen \u2013 wo das Fl\u00fcstern der B\u00e4ume das lauteste Ger\u00e4usch ist, das du h\u00f6ren wirst. Unterwegs suchst du nach saisonalen Kr\u00e4utern, N\u00fcssen und Pilzen. Dort angekommen, ist es Zeit, das Festmahl zuzubereiten. Wenn du einen Guide und einen Koch oder eine K\u00f6chin gebucht hast, erh\u00e4ltst du Hilfe bei der Zubereitung eines Drei-G\u00e4nge-Men\u00fcs \u00fcber offenem Feuer. Lokale Flusskrebse werden in der Saison angeboten. Asa Herrg\u00e5rd bietet hochwertige Unterk\u00fcnfte und kulinarische Erlebnisse.<\/p>\n                <button type=\"button\" class=\"contentImageTwoColumns contentImageTwoColumns__readMoreLess\">\n                    Weniger lesen &#8211;                <\/button>\n            <\/div>\n                        <div class=\"wp-block-buttons is-layout-flex wp-block-buttons-is-layout-flex\">\n                <div class=\"wp-block-button \">\n                    <a aria-label=\"Jetzt entdecken\" class=\"wp-block-button__link wp-element-button\" href=\"https:\/\/www.asaherrgard.se\/theediblecountry?lang=en\" style=\"background-color: #fbbd51; color: ;border: solid 1px #fbbd51\">\n                        Jetzt entdecken                    <\/a>\n                <\/div>\n            <\/div>\n                                <\/div>\n        <div class=\"contentImageTwoColumns contentImageTwoColumns__imageWrapper\">\n            <img loading=\"lazy\" decoding=\"async\" width=\"1024\" height=\"740\" src=\"https:\/\/www.visitsmaland.se\/wp-content\/uploads\/2024\/04\/the-edible-country_eating-in-smaland.photo-by-august-dellert-mediumresolution150dpi80quality-5-1024x740.jpg\" class=\"attachment-grid-card-images size-grid-card-images\" alt=\"\" \/>        <\/div>\n    <\/div>\n<\/div>\n\n\n<div class=\"contentImageTwoColumns contentImageTwoColumns__wrapper\" style=\"background-color: #374632\">\n    <div class=\"contentImageTwoColumns contentImageTwoColumns__container layout-reversed\">\n        <div class=\"contentImageTwoColumns contentImageTwoColumns__contentWrapper\">\n            <h2 class=\"contentImageTwoColumns contentImageTwoColumns__heading\" style=\"color: #fff\">\n                Der Tisch im Stufven\u00e4s Country Hotel            <\/h2>\n            <div class=\"contentImageTwoColumns contentImageTwoColumns__text contentImageTwoColumns__text--short\" style=\"color: #fff\">\n                                    <p>Das Landhotel Stufven\u00e4s l\u00e4dt dich herzlich zu einem ganz besonderen Tisch unter den Eichen und direkt am glitzernden Kalmarsund ein. Nur wenige Schritte vom Landhotel Stufven\u00e4s entfernt, auf einem &#8230;                    <button type=\"button\" class=\"contentImageTwoColumns contentImageTwoColumns__readMoreLess\">\n                        Mehr lesen +                    <\/button>\n                            <\/div>\n            <div class=\"contentImageTwoColumns contentImageTwoColumns__text contentImageTwoColumns__text--full\" style=\"color: #fff\">\n                <p>Das Landhotel Stufven\u00e4s l\u00e4dt dich herzlich zu einem ganz besonderen Tisch unter den Eichen und direkt am glitzernden Kalmarsund ein. Nur wenige Schritte vom Landhotel Stufven\u00e4s entfernt, auf einem malerischen und geschichtstr\u00e4chtigen Grundst\u00fcck, findest du diesen Tisch. Hier, direkt am Meer, unter einer der sch\u00f6nsten Eichen, zwischen windgepeitschten Wacholderb\u00fcschen und bl\u00fchenden Schlehenstr\u00e4uchern, nur der Himmel \u00fcber dir, kannst du sitzen und die Aromen Sm\u00e5lands genie\u00dfen. Begleitet von der Meeresbrise, dem Gesang der Seev\u00f6gel und dem Rauschen des Schilfs.<\/p>\n                <button type=\"button\" class=\"contentImageTwoColumns contentImageTwoColumns__readMoreLess\">\n                    Weniger lesen &#8211;                <\/button>\n            <\/div>\n                        <div class=\"wp-block-buttons is-layout-flex wp-block-buttons-is-layout-flex\">\n                <div class=\"wp-block-button \">\n                    <a aria-label=\"Jetzt entdecken\" class=\"wp-block-button__link wp-element-button\" href=\"https:\/\/stufvenas.se\/de\/restaurant\/the-edible-country\/\" style=\"background-color: #f4f2eb; color: #000000;border: solid 1px #f4f2eb\">\n                        Jetzt entdecken                    <\/a>\n                <\/div>\n            <\/div>\n                                <\/div>\n        <div class=\"contentImageTwoColumns contentImageTwoColumns__imageWrapper\">\n            <img loading=\"lazy\" decoding=\"async\" width=\"1024\" height=\"740\" src=\"https:\/\/www.visitsmaland.se\/wp-content\/uploads\/2024\/04\/stufvenas-gastgifveri-the-edible-country-19-1024x740.jpg\" class=\"attachment-grid-card-images size-grid-card-images\" alt=\"\" \/>        <\/div>\n    <\/div>\n<\/div>\n\n\n  \n<div class=\"featuredTwoColumns featuredTwoColumns__wrapper\">\n    <div class=\"featuredTwoColumns featuredTwoColumns__container\">  \n            <div class=\"featuredTwoColumns featuredTwoColumns__feturedWrapper\">\n            <a aria-label=\"Schatzsuche in den W\u00e4ldern Sm\u00e5lands\" href=\"https:\/\/www.visitsmaland.se\/de\/entdecken\/beeren-und-pilze-pfluecken\/\"class=\"featuredTwoColumns featuredTwoColumns__imageWrapper\">\n                <img loading=\"lazy\" decoding=\"async\" width=\"1024\" height=\"740\" src=\"https:\/\/www.visitsmaland.se\/wp-content\/uploads\/2024\/04\/kantareller4-1024x740.jpg\" class=\"attachment-grid-card-images size-grid-card-images wp-post-image\" alt=\"\" \/>            <\/a>\n            <div class=\"featuredTwoColumns featuredTwoColumns__contentWrapper\">\n                <h2 class=\"featuredTwoColumns featuredTwoColumns__heading\">\n                    Schatzsuche in den W\u00e4ldern Sm\u00e5lands                <\/h2>\n                <p class=\"featuredTwoColumns featuredTwoColumns__description\">\n                    Sm\u00e5lands W\u00e4lder sind prallvoll mit k\u00f6stlichen Beere\u2026                <\/p>\n                 \n                 \n                <div class=\"wp-block-buttons is-layout-flex wp-block-buttons-is-layout-flex\">\n                    <div class=\"wp-block-button \">\n                        <a aria-label=\"Schatzsuche in den W\u00e4ldern Sm\u00e5lands\"class=\"wp-block-button__link wp-element-button\" href=\"https:\/\/www.visitsmaland.se\/de\/entdecken\/beeren-und-pilze-pfluecken\/\">\n                            Entdecke                       \n                         <\/a>\n                    <\/div>\n                <\/div>\n            <\/div>\n        <\/div>\n                <div class=\"featuredTwoColumns featuredTwoColumns__feturedWrapper\">\n            <a aria-label=\"Flusskrebsfischen in Sm\u00e5land\" href=\"https:\/\/www.visitsmaland.se\/de\/entdecken\/flusskrebsfischen-in-smaland\/\"class=\"featuredTwoColumns featuredTwoColumns__imageWrapper\">\n                <img loading=\"lazy\" decoding=\"async\" width=\"1024\" height=\"740\" src=\"https:\/\/www.visitsmaland.se\/wp-content\/uploads\/2024\/04\/DAYFOTOGRAFI-WALLBY-0189-1024x740.jpg\" class=\"attachment-grid-card-images size-grid-card-images wp-post-image\" alt=\"\" \/>            <\/a>\n            <div class=\"featuredTwoColumns featuredTwoColumns__contentWrapper\">\n                <h2 class=\"featuredTwoColumns featuredTwoColumns__heading\">\n                    Flusskrebsfischen in Sm\u00e5land                <\/h2>\n                <p class=\"featuredTwoColumns featuredTwoColumns__description\">\n                    Ein Krebsfest geh\u00f6rt zum Sp\u00e4tsommer in Sm\u00e5land und \u2026                <\/p>\n                 \n                 \n                <div class=\"wp-block-buttons is-layout-flex wp-block-buttons-is-layout-flex\">\n                    <div class=\"wp-block-button \">\n                        <a aria-label=\"Flusskrebsfischen in Sm\u00e5land\"class=\"wp-block-button__link wp-element-button\" href=\"https:\/\/www.visitsmaland.se\/de\/entdecken\/flusskrebsfischen-in-smaland\/\">\n                            Entdecke                       \n                         <\/a>\n                    <\/div>\n                <\/div>\n            <\/div>\n        <\/div>\n            <\/div>\n<\/div>\n","protected":false},"excerpt":{"rendered":"<p>Hier werden regionale und biologische Lebensmittel gesch\u00e4tzt, und die Natur Sm\u00e5lands dient oft als Inspiration f\u00fcr lokale Men\u00fcs. Probiere die Aromen im Freien oder in einem der Restaurants.<\/p>\n","protected":false},"featured_media":46783,"parent":0,"menu_order":462,"template":"","tags":[],"land":[],"class_list":["post-66481","guide","type-guide","status-publish","has-post-thumbnail","hentry"],"acf":{"priority":""},"yoast_head":"<!-- This site is optimized with the Yoast SEO plugin v27.5 - https:\/\/yoast.com\/product\/yoast-seo-wordpress\/ -->\n<title>The Edible Country | Visit Sm\u00e5land<\/title>\n<meta name=\"description\" content=\"Hier wird regionales und biologisches Essen gesch\u00e4tzt, und die Natur Sm\u00e5lands dient als Inspiration f\u00fcr lokale Men\u00fcs.\" \/>\n<meta name=\"robots\" content=\"index, follow, max-snippet:-1, max-image-preview:large, max-video-preview:-1\" \/>\n<link rel=\"canonical\" href=\"https:\/\/www.visitsmaland.se\/de\/entdecken\/the-edible-country\/\" \/>\n<meta property=\"og:locale\" content=\"de_DE\" \/>\n<meta property=\"og:type\" content=\"article\" \/>\n<meta property=\"og:title\" content=\"The Edible Country | Visit Sm\u00e5land\" \/>\n<meta property=\"og:description\" content=\"Hier wird regionales und biologisches Essen gesch\u00e4tzt, und die Natur Sm\u00e5lands dient als Inspiration f\u00fcr lokale Men\u00fcs.\" \/>\n<meta property=\"og:url\" content=\"https:\/\/www.visitsmaland.se\/de\/entdecken\/the-edible-country\/\" \/>\n<meta property=\"og:site_name\" content=\"Visit Sm\u00e5land\" \/>\n<meta property=\"article:publisher\" content=\"https:\/\/www.facebook.com\/visitsmaland\/\" \/>\n<meta property=\"article:modified_time\" content=\"2025-04-22T10:45:40+00:00\" \/>\n<meta property=\"og:image\" content=\"https:\/\/www.visitsmaland.se\/wp-content\/uploads\/2024\/04\/stufvenas-gastgifveri-the-edible-country-3-scaled.jpg\" \/>\n\t<meta property=\"og:image:width\" content=\"2560\" \/>\n\t<meta property=\"og:image:height\" content=\"1707\" \/>\n\t<meta property=\"og:image:type\" content=\"image\/jpeg\" \/>\n<meta name=\"twitter:card\" content=\"summary_large_image\" \/>\n<meta name=\"twitter:label1\" content=\"Gesch\u00e4tzte Lesezeit\" \/>\n\t<meta name=\"twitter:data1\" content=\"1\u00a0Minute\" \/>\n<script type=\"application\/ld+json\" class=\"yoast-schema-graph\">{\"@context\":\"https:\\\/\\\/schema.org\",\"@graph\":[{\"@type\":\"WebPage\",\"@id\":\"https:\\\/\\\/www.visitsmaland.se\\\/de\\\/entdecken\\\/the-edible-country\\\/\",\"url\":\"https:\\\/\\\/www.visitsmaland.se\\\/de\\\/entdecken\\\/the-edible-country\\\/\",\"name\":\"The Edible Country | Visit Sm\u00e5land\",\"isPartOf\":{\"@id\":\"https:\\\/\\\/www.visitsmaland.se\\\/de\\\/#website\"},\"primaryImageOfPage\":{\"@id\":\"https:\\\/\\\/www.visitsmaland.se\\\/de\\\/entdecken\\\/the-edible-country\\\/#primaryimage\"},\"image\":{\"@id\":\"https:\\\/\\\/www.visitsmaland.se\\\/de\\\/entdecken\\\/the-edible-country\\\/#primaryimage\"},\"thumbnailUrl\":\"https:\\\/\\\/www.visitsmaland.se\\\/wp-content\\\/uploads\\\/2024\\\/04\\\/stufvenas-gastgifveri-the-edible-country-3-scaled.jpg\",\"datePublished\":\"2024-04-22T11:39:14+00:00\",\"dateModified\":\"2025-04-22T10:45:40+00:00\",\"description\":\"Hier wird regionales und biologisches Essen gesch\u00e4tzt, und die Natur Sm\u00e5lands dient als Inspiration f\u00fcr lokale Men\u00fcs.\",\"breadcrumb\":{\"@id\":\"https:\\\/\\\/www.visitsmaland.se\\\/de\\\/entdecken\\\/the-edible-country\\\/#breadcrumb\"},\"inLanguage\":\"de\",\"potentialAction\":[{\"@type\":\"ReadAction\",\"target\":[\"https:\\\/\\\/www.visitsmaland.se\\\/de\\\/entdecken\\\/the-edible-country\\\/\"]}]},{\"@type\":\"ImageObject\",\"inLanguage\":\"de\",\"@id\":\"https:\\\/\\\/www.visitsmaland.se\\\/de\\\/entdecken\\\/the-edible-country\\\/#primaryimage\",\"url\":\"https:\\\/\\\/www.visitsmaland.se\\\/wp-content\\\/uploads\\\/2024\\\/04\\\/stufvenas-gastgifveri-the-edible-country-3-scaled.jpg\",\"contentUrl\":\"https:\\\/\\\/www.visitsmaland.se\\\/wp-content\\\/uploads\\\/2024\\\/04\\\/stufvenas-gastgifveri-the-edible-country-3-scaled.jpg\",\"width\":2560,\"height\":1707},{\"@type\":\"BreadcrumbList\",\"@id\":\"https:\\\/\\\/www.visitsmaland.se\\\/de\\\/entdecken\\\/the-edible-country\\\/#breadcrumb\",\"itemListElement\":[{\"@type\":\"ListItem\",\"position\":1,\"name\":\"Startseite\",\"item\":\"https:\\\/\\\/www.visitsmaland.se\\\/de\\\/\"},{\"@type\":\"ListItem\",\"position\":2,\"name\":\"The Edible Country\"}]},{\"@type\":\"WebSite\",\"@id\":\"https:\\\/\\\/www.visitsmaland.se\\\/de\\\/#website\",\"url\":\"https:\\\/\\\/www.visitsmaland.se\\\/de\\\/\",\"name\":\"Visit Sm\u00e5land\",\"description\":\"V\u00e4lkommen till Sm\u00e5land\",\"potentialAction\":[{\"@type\":\"SearchAction\",\"target\":{\"@type\":\"EntryPoint\",\"urlTemplate\":\"https:\\\/\\\/www.visitsmaland.se\\\/de\\\/?s={search_term_string}\"},\"query-input\":{\"@type\":\"PropertyValueSpecification\",\"valueRequired\":true,\"valueName\":\"search_term_string\"}}],\"inLanguage\":\"de\"}]}<\/script>\n<!-- \/ Yoast SEO plugin. -->","yoast_head_json":{"title":"The Edible Country | Visit Sm\u00e5land","description":"Hier wird regionales und biologisches Essen gesch\u00e4tzt, und die Natur Sm\u00e5lands dient als Inspiration f\u00fcr lokale Men\u00fcs.","robots":{"index":"index","follow":"follow","max-snippet":"max-snippet:-1","max-image-preview":"max-image-preview:large","max-video-preview":"max-video-preview:-1"},"canonical":"https:\/\/www.visitsmaland.se\/de\/entdecken\/the-edible-country\/","og_locale":"de_DE","og_type":"article","og_title":"The Edible Country | Visit Sm\u00e5land","og_description":"Hier wird regionales und biologisches Essen gesch\u00e4tzt, und die Natur Sm\u00e5lands dient als Inspiration f\u00fcr lokale Men\u00fcs.","og_url":"https:\/\/www.visitsmaland.se\/de\/entdecken\/the-edible-country\/","og_site_name":"Visit Sm\u00e5land","article_publisher":"https:\/\/www.facebook.com\/visitsmaland\/","article_modified_time":"2025-04-22T10:45:40+00:00","og_image":[{"width":2560,"height":1707,"url":"https:\/\/www.visitsmaland.se\/wp-content\/uploads\/2024\/04\/stufvenas-gastgifveri-the-edible-country-3-scaled.jpg","type":"image\/jpeg"}],"twitter_card":"summary_large_image","twitter_misc":{"Gesch\u00e4tzte Lesezeit":"1\u00a0Minute"},"schema":{"@context":"https:\/\/schema.org","@graph":[{"@type":"WebPage","@id":"https:\/\/www.visitsmaland.se\/de\/entdecken\/the-edible-country\/","url":"https:\/\/www.visitsmaland.se\/de\/entdecken\/the-edible-country\/","name":"The Edible Country | Visit Sm\u00e5land","isPartOf":{"@id":"https:\/\/www.visitsmaland.se\/de\/#website"},"primaryImageOfPage":{"@id":"https:\/\/www.visitsmaland.se\/de\/entdecken\/the-edible-country\/#primaryimage"},"image":{"@id":"https:\/\/www.visitsmaland.se\/de\/entdecken\/the-edible-country\/#primaryimage"},"thumbnailUrl":"https:\/\/www.visitsmaland.se\/wp-content\/uploads\/2024\/04\/stufvenas-gastgifveri-the-edible-country-3-scaled.jpg","datePublished":"2024-04-22T11:39:14+00:00","dateModified":"2025-04-22T10:45:40+00:00","description":"Hier wird regionales und biologisches Essen gesch\u00e4tzt, und die Natur Sm\u00e5lands dient als Inspiration f\u00fcr lokale Men\u00fcs.","breadcrumb":{"@id":"https:\/\/www.visitsmaland.se\/de\/entdecken\/the-edible-country\/#breadcrumb"},"inLanguage":"de","potentialAction":[{"@type":"ReadAction","target":["https:\/\/www.visitsmaland.se\/de\/entdecken\/the-edible-country\/"]}]},{"@type":"ImageObject","inLanguage":"de","@id":"https:\/\/www.visitsmaland.se\/de\/entdecken\/the-edible-country\/#primaryimage","url":"https:\/\/www.visitsmaland.se\/wp-content\/uploads\/2024\/04\/stufvenas-gastgifveri-the-edible-country-3-scaled.jpg","contentUrl":"https:\/\/www.visitsmaland.se\/wp-content\/uploads\/2024\/04\/stufvenas-gastgifveri-the-edible-country-3-scaled.jpg","width":2560,"height":1707},{"@type":"BreadcrumbList","@id":"https:\/\/www.visitsmaland.se\/de\/entdecken\/the-edible-country\/#breadcrumb","itemListElement":[{"@type":"ListItem","position":1,"name":"Startseite","item":"https:\/\/www.visitsmaland.se\/de\/"},{"@type":"ListItem","position":2,"name":"The Edible Country"}]},{"@type":"WebSite","@id":"https:\/\/www.visitsmaland.se\/de\/#website","url":"https:\/\/www.visitsmaland.se\/de\/","name":"Visit Sm\u00e5land","description":"V\u00e4lkommen till Sm\u00e5land","potentialAction":[{"@type":"SearchAction","target":{"@type":"EntryPoint","urlTemplate":"https:\/\/www.visitsmaland.se\/de\/?s={search_term_string}"},"query-input":{"@type":"PropertyValueSpecification","valueRequired":true,"valueName":"search_term_string"}}],"inLanguage":"de"}]}},"_links":{"self":[{"href":"https:\/\/www.visitsmaland.se\/de\/wp-json\/wp\/v2\/guide\/66481","targetHints":{"allow":["GET"]}}],"collection":[{"href":"https:\/\/www.visitsmaland.se\/de\/wp-json\/wp\/v2\/guide"}],"about":[{"href":"https:\/\/www.visitsmaland.se\/de\/wp-json\/wp\/v2\/types\/guide"}],"version-history":[{"count":6,"href":"https:\/\/www.visitsmaland.se\/de\/wp-json\/wp\/v2\/guide\/66481\/revisions"}],"predecessor-version":[{"id":68123,"href":"https:\/\/www.visitsmaland.se\/de\/wp-json\/wp\/v2\/guide\/66481\/revisions\/68123"}],"wp:featuredmedia":[{"embeddable":true,"href":"https:\/\/www.visitsmaland.se\/de\/wp-json\/wp\/v2\/media\/46783"}],"wp:attachment":[{"href":"https:\/\/www.visitsmaland.se\/de\/wp-json\/wp\/v2\/media?parent=66481"}],"wp:term":[{"taxonomy":"post_tag","embeddable":true,"href":"https:\/\/www.visitsmaland.se\/de\/wp-json\/wp\/v2\/tags?post=66481"},{"taxonomy":"land","embeddable":true,"href":"https:\/\/www.visitsmaland.se\/de\/wp-json\/wp\/v2\/land?post=66481"}],"curies":[{"name":"wp","href":"https:\/\/api.w.org\/{rel}","templated":true}]}}