{"id":68276,"date":"2024-04-09T12:44:18","date_gmt":"2024-04-09T10:44:18","guid":{"rendered":"https:\/\/www.visitsmaland.se\/upptack\/ostkaka-from-smaland\/"},"modified":"2026-02-04T17:42:43","modified_gmt":"2026-02-04T16:42:43","slug":"ostkaka-aus-smaland","status":"publish","type":"guide","link":"https:\/\/www.visitsmaland.se\/de\/entdecken\/ostkaka-aus-smaland\/","title":{"rendered":"Ostkaka aus Sm\u00e5land"},"content":{"rendered":"<div class=\"postHerosection postHerosection__wrapper\">\n    <div class=\"postHerosection postHerosection__container\">\n        <h1 class=\"postHerosection postHerosection__heroHeading\">\n            Ostkaka aus Sm\u00e5land        <\/h1>\n            <\/div>\n    <div class=\"postHerosection postHerosection__imageContainer\">\n        <img loading=\"lazy\" decoding=\"async\" width=\"2560\" height=\"1707\" src=\"https:\/\/www.visitsmaland.se\/wp-content\/uploads\/2024\/04\/asensby_fotografemmaivarsson-12-scaled.jpg\" class=\"attachment-full size-full\" alt=\"\" srcset=\"https:\/\/www.visitsmaland.se\/wp-content\/uploads\/2024\/04\/asensby_fotografemmaivarsson-12-scaled.jpg 2560w, https:\/\/www.visitsmaland.se\/wp-content\/uploads\/2024\/04\/asensby_fotografemmaivarsson-12-300x200.jpg 300w, https:\/\/www.visitsmaland.se\/wp-content\/uploads\/2024\/04\/asensby_fotografemmaivarsson-12-1024x683.jpg 1024w, https:\/\/www.visitsmaland.se\/wp-content\/uploads\/2024\/04\/asensby_fotografemmaivarsson-12-768x512.jpg 768w, https:\/\/www.visitsmaland.se\/wp-content\/uploads\/2024\/04\/asensby_fotografemmaivarsson-12-1536x1024.jpg 1536w, https:\/\/www.visitsmaland.se\/wp-content\/uploads\/2024\/04\/asensby_fotografemmaivarsson-12-2048x1365.jpg 2048w\" sizes=\"(max-width: 2560px) 100vw, 2560px\" \/>    <\/div>\n<\/div>\n<div class=\"postHerosection postHerosection__breadcrumbs\">\n   <div class=\"postHerosection postHerosection__breadcrumbs-container\">\n        <p id=\"breadcrumbs\"><span><span><a href=\"https:\/\/www.visitsmaland.se\/de\/\">Startseite<\/a><\/span><\/span><\/p>    <\/div>\n<\/div>\n\n<div class=\"contentCta contentCta__wrapper\">\n    <div class=\"contentCta contentCta__container\">\n                    \t\t\t<div class=\"contentCta contentCta__text\" style=\"color: \">\n\t\t\t\t<p>Der sm\u00e5l\u00e4ndische K\u00e4sekuchen ist eine der beliebtesten kulinarischen Traditionen Sm\u00e5lands und hat seine Wurzeln im 16. Jahrhundert. Der k\u00f6rnige K\u00e4sekuchen wird mit Marmelade und Schlagsahne serviert und ist ein fester Bestandteil sowohl von Festlichkeiten als auch regionaler Geschmackserlebnisse.<\/p>\n\t\t\t<\/div>\n                <hr>\n            <\/div>\n<\/div>\n\n\n<div class=\"dynamicContentTwoColumns dynamicContentTwoColumns__wrapper\">\n    <div class=\"dynamicContentTwoColumns dynamicContentTwoColumns__container\">\n                                    <h3 class=\"dynamicContentTwoColumns dynamicContentTwoColumns__heading\">\n                    Sm\u00e5l\u00e4ndischer K\u00e4sekuchen \u2013 Tradition und Geschichte                <\/h3>\n                                                <div class=\"dynamicContentTwoColumns dynamicContentTwoColumns__text\">\n                    <p><p>Der sm\u00e5l\u00e4ndische K\u00e4sekuchen ist seit Jahrhunderten ein fester Bestandteil von Festen und Feiern in Sm\u00e5land und hat seine Wurzeln im 16. Jahrhundert. Bei gro\u00dfen Festgelagen galt es fr\u00fcher als Prestige, den besten K\u00e4sekuchen beizusteuern, und schnell sprach sich herum, wer den k\u00f6stlichsten buk. Auch heute ist der K\u00e4sekuchen ein wichtiges Symbol sm\u00e5l\u00e4ndischer Traditionen und Festkultur.<\/p>\n<p>\n                <\/div>\n                                                <div class=\"dynamicContentTwoColumns dynamicContentTwoColumns__imageWrapper\">\n                    <img loading=\"lazy\" decoding=\"async\" width=\"333\" height=\"500\" src=\"https:\/\/www.visitsmaland.se\/wp-content\/uploads\/2024\/04\/svea_ostkaka-asens-by-1-scaled.jpg\" class=\"attachment-500x500 size-500x500\" alt=\"\" srcset=\"https:\/\/www.visitsmaland.se\/wp-content\/uploads\/2024\/04\/svea_ostkaka-asens-by-1-scaled.jpg 1707w, https:\/\/www.visitsmaland.se\/wp-content\/uploads\/2024\/04\/svea_ostkaka-asens-by-1-200x300.jpg 200w, https:\/\/www.visitsmaland.se\/wp-content\/uploads\/2024\/04\/svea_ostkaka-asens-by-1-683x1024.jpg 683w, https:\/\/www.visitsmaland.se\/wp-content\/uploads\/2024\/04\/svea_ostkaka-asens-by-1-768x1152.jpg 768w, https:\/\/www.visitsmaland.se\/wp-content\/uploads\/2024\/04\/svea_ostkaka-asens-by-1-1024x1536.jpg 1024w, https:\/\/www.visitsmaland.se\/wp-content\/uploads\/2024\/04\/svea_ostkaka-asens-by-1-1365x2048.jpg 1365w\" sizes=\"(max-width: 333px) 100vw, 333px\" \/>                <\/div>\n                                                <div class=\"dynamicContentTwoColumns dynamicContentTwoColumns__text\">\n                    <p><p>Eine besondere Tradition besteht darin, den K\u00e4sekuchen von der Mitte aus zu essen. Fr\u00fcher wurde er in Kupfersch\u00fcsseln gebacken, bei denen Risse in der Zinnbeschichtung giftiges Kupfer freisetzen konnten. Wer in der Mitte begann, vermied das Risiko \u2013 oder vielleicht lag es einfach daran, dass die Mitte besonders cremig ist, w\u00e4hrend die R\u00e4nder f\u00fcr Kinder und Dienstboten aufgespart wurden. Die Gefahr ist l\u00e4ngst verschwunden, doch viele Sm\u00e5l\u00e4nder halten bis heute an dieser Essweise fest.<\/p>\n<p>\n                <\/div>\n                                                <h3 class=\"dynamicContentTwoColumns dynamicContentTwoColumns__heading\">\n                    So wird der sm\u00e5l\u00e4ndische K\u00e4sekuchen hergestellt                <\/h3>\n                                                <div class=\"dynamicContentTwoColumns dynamicContentTwoColumns__text\">\n                    <p><p>Der sm\u00e5l\u00e4ndische K\u00e4sekuchen unterscheidet sich von anderen Varianten durch seine k\u00f6rnige Konsistenz und seinen einzigartigen Geschmack. Er wird aus Rohmilch, Lab, Mehl, Eiern, Sahne, Zucker, Mandeln und Bittermandeln hergestellt. Lauwarm serviert, zusammen mit Marmelade und Schlagsahne, ist er ein klassisches schwedisches Dessert und ein Geschmackserlebnis, das Einheimische wie G\u00e4ste gleicherma\u00dfen sch\u00e4tzen.<\/p>\n<p>\n                <\/div>\n                                                <div class=\"dynamicContentTwoColumns dynamicContentTwoColumns__text\">\n                    <p><p>Welche Marmelade am besten passt, ist bis heute umstritten: Manche halten Sauerkirschmarmelade f\u00fcr das Original, andere bevorzugen Erdbeere oder Himbeere.<\/p>\n<p>\n                <\/div>\n                                                <h3 class=\"dynamicContentTwoColumns dynamicContentTwoColumns__heading\">\n                    Eine Tradition lebt weiter                <\/h3>\n                                                <div class=\"dynamicContentTwoColumns dynamicContentTwoColumns__text\">\n                    <p><p>Auch wenn heute weniger Menschen ihren K\u00e4sekuchen selbst backen, lebt die Tradition weiter. Seit 2004 wird am 14. November der K\u00e4sekuchentag gefeiert \u2013 ein Zeichen daf\u00fcr, dass dieses klassische sm\u00e5l\u00e4ndische Dessert weiterhin einen festen Platz in der schwedischen Esskultur hat. Einen echten sm\u00e5l\u00e4ndischen K\u00e4sekuchen zu probieren ist mehr als nur ein Dessert \u2013 es ist eine Reise durch die Geschichte und kulinarische Kultur Sm\u00e5lands.<\/p>\n<p>\n                <\/div>\n                                                <div class=\"dynamicContentTwoColumns dynamicContentTwoColumns__imageWrapper\">\n                                    <\/div>\n                                                <div class=\"dynamicContentTwoColumns dynamicContentTwoColumns__imageWrapper\">\n                    <img loading=\"lazy\" decoding=\"async\" width=\"333\" height=\"500\" src=\"https:\/\/www.visitsmaland.se\/wp-content\/uploads\/2024\/04\/FotografEmmaIvarsson_20190924-34-1-scaled.jpg\" class=\"attachment-500x500 size-500x500\" alt=\"\" srcset=\"https:\/\/www.visitsmaland.se\/wp-content\/uploads\/2024\/04\/FotografEmmaIvarsson_20190924-34-1-scaled.jpg 1707w, https:\/\/www.visitsmaland.se\/wp-content\/uploads\/2024\/04\/FotografEmmaIvarsson_20190924-34-1-200x300.jpg 200w, https:\/\/www.visitsmaland.se\/wp-content\/uploads\/2024\/04\/FotografEmmaIvarsson_20190924-34-1-683x1024.jpg 683w, https:\/\/www.visitsmaland.se\/wp-content\/uploads\/2024\/04\/FotografEmmaIvarsson_20190924-34-1-768x1152.jpg 768w, https:\/\/www.visitsmaland.se\/wp-content\/uploads\/2024\/04\/FotografEmmaIvarsson_20190924-34-1-1024x1536.jpg 1024w, https:\/\/www.visitsmaland.se\/wp-content\/uploads\/2024\/04\/FotografEmmaIvarsson_20190924-34-1-1365x2048.jpg 1365w\" sizes=\"(max-width: 333px) 100vw, 333px\" \/>                <\/div>\n                                                <div class=\"dynamicContentTwoColumns dynamicContentTwoColumns__text\">\n                    <p><p>Im Folgenden findest du einige Orte, an denen du echten sm\u00e5l\u00e4ndischen K\u00e4sekuchen genie\u00dfen kannst. Wer ihn lieber im Lebensmittelgesch\u00e4ft kaufen m\u00f6chte, findet auch Fr\u00f6dinge K\u00e4sekuchen \u2013 eine einfache M\u00f6glichkeit, diese klassische Nachspeise mit nach Hause zu nehmen.<\/p>\n<p>\n                <\/div>\n                        <\/div>\n<\/div>\n\n\n<div class=\"contentImageTwoColumns contentImageTwoColumns__wrapper\" style=\"background-color: #374632\">\n    <div class=\"contentImageTwoColumns contentImageTwoColumns__container \">\n        <div class=\"contentImageTwoColumns contentImageTwoColumns__contentWrapper\">\n            <h2 class=\"contentImageTwoColumns contentImageTwoColumns__heading\" style=\"color: #ffffff\">\n                Fr\u00fchst\u00fcck bei PM &#038; V\u00e4nner            <\/h2>\n            <div class=\"contentImageTwoColumns contentImageTwoColumns__text contentImageTwoColumns__text--short\" style=\"color: #ffffff\">\n                                    <p>G\u00f6nne dir ein Fr\u00fchst\u00fcck bei PM &amp; V\u00e4nner in V\u00e4xj\u00f6. Hier erwarten dich lokale Spezialit\u00e4ten, darunter mit Sicherheit sm\u00e5l\u00e4ndischer K\u00e4sekuchen und Isterband-Wurst. Au\u00dferdem kannst du hausgemachte &#8230;                    <button type=\"button\" class=\"contentImageTwoColumns contentImageTwoColumns__readMoreLess\">\n                        Mehr lesen +                    <\/button>\n                            <\/div>\n            <div class=\"contentImageTwoColumns contentImageTwoColumns__text contentImageTwoColumns__text--full\" style=\"color: #ffffff\">\n                <p>G\u00f6nne dir ein Fr\u00fchst\u00fcck bei PM &amp; V\u00e4nner in V\u00e4xj\u00f6. Hier erwarten dich lokale Spezialit\u00e4ten, darunter mit Sicherheit sm\u00e5l\u00e4ndischer K\u00e4sekuchen und Isterband-Wurst. Au\u00dferdem kannst du hausgemachte Dickmilch und Joghurt aus \u00f6kologischer, KRAV-zertifizierter Milch vom Solmarka-Hof probieren. Das Fr\u00fchst\u00fcck kann auch gebucht werden, wenn du nicht im Hotel \u00fcbernachtest \u2013 wende dich daf\u00fcr bitte an die Rezeption.<\/p>\n                <button type=\"button\" class=\"contentImageTwoColumns contentImageTwoColumns__readMoreLess\">\n                    Weniger lesen &#8211;                <\/button>\n            <\/div>\n                        <div class=\"wp-block-buttons is-layout-flex wp-block-buttons-is-layout-flex\">\n                <div class=\"wp-block-button \">\n                    <a aria-label=\"Mehr erfahren\" class=\"wp-block-button__link wp-element-button\" href=\"https:\/\/pmrestauranger.se\/\" style=\"background-color: #f4f2eb; color: #000000;border: solid 1px #f4f2eb\">\n                        Mehr erfahren                    <\/a>\n                <\/div>\n            <\/div>\n                                <\/div>\n        <div class=\"contentImageTwoColumns contentImageTwoColumns__imageWrapper\">\n            <img loading=\"lazy\" decoding=\"async\" width=\"921\" height=\"667\" src=\"https:\/\/www.visitsmaland.se\/wp-content\/uploads\/2024\/04\/Ostkaka.png\" class=\"attachment-grid-card-images size-grid-card-images\" alt=\"\" srcset=\"https:\/\/www.visitsmaland.se\/wp-content\/uploads\/2024\/04\/Ostkaka.png 921w, https:\/\/www.visitsmaland.se\/wp-content\/uploads\/2024\/04\/Ostkaka-300x217.png 300w, https:\/\/www.visitsmaland.se\/wp-content\/uploads\/2024\/04\/Ostkaka-768x556.png 768w\" sizes=\"(max-width: 921px) 100vw, 921px\" \/>        <\/div>\n    <\/div>\n<\/div>\n\n\n<div class=\"contentImageTwoColumns contentImageTwoColumns__wrapper\" style=\"background-color: #ffffff\">\n    <div class=\"contentImageTwoColumns contentImageTwoColumns__container layout-reversed\">\n        <div class=\"contentImageTwoColumns contentImageTwoColumns__contentWrapper\">\n            <h2 class=\"contentImageTwoColumns contentImageTwoColumns__heading\" style=\"color: \">\n                Sveas i Stenslanda            <\/h2>\n            <div class=\"contentImageTwoColumns contentImageTwoColumns__text contentImageTwoColumns__text--short\" style=\"color: \">\n                                    <p>K\u00e4sekuchen wie bei Oma \u2013 das war Anna-Lenas Leitgedanke, als sie gemeinsam mit ihrem Mann Jan ein K\u00e4sekuchen-Caf\u00e9 in einem behutsam restaurierten Haus aus dem 18. Jahrhundert er\u00f6ffnete. Die Speisek&#8230;                    <button type=\"button\" class=\"contentImageTwoColumns contentImageTwoColumns__readMoreLess\">\n                        Mehr lesen +                    <\/button>\n                            <\/div>\n            <div class=\"contentImageTwoColumns contentImageTwoColumns__text contentImageTwoColumns__text--full\" style=\"color: \">\n                <p>K\u00e4sekuchen wie bei Oma \u2013 das war Anna-Lenas Leitgedanke, als sie gemeinsam mit ihrem Mann Jan ein K\u00e4sekuchen-Caf\u00e9 in einem behutsam restaurierten Haus aus dem 18. Jahrhundert er\u00f6ffnete. Die Speisekarte ist bewusst einfach gehalten: K\u00e4sekuchen mit hausgemachter Marmelade und Sahne. Der Kaffee wird traditionell im Perkolator zubereitet, der Saft ist hausgemacht. Die Portionen sind gro\u00dfz\u00fcgig. Die G\u00e4ste werden mit herzlicher Gastfreundschaft empfangen, und Jan zeigt gerne das historische Haus und erl\u00e4utert die Restaurierungsmethoden.<\/p>\n                <button type=\"button\" class=\"contentImageTwoColumns contentImageTwoColumns__readMoreLess\">\n                    Weniger lesen &#8211;                <\/button>\n            <\/div>\n                        <div class=\"wp-block-buttons is-layout-flex wp-block-buttons-is-layout-flex\">\n                <div class=\"wp-block-button arrow-white\">\n                    <a aria-label=\"Mehr erfahren\" class=\"wp-block-button__link wp-element-button\" href=\"https:\/\/sveasistenslanda.se\/\" style=\"background-color: #680004; color: #f4f2eb;border: solid 1px #000000\">\n                        Mehr erfahren                    <\/a>\n                <\/div>\n            <\/div>\n                                <\/div>\n        <div class=\"contentImageTwoColumns contentImageTwoColumns__imageWrapper\">\n            <img loading=\"lazy\" decoding=\"async\" width=\"1024\" height=\"740\" src=\"https:\/\/www.visitsmaland.se\/wp-content\/uploads\/2025\/07\/sveas-kopia-1024x740.jpeg\" class=\"attachment-grid-card-images size-grid-card-images\" alt=\"\" \/>        <\/div>\n    <\/div>\n<\/div>\n\n\n<div class=\"contentImageTwoColumns contentImageTwoColumns__wrapper\" style=\"background-color: #f4f2eb\">\n    <div class=\"contentImageTwoColumns contentImageTwoColumns__container \">\n        <div class=\"contentImageTwoColumns contentImageTwoColumns__contentWrapper\">\n            <h2 class=\"contentImageTwoColumns contentImageTwoColumns__heading\" style=\"color: \">\n                Sussies Lantcaf\u00e9            <\/h2>\n            <div class=\"contentImageTwoColumns contentImageTwoColumns__text contentImageTwoColumns__text--short\" style=\"color: \">\n                                    <p>Entdecke Sussies Lantcaf\u00e9 \u2013 ein echtes sm\u00e5l\u00e4ndisches Juwel! Hier genie\u00dft du hausgemachten K\u00e4sekuchen nach dem Rezept von Oma Birgit. Mit gem\u00fctlichen Sitzpl\u00e4tzen drinnen und drau\u00dfen sowie einem Spielplatz f\u00fcr Kinder ist f\u00fcr die ganze Familie etwas dabei.<\/p>\n                            <\/div>\n            <div class=\"contentImageTwoColumns contentImageTwoColumns__text contentImageTwoColumns__text--full\" style=\"color: \">\n                <p>Entdecke Sussies Lantcaf\u00e9 \u2013 ein echtes sm\u00e5l\u00e4ndisches Juwel! Hier genie\u00dft du hausgemachten K\u00e4sekuchen nach dem Rezept von Oma Birgit. Mit gem\u00fctlichen Sitzpl\u00e4tzen drinnen und drau\u00dfen sowie einem Spielplatz f\u00fcr Kinder ist f\u00fcr die ganze Familie etwas dabei.<\/p>\n                <button type=\"button\" class=\"contentImageTwoColumns contentImageTwoColumns__readMoreLess\">\n                    Weniger lesen &#8211;                <\/button>\n            <\/div>\n                        <div class=\"wp-block-buttons is-layout-flex wp-block-buttons-is-layout-flex\">\n                <div class=\"wp-block-button arrow-white\">\n                    <a aria-label=\"Mehr erfahren\" class=\"wp-block-button__link wp-element-button\" href=\"http:\/\/www.ostkaka.nu\/\" style=\"background-color: #374632; color: #ffffff;border: solid 1px #374632\">\n                        Mehr erfahren                    <\/a>\n                <\/div>\n            <\/div>\n                                <\/div>\n        <div class=\"contentImageTwoColumns contentImageTwoColumns__imageWrapper\">\n            <img loading=\"lazy\" decoding=\"async\" width=\"1024\" height=\"740\" src=\"https:\/\/www.visitsmaland.se\/wp-content\/uploads\/2025\/05\/sussies_cafe_alexanderhall-11_MediumResolution150dpi80Quality-1-1024x740.jpg\" class=\"attachment-grid-card-images size-grid-card-images\" alt=\"\" \/>        <\/div>\n    <\/div>\n<\/div>\n\n\n<div class=\"contentImageTwoColumns contentImageTwoColumns__wrapper\" style=\"background-color: #374632\">\n    <div class=\"contentImageTwoColumns contentImageTwoColumns__container layout-reversed\">\n        <div class=\"contentImageTwoColumns contentImageTwoColumns__contentWrapper\">\n            <h2 class=\"contentImageTwoColumns contentImageTwoColumns__heading\" style=\"color: #ffffff\">\n                Fr\u00f6dinge K\u00e4sekuchen            <\/h2>\n            <div class=\"contentImageTwoColumns contentImageTwoColumns__text contentImageTwoColumns__text--short\" style=\"color: #ffffff\">\n                                    <p>Fr\u00f6dinge K\u00e4sekuchen ist eine der beliebtesten Delikatessen Sm\u00e5lands \u2013 zart, cremig und nach traditionellen Rezepten aus dem Herzen der Region gebacken. Er ist in den meisten schwedischen Lebensmitt&#8230;                    <button type=\"button\" class=\"contentImageTwoColumns contentImageTwoColumns__readMoreLess\">\n                        Mehr lesen +                    <\/button>\n                            <\/div>\n            <div class=\"contentImageTwoColumns contentImageTwoColumns__text contentImageTwoColumns__text--full\" style=\"color: #ffffff\">\n                <p>Fr\u00f6dinge K\u00e4sekuchen ist eine der beliebtesten Delikatessen Sm\u00e5lands \u2013 zart, cremig und nach traditionellen Rezepten aus dem Herzen der Region gebacken. Er ist in den meisten schwedischen Lebensmittelgesch\u00e4ften erh\u00e4ltlich und kann pur oder mit Marmelade und Sahne genossen werden. Im Sommer ist die Ostkakebude in Fr\u00f6dinge bei Vimmerby ge\u00f6ffnet.<\/p>\n                <button type=\"button\" class=\"contentImageTwoColumns contentImageTwoColumns__readMoreLess\">\n                    Weniger lesen &#8211;                <\/button>\n            <\/div>\n                        <div class=\"wp-block-buttons is-layout-flex wp-block-buttons-is-layout-flex\">\n                <div class=\"wp-block-button \">\n                    <a aria-label=\"Mehr erfahren\" class=\"wp-block-button__link wp-element-button\" href=\"https:\/\/www.frodinge.se\/om-frodinge\/ostkakeboden\/\" style=\"background-color: #f4f2eb; color: #000000;border: solid 1px #f4f2eb\">\n                        Mehr erfahren                    <\/a>\n                <\/div>\n            <\/div>\n                                <\/div>\n        <div class=\"contentImageTwoColumns contentImageTwoColumns__imageWrapper\">\n            <img loading=\"lazy\" decoding=\"async\" width=\"1024\" height=\"740\" src=\"https:\/\/www.visitsmaland.se\/wp-content\/uploads\/2024\/04\/Frodinge-2019041048131_ostkaka_bA\u00a4r-2-1024x740.jpg\" class=\"attachment-grid-card-images size-grid-card-images\" alt=\"\" \/>        <\/div>\n    <\/div>\n<\/div>\n\n\n<div class=\"contentCta contentCta__wrapper\">\n    <div class=\"contentCta contentCta__container\">\n                        <h2 class=\"contentCta contentCta__heading\" style=\"color: #000000\">\n                Mehr K\u00e4sekuchen entdecken            <\/h2>\n                        <hr>\n                <div class=\"contentCta contentCta__ctaWrapper\">\n            <div class=\"wp-block-buttons is-layout-flex wp-block-buttons-is-layout-flex\">\n                                                                                            <div class=\"wp-block-button \">\n                    <a aria-label=\"Zu H\u00e4rens\u00e5s mj\u00f6lk\" class=\"wp-block-button__link wp-element-button\" href=\"https:\/\/www.harensasmjolk.se\" style=\"background-color: #fbbd51; color: #052f3b\">\n                        Zu H\u00e4rens\u00e5s mj\u00f6lk                    <\/a>\n                <\/div>\n                                                                                                <div class=\"wp-block-button \">\n                    <a aria-label=\"Zu Ljungaryds g\u00e5rdsbutik,  Kosta\" class=\"wp-block-button__link wp-element-button\" href=\"https:\/\/www.facebook.com\/profile.php?id=100064021175831\" style=\"background-color: #fbbd51; color: #052f3b\">\n                        Zu Ljungaryds g\u00e5rdsbutik,  Kosta                    <\/a>\n                <\/div>\n                                                                                                <div class=\"wp-block-button \">\n                    <a aria-label=\"Zu Stj\u00e4rnkrans Dorfladen\" class=\"wp-block-button__link wp-element-button\" href=\"https:\/\/stjarnkrans.se\/\" style=\"background-color: #fbbd51; color: #000000\">\n                        Zu Stj\u00e4rnkrans Dorfladen                    <\/a>\n                <\/div>\n                                                                                                <div class=\"wp-block-button \">\n                    <a aria-label=\"Zu Ingegerds ostkaka\" class=\"wp-block-button__link wp-element-button\" href=\"https:\/\/ingegerdsostkaka.se\" style=\"background-color: #fbbd51; color: #000000\">\n                        Zu Ingegerds ostkaka                    <\/a>\n                <\/div>\n                                                                                                <div class=\"wp-block-button \">\n                    <a aria-label=\"Zu Rugstorps Landhof\" class=\"wp-block-button__link wp-element-button\" href=\"https:\/\/www.rugstorp.com\/cafe-lanthandel\/\" style=\"background-color: #fbbd51; color: #000000\">\n                        Zu Rugstorps Landhof                    <\/a>\n                <\/div>\n                                                                                                <div class=\"wp-block-button \">\n                    <a aria-label=\"Zu Duvem\u00e5la, Rundkvistag\u00e5rden\" class=\"wp-block-button__link wp-element-button\" href=\"https:\/\/glasriket.se\/resa\/duvemala-rundqvistagarden\/\" style=\"background-color: #fbbd51; color: #000000\">\n                        Zu Duvem\u00e5la, Rundkvistag\u00e5rden                    <\/a>\n                <\/div>\n                                                                                                <div class=\"wp-block-button \">\n                    <a aria-label=\"Sm\u00f6rh\u00f6ga Hof\" class=\"wp-block-button__link wp-element-button\" href=\"https:\/\/smorhoga.se\/\" style=\"background-color: #fbbd51; color: #000000\">\n                        Sm\u00f6rh\u00f6ga Hof                    <\/a>\n                <\/div>\n                                                                                                <div class=\"wp-block-button \">\n                    <a aria-label=\"Linda Bengtsson Annerstad\" class=\"wp-block-button__link wp-element-button\" href=\"https:\/\/www.facebook.com\/search\/top?q=linda%20bengtsson%20ostkaka\" style=\"background-color: #fbbd51; color: #000000\">\n                        Linda Bengtsson Annerstad                    <\/a>\n                <\/div>\n                            <\/div>\n        <\/div>\n            <\/div>\n<\/div>\n\n\n<div class=\"dynamicContentTwoColumns dynamicContentTwoColumns__wrapper\">\n    <div class=\"dynamicContentTwoColumns dynamicContentTwoColumns__container\">\n                                    <h3 class=\"dynamicContentTwoColumns dynamicContentTwoColumns__heading\">\n                    \u00c5sens Dorfs K\u00e4sekuchenrezept                <\/h3>\n                                                <div class=\"dynamicContentTwoColumns dynamicContentTwoColumns__text\">\n                    <p><p>(immer regional erzeugte und\/oder biologische Zutaten)<\/p>\n<p>\n                <\/div>\n                                                <div class=\"dynamicContentTwoColumns dynamicContentTwoColumns__text\">\n                    <p><p>10 Liter Milch<\/p>\n<p>\n                <\/div>\n                                                <div class=\"dynamicContentTwoColumns dynamicContentTwoColumns__text\">\n                    <p><p>250 g Mehl<\/p>\n<p>\n                <\/div>\n                                                <div class=\"dynamicContentTwoColumns dynamicContentTwoColumns__text\">\n                    <p><p>2 EL Lab<\/p>\n<p>\n                <\/div>\n                                                <div class=\"dynamicContentTwoColumns dynamicContentTwoColumns__text\">\n                    <p><p>10 Eier<\/p>\n<p>\n                <\/div>\n                                                <div class=\"dynamicContentTwoColumns dynamicContentTwoColumns__text\">\n                    <p><p>200 g Zucker<\/p>\n<p>\n                <\/div>\n                                                <div class=\"dynamicContentTwoColumns dynamicContentTwoColumns__text\">\n                    <p><p>80 g Mandeln<\/p>\n<p>\n                <\/div>\n                                                <div class=\"dynamicContentTwoColumns dynamicContentTwoColumns__text\">\n                    <p><p>10 Bittermandeln<\/p>\n<p>\n                <\/div>\n                                                <div class=\"dynamicContentTwoColumns dynamicContentTwoColumns__text\">\n                    <p><p>1 Liter Sahne<\/p>\n<p>\n                <\/div>\n                                                <div class=\"dynamicContentTwoColumns dynamicContentTwoColumns__text\">\n                    <p><p>-Zuerst eine Mehlschwitze herstellen: Das Mehl mit etwas Milch glatt r\u00fchren und anschlie\u00dfend mit ca. 1 dl Milch verd\u00fcnnen.<\/p>\n<p>\n                <\/div>\n                                                <div class=\"dynamicContentTwoColumns dynamicContentTwoColumns__text\">\n                    <p><p>-Die restliche Milch in einem gro\u00dfen Topf auf 37\u00b0C erhitzen und dabei umr\u00fchren, damit sich die W\u00e4rme gleichm\u00e4\u00dfig verteilt. Vom Herd nehmen, nochmals umr\u00fchren und sicherstellen, dass die Temperatur 37\u00b0C nicht \u00fcberschreitet \u2013 sonst verliert das Lab seine Wirkung.<\/p>\n<p>\n                <\/div>\n                                                <div class=\"dynamicContentTwoColumns dynamicContentTwoColumns__text\">\n                    <p><p>-Die Mehlschwitze unterr\u00fchren.<\/p>\n<p>\n                <\/div>\n                                                <div class=\"dynamicContentTwoColumns dynamicContentTwoColumns__text\">\n                    <p><p>-Das Lab vorsichtig in einem d\u00fcnnen Strahl unter st\u00e4ndigem R\u00fchren hinzuf\u00fcgen. (Die Temperatur muss dabei zwischen 30\u201337\u00b0C liegen.)<\/p>\n<p>\n                <\/div>\n                                                <div class=\"dynamicContentTwoColumns dynamicContentTwoColumns__text\">\n                    <p><p>-Die Masse 30\u201345 Minuten bei Raumtemperatur ruhen lassen. W\u00e4hrenddessen nicht umr\u00fchren.<\/p>\n<p>\n                <\/div>\n                                                <div class=\"dynamicContentTwoColumns dynamicContentTwoColumns__text\">\n                    <p><p>-Die gestockte Masse kr\u00e4ftig aufschlagen, sodass sie sich trennt.<\/p>\n<p>\n                <\/div>\n                                                <div class=\"dynamicContentTwoColumns dynamicContentTwoColumns__text\">\n                    <p><p>-Weitere 30 Minuten ruhen lassen. In der Zwischenzeit Mandeln und Bittermandeln mahlen.<\/p>\n<p>\n                <\/div>\n                                                <div class=\"dynamicContentTwoColumns dynamicContentTwoColumns__text\">\n                    <p><p>-Die d\u00fcnne Fl\u00fcssigkeit (Molke) von der dickeren, wei\u00dfen Quarkmasse mit einem gro\u00dfen Sieb abseihen. Die Masse kann vorsichtig mit den H\u00e4nden ausgedr\u00fcckt werden. Bei Bedarf portionsweise arbeiten. \u00dcbersch\u00fcssige Molke abgie\u00dfen und die Masse nochmals umr\u00fchren. Die Molke kann z. B. zum Brotbacken verwendet oder entsorgt werden.<\/p>\n<p>\n                <\/div>\n                                                <div class=\"dynamicContentTwoColumns dynamicContentTwoColumns__text\">\n                    <p><p>-Mandeln und Bittermandeln mahlen. Eier, Zucker und Sahne mit einem Schneebesen verr\u00fchren, dann die gemahlenen Mandeln unterheben. Diese Mischung mit der Quarkmasse vermengen. Den Teig in gefettete Formen f\u00fcllen \u2013 eine gro\u00dfe oder mehrere kleine \u2013 mit einem Gesamtvolumen von ca. 2 Litern. Der K\u00e4sekuchen geht beim Backen kaum auf.<\/p>\n<p>\n                <\/div>\n                                                <div class=\"dynamicContentTwoColumns dynamicContentTwoColumns__text\">\n                    <p><p>-In der Mitte des Ofens bei 175\u00b0C 1 bis 1\u00bd Stunden backen, je nach Schichtdicke. Bei 1\u20132 cm etwa 60 Minuten, bei 3\u20134 cm etwa 70 Minuten. Alle Formen k\u00f6nnen gleichzeitig gebacken werden. Bei Umluft ebenfalls 175\u00b0C verwenden.<\/p>\n<p>\n                <\/div>\n                                                <div class=\"dynamicContentTwoColumns dynamicContentTwoColumns__text\">\n                    <p><p>Guten Appetit!<\/p>\n<p>\n                <\/div>\n                        <\/div>\n<\/div>\n\n\n\n<div class=\"wp-block-group is-layout-constrained wp-block-group-is-layout-constrained\">\n<figure class=\"wp-block-embed aligncenter is-type-video is-provider-youtube wp-block-embed-youtube wp-embed-aspect-16-9 wp-has-aspect-ratio\"><div class=\"wp-block-embed__wrapper\">\n<iframe loading=\"lazy\" title=\"Lotties smakresa i Sm\u00e5land \u2013 \u00c5sens by\" width=\"500\" height=\"281\" src=\"https:\/\/www.youtube.com\/embed\/OFKgxZ4IWdo?feature=oembed&#038;enablejsapi=1&#038;origin=https:\/\/www.visitsmaland.se\" frameborder=\"0\" allow=\"accelerometer; autoplay; clipboard-write; encrypted-media; gyroscope; picture-in-picture; web-share\" referrerpolicy=\"strict-origin-when-cross-origin\" allowfullscreen><\/iframe>\n<\/div><\/figure>\n<\/div>\n\n\n  \n<div class=\"featuredTwoColumns featuredTwoColumns__wrapper\">\n    <div class=\"featuredTwoColumns featuredTwoColumns__container\">  \n            <div class=\"featuredTwoColumns featuredTwoColumns__feturedWrapper\">\n            <a aria-label=\"Sm\u00e5l\u00e4ndische Spezialit\u00e4ten\" href=\"https:\/\/www.visitsmaland.se\/de\/entdecken\/smalandische-spezialitaten\/\"class=\"featuredTwoColumns featuredTwoColumns__imageWrapper\">\n                <img loading=\"lazy\" decoding=\"async\" width=\"1024\" height=\"740\" src=\"https:\/\/www.visitsmaland.se\/wp-content\/uploads\/2024\/04\/sussies_cafe_alexander-hall-12-1-1024x740.jpg\" class=\"attachment-grid-card-images size-grid-card-images wp-post-image\" alt=\"\" \/>            <\/a>\n            <div class=\"featuredTwoColumns featuredTwoColumns__contentWrapper\">\n                <h2 class=\"featuredTwoColumns featuredTwoColumns__heading\">\n                    Sm\u00e5l\u00e4ndische Spezialit\u00e4ten                <\/h2>\n                <p class=\"featuredTwoColumns featuredTwoColumns__description\">\n                    Sm\u00e5l\u00e4ndische Spezialit\u00e4ten umfassen die traditionel\u2026                <\/p>\n                 \n                 \n                <div class=\"wp-block-buttons is-layout-flex wp-block-buttons-is-layout-flex\">\n                    <div class=\"wp-block-button \">\n                        <a aria-label=\"Sm\u00e5l\u00e4ndische Spezialit\u00e4ten\"class=\"wp-block-button__link wp-element-button\" href=\"https:\/\/www.visitsmaland.se\/de\/entdecken\/smalandische-spezialitaten\/\">\n                            Entdecke                       \n                         <\/a>\n                    <\/div>\n                <\/div>\n            <\/div>\n        <\/div>\n                <div class=\"featuredTwoColumns featuredTwoColumns__feturedWrapper\">\n            <a aria-label=\"Kaffeepause!\" href=\"https:\/\/www.visitsmaland.se\/de\/entdecken\/kaffeepause\/\"class=\"featuredTwoColumns featuredTwoColumns__imageWrapper\">\n                <img loading=\"lazy\" decoding=\"async\" width=\"1024\" height=\"740\" src=\"https:\/\/www.visitsmaland.se\/wp-content\/uploads\/2024\/04\/sussies_cafe_alexander-hall-17-1024x740.jpg\" class=\"attachment-grid-card-images size-grid-card-images wp-post-image\" alt=\"\" \/>            <\/a>\n            <div class=\"featuredTwoColumns featuredTwoColumns__contentWrapper\">\n                <h2 class=\"featuredTwoColumns featuredTwoColumns__heading\">\n                    Kaffeepause!                <\/h2>\n                <p class=\"featuredTwoColumns featuredTwoColumns__description\">\n                    Mach mal eine Kaffeepause! Am besten auf sm\u00e5l\u00e4ndisc\u2026                <\/p>\n                 \n                 \n                <div class=\"wp-block-buttons is-layout-flex wp-block-buttons-is-layout-flex\">\n                    <div class=\"wp-block-button \">\n                        <a aria-label=\"Kaffeepause!\"class=\"wp-block-button__link wp-element-button\" href=\"https:\/\/www.visitsmaland.se\/de\/entdecken\/kaffeepause\/\">\n                            Entdecke                       \n                         <\/a>\n                    <\/div>\n                <\/div>\n            <\/div>\n        <\/div>\n            <\/div>\n<\/div>\n","protected":false},"excerpt":{"rendered":"<p>Der sm\u00e5l\u00e4ndische K\u00e4sekuchen ist eine der beliebtesten kulinarischen Traditionen Sm\u00e5lands und hat seine Wurzeln im 16. Jahrhundert. Der k\u00f6rnige K\u00e4sekuchen wird mit Marmelade und Schlagsahne serviert und ist ein fester Bestandteil sowohl von Festlichkeiten als auch regionaler Geschmackserlebnisse.<\/p>\n","protected":false},"featured_media":28116,"parent":0,"menu_order":651,"template":"","tags":[],"land":[],"class_list":["post-68276","guide","type-guide","status-publish","has-post-thumbnail","hentry"],"acf":{"priority":""},"yoast_head":"<!-- This site is optimized with the Yoast SEO plugin v27.2 - https:\/\/yoast.com\/product\/yoast-seo-wordpress\/ -->\n<title>Ostkaka aus Sm\u00e5land | Visit Sm\u00e5land<\/title>\n<meta name=\"description\" content=\"Der sm\u00e5l\u00e4ndische K\u00e4sekuchen ist eine der beliebtesten kulinarischen Traditionen Sm\u00e5lands und essenziell f\u00fcr die sm\u00e5l\u00e4ndische Kaffeepause.\" \/>\n<meta name=\"robots\" content=\"index, follow, max-snippet:-1, max-image-preview:large, max-video-preview:-1\" \/>\n<link rel=\"canonical\" href=\"https:\/\/www.visitsmaland.se\/de\/entdecken\/ostkaka-aus-smaland\/\" \/>\n<meta property=\"og:locale\" content=\"de_DE\" \/>\n<meta property=\"og:type\" content=\"article\" \/>\n<meta property=\"og:title\" content=\"Ostkaka aus Sm\u00e5land | Visit Sm\u00e5land\" \/>\n<meta property=\"og:description\" content=\"Der sm\u00e5l\u00e4ndische K\u00e4sekuchen ist eine der beliebtesten kulinarischen Traditionen Sm\u00e5lands und essenziell f\u00fcr die sm\u00e5l\u00e4ndische Kaffeepause.\" \/>\n<meta property=\"og:url\" content=\"https:\/\/www.visitsmaland.se\/de\/entdecken\/ostkaka-aus-smaland\/\" \/>\n<meta property=\"og:site_name\" content=\"Visit Sm\u00e5land\" \/>\n<meta property=\"article:publisher\" content=\"https:\/\/www.facebook.com\/visitsmaland\/\" \/>\n<meta property=\"article:modified_time\" content=\"2026-02-04T16:42:43+00:00\" \/>\n<meta property=\"og:image\" content=\"https:\/\/www.visitsmaland.se\/wp-content\/uploads\/2024\/04\/asensby_fotografemmaivarsson-12-scaled.jpg\" \/>\n\t<meta property=\"og:image:width\" content=\"2560\" \/>\n\t<meta property=\"og:image:height\" content=\"1707\" \/>\n\t<meta property=\"og:image:type\" content=\"image\/jpeg\" \/>\n<meta name=\"twitter:card\" content=\"summary_large_image\" \/>\n<meta name=\"twitter:label1\" content=\"Gesch\u00e4tzte Lesezeit\" \/>\n\t<meta name=\"twitter:data1\" content=\"1\u00a0Minute\" \/>\n<script type=\"application\/ld+json\" class=\"yoast-schema-graph\">{\"@context\":\"https:\/\/schema.org\",\"@graph\":[{\"@type\":\"WebPage\",\"@id\":\"https:\/\/www.visitsmaland.se\/de\/entdecken\/ostkaka-aus-smaland\/\",\"url\":\"https:\/\/www.visitsmaland.se\/de\/entdecken\/ostkaka-aus-smaland\/\",\"name\":\"Ostkaka aus Sm\u00e5land | Visit Sm\u00e5land\",\"isPartOf\":{\"@id\":\"https:\/\/www.visitsmaland.se\/de\/#website\"},\"primaryImageOfPage\":{\"@id\":\"https:\/\/www.visitsmaland.se\/de\/entdecken\/ostkaka-aus-smaland\/#primaryimage\"},\"image\":{\"@id\":\"https:\/\/www.visitsmaland.se\/de\/entdecken\/ostkaka-aus-smaland\/#primaryimage\"},\"thumbnailUrl\":\"https:\/\/www.visitsmaland.se\/wp-content\/uploads\/2024\/04\/asensby_fotografemmaivarsson-12-scaled.jpg\",\"datePublished\":\"2024-04-09T10:44:18+00:00\",\"dateModified\":\"2026-02-04T16:42:43+00:00\",\"description\":\"Der sm\u00e5l\u00e4ndische K\u00e4sekuchen ist eine der beliebtesten kulinarischen Traditionen Sm\u00e5lands und essenziell f\u00fcr die sm\u00e5l\u00e4ndische Kaffeepause.\",\"breadcrumb\":{\"@id\":\"https:\/\/www.visitsmaland.se\/de\/entdecken\/ostkaka-aus-smaland\/#breadcrumb\"},\"inLanguage\":\"de\",\"potentialAction\":[{\"@type\":\"ReadAction\",\"target\":[\"https:\/\/www.visitsmaland.se\/de\/entdecken\/ostkaka-aus-smaland\/\"]}]},{\"@type\":\"ImageObject\",\"inLanguage\":\"de\",\"@id\":\"https:\/\/www.visitsmaland.se\/de\/entdecken\/ostkaka-aus-smaland\/#primaryimage\",\"url\":\"https:\/\/www.visitsmaland.se\/wp-content\/uploads\/2024\/04\/asensby_fotografemmaivarsson-12-scaled.jpg\",\"contentUrl\":\"https:\/\/www.visitsmaland.se\/wp-content\/uploads\/2024\/04\/asensby_fotografemmaivarsson-12-scaled.jpg\",\"width\":2560,\"height\":1707},{\"@type\":\"BreadcrumbList\",\"@id\":\"https:\/\/www.visitsmaland.se\/de\/entdecken\/ostkaka-aus-smaland\/#breadcrumb\",\"itemListElement\":[{\"@type\":\"ListItem\",\"position\":1,\"name\":\"Startseite\",\"item\":\"https:\/\/www.visitsmaland.se\/de\/\"},{\"@type\":\"ListItem\",\"position\":2,\"name\":\"Ostkaka aus Sm\u00e5land\"}]},{\"@type\":\"WebSite\",\"@id\":\"https:\/\/www.visitsmaland.se\/de\/#website\",\"url\":\"https:\/\/www.visitsmaland.se\/de\/\",\"name\":\"Visit Sm\u00e5land\",\"description\":\"V\u00e4lkommen till Sm\u00e5land\",\"potentialAction\":[{\"@type\":\"SearchAction\",\"target\":{\"@type\":\"EntryPoint\",\"urlTemplate\":\"https:\/\/www.visitsmaland.se\/de\/?s={search_term_string}\"},\"query-input\":{\"@type\":\"PropertyValueSpecification\",\"valueRequired\":true,\"valueName\":\"search_term_string\"}}],\"inLanguage\":\"de\"}]}<\/script>\n<!-- \/ Yoast SEO plugin. -->","yoast_head_json":{"title":"Ostkaka aus Sm\u00e5land | Visit Sm\u00e5land","description":"Der sm\u00e5l\u00e4ndische K\u00e4sekuchen ist eine der beliebtesten kulinarischen Traditionen Sm\u00e5lands und essenziell f\u00fcr die sm\u00e5l\u00e4ndische Kaffeepause.","robots":{"index":"index","follow":"follow","max-snippet":"max-snippet:-1","max-image-preview":"max-image-preview:large","max-video-preview":"max-video-preview:-1"},"canonical":"https:\/\/www.visitsmaland.se\/de\/entdecken\/ostkaka-aus-smaland\/","og_locale":"de_DE","og_type":"article","og_title":"Ostkaka aus Sm\u00e5land | Visit Sm\u00e5land","og_description":"Der sm\u00e5l\u00e4ndische K\u00e4sekuchen ist eine der beliebtesten kulinarischen Traditionen Sm\u00e5lands und essenziell f\u00fcr die sm\u00e5l\u00e4ndische Kaffeepause.","og_url":"https:\/\/www.visitsmaland.se\/de\/entdecken\/ostkaka-aus-smaland\/","og_site_name":"Visit Sm\u00e5land","article_publisher":"https:\/\/www.facebook.com\/visitsmaland\/","article_modified_time":"2026-02-04T16:42:43+00:00","og_image":[{"width":2560,"height":1707,"url":"https:\/\/www.visitsmaland.se\/wp-content\/uploads\/2024\/04\/asensby_fotografemmaivarsson-12-scaled.jpg","type":"image\/jpeg"}],"twitter_card":"summary_large_image","twitter_misc":{"Gesch\u00e4tzte Lesezeit":"1\u00a0Minute"},"schema":{"@context":"https:\/\/schema.org","@graph":[{"@type":"WebPage","@id":"https:\/\/www.visitsmaland.se\/de\/entdecken\/ostkaka-aus-smaland\/","url":"https:\/\/www.visitsmaland.se\/de\/entdecken\/ostkaka-aus-smaland\/","name":"Ostkaka aus Sm\u00e5land | Visit Sm\u00e5land","isPartOf":{"@id":"https:\/\/www.visitsmaland.se\/de\/#website"},"primaryImageOfPage":{"@id":"https:\/\/www.visitsmaland.se\/de\/entdecken\/ostkaka-aus-smaland\/#primaryimage"},"image":{"@id":"https:\/\/www.visitsmaland.se\/de\/entdecken\/ostkaka-aus-smaland\/#primaryimage"},"thumbnailUrl":"https:\/\/www.visitsmaland.se\/wp-content\/uploads\/2024\/04\/asensby_fotografemmaivarsson-12-scaled.jpg","datePublished":"2024-04-09T10:44:18+00:00","dateModified":"2026-02-04T16:42:43+00:00","description":"Der sm\u00e5l\u00e4ndische K\u00e4sekuchen ist eine der beliebtesten kulinarischen Traditionen Sm\u00e5lands und essenziell f\u00fcr die sm\u00e5l\u00e4ndische Kaffeepause.","breadcrumb":{"@id":"https:\/\/www.visitsmaland.se\/de\/entdecken\/ostkaka-aus-smaland\/#breadcrumb"},"inLanguage":"de","potentialAction":[{"@type":"ReadAction","target":["https:\/\/www.visitsmaland.se\/de\/entdecken\/ostkaka-aus-smaland\/"]}]},{"@type":"ImageObject","inLanguage":"de","@id":"https:\/\/www.visitsmaland.se\/de\/entdecken\/ostkaka-aus-smaland\/#primaryimage","url":"https:\/\/www.visitsmaland.se\/wp-content\/uploads\/2024\/04\/asensby_fotografemmaivarsson-12-scaled.jpg","contentUrl":"https:\/\/www.visitsmaland.se\/wp-content\/uploads\/2024\/04\/asensby_fotografemmaivarsson-12-scaled.jpg","width":2560,"height":1707},{"@type":"BreadcrumbList","@id":"https:\/\/www.visitsmaland.se\/de\/entdecken\/ostkaka-aus-smaland\/#breadcrumb","itemListElement":[{"@type":"ListItem","position":1,"name":"Startseite","item":"https:\/\/www.visitsmaland.se\/de\/"},{"@type":"ListItem","position":2,"name":"Ostkaka aus Sm\u00e5land"}]},{"@type":"WebSite","@id":"https:\/\/www.visitsmaland.se\/de\/#website","url":"https:\/\/www.visitsmaland.se\/de\/","name":"Visit Sm\u00e5land","description":"V\u00e4lkommen till Sm\u00e5land","potentialAction":[{"@type":"SearchAction","target":{"@type":"EntryPoint","urlTemplate":"https:\/\/www.visitsmaland.se\/de\/?s={search_term_string}"},"query-input":{"@type":"PropertyValueSpecification","valueRequired":true,"valueName":"search_term_string"}}],"inLanguage":"de"}]}},"_links":{"self":[{"href":"https:\/\/www.visitsmaland.se\/de\/wp-json\/wp\/v2\/guide\/68276","targetHints":{"allow":["GET"]}}],"collection":[{"href":"https:\/\/www.visitsmaland.se\/de\/wp-json\/wp\/v2\/guide"}],"about":[{"href":"https:\/\/www.visitsmaland.se\/de\/wp-json\/wp\/v2\/types\/guide"}],"version-history":[{"count":10,"href":"https:\/\/www.visitsmaland.se\/de\/wp-json\/wp\/v2\/guide\/68276\/revisions"}],"predecessor-version":[{"id":84208,"href":"https:\/\/www.visitsmaland.se\/de\/wp-json\/wp\/v2\/guide\/68276\/revisions\/84208"}],"wp:featuredmedia":[{"embeddable":true,"href":"https:\/\/www.visitsmaland.se\/de\/wp-json\/wp\/v2\/media\/28116"}],"wp:attachment":[{"href":"https:\/\/www.visitsmaland.se\/de\/wp-json\/wp\/v2\/media?parent=68276"}],"wp:term":[{"taxonomy":"post_tag","embeddable":true,"href":"https:\/\/www.visitsmaland.se\/de\/wp-json\/wp\/v2\/tags?post=68276"},{"taxonomy":"land","embeddable":true,"href":"https:\/\/www.visitsmaland.se\/de\/wp-json\/wp\/v2\/land?post=68276"}],"curies":[{"name":"wp","href":"https:\/\/api.w.org\/{rel}","templated":true}]}}