{"id":69159,"date":"2024-04-09T12:52:45","date_gmt":"2024-04-09T10:52:45","guid":{"rendered":"https:\/\/www.visitsmaland.se\/upptack\/art\/"},"modified":"2025-06-16T17:05:45","modified_gmt":"2025-06-16T15:05:45","slug":"kunstgalerien","status":"publish","type":"guide","link":"https:\/\/www.visitsmaland.se\/de\/entdecken\/kunstgalerien\/","title":{"rendered":"Kunstgalerien"},"content":{"rendered":"<div class=\"postHerosection postHerosection__wrapper\">\n    <div class=\"postHerosection postHerosection__container\">\n        <h1 class=\"postHerosection postHerosection__heroHeading\">\n            Kunstgalerien und Museen        <\/h1>\n            <\/div>\n    <div class=\"postHerosection postHerosection__imageContainer\">\n        <img loading=\"lazy\" decoding=\"async\" width=\"2560\" height=\"1707\" src=\"https:\/\/www.visitsmaland.se\/wp-content\/uploads\/2024\/04\/virserumskonsthall-scaled.jpg\" class=\"attachment-full size-full\" alt=\"\" srcset=\"https:\/\/www.visitsmaland.se\/wp-content\/uploads\/2024\/04\/virserumskonsthall-scaled.jpg 2560w, https:\/\/www.visitsmaland.se\/wp-content\/uploads\/2024\/04\/virserumskonsthall-300x200.jpg 300w, https:\/\/www.visitsmaland.se\/wp-content\/uploads\/2024\/04\/virserumskonsthall-1024x683.jpg 1024w, https:\/\/www.visitsmaland.se\/wp-content\/uploads\/2024\/04\/virserumskonsthall-768x512.jpg 768w, https:\/\/www.visitsmaland.se\/wp-content\/uploads\/2024\/04\/virserumskonsthall-1536x1024.jpg 1536w, https:\/\/www.visitsmaland.se\/wp-content\/uploads\/2024\/04\/virserumskonsthall-2048x1365.jpg 2048w\" sizes=\"(max-width: 2560px) 100vw, 2560px\" \/>    <\/div>\n<\/div>\n<div class=\"postHerosection postHerosection__breadcrumbs\">\n   <div class=\"postHerosection postHerosection__breadcrumbs-container\">\n        <p id=\"breadcrumbs\"><span><span><a href=\"https:\/\/www.visitsmaland.se\/de\/\">Startseite<\/a><\/span><\/span><\/p>    <\/div>\n<\/div>\n\n<div class=\"contentCta contentCta__wrapper\">\n    <div class=\"contentCta contentCta__container\">\n                    \t\t\t<div class=\"contentCta contentCta__text\" style=\"color: \">\n\t\t\t\t<p>Kommen Sie zu einem Besuch in Sm\u00e5land und \u00d6land. Sie m\u00fcssen versuchen, Ihrer Kreativit\u00e4t freien Lauf zu lassen und versuchen, die nationale und internationale Kontinuit\u00e4t zu verbessern.<\/p>\n\t\t\t<\/div>\n                <hr>\n            <\/div>\n<\/div>\n\n\n<div class=\"contentImageTwoColumns contentImageTwoColumns__wrapper\" style=\"background-color: #f4f2eb\">\n    <div class=\"contentImageTwoColumns contentImageTwoColumns__container \">\n        <div class=\"contentImageTwoColumns contentImageTwoColumns__contentWrapper\">\n            <h2 class=\"contentImageTwoColumns contentImageTwoColumns__heading\" style=\"color: \">\n                Virserums Kunstmuseum            <\/h2>\n            <div class=\"contentImageTwoColumns contentImageTwoColumns__text contentImageTwoColumns__text--short\" style=\"color: \">\n                                    <p>Im Kunstmuseum Virserum laufen immer mehrere Ausstellungen gleichzeitig, jede mit leicht unterschiedlicher Ausrichtung, um unterschiedlichen Geschm\u00e4ckern gerecht zu werden. Wenn du dein eigenes Leb&#8230;                    <button type=\"button\" class=\"contentImageTwoColumns contentImageTwoColumns__readMoreLess\">\n                        Mehr lesen +                    <\/button>\n                            <\/div>\n            <div class=\"contentImageTwoColumns contentImageTwoColumns__text contentImageTwoColumns__text--full\" style=\"color: \">\n                <p>Im Kunstmuseum Virserum laufen immer mehrere Ausstellungen gleichzeitig, jede mit leicht unterschiedlicher Ausrichtung, um unterschiedlichen Geschm\u00e4ckern gerecht zu werden. Wenn du dein eigenes Leben und deine Erfahrungen wiedererkennen und eine Ausstellung sehen m\u00f6chtest, die sich mit dem Leben und den Umst\u00e4nden der Menschen im Alltag befasst, ist ein Besuch im Kunstmuseum Virserum der perfekte Ort daf\u00fcr. Gleichzeitig ist Virserum ein Kunstmuseum in einer l\u00e4ndlichen Region und widerlegt die Vorstellung, Kunst und Kultur seien nur in Gro\u00dfst\u00e4dten zu finden. Das Kunstmuseum Virserum versteht sich als \u00d6komuseum und als Teil des Lebens der Region und ihrer sozialdemokratischen und wirtschaftlichen Entwicklung. In einer Region, die einst das Zentrum des M\u00f6belhandels war, waren und sind Forstwirtschaft und Holz ein wichtiger Bestandteil der sm\u00e5l\u00e4ndischen Wirtschaft. Holz und Forstwirtschaft sind auch f\u00fcr eine nachhaltige Gesellschaft wichtig. Alle drei Jahre legt das Kunstmuseum Virserum einen besonderen Schwerpunkt darauf, wie wir nachhaltig leben k\u00f6nnen \u2013 nicht nur aus \u00f6kologischer, sondern auch aus wirtschaftlicher und sozialer Sicht.<\/p>\n                <button type=\"button\" class=\"contentImageTwoColumns contentImageTwoColumns__readMoreLess\">\n                    Weniger lesen &#8211;                <\/button>\n            <\/div>\n                        <div class=\"wp-block-buttons is-layout-flex wp-block-buttons-is-layout-flex\">\n                <div class=\"wp-block-button arrow-white\">\n                    <a aria-label=\"Jetzt entdecken\" class=\"wp-block-button__link wp-element-button\" href=\"https:\/\/www.virserumskonsthall.com\/\" style=\"background-color: #374632; color: #ffffff;border: solid 1px #374632\">\n                        Jetzt entdecken                    <\/a>\n                <\/div>\n            <\/div>\n                                <\/div>\n        <div class=\"contentImageTwoColumns contentImageTwoColumns__imageWrapper\">\n            <img loading=\"lazy\" decoding=\"async\" width=\"1024\" height=\"740\" src=\"https:\/\/www.visitsmaland.se\/wp-content\/uploads\/2024\/04\/virserumskonsthall_2015-1024x740.jpg\" class=\"attachment-grid-card-images size-grid-card-images\" alt=\"\" \/>        <\/div>\n    <\/div>\n<\/div>\n\n\n<div class=\"contentImageTwoColumns contentImageTwoColumns__wrapper\" style=\"background-color: \">\n    <div class=\"contentImageTwoColumns contentImageTwoColumns__container layout-reversed\">\n        <div class=\"contentImageTwoColumns contentImageTwoColumns__contentWrapper\">\n            <h2 class=\"contentImageTwoColumns contentImageTwoColumns__heading\" style=\"color: \">\n                Kalmar Kunstmuseum            <\/h2>\n            <div class=\"contentImageTwoColumns contentImageTwoColumns__text contentImageTwoColumns__text--short\" style=\"color: \">\n                                    <p>Eines der meistdiskutierten Kunstmuseen Schwedens befindet sich im Herzen von Kalmar. Ein hochmodernes Museum, das sich mit Fragen besch\u00e4ftigt, die die Zukunft der Menschen und die Herausforderunge&#8230;                    <button type=\"button\" class=\"contentImageTwoColumns contentImageTwoColumns__readMoreLess\">\n                        Mehr lesen +                    <\/button>\n                            <\/div>\n            <div class=\"contentImageTwoColumns contentImageTwoColumns__text contentImageTwoColumns__text--full\" style=\"color: \">\n                <p>Eines der meistdiskutierten Kunstmuseen Schwedens befindet sich im Herzen von Kalmar. Ein hochmodernes Museum, das sich mit Fragen besch\u00e4ftigt, die die Zukunft der Menschen und die Herausforderungen der Region betreffen. Die regelm\u00e4\u00dfig wechselnden Ausstellungen zeigen oft Objekte aus den Sammlungen und Sch\u00e4tzen des Designarkivet, einem 2006 gegr\u00fcndeten Archiv schwedischen Designs. Gleichzeitig pr\u00e4sentiert das Museum regelm\u00e4\u00dfig zeitgen\u00f6ssische Kunst aus Schweden und den L\u00e4ndern und Kulturen, mit denen die Region Kalmar im Laufe der Jahrhunderte \u2013 in Kriegs- und Friedenszeiten \u2013 in Kontakt stand.<\/p>\n                <button type=\"button\" class=\"contentImageTwoColumns contentImageTwoColumns__readMoreLess\">\n                    Weniger lesen &#8211;                <\/button>\n            <\/div>\n                        <div class=\"wp-block-buttons is-layout-flex wp-block-buttons-is-layout-flex\">\n                <div class=\"wp-block-button \">\n                    <a aria-label=\"Jetzt entdecken\" class=\"wp-block-button__link wp-element-button\" href=\"https:\/\/www.kalmarkonstmuseum.se\/en\/\" style=\"background-color: #fbbd51; color: ;border: solid 1px #fbbd51\">\n                        Jetzt entdecken                    <\/a>\n                <\/div>\n            <\/div>\n                                <\/div>\n        <div class=\"contentImageTwoColumns contentImageTwoColumns__imageWrapper\">\n            <img loading=\"lazy\" decoding=\"async\" width=\"1024\" height=\"740\" src=\"https:\/\/www.visitsmaland.se\/wp-content\/uploads\/2024\/04\/kalmarkonstmuseum_img_2903-1024x740.jpg\" class=\"attachment-grid-card-images size-grid-card-images\" alt=\"\" \/>        <\/div>\n    <\/div>\n<\/div>\n\n\n<div class=\"contentImageTwoColumns contentImageTwoColumns__wrapper\" style=\"background-color: #374632\">\n    <div class=\"contentImageTwoColumns contentImageTwoColumns__container \">\n        <div class=\"contentImageTwoColumns contentImageTwoColumns__contentWrapper\">\n            <h2 class=\"contentImageTwoColumns contentImageTwoColumns__heading\" style=\"color: #ffffff\">\n                Vandalorum            <\/h2>\n            <div class=\"contentImageTwoColumns contentImageTwoColumns__text contentImageTwoColumns__text--short\" style=\"color: #ffffff\">\n                                    <p>Vandalorum pr\u00e4sentiert Kunst und Design von lokalen und internationalen K\u00fcnstlern, Designern und Modesch\u00f6pfern. Seit seiner Er\u00f6ffnung im Jahr 2011 hat das Museum viel Aufmerksamkeit erregt und ist &#8230;                    <button type=\"button\" class=\"contentImageTwoColumns contentImageTwoColumns__readMoreLess\">\n                        Mehr lesen +                    <\/button>\n                            <\/div>\n            <div class=\"contentImageTwoColumns contentImageTwoColumns__text contentImageTwoColumns__text--full\" style=\"color: #ffffff\">\n                <p>Vandalorum pr\u00e4sentiert Kunst und Design von lokalen und internationalen K\u00fcnstlern, Designern und Modesch\u00f6pfern. Seit seiner Er\u00f6ffnung im Jahr 2011 hat das Museum viel Aufmerksamkeit erregt und ist stetig gewachsen. Es besteht heute aus einem Hauptgeb\u00e4ude und drei Scheunen mit Ausstellungshallen. Es finden immer mehrere parallel laufende Ausstellungen statt, die eine bewusste Mischung aus Kunst und Design darstellen und in enger Zusammenarbeit mit K\u00fcnstlerinnen und K\u00fcnstlern, Designerinnen und Designern und der lokalen Kreativbranche entstehen.<\/p>\n                <button type=\"button\" class=\"contentImageTwoColumns contentImageTwoColumns__readMoreLess\">\n                    Weniger lesen &#8211;                <\/button>\n            <\/div>\n                        <div class=\"wp-block-buttons is-layout-flex wp-block-buttons-is-layout-flex\">\n                <div class=\"wp-block-button \">\n                    <a aria-label=\"Jetzt entdecken\" class=\"wp-block-button__link wp-element-button\" href=\"https:\/\/www.vandalorum.se\/en\" style=\"background-color: #f4f2eb; color: ;border: solid 1px #f4f2eb\">\n                        Jetzt entdecken                    <\/a>\n                <\/div>\n            <\/div>\n                                <\/div>\n        <div class=\"contentImageTwoColumns contentImageTwoColumns__imageWrapper\">\n            <img loading=\"lazy\" decoding=\"async\" width=\"1024\" height=\"740\" src=\"https:\/\/www.visitsmaland.se\/wp-content\/uploads\/2020\/06\/DAYFOTOGRAFI-VANDALORUM-3-webb-1024x740.jpg\" class=\"attachment-grid-card-images size-grid-card-images\" alt=\"M\u00e4nniskor som beundrar konstverken\" \/>        <\/div>\n    <\/div>\n<\/div>\n\n\n<div class=\"contentImageTwoColumns contentImageTwoColumns__wrapper\" style=\"background-color: #f4f2eb\">\n    <div class=\"contentImageTwoColumns contentImageTwoColumns__container layout-reversed\">\n        <div class=\"contentImageTwoColumns contentImageTwoColumns__contentWrapper\">\n            <h2 class=\"contentImageTwoColumns contentImageTwoColumns__heading\" style=\"color: \">\n                Himmelsberga            <\/h2>\n            <div class=\"contentImageTwoColumns contentImageTwoColumns__text contentImageTwoColumns__text--short\" style=\"color: \">\n                                    <p>Die Kunstgalerie Himmelsberga im idyllischen Terrassendorf Himmelsberga auf Ost\u00f6land ist Teil des \u00d6land Museums Himmelsberga und bietet ein reichhaltiges Kunsterlebnis in historischem Ambiente. Die&#8230;                    <button type=\"button\" class=\"contentImageTwoColumns contentImageTwoColumns__readMoreLess\">\n                        Mehr lesen +                    <\/button>\n                            <\/div>\n            <div class=\"contentImageTwoColumns contentImageTwoColumns__text contentImageTwoColumns__text--full\" style=\"color: \">\n                <p>Die Kunstgalerie Himmelsberga im idyllischen Terrassendorf Himmelsberga auf Ost\u00f6land ist Teil des \u00d6land Museums Himmelsberga und bietet ein reichhaltiges Kunsterlebnis in historischem Ambiente. Die Kunstgalerie wurde im Jahr 2000 von K\u00f6nig Carl XVI. Gustaf er\u00f6ffnet und ist seitdem ein Ort f\u00fcr zeitgen\u00f6ssische und klassische Kunst mit Schwerpunkt auf \u00f6landischen K\u00fcnstlern. J\u00e4hrlich finden vier gro\u00dfe Ausstellungen statt: die Osterausstellung, der Fr\u00fchlingssalon, die Sommerausstellung und die Erntefestausstellung, in denen h\u00e4ufig Werke von K\u00fcnstlern wie Vera Nilsson, Lotte Laserstein und Per Ekstr\u00f6m gezeigt werden.<\/p>\n                <button type=\"button\" class=\"contentImageTwoColumns contentImageTwoColumns__readMoreLess\">\n                    Weniger lesen &#8211;                <\/button>\n            <\/div>\n                        <div class=\"wp-block-buttons is-layout-flex wp-block-buttons-is-layout-flex\">\n                <div class=\"wp-block-button arrow-white\">\n                    <a aria-label=\"Jetzt entdecken\" class=\"wp-block-button__link wp-element-button\" href=\"https:\/\/olandsmuseum.com\/konsthallen\/\" style=\"background-color: #374632; color: #ffffff;border: solid 1px #374632\">\n                        Jetzt entdecken                    <\/a>\n                <\/div>\n            <\/div>\n                                <\/div>\n        <div class=\"contentImageTwoColumns contentImageTwoColumns__imageWrapper\">\n            <img loading=\"lazy\" decoding=\"async\" width=\"1024\" height=\"740\" src=\"https:\/\/www.visitsmaland.se\/wp-content\/uploads\/2024\/04\/OlandsMuseumHimmelsberga-AlexanderHall2018-21-OlandCo--1024x740.jpg\" class=\"attachment-grid-card-images size-grid-card-images\" alt=\"\" \/>        <\/div>\n    <\/div>\n<\/div>\n\n\n<div class=\"dynamicContentTwoColumns dynamicContentTwoColumns__wrapper\">\n    <div class=\"dynamicContentTwoColumns dynamicContentTwoColumns__container\">\n                                    <h3 class=\"dynamicContentTwoColumns dynamicContentTwoColumns__heading\">\n                    Oskarshamn Kunstgalerie                <\/h3>\n                                                <div class=\"dynamicContentTwoColumns dynamicContentTwoColumns__text\">\n                    <p><p>Die Kunstgalerie befindet sich im Kulturzentrum Oskarshamn, einem historischen Geb\u00e4udekomplex aus den 1960er und 70er Jahren, der zentral im Zentrum von Oskarshamn liegt. Die Kunstgalerie zeigt haupts\u00e4chlich Kunst und Kunsthandwerk, aber auch Ausstellungen mit Schwerpunkt auf Kulturgeschichte, Fotografie oder aktuelle Themen.<\/p>\n<p>\n                <\/div>\n                                                <div class=\"wp-block-buttons is-layout-flex wp-block-buttons-is-layout-flex\">\n                    <div class=\"wp-block-button\">\n                        <a aria-label=\"Mehr lesen\" class=\"wp-block-button__link wp-element-button dynamicContentTwoColumns dynamicContentTwoColumns__ctaButton\" href=\"https:\/\/www.oskarshamn.se\/konsthallen\">\n                            Jetzt entdecken                        <\/a>\n                    <\/div>\n                <\/div>\n                                                <h3 class=\"dynamicContentTwoColumns dynamicContentTwoColumns__heading\">\n                    V\u00e4xj\u00f6 Kunstgalerie                <\/h3>\n                                                <div class=\"dynamicContentTwoColumns dynamicContentTwoColumns__text\">\n                    <p><p>Die V\u00e4xj\u00f6 Konsthall ist eine st\u00e4dtische Kunstgalerie, die Ausstellungen schwedischer und internationaler K\u00fcnstler zeigt. Neben den Ausstellungen gibt es ein breites Programm mit K\u00fcnstlergespr\u00e4chen, Kulturabenden, Vortr\u00e4gen, Konzerten, Workshops und Events. Es ist immer etwas Spannendes los.<\/p>\n<p>\n                <\/div>\n                                                <div class=\"wp-block-buttons is-layout-flex wp-block-buttons-is-layout-flex\">\n                    <div class=\"wp-block-button\">\n                        <a aria-label=\"Mehr lesen\" class=\"wp-block-button__link wp-element-button dynamicContentTwoColumns dynamicContentTwoColumns__ctaButton\" href=\"http:\/\/www.vaxjo.se\/konsthall\">\n                            Jetzt entdecken                        <\/a>\n                    <\/div>\n                <\/div>\n                        <\/div>\n<\/div>\n\n\n<div class=\"contentImageTwoColumns contentImageTwoColumns__wrapper\" style=\"background-color: #374632\">\n    <div class=\"contentImageTwoColumns contentImageTwoColumns__container \">\n        <div class=\"contentImageTwoColumns contentImageTwoColumns__contentWrapper\">\n            <h2 class=\"contentImageTwoColumns contentImageTwoColumns__heading\" style=\"color: #ffffff\">\n                Ljungbergsmuseet            <\/h2>\n            <div class=\"contentImageTwoColumns contentImageTwoColumns__text contentImageTwoColumns__text--short\" style=\"color: #ffffff\">\n                                    <p>Das Ljungbergmuseet liegt wundersch\u00f6n am Lagan-Strand im Herzen von Ljungby. Das Kunstmuseum der Provinz Kronoberg ist ein kultureller Treffpunkt. Das Museum beherbergt eine Dauerausstellung mit Ze&#8230;                    <button type=\"button\" class=\"contentImageTwoColumns contentImageTwoColumns__readMoreLess\">\n                        Mehr lesen +                    <\/button>\n                            <\/div>\n            <div class=\"contentImageTwoColumns contentImageTwoColumns__text contentImageTwoColumns__text--full\" style=\"color: #ffffff\">\n                <p>Das Ljungbergmuseet liegt wundersch\u00f6n am Lagan-Strand im Herzen von Ljungby. Das Kunstmuseum der Provinz Kronoberg ist ein kultureller Treffpunkt. Das Museum beherbergt eine Dauerausstellung mit Zeichnungen, Gem\u00e4lden, Grafiken und B\u00fcchern des schwedischen K\u00fcnstlers Sven Ljungberg und den k\u00fcnstlerischen Werken seiner Frau, der Autorin und K\u00fcnstlerin Ann Margaret Dahlquist-Ljungberg. Au\u00dferdem finden regelm\u00e4\u00dfig wechselnde Ausstellungen mit Werken bedeutender schwedischer und nordischer K\u00fcnstler statt. Die Website liefern weiterf\u00fchrende Informationen in schwedischer Sprache.<\/p>\n                <button type=\"button\" class=\"contentImageTwoColumns contentImageTwoColumns__readMoreLess\">\n                    Weniger lesen &#8211;                <\/button>\n            <\/div>\n                        <div class=\"wp-block-buttons is-layout-flex wp-block-buttons-is-layout-flex\">\n                <div class=\"wp-block-button \">\n                    <a aria-label=\"Jetzt entdecken\" class=\"wp-block-button__link wp-element-button\" href=\"http:\/\/www.ljungbergmuseet.se\" style=\"background-color: #f4f2eb; color: ;border: solid 1px #f4f2eb\">\n                        Jetzt entdecken                    <\/a>\n                <\/div>\n            <\/div>\n                                <\/div>\n        <div class=\"contentImageTwoColumns contentImageTwoColumns__imageWrapper\">\n            <img loading=\"lazy\" decoding=\"async\" width=\"700\" height=\"467\" src=\"https:\/\/www.visitsmaland.se\/wp-content\/uploads\/2023\/05\/Ljungbergmuseet.jpg\" class=\"attachment-grid-card-images size-grid-card-images\" alt=\"\" srcset=\"https:\/\/www.visitsmaland.se\/wp-content\/uploads\/2023\/05\/Ljungbergmuseet.jpg 700w, https:\/\/www.visitsmaland.se\/wp-content\/uploads\/2023\/05\/Ljungbergmuseet-300x200.jpg 300w, https:\/\/www.visitsmaland.se\/wp-content\/uploads\/2023\/05\/Ljungbergmuseet-120x80.jpg 120w, https:\/\/www.visitsmaland.se\/wp-content\/uploads\/2023\/05\/Ljungbergmuseet-600x400.jpg 600w\" sizes=\"(max-width: 700px) 100vw, 700px\" \/>        <\/div>\n    <\/div>\n<\/div>\n\n\n  \n<div class=\"featuredTwoColumns featuredTwoColumns__wrapper\">\n    <div class=\"featuredTwoColumns featuredTwoColumns__container\">  \n            <div class=\"featuredTwoColumns featuredTwoColumns__feturedWrapper\">\n            <a aria-label=\"Moderne Architektur\" href=\"https:\/\/www.visitsmaland.se\/de\/entdecken\/moderne-architektur\/\"class=\"featuredTwoColumns featuredTwoColumns__imageWrapper\">\n                <img loading=\"lazy\" decoding=\"async\" width=\"1024\" height=\"740\" src=\"https:\/\/www.visitsmaland.se\/wp-content\/uploads\/2024\/04\/Spira-vinter-2024-3-1024x740.jpg\" class=\"attachment-grid-card-images size-grid-card-images wp-post-image\" alt=\"\" \/>            <\/a>\n            <div class=\"featuredTwoColumns featuredTwoColumns__contentWrapper\">\n                <h2 class=\"featuredTwoColumns featuredTwoColumns__heading\">\n                    Moderne Architektur                <\/h2>\n                <p class=\"featuredTwoColumns featuredTwoColumns__description\">\n                    Wir versuchen stets, mit R\u00fccksicht auf die Umwelt u\u2026                <\/p>\n                 \n                 \n                <div class=\"wp-block-buttons is-layout-flex wp-block-buttons-is-layout-flex\">\n                    <div class=\"wp-block-button \">\n                        <a aria-label=\"Moderne Architektur\"class=\"wp-block-button__link wp-element-button\" href=\"https:\/\/www.visitsmaland.se\/de\/entdecken\/moderne-architektur\/\">\n                            Entdecke                       \n                         <\/a>\n                    <\/div>\n                <\/div>\n            <\/div>\n        <\/div>\n                <div class=\"featuredTwoColumns featuredTwoColumns__feturedWrapper\">\n            <a aria-label=\"Museen in Sm\u00e5land\" href=\"https:\/\/www.visitsmaland.se\/de\/entdecken\/museen-in-smaland\/\"class=\"featuredTwoColumns featuredTwoColumns__imageWrapper\">\n                <img loading=\"lazy\" decoding=\"async\" width=\"1024\" height=\"740\" src=\"https:\/\/www.visitsmaland.se\/wp-content\/uploads\/2020\/06\/DAYFOTOGRAFI-VANDALORUM-1-webb-1024x740.jpg\" class=\"attachment-grid-card-images size-grid-card-images wp-post-image\" alt=\"Personen betrachten die Kunst im Museum.\" \/>            <\/a>\n            <div class=\"featuredTwoColumns featuredTwoColumns__contentWrapper\">\n                <h2 class=\"featuredTwoColumns featuredTwoColumns__heading\">\n                    Museen in Sm\u00e5land                <\/h2>\n                <p class=\"featuredTwoColumns featuredTwoColumns__description\">\n                    Erlebe Sm\u00e5lands Vielfalt in seinen Museen! Hier kom\u2026                <\/p>\n                 \n                 \n                <div class=\"wp-block-buttons is-layout-flex wp-block-buttons-is-layout-flex\">\n                    <div class=\"wp-block-button \">\n                        <a aria-label=\"Museen in Sm\u00e5land\"class=\"wp-block-button__link wp-element-button\" href=\"https:\/\/www.visitsmaland.se\/de\/entdecken\/museen-in-smaland\/\">\n                            Entdecke                       \n                         <\/a>\n                    <\/div>\n                <\/div>\n            <\/div>\n        <\/div>\n            <\/div>\n<\/div>\n","protected":false},"excerpt":{"rendered":"<p>Besuche die Kunstgalerien und Museen in Sm\u00e5land und auf \u00d6land und lass deiner Kreativit\u00e4t freien Lauf.<\/p>\n","protected":false},"featured_media":24809,"parent":0,"menu_order":1004,"template":"","tags":[],"land":[],"class_list":["post-69159","guide","type-guide","status-publish","has-post-thumbnail","hentry"],"acf":{"priority":""},"yoast_head":"<!-- This site is optimized with the Yoast SEO plugin v27.5 - https:\/\/yoast.com\/product\/yoast-seo-wordpress\/ -->\n<title>Kunstgalerien | Visit Sm\u00e5land<\/title>\n<meta name=\"description\" content=\"Die Kunstgalerien Virserum, Vandalorum und Kalmar Kunstmuseum z\u00e4hlen zu den sch\u00f6nsten und internationalsten Ausstellungen Schwedens.\" \/>\n<meta name=\"robots\" content=\"index, follow, max-snippet:-1, max-image-preview:large, max-video-preview:-1\" \/>\n<link rel=\"canonical\" href=\"https:\/\/www.visitsmaland.se\/de\/entdecken\/kunstgalerien\/\" \/>\n<meta property=\"og:locale\" content=\"de_DE\" \/>\n<meta property=\"og:type\" content=\"article\" \/>\n<meta property=\"og:title\" content=\"Kunstgalerien | Visit Sm\u00e5land\" \/>\n<meta property=\"og:description\" content=\"Die Kunstgalerien Virserum, Vandalorum und Kalmar Kunstmuseum z\u00e4hlen zu den sch\u00f6nsten und internationalsten Ausstellungen Schwedens.\" \/>\n<meta property=\"og:url\" content=\"https:\/\/www.visitsmaland.se\/de\/entdecken\/kunstgalerien\/\" \/>\n<meta property=\"og:site_name\" content=\"Visit Sm\u00e5land\" \/>\n<meta property=\"article:publisher\" content=\"https:\/\/www.facebook.com\/visitsmaland\/\" \/>\n<meta property=\"article:modified_time\" content=\"2025-06-16T15:05:45+00:00\" \/>\n<meta property=\"og:image\" content=\"https:\/\/www.visitsmaland.se\/wp-content\/uploads\/2024\/04\/virserumskonsthall-scaled.jpg\" \/>\n\t<meta property=\"og:image:width\" content=\"2560\" \/>\n\t<meta property=\"og:image:height\" content=\"1707\" \/>\n\t<meta property=\"og:image:type\" content=\"image\/jpeg\" \/>\n<meta name=\"twitter:card\" content=\"summary_large_image\" \/>\n<meta name=\"twitter:label1\" content=\"Gesch\u00e4tzte Lesezeit\" \/>\n\t<meta name=\"twitter:data1\" content=\"1\u00a0Minute\" \/>\n<script type=\"application\/ld+json\" class=\"yoast-schema-graph\">{\"@context\":\"https:\\\/\\\/schema.org\",\"@graph\":[{\"@type\":\"WebPage\",\"@id\":\"https:\\\/\\\/www.visitsmaland.se\\\/de\\\/entdecken\\\/kunstgalerien\\\/\",\"url\":\"https:\\\/\\\/www.visitsmaland.se\\\/de\\\/entdecken\\\/kunstgalerien\\\/\",\"name\":\"Kunstgalerien | Visit Sm\u00e5land\",\"isPartOf\":{\"@id\":\"https:\\\/\\\/www.visitsmaland.se\\\/de\\\/#website\"},\"primaryImageOfPage\":{\"@id\":\"https:\\\/\\\/www.visitsmaland.se\\\/de\\\/entdecken\\\/kunstgalerien\\\/#primaryimage\"},\"image\":{\"@id\":\"https:\\\/\\\/www.visitsmaland.se\\\/de\\\/entdecken\\\/kunstgalerien\\\/#primaryimage\"},\"thumbnailUrl\":\"https:\\\/\\\/www.visitsmaland.se\\\/wp-content\\\/uploads\\\/2024\\\/04\\\/virserumskonsthall-scaled.jpg\",\"datePublished\":\"2024-04-09T10:52:45+00:00\",\"dateModified\":\"2025-06-16T15:05:45+00:00\",\"description\":\"Die Kunstgalerien Virserum, Vandalorum und Kalmar Kunstmuseum z\u00e4hlen zu den sch\u00f6nsten und internationalsten Ausstellungen Schwedens.\",\"breadcrumb\":{\"@id\":\"https:\\\/\\\/www.visitsmaland.se\\\/de\\\/entdecken\\\/kunstgalerien\\\/#breadcrumb\"},\"inLanguage\":\"de\",\"potentialAction\":[{\"@type\":\"ReadAction\",\"target\":[\"https:\\\/\\\/www.visitsmaland.se\\\/de\\\/entdecken\\\/kunstgalerien\\\/\"]}]},{\"@type\":\"ImageObject\",\"inLanguage\":\"de\",\"@id\":\"https:\\\/\\\/www.visitsmaland.se\\\/de\\\/entdecken\\\/kunstgalerien\\\/#primaryimage\",\"url\":\"https:\\\/\\\/www.visitsmaland.se\\\/wp-content\\\/uploads\\\/2024\\\/04\\\/virserumskonsthall-scaled.jpg\",\"contentUrl\":\"https:\\\/\\\/www.visitsmaland.se\\\/wp-content\\\/uploads\\\/2024\\\/04\\\/virserumskonsthall-scaled.jpg\",\"width\":2560,\"height\":1707},{\"@type\":\"BreadcrumbList\",\"@id\":\"https:\\\/\\\/www.visitsmaland.se\\\/de\\\/entdecken\\\/kunstgalerien\\\/#breadcrumb\",\"itemListElement\":[{\"@type\":\"ListItem\",\"position\":1,\"name\":\"Startseite\",\"item\":\"https:\\\/\\\/www.visitsmaland.se\\\/de\\\/\"},{\"@type\":\"ListItem\",\"position\":2,\"name\":\"Kunstgalerien\"}]},{\"@type\":\"WebSite\",\"@id\":\"https:\\\/\\\/www.visitsmaland.se\\\/de\\\/#website\",\"url\":\"https:\\\/\\\/www.visitsmaland.se\\\/de\\\/\",\"name\":\"Visit Sm\u00e5land\",\"description\":\"V\u00e4lkommen till Sm\u00e5land\",\"potentialAction\":[{\"@type\":\"SearchAction\",\"target\":{\"@type\":\"EntryPoint\",\"urlTemplate\":\"https:\\\/\\\/www.visitsmaland.se\\\/de\\\/?s={search_term_string}\"},\"query-input\":{\"@type\":\"PropertyValueSpecification\",\"valueRequired\":true,\"valueName\":\"search_term_string\"}}],\"inLanguage\":\"de\"}]}<\/script>\n<!-- \/ Yoast SEO plugin. -->","yoast_head_json":{"title":"Kunstgalerien | Visit Sm\u00e5land","description":"Die Kunstgalerien Virserum, Vandalorum und Kalmar Kunstmuseum z\u00e4hlen zu den sch\u00f6nsten und internationalsten Ausstellungen Schwedens.","robots":{"index":"index","follow":"follow","max-snippet":"max-snippet:-1","max-image-preview":"max-image-preview:large","max-video-preview":"max-video-preview:-1"},"canonical":"https:\/\/www.visitsmaland.se\/de\/entdecken\/kunstgalerien\/","og_locale":"de_DE","og_type":"article","og_title":"Kunstgalerien | Visit Sm\u00e5land","og_description":"Die Kunstgalerien Virserum, Vandalorum und Kalmar Kunstmuseum z\u00e4hlen zu den sch\u00f6nsten und internationalsten Ausstellungen Schwedens.","og_url":"https:\/\/www.visitsmaland.se\/de\/entdecken\/kunstgalerien\/","og_site_name":"Visit Sm\u00e5land","article_publisher":"https:\/\/www.facebook.com\/visitsmaland\/","article_modified_time":"2025-06-16T15:05:45+00:00","og_image":[{"width":2560,"height":1707,"url":"https:\/\/www.visitsmaland.se\/wp-content\/uploads\/2024\/04\/virserumskonsthall-scaled.jpg","type":"image\/jpeg"}],"twitter_card":"summary_large_image","twitter_misc":{"Gesch\u00e4tzte Lesezeit":"1\u00a0Minute"},"schema":{"@context":"https:\/\/schema.org","@graph":[{"@type":"WebPage","@id":"https:\/\/www.visitsmaland.se\/de\/entdecken\/kunstgalerien\/","url":"https:\/\/www.visitsmaland.se\/de\/entdecken\/kunstgalerien\/","name":"Kunstgalerien | Visit Sm\u00e5land","isPartOf":{"@id":"https:\/\/www.visitsmaland.se\/de\/#website"},"primaryImageOfPage":{"@id":"https:\/\/www.visitsmaland.se\/de\/entdecken\/kunstgalerien\/#primaryimage"},"image":{"@id":"https:\/\/www.visitsmaland.se\/de\/entdecken\/kunstgalerien\/#primaryimage"},"thumbnailUrl":"https:\/\/www.visitsmaland.se\/wp-content\/uploads\/2024\/04\/virserumskonsthall-scaled.jpg","datePublished":"2024-04-09T10:52:45+00:00","dateModified":"2025-06-16T15:05:45+00:00","description":"Die Kunstgalerien Virserum, Vandalorum und Kalmar Kunstmuseum z\u00e4hlen zu den sch\u00f6nsten und internationalsten Ausstellungen Schwedens.","breadcrumb":{"@id":"https:\/\/www.visitsmaland.se\/de\/entdecken\/kunstgalerien\/#breadcrumb"},"inLanguage":"de","potentialAction":[{"@type":"ReadAction","target":["https:\/\/www.visitsmaland.se\/de\/entdecken\/kunstgalerien\/"]}]},{"@type":"ImageObject","inLanguage":"de","@id":"https:\/\/www.visitsmaland.se\/de\/entdecken\/kunstgalerien\/#primaryimage","url":"https:\/\/www.visitsmaland.se\/wp-content\/uploads\/2024\/04\/virserumskonsthall-scaled.jpg","contentUrl":"https:\/\/www.visitsmaland.se\/wp-content\/uploads\/2024\/04\/virserumskonsthall-scaled.jpg","width":2560,"height":1707},{"@type":"BreadcrumbList","@id":"https:\/\/www.visitsmaland.se\/de\/entdecken\/kunstgalerien\/#breadcrumb","itemListElement":[{"@type":"ListItem","position":1,"name":"Startseite","item":"https:\/\/www.visitsmaland.se\/de\/"},{"@type":"ListItem","position":2,"name":"Kunstgalerien"}]},{"@type":"WebSite","@id":"https:\/\/www.visitsmaland.se\/de\/#website","url":"https:\/\/www.visitsmaland.se\/de\/","name":"Visit Sm\u00e5land","description":"V\u00e4lkommen till Sm\u00e5land","potentialAction":[{"@type":"SearchAction","target":{"@type":"EntryPoint","urlTemplate":"https:\/\/www.visitsmaland.se\/de\/?s={search_term_string}"},"query-input":{"@type":"PropertyValueSpecification","valueRequired":true,"valueName":"search_term_string"}}],"inLanguage":"de"}]}},"_links":{"self":[{"href":"https:\/\/www.visitsmaland.se\/de\/wp-json\/wp\/v2\/guide\/69159","targetHints":{"allow":["GET"]}}],"collection":[{"href":"https:\/\/www.visitsmaland.se\/de\/wp-json\/wp\/v2\/guide"}],"about":[{"href":"https:\/\/www.visitsmaland.se\/de\/wp-json\/wp\/v2\/types\/guide"}],"version-history":[{"count":7,"href":"https:\/\/www.visitsmaland.se\/de\/wp-json\/wp\/v2\/guide\/69159\/revisions"}],"predecessor-version":[{"id":71746,"href":"https:\/\/www.visitsmaland.se\/de\/wp-json\/wp\/v2\/guide\/69159\/revisions\/71746"}],"wp:featuredmedia":[{"embeddable":true,"href":"https:\/\/www.visitsmaland.se\/de\/wp-json\/wp\/v2\/media\/24809"}],"wp:attachment":[{"href":"https:\/\/www.visitsmaland.se\/de\/wp-json\/wp\/v2\/media?parent=69159"}],"wp:term":[{"taxonomy":"post_tag","embeddable":true,"href":"https:\/\/www.visitsmaland.se\/de\/wp-json\/wp\/v2\/tags?post=69159"},{"taxonomy":"land","embeddable":true,"href":"https:\/\/www.visitsmaland.se\/de\/wp-json\/wp\/v2\/land?post=69159"}],"curies":[{"name":"wp","href":"https:\/\/api.w.org\/{rel}","templated":true}]}}