{"id":75405,"date":"2025-08-28T10:39:50","date_gmt":"2025-08-28T08:39:50","guid":{"rendered":"https:\/\/www.visitsmaland.se\/upptack\/christmas-buffet-in-smaland\/"},"modified":"2025-11-07T15:05:59","modified_gmt":"2025-11-07T14:05:59","slug":"weihnachtsbuffet-in-smaland","status":"publish","type":"guide","link":"https:\/\/www.visitsmaland.se\/de\/entdecken\/weihnachtsbuffet-in-smaland\/","title":{"rendered":"Weihnachtsbuffet in Sm\u00e5land"},"content":{"rendered":"<div class=\"postHerosection postHerosection__wrapper\">\n    <div class=\"postHerosection postHerosection__container\">\n        <h1 class=\"postHerosection postHerosection__heroHeading\">\n            Weihnachtsbuffet in Sm\u00e5land        <\/h1>\n            <\/div>\n    <div class=\"postHerosection postHerosection__imageContainer\">\n        <img loading=\"lazy\" decoding=\"async\" width=\"1920\" height=\"1280\" src=\"https:\/\/www.visitsmaland.se\/wp-content\/uploads\/2025\/08\/Stufvenas-Gastgifveri-Julbord-23.jpg\" class=\"attachment-full size-full\" alt=\"\" srcset=\"https:\/\/www.visitsmaland.se\/wp-content\/uploads\/2025\/08\/Stufvenas-Gastgifveri-Julbord-23.jpg 1920w, https:\/\/www.visitsmaland.se\/wp-content\/uploads\/2025\/08\/Stufvenas-Gastgifveri-Julbord-23-300x200.jpg 300w, https:\/\/www.visitsmaland.se\/wp-content\/uploads\/2025\/08\/Stufvenas-Gastgifveri-Julbord-23-1024x683.jpg 1024w, https:\/\/www.visitsmaland.se\/wp-content\/uploads\/2025\/08\/Stufvenas-Gastgifveri-Julbord-23-768x512.jpg 768w, https:\/\/www.visitsmaland.se\/wp-content\/uploads\/2025\/08\/Stufvenas-Gastgifveri-Julbord-23-1536x1024.jpg 1536w\" sizes=\"(max-width: 1920px) 100vw, 1920px\" \/>    <\/div>\n<\/div>\n<div class=\"postHerosection postHerosection__breadcrumbs\">\n   <div class=\"postHerosection postHerosection__breadcrumbs-container\">\n        <p id=\"breadcrumbs\"><span><span><a href=\"https:\/\/www.visitsmaland.se\/de\/\">Startseite<\/a><\/span><\/span><\/p>    <\/div>\n<\/div>\n\n<div class=\"contentCta contentCta__wrapper\">\n    <div class=\"contentCta contentCta__container\">\n                    \t\t\t<div class=\"contentCta contentCta__text\" style=\"color: \">\n\t\t\t\t<p>Weihnachtsbuffets in Sm\u00e5land und auf \u00d6land bieten traditionelle Gerichte mit einem lokalen Touch. In Sm\u00e5land findet man oft kroppkakor (Kartoffelkl\u00f6\u00dfe), isterband (ger\u00e4ucherte W\u00fcrste) und hausgebackenes Brot neben Klassikern wie Hering und Schinken. Auf \u00d6land stehen h\u00e4ufig Lamm, lokale K\u00e4sesorten und \u00f6l\u00e4ndische kroppkakor im Mittelpunkt. Viele Bauernh\u00f6fe und Gasth\u00e4user servieren ihre Buffets in historischen Umgebungen und schaffen so ein besonders stimmungsvolles Erlebnis.<\/p>\n\t\t\t<\/div>\n                <hr>\n            <\/div>\n<\/div>\n\n\n<div class=\"contentImageTwoColumns contentImageTwoColumns__wrapper\" style=\"background-color: #f4f2eb\">\n    <div class=\"contentImageTwoColumns contentImageTwoColumns__container layout-reversed\">\n        <div class=\"contentImageTwoColumns contentImageTwoColumns__contentWrapper\">\n            <h2 class=\"contentImageTwoColumns contentImageTwoColumns__heading\" style=\"color: \">\n                Die Geschichte des Weihnachtsbuffets            <\/h2>\n            <div class=\"contentImageTwoColumns contentImageTwoColumns__text contentImageTwoColumns__text--short\" style=\"color: \">\n                                    <p>Das schwedische Weihnachtsbuffet hat alte Traditionen, auch wenn es relativ neu ist, das Weihnachtsessen bereits am 24. Dezember zu genie\u00dfen. Hier erf\u00e4hrst du mehr \u00fcber das schwedische Weihnachtsbuffet, mit Fokus auf die Spezialit\u00e4ten und Eigenheiten aus Sm\u00e5land und \u00d6land.<\/p>\n                            <\/div>\n            <div class=\"contentImageTwoColumns contentImageTwoColumns__text contentImageTwoColumns__text--full\" style=\"color: \">\n                <p>Das schwedische Weihnachtsbuffet hat alte Traditionen, auch wenn es relativ neu ist, das Weihnachtsessen bereits am 24. Dezember zu genie\u00dfen. Hier erf\u00e4hrst du mehr \u00fcber das schwedische Weihnachtsbuffet, mit Fokus auf die Spezialit\u00e4ten und Eigenheiten aus Sm\u00e5land und \u00d6land.<\/p>\n                <button type=\"button\" class=\"contentImageTwoColumns contentImageTwoColumns__readMoreLess\">\n                    Weniger lesen &#8211;                <\/button>\n            <\/div>\n                        <div class=\"wp-block-buttons is-layout-flex wp-block-buttons-is-layout-flex\">\n                <div class=\"wp-block-button arrow-white\">\n                    <a aria-label=\"Mehr erfahren\" class=\"wp-block-button__link wp-element-button\" href=\"https:\/\/www.visitsmaland.se\/de\/entdecken\/die-geschichte-des-weihnachtsbuffets\/\" style=\"background-color: #374632; color: #ffffff;border: solid 1px #374632\">\n                        Mehr erfahren                    <\/a>\n                <\/div>\n            <\/div>\n                                <\/div>\n        <div class=\"contentImageTwoColumns contentImageTwoColumns__imageWrapper\">\n            <img loading=\"lazy\" decoding=\"async\" width=\"1024\" height=\"740\" src=\"https:\/\/www.visitsmaland.se\/wp-content\/uploads\/2025\/09\/Julbord_liggande-1024x740.jpg\" class=\"attachment-grid-card-images size-grid-card-images\" alt=\"\" \/>        <\/div>\n    <\/div>\n<\/div>\n\n\n\n<div class=\"wp-block-group has-visitsmaland-darkgreen-background-color has-background is-layout-constrained wp-block-group-is-layout-constrained\"><div class=\"contentImageTwoColumns contentImageTwoColumns__wrapper\" style=\"background-color: #374632\">\n    <div class=\"contentImageTwoColumns contentImageTwoColumns__container \">\n        <div class=\"contentImageTwoColumns contentImageTwoColumns__contentWrapper\">\n            <h2 class=\"contentImageTwoColumns contentImageTwoColumns__heading\" style=\"color: #ffffff\">\n                Weihnachtsbuffet auf Korr\u00f6            <\/h2>\n            <div class=\"contentImageTwoColumns contentImageTwoColumns__text contentImageTwoColumns__text--short\" style=\"color: #ffffff\">\n                                    <p>Hei\u00dfer Gl\u00fchwein begr\u00fc\u00dft die G\u00e4ste am Eingang, und das gro\u00dfe Weihnachtsbuffet bietet alles von beliebten Heringen, Lachsen und Meeresfr\u00fcchten bis zu selbstgemachten Aufschnitten, gro\u00dfz\u00fcgigen warmen Speisen und einem gro\u00dfen Dessertbuffet. Willkommen zu einem echten Sm\u00e5land-Erlebnis.<\/p>\n                            <\/div>\n            <div class=\"contentImageTwoColumns contentImageTwoColumns__text contentImageTwoColumns__text--full\" style=\"color: #ffffff\">\n                <p>Hei\u00dfer Gl\u00fchwein begr\u00fc\u00dft die G\u00e4ste am Eingang, und das gro\u00dfe Weihnachtsbuffet bietet alles von beliebten Heringen, Lachsen und Meeresfr\u00fcchten bis zu selbstgemachten Aufschnitten, gro\u00dfz\u00fcgigen warmen Speisen und einem gro\u00dfen Dessertbuffet. Willkommen zu einem echten Sm\u00e5land-Erlebnis.<\/p>\n                <button type=\"button\" class=\"contentImageTwoColumns contentImageTwoColumns__readMoreLess\">\n                    Weniger lesen &#8211;                <\/button>\n            <\/div>\n                        <div class=\"wp-block-buttons is-layout-flex wp-block-buttons-is-layout-flex\">\n                <div class=\"wp-block-button \">\n                    <a aria-label=\"Jetzt entdecken\" class=\"wp-block-button__link wp-element-button\" href=\"https:\/\/korro.se\/en\" style=\"background-color: #f4f2eb; color: #000000;border: solid 1px #f4f2eb\">\n                        Jetzt entdecken                    <\/a>\n                <\/div>\n            <\/div>\n                                <\/div>\n        <div class=\"contentImageTwoColumns contentImageTwoColumns__imageWrapper\">\n            <img loading=\"lazy\" decoding=\"async\" width=\"1024\" height=\"740\" src=\"https:\/\/www.visitsmaland.se\/wp-content\/uploads\/2025\/08\/ALEX6246-1024x740.jpg\" class=\"attachment-grid-card-images size-grid-card-images\" alt=\"\" \/>        <\/div>\n    <\/div>\n<\/div>\n<\/div>\n\n\n\n<figure class=\"wp-block-gallery has-nested-images columns-default is-cropped has-visitsmaland-darkgreen-background-color has-background wp-block-gallery-2 is-layout-flex wp-block-gallery-is-layout-flex\">\n<figure class=\"wp-block-image size-large\"><img loading=\"lazy\" decoding=\"async\" width=\"1024\" height=\"683\" data-id=\"74380\" src=\"https:\/\/www.visitsmaland.se\/wp-content\/uploads\/2025\/08\/ALEX2927-1024x683.jpg\" alt=\"\" class=\"wp-image-74380\" srcset=\"https:\/\/www.visitsmaland.se\/wp-content\/uploads\/2025\/08\/ALEX2927-1024x683.jpg 1024w, https:\/\/www.visitsmaland.se\/wp-content\/uploads\/2025\/08\/ALEX2927-300x200.jpg 300w, https:\/\/www.visitsmaland.se\/wp-content\/uploads\/2025\/08\/ALEX2927-768x512.jpg 768w, https:\/\/www.visitsmaland.se\/wp-content\/uploads\/2025\/08\/ALEX2927-1536x1024.jpg 1536w, https:\/\/www.visitsmaland.se\/wp-content\/uploads\/2025\/08\/ALEX2927-2048x1365.jpg 2048w\" sizes=\"(max-width: 1024px) 100vw, 1024px\" \/><\/figure>\n\n\n\n<figure class=\"wp-block-image size-large\"><img loading=\"lazy\" decoding=\"async\" width=\"1024\" height=\"683\" data-id=\"74460\" src=\"https:\/\/www.visitsmaland.se\/wp-content\/uploads\/2025\/08\/ALEX6972-1024x683.jpg\" alt=\"\" class=\"wp-image-74460\" srcset=\"https:\/\/www.visitsmaland.se\/wp-content\/uploads\/2025\/08\/ALEX6972-1024x683.jpg 1024w, https:\/\/www.visitsmaland.se\/wp-content\/uploads\/2025\/08\/ALEX6972-300x200.jpg 300w, https:\/\/www.visitsmaland.se\/wp-content\/uploads\/2025\/08\/ALEX6972-768x512.jpg 768w, https:\/\/www.visitsmaland.se\/wp-content\/uploads\/2025\/08\/ALEX6972-1536x1024.jpg 1536w, https:\/\/www.visitsmaland.se\/wp-content\/uploads\/2025\/08\/ALEX6972-2048x1365.jpg 2048w\" sizes=\"(max-width: 1024px) 100vw, 1024px\" \/><\/figure>\n\n\n\n<figure class=\"wp-block-image size-large\"><img loading=\"lazy\" decoding=\"async\" width=\"1024\" height=\"683\" data-id=\"74455\" src=\"https:\/\/www.visitsmaland.se\/wp-content\/uploads\/2025\/08\/ALEX2987-1024x683.jpg\" alt=\"\" class=\"wp-image-74455\" srcset=\"https:\/\/www.visitsmaland.se\/wp-content\/uploads\/2025\/08\/ALEX2987-1024x683.jpg 1024w, https:\/\/www.visitsmaland.se\/wp-content\/uploads\/2025\/08\/ALEX2987-300x200.jpg 300w, https:\/\/www.visitsmaland.se\/wp-content\/uploads\/2025\/08\/ALEX2987-768x512.jpg 768w, https:\/\/www.visitsmaland.se\/wp-content\/uploads\/2025\/08\/ALEX2987-1536x1024.jpg 1536w, https:\/\/www.visitsmaland.se\/wp-content\/uploads\/2025\/08\/ALEX2987-2048x1365.jpg 2048w\" sizes=\"(max-width: 1024px) 100vw, 1024px\" \/><\/figure>\n<\/figure>\n\n\n<div class=\"dynamicContentTwoColumns dynamicContentTwoColumns__wrapper\">\n    <div class=\"dynamicContentTwoColumns dynamicContentTwoColumns__container\">\n                                    <h3 class=\"dynamicContentTwoColumns dynamicContentTwoColumns__heading\">\n                    Stufven\u00e4s G\u00e4stgifveri                <\/h3>\n                                                <div class=\"dynamicContentTwoColumns dynamicContentTwoColumns__imageWrapper\">\n                    <img loading=\"lazy\" decoding=\"async\" width=\"333\" height=\"500\" src=\"https:\/\/www.visitsmaland.se\/wp-content\/uploads\/2025\/08\/Stufvenas-Gastgifveri-Jul-16-scaled.jpg\" class=\"attachment-500x500 size-500x500\" alt=\"\" srcset=\"https:\/\/www.visitsmaland.se\/wp-content\/uploads\/2025\/08\/Stufvenas-Gastgifveri-Jul-16-scaled.jpg 1707w, https:\/\/www.visitsmaland.se\/wp-content\/uploads\/2025\/08\/Stufvenas-Gastgifveri-Jul-16-200x300.jpg 200w, https:\/\/www.visitsmaland.se\/wp-content\/uploads\/2025\/08\/Stufvenas-Gastgifveri-Jul-16-683x1024.jpg 683w, https:\/\/www.visitsmaland.se\/wp-content\/uploads\/2025\/08\/Stufvenas-Gastgifveri-Jul-16-768x1152.jpg 768w, https:\/\/www.visitsmaland.se\/wp-content\/uploads\/2025\/08\/Stufvenas-Gastgifveri-Jul-16-1024x1536.jpg 1024w, https:\/\/www.visitsmaland.se\/wp-content\/uploads\/2025\/08\/Stufvenas-Gastgifveri-Jul-16-1365x2048.jpg 1365w\" sizes=\"(max-width: 333px) 100vw, 333px\" \/>                <\/div>\n                                                <div class=\"dynamicContentTwoColumns dynamicContentTwoColumns__text\">\n                    <p><p>In Stufven\u00e4s G\u00e4stgifveri erwartet dich ein klassisches Weihnachtsbuffet mit traditionellen Geschm\u00e4ckern. Hier werden lokal produzierte Zutaten mit Sorgfalt serviert, in einer stimmungsvollen Umgebung direkt am Meer. Nach dem Essen kann das Erlebnis mit einem entspannenden Moment im Spa des Hotels abgerundet werden.<\/p>\n<p>\n                <\/div>\n                                                <div class=\"wp-block-buttons is-layout-flex wp-block-buttons-is-layout-flex\">\n                    <div class=\"wp-block-button\">\n                        <a aria-label=\"Mehr lesen\" class=\"wp-block-button__link wp-element-button dynamicContentTwoColumns dynamicContentTwoColumns__ctaButton\" href=\"https:\/\/stufvenas.se\/en\/the-restaurant\/christmas-dinner-at-kalmar-strait\/\">\n                            Jetzt entdecken                        <\/a>\n                    <\/div>\n                <\/div>\n                                                <h3 class=\"dynamicContentTwoColumns dynamicContentTwoColumns__heading\">\n                    Bauerg\u00e5rden                <\/h3>\n                                                <div class=\"dynamicContentTwoColumns dynamicContentTwoColumns__imageWrapper\">\n                    <img loading=\"lazy\" decoding=\"async\" width=\"334\" height=\"500\" src=\"https:\/\/www.visitsmaland.se\/wp-content\/uploads\/2025\/08\/FotografEmmaIvarsson_Bauervinter2022-27-scaled.jpg\" class=\"attachment-500x500 size-500x500\" alt=\"\" srcset=\"https:\/\/www.visitsmaland.se\/wp-content\/uploads\/2025\/08\/FotografEmmaIvarsson_Bauervinter2022-27-scaled.jpg 1708w, https:\/\/www.visitsmaland.se\/wp-content\/uploads\/2025\/08\/FotografEmmaIvarsson_Bauervinter2022-27-200x300.jpg 200w, https:\/\/www.visitsmaland.se\/wp-content\/uploads\/2025\/08\/FotografEmmaIvarsson_Bauervinter2022-27-683x1024.jpg 683w, https:\/\/www.visitsmaland.se\/wp-content\/uploads\/2025\/08\/FotografEmmaIvarsson_Bauervinter2022-27-768x1151.jpg 768w, https:\/\/www.visitsmaland.se\/wp-content\/uploads\/2025\/08\/FotografEmmaIvarsson_Bauervinter2022-27-1025x1536.jpg 1025w, https:\/\/www.visitsmaland.se\/wp-content\/uploads\/2025\/08\/FotografEmmaIvarsson_Bauervinter2022-27-1366x2048.jpg 1366w\" sizes=\"(max-width: 334px) 100vw, 334px\" \/>                <\/div>\n                                                <div class=\"dynamicContentTwoColumns dynamicContentTwoColumns__text\">\n                    <p><p>Das Erlebnis im Bauerg\u00e5rden beginnt bereits drau\u00dfen im Schein der Fackeln, mit Blick auf das dunkle Wasser des Sees Bunn und einer w\u00e4rmenden Tasse Gl\u00fchwein. Danach folgt ein klassisches Weihnachtsbuffet und ein gro\u00dfes Dessertbuffet, das an manchen Abenden mit Livemusik untermalt wird.<\/p>\n<p>\n                <\/div>\n                                                <div class=\"wp-block-buttons is-layout-flex wp-block-buttons-is-layout-flex\">\n                    <div class=\"wp-block-button\">\n                        <a aria-label=\"Mehr lesen\" class=\"wp-block-button__link wp-element-button dynamicContentTwoColumns dynamicContentTwoColumns__ctaButton\" href=\"https:\/\/bauergarden.se\/mat-och-dryck\/julbord\/\">\n                            Jetzt entdecken                        <\/a>\n                    <\/div>\n                <\/div>\n                                                <h3 class=\"dynamicContentTwoColumns dynamicContentTwoColumns__heading\">\n                    Kosta Boda Art Hotel                <\/h3>\n                                                <div class=\"dynamicContentTwoColumns dynamicContentTwoColumns__text\">\n                    <p><p>Nach dem Weihnachtsbuffet im Kosta Boda Art Hotel erwartet dich ein ganzer Raum voller Desserts, in dem der sm\u00e5l\u00e4ndische K\u00e4sekuchen im Mittelpunkt steht. Der Besuch kann mit Entspannung im Hotel-Spa oder mit einem Spaziergang \u00fcber den stimmungsvollen Weihnachtsmarkt in Kosta abgerundet werden.<\/p>\n<p>\n                <\/div>\n                                                <div class=\"wp-block-buttons is-layout-flex wp-block-buttons-is-layout-flex\">\n                    <div class=\"wp-block-button\">\n                        <a aria-label=\"Mehr lesen\" class=\"wp-block-button__link wp-element-button dynamicContentTwoColumns dynamicContentTwoColumns__ctaButton\" href=\"https:\/\/kostabodaarthotel.se\/en\/christmas-at-the-hotel\/\">\n                            Jetzt entdecken                        <\/a>\n                    <\/div>\n                <\/div>\n                                                <h3 class=\"dynamicContentTwoColumns dynamicContentTwoColumns__heading\">\n                    Asa Herrg\u00e5rd                <\/h3>\n                                                <div class=\"dynamicContentTwoColumns dynamicContentTwoColumns__imageWrapper\">\n                    <img loading=\"lazy\" decoding=\"async\" width=\"500\" height=\"334\" src=\"https:\/\/www.visitsmaland.se\/wp-content\/uploads\/2025\/09\/ALEX4697-scaled.jpg\" class=\"attachment-500x500 size-500x500\" alt=\"\" srcset=\"https:\/\/www.visitsmaland.se\/wp-content\/uploads\/2025\/09\/ALEX4697-scaled.jpg 2560w, https:\/\/www.visitsmaland.se\/wp-content\/uploads\/2025\/09\/ALEX4697-300x200.jpg 300w, https:\/\/www.visitsmaland.se\/wp-content\/uploads\/2025\/09\/ALEX4697-1024x683.jpg 1024w, https:\/\/www.visitsmaland.se\/wp-content\/uploads\/2025\/09\/ALEX4697-768x512.jpg 768w, https:\/\/www.visitsmaland.se\/wp-content\/uploads\/2025\/09\/ALEX4697-1536x1025.jpg 1536w, https:\/\/www.visitsmaland.se\/wp-content\/uploads\/2025\/09\/ALEX4697-2048x1366.jpg 2048w\" sizes=\"(max-width: 500px) 100vw, 500px\" \/>                <\/div>\n                                                <div class=\"dynamicContentTwoColumns dynamicContentTwoColumns__text\">\n                    <p><p>Beginne den Abend mit einer Tasse hei\u00dfem Gl\u00fchwein vor dem Herrenhaus, mit knisternden Feuern und kleinen H\u00e4ppchen. Danach ist es Zeit, einzutreten und in entspannter Atmosph\u00e4re ein reichhaltiges, typisch schwedisches Weihnachtsbuffet zu genie\u00dfen.<\/p>\n<p>\n                <\/div>\n                                                <div class=\"wp-block-buttons is-layout-flex wp-block-buttons-is-layout-flex\">\n                    <div class=\"wp-block-button\">\n                        <a aria-label=\"Mehr lesen\" class=\"wp-block-button__link wp-element-button dynamicContentTwoColumns dynamicContentTwoColumns__ctaButton\" href=\"https:\/\/en.asaherrgard.se\/julbord\">\n                            Jetzt entdecken                        <\/a>\n                    <\/div>\n                <\/div>\n                        <\/div>\n<\/div>\n\n\n<div class=\"contentCta contentCta__wrapper\">\n    <div class=\"contentCta contentCta__container\">\n                        <h2 class=\"contentCta contentCta__heading\" style=\"color: \">\n                Bekommst du nicht genug?            <\/h2>\n                \t\t\t<div class=\"contentCta contentCta__text\" style=\"color: \">\n\t\t\t\t<p>Weitere Orte in Sm\u00e5land und auf \u00d6land, die ein leckeres schwedisches Weihnachtsbuffet anbieten, findest du hier:<\/p>\n\t\t\t<\/div>\n                <hr>\n                <div class=\"contentCta contentCta__ctaWrapper\">\n            <div class=\"wp-block-buttons is-layout-flex wp-block-buttons-is-layout-flex\">\n                                                                                            <div class=\"wp-block-button \">\n                    <a aria-label=\"Teleborgs slott, V\u00e4xj\u00f6\" class=\"wp-block-button__link wp-element-button\" href=\"https:\/\/teleborgsslott.com\/events\/nu-slapper-vi-platserna-till-arets-julbord\/\" style=\"background-color: #fbbd51; color: #000000\">\n                        Teleborgs slott, V\u00e4xj\u00f6                    <\/a>\n                <\/div>\n                                                                                                <div class=\"wp-block-button \">\n                    <a aria-label=\"Slottsvillan, Huskvarna\" class=\"wp-block-button__link wp-element-button\" href=\"https:\/\/www.slottsvillan.se\/jul\" style=\"background-color: #fbbd51; color: #000000\">\n                        Slottsvillan, Huskvarna                    <\/a>\n                <\/div>\n                                                                                                <div class=\"wp-block-button \">\n                    <a aria-label=\"Hotel Skansen, F\u00e4rjestaden\" class=\"wp-block-button__link wp-element-button\" href=\"https:\/\/www.hotelskansen.com\/mat-dryck\/julbord-pa-oland-2025\/\" style=\"background-color: #fbbd51; color: #000000\">\n                        Hotel Skansen, F\u00e4rjestaden                    <\/a>\n                <\/div>\n                                                                                                <div class=\"wp-block-button \">\n                    <a aria-label=\"Hotell Bj\u00f6rkhaga, Mullsj\u00f6\" class=\"wp-block-button__link wp-element-button\" href=\"https:\/\/hotellbjorkhaga.se\/julbord\/\" style=\"background-color: #fbbd51; color: #000000\">\n                        Hotell Bj\u00f6rkhaga, Mullsj\u00f6                    <\/a>\n                <\/div>\n                                                                                                <div class=\"wp-block-button \">\n                    <a aria-label=\"G\u00e4stgivareg\u00e5rden Ljungby\" class=\"wp-block-button__link wp-element-button\" href=\"https:\/\/gastgivaregarden.org\/\" style=\"background-color: #fbbd51; color: #000000\">\n                        G\u00e4stgivareg\u00e5rden Ljungby                    <\/a>\n                <\/div>\n                                                                                                <div class=\"wp-block-button \">\n                    <a aria-label=\"Villa Vik, Toftastrand, V\u00e4xj\u00f6\" class=\"wp-block-button__link wp-element-button\" href=\"https:\/\/www.villavik.se\/sasong\/jul\/\" style=\"background-color: #fbbd51; color: #000000\">\n                        Villa Vik, Toftastrand, V\u00e4xj\u00f6                    <\/a>\n                <\/div>\n                                                                                                <div class=\"wp-block-button \">\n                    <a aria-label=\"Hotell Ullinge, Eksj\u00f6\" class=\"wp-block-button__link wp-element-button\" href=\"https:\/\/ullinge.se\/julbord\/\" style=\"background-color: #fbbd51; color: #000000\">\n                        Hotell Ullinge, Eksj\u00f6                    <\/a>\n                <\/div>\n                                                                                                <div class=\"wp-block-button \">\n                    <a aria-label=\"Grand Hotel J\u00f6nk\u00f6ping\" class=\"wp-block-button__link wp-element-button\" href=\"https:\/\/grandhoteljonkoping.se\/julbord-pa-grand\/\" style=\"background-color: #fbbd51; color: \">\n                        Grand Hotel J\u00f6nk\u00f6ping                    <\/a>\n                <\/div>\n                                                                                                <div class=\"wp-block-button \">\n                    <a aria-label=\"Elite Stora Hotellet, J\u00f6nk\u00f6ping\" class=\"wp-block-button__link wp-element-button\" href=\"https:\/\/www.elite.se\/julbord\/jonkoping\/elite-stora-hotellet\/\" style=\"background-color: #fbbd51; color: \">\n                        Elite Stora Hotellet, J\u00f6nk\u00f6ping                    <\/a>\n                <\/div>\n                                                                                                <div class=\"wp-block-button \">\n                    <a aria-label=\"Hooks Herrg\u00e5rd\" class=\"wp-block-button__link wp-element-button\" href=\"https:\/\/www.hooksherrgard.se\/julbord-jonkoping\/\" style=\"background-color: #fbbd51; color: \">\n                        Hooks Herrg\u00e5rd                    <\/a>\n                <\/div>\n                                                                                                <div class=\"wp-block-button \">\n                    <a aria-label=\"PM &#038; V\u00e4nner\" class=\"wp-block-button__link wp-element-button\" href=\"https:\/\/pmrestauranger.se\/info\/jul-pa-fest-konferens\/\" style=\"background-color: #fbbd51; color: \">\n                        PM &#038; V\u00e4nner                    <\/a>\n                <\/div>\n                                                                                                <div class=\"wp-block-button \">\n                    <a aria-label=\"Toftaholm\" class=\"wp-block-button__link wp-element-button\" href=\"https:\/\/www.toftaholm.se\/sv\/handelsernas-herrgard\/julbord\/\" style=\"background-color: #fbbd51; color: \">\n                        Toftaholm                    <\/a>\n                <\/div>\n                                                                                                <div class=\"wp-block-button \">\n                    <a aria-label=\"Villa Gransholm\" class=\"wp-block-button__link wp-element-button\" href=\"https:\/\/villagransholm.se\/julbord-2024\/\" style=\"background-color: #fbbd51; color: \">\n                        Villa Gransholm                    <\/a>\n                <\/div>\n                                                                                                <div class=\"wp-block-button \">\n                    <a aria-label=\"Gr\u00e4ns\u00f6 Slott\" class=\"wp-block-button__link wp-element-button\" href=\"https:\/\/www.granso.se\/2025\/01\/02\/27-11-13-12-julbord\/\" style=\"background-color: #fbbd51; color: \">\n                        Gr\u00e4ns\u00f6 Slott                    <\/a>\n                <\/div>\n                                                                                                <div class=\"wp-block-button \">\n                    <a aria-label=\"Kalmar Slott\" class=\"wp-block-button__link wp-element-button\" href=\"https:\/\/kalmarslott.se\/julbord-och-jullunch\/\" style=\"background-color: #fbbd51; color: \">\n                        Kalmar Slott                    <\/a>\n                <\/div>\n                                                                                                <div class=\"wp-block-button \">\n                    <a aria-label=\"Trakt\" class=\"wp-block-button__link wp-element-button\" href=\"https:\/\/traktforesthotel.com\/restaurant\/christmas-at-trakt\/\" style=\"background-color: #fbbd51; color: \">\n                        Trakt                    <\/a>\n                <\/div>\n                            <\/div>\n        <\/div>\n            <\/div>\n<\/div>\n\n\n\n<figure class=\"wp-block-gallery has-nested-images columns-default is-cropped wp-block-gallery-3 is-layout-flex wp-block-gallery-is-layout-flex\">\n<figure class=\"wp-block-image size-large\"><img loading=\"lazy\" decoding=\"async\" width=\"2560\" height=\"2560\" data-id=\"74469\" src=\"https:\/\/www.visitsmaland.se\/wp-content\/uploads\/2025\/08\/BD4A5939-edited-scaled.jpg\" alt=\"\" class=\"wp-image-74469\" srcset=\"https:\/\/www.visitsmaland.se\/wp-content\/uploads\/2025\/08\/BD4A5939-edited-scaled.jpg 2560w, https:\/\/www.visitsmaland.se\/wp-content\/uploads\/2025\/08\/BD4A5939-edited-300x300.jpg 300w, https:\/\/www.visitsmaland.se\/wp-content\/uploads\/2025\/08\/BD4A5939-edited-1024x1024.jpg 1024w, https:\/\/www.visitsmaland.se\/wp-content\/uploads\/2025\/08\/BD4A5939-edited-150x150.jpg 150w, https:\/\/www.visitsmaland.se\/wp-content\/uploads\/2025\/08\/BD4A5939-edited-768x768.jpg 768w, https:\/\/www.visitsmaland.se\/wp-content\/uploads\/2025\/08\/BD4A5939-edited-1536x1536.jpg 1536w, https:\/\/www.visitsmaland.se\/wp-content\/uploads\/2025\/08\/BD4A5939-edited-2048x2048.jpg 2048w\" sizes=\"(max-width: 2560px) 100vw, 2560px\" \/><\/figure>\n\n\n\n<figure class=\"wp-block-image size-large\"><img loading=\"lazy\" decoding=\"async\" width=\"2560\" height=\"2560\" data-id=\"74474\" src=\"https:\/\/www.visitsmaland.se\/wp-content\/uploads\/2025\/08\/Rebeccas-foto_256_Julbord_Hotel-Vrigstad-edited-scaled.jpg\" alt=\"\" class=\"wp-image-74474\" srcset=\"https:\/\/www.visitsmaland.se\/wp-content\/uploads\/2025\/08\/Rebeccas-foto_256_Julbord_Hotel-Vrigstad-edited-scaled.jpg 2560w, https:\/\/www.visitsmaland.se\/wp-content\/uploads\/2025\/08\/Rebeccas-foto_256_Julbord_Hotel-Vrigstad-edited-300x300.jpg 300w, https:\/\/www.visitsmaland.se\/wp-content\/uploads\/2025\/08\/Rebeccas-foto_256_Julbord_Hotel-Vrigstad-edited-1024x1024.jpg 1024w, https:\/\/www.visitsmaland.se\/wp-content\/uploads\/2025\/08\/Rebeccas-foto_256_Julbord_Hotel-Vrigstad-edited-150x150.jpg 150w, https:\/\/www.visitsmaland.se\/wp-content\/uploads\/2025\/08\/Rebeccas-foto_256_Julbord_Hotel-Vrigstad-edited-768x768.jpg 768w, https:\/\/www.visitsmaland.se\/wp-content\/uploads\/2025\/08\/Rebeccas-foto_256_Julbord_Hotel-Vrigstad-edited-1536x1536.jpg 1536w, https:\/\/www.visitsmaland.se\/wp-content\/uploads\/2025\/08\/Rebeccas-foto_256_Julbord_Hotel-Vrigstad-edited-2048x2048.jpg 2048w\" sizes=\"(max-width: 2560px) 100vw, 2560px\" \/><\/figure>\n\n\n\n<figure class=\"wp-block-image size-large\"><img loading=\"lazy\" decoding=\"async\" width=\"1024\" height=\"683\" data-id=\"74370\" src=\"https:\/\/www.visitsmaland.se\/wp-content\/uploads\/2025\/08\/LEX8115-1024x683.jpg\" alt=\"\" class=\"wp-image-74370\" srcset=\"https:\/\/www.visitsmaland.se\/wp-content\/uploads\/2025\/08\/LEX8115-1024x683.jpg 1024w, https:\/\/www.visitsmaland.se\/wp-content\/uploads\/2025\/08\/LEX8115-300x200.jpg 300w, https:\/\/www.visitsmaland.se\/wp-content\/uploads\/2025\/08\/LEX8115-768x512.jpg 768w, https:\/\/www.visitsmaland.se\/wp-content\/uploads\/2025\/08\/LEX8115-1536x1025.jpg 1536w, https:\/\/www.visitsmaland.se\/wp-content\/uploads\/2025\/08\/LEX8115-2048x1366.jpg 2048w\" sizes=\"(max-width: 1024px) 100vw, 1024px\" \/><\/figure>\n<\/figure>\n\n\n  \n<div class=\"featuredTwoColumns featuredTwoColumns__wrapper\">\n    <div class=\"featuredTwoColumns featuredTwoColumns__container\">  \n            <div class=\"featuredTwoColumns featuredTwoColumns__feturedWrapper\">\n            <a aria-label=\"Winter in Sm\u00e5land\" href=\"https:\/\/www.visitsmaland.se\/de\/entdecken\/winter-in-smaland\/\"class=\"featuredTwoColumns featuredTwoColumns__imageWrapper\">\n                <img loading=\"lazy\" decoding=\"async\" width=\"1024\" height=\"740\" src=\"https:\/\/www.visitsmaland.se\/wp-content\/uploads\/2025\/08\/WEB_NY_FotografEmmaIvarsson_240110-53-1024x740.jpg\" class=\"attachment-grid-card-images size-grid-card-images wp-post-image\" alt=\"Par hos Trakt Forest Hotel i vintrig milj\u00f6.\" \/>            <\/a>\n            <div class=\"featuredTwoColumns featuredTwoColumns__contentWrapper\">\n                <h2 class=\"featuredTwoColumns featuredTwoColumns__heading\">\n                    Winter in Sm\u00e5land                <\/h2>\n                <p class=\"featuredTwoColumns featuredTwoColumns__description\">\n                    Erlebe den Winter in Sm\u00e5land und auf \u00d6land: Im Spa \u2026                <\/p>\n                 \n                 \n                <div class=\"wp-block-buttons is-layout-flex wp-block-buttons-is-layout-flex\">\n                    <div class=\"wp-block-button \">\n                        <a aria-label=\"Winter in Sm\u00e5land\"class=\"wp-block-button__link wp-element-button\" href=\"https:\/\/www.visitsmaland.se\/de\/entdecken\/winter-in-smaland\/\">\n                            Entdecke                       \n                         <\/a>\n                    <\/div>\n                <\/div>\n            <\/div>\n        <\/div>\n                <div class=\"featuredTwoColumns featuredTwoColumns__feturedWrapper\">\n            <a aria-label=\"Weihnachtsm\u00e4rkte in Sm\u00e5land\" href=\"https:\/\/www.visitsmaland.se\/de\/entdecken\/weihnachten-in-smaland\/\"class=\"featuredTwoColumns featuredTwoColumns__imageWrapper\">\n                <img loading=\"lazy\" decoding=\"async\" width=\"1024\" height=\"740\" src=\"https:\/\/www.visitsmaland.se\/wp-content\/uploads\/2024\/04\/alx_9634-1-1024x740.jpg\" class=\"attachment-grid-card-images size-grid-card-images wp-post-image\" alt=\"\" \/>            <\/a>\n            <div class=\"featuredTwoColumns featuredTwoColumns__contentWrapper\">\n                <h2 class=\"featuredTwoColumns featuredTwoColumns__heading\">\n                    Weihnachtsm\u00e4rkte in Sm\u00e5land                <\/h2>\n                <p class=\"featuredTwoColumns featuredTwoColumns__description\">\n                    Weihnachtsm\u00e4rkte in Sm\u00e5land und auf \u00d6land sind ganz\u2026                <\/p>\n                 \n                 \n                <div class=\"wp-block-buttons is-layout-flex wp-block-buttons-is-layout-flex\">\n                    <div class=\"wp-block-button \">\n                        <a aria-label=\"Weihnachtsm\u00e4rkte in Sm\u00e5land\"class=\"wp-block-button__link wp-element-button\" href=\"https:\/\/www.visitsmaland.se\/de\/entdecken\/weihnachten-in-smaland\/\">\n                            Entdecke                       \n                         <\/a>\n                    <\/div>\n                <\/div>\n            <\/div>\n        <\/div>\n            <\/div>\n<\/div>\n","protected":false},"excerpt":{"rendered":"<p>Weihnachtsbuffets in Sm\u00e5land und auf \u00d6land bieten traditionelle Gerichte mit einem lokalen Touch. In Sm\u00e5land findet man oft kroppkakor (Kartoffelkl\u00f6\u00dfe), isterband (ger\u00e4ucherte W\u00fcrste) und hausgebackenes Brot neben Klassikern wie Hering und Schinken. Auf \u00d6land stehen h\u00e4ufig Lamm, lokale K\u00e4sesorten und \u00f6l\u00e4ndische kroppkakor im Mittelpunkt. Viele Bauernh\u00f6fe und Gasth\u00e4user servieren ihre Buffets in historischen Umgebungen und schaffen so ein besonders stimmungsvolles Erlebnis.<\/p>\n","protected":false},"featured_media":74439,"parent":0,"menu_order":314,"template":"","tags":[],"land":[],"class_list":["post-75405","guide","type-guide","status-publish","has-post-thumbnail","hentry"],"acf":{"priority":""},"yoast_head":"<!-- This site is optimized with the Yoast SEO plugin v27.5 - https:\/\/yoast.com\/product\/yoast-seo-wordpress\/ -->\n<title>Weihnachtsbuffet in Sm\u00e5land und auf \u00d6land | Visit Sm\u00e5land<\/title>\n<meta name=\"description\" content=\"Weihnachtsbuffets in Sm\u00e5land bieten traditionelle Gerichte mit einem lokalen Touch. In Sm\u00e5land findet man oft kroppkakor und isterband.\" \/>\n<meta name=\"robots\" content=\"index, follow, max-snippet:-1, max-image-preview:large, max-video-preview:-1\" \/>\n<link rel=\"canonical\" href=\"https:\/\/www.visitsmaland.se\/de\/entdecken\/weihnachtsbuffet-in-smaland\/\" \/>\n<meta property=\"og:locale\" content=\"de_DE\" \/>\n<meta property=\"og:type\" content=\"article\" \/>\n<meta property=\"og:title\" content=\"Weihnachtsbuffet in Sm\u00e5land und auf \u00d6land | Visit Sm\u00e5land\" \/>\n<meta property=\"og:description\" content=\"Weihnachtsbuffets in Sm\u00e5land bieten traditionelle Gerichte mit einem lokalen Touch. In Sm\u00e5land findet man oft kroppkakor und isterband.\" \/>\n<meta property=\"og:url\" content=\"https:\/\/www.visitsmaland.se\/de\/entdecken\/weihnachtsbuffet-in-smaland\/\" \/>\n<meta property=\"og:site_name\" content=\"Visit Sm\u00e5land\" \/>\n<meta property=\"article:publisher\" content=\"https:\/\/www.facebook.com\/visitsmaland\/\" \/>\n<meta property=\"article:modified_time\" content=\"2025-11-07T14:05:59+00:00\" \/>\n<meta property=\"og:image\" content=\"https:\/\/www.visitsmaland.se\/wp-content\/uploads\/2025\/08\/Stufvenas-Gastgifveri-Julbord-23.jpg\" \/>\n\t<meta property=\"og:image:width\" content=\"1920\" \/>\n\t<meta property=\"og:image:height\" content=\"1280\" \/>\n\t<meta property=\"og:image:type\" content=\"image\/jpeg\" \/>\n<meta name=\"twitter:card\" content=\"summary_large_image\" \/>\n<meta name=\"twitter:label1\" content=\"Gesch\u00e4tzte Lesezeit\" \/>\n\t<meta name=\"twitter:data1\" content=\"5\u00a0Minuten\" \/>\n<script type=\"application\/ld+json\" class=\"yoast-schema-graph\">{\"@context\":\"https:\\\/\\\/schema.org\",\"@graph\":[{\"@type\":\"WebPage\",\"@id\":\"https:\\\/\\\/www.visitsmaland.se\\\/de\\\/entdecken\\\/weihnachtsbuffet-in-smaland\\\/\",\"url\":\"https:\\\/\\\/www.visitsmaland.se\\\/de\\\/entdecken\\\/weihnachtsbuffet-in-smaland\\\/\",\"name\":\"Weihnachtsbuffet in Sm\u00e5land und auf \u00d6land | Visit Sm\u00e5land\",\"isPartOf\":{\"@id\":\"https:\\\/\\\/www.visitsmaland.se\\\/de\\\/#website\"},\"primaryImageOfPage\":{\"@id\":\"https:\\\/\\\/www.visitsmaland.se\\\/de\\\/entdecken\\\/weihnachtsbuffet-in-smaland\\\/#primaryimage\"},\"image\":{\"@id\":\"https:\\\/\\\/www.visitsmaland.se\\\/de\\\/entdecken\\\/weihnachtsbuffet-in-smaland\\\/#primaryimage\"},\"thumbnailUrl\":\"https:\\\/\\\/www.visitsmaland.se\\\/wp-content\\\/uploads\\\/2025\\\/08\\\/Stufvenas-Gastgifveri-Julbord-23.jpg\",\"datePublished\":\"2025-08-28T08:39:50+00:00\",\"dateModified\":\"2025-11-07T14:05:59+00:00\",\"description\":\"Weihnachtsbuffets in Sm\u00e5land bieten traditionelle Gerichte mit einem lokalen Touch. In Sm\u00e5land findet man oft kroppkakor und isterband.\",\"breadcrumb\":{\"@id\":\"https:\\\/\\\/www.visitsmaland.se\\\/de\\\/entdecken\\\/weihnachtsbuffet-in-smaland\\\/#breadcrumb\"},\"inLanguage\":\"de\",\"potentialAction\":[{\"@type\":\"ReadAction\",\"target\":[\"https:\\\/\\\/www.visitsmaland.se\\\/de\\\/entdecken\\\/weihnachtsbuffet-in-smaland\\\/\"]}]},{\"@type\":\"ImageObject\",\"inLanguage\":\"de\",\"@id\":\"https:\\\/\\\/www.visitsmaland.se\\\/de\\\/entdecken\\\/weihnachtsbuffet-in-smaland\\\/#primaryimage\",\"url\":\"https:\\\/\\\/www.visitsmaland.se\\\/wp-content\\\/uploads\\\/2025\\\/08\\\/Stufvenas-Gastgifveri-Julbord-23.jpg\",\"contentUrl\":\"https:\\\/\\\/www.visitsmaland.se\\\/wp-content\\\/uploads\\\/2025\\\/08\\\/Stufvenas-Gastgifveri-Julbord-23.jpg\",\"width\":1920,\"height\":1280},{\"@type\":\"BreadcrumbList\",\"@id\":\"https:\\\/\\\/www.visitsmaland.se\\\/de\\\/entdecken\\\/weihnachtsbuffet-in-smaland\\\/#breadcrumb\",\"itemListElement\":[{\"@type\":\"ListItem\",\"position\":1,\"name\":\"Startseite\",\"item\":\"https:\\\/\\\/www.visitsmaland.se\\\/de\\\/\"},{\"@type\":\"ListItem\",\"position\":2,\"name\":\"Weihnachtsbuffet in Sm\u00e5land\"}]},{\"@type\":\"WebSite\",\"@id\":\"https:\\\/\\\/www.visitsmaland.se\\\/de\\\/#website\",\"url\":\"https:\\\/\\\/www.visitsmaland.se\\\/de\\\/\",\"name\":\"Visit Sm\u00e5land\",\"description\":\"V\u00e4lkommen till Sm\u00e5land\",\"potentialAction\":[{\"@type\":\"SearchAction\",\"target\":{\"@type\":\"EntryPoint\",\"urlTemplate\":\"https:\\\/\\\/www.visitsmaland.se\\\/de\\\/?s={search_term_string}\"},\"query-input\":{\"@type\":\"PropertyValueSpecification\",\"valueRequired\":true,\"valueName\":\"search_term_string\"}}],\"inLanguage\":\"de\"}]}<\/script>\n<!-- \/ Yoast SEO plugin. -->","yoast_head_json":{"title":"Weihnachtsbuffet in Sm\u00e5land und auf \u00d6land | Visit Sm\u00e5land","description":"Weihnachtsbuffets in Sm\u00e5land bieten traditionelle Gerichte mit einem lokalen Touch. In Sm\u00e5land findet man oft kroppkakor und isterband.","robots":{"index":"index","follow":"follow","max-snippet":"max-snippet:-1","max-image-preview":"max-image-preview:large","max-video-preview":"max-video-preview:-1"},"canonical":"https:\/\/www.visitsmaland.se\/de\/entdecken\/weihnachtsbuffet-in-smaland\/","og_locale":"de_DE","og_type":"article","og_title":"Weihnachtsbuffet in Sm\u00e5land und auf \u00d6land | Visit Sm\u00e5land","og_description":"Weihnachtsbuffets in Sm\u00e5land bieten traditionelle Gerichte mit einem lokalen Touch. In Sm\u00e5land findet man oft kroppkakor und isterband.","og_url":"https:\/\/www.visitsmaland.se\/de\/entdecken\/weihnachtsbuffet-in-smaland\/","og_site_name":"Visit Sm\u00e5land","article_publisher":"https:\/\/www.facebook.com\/visitsmaland\/","article_modified_time":"2025-11-07T14:05:59+00:00","og_image":[{"width":1920,"height":1280,"url":"https:\/\/www.visitsmaland.se\/wp-content\/uploads\/2025\/08\/Stufvenas-Gastgifveri-Julbord-23.jpg","type":"image\/jpeg"}],"twitter_card":"summary_large_image","twitter_misc":{"Gesch\u00e4tzte Lesezeit":"5\u00a0Minuten"},"schema":{"@context":"https:\/\/schema.org","@graph":[{"@type":"WebPage","@id":"https:\/\/www.visitsmaland.se\/de\/entdecken\/weihnachtsbuffet-in-smaland\/","url":"https:\/\/www.visitsmaland.se\/de\/entdecken\/weihnachtsbuffet-in-smaland\/","name":"Weihnachtsbuffet in Sm\u00e5land und auf \u00d6land | Visit Sm\u00e5land","isPartOf":{"@id":"https:\/\/www.visitsmaland.se\/de\/#website"},"primaryImageOfPage":{"@id":"https:\/\/www.visitsmaland.se\/de\/entdecken\/weihnachtsbuffet-in-smaland\/#primaryimage"},"image":{"@id":"https:\/\/www.visitsmaland.se\/de\/entdecken\/weihnachtsbuffet-in-smaland\/#primaryimage"},"thumbnailUrl":"https:\/\/www.visitsmaland.se\/wp-content\/uploads\/2025\/08\/Stufvenas-Gastgifveri-Julbord-23.jpg","datePublished":"2025-08-28T08:39:50+00:00","dateModified":"2025-11-07T14:05:59+00:00","description":"Weihnachtsbuffets in Sm\u00e5land bieten traditionelle Gerichte mit einem lokalen Touch. In Sm\u00e5land findet man oft kroppkakor und isterband.","breadcrumb":{"@id":"https:\/\/www.visitsmaland.se\/de\/entdecken\/weihnachtsbuffet-in-smaland\/#breadcrumb"},"inLanguage":"de","potentialAction":[{"@type":"ReadAction","target":["https:\/\/www.visitsmaland.se\/de\/entdecken\/weihnachtsbuffet-in-smaland\/"]}]},{"@type":"ImageObject","inLanguage":"de","@id":"https:\/\/www.visitsmaland.se\/de\/entdecken\/weihnachtsbuffet-in-smaland\/#primaryimage","url":"https:\/\/www.visitsmaland.se\/wp-content\/uploads\/2025\/08\/Stufvenas-Gastgifveri-Julbord-23.jpg","contentUrl":"https:\/\/www.visitsmaland.se\/wp-content\/uploads\/2025\/08\/Stufvenas-Gastgifveri-Julbord-23.jpg","width":1920,"height":1280},{"@type":"BreadcrumbList","@id":"https:\/\/www.visitsmaland.se\/de\/entdecken\/weihnachtsbuffet-in-smaland\/#breadcrumb","itemListElement":[{"@type":"ListItem","position":1,"name":"Startseite","item":"https:\/\/www.visitsmaland.se\/de\/"},{"@type":"ListItem","position":2,"name":"Weihnachtsbuffet in Sm\u00e5land"}]},{"@type":"WebSite","@id":"https:\/\/www.visitsmaland.se\/de\/#website","url":"https:\/\/www.visitsmaland.se\/de\/","name":"Visit Sm\u00e5land","description":"V\u00e4lkommen till Sm\u00e5land","potentialAction":[{"@type":"SearchAction","target":{"@type":"EntryPoint","urlTemplate":"https:\/\/www.visitsmaland.se\/de\/?s={search_term_string}"},"query-input":{"@type":"PropertyValueSpecification","valueRequired":true,"valueName":"search_term_string"}}],"inLanguage":"de"}]}},"_links":{"self":[{"href":"https:\/\/www.visitsmaland.se\/de\/wp-json\/wp\/v2\/guide\/75405","targetHints":{"allow":["GET"]}}],"collection":[{"href":"https:\/\/www.visitsmaland.se\/de\/wp-json\/wp\/v2\/guide"}],"about":[{"href":"https:\/\/www.visitsmaland.se\/de\/wp-json\/wp\/v2\/types\/guide"}],"version-history":[{"count":5,"href":"https:\/\/www.visitsmaland.se\/de\/wp-json\/wp\/v2\/guide\/75405\/revisions"}],"predecessor-version":[{"id":77494,"href":"https:\/\/www.visitsmaland.se\/de\/wp-json\/wp\/v2\/guide\/75405\/revisions\/77494"}],"wp:featuredmedia":[{"embeddable":true,"href":"https:\/\/www.visitsmaland.se\/de\/wp-json\/wp\/v2\/media\/74439"}],"wp:attachment":[{"href":"https:\/\/www.visitsmaland.se\/de\/wp-json\/wp\/v2\/media?parent=75405"}],"wp:term":[{"taxonomy":"post_tag","embeddable":true,"href":"https:\/\/www.visitsmaland.se\/de\/wp-json\/wp\/v2\/tags?post=75405"},{"taxonomy":"land","embeddable":true,"href":"https:\/\/www.visitsmaland.se\/de\/wp-json\/wp\/v2\/land?post=75405"}],"curies":[{"name":"wp","href":"https:\/\/api.w.org\/{rel}","templated":true}]}}