{"id":75518,"date":"2025-09-17T13:35:34","date_gmt":"2025-09-17T11:35:34","guid":{"rendered":"https:\/\/www.visitsmaland.se\/upptack\/stay-in-smaland-in-the-winter\/"},"modified":"2025-10-07T16:30:51","modified_gmt":"2025-10-07T14:30:51","slug":"wohnen-in-smaland-im-winter","status":"publish","type":"guide","link":"https:\/\/www.visitsmaland.se\/de\/entdecken\/wohnen-in-smaland-im-winter\/","title":{"rendered":"Winteraufenthalte in Sm\u00e5land"},"content":{"rendered":"<div class=\"postHerosection postHerosection__wrapper\">\n    <div class=\"postHerosection postHerosection__container\">\n        <h1 class=\"postHerosection postHerosection__heroHeading\">\n            Winteraufenthalte in Sm\u00e5land        <\/h1>\n            <\/div>\n    <div class=\"postHerosection postHerosection__imageContainer\">\n        <img loading=\"lazy\" decoding=\"async\" width=\"1707\" height=\"2560\" src=\"https:\/\/www.visitsmaland.se\/wp-content\/uploads\/2025\/09\/Stufvenas-Gastgifveri-Vinter-10-scaled-e1758105037524.jpg\" class=\"attachment-full size-full\" alt=\"\" \/>    <\/div>\n<\/div>\n<div class=\"postHerosection postHerosection__breadcrumbs\">\n   <div class=\"postHerosection postHerosection__breadcrumbs-container\">\n        <p id=\"breadcrumbs\"><span><span><a href=\"https:\/\/www.visitsmaland.se\/de\/\">Startseite<\/a><\/span><\/span><\/p>    <\/div>\n<\/div>\n\n<div class=\"contentCta contentCta__wrapper\">\n    <div class=\"contentCta contentCta__container\">\n                    \t\t\t<div class=\"contentCta contentCta__text\" style=\"color: \">\n\t\t\t\t<p>Verbringe einen Winter in Sm\u00e5land und auf \u00d6land. H\u00f6re das Knistern eines Kamins, genie\u00dfe eine hei\u00dfe Tasse Kaffee und kuschle dich in ein warmes Bett. Drau\u00dfen vor dem Fenster ist es rau, kalt und wundersch\u00f6n zugleich. Nach einem Tag in der Natur oder neuen Entdeckungen ist es immer ein besonderer Genuss, in deine Unterkunft zur\u00fcckzukehren. Hier geben wir Tipps zu gem\u00fctlichen Herrenh\u00e4usern, H\u00fctten und einzigartigen Unterk\u00fcnften f\u00fcr deinen Winteraufenthalt in Sm\u00e5land und auf \u00d6land.<\/p>\n\t\t\t<\/div>\n                <hr>\n            <\/div>\n<\/div>\n\n\n<div class=\"contentImageTwoColumns contentImageTwoColumns__wrapper\" style=\"background-color: #f4f2eb\">\n    <div class=\"contentImageTwoColumns contentImageTwoColumns__container \">\n        <div class=\"contentImageTwoColumns contentImageTwoColumns__contentWrapper\">\n            <h2 class=\"contentImageTwoColumns contentImageTwoColumns__heading\" style=\"color: #000000\">\n                Wohnen mitten in der Natur            <\/h2>\n            <div class=\"contentImageTwoColumns contentImageTwoColumns__text contentImageTwoColumns__text--short\" style=\"color: #000000\">\n                                    <p>Im Winter mitten in der Natur zu wohnen ist etwas ganz Besonderes \u2013 und bei The Forest Hotels wird das Erlebnis noch unvergesslicher. Zum Netzwerk geh\u00f6ren Trakt Forest Hotel, Bauerg\u00e5rden, Asa Herrg&#8230;                    <button type=\"button\" class=\"contentImageTwoColumns contentImageTwoColumns__readMoreLess\">\n                        Mehr lesen +                    <\/button>\n                            <\/div>\n            <div class=\"contentImageTwoColumns contentImageTwoColumns__text contentImageTwoColumns__text--full\" style=\"color: #000000\">\n                <p>Im Winter mitten in der Natur zu wohnen ist etwas ganz Besonderes \u2013 und bei The Forest Hotels wird das Erlebnis noch unvergesslicher. Zum Netzwerk geh\u00f6ren Trakt Forest Hotel, Bauerg\u00e5rden, Asa Herrg\u00e5rd, Stufven\u00e4s G\u00e4stgifveri und Wallby S\u00e4teri. Hier kannst du zwischen schneebedeckten Baumwipfeln aufwachen, stille Winterwanderungen genie\u00dfen oder dich nach einem Tag an der frischen Luft in verschiedenen Arten von Spas entspannen.<\/p>\n                <button type=\"button\" class=\"contentImageTwoColumns contentImageTwoColumns__readMoreLess\">\n                    Weniger lesen &#8211;                <\/button>\n            <\/div>\n                        <div class=\"wp-block-buttons is-layout-flex wp-block-buttons-is-layout-flex\">\n                <div class=\"wp-block-button arrow-white\">\n                    <a aria-label=\"Jetzt entdecken\" class=\"wp-block-button__link wp-element-button\" href=\"https:\/\/theforesthotels.se\/\" style=\"background-color: #374632; color: #ffffff;border: solid 1px #374632\">\n                        Jetzt entdecken                    <\/a>\n                <\/div>\n            <\/div>\n                                <\/div>\n        <div class=\"contentImageTwoColumns contentImageTwoColumns__imageWrapper\">\n            <img loading=\"lazy\" decoding=\"async\" width=\"1024\" height=\"740\" src=\"https:\/\/www.visitsmaland.se\/wp-content\/uploads\/2025\/09\/trakt_Poppy-Smicker3-1024x740.jpg\" class=\"attachment-grid-card-images size-grid-card-images\" alt=\"\" \/>        <\/div>\n    <\/div>\n<\/div>\n\n\n\n<figure class=\"wp-block-gallery has-nested-images columns-default is-cropped wp-block-gallery-2 is-layout-flex wp-block-gallery-is-layout-flex\">\n<figure class=\"wp-block-image size-large\"><img loading=\"lazy\" decoding=\"async\" width=\"1024\" height=\"683\" data-id=\"75135\" src=\"https:\/\/www.visitsmaland.se\/wp-content\/uploads\/2025\/09\/WEB_NY_FotografEmmaIvarsson_240110-103-1024x683.jpg\" alt=\"\" class=\"wp-image-75135\" srcset=\"https:\/\/www.visitsmaland.se\/wp-content\/uploads\/2025\/09\/WEB_NY_FotografEmmaIvarsson_240110-103-1024x683.jpg 1024w, https:\/\/www.visitsmaland.se\/wp-content\/uploads\/2025\/09\/WEB_NY_FotografEmmaIvarsson_240110-103-300x200.jpg 300w, https:\/\/www.visitsmaland.se\/wp-content\/uploads\/2025\/09\/WEB_NY_FotografEmmaIvarsson_240110-103-768x512.jpg 768w, https:\/\/www.visitsmaland.se\/wp-content\/uploads\/2025\/09\/WEB_NY_FotografEmmaIvarsson_240110-103-1536x1024.jpg 1536w, https:\/\/www.visitsmaland.se\/wp-content\/uploads\/2025\/09\/WEB_NY_FotografEmmaIvarsson_240110-103-2048x1366.jpg 2048w\" sizes=\"(max-width: 1024px) 100vw, 1024px\" \/><\/figure>\n\n\n\n<figure class=\"wp-block-image size-large\"><img loading=\"lazy\" decoding=\"async\" width=\"1024\" height=\"683\" data-id=\"75150\" src=\"https:\/\/www.visitsmaland.se\/wp-content\/uploads\/2025\/09\/FotografEmmaIvarsson_Bauervinter2022-5-1024x683.jpg\" alt=\"\" class=\"wp-image-75150\" srcset=\"https:\/\/www.visitsmaland.se\/wp-content\/uploads\/2025\/09\/FotografEmmaIvarsson_Bauervinter2022-5-1024x683.jpg 1024w, https:\/\/www.visitsmaland.se\/wp-content\/uploads\/2025\/09\/FotografEmmaIvarsson_Bauervinter2022-5-300x200.jpg 300w, https:\/\/www.visitsmaland.se\/wp-content\/uploads\/2025\/09\/FotografEmmaIvarsson_Bauervinter2022-5-768x512.jpg 768w, https:\/\/www.visitsmaland.se\/wp-content\/uploads\/2025\/09\/FotografEmmaIvarsson_Bauervinter2022-5-1536x1024.jpg 1536w, https:\/\/www.visitsmaland.se\/wp-content\/uploads\/2025\/09\/FotografEmmaIvarsson_Bauervinter2022-5-2048x1366.jpg 2048w\" sizes=\"(max-width: 1024px) 100vw, 1024px\" \/><\/figure>\n\n\n\n<figure class=\"wp-block-image size-large\"><img loading=\"lazy\" decoding=\"async\" width=\"1024\" height=\"683\" data-id=\"75140\" src=\"https:\/\/www.visitsmaland.se\/wp-content\/uploads\/2025\/09\/Wallby-Sateri-The-Edible-Country-2-1024x683.jpg\" alt=\"\" class=\"wp-image-75140\" srcset=\"https:\/\/www.visitsmaland.se\/wp-content\/uploads\/2025\/09\/Wallby-Sateri-The-Edible-Country-2-1024x683.jpg 1024w, https:\/\/www.visitsmaland.se\/wp-content\/uploads\/2025\/09\/Wallby-Sateri-The-Edible-Country-2-300x200.jpg 300w, https:\/\/www.visitsmaland.se\/wp-content\/uploads\/2025\/09\/Wallby-Sateri-The-Edible-Country-2-768x512.jpg 768w, https:\/\/www.visitsmaland.se\/wp-content\/uploads\/2025\/09\/Wallby-Sateri-The-Edible-Country-2-1536x1024.jpg 1536w, https:\/\/www.visitsmaland.se\/wp-content\/uploads\/2025\/09\/Wallby-Sateri-The-Edible-Country-2-2048x1365.jpg 2048w\" sizes=\"(max-width: 1024px) 100vw, 1024px\" \/><\/figure>\n<\/figure>\n\n\n<div class=\"contentImageTwoColumns contentImageTwoColumns__wrapper\" style=\"background-color: #374632\">\n    <div class=\"contentImageTwoColumns contentImageTwoColumns__container layout-reversed\">\n        <div class=\"contentImageTwoColumns contentImageTwoColumns__contentWrapper\">\n            <h2 class=\"contentImageTwoColumns contentImageTwoColumns__heading\" style=\"color: #ffffff\">\n                Wohnen im Spa            <\/h2>\n            <div class=\"contentImageTwoColumns contentImageTwoColumns__text contentImageTwoColumns__text--short\" style=\"color: #ffffff\">\n                                    <p>Genie\u00dfe die Ruhe in einem unserer Spas. Mit der Natur Sm\u00e5lands und \u00d6lands ganz in der N\u00e4he stellen sich Harmonie und Wohlbefinden schnell ein! Im Winter ist es besonders entspannend, in ein warmes Becken zu steigen oder nach einer w\u00e4rmenden Sauna in kaltes Wasser zu tauchen.<\/p>\n                            <\/div>\n            <div class=\"contentImageTwoColumns contentImageTwoColumns__text contentImageTwoColumns__text--full\" style=\"color: #ffffff\">\n                <p>Genie\u00dfe die Ruhe in einem unserer Spas. Mit der Natur Sm\u00e5lands und \u00d6lands ganz in der N\u00e4he stellen sich Harmonie und Wohlbefinden schnell ein! Im Winter ist es besonders entspannend, in ein warmes Becken zu steigen oder nach einer w\u00e4rmenden Sauna in kaltes Wasser zu tauchen.<\/p>\n                <button type=\"button\" class=\"contentImageTwoColumns contentImageTwoColumns__readMoreLess\">\n                    Weniger lesen &#8211;                <\/button>\n            <\/div>\n                        <div class=\"wp-block-buttons is-layout-flex wp-block-buttons-is-layout-flex\">\n                <div class=\"wp-block-button \">\n                    <a aria-label=\"Jetzt entdecken\" class=\"wp-block-button__link wp-element-button\" href=\"https:\/\/www.visitsmaland.se\/de\/entdecken\/spa\/\" style=\"background-color: #f4f2eb; color: #000000;border: solid 1px #f4f2eb\">\n                        Jetzt entdecken                    <\/a>\n                <\/div>\n            <\/div>\n                                <\/div>\n        <div class=\"contentImageTwoColumns contentImageTwoColumns__imageWrapper\">\n            <img loading=\"lazy\" decoding=\"async\" width=\"1024\" height=\"740\" src=\"https:\/\/www.visitsmaland.se\/wp-content\/uploads\/2024\/04\/spa_hook-1024x740.jpg\" class=\"attachment-grid-card-images size-grid-card-images\" alt=\"\" \/>        <\/div>\n    <\/div>\n<\/div>\n\n\n<div class=\"contentImageTwoColumns contentImageTwoColumns__wrapper\" style=\"background-color: #f4f2eb\">\n    <div class=\"contentImageTwoColumns contentImageTwoColumns__container \">\n        <div class=\"contentImageTwoColumns contentImageTwoColumns__contentWrapper\">\n            <h2 class=\"contentImageTwoColumns contentImageTwoColumns__heading\" style=\"color: \">\n                Herrenh\u00e4user in Sm\u00e5land            <\/h2>\n            <div class=\"contentImageTwoColumns contentImageTwoColumns__text contentImageTwoColumns__text--short\" style=\"color: \">\n                                    <p>Die Herrenh\u00e4user Sm\u00e5lands zeichnen sich durch historische Umgebungen, klassische Men\u00fcs und herrliche Atmosph\u00e4ren f\u00fcr Entspannung oder Aktivit\u00e4ten aus. In den Wintermonaten kannst du es dir vor den Kaminen gem\u00fctlich machen, gutes Essen genie\u00dfen und dich im Wellnessbereich erholen.<\/p>\n                            <\/div>\n            <div class=\"contentImageTwoColumns contentImageTwoColumns__text contentImageTwoColumns__text--full\" style=\"color: \">\n                <p>Die Herrenh\u00e4user Sm\u00e5lands zeichnen sich durch historische Umgebungen, klassische Men\u00fcs und herrliche Atmosph\u00e4ren f\u00fcr Entspannung oder Aktivit\u00e4ten aus. In den Wintermonaten kannst du es dir vor den Kaminen gem\u00fctlich machen, gutes Essen genie\u00dfen und dich im Wellnessbereich erholen.<\/p>\n                <button type=\"button\" class=\"contentImageTwoColumns contentImageTwoColumns__readMoreLess\">\n                    Weniger lesen &#8211;                <\/button>\n            <\/div>\n                        <div class=\"wp-block-buttons is-layout-flex wp-block-buttons-is-layout-flex\">\n                <div class=\"wp-block-button arrow-white\">\n                    <a aria-label=\"Jetzt entdecken\" class=\"wp-block-button__link wp-element-button\" href=\"https:\/\/www.visitsmaland.se\/de\/entdecken\/herrenhof-hotels\/\" style=\"background-color: #374632; color: #f4f2eb;border: solid 1px #374632\">\n                        Jetzt entdecken                    <\/a>\n                <\/div>\n            <\/div>\n                                <\/div>\n        <div class=\"contentImageTwoColumns contentImageTwoColumns__imageWrapper\">\n            <img loading=\"lazy\" decoding=\"async\" width=\"1024\" height=\"740\" src=\"https:\/\/www.visitsmaland.se\/wp-content\/uploads\/2024\/09\/Granso-skymning-fran-ovan_FotoPeter-Holgersson_redigerad-1-1024x740.jpg\" class=\"attachment-grid-card-images size-grid-card-images\" alt=\"\" \/>        <\/div>\n    <\/div>\n<\/div>\n\n\n<div class=\"dynamicContentTwoColumns dynamicContentTwoColumns__wrapper\">\n    <div class=\"dynamicContentTwoColumns dynamicContentTwoColumns__container\">\n                                    <h3 class=\"dynamicContentTwoColumns dynamicContentTwoColumns__heading\">\n                    Weihnachten und Neujahr in Sm\u00e5land &#038; auf \u00d6land feiern                <\/h3>\n                                                <div class=\"dynamicContentTwoColumns dynamicContentTwoColumns__text\">\n                    <p><p>M\u00f6chtest du dem Stress rund um Weihnachten und Neujahr entkommen? Dann empfehlen wir dir Unterk\u00fcnfte, wo du eine ruhige und entspannte Weihnachts- und Neujahrszeit mit gutem Essen und Feierlichkeiten verbringen kannst.<\/p>\n<p>\n                <\/div>\n                                                <h3 class=\"dynamicContentTwoColumns dynamicContentTwoColumns__heading\">\n                    Hooks Herrg\u00e5rd                <\/h3>\n                                                <div class=\"dynamicContentTwoColumns dynamicContentTwoColumns__imageWrapper\">\n                    <img loading=\"lazy\" decoding=\"async\" width=\"333\" height=\"500\" src=\"https:\/\/www.visitsmaland.se\/wp-content\/uploads\/2025\/09\/IT30788-Forbattrat-BR-scaled.jpg\" class=\"attachment-500x500 size-500x500\" alt=\"\" srcset=\"https:\/\/www.visitsmaland.se\/wp-content\/uploads\/2025\/09\/IT30788-Forbattrat-BR-scaled.jpg 1707w, https:\/\/www.visitsmaland.se\/wp-content\/uploads\/2025\/09\/IT30788-Forbattrat-BR-200x300.jpg 200w, https:\/\/www.visitsmaland.se\/wp-content\/uploads\/2025\/09\/IT30788-Forbattrat-BR-683x1024.jpg 683w, https:\/\/www.visitsmaland.se\/wp-content\/uploads\/2025\/09\/IT30788-Forbattrat-BR-768x1152.jpg 768w, https:\/\/www.visitsmaland.se\/wp-content\/uploads\/2025\/09\/IT30788-Forbattrat-BR-1024x1536.jpg 1024w, https:\/\/www.visitsmaland.se\/wp-content\/uploads\/2025\/09\/IT30788-Forbattrat-BR-1366x2048.jpg 1366w\" sizes=\"(max-width: 333px) 100vw, 333px\" \/>                <\/div>\n                                                <div class=\"dynamicContentTwoColumns dynamicContentTwoColumns__text\">\n                    <p><p>In Hooks Herrg\u00e5rd kannst du sowohl Weihnachts- als auch Neujahrspakete buchen.\u00a0 Unterkunft und Spa stehen den ganzen Winter \u00fcber f\u00fcr einen Besuch bereit.<\/p>\n<p>\n                <\/div>\n                                                <div class=\"wp-block-buttons is-layout-flex wp-block-buttons-is-layout-flex\">\n                    <div class=\"wp-block-button\">\n                        <a aria-label=\"Mehr lesen\" class=\"wp-block-button__link wp-element-button dynamicContentTwoColumns dynamicContentTwoColumns__ctaButton\" href=\"https:\/\/www.hooksherrgard.se\/paket\/hogtider\/\">\n                            Feiertage auf Hooks Herrg\u00e5rd                        <\/a>\n                    <\/div>\n                <\/div>\n                                                <h3 class=\"dynamicContentTwoColumns dynamicContentTwoColumns__heading\">\n                    Stufven\u00e4s G\u00e4stgifveri                <\/h3>\n                                                <div class=\"dynamicContentTwoColumns dynamicContentTwoColumns__imageWrapper\">\n                    <img loading=\"lazy\" decoding=\"async\" width=\"333\" height=\"500\" src=\"https:\/\/www.visitsmaland.se\/wp-content\/uploads\/2025\/09\/Stufvenas-Gastgifveri-Jul-6-scaled.jpg\" class=\"attachment-500x500 size-500x500\" alt=\"\" srcset=\"https:\/\/www.visitsmaland.se\/wp-content\/uploads\/2025\/09\/Stufvenas-Gastgifveri-Jul-6-scaled.jpg 1707w, https:\/\/www.visitsmaland.se\/wp-content\/uploads\/2025\/09\/Stufvenas-Gastgifveri-Jul-6-200x300.jpg 200w, https:\/\/www.visitsmaland.se\/wp-content\/uploads\/2025\/09\/Stufvenas-Gastgifveri-Jul-6-683x1024.jpg 683w, https:\/\/www.visitsmaland.se\/wp-content\/uploads\/2025\/09\/Stufvenas-Gastgifveri-Jul-6-768x1152.jpg 768w, https:\/\/www.visitsmaland.se\/wp-content\/uploads\/2025\/09\/Stufvenas-Gastgifveri-Jul-6-1024x1536.jpg 1024w, https:\/\/www.visitsmaland.se\/wp-content\/uploads\/2025\/09\/Stufvenas-Gastgifveri-Jul-6-1365x2048.jpg 1365w\" sizes=\"(max-width: 333px) 100vw, 333px\" \/>                <\/div>\n                                                <div class=\"dynamicContentTwoColumns dynamicContentTwoColumns__text\">\n                    <p><p>Kombiniere ein klassisches schwedisches Julbord mit Tanz, Spa und \u00dcbernachtung. Wenn du das neue Jahr feiern m\u00f6chtest, stehen passende Neujahrspakete zur Buchung bereit. Und auch au\u00dferhalb der Feiertage bietet Stufven\u00e4s G\u00e4stgifveri den ganzen Winter \u00fcber passende \u00dcbernachtungsm\u00f6glichkeiten mit einem abwechslungsreichen Angebot.<\/p>\n<p>\n                <\/div>\n                                                <div class=\"wp-block-buttons is-layout-flex wp-block-buttons-is-layout-flex\">\n                    <div class=\"wp-block-button\">\n                        <a aria-label=\"Mehr lesen\" class=\"wp-block-button__link wp-element-button dynamicContentTwoColumns dynamicContentTwoColumns__ctaButton\" href=\"https:\/\/stufvenas.se\/de\/pakete\/\">\n                            Weihnachten und Neujahr auf Stufven\u00e4s                        <\/a>\n                    <\/div>\n                <\/div>\n                                                <h3 class=\"dynamicContentTwoColumns dynamicContentTwoColumns__heading\">\n                    Kosta Boda Art Hotel                 <\/h3>\n                                                <div class=\"dynamicContentTwoColumns dynamicContentTwoColumns__text\">\n                    <p><p>Im Winter und zur Weihnachtszeit ist in Kosta viel los. Besuche ein Hyttsill-Fest mit Livemusik, genie\u00dfe das Spa und schlemme am Weihnachtsbuffet. Hier werden sowohl Weihnachten als auch Neujahr gefeiert, au\u00dferdem gibt es von Mitte November bis Ende Dezember einen Weihnachtsmarkt.<\/p>\n<p>\n                <\/div>\n                                                <div class=\"wp-block-buttons is-layout-flex wp-block-buttons-is-layout-flex\">\n                    <div class=\"wp-block-button\">\n                        <a aria-label=\"Mehr lesen\" class=\"wp-block-button__link wp-element-button dynamicContentTwoColumns dynamicContentTwoColumns__ctaButton\" href=\"https:\/\/kostabodaarthotel.se\/en\/christmas-at-the-hotel\/\">\n                            Dezember im Kosta Boda Art Hotel                        <\/a>\n                    <\/div>\n                <\/div>\n                                                <h3 class=\"dynamicContentTwoColumns dynamicContentTwoColumns__heading\">\n                    Badhotel Tran\u00e5s                <\/h3>\n                                                <div class=\"dynamicContentTwoColumns dynamicContentTwoColumns__text\">\n                    <p><p>Im traditionsreichen Badhotel in Tran\u00e5s kannst du sowohl Weihnachten als auch Neujahr feiern. Genie\u00dfe Ruhe und Erholung mit Zugang zu Spa, Fr\u00fchst\u00fcck, Mittag- und Abendessen. Ein perfekter Aufenthalt f\u00fcr alle, die dem Weihnachtsstress entgehen oder das neue Jahr erholt beginnen m\u00f6chten.<\/p>\n<p>\n                <\/div>\n                                                <div class=\"wp-block-buttons is-layout-flex wp-block-buttons-is-layout-flex\">\n                    <div class=\"wp-block-button\">\n                        <a aria-label=\"Mehr lesen\" class=\"wp-block-button__link wp-element-button dynamicContentTwoColumns dynamicContentTwoColumns__ctaButton\" href=\"https:\/\/badhotellet.com\/\">\n                            Weihnachtspakete in Tran\u00e5s                        <\/a>\n                    <\/div>\n                <\/div>\n                                                <h3 class=\"dynamicContentTwoColumns dynamicContentTwoColumns__heading\">\n                    Neujahr auf \u00d6land                <\/h3>\n                                                <div class=\"dynamicContentTwoColumns dynamicContentTwoColumns__imageWrapper\">\n                    <img loading=\"lazy\" decoding=\"async\" width=\"500\" height=\"334\" src=\"https:\/\/www.visitsmaland.se\/wp-content\/uploads\/2025\/09\/Skansen-Hotell-Alexander-Hall-2022-OlandCo-ALEX1727-scaled.jpg\" class=\"attachment-500x500 size-500x500\" alt=\"\" srcset=\"https:\/\/www.visitsmaland.se\/wp-content\/uploads\/2025\/09\/Skansen-Hotell-Alexander-Hall-2022-OlandCo-ALEX1727-scaled.jpg 2560w, https:\/\/www.visitsmaland.se\/wp-content\/uploads\/2025\/09\/Skansen-Hotell-Alexander-Hall-2022-OlandCo-ALEX1727-300x200.jpg 300w, https:\/\/www.visitsmaland.se\/wp-content\/uploads\/2025\/09\/Skansen-Hotell-Alexander-Hall-2022-OlandCo-ALEX1727-1024x683.jpg 1024w, https:\/\/www.visitsmaland.se\/wp-content\/uploads\/2025\/09\/Skansen-Hotell-Alexander-Hall-2022-OlandCo-ALEX1727-768x512.jpg 768w, https:\/\/www.visitsmaland.se\/wp-content\/uploads\/2025\/09\/Skansen-Hotell-Alexander-Hall-2022-OlandCo-ALEX1727-1536x1025.jpg 1536w, https:\/\/www.visitsmaland.se\/wp-content\/uploads\/2025\/09\/Skansen-Hotell-Alexander-Hall-2022-OlandCo-ALEX1727-2048x1366.jpg 2048w\" sizes=\"(max-width: 500px) 100vw, 500px\" \/>                <\/div>\n                                                <div class=\"dynamicContentTwoColumns dynamicContentTwoColumns__text\">\n                    <p><p>Checke im Hotel Skansen in F\u00e4rjestaden auf \u00d6land ein und feiere das neue Jahr mit einem festlichen Vier-G\u00e4nge-Men\u00fc, Tanz zu einem Live-Orchester und Feuerwerk.<\/p>\n<p>\n                <\/div>\n                                                <div class=\"wp-block-buttons is-layout-flex wp-block-buttons-is-layout-flex\">\n                    <div class=\"wp-block-button\">\n                        <a aria-label=\"Mehr lesen\" class=\"wp-block-button__link wp-element-button dynamicContentTwoColumns dynamicContentTwoColumns__ctaButton\" href=\"https:\/\/www.hotelskansen.com\/paket\/nyar\/\">\n                            Neujahr im Hotel Skansen                        <\/a>\n                    <\/div>\n                <\/div>\n                        <\/div>\n<\/div>\n\n\n\n<figure class=\"wp-block-gallery has-nested-images columns-default is-cropped wp-block-gallery-3 is-layout-flex wp-block-gallery-is-layout-flex\">\n<figure class=\"wp-block-image size-large\"><img loading=\"lazy\" decoding=\"async\" width=\"1024\" height=\"683\" data-id=\"75157\" src=\"https:\/\/www.visitsmaland.se\/wp-content\/uploads\/2025\/09\/Kosta_Boda_Art_Hotel-9932-1024x683.jpg\" alt=\"\" class=\"wp-image-75157\" srcset=\"https:\/\/www.visitsmaland.se\/wp-content\/uploads\/2025\/09\/Kosta_Boda_Art_Hotel-9932-1024x683.jpg 1024w, https:\/\/www.visitsmaland.se\/wp-content\/uploads\/2025\/09\/Kosta_Boda_Art_Hotel-9932-300x200.jpg 300w, https:\/\/www.visitsmaland.se\/wp-content\/uploads\/2025\/09\/Kosta_Boda_Art_Hotel-9932-768x512.jpg 768w, https:\/\/www.visitsmaland.se\/wp-content\/uploads\/2025\/09\/Kosta_Boda_Art_Hotel-9932-1536x1024.jpg 1536w, https:\/\/www.visitsmaland.se\/wp-content\/uploads\/2025\/09\/Kosta_Boda_Art_Hotel-9932-2048x1365.jpg 2048w\" sizes=\"(max-width: 1024px) 100vw, 1024px\" \/><\/figure>\n\n\n\n<figure class=\"wp-block-image size-large\"><img loading=\"lazy\" decoding=\"async\" width=\"1024\" height=\"683\" data-id=\"75145\" src=\"https:\/\/www.visitsmaland.se\/wp-content\/uploads\/2025\/09\/Spa-31-1-1024x683.jpg\" alt=\"\" class=\"wp-image-75145\" srcset=\"https:\/\/www.visitsmaland.se\/wp-content\/uploads\/2025\/09\/Spa-31-1-1024x683.jpg 1024w, https:\/\/www.visitsmaland.se\/wp-content\/uploads\/2025\/09\/Spa-31-1-300x200.jpg 300w, https:\/\/www.visitsmaland.se\/wp-content\/uploads\/2025\/09\/Spa-31-1-768x512.jpg 768w, https:\/\/www.visitsmaland.se\/wp-content\/uploads\/2025\/09\/Spa-31-1-1536x1024.jpg 1536w, https:\/\/www.visitsmaland.se\/wp-content\/uploads\/2025\/09\/Spa-31-1-2048x1365.jpg 2048w\" sizes=\"(max-width: 1024px) 100vw, 1024px\" \/><\/figure>\n\n\n\n<figure class=\"wp-block-image size-large\"><img loading=\"lazy\" decoding=\"async\" width=\"1024\" height=\"698\" data-id=\"3816\" src=\"https:\/\/www.visitsmaland.se\/wp-content\/uploads\/2020\/05\/Hook-vinter-fix-1024x698.png\" alt=\"\" class=\"wp-image-3816\" srcset=\"https:\/\/www.visitsmaland.se\/wp-content\/uploads\/2020\/05\/Hook-vinter-fix-1024x698.png 1024w, https:\/\/www.visitsmaland.se\/wp-content\/uploads\/2020\/05\/Hook-vinter-fix-300x204.png 300w, https:\/\/www.visitsmaland.se\/wp-content\/uploads\/2020\/05\/Hook-vinter-fix-768x523.png 768w, https:\/\/www.visitsmaland.se\/wp-content\/uploads\/2020\/05\/Hook-vinter-fix-1536x1047.png 1536w, https:\/\/www.visitsmaland.se\/wp-content\/uploads\/2020\/05\/Hook-vinter-fix-587x400.png 587w, https:\/\/www.visitsmaland.se\/wp-content\/uploads\/2020\/05\/Hook-vinter-fix.png 2000w\" sizes=\"(max-width: 1024px) 100vw, 1024px\" \/><\/figure>\n<\/figure>\n\n\n  \n<div class=\"featuredTwoColumns featuredTwoColumns__wrapper\">\n    <div class=\"featuredTwoColumns featuredTwoColumns__container\">  \n            <div class=\"featuredTwoColumns featuredTwoColumns__feturedWrapper\">\n            <a aria-label=\"Winter in Sm\u00e5land\" href=\"https:\/\/www.visitsmaland.se\/de\/entdecken\/winter-in-smaland\/\"class=\"featuredTwoColumns featuredTwoColumns__imageWrapper\">\n                <img loading=\"lazy\" decoding=\"async\" width=\"1024\" height=\"740\" src=\"https:\/\/www.visitsmaland.se\/wp-content\/uploads\/2025\/08\/WEB_NY_FotografEmmaIvarsson_240110-53-1024x740.jpg\" class=\"attachment-grid-card-images size-grid-card-images wp-post-image\" alt=\"Par hos Trakt Forest Hotel i vintrig milj\u00f6.\" \/>            <\/a>\n            <div class=\"featuredTwoColumns featuredTwoColumns__contentWrapper\">\n                <h2 class=\"featuredTwoColumns featuredTwoColumns__heading\">\n                    Winter in Sm\u00e5land                <\/h2>\n                <p class=\"featuredTwoColumns featuredTwoColumns__description\">\n                    Erlebe den Winter in Sm\u00e5land und auf \u00d6land: Im Spa \u2026                <\/p>\n                 \n                 \n                <div class=\"wp-block-buttons is-layout-flex wp-block-buttons-is-layout-flex\">\n                    <div class=\"wp-block-button \">\n                        <a aria-label=\"Winter in Sm\u00e5land\"class=\"wp-block-button__link wp-element-button\" href=\"https:\/\/www.visitsmaland.se\/de\/entdecken\/winter-in-smaland\/\">\n                            Entdecke                       \n                         <\/a>\n                    <\/div>\n                <\/div>\n            <\/div>\n        <\/div>\n                <div class=\"featuredTwoColumns featuredTwoColumns__feturedWrapper\">\n            <a aria-label=\"Unterk\u00fcnfte\" href=\"https:\/\/www.visitsmaland.se\/de\/entdecken\/unterkunft-inspiration\/\"class=\"featuredTwoColumns featuredTwoColumns__imageWrapper\">\n                <img loading=\"lazy\" decoding=\"async\" width=\"1024\" height=\"740\" src=\"https:\/\/www.visitsmaland.se\/wp-content\/uploads\/2024\/04\/012-1024x740.jpg\" class=\"attachment-grid-card-images size-grid-card-images wp-post-image\" alt=\"\" \/>            <\/a>\n            <div class=\"featuredTwoColumns featuredTwoColumns__contentWrapper\">\n                <h2 class=\"featuredTwoColumns featuredTwoColumns__heading\">\n                    Unterk\u00fcnfte                <\/h2>\n                <p class=\"featuredTwoColumns featuredTwoColumns__description\">\n                    \u00dcbernachte in einem Herrenhaus, einem komfortablen \u2026                <\/p>\n                 \n                 \n                <div class=\"wp-block-buttons is-layout-flex wp-block-buttons-is-layout-flex\">\n                    <div class=\"wp-block-button \">\n                        <a aria-label=\"Unterk\u00fcnfte\"class=\"wp-block-button__link wp-element-button\" href=\"https:\/\/www.visitsmaland.se\/de\/entdecken\/unterkunft-inspiration\/\">\n                            Entdecke                       \n                         <\/a>\n                    <\/div>\n                <\/div>\n            <\/div>\n        <\/div>\n            <\/div>\n<\/div>\n","protected":false},"excerpt":{"rendered":"<p>Verbringe einen Winter in Sm\u00e5land und auf \u00d6land. H\u00f6re das Knistern eines Kamins, genie\u00dfe eine hei\u00dfe Tasse Kaffee und kuschle dich in ein warmes Bett. Drau\u00dfen vor dem Fenster ist es rau, kalt und wundersch\u00f6n zugleich. Nach einem Tag in der Natur oder neuen Entdeckungen ist es immer ein besonderer Genuss, in deine Unterkunft zur\u00fcckzukehren. Hier geben wir Tipps zu gem\u00fctlichen Herrenh\u00e4usern, H\u00fctten und einzigartigen Unterk\u00fcnften f\u00fcr deinen Winteraufenthalt in Sm\u00e5land und auf \u00d6land.<\/p>\n","protected":false},"featured_media":75128,"parent":0,"menu_order":283,"template":"","tags":[],"land":[],"class_list":["post-75518","guide","type-guide","status-publish","has-post-thumbnail","hentry"],"acf":{"priority":""},"yoast_head":"<!-- This site is optimized with the Yoast SEO plugin v27.5 - https:\/\/yoast.com\/product\/yoast-seo-wordpress\/ -->\n<title>Winteraufenthalte in Sm\u00e5land | Visit Sm\u00e5land<\/title>\n<meta name=\"description\" content=\"Plane deinen Winteraufenthalt in Sm\u00e5land und auf \u00d6land. Das Knistern des Kamins, eine hei\u00dfe Tasse Kaffee und ein warmes Bett warten auf dich!\" \/>\n<meta name=\"robots\" content=\"index, follow, max-snippet:-1, max-image-preview:large, max-video-preview:-1\" \/>\n<link rel=\"canonical\" href=\"https:\/\/www.visitsmaland.se\/de\/entdecken\/wohnen-in-smaland-im-winter\/\" \/>\n<meta property=\"og:locale\" content=\"de_DE\" \/>\n<meta property=\"og:type\" content=\"article\" \/>\n<meta property=\"og:title\" content=\"Winteraufenthalte in Sm\u00e5land | Visit Sm\u00e5land\" \/>\n<meta property=\"og:description\" content=\"Plane deinen Winteraufenthalt in Sm\u00e5land und auf \u00d6land. Das Knistern des Kamins, eine hei\u00dfe Tasse Kaffee und ein warmes Bett warten auf dich!\" \/>\n<meta property=\"og:url\" content=\"https:\/\/www.visitsmaland.se\/de\/entdecken\/wohnen-in-smaland-im-winter\/\" \/>\n<meta property=\"og:site_name\" content=\"Visit Sm\u00e5land\" \/>\n<meta property=\"article:publisher\" content=\"https:\/\/www.facebook.com\/visitsmaland\/\" \/>\n<meta property=\"article:modified_time\" content=\"2025-10-07T14:30:51+00:00\" \/>\n<meta property=\"og:image\" content=\"https:\/\/www.visitsmaland.se\/wp-content\/uploads\/2025\/09\/Stufvenas-Gastgifveri-Vinter-10-scaled-e1758105037524.jpg\" \/>\n\t<meta property=\"og:image:width\" content=\"1707\" \/>\n\t<meta property=\"og:image:height\" content=\"2560\" \/>\n\t<meta property=\"og:image:type\" content=\"image\/jpeg\" \/>\n<meta name=\"twitter:card\" content=\"summary_large_image\" \/>\n<meta name=\"twitter:label1\" content=\"Gesch\u00e4tzte Lesezeit\" \/>\n\t<meta name=\"twitter:data1\" content=\"6\u00a0Minuten\" \/>\n<script type=\"application\/ld+json\" class=\"yoast-schema-graph\">{\"@context\":\"https:\\\/\\\/schema.org\",\"@graph\":[{\"@type\":\"WebPage\",\"@id\":\"https:\\\/\\\/www.visitsmaland.se\\\/de\\\/entdecken\\\/wohnen-in-smaland-im-winter\\\/\",\"url\":\"https:\\\/\\\/www.visitsmaland.se\\\/de\\\/entdecken\\\/wohnen-in-smaland-im-winter\\\/\",\"name\":\"Winteraufenthalte in Sm\u00e5land | Visit Sm\u00e5land\",\"isPartOf\":{\"@id\":\"https:\\\/\\\/www.visitsmaland.se\\\/de\\\/#website\"},\"primaryImageOfPage\":{\"@id\":\"https:\\\/\\\/www.visitsmaland.se\\\/de\\\/entdecken\\\/wohnen-in-smaland-im-winter\\\/#primaryimage\"},\"image\":{\"@id\":\"https:\\\/\\\/www.visitsmaland.se\\\/de\\\/entdecken\\\/wohnen-in-smaland-im-winter\\\/#primaryimage\"},\"thumbnailUrl\":\"https:\\\/\\\/www.visitsmaland.se\\\/wp-content\\\/uploads\\\/2025\\\/09\\\/Stufvenas-Gastgifveri-Vinter-10-scaled-e1758105037524.jpg\",\"datePublished\":\"2025-09-17T11:35:34+00:00\",\"dateModified\":\"2025-10-07T14:30:51+00:00\",\"description\":\"Plane deinen Winteraufenthalt in Sm\u00e5land und auf \u00d6land. Das Knistern des Kamins, eine hei\u00dfe Tasse Kaffee und ein warmes Bett warten auf dich!\",\"breadcrumb\":{\"@id\":\"https:\\\/\\\/www.visitsmaland.se\\\/de\\\/entdecken\\\/wohnen-in-smaland-im-winter\\\/#breadcrumb\"},\"inLanguage\":\"de\",\"potentialAction\":[{\"@type\":\"ReadAction\",\"target\":[\"https:\\\/\\\/www.visitsmaland.se\\\/de\\\/entdecken\\\/wohnen-in-smaland-im-winter\\\/\"]}]},{\"@type\":\"ImageObject\",\"inLanguage\":\"de\",\"@id\":\"https:\\\/\\\/www.visitsmaland.se\\\/de\\\/entdecken\\\/wohnen-in-smaland-im-winter\\\/#primaryimage\",\"url\":\"https:\\\/\\\/www.visitsmaland.se\\\/wp-content\\\/uploads\\\/2025\\\/09\\\/Stufvenas-Gastgifveri-Vinter-10-scaled-e1758105037524.jpg\",\"contentUrl\":\"https:\\\/\\\/www.visitsmaland.se\\\/wp-content\\\/uploads\\\/2025\\\/09\\\/Stufvenas-Gastgifveri-Vinter-10-scaled-e1758105037524.jpg\",\"width\":1707,\"height\":2560},{\"@type\":\"BreadcrumbList\",\"@id\":\"https:\\\/\\\/www.visitsmaland.se\\\/de\\\/entdecken\\\/wohnen-in-smaland-im-winter\\\/#breadcrumb\",\"itemListElement\":[{\"@type\":\"ListItem\",\"position\":1,\"name\":\"Startseite\",\"item\":\"https:\\\/\\\/www.visitsmaland.se\\\/de\\\/\"},{\"@type\":\"ListItem\",\"position\":2,\"name\":\"Winteraufenthalte in Sm\u00e5land\"}]},{\"@type\":\"WebSite\",\"@id\":\"https:\\\/\\\/www.visitsmaland.se\\\/de\\\/#website\",\"url\":\"https:\\\/\\\/www.visitsmaland.se\\\/de\\\/\",\"name\":\"Visit Sm\u00e5land\",\"description\":\"V\u00e4lkommen till Sm\u00e5land\",\"potentialAction\":[{\"@type\":\"SearchAction\",\"target\":{\"@type\":\"EntryPoint\",\"urlTemplate\":\"https:\\\/\\\/www.visitsmaland.se\\\/de\\\/?s={search_term_string}\"},\"query-input\":{\"@type\":\"PropertyValueSpecification\",\"valueRequired\":true,\"valueName\":\"search_term_string\"}}],\"inLanguage\":\"de\"}]}<\/script>\n<!-- \/ Yoast SEO plugin. -->","yoast_head_json":{"title":"Winteraufenthalte in Sm\u00e5land | Visit Sm\u00e5land","description":"Plane deinen Winteraufenthalt in Sm\u00e5land und auf \u00d6land. Das Knistern des Kamins, eine hei\u00dfe Tasse Kaffee und ein warmes Bett warten auf dich!","robots":{"index":"index","follow":"follow","max-snippet":"max-snippet:-1","max-image-preview":"max-image-preview:large","max-video-preview":"max-video-preview:-1"},"canonical":"https:\/\/www.visitsmaland.se\/de\/entdecken\/wohnen-in-smaland-im-winter\/","og_locale":"de_DE","og_type":"article","og_title":"Winteraufenthalte in Sm\u00e5land | Visit Sm\u00e5land","og_description":"Plane deinen Winteraufenthalt in Sm\u00e5land und auf \u00d6land. Das Knistern des Kamins, eine hei\u00dfe Tasse Kaffee und ein warmes Bett warten auf dich!","og_url":"https:\/\/www.visitsmaland.se\/de\/entdecken\/wohnen-in-smaland-im-winter\/","og_site_name":"Visit Sm\u00e5land","article_publisher":"https:\/\/www.facebook.com\/visitsmaland\/","article_modified_time":"2025-10-07T14:30:51+00:00","og_image":[{"width":1707,"height":2560,"url":"https:\/\/www.visitsmaland.se\/wp-content\/uploads\/2025\/09\/Stufvenas-Gastgifveri-Vinter-10-scaled-e1758105037524.jpg","type":"image\/jpeg"}],"twitter_card":"summary_large_image","twitter_misc":{"Gesch\u00e4tzte Lesezeit":"6\u00a0Minuten"},"schema":{"@context":"https:\/\/schema.org","@graph":[{"@type":"WebPage","@id":"https:\/\/www.visitsmaland.se\/de\/entdecken\/wohnen-in-smaland-im-winter\/","url":"https:\/\/www.visitsmaland.se\/de\/entdecken\/wohnen-in-smaland-im-winter\/","name":"Winteraufenthalte in Sm\u00e5land | Visit Sm\u00e5land","isPartOf":{"@id":"https:\/\/www.visitsmaland.se\/de\/#website"},"primaryImageOfPage":{"@id":"https:\/\/www.visitsmaland.se\/de\/entdecken\/wohnen-in-smaland-im-winter\/#primaryimage"},"image":{"@id":"https:\/\/www.visitsmaland.se\/de\/entdecken\/wohnen-in-smaland-im-winter\/#primaryimage"},"thumbnailUrl":"https:\/\/www.visitsmaland.se\/wp-content\/uploads\/2025\/09\/Stufvenas-Gastgifveri-Vinter-10-scaled-e1758105037524.jpg","datePublished":"2025-09-17T11:35:34+00:00","dateModified":"2025-10-07T14:30:51+00:00","description":"Plane deinen Winteraufenthalt in Sm\u00e5land und auf \u00d6land. Das Knistern des Kamins, eine hei\u00dfe Tasse Kaffee und ein warmes Bett warten auf dich!","breadcrumb":{"@id":"https:\/\/www.visitsmaland.se\/de\/entdecken\/wohnen-in-smaland-im-winter\/#breadcrumb"},"inLanguage":"de","potentialAction":[{"@type":"ReadAction","target":["https:\/\/www.visitsmaland.se\/de\/entdecken\/wohnen-in-smaland-im-winter\/"]}]},{"@type":"ImageObject","inLanguage":"de","@id":"https:\/\/www.visitsmaland.se\/de\/entdecken\/wohnen-in-smaland-im-winter\/#primaryimage","url":"https:\/\/www.visitsmaland.se\/wp-content\/uploads\/2025\/09\/Stufvenas-Gastgifveri-Vinter-10-scaled-e1758105037524.jpg","contentUrl":"https:\/\/www.visitsmaland.se\/wp-content\/uploads\/2025\/09\/Stufvenas-Gastgifveri-Vinter-10-scaled-e1758105037524.jpg","width":1707,"height":2560},{"@type":"BreadcrumbList","@id":"https:\/\/www.visitsmaland.se\/de\/entdecken\/wohnen-in-smaland-im-winter\/#breadcrumb","itemListElement":[{"@type":"ListItem","position":1,"name":"Startseite","item":"https:\/\/www.visitsmaland.se\/de\/"},{"@type":"ListItem","position":2,"name":"Winteraufenthalte in Sm\u00e5land"}]},{"@type":"WebSite","@id":"https:\/\/www.visitsmaland.se\/de\/#website","url":"https:\/\/www.visitsmaland.se\/de\/","name":"Visit Sm\u00e5land","description":"V\u00e4lkommen till Sm\u00e5land","potentialAction":[{"@type":"SearchAction","target":{"@type":"EntryPoint","urlTemplate":"https:\/\/www.visitsmaland.se\/de\/?s={search_term_string}"},"query-input":{"@type":"PropertyValueSpecification","valueRequired":true,"valueName":"search_term_string"}}],"inLanguage":"de"}]}},"_links":{"self":[{"href":"https:\/\/www.visitsmaland.se\/de\/wp-json\/wp\/v2\/guide\/75518","targetHints":{"allow":["GET"]}}],"collection":[{"href":"https:\/\/www.visitsmaland.se\/de\/wp-json\/wp\/v2\/guide"}],"about":[{"href":"https:\/\/www.visitsmaland.se\/de\/wp-json\/wp\/v2\/types\/guide"}],"version-history":[{"count":4,"href":"https:\/\/www.visitsmaland.se\/de\/wp-json\/wp\/v2\/guide\/75518\/revisions"}],"predecessor-version":[{"id":76151,"href":"https:\/\/www.visitsmaland.se\/de\/wp-json\/wp\/v2\/guide\/75518\/revisions\/76151"}],"wp:featuredmedia":[{"embeddable":true,"href":"https:\/\/www.visitsmaland.se\/de\/wp-json\/wp\/v2\/media\/75128"}],"wp:attachment":[{"href":"https:\/\/www.visitsmaland.se\/de\/wp-json\/wp\/v2\/media?parent=75518"}],"wp:term":[{"taxonomy":"post_tag","embeddable":true,"href":"https:\/\/www.visitsmaland.se\/de\/wp-json\/wp\/v2\/tags?post=75518"},{"taxonomy":"land","embeddable":true,"href":"https:\/\/www.visitsmaland.se\/de\/wp-json\/wp\/v2\/land?post=75518"}],"curies":[{"name":"wp","href":"https:\/\/api.w.org\/{rel}","templated":true}]}}