{"id":76838,"date":"2025-10-14T10:34:55","date_gmt":"2025-10-14T08:34:55","guid":{"rendered":"https:\/\/www.visitsmaland.se\/?post_type=guide&#038;p=76838"},"modified":"2025-10-21T13:24:59","modified_gmt":"2025-10-21T11:24:59","slug":"familientipps-in-smaland-von-travelisto","status":"publish","type":"guide","link":"https:\/\/www.visitsmaland.se\/de\/entdecken\/familientipps-in-smaland-von-travelisto\/","title":{"rendered":"Familientipps in Sm\u00e5land von Travelisto"},"content":{"rendered":"<div class=\"postHerosection postHerosection__wrapper\">\n    <div class=\"postHerosection postHerosection__container\">\n        <h1 class=\"postHerosection postHerosection__heroHeading\">\n            Familientipps in Sm\u00e5land von Travelisto        <\/h1>\n            <\/div>\n    <div class=\"postHerosection postHerosection__imageContainer\">\n        <img loading=\"lazy\" decoding=\"async\" width=\"2560\" height=\"1920\" src=\"https:\/\/www.visitsmaland.se\/wp-content\/uploads\/2025\/10\/Travelisto-17-scaled.jpg\" class=\"attachment-full size-full\" alt=\"\" srcset=\"https:\/\/www.visitsmaland.se\/wp-content\/uploads\/2025\/10\/Travelisto-17-scaled.jpg 2560w, https:\/\/www.visitsmaland.se\/wp-content\/uploads\/2025\/10\/Travelisto-17-300x225.jpg 300w, https:\/\/www.visitsmaland.se\/wp-content\/uploads\/2025\/10\/Travelisto-17-1024x768.jpg 1024w, https:\/\/www.visitsmaland.se\/wp-content\/uploads\/2025\/10\/Travelisto-17-768x576.jpg 768w, https:\/\/www.visitsmaland.se\/wp-content\/uploads\/2025\/10\/Travelisto-17-1536x1152.jpg 1536w, https:\/\/www.visitsmaland.se\/wp-content\/uploads\/2025\/10\/Travelisto-17-2048x1536.jpg 2048w\" sizes=\"(max-width: 2560px) 100vw, 2560px\" \/>    <\/div>\n<\/div>\n<div class=\"postHerosection postHerosection__breadcrumbs\">\n   <div class=\"postHerosection postHerosection__breadcrumbs-container\">\n        <p id=\"breadcrumbs\"><span><span><a href=\"https:\/\/www.visitsmaland.se\/de\/\">Startseite<\/a><\/span><\/span><\/p>    <\/div>\n<\/div>\n\n<div class=\"contentCta contentCta__wrapper\">\n    <div class=\"contentCta contentCta__container\">\n                    \t\t\t<div class=\"contentCta contentCta__text\" style=\"color: \">\n\t\t\t\t<p>Begleite die Familie des Reiseblogs <em>Travelisto<\/em> auf ihrer Reise durch Sm\u00e5land in S\u00fcdschweden und erfahre mehr \u00fcber die besten Erlebnisse mit Kindern. In ihren Blogartikel, YouTube-Videos und Podcasts nehmen Andi, Jenny und ihre beiden S\u00f6hne dich mit auf ihre Reisen \u2013 lass dich inspirieren!<\/p>\n\t\t\t<\/div>\n                <hr>\n            <\/div>\n<\/div>\n\n\n<div class=\"contentImageTwoColumns contentImageTwoColumns__wrapper\" style=\"background-color: #f4f2eb\">\n    <div class=\"contentImageTwoColumns contentImageTwoColumns__container \">\n        <div class=\"contentImageTwoColumns contentImageTwoColumns__contentWrapper\">\n            <h2 class=\"contentImageTwoColumns contentImageTwoColumns__heading\" style=\"color: \">\n                Travelisto            <\/h2>\n            <div class=\"contentImageTwoColumns contentImageTwoColumns__text contentImageTwoColumns__text--short\" style=\"color: #000000\">\n                                    <p>Die Familie hinter <em data-start=\"82\" data-end=\"94\">Travelisto<\/em> besteht aus Andi, Jenny, Milan und Mato \u2013 eine abenteuerlustige Familie, die es liebt, gemeinsam die Welt zu entdecken. \u00dcber ihr&#8230;                    <button type=\"button\" class=\"contentImageTwoColumns contentImageTwoColumns__readMoreLess\">\n                        Mehr lesen +                    <\/button>\n                            <\/div>\n            <div class=\"contentImageTwoColumns contentImageTwoColumns__text contentImageTwoColumns__text--full\" style=\"color: #000000\">\n                <p>Die Familie hinter <em data-start=\"82\" data-end=\"94\">Travelisto<\/em> besteht aus Andi, Jenny, Milan und Mato \u2013 eine abenteuerlustige Familie, die es liebt, gemeinsam die Welt zu entdecken. \u00dcber ihren Reiseblog und Podcast teilen sie Geschichten von gro\u00dfen und kleinen Reisen, von weltweiten Abenteuern bis hin zu Tagesausfl\u00fcgen in der N\u00e4he der Heimat. Mit faszinierenden Bildern, inspirierenden Videos und praktischen Tipps m\u00f6chten sie zeigen, dass das Leben mit Kindern keineswegs das Ende der Abenteuer bedeutet \u2013 ganz im Gegenteil. <em data-start=\"568\" data-end=\"580\">Travelisto<\/em> ermutigt Familien, gemeinsam zu reisen, neue Kulturen zu entdecken und all die kleinen und gro\u00dfen Erlebnisse des Lebens zu genie\u00dfen.<\/p>\n                <button type=\"button\" class=\"contentImageTwoColumns contentImageTwoColumns__readMoreLess\">\n                    Weniger lesen &#8211;                <\/button>\n            <\/div>\n                        <div class=\"wp-block-buttons is-layout-flex wp-block-buttons-is-layout-flex\">\n                <div class=\"wp-block-button arrow-white\">\n                    <a aria-label=\"travelisto.net\" class=\"wp-block-button__link wp-element-button\" href=\"https:\/\/www.travelisto.net\/startseite\" style=\"background-color: #374632; color: #ffffff;border: solid 1px #ffffff\">\n                        travelisto.net                    <\/a>\n                <\/div>\n            <\/div>\n                                <\/div>\n        <div class=\"contentImageTwoColumns contentImageTwoColumns__imageWrapper\">\n            <img loading=\"lazy\" decoding=\"async\" width=\"1024\" height=\"740\" src=\"https:\/\/www.visitsmaland.se\/wp-content\/uploads\/2025\/10\/Travelisto-18-1024x740.jpg\" class=\"attachment-grid-card-images size-grid-card-images\" alt=\"\" \/>        <\/div>\n    <\/div>\n<\/div>\n\n\n\n<div style=\"height:13px\" aria-hidden=\"true\" class=\"wp-block-spacer\"><\/div>\n\n\n\n<figure class=\"wp-block-gallery has-nested-images columns-default is-cropped wp-block-gallery-2 is-layout-flex wp-block-gallery-is-layout-flex\">\n<figure class=\"wp-block-image size-large\"><img loading=\"lazy\" decoding=\"async\" width=\"1024\" height=\"768\" data-id=\"76894\" src=\"https:\/\/www.visitsmaland.se\/wp-content\/uploads\/2025\/10\/Travelisto-16-1024x768.jpg\" alt=\"\" class=\"wp-image-76894\" srcset=\"https:\/\/www.visitsmaland.se\/wp-content\/uploads\/2025\/10\/Travelisto-16-1024x768.jpg 1024w, https:\/\/www.visitsmaland.se\/wp-content\/uploads\/2025\/10\/Travelisto-16-300x225.jpg 300w, https:\/\/www.visitsmaland.se\/wp-content\/uploads\/2025\/10\/Travelisto-16-768x576.jpg 768w, https:\/\/www.visitsmaland.se\/wp-content\/uploads\/2025\/10\/Travelisto-16-1536x1152.jpg 1536w, https:\/\/www.visitsmaland.se\/wp-content\/uploads\/2025\/10\/Travelisto-16-2048x1536.jpg 2048w\" sizes=\"(max-width: 1024px) 100vw, 1024px\" \/><\/figure>\n\n\n\n<figure class=\"wp-block-image size-large\"><img loading=\"lazy\" decoding=\"async\" width=\"1024\" height=\"768\" data-id=\"76884\" src=\"https:\/\/www.visitsmaland.se\/wp-content\/uploads\/2025\/10\/Travelisto-14-1024x768.jpg\" alt=\"\" class=\"wp-image-76884\" srcset=\"https:\/\/www.visitsmaland.se\/wp-content\/uploads\/2025\/10\/Travelisto-14-1024x768.jpg 1024w, https:\/\/www.visitsmaland.se\/wp-content\/uploads\/2025\/10\/Travelisto-14-300x225.jpg 300w, https:\/\/www.visitsmaland.se\/wp-content\/uploads\/2025\/10\/Travelisto-14-768x576.jpg 768w, https:\/\/www.visitsmaland.se\/wp-content\/uploads\/2025\/10\/Travelisto-14-1536x1152.jpg 1536w, https:\/\/www.visitsmaland.se\/wp-content\/uploads\/2025\/10\/Travelisto-14-2048x1536.jpg 2048w\" sizes=\"(max-width: 1024px) 100vw, 1024px\" \/><\/figure>\n\n\n\n<figure class=\"wp-block-image size-large\"><img loading=\"lazy\" decoding=\"async\" width=\"1024\" height=\"768\" data-id=\"76844\" src=\"https:\/\/www.visitsmaland.se\/wp-content\/uploads\/2025\/10\/Travelisto-02-1024x768.jpg\" alt=\"\" class=\"wp-image-76844\" srcset=\"https:\/\/www.visitsmaland.se\/wp-content\/uploads\/2025\/10\/Travelisto-02-1024x768.jpg 1024w, https:\/\/www.visitsmaland.se\/wp-content\/uploads\/2025\/10\/Travelisto-02-300x225.jpg 300w, https:\/\/www.visitsmaland.se\/wp-content\/uploads\/2025\/10\/Travelisto-02-768x576.jpg 768w, https:\/\/www.visitsmaland.se\/wp-content\/uploads\/2025\/10\/Travelisto-02-1536x1152.jpg 1536w, https:\/\/www.visitsmaland.se\/wp-content\/uploads\/2025\/10\/Travelisto-02-2048x1536.jpg 2048w\" sizes=\"(max-width: 1024px) 100vw, 1024px\" \/><\/figure>\n<\/figure>\n\n\n\n<div class=\"wp-block-group is-layout-constrained wp-block-group-is-layout-constrained\"><div class=\"contentCta contentCta__wrapper\">\n    <div class=\"contentCta contentCta__container\">\n                        <h2 class=\"contentCta contentCta__heading\" style=\"color: \">\n                Rundreise durch Sm\u00e5land            <\/h2>\n                \t\t\t<div class=\"contentCta contentCta__text\" style=\"color: \">\n\t\t\t\t<p>In diesem Video begleitet ihr Travelisto auf ihrer einw\u00f6chigen Rundreise durch Sm\u00e5land in S\u00fcdschweden. Es ist ein wahres Naturparadies und perfekt f\u00fcr einen Familienurlaub, einen Sommerurlaub oder einen Aktivurlaub mit Kindern geeignet.<\/p>\n\t\t\t<\/div>\n                <hr>\n            <\/div>\n<\/div>\n\n\n\n<figure class=\"wp-block-embed aligncenter is-type-video is-provider-youtube wp-block-embed-youtube wp-embed-aspect-16-9 wp-has-aspect-ratio\"><div class=\"wp-block-embed__wrapper\">\n<iframe loading=\"lazy\" title=\"Rundreise durch Sm\u00e5land \u2013 Familienurlaub, Natur und Abenteuer | Sommerferien in Schweden\" width=\"500\" height=\"281\" src=\"https:\/\/www.youtube.com\/embed\/nIJcPlSdhTE?feature=oembed\" frameborder=\"0\" allow=\"accelerometer; autoplay; clipboard-write; encrypted-media; gyroscope; picture-in-picture; web-share\" referrerpolicy=\"strict-origin-when-cross-origin\" allowfullscreen><\/iframe>\n<\/div><\/figure>\n<\/div>\n\n\n\n<h2 class=\"wp-block-heading has-text-align-center\">Diese Orte hat die Familie besucht<\/h2>\n\n\n<div class=\"externalFeatureCards externalFeatureCards__wrapper\">\n    <div class=\"externalFeatureCards externalFeatureCards__container\">\n            <div class=\"externalFeatureCards externalFeatureCards__cardWrapper\" >\n            <a aria-label=\"Getn\u00f6 \u2013 Lake \u00c5snen Resort\"href=\"https:\/\/www.getnogard.se\/de\/\"class=\"externalFeatureCards externalFeatureCards__imageWrapper\">\n                <img loading=\"lazy\" decoding=\"async\" width=\"1024\" height=\"682\" src=\"https:\/\/www.visitsmaland.se\/wp-content\/uploads\/2025\/06\/ASNEN-SWEDEN-GETNO-LAKE-FALL_robin-visser-1024x682.jpg\" class=\"attachment-large size-large\" alt=\"\" srcset=\"https:\/\/www.visitsmaland.se\/wp-content\/uploads\/2025\/06\/ASNEN-SWEDEN-GETNO-LAKE-FALL_robin-visser-1024x682.jpg 1024w, https:\/\/www.visitsmaland.se\/wp-content\/uploads\/2025\/06\/ASNEN-SWEDEN-GETNO-LAKE-FALL_robin-visser-300x200.jpg 300w, https:\/\/www.visitsmaland.se\/wp-content\/uploads\/2025\/06\/ASNEN-SWEDEN-GETNO-LAKE-FALL_robin-visser-768x511.jpg 768w, https:\/\/www.visitsmaland.se\/wp-content\/uploads\/2025\/06\/ASNEN-SWEDEN-GETNO-LAKE-FALL_robin-visser-1536x1023.jpg 1536w, https:\/\/www.visitsmaland.se\/wp-content\/uploads\/2025\/06\/ASNEN-SWEDEN-GETNO-LAKE-FALL_robin-visser-2048x1364.jpg 2048w\" sizes=\"(max-width: 1024px) 100vw, 1024px\" \/>            <\/a>\n            <div class=\"externalFeatureCards externalFeatureCards__contentWrapper\">\n                <h4 class=\"externalFeatureCards externalFeatureCards__heading\">\n                    Getn\u00f6 \u2013 Lake \u00c5snen Resort                <\/h4>\n                <p>\n                                    <\/p>\n                <div class=\"wp-block-buttons is-layout-flex wp-block-buttons-is-layout-flex\">\n                    <div class=\"wp-block-button \">\n                        <a aria-label=\"Mehr lesen\" class=\"wp-block-button__link wp-element-button\" href=\"https:\/\/www.getnogard.se\/de\/\" target=\"_blank\">\n                            Mehr lesen                        <\/a>\n                    <\/div>\n                <\/div>\n            <\/div>\n        <\/div>\n                <div class=\"externalFeatureCards externalFeatureCards__cardWrapper\" >\n            <a aria-label=\"Kurrebo &amp; Sirk\u00f6v\u00e4gen\"href=\"https:\/\/www.kurrebo.com\/\"class=\"externalFeatureCards externalFeatureCards__imageWrapper\">\n                <img loading=\"lazy\" decoding=\"async\" width=\"1024\" height=\"768\" src=\"https:\/\/www.visitsmaland.se\/wp-content\/uploads\/2025\/07\/kurrebo-1024x768.jpeg\" class=\"attachment-large size-large\" alt=\"\" srcset=\"https:\/\/www.visitsmaland.se\/wp-content\/uploads\/2025\/07\/kurrebo-1024x768.jpeg 1024w, https:\/\/www.visitsmaland.se\/wp-content\/uploads\/2025\/07\/kurrebo-300x225.jpeg 300w, https:\/\/www.visitsmaland.se\/wp-content\/uploads\/2025\/07\/kurrebo-768x576.jpeg 768w, https:\/\/www.visitsmaland.se\/wp-content\/uploads\/2025\/07\/kurrebo-1536x1151.jpeg 1536w, https:\/\/www.visitsmaland.se\/wp-content\/uploads\/2025\/07\/kurrebo-2048x1535.jpeg 2048w\" sizes=\"(max-width: 1024px) 100vw, 1024px\" \/>            <\/a>\n            <div class=\"externalFeatureCards externalFeatureCards__contentWrapper\">\n                <h4 class=\"externalFeatureCards externalFeatureCards__heading\">\n                    Kurrebo &#038; Sirk\u00f6v\u00e4gen                <\/h4>\n                <p>\n                                    <\/p>\n                <div class=\"wp-block-buttons is-layout-flex wp-block-buttons-is-layout-flex\">\n                    <div class=\"wp-block-button \">\n                        <a aria-label=\"Mehr lesen\" class=\"wp-block-button__link wp-element-button\" href=\"https:\/\/www.kurrebo.com\/\" target=\"_blank\">\n                            Mehr lesen                        <\/a>\n                    <\/div>\n                <\/div>\n            <\/div>\n        <\/div>\n                <div class=\"externalFeatureCards externalFeatureCards__cardWrapper\" >\n            <a aria-label=\"\u00c5lshults Handelsbod\"href=\"https:\/\/www.alshult.se\/\"class=\"externalFeatureCards externalFeatureCards__imageWrapper\">\n                <img loading=\"lazy\" decoding=\"async\" width=\"1024\" height=\"576\" src=\"https:\/\/www.visitsmaland.se\/wp-content\/uploads\/2023\/05\/A\u030alshults_Handelsbod-Cultural_Cafe-Summer-Exterior-Bunzlau-XL-A2-1024x576.jpg\" class=\"attachment-large size-large\" alt=\"\" srcset=\"https:\/\/www.visitsmaland.se\/wp-content\/uploads\/2023\/05\/A\u030alshults_Handelsbod-Cultural_Cafe-Summer-Exterior-Bunzlau-XL-A2-1024x576.jpg 1024w, https:\/\/www.visitsmaland.se\/wp-content\/uploads\/2023\/05\/A\u030alshults_Handelsbod-Cultural_Cafe-Summer-Exterior-Bunzlau-XL-A2-300x169.jpg 300w, https:\/\/www.visitsmaland.se\/wp-content\/uploads\/2023\/05\/A\u030alshults_Handelsbod-Cultural_Cafe-Summer-Exterior-Bunzlau-XL-A2-768x432.jpg 768w, https:\/\/www.visitsmaland.se\/wp-content\/uploads\/2023\/05\/A\u030alshults_Handelsbod-Cultural_Cafe-Summer-Exterior-Bunzlau-XL-A2-1536x864.jpg 1536w, https:\/\/www.visitsmaland.se\/wp-content\/uploads\/2023\/05\/A\u030alshults_Handelsbod-Cultural_Cafe-Summer-Exterior-Bunzlau-XL-A2-2048x1152.jpg 2048w, https:\/\/www.visitsmaland.se\/wp-content\/uploads\/2023\/05\/A\u030alshults_Handelsbod-Cultural_Cafe-Summer-Exterior-Bunzlau-XL-A2-660x371.jpg 660w\" sizes=\"(max-width: 1024px) 100vw, 1024px\" \/>            <\/a>\n            <div class=\"externalFeatureCards externalFeatureCards__contentWrapper\">\n                <h4 class=\"externalFeatureCards externalFeatureCards__heading\">\n                    \u00c5lshults Handelsbod                <\/h4>\n                <p>\n                                    <\/p>\n                <div class=\"wp-block-buttons is-layout-flex wp-block-buttons-is-layout-flex\">\n                    <div class=\"wp-block-button \">\n                        <a aria-label=\"Mehr lesen\" class=\"wp-block-button__link wp-element-button\" href=\"https:\/\/www.alshult.se\/\" target=\"_blank\">\n                            Mehr lesen                        <\/a>\n                    <\/div>\n                <\/div>\n            <\/div>\n        <\/div>\n                <div class=\"externalFeatureCards externalFeatureCards__cardWrapper\" >\n            <a aria-label=\"Farmors G\u00e5rdsbutik (Eis, Bauernladen)\"href=\"https:\/\/www.farmorsgrimslov.se\/\"class=\"externalFeatureCards externalFeatureCards__imageWrapper\">\n                <img loading=\"lazy\" decoding=\"async\" width=\"1024\" height=\"683\" src=\"https:\/\/www.visitsmaland.se\/wp-content\/uploads\/2025\/06\/Farmorsgrdsbod-2_MediumResolution150dpi80Quality-1024x683.jpg\" class=\"attachment-large size-large\" alt=\"\" srcset=\"https:\/\/www.visitsmaland.se\/wp-content\/uploads\/2025\/06\/Farmorsgrdsbod-2_MediumResolution150dpi80Quality-1024x683.jpg 1024w, https:\/\/www.visitsmaland.se\/wp-content\/uploads\/2025\/06\/Farmorsgrdsbod-2_MediumResolution150dpi80Quality-300x200.jpg 300w, https:\/\/www.visitsmaland.se\/wp-content\/uploads\/2025\/06\/Farmorsgrdsbod-2_MediumResolution150dpi80Quality-768x512.jpg 768w, https:\/\/www.visitsmaland.se\/wp-content\/uploads\/2025\/06\/Farmorsgrdsbod-2_MediumResolution150dpi80Quality-1536x1024.jpg 1536w, https:\/\/www.visitsmaland.se\/wp-content\/uploads\/2025\/06\/Farmorsgrdsbod-2_MediumResolution150dpi80Quality-2048x1365.jpg 2048w\" sizes=\"(max-width: 1024px) 100vw, 1024px\" \/>            <\/a>\n            <div class=\"externalFeatureCards externalFeatureCards__contentWrapper\">\n                <h4 class=\"externalFeatureCards externalFeatureCards__heading\">\n                    Farmors G\u00e5rdsbutik (Eis, Bauernladen)                <\/h4>\n                <p>\n                                    <\/p>\n                <div class=\"wp-block-buttons is-layout-flex wp-block-buttons-is-layout-flex\">\n                    <div class=\"wp-block-button \">\n                        <a aria-label=\"Mehr lesen\" class=\"wp-block-button__link wp-element-button\" href=\"https:\/\/www.farmorsgrimslov.se\/\" target=\"_blank\">\n                            Mehr lesen                        <\/a>\n                    <\/div>\n                <\/div>\n            <\/div>\n        <\/div>\n                <div class=\"externalFeatureCards externalFeatureCards__cardWrapper\" >\n            <a aria-label=\"Vandalorum Designmuseum\"href=\"https:\/\/www.vandalorum.se\/en\"class=\"externalFeatureCards externalFeatureCards__imageWrapper\">\n                <img loading=\"lazy\" decoding=\"async\" width=\"1024\" height=\"683\" src=\"https:\/\/www.visitsmaland.se\/wp-content\/uploads\/2020\/06\/DAYFOTOGRAFI-VANDALORUM-1-webb-1024x683.jpg\" class=\"attachment-large size-large\" alt=\"Personen betrachten die Kunst im Museum.\" srcset=\"https:\/\/www.visitsmaland.se\/wp-content\/uploads\/2020\/06\/DAYFOTOGRAFI-VANDALORUM-1-webb-1024x683.jpg 1024w, https:\/\/www.visitsmaland.se\/wp-content\/uploads\/2020\/06\/DAYFOTOGRAFI-VANDALORUM-1-webb-300x200.jpg 300w, https:\/\/www.visitsmaland.se\/wp-content\/uploads\/2020\/06\/DAYFOTOGRAFI-VANDALORUM-1-webb-768x512.jpg 768w, https:\/\/www.visitsmaland.se\/wp-content\/uploads\/2020\/06\/DAYFOTOGRAFI-VANDALORUM-1-webb-1536x1025.jpg 1536w, https:\/\/www.visitsmaland.se\/wp-content\/uploads\/2020\/06\/DAYFOTOGRAFI-VANDALORUM-1-webb.jpg 2000w\" sizes=\"(max-width: 1024px) 100vw, 1024px\" \/>            <\/a>\n            <div class=\"externalFeatureCards externalFeatureCards__contentWrapper\">\n                <h4 class=\"externalFeatureCards externalFeatureCards__heading\">\n                    Vandalorum Designmuseum                <\/h4>\n                <p>\n                                    <\/p>\n                <div class=\"wp-block-buttons is-layout-flex wp-block-buttons-is-layout-flex\">\n                    <div class=\"wp-block-button \">\n                        <a aria-label=\"Mehr lesen\" class=\"wp-block-button__link wp-element-button\" href=\"https:\/\/www.vandalorum.se\/en\" target=\"_blank\">\n                            Mehr lesen                        <\/a>\n                    <\/div>\n                <\/div>\n            <\/div>\n        <\/div>\n                <div class=\"externalFeatureCards externalFeatureCards__cardWrapper\" >\n            <a aria-label=\"Store Mosse Nationalpark\"href=\"https:\/\/www.sverigesnationalparker.se\/de\/nationalpark-wahlen\/store-mosse-nationalpark\/\"class=\"externalFeatureCards externalFeatureCards__imageWrapper\">\n                <img loading=\"lazy\" decoding=\"async\" width=\"1024\" height=\"683\" src=\"https:\/\/www.visitsmaland.se\/wp-content\/uploads\/2024\/04\/TD-SWEDEN-Storemosse-10-1024x683.jpg\" class=\"attachment-large size-large\" alt=\"\" srcset=\"https:\/\/www.visitsmaland.se\/wp-content\/uploads\/2024\/04\/TD-SWEDEN-Storemosse-10-1024x683.jpg 1024w, https:\/\/www.visitsmaland.se\/wp-content\/uploads\/2024\/04\/TD-SWEDEN-Storemosse-10-300x200.jpg 300w, https:\/\/www.visitsmaland.se\/wp-content\/uploads\/2024\/04\/TD-SWEDEN-Storemosse-10-768x512.jpg 768w, https:\/\/www.visitsmaland.se\/wp-content\/uploads\/2024\/04\/TD-SWEDEN-Storemosse-10-1536x1024.jpg 1536w, https:\/\/www.visitsmaland.se\/wp-content\/uploads\/2024\/04\/TD-SWEDEN-Storemosse-10-2048x1366.jpg 2048w\" sizes=\"(max-width: 1024px) 100vw, 1024px\" \/>            <\/a>\n            <div class=\"externalFeatureCards externalFeatureCards__contentWrapper\">\n                <h4 class=\"externalFeatureCards externalFeatureCards__heading\">\n                    Store Mosse Nationalpark                <\/h4>\n                <p>\n                                    <\/p>\n                <div class=\"wp-block-buttons is-layout-flex wp-block-buttons-is-layout-flex\">\n                    <div class=\"wp-block-button \">\n                        <a aria-label=\"Mehr lesen\" class=\"wp-block-button__link wp-element-button\" href=\"https:\/\/www.sverigesnationalparker.se\/de\/nationalpark-wahlen\/store-mosse-nationalpark\/\" target=\"_blank\">\n                            Mehr lesen                        <\/a>\n                    <\/div>\n                <\/div>\n            <\/div>\n        <\/div>\n                <div class=\"externalFeatureCards externalFeatureCards__cardWrapper\" >\n            <a aria-label=\"Isaberg Mountain Resort\"href=\"https:\/\/www.isaberg.com\/en\/\"class=\"externalFeatureCards externalFeatureCards__imageWrapper\">\n                <img loading=\"lazy\" decoding=\"async\" width=\"1024\" height=\"683\" src=\"https:\/\/www.visitsmaland.se\/wp-content\/uploads\/2024\/04\/isaberg_sommar_foto_patrik_svedberg-10-1024x683.jpg\" class=\"attachment-large size-large\" alt=\"\" srcset=\"https:\/\/www.visitsmaland.se\/wp-content\/uploads\/2024\/04\/isaberg_sommar_foto_patrik_svedberg-10-1024x683.jpg 1024w, https:\/\/www.visitsmaland.se\/wp-content\/uploads\/2024\/04\/isaberg_sommar_foto_patrik_svedberg-10-300x200.jpg 300w, https:\/\/www.visitsmaland.se\/wp-content\/uploads\/2024\/04\/isaberg_sommar_foto_patrik_svedberg-10-768x512.jpg 768w, https:\/\/www.visitsmaland.se\/wp-content\/uploads\/2024\/04\/isaberg_sommar_foto_patrik_svedberg-10-1536x1024.jpg 1536w, https:\/\/www.visitsmaland.se\/wp-content\/uploads\/2024\/04\/isaberg_sommar_foto_patrik_svedberg-10-2048x1365.jpg 2048w\" sizes=\"(max-width: 1024px) 100vw, 1024px\" \/>            <\/a>\n            <div class=\"externalFeatureCards externalFeatureCards__contentWrapper\">\n                <h4 class=\"externalFeatureCards externalFeatureCards__heading\">\n                    Isaberg Mountain Resort                <\/h4>\n                <p>\n                                    <\/p>\n                <div class=\"wp-block-buttons is-layout-flex wp-block-buttons-is-layout-flex\">\n                    <div class=\"wp-block-button \">\n                        <a aria-label=\"Mehr lesen\" class=\"wp-block-button__link wp-element-button\" href=\"https:\/\/www.isaberg.com\/en\/\" target=\"_blank\">\n                            Mehr lesen                        <\/a>\n                    <\/div>\n                <\/div>\n            <\/div>\n        <\/div>\n                <div class=\"externalFeatureCards externalFeatureCards__cardWrapper\" >\n            <a aria-label=\"Hestraviken Spa\"href=\"https:\/\/www.hestraviken.se\/en\/\"class=\"externalFeatureCards externalFeatureCards__imageWrapper\">\n                <img loading=\"lazy\" decoding=\"async\" width=\"1024\" height=\"674\" src=\"https:\/\/www.visitsmaland.se\/wp-content\/uploads\/2024\/04\/hestraviken_foto_ingela_vagsund-1024x674.jpg\" class=\"attachment-large size-large\" alt=\"\" srcset=\"https:\/\/www.visitsmaland.se\/wp-content\/uploads\/2024\/04\/hestraviken_foto_ingela_vagsund-1024x674.jpg 1024w, https:\/\/www.visitsmaland.se\/wp-content\/uploads\/2024\/04\/hestraviken_foto_ingela_vagsund-300x197.jpg 300w, https:\/\/www.visitsmaland.se\/wp-content\/uploads\/2024\/04\/hestraviken_foto_ingela_vagsund-768x505.jpg 768w, https:\/\/www.visitsmaland.se\/wp-content\/uploads\/2024\/04\/hestraviken_foto_ingela_vagsund-1536x1011.jpg 1536w, https:\/\/www.visitsmaland.se\/wp-content\/uploads\/2024\/04\/hestraviken_foto_ingela_vagsund-2048x1348.jpg 2048w\" sizes=\"(max-width: 1024px) 100vw, 1024px\" \/>            <\/a>\n            <div class=\"externalFeatureCards externalFeatureCards__contentWrapper\">\n                <h4 class=\"externalFeatureCards externalFeatureCards__heading\">\n                    Hestraviken Spa                <\/h4>\n                <p>\n                                    <\/p>\n                <div class=\"wp-block-buttons is-layout-flex wp-block-buttons-is-layout-flex\">\n                    <div class=\"wp-block-button \">\n                        <a aria-label=\"Mehr lesen\" class=\"wp-block-button__link wp-element-button\" href=\"https:\/\/www.hestraviken.se\/en\/\" target=\"_blank\">\n                            Mehr lesen                        <\/a>\n                    <\/div>\n                <\/div>\n            <\/div>\n        <\/div>\n                <div class=\"externalFeatureCards externalFeatureCards__cardWrapper\" >\n            <a aria-label=\"Gr\u00e4nna &amp; Grenna Museum\"href=\"https:\/\/www.visitsmaland.se\/de\/entdecken\/granna-und-visingso\/\"class=\"externalFeatureCards externalFeatureCards__imageWrapper\">\n                <img loading=\"lazy\" decoding=\"async\" width=\"1024\" height=\"682\" src=\"https:\/\/www.visitsmaland.se\/wp-content\/uploads\/2024\/04\/Smaland_9674-1-1024x682.jpg\" class=\"attachment-large size-large\" alt=\"\" srcset=\"https:\/\/www.visitsmaland.se\/wp-content\/uploads\/2024\/04\/Smaland_9674-1-1024x682.jpg 1024w, https:\/\/www.visitsmaland.se\/wp-content\/uploads\/2024\/04\/Smaland_9674-1-300x200.jpg 300w, https:\/\/www.visitsmaland.se\/wp-content\/uploads\/2024\/04\/Smaland_9674-1-768x511.jpg 768w, https:\/\/www.visitsmaland.se\/wp-content\/uploads\/2024\/04\/Smaland_9674-1-1536x1022.jpg 1536w, https:\/\/www.visitsmaland.se\/wp-content\/uploads\/2024\/04\/Smaland_9674-1-2048x1363.jpg 2048w\" sizes=\"(max-width: 1024px) 100vw, 1024px\" \/>            <\/a>\n            <div class=\"externalFeatureCards externalFeatureCards__contentWrapper\">\n                <h4 class=\"externalFeatureCards externalFeatureCards__heading\">\n                    Gr\u00e4nna &#038; Grenna Museum                <\/h4>\n                <p>\n                                    <\/p>\n                <div class=\"wp-block-buttons is-layout-flex wp-block-buttons-is-layout-flex\">\n                    <div class=\"wp-block-button \">\n                        <a aria-label=\"Mehr lesen\" class=\"wp-block-button__link wp-element-button\" href=\"https:\/\/www.visitsmaland.se\/de\/entdecken\/granna-und-visingso\/\" target=\"_blank\">\n                            Mehr lesen                        <\/a>\n                    <\/div>\n                <\/div>\n            <\/div>\n        <\/div>\n                <div class=\"externalFeatureCards externalFeatureCards__cardWrapper\" >\n            <a aria-label=\"Pr\u00e4stg\u00e5rden Annerstad\"href=\"https:\/\/annerstad.com\/de\/\"class=\"externalFeatureCards externalFeatureCards__imageWrapper\">\n                <img loading=\"lazy\" decoding=\"async\" width=\"1024\" height=\"683\" src=\"https:\/\/www.visitsmaland.se\/wp-content\/uploads\/2023\/05\/ALEX7973-1024x683.jpg\" class=\"attachment-large size-large\" alt=\"\" srcset=\"https:\/\/www.visitsmaland.se\/wp-content\/uploads\/2023\/05\/ALEX7973-1024x683.jpg 1024w, https:\/\/www.visitsmaland.se\/wp-content\/uploads\/2023\/05\/ALEX7973-300x200.jpg 300w, https:\/\/www.visitsmaland.se\/wp-content\/uploads\/2023\/05\/ALEX7973-768x512.jpg 768w, https:\/\/www.visitsmaland.se\/wp-content\/uploads\/2023\/05\/ALEX7973-1536x1025.jpg 1536w, https:\/\/www.visitsmaland.se\/wp-content\/uploads\/2023\/05\/ALEX7973-2048x1366.jpg 2048w\" sizes=\"(max-width: 1024px) 100vw, 1024px\" \/>            <\/a>\n            <div class=\"externalFeatureCards externalFeatureCards__contentWrapper\">\n                <h4 class=\"externalFeatureCards externalFeatureCards__heading\">\n                    Pr\u00e4stg\u00e5rden Annerstad                <\/h4>\n                <p>\n                                    <\/p>\n                <div class=\"wp-block-buttons is-layout-flex wp-block-buttons-is-layout-flex\">\n                    <div class=\"wp-block-button \">\n                        <a aria-label=\"Mehr lesen\" class=\"wp-block-button__link wp-element-button\" href=\"https:\/\/annerstad.com\/de\/\" target=\"_blank\">\n                            Mehr lesen                        <\/a>\n                    <\/div>\n                <\/div>\n            <\/div>\n        <\/div>\n                <div class=\"externalFeatureCards externalFeatureCards__cardWrapper\" >\n            <a aria-label=\"Ljungby \u2013 Museum of Legends\"href=\"https:\/\/sagobygden.se\/de\/\"class=\"externalFeatureCards externalFeatureCards__imageWrapper\">\n                <img loading=\"lazy\" decoding=\"async\" width=\"1024\" height=\"683\" src=\"https:\/\/www.visitsmaland.se\/wp-content\/uploads\/2024\/09\/sagomuseet-1024x683.jpg\" class=\"attachment-large size-large\" alt=\"\" srcset=\"https:\/\/www.visitsmaland.se\/wp-content\/uploads\/2024\/09\/sagomuseet-1024x683.jpg 1024w, https:\/\/www.visitsmaland.se\/wp-content\/uploads\/2024\/09\/sagomuseet-300x200.jpg 300w, https:\/\/www.visitsmaland.se\/wp-content\/uploads\/2024\/09\/sagomuseet-768x512.jpg 768w, https:\/\/www.visitsmaland.se\/wp-content\/uploads\/2024\/09\/sagomuseet-1536x1024.jpg 1536w, https:\/\/www.visitsmaland.se\/wp-content\/uploads\/2024\/09\/sagomuseet-2048x1365.jpg 2048w\" sizes=\"(max-width: 1024px) 100vw, 1024px\" \/>            <\/a>\n            <div class=\"externalFeatureCards externalFeatureCards__contentWrapper\">\n                <h4 class=\"externalFeatureCards externalFeatureCards__heading\">\n                    Ljungby \u2013 Museum of Legends                <\/h4>\n                <p>\n                                    <\/p>\n                <div class=\"wp-block-buttons is-layout-flex wp-block-buttons-is-layout-flex\">\n                    <div class=\"wp-block-button \">\n                        <a aria-label=\"Mehr lesen\" class=\"wp-block-button__link wp-element-button\" href=\"https:\/\/sagobygden.se\/de\/\" target=\"_blank\">\n                            Mehr lesen                        <\/a>\n                    <\/div>\n                <\/div>\n            <\/div>\n        <\/div>\n                <div class=\"externalFeatureCards externalFeatureCards__cardWrapper\" >\n            <a aria-label=\"Sm\u00e5landet \u2013 Markaryds Moose Safari\"href=\"https:\/\/www.smalandet.se\/html_ty\/ty_start.html\"class=\"externalFeatureCards externalFeatureCards__imageWrapper\">\n                <img loading=\"lazy\" decoding=\"async\" width=\"1024\" height=\"684\" src=\"https:\/\/www.visitsmaland.se\/wp-content\/uploads\/2024\/04\/p1070235-2-smalandet-1024x684.jpg\" class=\"attachment-large size-large\" alt=\"\" srcset=\"https:\/\/www.visitsmaland.se\/wp-content\/uploads\/2024\/04\/p1070235-2-smalandet-1024x684.jpg 1024w, https:\/\/www.visitsmaland.se\/wp-content\/uploads\/2024\/04\/p1070235-2-smalandet-300x200.jpg 300w, https:\/\/www.visitsmaland.se\/wp-content\/uploads\/2024\/04\/p1070235-2-smalandet-768x513.jpg 768w, https:\/\/www.visitsmaland.se\/wp-content\/uploads\/2024\/04\/p1070235-2-smalandet-1536x1026.jpg 1536w, https:\/\/www.visitsmaland.se\/wp-content\/uploads\/2024\/04\/p1070235-2-smalandet-2048x1368.jpg 2048w\" sizes=\"(max-width: 1024px) 100vw, 1024px\" \/>            <\/a>\n            <div class=\"externalFeatureCards externalFeatureCards__contentWrapper\">\n                <h4 class=\"externalFeatureCards externalFeatureCards__heading\">\n                    Sm\u00e5landet \u2013 Markaryds Moose Safari                <\/h4>\n                <p>\n                                    <\/p>\n                <div class=\"wp-block-buttons is-layout-flex wp-block-buttons-is-layout-flex\">\n                    <div class=\"wp-block-button \">\n                        <a aria-label=\"Mehr lesen\" class=\"wp-block-button__link wp-element-button\" href=\"https:\/\/www.smalandet.se\/html_ty\/ty_start.html\" target=\"_blank\">\n                            Mehr lesen                        <\/a>\n                    <\/div>\n                <\/div>\n            <\/div>\n        <\/div>\n            <\/div>\n<\/div>\n\n<div class=\"contentImageTwoColumns contentImageTwoColumns__wrapper\" style=\"background-color: #f4f2eb\">\n    <div class=\"contentImageTwoColumns contentImageTwoColumns__container \">\n        <div class=\"contentImageTwoColumns contentImageTwoColumns__contentWrapper\">\n            <h2 class=\"contentImageTwoColumns contentImageTwoColumns__heading\" style=\"color: \">\n                Naturerlebnisse rund um den \u00c5snen Nationalpark            <\/h2>\n            <div class=\"contentImageTwoColumns contentImageTwoColumns__text contentImageTwoColumns__text--short\" style=\"color: \">\n                                    <p>Erfahre mehr \u00fcber den Besuch der Familie im Getn\u00f6 Lake \u00c5snen Resort und in der Umgebung des \u00c5snen-Nationalparks. Sie waren angeln, sind Kanu gefahren und geben au\u00dferdem Tipps zu sch\u00f6nen Orten zum Essen und Kaffeetrinken.<\/p>\n                            <\/div>\n            <div class=\"contentImageTwoColumns contentImageTwoColumns__text contentImageTwoColumns__text--full\" style=\"color: \">\n                <p>Erfahre mehr \u00fcber den Besuch der Familie im Getn\u00f6 Lake \u00c5snen Resort und in der Umgebung des \u00c5snen-Nationalparks. Sie waren angeln, sind Kanu gefahren und geben au\u00dferdem Tipps zu sch\u00f6nen Orten zum Essen und Kaffeetrinken.<\/p>\n                <button type=\"button\" class=\"contentImageTwoColumns contentImageTwoColumns__readMoreLess\">\n                    Weniger lesen &#8211;                <\/button>\n            <\/div>\n                        <div class=\"wp-block-buttons is-layout-flex wp-block-buttons-is-layout-flex\">\n                <div class=\"wp-block-button arrow-white\">\n                    <a aria-label=\"Zum Blogbeitrag\" class=\"wp-block-button__link wp-element-button\" href=\"https:\/\/www.travelisto.net\/blog\/detail\/familienurlaub-in-smaland\" style=\"background-color: #374632; color: #ffffff;border: solid 1px #374632\">\n                        Zum Blogbeitrag                    <\/a>\n                <\/div>\n            <\/div>\n                                <\/div>\n        <div class=\"contentImageTwoColumns contentImageTwoColumns__imageWrapper\">\n            <img loading=\"lazy\" decoding=\"async\" width=\"1024\" height=\"740\" src=\"https:\/\/www.visitsmaland.se\/wp-content\/uploads\/2025\/10\/Travelisto-35-1024x740.jpg\" class=\"attachment-grid-card-images size-grid-card-images\" alt=\"\" \/>        <\/div>\n    <\/div>\n<\/div>\n\n\n<div class=\"contentImageTwoColumns contentImageTwoColumns__wrapper\" style=\"background-color: #374632\">\n    <div class=\"contentImageTwoColumns contentImageTwoColumns__container layout-reversed\">\n        <div class=\"contentImageTwoColumns contentImageTwoColumns__contentWrapper\">\n            <h2 class=\"contentImageTwoColumns contentImageTwoColumns__heading\" style=\"color: #ffffff\">\n                Store Mosse, Isaberg &#038; Gr\u00e4nna erleben            <\/h2>\n            <div class=\"contentImageTwoColumns contentImageTwoColumns__text contentImageTwoColumns__text--short\" style=\"color: #ffffff\">\n                                    <p>Hier begleiten wir die Familie zum Kunstmuseum Vandalorum, auf eine Wanderung im Nationalpark Store Mosse und zu Abenteuern im Isaberg Mountain Resort. Au\u00dferdem geben sie Tipps f\u00fcr Entspannung im S&#8230;                    <button type=\"button\" class=\"contentImageTwoColumns contentImageTwoColumns__readMoreLess\">\n                        Mehr lesen +                    <\/button>\n                            <\/div>\n            <div class=\"contentImageTwoColumns contentImageTwoColumns__text contentImageTwoColumns__text--full\" style=\"color: #ffffff\">\n                <p>Hier begleiten wir die Familie zum Kunstmuseum Vandalorum, auf eine Wanderung im Nationalpark Store Mosse und zu Abenteuern im Isaberg Mountain Resort. Au\u00dferdem geben sie Tipps f\u00fcr Entspannung im Spa von Hestraviken, probieren lokale S\u00fc\u00dfigkeiten in Gr\u00e4nna und besuchen ein Museum \u00fcber eine Hei\u00dfluftballon-Expedition.<\/p>\n                <button type=\"button\" class=\"contentImageTwoColumns contentImageTwoColumns__readMoreLess\">\n                    Weniger lesen &#8211;                <\/button>\n            <\/div>\n                        <div class=\"wp-block-buttons is-layout-flex wp-block-buttons-is-layout-flex\">\n                <div class=\"wp-block-button \">\n                    <a aria-label=\"Zum Blogbeitrag\" class=\"wp-block-button__link wp-element-button\" href=\"https:\/\/www.travelisto.net\/blog\/detail\/smaland-aktiv-entdecken\" style=\"background-color: #f4f2eb; color: #000000;border: solid 1px #f4f2eb\">\n                        Zum Blogbeitrag                    <\/a>\n                <\/div>\n            <\/div>\n                                <\/div>\n        <div class=\"contentImageTwoColumns contentImageTwoColumns__imageWrapper\">\n            <img loading=\"lazy\" decoding=\"async\" width=\"1024\" height=\"740\" src=\"https:\/\/www.visitsmaland.se\/wp-content\/uploads\/2025\/10\/Travelisto-25-1024x740.jpg\" class=\"attachment-grid-card-images size-grid-card-images\" alt=\"\" \/>        <\/div>\n    <\/div>\n<\/div>\n\n\n<div class=\"contentImageTwoColumns contentImageTwoColumns__wrapper\" style=\"background-color: #f4f2eb\">\n    <div class=\"contentImageTwoColumns contentImageTwoColumns__container \">\n        <div class=\"contentImageTwoColumns contentImageTwoColumns__contentWrapper\">\n            <h2 class=\"contentImageTwoColumns contentImageTwoColumns__heading\" style=\"color: \">\n                Eine Nacht auf dem Flo\u00df, Trolle und Elche            <\/h2>\n            <div class=\"contentImageTwoColumns contentImageTwoColumns__text contentImageTwoColumns__text--short\" style=\"color: \">\n                                    <p>Das Abenteuer in Sm\u00e5land endete mit einem Besuch im Pr\u00e4stg\u00e5rden in Annerstad, wo die Familie Kanu fuhr, auf dem Steg a\u00df und auf einem schwimmenden Flo\u00df \u00fcbernachtete. Sie erlebten das Sagobygden (dt&#8230;                    <button type=\"button\" class=\"contentImageTwoColumns contentImageTwoColumns__readMoreLess\">\n                        Mehr lesen +                    <\/button>\n                            <\/div>\n            <div class=\"contentImageTwoColumns contentImageTwoColumns__text contentImageTwoColumns__text--full\" style=\"color: \">\n                <p>Das Abenteuer in Sm\u00e5land endete mit einem Besuch im Pr\u00e4stg\u00e5rden in Annerstad, wo die Familie Kanu fuhr, auf dem Steg a\u00df und auf einem schwimmenden Flo\u00df \u00fcbernachtete. Sie erlebten das Sagobygden (dt. M\u00e4rchendorf) mit M\u00e4rchen und Legenden und konnten schlie\u00dflich sogar Elche aus n\u00e4chster N\u00e4he sehen.<\/p>\n                <button type=\"button\" class=\"contentImageTwoColumns contentImageTwoColumns__readMoreLess\">\n                    Weniger lesen &#8211;                <\/button>\n            <\/div>\n                        <div class=\"wp-block-buttons is-layout-flex wp-block-buttons-is-layout-flex\">\n                <div class=\"wp-block-button arrow-white\">\n                    <a aria-label=\"Zum Blogbeitrag\" class=\"wp-block-button__link wp-element-button\" href=\"https:\/\/www.travelisto.net\/blog\/detail\/smalands-wildnis\" style=\"background-color: #374632; color: #ffffff;border: solid 1px #374632\">\n                        Zum Blogbeitrag                    <\/a>\n                <\/div>\n            <\/div>\n                                <\/div>\n        <div class=\"contentImageTwoColumns contentImageTwoColumns__imageWrapper\">\n            <img loading=\"lazy\" decoding=\"async\" width=\"1024\" height=\"740\" src=\"https:\/\/www.visitsmaland.se\/wp-content\/uploads\/2025\/10\/Travelisto-13-1024x740.jpg\" class=\"attachment-grid-card-images size-grid-card-images\" alt=\"\" \/>        <\/div>\n    <\/div>\n<\/div>\n\n\n<div class=\"contentCta contentCta__wrapper\">\n    <div class=\"contentCta contentCta__container\">\n                        <h2 class=\"contentCta contentCta__heading\" style=\"color: \">\n                Podcast \u00fcber Travelisto&#8217;s Urlaub in Sm\u00e5land            <\/h2>\n                \t\t\t<div class=\"contentCta contentCta__text\" style=\"color: \">\n\t\t\t\t<p>&#8222;Ob Kanufahren, Wandern, Elche beobachten, Spazieren im Nationalpark oder Eis essen auf einem Bauernhof \u2013 Sm\u00e5land bietet alles, was man f\u00fcr einen abwechslungsreichen, naturnahen und erholsamen Urlaub braucht&#8220;.<\/p>\n\t\t\t<\/div>\n                <hr>\n                <div class=\"contentCta contentCta__ctaWrapper\">\n            <div class=\"wp-block-buttons is-layout-flex wp-block-buttons-is-layout-flex\">\n                                                                                            <div class=\"wp-block-button \">\n                    <a aria-label=\"Travelisto Reise-Podcast f\u00fcr aktive Familien\" class=\"wp-block-button__link wp-element-button\" href=\"https:\/\/open.spotify.com\/episode\/6nbheO6SR73qagjHv6lfjA?si=8e5af87de8ef41a2&#038;nd=1&#038;dlsi=03fbcfab793340b0\" style=\"background-color: #fbbd51; color: #000000\">\n                        Travelisto Reise-Podcast f\u00fcr aktive Familien                    <\/a>\n                <\/div>\n                            <\/div>\n        <\/div>\n            <\/div>\n<\/div>\n\n\n\n<figure class=\"wp-block-gallery has-nested-images columns-default is-cropped wp-block-gallery-3 is-layout-flex wp-block-gallery-is-layout-flex\">\n<figure class=\"wp-block-image size-large\"><img loading=\"lazy\" decoding=\"async\" width=\"1024\" height=\"768\" data-id=\"76849\" src=\"https:\/\/www.visitsmaland.se\/wp-content\/uploads\/2025\/10\/Travelisto-04-1024x768.jpg\" alt=\"\" class=\"wp-image-76849\" srcset=\"https:\/\/www.visitsmaland.se\/wp-content\/uploads\/2025\/10\/Travelisto-04-1024x768.jpg 1024w, https:\/\/www.visitsmaland.se\/wp-content\/uploads\/2025\/10\/Travelisto-04-300x225.jpg 300w, https:\/\/www.visitsmaland.se\/wp-content\/uploads\/2025\/10\/Travelisto-04-768x576.jpg 768w, https:\/\/www.visitsmaland.se\/wp-content\/uploads\/2025\/10\/Travelisto-04-1536x1152.jpg 1536w, https:\/\/www.visitsmaland.se\/wp-content\/uploads\/2025\/10\/Travelisto-04-2048x1536.jpg 2048w\" sizes=\"(max-width: 1024px) 100vw, 1024px\" \/><\/figure>\n\n\n\n<figure class=\"wp-block-image size-large\"><img loading=\"lazy\" decoding=\"async\" width=\"1024\" height=\"768\" data-id=\"76854\" src=\"https:\/\/www.visitsmaland.se\/wp-content\/uploads\/2025\/10\/Travelisto-07-1024x768.jpg\" alt=\"\" class=\"wp-image-76854\" srcset=\"https:\/\/www.visitsmaland.se\/wp-content\/uploads\/2025\/10\/Travelisto-07-1024x768.jpg 1024w, https:\/\/www.visitsmaland.se\/wp-content\/uploads\/2025\/10\/Travelisto-07-300x225.jpg 300w, https:\/\/www.visitsmaland.se\/wp-content\/uploads\/2025\/10\/Travelisto-07-768x576.jpg 768w, https:\/\/www.visitsmaland.se\/wp-content\/uploads\/2025\/10\/Travelisto-07-1536x1152.jpg 1536w, https:\/\/www.visitsmaland.se\/wp-content\/uploads\/2025\/10\/Travelisto-07-2048x1536.jpg 2048w\" sizes=\"(max-width: 1024px) 100vw, 1024px\" \/><\/figure>\n\n\n\n<figure class=\"wp-block-image size-large\"><img loading=\"lazy\" decoding=\"async\" width=\"1024\" height=\"768\" data-id=\"76914\" src=\"https:\/\/www.visitsmaland.se\/wp-content\/uploads\/2025\/10\/Travelisto-22-1024x768.jpg\" alt=\"\" class=\"wp-image-76914\" srcset=\"https:\/\/www.visitsmaland.se\/wp-content\/uploads\/2025\/10\/Travelisto-22-1024x768.jpg 1024w, https:\/\/www.visitsmaland.se\/wp-content\/uploads\/2025\/10\/Travelisto-22-300x225.jpg 300w, https:\/\/www.visitsmaland.se\/wp-content\/uploads\/2025\/10\/Travelisto-22-768x576.jpg 768w, https:\/\/www.visitsmaland.se\/wp-content\/uploads\/2025\/10\/Travelisto-22-1536x1152.jpg 1536w, https:\/\/www.visitsmaland.se\/wp-content\/uploads\/2025\/10\/Travelisto-22-2048x1536.jpg 2048w\" sizes=\"(max-width: 1024px) 100vw, 1024px\" \/><\/figure>\n<\/figure>\n\n\n  \n<div class=\"featuredTwoColumns featuredTwoColumns__wrapper\">\n    <div class=\"featuredTwoColumns featuredTwoColumns__container\">  \n            <div class=\"featuredTwoColumns featuredTwoColumns__feturedWrapper\">\n            <a aria-label=\"Rundreise durch Sm\u00e5land mit Kindern\" href=\"https:\/\/www.visitsmaland.se\/de\/entdecken\/rundreise-durch-smaland-mit-kindern\/\"class=\"featuredTwoColumns featuredTwoColumns__imageWrapper\">\n                <img loading=\"lazy\" decoding=\"async\" width=\"1024\" height=\"740\" src=\"https:\/\/www.visitsmaland.se\/wp-content\/uploads\/2024\/12\/Storre-Mosse-1-1024x740.jpg\" class=\"attachment-grid-card-images size-grid-card-images wp-post-image\" alt=\"\" \/>            <\/a>\n            <div class=\"featuredTwoColumns featuredTwoColumns__contentWrapper\">\n                <h2 class=\"featuredTwoColumns featuredTwoColumns__heading\">\n                    Rundreise durch Sm\u00e5land mit Kindern                <\/h2>\n                <p class=\"featuredTwoColumns featuredTwoColumns__description\">\n                    W\u00e4hrend der Sommerferien in den s\u00fcdlichen Teil von \u2026                <\/p>\n                 \n                 \n                <div class=\"wp-block-buttons is-layout-flex wp-block-buttons-is-layout-flex\">\n                    <div class=\"wp-block-button \">\n                        <a aria-label=\"Rundreise durch Sm\u00e5land mit Kindern\"class=\"wp-block-button__link wp-element-button\" href=\"https:\/\/www.visitsmaland.se\/de\/entdecken\/rundreise-durch-smaland-mit-kindern\/\">\n                            Entdecke                       \n                         <\/a>\n                    <\/div>\n                <\/div>\n            <\/div>\n        <\/div>\n                <div class=\"featuredTwoColumns featuredTwoColumns__feturedWrapper\">\n            <a aria-label=\"Camping mit der Familie in Sm\u00e5land\" href=\"https:\/\/www.visitsmaland.se\/de\/entdecken\/camping-mit-der-familie-in-smaland\/\"class=\"featuredTwoColumns featuredTwoColumns__imageWrapper\">\n                <img loading=\"lazy\" decoding=\"async\" width=\"1024\" height=\"740\" src=\"https:\/\/www.visitsmaland.se\/wp-content\/uploads\/2025\/04\/Eksjo_camping_6549-1-1024x740.jpg\" class=\"attachment-grid-card-images size-grid-card-images wp-post-image\" alt=\"\" \/>            <\/a>\n            <div class=\"featuredTwoColumns featuredTwoColumns__contentWrapper\">\n                <h2 class=\"featuredTwoColumns featuredTwoColumns__heading\">\n                    Camping mit der Familie in Sm\u00e5land                <\/h2>\n                <p class=\"featuredTwoColumns featuredTwoColumns__description\">\n                    Erlebt Camping mit der Familie in Sm\u00e5land und auf \u00d6\u2026                <\/p>\n                 \n                 \n                <div class=\"wp-block-buttons is-layout-flex wp-block-buttons-is-layout-flex\">\n                    <div class=\"wp-block-button \">\n                        <a aria-label=\"Camping mit der Familie in Sm\u00e5land\"class=\"wp-block-button__link wp-element-button\" href=\"https:\/\/www.visitsmaland.se\/de\/entdecken\/camping-mit-der-familie-in-smaland\/\">\n                            Entdecke                       \n                         <\/a>\n                    <\/div>\n                <\/div>\n            <\/div>\n        <\/div>\n            <\/div>\n<\/div>\n","protected":false},"excerpt":{"rendered":"<p>Begleite die Familie Travelisto auf einer Reise mit Kindern durch Sm\u00e5land in S\u00fcdschweden. Du kannst ihre Blogartikel lesen, das YouTube-Video ansehen oder den Podcast h\u00f6ren. Wir hoffen, dass du dich inspirieren l\u00e4sst.<\/p>\n","protected":false},"featured_media":76899,"parent":0,"menu_order":268,"template":"","tags":[],"land":[],"class_list":["post-76838","guide","type-guide","status-publish","has-post-thumbnail","hentry"],"acf":{"priority":""},"yoast_head":"<!-- This site is optimized with the Yoast SEO plugin v27.5 - https:\/\/yoast.com\/product\/yoast-seo-wordpress\/ -->\n<title>Familientipps in Sm\u00e5land von Travelisto | Visit Sm\u00e5land<\/title>\n<meta name=\"description\" content=\"Begleite die Familie Travelisto auf einer Reise mit Kindern durch Sm\u00e5land in S\u00fcdschweden und erfahre mehr \u00fcber ihre Reisen auf dem Blog.\" \/>\n<meta name=\"robots\" content=\"index, follow, max-snippet:-1, max-image-preview:large, max-video-preview:-1\" \/>\n<link rel=\"canonical\" href=\"https:\/\/www.visitsmaland.se\/de\/entdecken\/familientipps-in-smaland-von-travelisto\/\" \/>\n<meta property=\"og:locale\" content=\"de_DE\" \/>\n<meta property=\"og:type\" content=\"article\" \/>\n<meta property=\"og:title\" content=\"Familientipps in Sm\u00e5land von Travelisto | Visit Sm\u00e5land\" \/>\n<meta property=\"og:description\" content=\"Begleite die Familie Travelisto auf einer Reise mit Kindern durch Sm\u00e5land in S\u00fcdschweden und erfahre mehr \u00fcber ihre Reisen auf dem Blog.\" \/>\n<meta property=\"og:url\" content=\"https:\/\/www.visitsmaland.se\/de\/entdecken\/familientipps-in-smaland-von-travelisto\/\" \/>\n<meta property=\"og:site_name\" content=\"Visit Sm\u00e5land\" \/>\n<meta property=\"article:publisher\" content=\"https:\/\/www.facebook.com\/visitsmaland\/\" \/>\n<meta property=\"article:modified_time\" content=\"2025-10-21T11:24:59+00:00\" \/>\n<meta property=\"og:image\" content=\"https:\/\/www.visitsmaland.se\/wp-content\/uploads\/2025\/10\/Travelisto-17-scaled.jpg\" \/>\n\t<meta property=\"og:image:width\" content=\"2560\" \/>\n\t<meta property=\"og:image:height\" content=\"1920\" \/>\n\t<meta property=\"og:image:type\" content=\"image\/jpeg\" \/>\n<meta name=\"twitter:card\" content=\"summary_large_image\" \/>\n<meta name=\"twitter:label1\" content=\"Gesch\u00e4tzte Lesezeit\" \/>\n\t<meta name=\"twitter:data1\" content=\"7\u00a0Minuten\" \/>\n<script type=\"application\/ld+json\" class=\"yoast-schema-graph\">{\"@context\":\"https:\\\/\\\/schema.org\",\"@graph\":[{\"@type\":\"WebPage\",\"@id\":\"https:\\\/\\\/www.visitsmaland.se\\\/de\\\/entdecken\\\/familientipps-in-smaland-von-travelisto\\\/\",\"url\":\"https:\\\/\\\/www.visitsmaland.se\\\/de\\\/entdecken\\\/familientipps-in-smaland-von-travelisto\\\/\",\"name\":\"Familientipps in Sm\u00e5land von Travelisto | Visit Sm\u00e5land\",\"isPartOf\":{\"@id\":\"https:\\\/\\\/www.visitsmaland.se\\\/de\\\/#website\"},\"primaryImageOfPage\":{\"@id\":\"https:\\\/\\\/www.visitsmaland.se\\\/de\\\/entdecken\\\/familientipps-in-smaland-von-travelisto\\\/#primaryimage\"},\"image\":{\"@id\":\"https:\\\/\\\/www.visitsmaland.se\\\/de\\\/entdecken\\\/familientipps-in-smaland-von-travelisto\\\/#primaryimage\"},\"thumbnailUrl\":\"https:\\\/\\\/www.visitsmaland.se\\\/wp-content\\\/uploads\\\/2025\\\/10\\\/Travelisto-17-scaled.jpg\",\"datePublished\":\"2025-10-14T08:34:55+00:00\",\"dateModified\":\"2025-10-21T11:24:59+00:00\",\"description\":\"Begleite die Familie Travelisto auf einer Reise mit Kindern durch Sm\u00e5land in S\u00fcdschweden und erfahre mehr \u00fcber ihre Reisen auf dem Blog.\",\"breadcrumb\":{\"@id\":\"https:\\\/\\\/www.visitsmaland.se\\\/de\\\/entdecken\\\/familientipps-in-smaland-von-travelisto\\\/#breadcrumb\"},\"inLanguage\":\"de\",\"potentialAction\":[{\"@type\":\"ReadAction\",\"target\":[\"https:\\\/\\\/www.visitsmaland.se\\\/de\\\/entdecken\\\/familientipps-in-smaland-von-travelisto\\\/\"]}]},{\"@type\":\"ImageObject\",\"inLanguage\":\"de\",\"@id\":\"https:\\\/\\\/www.visitsmaland.se\\\/de\\\/entdecken\\\/familientipps-in-smaland-von-travelisto\\\/#primaryimage\",\"url\":\"https:\\\/\\\/www.visitsmaland.se\\\/wp-content\\\/uploads\\\/2025\\\/10\\\/Travelisto-17-scaled.jpg\",\"contentUrl\":\"https:\\\/\\\/www.visitsmaland.se\\\/wp-content\\\/uploads\\\/2025\\\/10\\\/Travelisto-17-scaled.jpg\",\"width\":2560,\"height\":1920},{\"@type\":\"BreadcrumbList\",\"@id\":\"https:\\\/\\\/www.visitsmaland.se\\\/de\\\/entdecken\\\/familientipps-in-smaland-von-travelisto\\\/#breadcrumb\",\"itemListElement\":[{\"@type\":\"ListItem\",\"position\":1,\"name\":\"Startseite\",\"item\":\"https:\\\/\\\/www.visitsmaland.se\\\/de\\\/\"},{\"@type\":\"ListItem\",\"position\":2,\"name\":\"Familientipps in Sm\u00e5land von Travelisto\"}]},{\"@type\":\"WebSite\",\"@id\":\"https:\\\/\\\/www.visitsmaland.se\\\/de\\\/#website\",\"url\":\"https:\\\/\\\/www.visitsmaland.se\\\/de\\\/\",\"name\":\"Visit Sm\u00e5land\",\"description\":\"V\u00e4lkommen till Sm\u00e5land\",\"potentialAction\":[{\"@type\":\"SearchAction\",\"target\":{\"@type\":\"EntryPoint\",\"urlTemplate\":\"https:\\\/\\\/www.visitsmaland.se\\\/de\\\/?s={search_term_string}\"},\"query-input\":{\"@type\":\"PropertyValueSpecification\",\"valueRequired\":true,\"valueName\":\"search_term_string\"}}],\"inLanguage\":\"de\"}]}<\/script>\n<!-- \/ Yoast SEO plugin. -->","yoast_head_json":{"title":"Familientipps in Sm\u00e5land von Travelisto | Visit Sm\u00e5land","description":"Begleite die Familie Travelisto auf einer Reise mit Kindern durch Sm\u00e5land in S\u00fcdschweden und erfahre mehr \u00fcber ihre Reisen auf dem Blog.","robots":{"index":"index","follow":"follow","max-snippet":"max-snippet:-1","max-image-preview":"max-image-preview:large","max-video-preview":"max-video-preview:-1"},"canonical":"https:\/\/www.visitsmaland.se\/de\/entdecken\/familientipps-in-smaland-von-travelisto\/","og_locale":"de_DE","og_type":"article","og_title":"Familientipps in Sm\u00e5land von Travelisto | Visit Sm\u00e5land","og_description":"Begleite die Familie Travelisto auf einer Reise mit Kindern durch Sm\u00e5land in S\u00fcdschweden und erfahre mehr \u00fcber ihre Reisen auf dem Blog.","og_url":"https:\/\/www.visitsmaland.se\/de\/entdecken\/familientipps-in-smaland-von-travelisto\/","og_site_name":"Visit Sm\u00e5land","article_publisher":"https:\/\/www.facebook.com\/visitsmaland\/","article_modified_time":"2025-10-21T11:24:59+00:00","og_image":[{"width":2560,"height":1920,"url":"https:\/\/www.visitsmaland.se\/wp-content\/uploads\/2025\/10\/Travelisto-17-scaled.jpg","type":"image\/jpeg"}],"twitter_card":"summary_large_image","twitter_misc":{"Gesch\u00e4tzte Lesezeit":"7\u00a0Minuten"},"schema":{"@context":"https:\/\/schema.org","@graph":[{"@type":"WebPage","@id":"https:\/\/www.visitsmaland.se\/de\/entdecken\/familientipps-in-smaland-von-travelisto\/","url":"https:\/\/www.visitsmaland.se\/de\/entdecken\/familientipps-in-smaland-von-travelisto\/","name":"Familientipps in Sm\u00e5land von Travelisto | Visit Sm\u00e5land","isPartOf":{"@id":"https:\/\/www.visitsmaland.se\/de\/#website"},"primaryImageOfPage":{"@id":"https:\/\/www.visitsmaland.se\/de\/entdecken\/familientipps-in-smaland-von-travelisto\/#primaryimage"},"image":{"@id":"https:\/\/www.visitsmaland.se\/de\/entdecken\/familientipps-in-smaland-von-travelisto\/#primaryimage"},"thumbnailUrl":"https:\/\/www.visitsmaland.se\/wp-content\/uploads\/2025\/10\/Travelisto-17-scaled.jpg","datePublished":"2025-10-14T08:34:55+00:00","dateModified":"2025-10-21T11:24:59+00:00","description":"Begleite die Familie Travelisto auf einer Reise mit Kindern durch Sm\u00e5land in S\u00fcdschweden und erfahre mehr \u00fcber ihre Reisen auf dem Blog.","breadcrumb":{"@id":"https:\/\/www.visitsmaland.se\/de\/entdecken\/familientipps-in-smaland-von-travelisto\/#breadcrumb"},"inLanguage":"de","potentialAction":[{"@type":"ReadAction","target":["https:\/\/www.visitsmaland.se\/de\/entdecken\/familientipps-in-smaland-von-travelisto\/"]}]},{"@type":"ImageObject","inLanguage":"de","@id":"https:\/\/www.visitsmaland.se\/de\/entdecken\/familientipps-in-smaland-von-travelisto\/#primaryimage","url":"https:\/\/www.visitsmaland.se\/wp-content\/uploads\/2025\/10\/Travelisto-17-scaled.jpg","contentUrl":"https:\/\/www.visitsmaland.se\/wp-content\/uploads\/2025\/10\/Travelisto-17-scaled.jpg","width":2560,"height":1920},{"@type":"BreadcrumbList","@id":"https:\/\/www.visitsmaland.se\/de\/entdecken\/familientipps-in-smaland-von-travelisto\/#breadcrumb","itemListElement":[{"@type":"ListItem","position":1,"name":"Startseite","item":"https:\/\/www.visitsmaland.se\/de\/"},{"@type":"ListItem","position":2,"name":"Familientipps in Sm\u00e5land von Travelisto"}]},{"@type":"WebSite","@id":"https:\/\/www.visitsmaland.se\/de\/#website","url":"https:\/\/www.visitsmaland.se\/de\/","name":"Visit Sm\u00e5land","description":"V\u00e4lkommen till Sm\u00e5land","potentialAction":[{"@type":"SearchAction","target":{"@type":"EntryPoint","urlTemplate":"https:\/\/www.visitsmaland.se\/de\/?s={search_term_string}"},"query-input":{"@type":"PropertyValueSpecification","valueRequired":true,"valueName":"search_term_string"}}],"inLanguage":"de"}]}},"_links":{"self":[{"href":"https:\/\/www.visitsmaland.se\/de\/wp-json\/wp\/v2\/guide\/76838","targetHints":{"allow":["GET"]}}],"collection":[{"href":"https:\/\/www.visitsmaland.se\/de\/wp-json\/wp\/v2\/guide"}],"about":[{"href":"https:\/\/www.visitsmaland.se\/de\/wp-json\/wp\/v2\/types\/guide"}],"version-history":[{"count":11,"href":"https:\/\/www.visitsmaland.se\/de\/wp-json\/wp\/v2\/guide\/76838\/revisions"}],"predecessor-version":[{"id":95617,"href":"https:\/\/www.visitsmaland.se\/de\/wp-json\/wp\/v2\/guide\/76838\/revisions\/95617"}],"wp:featuredmedia":[{"embeddable":true,"href":"https:\/\/www.visitsmaland.se\/de\/wp-json\/wp\/v2\/media\/76899"}],"wp:attachment":[{"href":"https:\/\/www.visitsmaland.se\/de\/wp-json\/wp\/v2\/media?parent=76838"}],"wp:term":[{"taxonomy":"post_tag","embeddable":true,"href":"https:\/\/www.visitsmaland.se\/de\/wp-json\/wp\/v2\/tags?post=76838"},{"taxonomy":"land","embeddable":true,"href":"https:\/\/www.visitsmaland.se\/de\/wp-json\/wp\/v2\/land?post=76838"}],"curies":[{"name":"wp","href":"https:\/\/api.w.org\/{rel}","templated":true}]}}