{"id":77597,"date":"2025-04-03T14:11:48","date_gmt":"2025-04-03T12:11:48","guid":{"rendered":"https:\/\/www.visitsmaland.se\/upptack\/boat-holiday\/"},"modified":"2026-06-09T16:25:45","modified_gmt":"2026-06-09T14:25:45","slug":"bootsferien","status":"publish","type":"guide","link":"https:\/\/www.visitsmaland.se\/de\/entdecken\/bootsferien\/","title":{"rendered":"Bootsurlaub entlang Sm\u00e5lands und \u00d6lands K\u00fcste"},"content":{"rendered":"<div class=\"postHerosection postHerosection__wrapper\">\n    <div class=\"postHerosection postHerosection__container\">\n        <h1 class=\"postHerosection postHerosection__heroHeading\">\n            Bootsurlaub entlang Sm\u00e5lands und \u00d6lands        <\/h1>\n            <\/div>\n    <div class=\"postHerosection postHerosection__imageContainer\">\n        <img loading=\"lazy\" decoding=\"async\" width=\"1920\" height=\"1280\" src=\"https:\/\/www.visitsmaland.se\/wp-content\/uploads\/2025\/04\/oland-olandsbron-marcuscarlsson-3-2022-OlandCo.webp\" class=\"attachment-full size-full\" alt=\"\" srcset=\"https:\/\/www.visitsmaland.se\/wp-content\/uploads\/2025\/04\/oland-olandsbron-marcuscarlsson-3-2022-OlandCo.webp 1920w, https:\/\/www.visitsmaland.se\/wp-content\/uploads\/2025\/04\/oland-olandsbron-marcuscarlsson-3-2022-OlandCo-300x200.webp 300w, https:\/\/www.visitsmaland.se\/wp-content\/uploads\/2025\/04\/oland-olandsbron-marcuscarlsson-3-2022-OlandCo-1024x683.webp 1024w, https:\/\/www.visitsmaland.se\/wp-content\/uploads\/2025\/04\/oland-olandsbron-marcuscarlsson-3-2022-OlandCo-768x512.webp 768w, https:\/\/www.visitsmaland.se\/wp-content\/uploads\/2025\/04\/oland-olandsbron-marcuscarlsson-3-2022-OlandCo-1536x1024.webp 1536w\" sizes=\"(max-width: 1920px) 100vw, 1920px\" \/>    <\/div>\n<\/div>\n<div class=\"postHerosection postHerosection__breadcrumbs\">\n   <div class=\"postHerosection postHerosection__breadcrumbs-container\">\n        <p id=\"breadcrumbs\"><span><span><a href=\"https:\/\/www.visitsmaland.se\/de\/\">Startseite<\/a><\/span><\/span><\/p>    <\/div>\n<\/div>\n\n<div class=\"contentCta contentCta__wrapper\">\n    <div class=\"contentCta contentCta__container\">\n                    \t\t\t<div class=\"contentCta contentCta__text\" style=\"color: \">\n\t\t\t\t<p>Nimm die Seeroute durch den Kalmarsund: Die Reise von Tors\u00e5s bis V\u00e4stervik und den wundersch\u00f6nen Tjust-Archipel ist ein Erlebnis, das du nicht verpassen solltest. Sowohl Sm\u00e5land als auch \u00d6land bieten versteckte Sch\u00e4tze, egal ob du das Festland Sm\u00e5lands oder die Insel \u00d6land erkundest.<\/p>\n\t\t\t<\/div>\n                <hr>\n            <\/div>\n<\/div>\n\n\n\n<div class=\"wp-block-group has-visitsmaland-greige-background-color has-background is-layout-constrained wp-block-group-is-layout-constrained\"><div class=\"dynamicContentTwoColumns dynamicContentTwoColumns__wrapper\">\n    <div class=\"dynamicContentTwoColumns dynamicContentTwoColumns__container\">\n                                    <h3 class=\"dynamicContentTwoColumns dynamicContentTwoColumns__heading\">\n                    Von S\u00fcden nach Norden                <\/h3>\n                                                <div class=\"dynamicContentTwoColumns dynamicContentTwoColumns__imageWrapper\">\n                    <img loading=\"lazy\" decoding=\"async\" width=\"500\" height=\"500\" src=\"https:\/\/www.visitsmaland.se\/wp-content\/uploads\/2025\/04\/vs_karta_smaland-batturism-768x768.png\" class=\"attachment-500x500 size-500x500\" alt=\"\" srcset=\"https:\/\/www.visitsmaland.se\/wp-content\/uploads\/2025\/04\/vs_karta_smaland-batturism-768x768.png 768w, https:\/\/www.visitsmaland.se\/wp-content\/uploads\/2025\/04\/vs_karta_smaland-batturism-300x300.png 300w, https:\/\/www.visitsmaland.se\/wp-content\/uploads\/2025\/04\/vs_karta_smaland-batturism-1024x1024.png 1024w, https:\/\/www.visitsmaland.se\/wp-content\/uploads\/2025\/04\/vs_karta_smaland-batturism-150x150.png 150w, https:\/\/www.visitsmaland.se\/wp-content\/uploads\/2025\/04\/vs_karta_smaland-batturism-1536x1536.png 1536w, https:\/\/www.visitsmaland.se\/wp-content\/uploads\/2025\/04\/vs_karta_smaland-batturism.png 2000w\" sizes=\"(max-width: 500px) 100vw, 500px\" \/>                <\/div>\n                                                <div class=\"dynamicContentTwoColumns dynamicContentTwoColumns__text\">\n                    <p><p>Entlang dieses K\u00fcstenabschnitts gibt es 32 G\u00e4steh\u00e4fen, sodass du viele M\u00f6glichkeiten hast anzulegen, neue Orte zu entdecken und das Leben auf dem Meer in deinem eigenen Tempo zu genie\u00dfen. Wenn du von S\u00fcden her einsegelst, er\u00f6ffnet sich dir eine K\u00fcstenlinie voller Vielfalt und Erlebnisse. Du kannst in einem der charmanten G\u00e4steh\u00e4fen im S\u00fcden von \u00d6land anlegen, wo die offene Landschaft auf das Meer trifft, oder Kurs auf den G\u00e4stehafen Bergkvara in Tors\u00e5s nehmen \u2013 ein gem\u00fctlicher Hafen in der N\u00e4he von Natur und Serviceangeboten. F\u00e4hrst du weiter nach Norden durch den Kalmarsund, erreichst du Kalmar auf dem Festland, eine historische Stadt mit Schloss und Kopfsteinpflastergassen. Hier gibt es viele M\u00f6glichkeiten f\u00fcr einen Zwischenstopp, um das Stadtleben zu genie\u00dfen und sowohl Energie als auch Proviant aufzuf\u00fcllen.<\/p>\n<p>\n                <\/div>\n                                                <h3 class=\"dynamicContentTwoColumns dynamicContentTwoColumns__heading\">\n                    Die m\u00e4chtige \u00d6landsbron                <\/h3>\n                                                <div class=\"dynamicContentTwoColumns dynamicContentTwoColumns__text\">\n                    <p><p>Wenn die Reise weitergeht, erwartet dich eines der beeindruckendsten Panoramen der K\u00fcste \u2013 du segelst unter der m\u00e4chtigen \u00d6landsbron hindurch, die sich \u00fcber den Sund erstreckt und das Festland mit der Insel \u00d6land verbindet. Ein Erlebnis f\u00fcr sich, besonders vom Wasser aus. N\u00f6rdlich der Br\u00fccke f\u00fchrt die Route weiter entlang einer K\u00fcste, die von kleinen St\u00e4dten und Sch\u00e4renlandschaften gepr\u00e4gt ist. Du passierst M\u00f6nster\u00e5s und f\u00e4hrst weiter nach Oskarshamn, wo sich der Sch\u00e4rengarten von Misterhult mit seinen unber\u00fchrten Inseln, gesch\u00fctzten Buchten und seiner reichen Vogelwelt ausbreitet. Entlang der gesamten Strecke hast du au\u00dferdem die M\u00f6glichkeit, Abstecher zu den vielen G\u00e4steh\u00e4fen auf \u00d6land zu machen \u2013 jeder mit seinem ganz eigenen Charakter. Ganz im Norden der Region erwartet dich V\u00e4stervik \u2013 eine der Perlen der schwedischen Ostk\u00fcste, umgeben vom Sch\u00e4rengarten von Tjust mit mehr als 5.000 Inseln, Sch\u00e4renfelsen und kleinen Holmen. Hier erwarten dich eine lebendige Sch\u00e4renwelt und malerische H\u00e4fen.<\/p>\n<p>\n                <\/div>\n                                                <div class=\"wp-block-buttons is-layout-flex wp-block-buttons-is-layout-flex\">\n                    <div class=\"wp-block-button\">\n                        <a aria-label=\"Mehr lesen\" class=\"wp-block-button__link wp-element-button dynamicContentTwoColumns dynamicContentTwoColumns__ctaButton\" href=\"https:\/\/www.gasthamnsguiden.se\/en\/region\/kalmar\/\">\n                            G\u00e4steh\u00e4fen                        <\/a>\n                    <\/div>\n                <\/div>\n                        <\/div>\n<\/div>\n<\/div>\n\n\n<div class=\"dynamicContentTwoColumns dynamicContentTwoColumns__wrapper\">\n    <div class=\"dynamicContentTwoColumns dynamicContentTwoColumns__container\">\n                                    <h3 class=\"dynamicContentTwoColumns dynamicContentTwoColumns__heading\">\n                    Entdecke \u00d6land \u2013 die Insel der Sonne und des Windes                <\/h3>\n                                                <div class=\"dynamicContentTwoColumns dynamicContentTwoColumns__imageWrapper\">\n                    <img loading=\"lazy\" decoding=\"async\" width=\"500\" height=\"333\" src=\"https:\/\/www.visitsmaland.se\/wp-content\/uploads\/2025\/03\/Oland-Stenasa-Soluppgang3-UpZoneStudios2020-OlandCo-scaled.jpg\" class=\"attachment-500x500 size-500x500\" alt=\"\" srcset=\"https:\/\/www.visitsmaland.se\/wp-content\/uploads\/2025\/03\/Oland-Stenasa-Soluppgang3-UpZoneStudios2020-OlandCo-scaled.jpg 2560w, https:\/\/www.visitsmaland.se\/wp-content\/uploads\/2025\/03\/Oland-Stenasa-Soluppgang3-UpZoneStudios2020-OlandCo-300x200.jpg 300w, https:\/\/www.visitsmaland.se\/wp-content\/uploads\/2025\/03\/Oland-Stenasa-Soluppgang3-UpZoneStudios2020-OlandCo-1024x683.jpg 1024w, https:\/\/www.visitsmaland.se\/wp-content\/uploads\/2025\/03\/Oland-Stenasa-Soluppgang3-UpZoneStudios2020-OlandCo-768x512.jpg 768w, https:\/\/www.visitsmaland.se\/wp-content\/uploads\/2025\/03\/Oland-Stenasa-Soluppgang3-UpZoneStudios2020-OlandCo-1536x1024.jpg 1536w, https:\/\/www.visitsmaland.se\/wp-content\/uploads\/2025\/03\/Oland-Stenasa-Soluppgang3-UpZoneStudios2020-OlandCo-2048x1365.jpg 2048w\" sizes=\"(max-width: 500px) 100vw, 500px\" \/>                <\/div>\n                                                <div class=\"dynamicContentTwoColumns dynamicContentTwoColumns__text\">\n                    <p><p>\u00d6land bietet eine hervorragende Kombination aus fantastischer Natur, reichem Kulturerbe, lokalem Kunsthandwerk und au\u00dfergew\u00f6hnlichen kulinarischen Erlebnissen. Hier kannst du charmante H\u00e4fen, breite wei\u00dfe Sandstr\u00e4nde und idyllische Fischerd\u00f6rfer erkunden. Besuche malerische Orte wie Byxelkrok, Borgholm und F\u00e4rjestaden, wo gem\u00fctliche Viertel, nette Restaurants, lokale Brauereien und Hofl\u00e4den mit regionalen Spezialit\u00e4ten auf dich warten.<\/p>\n<p>\n                <\/div>\n                                                <h3 class=\"dynamicContentTwoColumns dynamicContentTwoColumns__heading\">\n                    Natur &#038; Kultur erkunden                <\/h3>\n                                                <div class=\"dynamicContentTwoColumns dynamicContentTwoColumns__text\">\n                    <p><p>F\u00fcr alle, die die Natur zu Fu\u00df oder mit dem Fahrrad entdecken m\u00f6chten, gibt es ein Netz landschaftlich reizvoller Routen, die dich durch eine Welt voller Geschichte und sch\u00f6ner Landschaften f\u00fchren. Bewundere majest\u00e4tische Schl\u00f6sser, faszinierende alte Relikte und die einzigartige Kulturlandschaft S\u00fcdl\u00f6lands, die zum UNESCO-Weltkulturerbe geh\u00f6rt. Auf deinem Weg triffst du auch auf die ikonischen Leuchtt\u00fcrme der Insel: L\u00e5nge\u202fErik im Norden und Schwedens h\u00f6chsten Leuchtturm, L\u00e5nge\u202fJan, im S\u00fcden. Beide pr\u00e4gen den unverwechselbaren Charakter \u00d6lands.<br data-start=\"4131\" data-end=\"4134\" \/>Und nat\u00fcrlich die Sonnenunterg\u00e4nge \u2013 ein Erlebnis f\u00fcr sich. Viele G\u00e4ste reisen hierher, nur um die Sonne zu sehen, wie sie den Himmel in funkelnden Farben malt, w\u00e4hrend sie langsam im Meer versinkt. Ein Anblick, den man so schnell nicht vergisst.<\/p>\n<p>\n                <\/div>\n                                                <div class=\"wp-block-buttons is-layout-flex wp-block-buttons-is-layout-flex\">\n                    <div class=\"wp-block-button\">\n                        <a aria-label=\"Mehr lesen\" class=\"wp-block-button__link wp-element-button dynamicContentTwoColumns dynamicContentTwoColumns__ctaButton\" href=\"https:\/\/de.oland.se\/\">\n                            Mehr erfahren                        <\/a>\n                    <\/div>\n                <\/div>\n                        <\/div>\n<\/div>\n\n\n\n<div class=\"wp-block-columns is-layout-flex wp-container-core-columns-is-layout-8f761849 wp-block-columns-is-layout-flex\">\n<div class=\"wp-block-column is-layout-flow wp-block-column-is-layout-flow\">\n<div class=\"wp-block-group is-layout-constrained wp-block-group-is-layout-constrained\">\n<figure class=\"wp-block-image size-large\"><img loading=\"lazy\" decoding=\"async\" width=\"1024\" height=\"683\" src=\"https:\/\/www.visitsmaland.se\/wp-content\/uploads\/2024\/04\/Cykla-pa-Oland-1-Foto-Alexander-Hall-1024x683.jpg\" alt=\"\" class=\"wp-image-55948\" srcset=\"https:\/\/www.visitsmaland.se\/wp-content\/uploads\/2024\/04\/Cykla-pa-Oland-1-Foto-Alexander-Hall-1024x683.jpg 1024w, https:\/\/www.visitsmaland.se\/wp-content\/uploads\/2024\/04\/Cykla-pa-Oland-1-Foto-Alexander-Hall-300x200.jpg 300w, https:\/\/www.visitsmaland.se\/wp-content\/uploads\/2024\/04\/Cykla-pa-Oland-1-Foto-Alexander-Hall-768x512.jpg 768w, https:\/\/www.visitsmaland.se\/wp-content\/uploads\/2024\/04\/Cykla-pa-Oland-1-Foto-Alexander-Hall-1536x1024.jpg 1536w, https:\/\/www.visitsmaland.se\/wp-content\/uploads\/2024\/04\/Cykla-pa-Oland-1-Foto-Alexander-Hall-2048x1365.jpg 2048w\" sizes=\"(max-width: 1024px) 100vw, 1024px\" \/><\/figure>\n<\/div>\n<\/div>\n\n\n\n<div class=\"wp-block-column is-layout-flow wp-block-column-is-layout-flow\">\n<figure class=\"wp-block-image size-large\"><img loading=\"lazy\" decoding=\"async\" width=\"1024\" height=\"683\" src=\"https:\/\/www.visitsmaland.se\/wp-content\/uploads\/2024\/04\/OlandNeptuniAkrar-AlexanderHall2018-5-1024x683.jpg\" alt=\"\" class=\"wp-image-54200\" srcset=\"https:\/\/www.visitsmaland.se\/wp-content\/uploads\/2024\/04\/OlandNeptuniAkrar-AlexanderHall2018-5-1024x683.jpg 1024w, https:\/\/www.visitsmaland.se\/wp-content\/uploads\/2024\/04\/OlandNeptuniAkrar-AlexanderHall2018-5-300x200.jpg 300w, https:\/\/www.visitsmaland.se\/wp-content\/uploads\/2024\/04\/OlandNeptuniAkrar-AlexanderHall2018-5-768x512.jpg 768w, https:\/\/www.visitsmaland.se\/wp-content\/uploads\/2024\/04\/OlandNeptuniAkrar-AlexanderHall2018-5-1536x1024.jpg 1536w, https:\/\/www.visitsmaland.se\/wp-content\/uploads\/2024\/04\/OlandNeptuniAkrar-AlexanderHall2018-5-2048x1365.jpg 2048w\" sizes=\"(max-width: 1024px) 100vw, 1024px\" \/><\/figure>\n<\/div>\n\n\n\n<div class=\"wp-block-column is-layout-flow wp-block-column-is-layout-flow\">\n<figure class=\"wp-block-image size-large\"><img loading=\"lazy\" decoding=\"async\" width=\"1024\" height=\"683\" src=\"https:\/\/www.visitsmaland.se\/wp-content\/uploads\/2024\/04\/Oland-Byxelkrok-UpZoneStudios2020-1-743-1024x683.jpg\" alt=\"\" class=\"wp-image-54195\" srcset=\"https:\/\/www.visitsmaland.se\/wp-content\/uploads\/2024\/04\/Oland-Byxelkrok-UpZoneStudios2020-1-743-1024x683.jpg 1024w, https:\/\/www.visitsmaland.se\/wp-content\/uploads\/2024\/04\/Oland-Byxelkrok-UpZoneStudios2020-1-743-300x200.jpg 300w, https:\/\/www.visitsmaland.se\/wp-content\/uploads\/2024\/04\/Oland-Byxelkrok-UpZoneStudios2020-1-743-768x512.jpg 768w, https:\/\/www.visitsmaland.se\/wp-content\/uploads\/2024\/04\/Oland-Byxelkrok-UpZoneStudios2020-1-743-1536x1024.jpg 1536w, https:\/\/www.visitsmaland.se\/wp-content\/uploads\/2024\/04\/Oland-Byxelkrok-UpZoneStudios2020-1-743-2048x1365.jpg 2048w\" sizes=\"(max-width: 1024px) 100vw, 1024px\" \/><\/figure>\n<\/div>\n<\/div>\n\n\n<div class=\"contentImageTwoColumns contentImageTwoColumns__wrapper\" style=\"background-color: #f4f2eb\">\n    <div class=\"contentImageTwoColumns contentImageTwoColumns__container \">\n        <div class=\"contentImageTwoColumns contentImageTwoColumns__contentWrapper\">\n            <h2 class=\"contentImageTwoColumns contentImageTwoColumns__heading\" style=\"color: \">\n                G\u00e4stehafen Bergkvara und Leuchtturm Garpen            <\/h2>\n            <div class=\"contentImageTwoColumns contentImageTwoColumns__text contentImageTwoColumns__text--short\" style=\"color: \">\n                                    <p>In Bergkvara, dem G\u00e4stehafen bei Tors\u00e5s, findest du direkt neben dem Campingplatz Dalsk\u00e4rs Ruhe und Entspannung in l\u00e4ndlicher Umgebung. Landstra\u00dfen, sch\u00f6ne Waldwege und bl\u00fchende Wiesen machen die G&#8230;                    <button type=\"button\" class=\"contentImageTwoColumns contentImageTwoColumns__readMoreLess\">\n                        Mehr lesen +                    <\/button>\n                            <\/div>\n            <div class=\"contentImageTwoColumns contentImageTwoColumns__text contentImageTwoColumns__text--full\" style=\"color: \">\n                <p>In Bergkvara, dem G\u00e4stehafen bei Tors\u00e5s, findest du direkt neben dem Campingplatz Dalsk\u00e4rs Ruhe und Entspannung in l\u00e4ndlicher Umgebung. Landstra\u00dfen, sch\u00f6ne Waldwege und bl\u00fchende Wiesen machen die Gegend perfekt f\u00fcr Spazierg\u00e4nge, Fahrradtouren und andere Outdoor-Aktivit\u00e4ten. Naturfreunde kommen hier voll auf ihre Kosten. Vom Hafen aus hast du einen fantastischen Blick auf den Kalmarsund und ein paar Kilometer hinaus siehst du die kleine Insel Garpen mit dem gleichnamigen Leuchtturm.<br data-start=\"7171\" data-end=\"7174\" \/>Das Boot \u201eGustav\u201c f\u00e4hrt vom kleinen Hafen Bergkvara bequem zur Insel f\u00fcr einen Tagesausflug. Auf der Insel kannst du im Caf\u00e9 eine Fika genie\u00dfen oder im Restaurant eine Mahlzeit einnehmen. Nutze die Gelegenheit, den Leuchtturm zu besteigen und die Aussicht zu bewundern!<\/p>\n                <button type=\"button\" class=\"contentImageTwoColumns contentImageTwoColumns__readMoreLess\">\n                    Weniger lesen &#8211;                <\/button>\n            <\/div>\n                        <div class=\"wp-block-buttons is-layout-flex wp-block-buttons-is-layout-flex\">\n                <div class=\"wp-block-button arrow-white\">\n                    <a aria-label=\"Mehr erfahren\" class=\"wp-block-button__link wp-element-button\" href=\"https:\/\/visittorsas.se\/\" style=\"background-color: #374632; color: #ffffff;border: solid 1px #ffffff\">\n                        Mehr erfahren                    <\/a>\n                <\/div>\n            <\/div>\n                                <\/div>\n        <div class=\"contentImageTwoColumns contentImageTwoColumns__imageWrapper\">\n            <img loading=\"lazy\" decoding=\"async\" width=\"1024\" height=\"740\" src=\"https:\/\/www.visitsmaland.se\/wp-content\/uploads\/2025\/03\/Bild_1-1024x740.jpg\" class=\"attachment-grid-card-images size-grid-card-images\" alt=\"\" \/>        <\/div>\n    <\/div>\n<\/div>\n\n\n\n<div class=\"wp-block-group has-visitsmaland-greige-background-color has-background is-layout-constrained wp-block-group-is-layout-constrained\">\n<div class=\"wp-block-columns is-layout-flex wp-container-core-columns-is-layout-8f761849 wp-block-columns-is-layout-flex\">\n<div class=\"wp-block-column is-layout-flow wp-block-column-is-layout-flow\">\n<div class=\"wp-block-group is-layout-constrained wp-block-group-is-layout-constrained\">\n<figure class=\"wp-block-image size-large\"><img loading=\"lazy\" decoding=\"async\" width=\"1024\" height=\"683\" src=\"https:\/\/www.visitsmaland.se\/wp-content\/uploads\/2025\/03\/7J3A9788-1024x683.jpg\" alt=\"\" class=\"wp-image-64168\" srcset=\"https:\/\/www.visitsmaland.se\/wp-content\/uploads\/2025\/03\/7J3A9788-1024x683.jpg 1024w, https:\/\/www.visitsmaland.se\/wp-content\/uploads\/2025\/03\/7J3A9788-300x200.jpg 300w, https:\/\/www.visitsmaland.se\/wp-content\/uploads\/2025\/03\/7J3A9788-768x512.jpg 768w, https:\/\/www.visitsmaland.se\/wp-content\/uploads\/2025\/03\/7J3A9788-1536x1024.jpg 1536w, https:\/\/www.visitsmaland.se\/wp-content\/uploads\/2025\/03\/7J3A9788-2048x1365.jpg 2048w\" sizes=\"(max-width: 1024px) 100vw, 1024px\" \/><\/figure>\n<\/div>\n<\/div>\n\n\n\n<div class=\"wp-block-column is-layout-flow wp-block-column-is-layout-flow\">\n<figure class=\"wp-block-image size-large\"><img loading=\"lazy\" decoding=\"async\" width=\"1024\" height=\"683\" src=\"https:\/\/www.visitsmaland.se\/wp-content\/uploads\/2025\/03\/7J3A0120-1024x683.jpg\" alt=\"\" class=\"wp-image-64163\" srcset=\"https:\/\/www.visitsmaland.se\/wp-content\/uploads\/2025\/03\/7J3A0120-1024x683.jpg 1024w, https:\/\/www.visitsmaland.se\/wp-content\/uploads\/2025\/03\/7J3A0120-300x200.jpg 300w, https:\/\/www.visitsmaland.se\/wp-content\/uploads\/2025\/03\/7J3A0120-768x512.jpg 768w, https:\/\/www.visitsmaland.se\/wp-content\/uploads\/2025\/03\/7J3A0120-1536x1024.jpg 1536w, https:\/\/www.visitsmaland.se\/wp-content\/uploads\/2025\/03\/7J3A0120-2048x1365.jpg 2048w\" sizes=\"(max-width: 1024px) 100vw, 1024px\" \/><\/figure>\n<\/div>\n\n\n\n<div class=\"wp-block-column is-layout-flow wp-block-column-is-layout-flow\">\n<figure class=\"wp-block-image size-large\"><img loading=\"lazy\" decoding=\"async\" width=\"1024\" height=\"683\" src=\"https:\/\/www.visitsmaland.se\/wp-content\/uploads\/2025\/03\/7J3A0045-1024x683.jpg\" alt=\"\" class=\"wp-image-64158\" srcset=\"https:\/\/www.visitsmaland.se\/wp-content\/uploads\/2025\/03\/7J3A0045-1024x683.jpg 1024w, https:\/\/www.visitsmaland.se\/wp-content\/uploads\/2025\/03\/7J3A0045-300x200.jpg 300w, https:\/\/www.visitsmaland.se\/wp-content\/uploads\/2025\/03\/7J3A0045-768x512.jpg 768w, https:\/\/www.visitsmaland.se\/wp-content\/uploads\/2025\/03\/7J3A0045-1536x1024.jpg 1536w, https:\/\/www.visitsmaland.se\/wp-content\/uploads\/2025\/03\/7J3A0045-2048x1365.jpg 2048w\" sizes=\"(max-width: 1024px) 100vw, 1024px\" \/><\/figure>\n<\/div>\n<\/div>\n<\/div>\n\n\n\n<div class=\"wp-block-group has-black-color has-visitsmaland-white-background-color has-text-color has-background has-link-color wp-elements-1 is-layout-constrained wp-block-group-is-layout-constrained\"><div class=\"dynamicContentTwoColumns dynamicContentTwoColumns__wrapper\">\n    <div class=\"dynamicContentTwoColumns dynamicContentTwoColumns__container\">\n                                    <h3 class=\"dynamicContentTwoColumns dynamicContentTwoColumns__heading\">\n                    Der G\u00e4stehafen von Kalmar                <\/h3>\n                                                <div class=\"dynamicContentTwoColumns dynamicContentTwoColumns__imageWrapper\">\n                    <img loading=\"lazy\" decoding=\"async\" width=\"500\" height=\"334\" src=\"https:\/\/www.visitsmaland.se\/wp-content\/uploads\/2025\/03\/ALEX3503-scaled.jpg\" class=\"attachment-500x500 size-500x500\" alt=\"\" srcset=\"https:\/\/www.visitsmaland.se\/wp-content\/uploads\/2025\/03\/ALEX3503-scaled.jpg 2560w, https:\/\/www.visitsmaland.se\/wp-content\/uploads\/2025\/03\/ALEX3503-300x200.jpg 300w, https:\/\/www.visitsmaland.se\/wp-content\/uploads\/2025\/03\/ALEX3503-1024x683.jpg 1024w, https:\/\/www.visitsmaland.se\/wp-content\/uploads\/2025\/03\/ALEX3503-768x512.jpg 768w, https:\/\/www.visitsmaland.se\/wp-content\/uploads\/2025\/03\/ALEX3503-1536x1025.jpg 1536w, https:\/\/www.visitsmaland.se\/wp-content\/uploads\/2025\/03\/ALEX3503-2048x1366.jpg 2048w\" sizes=\"(max-width: 500px) 100vw, 500px\" \/>                <\/div>\n                                                <div class=\"dynamicContentTwoColumns dynamicContentTwoColumns__text\">\n                    <p><p>Kalmar hat einen der beliebtesten G\u00e4steh\u00e4fen an der schwedischen Ostk\u00fcste. Hier kannst du direkt in der Stadt anlegen, in Laufn\u00e4he zu Einkaufsm\u00f6glichkeiten und Unterhaltung. Das Kalmarer Schloss, das das Zentrum dominiert, hat seine Wurzeln im 12.\u202fJahrhundert, erhielt jedoch sein heutiges Aussehen w\u00e4hrend der Herrschaft der Wasa-K\u00f6nige im 16.\u202fJahrhundert. Ganzj\u00e4hrig kannst du Ausstellungen, F\u00fchrungen in mehreren Sprachen und Veranstaltungen f\u00fcr alle Altersgruppen genie\u00dfen. Im Schloss gibt es auch ein Caf\u00e9, das sowohl Mahlzeiten als auch Fika serviert.<\/p>\n<p>\n                <\/div>\n                                                <h3 class=\"dynamicContentTwoColumns dynamicContentTwoColumns__heading\">\n                    Das Stadtzentrum von Kalmar                <\/h3>\n                                                <div class=\"dynamicContentTwoColumns dynamicContentTwoColumns__text\">\n                    <p><p>Kvarnholmen ist das Herz der Stadt mit Gesch\u00e4ften, Restaurants und Caf\u00e9s sowie vielen Kulturgeb\u00e4uden mit spannender Geschichte. Hier wurde das Stadtzentrum Mitte des 17.\u202fJahrhunderts von seinem fr\u00fcheren Standort in der Altstadt, nahe dem Kalmarer Schloss, verlegt. Auf Spazierg\u00e4ngen gibt es charmante Stra\u00dfen und Gassen zu entdecken, mit guten Restaurants und historischen Umgebungen \u2013 alles in Laufn\u00e4he vom beliebten G\u00e4stehafen.<\/p>\n<p>\n                <\/div>\n                                                <div class=\"wp-block-buttons is-layout-flex wp-block-buttons-is-layout-flex\">\n                    <div class=\"wp-block-button\">\n                        <a aria-label=\"Mehr lesen\" class=\"wp-block-button__link wp-element-button dynamicContentTwoColumns dynamicContentTwoColumns__ctaButton\" href=\"https:\/\/kalmar.com\/\">\n                            Mehr erfahren                        <\/a>\n                    <\/div>\n                <\/div>\n                        <\/div>\n<\/div>\n<\/div>\n\n\n\n<div class=\"wp-block-columns has-visitsmaland-white-background-color has-background is-layout-flex wp-container-core-columns-is-layout-8f761849 wp-block-columns-is-layout-flex\">\n<div class=\"wp-block-column is-layout-flow wp-block-column-is-layout-flow\">\n<div class=\"wp-block-group is-layout-constrained wp-block-group-is-layout-constrained\">\n<figure class=\"wp-block-image size-large\"><img loading=\"lazy\" decoding=\"async\" width=\"1024\" height=\"683\" src=\"https:\/\/www.visitsmaland.se\/wp-content\/uploads\/2025\/03\/20210704_Humlesol_KS_Solnedga\u2560eng_0118-2-1024x683.jpg\" alt=\"\" class=\"wp-image-64181\" srcset=\"https:\/\/www.visitsmaland.se\/wp-content\/uploads\/2025\/03\/20210704_Humlesol_KS_Solnedga\u2560eng_0118-2-1024x683.jpg 1024w, https:\/\/www.visitsmaland.se\/wp-content\/uploads\/2025\/03\/20210704_Humlesol_KS_Solnedga\u2560eng_0118-2-300x200.jpg 300w, https:\/\/www.visitsmaland.se\/wp-content\/uploads\/2025\/03\/20210704_Humlesol_KS_Solnedga\u2560eng_0118-2-768x512.jpg 768w, https:\/\/www.visitsmaland.se\/wp-content\/uploads\/2025\/03\/20210704_Humlesol_KS_Solnedga\u2560eng_0118-2-1536x1024.jpg 1536w, https:\/\/www.visitsmaland.se\/wp-content\/uploads\/2025\/03\/20210704_Humlesol_KS_Solnedga\u2560eng_0118-2-2048x1365.jpg 2048w\" sizes=\"(max-width: 1024px) 100vw, 1024px\" \/><\/figure>\n<\/div>\n<\/div>\n\n\n\n<div class=\"wp-block-column is-layout-flow wp-block-column-is-layout-flow\">\n<figure class=\"wp-block-image size-large\"><img loading=\"lazy\" decoding=\"async\" width=\"1024\" height=\"683\" src=\"https:\/\/www.visitsmaland.se\/wp-content\/uploads\/2024\/04\/alex-hall-kalmar-1024x683.jpg\" alt=\"\" class=\"wp-image-24615\" srcset=\"https:\/\/www.visitsmaland.se\/wp-content\/uploads\/2024\/04\/alex-hall-kalmar-1024x683.jpg 1024w, https:\/\/www.visitsmaland.se\/wp-content\/uploads\/2024\/04\/alex-hall-kalmar-300x200.jpg 300w, https:\/\/www.visitsmaland.se\/wp-content\/uploads\/2024\/04\/alex-hall-kalmar-768x512.jpg 768w, https:\/\/www.visitsmaland.se\/wp-content\/uploads\/2024\/04\/alex-hall-kalmar-1536x1024.jpg 1536w, https:\/\/www.visitsmaland.se\/wp-content\/uploads\/2024\/04\/alex-hall-kalmar.jpg 1800w\" sizes=\"(max-width: 1024px) 100vw, 1024px\" \/><\/figure>\n<\/div>\n\n\n\n<div class=\"wp-block-column is-layout-flow wp-block-column-is-layout-flow\">\n<figure class=\"wp-block-image size-large\"><img loading=\"lazy\" decoding=\"async\" width=\"1024\" height=\"683\" src=\"https:\/\/www.visitsmaland.se\/wp-content\/uploads\/2025\/03\/SAR03102-scaled-1-1024x683.jpg\" alt=\"\" class=\"wp-image-64191\" srcset=\"https:\/\/www.visitsmaland.se\/wp-content\/uploads\/2025\/03\/SAR03102-scaled-1-1024x683.jpg 1024w, https:\/\/www.visitsmaland.se\/wp-content\/uploads\/2025\/03\/SAR03102-scaled-1-300x200.jpg 300w, https:\/\/www.visitsmaland.se\/wp-content\/uploads\/2025\/03\/SAR03102-scaled-1-768x512.jpg 768w, https:\/\/www.visitsmaland.se\/wp-content\/uploads\/2025\/03\/SAR03102-scaled-1-1536x1024.jpg 1536w, https:\/\/www.visitsmaland.se\/wp-content\/uploads\/2025\/03\/SAR03102-scaled-1-2048x1366.jpg 2048w\" sizes=\"(max-width: 1024px) 100vw, 1024px\" \/><\/figure>\n<\/div>\n<\/div>\n\n\n\n<div class=\"wp-block-group has-visitsmaland-greige-background-color has-background is-layout-constrained wp-block-group-is-layout-constrained\"><\/div>\n\n\n\n<div class=\"wp-block-group has-visitsmaland-greige-background-color has-background is-layout-constrained wp-block-group-is-layout-constrained\"><\/div>\n\n\n\n<div class=\"wp-block-group has-visitsmaland-greige-background-color has-background is-layout-constrained wp-block-group-is-layout-constrained\"><div class=\"dynamicContentTwoColumns dynamicContentTwoColumns__wrapper\">\n    <div class=\"dynamicContentTwoColumns dynamicContentTwoColumns__container\">\n                                    <h3 class=\"dynamicContentTwoColumns dynamicContentTwoColumns__heading\">\n                    M\u00f6nster\u00e5s                <\/h3>\n                                                <div class=\"dynamicContentTwoColumns dynamicContentTwoColumns__text\">\n                    <p><p>Hier beginnt der wundersch\u00f6ne Ostk\u00fcsten-Archipel. Die Gemeinde M\u00f6nster\u00e5s bietet 150\u202fkm K\u00fcstenlinie und mehrere G\u00e4steh\u00e4fen, was sie zu einem idealen Ziel f\u00fcr Bootsbegeisterte macht. Wenn du in M\u00f6nster\u00e5s anlegst, kannst du die Ruine des Klosters Kronob\u00e4ck besuchen \u2013 ein faszinierender historischer Ort, der dich ins Mittelalter zur\u00fcckversetzt. Erkunde die alten Mauern und sp\u00fcre die Geschichte in dieser einzigartigen Umgebung.<br data-start=\"4946\" data-end=\"4949\" \/>Wer stattdessen das Juwel Timmernabben besucht, kann ein exquisites Fischgericht bei Nabbens R\u00f6keri &amp; Fisk genie\u00dfen und handgefertigte S\u00fc\u00dfigkeiten der beliebten R\u00e5sn\u00e4s Konfektyrer kaufen. Hier kannst du sehen, wie die S\u00fc\u00dfigkeiten hergestellt werden. Die Fabrik ist f\u00fcr ihre zarten ger\u00f6steten Mandeln bekannt und ein Muss f\u00fcr alle Naschkatzen.<\/p>\n<p>\n                <\/div>\n                                                <div class=\"wp-block-buttons is-layout-flex wp-block-buttons-is-layout-flex\">\n                    <div class=\"wp-block-button\">\n                        <a aria-label=\"Mehr lesen\" class=\"wp-block-button__link wp-element-button dynamicContentTwoColumns dynamicContentTwoColumns__ctaButton\" href=\"https:\/\/www.monsteras.se\/uppleva-och-gora\/turistbyra\/\">\n                            Mehr erfahren                        <\/a>\n                    <\/div>\n                <\/div>\n                                                <div class=\"dynamicContentTwoColumns dynamicContentTwoColumns__imageWrapper\">\n                    <img loading=\"lazy\" decoding=\"async\" width=\"500\" height=\"333\" src=\"https:\/\/www.visitsmaland.se\/wp-content\/uploads\/2025\/04\/Hamnen-i-Monsteras-1-scaled.jpg\" class=\"attachment-500x500 size-500x500\" alt=\"\" srcset=\"https:\/\/www.visitsmaland.se\/wp-content\/uploads\/2025\/04\/Hamnen-i-Monsteras-1-scaled.jpg 2560w, https:\/\/www.visitsmaland.se\/wp-content\/uploads\/2025\/04\/Hamnen-i-Monsteras-1-300x200.jpg 300w, https:\/\/www.visitsmaland.se\/wp-content\/uploads\/2025\/04\/Hamnen-i-Monsteras-1-1024x683.jpg 1024w, https:\/\/www.visitsmaland.se\/wp-content\/uploads\/2025\/04\/Hamnen-i-Monsteras-1-768x512.jpg 768w, https:\/\/www.visitsmaland.se\/wp-content\/uploads\/2025\/04\/Hamnen-i-Monsteras-1-1536x1024.jpg 1536w, https:\/\/www.visitsmaland.se\/wp-content\/uploads\/2025\/04\/Hamnen-i-Monsteras-1-2048x1366.jpg 2048w\" sizes=\"(max-width: 500px) 100vw, 500px\" \/>                <\/div>\n                        <\/div>\n<\/div>\n<\/div>\n\n\n\n<div class=\"wp-block-group has-visitsmaland-greige-background-color has-background is-layout-constrained wp-block-group-is-layout-constrained\">\n<div class=\"wp-block-columns is-layout-flex wp-container-core-columns-is-layout-8f761849 wp-block-columns-is-layout-flex\">\n<div class=\"wp-block-column is-layout-flow wp-block-column-is-layout-flow\">\n<div class=\"wp-block-group is-layout-constrained wp-block-group-is-layout-constrained\">\n<figure class=\"wp-block-image size-large\"><img loading=\"lazy\" decoding=\"async\" width=\"1024\" height=\"684\" src=\"https:\/\/www.visitsmaland.se\/wp-content\/uploads\/2025\/04\/Klosterruinen-006-1-1024x684.jpg\" alt=\"\" class=\"wp-image-66681\" srcset=\"https:\/\/www.visitsmaland.se\/wp-content\/uploads\/2025\/04\/Klosterruinen-006-1-1024x684.jpg 1024w, https:\/\/www.visitsmaland.se\/wp-content\/uploads\/2025\/04\/Klosterruinen-006-1-300x200.jpg 300w, https:\/\/www.visitsmaland.se\/wp-content\/uploads\/2025\/04\/Klosterruinen-006-1-768x513.jpg 768w, https:\/\/www.visitsmaland.se\/wp-content\/uploads\/2025\/04\/Klosterruinen-006-1-1536x1025.jpg 1536w, https:\/\/www.visitsmaland.se\/wp-content\/uploads\/2025\/04\/Klosterruinen-006-1.jpg 2000w\" sizes=\"(max-width: 1024px) 100vw, 1024px\" \/><\/figure>\n<\/div>\n<\/div>\n\n\n\n<div class=\"wp-block-column has-visitsmaland-greige-background-color has-background is-layout-flow wp-block-column-is-layout-flow\">\n<figure class=\"wp-block-image size-large\"><img loading=\"lazy\" decoding=\"async\" width=\"1024\" height=\"682\" src=\"https:\/\/www.visitsmaland.se\/wp-content\/uploads\/2025\/04\/Lekplats-004-1024x682.jpg\" alt=\"\" class=\"wp-image-66670\" srcset=\"https:\/\/www.visitsmaland.se\/wp-content\/uploads\/2025\/04\/Lekplats-004-1024x682.jpg 1024w, https:\/\/www.visitsmaland.se\/wp-content\/uploads\/2025\/04\/Lekplats-004-300x200.jpg 300w, https:\/\/www.visitsmaland.se\/wp-content\/uploads\/2025\/04\/Lekplats-004-768x512.jpg 768w, https:\/\/www.visitsmaland.se\/wp-content\/uploads\/2025\/04\/Lekplats-004-1536x1024.jpg 1536w, https:\/\/www.visitsmaland.se\/wp-content\/uploads\/2025\/04\/Lekplats-004.jpg 2000w\" sizes=\"(max-width: 1024px) 100vw, 1024px\" \/><\/figure>\n<\/div>\n\n\n\n<div class=\"wp-block-column has-visitsmaland-greige-background-color has-background is-layout-flow wp-block-column-is-layout-flow\">\n<figure class=\"wp-block-image size-large\"><img loading=\"lazy\" decoding=\"async\" width=\"1024\" height=\"683\" src=\"https:\/\/www.visitsmaland.se\/wp-content\/uploads\/2025\/04\/ALEX5106-1024x683.jpg\" alt=\"\" class=\"wp-image-66675\" srcset=\"https:\/\/www.visitsmaland.se\/wp-content\/uploads\/2025\/04\/ALEX5106-1024x683.jpg 1024w, https:\/\/www.visitsmaland.se\/wp-content\/uploads\/2025\/04\/ALEX5106-300x200.jpg 300w, https:\/\/www.visitsmaland.se\/wp-content\/uploads\/2025\/04\/ALEX5106-768x512.jpg 768w, https:\/\/www.visitsmaland.se\/wp-content\/uploads\/2025\/04\/ALEX5106-1536x1025.jpg 1536w, https:\/\/www.visitsmaland.se\/wp-content\/uploads\/2025\/04\/ALEX5106-2048x1366.jpg 2048w\" sizes=\"(max-width: 1024px) 100vw, 1024px\" \/><\/figure>\n<\/div>\n<\/div>\n<\/div>\n\n\n<div class=\"dynamicContentTwoColumns dynamicContentTwoColumns__wrapper\">\n    <div class=\"dynamicContentTwoColumns dynamicContentTwoColumns__container\">\n                                    <h3 class=\"dynamicContentTwoColumns dynamicContentTwoColumns__heading\">\n                    Oskarshamn                <\/h3>\n                                                <div class=\"dynamicContentTwoColumns dynamicContentTwoColumns__imageWrapper\">\n                    <img loading=\"lazy\" decoding=\"async\" width=\"500\" height=\"333\" src=\"https:\/\/www.visitsmaland.se\/wp-content\/uploads\/2025\/03\/Oskarshamn-Ernamar-batar-scaled.jpg\" class=\"attachment-500x500 size-500x500\" alt=\"\" srcset=\"https:\/\/www.visitsmaland.se\/wp-content\/uploads\/2025\/03\/Oskarshamn-Ernamar-batar-scaled.jpg 2560w, https:\/\/www.visitsmaland.se\/wp-content\/uploads\/2025\/03\/Oskarshamn-Ernamar-batar-300x200.jpg 300w, https:\/\/www.visitsmaland.se\/wp-content\/uploads\/2025\/03\/Oskarshamn-Ernamar-batar-1024x683.jpg 1024w, https:\/\/www.visitsmaland.se\/wp-content\/uploads\/2025\/03\/Oskarshamn-Ernamar-batar-768x512.jpg 768w, https:\/\/www.visitsmaland.se\/wp-content\/uploads\/2025\/03\/Oskarshamn-Ernamar-batar-1536x1024.jpg 1536w, https:\/\/www.visitsmaland.se\/wp-content\/uploads\/2025\/03\/Oskarshamn-Ernamar-batar-2048x1365.jpg 2048w\" sizes=\"(max-width: 500px) 100vw, 500px\" \/>                <\/div>\n                                                <div class=\"dynamicContentTwoColumns dynamicContentTwoColumns__text\">\n                    <p><p>An der K\u00fcste Sm\u00e5lands liegt Oskarshamn, ein K\u00fcstenjuwel mit f\u00fcnf einzigartigen G\u00e4steh\u00e4fen, die f\u00fcr alle Reisenden etwas zu bieten haben. Von Norden nach S\u00fcden erstrecken sie sich durch wundersch\u00f6ne Archipelbereiche und idyllische kleine D\u00f6rfer. Im Norden liegen Klintem\u00e5la und Figeholm, zwei idyllische H\u00e4fen, umgeben von unber\u00fchrtem Archipel. Klintem\u00e5la ist perfekt, um den Misterhult-Archipel mit dem Kanu zu erkunden, w\u00e4hrend Figeholm einen charmanten kleinen Bootshafen in der N\u00e4he von Lebensmittelgesch\u00e4ften bietet.<\/p>\n<p>\n                <\/div>\n                                                <h3 class=\"dynamicContentTwoColumns dynamicContentTwoColumns__heading\">\n                    Weitere H\u00e4fen                <\/h3>\n                                                <div class=\"dynamicContentTwoColumns dynamicContentTwoColumns__text\">\n                    <p><p>Im Herzen der Stadt liegt Oskarshamns G\u00e4stehafen, in der N\u00e4he von Einkaufsm\u00f6glichkeiten, Restaurants und Bootstouren zum Nationalpark Bl\u00e5\u202fJungfrun. Hier findest du auch ein Boots- und Maschinenmuseum. Etwas au\u00dferhalb des Zentrums liegt der Ernemar G\u00e4stehafen, ein ruhiger Ort mit Wanderwegen und Caf\u00e9. Ganz im S\u00fcden wartet der G\u00e4stehafen P\u00e5skallavik, wo wir das Hafen-Caf\u00e9 mit hausgemachtem Fika und familienfreundlicher Umgebung empfehlen. Der nahegelegene Spielplatz und die friedliche Atmosph\u00e4re machen ihn perfekt f\u00fcr Familien mit Kindern.<br data-start=\"6432\" data-end=\"6435\" \/>Egal welchen Hafen du w\u00e4hlst, ein Erlebnis voller Charme, Naturn\u00e4he und Stadtenergie erwartet dich. Entdecke alles, was die K\u00fcste von Oskarshamn zu bieten hat!<\/p>\n<p>\n                <\/div>\n                                                <div class=\"wp-block-buttons is-layout-flex wp-block-buttons-is-layout-flex\">\n                    <div class=\"wp-block-button\">\n                        <a aria-label=\"Mehr lesen\" class=\"wp-block-button__link wp-element-button dynamicContentTwoColumns dynamicContentTwoColumns__ctaButton\" href=\"https:\/\/oskarshamn.com\/\">\n                            Mehr erfahren                        <\/a>\n                    <\/div>\n                <\/div>\n                        <\/div>\n<\/div>\n\n\n\n<div class=\"wp-block-columns is-layout-flex wp-container-core-columns-is-layout-8f761849 wp-block-columns-is-layout-flex\">\n<div class=\"wp-block-column is-layout-flow wp-block-column-is-layout-flow\">\n<div class=\"wp-block-group is-layout-constrained wp-block-group-is-layout-constrained\">\n<figure class=\"wp-block-image size-large\"><img loading=\"lazy\" decoding=\"async\" width=\"1024\" height=\"683\" src=\"https:\/\/www.visitsmaland.se\/wp-content\/uploads\/2025\/04\/Bad-Bla-Jungfrun-2-1024x683.jpg\" alt=\"\" class=\"wp-image-66700\" srcset=\"https:\/\/www.visitsmaland.se\/wp-content\/uploads\/2025\/04\/Bad-Bla-Jungfrun-2-1024x683.jpg 1024w, https:\/\/www.visitsmaland.se\/wp-content\/uploads\/2025\/04\/Bad-Bla-Jungfrun-2-300x200.jpg 300w, https:\/\/www.visitsmaland.se\/wp-content\/uploads\/2025\/04\/Bad-Bla-Jungfrun-2-768x512.jpg 768w, https:\/\/www.visitsmaland.se\/wp-content\/uploads\/2025\/04\/Bad-Bla-Jungfrun-2-1536x1024.jpg 1536w, https:\/\/www.visitsmaland.se\/wp-content\/uploads\/2025\/04\/Bad-Bla-Jungfrun-2-2048x1365.jpg 2048w\" sizes=\"(max-width: 1024px) 100vw, 1024px\" \/><\/figure>\n<\/div>\n<\/div>\n\n\n\n<div class=\"wp-block-column is-layout-flow wp-block-column-is-layout-flow\">\n<figure class=\"wp-block-image size-large\"><img loading=\"lazy\" decoding=\"async\" width=\"1024\" height=\"683\" src=\"https:\/\/www.visitsmaland.se\/wp-content\/uploads\/2025\/04\/Cykel-i-hamnen-2-1024x683.jpg\" alt=\"\" class=\"wp-image-66705\" srcset=\"https:\/\/www.visitsmaland.se\/wp-content\/uploads\/2025\/04\/Cykel-i-hamnen-2-1024x683.jpg 1024w, https:\/\/www.visitsmaland.se\/wp-content\/uploads\/2025\/04\/Cykel-i-hamnen-2-300x200.jpg 300w, https:\/\/www.visitsmaland.se\/wp-content\/uploads\/2025\/04\/Cykel-i-hamnen-2-768x512.jpg 768w, https:\/\/www.visitsmaland.se\/wp-content\/uploads\/2025\/04\/Cykel-i-hamnen-2-1536x1024.jpg 1536w, https:\/\/www.visitsmaland.se\/wp-content\/uploads\/2025\/04\/Cykel-i-hamnen-2-2048x1365.jpg 2048w\" sizes=\"(max-width: 1024px) 100vw, 1024px\" \/><\/figure>\n<\/div>\n\n\n\n<div class=\"wp-block-column is-layout-flow wp-block-column-is-layout-flow\">\n<figure class=\"wp-block-image size-large\"><img loading=\"lazy\" decoding=\"async\" width=\"1024\" height=\"683\" src=\"https:\/\/www.visitsmaland.se\/wp-content\/uploads\/2025\/04\/2-SUP-Figeholm-1024x683.jpg\" alt=\"\" class=\"wp-image-66710\" srcset=\"https:\/\/www.visitsmaland.se\/wp-content\/uploads\/2025\/04\/2-SUP-Figeholm-1024x683.jpg 1024w, https:\/\/www.visitsmaland.se\/wp-content\/uploads\/2025\/04\/2-SUP-Figeholm-300x200.jpg 300w, https:\/\/www.visitsmaland.se\/wp-content\/uploads\/2025\/04\/2-SUP-Figeholm-768x512.jpg 768w, https:\/\/www.visitsmaland.se\/wp-content\/uploads\/2025\/04\/2-SUP-Figeholm-1536x1024.jpg 1536w, https:\/\/www.visitsmaland.se\/wp-content\/uploads\/2025\/04\/2-SUP-Figeholm-2048x1365.jpg 2048w\" sizes=\"(max-width: 1024px) 100vw, 1024px\" \/><\/figure>\n<\/div>\n<\/div>\n\n\n\n<div class=\"wp-block-group has-visitsmaland-greige-background-color has-background is-layout-constrained wp-block-group-is-layout-constrained\"><div class=\"dynamicContentTwoColumns dynamicContentTwoColumns__wrapper\">\n    <div class=\"dynamicContentTwoColumns dynamicContentTwoColumns__container\">\n                                    <h3 class=\"dynamicContentTwoColumns dynamicContentTwoColumns__heading\">\n                    V\u00e4stervik \u2013 Sm\u00e5lands Sch\u00e4renstadt                <\/h3>\n                                                <div class=\"dynamicContentTwoColumns dynamicContentTwoColumns__imageWrapper\">\n                    <img loading=\"lazy\" decoding=\"async\" width=\"500\" height=\"333\" src=\"https:\/\/www.visitsmaland.se\/wp-content\/uploads\/2025\/04\/slottsholmen-2-scaled.jpg\" class=\"attachment-500x500 size-500x500\" alt=\"\" srcset=\"https:\/\/www.visitsmaland.se\/wp-content\/uploads\/2025\/04\/slottsholmen-2-scaled.jpg 2560w, https:\/\/www.visitsmaland.se\/wp-content\/uploads\/2025\/04\/slottsholmen-2-300x200.jpg 300w, https:\/\/www.visitsmaland.se\/wp-content\/uploads\/2025\/04\/slottsholmen-2-1024x683.jpg 1024w, https:\/\/www.visitsmaland.se\/wp-content\/uploads\/2025\/04\/slottsholmen-2-768x512.jpg 768w, https:\/\/www.visitsmaland.se\/wp-content\/uploads\/2025\/04\/slottsholmen-2-1536x1024.jpg 1536w, https:\/\/www.visitsmaland.se\/wp-content\/uploads\/2025\/04\/slottsholmen-2-2048x1365.jpg 2048w\" sizes=\"(max-width: 500px) 100vw, 500px\" \/>                <\/div>\n                                                <div class=\"dynamicContentTwoColumns dynamicContentTwoColumns__text\">\n                    <p><p data-start=\"35\" data-end=\"604\">Mit \u00fcber 5.000 Inseln, Sch\u00e4renfelsen und kleinen Holmen ist der Sch\u00e4rengarten von Tjust ein Paradies f\u00fcr Bootsbegeisterte. Von Blankaholm im S\u00fcden bis Loftahammar im Norden findest du zahlreiche G\u00e4steh\u00e4fen \u2013 sowohl entlang des Festlands als auch auf mehreren Inseln im Sch\u00e4rengarten. Die gr\u00f6\u00dften Inseln mit G\u00e4steh\u00e4fen und einem vielf\u00e4ltigen Angebot an Restaurants, Gesch\u00e4ften und Aktivit\u00e4ten sind Hassel\u00f6, Id\u00f6 und R\u00e5g\u00f6. V\u00e4stervik ist das Zentrum des Sch\u00e4rengartens mit etwas mehr als 20.000 festen Einwohnern. Im Sommer steigt das Tempo und die Stadt erwacht zum Leben.<\/p>\n<p>\n                <\/div>\n                                                <h3 class=\"dynamicContentTwoColumns dynamicContentTwoColumns__heading\">\n                    Entdecke das Zentrum von V\u00e4stervik                <\/h3>\n                                                <div class=\"dynamicContentTwoColumns dynamicContentTwoColumns__text\">\n                    <p><p data-start=\"642\" data-end=\"1103\">Gehe auf Entdeckungstour im Stadtzentrum. Hier kannst du durch die Gesch\u00e4fte st\u00f6bern, an Veranstaltungen teilnehmen und Essen sowie Fika in den lokalen Restaurants genie\u00dfen. In V\u00e4stervik findest du drei G\u00e4steh\u00e4fen: Slottsholmen Marina, Pampas G\u00e4sthamn und Gr\u00e4ns\u00f6 Slott. Perfekt, wenn du etwas Stadtleben erleben m\u00f6chtest. In V\u00e4stervik gibt es au\u00dferdem ein Spa auf Gr\u00e4ns\u00f6 sowie eines im Warmbadhuset \u2013 ideal f\u00fcr alle, die mit sch\u00f6ner Aussicht entspannen m\u00f6chten.<\/p>\n<p>\n                <\/div>\n                                                <div class=\"wp-block-buttons is-layout-flex wp-block-buttons-is-layout-flex\">\n                    <div class=\"wp-block-button\">\n                        <a aria-label=\"Mehr lesen\" class=\"wp-block-button__link wp-element-button dynamicContentTwoColumns dynamicContentTwoColumns__ctaButton\" href=\"https:\/\/www.vastervik.com\/gasthamnar\/\">\n                            Mehr erfahren                        <\/a>\n                    <\/div>\n                <\/div>\n                        <\/div>\n<\/div>\n\n\n\n<div class=\"wp-block-columns has-visitsmaland-greige-background-color has-background is-layout-flex wp-container-core-columns-is-layout-8f761849 wp-block-columns-is-layout-flex\">\n<div class=\"wp-block-column is-layout-flow wp-block-column-is-layout-flow\">\n<div class=\"wp-block-group is-layout-constrained wp-block-group-is-layout-constrained\">\n<figure class=\"wp-block-image size-large\"><img loading=\"lazy\" decoding=\"async\" width=\"1024\" height=\"683\" src=\"https:\/\/www.visitsmaland.se\/wp-content\/uploads\/2024\/04\/Bathing-outside-Vastervik-2-1024x683.jpg\" alt=\"\" class=\"wp-image-58756\" srcset=\"https:\/\/www.visitsmaland.se\/wp-content\/uploads\/2024\/04\/Bathing-outside-Vastervik-2-1024x683.jpg 1024w, https:\/\/www.visitsmaland.se\/wp-content\/uploads\/2024\/04\/Bathing-outside-Vastervik-2-300x200.jpg 300w, https:\/\/www.visitsmaland.se\/wp-content\/uploads\/2024\/04\/Bathing-outside-Vastervik-2-768x512.jpg 768w, https:\/\/www.visitsmaland.se\/wp-content\/uploads\/2024\/04\/Bathing-outside-Vastervik-2-1536x1024.jpg 1536w, https:\/\/www.visitsmaland.se\/wp-content\/uploads\/2024\/04\/Bathing-outside-Vastervik-2-2048x1365.jpg 2048w\" sizes=\"(max-width: 1024px) 100vw, 1024px\" \/><\/figure>\n<\/div>\n<\/div>\n\n\n\n<div class=\"wp-block-column is-layout-flow wp-block-column-is-layout-flow\">\n<figure class=\"wp-block-image size-large\"><img loading=\"lazy\" decoding=\"async\" width=\"1024\" height=\"683\" src=\"https:\/\/www.visitsmaland.se\/wp-content\/uploads\/2025\/04\/bjursund_camping_vfab_2024-2-1024x683.jpg\" alt=\"\" class=\"wp-image-66965\" srcset=\"https:\/\/www.visitsmaland.se\/wp-content\/uploads\/2025\/04\/bjursund_camping_vfab_2024-2-1024x683.jpg 1024w, https:\/\/www.visitsmaland.se\/wp-content\/uploads\/2025\/04\/bjursund_camping_vfab_2024-2-300x200.jpg 300w, https:\/\/www.visitsmaland.se\/wp-content\/uploads\/2025\/04\/bjursund_camping_vfab_2024-2-768x512.jpg 768w, https:\/\/www.visitsmaland.se\/wp-content\/uploads\/2025\/04\/bjursund_camping_vfab_2024-2-1536x1024.jpg 1536w, https:\/\/www.visitsmaland.se\/wp-content\/uploads\/2025\/04\/bjursund_camping_vfab_2024-2-2048x1365.jpg 2048w\" sizes=\"(max-width: 1024px) 100vw, 1024px\" \/><\/figure>\n<\/div>\n\n\n\n<div class=\"wp-block-column is-layout-flow wp-block-column-is-layout-flow\">\n<figure class=\"wp-block-image size-large\"><img loading=\"lazy\" decoding=\"async\" width=\"1024\" height=\"683\" src=\"https:\/\/www.visitsmaland.se\/wp-content\/uploads\/2025\/04\/granso_slott-12-1-1024x683.jpg\" alt=\"\" class=\"wp-image-66971\" srcset=\"https:\/\/www.visitsmaland.se\/wp-content\/uploads\/2025\/04\/granso_slott-12-1-1024x683.jpg 1024w, https:\/\/www.visitsmaland.se\/wp-content\/uploads\/2025\/04\/granso_slott-12-1-300x200.jpg 300w, https:\/\/www.visitsmaland.se\/wp-content\/uploads\/2025\/04\/granso_slott-12-1-768x512.jpg 768w, https:\/\/www.visitsmaland.se\/wp-content\/uploads\/2025\/04\/granso_slott-12-1-1536x1024.jpg 1536w, https:\/\/www.visitsmaland.se\/wp-content\/uploads\/2025\/04\/granso_slott-12-1-2048x1365.jpg 2048w\" sizes=\"(max-width: 1024px) 100vw, 1024px\" \/><\/figure>\n<\/div>\n<\/div>\n<\/div>\n\n\n<div class=\"contentCta contentCta__wrapper\">\n    <div class=\"contentCta contentCta__container\">\n                        <h2 class=\"contentCta contentCta__heading\" style=\"color: \">\n                Der Sch\u00e4rengarten in Sm\u00e5land            <\/h2>\n                \t\t\t<div class=\"contentCta contentCta__text\" style=\"color: \">\n\t\t\t\t<section class=\"text-token-text-primary w-full focus:outline-none [--shadow-height:45px] has-data-writing-block:pointer-events-none has-data-writing-block:-mt-(--shadow-height) has-data-writing-block:pt-(--shadow-height) [&amp;:has([data-writing-block])&gt;*]:pointer-events-auto R6Vx5W_threadScrollVars scroll-mb-[calc(var(--scroll-root-safe-area-inset-bottom,0px)+var(--thread-response-height))] scroll-mt-(--header-height)\" dir=\"auto\" data-turn-id=\"ce215651-0b91-4481-8f62-439fe6e422a6\" data-testid=\"conversation-turn-5\" data-scroll-anchor=\"false\" data-turn=\"user\"><\/section>\n<section class=\"text-token-text-primary w-full focus:outline-none [--shadow-height:45px] has-data-writing-block:pointer-events-none has-data-writing-block:-mt-(--shadow-height) has-data-writing-block:pt-(--shadow-height) [&amp;:has([data-writing-block])&gt;*]:pointer-events-auto [content-visibility:auto] supports-[content-visibility:auto]:[contain-intrinsic-size:auto_100lvh] R6Vx5W_threadScrollVars scroll-mb-[calc(var(--scroll-root-safe-area-inset-bottom,0px)+var(--thread-response-height))] scroll-mt-[calc(var(--header-height)+min(200px,max(70px,20svh)))]\" dir=\"auto\" data-turn-id=\"request-WEB:388f0646-99b2-4b16-ac0e-01820b406cbe-2\" data-testid=\"conversation-turn-6\" data-scroll-anchor=\"false\" data-turn=\"assistant\">\n<div class=\"text-base my-auto mx-auto pb-10 [--thread-content-margin:var(--thread-content-margin-xs,calc(var(--spacing)*4))] @w-sm\/main:[--thread-content-margin:var(--thread-content-margin-sm,calc(var(--spacing)*6))] @w-lg\/main:[--thread-content-margin:var(--thread-content-margin-lg,calc(var(--spacing)*16))] px-(--thread-content-margin)\">\n<div class=\"[--thread-content-max-width:40rem] @w-lg\/main:[--thread-content-max-width:48rem] mx-auto max-w-(--thread-content-max-width) flex-1 group\/turn-messages focus-visible:outline-hidden relative flex w-full min-w-0 flex-col agent-turn\">\n<div class=\"flex max-w-full flex-col gap-4 grow\">\n<div class=\"min-h-8 text-message relative flex w-full flex-col items-end gap-2 text-start break-words whitespace-normal outline-none keyboard-focused:focus-ring [.text-message+&amp;]:mt-1\" dir=\"auto\" tabindex=\"0\" data-message-author-role=\"assistant\" data-message-id=\"d8745ea8-c258-4126-b49c-39673660c08e\" data-message-model-slug=\"gpt-5-5\" data-turn-start-message=\"true\">\n<div class=\"flex w-full flex-col gap-1 empty:hidden\">\n<div class=\"markdown prose dark:prose-invert w-full wrap-break-word light markdown-new-styling\">\n<p data-start=\"30\" data-end=\"259\">Sm\u00e5land bietet mit dem Sch\u00e4rengarten von Tjust und Misterhult eine fantastische Sch\u00e4renlandschaft. Hier kannst du von Insel zu Insel springen, Ruhe und Idylle genie\u00dfen und eine vollkommene s\u00fcdschwedische Sch\u00e4renerfahrung erleben.<\/p>\n<\/div>\n<\/div>\n<\/div>\n<\/div>\n<\/div>\n<\/div>\n<\/section>\n\t\t\t<\/div>\n                <hr>\n                <div class=\"contentCta contentCta__ctaWrapper\">\n            <div class=\"wp-block-buttons is-layout-flex wp-block-buttons-is-layout-flex\">\n                                                                                            <div class=\"wp-block-button \">\n                    <a aria-label=\"Mehr \u00fcber den Sch\u00e4rengarten in Sm\u00e5land erfahren\" class=\"wp-block-button__link wp-element-button\" href=\"https:\/\/www.visitsmaland.se\/de\/entdecken\/scharen\/\" style=\"background-color: #fbbd51; color: #111111\">\n                        Mehr \u00fcber den Sch\u00e4rengarten in Sm\u00e5land erfahren                    <\/a>\n                <\/div>\n                            <\/div>\n        <\/div>\n            <\/div>\n<\/div>\n\n\n  \n<div class=\"featuredTwoColumns featuredTwoColumns__wrapper\">\n    <div class=\"featuredTwoColumns featuredTwoColumns__container\">  \n            <div class=\"featuredTwoColumns featuredTwoColumns__feturedWrapper\">\n            <a aria-label=\"Bootsausfl\u00fcge\" href=\"https:\/\/www.visitsmaland.se\/de\/entdecken\/bootsausfluege\/\"class=\"featuredTwoColumns featuredTwoColumns__imageWrapper\">\n                <img loading=\"lazy\" decoding=\"async\" width=\"1024\" height=\"740\" src=\"https:\/\/www.visitsmaland.se\/wp-content\/uploads\/2024\/04\/DAYFOTOGRAFI-ST-BUNNOCHLOVE-0045-1-1024x740.jpg\" class=\"attachment-grid-card-images size-grid-card-images wp-post-image\" alt=\"\" \/>            <\/a>\n            <div class=\"featuredTwoColumns featuredTwoColumns__contentWrapper\">\n                <h2 class=\"featuredTwoColumns featuredTwoColumns__heading\">\n                    Bootsausfl\u00fcge                <\/h2>\n                <p class=\"featuredTwoColumns featuredTwoColumns__description\">\n                    Lass dich \u00fcber Kan\u00e4le schippern, nimm das Linienboo\u2026                <\/p>\n                 \n                 \n                <div class=\"wp-block-buttons is-layout-flex wp-block-buttons-is-layout-flex\">\n                    <div class=\"wp-block-button \">\n                        <a aria-label=\"Bootsausfl\u00fcge\"class=\"wp-block-button__link wp-element-button\" href=\"https:\/\/www.visitsmaland.se\/de\/entdecken\/bootsausfluege\/\">\n                            Entdecke                       \n                         <\/a>\n                    <\/div>\n                <\/div>\n            <\/div>\n        <\/div>\n                <div class=\"featuredTwoColumns featuredTwoColumns__feturedWrapper\">\n            <a aria-label=\"\u00d6land und die Inseln in Sm\u00e5land\" href=\"https:\/\/www.visitsmaland.se\/de\/entdecken\/oeland-und-die-inseln-in-smaaland\/\"class=\"featuredTwoColumns featuredTwoColumns__imageWrapper\">\n                <img loading=\"lazy\" decoding=\"async\" width=\"1024\" height=\"740\" src=\"https:\/\/www.visitsmaland.se\/wp-content\/uploads\/2026\/02\/Linzimda_Sparosund-i-Tjustskargard_4-1-1024x740.png\" class=\"attachment-grid-card-images size-grid-card-images wp-post-image\" alt=\"\" \/>            <\/a>\n            <div class=\"featuredTwoColumns featuredTwoColumns__contentWrapper\">\n                <h2 class=\"featuredTwoColumns featuredTwoColumns__heading\">\n                    \u00d6land und die Inseln in Sm\u00e5land                <\/h2>\n                <p class=\"featuredTwoColumns featuredTwoColumns__description\">\n                    Es ist wirklich etwas Besonderes, von Wasser umgebe\u2026                <\/p>\n                 \n                 \n                <div class=\"wp-block-buttons is-layout-flex wp-block-buttons-is-layout-flex\">\n                    <div class=\"wp-block-button \">\n                        <a aria-label=\"\u00d6land und die Inseln in Sm\u00e5land\"class=\"wp-block-button__link wp-element-button\" href=\"https:\/\/www.visitsmaland.se\/de\/entdecken\/oeland-und-die-inseln-in-smaaland\/\">\n                            Entdecke                       \n                         <\/a>\n                    <\/div>\n                <\/div>\n            <\/div>\n        <\/div>\n            <\/div>\n<\/div>\n","protected":false},"excerpt":{"rendered":"<p>Nimm die Seeroute durch den Kalmarsund: Die Reise von Tors\u00e5s bis V\u00e4stervik und den wundersch\u00f6nen Tjust-Archipel ist ein Erlebnis, das du nicht verpassen solltest. Sowohl Sm\u00e5land als auch \u00d6land bieten versteckte Sch\u00e4tze, egal ob du das Festland Sm\u00e5lands oder die Insel \u00d6land erkundest.<\/p>\n","protected":false},"featured_media":95107,"parent":0,"menu_order":417,"template":"","tags":[],"land":[],"class_list":["post-77597","guide","type-guide","status-publish","has-post-thumbnail","hentry"],"acf":{"priority":""},"yoast_head":"<!-- This site is optimized with the Yoast SEO plugin v28.3 - https:\/\/yoast.com\/product\/yoast-seo-wordpress\/ -->\n<title>Bootsurlaub entlang Sm\u00e5lands und \u00d6lands K\u00fcste | Visit Sm\u00e5land<\/title>\n<meta name=\"description\" content=\"Bootsferien in Sm\u00e5land und auf \u00d6land. Folge der Seeroute durch den Kalmarsund, von Tors\u00e5s nach V\u00e4stervik und zum wundersch\u00f6nen Tjust-Archipel.\" \/>\n<meta name=\"robots\" content=\"index, follow, max-snippet:-1, max-image-preview:large, max-video-preview:-1\" \/>\n<link rel=\"canonical\" href=\"https:\/\/www.visitsmaland.se\/de\/entdecken\/bootsferien\/\" \/>\n<meta property=\"og:locale\" content=\"de_DE\" \/>\n<meta property=\"og:type\" content=\"article\" \/>\n<meta property=\"og:title\" content=\"Bootsurlaub entlang Sm\u00e5lands und \u00d6lands K\u00fcste | Visit Sm\u00e5land\" \/>\n<meta property=\"og:description\" content=\"Bootsferien in Sm\u00e5land und auf \u00d6land. Folge der Seeroute durch den Kalmarsund, von Tors\u00e5s nach V\u00e4stervik und zum wundersch\u00f6nen Tjust-Archipel.\" \/>\n<meta property=\"og:url\" content=\"https:\/\/www.visitsmaland.se\/de\/entdecken\/bootsferien\/\" \/>\n<meta property=\"og:site_name\" content=\"Visit Sm\u00e5land\" \/>\n<meta property=\"article:publisher\" content=\"https:\/\/www.facebook.com\/visitsmaland\/\" \/>\n<meta property=\"article:modified_time\" content=\"2026-06-09T14:25:45+00:00\" \/>\n<meta property=\"og:image\" content=\"https:\/\/www.visitsmaland.se\/wp-content\/uploads\/2025\/04\/oland-olandsbron-marcuscarlsson-3-2022-OlandCo.webp\" \/>\n\t<meta property=\"og:image:width\" content=\"1920\" \/>\n\t<meta property=\"og:image:height\" content=\"1280\" \/>\n\t<meta property=\"og:image:type\" content=\"image\/webp\" \/>\n<meta name=\"twitter:card\" content=\"summary_large_image\" \/>\n<meta name=\"twitter:label1\" content=\"Gesch\u00e4tzte Lesezeit\" \/>\n\t<meta name=\"twitter:data1\" content=\"13\u00a0Minuten\" \/>\n<script type=\"application\/ld+json\" class=\"yoast-schema-graph\">{\"@context\":\"https:\\\/\\\/schema.org\",\"@graph\":[{\"@type\":\"WebPage\",\"@id\":\"https:\\\/\\\/www.visitsmaland.se\\\/de\\\/entdecken\\\/bootsferien\\\/\",\"url\":\"https:\\\/\\\/www.visitsmaland.se\\\/de\\\/entdecken\\\/bootsferien\\\/\",\"name\":\"Bootsurlaub entlang Sm\u00e5lands und \u00d6lands K\u00fcste | Visit Sm\u00e5land\",\"isPartOf\":{\"@id\":\"https:\\\/\\\/www.visitsmaland.se\\\/de\\\/#website\"},\"primaryImageOfPage\":{\"@id\":\"https:\\\/\\\/www.visitsmaland.se\\\/de\\\/entdecken\\\/bootsferien\\\/#primaryimage\"},\"image\":{\"@id\":\"https:\\\/\\\/www.visitsmaland.se\\\/de\\\/entdecken\\\/bootsferien\\\/#primaryimage\"},\"thumbnailUrl\":\"https:\\\/\\\/www.visitsmaland.se\\\/wp-content\\\/uploads\\\/2025\\\/04\\\/oland-olandsbron-marcuscarlsson-3-2022-OlandCo.webp\",\"datePublished\":\"2025-04-03T12:11:48+00:00\",\"dateModified\":\"2026-06-09T14:25:45+00:00\",\"description\":\"Bootsferien in Sm\u00e5land und auf \u00d6land. Folge der Seeroute durch den Kalmarsund, von Tors\u00e5s nach V\u00e4stervik und zum wundersch\u00f6nen Tjust-Archipel.\",\"breadcrumb\":{\"@id\":\"https:\\\/\\\/www.visitsmaland.se\\\/de\\\/entdecken\\\/bootsferien\\\/#breadcrumb\"},\"inLanguage\":\"de\",\"potentialAction\":[{\"@type\":\"ReadAction\",\"target\":[\"https:\\\/\\\/www.visitsmaland.se\\\/de\\\/entdecken\\\/bootsferien\\\/\"]}]},{\"@type\":\"ImageObject\",\"inLanguage\":\"de\",\"@id\":\"https:\\\/\\\/www.visitsmaland.se\\\/de\\\/entdecken\\\/bootsferien\\\/#primaryimage\",\"url\":\"https:\\\/\\\/www.visitsmaland.se\\\/wp-content\\\/uploads\\\/2025\\\/04\\\/oland-olandsbron-marcuscarlsson-3-2022-OlandCo.webp\",\"contentUrl\":\"https:\\\/\\\/www.visitsmaland.se\\\/wp-content\\\/uploads\\\/2025\\\/04\\\/oland-olandsbron-marcuscarlsson-3-2022-OlandCo.webp\",\"width\":1920,\"height\":1280},{\"@type\":\"BreadcrumbList\",\"@id\":\"https:\\\/\\\/www.visitsmaland.se\\\/de\\\/entdecken\\\/bootsferien\\\/#breadcrumb\",\"itemListElement\":[{\"@type\":\"ListItem\",\"position\":1,\"name\":\"Startseite\",\"item\":\"https:\\\/\\\/www.visitsmaland.se\\\/de\\\/\"},{\"@type\":\"ListItem\",\"position\":2,\"name\":\"Bootsurlaub entlang Sm\u00e5lands und \u00d6lands K\u00fcste\"}]},{\"@type\":\"WebSite\",\"@id\":\"https:\\\/\\\/www.visitsmaland.se\\\/de\\\/#website\",\"url\":\"https:\\\/\\\/www.visitsmaland.se\\\/de\\\/\",\"name\":\"Visit Sm\u00e5land\",\"description\":\"V\u00e4lkommen till Sm\u00e5land\",\"potentialAction\":[{\"@type\":\"SearchAction\",\"target\":{\"@type\":\"EntryPoint\",\"urlTemplate\":\"https:\\\/\\\/www.visitsmaland.se\\\/de\\\/?s={search_term_string}\"},\"query-input\":{\"@type\":\"PropertyValueSpecification\",\"valueRequired\":true,\"valueName\":\"search_term_string\"}}],\"inLanguage\":\"de\"}]}<\/script>\n<!-- \/ Yoast SEO plugin. -->","yoast_head_json":{"title":"Bootsurlaub entlang Sm\u00e5lands und \u00d6lands K\u00fcste | Visit Sm\u00e5land","description":"Bootsferien in Sm\u00e5land und auf \u00d6land. Folge der Seeroute durch den Kalmarsund, von Tors\u00e5s nach V\u00e4stervik und zum wundersch\u00f6nen Tjust-Archipel.","robots":{"index":"index","follow":"follow","max-snippet":"max-snippet:-1","max-image-preview":"max-image-preview:large","max-video-preview":"max-video-preview:-1"},"canonical":"https:\/\/www.visitsmaland.se\/de\/entdecken\/bootsferien\/","og_locale":"de_DE","og_type":"article","og_title":"Bootsurlaub entlang Sm\u00e5lands und \u00d6lands K\u00fcste | Visit Sm\u00e5land","og_description":"Bootsferien in Sm\u00e5land und auf \u00d6land. Folge der Seeroute durch den Kalmarsund, von Tors\u00e5s nach V\u00e4stervik und zum wundersch\u00f6nen Tjust-Archipel.","og_url":"https:\/\/www.visitsmaland.se\/de\/entdecken\/bootsferien\/","og_site_name":"Visit Sm\u00e5land","article_publisher":"https:\/\/www.facebook.com\/visitsmaland\/","article_modified_time":"2026-06-09T14:25:45+00:00","og_image":[{"width":1920,"height":1280,"url":"https:\/\/www.visitsmaland.se\/wp-content\/uploads\/2025\/04\/oland-olandsbron-marcuscarlsson-3-2022-OlandCo.webp","type":"image\/webp"}],"twitter_card":"summary_large_image","twitter_misc":{"Gesch\u00e4tzte Lesezeit":"13\u00a0Minuten"},"schema":{"@context":"https:\/\/schema.org","@graph":[{"@type":"WebPage","@id":"https:\/\/www.visitsmaland.se\/de\/entdecken\/bootsferien\/","url":"https:\/\/www.visitsmaland.se\/de\/entdecken\/bootsferien\/","name":"Bootsurlaub entlang Sm\u00e5lands und \u00d6lands K\u00fcste | Visit Sm\u00e5land","isPartOf":{"@id":"https:\/\/www.visitsmaland.se\/de\/#website"},"primaryImageOfPage":{"@id":"https:\/\/www.visitsmaland.se\/de\/entdecken\/bootsferien\/#primaryimage"},"image":{"@id":"https:\/\/www.visitsmaland.se\/de\/entdecken\/bootsferien\/#primaryimage"},"thumbnailUrl":"https:\/\/www.visitsmaland.se\/wp-content\/uploads\/2025\/04\/oland-olandsbron-marcuscarlsson-3-2022-OlandCo.webp","datePublished":"2025-04-03T12:11:48+00:00","dateModified":"2026-06-09T14:25:45+00:00","description":"Bootsferien in Sm\u00e5land und auf \u00d6land. Folge der Seeroute durch den Kalmarsund, von Tors\u00e5s nach V\u00e4stervik und zum wundersch\u00f6nen Tjust-Archipel.","breadcrumb":{"@id":"https:\/\/www.visitsmaland.se\/de\/entdecken\/bootsferien\/#breadcrumb"},"inLanguage":"de","potentialAction":[{"@type":"ReadAction","target":["https:\/\/www.visitsmaland.se\/de\/entdecken\/bootsferien\/"]}]},{"@type":"ImageObject","inLanguage":"de","@id":"https:\/\/www.visitsmaland.se\/de\/entdecken\/bootsferien\/#primaryimage","url":"https:\/\/www.visitsmaland.se\/wp-content\/uploads\/2025\/04\/oland-olandsbron-marcuscarlsson-3-2022-OlandCo.webp","contentUrl":"https:\/\/www.visitsmaland.se\/wp-content\/uploads\/2025\/04\/oland-olandsbron-marcuscarlsson-3-2022-OlandCo.webp","width":1920,"height":1280},{"@type":"BreadcrumbList","@id":"https:\/\/www.visitsmaland.se\/de\/entdecken\/bootsferien\/#breadcrumb","itemListElement":[{"@type":"ListItem","position":1,"name":"Startseite","item":"https:\/\/www.visitsmaland.se\/de\/"},{"@type":"ListItem","position":2,"name":"Bootsurlaub entlang Sm\u00e5lands und \u00d6lands K\u00fcste"}]},{"@type":"WebSite","@id":"https:\/\/www.visitsmaland.se\/de\/#website","url":"https:\/\/www.visitsmaland.se\/de\/","name":"Visit Sm\u00e5land","description":"V\u00e4lkommen till Sm\u00e5land","potentialAction":[{"@type":"SearchAction","target":{"@type":"EntryPoint","urlTemplate":"https:\/\/www.visitsmaland.se\/de\/?s={search_term_string}"},"query-input":{"@type":"PropertyValueSpecification","valueRequired":true,"valueName":"search_term_string"}}],"inLanguage":"de"}]}},"_links":{"self":[{"href":"https:\/\/www.visitsmaland.se\/de\/wp-json\/wp\/v2\/guide\/77597","targetHints":{"allow":["GET"]}}],"collection":[{"href":"https:\/\/www.visitsmaland.se\/de\/wp-json\/wp\/v2\/guide"}],"about":[{"href":"https:\/\/www.visitsmaland.se\/de\/wp-json\/wp\/v2\/types\/guide"}],"version-history":[{"count":10,"href":"https:\/\/www.visitsmaland.se\/de\/wp-json\/wp\/v2\/guide\/77597\/revisions"}],"predecessor-version":[{"id":100572,"href":"https:\/\/www.visitsmaland.se\/de\/wp-json\/wp\/v2\/guide\/77597\/revisions\/100572"}],"wp:featuredmedia":[{"embeddable":true,"href":"https:\/\/www.visitsmaland.se\/de\/wp-json\/wp\/v2\/media\/95107"}],"wp:attachment":[{"href":"https:\/\/www.visitsmaland.se\/de\/wp-json\/wp\/v2\/media?parent=77597"}],"wp:term":[{"taxonomy":"post_tag","embeddable":true,"href":"https:\/\/www.visitsmaland.se\/de\/wp-json\/wp\/v2\/tags?post=77597"},{"taxonomy":"land","embeddable":true,"href":"https:\/\/www.visitsmaland.se\/de\/wp-json\/wp\/v2\/land?post=77597"}],"curies":[{"name":"wp","href":"https:\/\/api.w.org\/{rel}","templated":true}]}}