{"id":80538,"date":"2025-12-10T16:19:56","date_gmt":"2025-12-10T15:19:56","guid":{"rendered":"https:\/\/www.visitsmaland.se\/upptack\/sjalvplock-i-smaland\/"},"modified":"2026-01-20T15:34:42","modified_gmt":"2026-01-20T14:34:42","slug":"selbstpfluecken-in-smaland","status":"publish","type":"guide","link":"https:\/\/www.visitsmaland.se\/de\/entdecken\/selbstpfluecken-in-smaland\/","title":{"rendered":"Selbstpfl\u00fccken in Sm\u00e5land"},"content":{"rendered":"<div class=\"postHerosection postHerosection__wrapper\">\n    <div class=\"postHerosection postHerosection__container\">\n        <h1 class=\"postHerosection postHerosection__heroHeading\">\n            Selbstpfl\u00fccken in Sm\u00e5land        <\/h1>\n            <\/div>\n    <div class=\"postHerosection postHerosection__imageContainer\">\n        <img loading=\"lazy\" decoding=\"async\" width=\"2560\" height=\"1708\" src=\"https:\/\/www.visitsmaland.se\/wp-content\/uploads\/2025\/11\/OlandsSkordefest-Pumpor-AlexanderHall2022-OlandCo-ALEX1234-scaled.jpg\" class=\"attachment-full size-full\" alt=\"\" srcset=\"https:\/\/www.visitsmaland.se\/wp-content\/uploads\/2025\/11\/OlandsSkordefest-Pumpor-AlexanderHall2022-OlandCo-ALEX1234-scaled.jpg 2560w, https:\/\/www.visitsmaland.se\/wp-content\/uploads\/2025\/11\/OlandsSkordefest-Pumpor-AlexanderHall2022-OlandCo-ALEX1234-300x200.jpg 300w, https:\/\/www.visitsmaland.se\/wp-content\/uploads\/2025\/11\/OlandsSkordefest-Pumpor-AlexanderHall2022-OlandCo-ALEX1234-1024x683.jpg 1024w, https:\/\/www.visitsmaland.se\/wp-content\/uploads\/2025\/11\/OlandsSkordefest-Pumpor-AlexanderHall2022-OlandCo-ALEX1234-768x512.jpg 768w, https:\/\/www.visitsmaland.se\/wp-content\/uploads\/2025\/11\/OlandsSkordefest-Pumpor-AlexanderHall2022-OlandCo-ALEX1234-1536x1025.jpg 1536w, https:\/\/www.visitsmaland.se\/wp-content\/uploads\/2025\/11\/OlandsSkordefest-Pumpor-AlexanderHall2022-OlandCo-ALEX1234-2048x1366.jpg 2048w\" sizes=\"(max-width: 2560px) 100vw, 2560px\" \/>    <\/div>\n<\/div>\n<div class=\"postHerosection postHerosection__breadcrumbs\">\n   <div class=\"postHerosection postHerosection__breadcrumbs-container\">\n        <p id=\"breadcrumbs\"><span><span><a href=\"https:\/\/www.visitsmaland.se\/de\/\">Startseite<\/a><\/span><\/span><\/p>    <\/div>\n<\/div>\n\n<div class=\"contentCta contentCta__wrapper\">\n    <div class=\"contentCta contentCta__container\">\n                    \t\t\t<div class=\"contentCta contentCta__text\" style=\"color: \">\n\t\t\t\t<p>F\u00fclle deinen Korb mit frischen, saisonalen Produkten und komm zum Selbstpfl\u00fccken von Obst, Gem\u00fcse und Blumen nach Sm\u00e5land und \u00d6land. Erdbeeren, Blumen und Sonnenblumen im Sommer, K\u00fcrbisse, Mais und Preiselbeeren im Herbst\u00a0\u2013 eine sch\u00f6ne Art, die Natur zu genie\u00dfen und lokale Aromen mit nach Hause zu nehmen.<\/p>\n\t\t\t<\/div>\n                <hr>\n            <\/div>\n<\/div>\n\n\n<div class=\"contentImageTwoColumns contentImageTwoColumns__wrapper\" style=\"background-color: #f4f2eb\">\n    <div class=\"contentImageTwoColumns contentImageTwoColumns__container \">\n        <div class=\"contentImageTwoColumns contentImageTwoColumns__contentWrapper\">\n            <h2 class=\"contentImageTwoColumns contentImageTwoColumns__heading\" style=\"color: \">\n                Sonnenblumen            <\/h2>\n            <div class=\"contentImageTwoColumns contentImageTwoColumns__text contentImageTwoColumns__text--short\" style=\"color: \">\n                                    <p data-start=\"170\" data-end=\"454\">Im Sp\u00e4tsommer stehen die Sonnenblumenfelder in voller Bl\u00fcte und verleihen der Landschaft Sm\u00e5lands ein farbenfrohes und wundersch\u00f6nes Erscheinungsbild. In Sm\u00e5land, un&#8230;                    <button type=\"button\" class=\"contentImageTwoColumns contentImageTwoColumns__readMoreLess\">\n                        Mehr lesen +                    <\/button>\n                            <\/div>\n            <div class=\"contentImageTwoColumns contentImageTwoColumns__text contentImageTwoColumns__text--full\" style=\"color: \">\n                <p data-start=\"170\" data-end=\"454\">Im Sp\u00e4tsommer stehen die Sonnenblumenfelder in voller Bl\u00fcte und verleihen der Landschaft Sm\u00e5lands ein farbenfrohes und wundersch\u00f6nes Erscheinungsbild. In Sm\u00e5land, unter anderem in \u00c4lmhult und M\u00f6nster\u00e5s, gibt es Bauernh\u00f6fe, auf denen du zwischen den hohen, majest\u00e4tischen Sonnenblumen spazieren und deine eigenen Blumen direkt vom Feld pfl\u00fccken kannst, um individuelle Str\u00e4u\u00dfe zu gestalten.<\/p>\n                <button type=\"button\" class=\"contentImageTwoColumns contentImageTwoColumns__readMoreLess\">\n                    Weniger lesen &#8211;                <\/button>\n            <\/div>\n                        <div class=\"wp-block-buttons is-layout-flex wp-block-buttons-is-layout-flex\">\n                <div class=\"wp-block-button \">\n                    <a aria-label=\"Sonnenblumen pfl\u00fccken\" class=\"wp-block-button__link wp-element-button\" href=\"https:\/\/www.facebook.com\/solrosorielmhult\/?locale=sv_SE\" style=\"background-color: #fbbd51; color: #000000;border: solid 1px #fbbd51\">\n                        Sonnenblumen pfl\u00fccken                    <\/a>\n                <\/div>\n            <\/div>\n                                <\/div>\n        <div class=\"contentImageTwoColumns contentImageTwoColumns__imageWrapper\">\n            <img loading=\"lazy\" decoding=\"async\" width=\"1024\" height=\"740\" src=\"https:\/\/www.visitsmaland.se\/wp-content\/uploads\/2025\/11\/ALEX2168-scaled-e1765882778931-1024x740.jpg\" class=\"attachment-grid-card-images size-grid-card-images\" alt=\"\" \/>        <\/div>\n    <\/div>\n<\/div>\n\n\n<div class=\"dynamicContentTwoColumns dynamicContentTwoColumns__wrapper\">\n    <div class=\"dynamicContentTwoColumns dynamicContentTwoColumns__container\">\n                                    <h3 class=\"dynamicContentTwoColumns dynamicContentTwoColumns__heading\">\n                    Preiselbeeren \u2013 unsere schwedische Nationalbeere                <\/h3>\n                                                <div class=\"dynamicContentTwoColumns dynamicContentTwoColumns__text\">\n                    <p><p data-start=\"124\" data-end=\"431\">In Sm\u00e5land gab es schon immer viele W\u00e4lder \u2013 und damit auch viele Preiselbeeren. Diese kleinen roten Beeren sind Schwedens Nationalbeere und ein fester Bestandteil der herbstlichen Ernte. Preiselbeeren sind s\u00e4uerlich, frisch und reich an Vitaminen und werden oft f\u00fcr Marmelade, Saft, So\u00dfen oder als aromatische Beilage zu verschiedenen Gerichten verwendet.<\/p>\n<p>\n                <\/div>\n                                                <div class=\"wp-block-buttons is-layout-flex wp-block-buttons-is-layout-flex\">\n                    <div class=\"wp-block-button\">\n                        <a aria-label=\"Mehr lesen\" class=\"wp-block-button__link wp-element-button dynamicContentTwoColumns dynamicContentTwoColumns__ctaButton\" href=\"https:\/\/www.visitsmaland.se\/de\/entdecken\/preiselbeeren-in-smaland\/\">\n                            Mehr erfahren                        <\/a>\n                    <\/div>\n                <\/div>\n                                                <div class=\"dynamicContentTwoColumns dynamicContentTwoColumns__imageWrapper\">\n                    <img loading=\"lazy\" decoding=\"async\" width=\"500\" height=\"333\" src=\"https:\/\/www.visitsmaland.se\/wp-content\/uploads\/2024\/04\/lingon4.jpg\" class=\"attachment-500x500 size-500x500\" alt=\"\" srcset=\"https:\/\/www.visitsmaland.se\/wp-content\/uploads\/2024\/04\/lingon4.jpg 1329w, https:\/\/www.visitsmaland.se\/wp-content\/uploads\/2024\/04\/lingon4-300x200.jpg 300w, https:\/\/www.visitsmaland.se\/wp-content\/uploads\/2024\/04\/lingon4-1024x683.jpg 1024w, https:\/\/www.visitsmaland.se\/wp-content\/uploads\/2024\/04\/lingon4-768x512.jpg 768w\" sizes=\"(max-width: 500px) 100vw, 500px\" \/>                <\/div>\n                                                <div class=\"dynamicContentTwoColumns dynamicContentTwoColumns__imageWrapper\">\n                    <img loading=\"lazy\" decoding=\"async\" width=\"500\" height=\"333\" src=\"https:\/\/www.visitsmaland.se\/wp-content\/uploads\/2025\/11\/gigeryd-13.jpg\" class=\"attachment-500x500 size-500x500\" alt=\"\" srcset=\"https:\/\/www.visitsmaland.se\/wp-content\/uploads\/2025\/11\/gigeryd-13.jpg 2048w, https:\/\/www.visitsmaland.se\/wp-content\/uploads\/2025\/11\/gigeryd-13-300x200.jpg 300w, https:\/\/www.visitsmaland.se\/wp-content\/uploads\/2025\/11\/gigeryd-13-1024x683.jpg 1024w, https:\/\/www.visitsmaland.se\/wp-content\/uploads\/2025\/11\/gigeryd-13-768x512.jpg 768w, https:\/\/www.visitsmaland.se\/wp-content\/uploads\/2025\/11\/gigeryd-13-1536x1024.jpg 1536w\" sizes=\"(max-width: 500px) 100vw, 500px\" \/>                <\/div>\n                                                <h3 class=\"dynamicContentTwoColumns dynamicContentTwoColumns__heading\">\n                    Erdbeeren selber pfl\u00fccken in Sm\u00e5land und auf \u00d6land                <\/h3>\n                                                <div class=\"dynamicContentTwoColumns dynamicContentTwoColumns__text\">\n                    <p><p data-start=\"2527\" data-end=\"2741\">Das Selbstpfl\u00fccken von Erdbeeren ist eine beliebte Sommeraktivit\u00e4t in Sm\u00e5land und auf \u00d6land. Es ist die perfekte M\u00f6glichkeit, sonnenreife, saftige Beeren direkt vom Feld zu genie\u00dfen und l\u00e4ndliche Idylle zu erleben.<\/p>\n<p data-start=\"2743\" data-end=\"2981\">Auf mehreren Bauernh\u00f6fen kannst du deine eigenen Erdbeeren pfl\u00fccken, zwischen den Reihen spazieren und die D\u00fcfte und Farben des Sommers genie\u00dfen. Nimm dir frische Erdbeeren mit nach Hause \u2013 direkt von den H\u00f6fen in Sm\u00e5land und auf \u00d6land.<\/p>\n<p>\n                <\/div>\n                                                <div class=\"wp-block-buttons is-layout-flex wp-block-buttons-is-layout-flex\">\n                    <div class=\"wp-block-button\">\n                        <a aria-label=\"Mehr lesen\" class=\"wp-block-button__link wp-element-button dynamicContentTwoColumns dynamicContentTwoColumns__ctaButton\" href=\"https:\/\/www.visitsmaland.se\/de\/entdecken\/erdbeeren-pflucken-smaland\/\">\n                            Mehr erfahren                        <\/a>\n                    <\/div>\n                <\/div>\n                        <\/div>\n<\/div>\n\n\n<div class=\"contentImageTwoColumns contentImageTwoColumns__wrapper\" style=\"background-color: #374632\">\n    <div class=\"contentImageTwoColumns contentImageTwoColumns__container \">\n        <div class=\"contentImageTwoColumns contentImageTwoColumns__contentWrapper\">\n            <h2 class=\"contentImageTwoColumns contentImageTwoColumns__heading\" style=\"color: #ffffff\">\n                K\u00fcrbisse            <\/h2>\n            <div class=\"contentImageTwoColumns contentImageTwoColumns__text contentImageTwoColumns__text--short\" style=\"color: #ffffff\">\n                                    <p data-start=\"184\" data-end=\"406\">W\u00e4hrend des Erntefests auf \u00d6land verwandeln sich die H\u00f6fe in farbenfrohe Herbstlandschaften mit K\u00fcrbissen in allen Formen und Gr\u00f6\u00dfen. Hier kannst du deinen eigenen K&#8230;                    <button type=\"button\" class=\"contentImageTwoColumns contentImageTwoColumns__readMoreLess\">\n                        Mehr lesen +                    <\/button>\n                            <\/div>\n            <div class=\"contentImageTwoColumns contentImageTwoColumns__text contentImageTwoColumns__text--full\" style=\"color: #ffffff\">\n                <p data-start=\"184\" data-end=\"406\">W\u00e4hrend des Erntefests auf \u00d6land verwandeln sich die H\u00f6fe in farbenfrohe Herbstlandschaften mit K\u00fcrbissen in allen Formen und Gr\u00f6\u00dfen. Hier kannst du deinen eigenen K\u00fcrbis direkt vom Feld pfl\u00fccken oder aus bereits geernteten K\u00fcrbissen w\u00e4hlen. Genie\u00dfe die frische Herbstluft und spaziere zwischen den bunten K\u00fcrbissen.<\/p>\n                <button type=\"button\" class=\"contentImageTwoColumns contentImageTwoColumns__readMoreLess\">\n                    Weniger lesen &#8211;                <\/button>\n            <\/div>\n                        <div class=\"wp-block-buttons is-layout-flex wp-block-buttons-is-layout-flex\">\n                <div class=\"wp-block-button \">\n                    <a aria-label=\"\u00d6lands Erntefest\" class=\"wp-block-button__link wp-element-button\" href=\"https:\/\/skordefest.nu\/\" style=\"background-color: #f4f2eb; color: #000000;border: solid 1px #f4f2eb\">\n                        \u00d6lands Erntefest                    <\/a>\n                <\/div>\n            <\/div>\n                                <\/div>\n        <div class=\"contentImageTwoColumns contentImageTwoColumns__imageWrapper\">\n            <img loading=\"lazy\" decoding=\"async\" width=\"1024\" height=\"740\" src=\"https:\/\/www.visitsmaland.se\/wp-content\/uploads\/2024\/04\/Olands-Skordefest-Pumpor-6-AH-2018-1024x740.jpg\" class=\"attachment-grid-card-images size-grid-card-images\" alt=\"\" \/>        <\/div>\n    <\/div>\n<\/div>\n\n\n\n<div style=\"height:11px\" aria-hidden=\"true\" class=\"wp-block-spacer\"><\/div>\n\n\n\n<figure class=\"wp-block-gallery has-nested-images columns-default is-cropped wp-block-gallery-2 is-layout-flex wp-block-gallery-is-layout-flex\">\n<figure class=\"wp-block-image size-large\"><img loading=\"lazy\" decoding=\"async\" width=\"1024\" height=\"683\" data-id=\"78696\" src=\"https:\/\/www.visitsmaland.se\/wp-content\/uploads\/2025\/11\/ALEX2264-1024x683.jpg\" alt=\"\" class=\"wp-image-78696\" srcset=\"https:\/\/www.visitsmaland.se\/wp-content\/uploads\/2025\/11\/ALEX2264-1024x683.jpg 1024w, https:\/\/www.visitsmaland.se\/wp-content\/uploads\/2025\/11\/ALEX2264-300x200.jpg 300w, https:\/\/www.visitsmaland.se\/wp-content\/uploads\/2025\/11\/ALEX2264-768x512.jpg 768w, https:\/\/www.visitsmaland.se\/wp-content\/uploads\/2025\/11\/ALEX2264-1536x1025.jpg 1536w, https:\/\/www.visitsmaland.se\/wp-content\/uploads\/2025\/11\/ALEX2264-2048x1366.jpg 2048w\" sizes=\"(max-width: 1024px) 100vw, 1024px\" \/><\/figure>\n\n\n\n<figure class=\"wp-block-image size-large\"><img loading=\"lazy\" decoding=\"async\" width=\"1024\" height=\"683\" data-id=\"65298\" src=\"https:\/\/www.visitsmaland.se\/wp-content\/uploads\/2025\/03\/gigeryd-27-1024x683.jpg\" alt=\"\" class=\"wp-image-65298\" srcset=\"https:\/\/www.visitsmaland.se\/wp-content\/uploads\/2025\/03\/gigeryd-27-1024x683.jpg 1024w, https:\/\/www.visitsmaland.se\/wp-content\/uploads\/2025\/03\/gigeryd-27-300x200.jpg 300w, https:\/\/www.visitsmaland.se\/wp-content\/uploads\/2025\/03\/gigeryd-27-768x512.jpg 768w, https:\/\/www.visitsmaland.se\/wp-content\/uploads\/2025\/03\/gigeryd-27-1536x1024.jpg 1536w, https:\/\/www.visitsmaland.se\/wp-content\/uploads\/2025\/03\/gigeryd-27.jpg 2048w\" sizes=\"(max-width: 1024px) 100vw, 1024px\" \/><\/figure>\n\n\n\n<figure class=\"wp-block-image size-large\"><img loading=\"lazy\" decoding=\"async\" width=\"1024\" height=\"683\" data-id=\"78671\" src=\"https:\/\/www.visitsmaland.se\/wp-content\/uploads\/2025\/11\/olandsskordefest-norrgarden-i-ventlinge-alexander-hall-oland-co-2025-ALEX0139-1024x683.jpg\" alt=\"\" class=\"wp-image-78671\" srcset=\"https:\/\/www.visitsmaland.se\/wp-content\/uploads\/2025\/11\/olandsskordefest-norrgarden-i-ventlinge-alexander-hall-oland-co-2025-ALEX0139-1024x683.jpg 1024w, https:\/\/www.visitsmaland.se\/wp-content\/uploads\/2025\/11\/olandsskordefest-norrgarden-i-ventlinge-alexander-hall-oland-co-2025-ALEX0139-300x200.jpg 300w, https:\/\/www.visitsmaland.se\/wp-content\/uploads\/2025\/11\/olandsskordefest-norrgarden-i-ventlinge-alexander-hall-oland-co-2025-ALEX0139-768x512.jpg 768w, https:\/\/www.visitsmaland.se\/wp-content\/uploads\/2025\/11\/olandsskordefest-norrgarden-i-ventlinge-alexander-hall-oland-co-2025-ALEX0139-1536x1025.jpg 1536w, https:\/\/www.visitsmaland.se\/wp-content\/uploads\/2025\/11\/olandsskordefest-norrgarden-i-ventlinge-alexander-hall-oland-co-2025-ALEX0139-2048x1366.jpg 2048w\" sizes=\"(max-width: 1024px) 100vw, 1024px\" \/><\/figure>\n<\/figure>\n\n\n<div class=\"dynamicContentTwoColumns dynamicContentTwoColumns__wrapper\">\n    <div class=\"dynamicContentTwoColumns dynamicContentTwoColumns__container\">\n                                    <h3 class=\"dynamicContentTwoColumns dynamicContentTwoColumns__heading\">\n                    Selbstpfl\u00fccken von Blumen in Sm\u00e5land                <\/h3>\n                                                <div class=\"dynamicContentTwoColumns dynamicContentTwoColumns__imageWrapper\">\n                    <img loading=\"lazy\" decoding=\"async\" width=\"500\" height=\"375\" src=\"https:\/\/www.visitsmaland.se\/wp-content\/uploads\/2025\/04\/Wieselgrensgarden_huvudbild.jpg\" class=\"attachment-500x500 size-500x500\" alt=\"\" srcset=\"https:\/\/www.visitsmaland.se\/wp-content\/uploads\/2025\/04\/Wieselgrensgarden_huvudbild.jpg 1847w, https:\/\/www.visitsmaland.se\/wp-content\/uploads\/2025\/04\/Wieselgrensgarden_huvudbild-300x225.jpg 300w, https:\/\/www.visitsmaland.se\/wp-content\/uploads\/2025\/04\/Wieselgrensgarden_huvudbild-1024x768.jpg 1024w, https:\/\/www.visitsmaland.se\/wp-content\/uploads\/2025\/04\/Wieselgrensgarden_huvudbild-768x576.jpg 768w, https:\/\/www.visitsmaland.se\/wp-content\/uploads\/2025\/04\/Wieselgrensgarden_huvudbild-1536x1152.jpg 1536w\" sizes=\"(max-width: 500px) 100vw, 500px\" \/>                <\/div>\n                                                <div class=\"dynamicContentTwoColumns dynamicContentTwoColumns__text\">\n                    <p><p data-start=\"792\" data-end=\"956\">Auf vielen H\u00f6fen in Sm\u00e5land kannst du zwischen den Feldern spazieren und aus den sch\u00f6nsten Blumen der Saison w\u00e4hlen. Gestalte deine eigenen Blumenstr\u00e4u\u00dfe und nimm ein St\u00fcck Sm\u00e5land mit nach Hause. Entdecke lokale H\u00f6fe mit Blumenfeldern und lass dich von den Farben, D\u00fcften und der l\u00e4ndlichen Atmosph\u00e4re Sm\u00e5lands inspirieren.<\/p>\n<p>\n                <\/div>\n                                                <div class=\"wp-block-buttons is-layout-flex wp-block-buttons-is-layout-flex\">\n                    <div class=\"wp-block-button\">\n                        <a aria-label=\"Mehr lesen\" class=\"wp-block-button__link wp-element-button dynamicContentTwoColumns dynamicContentTwoColumns__ctaButton\" href=\"https:\/\/www.visitsmaland.se\/de\/entdecken\/gemusegarten\/\">\n                            Jetzt entdecken                        <\/a>\n                    <\/div>\n                <\/div>\n                                                <h3 class=\"dynamicContentTwoColumns dynamicContentTwoColumns__heading\">\n                    Selbstpfl\u00fccken von Mais in Sm\u00e5land                <\/h3>\n                                                <div class=\"dynamicContentTwoColumns dynamicContentTwoColumns__imageWrapper\">\n                    <img loading=\"lazy\" decoding=\"async\" width=\"500\" height=\"334\" src=\"https:\/\/www.visitsmaland.se\/wp-content\/uploads\/2025\/11\/majplockning-scaled.jpg\" class=\"attachment-500x500 size-500x500\" alt=\"\" srcset=\"https:\/\/www.visitsmaland.se\/wp-content\/uploads\/2025\/11\/majplockning-scaled.jpg 2560w, https:\/\/www.visitsmaland.se\/wp-content\/uploads\/2025\/11\/majplockning-300x200.jpg 300w, https:\/\/www.visitsmaland.se\/wp-content\/uploads\/2025\/11\/majplockning-1024x683.jpg 1024w, https:\/\/www.visitsmaland.se\/wp-content\/uploads\/2025\/11\/majplockning-768x513.jpg 768w, https:\/\/www.visitsmaland.se\/wp-content\/uploads\/2025\/11\/majplockning-1536x1025.jpg 1536w, https:\/\/www.visitsmaland.se\/wp-content\/uploads\/2025\/11\/majplockning-2048x1367.jpg 2048w\" sizes=\"(max-width: 500px) 100vw, 500px\" \/>                <\/div>\n                                                <div class=\"dynamicContentTwoColumns dynamicContentTwoColumns__text\">\n                    <p><p data-start=\"134\" data-end=\"367\">Im Herbst ist es Zeit, frischen, saftigen Mais zu pfl\u00fccken! In Sm\u00e5land kannst du gem\u00fctlich durch die gr\u00fcnen Maisfelder gehen, die sonnenreifen Kolben ausw\u00e4hlen, den Duft von frisch geerntetem Mais genie\u00dfen und die ruhige, l\u00e4ndliche Umgebung auf dem Hof erleben.<\/p>\n<p data-start=\"2435\" data-end=\"2584\">Es gibt mehrere H\u00f6fe in Sm\u00e5land, auf denen du selbst Mais pfl\u00fccken kannst, darunter <a href=\"https:\/\/www.strandsgard.se\/\">Strands G\u00e5rd<\/a> bei Huskvarna und <a href=\"https:\/\/wirbladhs.se\/\">Wirbladhs G\u00e5rdshandel<\/a> bei Kalmar.<\/p>\n<p>\n                <\/div>\n                        <\/div>\n<\/div>\n\n\n  \n<div class=\"featuredTwoColumns featuredTwoColumns__wrapper\">\n    <div class=\"featuredTwoColumns featuredTwoColumns__container\">  \n            <div class=\"featuredTwoColumns featuredTwoColumns__feturedWrapper\">\n            <a aria-label=\"Schatzsuche in den W\u00e4ldern Sm\u00e5lands\" href=\"https:\/\/www.visitsmaland.se\/de\/entdecken\/beeren-und-pilze-pfluecken\/\"class=\"featuredTwoColumns featuredTwoColumns__imageWrapper\">\n                <img loading=\"lazy\" decoding=\"async\" width=\"1024\" height=\"740\" src=\"https:\/\/www.visitsmaland.se\/wp-content\/uploads\/2024\/04\/kantareller4-1024x740.jpg\" class=\"attachment-grid-card-images size-grid-card-images wp-post-image\" alt=\"\" \/>            <\/a>\n            <div class=\"featuredTwoColumns featuredTwoColumns__contentWrapper\">\n                <h2 class=\"featuredTwoColumns featuredTwoColumns__heading\">\n                    Schatzsuche in den W\u00e4ldern Sm\u00e5lands                <\/h2>\n                <p class=\"featuredTwoColumns featuredTwoColumns__description\">\n                    Sm\u00e5lands W\u00e4lder sind prallvoll mit k\u00f6stlichen Beere\u2026                <\/p>\n                 \n                 \n                <div class=\"wp-block-buttons is-layout-flex wp-block-buttons-is-layout-flex\">\n                    <div class=\"wp-block-button \">\n                        <a aria-label=\"Schatzsuche in den W\u00e4ldern Sm\u00e5lands\"class=\"wp-block-button__link wp-element-button\" href=\"https:\/\/www.visitsmaland.se\/de\/entdecken\/beeren-und-pilze-pfluecken\/\">\n                            Entdecke                       \n                         <\/a>\n                    <\/div>\n                <\/div>\n            <\/div>\n        <\/div>\n                <div class=\"featuredTwoColumns featuredTwoColumns__feturedWrapper\">\n            <a aria-label=\"Hofl\u00e4den in Sm\u00e5land\" href=\"https:\/\/www.visitsmaland.se\/de\/entdecken\/hofladen-in-smaland\/\"class=\"featuredTwoColumns featuredTwoColumns__imageWrapper\">\n                <img loading=\"lazy\" decoding=\"async\" width=\"1024\" height=\"740\" src=\"https:\/\/www.visitsmaland.se\/wp-content\/uploads\/2024\/04\/sjolyckornas_gardsbutik_img_2422-1024x740.jpg\" class=\"attachment-grid-card-images size-grid-card-images wp-post-image\" alt=\"\" \/>            <\/a>\n            <div class=\"featuredTwoColumns featuredTwoColumns__contentWrapper\">\n                <h2 class=\"featuredTwoColumns featuredTwoColumns__heading\">\n                    Hofl\u00e4den in Sm\u00e5land                <\/h2>\n                <p class=\"featuredTwoColumns featuredTwoColumns__description\">\n                    Gutes aus der G\u00e5rdsbutik: Hier gibt es Frisches dir\u2026                <\/p>\n                 \n                 \n                <div class=\"wp-block-buttons is-layout-flex wp-block-buttons-is-layout-flex\">\n                    <div class=\"wp-block-button \">\n                        <a aria-label=\"Hofl\u00e4den in Sm\u00e5land\"class=\"wp-block-button__link wp-element-button\" href=\"https:\/\/www.visitsmaland.se\/de\/entdecken\/hofladen-in-smaland\/\">\n                            Entdecke                       \n                         <\/a>\n                    <\/div>\n                <\/div>\n            <\/div>\n        <\/div>\n            <\/div>\n<\/div>\n","protected":false},"excerpt":{"rendered":"<p>F\u00fclle deinen Korb mit frischen, saisonalen Produkten und komm zum Selbstpfl\u00fccken von Obst, Gem\u00fcse und Blumen nach Sm\u00e5land und \u00d6land. Erdbeeren, Blumen und Sonnenblumen im Sommer, K\u00fcrbisse, Mais und Preiselbeeren im Herbst\u00a0\u2013 eine sch\u00f6ne Art, die Natur zu genie\u00dfen und lokale Aromen mit nach Hause zu nehmen.<\/p>\n","protected":false},"featured_media":78664,"parent":0,"menu_order":251,"template":"","tags":[],"land":[],"class_list":["post-80538","guide","type-guide","status-publish","has-post-thumbnail","hentry"],"acf":{"priority":""},"yoast_head":"<!-- This site is optimized with the Yoast SEO plugin v27.5 - https:\/\/yoast.com\/product\/yoast-seo-wordpress\/ -->\n<title>Selbstpfl\u00fccken in Sm\u00e5land und auf \u00d6land | Visit Sm\u00e5land<\/title>\n<meta name=\"description\" content=\"Erdbeeren, Blumen, Mais oder K\u00fcrbisse direkt vom Feld: Entdecke M\u00f6glichkeiten zum Selbstpfl\u00fccken in Sm\u00e5land und auf \u00d6land.\" \/>\n<meta name=\"robots\" content=\"index, follow, max-snippet:-1, max-image-preview:large, max-video-preview:-1\" \/>\n<link rel=\"canonical\" href=\"https:\/\/www.visitsmaland.se\/de\/entdecken\/selbstpfluecken-in-smaland\/\" \/>\n<meta property=\"og:locale\" content=\"de_DE\" \/>\n<meta property=\"og:type\" content=\"article\" \/>\n<meta property=\"og:title\" content=\"Selbstpfl\u00fccken in Sm\u00e5land und auf \u00d6land | Visit Sm\u00e5land\" \/>\n<meta property=\"og:description\" content=\"Erdbeeren, Blumen, Mais oder K\u00fcrbisse direkt vom Feld: Entdecke M\u00f6glichkeiten zum Selbstpfl\u00fccken in Sm\u00e5land und auf \u00d6land.\" \/>\n<meta property=\"og:url\" content=\"https:\/\/www.visitsmaland.se\/de\/entdecken\/selbstpfluecken-in-smaland\/\" \/>\n<meta property=\"og:site_name\" content=\"Visit Sm\u00e5land\" \/>\n<meta property=\"article:publisher\" content=\"https:\/\/www.facebook.com\/visitsmaland\/\" \/>\n<meta property=\"article:modified_time\" content=\"2026-01-20T14:34:42+00:00\" \/>\n<meta property=\"og:image\" content=\"https:\/\/www.visitsmaland.se\/wp-content\/uploads\/2025\/11\/OlandsSkordefest-Pumpor-AlexanderHall2022-OlandCo-ALEX1234-scaled.jpg\" \/>\n\t<meta property=\"og:image:width\" content=\"2560\" \/>\n\t<meta property=\"og:image:height\" content=\"1708\" \/>\n\t<meta property=\"og:image:type\" content=\"image\/jpeg\" \/>\n<meta name=\"twitter:card\" content=\"summary_large_image\" \/>\n<meta name=\"twitter:label1\" content=\"Gesch\u00e4tzte Lesezeit\" \/>\n\t<meta name=\"twitter:data1\" content=\"1\u00a0Minute\" \/>\n<script type=\"application\/ld+json\" class=\"yoast-schema-graph\">{\"@context\":\"https:\\\/\\\/schema.org\",\"@graph\":[{\"@type\":\"WebPage\",\"@id\":\"https:\\\/\\\/www.visitsmaland.se\\\/de\\\/entdecken\\\/selbstpfluecken-in-smaland\\\/\",\"url\":\"https:\\\/\\\/www.visitsmaland.se\\\/de\\\/entdecken\\\/selbstpfluecken-in-smaland\\\/\",\"name\":\"Selbstpfl\u00fccken in Sm\u00e5land und auf \u00d6land | Visit Sm\u00e5land\",\"isPartOf\":{\"@id\":\"https:\\\/\\\/www.visitsmaland.se\\\/de\\\/#website\"},\"primaryImageOfPage\":{\"@id\":\"https:\\\/\\\/www.visitsmaland.se\\\/de\\\/entdecken\\\/selbstpfluecken-in-smaland\\\/#primaryimage\"},\"image\":{\"@id\":\"https:\\\/\\\/www.visitsmaland.se\\\/de\\\/entdecken\\\/selbstpfluecken-in-smaland\\\/#primaryimage\"},\"thumbnailUrl\":\"https:\\\/\\\/www.visitsmaland.se\\\/wp-content\\\/uploads\\\/2025\\\/11\\\/OlandsSkordefest-Pumpor-AlexanderHall2022-OlandCo-ALEX1234-scaled.jpg\",\"datePublished\":\"2025-12-10T15:19:56+00:00\",\"dateModified\":\"2026-01-20T14:34:42+00:00\",\"description\":\"Erdbeeren, Blumen, Mais oder K\u00fcrbisse direkt vom Feld: Entdecke M\u00f6glichkeiten zum Selbstpfl\u00fccken in Sm\u00e5land und auf \u00d6land.\",\"breadcrumb\":{\"@id\":\"https:\\\/\\\/www.visitsmaland.se\\\/de\\\/entdecken\\\/selbstpfluecken-in-smaland\\\/#breadcrumb\"},\"inLanguage\":\"de\",\"potentialAction\":[{\"@type\":\"ReadAction\",\"target\":[\"https:\\\/\\\/www.visitsmaland.se\\\/de\\\/entdecken\\\/selbstpfluecken-in-smaland\\\/\"]}]},{\"@type\":\"ImageObject\",\"inLanguage\":\"de\",\"@id\":\"https:\\\/\\\/www.visitsmaland.se\\\/de\\\/entdecken\\\/selbstpfluecken-in-smaland\\\/#primaryimage\",\"url\":\"https:\\\/\\\/www.visitsmaland.se\\\/wp-content\\\/uploads\\\/2025\\\/11\\\/OlandsSkordefest-Pumpor-AlexanderHall2022-OlandCo-ALEX1234-scaled.jpg\",\"contentUrl\":\"https:\\\/\\\/www.visitsmaland.se\\\/wp-content\\\/uploads\\\/2025\\\/11\\\/OlandsSkordefest-Pumpor-AlexanderHall2022-OlandCo-ALEX1234-scaled.jpg\",\"width\":2560,\"height\":1708},{\"@type\":\"BreadcrumbList\",\"@id\":\"https:\\\/\\\/www.visitsmaland.se\\\/de\\\/entdecken\\\/selbstpfluecken-in-smaland\\\/#breadcrumb\",\"itemListElement\":[{\"@type\":\"ListItem\",\"position\":1,\"name\":\"Startseite\",\"item\":\"https:\\\/\\\/www.visitsmaland.se\\\/de\\\/\"},{\"@type\":\"ListItem\",\"position\":2,\"name\":\"Selbstpfl\u00fccken in Sm\u00e5land\"}]},{\"@type\":\"WebSite\",\"@id\":\"https:\\\/\\\/www.visitsmaland.se\\\/de\\\/#website\",\"url\":\"https:\\\/\\\/www.visitsmaland.se\\\/de\\\/\",\"name\":\"Visit Sm\u00e5land\",\"description\":\"V\u00e4lkommen till Sm\u00e5land\",\"potentialAction\":[{\"@type\":\"SearchAction\",\"target\":{\"@type\":\"EntryPoint\",\"urlTemplate\":\"https:\\\/\\\/www.visitsmaland.se\\\/de\\\/?s={search_term_string}\"},\"query-input\":{\"@type\":\"PropertyValueSpecification\",\"valueRequired\":true,\"valueName\":\"search_term_string\"}}],\"inLanguage\":\"de\"}]}<\/script>\n<!-- \/ Yoast SEO plugin. -->","yoast_head_json":{"title":"Selbstpfl\u00fccken in Sm\u00e5land und auf \u00d6land | Visit Sm\u00e5land","description":"Erdbeeren, Blumen, Mais oder K\u00fcrbisse direkt vom Feld: Entdecke M\u00f6glichkeiten zum Selbstpfl\u00fccken in Sm\u00e5land und auf \u00d6land.","robots":{"index":"index","follow":"follow","max-snippet":"max-snippet:-1","max-image-preview":"max-image-preview:large","max-video-preview":"max-video-preview:-1"},"canonical":"https:\/\/www.visitsmaland.se\/de\/entdecken\/selbstpfluecken-in-smaland\/","og_locale":"de_DE","og_type":"article","og_title":"Selbstpfl\u00fccken in Sm\u00e5land und auf \u00d6land | Visit Sm\u00e5land","og_description":"Erdbeeren, Blumen, Mais oder K\u00fcrbisse direkt vom Feld: Entdecke M\u00f6glichkeiten zum Selbstpfl\u00fccken in Sm\u00e5land und auf \u00d6land.","og_url":"https:\/\/www.visitsmaland.se\/de\/entdecken\/selbstpfluecken-in-smaland\/","og_site_name":"Visit Sm\u00e5land","article_publisher":"https:\/\/www.facebook.com\/visitsmaland\/","article_modified_time":"2026-01-20T14:34:42+00:00","og_image":[{"width":2560,"height":1708,"url":"https:\/\/www.visitsmaland.se\/wp-content\/uploads\/2025\/11\/OlandsSkordefest-Pumpor-AlexanderHall2022-OlandCo-ALEX1234-scaled.jpg","type":"image\/jpeg"}],"twitter_card":"summary_large_image","twitter_misc":{"Gesch\u00e4tzte Lesezeit":"1\u00a0Minute"},"schema":{"@context":"https:\/\/schema.org","@graph":[{"@type":"WebPage","@id":"https:\/\/www.visitsmaland.se\/de\/entdecken\/selbstpfluecken-in-smaland\/","url":"https:\/\/www.visitsmaland.se\/de\/entdecken\/selbstpfluecken-in-smaland\/","name":"Selbstpfl\u00fccken in Sm\u00e5land und auf \u00d6land | Visit Sm\u00e5land","isPartOf":{"@id":"https:\/\/www.visitsmaland.se\/de\/#website"},"primaryImageOfPage":{"@id":"https:\/\/www.visitsmaland.se\/de\/entdecken\/selbstpfluecken-in-smaland\/#primaryimage"},"image":{"@id":"https:\/\/www.visitsmaland.se\/de\/entdecken\/selbstpfluecken-in-smaland\/#primaryimage"},"thumbnailUrl":"https:\/\/www.visitsmaland.se\/wp-content\/uploads\/2025\/11\/OlandsSkordefest-Pumpor-AlexanderHall2022-OlandCo-ALEX1234-scaled.jpg","datePublished":"2025-12-10T15:19:56+00:00","dateModified":"2026-01-20T14:34:42+00:00","description":"Erdbeeren, Blumen, Mais oder K\u00fcrbisse direkt vom Feld: Entdecke M\u00f6glichkeiten zum Selbstpfl\u00fccken in Sm\u00e5land und auf \u00d6land.","breadcrumb":{"@id":"https:\/\/www.visitsmaland.se\/de\/entdecken\/selbstpfluecken-in-smaland\/#breadcrumb"},"inLanguage":"de","potentialAction":[{"@type":"ReadAction","target":["https:\/\/www.visitsmaland.se\/de\/entdecken\/selbstpfluecken-in-smaland\/"]}]},{"@type":"ImageObject","inLanguage":"de","@id":"https:\/\/www.visitsmaland.se\/de\/entdecken\/selbstpfluecken-in-smaland\/#primaryimage","url":"https:\/\/www.visitsmaland.se\/wp-content\/uploads\/2025\/11\/OlandsSkordefest-Pumpor-AlexanderHall2022-OlandCo-ALEX1234-scaled.jpg","contentUrl":"https:\/\/www.visitsmaland.se\/wp-content\/uploads\/2025\/11\/OlandsSkordefest-Pumpor-AlexanderHall2022-OlandCo-ALEX1234-scaled.jpg","width":2560,"height":1708},{"@type":"BreadcrumbList","@id":"https:\/\/www.visitsmaland.se\/de\/entdecken\/selbstpfluecken-in-smaland\/#breadcrumb","itemListElement":[{"@type":"ListItem","position":1,"name":"Startseite","item":"https:\/\/www.visitsmaland.se\/de\/"},{"@type":"ListItem","position":2,"name":"Selbstpfl\u00fccken in Sm\u00e5land"}]},{"@type":"WebSite","@id":"https:\/\/www.visitsmaland.se\/de\/#website","url":"https:\/\/www.visitsmaland.se\/de\/","name":"Visit Sm\u00e5land","description":"V\u00e4lkommen till Sm\u00e5land","potentialAction":[{"@type":"SearchAction","target":{"@type":"EntryPoint","urlTemplate":"https:\/\/www.visitsmaland.se\/de\/?s={search_term_string}"},"query-input":{"@type":"PropertyValueSpecification","valueRequired":true,"valueName":"search_term_string"}}],"inLanguage":"de"}]}},"_links":{"self":[{"href":"https:\/\/www.visitsmaland.se\/de\/wp-json\/wp\/v2\/guide\/80538","targetHints":{"allow":["GET"]}}],"collection":[{"href":"https:\/\/www.visitsmaland.se\/de\/wp-json\/wp\/v2\/guide"}],"about":[{"href":"https:\/\/www.visitsmaland.se\/de\/wp-json\/wp\/v2\/types\/guide"}],"version-history":[{"count":5,"href":"https:\/\/www.visitsmaland.se\/de\/wp-json\/wp\/v2\/guide\/80538\/revisions"}],"predecessor-version":[{"id":83503,"href":"https:\/\/www.visitsmaland.se\/de\/wp-json\/wp\/v2\/guide\/80538\/revisions\/83503"}],"wp:featuredmedia":[{"embeddable":true,"href":"https:\/\/www.visitsmaland.se\/de\/wp-json\/wp\/v2\/media\/78664"}],"wp:attachment":[{"href":"https:\/\/www.visitsmaland.se\/de\/wp-json\/wp\/v2\/media?parent=80538"}],"wp:term":[{"taxonomy":"post_tag","embeddable":true,"href":"https:\/\/www.visitsmaland.se\/de\/wp-json\/wp\/v2\/tags?post=80538"},{"taxonomy":"land","embeddable":true,"href":"https:\/\/www.visitsmaland.se\/de\/wp-json\/wp\/v2\/land?post=80538"}],"curies":[{"name":"wp","href":"https:\/\/api.w.org\/{rel}","templated":true}]}}