{"id":95523,"date":"2026-04-09T10:32:19","date_gmt":"2026-04-09T08:32:19","guid":{"rendered":"https:\/\/www.visitsmaland.se\/?post_type=guide&#038;p=95523"},"modified":"2026-04-09T12:27:17","modified_gmt":"2026-04-09T10:27:17","slug":"maren-und-manuel-entdecken-smaland-und-oland-im-winter","status":"publish","type":"guide","link":"https:\/\/www.visitsmaland.se\/de\/entdecken\/maren-und-manuel-entdecken-smaland-und-oland-im-winter\/","title":{"rendered":"Maren und Manuel entdecken Sm\u00e5land und \u00d6land im Winter"},"content":{"rendered":"<div class=\"postHerosection postHerosection__wrapper\">\n    <div class=\"postHerosection postHerosection__container\">\n        <h1 class=\"postHerosection postHerosection__heroHeading\">\n            Maren und Manuel entdecken Sm\u00e5land und \u00d6land im Winter        <\/h1>\n            <\/div>\n    <div class=\"postHerosection postHerosection__imageContainer\">\n        <img loading=\"lazy\" decoding=\"async\" width=\"2560\" height=\"1707\" src=\"https:\/\/www.visitsmaland.se\/wp-content\/uploads\/2026\/04\/Explore-Beyond-Seasons_O\u0308land-109-\u00a9Travelling-Creatives-scaled.jpg\" class=\"attachment-full size-full\" alt=\"\" srcset=\"https:\/\/www.visitsmaland.se\/wp-content\/uploads\/2026\/04\/Explore-Beyond-Seasons_O\u0308land-109-\u00a9Travelling-Creatives-scaled.jpg 2560w, https:\/\/www.visitsmaland.se\/wp-content\/uploads\/2026\/04\/Explore-Beyond-Seasons_O\u0308land-109-\u00a9Travelling-Creatives-300x200.jpg 300w, https:\/\/www.visitsmaland.se\/wp-content\/uploads\/2026\/04\/Explore-Beyond-Seasons_O\u0308land-109-\u00a9Travelling-Creatives-1024x683.jpg 1024w, https:\/\/www.visitsmaland.se\/wp-content\/uploads\/2026\/04\/Explore-Beyond-Seasons_O\u0308land-109-\u00a9Travelling-Creatives-768x512.jpg 768w, https:\/\/www.visitsmaland.se\/wp-content\/uploads\/2026\/04\/Explore-Beyond-Seasons_O\u0308land-109-\u00a9Travelling-Creatives-1536x1024.jpg 1536w, https:\/\/www.visitsmaland.se\/wp-content\/uploads\/2026\/04\/Explore-Beyond-Seasons_O\u0308land-109-\u00a9Travelling-Creatives-2048x1365.jpg 2048w\" sizes=\"(max-width: 2560px) 100vw, 2560px\" \/>    <\/div>\n<\/div>\n<div class=\"postHerosection postHerosection__breadcrumbs\">\n   <div class=\"postHerosection postHerosection__breadcrumbs-container\">\n        <p id=\"breadcrumbs\"><span><span><a href=\"https:\/\/www.visitsmaland.se\/de\/\">Startseite<\/a><\/span><\/span><\/p>    <\/div>\n<\/div>\n\n<div class=\"contentCta contentCta__wrapper\">\n    <div class=\"contentCta contentCta__container\">\n                    \t\t\t<div class=\"contentCta contentCta__text\" style=\"color: \">\n\t\t\t\t<p>In diesem Artikel begleiten wir Maren und Manuel auf ihrer Winterreise durch Sm\u00e5land und \u00d6land. Du kannst dir auch ihr YouTube-Video ansehen \u2013 es lohnt sich!<\/p>\n\t\t\t<\/div>\n                <hr>\n            <\/div>\n<\/div>\n\n\n\n<div class=\"wp-block-group has-visitsmaland-greige-background-color has-background is-layout-constrained wp-block-group-is-layout-constrained\"><div class=\"dynamicContentTwoColumns dynamicContentTwoColumns__wrapper\">\n    <div class=\"dynamicContentTwoColumns dynamicContentTwoColumns__container\">\n                                    <h3 class=\"dynamicContentTwoColumns dynamicContentTwoColumns__heading\">\n                    \u00dcber Maren &#038; Manuel &#8211; @\u200croadtrip.the.world                <\/h3>\n                                                <div class=\"dynamicContentTwoColumns dynamicContentTwoColumns__imageWrapper\">\n                    <img loading=\"lazy\" decoding=\"async\" width=\"500\" height=\"333\" src=\"https:\/\/www.visitsmaland.se\/wp-content\/uploads\/2026\/04\/Explore-Beyond-Seasons_Sma\u030aland-38-\u00a9Travelling-Creatives-scaled.jpg\" class=\"attachment-500x500 size-500x500\" alt=\"\" srcset=\"https:\/\/www.visitsmaland.se\/wp-content\/uploads\/2026\/04\/Explore-Beyond-Seasons_Sma\u030aland-38-\u00a9Travelling-Creatives-scaled.jpg 2560w, https:\/\/www.visitsmaland.se\/wp-content\/uploads\/2026\/04\/Explore-Beyond-Seasons_Sma\u030aland-38-\u00a9Travelling-Creatives-300x200.jpg 300w, https:\/\/www.visitsmaland.se\/wp-content\/uploads\/2026\/04\/Explore-Beyond-Seasons_Sma\u030aland-38-\u00a9Travelling-Creatives-1024x683.jpg 1024w, https:\/\/www.visitsmaland.se\/wp-content\/uploads\/2026\/04\/Explore-Beyond-Seasons_Sma\u030aland-38-\u00a9Travelling-Creatives-768x512.jpg 768w, https:\/\/www.visitsmaland.se\/wp-content\/uploads\/2026\/04\/Explore-Beyond-Seasons_Sma\u030aland-38-\u00a9Travelling-Creatives-1536x1024.jpg 1536w, https:\/\/www.visitsmaland.se\/wp-content\/uploads\/2026\/04\/Explore-Beyond-Seasons_Sma\u030aland-38-\u00a9Travelling-Creatives-2048x1365.jpg 2048w\" sizes=\"(max-width: 500px) 100vw, 500px\" \/>                <\/div>\n                                                <div class=\"dynamicContentTwoColumns dynamicContentTwoColumns__text\">\n                    <p><p>Maren und Manuel sind das Reise-Duo hinter <strong>Roadtrip the World<\/strong>. Gemeinsam mit ihrem selbst ausgebauten Camper \u201eSprinti\u201c sind sie seit Ende 2022 quer durch Europa unterwegs \u2013 immer auf der Suche nach Natur, besonderen Landschaften und authentischen Reiseerlebnissen abseits der klassischen Routen. Ihre Leidenschaft f\u00fcr Roadtrips begann mit gemeinsamen Reisen durch Skandinavien, Kanada und die Dolomiten. Heute teilen sie ihre Erfahrungen, Routen und pers\u00f6nlichen Highlights mit ihrer Community, mit vielen Tipps f\u00fcr alle, die gern unabh\u00e4ngig, naturnah und mit dem Camper unterwegs sind.<\/p>\n<p>\n                <\/div>\n                                                <h3 class=\"dynamicContentTwoColumns dynamicContentTwoColumns__heading\">\n                    Marens &#038; Manuels Abenteuer in Sm\u00e5land                <\/h3>\n                                                <div class=\"dynamicContentTwoColumns dynamicContentTwoColumns__text\">\n                    <p><p>F\u00fcr uns haben Maren und Manuel die Gegend rund um den \u00c5snen sowie \u00d6land im Winter erkundet. Auf dieser Seite kannst du ihre Reise nacherleben und dich inspirieren lassen.<\/p>\n<p>\n                <\/div>\n                                                <div class=\"wp-block-buttons is-layout-flex wp-block-buttons-is-layout-flex\">\n                    <div class=\"wp-block-button\">\n                        <a aria-label=\"Mehr lesen\" class=\"wp-block-button__link wp-element-button dynamicContentTwoColumns dynamicContentTwoColumns__ctaButton\" href=\"https:\/\/www.instagram.com\/roadtrip.the.world\/\">\n                            Instagram &#8211; @\u200croadtrip.the.world                        <\/a>\n                    <\/div>\n                <\/div>\n                        <\/div>\n<\/div>\n<\/div>\n\n\n\n<div style=\"height:13px\" aria-hidden=\"true\" class=\"wp-block-spacer\"><\/div>\n\n\n\n<figure class=\"wp-block-gallery has-nested-images columns-default is-cropped wp-block-gallery-2 is-layout-flex wp-block-gallery-is-layout-flex\">\n<figure class=\"wp-block-image size-large\"><img loading=\"lazy\" decoding=\"async\" width=\"1024\" height=\"683\" data-id=\"95542\" src=\"https:\/\/www.visitsmaland.se\/wp-content\/uploads\/2026\/04\/Explore-Beyond-Seasons_Sma\u030aland-35-\u00a9Travelling-Creatives-1024x683.jpg\" alt=\"\" class=\"wp-image-95542\" srcset=\"https:\/\/www.visitsmaland.se\/wp-content\/uploads\/2026\/04\/Explore-Beyond-Seasons_Sma\u030aland-35-\u00a9Travelling-Creatives-1024x683.jpg 1024w, https:\/\/www.visitsmaland.se\/wp-content\/uploads\/2026\/04\/Explore-Beyond-Seasons_Sma\u030aland-35-\u00a9Travelling-Creatives-300x200.jpg 300w, https:\/\/www.visitsmaland.se\/wp-content\/uploads\/2026\/04\/Explore-Beyond-Seasons_Sma\u030aland-35-\u00a9Travelling-Creatives-768x512.jpg 768w, https:\/\/www.visitsmaland.se\/wp-content\/uploads\/2026\/04\/Explore-Beyond-Seasons_Sma\u030aland-35-\u00a9Travelling-Creatives-1536x1024.jpg 1536w, https:\/\/www.visitsmaland.se\/wp-content\/uploads\/2026\/04\/Explore-Beyond-Seasons_Sma\u030aland-35-\u00a9Travelling-Creatives-2048x1365.jpg 2048w\" sizes=\"(max-width: 1024px) 100vw, 1024px\" \/><\/figure>\n\n\n\n<figure class=\"wp-block-image size-large\"><img loading=\"lazy\" decoding=\"async\" width=\"1024\" height=\"682\" data-id=\"95552\" src=\"https:\/\/www.visitsmaland.se\/wp-content\/uploads\/2026\/04\/Explore-Beyond-Seasons_O\u0308land-25-\u00a9Travelling-Creatives-1024x682.jpg\" alt=\"\" class=\"wp-image-95552\" srcset=\"https:\/\/www.visitsmaland.se\/wp-content\/uploads\/2026\/04\/Explore-Beyond-Seasons_O\u0308land-25-\u00a9Travelling-Creatives-1024x682.jpg 1024w, https:\/\/www.visitsmaland.se\/wp-content\/uploads\/2026\/04\/Explore-Beyond-Seasons_O\u0308land-25-\u00a9Travelling-Creatives-300x200.jpg 300w, https:\/\/www.visitsmaland.se\/wp-content\/uploads\/2026\/04\/Explore-Beyond-Seasons_O\u0308land-25-\u00a9Travelling-Creatives-768x512.jpg 768w, https:\/\/www.visitsmaland.se\/wp-content\/uploads\/2026\/04\/Explore-Beyond-Seasons_O\u0308land-25-\u00a9Travelling-Creatives-1536x1023.jpg 1536w, https:\/\/www.visitsmaland.se\/wp-content\/uploads\/2026\/04\/Explore-Beyond-Seasons_O\u0308land-25-\u00a9Travelling-Creatives-2048x1364.jpg 2048w\" sizes=\"(max-width: 1024px) 100vw, 1024px\" \/><\/figure>\n\n\n\n<figure class=\"wp-block-image size-large\"><img loading=\"lazy\" decoding=\"async\" width=\"1024\" height=\"683\" data-id=\"95547\" src=\"https:\/\/www.visitsmaland.se\/wp-content\/uploads\/2026\/04\/Explore-Beyond-Seasons_Sma\u030aland-49-\u00a9Travelling-Creatives-1024x683.jpg\" alt=\"\" class=\"wp-image-95547\" srcset=\"https:\/\/www.visitsmaland.se\/wp-content\/uploads\/2026\/04\/Explore-Beyond-Seasons_Sma\u030aland-49-\u00a9Travelling-Creatives-1024x683.jpg 1024w, https:\/\/www.visitsmaland.se\/wp-content\/uploads\/2026\/04\/Explore-Beyond-Seasons_Sma\u030aland-49-\u00a9Travelling-Creatives-300x200.jpg 300w, https:\/\/www.visitsmaland.se\/wp-content\/uploads\/2026\/04\/Explore-Beyond-Seasons_Sma\u030aland-49-\u00a9Travelling-Creatives-768x512.jpg 768w, https:\/\/www.visitsmaland.se\/wp-content\/uploads\/2026\/04\/Explore-Beyond-Seasons_Sma\u030aland-49-\u00a9Travelling-Creatives-1536x1024.jpg 1536w, https:\/\/www.visitsmaland.se\/wp-content\/uploads\/2026\/04\/Explore-Beyond-Seasons_Sma\u030aland-49-\u00a9Travelling-Creatives-2048x1365.jpg 2048w\" sizes=\"(max-width: 1024px) 100vw, 1024px\" \/><\/figure>\n<\/figure>\n\n\n\n<h2 class=\"wp-block-heading has-text-align-center\">Sieh dir das YouTube-Video hier an!<\/h2>\n\n\n\n<div class=\"wp-block-group alignwide is-layout-constrained wp-block-group-is-layout-constrained\">\n<figure class=\"wp-block-embed is-type-video is-provider-youtube wp-block-embed-youtube wp-embed-aspect-16-9 wp-has-aspect-ratio\"><div class=\"wp-block-embed__wrapper\">\n<iframe loading=\"lazy\" title=\"Zwei Welten, ein Roadtrip: S\u00fcdschweden, wie es kaum jemand kennt | Sm\u00e5land &amp; \u00d6land Reisedoku\" width=\"500\" height=\"281\" src=\"https:\/\/www.youtube.com\/embed\/DUv-22PcHB4?feature=oembed&#038;enablejsapi=1&#038;origin=https:\/\/www.visitsmaland.se\" frameborder=\"0\" allow=\"accelerometer; autoplay; clipboard-write; encrypted-media; gyroscope; picture-in-picture; web-share\" referrerpolicy=\"strict-origin-when-cross-origin\" allowfullscreen><\/iframe>\n<\/div><\/figure>\n<\/div>\n\n\n\n<div class=\"wp-block-group has-visitsmaland-greige-background-color has-background is-layout-constrained wp-block-group-is-layout-constrained\">\n<div style=\"height:30px\" aria-hidden=\"true\" class=\"wp-block-spacer\"><\/div>\n\n\n\n<h2 class=\"wp-block-heading has-text-align-center\">Diese Orte wurden w\u00e4hrend der Reise in Sm\u00e5land und auf \u00d6land besucht<\/h2>\n\n\n<div class=\"externalFeatureCards externalFeatureCards__wrapper\">\n    <div class=\"externalFeatureCards externalFeatureCards__container\">\n            <div class=\"externalFeatureCards externalFeatureCards__cardWrapper\" >\n            <a aria-label=\"H\u00e4tteboda Wilderness Camp\"href=\"https:\/\/vildmarkscamping.se\/de\/home\"class=\"externalFeatureCards externalFeatureCards__imageWrapper\">\n                <img loading=\"lazy\" decoding=\"async\" width=\"1024\" height=\"683\" src=\"https:\/\/www.visitsmaland.se\/wp-content\/uploads\/2026\/04\/Explore-Beyond-Seasons_Sma\u030aland-11-\u00a9Travelling-Creatives-1024x683.jpg\" class=\"attachment-large size-large\" alt=\"\" srcset=\"https:\/\/www.visitsmaland.se\/wp-content\/uploads\/2026\/04\/Explore-Beyond-Seasons_Sma\u030aland-11-\u00a9Travelling-Creatives-1024x683.jpg 1024w, https:\/\/www.visitsmaland.se\/wp-content\/uploads\/2026\/04\/Explore-Beyond-Seasons_Sma\u030aland-11-\u00a9Travelling-Creatives-300x200.jpg 300w, https:\/\/www.visitsmaland.se\/wp-content\/uploads\/2026\/04\/Explore-Beyond-Seasons_Sma\u030aland-11-\u00a9Travelling-Creatives-768x512.jpg 768w, https:\/\/www.visitsmaland.se\/wp-content\/uploads\/2026\/04\/Explore-Beyond-Seasons_Sma\u030aland-11-\u00a9Travelling-Creatives-1536x1024.jpg 1536w, https:\/\/www.visitsmaland.se\/wp-content\/uploads\/2026\/04\/Explore-Beyond-Seasons_Sma\u030aland-11-\u00a9Travelling-Creatives-2048x1365.jpg 2048w\" sizes=\"(max-width: 1024px) 100vw, 1024px\" \/>            <\/a>\n            <div class=\"externalFeatureCards externalFeatureCards__contentWrapper\">\n                <h4 class=\"externalFeatureCards externalFeatureCards__heading\">\n                    H\u00e4tteboda Wilderness Camp                <\/h4>\n                <p>\n                                    <\/p>\n                <div class=\"wp-block-buttons is-layout-flex wp-block-buttons-is-layout-flex\">\n                    <div class=\"wp-block-button \">\n                        <a aria-label=\"Mehr lesen\" class=\"wp-block-button__link wp-element-button\" href=\"https:\/\/vildmarkscamping.se\/de\/home\" target=\"_blank\">\n                            Mehr lesen                        <\/a>\n                    <\/div>\n                <\/div>\n            <\/div>\n        <\/div>\n                <div class=\"externalFeatureCards externalFeatureCards__cardWrapper\" >\n            <a aria-label=\"\u00c5snen \u2013 See und Nationalpark\"href=\"https:\/\/visitasnen.se\/de\/\"class=\"externalFeatureCards externalFeatureCards__imageWrapper\">\n                <img loading=\"lazy\" decoding=\"async\" width=\"683\" height=\"1024\" src=\"https:\/\/www.visitsmaland.se\/wp-content\/uploads\/2026\/04\/Explore-Beyond-Seasons_Sma\u030aland-46-\u00a9Travelling-Creatives-683x1024.jpg\" class=\"attachment-large size-large\" alt=\"\" srcset=\"https:\/\/www.visitsmaland.se\/wp-content\/uploads\/2026\/04\/Explore-Beyond-Seasons_Sma\u030aland-46-\u00a9Travelling-Creatives-683x1024.jpg 683w, https:\/\/www.visitsmaland.se\/wp-content\/uploads\/2026\/04\/Explore-Beyond-Seasons_Sma\u030aland-46-\u00a9Travelling-Creatives-200x300.jpg 200w, https:\/\/www.visitsmaland.se\/wp-content\/uploads\/2026\/04\/Explore-Beyond-Seasons_Sma\u030aland-46-\u00a9Travelling-Creatives-768x1152.jpg 768w, https:\/\/www.visitsmaland.se\/wp-content\/uploads\/2026\/04\/Explore-Beyond-Seasons_Sma\u030aland-46-\u00a9Travelling-Creatives-1024x1536.jpg 1024w, https:\/\/www.visitsmaland.se\/wp-content\/uploads\/2026\/04\/Explore-Beyond-Seasons_Sma\u030aland-46-\u00a9Travelling-Creatives-1365x2048.jpg 1365w, https:\/\/www.visitsmaland.se\/wp-content\/uploads\/2026\/04\/Explore-Beyond-Seasons_Sma\u030aland-46-\u00a9Travelling-Creatives-scaled.jpg 1707w\" sizes=\"(max-width: 683px) 100vw, 683px\" \/>            <\/a>\n            <div class=\"externalFeatureCards externalFeatureCards__contentWrapper\">\n                <h4 class=\"externalFeatureCards externalFeatureCards__heading\">\n                    \u00c5snen \u2013 See und Nationalpark                <\/h4>\n                <p>\n                                    <\/p>\n                <div class=\"wp-block-buttons is-layout-flex wp-block-buttons-is-layout-flex\">\n                    <div class=\"wp-block-button \">\n                        <a aria-label=\"Mehr lesen\" class=\"wp-block-button__link wp-element-button\" href=\"https:\/\/visitasnen.se\/de\/\" target=\"_blank\">\n                            Mehr lesen                        <\/a>\n                    <\/div>\n                <\/div>\n            <\/div>\n        <\/div>\n                <div class=\"externalFeatureCards externalFeatureCards__cardWrapper\" >\n            <a aria-label=\"Der Hofladen der Stj\u00e4rnkrans-Familie\"href=\"https:\/\/stjarnkrans.se\/EN\/\"class=\"externalFeatureCards externalFeatureCards__imageWrapper\">\n                <img loading=\"lazy\" decoding=\"async\" width=\"1024\" height=\"683\" src=\"https:\/\/www.visitsmaland.se\/wp-content\/uploads\/2026\/04\/Explore-Beyond-Seasons_Sma\u030aland-25-\u00a9Travelling-Creatives-1024x683.jpg\" class=\"attachment-large size-large\" alt=\"\" srcset=\"https:\/\/www.visitsmaland.se\/wp-content\/uploads\/2026\/04\/Explore-Beyond-Seasons_Sma\u030aland-25-\u00a9Travelling-Creatives-1024x683.jpg 1024w, https:\/\/www.visitsmaland.se\/wp-content\/uploads\/2026\/04\/Explore-Beyond-Seasons_Sma\u030aland-25-\u00a9Travelling-Creatives-300x200.jpg 300w, https:\/\/www.visitsmaland.se\/wp-content\/uploads\/2026\/04\/Explore-Beyond-Seasons_Sma\u030aland-25-\u00a9Travelling-Creatives-768x512.jpg 768w, https:\/\/www.visitsmaland.se\/wp-content\/uploads\/2026\/04\/Explore-Beyond-Seasons_Sma\u030aland-25-\u00a9Travelling-Creatives-1536x1024.jpg 1536w, https:\/\/www.visitsmaland.se\/wp-content\/uploads\/2026\/04\/Explore-Beyond-Seasons_Sma\u030aland-25-\u00a9Travelling-Creatives-2048x1365.jpg 2048w\" sizes=\"(max-width: 1024px) 100vw, 1024px\" \/>            <\/a>\n            <div class=\"externalFeatureCards externalFeatureCards__contentWrapper\">\n                <h4 class=\"externalFeatureCards externalFeatureCards__heading\">\n                    Der Hofladen der Stj\u00e4rnkrans-Familie                <\/h4>\n                <p>\n                                    <\/p>\n                <div class=\"wp-block-buttons is-layout-flex wp-block-buttons-is-layout-flex\">\n                    <div class=\"wp-block-button \">\n                        <a aria-label=\"Mehr lesen\" class=\"wp-block-button__link wp-element-button\" href=\"https:\/\/stjarnkrans.se\/EN\/\" target=\"_blank\">\n                            Mehr lesen                        <\/a>\n                    <\/div>\n                <\/div>\n            <\/div>\n        <\/div>\n                <div class=\"externalFeatureCards externalFeatureCards__cardWrapper\" >\n            <a aria-label=\"\u00d6land \u2013 eine Insel vor der Ostk\u00fcste von Sm\u00e5land\"href=\"https:\/\/de.oland.se\/\"class=\"externalFeatureCards externalFeatureCards__imageWrapper\">\n                <img loading=\"lazy\" decoding=\"async\" width=\"683\" height=\"1024\" src=\"https:\/\/www.visitsmaland.se\/wp-content\/uploads\/2026\/04\/Explore-Beyond-Seasons_O\u0308land-18-\u00a9Travelling-Creatives-683x1024.jpg\" class=\"attachment-large size-large\" alt=\"\" srcset=\"https:\/\/www.visitsmaland.se\/wp-content\/uploads\/2026\/04\/Explore-Beyond-Seasons_O\u0308land-18-\u00a9Travelling-Creatives-683x1024.jpg 683w, https:\/\/www.visitsmaland.se\/wp-content\/uploads\/2026\/04\/Explore-Beyond-Seasons_O\u0308land-18-\u00a9Travelling-Creatives-200x300.jpg 200w, https:\/\/www.visitsmaland.se\/wp-content\/uploads\/2026\/04\/Explore-Beyond-Seasons_O\u0308land-18-\u00a9Travelling-Creatives-768x1152.jpg 768w, https:\/\/www.visitsmaland.se\/wp-content\/uploads\/2026\/04\/Explore-Beyond-Seasons_O\u0308land-18-\u00a9Travelling-Creatives-1024x1536.jpg 1024w, https:\/\/www.visitsmaland.se\/wp-content\/uploads\/2026\/04\/Explore-Beyond-Seasons_O\u0308land-18-\u00a9Travelling-Creatives-1365x2048.jpg 1365w, https:\/\/www.visitsmaland.se\/wp-content\/uploads\/2026\/04\/Explore-Beyond-Seasons_O\u0308land-18-\u00a9Travelling-Creatives-scaled.jpg 1707w\" sizes=\"(max-width: 683px) 100vw, 683px\" \/>            <\/a>\n            <div class=\"externalFeatureCards externalFeatureCards__contentWrapper\">\n                <h4 class=\"externalFeatureCards externalFeatureCards__heading\">\n                    \u00d6land \u2013 eine Insel vor der Ostk\u00fcste von Sm\u00e5land                <\/h4>\n                <p>\n                                    <\/p>\n                <div class=\"wp-block-buttons is-layout-flex wp-block-buttons-is-layout-flex\">\n                    <div class=\"wp-block-button \">\n                        <a aria-label=\"Mehr lesen\" class=\"wp-block-button__link wp-element-button\" href=\"https:\/\/de.oland.se\/\" target=\"_blank\">\n                            Mehr lesen                        <\/a>\n                    <\/div>\n                <\/div>\n            <\/div>\n        <\/div>\n                <div class=\"externalFeatureCards externalFeatureCards__cardWrapper\" >\n            <a aria-label=\"Borgholmer Schloss \u2013 eine historische Ruine\"href=\"https:\/\/www.borgholmsslott.se\/de\/\"class=\"externalFeatureCards externalFeatureCards__imageWrapper\">\n                <img loading=\"lazy\" decoding=\"async\" width=\"1024\" height=\"682\" src=\"https:\/\/www.visitsmaland.se\/wp-content\/uploads\/2026\/04\/Explore-Beyond-Seasons_O\u0308land-8-\u00a9Travelling-Creatives-1024x682.jpg\" class=\"attachment-large size-large\" alt=\"\" srcset=\"https:\/\/www.visitsmaland.se\/wp-content\/uploads\/2026\/04\/Explore-Beyond-Seasons_O\u0308land-8-\u00a9Travelling-Creatives-1024x682.jpg 1024w, https:\/\/www.visitsmaland.se\/wp-content\/uploads\/2026\/04\/Explore-Beyond-Seasons_O\u0308land-8-\u00a9Travelling-Creatives-300x200.jpg 300w, https:\/\/www.visitsmaland.se\/wp-content\/uploads\/2026\/04\/Explore-Beyond-Seasons_O\u0308land-8-\u00a9Travelling-Creatives-768x512.jpg 768w, https:\/\/www.visitsmaland.se\/wp-content\/uploads\/2026\/04\/Explore-Beyond-Seasons_O\u0308land-8-\u00a9Travelling-Creatives-1536x1023.jpg 1536w, https:\/\/www.visitsmaland.se\/wp-content\/uploads\/2026\/04\/Explore-Beyond-Seasons_O\u0308land-8-\u00a9Travelling-Creatives-2048x1364.jpg 2048w\" sizes=\"(max-width: 1024px) 100vw, 1024px\" \/>            <\/a>\n            <div class=\"externalFeatureCards externalFeatureCards__contentWrapper\">\n                <h4 class=\"externalFeatureCards externalFeatureCards__heading\">\n                    Borgholmer Schloss \u2013 eine historische Ruine                <\/h4>\n                <p>\n                                    <\/p>\n                <div class=\"wp-block-buttons is-layout-flex wp-block-buttons-is-layout-flex\">\n                    <div class=\"wp-block-button \">\n                        <a aria-label=\"Mehr lesen\" class=\"wp-block-button__link wp-element-button\" href=\"https:\/\/www.borgholmsslott.se\/de\/\" target=\"_blank\">\n                            Mehr lesen                        <\/a>\n                    <\/div>\n                <\/div>\n            <\/div>\n        <\/div>\n                <div class=\"externalFeatureCards externalFeatureCards__cardWrapper\" >\n            <a aria-label=\"Der Leuchtturm L\u00e5nge Erik auf Nord\u00f6land\"href=\"https:\/\/de.oland.se\/fyren-lange-erik-olands-norra-udde\"class=\"externalFeatureCards externalFeatureCards__imageWrapper\">\n                <img loading=\"lazy\" decoding=\"async\" width=\"683\" height=\"1024\" src=\"https:\/\/www.visitsmaland.se\/wp-content\/uploads\/2026\/04\/Explore-Beyond-Seasons_O\u0308land-62-\u00a9Travelling-Creatives-683x1024.jpg\" class=\"attachment-large size-large\" alt=\"\" srcset=\"https:\/\/www.visitsmaland.se\/wp-content\/uploads\/2026\/04\/Explore-Beyond-Seasons_O\u0308land-62-\u00a9Travelling-Creatives-683x1024.jpg 683w, https:\/\/www.visitsmaland.se\/wp-content\/uploads\/2026\/04\/Explore-Beyond-Seasons_O\u0308land-62-\u00a9Travelling-Creatives-200x300.jpg 200w, https:\/\/www.visitsmaland.se\/wp-content\/uploads\/2026\/04\/Explore-Beyond-Seasons_O\u0308land-62-\u00a9Travelling-Creatives-768x1152.jpg 768w, https:\/\/www.visitsmaland.se\/wp-content\/uploads\/2026\/04\/Explore-Beyond-Seasons_O\u0308land-62-\u00a9Travelling-Creatives-1024x1536.jpg 1024w, https:\/\/www.visitsmaland.se\/wp-content\/uploads\/2026\/04\/Explore-Beyond-Seasons_O\u0308land-62-\u00a9Travelling-Creatives-1365x2048.jpg 1365w, https:\/\/www.visitsmaland.se\/wp-content\/uploads\/2026\/04\/Explore-Beyond-Seasons_O\u0308land-62-\u00a9Travelling-Creatives-scaled.jpg 1707w\" sizes=\"(max-width: 683px) 100vw, 683px\" \/>            <\/a>\n            <div class=\"externalFeatureCards externalFeatureCards__contentWrapper\">\n                <h4 class=\"externalFeatureCards externalFeatureCards__heading\">\n                    Der Leuchtturm L\u00e5nge Erik auf Nord\u00f6land                <\/h4>\n                <p>\n                                    <\/p>\n                <div class=\"wp-block-buttons is-layout-flex wp-block-buttons-is-layout-flex\">\n                    <div class=\"wp-block-button \">\n                        <a aria-label=\"Mehr lesen\" class=\"wp-block-button__link wp-element-button\" href=\"https:\/\/de.oland.se\/fyren-lange-erik-olands-norra-udde\" target=\"_blank\">\n                            Mehr lesen                        <\/a>\n                    <\/div>\n                <\/div>\n            <\/div>\n        <\/div>\n                <div class=\"externalFeatureCards externalFeatureCards__cardWrapper\" >\n            <a aria-label=\"Die Raukar von Byrum\"href=\"https:\/\/de.oland.se\/byrums-raukar\"class=\"externalFeatureCards externalFeatureCards__imageWrapper\">\n                <img loading=\"lazy\" decoding=\"async\" width=\"1024\" height=\"683\" src=\"https:\/\/www.visitsmaland.se\/wp-content\/uploads\/2026\/04\/Explore-Beyond-Seasons_O\u0308land-77-\u00a9Travelling-Creatives-1024x683.jpg\" class=\"attachment-large size-large\" alt=\"\" srcset=\"https:\/\/www.visitsmaland.se\/wp-content\/uploads\/2026\/04\/Explore-Beyond-Seasons_O\u0308land-77-\u00a9Travelling-Creatives-1024x683.jpg 1024w, https:\/\/www.visitsmaland.se\/wp-content\/uploads\/2026\/04\/Explore-Beyond-Seasons_O\u0308land-77-\u00a9Travelling-Creatives-300x200.jpg 300w, https:\/\/www.visitsmaland.se\/wp-content\/uploads\/2026\/04\/Explore-Beyond-Seasons_O\u0308land-77-\u00a9Travelling-Creatives-768x512.jpg 768w, https:\/\/www.visitsmaland.se\/wp-content\/uploads\/2026\/04\/Explore-Beyond-Seasons_O\u0308land-77-\u00a9Travelling-Creatives-1536x1024.jpg 1536w, https:\/\/www.visitsmaland.se\/wp-content\/uploads\/2026\/04\/Explore-Beyond-Seasons_O\u0308land-77-\u00a9Travelling-Creatives-2048x1365.jpg 2048w\" sizes=\"(max-width: 1024px) 100vw, 1024px\" \/>            <\/a>\n            <div class=\"externalFeatureCards externalFeatureCards__contentWrapper\">\n                <h4 class=\"externalFeatureCards externalFeatureCards__heading\">\n                    Die Raukar von Byrum                <\/h4>\n                <p>\n                                    <\/p>\n                <div class=\"wp-block-buttons is-layout-flex wp-block-buttons-is-layout-flex\">\n                    <div class=\"wp-block-button \">\n                        <a aria-label=\"Mehr lesen\" class=\"wp-block-button__link wp-element-button\" href=\"https:\/\/de.oland.se\/byrums-raukar\" target=\"_blank\">\n                            Mehr lesen                        <\/a>\n                    <\/div>\n                <\/div>\n            <\/div>\n        <\/div>\n                <div class=\"externalFeatureCards externalFeatureCards__cardWrapper\" >\n            <a aria-label=\"Mormors Steinofenb\u00e4ckerei\"href=\"https:\/\/www.mormorsihamnen.se\/\"class=\"externalFeatureCards externalFeatureCards__imageWrapper\">\n                <img loading=\"lazy\" decoding=\"async\" width=\"1024\" height=\"683\" src=\"https:\/\/www.visitsmaland.se\/wp-content\/uploads\/2026\/04\/Explore-Beyond-Seasons_O\u0308land-132-\u00a9Travelling-Creatives-1024x683.jpg\" class=\"attachment-large size-large\" alt=\"\" srcset=\"https:\/\/www.visitsmaland.se\/wp-content\/uploads\/2026\/04\/Explore-Beyond-Seasons_O\u0308land-132-\u00a9Travelling-Creatives-1024x683.jpg 1024w, https:\/\/www.visitsmaland.se\/wp-content\/uploads\/2026\/04\/Explore-Beyond-Seasons_O\u0308land-132-\u00a9Travelling-Creatives-300x200.jpg 300w, https:\/\/www.visitsmaland.se\/wp-content\/uploads\/2026\/04\/Explore-Beyond-Seasons_O\u0308land-132-\u00a9Travelling-Creatives-768x512.jpg 768w, https:\/\/www.visitsmaland.se\/wp-content\/uploads\/2026\/04\/Explore-Beyond-Seasons_O\u0308land-132-\u00a9Travelling-Creatives-1536x1024.jpg 1536w, https:\/\/www.visitsmaland.se\/wp-content\/uploads\/2026\/04\/Explore-Beyond-Seasons_O\u0308land-132-\u00a9Travelling-Creatives-2048x1365.jpg 2048w\" sizes=\"(max-width: 1024px) 100vw, 1024px\" \/>            <\/a>\n            <div class=\"externalFeatureCards externalFeatureCards__contentWrapper\">\n                <h4 class=\"externalFeatureCards externalFeatureCards__heading\">\n                    Mormors Steinofenb\u00e4ckerei                <\/h4>\n                <p>\n                                    <\/p>\n                <div class=\"wp-block-buttons is-layout-flex wp-block-buttons-is-layout-flex\">\n                    <div class=\"wp-block-button \">\n                        <a aria-label=\"Mehr lesen\" class=\"wp-block-button__link wp-element-button\" href=\"https:\/\/www.mormorsihamnen.se\/\" target=\"_blank\">\n                            Mehr lesen                        <\/a>\n                    <\/div>\n                <\/div>\n            <\/div>\n        <\/div>\n                <div class=\"externalFeatureCards externalFeatureCards__cardWrapper\" >\n            <a aria-label=\"Die M\u00fchlenreihe in Lerkaka\"href=\"https:\/\/de.oland.se\/kvarnraden-i-lerkaka\"class=\"externalFeatureCards externalFeatureCards__imageWrapper\">\n                <img loading=\"lazy\" decoding=\"async\" width=\"683\" height=\"1024\" src=\"https:\/\/www.visitsmaland.se\/wp-content\/uploads\/2026\/04\/Explore-Beyond-Seasons_O\u0308land-92-\u00a9Travelling-Creatives-683x1024.jpg\" class=\"attachment-large size-large\" alt=\"\" srcset=\"https:\/\/www.visitsmaland.se\/wp-content\/uploads\/2026\/04\/Explore-Beyond-Seasons_O\u0308land-92-\u00a9Travelling-Creatives-683x1024.jpg 683w, https:\/\/www.visitsmaland.se\/wp-content\/uploads\/2026\/04\/Explore-Beyond-Seasons_O\u0308land-92-\u00a9Travelling-Creatives-200x300.jpg 200w, https:\/\/www.visitsmaland.se\/wp-content\/uploads\/2026\/04\/Explore-Beyond-Seasons_O\u0308land-92-\u00a9Travelling-Creatives-768x1152.jpg 768w, https:\/\/www.visitsmaland.se\/wp-content\/uploads\/2026\/04\/Explore-Beyond-Seasons_O\u0308land-92-\u00a9Travelling-Creatives-1024x1536.jpg 1024w, https:\/\/www.visitsmaland.se\/wp-content\/uploads\/2026\/04\/Explore-Beyond-Seasons_O\u0308land-92-\u00a9Travelling-Creatives-1365x2048.jpg 1365w, https:\/\/www.visitsmaland.se\/wp-content\/uploads\/2026\/04\/Explore-Beyond-Seasons_O\u0308land-92-\u00a9Travelling-Creatives-scaled.jpg 1707w\" sizes=\"(max-width: 683px) 100vw, 683px\" \/>            <\/a>\n            <div class=\"externalFeatureCards externalFeatureCards__contentWrapper\">\n                <h4 class=\"externalFeatureCards externalFeatureCards__heading\">\n                    Die M\u00fchlenreihe in Lerkaka                <\/h4>\n                <p>\n                                    <\/p>\n                <div class=\"wp-block-buttons is-layout-flex wp-block-buttons-is-layout-flex\">\n                    <div class=\"wp-block-button \">\n                        <a aria-label=\"Mehr lesen\" class=\"wp-block-button__link wp-element-button\" href=\"https:\/\/de.oland.se\/kvarnraden-i-lerkaka\" target=\"_blank\">\n                            Mehr lesen                        <\/a>\n                    <\/div>\n                <\/div>\n            <\/div>\n        <\/div>\n                <div class=\"externalFeatureCards externalFeatureCards__cardWrapper\" >\n            <a aria-label=\"Die Burg Ismanstorp\"href=\"https:\/\/de.oland.se\/ismanstorps-borg\"class=\"externalFeatureCards externalFeatureCards__imageWrapper\">\n                <img loading=\"lazy\" decoding=\"async\" width=\"1024\" height=\"682\" src=\"https:\/\/www.visitsmaland.se\/wp-content\/uploads\/2026\/04\/Explore-Beyond-Seasons_O\u0308land-85-\u00a9Travelling-Creatives-1024x682.jpg\" class=\"attachment-large size-large\" alt=\"\" srcset=\"https:\/\/www.visitsmaland.se\/wp-content\/uploads\/2026\/04\/Explore-Beyond-Seasons_O\u0308land-85-\u00a9Travelling-Creatives-1024x682.jpg 1024w, https:\/\/www.visitsmaland.se\/wp-content\/uploads\/2026\/04\/Explore-Beyond-Seasons_O\u0308land-85-\u00a9Travelling-Creatives-300x200.jpg 300w, https:\/\/www.visitsmaland.se\/wp-content\/uploads\/2026\/04\/Explore-Beyond-Seasons_O\u0308land-85-\u00a9Travelling-Creatives-768x512.jpg 768w, https:\/\/www.visitsmaland.se\/wp-content\/uploads\/2026\/04\/Explore-Beyond-Seasons_O\u0308land-85-\u00a9Travelling-Creatives-1536x1023.jpg 1536w, https:\/\/www.visitsmaland.se\/wp-content\/uploads\/2026\/04\/Explore-Beyond-Seasons_O\u0308land-85-\u00a9Travelling-Creatives-2048x1364.jpg 2048w\" sizes=\"(max-width: 1024px) 100vw, 1024px\" \/>            <\/a>\n            <div class=\"externalFeatureCards externalFeatureCards__contentWrapper\">\n                <h4 class=\"externalFeatureCards externalFeatureCards__heading\">\n                    Die Burg Ismanstorp                <\/h4>\n                <p>\n                                    <\/p>\n                <div class=\"wp-block-buttons is-layout-flex wp-block-buttons-is-layout-flex\">\n                    <div class=\"wp-block-button \">\n                        <a aria-label=\"Mehr lesen\" class=\"wp-block-button__link wp-element-button\" href=\"https:\/\/de.oland.se\/ismanstorps-borg\" target=\"_blank\">\n                            Mehr lesen                        <\/a>\n                    <\/div>\n                <\/div>\n            <\/div>\n        <\/div>\n                <div class=\"externalFeatureCards externalFeatureCards__cardWrapper\" >\n            <a aria-label=\"Naturschutzgebiet Ottenby\"href=\"https:\/\/naturumottenby.se\/ottenby-naturreservat\/\"class=\"externalFeatureCards externalFeatureCards__imageWrapper\">\n                <img loading=\"lazy\" decoding=\"async\" width=\"1024\" height=\"683\" src=\"https:\/\/www.visitsmaland.se\/wp-content\/uploads\/2026\/04\/Explore-Beyond-Seasons_O\u0308land-122-\u00a9Travelling-Creatives-1024x683.jpg\" class=\"attachment-large size-large\" alt=\"\" srcset=\"https:\/\/www.visitsmaland.se\/wp-content\/uploads\/2026\/04\/Explore-Beyond-Seasons_O\u0308land-122-\u00a9Travelling-Creatives-1024x683.jpg 1024w, https:\/\/www.visitsmaland.se\/wp-content\/uploads\/2026\/04\/Explore-Beyond-Seasons_O\u0308land-122-\u00a9Travelling-Creatives-300x200.jpg 300w, https:\/\/www.visitsmaland.se\/wp-content\/uploads\/2026\/04\/Explore-Beyond-Seasons_O\u0308land-122-\u00a9Travelling-Creatives-768x512.jpg 768w, https:\/\/www.visitsmaland.se\/wp-content\/uploads\/2026\/04\/Explore-Beyond-Seasons_O\u0308land-122-\u00a9Travelling-Creatives-1536x1024.jpg 1536w, https:\/\/www.visitsmaland.se\/wp-content\/uploads\/2026\/04\/Explore-Beyond-Seasons_O\u0308land-122-\u00a9Travelling-Creatives-2048x1365.jpg 2048w\" sizes=\"(max-width: 1024px) 100vw, 1024px\" \/>            <\/a>\n            <div class=\"externalFeatureCards externalFeatureCards__contentWrapper\">\n                <h4 class=\"externalFeatureCards externalFeatureCards__heading\">\n                    Naturschutzgebiet Ottenby                <\/h4>\n                <p>\n                                    <\/p>\n                <div class=\"wp-block-buttons is-layout-flex wp-block-buttons-is-layout-flex\">\n                    <div class=\"wp-block-button \">\n                        <a aria-label=\"Mehr lesen\" class=\"wp-block-button__link wp-element-button\" href=\"https:\/\/naturumottenby.se\/ottenby-naturreservat\/\" target=\"_blank\">\n                            Mehr lesen                        <\/a>\n                    <\/div>\n                <\/div>\n            <\/div>\n        <\/div>\n                <div class=\"externalFeatureCards externalFeatureCards__cardWrapper\" >\n            <a aria-label=\"Der Leuchtturm L\u00e5nge Jan auf S\u00fcd\u00f6land\"href=\"https:\/\/de.oland.se\/fyren-lange-jan-olands-sodra-udde\"class=\"externalFeatureCards externalFeatureCards__imageWrapper\">\n                <img loading=\"lazy\" decoding=\"async\" width=\"1024\" height=\"683\" src=\"https:\/\/www.visitsmaland.se\/wp-content\/uploads\/2026\/04\/Explore-Beyond-Seasons_O\u0308land-126-\u00a9Travelling-Creatives-1024x683.jpg\" class=\"attachment-large size-large\" alt=\"\" srcset=\"https:\/\/www.visitsmaland.se\/wp-content\/uploads\/2026\/04\/Explore-Beyond-Seasons_O\u0308land-126-\u00a9Travelling-Creatives-1024x683.jpg 1024w, https:\/\/www.visitsmaland.se\/wp-content\/uploads\/2026\/04\/Explore-Beyond-Seasons_O\u0308land-126-\u00a9Travelling-Creatives-300x200.jpg 300w, https:\/\/www.visitsmaland.se\/wp-content\/uploads\/2026\/04\/Explore-Beyond-Seasons_O\u0308land-126-\u00a9Travelling-Creatives-768x512.jpg 768w, https:\/\/www.visitsmaland.se\/wp-content\/uploads\/2026\/04\/Explore-Beyond-Seasons_O\u0308land-126-\u00a9Travelling-Creatives-1536x1024.jpg 1536w, https:\/\/www.visitsmaland.se\/wp-content\/uploads\/2026\/04\/Explore-Beyond-Seasons_O\u0308land-126-\u00a9Travelling-Creatives-2048x1365.jpg 2048w\" sizes=\"(max-width: 1024px) 100vw, 1024px\" \/>            <\/a>\n            <div class=\"externalFeatureCards externalFeatureCards__contentWrapper\">\n                <h4 class=\"externalFeatureCards externalFeatureCards__heading\">\n                    Der Leuchtturm L\u00e5nge Jan auf S\u00fcd\u00f6land                <\/h4>\n                <p>\n                                    <\/p>\n                <div class=\"wp-block-buttons is-layout-flex wp-block-buttons-is-layout-flex\">\n                    <div class=\"wp-block-button \">\n                        <a aria-label=\"Mehr lesen\" class=\"wp-block-button__link wp-element-button\" href=\"https:\/\/de.oland.se\/fyren-lange-jan-olands-sodra-udde\" target=\"_blank\">\n                            Mehr lesen                        <\/a>\n                    <\/div>\n                <\/div>\n            <\/div>\n        <\/div>\n            <\/div>\n<\/div><\/div>\n\n\n\n<div style=\"height:30px\" aria-hidden=\"true\" class=\"wp-block-spacer\"><\/div>\n\n\n\n<figure class=\"wp-block-gallery has-nested-images columns-default is-cropped wp-block-gallery-3 is-layout-flex wp-block-gallery-is-layout-flex\">\n<figure class=\"wp-block-image size-large\"><img loading=\"lazy\" decoding=\"async\" width=\"1024\" height=\"683\" data-id=\"95708\" src=\"https:\/\/www.visitsmaland.se\/wp-content\/uploads\/2026\/04\/Explore-Beyond-Seasons_Sma\u030aland-41-\u00a9Travelling-Creatives-1024x683.jpg\" alt=\"\" class=\"wp-image-95708\" srcset=\"https:\/\/www.visitsmaland.se\/wp-content\/uploads\/2026\/04\/Explore-Beyond-Seasons_Sma\u030aland-41-\u00a9Travelling-Creatives-1024x683.jpg 1024w, https:\/\/www.visitsmaland.se\/wp-content\/uploads\/2026\/04\/Explore-Beyond-Seasons_Sma\u030aland-41-\u00a9Travelling-Creatives-300x200.jpg 300w, https:\/\/www.visitsmaland.se\/wp-content\/uploads\/2026\/04\/Explore-Beyond-Seasons_Sma\u030aland-41-\u00a9Travelling-Creatives-768x512.jpg 768w, https:\/\/www.visitsmaland.se\/wp-content\/uploads\/2026\/04\/Explore-Beyond-Seasons_Sma\u030aland-41-\u00a9Travelling-Creatives-1536x1024.jpg 1536w, https:\/\/www.visitsmaland.se\/wp-content\/uploads\/2026\/04\/Explore-Beyond-Seasons_Sma\u030aland-41-\u00a9Travelling-Creatives-2048x1365.jpg 2048w\" sizes=\"(max-width: 1024px) 100vw, 1024px\" \/><\/figure>\n\n\n\n<figure class=\"wp-block-image size-large\"><img loading=\"lazy\" decoding=\"async\" width=\"1024\" height=\"682\" data-id=\"95713\" src=\"https:\/\/www.visitsmaland.se\/wp-content\/uploads\/2026\/04\/Explore-Beyond-Seasons_O\u0308land-6-\u00a9Travelling-Creatives-1024x682.jpg\" alt=\"\" class=\"wp-image-95713\" srcset=\"https:\/\/www.visitsmaland.se\/wp-content\/uploads\/2026\/04\/Explore-Beyond-Seasons_O\u0308land-6-\u00a9Travelling-Creatives-1024x682.jpg 1024w, https:\/\/www.visitsmaland.se\/wp-content\/uploads\/2026\/04\/Explore-Beyond-Seasons_O\u0308land-6-\u00a9Travelling-Creatives-300x200.jpg 300w, https:\/\/www.visitsmaland.se\/wp-content\/uploads\/2026\/04\/Explore-Beyond-Seasons_O\u0308land-6-\u00a9Travelling-Creatives-768x512.jpg 768w, https:\/\/www.visitsmaland.se\/wp-content\/uploads\/2026\/04\/Explore-Beyond-Seasons_O\u0308land-6-\u00a9Travelling-Creatives-1536x1023.jpg 1536w, https:\/\/www.visitsmaland.se\/wp-content\/uploads\/2026\/04\/Explore-Beyond-Seasons_O\u0308land-6-\u00a9Travelling-Creatives-2048x1364.jpg 2048w\" sizes=\"(max-width: 1024px) 100vw, 1024px\" \/><\/figure>\n\n\n\n<figure class=\"wp-block-image size-large\"><img loading=\"lazy\" decoding=\"async\" width=\"1024\" height=\"682\" data-id=\"95718\" src=\"https:\/\/www.visitsmaland.se\/wp-content\/uploads\/2026\/04\/Explore-Beyond-Seasons_O\u0308land-24-\u00a9Travelling-Creatives-1024x682.jpg\" alt=\"\" class=\"wp-image-95718\" srcset=\"https:\/\/www.visitsmaland.se\/wp-content\/uploads\/2026\/04\/Explore-Beyond-Seasons_O\u0308land-24-\u00a9Travelling-Creatives-1024x682.jpg 1024w, https:\/\/www.visitsmaland.se\/wp-content\/uploads\/2026\/04\/Explore-Beyond-Seasons_O\u0308land-24-\u00a9Travelling-Creatives-300x200.jpg 300w, https:\/\/www.visitsmaland.se\/wp-content\/uploads\/2026\/04\/Explore-Beyond-Seasons_O\u0308land-24-\u00a9Travelling-Creatives-768x512.jpg 768w, https:\/\/www.visitsmaland.se\/wp-content\/uploads\/2026\/04\/Explore-Beyond-Seasons_O\u0308land-24-\u00a9Travelling-Creatives-1536x1023.jpg 1536w, https:\/\/www.visitsmaland.se\/wp-content\/uploads\/2026\/04\/Explore-Beyond-Seasons_O\u0308land-24-\u00a9Travelling-Creatives-2048x1364.jpg 2048w\" sizes=\"(max-width: 1024px) 100vw, 1024px\" \/><\/figure>\n\n\n\n<figure class=\"wp-block-image size-large\"><img loading=\"lazy\" decoding=\"async\" width=\"1024\" height=\"683\" data-id=\"95723\" src=\"https:\/\/www.visitsmaland.se\/wp-content\/uploads\/2026\/04\/Explore-Beyond-Seasons_O\u0308land-28-\u00a9Travelling-Creatives-1024x683.jpg\" alt=\"\" class=\"wp-image-95723\" srcset=\"https:\/\/www.visitsmaland.se\/wp-content\/uploads\/2026\/04\/Explore-Beyond-Seasons_O\u0308land-28-\u00a9Travelling-Creatives-1024x683.jpg 1024w, https:\/\/www.visitsmaland.se\/wp-content\/uploads\/2026\/04\/Explore-Beyond-Seasons_O\u0308land-28-\u00a9Travelling-Creatives-300x200.jpg 300w, https:\/\/www.visitsmaland.se\/wp-content\/uploads\/2026\/04\/Explore-Beyond-Seasons_O\u0308land-28-\u00a9Travelling-Creatives-768x512.jpg 768w, https:\/\/www.visitsmaland.se\/wp-content\/uploads\/2026\/04\/Explore-Beyond-Seasons_O\u0308land-28-\u00a9Travelling-Creatives-1536x1024.jpg 1536w, https:\/\/www.visitsmaland.se\/wp-content\/uploads\/2026\/04\/Explore-Beyond-Seasons_O\u0308land-28-\u00a9Travelling-Creatives-2048x1365.jpg 2048w\" sizes=\"(max-width: 1024px) 100vw, 1024px\" \/><\/figure>\n\n\n\n<figure class=\"wp-block-image size-large\"><img loading=\"lazy\" decoding=\"async\" width=\"1024\" height=\"683\" data-id=\"95728\" src=\"https:\/\/www.visitsmaland.se\/wp-content\/uploads\/2026\/04\/Explore-Beyond-Seasons_O\u0308land-51-\u00a9Travelling-Creatives-1024x683.jpg\" alt=\"\" class=\"wp-image-95728\" srcset=\"https:\/\/www.visitsmaland.se\/wp-content\/uploads\/2026\/04\/Explore-Beyond-Seasons_O\u0308land-51-\u00a9Travelling-Creatives-1024x683.jpg 1024w, https:\/\/www.visitsmaland.se\/wp-content\/uploads\/2026\/04\/Explore-Beyond-Seasons_O\u0308land-51-\u00a9Travelling-Creatives-300x200.jpg 300w, https:\/\/www.visitsmaland.se\/wp-content\/uploads\/2026\/04\/Explore-Beyond-Seasons_O\u0308land-51-\u00a9Travelling-Creatives-768x512.jpg 768w, https:\/\/www.visitsmaland.se\/wp-content\/uploads\/2026\/04\/Explore-Beyond-Seasons_O\u0308land-51-\u00a9Travelling-Creatives-1536x1024.jpg 1536w, https:\/\/www.visitsmaland.se\/wp-content\/uploads\/2026\/04\/Explore-Beyond-Seasons_O\u0308land-51-\u00a9Travelling-Creatives-2048x1365.jpg 2048w\" sizes=\"(max-width: 1024px) 100vw, 1024px\" \/><\/figure>\n\n\n\n<figure class=\"wp-block-image size-large\"><img loading=\"lazy\" decoding=\"async\" width=\"1024\" height=\"683\" data-id=\"95733\" src=\"https:\/\/www.visitsmaland.se\/wp-content\/uploads\/2026\/04\/Explore-Beyond-Seasons_O\u0308land-103-\u00a9Travelling-Creatives-1024x683.jpg\" alt=\"\" class=\"wp-image-95733\" srcset=\"https:\/\/www.visitsmaland.se\/wp-content\/uploads\/2026\/04\/Explore-Beyond-Seasons_O\u0308land-103-\u00a9Travelling-Creatives-1024x683.jpg 1024w, https:\/\/www.visitsmaland.se\/wp-content\/uploads\/2026\/04\/Explore-Beyond-Seasons_O\u0308land-103-\u00a9Travelling-Creatives-300x200.jpg 300w, https:\/\/www.visitsmaland.se\/wp-content\/uploads\/2026\/04\/Explore-Beyond-Seasons_O\u0308land-103-\u00a9Travelling-Creatives-768x512.jpg 768w, https:\/\/www.visitsmaland.se\/wp-content\/uploads\/2026\/04\/Explore-Beyond-Seasons_O\u0308land-103-\u00a9Travelling-Creatives-1536x1024.jpg 1536w, https:\/\/www.visitsmaland.se\/wp-content\/uploads\/2026\/04\/Explore-Beyond-Seasons_O\u0308land-103-\u00a9Travelling-Creatives-2048x1365.jpg 2048w\" sizes=\"(max-width: 1024px) 100vw, 1024px\" \/><\/figure>\n\n\n\n<figure class=\"wp-block-image size-large\"><img loading=\"lazy\" decoding=\"async\" width=\"683\" height=\"1024\" data-id=\"95738\" src=\"https:\/\/www.visitsmaland.se\/wp-content\/uploads\/2026\/04\/Explore-Beyond-Seasons_O\u0308land-118-\u00a9Travelling-Creatives-683x1024.jpg\" alt=\"\" class=\"wp-image-95738\" srcset=\"https:\/\/www.visitsmaland.se\/wp-content\/uploads\/2026\/04\/Explore-Beyond-Seasons_O\u0308land-118-\u00a9Travelling-Creatives-683x1024.jpg 683w, https:\/\/www.visitsmaland.se\/wp-content\/uploads\/2026\/04\/Explore-Beyond-Seasons_O\u0308land-118-\u00a9Travelling-Creatives-200x300.jpg 200w, https:\/\/www.visitsmaland.se\/wp-content\/uploads\/2026\/04\/Explore-Beyond-Seasons_O\u0308land-118-\u00a9Travelling-Creatives-768x1152.jpg 768w, https:\/\/www.visitsmaland.se\/wp-content\/uploads\/2026\/04\/Explore-Beyond-Seasons_O\u0308land-118-\u00a9Travelling-Creatives-1024x1536.jpg 1024w, https:\/\/www.visitsmaland.se\/wp-content\/uploads\/2026\/04\/Explore-Beyond-Seasons_O\u0308land-118-\u00a9Travelling-Creatives-1365x2048.jpg 1365w, https:\/\/www.visitsmaland.se\/wp-content\/uploads\/2026\/04\/Explore-Beyond-Seasons_O\u0308land-118-\u00a9Travelling-Creatives-scaled.jpg 1707w\" sizes=\"(max-width: 683px) 100vw, 683px\" \/><\/figure>\n\n\n\n<figure class=\"wp-block-image size-large\"><img loading=\"lazy\" decoding=\"async\" width=\"1024\" height=\"682\" data-id=\"95758\" src=\"https:\/\/www.visitsmaland.se\/wp-content\/uploads\/2026\/04\/Explore-Beyond-Seasons_Sma\u030aland-60-\u00a9Travelling-Creatives-1024x682.jpg\" alt=\"\" class=\"wp-image-95758\" srcset=\"https:\/\/www.visitsmaland.se\/wp-content\/uploads\/2026\/04\/Explore-Beyond-Seasons_Sma\u030aland-60-\u00a9Travelling-Creatives-1024x682.jpg 1024w, https:\/\/www.visitsmaland.se\/wp-content\/uploads\/2026\/04\/Explore-Beyond-Seasons_Sma\u030aland-60-\u00a9Travelling-Creatives-300x200.jpg 300w, https:\/\/www.visitsmaland.se\/wp-content\/uploads\/2026\/04\/Explore-Beyond-Seasons_Sma\u030aland-60-\u00a9Travelling-Creatives-768x512.jpg 768w, https:\/\/www.visitsmaland.se\/wp-content\/uploads\/2026\/04\/Explore-Beyond-Seasons_Sma\u030aland-60-\u00a9Travelling-Creatives-1536x1023.jpg 1536w, https:\/\/www.visitsmaland.se\/wp-content\/uploads\/2026\/04\/Explore-Beyond-Seasons_Sma\u030aland-60-\u00a9Travelling-Creatives-2048x1364.jpg 2048w\" sizes=\"(max-width: 1024px) 100vw, 1024px\" \/><\/figure>\n\n\n\n<figure class=\"wp-block-image size-large\"><img loading=\"lazy\" decoding=\"async\" width=\"683\" height=\"1024\" data-id=\"95753\" src=\"https:\/\/www.visitsmaland.se\/wp-content\/uploads\/2026\/04\/Explore-Beyond-Seasons_Sma\u030aland-44-\u00a9Travelling-Creatives-683x1024.jpg\" alt=\"\" class=\"wp-image-95753\" srcset=\"https:\/\/www.visitsmaland.se\/wp-content\/uploads\/2026\/04\/Explore-Beyond-Seasons_Sma\u030aland-44-\u00a9Travelling-Creatives-683x1024.jpg 683w, https:\/\/www.visitsmaland.se\/wp-content\/uploads\/2026\/04\/Explore-Beyond-Seasons_Sma\u030aland-44-\u00a9Travelling-Creatives-200x300.jpg 200w, https:\/\/www.visitsmaland.se\/wp-content\/uploads\/2026\/04\/Explore-Beyond-Seasons_Sma\u030aland-44-\u00a9Travelling-Creatives-768x1152.jpg 768w, https:\/\/www.visitsmaland.se\/wp-content\/uploads\/2026\/04\/Explore-Beyond-Seasons_Sma\u030aland-44-\u00a9Travelling-Creatives-1024x1536.jpg 1024w, https:\/\/www.visitsmaland.se\/wp-content\/uploads\/2026\/04\/Explore-Beyond-Seasons_Sma\u030aland-44-\u00a9Travelling-Creatives-1365x2048.jpg 1365w, https:\/\/www.visitsmaland.se\/wp-content\/uploads\/2026\/04\/Explore-Beyond-Seasons_Sma\u030aland-44-\u00a9Travelling-Creatives-scaled.jpg 1707w\" sizes=\"(max-width: 683px) 100vw, 683px\" \/><\/figure>\n\n\n\n<figure class=\"wp-block-image size-large\"><img loading=\"lazy\" decoding=\"async\" width=\"683\" height=\"1024\" data-id=\"95748\" src=\"https:\/\/www.visitsmaland.se\/wp-content\/uploads\/2026\/04\/Explore-Beyond-Seasons_Sma\u030aland-18-\u00a9Travelling-Creatives-683x1024.jpg\" alt=\"\" class=\"wp-image-95748\" srcset=\"https:\/\/www.visitsmaland.se\/wp-content\/uploads\/2026\/04\/Explore-Beyond-Seasons_Sma\u030aland-18-\u00a9Travelling-Creatives-683x1024.jpg 683w, https:\/\/www.visitsmaland.se\/wp-content\/uploads\/2026\/04\/Explore-Beyond-Seasons_Sma\u030aland-18-\u00a9Travelling-Creatives-200x300.jpg 200w, https:\/\/www.visitsmaland.se\/wp-content\/uploads\/2026\/04\/Explore-Beyond-Seasons_Sma\u030aland-18-\u00a9Travelling-Creatives-768x1152.jpg 768w, https:\/\/www.visitsmaland.se\/wp-content\/uploads\/2026\/04\/Explore-Beyond-Seasons_Sma\u030aland-18-\u00a9Travelling-Creatives-1024x1536.jpg 1024w, https:\/\/www.visitsmaland.se\/wp-content\/uploads\/2026\/04\/Explore-Beyond-Seasons_Sma\u030aland-18-\u00a9Travelling-Creatives-1365x2048.jpg 1365w, https:\/\/www.visitsmaland.se\/wp-content\/uploads\/2026\/04\/Explore-Beyond-Seasons_Sma\u030aland-18-\u00a9Travelling-Creatives-scaled.jpg 1707w\" sizes=\"(max-width: 683px) 100vw, 683px\" \/><\/figure>\n\n\n\n<figure class=\"wp-block-image size-large\"><img loading=\"lazy\" decoding=\"async\" width=\"683\" height=\"1024\" data-id=\"95743\" src=\"https:\/\/www.visitsmaland.se\/wp-content\/uploads\/2026\/04\/Explore-Beyond-Seasons_Sma\u030aland-10-\u00a9Travelling-Creatives-683x1024.jpg\" alt=\"\" class=\"wp-image-95743\" srcset=\"https:\/\/www.visitsmaland.se\/wp-content\/uploads\/2026\/04\/Explore-Beyond-Seasons_Sma\u030aland-10-\u00a9Travelling-Creatives-683x1024.jpg 683w, https:\/\/www.visitsmaland.se\/wp-content\/uploads\/2026\/04\/Explore-Beyond-Seasons_Sma\u030aland-10-\u00a9Travelling-Creatives-200x300.jpg 200w, https:\/\/www.visitsmaland.se\/wp-content\/uploads\/2026\/04\/Explore-Beyond-Seasons_Sma\u030aland-10-\u00a9Travelling-Creatives-768x1152.jpg 768w, https:\/\/www.visitsmaland.se\/wp-content\/uploads\/2026\/04\/Explore-Beyond-Seasons_Sma\u030aland-10-\u00a9Travelling-Creatives-1024x1536.jpg 1024w, https:\/\/www.visitsmaland.se\/wp-content\/uploads\/2026\/04\/Explore-Beyond-Seasons_Sma\u030aland-10-\u00a9Travelling-Creatives-1365x2048.jpg 1365w, https:\/\/www.visitsmaland.se\/wp-content\/uploads\/2026\/04\/Explore-Beyond-Seasons_Sma\u030aland-10-\u00a9Travelling-Creatives-scaled.jpg 1707w\" sizes=\"(max-width: 683px) 100vw, 683px\" \/><\/figure>\n<\/figure>\n\n\n  \n<div class=\"featuredTwoColumns featuredTwoColumns__wrapper\">\n    <div class=\"featuredTwoColumns featuredTwoColumns__container\">  \n            <div class=\"featuredTwoColumns featuredTwoColumns__feturedWrapper\">\n            <a aria-label=\"Top 10 Naturerlebnisse in Sm\u00e5land\" href=\"https:\/\/www.visitsmaland.se\/de\/entdecken\/top-10-naturerlebnisse-in-smaaland\/\"class=\"featuredTwoColumns featuredTwoColumns__imageWrapper\">\n                <img loading=\"lazy\" decoding=\"async\" width=\"1024\" height=\"740\" src=\"https:\/\/www.visitsmaland.se\/wp-content\/uploads\/2025\/03\/ALEX9185-1024x740.jpg\" class=\"attachment-grid-card-images size-grid-card-images wp-post-image\" alt=\"\" \/>            <\/a>\n            <div class=\"featuredTwoColumns featuredTwoColumns__contentWrapper\">\n                <h2 class=\"featuredTwoColumns featuredTwoColumns__heading\">\n                    Top 10 Naturerlebnisse in Sm\u00e5land                <\/h2>\n                <p class=\"featuredTwoColumns featuredTwoColumns__description\">\n                    Willkommen in unserer fantastischen Natur. Hier ste\u2026                <\/p>\n                 \n                 \n                <div class=\"wp-block-buttons is-layout-flex wp-block-buttons-is-layout-flex\">\n                    <div class=\"wp-block-button \">\n                        <a aria-label=\"Top 10 Naturerlebnisse in Sm\u00e5land\"class=\"wp-block-button__link wp-element-button\" href=\"https:\/\/www.visitsmaland.se\/de\/entdecken\/top-10-naturerlebnisse-in-smaaland\/\">\n                            Entdecke                       \n                         <\/a>\n                    <\/div>\n                <\/div>\n            <\/div>\n        <\/div>\n                <div class=\"featuredTwoColumns featuredTwoColumns__feturedWrapper\">\n            <a aria-label=\"Tipps f\u00fcr deinen Urlaub auf der Insel \u00d6land\" href=\"https:\/\/www.visitsmaland.se\/de\/entdecken\/tipps-fuer-deinen-urlaub-auf-der-insel-oland\/\"class=\"featuredTwoColumns featuredTwoColumns__imageWrapper\">\n                <img loading=\"lazy\" decoding=\"async\" width=\"1024\" height=\"740\" src=\"https:\/\/www.visitsmaland.se\/wp-content\/uploads\/2025\/10\/O\u0308land31-1024x740.jpg\" class=\"attachment-grid-card-images size-grid-card-images wp-post-image\" alt=\"\" \/>            <\/a>\n            <div class=\"featuredTwoColumns featuredTwoColumns__contentWrapper\">\n                <h2 class=\"featuredTwoColumns featuredTwoColumns__heading\">\n                    Tipps f\u00fcr deinen Urlaub auf der Insel \u00d6land                <\/h2>\n                <p class=\"featuredTwoColumns featuredTwoColumns__description\">\n                    Die Insel \u00d6land \u2013 Sehensw\u00fcrdigkeiten &#038; Tipps f\u00fcr de\u2026                <\/p>\n                 \n                 \n                <div class=\"wp-block-buttons is-layout-flex wp-block-buttons-is-layout-flex\">\n                    <div class=\"wp-block-button \">\n                        <a aria-label=\"Tipps f\u00fcr deinen Urlaub auf der Insel \u00d6land\"class=\"wp-block-button__link wp-element-button\" href=\"https:\/\/www.visitsmaland.se\/de\/entdecken\/tipps-fuer-deinen-urlaub-auf-der-insel-oland\/\">\n                            Entdecke                       \n                         <\/a>\n                    <\/div>\n                <\/div>\n            <\/div>\n        <\/div>\n            <\/div>\n<\/div>\n","protected":false},"excerpt":{"rendered":"<p>Maren und Manuel entdecken Sm\u00e5land und \u00d6land im Winter. Auf dieser Seite kannst du ihre Reise nacherleben und dich inspirieren lassen.<\/p>\n","protected":false},"featured_media":95533,"parent":0,"menu_order":2,"template":"","tags":[],"land":[],"class_list":["post-95523","guide","type-guide","status-publish","has-post-thumbnail","hentry"],"acf":{"priority":""},"yoast_head":"<!-- This site is optimized with the Yoast SEO plugin v27.2 - https:\/\/yoast.com\/product\/yoast-seo-wordpress\/ -->\n<title>Maren und Manuel entdecken Sm\u00e5land und \u00d6land im Winter | Visit Sm\u00e5land<\/title>\n<meta name=\"description\" content=\"Maren und Manuel entdecken Sm\u00e5land und \u00d6land im Winter. Auf dieser Seite kannst du ihre Reise nacherleben und dich inspirieren lassen.\" \/>\n<meta name=\"robots\" content=\"index, follow, max-snippet:-1, max-image-preview:large, max-video-preview:-1\" \/>\n<link rel=\"canonical\" href=\"https:\/\/www.visitsmaland.se\/de\/entdecken\/maren-und-manuel-entdecken-smaland-und-oland-im-winter\/\" \/>\n<meta property=\"og:locale\" content=\"de_DE\" \/>\n<meta property=\"og:type\" content=\"article\" \/>\n<meta property=\"og:title\" content=\"Maren und Manuel entdecken Sm\u00e5land und \u00d6land im Winter | Visit Sm\u00e5land\" \/>\n<meta property=\"og:description\" content=\"Maren und Manuel entdecken Sm\u00e5land und \u00d6land im Winter. Auf dieser Seite kannst du ihre Reise nacherleben und dich inspirieren lassen.\" \/>\n<meta property=\"og:url\" content=\"https:\/\/www.visitsmaland.se\/de\/entdecken\/maren-und-manuel-entdecken-smaland-und-oland-im-winter\/\" \/>\n<meta property=\"og:site_name\" content=\"Visit Sm\u00e5land\" \/>\n<meta property=\"article:publisher\" content=\"https:\/\/www.facebook.com\/visitsmaland\/\" \/>\n<meta property=\"article:modified_time\" content=\"2026-04-09T10:27:17+00:00\" \/>\n<meta property=\"og:image\" content=\"https:\/\/www.visitsmaland.se\/wp-content\/uploads\/2026\/04\/Explore-Beyond-Seasons_O\u0308land-109-\u00a9Travelling-Creatives-scaled.jpg\" \/>\n\t<meta property=\"og:image:width\" content=\"2560\" \/>\n\t<meta property=\"og:image:height\" content=\"1707\" \/>\n\t<meta property=\"og:image:type\" content=\"image\/jpeg\" \/>\n<meta name=\"twitter:card\" content=\"summary_large_image\" \/>\n<meta name=\"twitter:label1\" content=\"Gesch\u00e4tzte Lesezeit\" \/>\n\t<meta name=\"twitter:data1\" content=\"8\u00a0Minuten\" \/>\n<script type=\"application\/ld+json\" class=\"yoast-schema-graph\">{\"@context\":\"https:\/\/schema.org\",\"@graph\":[{\"@type\":\"WebPage\",\"@id\":\"https:\/\/www.visitsmaland.se\/de\/entdecken\/maren-und-manuel-entdecken-smaland-und-oland-im-winter\/\",\"url\":\"https:\/\/www.visitsmaland.se\/de\/entdecken\/maren-und-manuel-entdecken-smaland-und-oland-im-winter\/\",\"name\":\"Maren und Manuel entdecken Sm\u00e5land und \u00d6land im Winter | Visit Sm\u00e5land\",\"isPartOf\":{\"@id\":\"https:\/\/www.visitsmaland.se\/de\/#website\"},\"primaryImageOfPage\":{\"@id\":\"https:\/\/www.visitsmaland.se\/de\/entdecken\/maren-und-manuel-entdecken-smaland-und-oland-im-winter\/#primaryimage\"},\"image\":{\"@id\":\"https:\/\/www.visitsmaland.se\/de\/entdecken\/maren-und-manuel-entdecken-smaland-und-oland-im-winter\/#primaryimage\"},\"thumbnailUrl\":\"https:\/\/www.visitsmaland.se\/wp-content\/uploads\/2026\/04\/Explore-Beyond-Seasons_O\u0308land-109-\u00a9Travelling-Creatives-scaled.jpg\",\"datePublished\":\"2026-04-09T08:32:19+00:00\",\"dateModified\":\"2026-04-09T10:27:17+00:00\",\"description\":\"Maren und Manuel entdecken Sm\u00e5land und \u00d6land im Winter. Auf dieser Seite kannst du ihre Reise nacherleben und dich inspirieren lassen.\",\"breadcrumb\":{\"@id\":\"https:\/\/www.visitsmaland.se\/de\/entdecken\/maren-und-manuel-entdecken-smaland-und-oland-im-winter\/#breadcrumb\"},\"inLanguage\":\"de\",\"potentialAction\":[{\"@type\":\"ReadAction\",\"target\":[\"https:\/\/www.visitsmaland.se\/de\/entdecken\/maren-und-manuel-entdecken-smaland-und-oland-im-winter\/\"]}]},{\"@type\":\"ImageObject\",\"inLanguage\":\"de\",\"@id\":\"https:\/\/www.visitsmaland.se\/de\/entdecken\/maren-und-manuel-entdecken-smaland-und-oland-im-winter\/#primaryimage\",\"url\":\"https:\/\/www.visitsmaland.se\/wp-content\/uploads\/2026\/04\/Explore-Beyond-Seasons_O\u0308land-109-\u00a9Travelling-Creatives-scaled.jpg\",\"contentUrl\":\"https:\/\/www.visitsmaland.se\/wp-content\/uploads\/2026\/04\/Explore-Beyond-Seasons_O\u0308land-109-\u00a9Travelling-Creatives-scaled.jpg\",\"width\":2560,\"height\":1707},{\"@type\":\"BreadcrumbList\",\"@id\":\"https:\/\/www.visitsmaland.se\/de\/entdecken\/maren-und-manuel-entdecken-smaland-und-oland-im-winter\/#breadcrumb\",\"itemListElement\":[{\"@type\":\"ListItem\",\"position\":1,\"name\":\"Startseite\",\"item\":\"https:\/\/www.visitsmaland.se\/de\/\"},{\"@type\":\"ListItem\",\"position\":2,\"name\":\"Maren und Manuel entdecken Sm\u00e5land und \u00d6land im Winter\"}]},{\"@type\":\"WebSite\",\"@id\":\"https:\/\/www.visitsmaland.se\/de\/#website\",\"url\":\"https:\/\/www.visitsmaland.se\/de\/\",\"name\":\"Visit Sm\u00e5land\",\"description\":\"V\u00e4lkommen till Sm\u00e5land\",\"potentialAction\":[{\"@type\":\"SearchAction\",\"target\":{\"@type\":\"EntryPoint\",\"urlTemplate\":\"https:\/\/www.visitsmaland.se\/de\/?s={search_term_string}\"},\"query-input\":{\"@type\":\"PropertyValueSpecification\",\"valueRequired\":true,\"valueName\":\"search_term_string\"}}],\"inLanguage\":\"de\"}]}<\/script>\n<!-- \/ Yoast SEO plugin. -->","yoast_head_json":{"title":"Maren und Manuel entdecken Sm\u00e5land und \u00d6land im Winter | Visit Sm\u00e5land","description":"Maren und Manuel entdecken Sm\u00e5land und \u00d6land im Winter. Auf dieser Seite kannst du ihre Reise nacherleben und dich inspirieren lassen.","robots":{"index":"index","follow":"follow","max-snippet":"max-snippet:-1","max-image-preview":"max-image-preview:large","max-video-preview":"max-video-preview:-1"},"canonical":"https:\/\/www.visitsmaland.se\/de\/entdecken\/maren-und-manuel-entdecken-smaland-und-oland-im-winter\/","og_locale":"de_DE","og_type":"article","og_title":"Maren und Manuel entdecken Sm\u00e5land und \u00d6land im Winter | Visit Sm\u00e5land","og_description":"Maren und Manuel entdecken Sm\u00e5land und \u00d6land im Winter. Auf dieser Seite kannst du ihre Reise nacherleben und dich inspirieren lassen.","og_url":"https:\/\/www.visitsmaland.se\/de\/entdecken\/maren-und-manuel-entdecken-smaland-und-oland-im-winter\/","og_site_name":"Visit Sm\u00e5land","article_publisher":"https:\/\/www.facebook.com\/visitsmaland\/","article_modified_time":"2026-04-09T10:27:17+00:00","og_image":[{"width":2560,"height":1707,"url":"https:\/\/www.visitsmaland.se\/wp-content\/uploads\/2026\/04\/Explore-Beyond-Seasons_O\u0308land-109-\u00a9Travelling-Creatives-scaled.jpg","type":"image\/jpeg"}],"twitter_card":"summary_large_image","twitter_misc":{"Gesch\u00e4tzte Lesezeit":"8\u00a0Minuten"},"schema":{"@context":"https:\/\/schema.org","@graph":[{"@type":"WebPage","@id":"https:\/\/www.visitsmaland.se\/de\/entdecken\/maren-und-manuel-entdecken-smaland-und-oland-im-winter\/","url":"https:\/\/www.visitsmaland.se\/de\/entdecken\/maren-und-manuel-entdecken-smaland-und-oland-im-winter\/","name":"Maren und Manuel entdecken Sm\u00e5land und \u00d6land im Winter | Visit Sm\u00e5land","isPartOf":{"@id":"https:\/\/www.visitsmaland.se\/de\/#website"},"primaryImageOfPage":{"@id":"https:\/\/www.visitsmaland.se\/de\/entdecken\/maren-und-manuel-entdecken-smaland-und-oland-im-winter\/#primaryimage"},"image":{"@id":"https:\/\/www.visitsmaland.se\/de\/entdecken\/maren-und-manuel-entdecken-smaland-und-oland-im-winter\/#primaryimage"},"thumbnailUrl":"https:\/\/www.visitsmaland.se\/wp-content\/uploads\/2026\/04\/Explore-Beyond-Seasons_O\u0308land-109-\u00a9Travelling-Creatives-scaled.jpg","datePublished":"2026-04-09T08:32:19+00:00","dateModified":"2026-04-09T10:27:17+00:00","description":"Maren und Manuel entdecken Sm\u00e5land und \u00d6land im Winter. Auf dieser Seite kannst du ihre Reise nacherleben und dich inspirieren lassen.","breadcrumb":{"@id":"https:\/\/www.visitsmaland.se\/de\/entdecken\/maren-und-manuel-entdecken-smaland-und-oland-im-winter\/#breadcrumb"},"inLanguage":"de","potentialAction":[{"@type":"ReadAction","target":["https:\/\/www.visitsmaland.se\/de\/entdecken\/maren-und-manuel-entdecken-smaland-und-oland-im-winter\/"]}]},{"@type":"ImageObject","inLanguage":"de","@id":"https:\/\/www.visitsmaland.se\/de\/entdecken\/maren-und-manuel-entdecken-smaland-und-oland-im-winter\/#primaryimage","url":"https:\/\/www.visitsmaland.se\/wp-content\/uploads\/2026\/04\/Explore-Beyond-Seasons_O\u0308land-109-\u00a9Travelling-Creatives-scaled.jpg","contentUrl":"https:\/\/www.visitsmaland.se\/wp-content\/uploads\/2026\/04\/Explore-Beyond-Seasons_O\u0308land-109-\u00a9Travelling-Creatives-scaled.jpg","width":2560,"height":1707},{"@type":"BreadcrumbList","@id":"https:\/\/www.visitsmaland.se\/de\/entdecken\/maren-und-manuel-entdecken-smaland-und-oland-im-winter\/#breadcrumb","itemListElement":[{"@type":"ListItem","position":1,"name":"Startseite","item":"https:\/\/www.visitsmaland.se\/de\/"},{"@type":"ListItem","position":2,"name":"Maren und Manuel entdecken Sm\u00e5land und \u00d6land im Winter"}]},{"@type":"WebSite","@id":"https:\/\/www.visitsmaland.se\/de\/#website","url":"https:\/\/www.visitsmaland.se\/de\/","name":"Visit Sm\u00e5land","description":"V\u00e4lkommen till Sm\u00e5land","potentialAction":[{"@type":"SearchAction","target":{"@type":"EntryPoint","urlTemplate":"https:\/\/www.visitsmaland.se\/de\/?s={search_term_string}"},"query-input":{"@type":"PropertyValueSpecification","valueRequired":true,"valueName":"search_term_string"}}],"inLanguage":"de"}]}},"_links":{"self":[{"href":"https:\/\/www.visitsmaland.se\/de\/wp-json\/wp\/v2\/guide\/95523","targetHints":{"allow":["GET"]}}],"collection":[{"href":"https:\/\/www.visitsmaland.se\/de\/wp-json\/wp\/v2\/guide"}],"about":[{"href":"https:\/\/www.visitsmaland.se\/de\/wp-json\/wp\/v2\/types\/guide"}],"version-history":[{"count":36,"href":"https:\/\/www.visitsmaland.se\/de\/wp-json\/wp\/v2\/guide\/95523\/revisions"}],"predecessor-version":[{"id":95774,"href":"https:\/\/www.visitsmaland.se\/de\/wp-json\/wp\/v2\/guide\/95523\/revisions\/95774"}],"wp:featuredmedia":[{"embeddable":true,"href":"https:\/\/www.visitsmaland.se\/de\/wp-json\/wp\/v2\/media\/95533"}],"wp:attachment":[{"href":"https:\/\/www.visitsmaland.se\/de\/wp-json\/wp\/v2\/media?parent=95523"}],"wp:term":[{"taxonomy":"post_tag","embeddable":true,"href":"https:\/\/www.visitsmaland.se\/de\/wp-json\/wp\/v2\/tags?post=95523"},{"taxonomy":"land","embeddable":true,"href":"https:\/\/www.visitsmaland.se\/de\/wp-json\/wp\/v2\/land?post=95523"}],"curies":[{"name":"wp","href":"https:\/\/api.w.org\/{rel}","templated":true}]}}