{"id":96921,"date":"2026-04-27T11:22:42","date_gmt":"2026-04-27T09:22:42","guid":{"rendered":"https:\/\/www.visitsmaland.se\/upptack\/a-weekend-in-vaxjo\/"},"modified":"2026-04-27T14:19:16","modified_gmt":"2026-04-27T12:19:16","slug":"ein-wochenende-in-vaexjoe","status":"publish","type":"guide","link":"https:\/\/www.visitsmaland.se\/de\/entdecken\/ein-wochenende-in-vaexjoe\/","title":{"rendered":"Ein Wochenende in V\u00e4xj\u00f6"},"content":{"rendered":"<div class=\"postHerosection postHerosection__wrapper\">\n    <div class=\"postHerosection postHerosection__container\">\n        <h1 class=\"postHerosection postHerosection__heroHeading\">\n            Ein Wochenende in V\u00e4xj\u00f6        <\/h1>\n            <\/div>\n    <div class=\"postHerosection postHerosection__imageContainer\">\n        <img loading=\"lazy\" decoding=\"async\" width=\"2560\" height=\"1707\" src=\"https:\/\/www.visitsmaland.se\/wp-content\/uploads\/2024\/04\/vaxjo-a-view-from-pm-vanner_alexander-hall-mediumresolution150dpi80quality-1-scaled.jpg\" class=\"attachment-full size-full\" alt=\"\" srcset=\"https:\/\/www.visitsmaland.se\/wp-content\/uploads\/2024\/04\/vaxjo-a-view-from-pm-vanner_alexander-hall-mediumresolution150dpi80quality-1-scaled.jpg 2560w, https:\/\/www.visitsmaland.se\/wp-content\/uploads\/2024\/04\/vaxjo-a-view-from-pm-vanner_alexander-hall-mediumresolution150dpi80quality-1-300x200.jpg 300w, https:\/\/www.visitsmaland.se\/wp-content\/uploads\/2024\/04\/vaxjo-a-view-from-pm-vanner_alexander-hall-mediumresolution150dpi80quality-1-1024x683.jpg 1024w, https:\/\/www.visitsmaland.se\/wp-content\/uploads\/2024\/04\/vaxjo-a-view-from-pm-vanner_alexander-hall-mediumresolution150dpi80quality-1-768x512.jpg 768w, https:\/\/www.visitsmaland.se\/wp-content\/uploads\/2024\/04\/vaxjo-a-view-from-pm-vanner_alexander-hall-mediumresolution150dpi80quality-1-1536x1024.jpg 1536w, https:\/\/www.visitsmaland.se\/wp-content\/uploads\/2024\/04\/vaxjo-a-view-from-pm-vanner_alexander-hall-mediumresolution150dpi80quality-1-2048x1365.jpg 2048w\" sizes=\"(max-width: 2560px) 100vw, 2560px\" \/>    <\/div>\n<\/div>\n<div class=\"postHerosection postHerosection__breadcrumbs\">\n   <div class=\"postHerosection postHerosection__breadcrumbs-container\">\n        <p id=\"breadcrumbs\"><span><span><a href=\"https:\/\/www.visitsmaland.se\/de\/\">Startseite<\/a><\/span><\/span><\/p>    <\/div>\n<\/div>\n\n<div class=\"contentCta contentCta__wrapper\">\n    <div class=\"contentCta contentCta__container\">\n                    \t\t\t<div class=\"contentCta contentCta__text\" style=\"color: \">\n\t\t\t\t<p>W\u00e4hrend eines Wochenendes in V\u00e4xj\u00f6 kannst du eine Weltstadt im Kleinformat entdecken \u2013 mit allem von Shopping, Sehensw\u00fcrdigkeiten, Nachtleben und spannenden gastronomischen Erlebnissen.<\/p>\n\t\t\t<\/div>\n                <hr>\n            <\/div>\n<\/div>\n\n\n<div class=\"contentImageTwoColumns contentImageTwoColumns__wrapper\" style=\"background-color: #f0efe9\">\n    <div class=\"contentImageTwoColumns contentImageTwoColumns__container layout-reversed\">\n        <div class=\"contentImageTwoColumns contentImageTwoColumns__contentWrapper\">\n            <h2 class=\"contentImageTwoColumns contentImageTwoColumns__heading\" style=\"color: \">\n                Unterkunft            <\/h2>\n            <div class=\"contentImageTwoColumns contentImageTwoColumns__text contentImageTwoColumns__text--short\" style=\"color: \">\n                                    <p>In V\u00e4xj\u00f6 gibt es mehrere \u00dcbernachtungsm\u00f6glichkeiten. Hier kannst du mitten im Zentrum oder etwas au\u00dferhalb des Stadtkerns wohnen. Es gibt Hotels, Bed &#038; Breakfasts, Hostels oder warum nicht in &#8230;                    <button type=\"button\" class=\"contentImageTwoColumns contentImageTwoColumns__readMoreLess\">\n                        Mehr lesen +                    <\/button>\n                            <\/div>\n            <div class=\"contentImageTwoColumns contentImageTwoColumns__text contentImageTwoColumns__text--full\" style=\"color: \">\n                <p>In V\u00e4xj\u00f6 gibt es mehrere \u00dcbernachtungsm\u00f6glichkeiten. Hier kannst du mitten im Zentrum oder etwas au\u00dferhalb des Stadtkerns wohnen. Es gibt Hotels, Bed &#038; Breakfasts, Hostels oder warum nicht in einem Schloss \u00fcbernachten? Es gibt viele verschiedene Optionen, unabh\u00e4ngig von Geschmack und Budget.<\/p>\n                <button type=\"button\" class=\"contentImageTwoColumns contentImageTwoColumns__readMoreLess\">\n                    Weniger lesen &#8211;                <\/button>\n            <\/div>\n                        <div class=\"wp-block-buttons is-layout-flex wp-block-buttons-is-layout-flex\">\n                <div class=\"wp-block-button \">\n                    <a aria-label=\"Unterkunft in V\u00e4xj\u00f6\" class=\"wp-block-button__link wp-element-button\" href=\"https:\/\/upplev.vaxjo.se\/english\/experience-vaxjo\/accommodation\" style=\"background-color: #fbbd51; color: #000000;border: solid 1px #fbbd51\">\n                        Unterkunft in V\u00e4xj\u00f6                    <\/a>\n                <\/div>\n            <\/div>\n                                <\/div>\n        <div class=\"contentImageTwoColumns contentImageTwoColumns__imageWrapper\">\n            <img loading=\"lazy\" decoding=\"async\" width=\"1024\" height=\"740\" src=\"https:\/\/www.visitsmaland.se\/wp-content\/uploads\/2025\/10\/Hotel-3-Ake-Lindman-kopia-1024x740.jpg\" class=\"attachment-grid-card-images size-grid-card-images\" alt=\"\" \/>        <\/div>\n    <\/div>\n<\/div>\n\n\n\n<div style=\"height:21px\" aria-hidden=\"true\" class=\"wp-block-spacer\"><\/div>\n\n\n\n<figure class=\"wp-block-gallery has-nested-images columns-default is-cropped wp-block-gallery-2 is-layout-flex wp-block-gallery-is-layout-flex\">\n<figure class=\"wp-block-image size-large\"><img loading=\"lazy\" decoding=\"async\" width=\"1024\" height=\"768\" data-id=\"96809\" src=\"https:\/\/www.visitsmaland.se\/wp-content\/uploads\/2026\/04\/PM-Va\u0308nner-1-1-1024x768.jpg\" alt=\"\" class=\"wp-image-96809\" srcset=\"https:\/\/www.visitsmaland.se\/wp-content\/uploads\/2026\/04\/PM-Va\u0308nner-1-1-1024x768.jpg 1024w, https:\/\/www.visitsmaland.se\/wp-content\/uploads\/2026\/04\/PM-Va\u0308nner-1-1-300x225.jpg 300w, https:\/\/www.visitsmaland.se\/wp-content\/uploads\/2026\/04\/PM-Va\u0308nner-1-1-768x576.jpg 768w, https:\/\/www.visitsmaland.se\/wp-content\/uploads\/2026\/04\/PM-Va\u0308nner-1-1-1536x1152.jpg 1536w, https:\/\/www.visitsmaland.se\/wp-content\/uploads\/2026\/04\/PM-Va\u0308nner-1-1-2048x1536.jpg 2048w\" sizes=\"(max-width: 1024px) 100vw, 1024px\" \/><\/figure>\n\n\n\n<figure class=\"wp-block-image size-large\"><img loading=\"lazy\" decoding=\"async\" width=\"1024\" height=\"683\" data-id=\"25054\" src=\"https:\/\/www.visitsmaland.se\/wp-content\/uploads\/2024\/04\/vaxjo-1024x683.jpg\" alt=\"\" class=\"wp-image-25054\" srcset=\"https:\/\/www.visitsmaland.se\/wp-content\/uploads\/2024\/04\/vaxjo-1024x683.jpg 1024w, https:\/\/www.visitsmaland.se\/wp-content\/uploads\/2024\/04\/vaxjo-300x200.jpg 300w, https:\/\/www.visitsmaland.se\/wp-content\/uploads\/2024\/04\/vaxjo-768x512.jpg 768w, https:\/\/www.visitsmaland.se\/wp-content\/uploads\/2024\/04\/vaxjo.jpg 1200w\" sizes=\"(max-width: 1024px) 100vw, 1024px\" \/><\/figure>\n\n\n\n<figure class=\"wp-block-image size-large\"><img loading=\"lazy\" decoding=\"async\" width=\"1024\" height=\"683\" data-id=\"35270\" src=\"https:\/\/www.visitsmaland.se\/wp-content\/uploads\/2024\/04\/pm-vanner_alexander_hall-8eaab0a45acff0e5d9e56ef5f9dd63ab-1800x1200-2-1024x683.jpg\" alt=\"\" class=\"wp-image-35270\" srcset=\"https:\/\/www.visitsmaland.se\/wp-content\/uploads\/2024\/04\/pm-vanner_alexander_hall-8eaab0a45acff0e5d9e56ef5f9dd63ab-1800x1200-2-1024x683.jpg 1024w, https:\/\/www.visitsmaland.se\/wp-content\/uploads\/2024\/04\/pm-vanner_alexander_hall-8eaab0a45acff0e5d9e56ef5f9dd63ab-1800x1200-2-300x200.jpg 300w, https:\/\/www.visitsmaland.se\/wp-content\/uploads\/2024\/04\/pm-vanner_alexander_hall-8eaab0a45acff0e5d9e56ef5f9dd63ab-1800x1200-2-768x512.jpg 768w, https:\/\/www.visitsmaland.se\/wp-content\/uploads\/2024\/04\/pm-vanner_alexander_hall-8eaab0a45acff0e5d9e56ef5f9dd63ab-1800x1200-2-1536x1024.jpg 1536w, https:\/\/www.visitsmaland.se\/wp-content\/uploads\/2024\/04\/pm-vanner_alexander_hall-8eaab0a45acff0e5d9e56ef5f9dd63ab-1800x1200-2.jpg 1800w\" sizes=\"(max-width: 1024px) 100vw, 1024px\" \/><\/figure>\n<\/figure>\n\n\n<div class=\"dynamicContentTwoColumns dynamicContentTwoColumns__wrapper\">\n    <div class=\"dynamicContentTwoColumns dynamicContentTwoColumns__container\">\n                                    <h3 class=\"dynamicContentTwoColumns dynamicContentTwoColumns__heading\">\n                    Aktivit\u00e4ten                <\/h3>\n                                                <div class=\"dynamicContentTwoColumns dynamicContentTwoColumns__text\">\n                    <p><p>In V\u00e4xj\u00f6 gibt es viele Aktivit\u00e4ten zu entdecken, da die Stadt eine perfekte Mischung aus Natur, Kultur und Shopping bietet. Die Stadt ist von Seen und W\u00e4ldern umgeben, was sie ideal sowohl f\u00fcr Entspannung in der Natur als auch f\u00fcr aktivere Erlebnisse macht.<\/p>\n<p>\n                <\/div>\n                                                <div class=\"wp-block-buttons is-layout-flex wp-block-buttons-is-layout-flex\">\n                    <div class=\"wp-block-button\">\n                        <a aria-label=\"Mehr lesen\" class=\"wp-block-button__link wp-element-button dynamicContentTwoColumns dynamicContentTwoColumns__ctaButton\" href=\"https:\/\/upplev.vaxjo.se\/english\/experience-vaxjo\/things-to-do\">\n                            Mehr lesen!                        <\/a>\n                    <\/div>\n                <\/div>\n                                                <h3 class=\"dynamicContentTwoColumns dynamicContentTwoColumns__heading\">\n                    Umgeben von Natur                <\/h3>\n                                                <div class=\"dynamicContentTwoColumns dynamicContentTwoColumns__text\">\n                    <p><p>Beginne den Tag mit einem Spaziergang um den V\u00e4xj\u00f6-See oder im Linn\u00e9-Park, wo du mitten im Stadtzentrum wundersch\u00f6ne Natur genie\u00dfen kannst. F\u00fcr diejenigen, die aktiver sein m\u00f6chten, gibt es Rad- und Laufstrecken in der Umgebung oder warum nicht ein Kajak mieten und die Stadt vom Wasser aus erleben? Au\u00dferdem gibt es mehrere andere Parks, Seen und G\u00e4rten, die man w\u00e4hrend des Aufenthalts besuchen kann, sowie Naturreservate etwas au\u00dferhalb der Stadt.<\/p>\n<p>\n                <\/div>\n                                                <div class=\"dynamicContentTwoColumns dynamicContentTwoColumns__imageWrapper\">\n                    <img loading=\"lazy\" decoding=\"async\" width=\"500\" height=\"333\" src=\"https:\/\/www.visitsmaland.se\/wp-content\/uploads\/2026\/04\/Va\u0308xjo\u0308-city-9-scaled.jpg\" class=\"attachment-500x500 size-500x500\" alt=\"\" srcset=\"https:\/\/www.visitsmaland.se\/wp-content\/uploads\/2026\/04\/Va\u0308xjo\u0308-city-9-scaled.jpg 2560w, https:\/\/www.visitsmaland.se\/wp-content\/uploads\/2026\/04\/Va\u0308xjo\u0308-city-9-300x200.jpg 300w, https:\/\/www.visitsmaland.se\/wp-content\/uploads\/2026\/04\/Va\u0308xjo\u0308-city-9-1024x683.jpg 1024w, https:\/\/www.visitsmaland.se\/wp-content\/uploads\/2026\/04\/Va\u0308xjo\u0308-city-9-768x512.jpg 768w, https:\/\/www.visitsmaland.se\/wp-content\/uploads\/2026\/04\/Va\u0308xjo\u0308-city-9-1536x1024.jpg 1536w, https:\/\/www.visitsmaland.se\/wp-content\/uploads\/2026\/04\/Va\u0308xjo\u0308-city-9-2048x1365.jpg 2048w\" sizes=\"(max-width: 500px) 100vw, 500px\" \/>                <\/div>\n                                                <div class=\"wp-block-buttons is-layout-flex wp-block-buttons-is-layout-flex\">\n                    <div class=\"wp-block-button\">\n                        <a aria-label=\"Mehr lesen\" class=\"wp-block-button__link wp-element-button dynamicContentTwoColumns dynamicContentTwoColumns__ctaButton\" href=\"https:\/\/upplev.vaxjo.se\/english\/experience-vaxjo\/things-to-do\/nature\">\n                            Naturerlebnisse                        <\/a>\n                    <\/div>\n                <\/div>\n                                                <h3 class=\"dynamicContentTwoColumns dynamicContentTwoColumns__heading\">\n                    Kultur &#038; Sehensw\u00fcrdigkeiten                <\/h3>\n                                                <div class=\"dynamicContentTwoColumns dynamicContentTwoColumns__text\">\n                    <p><p>F\u00fcr Kulturinteressierte ist ein Besuch in einem der Museen in V\u00e4xj\u00f6 ein Muss, darunter das <a href=\"https:\/\/www.visitsmaland.se\/att-gora\/sveriges-glasmuseum\/\">Schwedische Glasmuseum<\/a> und das <a href=\"https:\/\/www.kulturparkensmaland.se\/utvandrarnas-hus\/\">Haus der Auswanderer<\/a>. W\u00e4hrend eines Wochenendtrips solltest du dir auch Zeit nehmen, durch das Stadtzentrum zu schlendern. Hier findest du Gesch\u00e4fte, Caf\u00e9s und Restaurants mit lokalem Charakter. Verpasse w\u00e4hrend deines Aufenthalts nicht einen Besuch des <a href=\"https:\/\/www.svenskakyrkan.se\/vaxjo\/vaxjo-domkyrka-\">V\u00e4xj\u00f6er Doms<\/a> mit mittelalterlichen Urspr\u00fcngen; mit seinen zwei T\u00fcrmen ist es eines der bekanntesten Wahrzeichen der Stadt. Dort kannst du Kunstwerke aus Glas und Holz besichtigen, und es finden h\u00e4ufig Konzerte verschiedener Genres statt.<\/p>\n<p>\n                <\/div>\n                                                <div class=\"dynamicContentTwoColumns dynamicContentTwoColumns__imageWrapper\">\n                    <img loading=\"lazy\" decoding=\"async\" width=\"333\" height=\"500\" src=\"https:\/\/www.visitsmaland.se\/wp-content\/uploads\/2026\/04\/Vaxjo-Domkyrka-scaled.jpg\" class=\"attachment-500x500 size-500x500\" alt=\"\" srcset=\"https:\/\/www.visitsmaland.se\/wp-content\/uploads\/2026\/04\/Vaxjo-Domkyrka-scaled.jpg 1707w, https:\/\/www.visitsmaland.se\/wp-content\/uploads\/2026\/04\/Vaxjo-Domkyrka-200x300.jpg 200w, https:\/\/www.visitsmaland.se\/wp-content\/uploads\/2026\/04\/Vaxjo-Domkyrka-683x1024.jpg 683w, https:\/\/www.visitsmaland.se\/wp-content\/uploads\/2026\/04\/Vaxjo-Domkyrka-768x1152.jpg 768w, https:\/\/www.visitsmaland.se\/wp-content\/uploads\/2026\/04\/Vaxjo-Domkyrka-1024x1536.jpg 1024w, https:\/\/www.visitsmaland.se\/wp-content\/uploads\/2026\/04\/Vaxjo-Domkyrka-1365x2048.jpg 1365w\" sizes=\"(max-width: 333px) 100vw, 333px\" \/>                <\/div>\n                                                <div class=\"wp-block-buttons is-layout-flex wp-block-buttons-is-layout-flex\">\n                    <div class=\"wp-block-button\">\n                        <a aria-label=\"Mehr lesen\" class=\"wp-block-button__link wp-element-button dynamicContentTwoColumns dynamicContentTwoColumns__ctaButton\" href=\"https:\/\/upplev.vaxjo.se\/english\/experience-vaxjo\/things-to-do\/art-culture-and-attractions\">\n                            Mehr lesen hier!                        <\/a>\n                    <\/div>\n                <\/div>\n                                                <h3 class=\"dynamicContentTwoColumns dynamicContentTwoColumns__heading\">\n                                    <\/h3>\n                        <\/div>\n<\/div>\n\n\n\n<figure class=\"wp-block-gallery has-nested-images columns-default is-cropped wp-block-gallery-3 is-layout-flex wp-block-gallery-is-layout-flex\">\n<figure class=\"wp-block-image size-large\"><img loading=\"lazy\" decoding=\"async\" width=\"2560\" height=\"1920\" data-id=\"96875\" src=\"https:\/\/www.visitsmaland.se\/wp-content\/uploads\/2026\/04\/HALL3854-edited-scaled.jpg\" alt=\"\" class=\"wp-image-96875\" srcset=\"https:\/\/www.visitsmaland.se\/wp-content\/uploads\/2026\/04\/HALL3854-edited-scaled.jpg 2560w, https:\/\/www.visitsmaland.se\/wp-content\/uploads\/2026\/04\/HALL3854-edited-300x225.jpg 300w, https:\/\/www.visitsmaland.se\/wp-content\/uploads\/2026\/04\/HALL3854-edited-1024x768.jpg 1024w, https:\/\/www.visitsmaland.se\/wp-content\/uploads\/2026\/04\/HALL3854-edited-768x576.jpg 768w, https:\/\/www.visitsmaland.se\/wp-content\/uploads\/2026\/04\/HALL3854-edited-1536x1152.jpg 1536w, https:\/\/www.visitsmaland.se\/wp-content\/uploads\/2026\/04\/HALL3854-edited-2048x1536.jpg 2048w\" sizes=\"(max-width: 2560px) 100vw, 2560px\" \/><\/figure>\n\n\n\n<figure class=\"wp-block-image size-large\"><img loading=\"lazy\" decoding=\"async\" width=\"1024\" height=\"683\" data-id=\"96069\" src=\"https:\/\/www.visitsmaland.se\/wp-content\/uploads\/2026\/04\/HALL2380-1024x683.jpg\" alt=\"\" class=\"wp-image-96069\" srcset=\"https:\/\/www.visitsmaland.se\/wp-content\/uploads\/2026\/04\/HALL2380-1024x683.jpg 1024w, https:\/\/www.visitsmaland.se\/wp-content\/uploads\/2026\/04\/HALL2380-300x200.jpg 300w, https:\/\/www.visitsmaland.se\/wp-content\/uploads\/2026\/04\/HALL2380-768x512.jpg 768w, https:\/\/www.visitsmaland.se\/wp-content\/uploads\/2026\/04\/HALL2380-1536x1025.jpg 1536w, https:\/\/www.visitsmaland.se\/wp-content\/uploads\/2026\/04\/HALL2380-2048x1366.jpg 2048w\" sizes=\"(max-width: 1024px) 100vw, 1024px\" \/><\/figure>\n\n\n\n<figure class=\"wp-block-image size-large\"><img loading=\"lazy\" decoding=\"async\" width=\"1024\" height=\"591\" data-id=\"96804\" src=\"https:\/\/www.visitsmaland.se\/wp-content\/uploads\/2026\/04\/PM-2-1-1024x591.jpg\" alt=\"\" class=\"wp-image-96804\" srcset=\"https:\/\/www.visitsmaland.se\/wp-content\/uploads\/2026\/04\/PM-2-1-1024x591.jpg 1024w, https:\/\/www.visitsmaland.se\/wp-content\/uploads\/2026\/04\/PM-2-1-300x173.jpg 300w, https:\/\/www.visitsmaland.se\/wp-content\/uploads\/2026\/04\/PM-2-1-768x444.jpg 768w, https:\/\/www.visitsmaland.se\/wp-content\/uploads\/2026\/04\/PM-2-1-1536x887.jpg 1536w, https:\/\/www.visitsmaland.se\/wp-content\/uploads\/2026\/04\/PM-2-1-2048x1183.jpg 2048w\" sizes=\"(max-width: 1024px) 100vw, 1024px\" \/><\/figure>\n<\/figure>\n\n\n\n<div class=\"wp-block-group has-visitsmaland-greige-background-color has-background is-layout-constrained wp-block-group-is-layout-constrained\"><div class=\"dynamicContentTwoColumns dynamicContentTwoColumns__wrapper\">\n    <div class=\"dynamicContentTwoColumns dynamicContentTwoColumns__container\">\n                                    <h3 class=\"dynamicContentTwoColumns dynamicContentTwoColumns__heading\">\n                    Die Food-Stadt V\u00e4xj\u00f6                <\/h3>\n                                                <div class=\"dynamicContentTwoColumns dynamicContentTwoColumns__text\">\n                    <p><p>V\u00e4xj\u00f6 hat sich in den letzten Jahren als spannende Food-Stadt etabliert, in der Nachhaltigkeit und lokale Zutaten im Mittelpunkt stehen. Mit einer starken Verbindung zur sm\u00e5l\u00e4ndischen Landschaft bieten die Restaurants Zutaten aus Wald, See und Landwirtschaft der Region. Hier treffen moderne Restaurants auf klassische Geschmacksrichtungen. Egal ob luxuri\u00f6ses Abendessen, entspanntes Mittagessen oder Kaffee, V\u00e4xj\u00f6 bietet vielf\u00e4ltige kulinarische Erlebnisse, die Tradition und Innovation verbinden. G\u00f6nn dir ein einzigartiges kulinarisches Erlebnis in der Food-Stadt V\u00e4xj\u00f6!<\/p>\n<p>\n                <\/div>\n                                                <h3 class=\"dynamicContentTwoColumns dynamicContentTwoColumns__heading\">\n                    PM &#038; V\u00e4nner                <\/h3>\n                                                <div class=\"dynamicContentTwoColumns dynamicContentTwoColumns__imageWrapper\">\n                    <img loading=\"lazy\" decoding=\"async\" width=\"500\" height=\"333\" src=\"https:\/\/www.visitsmaland.se\/wp-content\/uploads\/2024\/04\/pmomslag-scaled.jpg\" class=\"attachment-500x500 size-500x500\" alt=\"\" srcset=\"https:\/\/www.visitsmaland.se\/wp-content\/uploads\/2024\/04\/pmomslag-scaled.jpg 2560w, https:\/\/www.visitsmaland.se\/wp-content\/uploads\/2024\/04\/pmomslag-300x200.jpg 300w, https:\/\/www.visitsmaland.se\/wp-content\/uploads\/2024\/04\/pmomslag-1024x683.jpg 1024w, https:\/\/www.visitsmaland.se\/wp-content\/uploads\/2024\/04\/pmomslag-768x512.jpg 768w, https:\/\/www.visitsmaland.se\/wp-content\/uploads\/2024\/04\/pmomslag-1536x1024.jpg 1536w, https:\/\/www.visitsmaland.se\/wp-content\/uploads\/2024\/04\/pmomslag-2048x1365.jpg 2048w\" sizes=\"(max-width: 500px) 100vw, 500px\" \/>                <\/div>\n                                                <div class=\"dynamicContentTwoColumns dynamicContentTwoColumns__text\">\n                    <p><p>PM &#038; V\u00e4nner ist nicht nur ein preisgekr\u00f6ntes Restaurant mit einem Michelin-Stern im Guide Michelin, sondern auch ein modernes Hotel, eine B\u00e4ckerei (PM &#038; V\u00e4nner Br\u00f6d &#038; Sovel) und ein Blumenladen (Flora PM &#038; V\u00e4nner), alles im Zentrum von V\u00e4xj\u00f6 gelegen und definitiv einen Besuch wert. Hier kannst du ein luxuri\u00f6ses Degustationsmen\u00fc genie\u00dfen, Weine von Weltklasse und sm\u00e5l\u00e4ndischen K\u00e4sekuchen, der beim Fr\u00fchst\u00fccksbuffet serviert wird \u2013 um nur einige Highlights zu nennen!<\/p>\n<p>\n                <\/div>\n                                                <div class=\"wp-block-buttons is-layout-flex wp-block-buttons-is-layout-flex\">\n                    <div class=\"wp-block-button\">\n                        <a aria-label=\"Mehr lesen\" class=\"wp-block-button__link wp-element-button dynamicContentTwoColumns dynamicContentTwoColumns__ctaButton\" href=\"https:\/\/pmrestauranger.se\/en\/\">\n                            PM &#038; V\u00e4nner!                        <\/a>\n                    <\/div>\n                <\/div>\n                                                <h3 class=\"dynamicContentTwoColumns dynamicContentTwoColumns__heading\">\n                    Kaf\u00e9 de luxe                <\/h3>\n                                                <div class=\"dynamicContentTwoColumns dynamicContentTwoColumns__imageWrapper\">\n                    <img loading=\"lazy\" decoding=\"async\" width=\"500\" height=\"375\" src=\"https:\/\/www.visitsmaland.se\/wp-content\/uploads\/2026\/04\/kafe-de-luxe-va\u0308xjo\u0308-1-scaled.jpg\" class=\"attachment-500x500 size-500x500\" alt=\"\" srcset=\"https:\/\/www.visitsmaland.se\/wp-content\/uploads\/2026\/04\/kafe-de-luxe-va\u0308xjo\u0308-1-scaled.jpg 2560w, https:\/\/www.visitsmaland.se\/wp-content\/uploads\/2026\/04\/kafe-de-luxe-va\u0308xjo\u0308-1-300x225.jpg 300w, https:\/\/www.visitsmaland.se\/wp-content\/uploads\/2026\/04\/kafe-de-luxe-va\u0308xjo\u0308-1-1024x768.jpg 1024w, https:\/\/www.visitsmaland.se\/wp-content\/uploads\/2026\/04\/kafe-de-luxe-va\u0308xjo\u0308-1-768x576.jpg 768w, https:\/\/www.visitsmaland.se\/wp-content\/uploads\/2026\/04\/kafe-de-luxe-va\u0308xjo\u0308-1-1536x1152.jpg 1536w, https:\/\/www.visitsmaland.se\/wp-content\/uploads\/2026\/04\/kafe-de-luxe-va\u0308xjo\u0308-1-2048x1536.jpg 2048w\" sizes=\"(max-width: 500px) 100vw, 500px\" \/>                <\/div>\n                                                <div class=\"dynamicContentTwoColumns dynamicContentTwoColumns__text\">\n                    <p><p>In einem alten Haus aus dem 18. Jahrhundert, in dem alles ein wenig schief und krumm ist, befindet sich Kaf\u00e9 de luxe, ein Treffpunkt f\u00fcr alle, die sich f\u00fcr Essen und Kultur interessieren. Hier kann man gutes Essen und Kaffee genie\u00dfen, hergestellt aus lokal angebauten Zutaten aus dem eigenen Stadtgarten Ekobacken. Au\u00dferdem kann man Live-Musik und andere kulturelle Erlebnisse genie\u00dfen.<\/p>\n<p>\n                <\/div>\n                                                <div class=\"wp-block-buttons is-layout-flex wp-block-buttons-is-layout-flex\">\n                    <div class=\"wp-block-button\">\n                        <a aria-label=\"Mehr lesen\" class=\"wp-block-button__link wp-element-button dynamicContentTwoColumns dynamicContentTwoColumns__ctaButton\" href=\"https:\/\/www.kafedeluxe.se\/english\">\n                            Kaf\u00e9 de luxe!                        <\/a>\n                    <\/div>\n                <\/div>\n                                                <h3 class=\"dynamicContentTwoColumns dynamicContentTwoColumns__heading\">\n                    Villa &#038; tr\u00e4dg\u00e5rd de luxe                <\/h3>\n                                                <div class=\"dynamicContentTwoColumns dynamicContentTwoColumns__imageWrapper\">\n                    <img loading=\"lazy\" decoding=\"async\" width=\"400\" height=\"500\" src=\"https:\/\/www.visitsmaland.se\/wp-content\/uploads\/2026\/04\/Villa-Tra\u0308dga\u030ard-de-luxe-7.jpg\" class=\"attachment-500x500 size-500x500\" alt=\"\" srcset=\"https:\/\/www.visitsmaland.se\/wp-content\/uploads\/2026\/04\/Villa-Tra\u0308dga\u030ard-de-luxe-7.jpg 1638w, https:\/\/www.visitsmaland.se\/wp-content\/uploads\/2026\/04\/Villa-Tra\u0308dga\u030ard-de-luxe-7-240x300.jpg 240w, https:\/\/www.visitsmaland.se\/wp-content\/uploads\/2026\/04\/Villa-Tra\u0308dga\u030ard-de-luxe-7-819x1024.jpg 819w, https:\/\/www.visitsmaland.se\/wp-content\/uploads\/2026\/04\/Villa-Tra\u0308dga\u030ard-de-luxe-7-768x960.jpg 768w, https:\/\/www.visitsmaland.se\/wp-content\/uploads\/2026\/04\/Villa-Tra\u0308dga\u030ard-de-luxe-7-1229x1536.jpg 1229w\" sizes=\"(max-width: 400px) 100vw, 400px\" \/>                <\/div>\n                                                <div class=\"dynamicContentTwoColumns dynamicContentTwoColumns__text\">\n                    <p><p>Zur De-luxe-Familie geh\u00f6rt Villa &#038; Garten de luxe, gelegen im alten Pfarrhaus. Hier werden unter anderem Pizza, Verkostungen, Jazzkonzerte und Craft-Bier angeboten. Im Sommer kann man Essen und Getr\u00e4nke im Garten genie\u00dfen, Live-Musik erleben sowie eine Runde Boule oder Tischtennis spielen.<\/p>\n<p>\n                <\/div>\n                                                <div class=\"wp-block-buttons is-layout-flex wp-block-buttons-is-layout-flex\">\n                    <div class=\"wp-block-button\">\n                        <a aria-label=\"Mehr lesen\" class=\"wp-block-button__link wp-element-button dynamicContentTwoColumns dynamicContentTwoColumns__ctaButton\" href=\"https:\/\/www.villadeluxe.se\/english\">\n                            Villa de luxe!                        <\/a>\n                    <\/div>\n                <\/div>\n                                                <h3 class=\"dynamicContentTwoColumns dynamicContentTwoColumns__heading\">\n                    B\u00f6nan &#038; Mustaschen                <\/h3>\n                                                <div class=\"dynamicContentTwoColumns dynamicContentTwoColumns__imageWrapper\">\n                    <img loading=\"lazy\" decoding=\"async\" width=\"500\" height=\"334\" src=\"https:\/\/www.visitsmaland.se\/wp-content\/uploads\/2026\/04\/HALL3848-scaled.jpg\" class=\"attachment-500x500 size-500x500\" alt=\"\" srcset=\"https:\/\/www.visitsmaland.se\/wp-content\/uploads\/2026\/04\/HALL3848-scaled.jpg 2560w, https:\/\/www.visitsmaland.se\/wp-content\/uploads\/2026\/04\/HALL3848-300x200.jpg 300w, https:\/\/www.visitsmaland.se\/wp-content\/uploads\/2026\/04\/HALL3848-1024x683.jpg 1024w, https:\/\/www.visitsmaland.se\/wp-content\/uploads\/2026\/04\/HALL3848-768x512.jpg 768w, https:\/\/www.visitsmaland.se\/wp-content\/uploads\/2026\/04\/HALL3848-1536x1025.jpg 1536w, https:\/\/www.visitsmaland.se\/wp-content\/uploads\/2026\/04\/HALL3848-2048x1366.jpg 2048w\" sizes=\"(max-width: 500px) 100vw, 500px\" \/>                <\/div>\n                                                <div class=\"dynamicContentTwoColumns dynamicContentTwoColumns__text\">\n                    <p><p>Wenn man Lust auf wirklich guten Kaffee und Fika hat, gibt es die Kaffeebar B\u00f6nan &#038; Mustaschen, wo Specialty Coffee serviert wird \u2013 eine Qualit\u00e4tsbezeichnung, bei der der Kaffee bestimmte Standards erf\u00fcllen muss. Hier kann man hei\u00dfe Getr\u00e4nke, Kuchen und leichte Mittagessen zwischen den Aktivit\u00e4ten genie\u00dfen.<\/p>\n<p>\n                <\/div>\n                                                <div class=\"wp-block-buttons is-layout-flex wp-block-buttons-is-layout-flex\">\n                    <div class=\"wp-block-button\">\n                        <a aria-label=\"Mehr lesen\" class=\"wp-block-button__link wp-element-button dynamicContentTwoColumns dynamicContentTwoColumns__ctaButton\" href=\"https:\/\/upplev.vaxjo.se\/english\/experience-vaxjo\/food-and-drinks\/cafes\/bonan--mustaschen\">\n                            B\u00f6nan &#038; Mustaschen!                        <\/a>\n                    <\/div>\n                <\/div>\n                        <\/div>\n<\/div>\n<\/div>\n\n\n\n<div style=\"height:21px\" aria-hidden=\"true\" class=\"wp-block-spacer\"><\/div>\n\n\n\n<figure class=\"wp-block-gallery has-nested-images columns-default is-cropped wp-block-gallery-4 is-layout-flex wp-block-gallery-is-layout-flex\">\n<figure class=\"wp-block-image size-large\"><img loading=\"lazy\" decoding=\"async\" width=\"2560\" height=\"2560\" data-id=\"96868\" src=\"https:\/\/www.visitsmaland.se\/wp-content\/uploads\/2026\/04\/PM_Bro\u0308d-och-Sovel-6-1-edited-scaled.jpg\" alt=\"\" class=\"wp-image-96868\" srcset=\"https:\/\/www.visitsmaland.se\/wp-content\/uploads\/2026\/04\/PM_Bro\u0308d-och-Sovel-6-1-edited-scaled.jpg 2560w, https:\/\/www.visitsmaland.se\/wp-content\/uploads\/2026\/04\/PM_Bro\u0308d-och-Sovel-6-1-edited-300x300.jpg 300w, https:\/\/www.visitsmaland.se\/wp-content\/uploads\/2026\/04\/PM_Bro\u0308d-och-Sovel-6-1-edited-1024x1024.jpg 1024w, https:\/\/www.visitsmaland.se\/wp-content\/uploads\/2026\/04\/PM_Bro\u0308d-och-Sovel-6-1-edited-150x150.jpg 150w, https:\/\/www.visitsmaland.se\/wp-content\/uploads\/2026\/04\/PM_Bro\u0308d-och-Sovel-6-1-edited-768x768.jpg 768w, https:\/\/www.visitsmaland.se\/wp-content\/uploads\/2026\/04\/PM_Bro\u0308d-och-Sovel-6-1-edited-1536x1536.jpg 1536w, https:\/\/www.visitsmaland.se\/wp-content\/uploads\/2026\/04\/PM_Bro\u0308d-och-Sovel-6-1-edited-2048x2048.jpg 2048w\" sizes=\"(max-width: 2560px) 100vw, 2560px\" \/><\/figure>\n\n\n\n<figure class=\"wp-block-image size-large\"><img loading=\"lazy\" decoding=\"async\" width=\"1024\" height=\"683\" data-id=\"96844\" src=\"https:\/\/www.visitsmaland.se\/wp-content\/uploads\/2026\/04\/Va\u0308xjo\u0308-city-4-1-1024x683.jpg\" alt=\"\" class=\"wp-image-96844\" srcset=\"https:\/\/www.visitsmaland.se\/wp-content\/uploads\/2026\/04\/Va\u0308xjo\u0308-city-4-1-1024x683.jpg 1024w, https:\/\/www.visitsmaland.se\/wp-content\/uploads\/2026\/04\/Va\u0308xjo\u0308-city-4-1-300x200.jpg 300w, https:\/\/www.visitsmaland.se\/wp-content\/uploads\/2026\/04\/Va\u0308xjo\u0308-city-4-1-768x512.jpg 768w, https:\/\/www.visitsmaland.se\/wp-content\/uploads\/2026\/04\/Va\u0308xjo\u0308-city-4-1-1536x1024.jpg 1536w, https:\/\/www.visitsmaland.se\/wp-content\/uploads\/2026\/04\/Va\u0308xjo\u0308-city-4-1-2048x1365.jpg 2048w\" sizes=\"(max-width: 1024px) 100vw, 1024px\" \/><\/figure>\n\n\n\n<figure class=\"wp-block-image size-large\"><img loading=\"lazy\" decoding=\"async\" width=\"2560\" height=\"2560\" data-id=\"96222\" src=\"https:\/\/www.visitsmaland.se\/wp-content\/uploads\/2026\/04\/Va\u0308xjo\u0308-Kafe-de-luxe-WANDERSofMANAO_x_Sma\u030aland_9.jpg-edited-scaled.jpg\" alt=\"\" class=\"wp-image-96222\" srcset=\"https:\/\/www.visitsmaland.se\/wp-content\/uploads\/2026\/04\/Va\u0308xjo\u0308-Kafe-de-luxe-WANDERSofMANAO_x_Sma\u030aland_9.jpg-edited-scaled.jpg 2560w, https:\/\/www.visitsmaland.se\/wp-content\/uploads\/2026\/04\/Va\u0308xjo\u0308-Kafe-de-luxe-WANDERSofMANAO_x_Sma\u030aland_9.jpg-edited-300x300.jpg 300w, https:\/\/www.visitsmaland.se\/wp-content\/uploads\/2026\/04\/Va\u0308xjo\u0308-Kafe-de-luxe-WANDERSofMANAO_x_Sma\u030aland_9.jpg-edited-1024x1024.jpg 1024w, https:\/\/www.visitsmaland.se\/wp-content\/uploads\/2026\/04\/Va\u0308xjo\u0308-Kafe-de-luxe-WANDERSofMANAO_x_Sma\u030aland_9.jpg-edited-150x150.jpg 150w, https:\/\/www.visitsmaland.se\/wp-content\/uploads\/2026\/04\/Va\u0308xjo\u0308-Kafe-de-luxe-WANDERSofMANAO_x_Sma\u030aland_9.jpg-edited-768x768.jpg 768w, https:\/\/www.visitsmaland.se\/wp-content\/uploads\/2026\/04\/Va\u0308xjo\u0308-Kafe-de-luxe-WANDERSofMANAO_x_Sma\u030aland_9.jpg-edited-1536x1536.jpg 1536w, https:\/\/www.visitsmaland.se\/wp-content\/uploads\/2026\/04\/Va\u0308xjo\u0308-Kafe-de-luxe-WANDERSofMANAO_x_Sma\u030aland_9.jpg-edited-2048x2048.jpg 2048w\" sizes=\"(max-width: 2560px) 100vw, 2560px\" \/><\/figure>\n<\/figure>\n\n\n  \n<div class=\"featuredTwoColumns featuredTwoColumns__wrapper\">\n    <div class=\"featuredTwoColumns featuredTwoColumns__container\">  \n            <div class=\"featuredTwoColumns featuredTwoColumns__feturedWrapper\">\n            <a aria-label=\"PM &amp; V\u00e4nner\" href=\"https:\/\/www.visitsmaland.se\/de\/entdecken\/pm-vanner\/\"class=\"featuredTwoColumns featuredTwoColumns__imageWrapper\">\n                <img loading=\"lazy\" decoding=\"async\" width=\"1024\" height=\"740\" src=\"https:\/\/www.visitsmaland.se\/wp-content\/uploads\/2024\/04\/ALEX3051-1-1024x740.jpg\" class=\"attachment-grid-card-images size-grid-card-images wp-post-image\" alt=\"\" \/>            <\/a>\n            <div class=\"featuredTwoColumns featuredTwoColumns__contentWrapper\">\n                <h2 class=\"featuredTwoColumns featuredTwoColumns__heading\">\n                    PM &amp; V\u00e4nner                <\/h2>\n                <p class=\"featuredTwoColumns featuredTwoColumns__description\">\n                    Michelin-Stern und Grand Award vom Wine Spectator: \u2026                <\/p>\n                 \n                 \n                <div class=\"wp-block-buttons is-layout-flex wp-block-buttons-is-layout-flex\">\n                    <div class=\"wp-block-button \">\n                        <a aria-label=\"PM &amp; V\u00e4nner\"class=\"wp-block-button__link wp-element-button\" href=\"https:\/\/www.visitsmaland.se\/de\/entdecken\/pm-vanner\/\">\n                            Entdecke                       \n                         <\/a>\n                    <\/div>\n                <\/div>\n            <\/div>\n        <\/div>\n                <div class=\"featuredTwoColumns featuredTwoColumns__feturedWrapper\">\n            <a aria-label=\"White Guide Restaurants\" href=\"https:\/\/www.visitsmaland.se\/de\/entdecken\/white-guide-restaurants\/\"class=\"featuredTwoColumns featuredTwoColumns__imageWrapper\">\n                <img loading=\"lazy\" decoding=\"async\" width=\"1024\" height=\"740\" src=\"https:\/\/www.visitsmaland.se\/wp-content\/uploads\/2024\/04\/alex3310-1024x740.jpg\" class=\"attachment-grid-card-images size-grid-card-images wp-post-image\" alt=\"\" \/>            <\/a>\n            <div class=\"featuredTwoColumns featuredTwoColumns__contentWrapper\">\n                <h2 class=\"featuredTwoColumns featuredTwoColumns__heading\">\n                    White Guide Restaurants                <\/h2>\n                <p class=\"featuredTwoColumns featuredTwoColumns__description\">\n                    Das kulinarische Sm\u00e5land bietet K\u00f6che der Meisterkl\u2026                <\/p>\n                 \n                 \n                <div class=\"wp-block-buttons is-layout-flex wp-block-buttons-is-layout-flex\">\n                    <div class=\"wp-block-button \">\n                        <a aria-label=\"White Guide Restaurants\"class=\"wp-block-button__link wp-element-button\" href=\"https:\/\/www.visitsmaland.se\/de\/entdecken\/white-guide-restaurants\/\">\n                            Entdecke                       \n                         <\/a>\n                    <\/div>\n                <\/div>\n            <\/div>\n        <\/div>\n            <\/div>\n<\/div>\n\n\n<div class=\"contentImageTwoColumns contentImageTwoColumns__wrapper\" style=\"background-color: #133a26\">\n    <div class=\"contentImageTwoColumns contentImageTwoColumns__container \">\n        <div class=\"contentImageTwoColumns contentImageTwoColumns__contentWrapper\">\n            <h2 class=\"contentImageTwoColumns contentImageTwoColumns__heading\" style=\"color: #ffffff\">\n                Schloss Teleborg            <\/h2>\n            <div class=\"contentImageTwoColumns contentImageTwoColumns__text contentImageTwoColumns__text--short\" style=\"color: #ffffff\">\n                                    <p>Das Schloss Teleborg in V\u00e4xj\u00f6 wurde Ende des 19. Jahrhunderts von Graf Fredrik Bonde f\u00fcr seine Frau Anna Koskull erbaut und ist ein echtes M\u00e4rchenschloss. Das Schloss ist bekannt f\u00fcr seinen einziga&#8230;                    <button type=\"button\" class=\"contentImageTwoColumns contentImageTwoColumns__readMoreLess\">\n                        Mehr lesen +                    <\/button>\n                            <\/div>\n            <div class=\"contentImageTwoColumns contentImageTwoColumns__text contentImageTwoColumns__text--full\" style=\"color: #ffffff\">\n                <p>Das Schloss Teleborg in V\u00e4xj\u00f6 wurde Ende des 19. Jahrhunderts von Graf Fredrik Bonde f\u00fcr seine Frau Anna Koskull erbaut und ist ein echtes M\u00e4rchenschloss. Das Schloss ist bekannt f\u00fcr seinen einzigartigen neugotischen Stil und liegt wundersch\u00f6n am See Trummen. Heute ist es ein beliebter Ort f\u00fcr \u00dcbernachtungen, Hochzeiten, Feiern und Konferenzen mit stilvoll eingerichteten S\u00e4len und Zimmern.<\/p>\n                <button type=\"button\" class=\"contentImageTwoColumns contentImageTwoColumns__readMoreLess\">\n                    Weniger lesen &#8211;                <\/button>\n            <\/div>\n                        <div class=\"wp-block-buttons is-layout-flex wp-block-buttons-is-layout-flex\">\n                <div class=\"wp-block-button \">\n                    <a aria-label=\"Schloss Teleborg\" class=\"wp-block-button__link wp-element-button\" href=\"https:\/\/teleborgsslott.com\/en\/\" style=\"background-color: #f0efe9; color: #000000;border: solid 1px #f0efe9\">\n                        Schloss Teleborg                    <\/a>\n                <\/div>\n            <\/div>\n                                <\/div>\n        <div class=\"contentImageTwoColumns contentImageTwoColumns__imageWrapper\">\n            <img loading=\"lazy\" decoding=\"async\" width=\"1024\" height=\"740\" src=\"https:\/\/www.visitsmaland.se\/wp-content\/uploads\/2026\/03\/Teleborgs-slott-88869-1024x740.jpeg\" class=\"attachment-grid-card-images size-grid-card-images\" alt=\"\" \/>        <\/div>\n    <\/div>\n<\/div>\n\n\n<div class=\"contentImageTwoColumns contentImageTwoColumns__wrapper\" style=\"background-color: #f0efe9\">\n    <div class=\"contentImageTwoColumns contentImageTwoColumns__container layout-reversed\">\n        <div class=\"contentImageTwoColumns contentImageTwoColumns__contentWrapper\">\n            <h2 class=\"contentImageTwoColumns contentImageTwoColumns__heading\" style=\"color: \">\n                Veranstaltungen            <\/h2>\n            <div class=\"contentImageTwoColumns contentImageTwoColumns__text contentImageTwoColumns__text--short\" style=\"color: \">\n                                    <p>In V\u00e4xj\u00f6 finden das ganze Jahr \u00fcber mehrere Veranstaltungen statt, besonders im Sommer, wenn die Karl-Oskar-Tage und Scensommar mit Konzerten, Jahrmarkt, Theater und Markt stattfinden. Au\u00dferdem wer&#8230;                    <button type=\"button\" class=\"contentImageTwoColumns contentImageTwoColumns__readMoreLess\">\n                        Mehr lesen +                    <\/button>\n                            <\/div>\n            <div class=\"contentImageTwoColumns contentImageTwoColumns__text contentImageTwoColumns__text--full\" style=\"color: \">\n                <p>In V\u00e4xj\u00f6 finden das ganze Jahr \u00fcber mehrere Veranstaltungen statt, besonders im Sommer, wenn die Karl-Oskar-Tage und Scensommar mit Konzerten, Jahrmarkt, Theater und Markt stattfinden. Au\u00dferdem werden mehrere Sportveranstaltungen organisiert, wie der traditionelle V\u00e4xj\u00f6-Lauf. Am letzten Samstag im Januar kann man au\u00dferdem die Kulturnacht besuchen, bei der ganz V\u00e4xj\u00f6 voller Musik, Kunst und Theater ist.<\/p>\n                <button type=\"button\" class=\"contentImageTwoColumns contentImageTwoColumns__readMoreLess\">\n                    Weniger lesen &#8211;                <\/button>\n            <\/div>\n                        <div class=\"wp-block-buttons is-layout-flex wp-block-buttons-is-layout-flex\">\n                <div class=\"wp-block-button \">\n                    <a aria-label=\"Veranstaltungen in V\u00e4xj\u00f6!\" class=\"wp-block-button__link wp-element-button\" href=\"https:\/\/vaxjoco.se\/en\/events\/\" style=\"background-color: #fbbd51; color: #000000;border: solid 1px #000000\">\n                        Veranstaltungen in V\u00e4xj\u00f6!                    <\/a>\n                <\/div>\n            <\/div>\n                                <\/div>\n        <div class=\"contentImageTwoColumns contentImageTwoColumns__imageWrapper\">\n            <img loading=\"lazy\" decoding=\"async\" width=\"1024\" height=\"740\" src=\"https:\/\/www.visitsmaland.se\/wp-content\/uploads\/2026\/04\/Va\u0308xjo\u0308_scensommar-1-1024x740.jpg\" class=\"attachment-grid-card-images size-grid-card-images\" alt=\"\" \/>        <\/div>\n    <\/div>\n<\/div>\n\n\n\n<div style=\"height:21px\" aria-hidden=\"true\" class=\"wp-block-spacer\"><\/div>\n\n\n  \n<div class=\"featuredTwoColumns featuredTwoColumns__wrapper\">\n    <div class=\"featuredTwoColumns featuredTwoColumns__container\">  \n            <div class=\"featuredTwoColumns featuredTwoColumns__feturedWrapper\">\n            <a aria-label=\"St\u00e4dte in Sm\u00e5land\" href=\"https:\/\/www.visitsmaland.se\/de\/entdecken\/stadte-in-smaland\/\"class=\"featuredTwoColumns featuredTwoColumns__imageWrapper\">\n                <img loading=\"lazy\" decoding=\"async\" width=\"1024\" height=\"740\" src=\"https:\/\/www.visitsmaland.se\/wp-content\/uploads\/2024\/04\/Bron01-1-1024x740.jpg\" class=\"attachment-grid-card-images size-grid-card-images wp-post-image\" alt=\"\" \/>            <\/a>\n            <div class=\"featuredTwoColumns featuredTwoColumns__contentWrapper\">\n                <h2 class=\"featuredTwoColumns featuredTwoColumns__heading\">\n                    St\u00e4dte in Sm\u00e5land                <\/h2>\n                <p class=\"featuredTwoColumns featuredTwoColumns__description\">\n                    Restaurants und Bars, Shopping und Aktivit\u00e4ten, Kul\u2026                <\/p>\n                 \n                 \n                <div class=\"wp-block-buttons is-layout-flex wp-block-buttons-is-layout-flex\">\n                    <div class=\"wp-block-button \">\n                        <a aria-label=\"St\u00e4dte in Sm\u00e5land\"class=\"wp-block-button__link wp-element-button\" href=\"https:\/\/www.visitsmaland.se\/de\/entdecken\/stadte-in-smaland\/\">\n                            Entdecke                       \n                         <\/a>\n                    <\/div>\n                <\/div>\n            <\/div>\n        <\/div>\n                <div class=\"featuredTwoColumns featuredTwoColumns__feturedWrapper\">\n            <a aria-label=\"Sm\u00e5land und \u00d6land ohne Auto entdecken\" href=\"https:\/\/www.visitsmaland.se\/de\/entdecken\/smaland-und-oeland-ohne-auto-entdecken\/\"class=\"featuredTwoColumns featuredTwoColumns__imageWrapper\">\n                <img loading=\"lazy\" decoding=\"async\" width=\"1024\" height=\"640\" src=\"https:\/\/www.visitsmaland.se\/wp-content\/uploads\/2022\/06\/Alex_o_-carro-v-taget-topp-3-kopia.jpg\" class=\"attachment-grid-card-images size-grid-card-images wp-post-image\" alt=\"\" srcset=\"https:\/\/www.visitsmaland.se\/wp-content\/uploads\/2022\/06\/Alex_o_-carro-v-taget-topp-3-kopia.jpg 1280w, https:\/\/www.visitsmaland.se\/wp-content\/uploads\/2022\/06\/Alex_o_-carro-v-taget-topp-3-kopia-300x188.jpg 300w, https:\/\/www.visitsmaland.se\/wp-content\/uploads\/2022\/06\/Alex_o_-carro-v-taget-topp-3-kopia-1024x640.jpg 1024w, https:\/\/www.visitsmaland.se\/wp-content\/uploads\/2022\/06\/Alex_o_-carro-v-taget-topp-3-kopia-768x480.jpg 768w, https:\/\/www.visitsmaland.se\/wp-content\/uploads\/2022\/06\/Alex_o_-carro-v-taget-topp-3-kopia-640x400.jpg 640w, https:\/\/www.visitsmaland.se\/wp-content\/uploads\/2022\/06\/Alex_o_-carro-v-taget-topp-3-kopia-240x150.jpg 240w, https:\/\/www.visitsmaland.se\/wp-content\/uploads\/2022\/06\/Alex_o_-carro-v-taget-topp-3-kopia-192x120.jpg 192w\" sizes=\"(max-width: 1024px) 100vw, 1024px\" \/>            <\/a>\n            <div class=\"featuredTwoColumns featuredTwoColumns__contentWrapper\">\n                <h2 class=\"featuredTwoColumns featuredTwoColumns__heading\">\n                    Sm\u00e5land und \u00d6land ohne Auto entdecken                <\/h2>\n                <p class=\"featuredTwoColumns featuredTwoColumns__description\">\n                    Sm\u00e5land und \u00d6land bieten unz\u00e4hlige M\u00f6glichkeiten, d\u2026                <\/p>\n                 \n                 \n                <div class=\"wp-block-buttons is-layout-flex wp-block-buttons-is-layout-flex\">\n                    <div class=\"wp-block-button \">\n                        <a aria-label=\"Sm\u00e5land und \u00d6land ohne Auto entdecken\"class=\"wp-block-button__link wp-element-button\" href=\"https:\/\/www.visitsmaland.se\/de\/entdecken\/smaland-und-oeland-ohne-auto-entdecken\/\">\n                            Entdecke                       \n                         <\/a>\n                    <\/div>\n                <\/div>\n            <\/div>\n        <\/div>\n            <\/div>\n<\/div>\n","protected":false},"excerpt":{"rendered":"<p>W\u00e4hrend eines Wochenendes in V\u00e4xj\u00f6 kannst du eine Weltstadt im Kleinformat entdecken \u2013 mit allem von Shopping, Sehensw\u00fcrdigkeiten, Nachtleben und spannenden gastronomischen Erlebnissen.<\/p>\n","protected":false},"featured_media":47124,"parent":0,"menu_order":3,"template":"","tags":[],"land":[],"class_list":["post-96921","guide","type-guide","status-publish","has-post-thumbnail","hentry"],"acf":{"priority":""},"yoast_head":"<!-- This site is optimized with the Yoast SEO plugin v27.2 - https:\/\/yoast.com\/product\/yoast-seo-wordpress\/ -->\n<title>Ein Wochenende in V\u00e4xj\u00f6 i Sm\u00e5land | Visit Sm\u00e5land<\/title>\n<meta name=\"description\" content=\"W\u00e4hrend eines Wochenendes in V\u00e4xj\u00f6 kannst du eine entdecken \u2013 mit allem von Shopping, Sehensw\u00fcrdigkeiten, Nachtleben und gastronomischen Erlebnissen.\" \/>\n<meta name=\"robots\" content=\"index, follow, max-snippet:-1, max-image-preview:large, max-video-preview:-1\" \/>\n<link rel=\"canonical\" href=\"https:\/\/www.visitsmaland.se\/de\/entdecken\/ein-wochenende-in-vaexjoe\/\" \/>\n<meta property=\"og:locale\" content=\"de_DE\" \/>\n<meta property=\"og:type\" content=\"article\" \/>\n<meta property=\"og:title\" content=\"Ein Wochenende in V\u00e4xj\u00f6 i Sm\u00e5land | Visit Sm\u00e5land\" \/>\n<meta property=\"og:description\" content=\"W\u00e4hrend eines Wochenendes in V\u00e4xj\u00f6 kannst du eine entdecken \u2013 mit allem von Shopping, Sehensw\u00fcrdigkeiten, Nachtleben und gastronomischen Erlebnissen.\" \/>\n<meta property=\"og:url\" content=\"https:\/\/www.visitsmaland.se\/de\/entdecken\/ein-wochenende-in-vaexjoe\/\" \/>\n<meta property=\"og:site_name\" content=\"Visit Sm\u00e5land\" \/>\n<meta property=\"article:publisher\" content=\"https:\/\/www.facebook.com\/visitsmaland\/\" \/>\n<meta property=\"article:modified_time\" content=\"2026-04-27T12:19:16+00:00\" \/>\n<meta property=\"og:image\" content=\"https:\/\/www.visitsmaland.se\/wp-content\/uploads\/2024\/04\/vaxjo-a-view-from-pm-vanner_alexander-hall-mediumresolution150dpi80quality-1-scaled.jpg\" \/>\n\t<meta property=\"og:image:width\" content=\"2560\" \/>\n\t<meta property=\"og:image:height\" content=\"1707\" \/>\n\t<meta property=\"og:image:type\" content=\"image\/jpeg\" \/>\n<meta name=\"twitter:card\" content=\"summary_large_image\" \/>\n<meta name=\"twitter:label1\" content=\"Gesch\u00e4tzte Lesezeit\" \/>\n\t<meta name=\"twitter:data1\" content=\"8\u00a0Minuten\" \/>\n<script type=\"application\/ld+json\" class=\"yoast-schema-graph\">{\"@context\":\"https:\/\/schema.org\",\"@graph\":[{\"@type\":\"WebPage\",\"@id\":\"https:\/\/www.visitsmaland.se\/de\/entdecken\/ein-wochenende-in-vaexjoe\/\",\"url\":\"https:\/\/www.visitsmaland.se\/de\/entdecken\/ein-wochenende-in-vaexjoe\/\",\"name\":\"Ein Wochenende in V\u00e4xj\u00f6 i Sm\u00e5land | Visit Sm\u00e5land\",\"isPartOf\":{\"@id\":\"https:\/\/www.visitsmaland.se\/de\/#website\"},\"primaryImageOfPage\":{\"@id\":\"https:\/\/www.visitsmaland.se\/de\/entdecken\/ein-wochenende-in-vaexjoe\/#primaryimage\"},\"image\":{\"@id\":\"https:\/\/www.visitsmaland.se\/de\/entdecken\/ein-wochenende-in-vaexjoe\/#primaryimage\"},\"thumbnailUrl\":\"https:\/\/www.visitsmaland.se\/wp-content\/uploads\/2024\/04\/vaxjo-a-view-from-pm-vanner_alexander-hall-mediumresolution150dpi80quality-1-scaled.jpg\",\"datePublished\":\"2026-04-27T09:22:42+00:00\",\"dateModified\":\"2026-04-27T12:19:16+00:00\",\"description\":\"W\u00e4hrend eines Wochenendes in V\u00e4xj\u00f6 kannst du eine entdecken \u2013 mit allem von Shopping, Sehensw\u00fcrdigkeiten, Nachtleben und gastronomischen Erlebnissen.\",\"breadcrumb\":{\"@id\":\"https:\/\/www.visitsmaland.se\/de\/entdecken\/ein-wochenende-in-vaexjoe\/#breadcrumb\"},\"inLanguage\":\"de\",\"potentialAction\":[{\"@type\":\"ReadAction\",\"target\":[\"https:\/\/www.visitsmaland.se\/de\/entdecken\/ein-wochenende-in-vaexjoe\/\"]}]},{\"@type\":\"ImageObject\",\"inLanguage\":\"de\",\"@id\":\"https:\/\/www.visitsmaland.se\/de\/entdecken\/ein-wochenende-in-vaexjoe\/#primaryimage\",\"url\":\"https:\/\/www.visitsmaland.se\/wp-content\/uploads\/2024\/04\/vaxjo-a-view-from-pm-vanner_alexander-hall-mediumresolution150dpi80quality-1-scaled.jpg\",\"contentUrl\":\"https:\/\/www.visitsmaland.se\/wp-content\/uploads\/2024\/04\/vaxjo-a-view-from-pm-vanner_alexander-hall-mediumresolution150dpi80quality-1-scaled.jpg\",\"width\":2560,\"height\":1707},{\"@type\":\"BreadcrumbList\",\"@id\":\"https:\/\/www.visitsmaland.se\/de\/entdecken\/ein-wochenende-in-vaexjoe\/#breadcrumb\",\"itemListElement\":[{\"@type\":\"ListItem\",\"position\":1,\"name\":\"Startseite\",\"item\":\"https:\/\/www.visitsmaland.se\/de\/\"},{\"@type\":\"ListItem\",\"position\":2,\"name\":\"Ein Wochenende in V\u00e4xj\u00f6\"}]},{\"@type\":\"WebSite\",\"@id\":\"https:\/\/www.visitsmaland.se\/de\/#website\",\"url\":\"https:\/\/www.visitsmaland.se\/de\/\",\"name\":\"Visit Sm\u00e5land\",\"description\":\"V\u00e4lkommen till Sm\u00e5land\",\"potentialAction\":[{\"@type\":\"SearchAction\",\"target\":{\"@type\":\"EntryPoint\",\"urlTemplate\":\"https:\/\/www.visitsmaland.se\/de\/?s={search_term_string}\"},\"query-input\":{\"@type\":\"PropertyValueSpecification\",\"valueRequired\":true,\"valueName\":\"search_term_string\"}}],\"inLanguage\":\"de\"}]}<\/script>\n<!-- \/ Yoast SEO plugin. -->","yoast_head_json":{"title":"Ein Wochenende in V\u00e4xj\u00f6 i Sm\u00e5land | Visit Sm\u00e5land","description":"W\u00e4hrend eines Wochenendes in V\u00e4xj\u00f6 kannst du eine entdecken \u2013 mit allem von Shopping, Sehensw\u00fcrdigkeiten, Nachtleben und gastronomischen Erlebnissen.","robots":{"index":"index","follow":"follow","max-snippet":"max-snippet:-1","max-image-preview":"max-image-preview:large","max-video-preview":"max-video-preview:-1"},"canonical":"https:\/\/www.visitsmaland.se\/de\/entdecken\/ein-wochenende-in-vaexjoe\/","og_locale":"de_DE","og_type":"article","og_title":"Ein Wochenende in V\u00e4xj\u00f6 i Sm\u00e5land | Visit Sm\u00e5land","og_description":"W\u00e4hrend eines Wochenendes in V\u00e4xj\u00f6 kannst du eine entdecken \u2013 mit allem von Shopping, Sehensw\u00fcrdigkeiten, Nachtleben und gastronomischen Erlebnissen.","og_url":"https:\/\/www.visitsmaland.se\/de\/entdecken\/ein-wochenende-in-vaexjoe\/","og_site_name":"Visit Sm\u00e5land","article_publisher":"https:\/\/www.facebook.com\/visitsmaland\/","article_modified_time":"2026-04-27T12:19:16+00:00","og_image":[{"width":2560,"height":1707,"url":"https:\/\/www.visitsmaland.se\/wp-content\/uploads\/2024\/04\/vaxjo-a-view-from-pm-vanner_alexander-hall-mediumresolution150dpi80quality-1-scaled.jpg","type":"image\/jpeg"}],"twitter_card":"summary_large_image","twitter_misc":{"Gesch\u00e4tzte Lesezeit":"8\u00a0Minuten"},"schema":{"@context":"https:\/\/schema.org","@graph":[{"@type":"WebPage","@id":"https:\/\/www.visitsmaland.se\/de\/entdecken\/ein-wochenende-in-vaexjoe\/","url":"https:\/\/www.visitsmaland.se\/de\/entdecken\/ein-wochenende-in-vaexjoe\/","name":"Ein Wochenende in V\u00e4xj\u00f6 i Sm\u00e5land | Visit Sm\u00e5land","isPartOf":{"@id":"https:\/\/www.visitsmaland.se\/de\/#website"},"primaryImageOfPage":{"@id":"https:\/\/www.visitsmaland.se\/de\/entdecken\/ein-wochenende-in-vaexjoe\/#primaryimage"},"image":{"@id":"https:\/\/www.visitsmaland.se\/de\/entdecken\/ein-wochenende-in-vaexjoe\/#primaryimage"},"thumbnailUrl":"https:\/\/www.visitsmaland.se\/wp-content\/uploads\/2024\/04\/vaxjo-a-view-from-pm-vanner_alexander-hall-mediumresolution150dpi80quality-1-scaled.jpg","datePublished":"2026-04-27T09:22:42+00:00","dateModified":"2026-04-27T12:19:16+00:00","description":"W\u00e4hrend eines Wochenendes in V\u00e4xj\u00f6 kannst du eine entdecken \u2013 mit allem von Shopping, Sehensw\u00fcrdigkeiten, Nachtleben und gastronomischen Erlebnissen.","breadcrumb":{"@id":"https:\/\/www.visitsmaland.se\/de\/entdecken\/ein-wochenende-in-vaexjoe\/#breadcrumb"},"inLanguage":"de","potentialAction":[{"@type":"ReadAction","target":["https:\/\/www.visitsmaland.se\/de\/entdecken\/ein-wochenende-in-vaexjoe\/"]}]},{"@type":"ImageObject","inLanguage":"de","@id":"https:\/\/www.visitsmaland.se\/de\/entdecken\/ein-wochenende-in-vaexjoe\/#primaryimage","url":"https:\/\/www.visitsmaland.se\/wp-content\/uploads\/2024\/04\/vaxjo-a-view-from-pm-vanner_alexander-hall-mediumresolution150dpi80quality-1-scaled.jpg","contentUrl":"https:\/\/www.visitsmaland.se\/wp-content\/uploads\/2024\/04\/vaxjo-a-view-from-pm-vanner_alexander-hall-mediumresolution150dpi80quality-1-scaled.jpg","width":2560,"height":1707},{"@type":"BreadcrumbList","@id":"https:\/\/www.visitsmaland.se\/de\/entdecken\/ein-wochenende-in-vaexjoe\/#breadcrumb","itemListElement":[{"@type":"ListItem","position":1,"name":"Startseite","item":"https:\/\/www.visitsmaland.se\/de\/"},{"@type":"ListItem","position":2,"name":"Ein Wochenende in V\u00e4xj\u00f6"}]},{"@type":"WebSite","@id":"https:\/\/www.visitsmaland.se\/de\/#website","url":"https:\/\/www.visitsmaland.se\/de\/","name":"Visit Sm\u00e5land","description":"V\u00e4lkommen till Sm\u00e5land","potentialAction":[{"@type":"SearchAction","target":{"@type":"EntryPoint","urlTemplate":"https:\/\/www.visitsmaland.se\/de\/?s={search_term_string}"},"query-input":{"@type":"PropertyValueSpecification","valueRequired":true,"valueName":"search_term_string"}}],"inLanguage":"de"}]}},"_links":{"self":[{"href":"https:\/\/www.visitsmaland.se\/de\/wp-json\/wp\/v2\/guide\/96921","targetHints":{"allow":["GET"]}}],"collection":[{"href":"https:\/\/www.visitsmaland.se\/de\/wp-json\/wp\/v2\/guide"}],"about":[{"href":"https:\/\/www.visitsmaland.se\/de\/wp-json\/wp\/v2\/types\/guide"}],"version-history":[{"count":2,"href":"https:\/\/www.visitsmaland.se\/de\/wp-json\/wp\/v2\/guide\/96921\/revisions"}],"predecessor-version":[{"id":96924,"href":"https:\/\/www.visitsmaland.se\/de\/wp-json\/wp\/v2\/guide\/96921\/revisions\/96924"}],"wp:featuredmedia":[{"embeddable":true,"href":"https:\/\/www.visitsmaland.se\/de\/wp-json\/wp\/v2\/media\/47124"}],"wp:attachment":[{"href":"https:\/\/www.visitsmaland.se\/de\/wp-json\/wp\/v2\/media?parent=96921"}],"wp:term":[{"taxonomy":"post_tag","embeddable":true,"href":"https:\/\/www.visitsmaland.se\/de\/wp-json\/wp\/v2\/tags?post=96921"},{"taxonomy":"land","embeddable":true,"href":"https:\/\/www.visitsmaland.se\/de\/wp-json\/wp\/v2\/land?post=96921"}],"curies":[{"name":"wp","href":"https:\/\/api.w.org\/{rel}","templated":true}]}}