{"id":37335,"date":"2024-04-11T16:18:30","date_gmt":"2024-04-11T14:18:30","guid":{"rendered":"https:\/\/www.visitsmaland.se\/destination\/vimmerby\/"},"modified":"2026-04-13T12:47:49","modified_gmt":"2026-04-13T10:47:49","slug":"vimmerby","status":"publish","type":"destination","link":"https:\/\/www.visitsmaland.se\/dk\/destinationer\/vimmerby\/","title":{"rendered":"Vimmerby"},"content":{"rendered":"<div class=\"postHerosection postHerosection__wrapper\">\n    <div class=\"postHerosection postHerosection__container\">\n        <h1 class=\"postHerosection postHerosection__heroHeading\">\n            Vimmerby         <\/h1>\n            <\/div>\n    <div class=\"postHerosection postHerosection__imageContainer\">\n        <img loading=\"lazy\" decoding=\"async\" width=\"2560\" height=\"1707\" src=\"https:\/\/www.visitsmaland.se\/wp-content\/uploads\/2024\/04\/HERO-pippi-rider-in-i-stan-med-barn-scaled.jpg\" class=\"attachment-full size-full\" alt=\"\" srcset=\"https:\/\/www.visitsmaland.se\/wp-content\/uploads\/2024\/04\/HERO-pippi-rider-in-i-stan-med-barn-scaled.jpg 2560w, https:\/\/www.visitsmaland.se\/wp-content\/uploads\/2024\/04\/HERO-pippi-rider-in-i-stan-med-barn-300x200.jpg 300w, https:\/\/www.visitsmaland.se\/wp-content\/uploads\/2024\/04\/HERO-pippi-rider-in-i-stan-med-barn-1024x683.jpg 1024w, https:\/\/www.visitsmaland.se\/wp-content\/uploads\/2024\/04\/HERO-pippi-rider-in-i-stan-med-barn-768x512.jpg 768w, https:\/\/www.visitsmaland.se\/wp-content\/uploads\/2024\/04\/HERO-pippi-rider-in-i-stan-med-barn-1536x1024.jpg 1536w, https:\/\/www.visitsmaland.se\/wp-content\/uploads\/2024\/04\/HERO-pippi-rider-in-i-stan-med-barn-2048x1365.jpg 2048w\" sizes=\"(max-width: 2560px) 100vw, 2560px\" \/>    <\/div>\n<\/div>\n<div class=\"postHerosection postHerosection__breadcrumbs\">\n   <div class=\"postHerosection postHerosection__breadcrumbs-container\">\n        <p id=\"breadcrumbs\"><span><span><a href=\"https:\/\/www.visitsmaland.se\/dk\/\">Forside<\/a><\/span><\/span><\/p>    <\/div>\n<\/div>\n\n<div class=\"contentCta contentCta__wrapper\">\n    <div class=\"contentCta contentCta__container\">\n                    \t\t\t<div class=\"contentCta contentCta__text\" style=\"color: \">\n\t\t\t\t<p>Den charmerende by Vimmerby i det nord\u00f8stlige Sm\u00e5land er uden tvivl en legende rejsedestination. Astrid Lindgren, en af verdens mest elskede b\u00f8rnebogsforfattere, blev f\u00f8dt her. Astrid har r\u00f8rt mennesker over hele verden med sine b\u00f8ger, og det var netop her, i lille Vimmerby, at hun lagde grundstenen til sit fantastiske forfatterskab. <\/p>\n\t\t\t<\/div>\n                <hr>\n            <\/div>\n<\/div>\n\n\n<div class=\"contentImageTwoColumns contentImageTwoColumns__wrapper\" style=\"background-color: #f4f2eb\">\n    <div class=\"contentImageTwoColumns contentImageTwoColumns__container \">\n        <div class=\"contentImageTwoColumns contentImageTwoColumns__contentWrapper\">\n            <h2 class=\"contentImageTwoColumns contentImageTwoColumns__heading\" style=\"color: #000000\">\n                Astrid Lindgrens Vimmerby            <\/h2>\n            <div class=\"contentImageTwoColumns contentImageTwoColumns__text contentImageTwoColumns__text--short\" style=\"color: #000000\">\n                                    <p>Der er meget at se og lave i byen, hvor du kan f\u00f8lge Astrid Lindgrens fodspor. Hvad med at opleve historierne i virkeligheden? At bes\u00f8ge stedet, hvor det hele begyndte, Astrid Lindgrens barndomshje&#8230;                    <button type=\"button\" class=\"contentImageTwoColumns contentImageTwoColumns__readMoreLess\">\n                        L\u00e6s mere +                    <\/button>\n                            <\/div>\n            <div class=\"contentImageTwoColumns contentImageTwoColumns__text contentImageTwoColumns__text--full\" style=\"color: #000000\">\n                <p>Der er meget at se og lave i byen, hvor du kan f\u00f8lge Astrid Lindgrens fodspor. Hvad med at opleve historierne i virkeligheden? At bes\u00f8ge stedet, hvor det hele begyndte, Astrid Lindgrens barndomshjem? Eller se husene og g\u00e5rdene, der er blevet verdensber\u00f8mte gennem filmene? Ja, alt dette og meget mere findes her. <\/p>\n                <button type=\"button\" class=\"contentImageTwoColumns contentImageTwoColumns__readMoreLess\">\n                    L\u00e6s mindre &#8211;                <\/button>\n            <\/div>\n                        <div class=\"wp-block-buttons is-layout-flex wp-block-buttons-is-layout-flex\">\n                <div class=\"wp-block-button arrow-white\">\n                    <a aria-label=\"vimmerby.com\/en\" class=\"wp-block-button__link wp-element-button\" href=\"https:\/\/www.vimmerby.com\/en\/amnen\/astrid-lindgren\/\" style=\"background-color: #374632; color: #ffffff;border: solid 1px #374632\">\n                        vimmerby.com\/en                    <\/a>\n                <\/div>\n            <\/div>\n                                <\/div>\n        <div class=\"contentImageTwoColumns contentImageTwoColumns__imageWrapper\">\n            <img loading=\"lazy\" decoding=\"async\" width=\"1024\" height=\"740\" src=\"https:\/\/www.visitsmaland.se\/wp-content\/uploads\/2024\/04\/Astrid-Lindgrens-Nas-1-1024x740.jpg\" class=\"attachment-grid-card-images size-grid-card-images\" alt=\"\" \/>        <\/div>\n    <\/div>\n<\/div>\n\n\n<div class=\"posttypeCards posttypeCards__wrapper\" style=\"background-color: \">\n    <div class=\"posttypeCards posttypeCards__container\">\n            <div class=\"posttypeCards posttypeCards__cardWrapper\" style=\"background-color: \">\n            <a aria-label=\"Astrid Lindgrens Verden\" href=\"https:\/\/www.visitsmaland.se\/dk\/opdag\/astrid-lindgrens-verden\/\"class=\"posttypeCards posttypeCards__imageWrapper\">\n                <img loading=\"lazy\" decoding=\"async\" width=\"1024\" height=\"740\" src=\"https:\/\/www.visitsmaland.se\/wp-content\/uploads\/2024\/04\/Pippi-framfor-Villa-Villekullaliggande-1024x740.jpg\" class=\"attachment-grid-card-images size-grid-card-images wp-post-image\" alt=\"\" \/>            <\/a>\n            <div class=\"posttypeCards posttypeCards__contentWrapper\">\n                <h3 class=\"posttypeCards posttypeCards__heading\" style=\"color: #FFFFFF\">\n                    Astrid Lindgrens Verden                <\/h3>\n                <div class=\"wp-block-buttons is-layout-flex wp-block-buttons-is-layout-flex\">\n                    <div class=\"wp-block-button \">\n                        <a aria-label=\"Astrid Lindgrens Verden\"class=\"wp-block-button__link wp-element-button\" href=\"https:\/\/www.visitsmaland.se\/dk\/opdag\/astrid-lindgrens-verden\/\" style=\"background-color: #fbbd51; border: solid 1px #fbbd51\">\n                            Opdag                        <\/a>\n                    <\/div>\n                <\/div>\n            <\/div>\n        <\/div>\n                <div class=\"posttypeCards posttypeCards__cardWrapper\" style=\"background-color: \">\n            <a aria-label=\"Astrid Lindgrens N\u00e4s\" href=\"https:\/\/www.visitsmaland.se\/dk\/opdag\/astrid-lindgrens-naes\/\"class=\"posttypeCards posttypeCards__imageWrapper\">\n                <img loading=\"lazy\" decoding=\"async\" width=\"1024\" height=\"740\" src=\"https:\/\/www.visitsmaland.se\/wp-content\/uploads\/2024\/04\/2664-nas-1024x740.jpg\" class=\"attachment-grid-card-images size-grid-card-images wp-post-image\" alt=\"\" \/>            <\/a>\n            <div class=\"posttypeCards posttypeCards__contentWrapper\">\n                <h3 class=\"posttypeCards posttypeCards__heading\" style=\"color: #FFFFFF\">\n                    Astrid Lindgrens N\u00e4s                <\/h3>\n                <div class=\"wp-block-buttons is-layout-flex wp-block-buttons-is-layout-flex\">\n                    <div class=\"wp-block-button \">\n                        <a aria-label=\"Astrid Lindgrens N\u00e4s\"class=\"wp-block-button__link wp-element-button\" href=\"https:\/\/www.visitsmaland.se\/dk\/opdag\/astrid-lindgrens-naes\/\" style=\"background-color: #fbbd51; border: solid 1px #fbbd51\">\n                            Opdag                        <\/a>\n                    <\/div>\n                <\/div>\n            <\/div>\n        <\/div>\n                <div class=\"posttypeCards posttypeCards__cardWrapper\" style=\"background-color: \">\n            <a aria-label=\"Elgparker i Sm\u00e5land\" href=\"https:\/\/www.visitsmaland.se\/dk\/opdag\/elgparker-i-smaaland\/\"class=\"posttypeCards posttypeCards__imageWrapper\">\n                <img loading=\"lazy\" decoding=\"async\" width=\"1024\" height=\"740\" src=\"https:\/\/www.visitsmaland.se\/wp-content\/uploads\/2024\/04\/Algar-spegel-1-1024x740.jpg\" class=\"attachment-grid-card-images size-grid-card-images wp-post-image\" alt=\"\" \/>            <\/a>\n            <div class=\"posttypeCards posttypeCards__contentWrapper\">\n                <h3 class=\"posttypeCards posttypeCards__heading\" style=\"color: #FFFFFF\">\n                    Elgparker i Sm\u00e5land                <\/h3>\n                <div class=\"wp-block-buttons is-layout-flex wp-block-buttons-is-layout-flex\">\n                    <div class=\"wp-block-button \">\n                        <a aria-label=\"Elgparker i Sm\u00e5land\"class=\"wp-block-button__link wp-element-button\" href=\"https:\/\/www.visitsmaland.se\/dk\/opdag\/elgparker-i-smaaland\/\" style=\"background-color: #fbbd51; border: solid 1px #fbbd51\">\n                            Opdag                        <\/a>\n                    <\/div>\n                <\/div>\n            <\/div>\n        <\/div>\n                <div class=\"posttypeCards posttypeCards__cardWrapper\" style=\"background-color: \">\n            <a aria-label=\"Sommerferie i Sm\u00e5land\" href=\"https:\/\/www.visitsmaland.se\/dk\/opdag\/sommerferie-i-smaaland\/\"class=\"posttypeCards posttypeCards__imageWrapper\">\n                <img loading=\"lazy\" decoding=\"async\" width=\"1024\" height=\"740\" src=\"https:\/\/www.visitsmaland.se\/wp-content\/uploads\/2024\/04\/Smaland_9355-1-1024x740.jpg\" class=\"attachment-grid-card-images size-grid-card-images wp-post-image\" alt=\"\" \/>            <\/a>\n            <div class=\"posttypeCards posttypeCards__contentWrapper\">\n                <h3 class=\"posttypeCards posttypeCards__heading\" style=\"color: #FFFFFF\">\n                    Sommerferie i Sm\u00e5land                <\/h3>\n                <div class=\"wp-block-buttons is-layout-flex wp-block-buttons-is-layout-flex\">\n                    <div class=\"wp-block-button \">\n                        <a aria-label=\"Sommerferie i Sm\u00e5land\"class=\"wp-block-button__link wp-element-button\" href=\"https:\/\/www.visitsmaland.se\/dk\/opdag\/sommerferie-i-smaaland\/\" style=\"background-color: #fbbd51; border: solid 1px #fbbd51\">\n                            Opdag                        <\/a>\n                    <\/div>\n                <\/div>\n            <\/div>\n        <\/div>\n            <\/div>\n<\/div>\n\n<div class=\"contentImageTwoColumns contentImageTwoColumns__wrapper\" style=\"background-color: #374632\">\n    <div class=\"contentImageTwoColumns contentImageTwoColumns__container layout-reversed\">\n        <div class=\"contentImageTwoColumns contentImageTwoColumns__contentWrapper\">\n            <h2 class=\"contentImageTwoColumns contentImageTwoColumns__heading\" style=\"color: #ffffff\">\n                Vimmerby centrum             <\/h2>\n            <div class=\"contentImageTwoColumns contentImageTwoColumns__text contentImageTwoColumns__text--short\" style=\"color: #ffffff\">\n                                    <p>Det var i Vimmerby, at Astrid Lindgren voksede op. Hun er ogs\u00e5 begravet her. Meget er stadig som det var, da Astrid Lindgren boede her. Nyd en g\u00e5tur i centrum og oplev milj\u00f8et, der inspirerede til &#8230;                    <button type=\"button\" class=\"contentImageTwoColumns contentImageTwoColumns__readMoreLess\">\n                        L\u00e6s mere +                    <\/button>\n                            <\/div>\n            <div class=\"contentImageTwoColumns contentImageTwoColumns__text contentImageTwoColumns__text--full\" style=\"color: #ffffff\">\n                <p>Det var i Vimmerby, at Astrid Lindgren voksede op. Hun er ogs\u00e5 begravet her. Meget er stadig som det var, da Astrid Lindgren boede her. Nyd en g\u00e5tur i centrum og oplev milj\u00f8et, der inspirerede til historierne. Kalle Blomkvists str\u00e6der, Emil fra L\u00f8nnebergs marked og huset med slikbutikken fra fort\u00e6llingerne om Pippi Langstr\u00f8mpe er blot nogle af de steder, du kan bes\u00f8ge. <\/p>\n                <button type=\"button\" class=\"contentImageTwoColumns contentImageTwoColumns__readMoreLess\">\n                    L\u00e6s mindre &#8211;                <\/button>\n            <\/div>\n                        <div class=\"wp-block-buttons is-layout-flex wp-block-buttons-is-layout-flex\">\n                <div class=\"wp-block-button \">\n                    <a aria-label=\"Oplev byen\" class=\"wp-block-button__link wp-element-button\" href=\"https:\/\/www.vimmerby.com\/en\/amnen\/shopping\/\" style=\"background-color: #f4f2eb; color: #000000;border: solid 1px #f4f2eb\">\n                        Oplev byen                    <\/a>\n                <\/div>\n            <\/div>\n                                <\/div>\n        <div class=\"contentImageTwoColumns contentImageTwoColumns__imageWrapper\">\n            <img loading=\"lazy\" decoding=\"async\" width=\"1024\" height=\"740\" src=\"https:\/\/www.visitsmaland.se\/wp-content\/uploads\/2024\/04\/feliciasarafoto_print-88-1024x740.jpg\" class=\"attachment-grid-card-images size-grid-card-images\" alt=\"\" \/>        <\/div>\n    <\/div>\n<\/div>\n\n\n<div class=\"contentImageTwoColumns contentImageTwoColumns__wrapper\" style=\"background-color: #ffffff\">\n    <div class=\"contentImageTwoColumns contentImageTwoColumns__container \">\n        <div class=\"contentImageTwoColumns contentImageTwoColumns__contentWrapper\">\n            <h2 class=\"contentImageTwoColumns contentImageTwoColumns__heading\" style=\"color: \">\n                Bes\u00f8gsm\u00e5l            <\/h2>\n            <div class=\"contentImageTwoColumns contentImageTwoColumns__text contentImageTwoColumns__text--short\" style=\"color: \">\n                                    <p>G\u00e5 ikke glip af Astrid Lindgrens Verden eller Filmbyen Sm\u00e5land i Mariannelund. Du kan ogs\u00e5 bes\u00f8ge landsbyerne Bullerbyn (Bulderby) og Katthult (Katholt).<\/p>\n                            <\/div>\n            <div class=\"contentImageTwoColumns contentImageTwoColumns__text contentImageTwoColumns__text--full\" style=\"color: \">\n                <p>G\u00e5 ikke glip af Astrid Lindgrens Verden eller Filmbyen Sm\u00e5land i Mariannelund. Du kan ogs\u00e5 bes\u00f8ge landsbyerne Bullerbyn (Bulderby) og Katthult (Katholt).<\/p>\n                <button type=\"button\" class=\"contentImageTwoColumns contentImageTwoColumns__readMoreLess\">\n                    L\u00e6s mindre &#8211;                <\/button>\n            <\/div>\n                        <div class=\"wp-block-buttons is-layout-flex wp-block-buttons-is-layout-flex\">\n                <div class=\"wp-block-button \">\n                    <a aria-label=\"vimmerby.com\/se-gora\" class=\"wp-block-button__link wp-element-button\" href=\"https:\/\/www.vimmerby.com\/en\/se-gora\/\" style=\"background-color: #fbbd51; color: #000000;border: solid 1px #fbbd51\">\n                        vimmerby.com\/se-gora                    <\/a>\n                <\/div>\n            <\/div>\n                                <\/div>\n        <div class=\"contentImageTwoColumns contentImageTwoColumns__imageWrapper\">\n            <img loading=\"lazy\" decoding=\"async\" width=\"1024\" height=\"740\" src=\"https:\/\/www.visitsmaland.se\/wp-content\/uploads\/2024\/04\/Emil-i-Lonneberga-soppskalen-1024x740.jpg\" class=\"attachment-grid-card-images size-grid-card-images\" alt=\"\" \/>        <\/div>\n    <\/div>\n<\/div>\n\n\n\n<div style=\"height:21px\" aria-hidden=\"true\" class=\"wp-block-spacer\"><\/div>\n\n\n\n<figure class=\"wp-block-gallery has-nested-images columns-default is-cropped wp-block-gallery-2 is-layout-flex wp-block-gallery-is-layout-flex\">\n<figure class=\"wp-block-image size-large\"><img loading=\"lazy\" decoding=\"async\" width=\"600\" height=\"400\" data-id=\"86989\" src=\"https:\/\/www.visitsmaland.se\/wp-content\/uploads\/2026\/03\/Vimmerby-Stadshotell-86987.jpg\" alt=\"\" class=\"wp-image-86989\" srcset=\"https:\/\/www.visitsmaland.se\/wp-content\/uploads\/2026\/03\/Vimmerby-Stadshotell-86987.jpg 600w, https:\/\/www.visitsmaland.se\/wp-content\/uploads\/2026\/03\/Vimmerby-Stadshotell-86987-300x200.jpg 300w\" sizes=\"(max-width: 600px) 100vw, 600px\" \/><\/figure>\n\n\n\n<figure class=\"wp-block-image size-large\"><img loading=\"lazy\" decoding=\"async\" width=\"1024\" height=\"683\" data-id=\"69131\" src=\"https:\/\/www.visitsmaland.se\/wp-content\/uploads\/2025\/05\/TreTillsammans_ChrisLanaway_23_07_26-586-HR-1024x683.jpg\" alt=\"\" class=\"wp-image-69131\" srcset=\"https:\/\/www.visitsmaland.se\/wp-content\/uploads\/2025\/05\/TreTillsammans_ChrisLanaway_23_07_26-586-HR-1024x683.jpg 1024w, https:\/\/www.visitsmaland.se\/wp-content\/uploads\/2025\/05\/TreTillsammans_ChrisLanaway_23_07_26-586-HR-300x200.jpg 300w, https:\/\/www.visitsmaland.se\/wp-content\/uploads\/2025\/05\/TreTillsammans_ChrisLanaway_23_07_26-586-HR-768x512.jpg 768w, https:\/\/www.visitsmaland.se\/wp-content\/uploads\/2025\/05\/TreTillsammans_ChrisLanaway_23_07_26-586-HR-1536x1024.jpg 1536w, https:\/\/www.visitsmaland.se\/wp-content\/uploads\/2025\/05\/TreTillsammans_ChrisLanaway_23_07_26-586-HR-2048x1365.jpg 2048w\" sizes=\"(max-width: 1024px) 100vw, 1024px\" \/><\/figure>\n\n\n\n<figure class=\"wp-block-image size-large\"><img loading=\"lazy\" decoding=\"async\" width=\"1024\" height=\"682\" data-id=\"41211\" src=\"https:\/\/www.visitsmaland.se\/wp-content\/uploads\/2024\/04\/vimmerby-storgata-1024x682.jpg\" alt=\"\" class=\"wp-image-41211\" srcset=\"https:\/\/www.visitsmaland.se\/wp-content\/uploads\/2024\/04\/vimmerby-storgata-1024x682.jpg 1024w, https:\/\/www.visitsmaland.se\/wp-content\/uploads\/2024\/04\/vimmerby-storgata-300x200.jpg 300w, https:\/\/www.visitsmaland.se\/wp-content\/uploads\/2024\/04\/vimmerby-storgata-768x511.jpg 768w, https:\/\/www.visitsmaland.se\/wp-content\/uploads\/2024\/04\/vimmerby-storgata.jpg 1202w\" sizes=\"(max-width: 1024px) 100vw, 1024px\" \/><\/figure>\n<\/figure>\n\n\n\n<section class=\"contentFAQBlock contentFAQBlock__wrapper\">\n    <div class=\"contentFAQBlock contentFAQBlock__container\">\n                    <h2 class=\"contentFAQBlock contentFAQBlock__title\">Ofte stillede sp\u00f8rgsm\u00e5l om Vimmerby<\/h2>\n                \n        <div class=\"contentFAQBlock contentFAQBlock__faqContent\" itemscope itemtype=\"https:\/\/schema.org\/FAQPage\">\n            <div id=\"accordion-group-block_f384a85c98c961da1f67d73442574909\" class=\"contentFAQBlock contentFAQBlock__accordion\" data-allow-toggle>\n                                                <div class=\"contentFAQBlock contentFAQBlock__categoryGroup\">\n                                                                                                                <div class=\"contentFAQBlock contentFAQBlock__accordionItem\" itemscope itemprop=\"mainEntity\" itemtype=\"https:\/\/schema.org\/Question\">\n                                            <h4>\n                                                <button aria-expanded=\"false\" class=\"contentFAQBlock contentFAQBlock__accordionTrigger accordion-trigger\" aria-controls=\"accordion95865-cat1126-block_f384a85c98c961da1f67d73442574909\" id=\"accordion95865-cat1126-block_f384a85c98c961da1f67d73442574909id\">\n                                                    <span class=\"contentFAQBlock contentFAQBlock__accordionTitle accordion-title\" itemprop=\"name\">\n                                                        Hvad kan man lave i Vimmerby?                                                        <span class=\"contentFAQBlock contentFAQBlock__accordionIcon accordion-icon\"><\/span>\n                                                    <\/span>\n                                                <\/button>\n                                            <\/h4>\n                                            <div itemscope itemprop=\"acceptedAnswer\" itemtype=\"https:\/\/schema.org\/Answer\" id=\"accordion95865-cat1126-block_f384a85c98c961da1f67d73442574909\" role=\"region\" aria-labelledby=\"accordion95865-cat1126-block_f384a85c98c961da1f67d73442574909id\" class=\"contentFAQBlock contentFAQBlock__accordionPanel accordion-panel\" hidden>\n                                                <div itemprop=\"text\" class=\"contentFAQBlock contentFAQBlock__accordionContent accordion-content\">\n                                                    <p>Udover at bes\u00f8ge Astrid Lindgrens Verden er der mange andre ting at lave i n\u00e6rheden af Vimmerby, s\u00e5som at tage p\u00e5 elgsafari i Virum Elgpark og bes\u00f8ge Filmbyn Sm\u00e5land, hvor man kan se optagesteder fra Astrid Lindgrens film. Man kan ogs\u00e5 udforske naturen omkring Vimmerby gennem vandreture eller cykling. <a href=\"https:\/\/www.vimmerby.com\/en\/se-gora\/\">L\u00e6s mere her<\/a>!<\/p>\n                                                <\/div>\n                                            <\/div>\n                                        <\/div>\n                                                                            <div class=\"contentFAQBlock contentFAQBlock__accordionItem\" itemscope itemprop=\"mainEntity\" itemtype=\"https:\/\/schema.org\/Question\">\n                                            <h4>\n                                                <button aria-expanded=\"false\" class=\"contentFAQBlock contentFAQBlock__accordionTrigger accordion-trigger\" aria-controls=\"accordion95866-cat1126-block_f384a85c98c961da1f67d73442574909\" id=\"accordion95866-cat1126-block_f384a85c98c961da1f67d73442574909id\">\n                                                    <span class=\"contentFAQBlock contentFAQBlock__accordionTitle accordion-title\" itemprop=\"name\">\n                                                        Hvad kan man se i Astrid Lindgrens Verden?                                                        <span class=\"contentFAQBlock contentFAQBlock__accordionIcon accordion-icon\"><\/span>\n                                                    <\/span>\n                                                <\/button>\n                                            <\/h4>\n                                            <div itemscope itemprop=\"acceptedAnswer\" itemtype=\"https:\/\/schema.org\/Answer\" id=\"accordion95866-cat1126-block_f384a85c98c961da1f67d73442574909\" role=\"region\" aria-labelledby=\"accordion95866-cat1126-block_f384a85c98c961da1f67d73442574909id\" class=\"contentFAQBlock contentFAQBlock__accordionPanel accordion-panel\" hidden>\n                                                <div itemprop=\"text\" class=\"contentFAQBlock contentFAQBlock__accordionContent accordion-content\">\n                                                    <p>I <a href=\"https:\/\/astridlindgrensvarld.se\/en\/\">Astrid Lindgrens Verden<\/a> kan man se og opleve flere sev\u00e6rdigheder og aktiviteter. Her findes omr\u00e5der bygget op efter de kendte eventyr og b\u00f8ger, man kan se teaterforestillinger eller udforske p\u00e5 egen h\u00e5nd. P\u00e5 omr\u00e5det findes ogs\u00e5 butikker, caf\u00e9 og restaurant.<\/p>\n                                                <\/div>\n                                            <\/div>\n                                        <\/div>\n                                                                            <div class=\"contentFAQBlock contentFAQBlock__accordionItem\" itemscope itemprop=\"mainEntity\" itemtype=\"https:\/\/schema.org\/Question\">\n                                            <h4>\n                                                <button aria-expanded=\"false\" class=\"contentFAQBlock contentFAQBlock__accordionTrigger accordion-trigger\" aria-controls=\"accordion95863-cat1126-block_f384a85c98c961da1f67d73442574909\" id=\"accordion95863-cat1126-block_f384a85c98c961da1f67d73442574909id\">\n                                                    <span class=\"contentFAQBlock contentFAQBlock__accordionTitle accordion-title\" itemprop=\"name\">\n                                                        Hvor mange bor der i Vimmerby?                                                        <span class=\"contentFAQBlock contentFAQBlock__accordionIcon accordion-icon\"><\/span>\n                                                    <\/span>\n                                                <\/button>\n                                            <\/h4>\n                                            <div itemscope itemprop=\"acceptedAnswer\" itemtype=\"https:\/\/schema.org\/Answer\" id=\"accordion95863-cat1126-block_f384a85c98c961da1f67d73442574909\" role=\"region\" aria-labelledby=\"accordion95863-cat1126-block_f384a85c98c961da1f67d73442574909id\" class=\"contentFAQBlock contentFAQBlock__accordionPanel accordion-panel\" hidden>\n                                                <div itemprop=\"text\" class=\"contentFAQBlock contentFAQBlock__accordionContent accordion-content\">\n                                                    <p>I Vimmerby Kommune bor der cirka 15.500 indbyggere.<\/p>\n                                                <\/div>\n                                            <\/div>\n                                        <\/div>\n                                                                            <div class=\"contentFAQBlock contentFAQBlock__accordionItem\" itemscope itemprop=\"mainEntity\" itemtype=\"https:\/\/schema.org\/Question\">\n                                            <h4>\n                                                <button aria-expanded=\"false\" class=\"contentFAQBlock contentFAQBlock__accordionTrigger accordion-trigger\" aria-controls=\"accordion95867-cat1126-block_f384a85c98c961da1f67d73442574909\" id=\"accordion95867-cat1126-block_f384a85c98c961da1f67d73442574909id\">\n                                                    <span class=\"contentFAQBlock contentFAQBlock__accordionTitle accordion-title\" itemprop=\"name\">\n                                                        Hvor mange dage skal man bruge i Astrid Lindgrens Verden?                                                        <span class=\"contentFAQBlock contentFAQBlock__accordionIcon accordion-icon\"><\/span>\n                                                    <\/span>\n                                                <\/button>\n                                            <\/h4>\n                                            <div itemscope itemprop=\"acceptedAnswer\" itemtype=\"https:\/\/schema.org\/Answer\" id=\"accordion95867-cat1126-block_f384a85c98c961da1f67d73442574909\" role=\"region\" aria-labelledby=\"accordion95867-cat1126-block_f384a85c98c961da1f67d73442574909id\" class=\"contentFAQBlock contentFAQBlock__accordionPanel accordion-panel\" hidden>\n                                                <div itemprop=\"text\" class=\"contentFAQBlock contentFAQBlock__accordionContent accordion-content\">\n                                                    <p>Man kan bruge alt fra en enkelt dag og en lang weekend for at n\u00e5 rundt til de forskellige sev\u00e6rdigheder og aktiviteter, som findes i Astrid Lindgrens Verden.<\/p>\n                                                <\/div>\n                                            <\/div>\n                                        <\/div>\n                                                                            <div class=\"contentFAQBlock contentFAQBlock__accordionItem\" itemscope itemprop=\"mainEntity\" itemtype=\"https:\/\/schema.org\/Question\">\n                                            <h4>\n                                                <button aria-expanded=\"false\" class=\"contentFAQBlock contentFAQBlock__accordionTrigger accordion-trigger\" aria-controls=\"accordion95864-cat1126-block_f384a85c98c961da1f67d73442574909\" id=\"accordion95864-cat1126-block_f384a85c98c961da1f67d73442574909id\">\n                                                    <span class=\"contentFAQBlock contentFAQBlock__accordionTitle accordion-title\" itemprop=\"name\">\n                                                        Kan man overnatte i Astrid Lindgrens Verden?                                                        <span class=\"contentFAQBlock contentFAQBlock__accordionIcon accordion-icon\"><\/span>\n                                                    <\/span>\n                                                <\/button>\n                                            <\/h4>\n                                            <div itemscope itemprop=\"acceptedAnswer\" itemtype=\"https:\/\/schema.org\/Answer\" id=\"accordion95864-cat1126-block_f384a85c98c961da1f67d73442574909\" role=\"region\" aria-labelledby=\"accordion95864-cat1126-block_f384a85c98c961da1f67d73442574909id\" class=\"contentFAQBlock contentFAQBlock__accordionPanel accordion-panel\" hidden>\n                                                <div itemprop=\"text\" class=\"contentFAQBlock contentFAQBlock__accordionContent accordion-content\">\n                                                    <p>Lige ved Astrid Lindgrens Verden findes der blandt andet g\u00e6steovernatning med hytter, lejligheder samt pladser til autocampere og campingvogne. <a href=\"https:\/\/astridlindgrensvarld.se\/en\/accommodation\/\">L\u00e6s mere her<\/a>!<\/p>\n                                                <\/div>\n                                            <\/div>\n                                        <\/div>\n                                                                    <\/div>\n                                        <\/div>\n        <\/div>\n    <\/div>\n<\/section>\n\n\n\n<div class=\"contentImageTwoColumns contentImageTwoColumns__wrapper\" style=\"background-color: #f4f2eb\">\n    <div class=\"contentImageTwoColumns contentImageTwoColumns__container layout-reversed\">\n        <div class=\"contentImageTwoColumns contentImageTwoColumns__contentWrapper\">\n            <h2 class=\"contentImageTwoColumns contentImageTwoColumns__heading\" style=\"color: \">\n                L\u00e6s mere om Vimmerby            <\/h2>\n            <div class=\"contentImageTwoColumns contentImageTwoColumns__text contentImageTwoColumns__text--short\" style=\"color: \">\n                                                                <\/div>\n            <div class=\"contentImageTwoColumns contentImageTwoColumns__text contentImageTwoColumns__text--full\" style=\"color: \">\n                                <button type=\"button\" class=\"contentImageTwoColumns contentImageTwoColumns__readMoreLess\">\n                    L\u00e6s mindre &#8211;                <\/button>\n            <\/div>\n                        <div class=\"wp-block-buttons is-layout-flex wp-block-buttons-is-layout-flex\">\n                <div class=\"wp-block-button arrow-white\">\n                    <a aria-label=\"Klik her!\" class=\"wp-block-button__link wp-element-button\" href=\"https:\/\/www.vimmerby.com\/en\/\" style=\"background-color: #374632; color: #ffffff;border: solid 1px #374632\">\n                        Klik her!                    <\/a>\n                <\/div>\n            <\/div>\n                                <\/div>\n        <div class=\"contentImageTwoColumns contentImageTwoColumns__imageWrapper\">\n            <img loading=\"lazy\" decoding=\"async\" width=\"1024\" height=\"740\" src=\"https:\/\/www.visitsmaland.se\/wp-content\/uploads\/2024\/04\/ALEX6819-1-1024x740.jpg\" class=\"attachment-grid-card-images size-grid-card-images\" alt=\"\" \/>        <\/div>\n    <\/div>\n<\/div>\n\n\n  \n<div class=\"featuredTwoColumns featuredTwoColumns__wrapper\">\n    <div class=\"featuredTwoColumns featuredTwoColumns__container\">  \n            <div class=\"featuredTwoColumns featuredTwoColumns__feturedWrapper\">\n            <a aria-label=\"Eventyr fra Sm\u00e5land\" href=\"https:\/\/www.visitsmaland.se\/dk\/opdag\/eventyr-fra-smaaland\/\"class=\"featuredTwoColumns featuredTwoColumns__imageWrapper\">\n                <img loading=\"lazy\" decoding=\"async\" width=\"1024\" height=\"740\" src=\"https:\/\/www.visitsmaland.se\/wp-content\/uploads\/2026\/01\/Pippi-valkomnar-liggande-1024x740.jpg\" class=\"attachment-grid-card-images size-grid-card-images wp-post-image\" alt=\"\" \/>            <\/a>\n            <div class=\"featuredTwoColumns featuredTwoColumns__contentWrapper\">\n                <h2 class=\"featuredTwoColumns featuredTwoColumns__heading\">\n                    Eventyr fra Sm\u00e5land                <\/h2>\n                <p class=\"featuredTwoColumns featuredTwoColumns__description\">\n                    Velkommen til stedet, hvor eventyr f\u00f8les virkelige.\u2026                <\/p>\n                 \n                 \n                <div class=\"wp-block-buttons is-layout-flex wp-block-buttons-is-layout-flex\">\n                    <div class=\"wp-block-button \">\n                        <a aria-label=\"Eventyr fra Sm\u00e5land\"class=\"wp-block-button__link wp-element-button\" href=\"https:\/\/www.visitsmaland.se\/dk\/opdag\/eventyr-fra-smaaland\/\">\n                            Opdag                       \n                         <\/a>\n                    <\/div>\n                <\/div>\n            <\/div>\n        <\/div>\n                <div class=\"featuredTwoColumns featuredTwoColumns__feturedWrapper\">\n            <a aria-label=\"Sommerferie i Sm\u00e5land\" href=\"https:\/\/www.visitsmaland.se\/dk\/opdag\/sommerferie-i-smaaland\/\"class=\"featuredTwoColumns featuredTwoColumns__imageWrapper\">\n                <img loading=\"lazy\" decoding=\"async\" width=\"1024\" height=\"740\" src=\"https:\/\/www.visitsmaland.se\/wp-content\/uploads\/2024\/04\/Smaland_9355-1-1024x740.jpg\" class=\"attachment-grid-card-images size-grid-card-images wp-post-image\" alt=\"\" \/>            <\/a>\n            <div class=\"featuredTwoColumns featuredTwoColumns__contentWrapper\">\n                <h2 class=\"featuredTwoColumns featuredTwoColumns__heading\">\n                    Sommerferie i Sm\u00e5land                <\/h2>\n                <p class=\"featuredTwoColumns featuredTwoColumns__description\">\n                    Tilbring din sommerferie i Sm\u00e5land og p\u00e5 \u00d6land. Her\u2026                <\/p>\n                 \n                 \n                <div class=\"wp-block-buttons is-layout-flex wp-block-buttons-is-layout-flex\">\n                    <div class=\"wp-block-button \">\n                        <a aria-label=\"Sommerferie i Sm\u00e5land\"class=\"wp-block-button__link wp-element-button\" href=\"https:\/\/www.visitsmaland.se\/dk\/opdag\/sommerferie-i-smaaland\/\">\n                            Opdag                       \n                         <\/a>\n                    <\/div>\n                <\/div>\n            <\/div>\n        <\/div>\n            <\/div>\n<\/div>\n","protected":false},"featured_media":37336,"template":"","region":[181],"class_list":["post-37335","destination","type-destination","status-publish","has-post-thumbnail","hentry","region-oestlige-smaaland"],"acf":[],"yoast_head":"<!-- This site is optimized with the Yoast SEO plugin v27.5 - https:\/\/yoast.com\/product\/yoast-seo-wordpress\/ -->\n<title>Vimmerby | Visit Sm\u00e5land<\/title>\n<meta name=\"description\" content=\"Velkommen til den charmerende by Vimmerby i Sm\u00e5land. Astrid Lindgren, en af verdens mest elskede b\u00f8rnebogsforfattere, blev f\u00f8dt her.\" \/>\n<meta name=\"robots\" content=\"index, follow, max-snippet:-1, max-image-preview:large, max-video-preview:-1\" \/>\n<link rel=\"canonical\" href=\"https:\/\/www.visitsmaland.se\/dk\/destinationer\/vimmerby\/\" \/>\n<meta property=\"og:locale\" content=\"da_DK\" \/>\n<meta property=\"og:type\" content=\"article\" \/>\n<meta property=\"og:title\" content=\"Vimmerby | Visit Sm\u00e5land\" \/>\n<meta property=\"og:description\" content=\"Velkommen til den charmerende by Vimmerby i Sm\u00e5land. Astrid Lindgren, en af verdens mest elskede b\u00f8rnebogsforfattere, blev f\u00f8dt her.\" \/>\n<meta property=\"og:url\" content=\"https:\/\/www.visitsmaland.se\/dk\/destinationer\/vimmerby\/\" \/>\n<meta property=\"og:site_name\" content=\"Visit Sm\u00e5land\" \/>\n<meta property=\"article:publisher\" content=\"https:\/\/www.facebook.com\/visitsmaland\/\" \/>\n<meta property=\"article:modified_time\" content=\"2026-04-13T10:47:49+00:00\" \/>\n<meta property=\"og:image\" content=\"https:\/\/www.visitsmaland.se\/wp-content\/uploads\/2024\/04\/HERO-pippi-rider-in-i-stan-med-barn-scaled.jpg\" \/>\n\t<meta property=\"og:image:width\" content=\"2560\" \/>\n\t<meta property=\"og:image:height\" content=\"1707\" \/>\n\t<meta property=\"og:image:type\" content=\"image\/jpeg\" \/>\n<meta name=\"twitter:card\" content=\"summary_large_image\" \/>\n<meta name=\"twitter:label1\" content=\"Estimeret l\u00e6setid\" \/>\n\t<meta name=\"twitter:data1\" content=\"1 minut\" \/>\n<script type=\"application\/ld+json\" class=\"yoast-schema-graph\">{\"@context\":\"https:\\\/\\\/schema.org\",\"@graph\":[{\"@type\":\"WebPage\",\"@id\":\"https:\\\/\\\/www.visitsmaland.se\\\/dk\\\/destinationer\\\/vimmerby\\\/\",\"url\":\"https:\\\/\\\/www.visitsmaland.se\\\/dk\\\/destinationer\\\/vimmerby\\\/\",\"name\":\"Vimmerby | Visit Sm\u00e5land\",\"isPartOf\":{\"@id\":\"https:\\\/\\\/www.visitsmaland.se\\\/dk\\\/#website\"},\"primaryImageOfPage\":{\"@id\":\"https:\\\/\\\/www.visitsmaland.se\\\/dk\\\/destinationer\\\/vimmerby\\\/#primaryimage\"},\"image\":{\"@id\":\"https:\\\/\\\/www.visitsmaland.se\\\/dk\\\/destinationer\\\/vimmerby\\\/#primaryimage\"},\"thumbnailUrl\":\"https:\\\/\\\/www.visitsmaland.se\\\/wp-content\\\/uploads\\\/2024\\\/04\\\/HERO-pippi-rider-in-i-stan-med-barn-scaled.jpg\",\"datePublished\":\"2024-04-11T14:18:30+00:00\",\"dateModified\":\"2026-04-13T10:47:49+00:00\",\"description\":\"Velkommen til den charmerende by Vimmerby i Sm\u00e5land. Astrid Lindgren, en af verdens mest elskede b\u00f8rnebogsforfattere, blev f\u00f8dt her.\",\"breadcrumb\":{\"@id\":\"https:\\\/\\\/www.visitsmaland.se\\\/dk\\\/destinationer\\\/vimmerby\\\/#breadcrumb\"},\"inLanguage\":\"da-DK\",\"potentialAction\":[{\"@type\":\"ReadAction\",\"target\":[\"https:\\\/\\\/www.visitsmaland.se\\\/dk\\\/destinationer\\\/vimmerby\\\/\"]}]},{\"@type\":\"ImageObject\",\"inLanguage\":\"da-DK\",\"@id\":\"https:\\\/\\\/www.visitsmaland.se\\\/dk\\\/destinationer\\\/vimmerby\\\/#primaryimage\",\"url\":\"https:\\\/\\\/www.visitsmaland.se\\\/wp-content\\\/uploads\\\/2024\\\/04\\\/HERO-pippi-rider-in-i-stan-med-barn-scaled.jpg\",\"contentUrl\":\"https:\\\/\\\/www.visitsmaland.se\\\/wp-content\\\/uploads\\\/2024\\\/04\\\/HERO-pippi-rider-in-i-stan-med-barn-scaled.jpg\",\"width\":2560,\"height\":1707},{\"@type\":\"BreadcrumbList\",\"@id\":\"https:\\\/\\\/www.visitsmaland.se\\\/dk\\\/destinationer\\\/vimmerby\\\/#breadcrumb\",\"itemListElement\":[{\"@type\":\"ListItem\",\"position\":1,\"name\":\"Forside\",\"item\":\"https:\\\/\\\/www.visitsmaland.se\\\/dk\\\/\"},{\"@type\":\"ListItem\",\"position\":2,\"name\":\"Vimmerby\"}]},{\"@type\":\"WebSite\",\"@id\":\"https:\\\/\\\/www.visitsmaland.se\\\/dk\\\/#website\",\"url\":\"https:\\\/\\\/www.visitsmaland.se\\\/dk\\\/\",\"name\":\"Visit Sm\u00e5land\",\"description\":\"V\u00e4lkommen till Sm\u00e5land\",\"potentialAction\":[{\"@type\":\"SearchAction\",\"target\":{\"@type\":\"EntryPoint\",\"urlTemplate\":\"https:\\\/\\\/www.visitsmaland.se\\\/dk\\\/?s={search_term_string}\"},\"query-input\":{\"@type\":\"PropertyValueSpecification\",\"valueRequired\":true,\"valueName\":\"search_term_string\"}}],\"inLanguage\":\"da-DK\"}]}<\/script>\n<!-- \/ Yoast SEO plugin. -->","yoast_head_json":{"title":"Vimmerby | Visit Sm\u00e5land","description":"Velkommen til den charmerende by Vimmerby i Sm\u00e5land. Astrid Lindgren, en af verdens mest elskede b\u00f8rnebogsforfattere, blev f\u00f8dt her.","robots":{"index":"index","follow":"follow","max-snippet":"max-snippet:-1","max-image-preview":"max-image-preview:large","max-video-preview":"max-video-preview:-1"},"canonical":"https:\/\/www.visitsmaland.se\/dk\/destinationer\/vimmerby\/","og_locale":"da_DK","og_type":"article","og_title":"Vimmerby | Visit Sm\u00e5land","og_description":"Velkommen til den charmerende by Vimmerby i Sm\u00e5land. Astrid Lindgren, en af verdens mest elskede b\u00f8rnebogsforfattere, blev f\u00f8dt her.","og_url":"https:\/\/www.visitsmaland.se\/dk\/destinationer\/vimmerby\/","og_site_name":"Visit Sm\u00e5land","article_publisher":"https:\/\/www.facebook.com\/visitsmaland\/","article_modified_time":"2026-04-13T10:47:49+00:00","og_image":[{"width":2560,"height":1707,"url":"https:\/\/www.visitsmaland.se\/wp-content\/uploads\/2024\/04\/HERO-pippi-rider-in-i-stan-med-barn-scaled.jpg","type":"image\/jpeg"}],"twitter_card":"summary_large_image","twitter_misc":{"Estimeret l\u00e6setid":"1 minut"},"schema":{"@context":"https:\/\/schema.org","@graph":[{"@type":"WebPage","@id":"https:\/\/www.visitsmaland.se\/dk\/destinationer\/vimmerby\/","url":"https:\/\/www.visitsmaland.se\/dk\/destinationer\/vimmerby\/","name":"Vimmerby | Visit Sm\u00e5land","isPartOf":{"@id":"https:\/\/www.visitsmaland.se\/dk\/#website"},"primaryImageOfPage":{"@id":"https:\/\/www.visitsmaland.se\/dk\/destinationer\/vimmerby\/#primaryimage"},"image":{"@id":"https:\/\/www.visitsmaland.se\/dk\/destinationer\/vimmerby\/#primaryimage"},"thumbnailUrl":"https:\/\/www.visitsmaland.se\/wp-content\/uploads\/2024\/04\/HERO-pippi-rider-in-i-stan-med-barn-scaled.jpg","datePublished":"2024-04-11T14:18:30+00:00","dateModified":"2026-04-13T10:47:49+00:00","description":"Velkommen til den charmerende by Vimmerby i Sm\u00e5land. Astrid Lindgren, en af verdens mest elskede b\u00f8rnebogsforfattere, blev f\u00f8dt her.","breadcrumb":{"@id":"https:\/\/www.visitsmaland.se\/dk\/destinationer\/vimmerby\/#breadcrumb"},"inLanguage":"da-DK","potentialAction":[{"@type":"ReadAction","target":["https:\/\/www.visitsmaland.se\/dk\/destinationer\/vimmerby\/"]}]},{"@type":"ImageObject","inLanguage":"da-DK","@id":"https:\/\/www.visitsmaland.se\/dk\/destinationer\/vimmerby\/#primaryimage","url":"https:\/\/www.visitsmaland.se\/wp-content\/uploads\/2024\/04\/HERO-pippi-rider-in-i-stan-med-barn-scaled.jpg","contentUrl":"https:\/\/www.visitsmaland.se\/wp-content\/uploads\/2024\/04\/HERO-pippi-rider-in-i-stan-med-barn-scaled.jpg","width":2560,"height":1707},{"@type":"BreadcrumbList","@id":"https:\/\/www.visitsmaland.se\/dk\/destinationer\/vimmerby\/#breadcrumb","itemListElement":[{"@type":"ListItem","position":1,"name":"Forside","item":"https:\/\/www.visitsmaland.se\/dk\/"},{"@type":"ListItem","position":2,"name":"Vimmerby"}]},{"@type":"WebSite","@id":"https:\/\/www.visitsmaland.se\/dk\/#website","url":"https:\/\/www.visitsmaland.se\/dk\/","name":"Visit Sm\u00e5land","description":"V\u00e4lkommen till Sm\u00e5land","potentialAction":[{"@type":"SearchAction","target":{"@type":"EntryPoint","urlTemplate":"https:\/\/www.visitsmaland.se\/dk\/?s={search_term_string}"},"query-input":{"@type":"PropertyValueSpecification","valueRequired":true,"valueName":"search_term_string"}}],"inLanguage":"da-DK"}]}},"_links":{"self":[{"href":"https:\/\/www.visitsmaland.se\/dk\/wp-json\/wp\/v2\/destination\/37335","targetHints":{"allow":["GET"]}}],"collection":[{"href":"https:\/\/www.visitsmaland.se\/dk\/wp-json\/wp\/v2\/destination"}],"about":[{"href":"https:\/\/www.visitsmaland.se\/dk\/wp-json\/wp\/v2\/types\/destination"}],"wp:featuredmedia":[{"embeddable":true,"href":"https:\/\/www.visitsmaland.se\/dk\/wp-json\/wp\/v2\/media\/37336"}],"wp:attachment":[{"href":"https:\/\/www.visitsmaland.se\/dk\/wp-json\/wp\/v2\/media?parent=37335"}],"wp:term":[{"taxonomy":"region","embeddable":true,"href":"https:\/\/www.visitsmaland.se\/dk\/wp-json\/wp\/v2\/region?post=37335"}],"curies":[{"name":"wp","href":"https:\/\/api.w.org\/{rel}","templated":true}]}}