{"id":78357,"date":"2025-11-13T13:42:06","date_gmt":"2025-11-13T12:42:06","guid":{"rendered":"https:\/\/www.visitsmaland.se\/destinationer\/apple-valley\/"},"modified":"2026-04-13T11:14:51","modified_gmt":"2026-04-13T09:14:51","slug":"aebledalen","status":"publish","type":"destination","link":"https:\/\/www.visitsmaland.se\/dk\/destinationer\/aebledalen\/","title":{"rendered":"\u00c6bledalen"},"content":{"rendered":"<div class=\"postHerosection postHerosection__wrapper\">\n    <div class=\"postHerosection postHerosection__container\">\n        <h1 class=\"postHerosection postHerosection__heroHeading\">\n            \u00c6bledalen        <\/h1>\n            <\/div>\n    <div class=\"postHerosection postHerosection__imageContainer\">\n        <img loading=\"lazy\" decoding=\"async\" width=\"2000\" height=\"1334\" src=\"https:\/\/www.visitsmaland.se\/wp-content\/uploads\/2025\/03\/Appledalen-webb.jpg\" class=\"attachment-full size-full\" alt=\"\" srcset=\"https:\/\/www.visitsmaland.se\/wp-content\/uploads\/2025\/03\/Appledalen-webb.jpg 2000w, https:\/\/www.visitsmaland.se\/wp-content\/uploads\/2025\/03\/Appledalen-webb-300x200.jpg 300w, https:\/\/www.visitsmaland.se\/wp-content\/uploads\/2025\/03\/Appledalen-webb-1024x683.jpg 1024w, https:\/\/www.visitsmaland.se\/wp-content\/uploads\/2025\/03\/Appledalen-webb-768x512.jpg 768w, https:\/\/www.visitsmaland.se\/wp-content\/uploads\/2025\/03\/Appledalen-webb-1536x1025.jpg 1536w\" sizes=\"(max-width: 2000px) 100vw, 2000px\" \/>    <\/div>\n<\/div>\n<div class=\"postHerosection postHerosection__breadcrumbs\">\n   <div class=\"postHerosection postHerosection__breadcrumbs-container\">\n        <p id=\"breadcrumbs\"><span><span><a href=\"https:\/\/www.visitsmaland.se\/dk\/\">Forside<\/a><\/span><\/span><\/p>    <\/div>\n<\/div>\n\n<div class=\"contentCta contentCta__wrapper\">\n    <div class=\"contentCta contentCta__container\">\n                    \t\t\t<div class=\"contentCta contentCta__text\" style=\"color: \">\n\t\t\t\t<p>\u00c6bledalen, lige uden for J\u00f6nk\u00f6ping, er et natursk\u00f8nt omr\u00e5de, som er kendt for sine frugtplantager og de smukke landskaber. Dalen l\u00f8ber langs V\u00e4tterns \u00f8stlige bred og har l\u00e6nge v\u00e6ret en vigtig region for \u00e6bleproduktion i Sverige.<\/p>\n\t\t\t<\/div>\n                <hr>\n            <\/div>\n<\/div>\n\n\n<div class=\"dynamicContentTwoColumns dynamicContentTwoColumns__wrapper\">\n    <div class=\"dynamicContentTwoColumns dynamicContentTwoColumns__container\">\n                                    <h3 class=\"dynamicContentTwoColumns dynamicContentTwoColumns__heading\">\n                    Sm\u00e5lands Toscana                <\/h3>\n                                                <div class=\"dynamicContentTwoColumns dynamicContentTwoColumns__text\">\n                    <p><p>\u00c6bledalen er ikke kun et sted for frugtavl, men ogs\u00e5 en levende del af det sm\u00e5landske landskab, hvor natur, tradition og moderne landbrug smelter sammen. De mange \u00e6bleplantager giver dalen en unik charme, hvor hver s\u00e6son byder p\u00e5 noget s\u00e6rligt. Om for\u00e5ret prydes omr\u00e5det af blomstrende \u00e6bletr\u00e6er, om sommeren folder landskabet sig ud i frodig gr\u00f8nhed, og om efter\u00e5ret h\u00f8stes de modne \u00e6bler, som s\u00e6lges direkte fra g\u00e5rdene.<\/p>\n<p>\n                <\/div>\n                                                <div class=\"dynamicContentTwoColumns dynamicContentTwoColumns__imageWrapper\">\n                    <img loading=\"lazy\" decoding=\"async\" width=\"500\" height=\"334\" src=\"https:\/\/www.visitsmaland.se\/wp-content\/uploads\/2025\/03\/Rudenstams-2-webb.jpg\" class=\"attachment-500x500 size-500x500\" alt=\"\" srcset=\"https:\/\/www.visitsmaland.se\/wp-content\/uploads\/2025\/03\/Rudenstams-2-webb.jpg 2000w, https:\/\/www.visitsmaland.se\/wp-content\/uploads\/2025\/03\/Rudenstams-2-webb-300x200.jpg 300w, https:\/\/www.visitsmaland.se\/wp-content\/uploads\/2025\/03\/Rudenstams-2-webb-1024x683.jpg 1024w, https:\/\/www.visitsmaland.se\/wp-content\/uploads\/2025\/03\/Rudenstams-2-webb-768x512.jpg 768w, https:\/\/www.visitsmaland.se\/wp-content\/uploads\/2025\/03\/Rudenstams-2-webb-1536x1025.jpg 1536w\" sizes=\"(max-width: 500px) 100vw, 500px\" \/>                <\/div>\n                                                <div class=\"dynamicContentTwoColumns dynamicContentTwoColumns__text\">\n                    <p><p>Udover de maleriske frugtplantager kan du udforske den omkringliggende natur via mange vandre- og cykelstier, som snor sig gennem dalen. Disse ruter byder p\u00e5 fantastiske udsigter over V\u00e4ttern og det omkringliggende landskab, og fra udvalgte udsigtspunkter kan du endda se Gr\u00e4nna og Visings\u00f6.<\/p>\n<p>\n                <\/div>\n                                                <h3 class=\"dynamicContentTwoColumns dynamicContentTwoColumns__heading\">\n                    Begivenheder i \u00c6bledalens smukke landskab                <\/h3>\n                                                <div class=\"dynamicContentTwoColumns dynamicContentTwoColumns__text\">\n                    <p><p>\u00c6bledalen er ogs\u00e5 et sted for kulturelle oplevelser. I l\u00f8bet af \u00e5ret arrangeres forskellige events s\u00e5som frugtfester, h\u00f8stmarkeder og madfestivaler, hvor lokale producenter og kunsth\u00e5ndv\u00e6rkere viser deres produkter frem. Her kan du smage den lokale kultur og m\u00f8de folk, som har boet og arbejdet her i generationer.<\/p>\n<p>\n                <\/div>\n                                                <div class=\"dynamicContentTwoColumns dynamicContentTwoColumns__text\">\n                    <p><p>Med sin kombination af historie, natur, b\u00e6redygtighed og arrangementer tilbyder \u00c6bledalen ikke blot et smukt landskab, men ogs\u00e5 et indblik i den levende tradition omkring \u00e6bleproduktion og landbrug i Sm\u00e5land. Uanset om du er naturelsker, madentusiast eller bare s\u00f8ger en rolig dagstur, har \u00c6bledalen noget at byde p\u00e5.<\/p>\n<p>\n                <\/div>\n                                                <div class=\"dynamicContentTwoColumns dynamicContentTwoColumns__imageWrapper\">\n                    <img loading=\"lazy\" decoding=\"async\" width=\"500\" height=\"334\" src=\"https:\/\/www.visitsmaland.se\/wp-content\/uploads\/2025\/03\/Rudenstam-02_PeterAppelin_DestinationJonkoping.jpg\" class=\"attachment-500x500 size-500x500\" alt=\"\" srcset=\"https:\/\/www.visitsmaland.se\/wp-content\/uploads\/2025\/03\/Rudenstam-02_PeterAppelin_DestinationJonkoping.jpg 2048w, https:\/\/www.visitsmaland.se\/wp-content\/uploads\/2025\/03\/Rudenstam-02_PeterAppelin_DestinationJonkoping-300x200.jpg 300w, https:\/\/www.visitsmaland.se\/wp-content\/uploads\/2025\/03\/Rudenstam-02_PeterAppelin_DestinationJonkoping-1024x684.jpg 1024w, https:\/\/www.visitsmaland.se\/wp-content\/uploads\/2025\/03\/Rudenstam-02_PeterAppelin_DestinationJonkoping-768x513.jpg 768w, https:\/\/www.visitsmaland.se\/wp-content\/uploads\/2025\/03\/Rudenstam-02_PeterAppelin_DestinationJonkoping-1536x1025.jpg 1536w\" sizes=\"(max-width: 500px) 100vw, 500px\" \/>                <\/div>\n                                                <div class=\"wp-block-buttons is-layout-flex wp-block-buttons-is-layout-flex\">\n                    <div class=\"wp-block-button\">\n                        <a aria-label=\"L\u00e6s mere \" class=\"wp-block-button__link wp-element-button dynamicContentTwoColumns dynamicContentTwoColumns__ctaButton\" href=\"https:\/\/xn--ppledalen-u2a.se\/\">\n                            L\u00e6s mere om \u00c6bledalen                        <\/a>\n                    <\/div>\n                <\/div>\n                        <\/div>\n<\/div>\n\n\n<div class=\"contentImageTwoColumns contentImageTwoColumns__wrapper\" style=\"background-color: #374632\">\n    <div class=\"contentImageTwoColumns contentImageTwoColumns__container \">\n        <div class=\"contentImageTwoColumns contentImageTwoColumns__contentWrapper\">\n            <h2 class=\"contentImageTwoColumns contentImageTwoColumns__heading\" style=\"color: #ffffff\">\n                Udsigtspunkt Vistakulle            <\/h2>\n            <div class=\"contentImageTwoColumns contentImageTwoColumns__text contentImageTwoColumns__text--short\" style=\"color: #ffffff\">\n                                    <p>Vistakulle er et smukt udsigtspunkt med en fantastisk panoramaudsigt over \u00c6bledalen, V\u00e4ttern og det omkringliggende landskab. Fra toppen kan du nyde synet af frugtplantager og fredelige naturomgive&#8230;                    <button type=\"button\" class=\"contentImageTwoColumns contentImageTwoColumns__readMoreLess\">\n                        L\u00e6s mere +                    <\/button>\n                            <\/div>\n            <div class=\"contentImageTwoColumns contentImageTwoColumns__text contentImageTwoColumns__text--full\" style=\"color: #ffffff\">\n                <p>Vistakulle er et smukt udsigtspunkt med en fantastisk panoramaudsigt over \u00c6bledalen, V\u00e4ttern og det omkringliggende landskab. Fra toppen kan du nyde synet af frugtplantager og fredelige naturomgivelser. Stedet er popul\u00e6rt b\u00e5de blandt fotografer og bes\u00f8gende, der \u00f8nsker at slappe af. Uanset om du hviler dig i lysthuset eller g\u00e5r den stejle sti op, venter der en uforglemmelig udsigt.<\/p>\n                <button type=\"button\" class=\"contentImageTwoColumns contentImageTwoColumns__readMoreLess\">\n                    L\u00e6s mindre &#8211;                <\/button>\n            <\/div>\n                        <div class=\"wp-block-buttons is-layout-flex wp-block-buttons-is-layout-flex\">\n                <div class=\"wp-block-button \">\n                    <a aria-label=\"Udsigtspunkt Vistakulle\" class=\"wp-block-button__link wp-element-button\" href=\"https:\/\/www.jonkoping.se\/fritid-kultur--natur\/friluftsliv-natur-och-parker\/naturreservat-och-naturminnen\/naturreservatet-vista-kulle\" style=\"background-color: #f4f2eb; color: #000000;border: solid 1px #f4f2eb\">\n                        Udsigtspunkt Vistakulle                    <\/a>\n                <\/div>\n            <\/div>\n                                <\/div>\n        <div class=\"contentImageTwoColumns contentImageTwoColumns__imageWrapper\">\n            <img loading=\"lazy\" decoding=\"async\" width=\"1024\" height=\"740\" src=\"https:\/\/www.visitsmaland.se\/wp-content\/uploads\/2025\/02\/VistaKulle_Huskvarna_DJAB-1024x740.jpg\" class=\"attachment-grid-card-images size-grid-card-images\" alt=\"\" \/>        <\/div>\n    <\/div>\n<\/div>\n\n\n\n<div style=\"height:18px\" aria-hidden=\"true\" class=\"wp-block-spacer\"><\/div>\n\n\n\n<div class=\"wp-block-group alignwide is-layout-constrained wp-block-group-is-layout-constrained\">\n<figure class=\"wp-block-embed is-type-video is-provider-youtube wp-block-embed-youtube wp-embed-aspect-16-9 wp-has-aspect-ratio\"><div class=\"wp-block-embed__wrapper\">\n<iframe loading=\"lazy\" title=\"V\u00e4lkommen till \u00c4ppledalen \u2013 uppt\u00e4ck Sm\u00e5lands Toscana\" width=\"500\" height=\"281\" src=\"https:\/\/www.youtube.com\/embed\/WZ2N2je6mIw?feature=oembed&#038;enablejsapi=1&#038;origin=https:\/\/www.visitsmaland.se\" frameborder=\"0\" allow=\"accelerometer; autoplay; clipboard-write; encrypted-media; gyroscope; picture-in-picture; web-share\" referrerpolicy=\"strict-origin-when-cross-origin\" allowfullscreen><\/iframe>\n<\/div><\/figure>\n<\/div>\n\n\n\n<div class=\"wp-block-group has-visitsmaland-greige-background-color has-background is-layout-constrained wp-block-group-is-layout-constrained\"><div class=\"dynamicContentTwoColumns dynamicContentTwoColumns__wrapper\">\n    <div class=\"dynamicContentTwoColumns dynamicContentTwoColumns__container\">\n                                    <h3 class=\"dynamicContentTwoColumns dynamicContentTwoColumns__heading\">\n                    Frugtplantager og g\u00e5rde                <\/h3>\n                                                <div class=\"dynamicContentTwoColumns dynamicContentTwoColumns__text\">\n                    <p><p>Det, som g\u00f8r \u00c6bledalen s\u00e6rlig, er dens mange frugtplantager. Der findes flere g\u00e5rde, som dyrker forskellige \u00e6blesorter. P\u00e5 Rudenstams G\u00e5rdsbutik &amp; Caf\u00e9 kan du deltage i guidede ture for at l\u00e6re, hvordan \u00e6bler dyrkes og h\u00f8stes. I h\u00f8sts\u00e6sonen kan bes\u00f8gende k\u00f8be friske \u00e6bler eller f\u00e5 deres egne \u00e6bler presset til must.<\/p>\n<p>\n                <\/div>\n                                                <div class=\"dynamicContentTwoColumns dynamicContentTwoColumns__text\">\n                    <p><p>For madelskere er \u00c6bledalen et paradis. Ud over friske \u00e6bler finder du lokalt produceret \u00e6blemost og cider p\u00e5 flere g\u00e5rde. Flere caf\u00e9er og g\u00e5rdbutikker serverer traditionelle sm\u00e5landske retter baseret p\u00e5 lokale, s\u00e6sonbestemte r\u00e5varer. De hyggelige caf\u00e9er tilbyder ogs\u00e5 hjemmelavet \u00e6blet\u00e6rte og andre l\u00e6kkerier \u2013 perfekt til en svensk \u201cfika\u201d efter en dag i naturen.<\/p>\n<p>\n                <\/div>\n                                                <div class=\"dynamicContentTwoColumns dynamicContentTwoColumns__imageWrapper\">\n                    <img loading=\"lazy\" decoding=\"async\" width=\"500\" height=\"333\" src=\"https:\/\/www.visitsmaland.se\/wp-content\/uploads\/2025\/03\/TD-SWEDEN-GRENNA-1.jpg\" class=\"attachment-500x500 size-500x500\" alt=\"\" srcset=\"https:\/\/www.visitsmaland.se\/wp-content\/uploads\/2025\/03\/TD-SWEDEN-GRENNA-1.jpg 2500w, https:\/\/www.visitsmaland.se\/wp-content\/uploads\/2025\/03\/TD-SWEDEN-GRENNA-1-300x200.jpg 300w, https:\/\/www.visitsmaland.se\/wp-content\/uploads\/2025\/03\/TD-SWEDEN-GRENNA-1-1024x683.jpg 1024w, https:\/\/www.visitsmaland.se\/wp-content\/uploads\/2025\/03\/TD-SWEDEN-GRENNA-1-768x512.jpg 768w, https:\/\/www.visitsmaland.se\/wp-content\/uploads\/2025\/03\/TD-SWEDEN-GRENNA-1-1536x1024.jpg 1536w, https:\/\/www.visitsmaland.se\/wp-content\/uploads\/2025\/03\/TD-SWEDEN-GRENNA-1-2048x1366.jpg 2048w\" sizes=\"(max-width: 500px) 100vw, 500px\" \/>                <\/div>\n                                                <h3 class=\"dynamicContentTwoColumns dynamicContentTwoColumns__heading\">\n                    Rudenstams G\u00e5rdsbutik &#038; Caf\u00e9                <\/h3>\n                                                <div class=\"dynamicContentTwoColumns dynamicContentTwoColumns__text\">\n                    <p><p>Rudenstams G\u00e5rdsbutik &amp; Caf\u00e9 ligger midt i Sm\u00e5lands landskab og er et popul\u00e6rt bes\u00f8gsm\u00e5l for s\u00e5vel lokale s\u00e5vel som turister. Her kan du k\u00f8be frisk frugt og gr\u00f8ntsager samt produkter fra g\u00e5rden som must, syltet\u00f8j og honning. Caf\u00e9en byder p\u00e5 en varm og indbydende atmosf\u00e6re, hvor du kan nyde hjemmebagte kager og friskbrygget kaffe \u2013 og is\u00e6r deres \u00e6blet\u00e6rte er et must i \u00e6bles\u00e6sonen.<\/p>\n<p>\n                <\/div>\n                                                <div class=\"wp-block-buttons is-layout-flex wp-block-buttons-is-layout-flex\">\n                    <div class=\"wp-block-button\">\n                        <a aria-label=\"L\u00e6s mere \" class=\"wp-block-button__link wp-element-button dynamicContentTwoColumns dynamicContentTwoColumns__ctaButton\" href=\"https:\/\/rudenstam.se\/\">\n                            Rudenstams B\u00e6r &#038; Frugt                        <\/a>\n                    <\/div>\n                <\/div>\n                                                <div class=\"dynamicContentTwoColumns dynamicContentTwoColumns__imageWrapper\">\n                    <img loading=\"lazy\" decoding=\"async\" width=\"500\" height=\"334\" src=\"https:\/\/www.visitsmaland.se\/wp-content\/uploads\/2025\/03\/Rudenstams-5-webb.jpg\" class=\"attachment-500x500 size-500x500\" alt=\"\" srcset=\"https:\/\/www.visitsmaland.se\/wp-content\/uploads\/2025\/03\/Rudenstams-5-webb.jpg 2000w, https:\/\/www.visitsmaland.se\/wp-content\/uploads\/2025\/03\/Rudenstams-5-webb-300x200.jpg 300w, https:\/\/www.visitsmaland.se\/wp-content\/uploads\/2025\/03\/Rudenstams-5-webb-1024x683.jpg 1024w, https:\/\/www.visitsmaland.se\/wp-content\/uploads\/2025\/03\/Rudenstams-5-webb-768x512.jpg 768w, https:\/\/www.visitsmaland.se\/wp-content\/uploads\/2025\/03\/Rudenstams-5-webb-1536x1025.jpg 1536w\" sizes=\"(max-width: 500px) 100vw, 500px\" \/>                <\/div>\n                                                <h3 class=\"dynamicContentTwoColumns dynamicContentTwoColumns__heading\">\n                    Grafitgr\u00e5 &#038; Grafitgr\u00e5 Caf\u00e9                 <\/h3>\n                                                <div class=\"dynamicContentTwoColumns dynamicContentTwoColumns__text\">\n                    <p><p>Grafitgr\u00e5 er en unik butik og caf\u00e9 i Kaxholmen, som kombinerer interi\u00f8rdesign, h\u00e5ndv\u00e6rk og en afslappet caf\u00e9oplevelse. Butikken s\u00e6lger n\u00f8je udvalgte boligartikler \u2013 m\u00f8bler, kunst og h\u00e5ndv\u00e6rk \u2013 mens caf\u00e9en byder p\u00e5 aromatisk kaffe, bagv\u00e6rk og sandwiches. Et stilfuldt og roligt sted at tage en pause.<\/p>\n<p>\n                <\/div>\n                                                <div class=\"wp-block-buttons is-layout-flex wp-block-buttons-is-layout-flex\">\n                    <div class=\"wp-block-button\">\n                        <a aria-label=\"L\u00e6s mere \" class=\"wp-block-button__link wp-element-button dynamicContentTwoColumns dynamicContentTwoColumns__ctaButton\" href=\"https:\/\/grafitgra.se\/besok-grafitgra\/cafe\/\">\n                            Grafitgr\u00e5 &#038; Grafitgr\u00e5 Caf\u00e9                         <\/a>\n                    <\/div>\n                <\/div>\n                                                <div class=\"dynamicContentTwoColumns dynamicContentTwoColumns__imageWrapper\">\n                    <img loading=\"lazy\" decoding=\"async\" width=\"500\" height=\"334\" src=\"https:\/\/www.visitsmaland.se\/wp-content\/uploads\/2025\/03\/grafitgra-webb.jpg\" class=\"attachment-500x500 size-500x500\" alt=\"\" srcset=\"https:\/\/www.visitsmaland.se\/wp-content\/uploads\/2025\/03\/grafitgra-webb.jpg 2000w, https:\/\/www.visitsmaland.se\/wp-content\/uploads\/2025\/03\/grafitgra-webb-300x200.jpg 300w, https:\/\/www.visitsmaland.se\/wp-content\/uploads\/2025\/03\/grafitgra-webb-1024x683.jpg 1024w, https:\/\/www.visitsmaland.se\/wp-content\/uploads\/2025\/03\/grafitgra-webb-768x512.jpg 768w, https:\/\/www.visitsmaland.se\/wp-content\/uploads\/2025\/03\/grafitgra-webb-1536x1025.jpg 1536w\" sizes=\"(max-width: 500px) 100vw, 500px\" \/>                <\/div>\n                                                <h3 class=\"dynamicContentTwoColumns dynamicContentTwoColumns__heading\">\n                    Vistakulle Frugtplantage                <\/h3>\n                                                <div class=\"dynamicContentTwoColumns dynamicContentTwoColumns__text\">\n                    <p><p>Den familieejede g\u00e5rd Vistakulle er specialiseret i \u00e6bleproduktion og har et bredt udvalg af forskellige \u00e6blesorter, som s\u00e6lges direkte til bes\u00f8gende om efter\u00e5ret. G\u00e5rden tilbyder ogs\u00e5 \u201cpluk-selv\u201d-oplevelse og producerer vin, som kan smages eller k\u00f8bes p\u00e5 stedet.<\/p>\n<p>\n                <\/div>\n                                                <div class=\"wp-block-buttons is-layout-flex wp-block-buttons-is-layout-flex\">\n                    <div class=\"wp-block-button\">\n                        <a aria-label=\"L\u00e6s mere \" class=\"wp-block-button__link wp-element-button dynamicContentTwoColumns dynamicContentTwoColumns__ctaButton\" href=\"https:\/\/vistakullefruktodling.se\/\">\n                            Vistakulle Frugtplantage                        <\/a>\n                    <\/div>\n                <\/div>\n                                                <h3 class=\"dynamicContentTwoColumns dynamicContentTwoColumns__heading\">\n                    Strands G\u00e5rd \u2013 G\u00e5rdsbutik                <\/h3>\n                                                <div class=\"dynamicContentTwoColumns dynamicContentTwoColumns__text\">\n                    <p><p>G\u00e5rdbutikken hos Strands G\u00e5rd tilbyder et bredt udvalg af lokalt producerede varer: frugt, gr\u00f8ntsager, k\u00f8d og andre g\u00e5rddelikatesser. Fokus er p\u00e5 kvalitet og b\u00e6redygtighed, og mange produkter er \u00f8kologiske. Et oplagt sted for dig, der \u00f8nsker at st\u00f8tte lokalt landbrug og nyde naturbaserede r\u00e5varer.<\/p>\n<p>\n                <\/div>\n                                                <div class=\"wp-block-buttons is-layout-flex wp-block-buttons-is-layout-flex\">\n                    <div class=\"wp-block-button\">\n                        <a aria-label=\"L\u00e6s mere \" class=\"wp-block-button__link wp-element-button dynamicContentTwoColumns dynamicContentTwoColumns__ctaButton\" href=\"https:\/\/www.strandsgard.se\/\">\n                            Strands G\u00e5rd \u2013 G\u00e5rdsbutik                        <\/a>\n                    <\/div>\n                <\/div>\n                        <\/div>\n<\/div>\n<\/div>\n\n\n<div class=\"contentImageTwoColumns contentImageTwoColumns__wrapper\" style=\"background-color: #374632\">\n    <div class=\"contentImageTwoColumns contentImageTwoColumns__container \">\n        <div class=\"contentImageTwoColumns contentImageTwoColumns__contentWrapper\">\n            <h2 class=\"contentImageTwoColumns contentImageTwoColumns__heading\" style=\"color: #ffffff\">\n                Kallfeldts L\u00e6derfabrik            <\/h2>\n            <div class=\"contentImageTwoColumns contentImageTwoColumns__text contentImageTwoColumns__text--short\" style=\"color: #ffffff\">\n                                    <p>Kallfeldts L\u00e6derfabrik er en historisk g\u00e5rd, hvor man producerer l\u00e6dervarer af h\u00f8j kvalitet \u2013 alt fra h\u00e5ndlavede tasker og punge til eksklusive l\u00e6deraccessories. Virksomheden kombinerer traditionel&#8230;                    <button type=\"button\" class=\"contentImageTwoColumns contentImageTwoColumns__readMoreLess\">\n                        L\u00e6s mere +                    <\/button>\n                            <\/div>\n            <div class=\"contentImageTwoColumns contentImageTwoColumns__text contentImageTwoColumns__text--full\" style=\"color: #ffffff\">\n                <p>Kallfeldts L\u00e6derfabrik er en historisk g\u00e5rd, hvor man producerer l\u00e6dervarer af h\u00f8j kvalitet \u2013 alt fra h\u00e5ndlavede tasker og punge til eksklusive l\u00e6deraccessories. Virksomheden kombinerer traditionelt h\u00e5ndv\u00e6rk med moderne design, hvilket g\u00f8r produkterne b\u00e5de tidl\u00f8se og funktionelle. Bes\u00f8gende kan f\u00e5 et indblik i den b\u00e6redygtige produktionsproces og k\u00f8be varer direkte fra fabrikken.<\/p>\n                <button type=\"button\" class=\"contentImageTwoColumns contentImageTwoColumns__readMoreLess\">\n                    L\u00e6s mindre &#8211;                <\/button>\n            <\/div>\n                        <div class=\"wp-block-buttons is-layout-flex wp-block-buttons-is-layout-flex\">\n                <div class=\"wp-block-button \">\n                    <a aria-label=\"L\u00e6s mere om Kallfeldts L\u00e6derfabrik\" class=\"wp-block-button__link wp-element-button\" href=\"https:\/\/kallfeldtsladerfabrik.se\/\" style=\"background-color: #f4f2eb; color: #000000;border: solid 1px #f4f2eb\">\n                        L\u00e6s mere om Kallfeldts L\u00e6derfabrik                    <\/a>\n                <\/div>\n            <\/div>\n                                <\/div>\n        <div class=\"contentImageTwoColumns contentImageTwoColumns__imageWrapper\">\n            <img loading=\"lazy\" decoding=\"async\" width=\"1000\" height=\"667\" src=\"https:\/\/www.visitsmaland.se\/wp-content\/uploads\/2025\/11\/KF_Hillevi_Johan_Rickard_2.0.jpg\" class=\"attachment-grid-card-images size-grid-card-images\" alt=\"\" srcset=\"https:\/\/www.visitsmaland.se\/wp-content\/uploads\/2025\/11\/KF_Hillevi_Johan_Rickard_2.0.jpg 1000w, https:\/\/www.visitsmaland.se\/wp-content\/uploads\/2025\/11\/KF_Hillevi_Johan_Rickard_2.0-300x200.jpg 300w, https:\/\/www.visitsmaland.se\/wp-content\/uploads\/2025\/11\/KF_Hillevi_Johan_Rickard_2.0-768x512.jpg 768w\" sizes=\"(max-width: 1000px) 100vw, 1000px\" \/>        <\/div>\n    <\/div>\n<\/div>\n\n\n\n<div style=\"height:18px\" aria-hidden=\"true\" class=\"wp-block-spacer\"><\/div>\n\n\n\n<figure class=\"wp-block-gallery has-nested-images columns-default is-cropped wp-block-gallery-2 is-layout-flex wp-block-gallery-is-layout-flex\">\n<figure class=\"wp-block-image size-large\"><img loading=\"lazy\" decoding=\"async\" width=\"1000\" height=\"1000\" data-id=\"77948\" src=\"https:\/\/www.visitsmaland.se\/wp-content\/uploads\/2025\/11\/KF_butiken_disk-edited.jpg\" alt=\"\" class=\"wp-image-77948\" srcset=\"https:\/\/www.visitsmaland.se\/wp-content\/uploads\/2025\/11\/KF_butiken_disk-edited.jpg 1000w, https:\/\/www.visitsmaland.se\/wp-content\/uploads\/2025\/11\/KF_butiken_disk-edited-300x300.jpg 300w, https:\/\/www.visitsmaland.se\/wp-content\/uploads\/2025\/11\/KF_butiken_disk-edited-150x150.jpg 150w, https:\/\/www.visitsmaland.se\/wp-content\/uploads\/2025\/11\/KF_butiken_disk-edited-768x768.jpg 768w\" sizes=\"(max-width: 1000px) 100vw, 1000px\" \/><\/figure>\n\n\n\n<figure class=\"wp-block-image size-large\"><img loading=\"lazy\" decoding=\"async\" width=\"1000\" height=\"1000\" data-id=\"77953\" src=\"https:\/\/www.visitsmaland.se\/wp-content\/uploads\/2025\/11\/KF_pragling_2.0-edited.jpg\" alt=\"\" class=\"wp-image-77953\" srcset=\"https:\/\/www.visitsmaland.se\/wp-content\/uploads\/2025\/11\/KF_pragling_2.0-edited.jpg 1000w, https:\/\/www.visitsmaland.se\/wp-content\/uploads\/2025\/11\/KF_pragling_2.0-edited-300x300.jpg 300w, https:\/\/www.visitsmaland.se\/wp-content\/uploads\/2025\/11\/KF_pragling_2.0-edited-150x150.jpg 150w, https:\/\/www.visitsmaland.se\/wp-content\/uploads\/2025\/11\/KF_pragling_2.0-edited-768x768.jpg 768w\" sizes=\"(max-width: 1000px) 100vw, 1000px\" \/><\/figure>\n\n\n\n<figure class=\"wp-block-image size-large\"><img loading=\"lazy\" decoding=\"async\" width=\"1000\" height=\"1000\" data-id=\"77970\" src=\"https:\/\/www.visitsmaland.se\/wp-content\/uploads\/2025\/11\/KF_nitmaskin_2.0-edited.jpg\" alt=\"\" class=\"wp-image-77970\" srcset=\"https:\/\/www.visitsmaland.se\/wp-content\/uploads\/2025\/11\/KF_nitmaskin_2.0-edited.jpg 1000w, https:\/\/www.visitsmaland.se\/wp-content\/uploads\/2025\/11\/KF_nitmaskin_2.0-edited-300x300.jpg 300w, https:\/\/www.visitsmaland.se\/wp-content\/uploads\/2025\/11\/KF_nitmaskin_2.0-edited-150x150.jpg 150w, https:\/\/www.visitsmaland.se\/wp-content\/uploads\/2025\/11\/KF_nitmaskin_2.0-edited-768x768.jpg 768w\" sizes=\"(max-width: 1000px) 100vw, 1000px\" \/><\/figure>\n<\/figure>\n\n\n<div class=\"contentImageTwoColumns contentImageTwoColumns__wrapper\" style=\"background-color: \">\n    <div class=\"contentImageTwoColumns contentImageTwoColumns__container \">\n        <div class=\"contentImageTwoColumns contentImageTwoColumns__contentWrapper\">\n            <h2 class=\"contentImageTwoColumns contentImageTwoColumns__heading\" style=\"color: \">\n                Gisebo Vin            <\/h2>\n            <div class=\"contentImageTwoColumns contentImageTwoColumns__text contentImageTwoColumns__text--short\" style=\"color: \">\n                                    <p>Gisebo Vin er en lille ving\u00e5rd i \u00c6bledalen, som tilbyder vinsmagning og lette retter i sit drivhus om sommeren. Man kan ogs\u00e5 booke overnatning p\u00e5 g\u00e5rden \u00e5ret rundt, hvilket g\u00f8r det til et charmerende ophold i landlige omgivelser.<\/p>\n                            <\/div>\n            <div class=\"contentImageTwoColumns contentImageTwoColumns__text contentImageTwoColumns__text--full\" style=\"color: \">\n                <p>Gisebo Vin er en lille ving\u00e5rd i \u00c6bledalen, som tilbyder vinsmagning og lette retter i sit drivhus om sommeren. Man kan ogs\u00e5 booke overnatning p\u00e5 g\u00e5rden \u00e5ret rundt, hvilket g\u00f8r det til et charmerende ophold i landlige omgivelser.<\/p>\n                <button type=\"button\" class=\"contentImageTwoColumns contentImageTwoColumns__readMoreLess\">\n                    L\u00e6s mindre &#8211;                <\/button>\n            <\/div>\n                        <div class=\"wp-block-buttons is-layout-flex wp-block-buttons-is-layout-flex\">\n                <div class=\"wp-block-button \">\n                    <a aria-label=\"L\u00e6s mere om Gisebo Vin\" class=\"wp-block-button__link wp-element-button\" href=\"https:\/\/gisebovin.se\/\" style=\"background-color: #fbbd51; color: #000000;border: solid 1px #fbbd51\">\n                        L\u00e6s mere om Gisebo Vin                    <\/a>\n                <\/div>\n            <\/div>\n                                <\/div>\n        <div class=\"contentImageTwoColumns contentImageTwoColumns__imageWrapper\">\n            <img loading=\"lazy\" decoding=\"async\" width=\"1024\" height=\"740\" src=\"https:\/\/www.visitsmaland.se\/wp-content\/uploads\/2025\/03\/vin-webb-1024x740.jpg\" class=\"attachment-grid-card-images size-grid-card-images\" alt=\"\" \/>        <\/div>\n    <\/div>\n<\/div>\n\n\n<div class=\"contentImageTwoColumns contentImageTwoColumns__wrapper\" style=\"background-color: #374632\">\n    <div class=\"contentImageTwoColumns contentImageTwoColumns__container layout-reversed\">\n        <div class=\"contentImageTwoColumns contentImageTwoColumns__contentWrapper\">\n            <h2 class=\"contentImageTwoColumns contentImageTwoColumns__heading\" style=\"color: #ffffff\">\n                Brunstorps G\u00e5rd            <\/h2>\n            <div class=\"contentImageTwoColumns contentImageTwoColumns__text contentImageTwoColumns__text--short\" style=\"color: #ffffff\">\n                                    <p>Brunstorps G\u00e5rd er en idyllisk ejendom, kendt for sin samling af mange sorter af \u00e6bler, p\u00e6rer og kirseb\u00e6r. Om sommeren tilbydes guidede ture gennem frugtplantagen, caf\u00e9 og mulighed for at leje et traditionelt bondestuehus.<\/p>\n                            <\/div>\n            <div class=\"contentImageTwoColumns contentImageTwoColumns__text contentImageTwoColumns__text--full\" style=\"color: #ffffff\">\n                <p>Brunstorps G\u00e5rd er en idyllisk ejendom, kendt for sin samling af mange sorter af \u00e6bler, p\u00e6rer og kirseb\u00e6r. Om sommeren tilbydes guidede ture gennem frugtplantagen, caf\u00e9 og mulighed for at leje et traditionelt bondestuehus.<\/p>\n                <button type=\"button\" class=\"contentImageTwoColumns contentImageTwoColumns__readMoreLess\">\n                    L\u00e6s mindre &#8211;                <\/button>\n            <\/div>\n                        <div class=\"wp-block-buttons is-layout-flex wp-block-buttons-is-layout-flex\">\n                <div class=\"wp-block-button \">\n                    <a aria-label=\"L\u00e6s mere om Brunstorp G\u00e5rd\" class=\"wp-block-button__link wp-element-button\" href=\"https:\/\/www.brunstorpscafe.com\/\" style=\"background-color: #f4f2eb; color: #000000;border: solid 1px #f4f2eb\">\n                        L\u00e6s mere om Brunstorp G\u00e5rd                    <\/a>\n                <\/div>\n            <\/div>\n                                <\/div>\n        <div class=\"contentImageTwoColumns contentImageTwoColumns__imageWrapper\">\n            <img loading=\"lazy\" decoding=\"async\" width=\"1024\" height=\"740\" src=\"https:\/\/www.visitsmaland.se\/wp-content\/uploads\/2025\/03\/brunstorsps-gard-webb-1024x740.jpg\" class=\"attachment-grid-card-images size-grid-card-images\" alt=\"\" \/>        <\/div>\n    <\/div>\n<\/div>\n\n\n<div class=\"dynamicContentTwoColumns dynamicContentTwoColumns__wrapper\">\n    <div class=\"dynamicContentTwoColumns dynamicContentTwoColumns__container\">\n                                    <h3 class=\"dynamicContentTwoColumns dynamicContentTwoColumns__heading\">\n                    Vandring omkring \u00c6bledalen                <\/h3>\n                                                <div class=\"dynamicContentTwoColumns dynamicContentTwoColumns__text\">\n                    <p><p data-start=\"5830\" data-end=\"6009\"><strong data-start=\"5830\" data-end=\"5844\">Vistakulle<\/strong> \u2013 En kort men stejl tur op til toppen af Vista Hill, hvorfra du har panoramaudsigter over dalen, s\u00f8en Landsj\u00f6n og V\u00e4ttern.<\/p>\n<p data-start=\"6173\" data-end=\"6364\">\n<p>\n                <\/div>\n                                                <div class=\"dynamicContentTwoColumns dynamicContentTwoColumns__text\">\n                    <p><p data-start=\"6012\" data-end=\"6170\"><strong data-start=\"6012\" data-end=\"6039\">Landsj\u00f6n Rundt (~12 km)<\/strong> \u2013 G\u00e5 hele vejen rundt om s\u00f8en Landsj\u00f6n og oplev frugtplantager, fugleliv og rolig natu<\/p>\n<p data-start=\"6173\" data-end=\"6364\">\n<p>\n                <\/div>\n                                                <div class=\"dynamicContentTwoColumns dynamicContentTwoColumns__text\">\n                    <p><p><strong data-start=\"6173\" data-end=\"6198\">Vistakulle \/ \u00d6xnehaga<\/strong> \u2013 Et st\u00f8rre naturomr\u00e5de med markering af stier, udsigtspunkter og grillpladser \u2013 t\u00e6t p\u00e5 naturen men stadig nemt tilg\u00e6ngeligt.<\/p>\n<p>\n                <\/div>\n                                                <div class=\"dynamicContentTwoColumns dynamicContentTwoColumns__imageWrapper\">\n                    <img loading=\"lazy\" decoding=\"async\" width=\"500\" height=\"334\" src=\"https:\/\/www.visitsmaland.se\/wp-content\/uploads\/2025\/03\/brunstorp-utsikt-webb.jpg\" class=\"attachment-500x500 size-500x500\" alt=\"\" srcset=\"https:\/\/www.visitsmaland.se\/wp-content\/uploads\/2025\/03\/brunstorp-utsikt-webb.jpg 2000w, https:\/\/www.visitsmaland.se\/wp-content\/uploads\/2025\/03\/brunstorp-utsikt-webb-300x200.jpg 300w, https:\/\/www.visitsmaland.se\/wp-content\/uploads\/2025\/03\/brunstorp-utsikt-webb-1024x684.jpg 1024w, https:\/\/www.visitsmaland.se\/wp-content\/uploads\/2025\/03\/brunstorp-utsikt-webb-768x513.jpg 768w, https:\/\/www.visitsmaland.se\/wp-content\/uploads\/2025\/03\/brunstorp-utsikt-webb-1536x1025.jpg 1536w\" sizes=\"(max-width: 500px) 100vw, 500px\" \/>                <\/div>\n                                                <h3 class=\"dynamicContentTwoColumns dynamicContentTwoColumns__heading\">\n                    Cykelture omkring \u00c6bledalen                <\/h3>\n                                                <div class=\"dynamicContentTwoColumns dynamicContentTwoColumns__text\">\n                    <p><p data-start=\"6405\" data-end=\"6585\"><strong data-start=\"6405\" data-end=\"6439\">Kaxholmen \u2013 Huskvarna (~15 km)<\/strong> \u2013 En natursk\u00f8n rute ad sm\u00e5 veje gennem \u00e5bent landskab. I Huskvarna findes kultur, caf\u00e9er og lokal idyl.<\/p>\n<p data-start=\"6405\" data-end=\"6585\">\n<p>\n                <\/div>\n                                                <div class=\"dynamicContentTwoColumns dynamicContentTwoColumns__text\">\n                    <p><p data-start=\"6405\" data-end=\"6585\"><strong data-start=\"6588\" data-end=\"6639\"> V\u00e4ttern Rundt (Kaxholmen \u2013 Gr\u00e4nna, ~30 km)<\/strong> \u2013 En l\u00e6ngere dagstur med smukke udsigter over V\u00e4ttern, historiske steder og mulige stop i Gr\u00e4nna.<\/p>\n<p data-start=\"6405\" data-end=\"6585\">\n<p>\n                <\/div>\n                                                <div class=\"dynamicContentTwoColumns dynamicContentTwoColumns__text\">\n                    <p><p><strong data-start=\"6782\" data-end=\"6812\">\u00c6bledalen Rundtur (~10\u201315 km)<\/strong> \u2013 Lav din egen rute: tag for eksempel p\u00e5 cykeltur mellem Rudenstams G\u00e5rd, Ebbarps Norrg\u00e5rd og forskellige g\u00e5rdcaf\u00e9er og butikker.<\/p>\n<p>\n                <\/div>\n                                                <div class=\"wp-block-buttons is-layout-flex wp-block-buttons-is-layout-flex\">\n                    <div class=\"wp-block-button\">\n                        <a aria-label=\"L\u00e6s mere \" class=\"wp-block-button__link wp-element-button dynamicContentTwoColumns dynamicContentTwoColumns__ctaButton\" href=\"https:\/\/xn--ppledalen-u2a.se\/wp-content\/uploads\/2023\/11\/2311_appledalen_papperskarta_digital.pdf\">\n                            Kort over \u00c6bledalen                        <\/a>\n                    <\/div>\n                <\/div>\n                                                <div class=\"dynamicContentTwoColumns dynamicContentTwoColumns__imageWrapper\">\n                    <img loading=\"lazy\" decoding=\"async\" width=\"500\" height=\"334\" src=\"https:\/\/www.visitsmaland.se\/wp-content\/uploads\/2024\/04\/cykel-grimsnas-korro-scaled.jpg\" class=\"attachment-500x500 size-500x500\" alt=\"\" srcset=\"https:\/\/www.visitsmaland.se\/wp-content\/uploads\/2024\/04\/cykel-grimsnas-korro-scaled.jpg 2560w, https:\/\/www.visitsmaland.se\/wp-content\/uploads\/2024\/04\/cykel-grimsnas-korro-300x200.jpg 300w, https:\/\/www.visitsmaland.se\/wp-content\/uploads\/2024\/04\/cykel-grimsnas-korro-1024x683.jpg 1024w, https:\/\/www.visitsmaland.se\/wp-content\/uploads\/2024\/04\/cykel-grimsnas-korro-768x513.jpg 768w, https:\/\/www.visitsmaland.se\/wp-content\/uploads\/2024\/04\/cykel-grimsnas-korro-1536x1025.jpg 1536w, https:\/\/www.visitsmaland.se\/wp-content\/uploads\/2024\/04\/cykel-grimsnas-korro-2048x1367.jpg 2048w\" sizes=\"(max-width: 500px) 100vw, 500px\" \/>                <\/div>\n                        <\/div>\n<\/div>\n\n\n<div class=\"contentImageTwoColumns contentImageTwoColumns__wrapper\" style=\"background-color: #374632\">\n    <div class=\"contentImageTwoColumns contentImageTwoColumns__container layout-reversed\">\n        <div class=\"contentImageTwoColumns contentImageTwoColumns__contentWrapper\">\n            <h2 class=\"contentImageTwoColumns contentImageTwoColumns__heading\" style=\"color: #ffffff\">\n                Hunneryds Strand            <\/h2>\n            <div class=\"contentImageTwoColumns contentImageTwoColumns__text contentImageTwoColumns__text--short\" style=\"color: #ffffff\">\n                                    <p>Hunneryd Strand, beliggende i Kaxholmen ved s\u00f8en Landsj\u00f6n, er et popul\u00e6rt sted til sv\u00f8mning, solbadning og afslappede g\u00e5ture. Omr\u00e5det har en sandstrand og en badebro \u2013 perfekt til b\u00e5de sv\u00f8mning og &#8230;                    <button type=\"button\" class=\"contentImageTwoColumns contentImageTwoColumns__readMoreLess\">\n                        L\u00e6s mere +                    <\/button>\n                            <\/div>\n            <div class=\"contentImageTwoColumns contentImageTwoColumns__text contentImageTwoColumns__text--full\" style=\"color: #ffffff\">\n                <p>Hunneryd Strand, beliggende i Kaxholmen ved s\u00f8en Landsj\u00f6n, er et popul\u00e6rt sted til sv\u00f8mning, solbadning og afslappede g\u00e5ture. Omr\u00e5det har en sandstrand og en badebro \u2013 perfekt til b\u00e5de sv\u00f8mning og sejlture. Det er en ideel familieoplevelse om sommeren, som byder p\u00e5 fredfyldt og natursk\u00f8n afslapning.<\/p>\n                <button type=\"button\" class=\"contentImageTwoColumns contentImageTwoColumns__readMoreLess\">\n                    L\u00e6s mindre &#8211;                <\/button>\n            <\/div>\n                        <div class=\"wp-block-buttons is-layout-flex wp-block-buttons-is-layout-flex\">\n                <div class=\"wp-block-button \">\n                    <a aria-label=\"Naturkartan.se\" class=\"wp-block-button__link wp-element-button\" href=\"https:\/\/www.naturkartan.se\/en\/jonkopings-lan\/hunnerydsbadet-da5bb3dc-cdc6-45af-99bd-ec95c0eb7de1\" style=\"background-color: #f4f2eb; color: #000000;border: solid 1px #f4f2eb\">\n                        Naturkartan.se                    <\/a>\n                <\/div>\n            <\/div>\n                                <\/div>\n        <div class=\"contentImageTwoColumns contentImageTwoColumns__imageWrapper\">\n            <img loading=\"lazy\" decoding=\"async\" width=\"1024\" height=\"740\" src=\"https:\/\/www.visitsmaland.se\/wp-content\/uploads\/2025\/03\/vatterstranden-3-webb-1024x740.jpg\" class=\"attachment-grid-card-images size-grid-card-images\" alt=\"\" \/>        <\/div>\n    <\/div>\n<\/div>\n\n\n\n<div style=\"height:18px\" aria-hidden=\"true\" class=\"wp-block-spacer\"><\/div>\n\n\n\n<figure class=\"wp-block-gallery has-nested-images columns-default is-cropped wp-block-gallery-3 is-layout-flex wp-block-gallery-is-layout-flex\">\n<figure class=\"wp-block-image size-large\"><img loading=\"lazy\" decoding=\"async\" width=\"2560\" height=\"2560\" data-id=\"77919\" src=\"https:\/\/www.visitsmaland.se\/wp-content\/uploads\/2025\/11\/130-edited-scaled.jpg\" alt=\"Bullar p\u00e5 Grafitgr\u00e5.\" class=\"wp-image-77919\" srcset=\"https:\/\/www.visitsmaland.se\/wp-content\/uploads\/2025\/11\/130-edited-scaled.jpg 2560w, https:\/\/www.visitsmaland.se\/wp-content\/uploads\/2025\/11\/130-edited-300x300.jpg 300w, https:\/\/www.visitsmaland.se\/wp-content\/uploads\/2025\/11\/130-edited-1024x1024.jpg 1024w, https:\/\/www.visitsmaland.se\/wp-content\/uploads\/2025\/11\/130-edited-150x150.jpg 150w, https:\/\/www.visitsmaland.se\/wp-content\/uploads\/2025\/11\/130-edited-768x768.jpg 768w, https:\/\/www.visitsmaland.se\/wp-content\/uploads\/2025\/11\/130-edited-1536x1536.jpg 1536w, https:\/\/www.visitsmaland.se\/wp-content\/uploads\/2025\/11\/130-edited-2048x2048.jpg 2048w\" sizes=\"(max-width: 2560px) 100vw, 2560px\" \/><\/figure>\n\n\n\n<figure class=\"wp-block-image size-large\"><img loading=\"lazy\" decoding=\"async\" width=\"2560\" height=\"2560\" data-id=\"77990\" src=\"https:\/\/www.visitsmaland.se\/wp-content\/uploads\/2025\/11\/globusliebe_2-edited-scaled.jpg\" alt=\"\" class=\"wp-image-77990\" srcset=\"https:\/\/www.visitsmaland.se\/wp-content\/uploads\/2025\/11\/globusliebe_2-edited-scaled.jpg 2560w, https:\/\/www.visitsmaland.se\/wp-content\/uploads\/2025\/11\/globusliebe_2-edited-300x300.jpg 300w, https:\/\/www.visitsmaland.se\/wp-content\/uploads\/2025\/11\/globusliebe_2-edited-1024x1024.jpg 1024w, https:\/\/www.visitsmaland.se\/wp-content\/uploads\/2025\/11\/globusliebe_2-edited-150x150.jpg 150w, https:\/\/www.visitsmaland.se\/wp-content\/uploads\/2025\/11\/globusliebe_2-edited-768x768.jpg 768w, https:\/\/www.visitsmaland.se\/wp-content\/uploads\/2025\/11\/globusliebe_2-edited-1536x1536.jpg 1536w, https:\/\/www.visitsmaland.se\/wp-content\/uploads\/2025\/11\/globusliebe_2-edited-2048x2048.jpg 2048w\" sizes=\"(max-width: 2560px) 100vw, 2560px\" \/><\/figure>\n\n\n\n<figure class=\"wp-block-image size-large\"><img loading=\"lazy\" decoding=\"async\" width=\"2560\" height=\"2560\" data-id=\"77985\" src=\"https:\/\/www.visitsmaland.se\/wp-content\/uploads\/2025\/11\/DAYFOTOGRAFI_RUDU-0034-edited-scaled.jpg\" alt=\"\" class=\"wp-image-77985\" srcset=\"https:\/\/www.visitsmaland.se\/wp-content\/uploads\/2025\/11\/DAYFOTOGRAFI_RUDU-0034-edited-scaled.jpg 2560w, https:\/\/www.visitsmaland.se\/wp-content\/uploads\/2025\/11\/DAYFOTOGRAFI_RUDU-0034-edited-300x300.jpg 300w, https:\/\/www.visitsmaland.se\/wp-content\/uploads\/2025\/11\/DAYFOTOGRAFI_RUDU-0034-edited-1024x1024.jpg 1024w, https:\/\/www.visitsmaland.se\/wp-content\/uploads\/2025\/11\/DAYFOTOGRAFI_RUDU-0034-edited-150x150.jpg 150w, https:\/\/www.visitsmaland.se\/wp-content\/uploads\/2025\/11\/DAYFOTOGRAFI_RUDU-0034-edited-768x768.jpg 768w, https:\/\/www.visitsmaland.se\/wp-content\/uploads\/2025\/11\/DAYFOTOGRAFI_RUDU-0034-edited-1536x1536.jpg 1536w, https:\/\/www.visitsmaland.se\/wp-content\/uploads\/2025\/11\/DAYFOTOGRAFI_RUDU-0034-edited-2048x2048.jpg 2048w\" sizes=\"(max-width: 2560px) 100vw, 2560px\" \/><\/figure>\n<\/figure>\n\n\n\n<section class=\"contentFAQBlock contentFAQBlock__wrapper\">\n    <div class=\"contentFAQBlock contentFAQBlock__container\">\n                    <h2 class=\"contentFAQBlock contentFAQBlock__title\">Ofte stillede sp\u00f8rgsm\u00e5l om \u00c6bledalen<\/h2>\n                \n        <div class=\"contentFAQBlock contentFAQBlock__faqContent\" itemscope itemtype=\"https:\/\/schema.org\/FAQPage\">\n            <div id=\"accordion-group-block_0cf95e61bcd33fa101296a7df2eda6dc\" class=\"contentFAQBlock contentFAQBlock__accordion\" data-allow-toggle>\n                                                <div class=\"contentFAQBlock contentFAQBlock__categoryGroup\">\n                                                                                                                <div class=\"contentFAQBlock contentFAQBlock__accordionItem\" itemscope itemprop=\"mainEntity\" itemtype=\"https:\/\/schema.org\/Question\">\n                                            <h4>\n                                                <button aria-expanded=\"false\" class=\"contentFAQBlock contentFAQBlock__accordionTrigger accordion-trigger\" aria-controls=\"accordion95872-cat1146-block_0cf95e61bcd33fa101296a7df2eda6dc\" id=\"accordion95872-cat1146-block_0cf95e61bcd33fa101296a7df2eda6dcid\">\n                                                    <span class=\"contentFAQBlock contentFAQBlock__accordionTitle accordion-title\" itemprop=\"name\">\n                                                        Hvad er \u00c6bledalen, og hvor ligger det?                                                        <span class=\"contentFAQBlock contentFAQBlock__accordionIcon accordion-icon\"><\/span>\n                                                    <\/span>\n                                                <\/button>\n                                            <\/h4>\n                                            <div itemscope itemprop=\"acceptedAnswer\" itemtype=\"https:\/\/schema.org\/Answer\" id=\"accordion95872-cat1146-block_0cf95e61bcd33fa101296a7df2eda6dc\" role=\"region\" aria-labelledby=\"accordion95872-cat1146-block_0cf95e61bcd33fa101296a7df2eda6dcid\" class=\"contentFAQBlock contentFAQBlock__accordionPanel accordion-panel\" hidden>\n                                                <div itemprop=\"text\" class=\"contentFAQBlock contentFAQBlock__accordionContent accordion-content\">\n                                                    <p><a href=\"https:\/\/jkpg.com\/en\/appledalen\">\u00c6bledalen<\/a> ligger lige nord for Huskvarna i Sm\u00e5land og kaldes ofte for Sm\u00e5lands eget Toscana. Det er et b\u00f8lget landskab med \u00e6blelunde og natursk\u00f8nne omgivelser med udsigt over Landsj\u00f6n og V\u00e4ttern.<\/p>\n                                                <\/div>\n                                            <\/div>\n                                        <\/div>\n                                                                            <div class=\"contentFAQBlock contentFAQBlock__accordionItem\" itemscope itemprop=\"mainEntity\" itemtype=\"https:\/\/schema.org\/Question\">\n                                            <h4>\n                                                <button aria-expanded=\"false\" class=\"contentFAQBlock contentFAQBlock__accordionTrigger accordion-trigger\" aria-controls=\"accordion95869-cat1146-block_0cf95e61bcd33fa101296a7df2eda6dc\" id=\"accordion95869-cat1146-block_0cf95e61bcd33fa101296a7df2eda6dcid\">\n                                                    <span class=\"contentFAQBlock contentFAQBlock__accordionTitle accordion-title\" itemprop=\"name\">\n                                                        Hvad er Rudenstams G\u00e5rdsbutik &#038; Caf\u00e9?                                                        <span class=\"contentFAQBlock contentFAQBlock__accordionIcon accordion-icon\"><\/span>\n                                                    <\/span>\n                                                <\/button>\n                                            <\/h4>\n                                            <div itemscope itemprop=\"acceptedAnswer\" itemtype=\"https:\/\/schema.org\/Answer\" id=\"accordion95869-cat1146-block_0cf95e61bcd33fa101296a7df2eda6dc\" role=\"region\" aria-labelledby=\"accordion95869-cat1146-block_0cf95e61bcd33fa101296a7df2eda6dcid\" class=\"contentFAQBlock contentFAQBlock__accordionPanel accordion-panel\" hidden>\n                                                <div itemprop=\"text\" class=\"contentFAQBlock contentFAQBlock__accordionContent accordion-content\">\n                                                    <p>Der findes en g\u00e5rdbutik i \u00c6bledalen! Den hedder <a href=\"https:\/\/rudenstam.se\/\">Rudenstams G\u00e5rdsbutik &#038; Caf\u00e9<\/a> og har lokalt producerede varer til salg. <\/p>\n                                                <\/div>\n                                            <\/div>\n                                        <\/div>\n                                                                            <div class=\"contentFAQBlock contentFAQBlock__accordionItem\" itemscope itemprop=\"mainEntity\" itemtype=\"https:\/\/schema.org\/Question\">\n                                            <h4>\n                                                <button aria-expanded=\"false\" class=\"contentFAQBlock contentFAQBlock__accordionTrigger accordion-trigger\" aria-controls=\"accordion95870-cat1146-block_0cf95e61bcd33fa101296a7df2eda6dc\" id=\"accordion95870-cat1146-block_0cf95e61bcd33fa101296a7df2eda6dcid\">\n                                                    <span class=\"contentFAQBlock contentFAQBlock__accordionTitle accordion-title\" itemprop=\"name\">\n                                                        Hvad kan man opleve i \u00c6bledalen?                                                        <span class=\"contentFAQBlock contentFAQBlock__accordionIcon accordion-icon\"><\/span>\n                                                    <\/span>\n                                                <\/button>\n                                            <\/h4>\n                                            <div itemscope itemprop=\"acceptedAnswer\" itemtype=\"https:\/\/schema.org\/Answer\" id=\"accordion95870-cat1146-block_0cf95e61bcd33fa101296a7df2eda6dc\" role=\"region\" aria-labelledby=\"accordion95870-cat1146-block_0cf95e61bcd33fa101296a7df2eda6dcid\" class=\"contentFAQBlock contentFAQBlock__accordionPanel accordion-panel\" hidden>\n                                                <div itemprop=\"text\" class=\"contentFAQBlock contentFAQBlock__accordionContent accordion-content\">\n                                                    <p>I \u00c6bledalen findes blandt andet \u00e6bleplantager, g\u00e5rdbutikker, l\u00e6derfabrik, caf\u00e9er og flere forskellige vandre- og cykelruter. <a href=\"https:\/\/xn--ppledalen-u2a.se\/\">L\u00e6s mere her<\/a>!<\/p>\n                                                <\/div>\n                                            <\/div>\n                                        <\/div>\n                                                                            <div class=\"contentFAQBlock contentFAQBlock__accordionItem\" itemscope itemprop=\"mainEntity\" itemtype=\"https:\/\/schema.org\/Question\">\n                                            <h4>\n                                                <button aria-expanded=\"false\" class=\"contentFAQBlock contentFAQBlock__accordionTrigger accordion-trigger\" aria-controls=\"accordion95868-cat1146-block_0cf95e61bcd33fa101296a7df2eda6dc\" id=\"accordion95868-cat1146-block_0cf95e61bcd33fa101296a7df2eda6dcid\">\n                                                    <span class=\"contentFAQBlock contentFAQBlock__accordionTitle accordion-title\" itemprop=\"name\">\n                                                        Hvilke vandre- og cykelruter findes i omr\u00e5det?                                                        <span class=\"contentFAQBlock contentFAQBlock__accordionIcon accordion-icon\"><\/span>\n                                                    <\/span>\n                                                <\/button>\n                                            <\/h4>\n                                            <div itemscope itemprop=\"acceptedAnswer\" itemtype=\"https:\/\/schema.org\/Answer\" id=\"accordion95868-cat1146-block_0cf95e61bcd33fa101296a7df2eda6dc\" role=\"region\" aria-labelledby=\"accordion95868-cat1146-block_0cf95e61bcd33fa101296a7df2eda6dcid\" class=\"contentFAQBlock contentFAQBlock__accordionPanel accordion-panel\" hidden>\n                                                <div itemprop=\"text\" class=\"contentFAQBlock contentFAQBlock__accordionContent accordion-content\">\n                                                    <p>Der findes en masse gode vandrestier i \u00c6bledalen, s\u00e5som stierne omkring Landsj\u00f6n og \u00c4ppledalen-ruten. Omr\u00e5det er ogs\u00e5 velegnet til cykling og kajaksejlads p\u00e5 Landsj\u00f6n. Der findes cykel- og sejladsruter i \u00c6bledalen. Bes\u00f8gende kan cykle ad natursk\u00f8nne landeveje og f\u00f8lge stier som Landsj\u00f6n-ruten, og kajak- eller kanosejlads er muligt p\u00e5 Landsj\u00f6n. <a href=\"https:\/\/xn--ppledalen-u2a.se\/aktivera\/\">L\u00e6s mere her<\/a>!<\/p>\n                                                <\/div>\n                                            <\/div>\n                                        <\/div>\n                                                                            <div class=\"contentFAQBlock contentFAQBlock__accordionItem\" itemscope itemprop=\"mainEntity\" itemtype=\"https:\/\/schema.org\/Question\">\n                                            <h4>\n                                                <button aria-expanded=\"false\" class=\"contentFAQBlock contentFAQBlock__accordionTrigger accordion-trigger\" aria-controls=\"accordion95871-cat1146-block_0cf95e61bcd33fa101296a7df2eda6dc\" id=\"accordion95871-cat1146-block_0cf95e61bcd33fa101296a7df2eda6dcid\">\n                                                    <span class=\"contentFAQBlock contentFAQBlock__accordionTitle accordion-title\" itemprop=\"name\">\n                                                        Hvorfor kaldes \u00c6bledalen for Sm\u00e5lands Toscana?                                                        <span class=\"contentFAQBlock contentFAQBlock__accordionIcon accordion-icon\"><\/span>\n                                                    <\/span>\n                                                <\/button>\n                                            <\/h4>\n                                            <div itemscope itemprop=\"acceptedAnswer\" itemtype=\"https:\/\/schema.org\/Answer\" id=\"accordion95871-cat1146-block_0cf95e61bcd33fa101296a7df2eda6dc\" role=\"region\" aria-labelledby=\"accordion95871-cat1146-block_0cf95e61bcd33fa101296a7df2eda6dcid\" class=\"contentFAQBlock contentFAQBlock__accordionPanel accordion-panel\" hidden>\n                                                <div itemprop=\"text\" class=\"contentFAQBlock contentFAQBlock__accordionContent accordion-content\">\n                                                    <p>\u00c6bledalen kaldes ofte for Sm\u00e5lands Toscana, da landskabet her minder meget om det i Toscana, Italien. Her er nemlig ogs\u00e5 frodigt, og der bliver dyrket en masse forskelligt.<\/p>\n                                                <\/div>\n                                            <\/div>\n                                        <\/div>\n                                                                    <\/div>\n                                        <\/div>\n        <\/div>\n    <\/div>\n<\/section>\n\n\n\n<div class=\"contentImageTwoColumns contentImageTwoColumns__wrapper\" style=\"background-color: #f4f2eb\">\n    <div class=\"contentImageTwoColumns contentImageTwoColumns__container \">\n        <div class=\"contentImageTwoColumns contentImageTwoColumns__contentWrapper\">\n            <h2 class=\"contentImageTwoColumns contentImageTwoColumns__heading\" style=\"color: \">\n                L\u00e6s mere om \u00c6bledalen            <\/h2>\n            <div class=\"contentImageTwoColumns contentImageTwoColumns__text contentImageTwoColumns__text--short\" style=\"color: \">\n                                                                <\/div>\n            <div class=\"contentImageTwoColumns contentImageTwoColumns__text contentImageTwoColumns__text--full\" style=\"color: \">\n                                <button type=\"button\" class=\"contentImageTwoColumns contentImageTwoColumns__readMoreLess\">\n                    L\u00e6s mindre &#8211;                <\/button>\n            <\/div>\n                        <div class=\"wp-block-buttons is-layout-flex wp-block-buttons-is-layout-flex\">\n                <div class=\"wp-block-button arrow-white\">\n                    <a aria-label=\"Klik her\" class=\"wp-block-button__link wp-element-button\" href=\"https:\/\/xn--ppledalen-u2a.se\/\" style=\"background-color: #374632; color: #ffffff;border: solid 1px #374632\">\n                        Klik her                    <\/a>\n                <\/div>\n            <\/div>\n                                <\/div>\n        <div class=\"contentImageTwoColumns contentImageTwoColumns__imageWrapper\">\n            <img loading=\"lazy\" decoding=\"async\" width=\"1024\" height=\"740\" src=\"https:\/\/www.visitsmaland.se\/wp-content\/uploads\/2025\/11\/39A0209-1024x740.jpg\" class=\"attachment-grid-card-images size-grid-card-images\" alt=\"\" \/>        <\/div>\n    <\/div>\n<\/div>\n","protected":false},"featured_media":65826,"template":"","region":[193],"class_list":["post-78357","destination","type-destination","status-publish","has-post-thumbnail","hentry","region-nordlige-smaaland"],"acf":[],"yoast_head":"<!-- This site is optimized with the Yoast SEO plugin v27.5 - https:\/\/yoast.com\/product\/yoast-seo-wordpress\/ -->\n<title>\u00c6bledalen | Visit Sm\u00e5land<\/title>\n<meta name=\"description\" content=\"\u00c6bledalen, lige uden for J\u00f6nk\u00f6ping, er et natursk\u00f8nt omr\u00e5de, kendt for sine frugtplantager og pittoreske landskaber.\" \/>\n<meta name=\"robots\" content=\"index, follow, max-snippet:-1, max-image-preview:large, max-video-preview:-1\" \/>\n<link rel=\"canonical\" href=\"https:\/\/www.visitsmaland.se\/dk\/destinationer\/aebledalen\/\" \/>\n<meta property=\"og:locale\" content=\"da_DK\" \/>\n<meta property=\"og:type\" content=\"article\" \/>\n<meta property=\"og:title\" content=\"\u00c6bledalen | Visit Sm\u00e5land\" \/>\n<meta property=\"og:description\" content=\"\u00c6bledalen, lige uden for J\u00f6nk\u00f6ping, er et natursk\u00f8nt omr\u00e5de, kendt for sine frugtplantager og pittoreske landskaber.\" \/>\n<meta property=\"og:url\" content=\"https:\/\/www.visitsmaland.se\/dk\/destinationer\/aebledalen\/\" \/>\n<meta property=\"og:site_name\" content=\"Visit Sm\u00e5land\" \/>\n<meta property=\"article:publisher\" content=\"https:\/\/www.facebook.com\/visitsmaland\/\" \/>\n<meta property=\"article:modified_time\" content=\"2026-04-13T09:14:51+00:00\" \/>\n<meta property=\"og:image\" content=\"https:\/\/www.visitsmaland.se\/wp-content\/uploads\/2025\/03\/Appledalen-webb.jpg\" \/>\n\t<meta property=\"og:image:width\" content=\"2000\" \/>\n\t<meta property=\"og:image:height\" content=\"1334\" \/>\n\t<meta property=\"og:image:type\" content=\"image\/jpeg\" \/>\n<meta name=\"twitter:card\" content=\"summary_large_image\" \/>\n<meta name=\"twitter:label1\" content=\"Estimeret l\u00e6setid\" \/>\n\t<meta name=\"twitter:data1\" content=\"8 minutter\" \/>\n<script type=\"application\/ld+json\" class=\"yoast-schema-graph\">{\"@context\":\"https:\\\/\\\/schema.org\",\"@graph\":[{\"@type\":\"WebPage\",\"@id\":\"https:\\\/\\\/www.visitsmaland.se\\\/dk\\\/destinationer\\\/aebledalen\\\/\",\"url\":\"https:\\\/\\\/www.visitsmaland.se\\\/dk\\\/destinationer\\\/aebledalen\\\/\",\"name\":\"\u00c6bledalen | Visit Sm\u00e5land\",\"isPartOf\":{\"@id\":\"https:\\\/\\\/www.visitsmaland.se\\\/dk\\\/#website\"},\"primaryImageOfPage\":{\"@id\":\"https:\\\/\\\/www.visitsmaland.se\\\/dk\\\/destinationer\\\/aebledalen\\\/#primaryimage\"},\"image\":{\"@id\":\"https:\\\/\\\/www.visitsmaland.se\\\/dk\\\/destinationer\\\/aebledalen\\\/#primaryimage\"},\"thumbnailUrl\":\"https:\\\/\\\/www.visitsmaland.se\\\/wp-content\\\/uploads\\\/2025\\\/03\\\/Appledalen-webb.jpg\",\"datePublished\":\"2025-11-13T12:42:06+00:00\",\"dateModified\":\"2026-04-13T09:14:51+00:00\",\"description\":\"\u00c6bledalen, lige uden for J\u00f6nk\u00f6ping, er et natursk\u00f8nt omr\u00e5de, kendt for sine frugtplantager og pittoreske landskaber.\",\"breadcrumb\":{\"@id\":\"https:\\\/\\\/www.visitsmaland.se\\\/dk\\\/destinationer\\\/aebledalen\\\/#breadcrumb\"},\"inLanguage\":\"da-DK\",\"potentialAction\":[{\"@type\":\"ReadAction\",\"target\":[\"https:\\\/\\\/www.visitsmaland.se\\\/dk\\\/destinationer\\\/aebledalen\\\/\"]}]},{\"@type\":\"ImageObject\",\"inLanguage\":\"da-DK\",\"@id\":\"https:\\\/\\\/www.visitsmaland.se\\\/dk\\\/destinationer\\\/aebledalen\\\/#primaryimage\",\"url\":\"https:\\\/\\\/www.visitsmaland.se\\\/wp-content\\\/uploads\\\/2025\\\/03\\\/Appledalen-webb.jpg\",\"contentUrl\":\"https:\\\/\\\/www.visitsmaland.se\\\/wp-content\\\/uploads\\\/2025\\\/03\\\/Appledalen-webb.jpg\",\"width\":2000,\"height\":1334,\"caption\":\"Foto:\"},{\"@type\":\"BreadcrumbList\",\"@id\":\"https:\\\/\\\/www.visitsmaland.se\\\/dk\\\/destinationer\\\/aebledalen\\\/#breadcrumb\",\"itemListElement\":[{\"@type\":\"ListItem\",\"position\":1,\"name\":\"Forside\",\"item\":\"https:\\\/\\\/www.visitsmaland.se\\\/dk\\\/\"},{\"@type\":\"ListItem\",\"position\":2,\"name\":\"\u00c6bledalen\"}]},{\"@type\":\"WebSite\",\"@id\":\"https:\\\/\\\/www.visitsmaland.se\\\/dk\\\/#website\",\"url\":\"https:\\\/\\\/www.visitsmaland.se\\\/dk\\\/\",\"name\":\"Visit Sm\u00e5land\",\"description\":\"V\u00e4lkommen till Sm\u00e5land\",\"potentialAction\":[{\"@type\":\"SearchAction\",\"target\":{\"@type\":\"EntryPoint\",\"urlTemplate\":\"https:\\\/\\\/www.visitsmaland.se\\\/dk\\\/?s={search_term_string}\"},\"query-input\":{\"@type\":\"PropertyValueSpecification\",\"valueRequired\":true,\"valueName\":\"search_term_string\"}}],\"inLanguage\":\"da-DK\"}]}<\/script>\n<!-- \/ Yoast SEO plugin. -->","yoast_head_json":{"title":"\u00c6bledalen | Visit Sm\u00e5land","description":"\u00c6bledalen, lige uden for J\u00f6nk\u00f6ping, er et natursk\u00f8nt omr\u00e5de, kendt for sine frugtplantager og pittoreske landskaber.","robots":{"index":"index","follow":"follow","max-snippet":"max-snippet:-1","max-image-preview":"max-image-preview:large","max-video-preview":"max-video-preview:-1"},"canonical":"https:\/\/www.visitsmaland.se\/dk\/destinationer\/aebledalen\/","og_locale":"da_DK","og_type":"article","og_title":"\u00c6bledalen | Visit Sm\u00e5land","og_description":"\u00c6bledalen, lige uden for J\u00f6nk\u00f6ping, er et natursk\u00f8nt omr\u00e5de, kendt for sine frugtplantager og pittoreske landskaber.","og_url":"https:\/\/www.visitsmaland.se\/dk\/destinationer\/aebledalen\/","og_site_name":"Visit Sm\u00e5land","article_publisher":"https:\/\/www.facebook.com\/visitsmaland\/","article_modified_time":"2026-04-13T09:14:51+00:00","og_image":[{"width":2000,"height":1334,"url":"https:\/\/www.visitsmaland.se\/wp-content\/uploads\/2025\/03\/Appledalen-webb.jpg","type":"image\/jpeg"}],"twitter_card":"summary_large_image","twitter_misc":{"Estimeret l\u00e6setid":"8 minutter"},"schema":{"@context":"https:\/\/schema.org","@graph":[{"@type":"WebPage","@id":"https:\/\/www.visitsmaland.se\/dk\/destinationer\/aebledalen\/","url":"https:\/\/www.visitsmaland.se\/dk\/destinationer\/aebledalen\/","name":"\u00c6bledalen | Visit Sm\u00e5land","isPartOf":{"@id":"https:\/\/www.visitsmaland.se\/dk\/#website"},"primaryImageOfPage":{"@id":"https:\/\/www.visitsmaland.se\/dk\/destinationer\/aebledalen\/#primaryimage"},"image":{"@id":"https:\/\/www.visitsmaland.se\/dk\/destinationer\/aebledalen\/#primaryimage"},"thumbnailUrl":"https:\/\/www.visitsmaland.se\/wp-content\/uploads\/2025\/03\/Appledalen-webb.jpg","datePublished":"2025-11-13T12:42:06+00:00","dateModified":"2026-04-13T09:14:51+00:00","description":"\u00c6bledalen, lige uden for J\u00f6nk\u00f6ping, er et natursk\u00f8nt omr\u00e5de, kendt for sine frugtplantager og pittoreske landskaber.","breadcrumb":{"@id":"https:\/\/www.visitsmaland.se\/dk\/destinationer\/aebledalen\/#breadcrumb"},"inLanguage":"da-DK","potentialAction":[{"@type":"ReadAction","target":["https:\/\/www.visitsmaland.se\/dk\/destinationer\/aebledalen\/"]}]},{"@type":"ImageObject","inLanguage":"da-DK","@id":"https:\/\/www.visitsmaland.se\/dk\/destinationer\/aebledalen\/#primaryimage","url":"https:\/\/www.visitsmaland.se\/wp-content\/uploads\/2025\/03\/Appledalen-webb.jpg","contentUrl":"https:\/\/www.visitsmaland.se\/wp-content\/uploads\/2025\/03\/Appledalen-webb.jpg","width":2000,"height":1334,"caption":"Foto:"},{"@type":"BreadcrumbList","@id":"https:\/\/www.visitsmaland.se\/dk\/destinationer\/aebledalen\/#breadcrumb","itemListElement":[{"@type":"ListItem","position":1,"name":"Forside","item":"https:\/\/www.visitsmaland.se\/dk\/"},{"@type":"ListItem","position":2,"name":"\u00c6bledalen"}]},{"@type":"WebSite","@id":"https:\/\/www.visitsmaland.se\/dk\/#website","url":"https:\/\/www.visitsmaland.se\/dk\/","name":"Visit Sm\u00e5land","description":"V\u00e4lkommen till Sm\u00e5land","potentialAction":[{"@type":"SearchAction","target":{"@type":"EntryPoint","urlTemplate":"https:\/\/www.visitsmaland.se\/dk\/?s={search_term_string}"},"query-input":{"@type":"PropertyValueSpecification","valueRequired":true,"valueName":"search_term_string"}}],"inLanguage":"da-DK"}]}},"_links":{"self":[{"href":"https:\/\/www.visitsmaland.se\/dk\/wp-json\/wp\/v2\/destination\/78357","targetHints":{"allow":["GET"]}}],"collection":[{"href":"https:\/\/www.visitsmaland.se\/dk\/wp-json\/wp\/v2\/destination"}],"about":[{"href":"https:\/\/www.visitsmaland.se\/dk\/wp-json\/wp\/v2\/types\/destination"}],"wp:featuredmedia":[{"embeddable":true,"href":"https:\/\/www.visitsmaland.se\/dk\/wp-json\/wp\/v2\/media\/65826"}],"wp:attachment":[{"href":"https:\/\/www.visitsmaland.se\/dk\/wp-json\/wp\/v2\/media?parent=78357"}],"wp:term":[{"taxonomy":"region","embeddable":true,"href":"https:\/\/www.visitsmaland.se\/dk\/wp-json\/wp\/v2\/region?post=78357"}],"curies":[{"name":"wp","href":"https:\/\/api.w.org\/{rel}","templated":true}]}}