{"id":54064,"date":"2024-04-22T13:39:24","date_gmt":"2024-04-22T11:39:24","guid":{"rendered":"https:\/\/www.visitsmaland.se\/upptack\/design-inspiration\/"},"modified":"2026-03-04T10:23:48","modified_gmt":"2026-03-04T09:23:48","slug":"design-inspiration","status":"publish","type":"guide","link":"https:\/\/www.visitsmaland.se\/dk\/opdag\/design-inspiration\/","title":{"rendered":"Design i Sm\u00e5land"},"content":{"rendered":"<div class=\"postHerosection postHerosection__wrapper\">\n    <div class=\"postHerosection postHerosection__container\">\n        <h1 class=\"postHerosection postHerosection__heroHeading\">\n            Design i Sm\u00e5land        <\/h1>\n            <\/div>\n    <div class=\"postHerosection postHerosection__imageContainer\">\n        <img loading=\"lazy\" decoding=\"async\" width=\"2560\" height=\"1708\" src=\"https:\/\/www.visitsmaland.se\/wp-content\/uploads\/2024\/04\/DAYFOTOGRAFI-BRUNOMATTSON-0049-scaled.jpg\" class=\"attachment-full size-full\" alt=\"Frauen betrachten Design und M\u00f6bel.\" srcset=\"https:\/\/www.visitsmaland.se\/wp-content\/uploads\/2024\/04\/DAYFOTOGRAFI-BRUNOMATTSON-0049-scaled.jpg 2560w, https:\/\/www.visitsmaland.se\/wp-content\/uploads\/2024\/04\/DAYFOTOGRAFI-BRUNOMATTSON-0049-300x200.jpg 300w, https:\/\/www.visitsmaland.se\/wp-content\/uploads\/2024\/04\/DAYFOTOGRAFI-BRUNOMATTSON-0049-1024x683.jpg 1024w, https:\/\/www.visitsmaland.se\/wp-content\/uploads\/2024\/04\/DAYFOTOGRAFI-BRUNOMATTSON-0049-768x512.jpg 768w, https:\/\/www.visitsmaland.se\/wp-content\/uploads\/2024\/04\/DAYFOTOGRAFI-BRUNOMATTSON-0049-1536x1025.jpg 1536w, https:\/\/www.visitsmaland.se\/wp-content\/uploads\/2024\/04\/DAYFOTOGRAFI-BRUNOMATTSON-0049-2048x1366.jpg 2048w\" sizes=\"(max-width: 2560px) 100vw, 2560px\" \/>    <\/div>\n<\/div>\n<div class=\"postHerosection postHerosection__breadcrumbs\">\n   <div class=\"postHerosection postHerosection__breadcrumbs-container\">\n        <p id=\"breadcrumbs\"><span><span><a href=\"https:\/\/www.visitsmaland.se\/dk\/\">Forside<\/a><\/span><\/span><\/p>    <\/div>\n<\/div>\n\n<div class=\"contentCta contentCta__wrapper\">\n    <div class=\"contentCta contentCta__container\">\n                    \t\t\t<div class=\"contentCta contentCta__text\" style=\"color: \">\n\t\t\t\t<p>Glas, tr\u00e6, l\u00e6der og st\u00f8bejern er blot nogle klassiske materialer, som bruges til at producere sm\u00e5landsk kunst!<br \/>\nHer er atelierer, museer og haver, og som g\u00f8r oplevelsen af farve og form komplet.<\/p>\n\t\t\t<\/div>\n                <hr>\n            <\/div>\n<\/div>\n\n\n<div class=\"contentImageTwoColumns contentImageTwoColumns__wrapper\" style=\"background-color: #f4f2eb\">\n    <div class=\"contentImageTwoColumns contentImageTwoColumns__container \">\n        <div class=\"contentImageTwoColumns contentImageTwoColumns__contentWrapper\">\n            <h2 class=\"contentImageTwoColumns contentImageTwoColumns__heading\" style=\"color: \">\n                Glasriget            <\/h2>\n            <div class=\"contentImageTwoColumns contentImageTwoColumns__text contentImageTwoColumns__text--short\" style=\"color: \">\n                                    <p>Glasriget er det magiske, smukke og s\u00e6rpr\u00e6gede omr\u00e5de i skovene mellem V\u00e4xj\u00f6 og Kalmar. Her kommer over en million mennesker hvert \u00e5r for at opleve den fascinerende fremstillingsproces ved varmeovn&#8230;                    <button type=\"button\" class=\"contentImageTwoColumns contentImageTwoColumns__readMoreLess\">\n                        L\u00e6s mere +                    <\/button>\n                            <\/div>\n            <div class=\"contentImageTwoColumns contentImageTwoColumns__text contentImageTwoColumns__text--full\" style=\"color: \">\n                <p>Glasriget er det magiske, smukke og s\u00e6rpr\u00e6gede omr\u00e5de i skovene mellem V\u00e4xj\u00f6 og Kalmar. Her kommer over en million mennesker hvert \u00e5r for at opleve den fascinerende fremstillingsproces ved varmeovne, og ikke mindst for at k\u00f8be glas. Her har man fremstillet glas siden 1742, og p\u00e5 et tidspunkt var 45 glasv\u00e6rker i gang samtidig. I dag er der stadig mange v\u00e6rker og studiohytter, smukt indrammet af den sm\u00e5landske natur.<\/p>\n                <button type=\"button\" class=\"contentImageTwoColumns contentImageTwoColumns__readMoreLess\">\n                    L\u00e6s mindre &#8211;                <\/button>\n            <\/div>\n                        <div class=\"wp-block-buttons is-layout-flex wp-block-buttons-is-layout-flex\">\n                <div class=\"wp-block-button arrow-white\">\n                    <a aria-label=\"glasriket.se\" class=\"wp-block-button__link wp-element-button\" href=\"https:\/\/glasriket.se\/\" style=\"background-color: #374632; color: #ffffff;border: solid 1px #374632\">\n                        glasriket.se                    <\/a>\n                <\/div>\n            <\/div>\n                                <\/div>\n        <div class=\"contentImageTwoColumns contentImageTwoColumns__imageWrapper\">\n            <img loading=\"lazy\" decoding=\"async\" width=\"1024\" height=\"740\" src=\"https:\/\/www.visitsmaland.se\/wp-content\/uploads\/2024\/04\/glasblasning-glasriket-1024x740.jpg\" class=\"attachment-grid-card-images size-grid-card-images\" alt=\"Ein Glasbl\u00e4ser bei der Arbeit.\" \/>        <\/div>\n    <\/div>\n<\/div>\n\n\n<div class=\"contentImageTwoColumns contentImageTwoColumns__wrapper\" style=\"background-color: #374632\">\n    <div class=\"contentImageTwoColumns contentImageTwoColumns__container layout-reversed\">\n        <div class=\"contentImageTwoColumns contentImageTwoColumns__contentWrapper\">\n            <h2 class=\"contentImageTwoColumns contentImageTwoColumns__heading\" style=\"color: #ffffff\">\n                M\u00f8belriget            <\/h2>\n            <div class=\"contentImageTwoColumns contentImageTwoColumns__text contentImageTwoColumns__text--short\" style=\"color: #ffffff\">\n                                    <p>Bruno Mathsson, Norrgavel, Svenssons i Lammhult og meget mere. I M\u00f8belriget kan du opleve unikt design og m\u00f8belhistorie med r\u00f8dder i de sm\u00e5landske skove. Unge designere og innovative producenter som blandt andet K\u00e4llemo og Bruno Mathsson startede her. <\/p>\n                            <\/div>\n            <div class=\"contentImageTwoColumns contentImageTwoColumns__text contentImageTwoColumns__text--full\" style=\"color: #ffffff\">\n                <p>Bruno Mathsson, Norrgavel, Svenssons i Lammhult og meget mere. I M\u00f8belriget kan du opleve unikt design og m\u00f8belhistorie med r\u00f8dder i de sm\u00e5landske skove. Unge designere og innovative producenter som blandt andet K\u00e4llemo og Bruno Mathsson startede her. <\/p>\n                <button type=\"button\" class=\"contentImageTwoColumns contentImageTwoColumns__readMoreLess\">\n                    L\u00e6s mindre &#8211;                <\/button>\n            <\/div>\n                        <div class=\"wp-block-buttons is-layout-flex wp-block-buttons-is-layout-flex\">\n                <div class=\"wp-block-button \">\n                    <a aria-label=\"L\u00e6s mere\" class=\"wp-block-button__link wp-element-button\" href=\"https:\/\/www.visitsmaland.se\/en\/discover\/furniture-district\/\" style=\"background-color: #f4f2eb; color: #000000;border: solid 1px #f4f2eb\">\n                        L\u00e6s mere                    <\/a>\n                <\/div>\n            <\/div>\n                                <\/div>\n        <div class=\"contentImageTwoColumns contentImageTwoColumns__imageWrapper\">\n            <img loading=\"lazy\" decoding=\"async\" width=\"1024\" height=\"740\" src=\"https:\/\/www.visitsmaland.se\/wp-content\/uploads\/2024\/04\/matplats-fornyat-traditionell-v16-liggande-1024x740.jpg\" class=\"attachment-grid-card-images size-grid-card-images\" alt=\"Ansprechend eingerichtetes Esszimmer in skandinavischem Design.\" \/>        <\/div>\n    <\/div>\n<\/div>\n\n\n\n<h2 class=\"wp-block-heading has-text-align-center\">Bo p\u00e5 designhotel i Sm\u00e5land<\/h2>\n\n\n<div class=\"posttypeCards posttypeCards__wrapper\" style=\"background-color: \">\n    <div class=\"posttypeCards posttypeCards__container\">\n            <div class=\"posttypeCards posttypeCards__cardWrapper\" style=\"background-color: \">\n            <a aria-label=\"Kosta Boda Art Hotel\" href=\"https:\/\/www.visitsmaland.se\/dk\/opdag\/kosta-boda-art-hotel\/\"class=\"posttypeCards posttypeCards__imageWrapper\">\n                <img loading=\"lazy\" decoding=\"async\" width=\"1024\" height=\"740\" src=\"https:\/\/www.visitsmaland.se\/wp-content\/uploads\/2025\/09\/HALL0510-1-1024x740.jpg\" class=\"attachment-grid-card-images size-grid-card-images wp-post-image\" alt=\"\" \/>            <\/a>\n            <div class=\"posttypeCards posttypeCards__contentWrapper\">\n                <h3 class=\"posttypeCards posttypeCards__heading\" style=\"color: #FFFFFF\">\n                    Kosta Boda Art Hotel                <\/h3>\n                <div class=\"wp-block-buttons is-layout-flex wp-block-buttons-is-layout-flex\">\n                    <div class=\"wp-block-button \">\n                        <a aria-label=\"Kosta Boda Art Hotel\"class=\"wp-block-button__link wp-element-button\" href=\"https:\/\/www.visitsmaland.se\/dk\/opdag\/kosta-boda-art-hotel\/\" style=\"background-color: #fbbd51; border: solid 1px #fbbd51\">\n                            Opdag                        <\/a>\n                    <\/div>\n                <\/div>\n            <\/div>\n        <\/div>\n                <div class=\"posttypeCards posttypeCards__cardWrapper\" style=\"background-color: \">\n            <a aria-label=\"PM &amp; V\u00e4nner\" href=\"https:\/\/www.visitsmaland.se\/dk\/opdag\/pm-vanner\/\"class=\"posttypeCards posttypeCards__imageWrapper\">\n                <img loading=\"lazy\" decoding=\"async\" width=\"1024\" height=\"740\" src=\"https:\/\/www.visitsmaland.se\/wp-content\/uploads\/2024\/04\/ALEX3051-1-1024x740.jpg\" class=\"attachment-grid-card-images size-grid-card-images wp-post-image\" alt=\"\" \/>            <\/a>\n            <div class=\"posttypeCards posttypeCards__contentWrapper\">\n                <h3 class=\"posttypeCards posttypeCards__heading\" style=\"color: #FFFFFF\">\n                    PM &amp; V\u00e4nner                <\/h3>\n                <div class=\"wp-block-buttons is-layout-flex wp-block-buttons-is-layout-flex\">\n                    <div class=\"wp-block-button \">\n                        <a aria-label=\"PM &amp; V\u00e4nner\"class=\"wp-block-button__link wp-element-button\" href=\"https:\/\/www.visitsmaland.se\/dk\/opdag\/pm-vanner\/\" style=\"background-color: #fbbd51; border: solid 1px #fbbd51\">\n                            Opdag                        <\/a>\n                    <\/div>\n                <\/div>\n            <\/div>\n        <\/div>\n                <div class=\"posttypeCards posttypeCards__cardWrapper\" style=\"background-color: \">\n            <a aria-label=\"IKEA Hotel\" href=\"https:\/\/www.visitsmaland.se\/dk\/opdag\/ikea-hotel\/\"class=\"posttypeCards posttypeCards__imageWrapper\">\n                <img loading=\"lazy\" decoding=\"async\" width=\"1024\" height=\"615\" src=\"https:\/\/www.visitsmaland.se\/wp-content\/uploads\/2020\/06\/IKEA-Hotell-entrance-v2-2000px.jpg\" class=\"attachment-grid-card-images size-grid-card-images wp-post-image\" alt=\"\" srcset=\"https:\/\/www.visitsmaland.se\/wp-content\/uploads\/2020\/06\/IKEA-Hotell-entrance-v2-2000px.jpg 2000w, https:\/\/www.visitsmaland.se\/wp-content\/uploads\/2020\/06\/IKEA-Hotell-entrance-v2-2000px-300x180.jpg 300w, https:\/\/www.visitsmaland.se\/wp-content\/uploads\/2020\/06\/IKEA-Hotell-entrance-v2-2000px-1024x615.jpg 1024w, https:\/\/www.visitsmaland.se\/wp-content\/uploads\/2020\/06\/IKEA-Hotell-entrance-v2-2000px-768x461.jpg 768w, https:\/\/www.visitsmaland.se\/wp-content\/uploads\/2020\/06\/IKEA-Hotell-entrance-v2-2000px-1536x922.jpg 1536w, https:\/\/www.visitsmaland.se\/wp-content\/uploads\/2020\/06\/IKEA-Hotell-entrance-v2-2000px-660x396.jpg 660w, https:\/\/www.visitsmaland.se\/wp-content\/uploads\/2020\/06\/IKEA-Hotell-entrance-v2-2000px-250x150.jpg 250w, https:\/\/www.visitsmaland.se\/wp-content\/uploads\/2020\/06\/IKEA-Hotell-entrance-v2-2000px-200x120.jpg 200w\" sizes=\"(max-width: 1024px) 100vw, 1024px\" \/>            <\/a>\n            <div class=\"posttypeCards posttypeCards__contentWrapper\">\n                <h3 class=\"posttypeCards posttypeCards__heading\" style=\"color: #FFFFFF\">\n                    IKEA Hotel                <\/h3>\n                <div class=\"wp-block-buttons is-layout-flex wp-block-buttons-is-layout-flex\">\n                    <div class=\"wp-block-button \">\n                        <a aria-label=\"IKEA Hotel\"class=\"wp-block-button__link wp-element-button\" href=\"https:\/\/www.visitsmaland.se\/dk\/opdag\/ikea-hotel\/\" style=\"background-color: #fbbd51; border: solid 1px #fbbd51\">\n                            Opdag                        <\/a>\n                    <\/div>\n                <\/div>\n            <\/div>\n        <\/div>\n                <div class=\"posttypeCards posttypeCards__cardWrapper\" style=\"background-color: \">\n            <a aria-label=\"Bj\u00f6rn Ulvaeus Slottsholmen\" href=\"https:\/\/www.visitsmaland.se\/dk\/opdag\/bjorn-ulvaeus-slottsholmen\/\"class=\"posttypeCards posttypeCards__imageWrapper\">\n                <img loading=\"lazy\" decoding=\"async\" width=\"1024\" height=\"740\" src=\"https:\/\/www.visitsmaland.se\/wp-content\/uploads\/2024\/04\/DJI_0092David-Vall-2-1-1024x740.jpg\" class=\"attachment-grid-card-images size-grid-card-images wp-post-image\" alt=\"\" \/>            <\/a>\n            <div class=\"posttypeCards posttypeCards__contentWrapper\">\n                <h3 class=\"posttypeCards posttypeCards__heading\" style=\"color: #FFFFFF\">\n                    Bj\u00f6rn Ulvaeus Slottsholmen                <\/h3>\n                <div class=\"wp-block-buttons is-layout-flex wp-block-buttons-is-layout-flex\">\n                    <div class=\"wp-block-button \">\n                        <a aria-label=\"Bj\u00f6rn Ulvaeus Slottsholmen\"class=\"wp-block-button__link wp-element-button\" href=\"https:\/\/www.visitsmaland.se\/dk\/opdag\/bjorn-ulvaeus-slottsholmen\/\" style=\"background-color: #fbbd51; border: solid 1px #fbbd51\">\n                            Opdag                        <\/a>\n                    <\/div>\n                <\/div>\n            <\/div>\n        <\/div>\n            <\/div>\n<\/div>\n\n<div class=\"contentImageTwoColumns contentImageTwoColumns__wrapper\" style=\"background-color: #374632\">\n    <div class=\"contentImageTwoColumns contentImageTwoColumns__container \">\n        <div class=\"contentImageTwoColumns contentImageTwoColumns__contentWrapper\">\n            <h2 class=\"contentImageTwoColumns contentImageTwoColumns__heading\" style=\"color: #ffffff\">\n                IKEA Museum            <\/h2>\n            <div class=\"contentImageTwoColumns contentImageTwoColumns__text contentImageTwoColumns__text--short\" style=\"color: #ffffff\">\n                                    <p>Ejer du nogle ting fra IKEA? P\u00e5 IKEA Museum i \u00c4lmhult kan du m\u00e6rke nostalgien og se de forskellige popul\u00e6re designs gennem \u00e5rene. Museet fort\u00e6ller b\u00e5de Sveriges historie og selvf\u00f8lgelig IKEA&#8217;&#8230;                    <button type=\"button\" class=\"contentImageTwoColumns contentImageTwoColumns__readMoreLess\">\n                        L\u00e6s mere +                    <\/button>\n                            <\/div>\n            <div class=\"contentImageTwoColumns contentImageTwoColumns__text contentImageTwoColumns__text--full\" style=\"color: #ffffff\">\n                <p>Ejer du nogle ting fra IKEA? P\u00e5 IKEA Museum i \u00c4lmhult kan du m\u00e6rke nostalgien og se de forskellige popul\u00e6re designs gennem \u00e5rene. Museet fort\u00e6ller b\u00e5de Sveriges historie og selvf\u00f8lgelig IKEA&#8217;s historie. Derudover har man valgt at fort\u00e6lle historierne om, hvordan IKEAs m\u00f8bler faktisk er blevet og bliver brugt i hjem over hele verden.<\/p>\n                <button type=\"button\" class=\"contentImageTwoColumns contentImageTwoColumns__readMoreLess\">\n                    L\u00e6s mindre &#8211;                <\/button>\n            <\/div>\n                        <div class=\"wp-block-buttons is-layout-flex wp-block-buttons-is-layout-flex\">\n                <div class=\"wp-block-button \">\n                    <a aria-label=\"ikeamuseum.com\/en\" class=\"wp-block-button__link wp-element-button\" href=\"https:\/\/ikeamuseum.com\/en\/\" style=\"background-color: #f4f2eb; color: #000000;border: solid 1px #f4f2eb\">\n                        ikeamuseum.com\/en                    <\/a>\n                <\/div>\n            <\/div>\n                                <\/div>\n        <div class=\"contentImageTwoColumns contentImageTwoColumns__imageWrapper\">\n            <img loading=\"lazy\" decoding=\"async\" width=\"1024\" height=\"740\" src=\"https:\/\/www.visitsmaland.se\/wp-content\/uploads\/2024\/04\/ikeamuseum_0035-1024x740.jpg\" class=\"attachment-grid-card-images size-grid-card-images\" alt=\"Das IKEA-Museum in \u00c4lmhult.\" srcset=\"https:\/\/www.visitsmaland.se\/wp-content\/uploads\/2024\/04\/ikeamuseum_0035-1024x740.jpg 1024w, https:\/\/www.visitsmaland.se\/wp-content\/uploads\/2024\/04\/ikeamuseum_0035-300x217.jpg 300w\" sizes=\"(max-width: 1024px) 100vw, 1024px\" \/>        <\/div>\n    <\/div>\n<\/div>\n\n\n<div class=\"contentImageTwoColumns contentImageTwoColumns__wrapper\" style=\"background-color: #f4f2eb\">\n    <div class=\"contentImageTwoColumns contentImageTwoColumns__container layout-reversed\">\n        <div class=\"contentImageTwoColumns contentImageTwoColumns__contentWrapper\">\n            <h2 class=\"contentImageTwoColumns contentImageTwoColumns__heading\" style=\"color: \">\n                Vandalorum            <\/h2>\n            <div class=\"contentImageTwoColumns contentImageTwoColumns__text contentImageTwoColumns__text--short\" style=\"color: \">\n                                    <p>Mellem markerne i udkanten af sm\u00e5landske V\u00e4rnamo ligger Vandalorum, et museum hvor tidens mest toneangivende kunst og design vises. Lige i n\u00e6rheden m\u00f8des E4 og riksvej 27, som sammen binder Sverige&#8230;                    <button type=\"button\" class=\"contentImageTwoColumns contentImageTwoColumns__readMoreLess\">\n                        L\u00e6s mere +                    <\/button>\n                            <\/div>\n            <div class=\"contentImageTwoColumns contentImageTwoColumns__text contentImageTwoColumns__text--full\" style=\"color: \">\n                <p>Mellem markerne i udkanten af sm\u00e5landske V\u00e4rnamo ligger Vandalorum, et museum hvor tidens mest toneangivende kunst og design vises. Lige i n\u00e6rheden m\u00f8des E4 og riksvej 27, som sammen binder Sverige sammen. Stop her for at opleve aktuelle udstillinger, nyd den veltillavede mad i restauranten og opdag god design i designshoppen.<\/p>\n                <button type=\"button\" class=\"contentImageTwoColumns contentImageTwoColumns__readMoreLess\">\n                    L\u00e6s mindre &#8211;                <\/button>\n            <\/div>\n                        <div class=\"wp-block-buttons is-layout-flex wp-block-buttons-is-layout-flex\">\n                <div class=\"wp-block-button arrow-white\">\n                    <a aria-label=\"vandalorum.se\/en\" class=\"wp-block-button__link wp-element-button\" href=\"https:\/\/www.vandalorum.se\/en\" style=\"background-color: #374632; color: #ffffff;border: solid 1px #374632\">\n                        vandalorum.se\/en                    <\/a>\n                <\/div>\n            <\/div>\n                                <\/div>\n        <div class=\"contentImageTwoColumns contentImageTwoColumns__imageWrapper\">\n            <img loading=\"lazy\" decoding=\"async\" width=\"1024\" height=\"740\" src=\"https:\/\/www.visitsmaland.se\/wp-content\/uploads\/2020\/06\/DAYFOTOGRAFI-VANDALORUM-1-webb-1024x740.jpg\" class=\"attachment-grid-card-images size-grid-card-images\" alt=\"M\u00e4nniskor som studerar konstverk\" \/>        <\/div>\n    <\/div>\n<\/div>\n\n\n  \n<div class=\"featuredTwoColumns featuredTwoColumns__wrapper\">\n    <div class=\"featuredTwoColumns featuredTwoColumns__container\">  \n            <div class=\"featuredTwoColumns featuredTwoColumns__feturedWrapper\">\n            <a aria-label=\"Kultur og historie\" href=\"https:\/\/www.visitsmaland.se\/dk\/opdag\/kultur-og-historie\/\"class=\"featuredTwoColumns featuredTwoColumns__imageWrapper\">\n                <img loading=\"lazy\" decoding=\"async\" width=\"1024\" height=\"740\" src=\"https:\/\/www.visitsmaland.se\/wp-content\/uploads\/2024\/04\/asensby_fotografemmaivarsson-3-1024x740.jpg\" class=\"attachment-grid-card-images size-grid-card-images wp-post-image\" alt=\"\" \/>            <\/a>\n            <div class=\"featuredTwoColumns featuredTwoColumns__contentWrapper\">\n                <h2 class=\"featuredTwoColumns featuredTwoColumns__heading\">\n                    Kultur og historie                <\/h2>\n                <p class=\"featuredTwoColumns featuredTwoColumns__description\">\n                    I Sm\u00e5land og p\u00e5 \u00d6land er der meget kultur og histor\u2026                <\/p>\n                 \n                 \n                <div class=\"wp-block-buttons is-layout-flex wp-block-buttons-is-layout-flex\">\n                    <div class=\"wp-block-button \">\n                        <a aria-label=\"Kultur og historie\"class=\"wp-block-button__link wp-element-button\" href=\"https:\/\/www.visitsmaland.se\/dk\/opdag\/kultur-og-historie\/\">\n                            Opdag                       \n                         <\/a>\n                    <\/div>\n                <\/div>\n            <\/div>\n        <\/div>\n                <div class=\"featuredTwoColumns featuredTwoColumns__feturedWrapper\">\n            <a aria-label=\"Spa i Sm\u00e5land\" href=\"https:\/\/www.visitsmaland.se\/dk\/opdag\/spa-i-smaaland\/\"class=\"featuredTwoColumns featuredTwoColumns__imageWrapper\">\n                <img loading=\"lazy\" decoding=\"async\" width=\"1024\" height=\"740\" src=\"https:\/\/www.visitsmaland.se\/wp-content\/uploads\/2024\/04\/spa_hook-1024x740.jpg\" class=\"attachment-grid-card-images size-grid-card-images wp-post-image\" alt=\"\" \/>            <\/a>\n            <div class=\"featuredTwoColumns featuredTwoColumns__contentWrapper\">\n                <h2 class=\"featuredTwoColumns featuredTwoColumns__heading\">\n                    Spa i Sm\u00e5land                <\/h2>\n                <p class=\"featuredTwoColumns featuredTwoColumns__description\">\n                    Hvis du elsker spaophold, varme bade, sauna og m\u00e5sk\u2026                <\/p>\n                 \n                 \n                <div class=\"wp-block-buttons is-layout-flex wp-block-buttons-is-layout-flex\">\n                    <div class=\"wp-block-button \">\n                        <a aria-label=\"Spa i Sm\u00e5land\"class=\"wp-block-button__link wp-element-button\" href=\"https:\/\/www.visitsmaland.se\/dk\/opdag\/spa-i-smaaland\/\">\n                            Opdag                       \n                         <\/a>\n                    <\/div>\n                <\/div>\n            <\/div>\n        <\/div>\n            <\/div>\n<\/div>\n","protected":false},"excerpt":{"rendered":"<p>Design i Sm\u00e5land. Glas, tr\u00e6, l\u00e6der og st\u00f8bejern \u2013 det er sm\u00e5l\u00e4ndske produkter af rang. Tils\u00e6t atelierer, museer og haver, og s\u00e5 bliver oplevelsen af farve og form komplet.<\/p>\n","protected":false},"featured_media":43350,"parent":0,"menu_order":512,"template":"","tags":[],"land":[],"class_list":["post-54064","guide","type-guide","status-publish","has-post-thumbnail","hentry"],"acf":{"priority":""},"yoast_head":"<!-- This site is optimized with the Yoast SEO plugin v27.2 - https:\/\/yoast.com\/product\/yoast-seo-wordpress\/ -->\n<title>Design i Sm\u00e5land | Visit Sm\u00e5land<\/title>\n<meta name=\"description\" content=\"Design i Sm\u00e5land. Glas, tr\u00e6, l\u00e6der og st\u00f8bejern \u2013 det er sm\u00e5l\u00e4ndske produkter af rang. Atelierer, museer og haver.\" \/>\n<meta name=\"robots\" content=\"index, follow, max-snippet:-1, max-image-preview:large, max-video-preview:-1\" \/>\n<link rel=\"canonical\" href=\"https:\/\/www.visitsmaland.se\/dk\/opdag\/design-inspiration\/\" \/>\n<meta property=\"og:locale\" content=\"da_DK\" \/>\n<meta property=\"og:type\" content=\"article\" \/>\n<meta property=\"og:title\" content=\"Design i Sm\u00e5land | Visit Sm\u00e5land\" \/>\n<meta property=\"og:description\" content=\"Design i Sm\u00e5land. Glas, tr\u00e6, l\u00e6der og st\u00f8bejern \u2013 det er sm\u00e5l\u00e4ndske produkter af rang. Atelierer, museer og haver.\" \/>\n<meta property=\"og:url\" content=\"https:\/\/www.visitsmaland.se\/dk\/opdag\/design-inspiration\/\" \/>\n<meta property=\"og:site_name\" content=\"Visit Sm\u00e5land\" \/>\n<meta property=\"article:publisher\" content=\"https:\/\/www.facebook.com\/visitsmaland\/\" \/>\n<meta property=\"article:modified_time\" content=\"2026-03-04T09:23:48+00:00\" \/>\n<meta property=\"og:image\" content=\"https:\/\/www.visitsmaland.se\/wp-content\/uploads\/2024\/04\/DAYFOTOGRAFI-BRUNOMATTSON-0049-scaled.jpg\" \/>\n\t<meta property=\"og:image:width\" content=\"2560\" \/>\n\t<meta property=\"og:image:height\" content=\"1708\" \/>\n\t<meta property=\"og:image:type\" content=\"image\/jpeg\" \/>\n<meta name=\"twitter:card\" content=\"summary_large_image\" \/>\n<meta name=\"twitter:label1\" content=\"Estimeret l\u00e6setid\" \/>\n\t<meta name=\"twitter:data1\" content=\"1 minut\" \/>\n<script type=\"application\/ld+json\" class=\"yoast-schema-graph\">{\"@context\":\"https:\/\/schema.org\",\"@graph\":[{\"@type\":\"WebPage\",\"@id\":\"https:\/\/www.visitsmaland.se\/dk\/opdag\/design-inspiration\/\",\"url\":\"https:\/\/www.visitsmaland.se\/dk\/opdag\/design-inspiration\/\",\"name\":\"Design i Sm\u00e5land | Visit Sm\u00e5land\",\"isPartOf\":{\"@id\":\"https:\/\/www.visitsmaland.se\/dk\/#website\"},\"primaryImageOfPage\":{\"@id\":\"https:\/\/www.visitsmaland.se\/dk\/opdag\/design-inspiration\/#primaryimage\"},\"image\":{\"@id\":\"https:\/\/www.visitsmaland.se\/dk\/opdag\/design-inspiration\/#primaryimage\"},\"thumbnailUrl\":\"https:\/\/www.visitsmaland.se\/wp-content\/uploads\/2024\/04\/DAYFOTOGRAFI-BRUNOMATTSON-0049-scaled.jpg\",\"datePublished\":\"2024-04-22T11:39:24+00:00\",\"dateModified\":\"2026-03-04T09:23:48+00:00\",\"description\":\"Design i Sm\u00e5land. Glas, tr\u00e6, l\u00e6der og st\u00f8bejern \u2013 det er sm\u00e5l\u00e4ndske produkter af rang. Atelierer, museer og haver.\",\"breadcrumb\":{\"@id\":\"https:\/\/www.visitsmaland.se\/dk\/opdag\/design-inspiration\/#breadcrumb\"},\"inLanguage\":\"da-DK\",\"potentialAction\":[{\"@type\":\"ReadAction\",\"target\":[\"https:\/\/www.visitsmaland.se\/dk\/opdag\/design-inspiration\/\"]}]},{\"@type\":\"ImageObject\",\"inLanguage\":\"da-DK\",\"@id\":\"https:\/\/www.visitsmaland.se\/dk\/opdag\/design-inspiration\/#primaryimage\",\"url\":\"https:\/\/www.visitsmaland.se\/wp-content\/uploads\/2024\/04\/DAYFOTOGRAFI-BRUNOMATTSON-0049-scaled.jpg\",\"contentUrl\":\"https:\/\/www.visitsmaland.se\/wp-content\/uploads\/2024\/04\/DAYFOTOGRAFI-BRUNOMATTSON-0049-scaled.jpg\",\"width\":2560,\"height\":1708,\"caption\":\"Frauen betrachten Design und M\u00f6bel.\"},{\"@type\":\"BreadcrumbList\",\"@id\":\"https:\/\/www.visitsmaland.se\/dk\/opdag\/design-inspiration\/#breadcrumb\",\"itemListElement\":[{\"@type\":\"ListItem\",\"position\":1,\"name\":\"Forside\",\"item\":\"https:\/\/www.visitsmaland.se\/dk\/\"},{\"@type\":\"ListItem\",\"position\":2,\"name\":\"Design i Sm\u00e5land\"}]},{\"@type\":\"WebSite\",\"@id\":\"https:\/\/www.visitsmaland.se\/dk\/#website\",\"url\":\"https:\/\/www.visitsmaland.se\/dk\/\",\"name\":\"Visit Sm\u00e5land\",\"description\":\"V\u00e4lkommen till Sm\u00e5land\",\"potentialAction\":[{\"@type\":\"SearchAction\",\"target\":{\"@type\":\"EntryPoint\",\"urlTemplate\":\"https:\/\/www.visitsmaland.se\/dk\/?s={search_term_string}\"},\"query-input\":{\"@type\":\"PropertyValueSpecification\",\"valueRequired\":true,\"valueName\":\"search_term_string\"}}],\"inLanguage\":\"da-DK\"}]}<\/script>\n<!-- \/ Yoast SEO plugin. -->","yoast_head_json":{"title":"Design i Sm\u00e5land | Visit Sm\u00e5land","description":"Design i Sm\u00e5land. Glas, tr\u00e6, l\u00e6der og st\u00f8bejern \u2013 det er sm\u00e5l\u00e4ndske produkter af rang. Atelierer, museer og haver.","robots":{"index":"index","follow":"follow","max-snippet":"max-snippet:-1","max-image-preview":"max-image-preview:large","max-video-preview":"max-video-preview:-1"},"canonical":"https:\/\/www.visitsmaland.se\/dk\/opdag\/design-inspiration\/","og_locale":"da_DK","og_type":"article","og_title":"Design i Sm\u00e5land | Visit Sm\u00e5land","og_description":"Design i Sm\u00e5land. Glas, tr\u00e6, l\u00e6der og st\u00f8bejern \u2013 det er sm\u00e5l\u00e4ndske produkter af rang. Atelierer, museer og haver.","og_url":"https:\/\/www.visitsmaland.se\/dk\/opdag\/design-inspiration\/","og_site_name":"Visit Sm\u00e5land","article_publisher":"https:\/\/www.facebook.com\/visitsmaland\/","article_modified_time":"2026-03-04T09:23:48+00:00","og_image":[{"width":2560,"height":1708,"url":"https:\/\/www.visitsmaland.se\/wp-content\/uploads\/2024\/04\/DAYFOTOGRAFI-BRUNOMATTSON-0049-scaled.jpg","type":"image\/jpeg"}],"twitter_card":"summary_large_image","twitter_misc":{"Estimeret l\u00e6setid":"1 minut"},"schema":{"@context":"https:\/\/schema.org","@graph":[{"@type":"WebPage","@id":"https:\/\/www.visitsmaland.se\/dk\/opdag\/design-inspiration\/","url":"https:\/\/www.visitsmaland.se\/dk\/opdag\/design-inspiration\/","name":"Design i Sm\u00e5land | Visit Sm\u00e5land","isPartOf":{"@id":"https:\/\/www.visitsmaland.se\/dk\/#website"},"primaryImageOfPage":{"@id":"https:\/\/www.visitsmaland.se\/dk\/opdag\/design-inspiration\/#primaryimage"},"image":{"@id":"https:\/\/www.visitsmaland.se\/dk\/opdag\/design-inspiration\/#primaryimage"},"thumbnailUrl":"https:\/\/www.visitsmaland.se\/wp-content\/uploads\/2024\/04\/DAYFOTOGRAFI-BRUNOMATTSON-0049-scaled.jpg","datePublished":"2024-04-22T11:39:24+00:00","dateModified":"2026-03-04T09:23:48+00:00","description":"Design i Sm\u00e5land. Glas, tr\u00e6, l\u00e6der og st\u00f8bejern \u2013 det er sm\u00e5l\u00e4ndske produkter af rang. Atelierer, museer og haver.","breadcrumb":{"@id":"https:\/\/www.visitsmaland.se\/dk\/opdag\/design-inspiration\/#breadcrumb"},"inLanguage":"da-DK","potentialAction":[{"@type":"ReadAction","target":["https:\/\/www.visitsmaland.se\/dk\/opdag\/design-inspiration\/"]}]},{"@type":"ImageObject","inLanguage":"da-DK","@id":"https:\/\/www.visitsmaland.se\/dk\/opdag\/design-inspiration\/#primaryimage","url":"https:\/\/www.visitsmaland.se\/wp-content\/uploads\/2024\/04\/DAYFOTOGRAFI-BRUNOMATTSON-0049-scaled.jpg","contentUrl":"https:\/\/www.visitsmaland.se\/wp-content\/uploads\/2024\/04\/DAYFOTOGRAFI-BRUNOMATTSON-0049-scaled.jpg","width":2560,"height":1708,"caption":"Frauen betrachten Design und M\u00f6bel."},{"@type":"BreadcrumbList","@id":"https:\/\/www.visitsmaland.se\/dk\/opdag\/design-inspiration\/#breadcrumb","itemListElement":[{"@type":"ListItem","position":1,"name":"Forside","item":"https:\/\/www.visitsmaland.se\/dk\/"},{"@type":"ListItem","position":2,"name":"Design i Sm\u00e5land"}]},{"@type":"WebSite","@id":"https:\/\/www.visitsmaland.se\/dk\/#website","url":"https:\/\/www.visitsmaland.se\/dk\/","name":"Visit Sm\u00e5land","description":"V\u00e4lkommen till Sm\u00e5land","potentialAction":[{"@type":"SearchAction","target":{"@type":"EntryPoint","urlTemplate":"https:\/\/www.visitsmaland.se\/dk\/?s={search_term_string}"},"query-input":{"@type":"PropertyValueSpecification","valueRequired":true,"valueName":"search_term_string"}}],"inLanguage":"da-DK"}]}},"_links":{"self":[{"href":"https:\/\/www.visitsmaland.se\/dk\/wp-json\/wp\/v2\/guide\/54064","targetHints":{"allow":["GET"]}}],"collection":[{"href":"https:\/\/www.visitsmaland.se\/dk\/wp-json\/wp\/v2\/guide"}],"about":[{"href":"https:\/\/www.visitsmaland.se\/dk\/wp-json\/wp\/v2\/types\/guide"}],"version-history":[{"count":10,"href":"https:\/\/www.visitsmaland.se\/dk\/wp-json\/wp\/v2\/guide\/54064\/revisions"}],"predecessor-version":[{"id":90040,"href":"https:\/\/www.visitsmaland.se\/dk\/wp-json\/wp\/v2\/guide\/54064\/revisions\/90040"}],"wp:featuredmedia":[{"embeddable":true,"href":"https:\/\/www.visitsmaland.se\/dk\/wp-json\/wp\/v2\/media\/43350"}],"wp:attachment":[{"href":"https:\/\/www.visitsmaland.se\/dk\/wp-json\/wp\/v2\/media?parent=54064"}],"wp:term":[{"taxonomy":"post_tag","embeddable":true,"href":"https:\/\/www.visitsmaland.se\/dk\/wp-json\/wp\/v2\/tags?post=54064"},{"taxonomy":"land","embeddable":true,"href":"https:\/\/www.visitsmaland.se\/dk\/wp-json\/wp\/v2\/land?post=54064"}],"curies":[{"name":"wp","href":"https:\/\/api.w.org\/{rel}","templated":true}]}}