{"id":54950,"date":"2024-09-11T17:03:23","date_gmt":"2024-09-11T15:03:23","guid":{"rendered":"https:\/\/www.visitsmaland.se\/?post_type=guide&#038;p=54950"},"modified":"2026-03-04T13:52:45","modified_gmt":"2026-03-04T12:52:45","slug":"outdoor-i-smaaland","status":"publish","type":"guide","link":"https:\/\/www.visitsmaland.se\/dk\/opdag\/outdoor-i-smaaland\/","title":{"rendered":"Outdoor i Sm\u00e5land"},"content":{"rendered":"<div class=\"postHerosection postHerosection__wrapper\">\n    <div class=\"postHerosection postHerosection__container\">\n        <h1 class=\"postHerosection postHerosection__heroHeading\">\n            Outdoor i Sm\u00e5land        <\/h1>\n            <\/div>\n    <div class=\"postHerosection postHerosection__imageContainer\">\n        <img loading=\"lazy\" decoding=\"async\" width=\"1800\" height=\"1200\" src=\"https:\/\/www.visitsmaland.se\/wp-content\/uploads\/2024\/04\/dayfotografi-st-skurugata-257-37ff0c3d06410f92231740bc9e3fb22e-1800x1200-8.jpg\" class=\"attachment-full size-full\" alt=\"\" srcset=\"https:\/\/www.visitsmaland.se\/wp-content\/uploads\/2024\/04\/dayfotografi-st-skurugata-257-37ff0c3d06410f92231740bc9e3fb22e-1800x1200-8.jpg 1800w, https:\/\/www.visitsmaland.se\/wp-content\/uploads\/2024\/04\/dayfotografi-st-skurugata-257-37ff0c3d06410f92231740bc9e3fb22e-1800x1200-8-300x200.jpg 300w, https:\/\/www.visitsmaland.se\/wp-content\/uploads\/2024\/04\/dayfotografi-st-skurugata-257-37ff0c3d06410f92231740bc9e3fb22e-1800x1200-8-1024x683.jpg 1024w, https:\/\/www.visitsmaland.se\/wp-content\/uploads\/2024\/04\/dayfotografi-st-skurugata-257-37ff0c3d06410f92231740bc9e3fb22e-1800x1200-8-768x512.jpg 768w, https:\/\/www.visitsmaland.se\/wp-content\/uploads\/2024\/04\/dayfotografi-st-skurugata-257-37ff0c3d06410f92231740bc9e3fb22e-1800x1200-8-1536x1024.jpg 1536w\" sizes=\"(max-width: 1800px) 100vw, 1800px\" \/>    <\/div>\n<\/div>\n<div class=\"postHerosection postHerosection__breadcrumbs\">\n   <div class=\"postHerosection postHerosection__breadcrumbs-container\">\n        <p id=\"breadcrumbs\"><span><span><a href=\"https:\/\/www.visitsmaland.se\/dk\/\">Forside<\/a><\/span><\/span><\/p>    <\/div>\n<\/div>\n\n<div class=\"contentCta contentCta__wrapper\">\n    <div class=\"contentCta contentCta__container\">\n                    \t\t\t<div class=\"contentCta contentCta__text\" style=\"color: \">\n\t\t\t\t<p>Kom og udforsk Sm\u00e5lands varierede natur med b\u00e5de skove, bjerge og s\u00f8er. Vi byder p\u00e5 Europas l\u00e6ngste Zipline, cykling p\u00e5 eventyrlige grusveje forbi steder fra Astrid Lindgrens film, selvf\u00f8lgelig vandreture i dybe skove, og elge som gerne hilser. <\/p>\n\t\t\t<\/div>\n                <hr>\n            <\/div>\n<\/div>\n\n\n<div class=\"contentImageTwoColumns contentImageTwoColumns__wrapper\" style=\"background-color: #f4f2eb\">\n    <div class=\"contentImageTwoColumns contentImageTwoColumns__container \">\n        <div class=\"contentImageTwoColumns contentImageTwoColumns__contentWrapper\">\n            <h2 class=\"contentImageTwoColumns contentImageTwoColumns__heading\" style=\"color: \">\n                Isaberg er et adrenalinfyldt mountainbike-paradis for alle niveauer            <\/h2>\n            <div class=\"contentImageTwoColumns contentImageTwoColumns__text contentImageTwoColumns__text--short\" style=\"color: \">\n                                    <p>Isaberg Mountain Resort er Sm\u00e5lands mekka for mountainbike-elskere, kun lidt over tre timers k\u00f8rsel fra \u00d8resundsbroen. Her finder du en af Sydsveriges bedste cykelparker med 12 stier og spor, der b&#8230;                    <button type=\"button\" class=\"contentImageTwoColumns contentImageTwoColumns__readMoreLess\">\n                        L\u00e6s mere +                    <\/button>\n                            <\/div>\n            <div class=\"contentImageTwoColumns contentImageTwoColumns__text contentImageTwoColumns__text--full\" style=\"color: \">\n                <p>Isaberg Mountain Resort er Sm\u00e5lands mekka for mountainbike-elskere, kun lidt over tre timers k\u00f8rsel fra \u00d8resundsbroen. Her finder du en af Sydsveriges bedste cykelparker med 12 stier og spor, der byder p\u00e5 alt fra adrenalinfyldt downhill-cykling til teknisk udfordrende baner og pumptracks. For b\u00e5de nybegyndere og erfarne ryttere er der kurser og guider til at forbedre cykelf\u00e6rdighederne.<\/p>\n<p>Med et BikePass f\u00e5r du ubegr\u00e6nset k\u00f8rsel med stoleliften til toppen samt fri adgang til alle ruter, bikeparken, forhindringsbanen og meget mere. Book dit eventyr online, og bo komfortabelt p\u00e5 resortet.<\/p>\n                <button type=\"button\" class=\"contentImageTwoColumns contentImageTwoColumns__readMoreLess\">\n                    L\u00e6s mindre &#8211;                <\/button>\n            <\/div>\n                        <div class=\"wp-block-buttons is-layout-flex wp-block-buttons-is-layout-flex\">\n                <div class=\"wp-block-button arrow-white\">\n                    <a aria-label=\"isaberg.com\" class=\"wp-block-button__link wp-element-button\" href=\"https:\/\/www.isaberg.com\/en\/\" style=\"background-color: #374632; color: #ffffff;border: solid 1px #ffffff\">\n                        isaberg.com                    <\/a>\n                <\/div>\n            <\/div>\n                                <\/div>\n        <div class=\"contentImageTwoColumns contentImageTwoColumns__imageWrapper\">\n            <img loading=\"lazy\" decoding=\"async\" width=\"1024\" height=\"740\" src=\"https:\/\/www.visitsmaland.se\/wp-content\/uploads\/2024\/09\/RobertBrolin_IsabergMTB-17-1024x740.jpg\" class=\"attachment-grid-card-images size-grid-card-images\" alt=\"\" \/>        <\/div>\n    <\/div>\n<\/div>\n\n\n<div class=\"contentImageTwoColumns contentImageTwoColumns__wrapper\" style=\"background-color: #374632\">\n    <div class=\"contentImageTwoColumns contentImageTwoColumns__container layout-reversed\">\n        <div class=\"contentImageTwoColumns contentImageTwoColumns__contentWrapper\">\n            <h2 class=\"contentImageTwoColumns contentImageTwoColumns__heading\" style=\"color: #ffffff\">\n                Europas l\u00e6ngste sv\u00e6vebane er \u00e5ben hele efter\u00e5ret            <\/h2>\n            <div class=\"contentImageTwoColumns contentImageTwoColumns__text contentImageTwoColumns__text--short\" style=\"color: #ffffff\">\n                                    <p>Hos Little Rock Lake Zipline f\u00e5r du action og natur p\u00e5 \u00e9n gang. Oplev efter\u00e5rsfarverne fra oven i Europas st\u00f8rste sv\u00e6vebanepark, hvor kan du suse mellem tr\u00e6toppene i fuld fart p\u00e5 de op til 400 mete&#8230;                    <button type=\"button\" class=\"contentImageTwoColumns contentImageTwoColumns__readMoreLess\">\n                        L\u00e6s mere +                    <\/button>\n                            <\/div>\n            <div class=\"contentImageTwoColumns contentImageTwoColumns__text contentImageTwoColumns__text--full\" style=\"color: #ffffff\">\n                <p>Hos Little Rock Lake Zipline f\u00e5r du action og natur p\u00e5 \u00e9n gang. Oplev efter\u00e5rsfarverne fra oven i Europas st\u00f8rste sv\u00e6vebanepark, hvor kan du suse mellem tr\u00e6toppene i fuld fart p\u00e5 de op til 400 meter lange sv\u00e6vebaner. Det b\u00e5de kilder i maven og giver dig et nyt perspektiv p\u00e5 naturen. Det g\u00e5r st\u00e6rkt, for nogle af banerne har hastigheder p\u00e5 op til 75 km\/t. P\u00e5 trods af adrenalin og action er sikkerheden helt i top hos Little Rock Lake Zipline, hvor alle kan v\u00e6re med. B\u00f8rn over 35 kilo m\u00e5 k\u00f8re alene p\u00e5 sv\u00e6vebanerne. To guider f\u00f8lger altid med rundt, s\u00e5 du f\u00e5r du masser af viden om omr\u00e5det og gode r\u00e5d med p\u00e5 vejen, hos Little Rock Lake Zipline, 50 km nord for V\u00e4xj\u00f6 i Sm\u00e5land. Bookingen er \u00e5ben indtil november. <\/p>\n                <button type=\"button\" class=\"contentImageTwoColumns contentImageTwoColumns__readMoreLess\">\n                    L\u00e6s mindre &#8211;                <\/button>\n            <\/div>\n                        <div class=\"wp-block-buttons is-layout-flex wp-block-buttons-is-layout-flex\">\n                <div class=\"wp-block-button \">\n                    <a aria-label=\"Little Rock Lake Zipline\" class=\"wp-block-button__link wp-element-button\" href=\"https:\/\/www.swedenzipline.com\/en\/\" style=\"background-color: #f4f2eb; color: #000000;border: solid 1px #f4f2eb\">\n                        Little Rock Lake Zipline                    <\/a>\n                <\/div>\n            <\/div>\n                                <\/div>\n        <div class=\"contentImageTwoColumns contentImageTwoColumns__imageWrapper\">\n            <img loading=\"lazy\" decoding=\"async\" width=\"1024\" height=\"740\" src=\"https:\/\/www.visitsmaland.se\/wp-content\/uploads\/2024\/09\/zipline_hst2_MediumResolution150dpi80Quality-1024x740.jpg\" class=\"attachment-grid-card-images size-grid-card-images\" alt=\"\" \/>        <\/div>\n    <\/div>\n<\/div>\n\n\n  \n<div class=\"featuredTwoColumns featuredTwoColumns__wrapper\">\n    <div class=\"featuredTwoColumns featuredTwoColumns__container\">  \n            <div class=\"featuredTwoColumns featuredTwoColumns__feturedWrapper\">\n            <a aria-label=\"Sarahs naturoplevelser i Sm\u00e5land\" href=\"https:\/\/www.visitsmaland.se\/dk\/opdag\/sarahs-naturoplevelser-i-smaland\/\"class=\"featuredTwoColumns featuredTwoColumns__imageWrapper\">\n                <img loading=\"lazy\" decoding=\"async\" width=\"1024\" height=\"740\" src=\"https:\/\/www.visitsmaland.se\/wp-content\/uploads\/2024\/04\/smaaland-sverige-bo-pa-din-egen-oe-6-1-1024x740.jpg\" class=\"attachment-grid-card-images size-grid-card-images wp-post-image\" alt=\"\" \/>            <\/a>\n            <div class=\"featuredTwoColumns featuredTwoColumns__contentWrapper\">\n                <h2 class=\"featuredTwoColumns featuredTwoColumns__heading\">\n                    Sarahs naturoplevelser i Sm\u00e5land                <\/h2>\n                <p class=\"featuredTwoColumns featuredTwoColumns__description\">\n                    Smukke vandreture, dyr og unikke overnatningssteder\u2026                <\/p>\n                 \n                 \n                <div class=\"wp-block-buttons is-layout-flex wp-block-buttons-is-layout-flex\">\n                    <div class=\"wp-block-button \">\n                        <a aria-label=\"Sarahs naturoplevelser i Sm\u00e5land\"class=\"wp-block-button__link wp-element-button\" href=\"https:\/\/www.visitsmaland.se\/dk\/opdag\/sarahs-naturoplevelser-i-smaland\/\">\n                            Opdag                       \n                         <\/a>\n                    <\/div>\n                <\/div>\n            <\/div>\n        <\/div>\n                <div class=\"featuredTwoColumns featuredTwoColumns__feturedWrapper\">\n            <a aria-label=\"Cykling i Sm\u00e5land\" href=\"https:\/\/www.visitsmaland.se\/dk\/opdag\/cykle-i-smaaland\/\"class=\"featuredTwoColumns featuredTwoColumns__imageWrapper\">\n                <img loading=\"lazy\" decoding=\"async\" width=\"1024\" height=\"683\" src=\"https:\/\/www.visitsmaland.se\/wp-content\/uploads\/2020\/06\/cyklaruntA\u030asnen-scaled.jpg\" class=\"attachment-grid-card-images size-grid-card-images wp-post-image\" alt=\"\" srcset=\"https:\/\/www.visitsmaland.se\/wp-content\/uploads\/2020\/06\/cyklaruntA\u030asnen-scaled.jpg 2000w, https:\/\/www.visitsmaland.se\/wp-content\/uploads\/2020\/06\/cyklaruntA\u030asnen-300x200.jpg 300w, https:\/\/www.visitsmaland.se\/wp-content\/uploads\/2020\/06\/cyklaruntA\u030asnen-1024x683.jpg 1024w, https:\/\/www.visitsmaland.se\/wp-content\/uploads\/2020\/06\/cyklaruntA\u030asnen-768x512.jpg 768w, https:\/\/www.visitsmaland.se\/wp-content\/uploads\/2020\/06\/cyklaruntA\u030asnen-1536x1024.jpg 1536w, https:\/\/www.visitsmaland.se\/wp-content\/uploads\/2020\/06\/cyklaruntA\u030asnen-2048x1365.jpg 2048w, https:\/\/www.visitsmaland.se\/wp-content\/uploads\/2020\/06\/cyklaruntA\u030asnen-600x400.jpg 600w\" sizes=\"(max-width: 1024px) 100vw, 1024px\" \/>            <\/a>\n            <div class=\"featuredTwoColumns featuredTwoColumns__contentWrapper\">\n                <h2 class=\"featuredTwoColumns featuredTwoColumns__heading\">\n                    Cykling i Sm\u00e5land                <\/h2>\n                <p class=\"featuredTwoColumns featuredTwoColumns__description\">\n                    Cykle i Sm\u00e5land. Skal der kilometer i benene og vin\u2026                <\/p>\n                 \n                 \n                <div class=\"wp-block-buttons is-layout-flex wp-block-buttons-is-layout-flex\">\n                    <div class=\"wp-block-button \">\n                        <a aria-label=\"Cykling i Sm\u00e5land\"class=\"wp-block-button__link wp-element-button\" href=\"https:\/\/www.visitsmaland.se\/dk\/opdag\/cykle-i-smaaland\/\">\n                            Opdag                       \n                         <\/a>\n                    <\/div>\n                <\/div>\n            <\/div>\n        <\/div>\n            <\/div>\n<\/div>\n\n\n<div class=\"dynamicContentTwoColumns dynamicContentTwoColumns__wrapper\">\n    <div class=\"dynamicContentTwoColumns dynamicContentTwoColumns__container\">\n                                    <h3 class=\"dynamicContentTwoColumns dynamicContentTwoColumns__heading\">\n                    Gennem Astrid Lindgrens fort\u00e6llinger p\u00e5 gravelcykel                <\/h3>\n                                                <div class=\"dynamicContentTwoColumns dynamicContentTwoColumns__text\">\n                    <p><p>I det nord\u00f8stlige Sm\u00e5land, m\u00f8der naturens sk\u00f8nhed fort\u00e6llingernes verden i en s\u00e6rlig cykeloplevelse. Midt i Astrid Lindgrens barndomslandskab snor grusveje sig gennem dybe skove, mellem s\u00f8er og idylliske r\u00f8de huse.<\/p>\n<p>Her kan du cykle gennem sm\u00e5 byer som Mariannelund, L\u00f6nneberga og Bullerbyn, og f\u00f8le dig forflyttet til barndommens eventyr i den svenske natur \u2013 en helt s\u00e6rlig cykeloplevelse. De velholdte grusveje og det kuperede terr\u00e6n byder p\u00e5 en varieret og sp\u00e6ndende oplevelse for alle cyklister.<\/p>\n<p>Omr\u00e5det omkring Vimmerby, Eksj\u00f6 og Hultsfred har et fantastisk udvalg af cykelruter, hvor hver tur er en rejse gennem b\u00e5de natur og kultur. Kom og oplev Sm\u00e5land p\u00e5 en gravelcykel &#8211; hvor hver kilometer f\u00f8rer dig dybere ind i natursk\u00f8nhed og eventyr.<\/p>\n<p>\n                <\/div>\n                                                <div class=\"wp-block-buttons is-layout-flex wp-block-buttons-is-layout-flex\">\n                    <div class=\"wp-block-button\">\n                        <a aria-label=\"L\u00e6s mere \" class=\"wp-block-button__link wp-element-button dynamicContentTwoColumns dynamicContentTwoColumns__ctaButton\" href=\"https:\/\/www.vimmerby.com\/en\/smaland-gravel\/\">\n                            vimmerby.com\/smaland-gravel                        <\/a>\n                    <\/div>\n                <\/div>\n                                                <div class=\"dynamicContentTwoColumns dynamicContentTwoColumns__imageWrapper\">\n                    <img loading=\"lazy\" decoding=\"async\" width=\"500\" height=\"333\" src=\"https:\/\/www.visitsmaland.se\/wp-content\/uploads\/2024\/09\/TreTillsammans_ChrisLanaway_23_07_25-1099-HR-1-scaled.jpg\" class=\"attachment-500x500 size-500x500\" alt=\"\" srcset=\"https:\/\/www.visitsmaland.se\/wp-content\/uploads\/2024\/09\/TreTillsammans_ChrisLanaway_23_07_25-1099-HR-1-scaled.jpg 2560w, https:\/\/www.visitsmaland.se\/wp-content\/uploads\/2024\/09\/TreTillsammans_ChrisLanaway_23_07_25-1099-HR-1-300x200.jpg 300w, https:\/\/www.visitsmaland.se\/wp-content\/uploads\/2024\/09\/TreTillsammans_ChrisLanaway_23_07_25-1099-HR-1-1024x683.jpg 1024w, https:\/\/www.visitsmaland.se\/wp-content\/uploads\/2024\/09\/TreTillsammans_ChrisLanaway_23_07_25-1099-HR-1-768x512.jpg 768w, https:\/\/www.visitsmaland.se\/wp-content\/uploads\/2024\/09\/TreTillsammans_ChrisLanaway_23_07_25-1099-HR-1-1536x1024.jpg 1536w, https:\/\/www.visitsmaland.se\/wp-content\/uploads\/2024\/09\/TreTillsammans_ChrisLanaway_23_07_25-1099-HR-1-2048x1365.jpg 2048w\" sizes=\"(max-width: 500px) 100vw, 500px\" \/>                <\/div>\n                                                <h3 class=\"dynamicContentTwoColumns dynamicContentTwoColumns__heading\">\n                    Udforsk de varierede landskaber og skjulte perler p\u00e5 \u00d6land                <\/h3>\n                                                <div class=\"dynamicContentTwoColumns dynamicContentTwoColumns__text\">\n                    <p><p>Med sit varierede landskab og milde klima er Sverige n\u00e6stst\u00f8rste \u00f8 \u00d8land perfekt at udforske p\u00e5 to hjul, uanset om du er erfaren cyklist eller blot vil tage den med ro. Oplev alt fra spektakul\u00e6re kyststr\u00e6kninger til dybe skove og det unikke alvarland.<\/p>\n<p>Sm\u00e5 veje og stier f\u00f8rer dig gennem charmerende landsbyer, historiske sev\u00e6rdigheder og \u00e5bne landskaber. Stop ved lokale g\u00e5rdbutikker, kunstgallerier og caf\u00e9er, der serverer \u00f8ens specialiteter. For de eventyrlystne er der l\u00e6ngere ruter, som giver et fuldt billede af \u00d6lands natur. Kortere, afslappede ruter er velegnede til familier og dem, der gerne vil tage den lidt mere med ro.<\/p>\n<p>Der findes cykeludlejning og cykelvenlige overnatningssteder rundt omkring p\u00e5 \u00f8en, som g\u00f8r turen nem og overskuelig.<\/p>\n<p>\n                <\/div>\n                                                <div class=\"wp-block-buttons is-layout-flex wp-block-buttons-is-layout-flex\">\n                    <div class=\"wp-block-button\">\n                        <a aria-label=\"L\u00e6s mere \" class=\"wp-block-button__link wp-element-button dynamicContentTwoColumns dynamicContentTwoColumns__ctaButton\" href=\"https:\/\/en.oland.se\/cykla\">\n                            en.oland\/cykla                        <\/a>\n                    <\/div>\n                <\/div>\n                                                <div class=\"dynamicContentTwoColumns dynamicContentTwoColumns__imageWrapper\">\n                    <img loading=\"lazy\" decoding=\"async\" width=\"500\" height=\"333\" src=\"https:\/\/www.visitsmaland.se\/wp-content\/uploads\/2024\/09\/OlandsSkordefest-Pumpor-AlexanderHall2018-39-OlandCo-scaled.jpg\" class=\"attachment-500x500 size-500x500\" alt=\"\" srcset=\"https:\/\/www.visitsmaland.se\/wp-content\/uploads\/2024\/09\/OlandsSkordefest-Pumpor-AlexanderHall2018-39-OlandCo-scaled.jpg 2560w, https:\/\/www.visitsmaland.se\/wp-content\/uploads\/2024\/09\/OlandsSkordefest-Pumpor-AlexanderHall2018-39-OlandCo-300x200.jpg 300w, https:\/\/www.visitsmaland.se\/wp-content\/uploads\/2024\/09\/OlandsSkordefest-Pumpor-AlexanderHall2018-39-OlandCo-1024x683.jpg 1024w, https:\/\/www.visitsmaland.se\/wp-content\/uploads\/2024\/09\/OlandsSkordefest-Pumpor-AlexanderHall2018-39-OlandCo-768x512.jpg 768w, https:\/\/www.visitsmaland.se\/wp-content\/uploads\/2024\/09\/OlandsSkordefest-Pumpor-AlexanderHall2018-39-OlandCo-1536x1024.jpg 1536w, https:\/\/www.visitsmaland.se\/wp-content\/uploads\/2024\/09\/OlandsSkordefest-Pumpor-AlexanderHall2018-39-OlandCo-2048x1365.jpg 2048w\" sizes=\"(max-width: 500px) 100vw, 500px\" \/>                <\/div>\n                        <\/div>\n<\/div>\n\n\n<div class=\"contentImageTwoColumns contentImageTwoColumns__wrapper\" style=\"background-color: #374632\">\n    <div class=\"contentImageTwoColumns contentImageTwoColumns__container \">\n        <div class=\"contentImageTwoColumns contentImageTwoColumns__contentWrapper\">\n            <h2 class=\"contentImageTwoColumns contentImageTwoColumns__heading\" style=\"color: #ffffff\">\n                Elgparker: T\u00e6t kontakt med skovens st\u00f8rste indbyggere            <\/h2>\n            <div class=\"contentImageTwoColumns contentImageTwoColumns__text contentImageTwoColumns__text--short\" style=\"color: #ffffff\">\n                                    <p>Sm\u00e5lands elgparker giver dig mulighed for at st\u00e5 ansigt til ansigt med de majest\u00e6tiske elge &#8211; en uforglemmelig oplevelse! Her kan du ikke bare beundre elgene p\u00e5 afstand, men ogs\u00e5 fodre og kla&#8230;                    <button type=\"button\" class=\"contentImageTwoColumns contentImageTwoColumns__readMoreLess\">\n                        L\u00e6s mere +                    <\/button>\n                            <\/div>\n            <div class=\"contentImageTwoColumns contentImageTwoColumns__text contentImageTwoColumns__text--full\" style=\"color: #ffffff\">\n                <p>Sm\u00e5lands elgparker giver dig mulighed for at st\u00e5 ansigt til ansigt med de majest\u00e6tiske elge &#8211; en uforglemmelig oplevelse! Her kan du ikke bare beundre elgene p\u00e5 afstand, men ogs\u00e5 fodre og klappe dem.<\/p>\n<p>Elge vandrer frit rundt i skovene, men kan v\u00e6re sv\u00e6re at f\u00e5 \u00f8je p\u00e5. I elgparkerne lever de i naturlige indhegninger og bliver passet af dedikerede ejere med s\u00e6rlige licenser. Du kan bestille en guidet tur for at l\u00e6re om elgenes liv og vaner, eller tage din familie med p\u00e5 elgsafari og opleve dyrene i deres naturlige milj\u00f8.<\/p>\n<p>I Sm\u00e5lands elgparker kan du enten k\u00f8re rundt med egen bil, k\u00f8re med et lille tog og komme helt t\u00e6t p\u00e5 de nysgerrige dyr, eller tage p\u00e5 guidede ture, der giver et fascinerende indblik i dyrelivet. Du f\u00e5r mulighed for at v\u00e6re med til at fodre dyrene og l\u00e6re mere om dem fra kyndige guider.<\/p>\n<p>Lad Sm\u00e5lands elgparker v\u00e6re h\u00f8jdepunktet p\u00e5 din rejse. <\/p>\n                <button type=\"button\" class=\"contentImageTwoColumns contentImageTwoColumns__readMoreLess\">\n                    L\u00e6s mindre &#8211;                <\/button>\n            <\/div>\n                        <div class=\"wp-block-buttons is-layout-flex wp-block-buttons-is-layout-flex\">\n                <div class=\"wp-block-button \">\n                    <a aria-label=\"Tag mig til elgparkerne i Sm\u00e5land\" class=\"wp-block-button__link wp-element-button\" href=\"https:\/\/www.visitsmaland.se\/dk\/opdag\/elgparker-i-smaaland\/\" style=\"background-color: #f4f2eb; color: #000000;border: solid 1px #f4f2eb\">\n                        Tag mig til elgparkerne i Sm\u00e5land                    <\/a>\n                <\/div>\n            <\/div>\n                                <\/div>\n        <div class=\"contentImageTwoColumns contentImageTwoColumns__imageWrapper\">\n            <img loading=\"lazy\" decoding=\"async\" width=\"1024\" height=\"740\" src=\"https:\/\/www.visitsmaland.se\/wp-content\/uploads\/2024\/09\/gronasens-algpark-kosta-1024x740.jpg\" class=\"attachment-grid-card-images size-grid-card-images\" alt=\"\" \/>        <\/div>\n    <\/div>\n<\/div>\n\n\n<div class=\"contentImageTwoColumns contentImageTwoColumns__wrapper\" style=\"background-color: #f4f2eb\">\n    <div class=\"contentImageTwoColumns contentImageTwoColumns__container layout-reversed\">\n        <div class=\"contentImageTwoColumns contentImageTwoColumns__contentWrapper\">\n            <h2 class=\"contentImageTwoColumns contentImageTwoColumns__heading\" style=\"color: \">\n                Nye vandrestier langs s\u00f8erne            <\/h2>\n            <div class=\"contentImageTwoColumns contentImageTwoColumns__text contentImageTwoColumns__text--short\" style=\"color: \">\n                                    <p>Sverige kendte botaniker Carl von Linn\u00e9 kom fra Sm\u00e5land. Det sydlige Sm\u00e5land nord for \u00c4lmhult g\u00e5r under betegnelse Linn\u00e9omr\u00e5det. En ny vandresti ved s\u00f8en M\u00f6ckeln forbinder fem smukke naturreservate&#8230;                    <button type=\"button\" class=\"contentImageTwoColumns contentImageTwoColumns__readMoreLess\">\n                        L\u00e6s mere +                    <\/button>\n                            <\/div>\n            <div class=\"contentImageTwoColumns contentImageTwoColumns__text contentImageTwoColumns__text--full\" style=\"color: \">\n                <p>Sverige kendte botaniker Carl von Linn\u00e9 kom fra Sm\u00e5land. Det sydlige Sm\u00e5land nord for \u00c4lmhult g\u00e5r under betegnelse Linn\u00e9omr\u00e5det. En ny vandresti ved s\u00f8en M\u00f6ckeln forbinder fem smukke naturreservater og kulturreservatet Linn\u00e9s R\u00e5shult, Linn\u00e9s barndomshjem. Der er tre sl\u00f8jfer p\u00e5 i alt 30-40 kilometer i varierende landskaber, som er forbundet med ni kortere stier p\u00e5 1-3 km. Store dele af stierne ligger t\u00e6t p\u00e5 s\u00f8erne og omfatter endda en sejltur over et 300 meter bredt sund. Her kan man krydse med rob\u00e5d som en del af et tre-b\u00e5ds-system, der sikrer, at der altid er en b\u00e5d til r\u00e5dighed p\u00e5 hver side. For detaljeret information \u2013 bes\u00f8g naturkortet.<br \/>\nEt tip er at booke din overnatning p\u00e5 M\u00f6ckelsn\u00e4s Herrg\u00e5rd eller IKEA Hotel.<\/p>\n                <button type=\"button\" class=\"contentImageTwoColumns contentImageTwoColumns__readMoreLess\">\n                    L\u00e6s mindre &#8211;                <\/button>\n            <\/div>\n                        <div class=\"wp-block-buttons is-layout-flex wp-block-buttons-is-layout-flex\">\n                <div class=\"wp-block-button arrow-white\">\n                    <a aria-label=\"naturkartan.se\/en\" class=\"wp-block-button__link wp-element-button\" href=\"https:\/\/www.naturkartan.se\/en\/lists\/vandra-i-linnebygden-ostra-mockeln\" style=\"background-color: #374632; color: #ffffff;border: solid 1px #374632\">\n                        naturkartan.se\/en                    <\/a>\n                <\/div>\n            <\/div>\n                                <\/div>\n        <div class=\"contentImageTwoColumns contentImageTwoColumns__imageWrapper\">\n            <img loading=\"lazy\" decoding=\"async\" width=\"1024\" height=\"740\" src=\"https:\/\/www.visitsmaland.se\/wp-content\/uploads\/2024\/09\/Sikareveln-vandringsleden-Linnebygden-1-1024x740.jpg\" class=\"attachment-grid-card-images size-grid-card-images\" alt=\"\" \/>        <\/div>\n    <\/div>\n<\/div>\n\n\n<div class=\"contentImageTwoColumns contentImageTwoColumns__wrapper\" style=\"background-color: #374632\">\n    <div class=\"contentImageTwoColumns contentImageTwoColumns__container \">\n        <div class=\"contentImageTwoColumns contentImageTwoColumns__contentWrapper\">\n            <h2 class=\"contentImageTwoColumns contentImageTwoColumns__heading\" style=\"color: #ffffff\">\n                Store Mosse Nationalpark med snesko p\u00e5 f\u00f8dderne \u00e5ret rundt            <\/h2>\n            <div class=\"contentImageTwoColumns contentImageTwoColumns__text contentImageTwoColumns__text--short\" style=\"color: #ffffff\">\n                                    <p>Guiden Andr\u00e9 tilbyder b\u00e5de almindelige vandreture og mere udfordrende vandringer med snesko p\u00e5 f\u00f8dderne, som giver dig mulighed for at udforske mosens vilde natur \u00e5ret rundt. Med over 40 kilometer &#8230;                    <button type=\"button\" class=\"contentImageTwoColumns contentImageTwoColumns__readMoreLess\">\n                        L\u00e6s mere +                    <\/button>\n                            <\/div>\n            <div class=\"contentImageTwoColumns contentImageTwoColumns__text contentImageTwoColumns__text--full\" style=\"color: #ffffff\">\n                <p>Guiden Andr\u00e9 tilbyder b\u00e5de almindelige vandreture og mere udfordrende vandringer med snesko p\u00e5 f\u00f8dderne, som giver dig mulighed for at udforske mosens vilde natur \u00e5ret rundt. Med over 40 kilometer vandrestier f\u00e5r du et dybt indblik i omr\u00e5dets rige flora og fauna, alt sammen under ledelse af en vidende og passioneret guide.<\/p>\n<p>Store Mosse, Sveriges st\u00f8rste moseomr\u00e5de syd for Lapland, byder p\u00e5 et fascinerende landskab og et rigt dyreliv. Uanset om du er nybegynder eller erfaren vandrer, vil Andr\u00e9 tilpasse turen til dine foruds\u00e6tninger. Book din vandretur, og oplev Sm\u00e5lands natur p\u00e5 en helt ny m\u00e5de.<\/p>\n                <button type=\"button\" class=\"contentImageTwoColumns contentImageTwoColumns__readMoreLess\">\n                    L\u00e6s mindre &#8211;                <\/button>\n            <\/div>\n                        <div class=\"wp-block-buttons is-layout-flex wp-block-buttons-is-layout-flex\">\n                <div class=\"wp-block-button \">\n                    <a aria-label=\"storemossevandrarhem.se\/en\" class=\"wp-block-button__link wp-element-button\" href=\"https:\/\/storemossevandrarhem.se\/english\/guided_tours\/\" style=\"background-color: #f4f2eb; color: #000000;border: solid 1px #f4f2eb\">\n                        storemossevandrarhem.se\/en                    <\/a>\n                <\/div>\n            <\/div>\n                                <\/div>\n        <div class=\"contentImageTwoColumns contentImageTwoColumns__imageWrapper\">\n            <img loading=\"lazy\" decoding=\"async\" width=\"1024\" height=\"740\" src=\"https:\/\/www.visitsmaland.se\/wp-content\/uploads\/2024\/04\/TD-SWEDEN-Storemosse-20-1024x740.jpg\" class=\"attachment-grid-card-images size-grid-card-images\" alt=\"\" \/>        <\/div>\n    <\/div>\n<\/div>\n\n\n  \n<div class=\"featuredTwoColumns featuredTwoColumns__wrapper\">\n    <div class=\"featuredTwoColumns featuredTwoColumns__container\">  \n            <div class=\"featuredTwoColumns featuredTwoColumns__feturedWrapper\">\n            <a aria-label=\"Nationalparker i Sm\u00e5land\" href=\"https:\/\/www.visitsmaland.se\/dk\/opdag\/nationalparker-i-smaaland\/\"class=\"featuredTwoColumns featuredTwoColumns__imageWrapper\">\n                <img loading=\"lazy\" decoding=\"async\" width=\"1024\" height=\"740\" src=\"https:\/\/www.visitsmaland.se\/wp-content\/uploads\/2024\/04\/TD-SWEDEN-Storemosse-20-1024x740.jpg\" class=\"attachment-grid-card-images size-grid-card-images wp-post-image\" alt=\"\" \/>            <\/a>\n            <div class=\"featuredTwoColumns featuredTwoColumns__contentWrapper\">\n                <h2 class=\"featuredTwoColumns featuredTwoColumns__heading\">\n                    Nationalparker i Sm\u00e5land                <\/h2>\n                <p class=\"featuredTwoColumns featuredTwoColumns__description\">\n                    Nationalparker i Sm\u00e5land. Vil du opleve naturen hel\u2026                <\/p>\n                 \n                 \n                <div class=\"wp-block-buttons is-layout-flex wp-block-buttons-is-layout-flex\">\n                    <div class=\"wp-block-button \">\n                        <a aria-label=\"Nationalparker i Sm\u00e5land\"class=\"wp-block-button__link wp-element-button\" href=\"https:\/\/www.visitsmaland.se\/dk\/opdag\/nationalparker-i-smaaland\/\">\n                            Opdag                       \n                         <\/a>\n                    <\/div>\n                <\/div>\n            <\/div>\n        <\/div>\n                <div class=\"featuredTwoColumns featuredTwoColumns__feturedWrapper\">\n            <a aria-label=\"Vandring i Sm\u00e5land\" href=\"https:\/\/www.visitsmaland.se\/dk\/opdag\/vandre-i-smaaland\/\"class=\"featuredTwoColumns featuredTwoColumns__imageWrapper\">\n                <img loading=\"lazy\" decoding=\"async\" width=\"1024\" height=\"682\" src=\"https:\/\/www.visitsmaland.se\/wp-content\/uploads\/2020\/06\/vandring.jpg\" class=\"attachment-grid-card-images size-grid-card-images wp-post-image\" alt=\"Zwei M\u00e4nner wandern durch den gr\u00fcnen Wald.\" srcset=\"https:\/\/www.visitsmaland.se\/wp-content\/uploads\/2020\/06\/vandring.jpg 2000w, https:\/\/www.visitsmaland.se\/wp-content\/uploads\/2020\/06\/vandring-300x200.jpg 300w, https:\/\/www.visitsmaland.se\/wp-content\/uploads\/2020\/06\/vandring-1024x682.jpg 1024w, https:\/\/www.visitsmaland.se\/wp-content\/uploads\/2020\/06\/vandring-768x512.jpg 768w, https:\/\/www.visitsmaland.se\/wp-content\/uploads\/2020\/06\/vandring-120x80.jpg 120w, https:\/\/www.visitsmaland.se\/wp-content\/uploads\/2020\/06\/vandring-1536x1024.jpg 1536w, https:\/\/www.visitsmaland.se\/wp-content\/uploads\/2020\/06\/vandring-600x400.jpg 600w\" sizes=\"(max-width: 1024px) 100vw, 1024px\" \/>            <\/a>\n            <div class=\"featuredTwoColumns featuredTwoColumns__contentWrapper\">\n                <h2 class=\"featuredTwoColumns featuredTwoColumns__heading\">\n                    Vandring i Sm\u00e5land                <\/h2>\n                <p class=\"featuredTwoColumns featuredTwoColumns__description\">\n                    Vandre i Sm\u00e5land. Pak rygs\u00e6kken og sn\u00f8r vandrest\u00f8vl\u2026                <\/p>\n                 \n                 \n                <div class=\"wp-block-buttons is-layout-flex wp-block-buttons-is-layout-flex\">\n                    <div class=\"wp-block-button \">\n                        <a aria-label=\"Vandring i Sm\u00e5land\"class=\"wp-block-button__link wp-element-button\" href=\"https:\/\/www.visitsmaland.se\/dk\/opdag\/vandre-i-smaaland\/\">\n                            Opdag                       \n                         <\/a>\n                    <\/div>\n                <\/div>\n            <\/div>\n        <\/div>\n            <\/div>\n<\/div>\n\n\n<div class=\"dynamicContentTwoColumns dynamicContentTwoColumns__wrapper\">\n    <div class=\"dynamicContentTwoColumns dynamicContentTwoColumns__container\">\n                                    <h3 class=\"dynamicContentTwoColumns dynamicContentTwoColumns__heading\">\n                    Vandre eller cykle i emigranternes fodspor                <\/h3>\n                                                <div class=\"dynamicContentTwoColumns dynamicContentTwoColumns__text\">\n                    <p><p>Man b\u00e5de vandre og cykle i Vilhelm Mobergs fodspor p\u00e5 Utvandrarleden. Det er en cirka 110 km lang rundtur med b\u00e5de enklere overnatningsmuligheder og vandrerhjem. Korr\u00f6 med hotel og restaurant er et godt udgangspunkt for b\u00e5de cykelturen og vandreturen. Vandringen g\u00e5r gennem skove og enge, forbi \u00f8deg\u00e5rde og steng\u00e6rder, for det meste p\u00e5 skovveje og stier. Det er Sm\u00e5lands oprindelige og traditionelle landskab du oplever p\u00e5 vejen. Hvis du kender de svenske romanklassiker af Vilhelm Moberg, vil ogs\u00e5 genkende stederne fra fort\u00e6llingerne, n\u00e5r ruten g\u00e5r gennem f.eks. Ljuder, \u00c5kerby og Duvem\u00e5la.<\/p>\n<p>\n                <\/div>\n                                                <div class=\"wp-block-buttons is-layout-flex wp-block-buttons-is-layout-flex\">\n                    <div class=\"wp-block-button\">\n                        <a aria-label=\"L\u00e6s mere \" class=\"wp-block-button__link wp-element-button dynamicContentTwoColumns dynamicContentTwoColumns__ctaButton\" href=\"https:\/\/www.utvandrarleden.se\/start-en.html\">\n                            utvandrarleden.se                        <\/a>\n                    <\/div>\n                <\/div>\n                                                <div class=\"dynamicContentTwoColumns dynamicContentTwoColumns__imageWrapper\">\n                    <img loading=\"lazy\" decoding=\"async\" width=\"500\" height=\"333\" src=\"https:\/\/www.visitsmaland.se\/wp-content\/uploads\/2024\/09\/utvandrarleden-scaled.jpg\" class=\"attachment-500x500 size-500x500\" alt=\"\" srcset=\"https:\/\/www.visitsmaland.se\/wp-content\/uploads\/2024\/09\/utvandrarleden-scaled.jpg 2560w, https:\/\/www.visitsmaland.se\/wp-content\/uploads\/2024\/09\/utvandrarleden-300x200.jpg 300w, https:\/\/www.visitsmaland.se\/wp-content\/uploads\/2024\/09\/utvandrarleden-1024x683.jpg 1024w, https:\/\/www.visitsmaland.se\/wp-content\/uploads\/2024\/09\/utvandrarleden-768x512.jpg 768w, https:\/\/www.visitsmaland.se\/wp-content\/uploads\/2024\/09\/utvandrarleden-1536x1024.jpg 1536w, https:\/\/www.visitsmaland.se\/wp-content\/uploads\/2024\/09\/utvandrarleden-2048x1365.jpg 2048w\" sizes=\"(max-width: 500px) 100vw, 500px\" \/>                <\/div>\n                                                <h3 class=\"dynamicContentTwoColumns dynamicContentTwoColumns__heading\">\n                    Udforsk Skurugata et dramatisk klippelandskab                 <\/h3>\n                                                <div class=\"dynamicContentTwoColumns dynamicContentTwoColumns__text\">\n                    <p><p>Den spektakul\u00e6re Skurugata er en 800 meter lange forkastningsrevne uden for Eksj\u00f6, et af Sydsveriges mest fascinerende naturf\u00e6nomener. Tag en vandretur gennem den dramatiske revne, hvor klippev\u00e6ggene rejser sig op til 35 meter, og klatr over de store stenblokke. Langs stien kan du ogs\u00e5 g\u00e5 op til Skuruhatt, et udsigtspunkt, der giver en betagende udsigt over landskabet. Vandreturen gennem Skurugata tager cirka en time og er et sp\u00e6ndende eventyr for alle naturelskere. Robuste sko med gode s\u00e5ler anbefales for at klare det kuperede terr\u00e6n. Skurugata er en oplevelse i et dramatisk landskab, man ikke m\u00e5 g\u00e5 glip af. <\/p>\n<p>\n                <\/div>\n                                                <div class=\"wp-block-buttons is-layout-flex wp-block-buttons-is-layout-flex\">\n                    <div class=\"wp-block-button\">\n                        <a aria-label=\"L\u00e6s mere \" class=\"wp-block-button__link wp-element-button dynamicContentTwoColumns dynamicContentTwoColumns__ctaButton\" href=\"https:\/\/www.visiteksjo.se\/artikelarkiv\/upplev\/skurugataochskuruhatt.5.52f320d9162c6473730178e9.html\">\n                            visiteksjo.se                        <\/a>\n                    <\/div>\n                <\/div>\n                                                <div class=\"dynamicContentTwoColumns dynamicContentTwoColumns__imageWrapper\">\n                    <img loading=\"lazy\" decoding=\"async\" width=\"500\" height=\"333\" src=\"https:\/\/www.visitsmaland.se\/wp-content\/uploads\/2023\/05\/DAYFOTOGRAFI-ST-SKURUGATA-153-webb.jpg\" class=\"attachment-500x500 size-500x500\" alt=\"M\u00e4nniskor i grupp som g\u00e5r l\u00e4ngs med f\u00f6rkastningsskrevan\" srcset=\"https:\/\/www.visitsmaland.se\/wp-content\/uploads\/2023\/05\/DAYFOTOGRAFI-ST-SKURUGATA-153-webb.jpg 2000w, https:\/\/www.visitsmaland.se\/wp-content\/uploads\/2023\/05\/DAYFOTOGRAFI-ST-SKURUGATA-153-webb-300x200.jpg 300w, https:\/\/www.visitsmaland.se\/wp-content\/uploads\/2023\/05\/DAYFOTOGRAFI-ST-SKURUGATA-153-webb-1024x682.jpg 1024w, https:\/\/www.visitsmaland.se\/wp-content\/uploads\/2023\/05\/DAYFOTOGRAFI-ST-SKURUGATA-153-webb-768x512.jpg 768w, https:\/\/www.visitsmaland.se\/wp-content\/uploads\/2023\/05\/DAYFOTOGRAFI-ST-SKURUGATA-153-webb-1536x1024.jpg 1536w\" sizes=\"(max-width: 500px) 100vw, 500px\" \/>                <\/div>\n                        <\/div>\n<\/div>\n\n\n  \n<div class=\"featuredTwoColumns featuredTwoColumns__wrapper\">\n    <div class=\"featuredTwoColumns featuredTwoColumns__container\">  \n            <div class=\"featuredTwoColumns featuredTwoColumns__feturedWrapper\">\n            <a aria-label=\"Kulturoplevelser i Sm\u00e5land\" href=\"https:\/\/www.visitsmaland.se\/dk\/opdag\/kulturoplevelser-i-smaaland\/\"class=\"featuredTwoColumns featuredTwoColumns__imageWrapper\">\n                <img loading=\"lazy\" decoding=\"async\" width=\"1024\" height=\"740\" src=\"https:\/\/www.visitsmaland.se\/wp-content\/uploads\/2024\/04\/Fotograf-Mathias-Stalsbo-2-1024x740.jpg\" class=\"attachment-grid-card-images size-grid-card-images wp-post-image\" alt=\"\" \/>            <\/a>\n            <div class=\"featuredTwoColumns featuredTwoColumns__contentWrapper\">\n                <h2 class=\"featuredTwoColumns featuredTwoColumns__heading\">\n                    Kulturoplevelser i Sm\u00e5land                <\/h2>\n                <p class=\"featuredTwoColumns featuredTwoColumns__description\">\n                    Sm\u00e5land og \u00d8land er rige p\u00e5 kulturoplevelser. Her k\u2026                <\/p>\n                 \n                 \n                <div class=\"wp-block-buttons is-layout-flex wp-block-buttons-is-layout-flex\">\n                    <div class=\"wp-block-button \">\n                        <a aria-label=\"Kulturoplevelser i Sm\u00e5land\"class=\"wp-block-button__link wp-element-button\" href=\"https:\/\/www.visitsmaland.se\/dk\/opdag\/kulturoplevelser-i-smaaland\/\">\n                            Opdag                       \n                         <\/a>\n                    <\/div>\n                <\/div>\n            <\/div>\n        <\/div>\n                <div class=\"featuredTwoColumns featuredTwoColumns__feturedWrapper\">\n            <a aria-label=\"Weekend i Sm\u00e5land\" href=\"https:\/\/www.visitsmaland.se\/dk\/opdag\/weekend-i-smaaland\/\"class=\"featuredTwoColumns featuredTwoColumns__imageWrapper\">\n                <img loading=\"lazy\" decoding=\"async\" width=\"1024\" height=\"740\" src=\"https:\/\/www.visitsmaland.se\/wp-content\/uploads\/2024\/09\/Vastervik-sommar-2025-26-1024x740.jpg\" class=\"attachment-grid-card-images size-grid-card-images wp-post-image\" alt=\"\" \/>            <\/a>\n            <div class=\"featuredTwoColumns featuredTwoColumns__contentWrapper\">\n                <h2 class=\"featuredTwoColumns featuredTwoColumns__heading\">\n                    Weekend i Sm\u00e5land                <\/h2>\n                <p class=\"featuredTwoColumns featuredTwoColumns__description\">\n                    Kunne du bruge en afslappende weekend i lige nu? La\u2026                <\/p>\n                 \n                 \n                <div class=\"wp-block-buttons is-layout-flex wp-block-buttons-is-layout-flex\">\n                    <div class=\"wp-block-button \">\n                        <a aria-label=\"Weekend i Sm\u00e5land\"class=\"wp-block-button__link wp-element-button\" href=\"https:\/\/www.visitsmaland.se\/dk\/opdag\/weekend-i-smaaland\/\">\n                            Opdag                       \n                         <\/a>\n                    <\/div>\n                <\/div>\n            <\/div>\n        <\/div>\n            <\/div>\n<\/div>\n","protected":false},"excerpt":{"rendered":"<p>Kom og udforsk Sm\u00e5lands varierede natur med b\u00e5de skove, bjerge og s\u00f8er. Vi byder p\u00e5 Europas l\u00e6ngste Zipline, cykling p\u00e5 eventyrlige grusveje forbi steder fra Astrid Lindgrens film, selvf\u00f8lgelig vandreture i dybe skove, og elge som gerne hilser. <\/p>\n","protected":false},"featured_media":43208,"parent":0,"menu_order":421,"template":"","tags":[],"land":[],"class_list":["post-54950","guide","type-guide","status-publish","has-post-thumbnail","hentry"],"acf":{"priority":""},"yoast_head":"<!-- This site is optimized with the Yoast SEO plugin v27.5 - https:\/\/yoast.com\/product\/yoast-seo-wordpress\/ -->\n<title>Outdoor i Sm\u00e5land | Visit Sm\u00e5land<\/title>\n<meta name=\"description\" content=\"Kom og udforsk Outdoor i Sm\u00e5land. Vi byder p\u00e5 Europas l\u00e6ngste Zipline, cykling p\u00e5 eventyrlige grusveje og selvf\u00f8lgelig vandreture i skove.\" \/>\n<meta name=\"robots\" content=\"index, follow, max-snippet:-1, max-image-preview:large, max-video-preview:-1\" \/>\n<link rel=\"canonical\" href=\"https:\/\/www.visitsmaland.se\/dk\/opdag\/outdoor-i-smaaland\/\" \/>\n<meta property=\"og:locale\" content=\"da_DK\" \/>\n<meta property=\"og:type\" content=\"article\" \/>\n<meta property=\"og:title\" content=\"Outdoor i Sm\u00e5land | Visit Sm\u00e5land\" \/>\n<meta property=\"og:description\" content=\"Kom og udforsk Outdoor i Sm\u00e5land. Vi byder p\u00e5 Europas l\u00e6ngste Zipline, cykling p\u00e5 eventyrlige grusveje og selvf\u00f8lgelig vandreture i skove.\" \/>\n<meta property=\"og:url\" content=\"https:\/\/www.visitsmaland.se\/dk\/opdag\/outdoor-i-smaaland\/\" \/>\n<meta property=\"og:site_name\" content=\"Visit Sm\u00e5land\" \/>\n<meta property=\"article:publisher\" content=\"https:\/\/www.facebook.com\/visitsmaland\/\" \/>\n<meta property=\"article:modified_time\" content=\"2026-03-04T12:52:45+00:00\" \/>\n<meta property=\"og:image\" content=\"https:\/\/www.visitsmaland.se\/wp-content\/uploads\/2024\/04\/dayfotografi-st-skurugata-257-37ff0c3d06410f92231740bc9e3fb22e-1800x1200-8.jpg\" \/>\n\t<meta property=\"og:image:width\" content=\"1800\" \/>\n\t<meta property=\"og:image:height\" content=\"1200\" \/>\n\t<meta property=\"og:image:type\" content=\"image\/jpeg\" \/>\n<meta name=\"twitter:card\" content=\"summary_large_image\" \/>\n<meta name=\"twitter:label1\" content=\"Estimeret l\u00e6setid\" \/>\n\t<meta name=\"twitter:data1\" content=\"8 minutter\" \/>\n<script type=\"application\/ld+json\" class=\"yoast-schema-graph\">{\"@context\":\"https:\\\/\\\/schema.org\",\"@graph\":[{\"@type\":\"WebPage\",\"@id\":\"https:\\\/\\\/www.visitsmaland.se\\\/dk\\\/opdag\\\/outdoor-i-smaaland\\\/\",\"url\":\"https:\\\/\\\/www.visitsmaland.se\\\/dk\\\/opdag\\\/outdoor-i-smaaland\\\/\",\"name\":\"Outdoor i Sm\u00e5land | Visit Sm\u00e5land\",\"isPartOf\":{\"@id\":\"https:\\\/\\\/www.visitsmaland.se\\\/dk\\\/#website\"},\"primaryImageOfPage\":{\"@id\":\"https:\\\/\\\/www.visitsmaland.se\\\/dk\\\/opdag\\\/outdoor-i-smaaland\\\/#primaryimage\"},\"image\":{\"@id\":\"https:\\\/\\\/www.visitsmaland.se\\\/dk\\\/opdag\\\/outdoor-i-smaaland\\\/#primaryimage\"},\"thumbnailUrl\":\"https:\\\/\\\/www.visitsmaland.se\\\/wp-content\\\/uploads\\\/2024\\\/04\\\/dayfotografi-st-skurugata-257-37ff0c3d06410f92231740bc9e3fb22e-1800x1200-8.jpg\",\"datePublished\":\"2024-09-11T15:03:23+00:00\",\"dateModified\":\"2026-03-04T12:52:45+00:00\",\"description\":\"Kom og udforsk Outdoor i Sm\u00e5land. Vi byder p\u00e5 Europas l\u00e6ngste Zipline, cykling p\u00e5 eventyrlige grusveje og selvf\u00f8lgelig vandreture i skove.\",\"breadcrumb\":{\"@id\":\"https:\\\/\\\/www.visitsmaland.se\\\/dk\\\/opdag\\\/outdoor-i-smaaland\\\/#breadcrumb\"},\"inLanguage\":\"da-DK\",\"potentialAction\":[{\"@type\":\"ReadAction\",\"target\":[\"https:\\\/\\\/www.visitsmaland.se\\\/dk\\\/opdag\\\/outdoor-i-smaaland\\\/\"]}]},{\"@type\":\"ImageObject\",\"inLanguage\":\"da-DK\",\"@id\":\"https:\\\/\\\/www.visitsmaland.se\\\/dk\\\/opdag\\\/outdoor-i-smaaland\\\/#primaryimage\",\"url\":\"https:\\\/\\\/www.visitsmaland.se\\\/wp-content\\\/uploads\\\/2024\\\/04\\\/dayfotografi-st-skurugata-257-37ff0c3d06410f92231740bc9e3fb22e-1800x1200-8.jpg\",\"contentUrl\":\"https:\\\/\\\/www.visitsmaland.se\\\/wp-content\\\/uploads\\\/2024\\\/04\\\/dayfotografi-st-skurugata-257-37ff0c3d06410f92231740bc9e3fb22e-1800x1200-8.jpg\",\"width\":1800,\"height\":1200},{\"@type\":\"BreadcrumbList\",\"@id\":\"https:\\\/\\\/www.visitsmaland.se\\\/dk\\\/opdag\\\/outdoor-i-smaaland\\\/#breadcrumb\",\"itemListElement\":[{\"@type\":\"ListItem\",\"position\":1,\"name\":\"Forside\",\"item\":\"https:\\\/\\\/www.visitsmaland.se\\\/dk\\\/\"},{\"@type\":\"ListItem\",\"position\":2,\"name\":\"Outdoor i Sm\u00e5land\"}]},{\"@type\":\"WebSite\",\"@id\":\"https:\\\/\\\/www.visitsmaland.se\\\/dk\\\/#website\",\"url\":\"https:\\\/\\\/www.visitsmaland.se\\\/dk\\\/\",\"name\":\"Visit Sm\u00e5land\",\"description\":\"V\u00e4lkommen till Sm\u00e5land\",\"potentialAction\":[{\"@type\":\"SearchAction\",\"target\":{\"@type\":\"EntryPoint\",\"urlTemplate\":\"https:\\\/\\\/www.visitsmaland.se\\\/dk\\\/?s={search_term_string}\"},\"query-input\":{\"@type\":\"PropertyValueSpecification\",\"valueRequired\":true,\"valueName\":\"search_term_string\"}}],\"inLanguage\":\"da-DK\"}]}<\/script>\n<!-- \/ Yoast SEO plugin. -->","yoast_head_json":{"title":"Outdoor i Sm\u00e5land | Visit Sm\u00e5land","description":"Kom og udforsk Outdoor i Sm\u00e5land. Vi byder p\u00e5 Europas l\u00e6ngste Zipline, cykling p\u00e5 eventyrlige grusveje og selvf\u00f8lgelig vandreture i skove.","robots":{"index":"index","follow":"follow","max-snippet":"max-snippet:-1","max-image-preview":"max-image-preview:large","max-video-preview":"max-video-preview:-1"},"canonical":"https:\/\/www.visitsmaland.se\/dk\/opdag\/outdoor-i-smaaland\/","og_locale":"da_DK","og_type":"article","og_title":"Outdoor i Sm\u00e5land | Visit Sm\u00e5land","og_description":"Kom og udforsk Outdoor i Sm\u00e5land. Vi byder p\u00e5 Europas l\u00e6ngste Zipline, cykling p\u00e5 eventyrlige grusveje og selvf\u00f8lgelig vandreture i skove.","og_url":"https:\/\/www.visitsmaland.se\/dk\/opdag\/outdoor-i-smaaland\/","og_site_name":"Visit Sm\u00e5land","article_publisher":"https:\/\/www.facebook.com\/visitsmaland\/","article_modified_time":"2026-03-04T12:52:45+00:00","og_image":[{"width":1800,"height":1200,"url":"https:\/\/www.visitsmaland.se\/wp-content\/uploads\/2024\/04\/dayfotografi-st-skurugata-257-37ff0c3d06410f92231740bc9e3fb22e-1800x1200-8.jpg","type":"image\/jpeg"}],"twitter_card":"summary_large_image","twitter_misc":{"Estimeret l\u00e6setid":"8 minutter"},"schema":{"@context":"https:\/\/schema.org","@graph":[{"@type":"WebPage","@id":"https:\/\/www.visitsmaland.se\/dk\/opdag\/outdoor-i-smaaland\/","url":"https:\/\/www.visitsmaland.se\/dk\/opdag\/outdoor-i-smaaland\/","name":"Outdoor i Sm\u00e5land | Visit Sm\u00e5land","isPartOf":{"@id":"https:\/\/www.visitsmaland.se\/dk\/#website"},"primaryImageOfPage":{"@id":"https:\/\/www.visitsmaland.se\/dk\/opdag\/outdoor-i-smaaland\/#primaryimage"},"image":{"@id":"https:\/\/www.visitsmaland.se\/dk\/opdag\/outdoor-i-smaaland\/#primaryimage"},"thumbnailUrl":"https:\/\/www.visitsmaland.se\/wp-content\/uploads\/2024\/04\/dayfotografi-st-skurugata-257-37ff0c3d06410f92231740bc9e3fb22e-1800x1200-8.jpg","datePublished":"2024-09-11T15:03:23+00:00","dateModified":"2026-03-04T12:52:45+00:00","description":"Kom og udforsk Outdoor i Sm\u00e5land. Vi byder p\u00e5 Europas l\u00e6ngste Zipline, cykling p\u00e5 eventyrlige grusveje og selvf\u00f8lgelig vandreture i skove.","breadcrumb":{"@id":"https:\/\/www.visitsmaland.se\/dk\/opdag\/outdoor-i-smaaland\/#breadcrumb"},"inLanguage":"da-DK","potentialAction":[{"@type":"ReadAction","target":["https:\/\/www.visitsmaland.se\/dk\/opdag\/outdoor-i-smaaland\/"]}]},{"@type":"ImageObject","inLanguage":"da-DK","@id":"https:\/\/www.visitsmaland.se\/dk\/opdag\/outdoor-i-smaaland\/#primaryimage","url":"https:\/\/www.visitsmaland.se\/wp-content\/uploads\/2024\/04\/dayfotografi-st-skurugata-257-37ff0c3d06410f92231740bc9e3fb22e-1800x1200-8.jpg","contentUrl":"https:\/\/www.visitsmaland.se\/wp-content\/uploads\/2024\/04\/dayfotografi-st-skurugata-257-37ff0c3d06410f92231740bc9e3fb22e-1800x1200-8.jpg","width":1800,"height":1200},{"@type":"BreadcrumbList","@id":"https:\/\/www.visitsmaland.se\/dk\/opdag\/outdoor-i-smaaland\/#breadcrumb","itemListElement":[{"@type":"ListItem","position":1,"name":"Forside","item":"https:\/\/www.visitsmaland.se\/dk\/"},{"@type":"ListItem","position":2,"name":"Outdoor i Sm\u00e5land"}]},{"@type":"WebSite","@id":"https:\/\/www.visitsmaland.se\/dk\/#website","url":"https:\/\/www.visitsmaland.se\/dk\/","name":"Visit Sm\u00e5land","description":"V\u00e4lkommen till Sm\u00e5land","potentialAction":[{"@type":"SearchAction","target":{"@type":"EntryPoint","urlTemplate":"https:\/\/www.visitsmaland.se\/dk\/?s={search_term_string}"},"query-input":{"@type":"PropertyValueSpecification","valueRequired":true,"valueName":"search_term_string"}}],"inLanguage":"da-DK"}]}},"_links":{"self":[{"href":"https:\/\/www.visitsmaland.se\/dk\/wp-json\/wp\/v2\/guide\/54950","targetHints":{"allow":["GET"]}}],"collection":[{"href":"https:\/\/www.visitsmaland.se\/dk\/wp-json\/wp\/v2\/guide"}],"about":[{"href":"https:\/\/www.visitsmaland.se\/dk\/wp-json\/wp\/v2\/types\/guide"}],"version-history":[{"count":10,"href":"https:\/\/www.visitsmaland.se\/dk\/wp-json\/wp\/v2\/guide\/54950\/revisions"}],"predecessor-version":[{"id":90136,"href":"https:\/\/www.visitsmaland.se\/dk\/wp-json\/wp\/v2\/guide\/54950\/revisions\/90136"}],"wp:featuredmedia":[{"embeddable":true,"href":"https:\/\/www.visitsmaland.se\/dk\/wp-json\/wp\/v2\/media\/43208"}],"wp:attachment":[{"href":"https:\/\/www.visitsmaland.se\/dk\/wp-json\/wp\/v2\/media?parent=54950"}],"wp:term":[{"taxonomy":"post_tag","embeddable":true,"href":"https:\/\/www.visitsmaland.se\/dk\/wp-json\/wp\/v2\/tags?post=54950"},{"taxonomy":"land","embeddable":true,"href":"https:\/\/www.visitsmaland.se\/dk\/wp-json\/wp\/v2\/land?post=54950"}],"curies":[{"name":"wp","href":"https:\/\/api.w.org\/{rel}","templated":true}]}}