{"id":55163,"date":"2024-09-12T15:05:17","date_gmt":"2024-09-12T13:05:17","guid":{"rendered":"https:\/\/www.visitsmaland.se\/?post_type=guide&#038;p=55163"},"modified":"2026-03-04T12:16:01","modified_gmt":"2026-03-04T11:16:01","slug":"kulturoplevelser-i-smaaland","status":"publish","type":"guide","link":"https:\/\/www.visitsmaland.se\/dk\/opdag\/kulturoplevelser-i-smaaland\/","title":{"rendered":"Kulturoplevelser i Sm\u00e5land"},"content":{"rendered":"<div class=\"postHerosection postHerosection__wrapper\">\n    <div class=\"postHerosection postHerosection__container\">\n        <h1 class=\"postHerosection postHerosection__heroHeading\">\n            Kulturoplevelser i Sm\u00e5land        <\/h1>\n            <\/div>\n    <div class=\"postHerosection postHerosection__imageContainer\">\n        <img loading=\"lazy\" decoding=\"async\" width=\"2560\" height=\"1707\" src=\"https:\/\/www.visitsmaland.se\/wp-content\/uploads\/2024\/04\/Fotograf-Mathias-Stalsbo-2-scaled.jpg\" class=\"attachment-full size-full\" alt=\"\" srcset=\"https:\/\/www.visitsmaland.se\/wp-content\/uploads\/2024\/04\/Fotograf-Mathias-Stalsbo-2-scaled.jpg 2560w, https:\/\/www.visitsmaland.se\/wp-content\/uploads\/2024\/04\/Fotograf-Mathias-Stalsbo-2-300x200.jpg 300w, https:\/\/www.visitsmaland.se\/wp-content\/uploads\/2024\/04\/Fotograf-Mathias-Stalsbo-2-1024x683.jpg 1024w, https:\/\/www.visitsmaland.se\/wp-content\/uploads\/2024\/04\/Fotograf-Mathias-Stalsbo-2-768x512.jpg 768w, https:\/\/www.visitsmaland.se\/wp-content\/uploads\/2024\/04\/Fotograf-Mathias-Stalsbo-2-1536x1024.jpg 1536w, https:\/\/www.visitsmaland.se\/wp-content\/uploads\/2024\/04\/Fotograf-Mathias-Stalsbo-2-2048x1365.jpg 2048w\" sizes=\"(max-width: 2560px) 100vw, 2560px\" \/>    <\/div>\n<\/div>\n<div class=\"postHerosection postHerosection__breadcrumbs\">\n   <div class=\"postHerosection postHerosection__breadcrumbs-container\">\n        <p id=\"breadcrumbs\"><span><span><a href=\"https:\/\/www.visitsmaland.se\/dk\/\">Forside<\/a><\/span><\/span><\/p>    <\/div>\n<\/div>\n\n<div class=\"contentCta contentCta__wrapper\">\n    <div class=\"contentCta contentCta__container\">\n                    \t\t\t<div class=\"contentCta contentCta__text\" style=\"color: \">\n\t\t\t\t<p>Sm\u00e5land og \u00d8land er rige p\u00e5 kulturoplevelser. Her kan du bes\u00f8ge alt fra slotte og museer til h\u00e5ndv\u00e6rksbyer. Bliv en del af i den kendte b\u00f8rnebogsforfatter Astrid Lindgrens filmhistorie, se hvordan glas bliver til, eller oplev genkendelsens nostalgi p\u00e5 IKEA Museum.<\/p>\n\t\t\t<\/div>\n                <hr>\n            <\/div>\n<\/div>\n\n\n<div class=\"contentImageTwoColumns contentImageTwoColumns__wrapper\" style=\"background-color: #f4f2eb\">\n    <div class=\"contentImageTwoColumns contentImageTwoColumns__container \">\n        <div class=\"contentImageTwoColumns contentImageTwoColumns__contentWrapper\">\n            <h2 class=\"contentImageTwoColumns contentImageTwoColumns__heading\" style=\"color: \">\n                Kalmar Slot \u2013 et historisk m\u00f8dested med imponerende udstillinger            <\/h2>\n            <div class=\"contentImageTwoColumns contentImageTwoColumns__text contentImageTwoColumns__text--short\" style=\"color: \">\n                                    <p>Kalmar Slot p\u00e5 Sveriges \u00f8stkyst er et sted, hvor Sveriges og Danmarks historie m\u00f8des. Det imponerende slot har spillet en central rolle i en tid med konflikt og magtkamp mellem de to lande. Slottet&#8230;                    <button type=\"button\" class=\"contentImageTwoColumns contentImageTwoColumns__readMoreLess\">\n                        L\u00e6s mere +                    <\/button>\n                            <\/div>\n            <div class=\"contentImageTwoColumns contentImageTwoColumns__text contentImageTwoColumns__text--full\" style=\"color: \">\n                <p>Kalmar Slot p\u00e5 Sveriges \u00f8stkyst er et sted, hvor Sveriges og Danmarks historie m\u00f8des. Det imponerende slot har spillet en central rolle i en tid med konflikt og magtkamp mellem de to lande. Slottet blev bygget i det 12. \u00e5rhundrede som et forsvarst\u00e5rn. Under Kalmarunionen i 1390&#8217;erne blev slottet en vigtig plads i regionens politiske landskab med danske Margrete I p\u00e5 tronen.<\/p>\n<p>Du kan vandre gennem slottets sale, udforske udstillinger om slottets betydning under de svensk-danske konflikter og nyde den dejlige mad p\u00e5 slottets restaurant. For b\u00f8rn er der aktiviteter, hvor de kan opleve slottet p\u00e5 deres egen m\u00e5de og kl\u00e6des ud som prinser og prinsesser. Kalmar Slot byder p\u00e5 en unik blanding af historie, kultur og gastronomi.<\/p>\n                <button type=\"button\" class=\"contentImageTwoColumns contentImageTwoColumns__readMoreLess\">\n                    L\u00e6s mindre &#8211;                <\/button>\n            <\/div>\n                        <div class=\"wp-block-buttons is-layout-flex wp-block-buttons-is-layout-flex\">\n                <div class=\"wp-block-button arrow-white\">\n                    <a aria-label=\"kalmarslott.se\/en\" class=\"wp-block-button__link wp-element-button\" href=\"https:\/\/kalmarslott.se\/en\/\" style=\"background-color: #374632; color: #ffffff;border: solid 1px #374632\">\n                        kalmarslott.se\/en                    <\/a>\n                <\/div>\n            <\/div>\n                                <\/div>\n        <div class=\"contentImageTwoColumns contentImageTwoColumns__imageWrapper\">\n            <img loading=\"lazy\" decoding=\"async\" width=\"1024\" height=\"740\" src=\"https:\/\/www.visitsmaland.se\/wp-content\/uploads\/2024\/09\/ALEX3780-1024x740.jpg\" class=\"attachment-grid-card-images size-grid-card-images\" alt=\"\" \/>        <\/div>\n    <\/div>\n<\/div>\n\n\n<div class=\"contentImageTwoColumns contentImageTwoColumns__wrapper\" style=\"background-color: #374632\">\n    <div class=\"contentImageTwoColumns contentImageTwoColumns__container layout-reversed\">\n        <div class=\"contentImageTwoColumns contentImageTwoColumns__contentWrapper\">\n            <h2 class=\"contentImageTwoColumns contentImageTwoColumns__heading\" style=\"color: #ffffff\">\n                Glasriget gl\u00f8der hele \u00e5ret rundt og is\u00e6r             <\/h2>\n            <div class=\"contentImageTwoColumns contentImageTwoColumns__text contentImageTwoColumns__text--short\" style=\"color: #ffffff\">\n                                    <p>Et perfekt udflugtsm\u00e5l, i det k\u00f8ligere efter\u00e5r, er at tage til Sm\u00e5lands Glasrige og tr\u00e6de ind i de forskellige glaspusterier, hvor ovnene gl\u00f8der hele \u00e5ret rundt. Se de dygtige glaspustere forme den&#8230;                    <button type=\"button\" class=\"contentImageTwoColumns contentImageTwoColumns__readMoreLess\">\n                        L\u00e6s mere +                    <\/button>\n                            <\/div>\n            <div class=\"contentImageTwoColumns contentImageTwoColumns__text contentImageTwoColumns__text--full\" style=\"color: #ffffff\">\n                <p>Et perfekt udflugtsm\u00e5l, i det k\u00f8ligere efter\u00e5r, er at tage til Sm\u00e5lands Glasrige og tr\u00e6de ind i de forskellige glaspusterier, hvor ovnene gl\u00f8der hele \u00e5ret rundt. Se de dygtige glaspustere forme den gl\u00f8dende glasmasse til funklende glasgenstande. I weekenden 18.-20. oktober lyser Glasriget ekstra meget op. Her er der mesterskaber i glaspustning, shows og meget andet. P\u00e5 nogle glaspusterier kan du endda selv pr\u00f8ve at puste glas og f\u00e5 et selvlavet v\u00e6rk med hjem efter et par timer. Man kan selvf\u00f8lgelig ogs\u00e5 k\u00f8be glas til gode priser i glasv\u00e6rkernes forretninger.<\/p>\n                <button type=\"button\" class=\"contentImageTwoColumns contentImageTwoColumns__readMoreLess\">\n                    L\u00e6s mindre &#8211;                <\/button>\n            <\/div>\n                        <div class=\"wp-block-buttons is-layout-flex wp-block-buttons-is-layout-flex\">\n                <div class=\"wp-block-button \">\n                    <a aria-label=\"glasriket.se\" class=\"wp-block-button__link wp-element-button\" href=\"https:\/\/glasriket.se\/\" style=\"background-color: #f4f2eb; color: #000000;border: solid 1px #f4f2eb\">\n                        glasriket.se                    <\/a>\n                <\/div>\n            <\/div>\n                                <\/div>\n        <div class=\"contentImageTwoColumns contentImageTwoColumns__imageWrapper\">\n            <img loading=\"lazy\" decoding=\"async\" width=\"1024\" height=\"740\" src=\"https:\/\/www.visitsmaland.se\/wp-content\/uploads\/2024\/09\/Glasriket_HI-1-1024x740.jpg\" class=\"attachment-grid-card-images size-grid-card-images\" alt=\"\" \/>        <\/div>\n    <\/div>\n<\/div>\n\n\n<div class=\"dynamicContentTwoColumns dynamicContentTwoColumns__wrapper\">\n    <div class=\"dynamicContentTwoColumns dynamicContentTwoColumns__container\">\n                                    <h3 class=\"dynamicContentTwoColumns dynamicContentTwoColumns__heading\">\n                    Sm\u00e5lands magiske verden venter p\u00e5 dig                <\/h3>\n                                                <div class=\"dynamicContentTwoColumns dynamicContentTwoColumns__text\">\n                    <p><p>I det sydlige Sm\u00e5land finder du Sagobygden, oversat til dansk Eventyregnen. Omr\u00e5det har en lang tradition for eventyr, sagn og historier, der er g\u00e5et fra mund til mund siden tidernes morgen. Start p\u00e5 Sagamuseet i Ljungby, som fx er \u00e5bent i den danske efter\u00e5rsferie og har guidede ture p\u00e5 dansk. Her f\u00e5r du den n\u00f8dvendige viden, s\u00e5 du efterf\u00f8lgende kan g\u00e5 ud og lede efter sagnsteder med kort, app eller geocaching. En sp\u00e6ndende rejse tilbage i tiden, hvor man kommer helt t\u00e6t p\u00e5 natur, kultur og legegl\u00e6de i Sm\u00e5land. Ljungby ligger ved motorvej E4 &#8211; kun to timer fra Helsing\u00f8r. L\u00e6ngere er der ikke til eventyrlandet! Sjovt for b\u00e5de unge og gamle.<\/p>\n<p>\n                <\/div>\n                                                <div class=\"wp-block-buttons is-layout-flex wp-block-buttons-is-layout-flex\">\n                    <div class=\"wp-block-button\">\n                        <a aria-label=\"L\u00e6s mere \" class=\"wp-block-button__link wp-element-button dynamicContentTwoColumns dynamicContentTwoColumns__ctaButton\" href=\"https:\/\/sagobygden.se\/en\/\">\n                            sagobygden.se\/en                        <\/a>\n                    <\/div>\n                <\/div>\n                                                <div class=\"dynamicContentTwoColumns dynamicContentTwoColumns__imageWrapper\">\n                    <img loading=\"lazy\" decoding=\"async\" width=\"500\" height=\"333\" src=\"https:\/\/www.visitsmaland.se\/wp-content\/uploads\/2024\/09\/ALEX4374_MediumResolution150dpi80Quality-scaled.jpg\" class=\"attachment-500x500 size-500x500\" alt=\"\" srcset=\"https:\/\/www.visitsmaland.se\/wp-content\/uploads\/2024\/09\/ALEX4374_MediumResolution150dpi80Quality-scaled.jpg 2560w, https:\/\/www.visitsmaland.se\/wp-content\/uploads\/2024\/09\/ALEX4374_MediumResolution150dpi80Quality-300x200.jpg 300w, https:\/\/www.visitsmaland.se\/wp-content\/uploads\/2024\/09\/ALEX4374_MediumResolution150dpi80Quality-1024x683.jpg 1024w, https:\/\/www.visitsmaland.se\/wp-content\/uploads\/2024\/09\/ALEX4374_MediumResolution150dpi80Quality-768x512.jpg 768w, https:\/\/www.visitsmaland.se\/wp-content\/uploads\/2024\/09\/ALEX4374_MediumResolution150dpi80Quality-1536x1024.jpg 1536w, https:\/\/www.visitsmaland.se\/wp-content\/uploads\/2024\/09\/ALEX4374_MediumResolution150dpi80Quality-2048x1365.jpg 2048w\" sizes=\"(max-width: 500px) 100vw, 500px\" \/>                <\/div>\n                                                <h3 class=\"dynamicContentTwoColumns dynamicContentTwoColumns__heading\">\n                    Tr\u00e6d ind i Astrid Lindgrens magiske filmverden p\u00e5 Filmbyn Sm\u00e5land                <\/h3>\n                                                <div class=\"dynamicContentTwoColumns dynamicContentTwoColumns__text\">\n                    <p><p>Oplev gl\u00e6den ved Astrid Lindgrens elskede film p\u00e5 en helt ny m\u00e5de. Tr\u00e6d ind i Pippis k\u00f8kken, lav din egen film i Mattisborgen eller snit en tr\u00e6figur i Snickarboden som Emil. Pr\u00f8v digitale eventyr som at hejse din s\u00f8ster op i flagstangen eller springe over Helvedesgabet. I Filmbyn Sm\u00e5land bliver filmens verden til virkelighed for b\u00e5de store og sm\u00e5.<\/p>\n<p>Afslut dit bes\u00f8g med en smagsoplevelse i k\u00f8dbolle-restauranten, hvor vi serverer klassiske svenske retter med lokale sm\u00e5landske r\u00e5varer. Og glem ikke at tage et kig i vores butik med Astrid Lindgren-tema. Velkommen til en verden af film og fantasi. <\/p>\n<p>\n                <\/div>\n                                                <div class=\"wp-block-buttons is-layout-flex wp-block-buttons-is-layout-flex\">\n                    <div class=\"wp-block-button\">\n                        <a aria-label=\"L\u00e6s mere \" class=\"wp-block-button__link wp-element-button dynamicContentTwoColumns dynamicContentTwoColumns__ctaButton\" href=\"https:\/\/filmbyn.se\/en\/\">\n                            filmbyn.se\/en                        <\/a>\n                    <\/div>\n                <\/div>\n                                                <div class=\"dynamicContentTwoColumns dynamicContentTwoColumns__imageWrapper\">\n                    <img loading=\"lazy\" decoding=\"async\" width=\"500\" height=\"334\" src=\"https:\/\/www.visitsmaland.se\/wp-content\/uploads\/2024\/09\/ALEX6205-scaled.jpg\" class=\"attachment-500x500 size-500x500\" alt=\"\" srcset=\"https:\/\/www.visitsmaland.se\/wp-content\/uploads\/2024\/09\/ALEX6205-scaled.jpg 2560w, https:\/\/www.visitsmaland.se\/wp-content\/uploads\/2024\/09\/ALEX6205-300x200.jpg 300w, https:\/\/www.visitsmaland.se\/wp-content\/uploads\/2024\/09\/ALEX6205-1024x683.jpg 1024w, https:\/\/www.visitsmaland.se\/wp-content\/uploads\/2024\/09\/ALEX6205-768x512.jpg 768w, https:\/\/www.visitsmaland.se\/wp-content\/uploads\/2024\/09\/ALEX6205-1536x1025.jpg 1536w, https:\/\/www.visitsmaland.se\/wp-content\/uploads\/2024\/09\/ALEX6205-2048x1366.jpg 2048w\" sizes=\"(max-width: 500px) 100vw, 500px\" \/>                <\/div>\n                        <\/div>\n<\/div>\n\n\n<div class=\"contentImageTwoColumns contentImageTwoColumns__wrapper\" style=\"background-color: #374632\">\n    <div class=\"contentImageTwoColumns contentImageTwoColumns__container \">\n        <div class=\"contentImageTwoColumns contentImageTwoColumns__contentWrapper\">\n            <h2 class=\"contentImageTwoColumns contentImageTwoColumns__heading\" style=\"color: #ffffff\">\n                 Kunst og design p\u00e5 Vandalorum &#8211; en smuk oplevelse            <\/h2>\n            <div class=\"contentImageTwoColumns contentImageTwoColumns__text contentImageTwoColumns__text--short\" style=\"color: #ffffff\">\n                                    <p>Vandalorum, der ligger i udkanten af V\u00e4rnamo, er et kunst- og designmuseum i verdensklasse, hvor samtidskunst og design konstant tager nye udtryk. Museets bygninger, som er designet af den italiens&#8230;                    <button type=\"button\" class=\"contentImageTwoColumns contentImageTwoColumns__readMoreLess\">\n                        L\u00e6s mere +                    <\/button>\n                            <\/div>\n            <div class=\"contentImageTwoColumns contentImageTwoColumns__text contentImageTwoColumns__text--full\" style=\"color: #ffffff\">\n                <p>Vandalorum, der ligger i udkanten af V\u00e4rnamo, er et kunst- og designmuseum i verdensklasse, hvor samtidskunst og design konstant tager nye udtryk. Museets bygninger, som er designet af den italienske arkitekt Renzo Piano, skaber en stemningsfuld ramme om udstillinger af svenske og internationale kunstnere. Oplev Piet Oudolfs storsl\u00e5ede have, som skifter karakter hele \u00e5ret rundt.<\/p>\n<p>Tag en pause i den prisvindende restaurant, eller g\u00e5 p\u00e5 opdagelse i museumsbutikken med dens omhyggeligt udvalgte designs. Vandalorum &#8211; en oase for b\u00e5de \u00f8jne og smagsl\u00f8g!<\/p>\n                <button type=\"button\" class=\"contentImageTwoColumns contentImageTwoColumns__readMoreLess\">\n                    L\u00e6s mindre &#8211;                <\/button>\n            <\/div>\n                        <div class=\"wp-block-buttons is-layout-flex wp-block-buttons-is-layout-flex\">\n                <div class=\"wp-block-button \">\n                    <a aria-label=\"vandalorum.se\/en\" class=\"wp-block-button__link wp-element-button\" href=\"https:\/\/www.vandalorum.se\/en\" style=\"background-color: #f4f2eb; color: #000000;border: solid 1px #f4f2eb\">\n                        vandalorum.se\/en                    <\/a>\n                <\/div>\n            <\/div>\n                                <\/div>\n        <div class=\"contentImageTwoColumns contentImageTwoColumns__imageWrapper\">\n            <img loading=\"lazy\" decoding=\"async\" width=\"1024\" height=\"740\" src=\"https:\/\/www.visitsmaland.se\/wp-content\/uploads\/2024\/09\/Piet-Oudolfs-tradgard-pa-Vandalorum-2023-1-1024x740.jpg\" class=\"attachment-grid-card-images size-grid-card-images\" alt=\"\" \/>        <\/div>\n    <\/div>\n<\/div>\n\n\n<div class=\"contentImageTwoColumns contentImageTwoColumns__wrapper\" style=\"background-color: #f4f2eb\">\n    <div class=\"contentImageTwoColumns contentImageTwoColumns__container layout-reversed\">\n        <div class=\"contentImageTwoColumns contentImageTwoColumns__contentWrapper\">\n            <h2 class=\"contentImageTwoColumns contentImageTwoColumns__heading\" style=\"color: \">\n                Verdens eneste IKEA-museum og IKEA-hotel            <\/h2>\n            <div class=\"contentImageTwoColumns contentImageTwoColumns__text contentImageTwoColumns__text--short\" style=\"color: \">\n                                    <p>I \u00c4lmhult, IKEA&#8217;s hjemby, finder du verdens eneste IKEA Museum og IKEA Hotel. Museet ligger i de lokaler, hvor IKEA&#8217;s f\u00f8rste varehus \u00e5bnede i 1958, og beskriver virksomhedens historie f&#8230;                    <button type=\"button\" class=\"contentImageTwoColumns contentImageTwoColumns__readMoreLess\">\n                        L\u00e6s mere +                    <\/button>\n                            <\/div>\n            <div class=\"contentImageTwoColumns contentImageTwoColumns__text contentImageTwoColumns__text--full\" style=\"color: \">\n                <p>I \u00c4lmhult, IKEA&#8217;s hjemby, finder du verdens eneste IKEA Museum og IKEA Hotel. Museet ligger i de lokaler, hvor IKEA&#8217;s f\u00f8rste varehus \u00e5bnede i 1958, og beskriver virksomhedens historie fra dens r\u00f8dder i Sm\u00e5land til den globale boligindretningsk\u00e6mpe, det er blevet til i dag. Med hundredvis af historier om nyt\u00e6nkning og mindev\u00e6rdige, ikoniske produkter er udstillingerne interaktive og sjove for b\u00e5de unge og gamle. Ved siden af ligger IKEA Hotellet, som fejrer 60-\u00e5rs jubil\u00e6um, og som tilbyder en hjemlig stemning med god mad fra Sm\u00e5land og prisvenlige v\u00e6relser indrettet med IKEA-m\u00f8bler. Motel IKEA \u00e5bnede i 1964 med inspiration fra USA. I dag har hotellet 250 v\u00e6relser, som er perfekte til bes\u00f8gende, der \u00f8nsker en god nats s\u00f8vn til en god pris.<\/p>\n                <button type=\"button\" class=\"contentImageTwoColumns contentImageTwoColumns__readMoreLess\">\n                    L\u00e6s mindre &#8211;                <\/button>\n            <\/div>\n                        <div class=\"wp-block-buttons is-layout-flex wp-block-buttons-is-layout-flex\">\n                <div class=\"wp-block-button arrow-white\">\n                    <a aria-label=\"ikeamuseum.com\" class=\"wp-block-button__link wp-element-button\" href=\"https:\/\/ikeamuseum.com\/en\/\" style=\"background-color: #374632; color: #ffffff;border: solid 1px #374632\">\n                        ikeamuseum.com                    <\/a>\n                <\/div>\n            <\/div>\n                                <\/div>\n        <div class=\"contentImageTwoColumns contentImageTwoColumns__imageWrapper\">\n            <img loading=\"lazy\" decoding=\"async\" width=\"1024\" height=\"740\" src=\"https:\/\/www.visitsmaland.se\/wp-content\/uploads\/2024\/09\/IKEA_PhotoMikaelOlsson-2271-2-1024x740.jpg\" class=\"attachment-grid-card-images size-grid-card-images\" alt=\"\" \/>        <\/div>\n    <\/div>\n<\/div>\n\n\n<div class=\"posttypeCards posttypeCards__wrapper\" style=\"background-color: \">\n    <div class=\"posttypeCards posttypeCards__container\">\n            <div class=\"posttypeCards posttypeCards__cardWrapper\" style=\"background-color: \">\n            <a aria-label=\"IKEA Hotel\" href=\"https:\/\/www.visitsmaland.se\/dk\/opdag\/ikea-hotel\/\"class=\"posttypeCards posttypeCards__imageWrapper\">\n                <img loading=\"lazy\" decoding=\"async\" width=\"1024\" height=\"615\" src=\"https:\/\/www.visitsmaland.se\/wp-content\/uploads\/2020\/06\/IKEA-Hotell-entrance-v2-2000px.jpg\" class=\"attachment-grid-card-images size-grid-card-images wp-post-image\" alt=\"\" srcset=\"https:\/\/www.visitsmaland.se\/wp-content\/uploads\/2020\/06\/IKEA-Hotell-entrance-v2-2000px.jpg 2000w, https:\/\/www.visitsmaland.se\/wp-content\/uploads\/2020\/06\/IKEA-Hotell-entrance-v2-2000px-300x180.jpg 300w, https:\/\/www.visitsmaland.se\/wp-content\/uploads\/2020\/06\/IKEA-Hotell-entrance-v2-2000px-1024x615.jpg 1024w, https:\/\/www.visitsmaland.se\/wp-content\/uploads\/2020\/06\/IKEA-Hotell-entrance-v2-2000px-768x461.jpg 768w, https:\/\/www.visitsmaland.se\/wp-content\/uploads\/2020\/06\/IKEA-Hotell-entrance-v2-2000px-1536x922.jpg 1536w, https:\/\/www.visitsmaland.se\/wp-content\/uploads\/2020\/06\/IKEA-Hotell-entrance-v2-2000px-660x396.jpg 660w, https:\/\/www.visitsmaland.se\/wp-content\/uploads\/2020\/06\/IKEA-Hotell-entrance-v2-2000px-250x150.jpg 250w, https:\/\/www.visitsmaland.se\/wp-content\/uploads\/2020\/06\/IKEA-Hotell-entrance-v2-2000px-200x120.jpg 200w\" sizes=\"(max-width: 1024px) 100vw, 1024px\" \/>            <\/a>\n            <div class=\"posttypeCards posttypeCards__contentWrapper\">\n                <h3 class=\"posttypeCards posttypeCards__heading\" style=\"color: #FFFFFF\">\n                    IKEA Hotel                <\/h3>\n                <div class=\"wp-block-buttons is-layout-flex wp-block-buttons-is-layout-flex\">\n                    <div class=\"wp-block-button \">\n                        <a aria-label=\"IKEA Hotel\"class=\"wp-block-button__link wp-element-button\" href=\"https:\/\/www.visitsmaland.se\/dk\/opdag\/ikea-hotel\/\" style=\"background-color: #fbbd51; border: solid 1px #fbbd51\">\n                            Opdag                        <\/a>\n                    <\/div>\n                <\/div>\n            <\/div>\n        <\/div>\n                <div class=\"posttypeCards posttypeCards__cardWrapper\" style=\"background-color: \">\n            <a aria-label=\"\u00c5sens by\" href=\"https:\/\/www.visitsmaland.se\/dk\/opdag\/aasens-by\/\"class=\"posttypeCards posttypeCards__imageWrapper\">\n                <img loading=\"lazy\" decoding=\"async\" width=\"1024\" height=\"740\" src=\"https:\/\/www.visitsmaland.se\/wp-content\/uploads\/2025\/01\/FotografEmmaIvarsson_20190924-1-1-1024x740.jpg\" class=\"attachment-grid-card-images size-grid-card-images wp-post-image\" alt=\"\" \/>            <\/a>\n            <div class=\"posttypeCards posttypeCards__contentWrapper\">\n                <h3 class=\"posttypeCards posttypeCards__heading\" style=\"color: #FFFFFF\">\n                    \u00c5sens by                <\/h3>\n                <div class=\"wp-block-buttons is-layout-flex wp-block-buttons-is-layout-flex\">\n                    <div class=\"wp-block-button \">\n                        <a aria-label=\"\u00c5sens by\"class=\"wp-block-button__link wp-element-button\" href=\"https:\/\/www.visitsmaland.se\/dk\/opdag\/aasens-by\/\" style=\"background-color: #fbbd51; border: solid 1px #fbbd51\">\n                            Opdag                        <\/a>\n                    <\/div>\n                <\/div>\n            <\/div>\n        <\/div>\n                <div class=\"posttypeCards posttypeCards__cardWrapper\" style=\"background-color: \">\n            <a aria-label=\"Borgholm Slot\" href=\"https:\/\/www.visitsmaland.se\/dk\/opdag\/borgholm-slot\/\"class=\"posttypeCards posttypeCards__imageWrapper\">\n                <img loading=\"lazy\" decoding=\"async\" width=\"1024\" height=\"740\" src=\"https:\/\/www.visitsmaland.se\/wp-content\/uploads\/2025\/06\/oland-borgholmsslott-marcuscarlsson-2022-2-OlandCo-1024x740.jpg\" class=\"attachment-grid-card-images size-grid-card-images wp-post-image\" alt=\"\" \/>            <\/a>\n            <div class=\"posttypeCards posttypeCards__contentWrapper\">\n                <h3 class=\"posttypeCards posttypeCards__heading\" style=\"color: #FFFFFF\">\n                    Borgholm Slot                <\/h3>\n                <div class=\"wp-block-buttons is-layout-flex wp-block-buttons-is-layout-flex\">\n                    <div class=\"wp-block-button \">\n                        <a aria-label=\"Borgholm Slot\"class=\"wp-block-button__link wp-element-button\" href=\"https:\/\/www.visitsmaland.se\/dk\/opdag\/borgholm-slot\/\" style=\"background-color: #fbbd51; border: solid 1px #fbbd51\">\n                            Opdag                        <\/a>\n                    <\/div>\n                <\/div>\n            <\/div>\n        <\/div>\n                <div class=\"posttypeCards posttypeCards__cardWrapper\" style=\"background-color: \">\n            <a aria-label=\"Korr\u00f6 H\u00e5ndv\u00e6rkerby\" href=\"https:\/\/www.visitsmaland.se\/dk\/opdag\/korroe-haandvaerkerby\/\"class=\"posttypeCards posttypeCards__imageWrapper\">\n                <img loading=\"lazy\" decoding=\"async\" width=\"1024\" height=\"740\" src=\"https:\/\/www.visitsmaland.se\/wp-content\/uploads\/2025\/12\/Korro_hotell_Alexander-Hall-4-1024x740.jpg\" class=\"attachment-grid-card-images size-grid-card-images wp-post-image\" alt=\"\" \/>            <\/a>\n            <div class=\"posttypeCards posttypeCards__contentWrapper\">\n                <h3 class=\"posttypeCards posttypeCards__heading\" style=\"color: #FFFFFF\">\n                    Korr\u00f6 H\u00e5ndv\u00e6rkerby                <\/h3>\n                <div class=\"wp-block-buttons is-layout-flex wp-block-buttons-is-layout-flex\">\n                    <div class=\"wp-block-button \">\n                        <a aria-label=\"Korr\u00f6 H\u00e5ndv\u00e6rkerby\"class=\"wp-block-button__link wp-element-button\" href=\"https:\/\/www.visitsmaland.se\/dk\/opdag\/korroe-haandvaerkerby\/\" style=\"background-color: #fbbd51; border: solid 1px #fbbd51\">\n                            Opdag                        <\/a>\n                    <\/div>\n                <\/div>\n            <\/div>\n        <\/div>\n            <\/div>\n<\/div>\n\n<div class=\"contentImageTwoColumns contentImageTwoColumns__wrapper\" style=\"background-color: #374632\">\n    <div class=\"contentImageTwoColumns contentImageTwoColumns__container \">\n        <div class=\"contentImageTwoColumns contentImageTwoColumns__contentWrapper\">\n            <h2 class=\"contentImageTwoColumns contentImageTwoColumns__heading\" style=\"color: #ffffff\">\n                Eksj\u00f6 &#8211; den unikke tr\u00e6by            <\/h2>\n            <div class=\"contentImageTwoColumns contentImageTwoColumns__text contentImageTwoColumns__text--short\" style=\"color: #ffffff\">\n                                    <p>Eksj\u00f6 er en af Sveriges bedst bevarede tr\u00e6byer og byder p\u00e5 en unik oplevelse for historie- og arkitekturentusiaster. Med sine charmerende brostensbelagte gader og smukke tr\u00e6huse, som har overlevet &#8230;                    <button type=\"button\" class=\"contentImageTwoColumns contentImageTwoColumns__readMoreLess\">\n                        L\u00e6s mere +                    <\/button>\n                            <\/div>\n            <div class=\"contentImageTwoColumns contentImageTwoColumns__text contentImageTwoColumns__text--full\" style=\"color: #ffffff\">\n                <p>Eksj\u00f6 er en af Sveriges bedst bevarede tr\u00e6byer og byder p\u00e5 en unik oplevelse for historie- og arkitekturentusiaster. Med sine charmerende brostensbelagte gader og smukke tr\u00e6huse, som har overlevet b\u00e5de tidens gang og bybrande, er Eksj\u00f6 en levende kulturarv. Byen er blevet tildelt det prestigefyldte Europa Nostra-diplom for sit gode arbejde med at bevare sin historiske bygningsarv. Oplev Eksj\u00f6 gennem guidede byvandringer eller med en audioguide, og lad dig f\u00f8re tilbage til en svunden tid. En perfekt destination for dem, der vil opleve svensk historie p\u00e5 t\u00e6t hold.<\/p>\n                <button type=\"button\" class=\"contentImageTwoColumns contentImageTwoColumns__readMoreLess\">\n                    L\u00e6s mindre &#8211;                <\/button>\n            <\/div>\n                        <div class=\"wp-block-buttons is-layout-flex wp-block-buttons-is-layout-flex\">\n                <div class=\"wp-block-button \">\n                    <a aria-label=\"visiteksjo.se\" class=\"wp-block-button__link wp-element-button\" href=\"https:\/\/visiteksjo.se\/\" style=\"background-color: #f4f2eb; color: #000000;border: solid 1px #f4f2eb\">\n                        visiteksjo.se                    <\/a>\n                <\/div>\n            <\/div>\n                                <\/div>\n        <div class=\"contentImageTwoColumns contentImageTwoColumns__imageWrapper\">\n            <img loading=\"lazy\" decoding=\"async\" width=\"1024\" height=\"740\" src=\"https:\/\/www.visitsmaland.se\/wp-content\/uploads\/2024\/09\/ALEX4023-1024x740.jpg\" class=\"attachment-grid-card-images size-grid-card-images\" alt=\"\" \/>        <\/div>\n    <\/div>\n<\/div>\n\n\n<div class=\"dynamicContentTwoColumns dynamicContentTwoColumns__wrapper\">\n    <div class=\"dynamicContentTwoColumns dynamicContentTwoColumns__container\">\n                                    <h3 class=\"dynamicContentTwoColumns dynamicContentTwoColumns__heading\">\n                    Husqvarna Museum &#8211; en rejse gennem innovationens historie                <\/h3>\n                                                <div class=\"dynamicContentTwoColumns dynamicContentTwoColumns__text\">\n                    <p><p>Ved bredden af Huskvarna-\u00e5en, hvor det hele begyndte i 1689, ligger i dag Husqvarna Museum &#8211; et sted, hvor mere end 300 \u00e5rs industrihistorie kommer til live. Oplev en fascinerende samling af alt fra de f\u00f8rste rifler til verdens f\u00f8rste motorsave, prisbel\u00f8nnede motorcykler og ikoniske husholdningsprodukter.<\/p>\n<p>Her finder du historier om banebrydende innovationer og produkter, der har erobret verden. Museet byder ogs\u00e5 p\u00e5 sp\u00e6ndende s\u00e6rudstillinger, der dykker ned i specifikke epoker og industrier. Tr\u00e6d ind i Husqvarnas dynamiske verden, hvor historie og fremtid m\u00f8des. <\/p>\n<p>\n                <\/div>\n                                                <div class=\"wp-block-buttons is-layout-flex wp-block-buttons-is-layout-flex\">\n                    <div class=\"wp-block-button\">\n                        <a aria-label=\"L\u00e6s mere \" class=\"wp-block-button__link wp-element-button dynamicContentTwoColumns dynamicContentTwoColumns__ctaButton\" href=\"https:\/\/husqvarnamuseum.se\/en\/home\/\">\n                            husqvarnamuseum.se\/en                        <\/a>\n                    <\/div>\n                <\/div>\n                                                <div class=\"dynamicContentTwoColumns dynamicContentTwoColumns__imageWrapper\">\n                    <img loading=\"lazy\" decoding=\"async\" width=\"500\" height=\"333\" src=\"https:\/\/www.visitsmaland.se\/wp-content\/uploads\/2024\/09\/ALEX4686-1-scaled.jpg\" class=\"attachment-500x500 size-500x500\" alt=\"\" srcset=\"https:\/\/www.visitsmaland.se\/wp-content\/uploads\/2024\/09\/ALEX4686-1-scaled.jpg 2560w, https:\/\/www.visitsmaland.se\/wp-content\/uploads\/2024\/09\/ALEX4686-1-300x200.jpg 300w, https:\/\/www.visitsmaland.se\/wp-content\/uploads\/2024\/09\/ALEX4686-1-1024x683.jpg 1024w, https:\/\/www.visitsmaland.se\/wp-content\/uploads\/2024\/09\/ALEX4686-1-768x512.jpg 768w, https:\/\/www.visitsmaland.se\/wp-content\/uploads\/2024\/09\/ALEX4686-1-1536x1024.jpg 1536w, https:\/\/www.visitsmaland.se\/wp-content\/uploads\/2024\/09\/ALEX4686-1-2048x1365.jpg 2048w\" sizes=\"(max-width: 500px) 100vw, 500px\" \/>                <\/div>\n                                                <h3 class=\"dynamicContentTwoColumns dynamicContentTwoColumns__heading\">\n                    Kalmar Kunstmuseum forener samtidskunst og arkitektur                <\/h3>\n                                                <div class=\"dynamicContentTwoColumns dynamicContentTwoColumns__text\">\n                    <p><p>Kalmar Kunstmuseum er et levende og sp\u00e6ndende sted for alle, der elsker samtidskunst og design. Siden \u00e5bningen i 2008 er dette ikoniske museum, designet af Tham &#038; Videg\u00e5rd arkitekter, blevet en central del af kulturlandskabet i Kalmar-regionen. Museets unikke arkitektur en perfekt ramme for museets kreative udstillinger.<\/p>\n<p>Museet huser en voksende samling af kunstv\u00e6rker fra svenske og internationale kunstnere med store udstillingsrum, der giver nye perspektiver. Designarkivet er et h\u00f8jdepunkt med skitser, tegninger og materialer, der giver indsigt i ikoniske designv\u00e6rker.<\/p>\n<p>Kalmar Kunstmuseum er et inspirerende sted for kunstelskere, designentusiaster og nysgerrige bes\u00f8gende.<\/p>\n<p>\n                <\/div>\n                                                <div class=\"wp-block-buttons is-layout-flex wp-block-buttons-is-layout-flex\">\n                    <div class=\"wp-block-button\">\n                        <a aria-label=\"L\u00e6s mere \" class=\"wp-block-button__link wp-element-button dynamicContentTwoColumns dynamicContentTwoColumns__ctaButton\" href=\"https:\/\/www.kalmarkonstmuseum.se\/en\/\">\n                            kalmarkonstmuseum.se\/en                        <\/a>\n                    <\/div>\n                <\/div>\n                                                <div class=\"dynamicContentTwoColumns dynamicContentTwoColumns__imageWrapper\">\n                    <img loading=\"lazy\" decoding=\"async\" width=\"367\" height=\"500\" src=\"https:\/\/www.visitsmaland.se\/wp-content\/uploads\/2024\/09\/konstmuseet_7925_D4_0-scaled.jpg\" class=\"attachment-500x500 size-500x500\" alt=\"\" srcset=\"https:\/\/www.visitsmaland.se\/wp-content\/uploads\/2024\/09\/konstmuseet_7925_D4_0-scaled.jpg 1877w, https:\/\/www.visitsmaland.se\/wp-content\/uploads\/2024\/09\/konstmuseet_7925_D4_0-220x300.jpg 220w, https:\/\/www.visitsmaland.se\/wp-content\/uploads\/2024\/09\/konstmuseet_7925_D4_0-751x1024.jpg 751w, https:\/\/www.visitsmaland.se\/wp-content\/uploads\/2024\/09\/konstmuseet_7925_D4_0-768x1047.jpg 768w, https:\/\/www.visitsmaland.se\/wp-content\/uploads\/2024\/09\/konstmuseet_7925_D4_0-1126x1536.jpg 1126w, https:\/\/www.visitsmaland.se\/wp-content\/uploads\/2024\/09\/konstmuseet_7925_D4_0-1502x2048.jpg 1502w\" sizes=\"(max-width: 367px) 100vw, 367px\" \/>                <\/div>\n                                                <h3 class=\"dynamicContentTwoColumns dynamicContentTwoColumns__heading\">\n                    Udforsk Kalmars historie og kulturarv p\u00e5 L\u00e4nsmuseet                <\/h3>\n                                                <div class=\"dynamicContentTwoColumns dynamicContentTwoColumns__text\">\n                    <p><p>P\u00e5 L\u00e4nsmuseet i Kalmar kan du opleve b\u00e5de dramatisk historie og betagende kunst. Se kongeskibet Kronan, som sank i slaget ved \u00d6land i 1676. Udstillingen viser fantastiske fund som f.eks. guld- og s\u00f8lvm\u00f8ntskatte og over 40 bronzekanoner. Gennem den interaktive udstilling og guidede ture f\u00e5r du en dybere forst\u00e5else af Kronans tragiske sk\u00e6bne.<\/p>\n<p>Oplev ogs\u00e5 Jenny Nystr\u00f6ms verden, Sveriges elskede illustrator og skaberen af den svenske julemand. Udstillingen giver et indblik i hendes liv og karriere og fremh\u00e6ver hendes rolle som en banebrydende kvindelig kunstner. Med aktiviteter for b\u00f8rn og guidede ture er denne oplevelse inspirerende for alle aldre.<\/p>\n<p>Bes\u00f8g L\u00e4nsmuseet i Kalmar og oplev en f\u00e6ngslende blanding af historie og kunst.<\/p>\n<p>\n                <\/div>\n                                                <div class=\"wp-block-buttons is-layout-flex wp-block-buttons-is-layout-flex\">\n                    <div class=\"wp-block-button\">\n                        <a aria-label=\"L\u00e6s mere \" class=\"wp-block-button__link wp-element-button dynamicContentTwoColumns dynamicContentTwoColumns__ctaButton\" href=\"https:\/\/kalmarlansmuseum.se\/da\/\">\n                            kalmarlansmuseum.se\/da                        <\/a>\n                    <\/div>\n                <\/div>\n                                                <div class=\"dynamicContentTwoColumns dynamicContentTwoColumns__imageWrapper\">\n                                    <\/div>\n                        <\/div>\n<\/div>\n\n\n  \n<div class=\"featuredTwoColumns featuredTwoColumns__wrapper\">\n    <div class=\"featuredTwoColumns featuredTwoColumns__container\">  \n            <div class=\"featuredTwoColumns featuredTwoColumns__feturedWrapper\">\n            <a aria-label=\"Weekend i Sm\u00e5land\" href=\"https:\/\/www.visitsmaland.se\/dk\/opdag\/weekend-i-smaaland\/\"class=\"featuredTwoColumns featuredTwoColumns__imageWrapper\">\n                <img loading=\"lazy\" decoding=\"async\" width=\"1024\" height=\"740\" src=\"https:\/\/www.visitsmaland.se\/wp-content\/uploads\/2024\/09\/Vastervik-sommar-2025-26-1024x740.jpg\" class=\"attachment-grid-card-images size-grid-card-images wp-post-image\" alt=\"\" \/>            <\/a>\n            <div class=\"featuredTwoColumns featuredTwoColumns__contentWrapper\">\n                <h2 class=\"featuredTwoColumns featuredTwoColumns__heading\">\n                    Weekend i Sm\u00e5land                <\/h2>\n                <p class=\"featuredTwoColumns featuredTwoColumns__description\">\n                    Kunne du bruge en afslappende weekend i lige nu? La\u2026                <\/p>\n                 \n                 \n                <div class=\"wp-block-buttons is-layout-flex wp-block-buttons-is-layout-flex\">\n                    <div class=\"wp-block-button \">\n                        <a aria-label=\"Weekend i Sm\u00e5land\"class=\"wp-block-button__link wp-element-button\" href=\"https:\/\/www.visitsmaland.se\/dk\/opdag\/weekend-i-smaaland\/\">\n                            Opdag                       \n                         <\/a>\n                    <\/div>\n                <\/div>\n            <\/div>\n        <\/div>\n                <div class=\"featuredTwoColumns featuredTwoColumns__feturedWrapper\">\n            <a aria-label=\"Outdoor i Sm\u00e5land\" href=\"https:\/\/www.visitsmaland.se\/dk\/opdag\/outdoor-i-smaaland\/\"class=\"featuredTwoColumns featuredTwoColumns__imageWrapper\">\n                <img loading=\"lazy\" decoding=\"async\" width=\"1024\" height=\"740\" src=\"https:\/\/www.visitsmaland.se\/wp-content\/uploads\/2024\/04\/dayfotografi-st-skurugata-257-37ff0c3d06410f92231740bc9e3fb22e-1800x1200-8-1024x740.jpg\" class=\"attachment-grid-card-images size-grid-card-images wp-post-image\" alt=\"\" \/>            <\/a>\n            <div class=\"featuredTwoColumns featuredTwoColumns__contentWrapper\">\n                <h2 class=\"featuredTwoColumns featuredTwoColumns__heading\">\n                    Outdoor i Sm\u00e5land                <\/h2>\n                <p class=\"featuredTwoColumns featuredTwoColumns__description\">\n                    Kom og udforsk Sm\u00e5lands varierede natur med b\u00e5de sk\u2026                <\/p>\n                 \n                 \n                <div class=\"wp-block-buttons is-layout-flex wp-block-buttons-is-layout-flex\">\n                    <div class=\"wp-block-button \">\n                        <a aria-label=\"Outdoor i Sm\u00e5land\"class=\"wp-block-button__link wp-element-button\" href=\"https:\/\/www.visitsmaland.se\/dk\/opdag\/outdoor-i-smaaland\/\">\n                            Opdag                       \n                         <\/a>\n                    <\/div>\n                <\/div>\n            <\/div>\n        <\/div>\n            <\/div>\n<\/div>\n","protected":false},"excerpt":{"rendered":"<p>Sm\u00e5land og \u00d8land er rige p\u00e5 kulturoplevelser. Her kan du bes\u00f8ge alt fra slotte og museer til h\u00e5ndv\u00e6rksbyer. Bliv en del af i den kendte b\u00f8rnebogsforfatter Astrid Lindgrens filmhistorie, se hvordan glas bliver til, eller oplev genkendelsens nostalgi p\u00e5 IKEA Museum.<\/p>\n","protected":false},"featured_media":54780,"parent":0,"menu_order":419,"template":"","tags":[],"land":[],"class_list":["post-55163","guide","type-guide","status-publish","has-post-thumbnail","hentry"],"acf":{"priority":""},"yoast_head":"<!-- This site is optimized with the Yoast SEO plugin v27.5 - https:\/\/yoast.com\/product\/yoast-seo-wordpress\/ -->\n<title>Kulturoplevelser i Sm\u00e5land | Visit Sm\u00e5land<\/title>\n<meta name=\"description\" content=\"Sm\u00e5land og \u00d8land er to kultur-rige steder. Deltag i den kendte b\u00f8rnebogsforfatter Astrid Lindgrens filmhistorie og se hvordan glas bliver til\" \/>\n<meta name=\"robots\" content=\"index, follow, max-snippet:-1, max-image-preview:large, max-video-preview:-1\" \/>\n<link rel=\"canonical\" href=\"https:\/\/www.visitsmaland.se\/dk\/opdag\/kulturoplevelser-i-smaaland\/\" \/>\n<meta property=\"og:locale\" content=\"da_DK\" \/>\n<meta property=\"og:type\" content=\"article\" \/>\n<meta property=\"og:title\" content=\"Kulturoplevelser i Sm\u00e5land | Visit Sm\u00e5land\" \/>\n<meta property=\"og:description\" content=\"Sm\u00e5land og \u00d8land er to kultur-rige steder. Deltag i den kendte b\u00f8rnebogsforfatter Astrid Lindgrens filmhistorie og se hvordan glas bliver til\" \/>\n<meta property=\"og:url\" content=\"https:\/\/www.visitsmaland.se\/dk\/opdag\/kulturoplevelser-i-smaaland\/\" \/>\n<meta property=\"og:site_name\" content=\"Visit Sm\u00e5land\" \/>\n<meta property=\"article:publisher\" content=\"https:\/\/www.facebook.com\/visitsmaland\/\" \/>\n<meta property=\"article:modified_time\" content=\"2026-03-04T11:16:01+00:00\" \/>\n<meta property=\"og:image\" content=\"https:\/\/www.visitsmaland.se\/wp-content\/uploads\/2024\/04\/Fotograf-Mathias-Stalsbo-2-scaled.jpg\" \/>\n\t<meta property=\"og:image:width\" content=\"2560\" \/>\n\t<meta property=\"og:image:height\" content=\"1707\" \/>\n\t<meta property=\"og:image:type\" content=\"image\/jpeg\" \/>\n<meta name=\"twitter:card\" content=\"summary_large_image\" \/>\n<meta name=\"twitter:label1\" content=\"Estimeret l\u00e6setid\" \/>\n\t<meta name=\"twitter:data1\" content=\"8 minutter\" \/>\n<script type=\"application\/ld+json\" class=\"yoast-schema-graph\">{\"@context\":\"https:\\\/\\\/schema.org\",\"@graph\":[{\"@type\":\"WebPage\",\"@id\":\"https:\\\/\\\/www.visitsmaland.se\\\/dk\\\/opdag\\\/kulturoplevelser-i-smaaland\\\/\",\"url\":\"https:\\\/\\\/www.visitsmaland.se\\\/dk\\\/opdag\\\/kulturoplevelser-i-smaaland\\\/\",\"name\":\"Kulturoplevelser i Sm\u00e5land | Visit Sm\u00e5land\",\"isPartOf\":{\"@id\":\"https:\\\/\\\/www.visitsmaland.se\\\/dk\\\/#website\"},\"primaryImageOfPage\":{\"@id\":\"https:\\\/\\\/www.visitsmaland.se\\\/dk\\\/opdag\\\/kulturoplevelser-i-smaaland\\\/#primaryimage\"},\"image\":{\"@id\":\"https:\\\/\\\/www.visitsmaland.se\\\/dk\\\/opdag\\\/kulturoplevelser-i-smaaland\\\/#primaryimage\"},\"thumbnailUrl\":\"https:\\\/\\\/www.visitsmaland.se\\\/wp-content\\\/uploads\\\/2024\\\/04\\\/Fotograf-Mathias-Stalsbo-2-scaled.jpg\",\"datePublished\":\"2024-09-12T13:05:17+00:00\",\"dateModified\":\"2026-03-04T11:16:01+00:00\",\"description\":\"Sm\u00e5land og \u00d8land er to kultur-rige steder. Deltag i den kendte b\u00f8rnebogsforfatter Astrid Lindgrens filmhistorie og se hvordan glas bliver til\",\"breadcrumb\":{\"@id\":\"https:\\\/\\\/www.visitsmaland.se\\\/dk\\\/opdag\\\/kulturoplevelser-i-smaaland\\\/#breadcrumb\"},\"inLanguage\":\"da-DK\",\"potentialAction\":[{\"@type\":\"ReadAction\",\"target\":[\"https:\\\/\\\/www.visitsmaland.se\\\/dk\\\/opdag\\\/kulturoplevelser-i-smaaland\\\/\"]}]},{\"@type\":\"ImageObject\",\"inLanguage\":\"da-DK\",\"@id\":\"https:\\\/\\\/www.visitsmaland.se\\\/dk\\\/opdag\\\/kulturoplevelser-i-smaaland\\\/#primaryimage\",\"url\":\"https:\\\/\\\/www.visitsmaland.se\\\/wp-content\\\/uploads\\\/2024\\\/04\\\/Fotograf-Mathias-Stalsbo-2-scaled.jpg\",\"contentUrl\":\"https:\\\/\\\/www.visitsmaland.se\\\/wp-content\\\/uploads\\\/2024\\\/04\\\/Fotograf-Mathias-Stalsbo-2-scaled.jpg\",\"width\":2560,\"height\":1707},{\"@type\":\"BreadcrumbList\",\"@id\":\"https:\\\/\\\/www.visitsmaland.se\\\/dk\\\/opdag\\\/kulturoplevelser-i-smaaland\\\/#breadcrumb\",\"itemListElement\":[{\"@type\":\"ListItem\",\"position\":1,\"name\":\"Forside\",\"item\":\"https:\\\/\\\/www.visitsmaland.se\\\/dk\\\/\"},{\"@type\":\"ListItem\",\"position\":2,\"name\":\"Kulturoplevelser i Sm\u00e5land\"}]},{\"@type\":\"WebSite\",\"@id\":\"https:\\\/\\\/www.visitsmaland.se\\\/dk\\\/#website\",\"url\":\"https:\\\/\\\/www.visitsmaland.se\\\/dk\\\/\",\"name\":\"Visit Sm\u00e5land\",\"description\":\"V\u00e4lkommen till Sm\u00e5land\",\"potentialAction\":[{\"@type\":\"SearchAction\",\"target\":{\"@type\":\"EntryPoint\",\"urlTemplate\":\"https:\\\/\\\/www.visitsmaland.se\\\/dk\\\/?s={search_term_string}\"},\"query-input\":{\"@type\":\"PropertyValueSpecification\",\"valueRequired\":true,\"valueName\":\"search_term_string\"}}],\"inLanguage\":\"da-DK\"}]}<\/script>\n<!-- \/ Yoast SEO plugin. -->","yoast_head_json":{"title":"Kulturoplevelser i Sm\u00e5land | Visit Sm\u00e5land","description":"Sm\u00e5land og \u00d8land er to kultur-rige steder. Deltag i den kendte b\u00f8rnebogsforfatter Astrid Lindgrens filmhistorie og se hvordan glas bliver til","robots":{"index":"index","follow":"follow","max-snippet":"max-snippet:-1","max-image-preview":"max-image-preview:large","max-video-preview":"max-video-preview:-1"},"canonical":"https:\/\/www.visitsmaland.se\/dk\/opdag\/kulturoplevelser-i-smaaland\/","og_locale":"da_DK","og_type":"article","og_title":"Kulturoplevelser i Sm\u00e5land | Visit Sm\u00e5land","og_description":"Sm\u00e5land og \u00d8land er to kultur-rige steder. Deltag i den kendte b\u00f8rnebogsforfatter Astrid Lindgrens filmhistorie og se hvordan glas bliver til","og_url":"https:\/\/www.visitsmaland.se\/dk\/opdag\/kulturoplevelser-i-smaaland\/","og_site_name":"Visit Sm\u00e5land","article_publisher":"https:\/\/www.facebook.com\/visitsmaland\/","article_modified_time":"2026-03-04T11:16:01+00:00","og_image":[{"width":2560,"height":1707,"url":"https:\/\/www.visitsmaland.se\/wp-content\/uploads\/2024\/04\/Fotograf-Mathias-Stalsbo-2-scaled.jpg","type":"image\/jpeg"}],"twitter_card":"summary_large_image","twitter_misc":{"Estimeret l\u00e6setid":"8 minutter"},"schema":{"@context":"https:\/\/schema.org","@graph":[{"@type":"WebPage","@id":"https:\/\/www.visitsmaland.se\/dk\/opdag\/kulturoplevelser-i-smaaland\/","url":"https:\/\/www.visitsmaland.se\/dk\/opdag\/kulturoplevelser-i-smaaland\/","name":"Kulturoplevelser i Sm\u00e5land | Visit Sm\u00e5land","isPartOf":{"@id":"https:\/\/www.visitsmaland.se\/dk\/#website"},"primaryImageOfPage":{"@id":"https:\/\/www.visitsmaland.se\/dk\/opdag\/kulturoplevelser-i-smaaland\/#primaryimage"},"image":{"@id":"https:\/\/www.visitsmaland.se\/dk\/opdag\/kulturoplevelser-i-smaaland\/#primaryimage"},"thumbnailUrl":"https:\/\/www.visitsmaland.se\/wp-content\/uploads\/2024\/04\/Fotograf-Mathias-Stalsbo-2-scaled.jpg","datePublished":"2024-09-12T13:05:17+00:00","dateModified":"2026-03-04T11:16:01+00:00","description":"Sm\u00e5land og \u00d8land er to kultur-rige steder. Deltag i den kendte b\u00f8rnebogsforfatter Astrid Lindgrens filmhistorie og se hvordan glas bliver til","breadcrumb":{"@id":"https:\/\/www.visitsmaland.se\/dk\/opdag\/kulturoplevelser-i-smaaland\/#breadcrumb"},"inLanguage":"da-DK","potentialAction":[{"@type":"ReadAction","target":["https:\/\/www.visitsmaland.se\/dk\/opdag\/kulturoplevelser-i-smaaland\/"]}]},{"@type":"ImageObject","inLanguage":"da-DK","@id":"https:\/\/www.visitsmaland.se\/dk\/opdag\/kulturoplevelser-i-smaaland\/#primaryimage","url":"https:\/\/www.visitsmaland.se\/wp-content\/uploads\/2024\/04\/Fotograf-Mathias-Stalsbo-2-scaled.jpg","contentUrl":"https:\/\/www.visitsmaland.se\/wp-content\/uploads\/2024\/04\/Fotograf-Mathias-Stalsbo-2-scaled.jpg","width":2560,"height":1707},{"@type":"BreadcrumbList","@id":"https:\/\/www.visitsmaland.se\/dk\/opdag\/kulturoplevelser-i-smaaland\/#breadcrumb","itemListElement":[{"@type":"ListItem","position":1,"name":"Forside","item":"https:\/\/www.visitsmaland.se\/dk\/"},{"@type":"ListItem","position":2,"name":"Kulturoplevelser i Sm\u00e5land"}]},{"@type":"WebSite","@id":"https:\/\/www.visitsmaland.se\/dk\/#website","url":"https:\/\/www.visitsmaland.se\/dk\/","name":"Visit Sm\u00e5land","description":"V\u00e4lkommen till Sm\u00e5land","potentialAction":[{"@type":"SearchAction","target":{"@type":"EntryPoint","urlTemplate":"https:\/\/www.visitsmaland.se\/dk\/?s={search_term_string}"},"query-input":{"@type":"PropertyValueSpecification","valueRequired":true,"valueName":"search_term_string"}}],"inLanguage":"da-DK"}]}},"_links":{"self":[{"href":"https:\/\/www.visitsmaland.se\/dk\/wp-json\/wp\/v2\/guide\/55163","targetHints":{"allow":["GET"]}}],"collection":[{"href":"https:\/\/www.visitsmaland.se\/dk\/wp-json\/wp\/v2\/guide"}],"about":[{"href":"https:\/\/www.visitsmaland.se\/dk\/wp-json\/wp\/v2\/types\/guide"}],"version-history":[{"count":10,"href":"https:\/\/www.visitsmaland.se\/dk\/wp-json\/wp\/v2\/guide\/55163\/revisions"}],"predecessor-version":[{"id":90095,"href":"https:\/\/www.visitsmaland.se\/dk\/wp-json\/wp\/v2\/guide\/55163\/revisions\/90095"}],"wp:featuredmedia":[{"embeddable":true,"href":"https:\/\/www.visitsmaland.se\/dk\/wp-json\/wp\/v2\/media\/54780"}],"wp:attachment":[{"href":"https:\/\/www.visitsmaland.se\/dk\/wp-json\/wp\/v2\/media?parent=55163"}],"wp:term":[{"taxonomy":"post_tag","embeddable":true,"href":"https:\/\/www.visitsmaland.se\/dk\/wp-json\/wp\/v2\/tags?post=55163"},{"taxonomy":"land","embeddable":true,"href":"https:\/\/www.visitsmaland.se\/dk\/wp-json\/wp\/v2\/land?post=55163"}],"curies":[{"name":"wp","href":"https:\/\/api.w.org\/{rel}","templated":true}]}}