{"id":75513,"date":"2025-09-17T13:35:34","date_gmt":"2025-09-17T11:35:34","guid":{"rendered":"https:\/\/www.visitsmaland.se\/upptack\/stay-in-smaland-in-the-winter\/"},"modified":"2025-10-13T10:40:56","modified_gmt":"2025-10-13T08:40:56","slug":"bo-i-smaaland-om-vinteren","status":"publish","type":"guide","link":"https:\/\/www.visitsmaland.se\/dk\/opdag\/bo-i-smaaland-om-vinteren\/","title":{"rendered":"Overnatning i Sm\u00e5land om vinteren"},"content":{"rendered":"<div class=\"postHerosection postHerosection__wrapper\">\n    <div class=\"postHerosection postHerosection__container\">\n        <h1 class=\"postHerosection postHerosection__heroHeading\">\n            Overnatning i Sm\u00e5land om vinteren        <\/h1>\n            <\/div>\n    <div class=\"postHerosection postHerosection__imageContainer\">\n        <img loading=\"lazy\" decoding=\"async\" width=\"1707\" height=\"2560\" src=\"https:\/\/www.visitsmaland.se\/wp-content\/uploads\/2025\/09\/Stufvenas-Gastgifveri-Vinter-10-scaled-e1758105037524.jpg\" class=\"attachment-full size-full\" alt=\"\" \/>    <\/div>\n<\/div>\n<div class=\"postHerosection postHerosection__breadcrumbs\">\n   <div class=\"postHerosection postHerosection__breadcrumbs-container\">\n        <p id=\"breadcrumbs\"><span><span><a href=\"https:\/\/www.visitsmaland.se\/dk\/\">Forside<\/a><\/span><\/span><\/p>    <\/div>\n<\/div>\n\n<div class=\"contentCta contentCta__wrapper\">\n    <div class=\"contentCta contentCta__container\">\n                    \t\t\t<div class=\"contentCta contentCta__text\" style=\"color: \">\n\t\t\t\t<p>Nyd en overnatning i Sm\u00e5land og p\u00e5 \u00d8land om vinteren. H\u00f8r lyden af en knitrende pejs, nyd en varm kop kaffe og put dig i en dejlig seng. Udenfor vinduet er det r\u00e5t, koldt og smukt. N\u00e5r du har opholdt dig i naturen eller opdaget noget nyt, er det altid rart at komme tilbage til sit v\u00e6relse og koble af. Her giver vi tips til hyggelige herreg\u00e5rde, hytter og unikke steder at bo under dit vinterophold i Sm\u00e5land og p\u00e5 \u00d8land.<\/p>\n\t\t\t<\/div>\n                <hr>\n            <\/div>\n<\/div>\n\n\n<div class=\"contentImageTwoColumns contentImageTwoColumns__wrapper\" style=\"background-color: #f4f2eb\">\n    <div class=\"contentImageTwoColumns contentImageTwoColumns__container \">\n        <div class=\"contentImageTwoColumns contentImageTwoColumns__contentWrapper\">\n            <h2 class=\"contentImageTwoColumns contentImageTwoColumns__heading\" style=\"color: #000000\">\n                Bo midt i naturen            <\/h2>\n            <div class=\"contentImageTwoColumns contentImageTwoColumns__text contentImageTwoColumns__text--short\" style=\"color: #000000\">\n                                    <p>At bo midt i naturen om vinteren er noget helt s\u00e6rligt \u2013 og hos The Forest Hotels bliver oplevelsen ekstra mindev\u00e6rdig. Netv\u00e6rket omfatter Trakt Forest Hotel, Bauerg\u00e5rden, Asa Herreg\u00e5rd, Stufven\u00e4s &#8230;                    <button type=\"button\" class=\"contentImageTwoColumns contentImageTwoColumns__readMoreLess\">\n                        L\u00e6s mere +                    <\/button>\n                            <\/div>\n            <div class=\"contentImageTwoColumns contentImageTwoColumns__text contentImageTwoColumns__text--full\" style=\"color: #000000\">\n                <p>At bo midt i naturen om vinteren er noget helt s\u00e6rligt \u2013 og hos The Forest Hotels bliver oplevelsen ekstra mindev\u00e6rdig. Netv\u00e6rket omfatter Trakt Forest Hotel, Bauerg\u00e5rden, Asa Herreg\u00e5rd, Stufven\u00e4s G\u00e4stgifveri og Wallby S\u00e4teri. Her kan du v\u00e5gne blandt sned\u00e6kkede tr\u00e6toppene, nyde stille vintervandringer eller slappe af i forskellige slags spa efter en god dag i den friske luft.<\/p>\n                <button type=\"button\" class=\"contentImageTwoColumns contentImageTwoColumns__readMoreLess\">\n                    L\u00e6s mindre &#8211;                <\/button>\n            <\/div>\n                        <div class=\"wp-block-buttons is-layout-flex wp-block-buttons-is-layout-flex\">\n                <div class=\"wp-block-button arrow-white\">\n                    <a aria-label=\"The Forest Hotels \" class=\"wp-block-button__link wp-element-button\" href=\"https:\/\/theforesthotels.se\/\" style=\"background-color: #374632; color: #ffffff;border: solid 1px #374632\">\n                        The Forest Hotels                     <\/a>\n                <\/div>\n            <\/div>\n                                <\/div>\n        <div class=\"contentImageTwoColumns contentImageTwoColumns__imageWrapper\">\n            <img loading=\"lazy\" decoding=\"async\" width=\"1024\" height=\"740\" src=\"https:\/\/www.visitsmaland.se\/wp-content\/uploads\/2025\/09\/trakt_Poppy-Smicker3-1024x740.jpg\" class=\"attachment-grid-card-images size-grid-card-images\" alt=\"\" \/>        <\/div>\n    <\/div>\n<\/div>\n\n\n\n<figure class=\"wp-block-gallery has-nested-images columns-default is-cropped wp-block-gallery-2 is-layout-flex wp-block-gallery-is-layout-flex\">\n<figure class=\"wp-block-image size-large\"><img loading=\"lazy\" decoding=\"async\" width=\"1024\" height=\"683\" data-id=\"75135\" src=\"https:\/\/www.visitsmaland.se\/wp-content\/uploads\/2025\/09\/WEB_NY_FotografEmmaIvarsson_240110-103-1024x683.jpg\" alt=\"\" class=\"wp-image-75135\" srcset=\"https:\/\/www.visitsmaland.se\/wp-content\/uploads\/2025\/09\/WEB_NY_FotografEmmaIvarsson_240110-103-1024x683.jpg 1024w, https:\/\/www.visitsmaland.se\/wp-content\/uploads\/2025\/09\/WEB_NY_FotografEmmaIvarsson_240110-103-300x200.jpg 300w, https:\/\/www.visitsmaland.se\/wp-content\/uploads\/2025\/09\/WEB_NY_FotografEmmaIvarsson_240110-103-768x512.jpg 768w, https:\/\/www.visitsmaland.se\/wp-content\/uploads\/2025\/09\/WEB_NY_FotografEmmaIvarsson_240110-103-1536x1024.jpg 1536w, https:\/\/www.visitsmaland.se\/wp-content\/uploads\/2025\/09\/WEB_NY_FotografEmmaIvarsson_240110-103-2048x1366.jpg 2048w\" sizes=\"(max-width: 1024px) 100vw, 1024px\" \/><\/figure>\n\n\n\n<figure class=\"wp-block-image size-large\"><img loading=\"lazy\" decoding=\"async\" width=\"1024\" height=\"683\" data-id=\"75150\" src=\"https:\/\/www.visitsmaland.se\/wp-content\/uploads\/2025\/09\/FotografEmmaIvarsson_Bauervinter2022-5-1024x683.jpg\" alt=\"\" class=\"wp-image-75150\" srcset=\"https:\/\/www.visitsmaland.se\/wp-content\/uploads\/2025\/09\/FotografEmmaIvarsson_Bauervinter2022-5-1024x683.jpg 1024w, https:\/\/www.visitsmaland.se\/wp-content\/uploads\/2025\/09\/FotografEmmaIvarsson_Bauervinter2022-5-300x200.jpg 300w, https:\/\/www.visitsmaland.se\/wp-content\/uploads\/2025\/09\/FotografEmmaIvarsson_Bauervinter2022-5-768x512.jpg 768w, https:\/\/www.visitsmaland.se\/wp-content\/uploads\/2025\/09\/FotografEmmaIvarsson_Bauervinter2022-5-1536x1024.jpg 1536w, https:\/\/www.visitsmaland.se\/wp-content\/uploads\/2025\/09\/FotografEmmaIvarsson_Bauervinter2022-5-2048x1366.jpg 2048w\" sizes=\"(max-width: 1024px) 100vw, 1024px\" \/><\/figure>\n\n\n\n<figure class=\"wp-block-image size-large\"><img loading=\"lazy\" decoding=\"async\" width=\"1024\" height=\"683\" data-id=\"75140\" src=\"https:\/\/www.visitsmaland.se\/wp-content\/uploads\/2025\/09\/Wallby-Sateri-The-Edible-Country-2-1024x683.jpg\" alt=\"\" class=\"wp-image-75140\" srcset=\"https:\/\/www.visitsmaland.se\/wp-content\/uploads\/2025\/09\/Wallby-Sateri-The-Edible-Country-2-1024x683.jpg 1024w, https:\/\/www.visitsmaland.se\/wp-content\/uploads\/2025\/09\/Wallby-Sateri-The-Edible-Country-2-300x200.jpg 300w, https:\/\/www.visitsmaland.se\/wp-content\/uploads\/2025\/09\/Wallby-Sateri-The-Edible-Country-2-768x512.jpg 768w, https:\/\/www.visitsmaland.se\/wp-content\/uploads\/2025\/09\/Wallby-Sateri-The-Edible-Country-2-1536x1024.jpg 1536w, https:\/\/www.visitsmaland.se\/wp-content\/uploads\/2025\/09\/Wallby-Sateri-The-Edible-Country-2-2048x1365.jpg 2048w\" sizes=\"(max-width: 1024px) 100vw, 1024px\" \/><\/figure>\n<\/figure>\n\n\n<div class=\"contentImageTwoColumns contentImageTwoColumns__wrapper\" style=\"background-color: #374632\">\n    <div class=\"contentImageTwoColumns contentImageTwoColumns__container layout-reversed\">\n        <div class=\"contentImageTwoColumns contentImageTwoColumns__contentWrapper\">\n            <h2 class=\"contentImageTwoColumns contentImageTwoColumns__heading\" style=\"color: #ffffff\">\n                Bo p\u00e5 spa            <\/h2>\n            <div class=\"contentImageTwoColumns contentImageTwoColumns__text contentImageTwoColumns__text--short\" style=\"color: #ffffff\">\n                                    <p>Nyd roen p\u00e5 en af vores spaafdelinger. Med den sm\u00e5landske og \u00f8landske natur t\u00e6t p\u00e5 indfinder harmonien og velv\u00e6ret sig hurtigt! Om vinteren er det ekstra hyggeligt at synke ned i en varm pool eller tage en dukkert i koldt vand efter den opvarmende sauna.<\/p>\n                            <\/div>\n            <div class=\"contentImageTwoColumns contentImageTwoColumns__text contentImageTwoColumns__text--full\" style=\"color: #ffffff\">\n                <p>Nyd roen p\u00e5 en af vores spaafdelinger. Med den sm\u00e5landske og \u00f8landske natur t\u00e6t p\u00e5 indfinder harmonien og velv\u00e6ret sig hurtigt! Om vinteren er det ekstra hyggeligt at synke ned i en varm pool eller tage en dukkert i koldt vand efter den opvarmende sauna.<\/p>\n                <button type=\"button\" class=\"contentImageTwoColumns contentImageTwoColumns__readMoreLess\">\n                    L\u00e6s mindre &#8211;                <\/button>\n            <\/div>\n                        <div class=\"wp-block-buttons is-layout-flex wp-block-buttons-is-layout-flex\">\n                <div class=\"wp-block-button \">\n                    <a aria-label=\"Bo p\u00e5 spa i Sm\u00e5land og p\u00e5 \u00d8land\" class=\"wp-block-button__link wp-element-button\" href=\"https:\/\/www.visitsmaland.se\/dk\/opdag\/spa-i-smaaland\/\" style=\"background-color: #f4f2eb; color: #000000;border: solid 1px #f4f2eb\">\n                        Bo p\u00e5 spa i Sm\u00e5land og p\u00e5 \u00d8land                    <\/a>\n                <\/div>\n            <\/div>\n                                <\/div>\n        <div class=\"contentImageTwoColumns contentImageTwoColumns__imageWrapper\">\n            <img loading=\"lazy\" decoding=\"async\" width=\"1024\" height=\"740\" src=\"https:\/\/www.visitsmaland.se\/wp-content\/uploads\/2024\/04\/spa_hook-1024x740.jpg\" class=\"attachment-grid-card-images size-grid-card-images\" alt=\"\" \/>        <\/div>\n    <\/div>\n<\/div>\n\n\n<div class=\"contentImageTwoColumns contentImageTwoColumns__wrapper\" style=\"background-color: #f4f2eb\">\n    <div class=\"contentImageTwoColumns contentImageTwoColumns__container \">\n        <div class=\"contentImageTwoColumns contentImageTwoColumns__contentWrapper\">\n            <h2 class=\"contentImageTwoColumns contentImageTwoColumns__heading\" style=\"color: \">\n                Herreg\u00e5rde i Sm\u00e5land            <\/h2>\n            <div class=\"contentImageTwoColumns contentImageTwoColumns__text contentImageTwoColumns__text--short\" style=\"color: \">\n                                    <p>Sm\u00e5landske herreg\u00e5rde kendetegnes ved historiske omgivelser, klassiske middage og en dejlige atmosf\u00e6re med afslapning eller aktiviteter. I vinterm\u00e5nederne kan du hygge foran pejsene, spise god mad og slappe af i en wellnessafdeling.<\/p>\n                            <\/div>\n            <div class=\"contentImageTwoColumns contentImageTwoColumns__text contentImageTwoColumns__text--full\" style=\"color: \">\n                <p>Sm\u00e5landske herreg\u00e5rde kendetegnes ved historiske omgivelser, klassiske middage og en dejlige atmosf\u00e6re med afslapning eller aktiviteter. I vinterm\u00e5nederne kan du hygge foran pejsene, spise god mad og slappe af i en wellnessafdeling.<\/p>\n                <button type=\"button\" class=\"contentImageTwoColumns contentImageTwoColumns__readMoreLess\">\n                    L\u00e6s mindre &#8211;                <\/button>\n            <\/div>\n                        <div class=\"wp-block-buttons is-layout-flex wp-block-buttons-is-layout-flex\">\n                <div class=\"wp-block-button arrow-white\">\n                    <a aria-label=\"Jeg vil bes\u00f8ge herreg\u00e5rdene\" class=\"wp-block-button__link wp-element-button\" href=\"https:\/\/www.visitsmaland.se\/dk\/opdag\/herregaarde-i-smaland\/\" style=\"background-color: #374632; color: #f4f2eb;border: solid 1px #374632\">\n                        Jeg vil bes\u00f8ge herreg\u00e5rdene                    <\/a>\n                <\/div>\n            <\/div>\n                                <\/div>\n        <div class=\"contentImageTwoColumns contentImageTwoColumns__imageWrapper\">\n            <img loading=\"lazy\" decoding=\"async\" width=\"1024\" height=\"740\" src=\"https:\/\/www.visitsmaland.se\/wp-content\/uploads\/2024\/09\/Granso-skymning-fran-ovan_FotoPeter-Holgersson_redigerad-1-1024x740.jpg\" class=\"attachment-grid-card-images size-grid-card-images\" alt=\"\" \/>        <\/div>\n    <\/div>\n<\/div>\n\n\n<div class=\"dynamicContentTwoColumns dynamicContentTwoColumns__wrapper\">\n    <div class=\"dynamicContentTwoColumns dynamicContentTwoColumns__container\">\n                                    <h3 class=\"dynamicContentTwoColumns dynamicContentTwoColumns__heading\">\n                    Fejr jul og nyt\u00e5r i Sm\u00e5land og p\u00e5 \u00d8land                <\/h3>\n                                                <div class=\"dynamicContentTwoColumns dynamicContentTwoColumns__text\">\n                    <p><p>Vil du have en slippe for stress i juletiden? S\u00e5 vil vi gerne anbefale dig nogle dejlige overnatningssteder, hvor du kan f\u00e5 en rolig og afslappet jul, og nyt\u00e5r med god mad og festligheder.<\/p>\n<p>\n                <\/div>\n                                                <h3 class=\"dynamicContentTwoColumns dynamicContentTwoColumns__heading\">\n                    Hooks Herreg\u00e5rd                <\/h3>\n                                                <div class=\"dynamicContentTwoColumns dynamicContentTwoColumns__imageWrapper\">\n                    <img loading=\"lazy\" decoding=\"async\" width=\"333\" height=\"500\" src=\"https:\/\/www.visitsmaland.se\/wp-content\/uploads\/2025\/09\/IT30788-Forbattrat-BR-scaled.jpg\" class=\"attachment-500x500 size-500x500\" alt=\"\" srcset=\"https:\/\/www.visitsmaland.se\/wp-content\/uploads\/2025\/09\/IT30788-Forbattrat-BR-scaled.jpg 1707w, https:\/\/www.visitsmaland.se\/wp-content\/uploads\/2025\/09\/IT30788-Forbattrat-BR-200x300.jpg 200w, https:\/\/www.visitsmaland.se\/wp-content\/uploads\/2025\/09\/IT30788-Forbattrat-BR-683x1024.jpg 683w, https:\/\/www.visitsmaland.se\/wp-content\/uploads\/2025\/09\/IT30788-Forbattrat-BR-768x1152.jpg 768w, https:\/\/www.visitsmaland.se\/wp-content\/uploads\/2025\/09\/IT30788-Forbattrat-BR-1024x1536.jpg 1024w, https:\/\/www.visitsmaland.se\/wp-content\/uploads\/2025\/09\/IT30788-Forbattrat-BR-1366x2048.jpg 1366w\" sizes=\"(max-width: 333px) 100vw, 333px\" \/>                <\/div>\n                                                <div class=\"dynamicContentTwoColumns dynamicContentTwoColumns__text\">\n                    <p><p>P\u00e5 Hooks Herreg\u00e5rd kan du bestille b\u00e5de jule- og nyt\u00e5rspakker, men naturligvis kan du nyde b\u00e5de ophold og spaophold hele vinteren.<\/p>\n<p>\n                <\/div>\n                                                <div class=\"wp-block-buttons is-layout-flex wp-block-buttons-is-layout-flex\">\n                    <div class=\"wp-block-button\">\n                        <a aria-label=\"L\u00e6s mere \" class=\"wp-block-button__link wp-element-button dynamicContentTwoColumns dynamicContentTwoColumns__ctaButton\" href=\"https:\/\/www.hooksherrgard.se\/paket\/hogtider\/\">\n                            H\u00f8jtider hos Hooks Herreg\u00e5rd                        <\/a>\n                    <\/div>\n                <\/div>\n                                                <h3 class=\"dynamicContentTwoColumns dynamicContentTwoColumns__heading\">\n                    Stufven\u00e4s G\u00e4stgifveri                <\/h3>\n                                                <div class=\"dynamicContentTwoColumns dynamicContentTwoColumns__imageWrapper\">\n                    <img loading=\"lazy\" decoding=\"async\" width=\"333\" height=\"500\" src=\"https:\/\/www.visitsmaland.se\/wp-content\/uploads\/2025\/09\/Stufvenas-Gastgifveri-Jul-6-scaled.jpg\" class=\"attachment-500x500 size-500x500\" alt=\"\" srcset=\"https:\/\/www.visitsmaland.se\/wp-content\/uploads\/2025\/09\/Stufvenas-Gastgifveri-Jul-6-scaled.jpg 1707w, https:\/\/www.visitsmaland.se\/wp-content\/uploads\/2025\/09\/Stufvenas-Gastgifveri-Jul-6-200x300.jpg 200w, https:\/\/www.visitsmaland.se\/wp-content\/uploads\/2025\/09\/Stufvenas-Gastgifveri-Jul-6-683x1024.jpg 683w, https:\/\/www.visitsmaland.se\/wp-content\/uploads\/2025\/09\/Stufvenas-Gastgifveri-Jul-6-768x1152.jpg 768w, https:\/\/www.visitsmaland.se\/wp-content\/uploads\/2025\/09\/Stufvenas-Gastgifveri-Jul-6-1024x1536.jpg 1024w, https:\/\/www.visitsmaland.se\/wp-content\/uploads\/2025\/09\/Stufvenas-Gastgifveri-Jul-6-1365x2048.jpg 1365w\" sizes=\"(max-width: 333px) 100vw, 333px\" \/>                <\/div>\n                                                <div class=\"dynamicContentTwoColumns dynamicContentTwoColumns__text\">\n                    <p><p>Her kan du v\u00e6lge og vrage blandt forskellige pakkertilbud. Kombin\u00e9r svensk julebuffet med dans, spa og overnatning. Hvis du vil fejre nyt\u00e5ret, findes der ogs\u00e5 forskellige pakketilbud til det. Hele vinteren er der forskellige muligheder, uanset om det er fest eller afslapning du er ude efter.<\/p>\n<p>\n                <\/div>\n                                                <div class=\"wp-block-buttons is-layout-flex wp-block-buttons-is-layout-flex\">\n                    <div class=\"wp-block-button\">\n                        <a aria-label=\"L\u00e6s mere \" class=\"wp-block-button__link wp-element-button dynamicContentTwoColumns dynamicContentTwoColumns__ctaButton\" href=\"https:\/\/stufvenas.se\/paket\/#christmas-new-year\">\n                            Jul og nyt\u00e5r p\u00e5 Stufven\u00e4s                        <\/a>\n                    <\/div>\n                <\/div>\n                                                <h3 class=\"dynamicContentTwoColumns dynamicContentTwoColumns__heading\">\n                    Kosta Boda Art Hotel                 <\/h3>\n                                                <div class=\"dynamicContentTwoColumns dynamicContentTwoColumns__text\">\n                    <p><p>Om vinteren og julen sker der en masse i Kosta. Tag til den svenske tradition hyttsill med livemusik, nyd en tur i spa og spis en god julemiddag. Her fejres b\u00e5de jul og nyt\u00e5r, og desuden er der et julemarked at bes\u00f8ge fra midten af november til slutningen af december.<\/p>\n<p>\n                <\/div>\n                                                <div class=\"wp-block-buttons is-layout-flex wp-block-buttons-is-layout-flex\">\n                    <div class=\"wp-block-button\">\n                        <a aria-label=\"L\u00e6s mere \" class=\"wp-block-button__link wp-element-button dynamicContentTwoColumns dynamicContentTwoColumns__ctaButton\" href=\"https:\/\/kostabodaarthotel.se\/en\/christmas-at-the-hotel\/\">\n                            Pakker hos Kosta Boda Art Hotel                        <\/a>\n                    <\/div>\n                <\/div>\n                                                <h3 class=\"dynamicContentTwoColumns dynamicContentTwoColumns__heading\">\n                    Badehotellet i Tran\u00e5s                <\/h3>\n                                                <div class=\"dynamicContentTwoColumns dynamicContentTwoColumns__text\">\n                    <p><p>P\u00e5 det historiske badehotel i Tran\u00e5s kan du fejre b\u00e5de jul og nyt\u00e5r. Nyd roen med adgang til spa, morgenmad, frokost og middag. Et perfekt ophold for dig, der vil undg\u00e5 julestressen eller starte det nye \u00e5r udhvilet.<\/p>\n<p>\n                <\/div>\n                                                <div class=\"wp-block-buttons is-layout-flex wp-block-buttons-is-layout-flex\">\n                    <div class=\"wp-block-button\">\n                        <a aria-label=\"L\u00e6s mere \" class=\"wp-block-button__link wp-element-button dynamicContentTwoColumns dynamicContentTwoColumns__ctaButton\" href=\"https:\/\/badhotellet.com\/\">\n                            Badhotellet i Tran\u00e5s                        <\/a>\n                    <\/div>\n                <\/div>\n                                                <h3 class=\"dynamicContentTwoColumns dynamicContentTwoColumns__heading\">\n                    Nyt\u00e5r p\u00e5 \u00d8land                <\/h3>\n                                                <div class=\"dynamicContentTwoColumns dynamicContentTwoColumns__imageWrapper\">\n                    <img loading=\"lazy\" decoding=\"async\" width=\"500\" height=\"334\" src=\"https:\/\/www.visitsmaland.se\/wp-content\/uploads\/2025\/09\/Skansen-Hotell-Alexander-Hall-2022-OlandCo-ALEX1727-scaled.jpg\" class=\"attachment-500x500 size-500x500\" alt=\"\" srcset=\"https:\/\/www.visitsmaland.se\/wp-content\/uploads\/2025\/09\/Skansen-Hotell-Alexander-Hall-2022-OlandCo-ALEX1727-scaled.jpg 2560w, https:\/\/www.visitsmaland.se\/wp-content\/uploads\/2025\/09\/Skansen-Hotell-Alexander-Hall-2022-OlandCo-ALEX1727-300x200.jpg 300w, https:\/\/www.visitsmaland.se\/wp-content\/uploads\/2025\/09\/Skansen-Hotell-Alexander-Hall-2022-OlandCo-ALEX1727-1024x683.jpg 1024w, https:\/\/www.visitsmaland.se\/wp-content\/uploads\/2025\/09\/Skansen-Hotell-Alexander-Hall-2022-OlandCo-ALEX1727-768x512.jpg 768w, https:\/\/www.visitsmaland.se\/wp-content\/uploads\/2025\/09\/Skansen-Hotell-Alexander-Hall-2022-OlandCo-ALEX1727-1536x1025.jpg 1536w, https:\/\/www.visitsmaland.se\/wp-content\/uploads\/2025\/09\/Skansen-Hotell-Alexander-Hall-2022-OlandCo-ALEX1727-2048x1366.jpg 2048w\" sizes=\"(max-width: 500px) 100vw, 500px\" \/>                <\/div>\n                                                <div class=\"dynamicContentTwoColumns dynamicContentTwoColumns__text\">\n                    <p><p>Tjek ind p\u00e5 Hotel Skansen i F\u00e4rjestaden p\u00e5 \u00d8land og fejr det nye \u00e5r med en 4-retters festmenu, dans til et liveorkester og oplev fyrv\u00e6rkeri.<\/p>\n<p>\n                <\/div>\n                                                <div class=\"wp-block-buttons is-layout-flex wp-block-buttons-is-layout-flex\">\n                    <div class=\"wp-block-button\">\n                        <a aria-label=\"L\u00e6s mere \" class=\"wp-block-button__link wp-element-button dynamicContentTwoColumns dynamicContentTwoColumns__ctaButton\" href=\"https:\/\/www.hotelskansen.com\/paket\/nyar\/\">\n                            Fejr nyt\u00e5r p\u00e5 Skansen                        <\/a>\n                    <\/div>\n                <\/div>\n                        <\/div>\n<\/div>\n\n\n\n<figure class=\"wp-block-gallery has-nested-images columns-default is-cropped wp-block-gallery-3 is-layout-flex wp-block-gallery-is-layout-flex\">\n<figure class=\"wp-block-image size-large\"><img loading=\"lazy\" decoding=\"async\" width=\"1024\" height=\"683\" data-id=\"75157\" src=\"https:\/\/www.visitsmaland.se\/wp-content\/uploads\/2025\/09\/Kosta_Boda_Art_Hotel-9932-1024x683.jpg\" alt=\"\" class=\"wp-image-75157\" srcset=\"https:\/\/www.visitsmaland.se\/wp-content\/uploads\/2025\/09\/Kosta_Boda_Art_Hotel-9932-1024x683.jpg 1024w, https:\/\/www.visitsmaland.se\/wp-content\/uploads\/2025\/09\/Kosta_Boda_Art_Hotel-9932-300x200.jpg 300w, https:\/\/www.visitsmaland.se\/wp-content\/uploads\/2025\/09\/Kosta_Boda_Art_Hotel-9932-768x512.jpg 768w, https:\/\/www.visitsmaland.se\/wp-content\/uploads\/2025\/09\/Kosta_Boda_Art_Hotel-9932-1536x1024.jpg 1536w, https:\/\/www.visitsmaland.se\/wp-content\/uploads\/2025\/09\/Kosta_Boda_Art_Hotel-9932-2048x1365.jpg 2048w\" sizes=\"(max-width: 1024px) 100vw, 1024px\" \/><\/figure>\n\n\n\n<figure class=\"wp-block-image size-large\"><img loading=\"lazy\" decoding=\"async\" width=\"1024\" height=\"683\" data-id=\"75145\" src=\"https:\/\/www.visitsmaland.se\/wp-content\/uploads\/2025\/09\/Spa-31-1-1024x683.jpg\" alt=\"\" class=\"wp-image-75145\" srcset=\"https:\/\/www.visitsmaland.se\/wp-content\/uploads\/2025\/09\/Spa-31-1-1024x683.jpg 1024w, https:\/\/www.visitsmaland.se\/wp-content\/uploads\/2025\/09\/Spa-31-1-300x200.jpg 300w, https:\/\/www.visitsmaland.se\/wp-content\/uploads\/2025\/09\/Spa-31-1-768x512.jpg 768w, https:\/\/www.visitsmaland.se\/wp-content\/uploads\/2025\/09\/Spa-31-1-1536x1024.jpg 1536w, https:\/\/www.visitsmaland.se\/wp-content\/uploads\/2025\/09\/Spa-31-1-2048x1365.jpg 2048w\" sizes=\"(max-width: 1024px) 100vw, 1024px\" \/><\/figure>\n\n\n\n<figure class=\"wp-block-image size-large\"><img loading=\"lazy\" decoding=\"async\" width=\"1024\" height=\"698\" data-id=\"3816\" src=\"https:\/\/www.visitsmaland.se\/wp-content\/uploads\/2020\/05\/Hook-vinter-fix-1024x698.png\" alt=\"\" class=\"wp-image-3816\" srcset=\"https:\/\/www.visitsmaland.se\/wp-content\/uploads\/2020\/05\/Hook-vinter-fix-1024x698.png 1024w, https:\/\/www.visitsmaland.se\/wp-content\/uploads\/2020\/05\/Hook-vinter-fix-300x204.png 300w, https:\/\/www.visitsmaland.se\/wp-content\/uploads\/2020\/05\/Hook-vinter-fix-768x523.png 768w, https:\/\/www.visitsmaland.se\/wp-content\/uploads\/2020\/05\/Hook-vinter-fix-1536x1047.png 1536w, https:\/\/www.visitsmaland.se\/wp-content\/uploads\/2020\/05\/Hook-vinter-fix-587x400.png 587w, https:\/\/www.visitsmaland.se\/wp-content\/uploads\/2020\/05\/Hook-vinter-fix.png 2000w\" sizes=\"(max-width: 1024px) 100vw, 1024px\" \/><\/figure>\n<\/figure>\n\n\n  \n<div class=\"featuredTwoColumns featuredTwoColumns__wrapper\">\n    <div class=\"featuredTwoColumns featuredTwoColumns__container\">  \n            <div class=\"featuredTwoColumns featuredTwoColumns__feturedWrapper\">\n            <a aria-label=\"Vinter i Sm\u00e5land\" href=\"https:\/\/www.visitsmaland.se\/dk\/opdag\/vinter-i-smaland\/\"class=\"featuredTwoColumns featuredTwoColumns__imageWrapper\">\n                <img loading=\"lazy\" decoding=\"async\" width=\"1024\" height=\"740\" src=\"https:\/\/www.visitsmaland.se\/wp-content\/uploads\/2025\/08\/WEB_NY_FotografEmmaIvarsson_240110-53-1024x740.jpg\" class=\"attachment-grid-card-images size-grid-card-images wp-post-image\" alt=\"Par hos Trakt Forest Hotel i vintrig milj\u00f6.\" \/>            <\/a>\n            <div class=\"featuredTwoColumns featuredTwoColumns__contentWrapper\">\n                <h2 class=\"featuredTwoColumns featuredTwoColumns__heading\">\n                    Vinter i Sm\u00e5land                <\/h2>\n                <p class=\"featuredTwoColumns featuredTwoColumns__description\">\n                    Velkommen til at opleve vinteren i Sm\u00e5land og p\u00e5 \u00d8l\u2026                <\/p>\n                 \n                 \n                <div class=\"wp-block-buttons is-layout-flex wp-block-buttons-is-layout-flex\">\n                    <div class=\"wp-block-button \">\n                        <a aria-label=\"Vinter i Sm\u00e5land\"class=\"wp-block-button__link wp-element-button\" href=\"https:\/\/www.visitsmaland.se\/dk\/opdag\/vinter-i-smaland\/\">\n                            Opdag                       \n                         <\/a>\n                    <\/div>\n                <\/div>\n            <\/div>\n        <\/div>\n                <div class=\"featuredTwoColumns featuredTwoColumns__feturedWrapper\">\n            <a aria-label=\"Skiferie i Sm\u00e5land\" href=\"https:\/\/www.visitsmaland.se\/dk\/opdag\/skiferie-i-smaaland\/\"class=\"featuredTwoColumns featuredTwoColumns__imageWrapper\">\n                <img loading=\"lazy\" decoding=\"async\" width=\"1024\" height=\"740\" src=\"https:\/\/www.visitsmaland.se\/wp-content\/uploads\/2024\/04\/DAYFOTOGRAFI-ST-VINTER-067-1-1024x740.jpg\" class=\"attachment-grid-card-images size-grid-card-images wp-post-image\" alt=\"\" \/>            <\/a>\n            <div class=\"featuredTwoColumns featuredTwoColumns__contentWrapper\">\n                <h2 class=\"featuredTwoColumns featuredTwoColumns__heading\">\n                    Skiferie i Sm\u00e5land                <\/h2>\n                <p class=\"featuredTwoColumns featuredTwoColumns__description\">\n                    Skiferie i Sm\u00e5land. Vil du h\u00f8re sneen knage under s\u2026                <\/p>\n                 \n                 \n                <div class=\"wp-block-buttons is-layout-flex wp-block-buttons-is-layout-flex\">\n                    <div class=\"wp-block-button \">\n                        <a aria-label=\"Skiferie i Sm\u00e5land\"class=\"wp-block-button__link wp-element-button\" href=\"https:\/\/www.visitsmaland.se\/dk\/opdag\/skiferie-i-smaaland\/\">\n                            Opdag                       \n                         <\/a>\n                    <\/div>\n                <\/div>\n            <\/div>\n        <\/div>\n            <\/div>\n<\/div>\n","protected":false},"excerpt":{"rendered":"<p>Bo i Sm\u00e5land og p\u00e5 \u00d8land om vinteren. H\u00f8r lyden af en knitrende pejs, nyd en varm kop kaffe og put dig i en dejlig seng. Udenfor vinduet er det r\u00e5t, koldt og smukt. N\u00e5r du har opholdt dig i naturen eller opdaget noget nyt, er det altid rart at komme tilbage til sit opholdssted. Her giver vi tips til hyggelige herreg\u00e5rde, hytter og unikke steder at bo under dit vinterophold i Sm\u00e5land og p\u00e5 \u00d8land.<\/p>\n","protected":false},"featured_media":75125,"parent":0,"menu_order":282,"template":"","tags":[],"land":[],"class_list":["post-75513","guide","type-guide","status-publish","has-post-thumbnail","hentry"],"acf":{"priority":""},"yoast_head":"<!-- This site is optimized with the Yoast SEO plugin v27.5 - https:\/\/yoast.com\/product\/yoast-seo-wordpress\/ -->\n<title>Overnatning i Sm\u00e5land om vinteren | Visit Sm\u00e5land<\/title>\n<meta name=\"description\" content=\"Bo i Sm\u00e5land og p\u00e5 \u00d8land om vinteren.H\u00f8r lyden af en knitrende pejs, drik en varm kop kaffe og put dig i en varm seng.\" \/>\n<meta name=\"robots\" content=\"index, follow, max-snippet:-1, max-image-preview:large, max-video-preview:-1\" \/>\n<link rel=\"canonical\" href=\"https:\/\/www.visitsmaland.se\/dk\/opdag\/bo-i-smaaland-om-vinteren\/\" \/>\n<meta property=\"og:locale\" content=\"da_DK\" \/>\n<meta property=\"og:type\" content=\"article\" \/>\n<meta property=\"og:title\" content=\"Overnatning i Sm\u00e5land om vinteren | Visit Sm\u00e5land\" \/>\n<meta property=\"og:description\" content=\"Bo i Sm\u00e5land og p\u00e5 \u00d8land om vinteren.H\u00f8r lyden af en knitrende pejs, drik en varm kop kaffe og put dig i en varm seng.\" \/>\n<meta property=\"og:url\" content=\"https:\/\/www.visitsmaland.se\/dk\/opdag\/bo-i-smaaland-om-vinteren\/\" \/>\n<meta property=\"og:site_name\" content=\"Visit Sm\u00e5land\" \/>\n<meta property=\"article:publisher\" content=\"https:\/\/www.facebook.com\/visitsmaland\/\" \/>\n<meta property=\"article:modified_time\" content=\"2025-10-13T08:40:56+00:00\" \/>\n<meta property=\"og:image\" content=\"https:\/\/www.visitsmaland.se\/wp-content\/uploads\/2025\/09\/Stufvenas-Gastgifveri-Vinter-10-scaled-e1758105037524.jpg\" \/>\n\t<meta property=\"og:image:width\" content=\"1707\" \/>\n\t<meta property=\"og:image:height\" content=\"2560\" \/>\n\t<meta property=\"og:image:type\" content=\"image\/jpeg\" \/>\n<meta name=\"twitter:card\" content=\"summary_large_image\" \/>\n<meta name=\"twitter:label1\" content=\"Estimeret l\u00e6setid\" \/>\n\t<meta name=\"twitter:data1\" content=\"6 minutter\" \/>\n<script type=\"application\/ld+json\" class=\"yoast-schema-graph\">{\"@context\":\"https:\\\/\\\/schema.org\",\"@graph\":[{\"@type\":\"WebPage\",\"@id\":\"https:\\\/\\\/www.visitsmaland.se\\\/dk\\\/opdag\\\/bo-i-smaaland-om-vinteren\\\/\",\"url\":\"https:\\\/\\\/www.visitsmaland.se\\\/dk\\\/opdag\\\/bo-i-smaaland-om-vinteren\\\/\",\"name\":\"Overnatning i Sm\u00e5land om vinteren | Visit Sm\u00e5land\",\"isPartOf\":{\"@id\":\"https:\\\/\\\/www.visitsmaland.se\\\/dk\\\/#website\"},\"primaryImageOfPage\":{\"@id\":\"https:\\\/\\\/www.visitsmaland.se\\\/dk\\\/opdag\\\/bo-i-smaaland-om-vinteren\\\/#primaryimage\"},\"image\":{\"@id\":\"https:\\\/\\\/www.visitsmaland.se\\\/dk\\\/opdag\\\/bo-i-smaaland-om-vinteren\\\/#primaryimage\"},\"thumbnailUrl\":\"https:\\\/\\\/www.visitsmaland.se\\\/wp-content\\\/uploads\\\/2025\\\/09\\\/Stufvenas-Gastgifveri-Vinter-10-scaled-e1758105037524.jpg\",\"datePublished\":\"2025-09-17T11:35:34+00:00\",\"dateModified\":\"2025-10-13T08:40:56+00:00\",\"description\":\"Bo i Sm\u00e5land og p\u00e5 \u00d8land om vinteren.H\u00f8r lyden af en knitrende pejs, drik en varm kop kaffe og put dig i en varm seng.\",\"breadcrumb\":{\"@id\":\"https:\\\/\\\/www.visitsmaland.se\\\/dk\\\/opdag\\\/bo-i-smaaland-om-vinteren\\\/#breadcrumb\"},\"inLanguage\":\"da-DK\",\"potentialAction\":[{\"@type\":\"ReadAction\",\"target\":[\"https:\\\/\\\/www.visitsmaland.se\\\/dk\\\/opdag\\\/bo-i-smaaland-om-vinteren\\\/\"]}]},{\"@type\":\"ImageObject\",\"inLanguage\":\"da-DK\",\"@id\":\"https:\\\/\\\/www.visitsmaland.se\\\/dk\\\/opdag\\\/bo-i-smaaland-om-vinteren\\\/#primaryimage\",\"url\":\"https:\\\/\\\/www.visitsmaland.se\\\/wp-content\\\/uploads\\\/2025\\\/09\\\/Stufvenas-Gastgifveri-Vinter-10-scaled-e1758105037524.jpg\",\"contentUrl\":\"https:\\\/\\\/www.visitsmaland.se\\\/wp-content\\\/uploads\\\/2025\\\/09\\\/Stufvenas-Gastgifveri-Vinter-10-scaled-e1758105037524.jpg\",\"width\":1707,\"height\":2560},{\"@type\":\"BreadcrumbList\",\"@id\":\"https:\\\/\\\/www.visitsmaland.se\\\/dk\\\/opdag\\\/bo-i-smaaland-om-vinteren\\\/#breadcrumb\",\"itemListElement\":[{\"@type\":\"ListItem\",\"position\":1,\"name\":\"Forside\",\"item\":\"https:\\\/\\\/www.visitsmaland.se\\\/dk\\\/\"},{\"@type\":\"ListItem\",\"position\":2,\"name\":\"Overnatning i Sm\u00e5land om vinteren\"}]},{\"@type\":\"WebSite\",\"@id\":\"https:\\\/\\\/www.visitsmaland.se\\\/dk\\\/#website\",\"url\":\"https:\\\/\\\/www.visitsmaland.se\\\/dk\\\/\",\"name\":\"Visit Sm\u00e5land\",\"description\":\"V\u00e4lkommen till Sm\u00e5land\",\"potentialAction\":[{\"@type\":\"SearchAction\",\"target\":{\"@type\":\"EntryPoint\",\"urlTemplate\":\"https:\\\/\\\/www.visitsmaland.se\\\/dk\\\/?s={search_term_string}\"},\"query-input\":{\"@type\":\"PropertyValueSpecification\",\"valueRequired\":true,\"valueName\":\"search_term_string\"}}],\"inLanguage\":\"da-DK\"}]}<\/script>\n<!-- \/ Yoast SEO plugin. -->","yoast_head_json":{"title":"Overnatning i Sm\u00e5land om vinteren | Visit Sm\u00e5land","description":"Bo i Sm\u00e5land og p\u00e5 \u00d8land om vinteren.H\u00f8r lyden af en knitrende pejs, drik en varm kop kaffe og put dig i en varm seng.","robots":{"index":"index","follow":"follow","max-snippet":"max-snippet:-1","max-image-preview":"max-image-preview:large","max-video-preview":"max-video-preview:-1"},"canonical":"https:\/\/www.visitsmaland.se\/dk\/opdag\/bo-i-smaaland-om-vinteren\/","og_locale":"da_DK","og_type":"article","og_title":"Overnatning i Sm\u00e5land om vinteren | Visit Sm\u00e5land","og_description":"Bo i Sm\u00e5land og p\u00e5 \u00d8land om vinteren.H\u00f8r lyden af en knitrende pejs, drik en varm kop kaffe og put dig i en varm seng.","og_url":"https:\/\/www.visitsmaland.se\/dk\/opdag\/bo-i-smaaland-om-vinteren\/","og_site_name":"Visit Sm\u00e5land","article_publisher":"https:\/\/www.facebook.com\/visitsmaland\/","article_modified_time":"2025-10-13T08:40:56+00:00","og_image":[{"width":1707,"height":2560,"url":"https:\/\/www.visitsmaland.se\/wp-content\/uploads\/2025\/09\/Stufvenas-Gastgifveri-Vinter-10-scaled-e1758105037524.jpg","type":"image\/jpeg"}],"twitter_card":"summary_large_image","twitter_misc":{"Estimeret l\u00e6setid":"6 minutter"},"schema":{"@context":"https:\/\/schema.org","@graph":[{"@type":"WebPage","@id":"https:\/\/www.visitsmaland.se\/dk\/opdag\/bo-i-smaaland-om-vinteren\/","url":"https:\/\/www.visitsmaland.se\/dk\/opdag\/bo-i-smaaland-om-vinteren\/","name":"Overnatning i Sm\u00e5land om vinteren | Visit Sm\u00e5land","isPartOf":{"@id":"https:\/\/www.visitsmaland.se\/dk\/#website"},"primaryImageOfPage":{"@id":"https:\/\/www.visitsmaland.se\/dk\/opdag\/bo-i-smaaland-om-vinteren\/#primaryimage"},"image":{"@id":"https:\/\/www.visitsmaland.se\/dk\/opdag\/bo-i-smaaland-om-vinteren\/#primaryimage"},"thumbnailUrl":"https:\/\/www.visitsmaland.se\/wp-content\/uploads\/2025\/09\/Stufvenas-Gastgifveri-Vinter-10-scaled-e1758105037524.jpg","datePublished":"2025-09-17T11:35:34+00:00","dateModified":"2025-10-13T08:40:56+00:00","description":"Bo i Sm\u00e5land og p\u00e5 \u00d8land om vinteren.H\u00f8r lyden af en knitrende pejs, drik en varm kop kaffe og put dig i en varm seng.","breadcrumb":{"@id":"https:\/\/www.visitsmaland.se\/dk\/opdag\/bo-i-smaaland-om-vinteren\/#breadcrumb"},"inLanguage":"da-DK","potentialAction":[{"@type":"ReadAction","target":["https:\/\/www.visitsmaland.se\/dk\/opdag\/bo-i-smaaland-om-vinteren\/"]}]},{"@type":"ImageObject","inLanguage":"da-DK","@id":"https:\/\/www.visitsmaland.se\/dk\/opdag\/bo-i-smaaland-om-vinteren\/#primaryimage","url":"https:\/\/www.visitsmaland.se\/wp-content\/uploads\/2025\/09\/Stufvenas-Gastgifveri-Vinter-10-scaled-e1758105037524.jpg","contentUrl":"https:\/\/www.visitsmaland.se\/wp-content\/uploads\/2025\/09\/Stufvenas-Gastgifveri-Vinter-10-scaled-e1758105037524.jpg","width":1707,"height":2560},{"@type":"BreadcrumbList","@id":"https:\/\/www.visitsmaland.se\/dk\/opdag\/bo-i-smaaland-om-vinteren\/#breadcrumb","itemListElement":[{"@type":"ListItem","position":1,"name":"Forside","item":"https:\/\/www.visitsmaland.se\/dk\/"},{"@type":"ListItem","position":2,"name":"Overnatning i Sm\u00e5land om vinteren"}]},{"@type":"WebSite","@id":"https:\/\/www.visitsmaland.se\/dk\/#website","url":"https:\/\/www.visitsmaland.se\/dk\/","name":"Visit Sm\u00e5land","description":"V\u00e4lkommen till Sm\u00e5land","potentialAction":[{"@type":"SearchAction","target":{"@type":"EntryPoint","urlTemplate":"https:\/\/www.visitsmaland.se\/dk\/?s={search_term_string}"},"query-input":{"@type":"PropertyValueSpecification","valueRequired":true,"valueName":"search_term_string"}}],"inLanguage":"da-DK"}]}},"_links":{"self":[{"href":"https:\/\/www.visitsmaland.se\/dk\/wp-json\/wp\/v2\/guide\/75513","targetHints":{"allow":["GET"]}}],"collection":[{"href":"https:\/\/www.visitsmaland.se\/dk\/wp-json\/wp\/v2\/guide"}],"about":[{"href":"https:\/\/www.visitsmaland.se\/dk\/wp-json\/wp\/v2\/types\/guide"}],"version-history":[{"count":10,"href":"https:\/\/www.visitsmaland.se\/dk\/wp-json\/wp\/v2\/guide\/75513\/revisions"}],"predecessor-version":[{"id":76746,"href":"https:\/\/www.visitsmaland.se\/dk\/wp-json\/wp\/v2\/guide\/75513\/revisions\/76746"}],"wp:featuredmedia":[{"embeddable":true,"href":"https:\/\/www.visitsmaland.se\/dk\/wp-json\/wp\/v2\/media\/75125"}],"wp:attachment":[{"href":"https:\/\/www.visitsmaland.se\/dk\/wp-json\/wp\/v2\/media?parent=75513"}],"wp:term":[{"taxonomy":"post_tag","embeddable":true,"href":"https:\/\/www.visitsmaland.se\/dk\/wp-json\/wp\/v2\/tags?post=75513"},{"taxonomy":"land","embeddable":true,"href":"https:\/\/www.visitsmaland.se\/dk\/wp-json\/wp\/v2\/land?post=75513"}],"curies":[{"name":"wp","href":"https:\/\/api.w.org\/{rel}","templated":true}]}}