{"id":75641,"date":"2025-09-02T15:01:30","date_gmt":"2025-09-02T13:01:30","guid":{"rendered":"https:\/\/www.visitsmaland.se\/upptack\/vinter-i-smaland\/"},"modified":"2025-12-02T13:05:16","modified_gmt":"2025-12-02T12:05:16","slug":"vinter-i-smaland","status":"publish","type":"guide","link":"https:\/\/www.visitsmaland.se\/dk\/opdag\/vinter-i-smaland\/","title":{"rendered":"Vinter i Sm\u00e5land"},"content":{"rendered":"<div class=\"postHerosection postHerosection__wrapper\">\n    <div class=\"postHerosection postHerosection__container\">\n        <h1 class=\"postHerosection postHerosection__heroHeading\">\n            Vinter i Sm\u00e5land        <\/h1>\n            <\/div>\n    <div class=\"postHerosection postHerosection__imageContainer\">\n        <img loading=\"lazy\" decoding=\"async\" width=\"2500\" height=\"1667\" src=\"https:\/\/www.visitsmaland.se\/wp-content\/uploads\/2025\/08\/WEB_NY_FotografEmmaIvarsson_240110-53.jpg\" class=\"attachment-full size-full\" alt=\"Par hos Trakt Forest Hotel i vintrig milj\u00f6.\" srcset=\"https:\/\/www.visitsmaland.se\/wp-content\/uploads\/2025\/08\/WEB_NY_FotografEmmaIvarsson_240110-53.jpg 2500w, https:\/\/www.visitsmaland.se\/wp-content\/uploads\/2025\/08\/WEB_NY_FotografEmmaIvarsson_240110-53-300x200.jpg 300w, https:\/\/www.visitsmaland.se\/wp-content\/uploads\/2025\/08\/WEB_NY_FotografEmmaIvarsson_240110-53-1024x683.jpg 1024w, https:\/\/www.visitsmaland.se\/wp-content\/uploads\/2025\/08\/WEB_NY_FotografEmmaIvarsson_240110-53-768x512.jpg 768w, https:\/\/www.visitsmaland.se\/wp-content\/uploads\/2025\/08\/WEB_NY_FotografEmmaIvarsson_240110-53-1536x1024.jpg 1536w, https:\/\/www.visitsmaland.se\/wp-content\/uploads\/2025\/08\/WEB_NY_FotografEmmaIvarsson_240110-53-2048x1366.jpg 2048w\" sizes=\"(max-width: 2500px) 100vw, 2500px\" \/>    <\/div>\n<\/div>\n<div class=\"postHerosection postHerosection__breadcrumbs\">\n   <div class=\"postHerosection postHerosection__breadcrumbs-container\">\n        <p id=\"breadcrumbs\"><span><span><a href=\"https:\/\/www.visitsmaland.se\/dk\/\">Forside<\/a><\/span><\/span><\/p>    <\/div>\n<\/div>\n\n<div class=\"contentCta contentCta__wrapper\">\n    <div class=\"contentCta contentCta__container\">\n                    \t\t\t<div class=\"contentCta contentCta__text\" style=\"color: \">\n\t\t\t\t<p>Kom og oplev vinteren i Sm\u00e5land og p\u00e5 \u00d8land! Slap af p\u00e5 spa, nyd roen i den smukke natur, tag et friskt vinterdyp, spis god mad og m\u00e5ske er du s\u00e5 heldig at se nordlys? Vi h\u00e5ber, du kommer til at nyde det!<\/p>\n\t\t\t<\/div>\n                <hr>\n            <\/div>\n<\/div>\n\n\n<div class=\"contentImageTwoColumns contentImageTwoColumns__wrapper\" style=\"background-color: #f4f2eb\">\n    <div class=\"contentImageTwoColumns contentImageTwoColumns__container \">\n        <div class=\"contentImageTwoColumns contentImageTwoColumns__contentWrapper\">\n            <h2 class=\"contentImageTwoColumns contentImageTwoColumns__heading\" style=\"color: #000000\">\n                Vinteraktiviteter i Sm\u00e5land            <\/h2>\n            <div class=\"contentImageTwoColumns contentImageTwoColumns__text contentImageTwoColumns__text--short\" style=\"color: #000000\">\n                                    <p>Velkommen til vinteroplevelser i Sm\u00e5land og p\u00e5 \u00d8land. Her venter eventyr for alle &#8211; b\u00e5de den eventyrlystne og den mere rolige sj\u00e6l. Uanset om du vil suse ned ad bakken p\u00e5 ski, pr\u00f8ve snowboard&#8230;                    <button type=\"button\" class=\"contentImageTwoColumns contentImageTwoColumns__readMoreLess\">\n                        L\u00e6s mere +                    <\/button>\n                            <\/div>\n            <div class=\"contentImageTwoColumns contentImageTwoColumns__text contentImageTwoColumns__text--full\" style=\"color: #000000\">\n                <p>Velkommen til vinteroplevelser i Sm\u00e5land og p\u00e5 \u00d8land. Her venter eventyr for alle &#8211; b\u00e5de den eventyrlystne og den mere rolige sj\u00e6l. Uanset om du vil suse ned ad bakken p\u00e5 ski, pr\u00f8ve snowboard eller nyde en dag i langrendssporet, findes der masser af muligheder. Den vintersk\u00f8nne natur indbyder ogs\u00e5 til dejlige vandreture blandt glitrende tr\u00e6er og stille s\u00f8er d\u00e6kket af is. For den, der \u00f8nsker at kombinere aktivitet med oplevelser, er der mulighed for at bes\u00f8ge en elgpark, isfiske eller m\u00e5ske tage en forfriskende dukkert i en isv\u00e5ge. Efter en dag fyldt med frisk luft og motion kan du runde dagen af med god mad og hyggeligt samv\u00e6r foran pejsen.<\/p>\n                <button type=\"button\" class=\"contentImageTwoColumns contentImageTwoColumns__readMoreLess\">\n                    L\u00e6s mindre &#8211;                <\/button>\n            <\/div>\n                        <div class=\"wp-block-buttons is-layout-flex wp-block-buttons-is-layout-flex\">\n                <div class=\"wp-block-button arrow-white\">\n                    <a aria-label=\"Vinteraktiviteter i Sm\u00e5land\" class=\"wp-block-button__link wp-element-button\" href=\"https:\/\/www.visitsmaland.se\/dk\/opdag\/skiferie-i-smaaland\/\" style=\"background-color: #374632; color: #ffffff;border: solid 1px #374632\">\n                        Vinteraktiviteter i Sm\u00e5land                    <\/a>\n                <\/div>\n            <\/div>\n                                <\/div>\n        <div class=\"contentImageTwoColumns contentImageTwoColumns__imageWrapper\">\n            <img loading=\"lazy\" decoding=\"async\" width=\"1024\" height=\"740\" src=\"https:\/\/www.visitsmaland.se\/wp-content\/uploads\/2024\/04\/dayfotografi-st-vinter-040-1024x740.jpg\" class=\"attachment-grid-card-images size-grid-card-images\" alt=\"\" \/>        <\/div>\n    <\/div>\n<\/div>\n\n\n<div class=\"dynamicContentTwoColumns dynamicContentTwoColumns__wrapper\">\n    <div class=\"dynamicContentTwoColumns dynamicContentTwoColumns__container\">\n                                    <h3 class=\"dynamicContentTwoColumns dynamicContentTwoColumns__heading\">\n                    Nyd et bes\u00f8g i spa                <\/h3>\n                                                <div class=\"dynamicContentTwoColumns dynamicContentTwoColumns__imageWrapper\">\n                    <img loading=\"lazy\" decoding=\"async\" width=\"500\" height=\"500\" src=\"https:\/\/www.visitsmaland.se\/wp-content\/uploads\/2020\/05\/Hooks-Herrga\u030ard_spa4-1000x1000.jpg\" class=\"attachment-500x500 size-500x500\" alt=\"\" srcset=\"https:\/\/www.visitsmaland.se\/wp-content\/uploads\/2020\/05\/Hooks-Herrga\u030ard_spa4-1000x1000.jpg 1000w, https:\/\/www.visitsmaland.se\/wp-content\/uploads\/2020\/05\/Hooks-Herrga\u030ard_spa4-150x150.jpg 150w, https:\/\/www.visitsmaland.se\/wp-content\/uploads\/2020\/05\/Hooks-Herrga\u030ard_spa4-100x100.jpg 100w, https:\/\/www.visitsmaland.se\/wp-content\/uploads\/2020\/05\/Hooks-Herrga\u030ard_spa4-1024x1024.jpg 1024w, https:\/\/www.visitsmaland.se\/wp-content\/uploads\/2020\/05\/Hooks-Herrga\u030ard_spa4-200x200.jpg 200w\" sizes=\"(max-width: 500px) 100vw, 500px\" \/>                <\/div>\n                                                <div class=\"dynamicContentTwoColumns dynamicContentTwoColumns__text\">\n                    <p><p>Et bes\u00f8g i en spa i Sm\u00e5land eller p\u00e5 \u00d8land om vinteren er en dejlig m\u00e5de at slappe af p\u00e5 og lade op med ny energi. Her kan man fork\u00e6le sig selv med afslappende behandlinger, saunabes\u00f8g og varme udend\u00f8rspools, mens sneen ligger hvid udenfor. Mange spaanl\u00e6g kombinerer afslapning med kulinariske oplevelser, s\u00e5 man kan nyde god mad og lokale r\u00e5varer efter en dag i total afslapning.<\/p>\n<p>\n                <\/div>\n                                                <div class=\"wp-block-buttons is-layout-flex wp-block-buttons-is-layout-flex\">\n                    <div class=\"wp-block-button\">\n                        <a aria-label=\"L\u00e6s mere \" class=\"wp-block-button__link wp-element-button dynamicContentTwoColumns dynamicContentTwoColumns__ctaButton\" href=\"https:\/\/www.visitsmaland.se\/dk\/opdag\/spa-i-smaaland\/\">\n                            L\u00e6s mere om spa                        <\/a>\n                    <\/div>\n                <\/div>\n                                                <h3 class=\"dynamicContentTwoColumns dynamicContentTwoColumns__heading\">\n                    Bo midt i naturen                <\/h3>\n                                                <div class=\"dynamicContentTwoColumns dynamicContentTwoColumns__imageWrapper\">\n                    <img loading=\"lazy\" decoding=\"async\" width=\"500\" height=\"333\" src=\"https:\/\/www.visitsmaland.se\/wp-content\/uploads\/2025\/09\/trakt_Poppy-Smicker3-scaled.jpg\" class=\"attachment-500x500 size-500x500\" alt=\"\" srcset=\"https:\/\/www.visitsmaland.se\/wp-content\/uploads\/2025\/09\/trakt_Poppy-Smicker3-scaled.jpg 2560w, https:\/\/www.visitsmaland.se\/wp-content\/uploads\/2025\/09\/trakt_Poppy-Smicker3-300x200.jpg 300w, https:\/\/www.visitsmaland.se\/wp-content\/uploads\/2025\/09\/trakt_Poppy-Smicker3-1024x683.jpg 1024w, https:\/\/www.visitsmaland.se\/wp-content\/uploads\/2025\/09\/trakt_Poppy-Smicker3-768x512.jpg 768w, https:\/\/www.visitsmaland.se\/wp-content\/uploads\/2025\/09\/trakt_Poppy-Smicker3-1536x1024.jpg 1536w, https:\/\/www.visitsmaland.se\/wp-content\/uploads\/2025\/09\/trakt_Poppy-Smicker3-2048x1365.jpg 2048w\" sizes=\"(max-width: 500px) 100vw, 500px\" \/>                <\/div>\n                                                <div class=\"dynamicContentTwoColumns dynamicContentTwoColumns__text\">\n                    <p><p>Det er noget s\u00e6rligt at bo midt ude i naturen, i det smukke vinterlandskab \u00a0\u2013 og hos The Forest Hotels bliver oplevelsen ekstra mindev\u00e6rdig. I netv\u00e6rket indg\u00e5r Trakt Forest Hotel, Bauerg\u00e5rden, Asa Herreg\u00e5rd, Stufven\u00e4s G\u00e4stgiveri og Wallby S\u00e4teri. Her v\u00e5gner du op blandt sned\u00e6kkede tr\u00e6toppe og kan nyde stille g\u00e5ture i vinterlandskabet eller afslapning i forskellige slags spa efter en god dag i den friske luft.<\/p>\n<p>\n                <\/div>\n                                                <div class=\"wp-block-buttons is-layout-flex wp-block-buttons-is-layout-flex\">\n                    <div class=\"wp-block-button\">\n                        <a aria-label=\"L\u00e6s mere \" class=\"wp-block-button__link wp-element-button dynamicContentTwoColumns dynamicContentTwoColumns__ctaButton\" href=\"https:\/\/theforesthotels.se\/\">\n                            The Forest Hotels                         <\/a>\n                    <\/div>\n                <\/div>\n                                                <h3 class=\"dynamicContentTwoColumns dynamicContentTwoColumns__heading\">\n                    Vinterbad                <\/h3>\n                                                <div class=\"dynamicContentTwoColumns dynamicContentTwoColumns__text\">\n                    <p><p>Her i Sm\u00e5land og p\u00e5 \u00d8land har vi masser af vand. Der er mange steder, hvor du kan bade \u00e5ret rundt, b\u00e5de i s\u00f8er og langs kysten i havet. Tag til den n\u00e6rmeste badestrand, hvis du vil have en vinterdukkert og nyd en forfriskende oplevelse!<\/p>\n<p>\n                <\/div>\n                                                <div class=\"wp-block-buttons is-layout-flex wp-block-buttons-is-layout-flex\">\n                    <div class=\"wp-block-button\">\n                        <a aria-label=\"L\u00e6s mere \" class=\"wp-block-button__link wp-element-button dynamicContentTwoColumns dynamicContentTwoColumns__ctaButton\" href=\"https:\/\/www.visitsmaland.se\/dk\/opdag\/strande\/\">\n                            Badestrande                        <\/a>\n                    <\/div>\n                <\/div>\n                        <\/div>\n<\/div>\n\n\n\n<figure class=\"wp-block-gallery has-nested-images columns-default is-cropped wp-block-gallery-2 is-layout-flex wp-block-gallery-is-layout-flex\">\n<figure class=\"wp-block-image size-large\"><img loading=\"lazy\" decoding=\"async\" width=\"2560\" height=\"2560\" data-id=\"74887\" src=\"https:\/\/www.visitsmaland.se\/wp-content\/uploads\/2025\/09\/FotografEmmaIvarsson_Bauervinter2022-7-1-edited-scaled.jpg\" alt=\"\" class=\"wp-image-74887\" srcset=\"https:\/\/www.visitsmaland.se\/wp-content\/uploads\/2025\/09\/FotografEmmaIvarsson_Bauervinter2022-7-1-edited-scaled.jpg 2560w, https:\/\/www.visitsmaland.se\/wp-content\/uploads\/2025\/09\/FotografEmmaIvarsson_Bauervinter2022-7-1-edited-300x300.jpg 300w, https:\/\/www.visitsmaland.se\/wp-content\/uploads\/2025\/09\/FotografEmmaIvarsson_Bauervinter2022-7-1-edited-1024x1024.jpg 1024w, https:\/\/www.visitsmaland.se\/wp-content\/uploads\/2025\/09\/FotografEmmaIvarsson_Bauervinter2022-7-1-edited-150x150.jpg 150w, https:\/\/www.visitsmaland.se\/wp-content\/uploads\/2025\/09\/FotografEmmaIvarsson_Bauervinter2022-7-1-edited-768x768.jpg 768w, https:\/\/www.visitsmaland.se\/wp-content\/uploads\/2025\/09\/FotografEmmaIvarsson_Bauervinter2022-7-1-edited-1536x1536.jpg 1536w, https:\/\/www.visitsmaland.se\/wp-content\/uploads\/2025\/09\/FotografEmmaIvarsson_Bauervinter2022-7-1-edited-2048x2048.jpg 2048w\" sizes=\"(max-width: 2560px) 100vw, 2560px\" \/><\/figure>\n\n\n\n<figure class=\"wp-block-image size-large\"><img loading=\"lazy\" decoding=\"async\" width=\"2560\" height=\"2560\" data-id=\"74907\" src=\"https:\/\/www.visitsmaland.se\/wp-content\/uploads\/2025\/09\/Granna_hus_flera_vinter-smalandsbilder-1-edited-scaled.jpg\" alt=\"\" class=\"wp-image-74907\" srcset=\"https:\/\/www.visitsmaland.se\/wp-content\/uploads\/2025\/09\/Granna_hus_flera_vinter-smalandsbilder-1-edited-scaled.jpg 2560w, https:\/\/www.visitsmaland.se\/wp-content\/uploads\/2025\/09\/Granna_hus_flera_vinter-smalandsbilder-1-edited-300x300.jpg 300w, https:\/\/www.visitsmaland.se\/wp-content\/uploads\/2025\/09\/Granna_hus_flera_vinter-smalandsbilder-1-edited-1024x1024.jpg 1024w, https:\/\/www.visitsmaland.se\/wp-content\/uploads\/2025\/09\/Granna_hus_flera_vinter-smalandsbilder-1-edited-150x150.jpg 150w, https:\/\/www.visitsmaland.se\/wp-content\/uploads\/2025\/09\/Granna_hus_flera_vinter-smalandsbilder-1-edited-768x768.jpg 768w, https:\/\/www.visitsmaland.se\/wp-content\/uploads\/2025\/09\/Granna_hus_flera_vinter-smalandsbilder-1-edited-1536x1536.jpg 1536w, https:\/\/www.visitsmaland.se\/wp-content\/uploads\/2025\/09\/Granna_hus_flera_vinter-smalandsbilder-1-edited-2048x2048.jpg 2048w\" sizes=\"(max-width: 2560px) 100vw, 2560px\" \/><\/figure>\n\n\n\n<figure class=\"wp-block-image size-large\"><img loading=\"lazy\" decoding=\"async\" width=\"2560\" height=\"2560\" data-id=\"74912\" src=\"https:\/\/www.visitsmaland.se\/wp-content\/uploads\/2025\/09\/LX_6605-1-edited-scaled.jpg\" alt=\"\" class=\"wp-image-74912\" srcset=\"https:\/\/www.visitsmaland.se\/wp-content\/uploads\/2025\/09\/LX_6605-1-edited-scaled.jpg 2560w, https:\/\/www.visitsmaland.se\/wp-content\/uploads\/2025\/09\/LX_6605-1-edited-300x300.jpg 300w, https:\/\/www.visitsmaland.se\/wp-content\/uploads\/2025\/09\/LX_6605-1-edited-1024x1024.jpg 1024w, https:\/\/www.visitsmaland.se\/wp-content\/uploads\/2025\/09\/LX_6605-1-edited-150x150.jpg 150w, https:\/\/www.visitsmaland.se\/wp-content\/uploads\/2025\/09\/LX_6605-1-edited-768x768.jpg 768w, https:\/\/www.visitsmaland.se\/wp-content\/uploads\/2025\/09\/LX_6605-1-edited-1536x1536.jpg 1536w, https:\/\/www.visitsmaland.se\/wp-content\/uploads\/2025\/09\/LX_6605-1-edited-2048x2048.jpg 2048w\" sizes=\"(max-width: 2560px) 100vw, 2560px\" \/><\/figure>\n\n\n\n<figure class=\"wp-block-image size-large\"><img loading=\"lazy\" decoding=\"async\" width=\"2455\" height=\"2456\" data-id=\"74892\" src=\"https:\/\/www.visitsmaland.se\/wp-content\/uploads\/2025\/09\/004-1-edited.jpg\" alt=\"\" class=\"wp-image-74892\" srcset=\"https:\/\/www.visitsmaland.se\/wp-content\/uploads\/2025\/09\/004-1-edited.jpg 2455w, https:\/\/www.visitsmaland.se\/wp-content\/uploads\/2025\/09\/004-1-edited-300x300.jpg 300w, https:\/\/www.visitsmaland.se\/wp-content\/uploads\/2025\/09\/004-1-edited-1024x1024.jpg 1024w, https:\/\/www.visitsmaland.se\/wp-content\/uploads\/2025\/09\/004-1-edited-150x150.jpg 150w, https:\/\/www.visitsmaland.se\/wp-content\/uploads\/2025\/09\/004-1-edited-768x768.jpg 768w, https:\/\/www.visitsmaland.se\/wp-content\/uploads\/2025\/09\/004-1-edited-1536x1536.jpg 1536w, https:\/\/www.visitsmaland.se\/wp-content\/uploads\/2025\/09\/004-1-edited-2048x2048.jpg 2048w\" sizes=\"(max-width: 2455px) 100vw, 2455px\" \/><\/figure>\n\n\n\n<figure class=\"wp-block-image size-large\"><img loading=\"lazy\" decoding=\"async\" width=\"1667\" height=\"1667\" data-id=\"74897\" src=\"https:\/\/www.visitsmaland.se\/wp-content\/uploads\/2025\/09\/WEB_NY_FotografEmmaIvarsson_240110-101-edited.jpg\" alt=\"\" class=\"wp-image-74897\" srcset=\"https:\/\/www.visitsmaland.se\/wp-content\/uploads\/2025\/09\/WEB_NY_FotografEmmaIvarsson_240110-101-edited.jpg 1667w, https:\/\/www.visitsmaland.se\/wp-content\/uploads\/2025\/09\/WEB_NY_FotografEmmaIvarsson_240110-101-edited-300x300.jpg 300w, https:\/\/www.visitsmaland.se\/wp-content\/uploads\/2025\/09\/WEB_NY_FotografEmmaIvarsson_240110-101-edited-1024x1024.jpg 1024w, https:\/\/www.visitsmaland.se\/wp-content\/uploads\/2025\/09\/WEB_NY_FotografEmmaIvarsson_240110-101-edited-150x150.jpg 150w, https:\/\/www.visitsmaland.se\/wp-content\/uploads\/2025\/09\/WEB_NY_FotografEmmaIvarsson_240110-101-edited-768x768.jpg 768w, https:\/\/www.visitsmaland.se\/wp-content\/uploads\/2025\/09\/WEB_NY_FotografEmmaIvarsson_240110-101-edited-1536x1536.jpg 1536w\" sizes=\"(max-width: 1667px) 100vw, 1667px\" \/><\/figure>\n\n\n\n<figure class=\"wp-block-image size-large\"><img loading=\"lazy\" decoding=\"async\" width=\"2560\" height=\"2560\" data-id=\"74902\" src=\"https:\/\/www.visitsmaland.se\/wp-content\/uploads\/2025\/09\/Oland-VinterBorgholm-MarcusCarlsson-2022-12-edited-scaled.jpg\" alt=\"\" class=\"wp-image-74902\" srcset=\"https:\/\/www.visitsmaland.se\/wp-content\/uploads\/2025\/09\/Oland-VinterBorgholm-MarcusCarlsson-2022-12-edited-scaled.jpg 2560w, https:\/\/www.visitsmaland.se\/wp-content\/uploads\/2025\/09\/Oland-VinterBorgholm-MarcusCarlsson-2022-12-edited-300x300.jpg 300w, https:\/\/www.visitsmaland.se\/wp-content\/uploads\/2025\/09\/Oland-VinterBorgholm-MarcusCarlsson-2022-12-edited-1024x1024.jpg 1024w, https:\/\/www.visitsmaland.se\/wp-content\/uploads\/2025\/09\/Oland-VinterBorgholm-MarcusCarlsson-2022-12-edited-150x150.jpg 150w, https:\/\/www.visitsmaland.se\/wp-content\/uploads\/2025\/09\/Oland-VinterBorgholm-MarcusCarlsson-2022-12-edited-768x768.jpg 768w, https:\/\/www.visitsmaland.se\/wp-content\/uploads\/2025\/09\/Oland-VinterBorgholm-MarcusCarlsson-2022-12-edited-1536x1536.jpg 1536w, https:\/\/www.visitsmaland.se\/wp-content\/uploads\/2025\/09\/Oland-VinterBorgholm-MarcusCarlsson-2022-12-edited-2048x2048.jpg 2048w\" sizes=\"(max-width: 2560px) 100vw, 2560px\" \/><\/figure>\n<\/figure>\n\n\n<div class=\"contentImageTwoColumns contentImageTwoColumns__wrapper\" style=\"background-color: #f4f2eb\">\n    <div class=\"contentImageTwoColumns contentImageTwoColumns__container layout-reversed\">\n        <div class=\"contentImageTwoColumns contentImageTwoColumns__contentWrapper\">\n            <h2 class=\"contentImageTwoColumns contentImageTwoColumns__heading\" style=\"color: \">\n                Overnat i Sm\u00e5land om vinteren            <\/h2>\n            <div class=\"contentImageTwoColumns contentImageTwoColumns__text contentImageTwoColumns__text--short\" style=\"color: \">\n                                    <p>H\u00f8r lyden af en knitrende pejs, drik en varm kop kaffe og put dig ned i en varm seng. Udenfor vinduet er det r\u00e5t, koldt og smukt p\u00e5 samme tid. N\u00e5r du har opholdt dig i naturen eller opdaget noget n&#8230;                    <button type=\"button\" class=\"contentImageTwoColumns contentImageTwoColumns__readMoreLess\">\n                        L\u00e6s mere +                    <\/button>\n                            <\/div>\n            <div class=\"contentImageTwoColumns contentImageTwoColumns__text contentImageTwoColumns__text--full\" style=\"color: \">\n                <p>H\u00f8r lyden af en knitrende pejs, drik en varm kop kaffe og put dig ned i en varm seng. Udenfor vinduet er det r\u00e5t, koldt og smukt p\u00e5 samme tid. N\u00e5r du har opholdt dig i naturen eller opdaget noget nyt, er det altid dejligt at komme hjem til sit overnatningssted og slappe af. Her giver vi nogle tips til hyggelige herreg\u00e5rde, hytter og unikke overnatningssteder til dit ophold i Sm\u00e5land og p\u00e5 \u00d8land om vinteren.<\/p>\n                <button type=\"button\" class=\"contentImageTwoColumns contentImageTwoColumns__readMoreLess\">\n                    L\u00e6s mindre &#8211;                <\/button>\n            <\/div>\n                        <div class=\"wp-block-buttons is-layout-flex wp-block-buttons-is-layout-flex\">\n                <div class=\"wp-block-button arrow-white\">\n                    <a aria-label=\"Overnatning i Sm\u00e5land om vinteren\" class=\"wp-block-button__link wp-element-button\" href=\"https:\/\/www.visitsmaland.se\/dk\/opdag\/bo-i-smaaland-om-vinteren\/\" style=\"background-color: #374632; color: #ffffff;border: solid 1px #374632\">\n                        Overnatning i Sm\u00e5land om vinteren                    <\/a>\n                <\/div>\n            <\/div>\n                                <\/div>\n        <div class=\"contentImageTwoColumns contentImageTwoColumns__imageWrapper\">\n            <img loading=\"lazy\" decoding=\"async\" width=\"1024\" height=\"740\" src=\"https:\/\/www.visitsmaland.se\/wp-content\/uploads\/2025\/09\/Stufvenas-Gastgifveri-Vinter-10-1024x740.jpg\" class=\"attachment-grid-card-images size-grid-card-images\" alt=\"\" \/>        <\/div>\n    <\/div>\n<\/div>\n\n\n<div class=\"contentImageTwoColumns contentImageTwoColumns__wrapper\" style=\"background-color: #374632\">\n    <div class=\"contentImageTwoColumns contentImageTwoColumns__container \">\n        <div class=\"contentImageTwoColumns contentImageTwoColumns__contentWrapper\">\n            <h2 class=\"contentImageTwoColumns contentImageTwoColumns__heading\" style=\"color: #ffffff\">\n                Isaberg Mountain Resort            <\/h2>\n            <div class=\"contentImageTwoColumns contentImageTwoColumns__text contentImageTwoColumns__text--short\" style=\"color: #ffffff\">\n                                    <p>Et vinterbes\u00f8g p\u00e5 Isaberg er perfekt for par, der vil nyde en aktiv men samtidig afslappende ferie sammen. Skiomr\u00e5det byder p\u00e5 velpr\u00e6parerede pister, komfortable lifte og mulighed for b\u00e5de skil\u00f8b o&#8230;                    <button type=\"button\" class=\"contentImageTwoColumns contentImageTwoColumns__readMoreLess\">\n                        L\u00e6s mere +                    <\/button>\n                            <\/div>\n            <div class=\"contentImageTwoColumns contentImageTwoColumns__text contentImageTwoColumns__text--full\" style=\"color: #ffffff\">\n                <p>Et vinterbes\u00f8g p\u00e5 Isaberg er perfekt for par, der vil nyde en aktiv men samtidig afslappende ferie sammen. Skiomr\u00e5det byder p\u00e5 velpr\u00e6parerede pister, komfortable lifte og mulighed for b\u00e5de skil\u00f8b og snowboard. For den, der vil tage det roligere, findes der smukke vintervandringer og langrendsl\u00f8jper gennem stille skove. Efter en dag i den friske luft kan man tr\u00e6kke sig tilbage til en hyggelig hytte med \u00e5ben pejs.<\/p>\n                <button type=\"button\" class=\"contentImageTwoColumns contentImageTwoColumns__readMoreLess\">\n                    L\u00e6s mindre &#8211;                <\/button>\n            <\/div>\n                        <div class=\"wp-block-buttons is-layout-flex wp-block-buttons-is-layout-flex\">\n                <div class=\"wp-block-button \">\n                    <a aria-label=\"Til Isabergs web\" class=\"wp-block-button__link wp-element-button\" href=\"https:\/\/www.isaberg.com\/\" style=\"background-color: #f4f2eb; color: #000000;border: solid 1px #f4f2eb\">\n                        Til Isabergs web                    <\/a>\n                <\/div>\n            <\/div>\n                                <\/div>\n        <div class=\"contentImageTwoColumns contentImageTwoColumns__imageWrapper\">\n            <img loading=\"lazy\" decoding=\"async\" width=\"1024\" height=\"740\" src=\"https:\/\/www.visitsmaland.se\/wp-content\/uploads\/2024\/04\/isabergskidor-1024x740.jpg\" class=\"attachment-grid-card-images size-grid-card-images\" alt=\"\" \/>        <\/div>\n    <\/div>\n<\/div>\n\n\n<div class=\"dynamicContentTwoColumns dynamicContentTwoColumns__wrapper\">\n    <div class=\"dynamicContentTwoColumns dynamicContentTwoColumns__container\">\n                                    <h3 class=\"dynamicContentTwoColumns dynamicContentTwoColumns__heading\">\n                    Traditioner                <\/h3>\n                                                <div class=\"dynamicContentTwoColumns dynamicContentTwoColumns__imageWrapper\">\n                    <img loading=\"lazy\" decoding=\"async\" width=\"500\" height=\"333\" src=\"https:\/\/www.visitsmaland.se\/wp-content\/uploads\/2025\/08\/ALEX3344-scaled.jpg\" class=\"attachment-500x500 size-500x500\" alt=\"\" srcset=\"https:\/\/www.visitsmaland.se\/wp-content\/uploads\/2025\/08\/ALEX3344-scaled.jpg 2560w, https:\/\/www.visitsmaland.se\/wp-content\/uploads\/2025\/08\/ALEX3344-300x200.jpg 300w, https:\/\/www.visitsmaland.se\/wp-content\/uploads\/2025\/08\/ALEX3344-1024x683.jpg 1024w, https:\/\/www.visitsmaland.se\/wp-content\/uploads\/2025\/08\/ALEX3344-768x512.jpg 768w, https:\/\/www.visitsmaland.se\/wp-content\/uploads\/2025\/08\/ALEX3344-1536x1024.jpg 1536w, https:\/\/www.visitsmaland.se\/wp-content\/uploads\/2025\/08\/ALEX3344-2048x1365.jpg 2048w\" sizes=\"(max-width: 500px) 100vw, 500px\" \/>                <\/div>\n                                                <div class=\"dynamicContentTwoColumns dynamicContentTwoColumns__text\">\n                    <p><p>Grib muligheden for at opleve alt det hyggelige, der h\u00f8rer julen til i Sm\u00e5land og p\u00e5 \u00d8land. Her forvandles byer, store som sm\u00e5 og herreg\u00e5rde til stemningsfulde omgivelser med lys, dufte og smage, der h\u00f8rer h\u00f8jtiden til. G\u00e5 rundt p\u00e5 traditionelle julemarkeder, hvor du kan k\u00f8be lokalt produceret mad, h\u00e5ndv\u00e6rk og unikke julegaver, mens du nyder gl\u00f8ggen, der varmer i vinterkulden. S\u00e6t dig til rette ved et julebord fyldt med klassiske svenske retter og lokale specialiteter, eller fork\u00e6l dig selv med en kaffe og safransboller, peberkager og andre julesm\u00e5kager. G\u00e5 heller ikke glip af at opleve en traditionel luciafejring med sang, lys og det hvidkl\u00e6dte luciatog, der spreder varme i m\u00f8rket.<\/p>\n<p>\n                <\/div>\n                                                <div class=\"wp-block-buttons is-layout-flex wp-block-buttons-is-layout-flex\">\n                    <div class=\"wp-block-button\">\n                        <a aria-label=\"L\u00e6s mere \" class=\"wp-block-button__link wp-element-button dynamicContentTwoColumns dynamicContentTwoColumns__ctaButton\" href=\"https:\/\/www.visitsmaland.se\/dk\/opdag\/jul-i-smaaland\/\">\n                            Jul i Sm\u00e5land                        <\/a>\n                    <\/div>\n                <\/div>\n                                                <h3 class=\"dynamicContentTwoColumns dynamicContentTwoColumns__heading\">\n                    Fastelavnss\u00f8ndag                <\/h3>\n                                                <div class=\"dynamicContentTwoColumns dynamicContentTwoColumns__imageWrapper\">\n                    <img loading=\"lazy\" decoding=\"async\" width=\"500\" height=\"500\" src=\"https:\/\/www.visitsmaland.se\/wp-content\/uploads\/2024\/04\/semla-landhs-2-1-768x768.jpg\" class=\"attachment-500x500 size-500x500\" alt=\"\" srcset=\"https:\/\/www.visitsmaland.se\/wp-content\/uploads\/2024\/04\/semla-landhs-2-1-768x768.jpg 768w, https:\/\/www.visitsmaland.se\/wp-content\/uploads\/2024\/04\/semla-landhs-2-1-300x300.jpg 300w, https:\/\/www.visitsmaland.se\/wp-content\/uploads\/2024\/04\/semla-landhs-2-1-1024x1024.jpg 1024w, https:\/\/www.visitsmaland.se\/wp-content\/uploads\/2024\/04\/semla-landhs-2-1-150x150.jpg 150w, https:\/\/www.visitsmaland.se\/wp-content\/uploads\/2024\/04\/semla-landhs-2-1.jpg 1440w\" sizes=\"(max-width: 500px) 100vw, 500px\" \/>                <\/div>\n                                                <div class=\"dynamicContentTwoColumns dynamicContentTwoColumns__text\">\n                    <p><p data-start=\"717\" data-end=\"1039\">Fastelavnss\u00f8ndag er en af \u00e5rets mest ventede dage for alle, der elsker fastelavnsboller \u2013 og i Sm\u00e5land fejres den b\u00e5de med tradition og nyt\u00e6nkning. Dagen falder altid 47 dage f\u00f8r p\u00e5ske, oftest i februar eller begyndelsen af marts, og har sin oprindelse i den kristne faste, hvor man tillod sig selv noget ekstra l\u00e6kkert.<\/p>\n<p data-start=\"1041\" data-end=\"1489\">Her finder du alt fra klassiske fastelavnsboller med mandelmasse og fl\u00f8deskum til moderne varianter med chokolade, b\u00e6r eller andre sp\u00e6ndende smage. Mange caf\u00e9er og bagerier skaber desuden deres egne lokale fortolkninger, som tiltr\u00e6kker b\u00e5de stamkunder og bes\u00f8gende. At nyde en fastelavnsbolle sammen med kaffe p\u00e5 en hyggelig caf\u00e9 g\u00f8r fastelavnss\u00f8ndag til en tradition, der forener b\u00e5de venner og familie \u2013 en dag fyldt med f\u00e6llesskab og s\u00f8d tand.<\/p>\n<p>\n                <\/div>\n                                                <div class=\"wp-block-buttons is-layout-flex wp-block-buttons-is-layout-flex\">\n                    <div class=\"wp-block-button\">\n                        <a aria-label=\"L\u00e6s mere \" class=\"wp-block-button__link wp-element-button dynamicContentTwoColumns dynamicContentTwoColumns__ctaButton\" href=\"https:\/\/www.visitsmaland.se\/dk\/opdag\/cafeer-i-smaaland\/\">\n                            Til caf\u00e9er i Sm\u00e5land &#038; p\u00e5 \u00d8land                        <\/a>\n                    <\/div>\n                <\/div>\n                        <\/div>\n<\/div>\n\n\n\n<figure class=\"wp-block-gallery has-nested-images columns-default is-cropped wp-block-gallery-3 is-layout-flex wp-block-gallery-is-layout-flex\">\n<figure class=\"wp-block-image size-large\"><img loading=\"lazy\" decoding=\"async\" width=\"1024\" height=\"683\" data-id=\"74410\" src=\"https:\/\/www.visitsmaland.se\/wp-content\/uploads\/2025\/08\/FotografEmmaIvarsson_Bauervinter2022-23-1024x683.jpg\" alt=\"\" class=\"wp-image-74410\" srcset=\"https:\/\/www.visitsmaland.se\/wp-content\/uploads\/2025\/08\/FotografEmmaIvarsson_Bauervinter2022-23-1024x683.jpg 1024w, https:\/\/www.visitsmaland.se\/wp-content\/uploads\/2025\/08\/FotografEmmaIvarsson_Bauervinter2022-23-300x200.jpg 300w, https:\/\/www.visitsmaland.se\/wp-content\/uploads\/2025\/08\/FotografEmmaIvarsson_Bauervinter2022-23-768x512.jpg 768w, https:\/\/www.visitsmaland.se\/wp-content\/uploads\/2025\/08\/FotografEmmaIvarsson_Bauervinter2022-23-1536x1024.jpg 1536w, https:\/\/www.visitsmaland.se\/wp-content\/uploads\/2025\/08\/FotografEmmaIvarsson_Bauervinter2022-23-2048x1366.jpg 2048w\" sizes=\"(max-width: 1024px) 100vw, 1024px\" \/><\/figure>\n\n\n\n<figure class=\"wp-block-image size-large\"><img loading=\"lazy\" decoding=\"async\" width=\"1024\" height=\"683\" data-id=\"58137\" src=\"https:\/\/www.visitsmaland.se\/wp-content\/uploads\/2024\/12\/Stufvenas-Gastgifveri-Vinter-5-1024x683.jpg\" alt=\"\" class=\"wp-image-58137\" srcset=\"https:\/\/www.visitsmaland.se\/wp-content\/uploads\/2024\/12\/Stufvenas-Gastgifveri-Vinter-5-1024x683.jpg 1024w, https:\/\/www.visitsmaland.se\/wp-content\/uploads\/2024\/12\/Stufvenas-Gastgifveri-Vinter-5-300x200.jpg 300w, https:\/\/www.visitsmaland.se\/wp-content\/uploads\/2024\/12\/Stufvenas-Gastgifveri-Vinter-5-768x512.jpg 768w, https:\/\/www.visitsmaland.se\/wp-content\/uploads\/2024\/12\/Stufvenas-Gastgifveri-Vinter-5-1536x1024.jpg 1536w, https:\/\/www.visitsmaland.se\/wp-content\/uploads\/2024\/12\/Stufvenas-Gastgifveri-Vinter-5-2048x1365.jpg 2048w\" sizes=\"(max-width: 1024px) 100vw, 1024px\" \/><\/figure>\n\n\n\n<figure class=\"wp-block-image size-large\"><img loading=\"lazy\" decoding=\"async\" width=\"1024\" height=\"683\" data-id=\"55070\" src=\"https:\/\/www.visitsmaland.se\/wp-content\/uploads\/2024\/09\/Spa-31-1024x683.jpg\" alt=\"\" class=\"wp-image-55070\" srcset=\"https:\/\/www.visitsmaland.se\/wp-content\/uploads\/2024\/09\/Spa-31-1024x683.jpg 1024w, https:\/\/www.visitsmaland.se\/wp-content\/uploads\/2024\/09\/Spa-31-300x200.jpg 300w, https:\/\/www.visitsmaland.se\/wp-content\/uploads\/2024\/09\/Spa-31-768x512.jpg 768w, https:\/\/www.visitsmaland.se\/wp-content\/uploads\/2024\/09\/Spa-31-1536x1024.jpg 1536w, https:\/\/www.visitsmaland.se\/wp-content\/uploads\/2024\/09\/Spa-31-2048x1365.jpg 2048w\" sizes=\"(max-width: 1024px) 100vw, 1024px\" \/><\/figure>\n<\/figure>\n\n\n  \n<div class=\"featuredTwoColumns featuredTwoColumns__wrapper\">\n    <div class=\"featuredTwoColumns featuredTwoColumns__container\">  \n            <div class=\"featuredTwoColumns featuredTwoColumns__feturedWrapper\">\n            <a aria-label=\"Design i Sm\u00e5land\" href=\"https:\/\/www.visitsmaland.se\/dk\/opdag\/design-inspiration\/\"class=\"featuredTwoColumns featuredTwoColumns__imageWrapper\">\n                <img loading=\"lazy\" decoding=\"async\" width=\"1024\" height=\"740\" src=\"https:\/\/www.visitsmaland.se\/wp-content\/uploads\/2024\/04\/DAYFOTOGRAFI-BRUNOMATTSON-0049-1024x740.jpg\" class=\"attachment-grid-card-images size-grid-card-images wp-post-image\" alt=\"Frauen betrachten Design und M\u00f6bel.\" \/>            <\/a>\n            <div class=\"featuredTwoColumns featuredTwoColumns__contentWrapper\">\n                <h2 class=\"featuredTwoColumns featuredTwoColumns__heading\">\n                    Design i Sm\u00e5land                <\/h2>\n                <p class=\"featuredTwoColumns featuredTwoColumns__description\">\n                    Design i Sm\u00e5land. Glas, tr\u00e6, l\u00e6der og st\u00f8bejern \u2013 d\u2026                <\/p>\n                 \n                 \n                <div class=\"wp-block-buttons is-layout-flex wp-block-buttons-is-layout-flex\">\n                    <div class=\"wp-block-button \">\n                        <a aria-label=\"Design i Sm\u00e5land\"class=\"wp-block-button__link wp-element-button\" href=\"https:\/\/www.visitsmaland.se\/dk\/opdag\/design-inspiration\/\">\n                            Opdag                       \n                         <\/a>\n                    <\/div>\n                <\/div>\n            <\/div>\n        <\/div>\n                <div class=\"featuredTwoColumns featuredTwoColumns__feturedWrapper\">\n            <a aria-label=\"Mad og drikke i Sm\u00e5land\" href=\"https:\/\/www.visitsmaland.se\/dk\/opdag\/mad-og-drikke-i-smaaland\/\"class=\"featuredTwoColumns featuredTwoColumns__imageWrapper\">\n                <img loading=\"lazy\" decoding=\"async\" width=\"1024\" height=\"740\" src=\"https:\/\/www.visitsmaland.se\/wp-content\/uploads\/2024\/04\/alex7823-1024x740.jpg\" class=\"attachment-grid-card-images size-grid-card-images wp-post-image\" alt=\"Zwei frisch zubereitete Teller in einem Restaurant werden serviert.\" \/>            <\/a>\n            <div class=\"featuredTwoColumns featuredTwoColumns__contentWrapper\">\n                <h2 class=\"featuredTwoColumns featuredTwoColumns__heading\">\n                    Mad og drikke i Sm\u00e5land                <\/h2>\n                <p class=\"featuredTwoColumns featuredTwoColumns__description\">\n                    Velkommen til at spise og drikke i Sm\u00e5land. Her fin\u2026                <\/p>\n                 \n                 \n                <div class=\"wp-block-buttons is-layout-flex wp-block-buttons-is-layout-flex\">\n                    <div class=\"wp-block-button \">\n                        <a aria-label=\"Mad og drikke i Sm\u00e5land\"class=\"wp-block-button__link wp-element-button\" href=\"https:\/\/www.visitsmaland.se\/dk\/opdag\/mad-og-drikke-i-smaaland\/\">\n                            Opdag                       \n                         <\/a>\n                    <\/div>\n                <\/div>\n            <\/div>\n        <\/div>\n            <\/div>\n<\/div>\n","protected":false},"excerpt":{"rendered":"<p>Velkommen til at opleve vinteren i Sm\u00e5land og p\u00e5 \u00d8land. Slap af p\u00e5 spa, nyd roen i naturen, vinterbad, spis god mad og m\u00e5ske f\u00e5r du endda at se et nordlys? Vi h\u00e5ber, du vil trives.<\/p>\n","protected":false},"featured_media":74633,"parent":0,"menu_order":335,"template":"","tags":[],"land":[],"class_list":["post-75641","guide","type-guide","status-publish","has-post-thumbnail","hentry"],"acf":{"priority":""},"yoast_head":"<!-- This site is optimized with the Yoast SEO plugin v28.3 - https:\/\/yoast.com\/product\/yoast-seo-wordpress\/ -->\n<title>Vinter i Sm\u00e5land | Visit Sm\u00e5land<\/title>\n<meta name=\"description\" content=\"Velkommen til at opleve vinter i Sm\u00e5land og p\u00e5 \u00d8land. Slap af p\u00e5 spa, nyd roen i naturen, vinterbad og spis god mad.\" \/>\n<meta name=\"robots\" content=\"index, follow, max-snippet:-1, max-image-preview:large, max-video-preview:-1\" \/>\n<link rel=\"canonical\" href=\"https:\/\/www.visitsmaland.se\/dk\/opdag\/vinter-i-smaland\/\" \/>\n<meta property=\"og:locale\" content=\"da_DK\" \/>\n<meta property=\"og:type\" content=\"article\" \/>\n<meta property=\"og:title\" content=\"Vinter i Sm\u00e5land | Visit Sm\u00e5land\" \/>\n<meta property=\"og:description\" content=\"Velkommen til at opleve vinter i Sm\u00e5land og p\u00e5 \u00d8land. Slap af p\u00e5 spa, nyd roen i naturen, vinterbad og spis god mad.\" \/>\n<meta property=\"og:url\" content=\"https:\/\/www.visitsmaland.se\/dk\/opdag\/vinter-i-smaland\/\" \/>\n<meta property=\"og:site_name\" content=\"Visit Sm\u00e5land\" \/>\n<meta property=\"article:publisher\" content=\"https:\/\/www.facebook.com\/visitsmaland\/\" \/>\n<meta property=\"article:modified_time\" content=\"2025-12-02T12:05:16+00:00\" \/>\n<meta property=\"og:image\" content=\"https:\/\/www.visitsmaland.se\/wp-content\/uploads\/2025\/08\/WEB_NY_FotografEmmaIvarsson_240110-53.jpg\" \/>\n\t<meta property=\"og:image:width\" content=\"2500\" \/>\n\t<meta property=\"og:image:height\" content=\"1667\" \/>\n\t<meta property=\"og:image:type\" content=\"image\/jpeg\" \/>\n<meta name=\"twitter:card\" content=\"summary_large_image\" \/>\n<meta name=\"twitter:label1\" content=\"Estimeret l\u00e6setid\" \/>\n\t<meta name=\"twitter:data1\" content=\"8 minutter\" \/>\n<script type=\"application\/ld+json\" class=\"yoast-schema-graph\">{\"@context\":\"https:\\\/\\\/schema.org\",\"@graph\":[{\"@type\":\"WebPage\",\"@id\":\"https:\\\/\\\/www.visitsmaland.se\\\/dk\\\/opdag\\\/vinter-i-smaland\\\/\",\"url\":\"https:\\\/\\\/www.visitsmaland.se\\\/dk\\\/opdag\\\/vinter-i-smaland\\\/\",\"name\":\"Vinter i Sm\u00e5land | Visit Sm\u00e5land\",\"isPartOf\":{\"@id\":\"https:\\\/\\\/www.visitsmaland.se\\\/dk\\\/#website\"},\"primaryImageOfPage\":{\"@id\":\"https:\\\/\\\/www.visitsmaland.se\\\/dk\\\/opdag\\\/vinter-i-smaland\\\/#primaryimage\"},\"image\":{\"@id\":\"https:\\\/\\\/www.visitsmaland.se\\\/dk\\\/opdag\\\/vinter-i-smaland\\\/#primaryimage\"},\"thumbnailUrl\":\"https:\\\/\\\/www.visitsmaland.se\\\/wp-content\\\/uploads\\\/2025\\\/08\\\/WEB_NY_FotografEmmaIvarsson_240110-53.jpg\",\"datePublished\":\"2025-09-02T13:01:30+00:00\",\"dateModified\":\"2025-12-02T12:05:16+00:00\",\"description\":\"Velkommen til at opleve vinter i Sm\u00e5land og p\u00e5 \u00d8land. Slap af p\u00e5 spa, nyd roen i naturen, vinterbad og spis god mad.\",\"breadcrumb\":{\"@id\":\"https:\\\/\\\/www.visitsmaland.se\\\/dk\\\/opdag\\\/vinter-i-smaland\\\/#breadcrumb\"},\"inLanguage\":\"da-DK\",\"potentialAction\":[{\"@type\":\"ReadAction\",\"target\":[\"https:\\\/\\\/www.visitsmaland.se\\\/dk\\\/opdag\\\/vinter-i-smaland\\\/\"]}]},{\"@type\":\"ImageObject\",\"inLanguage\":\"da-DK\",\"@id\":\"https:\\\/\\\/www.visitsmaland.se\\\/dk\\\/opdag\\\/vinter-i-smaland\\\/#primaryimage\",\"url\":\"https:\\\/\\\/www.visitsmaland.se\\\/wp-content\\\/uploads\\\/2025\\\/08\\\/WEB_NY_FotografEmmaIvarsson_240110-53.jpg\",\"contentUrl\":\"https:\\\/\\\/www.visitsmaland.se\\\/wp-content\\\/uploads\\\/2025\\\/08\\\/WEB_NY_FotografEmmaIvarsson_240110-53.jpg\",\"width\":2500,\"height\":1667,\"caption\":\"Par hos Trakt Forest Hotel i vintrig milj\u00f6.\"},{\"@type\":\"BreadcrumbList\",\"@id\":\"https:\\\/\\\/www.visitsmaland.se\\\/dk\\\/opdag\\\/vinter-i-smaland\\\/#breadcrumb\",\"itemListElement\":[{\"@type\":\"ListItem\",\"position\":1,\"name\":\"Forside\",\"item\":\"https:\\\/\\\/www.visitsmaland.se\\\/dk\\\/\"},{\"@type\":\"ListItem\",\"position\":2,\"name\":\"Vinter i Sm\u00e5land\"}]},{\"@type\":\"WebSite\",\"@id\":\"https:\\\/\\\/www.visitsmaland.se\\\/dk\\\/#website\",\"url\":\"https:\\\/\\\/www.visitsmaland.se\\\/dk\\\/\",\"name\":\"Visit Sm\u00e5land\",\"description\":\"V\u00e4lkommen till Sm\u00e5land\",\"potentialAction\":[{\"@type\":\"SearchAction\",\"target\":{\"@type\":\"EntryPoint\",\"urlTemplate\":\"https:\\\/\\\/www.visitsmaland.se\\\/dk\\\/?s={search_term_string}\"},\"query-input\":{\"@type\":\"PropertyValueSpecification\",\"valueRequired\":true,\"valueName\":\"search_term_string\"}}],\"inLanguage\":\"da-DK\"}]}<\/script>\n<!-- \/ Yoast SEO plugin. -->","yoast_head_json":{"title":"Vinter i Sm\u00e5land | Visit Sm\u00e5land","description":"Velkommen til at opleve vinter i Sm\u00e5land og p\u00e5 \u00d8land. Slap af p\u00e5 spa, nyd roen i naturen, vinterbad og spis god mad.","robots":{"index":"index","follow":"follow","max-snippet":"max-snippet:-1","max-image-preview":"max-image-preview:large","max-video-preview":"max-video-preview:-1"},"canonical":"https:\/\/www.visitsmaland.se\/dk\/opdag\/vinter-i-smaland\/","og_locale":"da_DK","og_type":"article","og_title":"Vinter i Sm\u00e5land | Visit Sm\u00e5land","og_description":"Velkommen til at opleve vinter i Sm\u00e5land og p\u00e5 \u00d8land. Slap af p\u00e5 spa, nyd roen i naturen, vinterbad og spis god mad.","og_url":"https:\/\/www.visitsmaland.se\/dk\/opdag\/vinter-i-smaland\/","og_site_name":"Visit Sm\u00e5land","article_publisher":"https:\/\/www.facebook.com\/visitsmaland\/","article_modified_time":"2025-12-02T12:05:16+00:00","og_image":[{"width":2500,"height":1667,"url":"https:\/\/www.visitsmaland.se\/wp-content\/uploads\/2025\/08\/WEB_NY_FotografEmmaIvarsson_240110-53.jpg","type":"image\/jpeg"}],"twitter_card":"summary_large_image","twitter_misc":{"Estimeret l\u00e6setid":"8 minutter"},"schema":{"@context":"https:\/\/schema.org","@graph":[{"@type":"WebPage","@id":"https:\/\/www.visitsmaland.se\/dk\/opdag\/vinter-i-smaland\/","url":"https:\/\/www.visitsmaland.se\/dk\/opdag\/vinter-i-smaland\/","name":"Vinter i Sm\u00e5land | Visit Sm\u00e5land","isPartOf":{"@id":"https:\/\/www.visitsmaland.se\/dk\/#website"},"primaryImageOfPage":{"@id":"https:\/\/www.visitsmaland.se\/dk\/opdag\/vinter-i-smaland\/#primaryimage"},"image":{"@id":"https:\/\/www.visitsmaland.se\/dk\/opdag\/vinter-i-smaland\/#primaryimage"},"thumbnailUrl":"https:\/\/www.visitsmaland.se\/wp-content\/uploads\/2025\/08\/WEB_NY_FotografEmmaIvarsson_240110-53.jpg","datePublished":"2025-09-02T13:01:30+00:00","dateModified":"2025-12-02T12:05:16+00:00","description":"Velkommen til at opleve vinter i Sm\u00e5land og p\u00e5 \u00d8land. Slap af p\u00e5 spa, nyd roen i naturen, vinterbad og spis god mad.","breadcrumb":{"@id":"https:\/\/www.visitsmaland.se\/dk\/opdag\/vinter-i-smaland\/#breadcrumb"},"inLanguage":"da-DK","potentialAction":[{"@type":"ReadAction","target":["https:\/\/www.visitsmaland.se\/dk\/opdag\/vinter-i-smaland\/"]}]},{"@type":"ImageObject","inLanguage":"da-DK","@id":"https:\/\/www.visitsmaland.se\/dk\/opdag\/vinter-i-smaland\/#primaryimage","url":"https:\/\/www.visitsmaland.se\/wp-content\/uploads\/2025\/08\/WEB_NY_FotografEmmaIvarsson_240110-53.jpg","contentUrl":"https:\/\/www.visitsmaland.se\/wp-content\/uploads\/2025\/08\/WEB_NY_FotografEmmaIvarsson_240110-53.jpg","width":2500,"height":1667,"caption":"Par hos Trakt Forest Hotel i vintrig milj\u00f6."},{"@type":"BreadcrumbList","@id":"https:\/\/www.visitsmaland.se\/dk\/opdag\/vinter-i-smaland\/#breadcrumb","itemListElement":[{"@type":"ListItem","position":1,"name":"Forside","item":"https:\/\/www.visitsmaland.se\/dk\/"},{"@type":"ListItem","position":2,"name":"Vinter i Sm\u00e5land"}]},{"@type":"WebSite","@id":"https:\/\/www.visitsmaland.se\/dk\/#website","url":"https:\/\/www.visitsmaland.se\/dk\/","name":"Visit Sm\u00e5land","description":"V\u00e4lkommen till Sm\u00e5land","potentialAction":[{"@type":"SearchAction","target":{"@type":"EntryPoint","urlTemplate":"https:\/\/www.visitsmaland.se\/dk\/?s={search_term_string}"},"query-input":{"@type":"PropertyValueSpecification","valueRequired":true,"valueName":"search_term_string"}}],"inLanguage":"da-DK"}]}},"_links":{"self":[{"href":"https:\/\/www.visitsmaland.se\/dk\/wp-json\/wp\/v2\/guide\/75641","targetHints":{"allow":["GET"]}}],"collection":[{"href":"https:\/\/www.visitsmaland.se\/dk\/wp-json\/wp\/v2\/guide"}],"about":[{"href":"https:\/\/www.visitsmaland.se\/dk\/wp-json\/wp\/v2\/types\/guide"}],"version-history":[{"count":10,"href":"https:\/\/www.visitsmaland.se\/dk\/wp-json\/wp\/v2\/guide\/75641\/revisions"}],"predecessor-version":[{"id":79666,"href":"https:\/\/www.visitsmaland.se\/dk\/wp-json\/wp\/v2\/guide\/75641\/revisions\/79666"}],"wp:featuredmedia":[{"embeddable":true,"href":"https:\/\/www.visitsmaland.se\/dk\/wp-json\/wp\/v2\/media\/74633"}],"wp:attachment":[{"href":"https:\/\/www.visitsmaland.se\/dk\/wp-json\/wp\/v2\/media?parent=75641"}],"wp:term":[{"taxonomy":"post_tag","embeddable":true,"href":"https:\/\/www.visitsmaland.se\/dk\/wp-json\/wp\/v2\/tags?post=75641"},{"taxonomy":"land","embeddable":true,"href":"https:\/\/www.visitsmaland.se\/dk\/wp-json\/wp\/v2\/land?post=75641"}],"curies":[{"name":"wp","href":"https:\/\/api.w.org\/{rel}","templated":true}]}}