{"id":79750,"date":"2024-04-09T12:45:26","date_gmt":"2024-04-09T10:45:26","guid":{"rendered":"https:\/\/www.visitsmaland.se\/upptack\/churches\/"},"modified":"2026-02-18T20:36:22","modified_gmt":"2026-02-18T19:36:22","slug":"kirker-der-er-et-besoeg-vaerd","status":"publish","type":"guide","link":"https:\/\/www.visitsmaland.se\/dk\/opdag\/kirker-der-er-et-besoeg-vaerd\/","title":{"rendered":"Kirker, der er et bes\u00f8g v\u00e6rd"},"content":{"rendered":"<div class=\"postHerosection postHerosection__wrapper\">\n    <div class=\"postHerosection postHerosection__container\">\n        <h1 class=\"postHerosection postHerosection__heroHeading\">\n            Kirker, der er et bes\u00f8g v\u00e6rd        <\/h1>\n            <\/div>\n    <div class=\"postHerosection postHerosection__imageContainer\">\n        <img loading=\"lazy\" decoding=\"async\" width=\"2560\" height=\"1707\" src=\"https:\/\/www.visitsmaland.se\/wp-content\/uploads\/2024\/04\/Domkyrkan-Vaxjo-1-scaled.jpg\" class=\"attachment-full size-full\" alt=\"\" srcset=\"https:\/\/www.visitsmaland.se\/wp-content\/uploads\/2024\/04\/Domkyrkan-Vaxjo-1-scaled.jpg 2560w, https:\/\/www.visitsmaland.se\/wp-content\/uploads\/2024\/04\/Domkyrkan-Vaxjo-1-300x200.jpg 300w, https:\/\/www.visitsmaland.se\/wp-content\/uploads\/2024\/04\/Domkyrkan-Vaxjo-1-1024x683.jpg 1024w, https:\/\/www.visitsmaland.se\/wp-content\/uploads\/2024\/04\/Domkyrkan-Vaxjo-1-768x512.jpg 768w, https:\/\/www.visitsmaland.se\/wp-content\/uploads\/2024\/04\/Domkyrkan-Vaxjo-1-1536x1024.jpg 1536w, https:\/\/www.visitsmaland.se\/wp-content\/uploads\/2024\/04\/Domkyrkan-Vaxjo-1-2048x1365.jpg 2048w\" sizes=\"(max-width: 2560px) 100vw, 2560px\" \/>    <\/div>\n<\/div>\n<div class=\"postHerosection postHerosection__breadcrumbs\">\n   <div class=\"postHerosection postHerosection__breadcrumbs-container\">\n        <p id=\"breadcrumbs\"><span><span><a href=\"https:\/\/www.visitsmaland.se\/dk\/\">Forside<\/a><\/span><\/span><\/p>    <\/div>\n<\/div>\n\n<div class=\"contentCta contentCta__wrapper\">\n    <div class=\"contentCta contentCta__container\">\n                    \t\t\t<div class=\"contentCta contentCta__text\" style=\"color: \">\n\t\t\t\t<p>Sm\u00e5lands kirker repr\u00e6senterer en stor del af de bevarede bygninger fra middelalderen og vidner om udviklingen i kirkearkitekturen frem til de store kirker fra det 19. \u00e5rhundrede, som fik k\u00e6lenavnet \u201cTegn\u00e9r-lader\u201d efter Esaias Tegn\u00e9r, biskoppen af V\u00e4xj\u00f6. Mange af kirkerne huser gamle og interessante genstande.<\/p>\n\t\t\t<\/div>\n                <hr>\n            <\/div>\n<\/div>\n\n\n\n<div class=\"wp-block-group has-visitsmaland-greige-background-color has-background is-layout-constrained wp-block-group-is-layout-constrained\"><div class=\"contentImageTwoColumns contentImageTwoColumns__wrapper\" style=\"background-color: #f4f2eb\">\n    <div class=\"contentImageTwoColumns contentImageTwoColumns__container layout-reversed\">\n        <div class=\"contentImageTwoColumns contentImageTwoColumns__contentWrapper\">\n            <h2 class=\"contentImageTwoColumns contentImageTwoColumns__heading\" style=\"color: #000000\">\n                V\u00e4xj\u00f6 Domkirke            <\/h2>\n            <div class=\"contentImageTwoColumns contentImageTwoColumns__text contentImageTwoColumns__text--short\" style=\"color: #000000\">\n                                    <p>Kirken har s\u00e5ledes r\u00f8dder i den tidlige middelalder, men er br\u00e6ndt ned og renoveret flere gange. Dens kendetegn i dag er de to h\u00f8je spir og at den ligger s\u00e5 t\u00e6t p\u00e5 Glasriget, hvilket betyder, at de&#8230;                    <button type=\"button\" class=\"contentImageTwoColumns contentImageTwoColumns__readMoreLess\">\n                        L\u00e6s mere +                    <\/button>\n                            <\/div>\n            <div class=\"contentImageTwoColumns contentImageTwoColumns__text contentImageTwoColumns__text--full\" style=\"color: #000000\">\n                <p>Kirken har s\u00e5ledes r\u00f8dder i den tidlige middelalder, men er br\u00e6ndt ned og renoveret flere gange. Dens kendetegn i dag er de to h\u00f8je spir og at den ligger s\u00e5 t\u00e6t p\u00e5 Glasriget, hvilket betyder, at den rummer en stor m\u00e6ngde sakral glaskunst. Blandt de mest kendte er et altertavle af Bertil Vallien, en d\u00f8befont af Kjell Engman og et lystr\u00e6 af Erik H\u00f6glund. Domkirken er V\u00e4xj\u00f6s mest popul\u00e6re turistattraktion m\u00e5lt i antal bes\u00f8gende.<\/p>\n                <button type=\"button\" class=\"contentImageTwoColumns contentImageTwoColumns__readMoreLess\">\n                    L\u00e6s mindre &#8211;                <\/button>\n            <\/div>\n                        <div class=\"wp-block-buttons is-layout-flex wp-block-buttons-is-layout-flex\">\n                <div class=\"wp-block-button arrow-white\">\n                    <a aria-label=\"L\u00e6s mere om V\u00e4xj\u00f6 Domkirke\" class=\"wp-block-button__link wp-element-button\" href=\"https:\/\/www.svenskakyrkan.se\/vaxjo\/vaxjo-domkyrka-\" style=\"background-color: #374632; color: #ffffff;border: solid 1px #374632\">\n                        L\u00e6s mere om V\u00e4xj\u00f6 Domkirke                    <\/a>\n                <\/div>\n            <\/div>\n                                <\/div>\n        <div class=\"contentImageTwoColumns contentImageTwoColumns__imageWrapper\">\n            <img loading=\"lazy\" decoding=\"async\" width=\"1024\" height=\"740\" src=\"https:\/\/www.visitsmaland.se\/wp-content\/uploads\/2024\/04\/smaland-laura-schneider-182-1024x740.jpg\" class=\"attachment-grid-card-images size-grid-card-images\" alt=\"\" \/>        <\/div>\n    <\/div>\n<\/div>\n\n\n<div class=\"dynamicContentTwoColumns dynamicContentTwoColumns__wrapper\">\n    <div class=\"dynamicContentTwoColumns dynamicContentTwoColumns__container\">\n                                    <h3 class=\"dynamicContentTwoColumns dynamicContentTwoColumns__heading\">\n                    Legenden om Sankt Sigfrid                <\/h3>\n                                                <div class=\"dynamicContentTwoColumns dynamicContentTwoColumns__text\">\n                    <p><p>En fort\u00e6lling nedskrevet i det 13. \u00e5rhundrede siges at forklare, hvorfor en domkirke kom til at blive bygget i V\u00e4xj\u00f6. Legenden skulle have udspillet sig i det 11. \u00e5rhundrede og senere v\u00e6re blevet nedskrevet i slutningen af det 12. \u00e5rhundrede. Den fort\u00e6ller, hvordan en hellig mand rejste fra England og kom til V\u00e4rend \u2013 et af de \u201dsm\u00e5 lande\u201d, der udg\u00f8r den historiske provins Sm\u00e5land \u2013 og til V\u00e4xj\u00f6 for at omvende den lokale befolkning til kristendommen. Mission\u00e6ren, Sankt Sigfrid, fandt V\u00e4rend at v\u00e6re et rigt land med frugtbar jord og s\u00f8er fyldt med fisk. Mens han hvilede, viste en engel sig for ham og befalede ham at bygge en kirke ved s\u00f8en V\u00e4xj\u00f6sj\u00f6n, og nogle af de kristne indbyggere i V\u00e4xj\u00f6 adl\u00f8d. Kort tid efter m\u00e5tte Sankt Sigfrid bes\u00f8ge kong Olof af Sverige \u2013 kendt som Skattekongen \u2013 og efterlod sine tre nev\u00f8er, som var munke, til at tage sig af kristningen af lokalbefolkningen.<\/p>\n<p>\n                <\/div>\n                                                <div class=\"dynamicContentTwoColumns dynamicContentTwoColumns__text\">\n                    <p><p>Forf\u00e6rdeligt nok dr\u00e6bte hedningerne nev\u00f8erne og lagde deres hoveder i en t\u00f8nde i V\u00e4xj\u00f6sj\u00f6n. Folket vendte derefter tilbage til deres hedenske skikke. Men da Sankt Sigfrid vendte tilbage fra sine rejser, viste de tre nev\u00f8er sig for ham i et syn og bad ham bygge kirken. Lokalbefolkningen havde d\u00e5rlig samvittighed, og kirken blev bygget. Vi kan ikke sige, om legenden er sand, men den fik betydning for V\u00e4xj\u00f6, som styrkede sin position og sandsynligvis blev Sveriges f\u00f8rste bispes\u00e6de. I dag d\u00e6kker V\u00e4xj\u00f6 stift det meste af Sm\u00e5land og \u00f8en \u00d6land.<\/p>\n<p>\n                <\/div>\n                        <\/div>\n<\/div>\n<\/div>\n\n\n<div class=\"contentImageTwoColumns contentImageTwoColumns__wrapper\" style=\"background-color: #374632\">\n    <div class=\"contentImageTwoColumns contentImageTwoColumns__container layout-reversed\">\n        <div class=\"contentImageTwoColumns contentImageTwoColumns__contentWrapper\">\n            <h2 class=\"contentImageTwoColumns contentImageTwoColumns__heading\" style=\"color: #ffffff\">\n                Brahe Kirke, Visings\u00f6            <\/h2>\n            <div class=\"contentImageTwoColumns contentImageTwoColumns__text contentImageTwoColumns__text--short\" style=\"color: #ffffff\">\n                                    <p>I det 12. \u00e5rhundrede blev \u201cKongernes Kirke\u201d, Str\u00f6ja, opf\u00f8rt. I det 17. \u00e5rhundrede opf\u00f8rte Magnus Brahe &#8220;Brahe Kirke&#8221; som slotskapel til Visingsborg Slot p\u00e5 Str\u00f6jas omr\u00e5de. I dag er kirk&#8230;                    <button type=\"button\" class=\"contentImageTwoColumns contentImageTwoColumns__readMoreLess\">\n                        L\u00e6s mere +                    <\/button>\n                            <\/div>\n            <div class=\"contentImageTwoColumns contentImageTwoColumns__text contentImageTwoColumns__text--full\" style=\"color: #ffffff\">\n                <p>I det 12. \u00e5rhundrede blev \u201cKongernes Kirke\u201d, Str\u00f6ja, opf\u00f8rt. I det 17. \u00e5rhundrede opf\u00f8rte Magnus Brahe &#8220;Brahe Kirke&#8221; som slotskapel til Visingsborg Slot p\u00e5 Str\u00f6jas omr\u00e5de. I dag er kirken en rummelig hallekirke i ren\u00e6ssancestil, som rummer en rigdom af kunstv\u00e6rker, historiske levn og kuriositeter.<\/p>\n                <button type=\"button\" class=\"contentImageTwoColumns contentImageTwoColumns__readMoreLess\">\n                    L\u00e6s mindre &#8211;                <\/button>\n            <\/div>\n                        <div class=\"wp-block-buttons is-layout-flex wp-block-buttons-is-layout-flex\">\n                <div class=\"wp-block-button \">\n                    <a aria-label=\"L\u00e6s mere om Brahe Kirke\" class=\"wp-block-button__link wp-element-button\" href=\"https:\/\/jkpg.com\/en\/visingso\/brahe-church\/\" style=\"background-color: #f4f2eb; color: ;border: solid 1px #f4f2eb\">\n                        L\u00e6s mere om Brahe Kirke                    <\/a>\n                <\/div>\n            <\/div>\n                                <\/div>\n        <div class=\"contentImageTwoColumns contentImageTwoColumns__imageWrapper\">\n            <img loading=\"lazy\" decoding=\"async\" width=\"1024\" height=\"740\" src=\"https:\/\/www.visitsmaland.se\/wp-content\/uploads\/2024\/04\/visingso-1024x740.jpg\" class=\"attachment-grid-card-images size-grid-card-images\" alt=\"\" \/>        <\/div>\n    <\/div>\n<\/div>\n\n\n<div class=\"contentImageTwoColumns contentImageTwoColumns__wrapper\" style=\"background-color: #f4f2eb\">\n    <div class=\"contentImageTwoColumns contentImageTwoColumns__container \">\n        <div class=\"contentImageTwoColumns contentImageTwoColumns__contentWrapper\">\n            <h2 class=\"contentImageTwoColumns contentImageTwoColumns__heading\" style=\"color: \">\n                Kalmar Domkirke            <\/h2>\n            <div class=\"contentImageTwoColumns contentImageTwoColumns__text contentImageTwoColumns__text--short\" style=\"color: \">\n                                    <p>Kalmar har ogs\u00e5 en barokdomkirke, som blev tegnet af Nicodemus Tessin den \u00c6ldre. Den ligger p\u00e5 Stortorget i byens centrum og blev indviet i 1682. Stilm\u00e6ssigt er domkirken en nordisk variant af baro&#8230;                    <button type=\"button\" class=\"contentImageTwoColumns contentImageTwoColumns__readMoreLess\">\n                        L\u00e6s mere +                    <\/button>\n                            <\/div>\n            <div class=\"contentImageTwoColumns contentImageTwoColumns__text contentImageTwoColumns__text--full\" style=\"color: \">\n                <p>Kalmar har ogs\u00e5 en barokdomkirke, som blev tegnet af Nicodemus Tessin den \u00c6ldre. Den ligger p\u00e5 Stortorget i byens centrum og blev indviet i 1682. Stilm\u00e6ssigt er domkirken en nordisk variant af barok, baseret p\u00e5 forbilleder fra Italien og Frankrig. Opdelingen i flere bygningsvolumener, med rigt udsmykkede facader og kalkstenspilastre, er karakteristisk for kirken og et minde om Kalmars storhedstid, da byen var vigtig. Den kaldes endda \u201cSveriges mest elskede barokbygning\u201d.<\/p>\n                <button type=\"button\" class=\"contentImageTwoColumns contentImageTwoColumns__readMoreLess\">\n                    L\u00e6s mindre &#8211;                <\/button>\n            <\/div>\n                        <div class=\"wp-block-buttons is-layout-flex wp-block-buttons-is-layout-flex\">\n                <div class=\"wp-block-button arrow-white\">\n                    <a aria-label=\"L\u00e6s mere om Kalmar Domkirke\" class=\"wp-block-button__link wp-element-button\" href=\"https:\/\/www.svenskakyrkan.se\/kalmar\/kalmardomkyrka\" style=\"background-color: #374632; color: #ffffff;border: solid 1px #374632\">\n                        L\u00e6s mere om Kalmar Domkirke                    <\/a>\n                <\/div>\n            <\/div>\n                                <\/div>\n        <div class=\"contentImageTwoColumns contentImageTwoColumns__imageWrapper\">\n            <img loading=\"lazy\" decoding=\"async\" width=\"1024\" height=\"740\" src=\"https:\/\/www.visitsmaland.se\/wp-content\/uploads\/2024\/04\/fotograf-johnny-franzen-kalmar-16-1024x740.jpg\" class=\"attachment-grid-card-images size-grid-card-images\" alt=\"\" \/>        <\/div>\n    <\/div>\n<\/div>\n\n\n<div class=\"contentImageTwoColumns contentImageTwoColumns__wrapper\" style=\"background-color: \">\n    <div class=\"contentImageTwoColumns contentImageTwoColumns__container layout-reversed\">\n        <div class=\"contentImageTwoColumns contentImageTwoColumns__contentWrapper\">\n            <h2 class=\"contentImageTwoColumns contentImageTwoColumns__heading\" style=\"color: \">\n                Habo Kirke            <\/h2>\n            <div class=\"contentImageTwoColumns contentImageTwoColumns__text contentImageTwoColumns__text--short\" style=\"color: \">\n                                    <p data-pm-slice=\"1 1 []\">Habo Kirke er ber\u00f8mt for sine malerier, som d\u00e6kker hele kirkens indre. Denne katedrallignende kirke blev opf\u00f8rt i det 14. \u00e5rhundrede, men har siden 1723 v\u00e6ret bevaret u\u00e6ndret&#8230;                    <button type=\"button\" class=\"contentImageTwoColumns contentImageTwoColumns__readMoreLess\">\n                        L\u00e6s mere +                    <\/button>\n                            <\/div>\n            <div class=\"contentImageTwoColumns contentImageTwoColumns__text contentImageTwoColumns__text--full\" style=\"color: \">\n                <p data-pm-slice=\"1 1 []\">Habo Kirke er ber\u00f8mt for sine malerier, som d\u00e6kker hele kirkens indre. Denne katedrallignende kirke blev opf\u00f8rt i det 14. \u00e5rhundrede, men har siden 1723 v\u00e6ret bevaret u\u00e6ndret. De lukkede stole for de velhavende sogneb\u00f8rn, b\u00e6nkene for b\u00f8nderne og pulpituret for husm\u00e6nd, karle og tjenestepiger fra fortiden st\u00e5r stadig intakte. Mange sp\u00e6ndende beretninger om fund fra det 14. \u00e5rhundrede lever videre i kirken den dag i dag. Den blev bygget som en domkirke p\u00e5 et sted, hvor syv veje engang m\u00f8dtes. I dag st\u00e5r den alene ude p\u00e5 landet. Kirken er \u00e5ben hver dag i sommerperioden, og rundvisninger kan bookes p\u00e5 forh\u00e5nd.<\/p>\n                <button type=\"button\" class=\"contentImageTwoColumns contentImageTwoColumns__readMoreLess\">\n                    L\u00e6s mindre &#8211;                <\/button>\n            <\/div>\n                        <div class=\"wp-block-buttons is-layout-flex wp-block-buttons-is-layout-flex\">\n                <div class=\"wp-block-button \">\n                    <a aria-label=\"L\u00e6s mere om Habo Kirke\" class=\"wp-block-button__link wp-element-button\" href=\"https:\/\/jonkopingslansmuseum.se\/se-och-gora\/smultronstallen\/habo\/habo-kyrka\/\" style=\"background-color: #fbbd51; color: ;border: solid 1px #fbbd51\">\n                        L\u00e6s mere om Habo Kirke                    <\/a>\n                <\/div>\n            <\/div>\n                                <\/div>\n        <div class=\"contentImageTwoColumns contentImageTwoColumns__imageWrapper\">\n            <img loading=\"lazy\" decoding=\"async\" width=\"1024\" height=\"740\" src=\"https:\/\/www.visitsmaland.se\/wp-content\/uploads\/2024\/04\/Habokyrka_summer5-1-1024x740.jpg\" class=\"attachment-grid-card-images size-grid-card-images\" alt=\"\" \/>        <\/div>\n    <\/div>\n<\/div>\n\n\n<div class=\"contentImageTwoColumns contentImageTwoColumns__wrapper\" style=\"background-color: #374632\">\n    <div class=\"contentImageTwoColumns contentImageTwoColumns__container \">\n        <div class=\"contentImageTwoColumns contentImageTwoColumns__contentWrapper\">\n            <h2 class=\"contentImageTwoColumns contentImageTwoColumns__heading\" style=\"color: #fff\">\n                Hagby Kirke            <\/h2>\n            <div class=\"contentImageTwoColumns contentImageTwoColumns__text contentImageTwoColumns__text--short\" style=\"color: #fff\">\n                                    <p>Hagby Kirke er en af Sveriges f\u00e5 bevarede rundkirker og anses af mange for at v\u00e6re den bedst bevarede i landet. Forg\u00e6ngeren til den nuv\u00e6rende stenkirke i Hagby var det tr\u00e6byggede Sankt Sigfrid-kape&#8230;                    <button type=\"button\" class=\"contentImageTwoColumns contentImageTwoColumns__readMoreLess\">\n                        L\u00e6s mere +                    <\/button>\n                            <\/div>\n            <div class=\"contentImageTwoColumns contentImageTwoColumns__text contentImageTwoColumns__text--full\" style=\"color: #fff\">\n                <p>Hagby Kirke er en af Sveriges f\u00e5 bevarede rundkirker og anses af mange for at v\u00e6re den bedst bevarede i landet. Forg\u00e6ngeren til den nuv\u00e6rende stenkirke i Hagby var det tr\u00e6byggede Sankt Sigfrid-kapel, som l\u00e5 omkring to kilometer syd for den nuv\u00e6rende kirkebygning. Opf\u00f8relsen af stenkirken begyndte i slutningen af det 12. \u00e5rhundrede. Bygningen skulle b\u00e5de v\u00e6re hellig og bef\u00e6stet. Derfor har den \u00f8vre del af murene \u00e5bninger til skydning og spydkast.<\/p>\n                <button type=\"button\" class=\"contentImageTwoColumns contentImageTwoColumns__readMoreLess\">\n                    L\u00e6s mindre &#8211;                <\/button>\n            <\/div>\n                        <div class=\"wp-block-buttons is-layout-flex wp-block-buttons-is-layout-flex\">\n                <div class=\"wp-block-button \">\n                    <a aria-label=\"L\u00e6s mere om Hagby Kirke\" class=\"wp-block-button__link wp-element-button\" href=\"https:\/\/www.svenskakyrkan.se\/sodermore\/hagby-kyrka\" style=\"background-color: #f4f2eb; color: #000000;border: solid 1px #f4f2eb\">\n                        L\u00e6s mere om Hagby Kirke                    <\/a>\n                <\/div>\n            <\/div>\n                                <\/div>\n        <div class=\"contentImageTwoColumns contentImageTwoColumns__imageWrapper\">\n            <img loading=\"lazy\" decoding=\"async\" width=\"800\" height=\"600\" src=\"https:\/\/www.visitsmaland.se\/wp-content\/uploads\/2024\/04\/hagby_kyrka.jpg\" class=\"attachment-grid-card-images size-grid-card-images\" alt=\"\" srcset=\"https:\/\/www.visitsmaland.se\/wp-content\/uploads\/2024\/04\/hagby_kyrka.jpg 800w, https:\/\/www.visitsmaland.se\/wp-content\/uploads\/2024\/04\/hagby_kyrka-300x225.jpg 300w, https:\/\/www.visitsmaland.se\/wp-content\/uploads\/2024\/04\/hagby_kyrka-768x576.jpg 768w\" sizes=\"(max-width: 800px) 100vw, 800px\" \/>        <\/div>\n    <\/div>\n<\/div>\n\n\n<div class=\"dynamicContentTwoColumns dynamicContentTwoColumns__wrapper\">\n    <div class=\"dynamicContentTwoColumns dynamicContentTwoColumns__container\">\n                                    <h3 class=\"dynamicContentTwoColumns dynamicContentTwoColumns__heading\">\n                    De sm\u00e5 middelalderkirker                <\/h3>\n                                                <div class=\"dynamicContentTwoColumns dynamicContentTwoColumns__text\">\n                    <p><p>Mange af middelalderkirkerne blev efterladt, da st\u00f8rre kirker blev bygget. I fattigere distrikter var de sm\u00e5 kirker dog stadig i brug. Nogle omr\u00e5der har flere af disse kirker t\u00e6t p\u00e5 hinanden.<\/p>\n<p>\n                <\/div>\n                                                <div class=\"dynamicContentTwoColumns dynamicContentTwoColumns__text\">\n                    <p><p>Njudung-kirkerne er en gruppe af ni middelalderkirker med en unik kulturhistorie. Kirkerne blev opf\u00f8rt i det 12. \u00e5rhundrede i romansk stil med stenaltre. Kirkerne havde karakteristisk ingen sokkel og blev undertiden kaldt \u201cbarfodskirker\u201d. Du kan l\u00e6se mere om Njudung (et af de sm\u00e5 lande, der udgjorde Sm\u00e5land) og kirkerne <a href=\"https:\/\/jonkopingslansmuseum.se\/bloggportal\/byggnadsvard\/njudungskyrkorna-varda-en-omvag\/\">her<\/a>.<\/p>\n<p>\n                <\/div>\n                                                <div class=\"dynamicContentTwoColumns dynamicContentTwoColumns__text\">\n                    <p><p>Uppvidinge var et andet af de omr\u00e5der, der udgjorde Sm\u00e5land &#8211; det er i dag en kommune. Der findes flere middelalderkirker ved gr\u00e6nsen til V\u00e4xj\u00f6, for eksempel Granhult Kirke og D\u00e4desj\u00f6 Kirke, Drev Kirke og Sj\u00f6s\u00e5 Kirke.<\/p>\n<p>\n                <\/div>\n                                                <div class=\"dynamicContentTwoColumns dynamicContentTwoColumns__text\">\n                    <p><p>Den gamle middelalderkirke i <a href=\"https:\/\/www.svenskakyrkan.se\/vaxjo\/dadesjo-gamla-kyrka\">D\u00e4desj\u00f6<\/a> er kalket og rummer fantastiske kalkmalerier og loftsmalerier fra det 13. \u00e5rhundrede. Den nye kirke blev bygget i 1794, og den gamle blev derefter brugt som kornmagasin, men i dag anses den for at v\u00e6re en af Sveriges bedst bevarede middelalderkirker. D\u00e4desj\u00f6 Kirke og dens omgivelser er af national interesse for Sveriges kulturarv med to kirker, to pr\u00e6steg\u00e5rde, en sogneg\u00e5rd og kirkestalde. Den gamle kirke har et meget velbevaret interi\u00f8r med kalkmalerier og loftsmalerier fra slutningen af det 13. \u00e5rhundrede. Disse er unikke og har f\u00e5et international opm\u00e6rksomhed.<\/p>\n<p>\n                <\/div>\n                                                <div class=\"dynamicContentTwoColumns dynamicContentTwoColumns__text\">\n                    <p><p>To andre middelalderkirker i omr\u00e5det er bevaret, fordi de fandt alternative anvendelser, og folkene k\u00e6mpede imod biskop Tegn\u00e9r for at beholde dem. <a href=\"https:\/\/www.svenskakyrkan.se\/vaxjo\/drevs-gamla-kyrka\">Drevs<\/a> Kirke er en velbevaret middelalderkirke i romansk stil og er dateret til omkring 1170, hvilket g\u00f8r den til en af de \u00e6ldste kirkebygninger i Sm\u00e5land. <a href=\"https:\/\/www.svenskakyrkan.se\/vaxjo\/sjosas-gamla-kyrka\">Sj\u00f6s\u00e5s <\/a>Kirke stammer fra det 15. \u00e5rhundrede og ligger smukt ved s\u00f8en \u00d6rken.<\/p>\n<p>\n                <\/div>\n                                                <div class=\"dynamicContentTwoColumns dynamicContentTwoColumns__text\">\n                    <p><p data-start=\"1846\" data-end=\"2471\">Den f\u00f8rste kirke bygget i <a href=\"https:\/\/www.svenskakyrkan.se\/platser\/630-hossmo-forsamling-hossmo-kyrka\">Hossmo<\/a> var sandsynligvis af tr\u00e6. Den var omgivet af en r\u00e6kke stensarkofager \u2013 i Sverige kendt som <em>Eskilstunakistor<\/em>, eller &#8216;Eskilstunakister&#8217; \u2013 som daterer tr\u00e6bygningen til den senere del af det 11. \u00e5rhundrede. Den f\u00f8rste stenkirke blev bygget omkring 1120, og traditionelt har man ment, at tilf\u00f8jelsen af den \u00f8vre etage gjorde kirken til en &#8216;forsvarskirke&#8217;, men moderne forskning har st\u00e6rkt sat sp\u00f8rgsm\u00e5lstegn ved dette. Dog viser flere skriftlige kilder, at kirken blev brugt som garnison og flankerende st\u00f8ttepunkt for Kalmar under de dansk-svenske konflikter i begyndelsen af det 16. \u00e5rhundrede.<\/p>\n<p>\n                <\/div>\n                        <\/div>\n<\/div>\n\n\n<div class=\"contentImageTwoColumns contentImageTwoColumns__wrapper\" style=\"background-color: #f4f2eb\">\n    <div class=\"contentImageTwoColumns contentImageTwoColumns__container \">\n        <div class=\"contentImageTwoColumns contentImageTwoColumns__contentWrapper\">\n            <h2 class=\"contentImageTwoColumns contentImageTwoColumns__heading\" style=\"color: \">\n                Granhult Kirke            <\/h2>\n            <div class=\"contentImageTwoColumns contentImageTwoColumns__text contentImageTwoColumns__text--short\" style=\"color: \">\n                                    <p>Granhult Kirke er en af vores bedst bevarede tr\u00e6kirker fra det 13. \u00e5rhundrede. Der findes kun omkring ti mere eller mindre bevarede tr\u00e6kirker fra denne periode i hele Sverige. Altertavlen, som fore&#8230;                    <button type=\"button\" class=\"contentImageTwoColumns contentImageTwoColumns__readMoreLess\">\n                        L\u00e6s mere +                    <\/button>\n                            <\/div>\n            <div class=\"contentImageTwoColumns contentImageTwoColumns__text contentImageTwoColumns__text--full\" style=\"color: \">\n                <p>Granhult Kirke er en af vores bedst bevarede tr\u00e6kirker fra det 13. \u00e5rhundrede. Der findes kun omkring ti mere eller mindre bevarede tr\u00e6kirker fra denne periode i hele Sverige. Altertavlen, som forestiller Kristi d\u00f8d, blev malet af Tobern R\u00f6ding i 1699. De \u00e6ldste, tydelige malerier kan ses i sakristiet, hvor v\u00e6ggene har fire motiver fra F\u00f8rste Mosebog. De er dateret til begyndelsen af det 17. \u00e5rhundrede. Loftsmaleriet menes at v\u00e6re udf\u00f8rt af Hans Brachwagen i begyndelsen af 1700-tallet.<\/p>\n                <button type=\"button\" class=\"contentImageTwoColumns contentImageTwoColumns__readMoreLess\">\n                    L\u00e6s mindre &#8211;                <\/button>\n            <\/div>\n                        <div class=\"wp-block-buttons is-layout-flex wp-block-buttons-is-layout-flex\">\n                <div class=\"wp-block-button arrow-white\">\n                    <a aria-label=\"L\u00e6s mere om Granhult Kirke\" class=\"wp-block-button__link wp-element-button\" href=\"http:\/\/www.granhultskyrka.org\/\" style=\"background-color: #374632; color: #ffffff;border: solid 1px #374632\">\n                        L\u00e6s mere om Granhult Kirke                    <\/a>\n                <\/div>\n            <\/div>\n                                <\/div>\n        <div class=\"contentImageTwoColumns contentImageTwoColumns__imageWrapper\">\n            <img loading=\"lazy\" decoding=\"async\" width=\"1024\" height=\"740\" src=\"https:\/\/www.visitsmaland.se\/wp-content\/uploads\/2024\/04\/alex7701-1024x740.jpg\" class=\"attachment-grid-card-images size-grid-card-images\" alt=\"\" \/>        <\/div>\n    <\/div>\n<\/div>\n\n\n<div class=\"contentImageTwoColumns contentImageTwoColumns__wrapper\" style=\"background-color: #ffffff\">\n    <div class=\"contentImageTwoColumns contentImageTwoColumns__container layout-reversed\">\n        <div class=\"contentImageTwoColumns contentImageTwoColumns__contentWrapper\">\n            <h2 class=\"contentImageTwoColumns contentImageTwoColumns__heading\" style=\"color: \">\n                Pelarne Kirke            <\/h2>\n            <div class=\"contentImageTwoColumns contentImageTwoColumns__text contentImageTwoColumns__text--short\" style=\"color: \">\n                                    <p>Pelarne Kirke er en af de f\u00e5 tilbagev\u00e6rende middelalderlige tr\u00e6kirker i Sverige og ligger kun f\u00e5 kilometer fra Sevedstorp n\u00e6r Vimmerby, som er kendt som Astrid Lindgrens \u201cBulderby\u201d. Det var i denne kirke, at Astrids for\u00e6ldre blev gift i 1905.<\/p>\n                            <\/div>\n            <div class=\"contentImageTwoColumns contentImageTwoColumns__text contentImageTwoColumns__text--full\" style=\"color: \">\n                <p>Pelarne Kirke er en af de f\u00e5 tilbagev\u00e6rende middelalderlige tr\u00e6kirker i Sverige og ligger kun f\u00e5 kilometer fra Sevedstorp n\u00e6r Vimmerby, som er kendt som Astrid Lindgrens \u201cBulderby\u201d. Det var i denne kirke, at Astrids for\u00e6ldre blev gift i 1905.<\/p>\n                <button type=\"button\" class=\"contentImageTwoColumns contentImageTwoColumns__readMoreLess\">\n                    L\u00e6s mindre &#8211;                <\/button>\n            <\/div>\n                        <div class=\"wp-block-buttons is-layout-flex wp-block-buttons-is-layout-flex\">\n                <div class=\"wp-block-button \">\n                    <a aria-label=\"L\u00e6s mere om Pelarne Kirke\" class=\"wp-block-button__link wp-element-button\" href=\"http:\/\/www.pelarne.nu\/info\/kyrka.html\" style=\"background-color: #fbbd51; color: ;border: solid 1px #fbbd51\">\n                        L\u00e6s mere om Pelarne Kirke                    <\/a>\n                <\/div>\n            <\/div>\n                                <\/div>\n        <div class=\"contentImageTwoColumns contentImageTwoColumns__imageWrapper\">\n            <img loading=\"lazy\" decoding=\"async\" width=\"800\" height=\"533\" src=\"https:\/\/www.visitsmaland.se\/wp-content\/uploads\/2024\/04\/pelarne-kyrka-1.jpg\" class=\"attachment-grid-card-images size-grid-card-images\" alt=\"\" srcset=\"https:\/\/www.visitsmaland.se\/wp-content\/uploads\/2024\/04\/pelarne-kyrka-1.jpg 800w, https:\/\/www.visitsmaland.se\/wp-content\/uploads\/2024\/04\/pelarne-kyrka-1-300x200.jpg 300w, https:\/\/www.visitsmaland.se\/wp-content\/uploads\/2024\/04\/pelarne-kyrka-1-768x512.jpg 768w\" sizes=\"(max-width: 800px) 100vw, 800px\" \/>        <\/div>\n    <\/div>\n<\/div>\n\n\n  \n<div class=\"featuredTwoColumns featuredTwoColumns__wrapper\">\n    <div class=\"featuredTwoColumns featuredTwoColumns__container\">  \n            <div class=\"featuredTwoColumns featuredTwoColumns__feturedWrapper\">\n            <a aria-label=\"Maleriske og historiske Sm\u00e5land\" href=\"https:\/\/www.visitsmaland.se\/dk\/opdag\/maleriske-historiske-smaaland\/\"class=\"featuredTwoColumns featuredTwoColumns__imageWrapper\">\n                <img loading=\"lazy\" decoding=\"async\" width=\"1024\" height=\"740\" src=\"https:\/\/www.visitsmaland.se\/wp-content\/uploads\/2024\/04\/stensjo-by-den-kungliga-1024x740.jpg\" class=\"attachment-grid-card-images size-grid-card-images wp-post-image\" alt=\"\" \/>            <\/a>\n            <div class=\"featuredTwoColumns featuredTwoColumns__contentWrapper\">\n                <h2 class=\"featuredTwoColumns featuredTwoColumns__heading\">\n                    Maleriske og historiske Sm\u00e5land                <\/h2>\n                <p class=\"featuredTwoColumns featuredTwoColumns__description\">\n                    Vores landskab er rigt p\u00e5 velbevarede steder, hvor \u2026                <\/p>\n                 \n                 \n                <div class=\"wp-block-buttons is-layout-flex wp-block-buttons-is-layout-flex\">\n                    <div class=\"wp-block-button \">\n                        <a aria-label=\"Maleriske og historiske Sm\u00e5land\"class=\"wp-block-button__link wp-element-button\" href=\"https:\/\/www.visitsmaland.se\/dk\/opdag\/maleriske-historiske-smaaland\/\">\n                            Opdag                       \n                         <\/a>\n                    <\/div>\n                <\/div>\n            <\/div>\n        <\/div>\n                <div class=\"featuredTwoColumns featuredTwoColumns__feturedWrapper\">\n            <a aria-label=\"Kultur og historie\" href=\"https:\/\/www.visitsmaland.se\/dk\/opdag\/kultur-og-historie\/\"class=\"featuredTwoColumns featuredTwoColumns__imageWrapper\">\n                <img loading=\"lazy\" decoding=\"async\" width=\"1024\" height=\"740\" src=\"https:\/\/www.visitsmaland.se\/wp-content\/uploads\/2024\/04\/asensby_fotografemmaivarsson-3-1024x740.jpg\" class=\"attachment-grid-card-images size-grid-card-images wp-post-image\" alt=\"\" \/>            <\/a>\n            <div class=\"featuredTwoColumns featuredTwoColumns__contentWrapper\">\n                <h2 class=\"featuredTwoColumns featuredTwoColumns__heading\">\n                    Kultur og historie                <\/h2>\n                <p class=\"featuredTwoColumns featuredTwoColumns__description\">\n                    I Sm\u00e5land og p\u00e5 \u00d6land er der meget kultur og histor\u2026                <\/p>\n                 \n                 \n                <div class=\"wp-block-buttons is-layout-flex wp-block-buttons-is-layout-flex\">\n                    <div class=\"wp-block-button \">\n                        <a aria-label=\"Kultur og historie\"class=\"wp-block-button__link wp-element-button\" href=\"https:\/\/www.visitsmaland.se\/dk\/opdag\/kultur-og-historie\/\">\n                            Opdag                       \n                         <\/a>\n                    <\/div>\n                <\/div>\n            <\/div>\n        <\/div>\n            <\/div>\n<\/div>\n","protected":false},"excerpt":{"rendered":"<p>Middelalderkirker, domkirker og andre sev\u00e6rdigheder, der repr\u00e6senterer den tid, hvor de blev bygget. I dag er de ogs\u00e5 popul\u00e6re turistm\u00e5l.<\/p>\n","protected":false},"featured_media":68418,"parent":0,"menu_order":971,"template":"","tags":[],"land":[],"class_list":["post-79750","guide","type-guide","status-publish","has-post-thumbnail","hentry"],"acf":{"priority":""},"yoast_head":"<!-- This site is optimized with the Yoast SEO plugin v27.2 - https:\/\/yoast.com\/product\/yoast-seo-wordpress\/ -->\n<title>Kirker, der er et bes\u00f8g v\u00e6rd | Visit Sm\u00e5land<\/title>\n<meta name=\"description\" content=\"Middelalderkirker, domkirker og andre sev\u00e6rdigheder, der repr\u00e6senterer den tid, hvor de blev bygget. I dag er de ogs\u00e5 popul\u00e6re turistm\u00e5l.\" \/>\n<meta name=\"robots\" content=\"index, follow, max-snippet:-1, max-image-preview:large, max-video-preview:-1\" \/>\n<link rel=\"canonical\" href=\"https:\/\/www.visitsmaland.se\/dk\/opdag\/kirker-der-er-et-besoeg-vaerd\/\" \/>\n<meta property=\"og:locale\" content=\"da_DK\" \/>\n<meta property=\"og:type\" content=\"article\" \/>\n<meta property=\"og:title\" content=\"Kirker, der er et bes\u00f8g v\u00e6rd | Visit Sm\u00e5land\" \/>\n<meta property=\"og:description\" content=\"Middelalderkirker, domkirker og andre sev\u00e6rdigheder, der repr\u00e6senterer den tid, hvor de blev bygget. I dag er de ogs\u00e5 popul\u00e6re turistm\u00e5l.\" \/>\n<meta property=\"og:url\" content=\"https:\/\/www.visitsmaland.se\/dk\/opdag\/kirker-der-er-et-besoeg-vaerd\/\" \/>\n<meta property=\"og:site_name\" content=\"Visit Sm\u00e5land\" \/>\n<meta property=\"article:publisher\" content=\"https:\/\/www.facebook.com\/visitsmaland\/\" \/>\n<meta property=\"article:modified_time\" content=\"2026-02-18T19:36:22+00:00\" \/>\n<meta property=\"og:image\" content=\"https:\/\/www.visitsmaland.se\/wp-content\/uploads\/2024\/04\/Domkyrkan-Vaxjo-1-scaled.jpg\" \/>\n\t<meta property=\"og:image:width\" content=\"2560\" \/>\n\t<meta property=\"og:image:height\" content=\"1707\" \/>\n\t<meta property=\"og:image:type\" content=\"image\/jpeg\" \/>\n<meta name=\"twitter:card\" content=\"summary_large_image\" \/>\n<meta name=\"twitter:label1\" content=\"Estimeret l\u00e6setid\" \/>\n\t<meta name=\"twitter:data1\" content=\"7 minutter\" \/>\n<script type=\"application\/ld+json\" class=\"yoast-schema-graph\">{\"@context\":\"https:\/\/schema.org\",\"@graph\":[{\"@type\":\"WebPage\",\"@id\":\"https:\/\/www.visitsmaland.se\/dk\/opdag\/kirker-der-er-et-besoeg-vaerd\/\",\"url\":\"https:\/\/www.visitsmaland.se\/dk\/opdag\/kirker-der-er-et-besoeg-vaerd\/\",\"name\":\"Kirker, der er et bes\u00f8g v\u00e6rd | Visit Sm\u00e5land\",\"isPartOf\":{\"@id\":\"https:\/\/www.visitsmaland.se\/dk\/#website\"},\"primaryImageOfPage\":{\"@id\":\"https:\/\/www.visitsmaland.se\/dk\/opdag\/kirker-der-er-et-besoeg-vaerd\/#primaryimage\"},\"image\":{\"@id\":\"https:\/\/www.visitsmaland.se\/dk\/opdag\/kirker-der-er-et-besoeg-vaerd\/#primaryimage\"},\"thumbnailUrl\":\"https:\/\/www.visitsmaland.se\/wp-content\/uploads\/2024\/04\/Domkyrkan-Vaxjo-1-scaled.jpg\",\"datePublished\":\"2024-04-09T10:45:26+00:00\",\"dateModified\":\"2026-02-18T19:36:22+00:00\",\"description\":\"Middelalderkirker, domkirker og andre sev\u00e6rdigheder, der repr\u00e6senterer den tid, hvor de blev bygget. I dag er de ogs\u00e5 popul\u00e6re turistm\u00e5l.\",\"breadcrumb\":{\"@id\":\"https:\/\/www.visitsmaland.se\/dk\/opdag\/kirker-der-er-et-besoeg-vaerd\/#breadcrumb\"},\"inLanguage\":\"da-DK\",\"potentialAction\":[{\"@type\":\"ReadAction\",\"target\":[\"https:\/\/www.visitsmaland.se\/dk\/opdag\/kirker-der-er-et-besoeg-vaerd\/\"]}]},{\"@type\":\"ImageObject\",\"inLanguage\":\"da-DK\",\"@id\":\"https:\/\/www.visitsmaland.se\/dk\/opdag\/kirker-der-er-et-besoeg-vaerd\/#primaryimage\",\"url\":\"https:\/\/www.visitsmaland.se\/wp-content\/uploads\/2024\/04\/Domkyrkan-Vaxjo-1-scaled.jpg\",\"contentUrl\":\"https:\/\/www.visitsmaland.se\/wp-content\/uploads\/2024\/04\/Domkyrkan-Vaxjo-1-scaled.jpg\",\"width\":2560,\"height\":1707},{\"@type\":\"BreadcrumbList\",\"@id\":\"https:\/\/www.visitsmaland.se\/dk\/opdag\/kirker-der-er-et-besoeg-vaerd\/#breadcrumb\",\"itemListElement\":[{\"@type\":\"ListItem\",\"position\":1,\"name\":\"Forside\",\"item\":\"https:\/\/www.visitsmaland.se\/dk\/\"},{\"@type\":\"ListItem\",\"position\":2,\"name\":\"Kirker, der er et bes\u00f8g v\u00e6rd\"}]},{\"@type\":\"WebSite\",\"@id\":\"https:\/\/www.visitsmaland.se\/dk\/#website\",\"url\":\"https:\/\/www.visitsmaland.se\/dk\/\",\"name\":\"Visit Sm\u00e5land\",\"description\":\"V\u00e4lkommen till Sm\u00e5land\",\"potentialAction\":[{\"@type\":\"SearchAction\",\"target\":{\"@type\":\"EntryPoint\",\"urlTemplate\":\"https:\/\/www.visitsmaland.se\/dk\/?s={search_term_string}\"},\"query-input\":{\"@type\":\"PropertyValueSpecification\",\"valueRequired\":true,\"valueName\":\"search_term_string\"}}],\"inLanguage\":\"da-DK\"}]}<\/script>\n<!-- \/ Yoast SEO plugin. -->","yoast_head_json":{"title":"Kirker, der er et bes\u00f8g v\u00e6rd | Visit Sm\u00e5land","description":"Middelalderkirker, domkirker og andre sev\u00e6rdigheder, der repr\u00e6senterer den tid, hvor de blev bygget. I dag er de ogs\u00e5 popul\u00e6re turistm\u00e5l.","robots":{"index":"index","follow":"follow","max-snippet":"max-snippet:-1","max-image-preview":"max-image-preview:large","max-video-preview":"max-video-preview:-1"},"canonical":"https:\/\/www.visitsmaland.se\/dk\/opdag\/kirker-der-er-et-besoeg-vaerd\/","og_locale":"da_DK","og_type":"article","og_title":"Kirker, der er et bes\u00f8g v\u00e6rd | Visit Sm\u00e5land","og_description":"Middelalderkirker, domkirker og andre sev\u00e6rdigheder, der repr\u00e6senterer den tid, hvor de blev bygget. I dag er de ogs\u00e5 popul\u00e6re turistm\u00e5l.","og_url":"https:\/\/www.visitsmaland.se\/dk\/opdag\/kirker-der-er-et-besoeg-vaerd\/","og_site_name":"Visit Sm\u00e5land","article_publisher":"https:\/\/www.facebook.com\/visitsmaland\/","article_modified_time":"2026-02-18T19:36:22+00:00","og_image":[{"width":2560,"height":1707,"url":"https:\/\/www.visitsmaland.se\/wp-content\/uploads\/2024\/04\/Domkyrkan-Vaxjo-1-scaled.jpg","type":"image\/jpeg"}],"twitter_card":"summary_large_image","twitter_misc":{"Estimeret l\u00e6setid":"7 minutter"},"schema":{"@context":"https:\/\/schema.org","@graph":[{"@type":"WebPage","@id":"https:\/\/www.visitsmaland.se\/dk\/opdag\/kirker-der-er-et-besoeg-vaerd\/","url":"https:\/\/www.visitsmaland.se\/dk\/opdag\/kirker-der-er-et-besoeg-vaerd\/","name":"Kirker, der er et bes\u00f8g v\u00e6rd | Visit Sm\u00e5land","isPartOf":{"@id":"https:\/\/www.visitsmaland.se\/dk\/#website"},"primaryImageOfPage":{"@id":"https:\/\/www.visitsmaland.se\/dk\/opdag\/kirker-der-er-et-besoeg-vaerd\/#primaryimage"},"image":{"@id":"https:\/\/www.visitsmaland.se\/dk\/opdag\/kirker-der-er-et-besoeg-vaerd\/#primaryimage"},"thumbnailUrl":"https:\/\/www.visitsmaland.se\/wp-content\/uploads\/2024\/04\/Domkyrkan-Vaxjo-1-scaled.jpg","datePublished":"2024-04-09T10:45:26+00:00","dateModified":"2026-02-18T19:36:22+00:00","description":"Middelalderkirker, domkirker og andre sev\u00e6rdigheder, der repr\u00e6senterer den tid, hvor de blev bygget. I dag er de ogs\u00e5 popul\u00e6re turistm\u00e5l.","breadcrumb":{"@id":"https:\/\/www.visitsmaland.se\/dk\/opdag\/kirker-der-er-et-besoeg-vaerd\/#breadcrumb"},"inLanguage":"da-DK","potentialAction":[{"@type":"ReadAction","target":["https:\/\/www.visitsmaland.se\/dk\/opdag\/kirker-der-er-et-besoeg-vaerd\/"]}]},{"@type":"ImageObject","inLanguage":"da-DK","@id":"https:\/\/www.visitsmaland.se\/dk\/opdag\/kirker-der-er-et-besoeg-vaerd\/#primaryimage","url":"https:\/\/www.visitsmaland.se\/wp-content\/uploads\/2024\/04\/Domkyrkan-Vaxjo-1-scaled.jpg","contentUrl":"https:\/\/www.visitsmaland.se\/wp-content\/uploads\/2024\/04\/Domkyrkan-Vaxjo-1-scaled.jpg","width":2560,"height":1707},{"@type":"BreadcrumbList","@id":"https:\/\/www.visitsmaland.se\/dk\/opdag\/kirker-der-er-et-besoeg-vaerd\/#breadcrumb","itemListElement":[{"@type":"ListItem","position":1,"name":"Forside","item":"https:\/\/www.visitsmaland.se\/dk\/"},{"@type":"ListItem","position":2,"name":"Kirker, der er et bes\u00f8g v\u00e6rd"}]},{"@type":"WebSite","@id":"https:\/\/www.visitsmaland.se\/dk\/#website","url":"https:\/\/www.visitsmaland.se\/dk\/","name":"Visit Sm\u00e5land","description":"V\u00e4lkommen till Sm\u00e5land","potentialAction":[{"@type":"SearchAction","target":{"@type":"EntryPoint","urlTemplate":"https:\/\/www.visitsmaland.se\/dk\/?s={search_term_string}"},"query-input":{"@type":"PropertyValueSpecification","valueRequired":true,"valueName":"search_term_string"}}],"inLanguage":"da-DK"}]}},"_links":{"self":[{"href":"https:\/\/www.visitsmaland.se\/dk\/wp-json\/wp\/v2\/guide\/79750","targetHints":{"allow":["GET"]}}],"collection":[{"href":"https:\/\/www.visitsmaland.se\/dk\/wp-json\/wp\/v2\/guide"}],"about":[{"href":"https:\/\/www.visitsmaland.se\/dk\/wp-json\/wp\/v2\/types\/guide"}],"version-history":[{"count":5,"href":"https:\/\/www.visitsmaland.se\/dk\/wp-json\/wp\/v2\/guide\/79750\/revisions"}],"predecessor-version":[{"id":85472,"href":"https:\/\/www.visitsmaland.se\/dk\/wp-json\/wp\/v2\/guide\/79750\/revisions\/85472"}],"wp:featuredmedia":[{"embeddable":true,"href":"https:\/\/www.visitsmaland.se\/dk\/wp-json\/wp\/v2\/media\/68418"}],"wp:attachment":[{"href":"https:\/\/www.visitsmaland.se\/dk\/wp-json\/wp\/v2\/media?parent=79750"}],"wp:term":[{"taxonomy":"post_tag","embeddable":true,"href":"https:\/\/www.visitsmaland.se\/dk\/wp-json\/wp\/v2\/tags?post=79750"},{"taxonomy":"land","embeddable":true,"href":"https:\/\/www.visitsmaland.se\/dk\/wp-json\/wp\/v2\/land?post=79750"}],"curies":[{"name":"wp","href":"https:\/\/api.w.org\/{rel}","templated":true}]}}