{"id":80020,"date":"2024-04-09T12:54:06","date_gmt":"2024-04-09T10:54:06","guid":{"rendered":"https:\/\/www.visitsmaland.se\/upptack\/farm-shops\/"},"modified":"2026-02-14T23:57:55","modified_gmt":"2026-02-14T22:57:55","slug":"gaardbutikker","status":"publish","type":"guide","link":"https:\/\/www.visitsmaland.se\/dk\/opdag\/gaardbutikker\/","title":{"rendered":"G\u00e5rdbutikker"},"content":{"rendered":"<div class=\"postHerosection postHerosection__wrapper\">\n    <div class=\"postHerosection postHerosection__container\">\n        <h1 class=\"postHerosection postHerosection__heroHeading\">\n            G\u00e5rdbutikker        <\/h1>\n            <\/div>\n    <div class=\"postHerosection postHerosection__imageContainer\">\n        <img loading=\"lazy\" decoding=\"async\" width=\"2560\" height=\"1707\" src=\"https:\/\/www.visitsmaland.se\/wp-content\/uploads\/2024\/04\/img_2422-scaled.jpg\" class=\"attachment-full size-full\" alt=\"\" srcset=\"https:\/\/www.visitsmaland.se\/wp-content\/uploads\/2024\/04\/img_2422-scaled.jpg 2560w, https:\/\/www.visitsmaland.se\/wp-content\/uploads\/2024\/04\/img_2422-300x200.jpg 300w, https:\/\/www.visitsmaland.se\/wp-content\/uploads\/2024\/04\/img_2422-1024x683.jpg 1024w, https:\/\/www.visitsmaland.se\/wp-content\/uploads\/2024\/04\/img_2422-768x512.jpg 768w, https:\/\/www.visitsmaland.se\/wp-content\/uploads\/2024\/04\/img_2422-1536x1024.jpg 1536w, https:\/\/www.visitsmaland.se\/wp-content\/uploads\/2024\/04\/img_2422-2048x1365.jpg 2048w\" sizes=\"(max-width: 2560px) 100vw, 2560px\" \/>    <\/div>\n<\/div>\n<div class=\"postHerosection postHerosection__breadcrumbs\">\n   <div class=\"postHerosection postHerosection__breadcrumbs-container\">\n        <p id=\"breadcrumbs\"><span><span><a href=\"https:\/\/www.visitsmaland.se\/dk\/\">Forside<\/a><\/span><\/span><\/p>    <\/div>\n<\/div>\n\n<div class=\"contentCta contentCta__wrapper\">\n    <div class=\"contentCta contentCta__container\">\n                    \t\t\t<div class=\"contentCta contentCta__text\" style=\"color: \">\n\t\t\t\t<p>Det bedste sted at k\u00f8be frisk- og lokaltproduceret mad er i en g\u00e5rdbutik. Ofte dyrkes afgr\u00f8derne i omr\u00e5det, og det er ikke us\u00e6dvanligt, at de nyindk\u00f8bte \u00e6g kommer fra h\u00f8ns, der g\u00e5r og klukker lige i n\u00e6rheden. Afh\u00e6ngigt af g\u00e5rdens fokus kan du finde deres egne specialiteter til salg.<\/p>\n\t\t\t<\/div>\n                <hr>\n            <\/div>\n<\/div>\n\n\n<div class=\"contentImageTwoColumns contentImageTwoColumns__wrapper\" style=\"background-color: #f4f2eb\">\n    <div class=\"contentImageTwoColumns contentImageTwoColumns__container layout-reversed\">\n        <div class=\"contentImageTwoColumns contentImageTwoColumns__contentWrapper\">\n            <h2 class=\"contentImageTwoColumns contentImageTwoColumns__heading\" style=\"color: \">\n                Rudenstams G\u00e5rdsbutik            <\/h2>\n            <div class=\"contentImageTwoColumns contentImageTwoColumns__text contentImageTwoColumns__text--short\" style=\"color: \">\n                                    <p>I \u00c6bledalen kan du udforske et marked med kvalitetsr\u00e5varer og lokalproduceret mad. Frugt og gr\u00f8ntsager fra g\u00e5rdens egne plantager serveres i h\u00f8sts\u00e6sonen. Andre r\u00e5varer er s\u00e5 lokalt producerede som &#8230;                    <button type=\"button\" class=\"contentImageTwoColumns contentImageTwoColumns__readMoreLess\">\n                        L\u00e6s mere +                    <\/button>\n                            <\/div>\n            <div class=\"contentImageTwoColumns contentImageTwoColumns__text contentImageTwoColumns__text--full\" style=\"color: \">\n                <p>I \u00c6bledalen kan du udforske et marked med kvalitetsr\u00e5varer og lokalproduceret mad. Frugt og gr\u00f8ntsager fra g\u00e5rdens egne plantager serveres i h\u00f8sts\u00e6sonen. Andre r\u00e5varer er s\u00e5 lokalt producerede som muligt, hvoraf de fleste kommer fra butikkens umiddelbare omgivelser. P\u00e5 g\u00e5rden findes der ogs\u00e5 en caf\u00e9 og en restaurant, som tilbyder enklere retter. Rudenstams\u2019 specialitet er \u00e6blemost. Denne delikatesse \u2013 sammen med mange andre \u2013 kan du finde i g\u00e5rdbutikken!<\/p>\n                <button type=\"button\" class=\"contentImageTwoColumns contentImageTwoColumns__readMoreLess\">\n                    L\u00e6s mindre &#8211;                <\/button>\n            <\/div>\n                        <div class=\"wp-block-buttons is-layout-flex wp-block-buttons-is-layout-flex\">\n                <div class=\"wp-block-button arrow-white\">\n                    <a aria-label=\"jkpg.com\/en\/rudenstams-gardsbutik\/\" class=\"wp-block-button__link wp-element-button\" href=\"https:\/\/jkpg.com\/en\/jonkoping-huskvarna\/rudenstams-gardsbutik\/\" style=\"background-color: #374632; color: #ffffff;border: solid 1px #374632\">\n                        jkpg.com\/en\/rudenstams-gardsbutik\/                    <\/a>\n                <\/div>\n            <\/div>\n                                <\/div>\n        <div class=\"contentImageTwoColumns contentImageTwoColumns__imageWrapper\">\n            <img loading=\"lazy\" decoding=\"async\" width=\"1024\" height=\"740\" src=\"https:\/\/www.visitsmaland.se\/wp-content\/uploads\/2025\/01\/Rudenstams-Gardsbutik-1024x740.jpg\" class=\"attachment-grid-card-images size-grid-card-images\" alt=\"\" \/>        <\/div>\n    <\/div>\n<\/div>\n\n\n<div class=\"contentImageTwoColumns contentImageTwoColumns__wrapper\" style=\"background-color: #374632\">\n    <div class=\"contentImageTwoColumns contentImageTwoColumns__container \">\n        <div class=\"contentImageTwoColumns contentImageTwoColumns__contentWrapper\">\n            <h2 class=\"contentImageTwoColumns contentImageTwoColumns__heading\" style=\"color: #ffffff\">\n                Kastebergs G\u00e5rd            <\/h2>\n            <div class=\"contentImageTwoColumns contentImageTwoColumns__text contentImageTwoColumns__text--short\" style=\"color: #ffffff\">\n                                    <p>Uden for Ljungby ligger Kastebergs G\u00e5rd, som blandt andet s\u00e6lger t\u00f8rmodnet k\u00f8d fra g\u00e5rden, rapsolie fra egen dyrkning, s\u00e6sonens gr\u00f8ntsager og kartofler, samt andre produkter som \u00e6blemost, marmelade&#8230;                    <button type=\"button\" class=\"contentImageTwoColumns contentImageTwoColumns__readMoreLess\">\n                        L\u00e6s mere +                    <\/button>\n                            <\/div>\n            <div class=\"contentImageTwoColumns contentImageTwoColumns__text contentImageTwoColumns__text--full\" style=\"color: #ffffff\">\n                <p>Uden for Ljungby ligger Kastebergs G\u00e5rd, som blandt andet s\u00e6lger t\u00f8rmodnet k\u00f8d fra g\u00e5rden, rapsolie fra egen dyrkning, s\u00e6sonens gr\u00f8ntsager og kartofler, samt andre produkter som \u00e6blemost, marmelade og mel fra n\u00e6romr\u00e5det. Her kan du ogs\u00e5 komme p\u00e5 g\u00e5rdsafari \u2013 tag med landmanden p\u00e5 en guidet tur med traktor og vogn.<\/p>\n                <button type=\"button\" class=\"contentImageTwoColumns contentImageTwoColumns__readMoreLess\">\n                    L\u00e6s mindre &#8211;                <\/button>\n            <\/div>\n                        <div class=\"wp-block-buttons is-layout-flex wp-block-buttons-is-layout-flex\">\n                <div class=\"wp-block-button \">\n                    <a aria-label=\"kasteberg.com\" class=\"wp-block-button__link wp-element-button\" href=\"http:\/\/www.kasteberg.com\/\" style=\"background-color: #f4f2eb; color: ;border: solid 1px #f4f2eb\">\n                        kasteberg.com                    <\/a>\n                <\/div>\n            <\/div>\n                                <\/div>\n        <div class=\"contentImageTwoColumns contentImageTwoColumns__imageWrapper\">\n            <img loading=\"lazy\" decoding=\"async\" width=\"1024\" height=\"740\" src=\"https:\/\/www.visitsmaland.se\/wp-content\/uploads\/2025\/01\/Kastebergsgrd-2_alex-1024x740.jpg\" class=\"attachment-grid-card-images size-grid-card-images\" alt=\"\" \/>        <\/div>\n    <\/div>\n<\/div>\n\n\n<div class=\"contentImageTwoColumns contentImageTwoColumns__wrapper\" style=\"background-color: #f4f2eb\">\n    <div class=\"contentImageTwoColumns contentImageTwoColumns__container layout-reversed\">\n        <div class=\"contentImageTwoColumns contentImageTwoColumns__contentWrapper\">\n            <h2 class=\"contentImageTwoColumns contentImageTwoColumns__heading\" style=\"color: #000000\">\n                Persg\u00e5rden Visings\u00f6            <\/h2>\n            <div class=\"contentImageTwoColumns contentImageTwoColumns__text contentImageTwoColumns__text--short\" style=\"color: #000000\">\n                                    <p>P\u00e5 den idylliske Persg\u00e5rden har der siden 1972 v\u00e6ret produceret KRAV-certificeret og N\u00f8glehulsm\u00e6rket m\u00fcsli. M\u00fcsliens indhold best\u00e5r af biodynamisk dyrkede byg- og hvedeflager, hakkede solmodne dadl&#8230;                    <button type=\"button\" class=\"contentImageTwoColumns contentImageTwoColumns__readMoreLess\">\n                        L\u00e6s mere +                    <\/button>\n                            <\/div>\n            <div class=\"contentImageTwoColumns contentImageTwoColumns__text contentImageTwoColumns__text--full\" style=\"color: #000000\">\n                <p>P\u00e5 den idylliske Persg\u00e5rden har der siden 1972 v\u00e6ret produceret KRAV-certificeret og N\u00f8glehulsm\u00e6rket m\u00fcsli. M\u00fcsliens indhold best\u00e5r af biodynamisk dyrkede byg- og hvedeflager, hakkede solmodne dadler, bananchips, ristede hasseln\u00f8dder og ristet soyamel fra \u00f8kologisk landbrug. P\u00e5 g\u00e5rden finder du ogs\u00e5 en hyggelig caf\u00e9 og et galleri.<\/p>\n                <button type=\"button\" class=\"contentImageTwoColumns contentImageTwoColumns__readMoreLess\">\n                    L\u00e6s mindre &#8211;                <\/button>\n            <\/div>\n                        <div class=\"wp-block-buttons is-layout-flex wp-block-buttons-is-layout-flex\">\n                <div class=\"wp-block-button arrow-white\">\n                    <a aria-label=\"jkpg.com\/en\/persgarden\" class=\"wp-block-button__link wp-element-button\" href=\"https:\/\/jkpg.com\/en\/granna-visingso\/persgarden\/\" style=\"background-color: #374632; color: #ffffff;border: solid 1px #374632\">\n                        jkpg.com\/en\/persgarden                    <\/a>\n                <\/div>\n            <\/div>\n                                <\/div>\n        <div class=\"contentImageTwoColumns contentImageTwoColumns__imageWrapper\">\n            <img loading=\"lazy\" decoding=\"async\" width=\"1024\" height=\"740\" src=\"https:\/\/www.visitsmaland.se\/wp-content\/uploads\/2024\/04\/persgarden-1024x740.jpg\" class=\"attachment-grid-card-images size-grid-card-images\" alt=\"\" \/>        <\/div>\n    <\/div>\n<\/div>\n\n\n<div class=\"contentImageTwoColumns contentImageTwoColumns__wrapper\" style=\"background-color: #ffffff\">\n    <div class=\"contentImageTwoColumns contentImageTwoColumns__container \">\n        <div class=\"contentImageTwoColumns contentImageTwoColumns__contentWrapper\">\n            <h2 class=\"contentImageTwoColumns contentImageTwoColumns__heading\" style=\"color: \">\n                Sj\u00f6lyckornas G\u00e5rdsbutik            <\/h2>\n            <div class=\"contentImageTwoColumns contentImageTwoColumns__text contentImageTwoColumns__text--short\" style=\"color: \">\n                                    <p>Mellem Ingelstad og Hovmantorp ligger Sj\u00f6lyckornas G\u00e5rdbutik, som s\u00e6lger s\u00e6sonens gr\u00f8ntsager, rodfrugter og blomster. Gr\u00f8ntsagerne fra g\u00e5rdens egen dyrkning er naturligt g\u00f8det og fri for pesticider&#8230;                    <button type=\"button\" class=\"contentImageTwoColumns contentImageTwoColumns__readMoreLess\">\n                        L\u00e6s mere +                    <\/button>\n                            <\/div>\n            <div class=\"contentImageTwoColumns contentImageTwoColumns__text contentImageTwoColumns__text--full\" style=\"color: \">\n                <p>Mellem Ingelstad og Hovmantorp ligger Sj\u00f6lyckornas G\u00e5rdbutik, som s\u00e6lger s\u00e6sonens gr\u00f8ntsager, rodfrugter og blomster. Gr\u00f8ntsagerne fra g\u00e5rdens egen dyrkning er naturligt g\u00f8det og fri for pesticider. Derudover s\u00e6lges \u00e6g, honning, most, mel, rapsolie og meget mere. P\u00e5 g\u00e5rden finder du b\u00e5de h\u00f8ns og grise \u2013 og udsigten over s\u00f8en Rottnen f\u00e5r du med i k\u00f8bet.<\/p>\n                <button type=\"button\" class=\"contentImageTwoColumns contentImageTwoColumns__readMoreLess\">\n                    L\u00e6s mindre &#8211;                <\/button>\n            <\/div>\n                        <div class=\"wp-block-buttons is-layout-flex wp-block-buttons-is-layout-flex\">\n                <div class=\"wp-block-button \">\n                    <a aria-label=\"sjolyckorna.se\" class=\"wp-block-button__link wp-element-button\" href=\"http:\/\/sjolyckorna.se\" style=\"background-color: #fbbd51; color: ;border: solid 1px #fbbd51\">\n                        sjolyckorna.se                    <\/a>\n                <\/div>\n            <\/div>\n                                <\/div>\n        <div class=\"contentImageTwoColumns contentImageTwoColumns__imageWrapper\">\n            <img loading=\"lazy\" decoding=\"async\" width=\"1024\" height=\"740\" src=\"https:\/\/www.visitsmaland.se\/wp-content\/uploads\/2024\/04\/img_2422-1024x740.jpg\" class=\"attachment-grid-card-images size-grid-card-images\" alt=\"\" \/>        <\/div>\n    <\/div>\n<\/div>\n\n\n<div class=\"contentImageTwoColumns contentImageTwoColumns__wrapper\" style=\"background-color: #f4f2eb\">\n    <div class=\"contentImageTwoColumns contentImageTwoColumns__container layout-reversed\">\n        <div class=\"contentImageTwoColumns contentImageTwoColumns__contentWrapper\">\n            <h2 class=\"contentImageTwoColumns contentImageTwoColumns__heading\" style=\"color: #000000\">\n                Axelssons i Aby            <\/h2>\n            <div class=\"contentImageTwoColumns contentImageTwoColumns__text contentImageTwoColumns__text--short\" style=\"color: #000000\">\n                                    <p>G\u00e5rdbutikken lige uden for M\u00e5lilla \u201csom kun s\u00e6lger det bedste\u201d. Sortimentet best\u00e5r prim\u00e6rt af produkter fra g\u00e5rden selv, s\u00e5som kartofler, jordb\u00e6r og \u00e6g fra fritg\u00e5ende h\u00f8ns. S\u00e6rligt kartoflerne er a&#8230;                    <button type=\"button\" class=\"contentImageTwoColumns contentImageTwoColumns__readMoreLess\">\n                        L\u00e6s mere +                    <\/button>\n                            <\/div>\n            <div class=\"contentImageTwoColumns contentImageTwoColumns__text contentImageTwoColumns__text--full\" style=\"color: #000000\">\n                <p>G\u00e5rdbutikken lige uden for M\u00e5lilla \u201csom kun s\u00e6lger det bedste\u201d. Sortimentet best\u00e5r prim\u00e6rt af produkter fra g\u00e5rden selv, s\u00e5som kartofler, jordb\u00e6r og \u00e6g fra fritg\u00e5ende h\u00f8ns. S\u00e6rligt kartoflerne er af meget h\u00f8j kvalitet og dyrkes med stor omhu. Derudover findes der produkter fra mindre, lokale producenter, som holder en h\u00f8j standard. \u00d8kologisk dyrkning er en prioritet. Ud over de ellers gener\u00f8se \u00e5bningstider er butikkens selvbetjeningsafdeling \u00e5ben dagligt fra 06.00 til 22.00.<\/p>\n                <button type=\"button\" class=\"contentImageTwoColumns contentImageTwoColumns__readMoreLess\">\n                    L\u00e6s mindre &#8211;                <\/button>\n            <\/div>\n                        <div class=\"wp-block-buttons is-layout-flex wp-block-buttons-is-layout-flex\">\n                <div class=\"wp-block-button arrow-white\">\n                    <a aria-label=\"axelssonsiaby.se\" class=\"wp-block-button__link wp-element-button\" href=\"http:\/\/www.axelssonsiaby.se\/sv\/gardsbutiken\/\" style=\"background-color: #374632; color: #ffffff;border: solid 1px #374632\">\n                        axelssonsiaby.se                    <\/a>\n                <\/div>\n            <\/div>\n                                <\/div>\n        <div class=\"contentImageTwoColumns contentImageTwoColumns__imageWrapper\">\n            <img loading=\"lazy\" decoding=\"async\" width=\"1024\" height=\"740\" src=\"https:\/\/www.visitsmaland.se\/wp-content\/uploads\/2025\/01\/Aby_FotoAlexanderHall25-1024x740.jpg\" class=\"attachment-grid-card-images size-grid-card-images\" alt=\"\" \/>        <\/div>\n    <\/div>\n<\/div>\n\n\n<div class=\"contentImageTwoColumns contentImageTwoColumns__wrapper\" style=\"background-color: #374632\">\n    <div class=\"contentImageTwoColumns contentImageTwoColumns__container \">\n        <div class=\"contentImageTwoColumns contentImageTwoColumns__contentWrapper\">\n            <h2 class=\"contentImageTwoColumns contentImageTwoColumns__heading\" style=\"color: #fff\">\n                V\u00e4stersl\u00e4t G\u00e5rdsbutik            <\/h2>\n            <div class=\"contentImageTwoColumns contentImageTwoColumns__text contentImageTwoColumns__text--short\" style=\"color: #fff\">\n                                    <p>I den lille landsby V\u00e4stersl\u00e4t finder du denne hyggelige g\u00e5rdbutik, som tilbyder eget k\u00f8d samt produkter fra udvalgte lokale producenter. P\u00e5 deres egne marker dyrker de afgr\u00f8der som raps og traditi&#8230;                    <button type=\"button\" class=\"contentImageTwoColumns contentImageTwoColumns__readMoreLess\">\n                        L\u00e6s mere +                    <\/button>\n                            <\/div>\n            <div class=\"contentImageTwoColumns contentImageTwoColumns__text contentImageTwoColumns__text--full\" style=\"color: #fff\">\n                <p>I den lille landsby V\u00e4stersl\u00e4t finder du denne hyggelige g\u00e5rdbutik, som tilbyder eget k\u00f8d samt produkter fra udvalgte lokale producenter. P\u00e5 deres egne marker dyrker de afgr\u00f8der som raps og traditionelle kornsorter. Gennem mange \u00e5r har de udviklet et velfungerende koncept, der omfatter alt fra slagtning og charcuteriproduktion p\u00e5 g\u00e5rden til g\u00e5rdbutik og caf\u00e9. Grundtanken er, at dyrene skal have den bedst mulige pleje, og at g\u00e6sterne skal vide, hvor deres mad kommer fra.<\/p>\n                <button type=\"button\" class=\"contentImageTwoColumns contentImageTwoColumns__readMoreLess\">\n                    L\u00e6s mindre &#8211;                <\/button>\n            <\/div>\n                        <div class=\"wp-block-buttons is-layout-flex wp-block-buttons-is-layout-flex\">\n                <div class=\"wp-block-button \">\n                    <a aria-label=\"vasterslat.se\" class=\"wp-block-button__link wp-element-button\" href=\"http:\/\/vasterslat.se\/\" style=\"background-color: #f4f2eb; color: #000000;border: solid 1px #f4f2eb\">\n                        vasterslat.se                    <\/a>\n                <\/div>\n            <\/div>\n                                <\/div>\n        <div class=\"contentImageTwoColumns contentImageTwoColumns__imageWrapper\">\n            <img loading=\"lazy\" decoding=\"async\" width=\"1024\" height=\"740\" src=\"https:\/\/www.visitsmaland.se\/wp-content\/uploads\/2025\/01\/20210812stenladan_Humlesol_Dest_Kalmar_Ga\u2560erdsbutik_0168-1024x740.jpg\" class=\"attachment-grid-card-images size-grid-card-images\" alt=\"\" \/>        <\/div>\n    <\/div>\n<\/div>\n\n\n<div class=\"contentImageTwoColumns contentImageTwoColumns__wrapper\" style=\"background-color: #f4f2eb\">\n    <div class=\"contentImageTwoColumns contentImageTwoColumns__container layout-reversed\">\n        <div class=\"contentImageTwoColumns contentImageTwoColumns__contentWrapper\">\n            <h2 class=\"contentImageTwoColumns contentImageTwoColumns__heading\" style=\"color: #000000\">\n                Stj\u00e4rnkrans Handelsbod            <\/h2>\n            <div class=\"contentImageTwoColumns contentImageTwoColumns__text contentImageTwoColumns__text--short\" style=\"color: #000000\">\n                                    <p>Uden for L\u00f6nashult, ikke langt fra \u00c5snen Nationalpark, finder du Stj\u00e4rnkrans Handelsbod. Her f\u00e5r du jordn\u00e6re og lokalt dyrkede r\u00e5varer fra n\u00e6romr\u00e5dets producenter samt g\u00e5rdens egen honning og senne&#8230;                    <button type=\"button\" class=\"contentImageTwoColumns contentImageTwoColumns__readMoreLess\">\n                        L\u00e6s mere +                    <\/button>\n                            <\/div>\n            <div class=\"contentImageTwoColumns contentImageTwoColumns__text contentImageTwoColumns__text--full\" style=\"color: #000000\">\n                <p>Uden for L\u00f6nashult, ikke langt fra \u00c5snen Nationalpark, finder du Stj\u00e4rnkrans Handelsbod. Her f\u00e5r du jordn\u00e6re og lokalt dyrkede r\u00e5varer fra n\u00e6romr\u00e5dets producenter samt g\u00e5rdens egen honning og sennep. Fyld picnickurven med l\u00e6kkerier til udflugten, eller nyd en dejlig kaffepause i solen p\u00e5 g\u00e5rdbutikkens egen terrasse.<\/p>\n                <button type=\"button\" class=\"contentImageTwoColumns contentImageTwoColumns__readMoreLess\">\n                    L\u00e6s mindre &#8211;                <\/button>\n            <\/div>\n                        <div class=\"wp-block-buttons is-layout-flex wp-block-buttons-is-layout-flex\">\n                <div class=\"wp-block-button arrow-white\">\n                    <a aria-label=\"stjarnkrans.se\" class=\"wp-block-button__link wp-element-button\" href=\"https:\/\/stjarnkrans.se\/#\/\" style=\"background-color: #374632; color: #ffffff;border: solid 1px #374632\">\n                        stjarnkrans.se                    <\/a>\n                <\/div>\n            <\/div>\n                                <\/div>\n        <div class=\"contentImageTwoColumns contentImageTwoColumns__imageWrapper\">\n            <img loading=\"lazy\" decoding=\"async\" width=\"1024\" height=\"740\" src=\"https:\/\/www.visitsmaland.se\/wp-content\/uploads\/2024\/04\/stjarnkrans-handelsbod-1024x740.jpg\" class=\"attachment-grid-card-images size-grid-card-images\" alt=\"\" \/>        <\/div>\n    <\/div>\n<\/div>\n\n\n<div class=\"contentImageTwoColumns contentImageTwoColumns__wrapper\" style=\"background-color: #374632\">\n    <div class=\"contentImageTwoColumns contentImageTwoColumns__container \">\n        <div class=\"contentImageTwoColumns contentImageTwoColumns__contentWrapper\">\n            <h2 class=\"contentImageTwoColumns contentImageTwoColumns__heading\" style=\"color: #ffffff\">\n                Stenladan            <\/h2>\n            <div class=\"contentImageTwoColumns contentImageTwoColumns__text contentImageTwoColumns__text--short\" style=\"color: #ffffff\">\n                                    <p>Stenladans G\u00e5rdbutik er en popul\u00e6r en af slagsen med gener\u00f8se \u00e5bningstider n\u00e6r \u00d8landsbroen. En stor del af sortimentet dyrkes p\u00e5 g\u00e5rden i Algutsrum, men der findes ogs\u00e5 et bredt udvalg af produkter&#8230;                    <button type=\"button\" class=\"contentImageTwoColumns contentImageTwoColumns__readMoreLess\">\n                        L\u00e6s mere +                    <\/button>\n                            <\/div>\n            <div class=\"contentImageTwoColumns contentImageTwoColumns__text contentImageTwoColumns__text--full\" style=\"color: #ffffff\">\n                <p>Stenladans G\u00e5rdbutik er en popul\u00e6r en af slagsen med gener\u00f8se \u00e5bningstider n\u00e6r \u00d8landsbroen. En stor del af sortimentet dyrkes p\u00e5 g\u00e5rden i Algutsrum, men der findes ogs\u00e5 et bredt udvalg af produkter fra flere leverand\u00f8rer p\u00e5 \u00d8land \u2013 s\u00e5som ost, chokolade, honning og marmelader. Overfor g\u00e5rdbutikken ligger Stenladans Antik &amp; Loppemarked.<\/p>\n                <button type=\"button\" class=\"contentImageTwoColumns contentImageTwoColumns__readMoreLess\">\n                    L\u00e6s mindre &#8211;                <\/button>\n            <\/div>\n                        <div class=\"wp-block-buttons is-layout-flex wp-block-buttons-is-layout-flex\">\n                <div class=\"wp-block-button \">\n                    <a aria-label=\"stenladan.se\" class=\"wp-block-button__link wp-element-button\" href=\"https:\/\/www.stenladan.se\/\" style=\"background-color: #f4f2eb; color: #000000;border: solid 1px #f4f2eb\">\n                        stenladan.se                    <\/a>\n                <\/div>\n            <\/div>\n                                <\/div>\n        <div class=\"contentImageTwoColumns contentImageTwoColumns__imageWrapper\">\n            <img loading=\"lazy\" decoding=\"async\" width=\"1024\" height=\"740\" src=\"https:\/\/www.visitsmaland.se\/wp-content\/uploads\/2025\/01\/Olands-Skordefest-Antikt-Loppis-Stenladan-4-AH-2018-1024x740.jpg\" class=\"attachment-grid-card-images size-grid-card-images\" alt=\"\" \/>        <\/div>\n    <\/div>\n<\/div>\n\n\n<div class=\"contentImageTwoColumns contentImageTwoColumns__wrapper\" style=\"background-color: \">\n    <div class=\"contentImageTwoColumns contentImageTwoColumns__container layout-reversed\">\n        <div class=\"contentImageTwoColumns contentImageTwoColumns__contentWrapper\">\n            <h2 class=\"contentImageTwoColumns contentImageTwoColumns__heading\" style=\"color: \">\n                Hagshultskossorna            <\/h2>\n            <div class=\"contentImageTwoColumns contentImageTwoColumns__text contentImageTwoColumns__text--short\" style=\"color: \">\n                                    <p>Hagshultskossorna i Sm\u00e5land tilbyder et unikt udvalg i deres g\u00e5rdbutik, hvor klimacertificeret gr\u00e6sopdr\u00e6ttet oksek\u00f8d fra pensionerede malkek\u00f8er er i fokus. Udover det \u00f8kologiske k\u00f8d kan bes\u00f8gende u&#8230;                    <button type=\"button\" class=\"contentImageTwoColumns contentImageTwoColumns__readMoreLess\">\n                        L\u00e6s mere +                    <\/button>\n                            <\/div>\n            <div class=\"contentImageTwoColumns contentImageTwoColumns__text contentImageTwoColumns__text--full\" style=\"color: \">\n                <p>Hagshultskossorna i Sm\u00e5land tilbyder et unikt udvalg i deres g\u00e5rdbutik, hvor klimacertificeret gr\u00e6sopdr\u00e6ttet oksek\u00f8d fra pensionerede malkek\u00f8er er i fokus. Udover det \u00f8kologiske k\u00f8d kan bes\u00f8gende udforske et n\u00f8je udvalgt sortiment af produkter fra lokale f\u00f8devareh\u00e5ndv\u00e6rkere og svenske l\u00e6dervarer. G\u00e5rdbutikken byder p\u00e5 en autentisk madoplevelse med st\u00e6rkt fokus p\u00e5 b\u00e6redygtighed og kvalitet. Butikken holder \u00e5bent \u00e5ret rundt, men det er en god id\u00e9 at tjekke de aktuelle \u00e5bningstider inden dit bes\u00f8g.<\/p>\n                <button type=\"button\" class=\"contentImageTwoColumns contentImageTwoColumns__readMoreLess\">\n                    L\u00e6s mindre &#8211;                <\/button>\n            <\/div>\n                        <div class=\"wp-block-buttons is-layout-flex wp-block-buttons-is-layout-flex\">\n                <div class=\"wp-block-button \">\n                    <a aria-label=\"hagshult.se\/gardsbutiken\" class=\"wp-block-button__link wp-element-button\" href=\"https:\/\/hagshult.se\/gardsbutiken\/\" style=\"background-color: #fbbd51; color: #000000;border: solid 1px #fbbd51\">\n                        hagshult.se\/gardsbutiken                    <\/a>\n                <\/div>\n            <\/div>\n                                <\/div>\n        <div class=\"contentImageTwoColumns contentImageTwoColumns__imageWrapper\">\n            <img loading=\"lazy\" decoding=\"async\" width=\"1024\" height=\"740\" src=\"https:\/\/www.visitsmaland.se\/wp-content\/uploads\/2025\/01\/Hagshultskossornas-gardsbutik-1024x740.jpg\" class=\"attachment-grid-card-images size-grid-card-images\" alt=\"\" \/>        <\/div>\n    <\/div>\n<\/div>\n\n\n<div class=\"contentImageTwoColumns contentImageTwoColumns__wrapper\" style=\"background-color: #f4f2eb\">\n    <div class=\"contentImageTwoColumns contentImageTwoColumns__container \">\n        <div class=\"contentImageTwoColumns contentImageTwoColumns__contentWrapper\">\n            <h2 class=\"contentImageTwoColumns contentImageTwoColumns__heading\" style=\"color: #000000\">\n                Barkhults G\u00e5rd            <\/h2>\n            <div class=\"contentImageTwoColumns contentImageTwoColumns__text contentImageTwoColumns__text--short\" style=\"color: #000000\">\n                                    <p>Barkhults G\u00e5rd tilbyder en hyggelig g\u00e5rdbutik med et udvalg af lokalt producerede og \u00f8kologiske varer, herunder g\u00e5rdens eget oksek\u00f8d. Kaffe og kage serveres efter aftale, med friskbrygget kaffe og hjemmebagte kager eller klassisk sm\u00e5landsk ostekage med fl\u00f8de og syltet\u00f8j.<\/p>\n                            <\/div>\n            <div class=\"contentImageTwoColumns contentImageTwoColumns__text contentImageTwoColumns__text--full\" style=\"color: #000000\">\n                <p>Barkhults G\u00e5rd tilbyder en hyggelig g\u00e5rdbutik med et udvalg af lokalt producerede og \u00f8kologiske varer, herunder g\u00e5rdens eget oksek\u00f8d. Kaffe og kage serveres efter aftale, med friskbrygget kaffe og hjemmebagte kager eller klassisk sm\u00e5landsk ostekage med fl\u00f8de og syltet\u00f8j.<\/p>\n                <button type=\"button\" class=\"contentImageTwoColumns contentImageTwoColumns__readMoreLess\">\n                    L\u00e6s mindre &#8211;                <\/button>\n            <\/div>\n                        <div class=\"wp-block-buttons is-layout-flex wp-block-buttons-is-layout-flex\">\n                <div class=\"wp-block-button arrow-white\">\n                    <a aria-label=\"barkhult.nu\" class=\"wp-block-button__link wp-element-button\" href=\"https:\/\/www.barkhult.nu\/v%C3%A4lkommen-till-barkhults-g%C3%A5rd\" style=\"background-color: #374632; color: #ffffff;border: solid 1px #374632\">\n                        barkhult.nu                    <\/a>\n                <\/div>\n            <\/div>\n                                <\/div>\n        <div class=\"contentImageTwoColumns contentImageTwoColumns__imageWrapper\">\n            <img loading=\"lazy\" decoding=\"async\" width=\"1024\" height=\"740\" src=\"https:\/\/www.visitsmaland.se\/wp-content\/uploads\/2025\/01\/barkhult-alex--1024x740.jpg\" class=\"attachment-grid-card-images size-grid-card-images\" alt=\"\" \/>        <\/div>\n    <\/div>\n<\/div>\n\n\n<div class=\"contentImageTwoColumns contentImageTwoColumns__wrapper\" style=\"background-color: #374632\">\n    <div class=\"contentImageTwoColumns contentImageTwoColumns__container layout-reversed\">\n        <div class=\"contentImageTwoColumns contentImageTwoColumns__contentWrapper\">\n            <h2 class=\"contentImageTwoColumns contentImageTwoColumns__heading\" style=\"color: #ffffff\">\n                Mat-torpet Solliden            <\/h2>\n            <div class=\"contentImageTwoColumns contentImageTwoColumns__text contentImageTwoColumns__text--short\" style=\"color: #ffffff\">\n                                    <p data-start=\"0\" data-end=\"282\">Mat-torpet Solliden er en KRAV-certificeret g\u00e5rd beliggende ca. 20 kilometer uden for Gamleby i Odensvi. Her g\u00e5r grisene i deres naturlige milj\u00f8, lam springer rundt p\u00e5&#8230;                    <button type=\"button\" class=\"contentImageTwoColumns contentImageTwoColumns__readMoreLess\">\n                        L\u00e6s mere +                    <\/button>\n                            <\/div>\n            <div class=\"contentImageTwoColumns contentImageTwoColumns__text contentImageTwoColumns__text--full\" style=\"color: #ffffff\">\n                <p data-start=\"0\" data-end=\"282\">Mat-torpet Solliden er en KRAV-certificeret g\u00e5rd beliggende ca. 20 kilometer uden for Gamleby i Odensvi. Her g\u00e5r grisene i deres naturlige milj\u00f8, lam springer rundt p\u00e5 markerne, og h\u00f8nsene skraber i jorden. G\u00e5rden dyrker ogs\u00e5 \u00f8kologiske kartofler og gr\u00f8ntsager.<\/p>\n<p data-start=\"284\" data-end=\"472\" data-is-last-node=\"\" data-is-only-node=\"\">Om sommeren drives en popul\u00e6r caf\u00e9, og resten af \u00e5ret kan du k\u00f8be g\u00e5rdens k\u00f8d og andre lokalt producerede varer i g\u00e5rdbutikken. For aktuelle \u00e5bningstider henvises der til deres hjemmeside.<\/p>\n                <button type=\"button\" class=\"contentImageTwoColumns contentImageTwoColumns__readMoreLess\">\n                    L\u00e6s mindre &#8211;                <\/button>\n            <\/div>\n                        <div class=\"wp-block-buttons is-layout-flex wp-block-buttons-is-layout-flex\">\n                <div class=\"wp-block-button \">\n                    <a aria-label=\"mattorpetsolliden.se\" class=\"wp-block-button__link wp-element-button\" href=\"https:\/\/www.mattorpetsolliden.se\/\" style=\"background-color: #f4f2eb; color: #000000;border: solid 1px #000000\">\n                        mattorpetsolliden.se                    <\/a>\n                <\/div>\n            <\/div>\n                                <\/div>\n        <div class=\"contentImageTwoColumns contentImageTwoColumns__imageWrapper\">\n            <img loading=\"lazy\" decoding=\"async\" width=\"1024\" height=\"740\" src=\"https:\/\/www.visitsmaland.se\/wp-content\/uploads\/2025\/01\/entre-Mattorpet-Solliden-1-1024x740.jpg\" class=\"attachment-grid-card-images size-grid-card-images\" alt=\"\" \/>        <\/div>\n    <\/div>\n<\/div>\n\n\n  \n<div class=\"featuredTwoColumns featuredTwoColumns__wrapper\">\n    <div class=\"featuredTwoColumns featuredTwoColumns__container\">  \n            <div class=\"featuredTwoColumns featuredTwoColumns__feturedWrapper\">\n            <a aria-label=\"Caf\u00e9er i Sm\u00e5land\" href=\"https:\/\/www.visitsmaland.se\/dk\/opdag\/cafeer-i-smaaland\/\"class=\"featuredTwoColumns featuredTwoColumns__imageWrapper\">\n                <img loading=\"lazy\" decoding=\"async\" width=\"1024\" height=\"740\" src=\"https:\/\/www.visitsmaland.se\/wp-content\/uploads\/2024\/04\/sussies_cafe_alexander-hall-17-1024x740.jpg\" class=\"attachment-grid-card-images size-grid-card-images wp-post-image\" alt=\"\" \/>            <\/a>\n            <div class=\"featuredTwoColumns featuredTwoColumns__contentWrapper\">\n                <h2 class=\"featuredTwoColumns featuredTwoColumns__heading\">\n                    Caf\u00e9er i Sm\u00e5land                <\/h2>\n                <p class=\"featuredTwoColumns featuredTwoColumns__description\">\n                    &#8220;At tilbringe tid p\u00e5 et hyggeligt caf\u00e9 kan v\u00e6re en \u2026                <\/p>\n                 \n                 \n                <div class=\"wp-block-buttons is-layout-flex wp-block-buttons-is-layout-flex\">\n                    <div class=\"wp-block-button \">\n                        <a aria-label=\"Caf\u00e9er i Sm\u00e5land\"class=\"wp-block-button__link wp-element-button\" href=\"https:\/\/www.visitsmaland.se\/dk\/opdag\/cafeer-i-smaaland\/\">\n                            Opdag                       \n                         <\/a>\n                    <\/div>\n                <\/div>\n            <\/div>\n        <\/div>\n                <div class=\"featuredTwoColumns featuredTwoColumns__feturedWrapper\">\n            <a aria-label=\"Mad og drikke i Sm\u00e5land\" href=\"https:\/\/www.visitsmaland.se\/dk\/opdag\/mad-og-drikke-i-smaaland\/\"class=\"featuredTwoColumns featuredTwoColumns__imageWrapper\">\n                <img loading=\"lazy\" decoding=\"async\" width=\"1024\" height=\"740\" src=\"https:\/\/www.visitsmaland.se\/wp-content\/uploads\/2024\/04\/alex7823-1024x740.jpg\" class=\"attachment-grid-card-images size-grid-card-images wp-post-image\" alt=\"Zwei frisch zubereitete Teller in einem Restaurant werden serviert.\" \/>            <\/a>\n            <div class=\"featuredTwoColumns featuredTwoColumns__contentWrapper\">\n                <h2 class=\"featuredTwoColumns featuredTwoColumns__heading\">\n                    Mad og drikke i Sm\u00e5land                <\/h2>\n                <p class=\"featuredTwoColumns featuredTwoColumns__description\">\n                    Velkommen til at spise og drikke i Sm\u00e5land. Her fin\u2026                <\/p>\n                 \n                 \n                <div class=\"wp-block-buttons is-layout-flex wp-block-buttons-is-layout-flex\">\n                    <div class=\"wp-block-button \">\n                        <a aria-label=\"Mad og drikke i Sm\u00e5land\"class=\"wp-block-button__link wp-element-button\" href=\"https:\/\/www.visitsmaland.se\/dk\/opdag\/mad-og-drikke-i-smaaland\/\">\n                            Opdag                       \n                         <\/a>\n                    <\/div>\n                <\/div>\n            <\/div>\n        <\/div>\n            <\/div>\n<\/div>\n","protected":false},"excerpt":{"rendered":"<p>Det bedste sted at k\u00f8be frisk og lokalt produceret mad er ved at bes\u00f8ge en g\u00e5rdbutik. Ofte dyrkes afgr\u00f8derne i n\u00e6rheden, og det er ikke us\u00e6dvanligt, at de nyindk\u00f8bte \u00e6g kommer fra h\u00f8ns, der g\u00e5r og klukker lige i n\u00e6rheden. Afh\u00e6ngigt af g\u00e5rdens fokus kan du finde deres egne specialiteter til salg.<\/p>\n","protected":false},"featured_media":41780,"parent":0,"menu_order":604,"template":"","tags":[],"land":[],"class_list":["post-80020","guide","type-guide","status-publish","has-post-thumbnail","hentry"],"acf":{"priority":""},"yoast_head":"<!-- This site is optimized with the Yoast SEO plugin v28.3 - https:\/\/yoast.com\/product\/yoast-seo-wordpress\/ -->\n<title>G\u00e5rdbutikker | Visit Sm\u00e5land<\/title>\n<meta name=\"description\" content=\"G\u00e5rdbutikker i Sm\u00e5land, der s\u00e6lger gr\u00f8ntsager, k\u00f8d, \u00e6g, cider, marmelade, honning og andre lokale og \u00f8kologiske produkter.\" \/>\n<meta name=\"robots\" content=\"index, follow, max-snippet:-1, max-image-preview:large, max-video-preview:-1\" \/>\n<link rel=\"canonical\" href=\"https:\/\/www.visitsmaland.se\/dk\/opdag\/gaardbutikker\/\" \/>\n<meta property=\"og:locale\" content=\"da_DK\" \/>\n<meta property=\"og:type\" content=\"article\" \/>\n<meta property=\"og:title\" content=\"G\u00e5rdbutikker | Visit Sm\u00e5land\" \/>\n<meta property=\"og:description\" content=\"G\u00e5rdbutikker i Sm\u00e5land, der s\u00e6lger gr\u00f8ntsager, k\u00f8d, \u00e6g, cider, marmelade, honning og andre lokale og \u00f8kologiske produkter.\" \/>\n<meta property=\"og:url\" content=\"https:\/\/www.visitsmaland.se\/dk\/opdag\/gaardbutikker\/\" \/>\n<meta property=\"og:site_name\" content=\"Visit Sm\u00e5land\" \/>\n<meta property=\"article:publisher\" content=\"https:\/\/www.facebook.com\/visitsmaland\/\" \/>\n<meta property=\"article:modified_time\" content=\"2026-02-14T22:57:55+00:00\" \/>\n<meta property=\"og:image\" content=\"https:\/\/www.visitsmaland.se\/wp-content\/uploads\/2024\/04\/img_2422-scaled.jpg\" \/>\n\t<meta property=\"og:image:width\" content=\"2560\" \/>\n\t<meta property=\"og:image:height\" content=\"1707\" \/>\n\t<meta property=\"og:image:type\" content=\"image\/jpeg\" \/>\n<meta name=\"twitter:card\" content=\"summary_large_image\" \/>\n<meta name=\"twitter:label1\" content=\"Estimeret l\u00e6setid\" \/>\n\t<meta name=\"twitter:data1\" content=\"7 minutter\" \/>\n<script type=\"application\/ld+json\" class=\"yoast-schema-graph\">{\"@context\":\"https:\\\/\\\/schema.org\",\"@graph\":[{\"@type\":\"WebPage\",\"@id\":\"https:\\\/\\\/www.visitsmaland.se\\\/dk\\\/opdag\\\/gaardbutikker\\\/\",\"url\":\"https:\\\/\\\/www.visitsmaland.se\\\/dk\\\/opdag\\\/gaardbutikker\\\/\",\"name\":\"G\u00e5rdbutikker | Visit Sm\u00e5land\",\"isPartOf\":{\"@id\":\"https:\\\/\\\/www.visitsmaland.se\\\/dk\\\/#website\"},\"primaryImageOfPage\":{\"@id\":\"https:\\\/\\\/www.visitsmaland.se\\\/dk\\\/opdag\\\/gaardbutikker\\\/#primaryimage\"},\"image\":{\"@id\":\"https:\\\/\\\/www.visitsmaland.se\\\/dk\\\/opdag\\\/gaardbutikker\\\/#primaryimage\"},\"thumbnailUrl\":\"https:\\\/\\\/www.visitsmaland.se\\\/wp-content\\\/uploads\\\/2024\\\/04\\\/img_2422-scaled.jpg\",\"datePublished\":\"2024-04-09T10:54:06+00:00\",\"dateModified\":\"2026-02-14T22:57:55+00:00\",\"description\":\"G\u00e5rdbutikker i Sm\u00e5land, der s\u00e6lger gr\u00f8ntsager, k\u00f8d, \u00e6g, cider, marmelade, honning og andre lokale og \u00f8kologiske produkter.\",\"breadcrumb\":{\"@id\":\"https:\\\/\\\/www.visitsmaland.se\\\/dk\\\/opdag\\\/gaardbutikker\\\/#breadcrumb\"},\"inLanguage\":\"da-DK\",\"potentialAction\":[{\"@type\":\"ReadAction\",\"target\":[\"https:\\\/\\\/www.visitsmaland.se\\\/dk\\\/opdag\\\/gaardbutikker\\\/\"]}]},{\"@type\":\"ImageObject\",\"inLanguage\":\"da-DK\",\"@id\":\"https:\\\/\\\/www.visitsmaland.se\\\/dk\\\/opdag\\\/gaardbutikker\\\/#primaryimage\",\"url\":\"https:\\\/\\\/www.visitsmaland.se\\\/wp-content\\\/uploads\\\/2024\\\/04\\\/img_2422-scaled.jpg\",\"contentUrl\":\"https:\\\/\\\/www.visitsmaland.se\\\/wp-content\\\/uploads\\\/2024\\\/04\\\/img_2422-scaled.jpg\",\"width\":2560,\"height\":1707},{\"@type\":\"BreadcrumbList\",\"@id\":\"https:\\\/\\\/www.visitsmaland.se\\\/dk\\\/opdag\\\/gaardbutikker\\\/#breadcrumb\",\"itemListElement\":[{\"@type\":\"ListItem\",\"position\":1,\"name\":\"Forside\",\"item\":\"https:\\\/\\\/www.visitsmaland.se\\\/dk\\\/\"},{\"@type\":\"ListItem\",\"position\":2,\"name\":\"G\u00e5rdbutikker\"}]},{\"@type\":\"WebSite\",\"@id\":\"https:\\\/\\\/www.visitsmaland.se\\\/dk\\\/#website\",\"url\":\"https:\\\/\\\/www.visitsmaland.se\\\/dk\\\/\",\"name\":\"Visit Sm\u00e5land\",\"description\":\"V\u00e4lkommen till Sm\u00e5land\",\"potentialAction\":[{\"@type\":\"SearchAction\",\"target\":{\"@type\":\"EntryPoint\",\"urlTemplate\":\"https:\\\/\\\/www.visitsmaland.se\\\/dk\\\/?s={search_term_string}\"},\"query-input\":{\"@type\":\"PropertyValueSpecification\",\"valueRequired\":true,\"valueName\":\"search_term_string\"}}],\"inLanguage\":\"da-DK\"}]}<\/script>\n<!-- \/ Yoast SEO plugin. -->","yoast_head_json":{"title":"G\u00e5rdbutikker | Visit Sm\u00e5land","description":"G\u00e5rdbutikker i Sm\u00e5land, der s\u00e6lger gr\u00f8ntsager, k\u00f8d, \u00e6g, cider, marmelade, honning og andre lokale og \u00f8kologiske produkter.","robots":{"index":"index","follow":"follow","max-snippet":"max-snippet:-1","max-image-preview":"max-image-preview:large","max-video-preview":"max-video-preview:-1"},"canonical":"https:\/\/www.visitsmaland.se\/dk\/opdag\/gaardbutikker\/","og_locale":"da_DK","og_type":"article","og_title":"G\u00e5rdbutikker | Visit Sm\u00e5land","og_description":"G\u00e5rdbutikker i Sm\u00e5land, der s\u00e6lger gr\u00f8ntsager, k\u00f8d, \u00e6g, cider, marmelade, honning og andre lokale og \u00f8kologiske produkter.","og_url":"https:\/\/www.visitsmaland.se\/dk\/opdag\/gaardbutikker\/","og_site_name":"Visit Sm\u00e5land","article_publisher":"https:\/\/www.facebook.com\/visitsmaland\/","article_modified_time":"2026-02-14T22:57:55+00:00","og_image":[{"width":2560,"height":1707,"url":"https:\/\/www.visitsmaland.se\/wp-content\/uploads\/2024\/04\/img_2422-scaled.jpg","type":"image\/jpeg"}],"twitter_card":"summary_large_image","twitter_misc":{"Estimeret l\u00e6setid":"7 minutter"},"schema":{"@context":"https:\/\/schema.org","@graph":[{"@type":"WebPage","@id":"https:\/\/www.visitsmaland.se\/dk\/opdag\/gaardbutikker\/","url":"https:\/\/www.visitsmaland.se\/dk\/opdag\/gaardbutikker\/","name":"G\u00e5rdbutikker | Visit Sm\u00e5land","isPartOf":{"@id":"https:\/\/www.visitsmaland.se\/dk\/#website"},"primaryImageOfPage":{"@id":"https:\/\/www.visitsmaland.se\/dk\/opdag\/gaardbutikker\/#primaryimage"},"image":{"@id":"https:\/\/www.visitsmaland.se\/dk\/opdag\/gaardbutikker\/#primaryimage"},"thumbnailUrl":"https:\/\/www.visitsmaland.se\/wp-content\/uploads\/2024\/04\/img_2422-scaled.jpg","datePublished":"2024-04-09T10:54:06+00:00","dateModified":"2026-02-14T22:57:55+00:00","description":"G\u00e5rdbutikker i Sm\u00e5land, der s\u00e6lger gr\u00f8ntsager, k\u00f8d, \u00e6g, cider, marmelade, honning og andre lokale og \u00f8kologiske produkter.","breadcrumb":{"@id":"https:\/\/www.visitsmaland.se\/dk\/opdag\/gaardbutikker\/#breadcrumb"},"inLanguage":"da-DK","potentialAction":[{"@type":"ReadAction","target":["https:\/\/www.visitsmaland.se\/dk\/opdag\/gaardbutikker\/"]}]},{"@type":"ImageObject","inLanguage":"da-DK","@id":"https:\/\/www.visitsmaland.se\/dk\/opdag\/gaardbutikker\/#primaryimage","url":"https:\/\/www.visitsmaland.se\/wp-content\/uploads\/2024\/04\/img_2422-scaled.jpg","contentUrl":"https:\/\/www.visitsmaland.se\/wp-content\/uploads\/2024\/04\/img_2422-scaled.jpg","width":2560,"height":1707},{"@type":"BreadcrumbList","@id":"https:\/\/www.visitsmaland.se\/dk\/opdag\/gaardbutikker\/#breadcrumb","itemListElement":[{"@type":"ListItem","position":1,"name":"Forside","item":"https:\/\/www.visitsmaland.se\/dk\/"},{"@type":"ListItem","position":2,"name":"G\u00e5rdbutikker"}]},{"@type":"WebSite","@id":"https:\/\/www.visitsmaland.se\/dk\/#website","url":"https:\/\/www.visitsmaland.se\/dk\/","name":"Visit Sm\u00e5land","description":"V\u00e4lkommen till Sm\u00e5land","potentialAction":[{"@type":"SearchAction","target":{"@type":"EntryPoint","urlTemplate":"https:\/\/www.visitsmaland.se\/dk\/?s={search_term_string}"},"query-input":{"@type":"PropertyValueSpecification","valueRequired":true,"valueName":"search_term_string"}}],"inLanguage":"da-DK"}]}},"_links":{"self":[{"href":"https:\/\/www.visitsmaland.se\/dk\/wp-json\/wp\/v2\/guide\/80020","targetHints":{"allow":["GET"]}}],"collection":[{"href":"https:\/\/www.visitsmaland.se\/dk\/wp-json\/wp\/v2\/guide"}],"about":[{"href":"https:\/\/www.visitsmaland.se\/dk\/wp-json\/wp\/v2\/types\/guide"}],"version-history":[{"count":7,"href":"https:\/\/www.visitsmaland.se\/dk\/wp-json\/wp\/v2\/guide\/80020\/revisions"}],"predecessor-version":[{"id":85115,"href":"https:\/\/www.visitsmaland.se\/dk\/wp-json\/wp\/v2\/guide\/80020\/revisions\/85115"}],"wp:featuredmedia":[{"embeddable":true,"href":"https:\/\/www.visitsmaland.se\/dk\/wp-json\/wp\/v2\/media\/41780"}],"wp:attachment":[{"href":"https:\/\/www.visitsmaland.se\/dk\/wp-json\/wp\/v2\/media?parent=80020"}],"wp:term":[{"taxonomy":"post_tag","embeddable":true,"href":"https:\/\/www.visitsmaland.se\/dk\/wp-json\/wp\/v2\/tags?post=80020"},{"taxonomy":"land","embeddable":true,"href":"https:\/\/www.visitsmaland.se\/dk\/wp-json\/wp\/v2\/land?post=80020"}],"curies":[{"name":"wp","href":"https:\/\/api.w.org\/{rel}","templated":true}]}}