{"id":80425,"date":"2025-12-10T16:04:02","date_gmt":"2025-12-10T15:04:02","guid":{"rendered":"https:\/\/www.visitsmaland.se\/upptack\/vintercamping\/"},"modified":"2026-02-18T19:55:06","modified_gmt":"2026-02-18T18:55:06","slug":"vintercamping","status":"publish","type":"guide","link":"https:\/\/www.visitsmaland.se\/dk\/opdag\/vintercamping\/","title":{"rendered":"Vintercamping"},"content":{"rendered":"<div class=\"postHerosection postHerosection__wrapper\">\n    <div class=\"postHerosection postHerosection__container\">\n        <h1 class=\"postHerosection postHerosection__heroHeading\">\n            Vintercamping        <\/h1>\n            <\/div>\n    <div class=\"postHerosection postHerosection__imageContainer\">\n        <img loading=\"lazy\" decoding=\"async\" width=\"2560\" height=\"1920\" src=\"https:\/\/www.visitsmaland.se\/wp-content\/uploads\/2025\/12\/vintercamping-scaled.jpg\" class=\"attachment-full size-full\" alt=\"\" srcset=\"https:\/\/www.visitsmaland.se\/wp-content\/uploads\/2025\/12\/vintercamping-scaled.jpg 2560w, https:\/\/www.visitsmaland.se\/wp-content\/uploads\/2025\/12\/vintercamping-300x225.jpg 300w, https:\/\/www.visitsmaland.se\/wp-content\/uploads\/2025\/12\/vintercamping-1024x768.jpg 1024w, https:\/\/www.visitsmaland.se\/wp-content\/uploads\/2025\/12\/vintercamping-768x576.jpg 768w, https:\/\/www.visitsmaland.se\/wp-content\/uploads\/2025\/12\/vintercamping-1536x1152.jpg 1536w, https:\/\/www.visitsmaland.se\/wp-content\/uploads\/2025\/12\/vintercamping-2048x1536.jpg 2048w\" sizes=\"(max-width: 2560px) 100vw, 2560px\" \/>    <\/div>\n<\/div>\n<div class=\"postHerosection postHerosection__breadcrumbs\">\n   <div class=\"postHerosection postHerosection__breadcrumbs-container\">\n        <p id=\"breadcrumbs\"><span><span><a href=\"https:\/\/www.visitsmaland.se\/dk\/\">Forside<\/a><\/span><\/span><\/p>    <\/div>\n<\/div>\n\n<div class=\"contentCta contentCta__wrapper\">\n    <div class=\"contentCta contentCta__container\">\n                    \t\t\t<div class=\"contentCta contentCta__text\" style=\"color: \">\n\t\t\t\t<p>Oplev vintercamping i Sm\u00e5land og p\u00e5 \u00d8land \u2013 stille skove, frostkl\u00e6dte landskaber og hyggelige hytter t\u00e6t p\u00e5 naturen. Oplev Sm\u00e5lands vinterperler \u00e5ret rundt.<\/p>\n\t\t\t<\/div>\n                <hr>\n            <\/div>\n<\/div>\n\n\n<div class=\"dynamicContentTwoColumns dynamicContentTwoColumns__wrapper\">\n    <div class=\"dynamicContentTwoColumns dynamicContentTwoColumns__container\">\n                                    <h3 class=\"dynamicContentTwoColumns dynamicContentTwoColumns__heading\">\n                    V\u00e4stervik Resort                <\/h3>\n                                                <div class=\"dynamicContentTwoColumns dynamicContentTwoColumns__text\">\n                    <p><p>Den femstjernede campingplads V\u00e4stervik Resort er en af Sveriges st\u00f8rste ferieanl\u00e6g \u2013 midt i V\u00e4sterviks sk\u00e6rg\u00e5rd. Om vinteren kan du booke en hytte eller en campingplads med el.<\/p>\n<p>\n                <\/div>\n                                                <div class=\"wp-block-buttons is-layout-flex wp-block-buttons-is-layout-flex\">\n                    <div class=\"wp-block-button\">\n                        <a aria-label=\"L\u00e6s mere \" class=\"wp-block-button__link wp-element-button dynamicContentTwoColumns dynamicContentTwoColumns__ctaButton\" href=\"https:\/\/vastervikresort.se\/en\/\">\n                            L\u00e6s mere om campingpladsen her                        <\/a>\n                    <\/div>\n                <\/div>\n                                                <div class=\"dynamicContentTwoColumns dynamicContentTwoColumns__imageWrapper\">\n                    <img loading=\"lazy\" decoding=\"async\" width=\"500\" height=\"333\" src=\"https:\/\/www.visitsmaland.se\/wp-content\/uploads\/2025\/12\/Vastervik-vy-Sta-Gertrud-Gamlebyviken-vinter-2-Niklas-Lind-scaled.jpg\" class=\"attachment-500x500 size-500x500\" alt=\"\" srcset=\"https:\/\/www.visitsmaland.se\/wp-content\/uploads\/2025\/12\/Vastervik-vy-Sta-Gertrud-Gamlebyviken-vinter-2-Niklas-Lind-scaled.jpg 2560w, https:\/\/www.visitsmaland.se\/wp-content\/uploads\/2025\/12\/Vastervik-vy-Sta-Gertrud-Gamlebyviken-vinter-2-Niklas-Lind-300x200.jpg 300w, https:\/\/www.visitsmaland.se\/wp-content\/uploads\/2025\/12\/Vastervik-vy-Sta-Gertrud-Gamlebyviken-vinter-2-Niklas-Lind-1024x683.jpg 1024w, https:\/\/www.visitsmaland.se\/wp-content\/uploads\/2025\/12\/Vastervik-vy-Sta-Gertrud-Gamlebyviken-vinter-2-Niklas-Lind-768x512.jpg 768w, https:\/\/www.visitsmaland.se\/wp-content\/uploads\/2025\/12\/Vastervik-vy-Sta-Gertrud-Gamlebyviken-vinter-2-Niklas-Lind-1536x1024.jpg 1536w, https:\/\/www.visitsmaland.se\/wp-content\/uploads\/2025\/12\/Vastervik-vy-Sta-Gertrud-Gamlebyviken-vinter-2-Niklas-Lind-2048x1365.jpg 2048w\" sizes=\"(max-width: 500px) 100vw, 500px\" \/>                <\/div>\n                                                <h3 class=\"dynamicContentTwoColumns dynamicContentTwoColumns__heading\">\n                    KustCamp Gamleby                <\/h3>\n                                                <div class=\"dynamicContentTwoColumns dynamicContentTwoColumns__text\">\n                    <p><p>Den 4-stjernede familiecamping KustCamp Gamleby ligger ved en bugt af \u00d8sters\u00f8en med hyggelige, terrasserede pladser i kuperede og natursk\u00f8nne omgivelser. Campingmuligheder og hytter er \u00e5bne \u00e5ret rundt.<\/p>\n<p>\n                <\/div>\n                                                <div class=\"wp-block-buttons is-layout-flex wp-block-buttons-is-layout-flex\">\n                    <div class=\"wp-block-button\">\n                        <a aria-label=\"L\u00e6s mere \" class=\"wp-block-button__link wp-element-button dynamicContentTwoColumns dynamicContentTwoColumns__ctaButton\" href=\"https:\/\/campa.se\/\">\n                            KustCamp                        <\/a>\n                    <\/div>\n                <\/div>\n                                                <div class=\"dynamicContentTwoColumns dynamicContentTwoColumns__imageWrapper\">\n                    <img loading=\"lazy\" decoding=\"async\" width=\"500\" height=\"333\" src=\"https:\/\/www.visitsmaland.se\/wp-content\/uploads\/2024\/04\/nathalie_chavez_vinter_1-f80487b0663bcb1bb7d13adbe6466c48-1800x1200-2.jpg\" class=\"attachment-500x500 size-500x500\" alt=\"\" srcset=\"https:\/\/www.visitsmaland.se\/wp-content\/uploads\/2024\/04\/nathalie_chavez_vinter_1-f80487b0663bcb1bb7d13adbe6466c48-1800x1200-2.jpg 1800w, https:\/\/www.visitsmaland.se\/wp-content\/uploads\/2024\/04\/nathalie_chavez_vinter_1-f80487b0663bcb1bb7d13adbe6466c48-1800x1200-2-300x200.jpg 300w, https:\/\/www.visitsmaland.se\/wp-content\/uploads\/2024\/04\/nathalie_chavez_vinter_1-f80487b0663bcb1bb7d13adbe6466c48-1800x1200-2-1024x683.jpg 1024w, https:\/\/www.visitsmaland.se\/wp-content\/uploads\/2024\/04\/nathalie_chavez_vinter_1-f80487b0663bcb1bb7d13adbe6466c48-1800x1200-2-768x512.jpg 768w, https:\/\/www.visitsmaland.se\/wp-content\/uploads\/2024\/04\/nathalie_chavez_vinter_1-f80487b0663bcb1bb7d13adbe6466c48-1800x1200-2-1536x1024.jpg 1536w\" sizes=\"(max-width: 500px) 100vw, 500px\" \/>                <\/div>\n                                                <h3 class=\"dynamicContentTwoColumns dynamicContentTwoColumns__heading\">\n                    Caravan Club Kettils\u00e5s                <\/h3>\n                                                <div class=\"dynamicContentTwoColumns dynamicContentTwoColumns__text\">\n                    <p><p>Oplev Kettils\u00e5s, en familievenlig campingplads i Sm\u00e5land lige ved en skibakke og fine vandrestier. Her findes skiskole, friluftsliv, vinterfiskeri og aktiviteter for b\u00f8rn.<\/p>\n<p>\n                <\/div>\n                                                <div class=\"wp-block-buttons is-layout-flex wp-block-buttons-is-layout-flex\">\n                    <div class=\"wp-block-button\">\n                        <a aria-label=\"L\u00e6s mere \" class=\"wp-block-button__link wp-element-button dynamicContentTwoColumns dynamicContentTwoColumns__ctaButton\" href=\"https:\/\/caravanclub.se\/camping\/kettilsas\/\">\n                            Caravan Club Kettils\u00e5s                        <\/a>\n                    <\/div>\n                <\/div>\n                                                <h3 class=\"dynamicContentTwoColumns dynamicContentTwoColumns__heading\">\n                    Caravan Club Timmernabben                <\/h3>\n                                                <div class=\"dynamicContentTwoColumns dynamicContentTwoColumns__text\">\n                    <p><p>Nyd vinterens ro ved havet med snekl\u00e6dte udsigter og naturen lige om hj\u00f8rnet. Campingpladsen holder \u00e5bent hele \u00e5ret.<\/p>\n<p>\n                <\/div>\n                                                <div class=\"wp-block-buttons is-layout-flex wp-block-buttons-is-layout-flex\">\n                    <div class=\"wp-block-button\">\n                        <a aria-label=\"L\u00e6s mere \" class=\"wp-block-button__link wp-element-button dynamicContentTwoColumns dynamicContentTwoColumns__ctaButton\" href=\"https:\/\/caravanclub.se\/camping\/timmernabben\/\">\n                            Caravan Club Timmernabben                        <\/a>\n                    <\/div>\n                <\/div>\n                        <\/div>\n<\/div>\n\n\n\n<figure class=\"wp-block-gallery has-nested-images columns-default is-cropped wp-block-gallery-2 is-layout-flex wp-block-gallery-is-layout-flex\">\n<figure class=\"wp-block-image size-large\"><img loading=\"lazy\" decoding=\"async\" width=\"768\" height=\"1024\" data-id=\"80299\" src=\"https:\/\/www.visitsmaland.se\/wp-content\/uploads\/2025\/12\/wetransfer_image00001-jpeg_2025-12-10_1323_image00004-768x1024.jpeg\" alt=\"\" class=\"wp-image-80299\" srcset=\"https:\/\/www.visitsmaland.se\/wp-content\/uploads\/2025\/12\/wetransfer_image00001-jpeg_2025-12-10_1323_image00004-768x1024.jpeg 768w, https:\/\/www.visitsmaland.se\/wp-content\/uploads\/2025\/12\/wetransfer_image00001-jpeg_2025-12-10_1323_image00004-225x300.jpeg 225w, https:\/\/www.visitsmaland.se\/wp-content\/uploads\/2025\/12\/wetransfer_image00001-jpeg_2025-12-10_1323_image00004-1152x1536.jpeg 1152w, https:\/\/www.visitsmaland.se\/wp-content\/uploads\/2025\/12\/wetransfer_image00001-jpeg_2025-12-10_1323_image00004-1536x2048.jpeg 1536w, https:\/\/www.visitsmaland.se\/wp-content\/uploads\/2025\/12\/wetransfer_image00001-jpeg_2025-12-10_1323_image00004-scaled.jpeg 1920w\" sizes=\"(max-width: 768px) 100vw, 768px\" \/><\/figure>\n\n\n\n<figure class=\"wp-block-image size-large\"><img loading=\"lazy\" decoding=\"async\" width=\"768\" height=\"1024\" data-id=\"80304\" src=\"https:\/\/www.visitsmaland.se\/wp-content\/uploads\/2025\/12\/wetransfer_image00001-jpeg_2025-12-10_1323_image00002-768x1024.jpeg\" alt=\"\" class=\"wp-image-80304\" srcset=\"https:\/\/www.visitsmaland.se\/wp-content\/uploads\/2025\/12\/wetransfer_image00001-jpeg_2025-12-10_1323_image00002-768x1024.jpeg 768w, https:\/\/www.visitsmaland.se\/wp-content\/uploads\/2025\/12\/wetransfer_image00001-jpeg_2025-12-10_1323_image00002-225x300.jpeg 225w, https:\/\/www.visitsmaland.se\/wp-content\/uploads\/2025\/12\/wetransfer_image00001-jpeg_2025-12-10_1323_image00002-1152x1536.jpeg 1152w, https:\/\/www.visitsmaland.se\/wp-content\/uploads\/2025\/12\/wetransfer_image00001-jpeg_2025-12-10_1323_image00002-1536x2048.jpeg 1536w, https:\/\/www.visitsmaland.se\/wp-content\/uploads\/2025\/12\/wetransfer_image00001-jpeg_2025-12-10_1323_image00002-scaled.jpeg 1920w\" sizes=\"(max-width: 768px) 100vw, 768px\" \/><\/figure>\n\n\n\n<figure class=\"wp-block-image size-large\"><img loading=\"lazy\" decoding=\"async\" width=\"768\" height=\"1024\" data-id=\"80309\" src=\"https:\/\/www.visitsmaland.se\/wp-content\/uploads\/2025\/12\/wetransfer_image00001-jpeg_2025-12-10_1323_image00006-768x1024.jpeg\" alt=\"\" class=\"wp-image-80309\" srcset=\"https:\/\/www.visitsmaland.se\/wp-content\/uploads\/2025\/12\/wetransfer_image00001-jpeg_2025-12-10_1323_image00006-768x1024.jpeg 768w, https:\/\/www.visitsmaland.se\/wp-content\/uploads\/2025\/12\/wetransfer_image00001-jpeg_2025-12-10_1323_image00006-225x300.jpeg 225w, https:\/\/www.visitsmaland.se\/wp-content\/uploads\/2025\/12\/wetransfer_image00001-jpeg_2025-12-10_1323_image00006-1152x1536.jpeg 1152w, https:\/\/www.visitsmaland.se\/wp-content\/uploads\/2025\/12\/wetransfer_image00001-jpeg_2025-12-10_1323_image00006-1536x2048.jpeg 1536w, https:\/\/www.visitsmaland.se\/wp-content\/uploads\/2025\/12\/wetransfer_image00001-jpeg_2025-12-10_1323_image00006-scaled.jpeg 1920w\" sizes=\"(max-width: 768px) 100vw, 768px\" \/><\/figure>\n\n\n\n<figure class=\"wp-block-image size-large\"><img loading=\"lazy\" decoding=\"async\" width=\"768\" height=\"1024\" data-id=\"80314\" src=\"https:\/\/www.visitsmaland.se\/wp-content\/uploads\/2025\/12\/wetransfer_image00001-jpeg_2025-12-10_1323_image00007-768x1024.jpeg\" alt=\"\" class=\"wp-image-80314\" srcset=\"https:\/\/www.visitsmaland.se\/wp-content\/uploads\/2025\/12\/wetransfer_image00001-jpeg_2025-12-10_1323_image00007-768x1024.jpeg 768w, https:\/\/www.visitsmaland.se\/wp-content\/uploads\/2025\/12\/wetransfer_image00001-jpeg_2025-12-10_1323_image00007-225x300.jpeg 225w, https:\/\/www.visitsmaland.se\/wp-content\/uploads\/2025\/12\/wetransfer_image00001-jpeg_2025-12-10_1323_image00007-1152x1536.jpeg 1152w, https:\/\/www.visitsmaland.se\/wp-content\/uploads\/2025\/12\/wetransfer_image00001-jpeg_2025-12-10_1323_image00007-1536x2048.jpeg 1536w, https:\/\/www.visitsmaland.se\/wp-content\/uploads\/2025\/12\/wetransfer_image00001-jpeg_2025-12-10_1323_image00007-scaled.jpeg 1920w\" sizes=\"(max-width: 768px) 100vw, 768px\" \/><\/figure>\n\n\n\n<figure class=\"wp-block-image size-large\"><img loading=\"lazy\" decoding=\"async\" width=\"768\" height=\"1024\" data-id=\"80319\" src=\"https:\/\/www.visitsmaland.se\/wp-content\/uploads\/2025\/12\/wetransfer_image00001-jpeg_2025-12-10_1323_image00010-768x1024.jpeg\" alt=\"\" class=\"wp-image-80319\" srcset=\"https:\/\/www.visitsmaland.se\/wp-content\/uploads\/2025\/12\/wetransfer_image00001-jpeg_2025-12-10_1323_image00010-768x1024.jpeg 768w, https:\/\/www.visitsmaland.se\/wp-content\/uploads\/2025\/12\/wetransfer_image00001-jpeg_2025-12-10_1323_image00010-225x300.jpeg 225w, https:\/\/www.visitsmaland.se\/wp-content\/uploads\/2025\/12\/wetransfer_image00001-jpeg_2025-12-10_1323_image00010-1152x1536.jpeg 1152w, https:\/\/www.visitsmaland.se\/wp-content\/uploads\/2025\/12\/wetransfer_image00001-jpeg_2025-12-10_1323_image00010-1536x2048.jpeg 1536w, https:\/\/www.visitsmaland.se\/wp-content\/uploads\/2025\/12\/wetransfer_image00001-jpeg_2025-12-10_1323_image00010-scaled.jpeg 1920w\" sizes=\"(max-width: 768px) 100vw, 768px\" \/><\/figure>\n<\/figure>\n\n\n<div class=\"dynamicContentTwoColumns dynamicContentTwoColumns__wrapper\">\n    <div class=\"dynamicContentTwoColumns dynamicContentTwoColumns__container\">\n                                    <h3 class=\"dynamicContentTwoColumns dynamicContentTwoColumns__heading\">\n                    First Camp Stens\u00f6 &#8211; Kalmar                <\/h3>\n                                                <div class=\"dynamicContentTwoColumns dynamicContentTwoColumns__text\">\n                    <p><p data-start=\"1351\" data-end=\"1464\">First Camp Stens\u00f6 i Kalmar ligger p\u00e5 en natursk\u00f8n og vindbeskyttet halv\u00f8 i Kalmarsund, t\u00e6t p\u00e5 smukke vandreruter.<\/p>\n<p data-start=\"1466\" data-end=\"1683\">Kun 3 km fra campingpladsen ligger bykernen Kvarnholmen med badesteder, butikker, caf\u00e9er, restauranter og Larmtorget. Til udflugter findes Sm\u00e5lands glasv\u00e6rker, Sl\u00f8jdlandet og det smukke \u00d8land med mange sev\u00e6rdigheder.<\/p>\n<p>\n                <\/div>\n                                                <div class=\"wp-block-buttons is-layout-flex wp-block-buttons-is-layout-flex\">\n                    <div class=\"wp-block-button\">\n                        <a aria-label=\"L\u00e6s mere \" class=\"wp-block-button__link wp-element-button dynamicContentTwoColumns dynamicContentTwoColumns__ctaButton\" href=\"https:\/\/firstcamp.se\/destinationer\/stenso-kalmar\">\n                            First Camp Stens\u00f6                        <\/a>\n                    <\/div>\n                <\/div>\n                                                <div class=\"dynamicContentTwoColumns dynamicContentTwoColumns__imageWrapper\">\n                    <img loading=\"lazy\" decoding=\"async\" width=\"500\" height=\"313\" src=\"https:\/\/www.visitsmaland.se\/wp-content\/uploads\/2025\/11\/20210202_Kalmar_slott_panorama_2_LowResolution96dpi65Quality.jpg\" class=\"attachment-500x500 size-500x500\" alt=\"\" srcset=\"https:\/\/www.visitsmaland.se\/wp-content\/uploads\/2025\/11\/20210202_Kalmar_slott_panorama_2_LowResolution96dpi65Quality.jpg 1500w, https:\/\/www.visitsmaland.se\/wp-content\/uploads\/2025\/11\/20210202_Kalmar_slott_panorama_2_LowResolution96dpi65Quality-300x188.jpg 300w, https:\/\/www.visitsmaland.se\/wp-content\/uploads\/2025\/11\/20210202_Kalmar_slott_panorama_2_LowResolution96dpi65Quality-1024x641.jpg 1024w, https:\/\/www.visitsmaland.se\/wp-content\/uploads\/2025\/11\/20210202_Kalmar_slott_panorama_2_LowResolution96dpi65Quality-768x481.jpg 768w\" sizes=\"(max-width: 500px) 100vw, 500px\" \/>                <\/div>\n                                                <h3 class=\"dynamicContentTwoColumns dynamicContentTwoColumns__heading\">\n                    First Camp Sj\u00f6stugan &#8211; \u00c4lmhult                <\/h3>\n                                                <div class=\"dynamicContentTwoColumns dynamicContentTwoColumns__text\">\n                    <p><p data-start=\"1749\" data-end=\"2003\">First Camp Sj\u00f6stugan i \u00c4lmhult er en naturn\u00e6r campingplads i Sm\u00e5land med rolig, afslappet atmosf\u00e6re, som holder \u00e5bent hele \u00e5ret rundt. Her kan du bo i hyggelige hytter, campere i naturen eller booke et hotelv\u00e6relse med s\u00f8udsigt \u2013 midt i de sm\u00e5landske skove ved glitrende vandoverflader.<\/p>\n<p data-start=\"2005\" data-end=\"2246\">Om vinteren venter oplevelser som g\u00e5ture langs snekl\u00e6dte stier, vinterfiskeri og p\u00e5 mildere dage afslapning i saunab\u00e5den. N\u00e5r du vil udforske omr\u00e5det, findes b\u00e5de kultur og sev\u00e6rdigheder som IKEA Museum samt lokale caf\u00e9er og naturoplevelser.<\/p>\n<p>\n                <\/div>\n                                                <div class=\"wp-block-buttons is-layout-flex wp-block-buttons-is-layout-flex\">\n                    <div class=\"wp-block-button\">\n                        <a aria-label=\"L\u00e6s mere \" class=\"wp-block-button__link wp-element-button dynamicContentTwoColumns dynamicContentTwoColumns__ctaButton\" href=\"https:\/\/firstcamp.se\/destinationer\/sjostugan-almhult\">\n                            First Camp Sj\u00f6stugan\u00a0                        <\/a>\n                    <\/div>\n                <\/div>\n                                                <h3 class=\"dynamicContentTwoColumns dynamicContentTwoColumns__heading\">\n                    First Camp Gunnars\u00f6 &#8211; Oskarshamn                <\/h3>\n                                                <div class=\"dynamicContentTwoColumns dynamicContentTwoColumns__text\">\n                    <p><p data-start=\"2317\" data-end=\"2541\">Campingomr\u00e5det i Oskarshamn ligger i et naturn\u00e6rt sk\u00e6rg\u00e5rdsmilj\u00f8 med udsigt over \u00d8sters\u00f8en. Her findes smukke vandreruter, og popul\u00e6re udflugtsm\u00e5l som Astrid Lindgrens Verden og <em>Glasriket<\/em> ligger inden for en overskuelig k\u00f8reafstand.<\/p>\n<p data-start=\"2543\" data-end=\"2785\">Hytterne holder \u00e5bent hele \u00e5ret, ogs\u00e5 n\u00e5r temperaturen falder. Camping- og autocamperpladserne er vinterlukkede. Camping bliver muligt igen, n\u00e5r for\u00e5ret vender tilbage, mens hytterne forts\u00e6tter med at v\u00e6re en \u00e5bent overnatningsmulighed hele \u00e5ret.<\/p>\n<p>\n                <\/div>\n                                                <div class=\"wp-block-buttons is-layout-flex wp-block-buttons-is-layout-flex\">\n                    <div class=\"wp-block-button\">\n                        <a aria-label=\"L\u00e6s mere \" class=\"wp-block-button__link wp-element-button dynamicContentTwoColumns dynamicContentTwoColumns__ctaButton\" href=\"https:\/\/firstcamp.se\/destinationer\/gunnarso-oskarshamn\">\n                            First Camp Gunnars\u00f6                        <\/a>\n                    <\/div>\n                <\/div>\n                                                <h3 class=\"dynamicContentTwoColumns dynamicContentTwoColumns__heading\">\n                    First Camp Gr\u00e4nna &#8211; V\u00e4ttern                <\/h3>\n                                                <div class=\"dynamicContentTwoColumns dynamicContentTwoColumns__text\">\n                    <p><p data-start=\"2850\" data-end=\"3093\">First Camp Gr\u00e4nna \u2013 V\u00e4ttern er en hel\u00e5rs\u00e5ben campingplads med over 400 pladser og en hytteby beliggende ved strandkanten i den kendte polkagrisby Gr\u00e4nna. Placeringen er central i havneomr\u00e5det, med kort g\u00e5afstand til den charmerende bykerne.<\/p>\n<p data-start=\"3095\" data-end=\"3281\">Stedet byder p\u00e5 oplevelser hele \u00e5ret \u2013 fra sommerens livlige havn og solrige stranddage til vinterens rolige atmosf\u00e6re, frostklare g\u00e5ture og hyggelige stunder i hytten eller campingvognen.<\/p>\n<p>\n                <\/div>\n                                                <div class=\"wp-block-buttons is-layout-flex wp-block-buttons-is-layout-flex\">\n                    <div class=\"wp-block-button\">\n                        <a aria-label=\"L\u00e6s mere \" class=\"wp-block-button__link wp-element-button dynamicContentTwoColumns dynamicContentTwoColumns__ctaButton\" href=\"https:\/\/firstcamp.se\/destinationer\/granna-vattern\">\n                            First Camp Gr\u00e4nna                        <\/a>\n                    <\/div>\n                <\/div>\n                        <\/div>\n<\/div>\n\n\n<div class=\"contentCta contentCta__wrapper\">\n    <div class=\"contentCta contentCta__container\">\n                        <h2 class=\"contentCta contentCta__heading\" style=\"color: \">\n                Find flere campingpladser i Sm\u00e5land            <\/h2>\n                        <hr>\n                <div class=\"contentCta contentCta__ctaWrapper\">\n            <div class=\"wp-block-buttons is-layout-flex wp-block-buttons-is-layout-flex\">\n                                                                                            <div class=\"wp-block-button \">\n                    <a aria-label=\"SCR Swedish Camping\" class=\"wp-block-button__link wp-element-button\" href=\"https:\/\/camping.se\/en\/camping\/smaland\" style=\"background-color: #fbbd51; color: \">\n                        SCR Swedish Camping                    <\/a>\n                <\/div>\n                                                                                                <div class=\"wp-block-button \">\n                    <a aria-label=\"Swecamp\" class=\"wp-block-button__link wp-element-button\" href=\"https:\/\/swecamp.se\/?_gl=1%2A1q5i5y2%2A_gcl_au%2AMTg1ODI1NDg5MS4xNzM0NjkxMDkw%2A_ga%2ANDg1ODY5NTYxLjE3MzQ2OTEwODI.%2A_ga_R27SGNMM2V%2AMTczNDY5MTA4MC4xLjEuMTczNDY5MTIxMC41NC4wLjE4NjQ0MDIwMTE.\" style=\"background-color: #fbbd51; color: \">\n                        Swecamp                    <\/a>\n                <\/div>\n                                                                                                <div class=\"wp-block-button \">\n                    <a aria-label=\"Flere campingpladser\" class=\"wp-block-button__link wp-element-button\" href=\"https:\/\/www.visitsmaland.se\/en\/discover\/camping\/\" style=\"background-color: #fbbd51; color: \">\n                        Flere campingpladser                    <\/a>\n                <\/div>\n                            <\/div>\n        <\/div>\n            <\/div>\n<\/div>\n\n\n  \n<div class=\"featuredTwoColumns featuredTwoColumns__wrapper\">\n    <div class=\"featuredTwoColumns featuredTwoColumns__container\">  \n            <div class=\"featuredTwoColumns featuredTwoColumns__feturedWrapper\">\n            <a aria-label=\"Vinteraktiviteter for b\u00f8rn i Sm\u00e5land\" href=\"https:\/\/www.visitsmaland.se\/dk\/opdag\/vinteraktiviteter-for-boern-i-smaaland\/\"class=\"featuredTwoColumns featuredTwoColumns__imageWrapper\">\n                <img loading=\"lazy\" decoding=\"async\" width=\"1024\" height=\"740\" src=\"https:\/\/www.visitsmaland.se\/wp-content\/uploads\/2025\/09\/rodel-1024x740.jpg\" class=\"attachment-grid-card-images size-grid-card-images wp-post-image\" alt=\"\" \/>            <\/a>\n            <div class=\"featuredTwoColumns featuredTwoColumns__contentWrapper\">\n                <h2 class=\"featuredTwoColumns featuredTwoColumns__heading\">\n                    Vinteraktiviteter for b\u00f8rn i Sm\u00e5land                <\/h2>\n                <p class=\"featuredTwoColumns featuredTwoColumns__description\">\n                    Vinteraktiviteter for b\u00f8rn i Sm\u00e5land og p\u00e5 \u00d6land. H\u2026                <\/p>\n                 \n                 \n                <div class=\"wp-block-buttons is-layout-flex wp-block-buttons-is-layout-flex\">\n                    <div class=\"wp-block-button \">\n                        <a aria-label=\"Vinteraktiviteter for b\u00f8rn i Sm\u00e5land\"class=\"wp-block-button__link wp-element-button\" href=\"https:\/\/www.visitsmaland.se\/dk\/opdag\/vinteraktiviteter-for-boern-i-smaaland\/\">\n                            Opdag                       \n                         <\/a>\n                    <\/div>\n                <\/div>\n            <\/div>\n        <\/div>\n                <div class=\"featuredTwoColumns featuredTwoColumns__feturedWrapper\">\n            <a aria-label=\"Vinter i Sm\u00e5land\" href=\"https:\/\/www.visitsmaland.se\/dk\/opdag\/vinter-i-smaland\/\"class=\"featuredTwoColumns featuredTwoColumns__imageWrapper\">\n                <img loading=\"lazy\" decoding=\"async\" width=\"1024\" height=\"740\" src=\"https:\/\/www.visitsmaland.se\/wp-content\/uploads\/2025\/08\/WEB_NY_FotografEmmaIvarsson_240110-53-1024x740.jpg\" class=\"attachment-grid-card-images size-grid-card-images wp-post-image\" alt=\"Par hos Trakt Forest Hotel i vintrig milj\u00f6.\" \/>            <\/a>\n            <div class=\"featuredTwoColumns featuredTwoColumns__contentWrapper\">\n                <h2 class=\"featuredTwoColumns featuredTwoColumns__heading\">\n                    Vinter i Sm\u00e5land                <\/h2>\n                <p class=\"featuredTwoColumns featuredTwoColumns__description\">\n                    Velkommen til at opleve vinteren i Sm\u00e5land og p\u00e5 \u00d8l\u2026                <\/p>\n                 \n                 \n                <div class=\"wp-block-buttons is-layout-flex wp-block-buttons-is-layout-flex\">\n                    <div class=\"wp-block-button \">\n                        <a aria-label=\"Vinter i Sm\u00e5land\"class=\"wp-block-button__link wp-element-button\" href=\"https:\/\/www.visitsmaland.se\/dk\/opdag\/vinter-i-smaland\/\">\n                            Opdag                       \n                         <\/a>\n                    <\/div>\n                <\/div>\n            <\/div>\n        <\/div>\n            <\/div>\n<\/div>\n","protected":false},"excerpt":{"rendered":"<p>Oplev vintercamping i Sm\u00e5land og p\u00e5 \u00d8land \u2013 stille skove, frostkl\u00e6dte landskaber og hyggelige hytter t\u00e6t p\u00e5 naturen. Oplev Sm\u00e5lands vinterperler \u00e5ret rundt.<\/p>\n","protected":false},"featured_media":80329,"parent":0,"menu_order":272,"template":"","tags":[],"land":[],"class_list":["post-80425","guide","type-guide","status-publish","has-post-thumbnail","hentry"],"acf":{"priority":""},"yoast_head":"<!-- This site is optimized with the Yoast SEO plugin v28.3 - https:\/\/yoast.com\/product\/yoast-seo-wordpress\/ -->\n<title>Vintercamping i Sm\u00e5land og p\u00e5 \u00d6land | Visit Sm\u00e5land<\/title>\n<meta name=\"description\" content=\"Oplev vintercamping i Sm\u00e5land og p\u00e5 \u00d8land \u2013 stille skove, frostkl\u00e6dte landskaber og hyggelige hytter t\u00e6t p\u00e5 naturen.\" \/>\n<meta name=\"robots\" content=\"index, follow, max-snippet:-1, max-image-preview:large, max-video-preview:-1\" \/>\n<link rel=\"canonical\" href=\"https:\/\/www.visitsmaland.se\/dk\/opdag\/vintercamping\/\" \/>\n<meta property=\"og:locale\" content=\"da_DK\" \/>\n<meta property=\"og:type\" content=\"article\" \/>\n<meta property=\"og:title\" content=\"Vintercamping i Sm\u00e5land og p\u00e5 \u00d6land | Visit Sm\u00e5land\" \/>\n<meta property=\"og:description\" content=\"Oplev vintercamping i Sm\u00e5land og p\u00e5 \u00d8land \u2013 stille skove, frostkl\u00e6dte landskaber og hyggelige hytter t\u00e6t p\u00e5 naturen.\" \/>\n<meta property=\"og:url\" content=\"https:\/\/www.visitsmaland.se\/dk\/opdag\/vintercamping\/\" \/>\n<meta property=\"og:site_name\" content=\"Visit Sm\u00e5land\" \/>\n<meta property=\"article:publisher\" content=\"https:\/\/www.facebook.com\/visitsmaland\/\" \/>\n<meta property=\"article:modified_time\" content=\"2026-02-18T18:55:06+00:00\" \/>\n<meta property=\"og:image\" content=\"https:\/\/www.visitsmaland.se\/wp-content\/uploads\/2025\/12\/vintercamping-scaled.jpg\" \/>\n\t<meta property=\"og:image:width\" content=\"2560\" \/>\n\t<meta property=\"og:image:height\" content=\"1920\" \/>\n\t<meta property=\"og:image:type\" content=\"image\/jpeg\" \/>\n<meta name=\"twitter:card\" content=\"summary_large_image\" \/>\n<meta name=\"twitter:label1\" content=\"Estimeret l\u00e6setid\" \/>\n\t<meta name=\"twitter:data1\" content=\"4 minutter\" \/>\n<script type=\"application\/ld+json\" class=\"yoast-schema-graph\">{\"@context\":\"https:\\\/\\\/schema.org\",\"@graph\":[{\"@type\":\"WebPage\",\"@id\":\"https:\\\/\\\/www.visitsmaland.se\\\/dk\\\/opdag\\\/vintercamping\\\/\",\"url\":\"https:\\\/\\\/www.visitsmaland.se\\\/dk\\\/opdag\\\/vintercamping\\\/\",\"name\":\"Vintercamping i Sm\u00e5land og p\u00e5 \u00d6land | Visit Sm\u00e5land\",\"isPartOf\":{\"@id\":\"https:\\\/\\\/www.visitsmaland.se\\\/dk\\\/#website\"},\"primaryImageOfPage\":{\"@id\":\"https:\\\/\\\/www.visitsmaland.se\\\/dk\\\/opdag\\\/vintercamping\\\/#primaryimage\"},\"image\":{\"@id\":\"https:\\\/\\\/www.visitsmaland.se\\\/dk\\\/opdag\\\/vintercamping\\\/#primaryimage\"},\"thumbnailUrl\":\"https:\\\/\\\/www.visitsmaland.se\\\/wp-content\\\/uploads\\\/2025\\\/12\\\/vintercamping-scaled.jpg\",\"datePublished\":\"2025-12-10T15:04:02+00:00\",\"dateModified\":\"2026-02-18T18:55:06+00:00\",\"description\":\"Oplev vintercamping i Sm\u00e5land og p\u00e5 \u00d8land \u2013 stille skove, frostkl\u00e6dte landskaber og hyggelige hytter t\u00e6t p\u00e5 naturen.\",\"breadcrumb\":{\"@id\":\"https:\\\/\\\/www.visitsmaland.se\\\/dk\\\/opdag\\\/vintercamping\\\/#breadcrumb\"},\"inLanguage\":\"da-DK\",\"potentialAction\":[{\"@type\":\"ReadAction\",\"target\":[\"https:\\\/\\\/www.visitsmaland.se\\\/dk\\\/opdag\\\/vintercamping\\\/\"]}]},{\"@type\":\"ImageObject\",\"inLanguage\":\"da-DK\",\"@id\":\"https:\\\/\\\/www.visitsmaland.se\\\/dk\\\/opdag\\\/vintercamping\\\/#primaryimage\",\"url\":\"https:\\\/\\\/www.visitsmaland.se\\\/wp-content\\\/uploads\\\/2025\\\/12\\\/vintercamping-scaled.jpg\",\"contentUrl\":\"https:\\\/\\\/www.visitsmaland.se\\\/wp-content\\\/uploads\\\/2025\\\/12\\\/vintercamping-scaled.jpg\",\"width\":2560,\"height\":1920},{\"@type\":\"BreadcrumbList\",\"@id\":\"https:\\\/\\\/www.visitsmaland.se\\\/dk\\\/opdag\\\/vintercamping\\\/#breadcrumb\",\"itemListElement\":[{\"@type\":\"ListItem\",\"position\":1,\"name\":\"Forside\",\"item\":\"https:\\\/\\\/www.visitsmaland.se\\\/dk\\\/\"},{\"@type\":\"ListItem\",\"position\":2,\"name\":\"Vintercamping\"}]},{\"@type\":\"WebSite\",\"@id\":\"https:\\\/\\\/www.visitsmaland.se\\\/dk\\\/#website\",\"url\":\"https:\\\/\\\/www.visitsmaland.se\\\/dk\\\/\",\"name\":\"Visit Sm\u00e5land\",\"description\":\"V\u00e4lkommen till Sm\u00e5land\",\"potentialAction\":[{\"@type\":\"SearchAction\",\"target\":{\"@type\":\"EntryPoint\",\"urlTemplate\":\"https:\\\/\\\/www.visitsmaland.se\\\/dk\\\/?s={search_term_string}\"},\"query-input\":{\"@type\":\"PropertyValueSpecification\",\"valueRequired\":true,\"valueName\":\"search_term_string\"}}],\"inLanguage\":\"da-DK\"}]}<\/script>\n<!-- \/ Yoast SEO plugin. -->","yoast_head_json":{"title":"Vintercamping i Sm\u00e5land og p\u00e5 \u00d6land | Visit Sm\u00e5land","description":"Oplev vintercamping i Sm\u00e5land og p\u00e5 \u00d8land \u2013 stille skove, frostkl\u00e6dte landskaber og hyggelige hytter t\u00e6t p\u00e5 naturen.","robots":{"index":"index","follow":"follow","max-snippet":"max-snippet:-1","max-image-preview":"max-image-preview:large","max-video-preview":"max-video-preview:-1"},"canonical":"https:\/\/www.visitsmaland.se\/dk\/opdag\/vintercamping\/","og_locale":"da_DK","og_type":"article","og_title":"Vintercamping i Sm\u00e5land og p\u00e5 \u00d6land | Visit Sm\u00e5land","og_description":"Oplev vintercamping i Sm\u00e5land og p\u00e5 \u00d8land \u2013 stille skove, frostkl\u00e6dte landskaber og hyggelige hytter t\u00e6t p\u00e5 naturen.","og_url":"https:\/\/www.visitsmaland.se\/dk\/opdag\/vintercamping\/","og_site_name":"Visit Sm\u00e5land","article_publisher":"https:\/\/www.facebook.com\/visitsmaland\/","article_modified_time":"2026-02-18T18:55:06+00:00","og_image":[{"width":2560,"height":1920,"url":"https:\/\/www.visitsmaland.se\/wp-content\/uploads\/2025\/12\/vintercamping-scaled.jpg","type":"image\/jpeg"}],"twitter_card":"summary_large_image","twitter_misc":{"Estimeret l\u00e6setid":"4 minutter"},"schema":{"@context":"https:\/\/schema.org","@graph":[{"@type":"WebPage","@id":"https:\/\/www.visitsmaland.se\/dk\/opdag\/vintercamping\/","url":"https:\/\/www.visitsmaland.se\/dk\/opdag\/vintercamping\/","name":"Vintercamping i Sm\u00e5land og p\u00e5 \u00d6land | Visit Sm\u00e5land","isPartOf":{"@id":"https:\/\/www.visitsmaland.se\/dk\/#website"},"primaryImageOfPage":{"@id":"https:\/\/www.visitsmaland.se\/dk\/opdag\/vintercamping\/#primaryimage"},"image":{"@id":"https:\/\/www.visitsmaland.se\/dk\/opdag\/vintercamping\/#primaryimage"},"thumbnailUrl":"https:\/\/www.visitsmaland.se\/wp-content\/uploads\/2025\/12\/vintercamping-scaled.jpg","datePublished":"2025-12-10T15:04:02+00:00","dateModified":"2026-02-18T18:55:06+00:00","description":"Oplev vintercamping i Sm\u00e5land og p\u00e5 \u00d8land \u2013 stille skove, frostkl\u00e6dte landskaber og hyggelige hytter t\u00e6t p\u00e5 naturen.","breadcrumb":{"@id":"https:\/\/www.visitsmaland.se\/dk\/opdag\/vintercamping\/#breadcrumb"},"inLanguage":"da-DK","potentialAction":[{"@type":"ReadAction","target":["https:\/\/www.visitsmaland.se\/dk\/opdag\/vintercamping\/"]}]},{"@type":"ImageObject","inLanguage":"da-DK","@id":"https:\/\/www.visitsmaland.se\/dk\/opdag\/vintercamping\/#primaryimage","url":"https:\/\/www.visitsmaland.se\/wp-content\/uploads\/2025\/12\/vintercamping-scaled.jpg","contentUrl":"https:\/\/www.visitsmaland.se\/wp-content\/uploads\/2025\/12\/vintercamping-scaled.jpg","width":2560,"height":1920},{"@type":"BreadcrumbList","@id":"https:\/\/www.visitsmaland.se\/dk\/opdag\/vintercamping\/#breadcrumb","itemListElement":[{"@type":"ListItem","position":1,"name":"Forside","item":"https:\/\/www.visitsmaland.se\/dk\/"},{"@type":"ListItem","position":2,"name":"Vintercamping"}]},{"@type":"WebSite","@id":"https:\/\/www.visitsmaland.se\/dk\/#website","url":"https:\/\/www.visitsmaland.se\/dk\/","name":"Visit Sm\u00e5land","description":"V\u00e4lkommen till Sm\u00e5land","potentialAction":[{"@type":"SearchAction","target":{"@type":"EntryPoint","urlTemplate":"https:\/\/www.visitsmaland.se\/dk\/?s={search_term_string}"},"query-input":{"@type":"PropertyValueSpecification","valueRequired":true,"valueName":"search_term_string"}}],"inLanguage":"da-DK"}]}},"_links":{"self":[{"href":"https:\/\/www.visitsmaland.se\/dk\/wp-json\/wp\/v2\/guide\/80425","targetHints":{"allow":["GET"]}}],"collection":[{"href":"https:\/\/www.visitsmaland.se\/dk\/wp-json\/wp\/v2\/guide"}],"about":[{"href":"https:\/\/www.visitsmaland.se\/dk\/wp-json\/wp\/v2\/types\/guide"}],"version-history":[{"count":5,"href":"https:\/\/www.visitsmaland.se\/dk\/wp-json\/wp\/v2\/guide\/80425\/revisions"}],"predecessor-version":[{"id":85455,"href":"https:\/\/www.visitsmaland.se\/dk\/wp-json\/wp\/v2\/guide\/80425\/revisions\/85455"}],"wp:featuredmedia":[{"embeddable":true,"href":"https:\/\/www.visitsmaland.se\/dk\/wp-json\/wp\/v2\/media\/80329"}],"wp:attachment":[{"href":"https:\/\/www.visitsmaland.se\/dk\/wp-json\/wp\/v2\/media?parent=80425"}],"wp:term":[{"taxonomy":"post_tag","embeddable":true,"href":"https:\/\/www.visitsmaland.se\/dk\/wp-json\/wp\/v2\/tags?post=80425"},{"taxonomy":"land","embeddable":true,"href":"https:\/\/www.visitsmaland.se\/dk\/wp-json\/wp\/v2\/land?post=80425"}],"curies":[{"name":"wp","href":"https:\/\/api.w.org\/{rel}","templated":true}]}}