{"id":81555,"date":"2024-04-09T12:56:24","date_gmt":"2024-04-09T10:56:24","guid":{"rendered":"https:\/\/www.visitsmaland.se\/upptack\/midsummer\/"},"modified":"2026-01-21T11:48:47","modified_gmt":"2026-01-21T10:48:47","slug":"midsommer-i-smaaland","status":"publish","type":"guide","link":"https:\/\/www.visitsmaland.se\/dk\/opdag\/midsommer-i-smaaland\/","title":{"rendered":"Midsommer i Sm\u00e5land"},"content":{"rendered":"<div class=\"postHerosection postHerosection__wrapper\">\n    <div class=\"postHerosection postHerosection__container\">\n        <h1 class=\"postHerosection postHerosection__heroHeading\">\n             Midsommer i Sm\u00e5land        <\/h1>\n            <\/div>\n    <div class=\"postHerosection postHerosection__imageContainer\">\n        <img loading=\"lazy\" decoding=\"async\" width=\"2560\" height=\"1703\" src=\"https:\/\/www.visitsmaland.se\/wp-content\/uploads\/2024\/04\/WhereSheGoes.nl-X-Midsommar-Smalandsgarden-3-scaled.jpg\" class=\"attachment-full size-full\" alt=\"\" srcset=\"https:\/\/www.visitsmaland.se\/wp-content\/uploads\/2024\/04\/WhereSheGoes.nl-X-Midsommar-Smalandsgarden-3-scaled.jpg 2560w, https:\/\/www.visitsmaland.se\/wp-content\/uploads\/2024\/04\/WhereSheGoes.nl-X-Midsommar-Smalandsgarden-3-300x200.jpg 300w, https:\/\/www.visitsmaland.se\/wp-content\/uploads\/2024\/04\/WhereSheGoes.nl-X-Midsommar-Smalandsgarden-3-1024x681.jpg 1024w, https:\/\/www.visitsmaland.se\/wp-content\/uploads\/2024\/04\/WhereSheGoes.nl-X-Midsommar-Smalandsgarden-3-768x511.jpg 768w, https:\/\/www.visitsmaland.se\/wp-content\/uploads\/2024\/04\/WhereSheGoes.nl-X-Midsommar-Smalandsgarden-3-1536x1022.jpg 1536w, https:\/\/www.visitsmaland.se\/wp-content\/uploads\/2024\/04\/WhereSheGoes.nl-X-Midsommar-Smalandsgarden-3-2048x1363.jpg 2048w\" sizes=\"(max-width: 2560px) 100vw, 2560px\" \/>    <\/div>\n<\/div>\n<div class=\"postHerosection postHerosection__breadcrumbs\">\n   <div class=\"postHerosection postHerosection__breadcrumbs-container\">\n        <p id=\"breadcrumbs\"><span><span><a href=\"https:\/\/www.visitsmaland.se\/dk\/\">Forside<\/a><\/span><\/span><\/p>    <\/div>\n<\/div>\n\n<div class=\"contentCta contentCta__wrapper\">\n    <div class=\"contentCta contentCta__container\">\n                    \t\t\t<div class=\"contentCta contentCta__text\" style=\"color: \">\n\t\t\t\t<p>Oplev midsommeren i Sm\u00e5land, hvor traditioner og natur m\u00f8des i en fejring af dans, blomster og god mad. Fejr \u00e5rets l\u00e6ngste dag med lokale sm\u00e5landske retter, blomsterkranse og dans omkring midsommerstangen. Nyd en af landets h\u00f8jst elskede traditioner \u2013 midsommerfejringen!<\/p>\n\t\t\t<\/div>\n                <hr>\n            <\/div>\n<\/div>\n\n\n<div class=\"dynamicContentTwoColumns dynamicContentTwoColumns__wrapper\">\n    <div class=\"dynamicContentTwoColumns dynamicContentTwoColumns__container\">\n                                    <h3 class=\"dynamicContentTwoColumns dynamicContentTwoColumns__heading\">\n                    Traditionel midsommerfejring                <\/h3>\n                                                <div class=\"dynamicContentTwoColumns dynamicContentTwoColumns__text\">\n                    <p><p>Midsommer fejres som \u00e5rets l\u00e6ngste dag, helst p\u00e5 landet, hvilket g\u00f8r Sm\u00e5land til det perfekte sted at nyde festlighederne. I n\u00e6sten hver landsby i Sm\u00e5land fejres midsommer, og uanset hvor du befinder dig, kan du forvente at finde en traditionel fejring fyldt med f\u00e6llesskab og samh\u00f8righed. Traditionen byder p\u00e5 dans, folkedragter og masser af latter, hvor h\u00f8jdepunktet er s\u00e6sonens delikatesser \u2013 blandt andet s\u00f8de jordb\u00e6r fra \u00e5rets f\u00f8rste h\u00f8st.<\/p>\n<p>\n                <\/div>\n                                                <div class=\"dynamicContentTwoColumns dynamicContentTwoColumns__text\">\n                    <p><p>N\u00e5r Sm\u00e5lands imponerende natur st\u00e5r i fuld flor, indtager midsommerstangen scenen. Den pyntes med blomster fra engen, hvor den st\u00e5r, og blade fra de n\u00e6rliggende skove. Rundt om midsommerstangen samles b\u00e5de unge og gamle for at danse og synge traditionelle kredsdanse. For at knytte b\u00e5nd til Sm\u00e5lands kulturarv kl\u00e6der nogle sig i folkedragter, mens andre b\u00e6rer traditionelle midsommerkranse.<\/p>\n<p>\n                <\/div>\n                                                <div class=\"dynamicContentTwoColumns dynamicContentTwoColumns__imageWrapper\">\n                    <img loading=\"lazy\" decoding=\"async\" width=\"500\" height=\"333\" src=\"https:\/\/www.visitsmaland.se\/wp-content\/uploads\/2024\/04\/ALEX7994-2-scaled.jpg\" class=\"attachment-500x500 size-500x500\" alt=\"\" srcset=\"https:\/\/www.visitsmaland.se\/wp-content\/uploads\/2024\/04\/ALEX7994-2-scaled.jpg 2560w, https:\/\/www.visitsmaland.se\/wp-content\/uploads\/2024\/04\/ALEX7994-2-300x200.jpg 300w, https:\/\/www.visitsmaland.se\/wp-content\/uploads\/2024\/04\/ALEX7994-2-1024x683.jpg 1024w, https:\/\/www.visitsmaland.se\/wp-content\/uploads\/2024\/04\/ALEX7994-2-768x512.jpg 768w, https:\/\/www.visitsmaland.se\/wp-content\/uploads\/2024\/04\/ALEX7994-2-1536x1024.jpg 1536w, https:\/\/www.visitsmaland.se\/wp-content\/uploads\/2024\/04\/ALEX7994-2-2048x1365.jpg 2048w\" sizes=\"(max-width: 500px) 100vw, 500px\" \/>                <\/div>\n                                                <div class=\"dynamicContentTwoColumns dynamicContentTwoColumns__text\">\n                    <p><p>Efter dansen er det tid til at nyde Sm\u00e5lands s\u00e6sonbetonede delikatesser. Et festligt m\u00e5ltid med lokalt producerede l\u00e6kkerier som kogte nye kartofler serveret med frisk purl\u00f8g og cremefraiche. Fisk fra Kalmarsund samt k\u00f8d, \u00e6g og ost fra lokale producenter er blot nogle af de mange sm\u00e5landske specialiteter p\u00e5 bordet. K\u00f8dboller er en anden klassisk midsommerret, ofte lavet fra bunden med lokalt produceret k\u00f8d.<\/p>\n<p>\n                <\/div>\n                                                <div class=\"dynamicContentTwoColumns dynamicContentTwoColumns__imageWrapper\">\n                    <img loading=\"lazy\" decoding=\"async\" width=\"500\" height=\"333\" src=\"https:\/\/www.visitsmaland.se\/wp-content\/uploads\/2024\/04\/Midsommar_2600-2-scaled.jpg\" class=\"attachment-500x500 size-500x500\" alt=\"\" srcset=\"https:\/\/www.visitsmaland.se\/wp-content\/uploads\/2024\/04\/Midsommar_2600-2-scaled.jpg 2560w, https:\/\/www.visitsmaland.se\/wp-content\/uploads\/2024\/04\/Midsommar_2600-2-300x200.jpg 300w, https:\/\/www.visitsmaland.se\/wp-content\/uploads\/2024\/04\/Midsommar_2600-2-1024x682.jpg 1024w, https:\/\/www.visitsmaland.se\/wp-content\/uploads\/2024\/04\/Midsommar_2600-2-768x511.jpg 768w, https:\/\/www.visitsmaland.se\/wp-content\/uploads\/2024\/04\/Midsommar_2600-2-1536x1022.jpg 1536w, https:\/\/www.visitsmaland.se\/wp-content\/uploads\/2024\/04\/Midsommar_2600-2-2048x1363.jpg 2048w\" sizes=\"(max-width: 500px) 100vw, 500px\" \/>                <\/div>\n                                                <div class=\"dynamicContentTwoColumns dynamicContentTwoColumns__text\">\n                    <p><p>Og mellem de syltede sild og det hjemmebagte kn\u00e6kbr\u00f8d synges snapsesange. Nyd en h\u00e5ndlavet drik fra Sm\u00e5lands producenter \u2013 v\u00e6lg mellem \u00f8l, snaps og forfriskende \u00e6blecider. Som afslutning p\u00e5 m\u00e5ltidet serveres sommerens f\u00f8rste jordb\u00e6r med fl\u00f8de eller i en jordb\u00e6rt\u00e6rte.<\/p>\n<p>\n                <\/div>\n                                                <div class=\"dynamicContentTwoColumns dynamicContentTwoColumns__text\">\n                    <p><p>Midsommer bliver ikke mere idyllisk end i Sm\u00e5land med sine pittoreske r\u00f8de huse med hvide detaljer, storsl\u00e5et natur og vidunderlig mad.<\/p>\n<p>\n                <\/div>\n                                                <div class=\"dynamicContentTwoColumns dynamicContentTwoColumns__imageWrapper\">\n                    <img loading=\"lazy\" decoding=\"async\" width=\"500\" height=\"333\" src=\"https:\/\/www.visitsmaland.se\/wp-content\/uploads\/2024\/04\/Smaland_8806-1-scaled.jpg\" class=\"attachment-500x500 size-500x500\" alt=\"\" srcset=\"https:\/\/www.visitsmaland.se\/wp-content\/uploads\/2024\/04\/Smaland_8806-1-scaled.jpg 2560w, https:\/\/www.visitsmaland.se\/wp-content\/uploads\/2024\/04\/Smaland_8806-1-300x200.jpg 300w, https:\/\/www.visitsmaland.se\/wp-content\/uploads\/2024\/04\/Smaland_8806-1-1024x682.jpg 1024w, https:\/\/www.visitsmaland.se\/wp-content\/uploads\/2024\/04\/Smaland_8806-1-768x511.jpg 768w, https:\/\/www.visitsmaland.se\/wp-content\/uploads\/2024\/04\/Smaland_8806-1-1536x1022.jpg 1536w, https:\/\/www.visitsmaland.se\/wp-content\/uploads\/2024\/04\/Smaland_8806-1-2048x1363.jpg 2048w\" sizes=\"(max-width: 500px) 100vw, 500px\" \/>                <\/div>\n                        <\/div>\n<\/div>\n\n\n<div class=\"contentImageTwoColumns contentImageTwoColumns__wrapper\" style=\"background-color: #f4f2eb\">\n    <div class=\"contentImageTwoColumns contentImageTwoColumns__container layout-reversed\">\n        <div class=\"contentImageTwoColumns contentImageTwoColumns__contentWrapper\">\n            <h2 class=\"contentImageTwoColumns contentImageTwoColumns__heading\" style=\"color: \">\n                Jordb\u00e6rkage            <\/h2>\n            <div class=\"contentImageTwoColumns contentImageTwoColumns__text contentImageTwoColumns__text--short\" style=\"color: \">\n                                    <p>Jordb\u00e6rkagen er en klassisk del af midsommerfejringen i Sm\u00e5land. Med friske jordb\u00e6r, fl\u00f8deskum og en bund af lagkage er den b\u00e5de enkel og festlig \u2013 perfekt til at fejre \u00e5rets lyseste dag. Efter dan&#8230;                    <button type=\"button\" class=\"contentImageTwoColumns contentImageTwoColumns__readMoreLess\">\n                        L\u00e6s mere +                    <\/button>\n                            <\/div>\n            <div class=\"contentImageTwoColumns contentImageTwoColumns__text contentImageTwoColumns__text--full\" style=\"color: \">\n                <p>Jordb\u00e6rkagen er en klassisk del af midsommerfejringen i Sm\u00e5land. Med friske jordb\u00e6r, fl\u00f8deskum og en bund af lagkage er den b\u00e5de enkel og festlig \u2013 perfekt til at fejre \u00e5rets lyseste dag. Efter dansen omkring midsommerstangen samles familie og venner for at nyde dette s\u00f8de symbol p\u00e5 sommerens begyndelse.<\/p>\n                <button type=\"button\" class=\"contentImageTwoColumns contentImageTwoColumns__readMoreLess\">\n                    L\u00e6s mindre &#8211;                <\/button>\n            <\/div>\n                        <div class=\"wp-block-buttons is-layout-flex wp-block-buttons-is-layout-flex\">\n                <div class=\"wp-block-button arrow-white\">\n                    <a aria-label=\"Sm\u00e5landsk mad\" class=\"wp-block-button__link wp-element-button\" href=\"https:\/\/www.visitsmaland.se\/dk\/opdag\/smaaland-smage\/\" style=\"background-color: #374632; color: #ffffff;border: solid 1px #374632\">\n                        Sm\u00e5landsk mad                    <\/a>\n                <\/div>\n            <\/div>\n                                <\/div>\n        <div class=\"contentImageTwoColumns contentImageTwoColumns__imageWrapper\">\n            <img loading=\"lazy\" decoding=\"async\" width=\"1024\" height=\"740\" src=\"https:\/\/www.visitsmaland.se\/wp-content\/uploads\/2024\/04\/WhereSheGoes.nl-Bauergarden-3-1024x740.jpg\" class=\"attachment-grid-card-images size-grid-card-images\" alt=\"\" \/>        <\/div>\n    <\/div>\n<\/div>\n\n\n<div class=\"contentImageTwoColumns contentImageTwoColumns__wrapper\" style=\"background-color: #374632\">\n    <div class=\"contentImageTwoColumns contentImageTwoColumns__container \">\n        <div class=\"contentImageTwoColumns contentImageTwoColumns__contentWrapper\">\n            <h2 class=\"contentImageTwoColumns contentImageTwoColumns__heading\" style=\"color: #ffffff\">\n                \u00d8land midsommer            <\/h2>\n            <div class=\"contentImageTwoColumns contentImageTwoColumns__text contentImageTwoColumns__text--short\" style=\"color: #ffffff\">\n                                    <p>\u00d8land er et magisk sted at fejre den vidunderlige midsommer. Rundt omkring p\u00e5 \u00f8en findes der flere forskellige midsommerfejringer. Oplev midsommeren p\u00e5 \u00d8land!<\/p>\n                            <\/div>\n            <div class=\"contentImageTwoColumns contentImageTwoColumns__text contentImageTwoColumns__text--full\" style=\"color: #ffffff\">\n                <p>\u00d8land er et magisk sted at fejre den vidunderlige midsommer. Rundt omkring p\u00e5 \u00f8en findes der flere forskellige midsommerfejringer. Oplev midsommeren p\u00e5 \u00d8land!<\/p>\n                <button type=\"button\" class=\"contentImageTwoColumns contentImageTwoColumns__readMoreLess\">\n                    L\u00e6s mindre &#8211;                <\/button>\n            <\/div>\n                        <div class=\"wp-block-buttons is-layout-flex wp-block-buttons-is-layout-flex\">\n                <div class=\"wp-block-button \">\n                    <a aria-label=\"oland.se\/midsummer\" class=\"wp-block-button__link wp-element-button\" href=\"https:\/\/en.oland.se\/midsommar\" style=\"background-color: #f4f2eb; color: #000000;border: solid 1px #f4f2eb\">\n                        oland.se\/midsummer                    <\/a>\n                <\/div>\n            <\/div>\n                                <\/div>\n        <div class=\"contentImageTwoColumns contentImageTwoColumns__imageWrapper\">\n            <img loading=\"lazy\" decoding=\"async\" width=\"1024\" height=\"740\" src=\"https:\/\/www.visitsmaland.se\/wp-content\/uploads\/2024\/04\/oland-borgholm-alexander-hall-2024-OlandCo-ALEX2064-1024x740.jpg\" class=\"attachment-grid-card-images size-grid-card-images\" alt=\"\" \/>        <\/div>\n    <\/div>\n<\/div>\n\n\n<div class=\"articleGrid articleGrid__wrapper\">\n    <div class=\"articleGrid articleGrid__container\">\n                \n            <\/div>\n<\/div>\n\n<div class=\"dynamicContentTwoColumns dynamicContentTwoColumns__wrapper\">\n    <div class=\"dynamicContentTwoColumns dynamicContentTwoColumns__container\">\n                                    <h3 class=\"dynamicContentTwoColumns dynamicContentTwoColumns__heading\">\n                    Sang og dans                <\/h3>\n                                                <div class=\"dynamicContentTwoColumns dynamicContentTwoColumns__text\">\n                    <p><p>Sang og dans omkring midsommerstangen er en central del af midsommerfejringen i Sm\u00e5land og resten af Sverige. Midsommerstangen, pyntet med blade og blomster, er midsommerens ikon og samlingspunkt. Selve rejsningen af stangen kan v\u00e6re en fest i sig selv, hvor b\u00e5de lokale og bes\u00f8gende hj\u00e6lper til, mens traditionel musik spiller. N\u00e5r stangen er p\u00e5 plads, dannes der kredse af glade deltagere, som danser og synger sammen. Sangene er ofte legende og humoristiske og ledes af en musiker med violin eller harmonika. Klassikere som \u201cSm\u00e5 grodorna\u201d og \u201cR\u00e4ven raskar \u00f6ver isen\u201d f\u00e5r b\u00e5de b\u00f8rn og voksne til at hoppe, springe og lege omkring stangen. Ud over dansen arrangeres der nogle steder folkedansopvisninger og f\u00e6llessang for at styrke stemningen.<\/p>\n<p>\n                <\/div>\n                                                <div class=\"dynamicContentTwoColumns dynamicContentTwoColumns__imageWrapper\">\n                    <img loading=\"lazy\" decoding=\"async\" width=\"500\" height=\"333\" src=\"https:\/\/www.visitsmaland.se\/wp-content\/uploads\/2024\/04\/WhereSheGoes.nl-X-Midsommar-Smalandsgarden-4-scaled.jpg\" class=\"attachment-500x500 size-500x500\" alt=\"\" srcset=\"https:\/\/www.visitsmaland.se\/wp-content\/uploads\/2024\/04\/WhereSheGoes.nl-X-Midsommar-Smalandsgarden-4-scaled.jpg 2560w, https:\/\/www.visitsmaland.se\/wp-content\/uploads\/2024\/04\/WhereSheGoes.nl-X-Midsommar-Smalandsgarden-4-300x200.jpg 300w, https:\/\/www.visitsmaland.se\/wp-content\/uploads\/2024\/04\/WhereSheGoes.nl-X-Midsommar-Smalandsgarden-4-1024x681.jpg 1024w, https:\/\/www.visitsmaland.se\/wp-content\/uploads\/2024\/04\/WhereSheGoes.nl-X-Midsommar-Smalandsgarden-4-768x511.jpg 768w, https:\/\/www.visitsmaland.se\/wp-content\/uploads\/2024\/04\/WhereSheGoes.nl-X-Midsommar-Smalandsgarden-4-1536x1022.jpg 1536w, https:\/\/www.visitsmaland.se\/wp-content\/uploads\/2024\/04\/WhereSheGoes.nl-X-Midsommar-Smalandsgarden-4-2048x1363.jpg 2048w\" sizes=\"(max-width: 500px) 100vw, 500px\" \/>                <\/div>\n                                                <div class=\"dynamicContentTwoColumns dynamicContentTwoColumns__imageWrapper\">\n                    <img loading=\"lazy\" decoding=\"async\" width=\"500\" height=\"333\" src=\"https:\/\/www.visitsmaland.se\/wp-content\/uploads\/2024\/04\/WhereSheGoes.nl-X-Midsommar-Smalandsgarden-2-scaled.jpg\" class=\"attachment-500x500 size-500x500\" alt=\"\" srcset=\"https:\/\/www.visitsmaland.se\/wp-content\/uploads\/2024\/04\/WhereSheGoes.nl-X-Midsommar-Smalandsgarden-2-scaled.jpg 2560w, https:\/\/www.visitsmaland.se\/wp-content\/uploads\/2024\/04\/WhereSheGoes.nl-X-Midsommar-Smalandsgarden-2-300x200.jpg 300w, https:\/\/www.visitsmaland.se\/wp-content\/uploads\/2024\/04\/WhereSheGoes.nl-X-Midsommar-Smalandsgarden-2-1024x683.jpg 1024w, https:\/\/www.visitsmaland.se\/wp-content\/uploads\/2024\/04\/WhereSheGoes.nl-X-Midsommar-Smalandsgarden-2-768x512.jpg 768w, https:\/\/www.visitsmaland.se\/wp-content\/uploads\/2024\/04\/WhereSheGoes.nl-X-Midsommar-Smalandsgarden-2-1536x1024.jpg 1536w, https:\/\/www.visitsmaland.se\/wp-content\/uploads\/2024\/04\/WhereSheGoes.nl-X-Midsommar-Smalandsgarden-2-2048x1366.jpg 2048w\" sizes=\"(max-width: 500px) 100vw, 500px\" \/>                <\/div>\n                                                <h3 class=\"dynamicContentTwoColumns dynamicContentTwoColumns__heading\">\n                    Traditionelle lege og aktiviteter                <\/h3>\n                                                <div class=\"dynamicContentTwoColumns dynamicContentTwoColumns__text\">\n                    <p><p>Midsommerlege som kongespil og femkamp er klassiske indslag ved mange midsommerfester. I favoritten femkampen dyster deltagerne i forskellige discipliner. Traditionelle lege som s\u00e6kkel\u00f8b og hesteskokast kan for eksempel indg\u00e5. Disse sjove aktiviteter skaber en fantastisk stemning og passer perfekt til alle aldre \u2013 ideelt til en glad og festlig midsommerfejring.<\/p>\n<p>\n                <\/div>\n                        <\/div>\n<\/div>\n\n\n<div class=\"articleGrid articleGrid__wrapper\">\n    <div class=\"articleGrid articleGrid__container\">\n                \n            <\/div>\n<\/div>\n\n<div class=\"contentImageTwoColumns contentImageTwoColumns__wrapper\" style=\"background-color: #f4f2eb\">\n    <div class=\"contentImageTwoColumns contentImageTwoColumns__container layout-reversed\">\n        <div class=\"contentImageTwoColumns contentImageTwoColumns__contentWrapper\">\n            <h2 class=\"contentImageTwoColumns contentImageTwoColumns__heading\" style=\"color: #000000\">\n                Midsommer i sk\u00e6rg\u00e5rden            <\/h2>\n            <div class=\"contentImageTwoColumns contentImageTwoColumns__text contentImageTwoColumns__text--short\" style=\"color: #000000\">\n                                    <p>Fejr midsommer i den smukke V\u00e4stervik-sk\u00e6rg\u00e5rd! Book en midsommerudflugt til Hassel\u00f6 og oplev den idylliske natur, den friske havbrise og den fredfyldte stemning. Tag sk\u00e6rg\u00e5rdsb\u00e5den fra V\u00e4stervik e&#8230;                    <button type=\"button\" class=\"contentImageTwoColumns contentImageTwoColumns__readMoreLess\">\n                        L\u00e6s mere +                    <\/button>\n                            <\/div>\n            <div class=\"contentImageTwoColumns contentImageTwoColumns__text contentImageTwoColumns__text--full\" style=\"color: #000000\">\n                <p>Fejr midsommer i den smukke V\u00e4stervik-sk\u00e6rg\u00e5rd! Book en midsommerudflugt til Hassel\u00f6 og oplev den idylliske natur, den friske havbrise og den fredfyldte stemning. Tag sk\u00e6rg\u00e5rdsb\u00e5den fra V\u00e4stervik eller Loftahammar og nyd den natursk\u00f8nne sejltur. Udforsk \u00f8en p\u00e5 cykel og oplev landskabet i fuldt flor. Afslut dagen med en dejlig midsommerfrokost p\u00e5 Restaurang Sj\u00f6kanten, Hagasl\u00e4tts bageri eller Caf\u00e9 Sandkornet, hvor lokale specialiteter og hjemmebagte l\u00e6kkerier venter. En perfekt midsommerdag i sk\u00e6rg\u00e5rden!<\/p>\n                <button type=\"button\" class=\"contentImageTwoColumns contentImageTwoColumns__readMoreLess\">\n                    L\u00e6s mindre &#8211;                <\/button>\n            <\/div>\n                        <div class=\"wp-block-buttons is-layout-flex wp-block-buttons-is-layout-flex\">\n                <div class=\"wp-block-button arrow-white\">\n                    <a aria-label=\"Vil du vide mere?\" class=\"wp-block-button__link wp-element-button\" href=\"https:\/\/www.hasselo.com\/se-gora\/evenemang\/midsommar-pa-hasselo\/\" style=\"background-color: #374632; color: #ffffff;border: solid 1px #374632\">\n                        Vil du vide mere?                    <\/a>\n                <\/div>\n            <\/div>\n                                <\/div>\n        <div class=\"contentImageTwoColumns contentImageTwoColumns__imageWrapper\">\n            <img loading=\"lazy\" decoding=\"async\" width=\"1024\" height=\"740\" src=\"https:\/\/www.visitsmaland.se\/wp-content\/uploads\/2024\/04\/Hasselo-foto-Nathalie-Chavez-1-1-1024x740.jpg\" class=\"attachment-grid-card-images size-grid-card-images\" alt=\"\" \/>        <\/div>\n    <\/div>\n<\/div>\n\n\n<div class=\"contentImageTwoColumns contentImageTwoColumns__wrapper\" style=\"background-color: #ffffff\">\n    <div class=\"contentImageTwoColumns contentImageTwoColumns__container \">\n        <div class=\"contentImageTwoColumns contentImageTwoColumns__contentWrapper\">\n            <h2 class=\"contentImageTwoColumns contentImageTwoColumns__heading\" style=\"color: #000000\">\n                Sild og snaps            <\/h2>\n            <div class=\"contentImageTwoColumns contentImageTwoColumns__text contentImageTwoColumns__text--short\" style=\"color: #000000\">\n                                    <p>Sild og snaps er en uundv\u00e6rlig del af midsommerfejringen i Sm\u00e5land. Klassiske marinerede sild som sennepssild og l\u00f8gsild serveres med nye kartofler, dild og cremefraiche \u2013 en smag af sommerens anko&#8230;                    <button type=\"button\" class=\"contentImageTwoColumns contentImageTwoColumns__readMoreLess\">\n                        L\u00e6s mere +                    <\/button>\n                            <\/div>\n            <div class=\"contentImageTwoColumns contentImageTwoColumns__text contentImageTwoColumns__text--full\" style=\"color: #000000\">\n                <p>Sild og snaps er en uundv\u00e6rlig del af midsommerfejringen i Sm\u00e5land. Klassiske marinerede sild som sennepssild og l\u00f8gsild serveres med nye kartofler, dild og cremefraiche \u2013 en smag af sommerens ankomst.<br data-start=\"267\" data-end=\"270\" \/>Snaps er den traditionelle drik. Den krydres ofte som vi ogs\u00e5 kender den, med ingredienser som dild eller hyldeblomst og nydes sammen med snapsesange, der f\u00e5r alle ved bordet til at synge med. For dem, der foretr\u00e6kker andre drikke, findes der lokalt produceret \u00e6blecider og h\u00e5ndv\u00e6rks\u00f8l som alternativer. Med sild og snaps p\u00e5 bordet er midsommerfejringen fuldendt \u2013 en hyldest til b\u00e5de tradition og f\u00e6llesskab.<\/p>\n                <button type=\"button\" class=\"contentImageTwoColumns contentImageTwoColumns__readMoreLess\">\n                    L\u00e6s mindre &#8211;                <\/button>\n            <\/div>\n                        <div class=\"wp-block-buttons is-layout-flex wp-block-buttons-is-layout-flex\">\n                <div class=\"wp-block-button \">\n                    <a aria-label=\"Sm\u00e5landske drikke\" class=\"wp-block-button__link wp-element-button\" href=\"https:\/\/www.visitsmaland.se\/dk\/opdag\/drikkevarer-fra-smaaland\/\" style=\"background-color: #fbbd51; color: #000000;border: solid 1px #fbbd51\">\n                        Sm\u00e5landske drikke                    <\/a>\n                <\/div>\n            <\/div>\n                                <\/div>\n        <div class=\"contentImageTwoColumns contentImageTwoColumns__imageWrapper\">\n            <img loading=\"lazy\" decoding=\"async\" width=\"1024\" height=\"740\" src=\"https:\/\/www.visitsmaland.se\/wp-content\/uploads\/2024\/04\/Midsommar_2324-1024x740.jpg\" class=\"attachment-grid-card-images size-grid-card-images\" alt=\"\" \/>        <\/div>\n    <\/div>\n<\/div>\n\n\n<div class=\"contentImageTwoColumns contentImageTwoColumns__wrapper\" style=\"background-color: #374632\">\n    <div class=\"contentImageTwoColumns contentImageTwoColumns__container layout-reversed\">\n        <div class=\"contentImageTwoColumns contentImageTwoColumns__contentWrapper\">\n            <h2 class=\"contentImageTwoColumns contentImageTwoColumns__heading\" style=\"color: #ffffff\">\n                Syv slags blomster            <\/h2>\n            <div class=\"contentImageTwoColumns contentImageTwoColumns__text contentImageTwoColumns__text--short\" style=\"color: #ffffff\">\n                                    <p>Ligesom b\u00f8rnene i Bullerbyn kan du p\u00e5 midsommernatten opdage k\u00e6rlighedens fremtid ved at plukke syv forskellige slags blomster. En gammel tradition siger, at hvis du samler blomsterne i stilhed og &#8230;                    <button type=\"button\" class=\"contentImageTwoColumns contentImageTwoColumns__readMoreLess\">\n                        L\u00e6s mere +                    <\/button>\n                            <\/div>\n            <div class=\"contentImageTwoColumns contentImageTwoColumns__text contentImageTwoColumns__text--full\" style=\"color: #ffffff\">\n                <p>Ligesom b\u00f8rnene i Bullerbyn kan du p\u00e5 midsommernatten opdage k\u00e6rlighedens fremtid ved at plukke syv forskellige slags blomster. En gammel tradition siger, at hvis du samler blomsterne i stilhed og l\u00e6gger dem under din pude, vil du dr\u00f8mme om din kommende partner. For at skabe den rette magiske stemning skal du s\u00f8rge for at klatre over et hegn mellem hver blomst \u2013 et symbol p\u00e5 at krydse gr\u00e6nsen mellem den almindelige verden og det overnaturlige. Midsommer har altid v\u00e6ret en tid for magi, sk\u00e6bne og k\u00e6rlighed, og ved at f\u00f8lge denne tradition kan du m\u00e5ske f\u00e5 et glimt af, hvad fremtiden bringer.<\/p>\n                <button type=\"button\" class=\"contentImageTwoColumns contentImageTwoColumns__readMoreLess\">\n                    L\u00e6s mindre &#8211;                <\/button>\n            <\/div>\n                        <div class=\"wp-block-buttons is-layout-flex wp-block-buttons-is-layout-flex\">\n                <div class=\"wp-block-button \">\n                    <a aria-label=\"L\u00e6s mere om Bullerbyn\" class=\"wp-block-button__link wp-element-button\" href=\"https:\/\/www.astridsbullerbyn.se\/\" style=\"background-color: #f4f2eb; color: #000000;border: solid 1px #f4f2eb\">\n                        L\u00e6s mere om Bullerbyn                    <\/a>\n                <\/div>\n            <\/div>\n                                <\/div>\n        <div class=\"contentImageTwoColumns contentImageTwoColumns__imageWrapper\">\n            <img loading=\"lazy\" decoding=\"async\" width=\"1024\" height=\"740\" src=\"https:\/\/www.visitsmaland.se\/wp-content\/uploads\/2024\/04\/Blommor-8-1024x740.jpg\" class=\"attachment-grid-card-images size-grid-card-images\" alt=\"\" \/>        <\/div>\n    <\/div>\n<\/div>\n\n\n<div class=\"contentImageTwoColumns contentImageTwoColumns__wrapper\" style=\"background-color: #f4f2eb\">\n    <div class=\"contentImageTwoColumns contentImageTwoColumns__container \">\n        <div class=\"contentImageTwoColumns contentImageTwoColumns__contentWrapper\">\n            <h2 class=\"contentImageTwoColumns contentImageTwoColumns__heading\" style=\"color: #000000\">\n                 Sm\u00e5landsg\u00e5rden            <\/h2>\n            <div class=\"contentImageTwoColumns contentImageTwoColumns__text contentImageTwoColumns__text--short\" style=\"color: #000000\">\n                                    <p>Sm\u00e5landsg\u00e5rden er et idyllisk sted ved s\u00f8en \u00d6ren, perfekt til at fejre midsommer. Her kan du deltage i traditionelle midsommeraktiviteter som dans omkring midsommerstangen, lokale delikatesser og o&#8230;                    <button type=\"button\" class=\"contentImageTwoColumns contentImageTwoColumns__readMoreLess\">\n                        L\u00e6s mere +                    <\/button>\n                            <\/div>\n            <div class=\"contentImageTwoColumns contentImageTwoColumns__text contentImageTwoColumns__text--full\" style=\"color: #000000\">\n                <p>Sm\u00e5landsg\u00e5rden er et idyllisk sted ved s\u00f8en \u00d6ren, perfekt til at fejre midsommer. Her kan du deltage i traditionelle midsommeraktiviteter som dans omkring midsommerstangen, lokale delikatesser og opleve den fredfyldte stemning. Omr\u00e5det er smukt omgivet af natur og tilbyder b\u00e5de hytter og v\u00e6relser til en afslappende midsommeroplevelse.<\/p>\n                <button type=\"button\" class=\"contentImageTwoColumns contentImageTwoColumns__readMoreLess\">\n                    L\u00e6s mindre &#8211;                <\/button>\n            <\/div>\n                        <div class=\"wp-block-buttons is-layout-flex wp-block-buttons-is-layout-flex\">\n                <div class=\"wp-block-button arrow-white\">\n                    <a aria-label=\"Bes\u00f8g Sm\u00e5landsg\u00e5rden\" class=\"wp-block-button__link wp-element-button\" href=\"https:\/\/www.smalandsgarden.com\/\" style=\"background-color: #374632; color: #ffffff;border: solid 1px #374632\">\n                        Bes\u00f8g Sm\u00e5landsg\u00e5rden                    <\/a>\n                <\/div>\n            <\/div>\n                                <\/div>\n        <div class=\"contentImageTwoColumns contentImageTwoColumns__imageWrapper\">\n            <img loading=\"lazy\" decoding=\"async\" width=\"1024\" height=\"740\" src=\"https:\/\/www.visitsmaland.se\/wp-content\/uploads\/2024\/04\/WhereSheGoes.nl-Smalandsgarden-4-1024x740.jpg\" class=\"attachment-grid-card-images size-grid-card-images\" alt=\"\" \/>        <\/div>\n    <\/div>\n<\/div>\n\n\n<div class=\"articleGrid articleGrid__wrapper\">\n    <div class=\"articleGrid articleGrid__container\">\n                \n            <\/div>\n<\/div>\n\n<div class=\"dynamicContentTwoColumns dynamicContentTwoColumns__wrapper\">\n    <div class=\"dynamicContentTwoColumns dynamicContentTwoColumns__container\">\n                                    <div class=\"dynamicContentTwoColumns dynamicContentTwoColumns__imageWrapper\">\n                    <img loading=\"lazy\" decoding=\"async\" width=\"500\" height=\"334\" src=\"https:\/\/www.visitsmaland.se\/wp-content\/uploads\/2024\/04\/Oland-KlintaCamping-Grilla-AlexanderHall-2024-OlandCo-ALEX6971-scaled.jpg\" class=\"attachment-500x500 size-500x500\" alt=\"\" srcset=\"https:\/\/www.visitsmaland.se\/wp-content\/uploads\/2024\/04\/Oland-KlintaCamping-Grilla-AlexanderHall-2024-OlandCo-ALEX6971-scaled.jpg 2560w, https:\/\/www.visitsmaland.se\/wp-content\/uploads\/2024\/04\/Oland-KlintaCamping-Grilla-AlexanderHall-2024-OlandCo-ALEX6971-300x200.jpg 300w, https:\/\/www.visitsmaland.se\/wp-content\/uploads\/2024\/04\/Oland-KlintaCamping-Grilla-AlexanderHall-2024-OlandCo-ALEX6971-1024x683.jpg 1024w, https:\/\/www.visitsmaland.se\/wp-content\/uploads\/2024\/04\/Oland-KlintaCamping-Grilla-AlexanderHall-2024-OlandCo-ALEX6971-768x512.jpg 768w, https:\/\/www.visitsmaland.se\/wp-content\/uploads\/2024\/04\/Oland-KlintaCamping-Grilla-AlexanderHall-2024-OlandCo-ALEX6971-1536x1025.jpg 1536w, https:\/\/www.visitsmaland.se\/wp-content\/uploads\/2024\/04\/Oland-KlintaCamping-Grilla-AlexanderHall-2024-OlandCo-ALEX6971-2048x1366.jpg 2048w\" sizes=\"(max-width: 500px) 100vw, 500px\" \/>                <\/div>\n                                                <div class=\"dynamicContentTwoColumns dynamicContentTwoColumns__imageWrapper\">\n                                    <\/div>\n                                                <h3 class=\"dynamicContentTwoColumns dynamicContentTwoColumns__heading\">\n                    Grill                <\/h3>\n                                                <div class=\"dynamicContentTwoColumns dynamicContentTwoColumns__text\">\n                    <p><p>At grille p\u00e5 midsommeraften skaber en dejlig f\u00f8lelse af f\u00e6llesskab, hvor familie og venner samles for at nyde god mad under \u00e5ben himmel. Klassiske retter som grillede p\u00f8lser, k\u00f8d eller gr\u00f8ntsager serveres ofte sammen med nye kartofler og en frisk salat. Det er en afslappet og social aktivitet, hvor alle kan v\u00e6re med, og den varme grill bidrager til den festlige stemning p\u00e5 den lyse sommeraften. Grill p\u00e5 midsommer er en perfekt m\u00e5de at kombinere l\u00e6kker mad med den smukke svenske sommernatur.<\/p>\n<p>\n                <\/div>\n                                                <div class=\"dynamicContentTwoColumns dynamicContentTwoColumns__text\">\n                    <p><p>Inden aftenens grill kan du med fordel bes\u00f8ge lokale g\u00e5rdbutikker og k\u00f8be smagfulde sm\u00e5landske delikatesser og s\u00e6sonens r\u00e5varer. Her finder du alt fra friske gr\u00f8ntsager til lokalt produceret k\u00f8d og p\u00f8lser. Hvorfor ikke pr\u00f8ve at grille den sm\u00e5landske isterband-p\u00f8lse for en helt autentisk smagsoplevelse?<\/p>\n<p>\n                <\/div>\n                                                <div class=\"wp-block-buttons is-layout-flex wp-block-buttons-is-layout-flex\">\n                    <div class=\"wp-block-button\">\n                        <a aria-label=\"L\u00e6s mere \" class=\"wp-block-button__link wp-element-button dynamicContentTwoColumns dynamicContentTwoColumns__ctaButton\" href=\"https:\/\/www.visitsmaland.se\/dk\/opdag\/gaardbutikker\/\">\n                            G\u00e5rdbutikker                        <\/a>\n                    <\/div>\n                <\/div>\n                        <\/div>\n<\/div>\n\n\n<div class=\"articleGrid articleGrid__wrapper\">\n    <div class=\"articleGrid articleGrid__container\">\n                \n            <\/div>\n<\/div>\n\n  \n<div class=\"featuredTwoColumns featuredTwoColumns__wrapper\">\n    <div class=\"featuredTwoColumns featuredTwoColumns__container\">  \n            <div class=\"featuredTwoColumns featuredTwoColumns__feturedWrapper\">\n            <a aria-label=\"Oplevelser for b\u00f8rn i Sm\u00e5land\" href=\"https:\/\/www.visitsmaland.se\/dk\/opdag\/oplevelser-for-boern-i-smaaland\/\"class=\"featuredTwoColumns featuredTwoColumns__imageWrapper\">\n                <img loading=\"lazy\" decoding=\"async\" width=\"1024\" height=\"740\" src=\"https:\/\/www.visitsmaland.se\/wp-content\/uploads\/2020\/06\/Smaland_9067-1024x740.jpg\" class=\"attachment-grid-card-images size-grid-card-images wp-post-image\" alt=\"Zwei Kinder spielen im Garten auf einer Schaukel\" \/>            <\/a>\n            <div class=\"featuredTwoColumns featuredTwoColumns__contentWrapper\">\n                <h2 class=\"featuredTwoColumns featuredTwoColumns__heading\">\n                    Oplevelser for b\u00f8rn i Sm\u00e5land                <\/h2>\n                <p class=\"featuredTwoColumns featuredTwoColumns__description\">\n                    Oplevelser for b\u00f8rn i Sm\u00e5land. Hands up og ind at s\u2026                <\/p>\n                 \n                 \n                <div class=\"wp-block-buttons is-layout-flex wp-block-buttons-is-layout-flex\">\n                    <div class=\"wp-block-button \">\n                        <a aria-label=\"Oplevelser for b\u00f8rn i Sm\u00e5land\"class=\"wp-block-button__link wp-element-button\" href=\"https:\/\/www.visitsmaland.se\/dk\/opdag\/oplevelser-for-boern-i-smaaland\/\">\n                            Opdag                       \n                         <\/a>\n                    <\/div>\n                <\/div>\n            <\/div>\n        <\/div>\n                <div class=\"featuredTwoColumns featuredTwoColumns__feturedWrapper\">\n            <a aria-label=\"Indkvartering\" href=\"https:\/\/www.visitsmaland.se\/dk\/opdag\/boendeindkvartering\/\"class=\"featuredTwoColumns featuredTwoColumns__imageWrapper\">\n                <img loading=\"lazy\" decoding=\"async\" width=\"1024\" height=\"740\" src=\"https:\/\/www.visitsmaland.se\/wp-content\/uploads\/2024\/04\/012-1024x740.jpg\" class=\"attachment-grid-card-images size-grid-card-images wp-post-image\" alt=\"\" \/>            <\/a>\n            <div class=\"featuredTwoColumns featuredTwoColumns__contentWrapper\">\n                <h2 class=\"featuredTwoColumns featuredTwoColumns__heading\">\n                    Indkvartering                <\/h2>\n                <p class=\"featuredTwoColumns featuredTwoColumns__description\">\n                    Bo p\u00e5 en herreg\u00e5rd, et komfortabelt hotel i byen el\u2026                <\/p>\n                 \n                 \n                <div class=\"wp-block-buttons is-layout-flex wp-block-buttons-is-layout-flex\">\n                    <div class=\"wp-block-button \">\n                        <a aria-label=\"Indkvartering\"class=\"wp-block-button__link wp-element-button\" href=\"https:\/\/www.visitsmaland.se\/dk\/opdag\/boendeindkvartering\/\">\n                            Opdag                       \n                         <\/a>\n                    <\/div>\n                <\/div>\n            <\/div>\n        <\/div>\n            <\/div>\n<\/div>\n","protected":false},"excerpt":{"rendered":"<p>Midsommer betyder fest og er ikke kun noget, der er unikt for Sverige, men ogs\u00e5 en af landets mest elskede traditioner.<\/p>\n","protected":false},"featured_media":59987,"parent":0,"menu_order":612,"template":"","tags":[],"land":[],"class_list":["post-81555","guide","type-guide","status-publish","has-post-thumbnail","hentry"],"acf":{"priority":""},"yoast_head":"<!-- This site is optimized with the Yoast SEO plugin v27.5 - https:\/\/yoast.com\/product\/yoast-seo-wordpress\/ -->\n<title>Midsommer i Sm\u00e5land | Visit Sm\u00e5land<\/title>\n<meta name=\"description\" content=\"Midsommer betyder fest og er ikke kun noget, der er unikt for Sverige, men ogs\u00e5 en af landets mest elskede traditioner.\" \/>\n<meta name=\"robots\" content=\"index, follow, max-snippet:-1, max-image-preview:large, max-video-preview:-1\" \/>\n<link rel=\"canonical\" href=\"https:\/\/www.visitsmaland.se\/dk\/opdag\/midsommer-i-smaaland\/\" \/>\n<meta property=\"og:locale\" content=\"da_DK\" \/>\n<meta property=\"og:type\" content=\"article\" \/>\n<meta property=\"og:title\" content=\"Midsommer i Sm\u00e5land | Visit Sm\u00e5land\" \/>\n<meta property=\"og:description\" content=\"Midsommer betyder fest og er ikke kun noget, der er unikt for Sverige, men ogs\u00e5 en af landets mest elskede traditioner.\" \/>\n<meta property=\"og:url\" content=\"https:\/\/www.visitsmaland.se\/dk\/opdag\/midsommer-i-smaaland\/\" \/>\n<meta property=\"og:site_name\" content=\"Visit Sm\u00e5land\" \/>\n<meta property=\"article:publisher\" content=\"https:\/\/www.facebook.com\/visitsmaland\/\" \/>\n<meta property=\"article:modified_time\" content=\"2026-01-21T10:48:47+00:00\" \/>\n<meta property=\"og:image\" content=\"https:\/\/www.visitsmaland.se\/wp-content\/uploads\/2024\/04\/WhereSheGoes.nl-X-Midsommar-Smalandsgarden-3-scaled.jpg\" \/>\n\t<meta property=\"og:image:width\" content=\"2560\" \/>\n\t<meta property=\"og:image:height\" content=\"1703\" \/>\n\t<meta property=\"og:image:type\" content=\"image\/jpeg\" \/>\n<meta name=\"twitter:card\" content=\"summary_large_image\" \/>\n<meta name=\"twitter:label1\" content=\"Estimeret l\u00e6setid\" \/>\n\t<meta name=\"twitter:data1\" content=\"2 minutter\" \/>\n<script type=\"application\/ld+json\" class=\"yoast-schema-graph\">{\"@context\":\"https:\\\/\\\/schema.org\",\"@graph\":[{\"@type\":\"WebPage\",\"@id\":\"https:\\\/\\\/www.visitsmaland.se\\\/dk\\\/opdag\\\/midsommer-i-smaaland\\\/\",\"url\":\"https:\\\/\\\/www.visitsmaland.se\\\/dk\\\/opdag\\\/midsommer-i-smaaland\\\/\",\"name\":\"Midsommer i Sm\u00e5land | Visit Sm\u00e5land\",\"isPartOf\":{\"@id\":\"https:\\\/\\\/www.visitsmaland.se\\\/dk\\\/#website\"},\"primaryImageOfPage\":{\"@id\":\"https:\\\/\\\/www.visitsmaland.se\\\/dk\\\/opdag\\\/midsommer-i-smaaland\\\/#primaryimage\"},\"image\":{\"@id\":\"https:\\\/\\\/www.visitsmaland.se\\\/dk\\\/opdag\\\/midsommer-i-smaaland\\\/#primaryimage\"},\"thumbnailUrl\":\"https:\\\/\\\/www.visitsmaland.se\\\/wp-content\\\/uploads\\\/2024\\\/04\\\/WhereSheGoes.nl-X-Midsommar-Smalandsgarden-3-scaled.jpg\",\"datePublished\":\"2024-04-09T10:56:24+00:00\",\"dateModified\":\"2026-01-21T10:48:47+00:00\",\"description\":\"Midsommer betyder fest og er ikke kun noget, der er unikt for Sverige, men ogs\u00e5 en af landets mest elskede traditioner.\",\"breadcrumb\":{\"@id\":\"https:\\\/\\\/www.visitsmaland.se\\\/dk\\\/opdag\\\/midsommer-i-smaaland\\\/#breadcrumb\"},\"inLanguage\":\"da-DK\",\"potentialAction\":[{\"@type\":\"ReadAction\",\"target\":[\"https:\\\/\\\/www.visitsmaland.se\\\/dk\\\/opdag\\\/midsommer-i-smaaland\\\/\"]}]},{\"@type\":\"ImageObject\",\"inLanguage\":\"da-DK\",\"@id\":\"https:\\\/\\\/www.visitsmaland.se\\\/dk\\\/opdag\\\/midsommer-i-smaaland\\\/#primaryimage\",\"url\":\"https:\\\/\\\/www.visitsmaland.se\\\/wp-content\\\/uploads\\\/2024\\\/04\\\/WhereSheGoes.nl-X-Midsommar-Smalandsgarden-3-scaled.jpg\",\"contentUrl\":\"https:\\\/\\\/www.visitsmaland.se\\\/wp-content\\\/uploads\\\/2024\\\/04\\\/WhereSheGoes.nl-X-Midsommar-Smalandsgarden-3-scaled.jpg\",\"width\":2560,\"height\":1703},{\"@type\":\"BreadcrumbList\",\"@id\":\"https:\\\/\\\/www.visitsmaland.se\\\/dk\\\/opdag\\\/midsommer-i-smaaland\\\/#breadcrumb\",\"itemListElement\":[{\"@type\":\"ListItem\",\"position\":1,\"name\":\"Forside\",\"item\":\"https:\\\/\\\/www.visitsmaland.se\\\/dk\\\/\"},{\"@type\":\"ListItem\",\"position\":2,\"name\":\"Midsommer i Sm\u00e5land\"}]},{\"@type\":\"WebSite\",\"@id\":\"https:\\\/\\\/www.visitsmaland.se\\\/dk\\\/#website\",\"url\":\"https:\\\/\\\/www.visitsmaland.se\\\/dk\\\/\",\"name\":\"Visit Sm\u00e5land\",\"description\":\"V\u00e4lkommen till Sm\u00e5land\",\"potentialAction\":[{\"@type\":\"SearchAction\",\"target\":{\"@type\":\"EntryPoint\",\"urlTemplate\":\"https:\\\/\\\/www.visitsmaland.se\\\/dk\\\/?s={search_term_string}\"},\"query-input\":{\"@type\":\"PropertyValueSpecification\",\"valueRequired\":true,\"valueName\":\"search_term_string\"}}],\"inLanguage\":\"da-DK\"}]}<\/script>\n<!-- \/ Yoast SEO plugin. -->","yoast_head_json":{"title":"Midsommer i Sm\u00e5land | Visit Sm\u00e5land","description":"Midsommer betyder fest og er ikke kun noget, der er unikt for Sverige, men ogs\u00e5 en af landets mest elskede traditioner.","robots":{"index":"index","follow":"follow","max-snippet":"max-snippet:-1","max-image-preview":"max-image-preview:large","max-video-preview":"max-video-preview:-1"},"canonical":"https:\/\/www.visitsmaland.se\/dk\/opdag\/midsommer-i-smaaland\/","og_locale":"da_DK","og_type":"article","og_title":"Midsommer i Sm\u00e5land | Visit Sm\u00e5land","og_description":"Midsommer betyder fest og er ikke kun noget, der er unikt for Sverige, men ogs\u00e5 en af landets mest elskede traditioner.","og_url":"https:\/\/www.visitsmaland.se\/dk\/opdag\/midsommer-i-smaaland\/","og_site_name":"Visit Sm\u00e5land","article_publisher":"https:\/\/www.facebook.com\/visitsmaland\/","article_modified_time":"2026-01-21T10:48:47+00:00","og_image":[{"width":2560,"height":1703,"url":"https:\/\/www.visitsmaland.se\/wp-content\/uploads\/2024\/04\/WhereSheGoes.nl-X-Midsommar-Smalandsgarden-3-scaled.jpg","type":"image\/jpeg"}],"twitter_card":"summary_large_image","twitter_misc":{"Estimeret l\u00e6setid":"2 minutter"},"schema":{"@context":"https:\/\/schema.org","@graph":[{"@type":"WebPage","@id":"https:\/\/www.visitsmaland.se\/dk\/opdag\/midsommer-i-smaaland\/","url":"https:\/\/www.visitsmaland.se\/dk\/opdag\/midsommer-i-smaaland\/","name":"Midsommer i Sm\u00e5land | Visit Sm\u00e5land","isPartOf":{"@id":"https:\/\/www.visitsmaland.se\/dk\/#website"},"primaryImageOfPage":{"@id":"https:\/\/www.visitsmaland.se\/dk\/opdag\/midsommer-i-smaaland\/#primaryimage"},"image":{"@id":"https:\/\/www.visitsmaland.se\/dk\/opdag\/midsommer-i-smaaland\/#primaryimage"},"thumbnailUrl":"https:\/\/www.visitsmaland.se\/wp-content\/uploads\/2024\/04\/WhereSheGoes.nl-X-Midsommar-Smalandsgarden-3-scaled.jpg","datePublished":"2024-04-09T10:56:24+00:00","dateModified":"2026-01-21T10:48:47+00:00","description":"Midsommer betyder fest og er ikke kun noget, der er unikt for Sverige, men ogs\u00e5 en af landets mest elskede traditioner.","breadcrumb":{"@id":"https:\/\/www.visitsmaland.se\/dk\/opdag\/midsommer-i-smaaland\/#breadcrumb"},"inLanguage":"da-DK","potentialAction":[{"@type":"ReadAction","target":["https:\/\/www.visitsmaland.se\/dk\/opdag\/midsommer-i-smaaland\/"]}]},{"@type":"ImageObject","inLanguage":"da-DK","@id":"https:\/\/www.visitsmaland.se\/dk\/opdag\/midsommer-i-smaaland\/#primaryimage","url":"https:\/\/www.visitsmaland.se\/wp-content\/uploads\/2024\/04\/WhereSheGoes.nl-X-Midsommar-Smalandsgarden-3-scaled.jpg","contentUrl":"https:\/\/www.visitsmaland.se\/wp-content\/uploads\/2024\/04\/WhereSheGoes.nl-X-Midsommar-Smalandsgarden-3-scaled.jpg","width":2560,"height":1703},{"@type":"BreadcrumbList","@id":"https:\/\/www.visitsmaland.se\/dk\/opdag\/midsommer-i-smaaland\/#breadcrumb","itemListElement":[{"@type":"ListItem","position":1,"name":"Forside","item":"https:\/\/www.visitsmaland.se\/dk\/"},{"@type":"ListItem","position":2,"name":"Midsommer i Sm\u00e5land"}]},{"@type":"WebSite","@id":"https:\/\/www.visitsmaland.se\/dk\/#website","url":"https:\/\/www.visitsmaland.se\/dk\/","name":"Visit Sm\u00e5land","description":"V\u00e4lkommen till Sm\u00e5land","potentialAction":[{"@type":"SearchAction","target":{"@type":"EntryPoint","urlTemplate":"https:\/\/www.visitsmaland.se\/dk\/?s={search_term_string}"},"query-input":{"@type":"PropertyValueSpecification","valueRequired":true,"valueName":"search_term_string"}}],"inLanguage":"da-DK"}]}},"_links":{"self":[{"href":"https:\/\/www.visitsmaland.se\/dk\/wp-json\/wp\/v2\/guide\/81555","targetHints":{"allow":["GET"]}}],"collection":[{"href":"https:\/\/www.visitsmaland.se\/dk\/wp-json\/wp\/v2\/guide"}],"about":[{"href":"https:\/\/www.visitsmaland.se\/dk\/wp-json\/wp\/v2\/types\/guide"}],"version-history":[{"count":3,"href":"https:\/\/www.visitsmaland.se\/dk\/wp-json\/wp\/v2\/guide\/81555\/revisions"}],"predecessor-version":[{"id":83525,"href":"https:\/\/www.visitsmaland.se\/dk\/wp-json\/wp\/v2\/guide\/81555\/revisions\/83525"}],"wp:featuredmedia":[{"embeddable":true,"href":"https:\/\/www.visitsmaland.se\/dk\/wp-json\/wp\/v2\/media\/59987"}],"wp:attachment":[{"href":"https:\/\/www.visitsmaland.se\/dk\/wp-json\/wp\/v2\/media?parent=81555"}],"wp:term":[{"taxonomy":"post_tag","embeddable":true,"href":"https:\/\/www.visitsmaland.se\/dk\/wp-json\/wp\/v2\/tags?post=81555"},{"taxonomy":"land","embeddable":true,"href":"https:\/\/www.visitsmaland.se\/dk\/wp-json\/wp\/v2\/land?post=81555"}],"curies":[{"name":"wp","href":"https:\/\/api.w.org\/{rel}","templated":true}]}}