{"id":82630,"date":"2024-04-09T12:54:08","date_gmt":"2024-04-09T10:54:08","guid":{"rendered":"https:\/\/www.visitsmaland.se\/upptack\/titta-pa-djur\/"},"modified":"2026-05-07T11:23:51","modified_gmt":"2026-05-07T09:23:51","slug":"se-dyr","status":"publish","type":"guide","link":"https:\/\/www.visitsmaland.se\/dk\/opdag\/se-dyr\/","title":{"rendered":"Oplev Sm\u00e5lands dyreliv"},"content":{"rendered":"<div class=\"postHerosection postHerosection__wrapper\">\n    <div class=\"postHerosection postHerosection__container\">\n        <h1 class=\"postHerosection postHerosection__heroHeading\">\n            Oplev Sm\u00e5lands dyreliv        <\/h1>\n            <\/div>\n    <div class=\"postHerosection postHerosection__imageContainer\">\n        <img loading=\"lazy\" decoding=\"async\" width=\"2000\" height=\"1451\" src=\"https:\/\/www.visitsmaland.se\/wp-content\/uploads\/2020\/06\/jerker_andersson-moose_calf-7445.jpg\" class=\"attachment-full size-full\" alt=\"\" srcset=\"https:\/\/www.visitsmaland.se\/wp-content\/uploads\/2020\/06\/jerker_andersson-moose_calf-7445.jpg 2000w, https:\/\/www.visitsmaland.se\/wp-content\/uploads\/2020\/06\/jerker_andersson-moose_calf-7445-300x218.jpg 300w, https:\/\/www.visitsmaland.se\/wp-content\/uploads\/2020\/06\/jerker_andersson-moose_calf-7445-1024x743.jpg 1024w, https:\/\/www.visitsmaland.se\/wp-content\/uploads\/2020\/06\/jerker_andersson-moose_calf-7445-768x557.jpg 768w, https:\/\/www.visitsmaland.se\/wp-content\/uploads\/2020\/06\/jerker_andersson-moose_calf-7445-1536x1114.jpg 1536w, https:\/\/www.visitsmaland.se\/wp-content\/uploads\/2020\/06\/jerker_andersson-moose_calf-7445-551x400.jpg 551w\" sizes=\"(max-width: 2000px) 100vw, 2000px\" \/>    <\/div>\n<\/div>\n<div class=\"postHerosection postHerosection__breadcrumbs\">\n   <div class=\"postHerosection postHerosection__breadcrumbs-container\">\n        <p id=\"breadcrumbs\"><span><span><a href=\"https:\/\/www.visitsmaland.se\/dk\/\">Forside<\/a><\/span><\/span><\/p>    <\/div>\n<\/div>\n\n<div class=\"contentCta contentCta__wrapper\">\n    <div class=\"contentCta contentCta__container\">\n                    \t\t\t<div class=\"contentCta contentCta__text\" style=\"color: \">\n\t\t\t\t<p>Sm\u00e5land er hjem for sine mange dyrearter \u2013 fra den mindste m\u00f8gbille til elgen, ogs\u00e5 kendt som \u201cskovens konge\u201d. Men det er ikke altid let at f\u00e5 \u00f8je p\u00e5 dyr i naturen. Book en tur i safaripark eller med en guide p\u00e5 \u00e5bent vand.<\/p>\n\t\t\t<\/div>\n                <hr>\n            <\/div>\n<\/div>\n\n\n<div class=\"dynamicContentTwoColumns dynamicContentTwoColumns__wrapper\">\n    <div class=\"dynamicContentTwoColumns dynamicContentTwoColumns__container\">\n                                    <h3 class=\"dynamicContentTwoColumns dynamicContentTwoColumns__heading\">\n                    Oplev dyrene helt t\u00e6t p\u00e5                <\/h3>\n                                                <div class=\"dynamicContentTwoColumns dynamicContentTwoColumns__text\">\n                    <p><p>Hvad med en familieudflugt til en safaripark eller m\u00e5ske en tur med guide p\u00e5 \u00e5bent vand? I nogle af Sm\u00e5lands safariparker har du mulighed for at k\u00f8re rundt i din egen bil. Kig godt efter \u2013 her er der masser af muligheder for at se dyrene. P\u00e5 s\u00f8erne og ude p\u00e5 havet er der ogs\u00e5 gode chancer for at spotte forskellige fugle eller nysgerrige s\u00e6ler. L\u00e6s videre for flere tips til steder, hvor du kan se dyr i Sm\u00e5land.<\/p>\n<p>\n                <\/div>\n                                                <div class=\"dynamicContentTwoColumns dynamicContentTwoColumns__imageWrapper\">\n                    <img loading=\"lazy\" decoding=\"async\" width=\"500\" height=\"500\" src=\"https:\/\/www.visitsmaland.se\/wp-content\/uploads\/2021\/10\/safaripark-2-scaled-e1635242305337-1000x1000.jpg\" class=\"attachment-500x500 size-500x500\" alt=\"\" srcset=\"https:\/\/www.visitsmaland.se\/wp-content\/uploads\/2021\/10\/safaripark-2-scaled-e1635242305337-1000x1000.jpg 1000w, https:\/\/www.visitsmaland.se\/wp-content\/uploads\/2021\/10\/safaripark-2-scaled-e1635242305337-150x150.jpg 150w, https:\/\/www.visitsmaland.se\/wp-content\/uploads\/2021\/10\/safaripark-2-scaled-e1635242305337-100x100.jpg 100w, https:\/\/www.visitsmaland.se\/wp-content\/uploads\/2021\/10\/safaripark-2-scaled-e1635242305337-1024x1024.jpg 1024w, https:\/\/www.visitsmaland.se\/wp-content\/uploads\/2021\/10\/safaripark-2-scaled-e1635242305337-200x200.jpg 200w\" sizes=\"(max-width: 500px) 100vw, 500px\" \/>                <\/div>\n                        <\/div>\n<\/div>\n\n\n\n<figure class=\"wp-block-gallery has-nested-images columns-default is-cropped wp-block-gallery-2 is-layout-flex wp-block-gallery-is-layout-flex\">\n<figure class=\"wp-block-image size-large\"><img loading=\"lazy\" decoding=\"async\" width=\"1024\" height=\"683\" data-id=\"68100\" src=\"https:\/\/www.visitsmaland.se\/wp-content\/uploads\/2024\/04\/ALEX8626-1024x683.jpg\" alt=\"\" class=\"wp-image-68100\" srcset=\"https:\/\/www.visitsmaland.se\/wp-content\/uploads\/2024\/04\/ALEX8626-1024x683.jpg 1024w, https:\/\/www.visitsmaland.se\/wp-content\/uploads\/2024\/04\/ALEX8626-300x200.jpg 300w, https:\/\/www.visitsmaland.se\/wp-content\/uploads\/2024\/04\/ALEX8626-768x512.jpg 768w, https:\/\/www.visitsmaland.se\/wp-content\/uploads\/2024\/04\/ALEX8626-1536x1024.jpg 1536w, https:\/\/www.visitsmaland.se\/wp-content\/uploads\/2024\/04\/ALEX8626-2048x1365.jpg 2048w\" sizes=\"(max-width: 1024px) 100vw, 1024px\" \/><\/figure>\n\n\n\n<figure class=\"wp-block-image size-large\"><img loading=\"lazy\" decoding=\"async\" width=\"1024\" height=\"683\" data-id=\"57228\" src=\"https:\/\/www.visitsmaland.se\/wp-content\/uploads\/2024\/12\/TD-SWEDEN-GETNO_robin-visser-2-1024x683.jpg\" alt=\"Mutter und Kind sitzen in einem Boot und betrachten die Umgebung durch Ferngl\u00e4ser.\" class=\"wp-image-57228\" srcset=\"https:\/\/www.visitsmaland.se\/wp-content\/uploads\/2024\/12\/TD-SWEDEN-GETNO_robin-visser-2-1024x683.jpg 1024w, https:\/\/www.visitsmaland.se\/wp-content\/uploads\/2024\/12\/TD-SWEDEN-GETNO_robin-visser-2-300x200.jpg 300w, https:\/\/www.visitsmaland.se\/wp-content\/uploads\/2024\/12\/TD-SWEDEN-GETNO_robin-visser-2-768x512.jpg 768w, https:\/\/www.visitsmaland.se\/wp-content\/uploads\/2024\/12\/TD-SWEDEN-GETNO_robin-visser-2-1536x1024.jpg 1536w, https:\/\/www.visitsmaland.se\/wp-content\/uploads\/2024\/12\/TD-SWEDEN-GETNO_robin-visser-2-2048x1366.jpg 2048w\" sizes=\"(max-width: 1024px) 100vw, 1024px\" \/><\/figure>\n\n\n\n<figure class=\"wp-block-image size-large\"><img loading=\"lazy\" decoding=\"async\" width=\"1024\" height=\"683\" data-id=\"26824\" src=\"https:\/\/www.visitsmaland.se\/wp-content\/uploads\/2024\/04\/skullaryd_alg_170627-152-highres-1024x683.jpg\" alt=\"\" class=\"wp-image-26824\" srcset=\"https:\/\/www.visitsmaland.se\/wp-content\/uploads\/2024\/04\/skullaryd_alg_170627-152-highres-1024x683.jpg 1024w, https:\/\/www.visitsmaland.se\/wp-content\/uploads\/2024\/04\/skullaryd_alg_170627-152-highres-300x200.jpg 300w, https:\/\/www.visitsmaland.se\/wp-content\/uploads\/2024\/04\/skullaryd_alg_170627-152-highres-768x512.jpg 768w, https:\/\/www.visitsmaland.se\/wp-content\/uploads\/2024\/04\/skullaryd_alg_170627-152-highres-1536x1024.jpg 1536w, https:\/\/www.visitsmaland.se\/wp-content\/uploads\/2024\/04\/skullaryd_alg_170627-152-highres-2048x1365.jpg 2048w\" sizes=\"(max-width: 1024px) 100vw, 1024px\" \/><\/figure>\n<\/figure>\n\n\n<div class=\"contentImageTwoColumns contentImageTwoColumns__wrapper\" style=\"background-color: #374632\">\n    <div class=\"contentImageTwoColumns contentImageTwoColumns__container \">\n        <div class=\"contentImageTwoColumns contentImageTwoColumns__contentWrapper\">\n            <h2 class=\"contentImageTwoColumns contentImageTwoColumns__heading\" style=\"color: #ffffff\">\n                Kosta Safari Park            <\/h2>\n            <div class=\"contentImageTwoColumns contentImageTwoColumns__text contentImageTwoColumns__text--short\" style=\"color: #ffffff\">\n                                    <p>Tag p\u00e5 safari i den sm\u00e5landske jungle! I Kosta Safari Park m\u00f8der du elge, bisonokser, hjorte, muflonf\u00e5r og vildsvin. I egen bil k\u00f8rer du ad skovveje gennem parkens natur og kommer t\u00e6t p\u00e5 dyrene i deres naturlige omgivelser. Hold \u00f8jnene \u00e5bne og kameraet klar!<\/p>\n                            <\/div>\n            <div class=\"contentImageTwoColumns contentImageTwoColumns__text contentImageTwoColumns__text--full\" style=\"color: #ffffff\">\n                <p>Tag p\u00e5 safari i den sm\u00e5landske jungle! I Kosta Safari Park m\u00f8der du elge, bisonokser, hjorte, muflonf\u00e5r og vildsvin. I egen bil k\u00f8rer du ad skovveje gennem parkens natur og kommer t\u00e6t p\u00e5 dyrene i deres naturlige omgivelser. Hold \u00f8jnene \u00e5bne og kameraet klar!<\/p>\n                <button type=\"button\" class=\"contentImageTwoColumns contentImageTwoColumns__readMoreLess\">\n                    L\u00e6s mindre &#8211;                <\/button>\n            <\/div>\n                        <div class=\"wp-block-buttons is-layout-flex wp-block-buttons-is-layout-flex\">\n                <div class=\"wp-block-button \">\n                    <a aria-label=\"kostasafaripark.se\" class=\"wp-block-button__link wp-element-button\" href=\"http:\/\/www.kostasafaripark.se\/\" style=\"background-color: #f4f2eb; color: #000000;border: solid 1px #f4f2eb\">\n                        kostasafaripark.se                    <\/a>\n                <\/div>\n            <\/div>\n                                <\/div>\n        <div class=\"contentImageTwoColumns contentImageTwoColumns__imageWrapper\">\n            <img loading=\"lazy\" decoding=\"async\" width=\"1024\" height=\"740\" src=\"https:\/\/www.visitsmaland.se\/wp-content\/uploads\/2024\/04\/Kosta-safaripark-11-1024x740.jpg\" class=\"attachment-grid-card-images size-grid-card-images\" alt=\"\" \/>        <\/div>\n    <\/div>\n<\/div>\n\n\n<div class=\"contentImageTwoColumns contentImageTwoColumns__wrapper\" style=\"background-color: #ffffff\">\n    <div class=\"contentImageTwoColumns contentImageTwoColumns__container layout-reversed\">\n        <div class=\"contentImageTwoColumns contentImageTwoColumns__contentWrapper\">\n            <h2 class=\"contentImageTwoColumns contentImageTwoColumns__heading\" style=\"color: \">\n                Getn\u00f6 &#8211; Lake \u00c5snen Resort            <\/h2>\n            <div class=\"contentImageTwoColumns contentImageTwoColumns__text contentImageTwoColumns__text--short\" style=\"color: \">\n                                    <p>\u00c5snen byder om sommeren p\u00e5 en r\u00e6kke naturoplevelser i det private naturreservat med fokus p\u00e5 m\u00f8der med dyr \u2014 for eksempel fotosafari med fiske\u00f8rnen ved solopgang eller naturskole for b\u00f8rnene. Her l&#8230;                    <button type=\"button\" class=\"contentImageTwoColumns contentImageTwoColumns__readMoreLess\">\n                        L\u00e6s mere +                    <\/button>\n                            <\/div>\n            <div class=\"contentImageTwoColumns contentImageTwoColumns__text contentImageTwoColumns__text--full\" style=\"color: \">\n                <p>\u00c5snen byder om sommeren p\u00e5 en r\u00e6kke naturoplevelser i det private naturreservat med fokus p\u00e5 m\u00f8der med dyr \u2014 for eksempel fotosafari med fiske\u00f8rnen ved solopgang eller naturskole for b\u00f8rnene. Her l\u00e6rer de sm\u00e5 en masse sp\u00e6ndende ting om de dyr, der lever p\u00e5 land, i luften og under vandet i sk\u00e6rg\u00e5rdens verden.<\/p>\n                <button type=\"button\" class=\"contentImageTwoColumns contentImageTwoColumns__readMoreLess\">\n                    L\u00e6s mindre &#8211;                <\/button>\n            <\/div>\n                        <div class=\"wp-block-buttons is-layout-flex wp-block-buttons-is-layout-flex\">\n                <div class=\"wp-block-button \">\n                    <a aria-label=\"getnogard.se\" class=\"wp-block-button__link wp-element-button\" href=\"https:\/\/www.getnogard.se\/guided-tours\/\" style=\"background-color: #fbbd51; color: ;border: solid 1px #fbbd51\">\n                        getnogard.se                    <\/a>\n                <\/div>\n            <\/div>\n                                <\/div>\n        <div class=\"contentImageTwoColumns contentImageTwoColumns__imageWrapper\">\n            <img loading=\"lazy\" decoding=\"async\" width=\"1024\" height=\"740\" src=\"https:\/\/www.visitsmaland.se\/wp-content\/uploads\/2024\/04\/getno_c_hansrunesson-1024x740.jpg\" class=\"attachment-grid-card-images size-grid-card-images\" alt=\"\" \/>        <\/div>\n    <\/div>\n<\/div>\n\n\n<div class=\"contentImageTwoColumns contentImageTwoColumns__wrapper\" style=\"background-color: #374632\">\n    <div class=\"contentImageTwoColumns contentImageTwoColumns__container \">\n        <div class=\"contentImageTwoColumns contentImageTwoColumns__contentWrapper\">\n            <h2 class=\"contentImageTwoColumns contentImageTwoColumns__heading\" style=\"color: #ffffff\">\n                \u00d8rne- og s\u00e6lsafari            <\/h2>\n            <div class=\"contentImageTwoColumns contentImageTwoColumns__text contentImageTwoColumns__text--short\" style=\"color: #ffffff\">\n                                    <p>Oplev en sp\u00e6ndende \u00f8rne- og s\u00e6lsafari i V\u00e4sterviks sk\u00e6rg\u00e5rd, hvor du sejler med b\u00e5d gennem den smukke natur i den ydre Tjust-sk\u00e6rg\u00e5rd og f\u00e5r chancen for at se hav\u00f8rne og s\u00e6ler p\u00e5 helt t\u00e6t hold. I B&#8230;                    <button type=\"button\" class=\"contentImageTwoColumns contentImageTwoColumns__readMoreLess\">\n                        L\u00e6s mere +                    <\/button>\n                            <\/div>\n            <div class=\"contentImageTwoColumns contentImageTwoColumns__text contentImageTwoColumns__text--full\" style=\"color: #ffffff\">\n                <p>Oplev en sp\u00e6ndende \u00f8rne- og s\u00e6lsafari i V\u00e4sterviks sk\u00e6rg\u00e5rd, hvor du sejler med b\u00e5d gennem den smukke natur i den ydre Tjust-sk\u00e6rg\u00e5rd og f\u00e5r chancen for at se hav\u00f8rne og s\u00e6ler p\u00e5 helt t\u00e6t hold. I Bergkvara g\u00e5r turene langs kysten uden for Djursvik, hvor s\u00e6lerne ofte soler sig p\u00e5 klipperne, og hvor hav\u00f8rne nogle gange sv\u00e6ver h\u00f8jt p\u00e5 himlen. Begge destinationer byder p\u00e5 storsl\u00e5ede naturoplevelser og n\u00e6re m\u00f8der med dyrelivet i \u00d8sters\u00f8en.<\/p>\n                <button type=\"button\" class=\"contentImageTwoColumns contentImageTwoColumns__readMoreLess\">\n                    L\u00e6s mindre &#8211;                <\/button>\n            <\/div>\n                        <div class=\"wp-block-buttons is-layout-flex wp-block-buttons-is-layout-flex\">\n                <div class=\"wp-block-button \">\n                    <a aria-label=\"L\u00e6s mere\" class=\"wp-block-button__link wp-element-button\" href=\"https:\/\/www.visitsmaland.se\/upptack\/orn-o-salsafari\/\" style=\"background-color: #f4f2eb; color: #000000;border: solid 1px #f4f2eb\">\n                        L\u00e6s mere                    <\/a>\n                <\/div>\n            <\/div>\n                                <\/div>\n        <div class=\"contentImageTwoColumns contentImageTwoColumns__imageWrapper\">\n            <img loading=\"lazy\" decoding=\"async\" width=\"1024\" height=\"740\" src=\"https:\/\/www.visitsmaland.se\/wp-content\/uploads\/2024\/04\/2745_sl-panoramaps_danieljohansson-1024x740.jpg\" class=\"attachment-grid-card-images size-grid-card-images\" alt=\"\" \/>        <\/div>\n    <\/div>\n<\/div>\n\n\n<div class=\"contentImageTwoColumns contentImageTwoColumns__wrapper\" style=\"background-color: #f4f2eb\">\n    <div class=\"contentImageTwoColumns contentImageTwoColumns__container layout-reversed\">\n        <div class=\"contentImageTwoColumns contentImageTwoColumns__contentWrapper\">\n            <h2 class=\"contentImageTwoColumns contentImageTwoColumns__heading\" style=\"color: \">\n                Alpakaer p\u00e5 Visings\u00f6            <\/h2>\n            <div class=\"contentImageTwoColumns contentImageTwoColumns__text contentImageTwoColumns__text--short\" style=\"color: \">\n                                    <p>P\u00e5 Visings\u00f6, den natursk\u00f8nne \u00f8 i s\u00f8en V\u00e4ttern, kan du m\u00f8de charmerende alpakaer og opleve en anderledes t\u00e6t kontakt med dyr og natur. En vandretur med alpakaer er en aktivitet, der passer til b\u00e5de &#8230;                    <button type=\"button\" class=\"contentImageTwoColumns contentImageTwoColumns__readMoreLess\">\n                        L\u00e6s mere +                    <\/button>\n                            <\/div>\n            <div class=\"contentImageTwoColumns contentImageTwoColumns__text contentImageTwoColumns__text--full\" style=\"color: \">\n                <p>P\u00e5 Visings\u00f6, den natursk\u00f8nne \u00f8 i s\u00f8en V\u00e4ttern, kan du m\u00f8de charmerende alpakaer og opleve en anderledes t\u00e6t kontakt med dyr og natur. En vandretur med alpakaer er en aktivitet, der passer til b\u00e5de b\u00f8rn og voksne og giver et roligt \u00f8jeblik i det sm\u00e5landske kulturlandskab. Alpakaer er kendt for deres rolige temperament og bl\u00f8de uld, og de bliver hurtigt favoritter hos b\u00e5de unge og \u00e6ldre bes\u00f8gende.<\/p>\n                <button type=\"button\" class=\"contentImageTwoColumns contentImageTwoColumns__readMoreLess\">\n                    L\u00e6s mindre &#8211;                <\/button>\n            <\/div>\n                        <div class=\"wp-block-buttons is-layout-flex wp-block-buttons-is-layout-flex\">\n                <div class=\"wp-block-button arrow-white\">\n                    <a aria-label=\"jkpg.com\" class=\"wp-block-button__link wp-element-button\" href=\"https:\/\/jkpg.com\/upplevelser\/gladhytt-alpacka\" style=\"background-color: #374632; color: #ffffff;border: solid 1px #374632\">\n                        jkpg.com                    <\/a>\n                <\/div>\n            <\/div>\n                                <\/div>\n        <div class=\"contentImageTwoColumns contentImageTwoColumns__imageWrapper\">\n            <img loading=\"lazy\" decoding=\"async\" width=\"1024\" height=\"740\" src=\"https:\/\/www.visitsmaland.se\/wp-content\/uploads\/2024\/04\/lama-2-1024x740.jpg\" class=\"attachment-grid-card-images size-grid-card-images\" alt=\"\" \/>        <\/div>\n    <\/div>\n<\/div>\n\n\n  \n<div class=\"featuredTwoColumns featuredTwoColumns__wrapper\">\n    <div class=\"featuredTwoColumns featuredTwoColumns__container\">  \n            <div class=\"featuredTwoColumns featuredTwoColumns__feturedWrapper\">\n            <a aria-label=\"Fuglekiggeri\" href=\"https:\/\/www.visitsmaland.se\/dk\/opdag\/fuglekiggeri\/\"class=\"featuredTwoColumns featuredTwoColumns__imageWrapper\">\n                <img loading=\"lazy\" decoding=\"async\" width=\"1024\" height=\"740\" src=\"https:\/\/www.visitsmaland.se\/wp-content\/uploads\/2024\/04\/Oland-Ottenby-UpZoneStudios-4-1024x740.jpg\" class=\"attachment-grid-card-images size-grid-card-images wp-post-image\" alt=\"\" \/>            <\/a>\n            <div class=\"featuredTwoColumns featuredTwoColumns__contentWrapper\">\n                <h2 class=\"featuredTwoColumns featuredTwoColumns__heading\">\n                    Fuglekiggeri                <\/h2>\n                <p class=\"featuredTwoColumns featuredTwoColumns__description\">\n                    Tidlige morgener, t\u00e5gede moser og stilheden, der pl\u2026                <\/p>\n                 \n                 \n                <div class=\"wp-block-buttons is-layout-flex wp-block-buttons-is-layout-flex\">\n                    <div class=\"wp-block-button \">\n                        <a aria-label=\"Fuglekiggeri\"class=\"wp-block-button__link wp-element-button\" href=\"https:\/\/www.visitsmaland.se\/dk\/opdag\/fuglekiggeri\/\">\n                            Opdag                       \n                         <\/a>\n                    <\/div>\n                <\/div>\n            <\/div>\n        <\/div>\n                <div class=\"featuredTwoColumns featuredTwoColumns__feturedWrapper\">\n            <a aria-label=\"\u00c5sens by\" href=\"https:\/\/www.visitsmaland.se\/dk\/opdag\/aasens-by\/\"class=\"featuredTwoColumns featuredTwoColumns__imageWrapper\">\n                <img loading=\"lazy\" decoding=\"async\" width=\"1024\" height=\"740\" src=\"https:\/\/www.visitsmaland.se\/wp-content\/uploads\/2025\/01\/FotografEmmaIvarsson_20190924-1-1-1024x740.jpg\" class=\"attachment-grid-card-images size-grid-card-images wp-post-image\" alt=\"\" \/>            <\/a>\n            <div class=\"featuredTwoColumns featuredTwoColumns__contentWrapper\">\n                <h2 class=\"featuredTwoColumns featuredTwoColumns__heading\">\n                    \u00c5sens by                <\/h2>\n                <p class=\"featuredTwoColumns featuredTwoColumns__description\">\n                    I \u00c5sens by, Sveriges f\u00f8rste kulturreservat, f\u00e5r bes\u2026                <\/p>\n                 \n                 \n                <div class=\"wp-block-buttons is-layout-flex wp-block-buttons-is-layout-flex\">\n                    <div class=\"wp-block-button \">\n                        <a aria-label=\"\u00c5sens by\"class=\"wp-block-button__link wp-element-button\" href=\"https:\/\/www.visitsmaland.se\/dk\/opdag\/aasens-by\/\">\n                            Opdag                       \n                         <\/a>\n                    <\/div>\n                <\/div>\n            <\/div>\n        <\/div>\n            <\/div>\n<\/div>\n\n\n<div class=\"contentImageTwoColumns contentImageTwoColumns__wrapper\" style=\"background-color: #ffffff\">\n    <div class=\"contentImageTwoColumns contentImageTwoColumns__container \">\n        <div class=\"contentImageTwoColumns contentImageTwoColumns__contentWrapper\">\n            <h2 class=\"contentImageTwoColumns contentImageTwoColumns__heading\" style=\"color: \">\n                Elgparker            <\/h2>\n            <div class=\"contentImageTwoColumns contentImageTwoColumns__text contentImageTwoColumns__text--short\" style=\"color: \">\n                                    <p>I Sm\u00e5lands skove er det elgen, der b\u00e6rer den st\u00f8rste krone, og alle der har m\u00f8dt den ved, at den kl\u00e6der rollen som regent godt. Det ansl\u00e5s, at omkring 30.000 elge f\u00e6rdes i Sm\u00e5lands skove, og i elgparkerne kan du b\u00e5de se og r\u00f8re de majest\u00e6tiske dyr.<\/p>\n                            <\/div>\n            <div class=\"contentImageTwoColumns contentImageTwoColumns__text contentImageTwoColumns__text--full\" style=\"color: \">\n                <p>I Sm\u00e5lands skove er det elgen, der b\u00e6rer den st\u00f8rste krone, og alle der har m\u00f8dt den ved, at den kl\u00e6der rollen som regent godt. Det ansl\u00e5s, at omkring 30.000 elge f\u00e6rdes i Sm\u00e5lands skove, og i elgparkerne kan du b\u00e5de se og r\u00f8re de majest\u00e6tiske dyr.<\/p>\n                <button type=\"button\" class=\"contentImageTwoColumns contentImageTwoColumns__readMoreLess\">\n                    L\u00e6s mindre &#8211;                <\/button>\n            <\/div>\n                        <div class=\"wp-block-buttons is-layout-flex wp-block-buttons-is-layout-flex\">\n                <div class=\"wp-block-button \">\n                    <a aria-label=\"L\u00e6s mere\" class=\"wp-block-button__link wp-element-button\" href=\"https:\/\/www.visitsmaland.se\/dk\/opdag\/elgparker-i-smaaland\/\" style=\"background-color: #fbbd51; color: ;border: solid 1px #fbbd51\">\n                        L\u00e6s mere                    <\/a>\n                <\/div>\n            <\/div>\n                                <\/div>\n        <div class=\"contentImageTwoColumns contentImageTwoColumns__imageWrapper\">\n            <img loading=\"lazy\" decoding=\"async\" width=\"1024\" height=\"740\" src=\"https:\/\/www.visitsmaland.se\/wp-content\/uploads\/2024\/04\/mg_7706-3-1024x740.jpg\" class=\"attachment-grid-card-images size-grid-card-images\" alt=\"\" \/>        <\/div>\n    <\/div>\n<\/div>\n\n\n<div class=\"contentImageTwoColumns contentImageTwoColumns__wrapper\" style=\"background-color: #f4f2eb\">\n    <div class=\"contentImageTwoColumns contentImageTwoColumns__container layout-reversed\">\n        <div class=\"contentImageTwoColumns contentImageTwoColumns__contentWrapper\">\n            <h2 class=\"contentImageTwoColumns contentImageTwoColumns__heading\" style=\"color: \">\n                Zoo i J\u00f6nk\u00f6ping            <\/h2>\n            <div class=\"contentImageTwoColumns contentImageTwoColumns__text contentImageTwoColumns__text--short\" style=\"color: \">\n                                    <p>J\u00f6nk\u00f6ping Bypark, som best\u00e5r mere af natur og skov end af velordnede blomsterbede, byder sine yngre bes\u00f8gende p\u00e5 en tur i k\u00e6ledyrs-zoo. Noget helt s\u00e6rligt er fuglemuseet med hundreder af udstoppede fugle.<\/p>\n                            <\/div>\n            <div class=\"contentImageTwoColumns contentImageTwoColumns__text contentImageTwoColumns__text--full\" style=\"color: \">\n                <p>J\u00f6nk\u00f6ping Bypark, som best\u00e5r mere af natur og skov end af velordnede blomsterbede, byder sine yngre bes\u00f8gende p\u00e5 en tur i k\u00e6ledyrs-zoo. Noget helt s\u00e6rligt er fuglemuseet med hundreder af udstoppede fugle.<\/p>\n                <button type=\"button\" class=\"contentImageTwoColumns contentImageTwoColumns__readMoreLess\">\n                    L\u00e6s mindre &#8211;                <\/button>\n            <\/div>\n                        <div class=\"wp-block-buttons is-layout-flex wp-block-buttons-is-layout-flex\">\n                <div class=\"wp-block-button arrow-white\">\n                    <a aria-label=\"jkpg.com\" class=\"wp-block-button__link wp-element-button\" href=\"https:\/\/jkpg.com\/sv\/jonkoping-huskvarna\/jonkopings-stadspark\/\" style=\"background-color: #374632; color: #ffffff;border: solid 1px #374632\">\n                        jkpg.com                    <\/a>\n                <\/div>\n            <\/div>\n                                <\/div>\n        <div class=\"contentImageTwoColumns contentImageTwoColumns__imageWrapper\">\n            <img loading=\"lazy\" decoding=\"async\" width=\"1024\" height=\"740\" src=\"https:\/\/www.visitsmaland.se\/wp-content\/uploads\/2024\/04\/stadsparken_get_1-foto_johanna_hallback-1024x740.jpg\" class=\"attachment-grid-card-images size-grid-card-images\" alt=\"\" \/>        <\/div>\n    <\/div>\n<\/div>\n\n\n<div class=\"contentImageTwoColumns contentImageTwoColumns__wrapper\" style=\"background-color: \">\n    <div class=\"contentImageTwoColumns contentImageTwoColumns__container \">\n        <div class=\"contentImageTwoColumns contentImageTwoColumns__contentWrapper\">\n            <h2 class=\"contentImageTwoColumns contentImageTwoColumns__heading\" style=\"color: \">\n                Bj\u00f6rk\u00f6by Dyrepark &#038; Glutenfria fiket            <\/h2>\n            <div class=\"contentImageTwoColumns contentImageTwoColumns__text contentImageTwoColumns__text--short\" style=\"color: \">\n                                    <p>I Bj\u00f6rk\u00f6by Dyrepark kan du m\u00f8de b\u00e5de store og sm\u00e5 \u00e6sler, alpakaer, dv\u00e6rggeder, nubiske bukke og kaniner. Her bor ogs\u00e5 de popul\u00e6re minigrise Leif og Billy, som gerne tager imod b\u00e5de klap og godbidde&#8230;                    <button type=\"button\" class=\"contentImageTwoColumns contentImageTwoColumns__readMoreLess\">\n                        L\u00e6s mere +                    <\/button>\n                            <\/div>\n            <div class=\"contentImageTwoColumns contentImageTwoColumns__text contentImageTwoColumns__text--full\" style=\"color: \">\n                <p>I Bj\u00f6rk\u00f6by Dyrepark kan du m\u00f8de b\u00e5de store og sm\u00e5 \u00e6sler, alpakaer, dv\u00e6rggeder, nubiske bukke og kaniner. Her bor ogs\u00e5 de popul\u00e6re minigrise Leif og Billy, som gerne tager imod b\u00e5de klap og godbidder. I parken f\u00e5r du mulighed for at komme t\u00e6t p\u00e5 dyrene og l\u00e6re mere om dem. Ved flere af dyrene kan du g\u00e5 ind og klappe dem, og ved s\u00e6rlige lejligheder kan du endda pr\u00f8ve at ride p\u00e5 et \u00e6sel. Du kan ogs\u00e5 bes\u00f8ge den hyggelige caf\u00e9 Glutenfria fiket og nyde noget godt at spise og drikke.<\/p>\n                <button type=\"button\" class=\"contentImageTwoColumns contentImageTwoColumns__readMoreLess\">\n                    L\u00e6s mindre &#8211;                <\/button>\n            <\/div>\n                        <div class=\"wp-block-buttons is-layout-flex wp-block-buttons-is-layout-flex\">\n                <div class=\"wp-block-button arrow-white\">\n                    <a aria-label=\"L\u00e6s mere\" class=\"wp-block-button__link wp-element-button\" href=\"https:\/\/bjorkobydjurpark.se\/\" style=\"background-color: #133a26; color: #ffffff;border: solid 1px #133a26\">\n                        L\u00e6s mere                    <\/a>\n                <\/div>\n            <\/div>\n                                <\/div>\n        <div class=\"contentImageTwoColumns contentImageTwoColumns__imageWrapper\">\n            <img loading=\"lazy\" decoding=\"async\" width=\"1024\" height=\"740\" src=\"https:\/\/www.visitsmaland.se\/wp-content\/uploads\/2026\/03\/Bjorkoby-djurpark-91312-1024x740.jpg\" class=\"attachment-grid-card-images size-grid-card-images\" alt=\"\" \/>        <\/div>\n    <\/div>\n<\/div>\n\n\n  \n<div class=\"featuredTwoColumns featuredTwoColumns__wrapper\">\n    <div class=\"featuredTwoColumns featuredTwoColumns__container\">  \n            <div class=\"featuredTwoColumns featuredTwoColumns__feturedWrapper\">\n            <a aria-label=\"Oplevelser for b\u00f8rn i Sm\u00e5land\" href=\"https:\/\/www.visitsmaland.se\/dk\/opdag\/oplevelser-for-boern-i-smaaland\/\"class=\"featuredTwoColumns featuredTwoColumns__imageWrapper\">\n                <img loading=\"lazy\" decoding=\"async\" width=\"1024\" height=\"740\" src=\"https:\/\/www.visitsmaland.se\/wp-content\/uploads\/2020\/06\/Smaland_9067-1024x740.jpg\" class=\"attachment-grid-card-images size-grid-card-images wp-post-image\" alt=\"Zwei Kinder spielen im Garten auf einer Schaukel\" \/>            <\/a>\n            <div class=\"featuredTwoColumns featuredTwoColumns__contentWrapper\">\n                <h2 class=\"featuredTwoColumns featuredTwoColumns__heading\">\n                    Oplevelser for b\u00f8rn i Sm\u00e5land                <\/h2>\n                <p class=\"featuredTwoColumns featuredTwoColumns__description\">\n                    Oplevelser for b\u00f8rn i Sm\u00e5land. Hands up og ind at s\u2026                <\/p>\n                 \n                 \n                <div class=\"wp-block-buttons is-layout-flex wp-block-buttons-is-layout-flex\">\n                    <div class=\"wp-block-button \">\n                        <a aria-label=\"Oplevelser for b\u00f8rn i Sm\u00e5land\"class=\"wp-block-button__link wp-element-button\" href=\"https:\/\/www.visitsmaland.se\/dk\/opdag\/oplevelser-for-boern-i-smaaland\/\">\n                            Opdag                       \n                         <\/a>\n                    <\/div>\n                <\/div>\n            <\/div>\n        <\/div>\n                <div class=\"featuredTwoColumns featuredTwoColumns__feturedWrapper\">\n            <a aria-label=\"Hesteeventyr i Sm\u00e5land\" href=\"https:\/\/www.visitsmaland.se\/dk\/opdag\/hesteeventyr\/\"class=\"featuredTwoColumns featuredTwoColumns__imageWrapper\">\n                <img loading=\"lazy\" decoding=\"async\" width=\"1024\" height=\"740\" src=\"https:\/\/www.visitsmaland.se\/wp-content\/uploads\/2024\/04\/Visingso-4-1024x740.jpg\" class=\"attachment-grid-card-images size-grid-card-images wp-post-image\" alt=\"\" \/>            <\/a>\n            <div class=\"featuredTwoColumns featuredTwoColumns__contentWrapper\">\n                <h2 class=\"featuredTwoColumns featuredTwoColumns__heading\">\n                    Hesteeventyr i Sm\u00e5land                <\/h2>\n                <p class=\"featuredTwoColumns featuredTwoColumns__description\">\n                    Rideture og ture i hestevogn. En harmonisk m\u00e5de at \u2026                <\/p>\n                 \n                 \n                <div class=\"wp-block-buttons is-layout-flex wp-block-buttons-is-layout-flex\">\n                    <div class=\"wp-block-button \">\n                        <a aria-label=\"Hesteeventyr i Sm\u00e5land\"class=\"wp-block-button__link wp-element-button\" href=\"https:\/\/www.visitsmaland.se\/dk\/opdag\/hesteeventyr\/\">\n                            Opdag                       \n                         <\/a>\n                    <\/div>\n                <\/div>\n            <\/div>\n        <\/div>\n            <\/div>\n<\/div>\n","protected":false},"excerpt":{"rendered":"<p>Sm\u00e5land er hjem for mange dyrearter \u2013 fra den mindste m\u00f8gbille til elgen, \u201dskovenes konge\u201d. Men det er ikke altid s\u00e5 let at opdage dyrene i naturen. Derfor har vi her nogle tips til steder, hvor du helt sikkert og p\u00e5 en tryg m\u00e5de kan se dyr i Sm\u00e5land.<\/p>\n","protected":false},"featured_media":38619,"parent":0,"menu_order":586,"template":"","tags":[],"land":[],"class_list":["post-82630","guide","type-guide","status-publish","has-post-thumbnail","hentry"],"acf":{"priority":""},"yoast_head":"<!-- This site is optimized with the Yoast SEO plugin v28.3 - https:\/\/yoast.com\/product\/yoast-seo-wordpress\/ -->\n<title>Oplev Sm\u00e5lands dyreliv i Sm\u00e5land | Visit Sm\u00e5land<\/title>\n<meta name=\"description\" content=\"Oplev Sm\u00e5lands dyreliv \u2013 elg, s\u00e6l, r\u00e5dyr og meget mere \u2013 p\u00e5 t\u00e6t hold i dyreparker og safariparker eller p\u00e5 observationssafari.\" \/>\n<meta name=\"robots\" content=\"index, follow, max-snippet:-1, max-image-preview:large, max-video-preview:-1\" \/>\n<link rel=\"canonical\" href=\"https:\/\/www.visitsmaland.se\/dk\/opdag\/se-dyr\/\" \/>\n<meta property=\"og:locale\" content=\"da_DK\" \/>\n<meta property=\"og:type\" content=\"article\" \/>\n<meta property=\"og:title\" content=\"Oplev Sm\u00e5lands dyreliv i Sm\u00e5land | Visit Sm\u00e5land\" \/>\n<meta property=\"og:description\" content=\"Oplev Sm\u00e5lands dyreliv \u2013 elg, s\u00e6l, r\u00e5dyr og meget mere \u2013 p\u00e5 t\u00e6t hold i dyreparker og safariparker eller p\u00e5 observationssafari.\" \/>\n<meta property=\"og:url\" content=\"https:\/\/www.visitsmaland.se\/dk\/opdag\/se-dyr\/\" \/>\n<meta property=\"og:site_name\" content=\"Visit Sm\u00e5land\" \/>\n<meta property=\"article:publisher\" content=\"https:\/\/www.facebook.com\/visitsmaland\/\" \/>\n<meta property=\"article:modified_time\" content=\"2026-05-07T09:23:51+00:00\" \/>\n<meta property=\"og:image\" content=\"https:\/\/www.visitsmaland.se\/wp-content\/uploads\/2020\/06\/jerker_andersson-moose_calf-7445.jpg\" \/>\n\t<meta property=\"og:image:width\" content=\"2000\" \/>\n\t<meta property=\"og:image:height\" content=\"1451\" \/>\n\t<meta property=\"og:image:type\" content=\"image\/jpeg\" \/>\n<meta name=\"twitter:card\" content=\"summary_large_image\" \/>\n<meta name=\"twitter:label1\" content=\"Estimeret l\u00e6setid\" \/>\n\t<meta name=\"twitter:data1\" content=\"2 minutter\" \/>\n<script type=\"application\/ld+json\" class=\"yoast-schema-graph\">{\"@context\":\"https:\\\/\\\/schema.org\",\"@graph\":[{\"@type\":\"WebPage\",\"@id\":\"https:\\\/\\\/www.visitsmaland.se\\\/dk\\\/opdag\\\/se-dyr\\\/\",\"url\":\"https:\\\/\\\/www.visitsmaland.se\\\/dk\\\/opdag\\\/se-dyr\\\/\",\"name\":\"Oplev Sm\u00e5lands dyreliv i Sm\u00e5land | Visit Sm\u00e5land\",\"isPartOf\":{\"@id\":\"https:\\\/\\\/www.visitsmaland.se\\\/dk\\\/#website\"},\"primaryImageOfPage\":{\"@id\":\"https:\\\/\\\/www.visitsmaland.se\\\/dk\\\/opdag\\\/se-dyr\\\/#primaryimage\"},\"image\":{\"@id\":\"https:\\\/\\\/www.visitsmaland.se\\\/dk\\\/opdag\\\/se-dyr\\\/#primaryimage\"},\"thumbnailUrl\":\"https:\\\/\\\/www.visitsmaland.se\\\/wp-content\\\/uploads\\\/2020\\\/06\\\/jerker_andersson-moose_calf-7445.jpg\",\"datePublished\":\"2024-04-09T10:54:08+00:00\",\"dateModified\":\"2026-05-07T09:23:51+00:00\",\"description\":\"Oplev Sm\u00e5lands dyreliv \u2013 elg, s\u00e6l, r\u00e5dyr og meget mere \u2013 p\u00e5 t\u00e6t hold i dyreparker og safariparker eller p\u00e5 observationssafari.\",\"breadcrumb\":{\"@id\":\"https:\\\/\\\/www.visitsmaland.se\\\/dk\\\/opdag\\\/se-dyr\\\/#breadcrumb\"},\"inLanguage\":\"da-DK\",\"potentialAction\":[{\"@type\":\"ReadAction\",\"target\":[\"https:\\\/\\\/www.visitsmaland.se\\\/dk\\\/opdag\\\/se-dyr\\\/\"]}]},{\"@type\":\"ImageObject\",\"inLanguage\":\"da-DK\",\"@id\":\"https:\\\/\\\/www.visitsmaland.se\\\/dk\\\/opdag\\\/se-dyr\\\/#primaryimage\",\"url\":\"https:\\\/\\\/www.visitsmaland.se\\\/wp-content\\\/uploads\\\/2020\\\/06\\\/jerker_andersson-moose_calf-7445.jpg\",\"contentUrl\":\"https:\\\/\\\/www.visitsmaland.se\\\/wp-content\\\/uploads\\\/2020\\\/06\\\/jerker_andersson-moose_calf-7445.jpg\",\"width\":2000,\"height\":1451,\"caption\":\"Foto: Jerker Andersson\"},{\"@type\":\"BreadcrumbList\",\"@id\":\"https:\\\/\\\/www.visitsmaland.se\\\/dk\\\/opdag\\\/se-dyr\\\/#breadcrumb\",\"itemListElement\":[{\"@type\":\"ListItem\",\"position\":1,\"name\":\"Forside\",\"item\":\"https:\\\/\\\/www.visitsmaland.se\\\/dk\\\/\"},{\"@type\":\"ListItem\",\"position\":2,\"name\":\"Oplev Sm\u00e5lands dyreliv\"}]},{\"@type\":\"WebSite\",\"@id\":\"https:\\\/\\\/www.visitsmaland.se\\\/dk\\\/#website\",\"url\":\"https:\\\/\\\/www.visitsmaland.se\\\/dk\\\/\",\"name\":\"Visit Sm\u00e5land\",\"description\":\"V\u00e4lkommen till Sm\u00e5land\",\"potentialAction\":[{\"@type\":\"SearchAction\",\"target\":{\"@type\":\"EntryPoint\",\"urlTemplate\":\"https:\\\/\\\/www.visitsmaland.se\\\/dk\\\/?s={search_term_string}\"},\"query-input\":{\"@type\":\"PropertyValueSpecification\",\"valueRequired\":true,\"valueName\":\"search_term_string\"}}],\"inLanguage\":\"da-DK\"}]}<\/script>\n<!-- \/ Yoast SEO plugin. -->","yoast_head_json":{"title":"Oplev Sm\u00e5lands dyreliv i Sm\u00e5land | Visit Sm\u00e5land","description":"Oplev Sm\u00e5lands dyreliv \u2013 elg, s\u00e6l, r\u00e5dyr og meget mere \u2013 p\u00e5 t\u00e6t hold i dyreparker og safariparker eller p\u00e5 observationssafari.","robots":{"index":"index","follow":"follow","max-snippet":"max-snippet:-1","max-image-preview":"max-image-preview:large","max-video-preview":"max-video-preview:-1"},"canonical":"https:\/\/www.visitsmaland.se\/dk\/opdag\/se-dyr\/","og_locale":"da_DK","og_type":"article","og_title":"Oplev Sm\u00e5lands dyreliv i Sm\u00e5land | Visit Sm\u00e5land","og_description":"Oplev Sm\u00e5lands dyreliv \u2013 elg, s\u00e6l, r\u00e5dyr og meget mere \u2013 p\u00e5 t\u00e6t hold i dyreparker og safariparker eller p\u00e5 observationssafari.","og_url":"https:\/\/www.visitsmaland.se\/dk\/opdag\/se-dyr\/","og_site_name":"Visit Sm\u00e5land","article_publisher":"https:\/\/www.facebook.com\/visitsmaland\/","article_modified_time":"2026-05-07T09:23:51+00:00","og_image":[{"width":2000,"height":1451,"url":"https:\/\/www.visitsmaland.se\/wp-content\/uploads\/2020\/06\/jerker_andersson-moose_calf-7445.jpg","type":"image\/jpeg"}],"twitter_card":"summary_large_image","twitter_misc":{"Estimeret l\u00e6setid":"2 minutter"},"schema":{"@context":"https:\/\/schema.org","@graph":[{"@type":"WebPage","@id":"https:\/\/www.visitsmaland.se\/dk\/opdag\/se-dyr\/","url":"https:\/\/www.visitsmaland.se\/dk\/opdag\/se-dyr\/","name":"Oplev Sm\u00e5lands dyreliv i Sm\u00e5land | Visit Sm\u00e5land","isPartOf":{"@id":"https:\/\/www.visitsmaland.se\/dk\/#website"},"primaryImageOfPage":{"@id":"https:\/\/www.visitsmaland.se\/dk\/opdag\/se-dyr\/#primaryimage"},"image":{"@id":"https:\/\/www.visitsmaland.se\/dk\/opdag\/se-dyr\/#primaryimage"},"thumbnailUrl":"https:\/\/www.visitsmaland.se\/wp-content\/uploads\/2020\/06\/jerker_andersson-moose_calf-7445.jpg","datePublished":"2024-04-09T10:54:08+00:00","dateModified":"2026-05-07T09:23:51+00:00","description":"Oplev Sm\u00e5lands dyreliv \u2013 elg, s\u00e6l, r\u00e5dyr og meget mere \u2013 p\u00e5 t\u00e6t hold i dyreparker og safariparker eller p\u00e5 observationssafari.","breadcrumb":{"@id":"https:\/\/www.visitsmaland.se\/dk\/opdag\/se-dyr\/#breadcrumb"},"inLanguage":"da-DK","potentialAction":[{"@type":"ReadAction","target":["https:\/\/www.visitsmaland.se\/dk\/opdag\/se-dyr\/"]}]},{"@type":"ImageObject","inLanguage":"da-DK","@id":"https:\/\/www.visitsmaland.se\/dk\/opdag\/se-dyr\/#primaryimage","url":"https:\/\/www.visitsmaland.se\/wp-content\/uploads\/2020\/06\/jerker_andersson-moose_calf-7445.jpg","contentUrl":"https:\/\/www.visitsmaland.se\/wp-content\/uploads\/2020\/06\/jerker_andersson-moose_calf-7445.jpg","width":2000,"height":1451,"caption":"Foto: Jerker Andersson"},{"@type":"BreadcrumbList","@id":"https:\/\/www.visitsmaland.se\/dk\/opdag\/se-dyr\/#breadcrumb","itemListElement":[{"@type":"ListItem","position":1,"name":"Forside","item":"https:\/\/www.visitsmaland.se\/dk\/"},{"@type":"ListItem","position":2,"name":"Oplev Sm\u00e5lands dyreliv"}]},{"@type":"WebSite","@id":"https:\/\/www.visitsmaland.se\/dk\/#website","url":"https:\/\/www.visitsmaland.se\/dk\/","name":"Visit Sm\u00e5land","description":"V\u00e4lkommen till Sm\u00e5land","potentialAction":[{"@type":"SearchAction","target":{"@type":"EntryPoint","urlTemplate":"https:\/\/www.visitsmaland.se\/dk\/?s={search_term_string}"},"query-input":{"@type":"PropertyValueSpecification","valueRequired":true,"valueName":"search_term_string"}}],"inLanguage":"da-DK"}]}},"_links":{"self":[{"href":"https:\/\/www.visitsmaland.se\/dk\/wp-json\/wp\/v2\/guide\/82630","targetHints":{"allow":["GET"]}}],"collection":[{"href":"https:\/\/www.visitsmaland.se\/dk\/wp-json\/wp\/v2\/guide"}],"about":[{"href":"https:\/\/www.visitsmaland.se\/dk\/wp-json\/wp\/v2\/types\/guide"}],"version-history":[{"count":5,"href":"https:\/\/www.visitsmaland.se\/dk\/wp-json\/wp\/v2\/guide\/82630\/revisions"}],"predecessor-version":[{"id":97665,"href":"https:\/\/www.visitsmaland.se\/dk\/wp-json\/wp\/v2\/guide\/82630\/revisions\/97665"}],"wp:featuredmedia":[{"embeddable":true,"href":"https:\/\/www.visitsmaland.se\/dk\/wp-json\/wp\/v2\/media\/38619"}],"wp:attachment":[{"href":"https:\/\/www.visitsmaland.se\/dk\/wp-json\/wp\/v2\/media?parent=82630"}],"wp:term":[{"taxonomy":"post_tag","embeddable":true,"href":"https:\/\/www.visitsmaland.se\/dk\/wp-json\/wp\/v2\/tags?post=82630"},{"taxonomy":"land","embeddable":true,"href":"https:\/\/www.visitsmaland.se\/dk\/wp-json\/wp\/v2\/land?post=82630"}],"curies":[{"name":"wp","href":"https:\/\/api.w.org\/{rel}","templated":true}]}}