{"id":85625,"date":"2020-06-10T10:01:32","date_gmt":"2020-06-10T08:01:32","guid":{"rendered":"https:\/\/www.visitsmaland.se\/upptack\/cycling-footsteps-of-emigrants\/"},"modified":"2026-06-18T12:50:13","modified_gmt":"2026-06-18T10:50:13","slug":"cykling-i-emigranternes-fodspor","status":"publish","type":"guide","link":"https:\/\/www.visitsmaland.se\/dk\/opdag\/cykling-i-emigranternes-fodspor\/","title":{"rendered":"Cykling i emigranternes fodspor"},"content":{"rendered":"<div class=\"postHerosection postHerosection__wrapper\">\n    <div class=\"postHerosection postHerosection__container\">\n        <h1 class=\"postHerosection postHerosection__heroHeading\">\n            Cykling i emigranternes fodspor        <\/h1>\n            <\/div>\n    <div class=\"postHerosection postHerosection__imageContainer\">\n        <img loading=\"lazy\" decoding=\"async\" width=\"2560\" height=\"1708\" src=\"https:\/\/www.visitsmaland.se\/wp-content\/uploads\/2023\/05\/Cykel-Utvandrarled2-scaled.jpg\" class=\"attachment-full size-full\" alt=\"\" srcset=\"https:\/\/www.visitsmaland.se\/wp-content\/uploads\/2023\/05\/Cykel-Utvandrarled2-scaled.jpg 2560w, https:\/\/www.visitsmaland.se\/wp-content\/uploads\/2023\/05\/Cykel-Utvandrarled2-300x200.jpg 300w, https:\/\/www.visitsmaland.se\/wp-content\/uploads\/2023\/05\/Cykel-Utvandrarled2-1024x683.jpg 1024w, https:\/\/www.visitsmaland.se\/wp-content\/uploads\/2023\/05\/Cykel-Utvandrarled2-768x512.jpg 768w, https:\/\/www.visitsmaland.se\/wp-content\/uploads\/2023\/05\/Cykel-Utvandrarled2-120x80.jpg 120w, https:\/\/www.visitsmaland.se\/wp-content\/uploads\/2023\/05\/Cykel-Utvandrarled2-1536x1025.jpg 1536w, https:\/\/www.visitsmaland.se\/wp-content\/uploads\/2023\/05\/Cykel-Utvandrarled2-2048x1366.jpg 2048w, https:\/\/www.visitsmaland.se\/wp-content\/uploads\/2023\/05\/Cykel-Utvandrarled2-600x400.jpg 600w\" sizes=\"(max-width: 2560px) 100vw, 2560px\" \/>    <\/div>\n<\/div>\n<div class=\"postHerosection postHerosection__breadcrumbs\">\n   <div class=\"postHerosection postHerosection__breadcrumbs-container\">\n        <p id=\"breadcrumbs\"><span><span><a href=\"https:\/\/www.visitsmaland.se\/dk\/\">Forside<\/a><\/span><\/span><\/p>    <\/div>\n<\/div>\n\n<div class=\"contentCta contentCta__wrapper\">\n    <div class=\"contentCta contentCta__container\">\n                    \t\t\t<div class=\"contentCta contentCta__text\" style=\"color: \">\n\t\t\t\t<p>Tag p\u00e5 cykeltur gennem det stenrige sm\u00e5landske landskab, som Vilhelm Mobergs emigranter engang forlod. Rundruten er 130 km lang og byder p\u00e5 mange overnatningsmuligheder. Du v\u00e6lger selv, hvor du vil starte og slutte, og hvor lange dagsetaper du \u00f8nsker at cykle.<\/p>\n\t\t\t<\/div>\n                <hr>\n            <\/div>\n<\/div>\n\n\n<div class=\"dynamicContentTwoColumns dynamicContentTwoColumns__wrapper\">\n    <div class=\"dynamicContentTwoColumns dynamicContentTwoColumns__container\">\n                                    <h3 class=\"dynamicContentTwoColumns dynamicContentTwoColumns__heading\">\n                    Udforsk Vilhelm Mobergs arv                <\/h3>\n                                                <div class=\"dynamicContentTwoColumns dynamicContentTwoColumns__text\">\n                    <p><p>Cykelruten f\u00f8lger for det meste grusveje og mindre asfaltveje og er p\u00e5 enkelte str\u00e6kninger ogs\u00e5 velegnet til mountainbike. Hvis du vil cykle hele ruten eller blot dele af den, findes der f\u00e6rdige pakker med overnatning og forplejning. Undervejs er der mange sev\u00e6rdigheder med tilknytning til <span class=\"hover:entity-accent entity-underline inline cursor-pointer align-baseline\"><span class=\"whitespace-normal\">Vilhelm Moberg<\/span><\/span> og udvandringen, blandt andet Moshultam\u00e5la gamle skole, \u00c5kerbykrysset og Ljuders kirke. Ruten g\u00e5r ogs\u00e5 gennem Glasriket og forbi <span class=\"hover:entity-accent entity-underline inline cursor-pointer align-baseline\"><span class=\"whitespace-normal\">Skrufs glasv\u00e6rk<\/span><\/span>. Der er rig mulighed for en forfriskende dukkert undervejs, da ruten passerer flere sm\u00e5 s\u00f8er med badevenlige steder.<\/p>\n<p>\n                <\/div>\n                                                <div class=\"dynamicContentTwoColumns dynamicContentTwoColumns__imageWrapper\">\n                    <img loading=\"lazy\" decoding=\"async\" width=\"334\" height=\"500\" src=\"https:\/\/www.visitsmaland.se\/wp-content\/uploads\/2020\/06\/Grimsnas-Korro-17-scaled-e1742457855690.jpg\" class=\"attachment-500x500 size-500x500\" alt=\"\" \/>                <\/div>\n                                                <div class=\"dynamicContentTwoColumns dynamicContentTwoColumns__imageWrapper\">\n                    <img loading=\"lazy\" decoding=\"async\" width=\"500\" height=\"334\" src=\"https:\/\/www.visitsmaland.se\/wp-content\/uploads\/2024\/04\/Grimsnas-Korro-7-scaled.jpg\" class=\"attachment-500x500 size-500x500\" alt=\"\" srcset=\"https:\/\/www.visitsmaland.se\/wp-content\/uploads\/2024\/04\/Grimsnas-Korro-7-scaled.jpg 2560w, https:\/\/www.visitsmaland.se\/wp-content\/uploads\/2024\/04\/Grimsnas-Korro-7-300x200.jpg 300w, https:\/\/www.visitsmaland.se\/wp-content\/uploads\/2024\/04\/Grimsnas-Korro-7-1024x683.jpg 1024w, https:\/\/www.visitsmaland.se\/wp-content\/uploads\/2024\/04\/Grimsnas-Korro-7-768x513.jpg 768w, https:\/\/www.visitsmaland.se\/wp-content\/uploads\/2024\/04\/Grimsnas-Korro-7-1536x1025.jpg 1536w, https:\/\/www.visitsmaland.se\/wp-content\/uploads\/2024\/04\/Grimsnas-Korro-7-2048x1367.jpg 2048w\" sizes=\"(max-width: 500px) 100vw, 500px\" \/>                <\/div>\n                                                <h3 class=\"dynamicContentTwoColumns dynamicContentTwoColumns__heading\">\n                    Hold pause undervejs                <\/h3>\n                                                <div class=\"dynamicContentTwoColumns dynamicContentTwoColumns__text\">\n                    <p><p>Langs ruten er der to s\u00e6rligt idylliske steder, som tilbyder hyggelige opholdspakker for \u00e9n eller flere dage. Korr\u00f6 ligger omgivet af den brusende Ronneby\u00e5n, og Grimsn\u00e4s Herrg\u00e5rd ligger smukt midt i l\u00f8vskov og enge. Begge tilbyder hyggelig overnatning, tre-retters middag, morgenmad og madpakker til dagens tur. Du kan ogs\u00e5 vandre p\u00e5 stien, og fra Korr\u00f6 er der mulighed for en kanotur, hvis du \u00f8nsker at opleve omr\u00e5det fra vandet.<\/p>\n<p>\n                <\/div>\n                                                <div class=\"wp-block-buttons is-layout-flex wp-block-buttons-is-layout-flex\">\n                    <div class=\"wp-block-button\">\n                        <a aria-label=\"L\u00e6s mere \" class=\"wp-block-button__link wp-element-button dynamicContentTwoColumns dynamicContentTwoColumns__ctaButton\" href=\"https:\/\/utvandrarleden.se\/cykla\/\">\n                            Cykel langs udvandrerruten utvandrarleden                        <\/a>\n                    <\/div>\n                <\/div>\n                        <\/div>\n<\/div>\n\n\n\n<figure class=\"wp-block-gallery has-nested-images columns-default is-cropped wp-block-gallery-2 is-layout-flex wp-block-gallery-is-layout-flex\">\n<figure class=\"wp-block-image size-large\"><img loading=\"lazy\" decoding=\"async\" width=\"1024\" height=\"683\" data-id=\"65401\" src=\"https:\/\/www.visitsmaland.se\/wp-content\/uploads\/2020\/06\/Grimsnas-Korro-6-1024x683.jpg\" alt=\"\" class=\"wp-image-65401\" srcset=\"https:\/\/www.visitsmaland.se\/wp-content\/uploads\/2020\/06\/Grimsnas-Korro-6-1024x683.jpg 1024w, https:\/\/www.visitsmaland.se\/wp-content\/uploads\/2020\/06\/Grimsnas-Korro-6-300x200.jpg 300w, https:\/\/www.visitsmaland.se\/wp-content\/uploads\/2020\/06\/Grimsnas-Korro-6-768x513.jpg 768w, https:\/\/www.visitsmaland.se\/wp-content\/uploads\/2020\/06\/Grimsnas-Korro-6-1536x1025.jpg 1536w, https:\/\/www.visitsmaland.se\/wp-content\/uploads\/2020\/06\/Grimsnas-Korro-6-2048x1367.jpg 2048w\" sizes=\"(max-width: 1024px) 100vw, 1024px\" \/><\/figure>\n\n\n\n<figure class=\"wp-block-image size-large\"><img loading=\"lazy\" decoding=\"async\" width=\"1024\" height=\"683\" data-id=\"33758\" src=\"https:\/\/www.visitsmaland.se\/wp-content\/uploads\/2024\/04\/cykel-grimsnas-korro-1024x683.jpg\" alt=\"\" class=\"wp-image-33758\" srcset=\"https:\/\/www.visitsmaland.se\/wp-content\/uploads\/2024\/04\/cykel-grimsnas-korro-1024x683.jpg 1024w, https:\/\/www.visitsmaland.se\/wp-content\/uploads\/2024\/04\/cykel-grimsnas-korro-300x200.jpg 300w, https:\/\/www.visitsmaland.se\/wp-content\/uploads\/2024\/04\/cykel-grimsnas-korro-768x513.jpg 768w, https:\/\/www.visitsmaland.se\/wp-content\/uploads\/2024\/04\/cykel-grimsnas-korro-1536x1025.jpg 1536w, https:\/\/www.visitsmaland.se\/wp-content\/uploads\/2024\/04\/cykel-grimsnas-korro-2048x1367.jpg 2048w\" sizes=\"(max-width: 1024px) 100vw, 1024px\" \/><\/figure>\n\n\n\n<figure class=\"wp-block-image size-large\"><img loading=\"lazy\" decoding=\"async\" width=\"1024\" height=\"683\" data-id=\"65411\" src=\"https:\/\/www.visitsmaland.se\/wp-content\/uploads\/2020\/06\/Grimsnas-Korro-13-1024x683.jpg\" alt=\"\" class=\"wp-image-65411\" srcset=\"https:\/\/www.visitsmaland.se\/wp-content\/uploads\/2020\/06\/Grimsnas-Korro-13-1024x683.jpg 1024w, https:\/\/www.visitsmaland.se\/wp-content\/uploads\/2020\/06\/Grimsnas-Korro-13-300x200.jpg 300w, https:\/\/www.visitsmaland.se\/wp-content\/uploads\/2020\/06\/Grimsnas-Korro-13-768x513.jpg 768w, https:\/\/www.visitsmaland.se\/wp-content\/uploads\/2020\/06\/Grimsnas-Korro-13-1536x1025.jpg 1536w, https:\/\/www.visitsmaland.se\/wp-content\/uploads\/2020\/06\/Grimsnas-Korro-13-2048x1367.jpg 2048w\" sizes=\"(max-width: 1024px) 100vw, 1024px\" \/><\/figure>\n<\/figure>\n\n\n<div class=\"contentImageTwoColumns contentImageTwoColumns__wrapper\" style=\"background-color: #f4f2eb\">\n    <div class=\"contentImageTwoColumns contentImageTwoColumns__container \">\n        <div class=\"contentImageTwoColumns contentImageTwoColumns__contentWrapper\">\n            <h2 class=\"contentImageTwoColumns contentImageTwoColumns__heading\" style=\"color: \">\n                Vilhelm Moberg            <\/h2>\n            <div class=\"contentImageTwoColumns contentImageTwoColumns__text contentImageTwoColumns__text--short\" style=\"color: \">\n                                    <p>I sine fire ber\u00f8mte romaner, som er oversat til 42 sprog, fort\u00e6ller <span class=\"hover:entity-accent entity-underline inline cursor-pointer align-baseline\"><span class=\"whitespace-normal\">Vilhelm M&#8230;                    <button type=\"button\" class=\"contentImageTwoColumns contentImageTwoColumns__readMoreLess\">\n                        L\u00e6s mere +                    <\/button>\n                            <\/div>\n            <div class=\"contentImageTwoColumns contentImageTwoColumns__text contentImageTwoColumns__text--full\" style=\"color: \">\n                <p>I sine fire ber\u00f8mte romaner, som er oversat til 42 sprog, fort\u00e6ller <span class=\"hover:entity-accent entity-underline inline cursor-pointer align-baseline\"><span class=\"whitespace-normal\">Vilhelm Moberg<\/span><\/span> historien om Karl Oskar, Kristina og 20 andre sm\u00e5l\u00e6ndere fra Ljuder, der udvandrede til USA i 1860\u2019erne. Samtidig er v\u00e6rket et storsl\u00e5et epos om emigranters sk\u00e6bner verden over \u2013 b\u00e5de dengang og i dag. I 2000 blev han af svenskerne k\u00e5ret som \u00e5rhundredets mest popul\u00e6re svenske forfatter. I Udvandrernes land mellem <span class=\"hover:entity-accent entity-underline inline cursor-pointer align-baseline\"><span class=\"whitespace-normal\">V\u00e4xj\u00f6<\/span><\/span> og <span class=\"hover:entity-accent entity-underline inline cursor-pointer align-baseline\"><span class=\"whitespace-normal\">Kalmar<\/span><\/span> kan man genkende stednavne fra b\u00f8gerne og filmatiseringerne. Den 110 km lange vandrerute Utvandrarleden l\u00f8ber gennem omr\u00e5det, og i V\u00e4xj\u00f6 ligger <span class=\"hover:entity-accent entity-underline inline cursor-pointer align-baseline\"><span class=\"whitespace-normal\">Utvandrarnas Hus<\/span><\/span> med en udstilling om den svenske emigration.<\/p>\n                <button type=\"button\" class=\"contentImageTwoColumns contentImageTwoColumns__readMoreLess\">\n                    L\u00e6s mindre &#8211;                <\/button>\n            <\/div>\n                        <div class=\"wp-block-buttons is-layout-flex wp-block-buttons-is-layout-flex\">\n                <div class=\"wp-block-button arrow-white\">\n                    <a aria-label=\"kulturparkensmaland.se\" class=\"wp-block-button__link wp-element-button\" href=\"https:\/\/www.kulturparkensmaland.se\/en\/moberg-and-the-emigrants\/\" style=\"background-color: #374632; color: #ffffff;border: solid 1px #374632\">\n                        kulturparkensmaland.se                    <\/a>\n                <\/div>\n            <\/div>\n                                <\/div>\n        <div class=\"contentImageTwoColumns contentImageTwoColumns__imageWrapper\">\n            <img loading=\"lazy\" decoding=\"async\" width=\"1024\" height=\"740\" src=\"https:\/\/www.visitsmaland.se\/wp-content\/uploads\/2024\/08\/Vilhelm-Moberg-1024x740.jpg\" class=\"attachment-grid-card-images size-grid-card-images\" alt=\"\" \/>        <\/div>\n    <\/div>\n<\/div>\n\n\n  \n<div class=\"featuredTwoColumns featuredTwoColumns__wrapper\">\n    <div class=\"featuredTwoColumns featuredTwoColumns__container\">  \n            <div class=\"featuredTwoColumns featuredTwoColumns__feturedWrapper\">\n            <a aria-label=\"Cykelturguide\" href=\"https:\/\/www.visitsmaland.se\/dk\/opdag\/cykelturguide\/\"class=\"featuredTwoColumns featuredTwoColumns__imageWrapper\">\n                <img loading=\"lazy\" decoding=\"async\" width=\"1024\" height=\"740\" src=\"https:\/\/www.visitsmaland.se\/wp-content\/uploads\/2024\/04\/topp_guide-1024x740.jpg\" class=\"attachment-grid-card-images size-grid-card-images wp-post-image\" alt=\"\" \/>            <\/a>\n            <div class=\"featuredTwoColumns featuredTwoColumns__contentWrapper\">\n                <h2 class=\"featuredTwoColumns featuredTwoColumns__heading\">\n                    Cykelturguide                <\/h2>\n                <p class=\"featuredTwoColumns featuredTwoColumns__description\">\n                    Oplev alle vores cykelruter med vores cykelturguide                <\/p>\n                 \n                 \n                <div class=\"wp-block-buttons is-layout-flex wp-block-buttons-is-layout-flex\">\n                    <div class=\"wp-block-button \">\n                        <a aria-label=\"Cykelturguide\"class=\"wp-block-button__link wp-element-button\" href=\"https:\/\/www.visitsmaland.se\/dk\/opdag\/cykelturguide\/\">\n                            Opdag                       \n                         <\/a>\n                    <\/div>\n                <\/div>\n            <\/div>\n        <\/div>\n                <div class=\"featuredTwoColumns featuredTwoColumns__feturedWrapper\">\n            <a aria-label=\"Cykling i Sm\u00e5land\" href=\"https:\/\/www.visitsmaland.se\/dk\/opdag\/cykle-i-smaaland\/\"class=\"featuredTwoColumns featuredTwoColumns__imageWrapper\">\n                <img loading=\"lazy\" decoding=\"async\" width=\"1024\" height=\"683\" src=\"https:\/\/www.visitsmaland.se\/wp-content\/uploads\/2020\/06\/cyklaruntA\u030asnen-scaled.jpg\" class=\"attachment-grid-card-images size-grid-card-images wp-post-image\" alt=\"\" srcset=\"https:\/\/www.visitsmaland.se\/wp-content\/uploads\/2020\/06\/cyklaruntA\u030asnen-scaled.jpg 2000w, https:\/\/www.visitsmaland.se\/wp-content\/uploads\/2020\/06\/cyklaruntA\u030asnen-300x200.jpg 300w, https:\/\/www.visitsmaland.se\/wp-content\/uploads\/2020\/06\/cyklaruntA\u030asnen-1024x683.jpg 1024w, https:\/\/www.visitsmaland.se\/wp-content\/uploads\/2020\/06\/cyklaruntA\u030asnen-768x512.jpg 768w, https:\/\/www.visitsmaland.se\/wp-content\/uploads\/2020\/06\/cyklaruntA\u030asnen-1536x1024.jpg 1536w, https:\/\/www.visitsmaland.se\/wp-content\/uploads\/2020\/06\/cyklaruntA\u030asnen-2048x1365.jpg 2048w, https:\/\/www.visitsmaland.se\/wp-content\/uploads\/2020\/06\/cyklaruntA\u030asnen-600x400.jpg 600w\" sizes=\"(max-width: 1024px) 100vw, 1024px\" \/>            <\/a>\n            <div class=\"featuredTwoColumns featuredTwoColumns__contentWrapper\">\n                <h2 class=\"featuredTwoColumns featuredTwoColumns__heading\">\n                    Cykling i Sm\u00e5land                <\/h2>\n                <p class=\"featuredTwoColumns featuredTwoColumns__description\">\n                    Cykle i Sm\u00e5land. Skal der kilometer i benene og vin\u2026                <\/p>\n                 \n                 \n                <div class=\"wp-block-buttons is-layout-flex wp-block-buttons-is-layout-flex\">\n                    <div class=\"wp-block-button \">\n                        <a aria-label=\"Cykling i Sm\u00e5land\"class=\"wp-block-button__link wp-element-button\" href=\"https:\/\/www.visitsmaland.se\/dk\/opdag\/cykle-i-smaaland\/\">\n                            Opdag                       \n                         <\/a>\n                    <\/div>\n                <\/div>\n            <\/div>\n        <\/div>\n            <\/div>\n<\/div>\n","protected":false},"excerpt":{"rendered":"<p>Tag en cykeltur gennem det stenede Sm\u00e5land, som Vilhelm Mobergs emigranter engang forlod. Det er en 130 km lang rundrute med mange muligheder for overnatning. Du v\u00e6lger selv, hvor du vil starte og slutte, og hvor lange dagsetaper du \u00f8nsker at cykle.<\/p>\n","protected":false},"featured_media":40623,"parent":0,"menu_order":1139,"template":"","tags":[186],"land":[39],"class_list":["post-85625","guide","type-guide","status-publish","has-post-thumbnail","hentry","tag-featured-dk","land-aventyrslandet"],"acf":{"priority":""},"yoast_head":"<!-- This site is optimized with the Yoast SEO plugin v28.3 - https:\/\/yoast.com\/product\/yoast-seo-wordpress\/ -->\n<title>Cykling i emigranternes fodspor | Visit Sm\u00e5land<\/title>\n<meta name=\"description\" content=\"Tag en cykeltur gennem det stenede Sm\u00e5land, som Vilhelm Mobergs emigranter engang forlod, det er en 130 km lang rundrute.\" \/>\n<meta name=\"robots\" content=\"index, follow, max-snippet:-1, max-image-preview:large, max-video-preview:-1\" \/>\n<link rel=\"canonical\" href=\"https:\/\/www.visitsmaland.se\/dk\/opdag\/cykling-i-emigranternes-fodspor\/\" \/>\n<meta property=\"og:locale\" content=\"da_DK\" \/>\n<meta property=\"og:type\" content=\"article\" \/>\n<meta property=\"og:title\" content=\"Cykling i emigranternes fodspor | Visit Sm\u00e5land\" \/>\n<meta property=\"og:description\" content=\"Tag en cykeltur gennem det stenede Sm\u00e5land, som Vilhelm Mobergs emigranter engang forlod, det er en 130 km lang rundrute.\" \/>\n<meta property=\"og:url\" content=\"https:\/\/www.visitsmaland.se\/dk\/opdag\/cykling-i-emigranternes-fodspor\/\" \/>\n<meta property=\"og:site_name\" content=\"Visit Sm\u00e5land\" \/>\n<meta property=\"article:publisher\" content=\"https:\/\/www.facebook.com\/visitsmaland\/\" \/>\n<meta property=\"article:modified_time\" content=\"2026-06-18T10:50:13+00:00\" \/>\n<meta property=\"og:image\" content=\"https:\/\/www.visitsmaland.se\/wp-content\/uploads\/2023\/05\/Cykel-Utvandrarled2-scaled.jpg\" \/>\n\t<meta property=\"og:image:width\" content=\"2560\" \/>\n\t<meta property=\"og:image:height\" content=\"1708\" \/>\n\t<meta property=\"og:image:type\" content=\"image\/jpeg\" \/>\n<meta name=\"twitter:card\" content=\"summary_large_image\" \/>\n<meta name=\"twitter:label1\" content=\"Estimeret l\u00e6setid\" \/>\n\t<meta name=\"twitter:data1\" content=\"4 minutter\" \/>\n<script type=\"application\/ld+json\" class=\"yoast-schema-graph\">{\"@context\":\"https:\\\/\\\/schema.org\",\"@graph\":[{\"@type\":\"WebPage\",\"@id\":\"https:\\\/\\\/www.visitsmaland.se\\\/dk\\\/opdag\\\/cykling-i-emigranternes-fodspor\\\/\",\"url\":\"https:\\\/\\\/www.visitsmaland.se\\\/dk\\\/opdag\\\/cykling-i-emigranternes-fodspor\\\/\",\"name\":\"Cykling i emigranternes fodspor | Visit Sm\u00e5land\",\"isPartOf\":{\"@id\":\"https:\\\/\\\/www.visitsmaland.se\\\/dk\\\/#website\"},\"primaryImageOfPage\":{\"@id\":\"https:\\\/\\\/www.visitsmaland.se\\\/dk\\\/opdag\\\/cykling-i-emigranternes-fodspor\\\/#primaryimage\"},\"image\":{\"@id\":\"https:\\\/\\\/www.visitsmaland.se\\\/dk\\\/opdag\\\/cykling-i-emigranternes-fodspor\\\/#primaryimage\"},\"thumbnailUrl\":\"https:\\\/\\\/www.visitsmaland.se\\\/wp-content\\\/uploads\\\/2023\\\/05\\\/Cykel-Utvandrarled2-scaled.jpg\",\"datePublished\":\"2020-06-10T08:01:32+00:00\",\"dateModified\":\"2026-06-18T10:50:13+00:00\",\"description\":\"Tag en cykeltur gennem det stenede Sm\u00e5land, som Vilhelm Mobergs emigranter engang forlod, det er en 130 km lang rundrute.\",\"breadcrumb\":{\"@id\":\"https:\\\/\\\/www.visitsmaland.se\\\/dk\\\/opdag\\\/cykling-i-emigranternes-fodspor\\\/#breadcrumb\"},\"inLanguage\":\"da-DK\",\"potentialAction\":[{\"@type\":\"ReadAction\",\"target\":[\"https:\\\/\\\/www.visitsmaland.se\\\/dk\\\/opdag\\\/cykling-i-emigranternes-fodspor\\\/\"]}]},{\"@type\":\"ImageObject\",\"inLanguage\":\"da-DK\",\"@id\":\"https:\\\/\\\/www.visitsmaland.se\\\/dk\\\/opdag\\\/cykling-i-emigranternes-fodspor\\\/#primaryimage\",\"url\":\"https:\\\/\\\/www.visitsmaland.se\\\/wp-content\\\/uploads\\\/2023\\\/05\\\/Cykel-Utvandrarled2-scaled.jpg\",\"contentUrl\":\"https:\\\/\\\/www.visitsmaland.se\\\/wp-content\\\/uploads\\\/2023\\\/05\\\/Cykel-Utvandrarled2-scaled.jpg\",\"width\":2560,\"height\":1708},{\"@type\":\"BreadcrumbList\",\"@id\":\"https:\\\/\\\/www.visitsmaland.se\\\/dk\\\/opdag\\\/cykling-i-emigranternes-fodspor\\\/#breadcrumb\",\"itemListElement\":[{\"@type\":\"ListItem\",\"position\":1,\"name\":\"Forside\",\"item\":\"https:\\\/\\\/www.visitsmaland.se\\\/dk\\\/\"},{\"@type\":\"ListItem\",\"position\":2,\"name\":\"Cykling i emigranternes fodspor\"}]},{\"@type\":\"WebSite\",\"@id\":\"https:\\\/\\\/www.visitsmaland.se\\\/dk\\\/#website\",\"url\":\"https:\\\/\\\/www.visitsmaland.se\\\/dk\\\/\",\"name\":\"Visit Sm\u00e5land\",\"description\":\"V\u00e4lkommen till Sm\u00e5land\",\"potentialAction\":[{\"@type\":\"SearchAction\",\"target\":{\"@type\":\"EntryPoint\",\"urlTemplate\":\"https:\\\/\\\/www.visitsmaland.se\\\/dk\\\/?s={search_term_string}\"},\"query-input\":{\"@type\":\"PropertyValueSpecification\",\"valueRequired\":true,\"valueName\":\"search_term_string\"}}],\"inLanguage\":\"da-DK\"}]}<\/script>\n<!-- \/ Yoast SEO plugin. -->","yoast_head_json":{"title":"Cykling i emigranternes fodspor | Visit Sm\u00e5land","description":"Tag en cykeltur gennem det stenede Sm\u00e5land, som Vilhelm Mobergs emigranter engang forlod, det er en 130 km lang rundrute.","robots":{"index":"index","follow":"follow","max-snippet":"max-snippet:-1","max-image-preview":"max-image-preview:large","max-video-preview":"max-video-preview:-1"},"canonical":"https:\/\/www.visitsmaland.se\/dk\/opdag\/cykling-i-emigranternes-fodspor\/","og_locale":"da_DK","og_type":"article","og_title":"Cykling i emigranternes fodspor | Visit Sm\u00e5land","og_description":"Tag en cykeltur gennem det stenede Sm\u00e5land, som Vilhelm Mobergs emigranter engang forlod, det er en 130 km lang rundrute.","og_url":"https:\/\/www.visitsmaland.se\/dk\/opdag\/cykling-i-emigranternes-fodspor\/","og_site_name":"Visit Sm\u00e5land","article_publisher":"https:\/\/www.facebook.com\/visitsmaland\/","article_modified_time":"2026-06-18T10:50:13+00:00","og_image":[{"width":2560,"height":1708,"url":"https:\/\/www.visitsmaland.se\/wp-content\/uploads\/2023\/05\/Cykel-Utvandrarled2-scaled.jpg","type":"image\/jpeg"}],"twitter_card":"summary_large_image","twitter_misc":{"Estimeret l\u00e6setid":"4 minutter"},"schema":{"@context":"https:\/\/schema.org","@graph":[{"@type":"WebPage","@id":"https:\/\/www.visitsmaland.se\/dk\/opdag\/cykling-i-emigranternes-fodspor\/","url":"https:\/\/www.visitsmaland.se\/dk\/opdag\/cykling-i-emigranternes-fodspor\/","name":"Cykling i emigranternes fodspor | Visit Sm\u00e5land","isPartOf":{"@id":"https:\/\/www.visitsmaland.se\/dk\/#website"},"primaryImageOfPage":{"@id":"https:\/\/www.visitsmaland.se\/dk\/opdag\/cykling-i-emigranternes-fodspor\/#primaryimage"},"image":{"@id":"https:\/\/www.visitsmaland.se\/dk\/opdag\/cykling-i-emigranternes-fodspor\/#primaryimage"},"thumbnailUrl":"https:\/\/www.visitsmaland.se\/wp-content\/uploads\/2023\/05\/Cykel-Utvandrarled2-scaled.jpg","datePublished":"2020-06-10T08:01:32+00:00","dateModified":"2026-06-18T10:50:13+00:00","description":"Tag en cykeltur gennem det stenede Sm\u00e5land, som Vilhelm Mobergs emigranter engang forlod, det er en 130 km lang rundrute.","breadcrumb":{"@id":"https:\/\/www.visitsmaland.se\/dk\/opdag\/cykling-i-emigranternes-fodspor\/#breadcrumb"},"inLanguage":"da-DK","potentialAction":[{"@type":"ReadAction","target":["https:\/\/www.visitsmaland.se\/dk\/opdag\/cykling-i-emigranternes-fodspor\/"]}]},{"@type":"ImageObject","inLanguage":"da-DK","@id":"https:\/\/www.visitsmaland.se\/dk\/opdag\/cykling-i-emigranternes-fodspor\/#primaryimage","url":"https:\/\/www.visitsmaland.se\/wp-content\/uploads\/2023\/05\/Cykel-Utvandrarled2-scaled.jpg","contentUrl":"https:\/\/www.visitsmaland.se\/wp-content\/uploads\/2023\/05\/Cykel-Utvandrarled2-scaled.jpg","width":2560,"height":1708},{"@type":"BreadcrumbList","@id":"https:\/\/www.visitsmaland.se\/dk\/opdag\/cykling-i-emigranternes-fodspor\/#breadcrumb","itemListElement":[{"@type":"ListItem","position":1,"name":"Forside","item":"https:\/\/www.visitsmaland.se\/dk\/"},{"@type":"ListItem","position":2,"name":"Cykling i emigranternes fodspor"}]},{"@type":"WebSite","@id":"https:\/\/www.visitsmaland.se\/dk\/#website","url":"https:\/\/www.visitsmaland.se\/dk\/","name":"Visit Sm\u00e5land","description":"V\u00e4lkommen till Sm\u00e5land","potentialAction":[{"@type":"SearchAction","target":{"@type":"EntryPoint","urlTemplate":"https:\/\/www.visitsmaland.se\/dk\/?s={search_term_string}"},"query-input":{"@type":"PropertyValueSpecification","valueRequired":true,"valueName":"search_term_string"}}],"inLanguage":"da-DK"}]}},"_links":{"self":[{"href":"https:\/\/www.visitsmaland.se\/dk\/wp-json\/wp\/v2\/guide\/85625","targetHints":{"allow":["GET"]}}],"collection":[{"href":"https:\/\/www.visitsmaland.se\/dk\/wp-json\/wp\/v2\/guide"}],"about":[{"href":"https:\/\/www.visitsmaland.se\/dk\/wp-json\/wp\/v2\/types\/guide"}],"version-history":[{"count":3,"href":"https:\/\/www.visitsmaland.se\/dk\/wp-json\/wp\/v2\/guide\/85625\/revisions"}],"predecessor-version":[{"id":101833,"href":"https:\/\/www.visitsmaland.se\/dk\/wp-json\/wp\/v2\/guide\/85625\/revisions\/101833"}],"wp:featuredmedia":[{"embeddable":true,"href":"https:\/\/www.visitsmaland.se\/dk\/wp-json\/wp\/v2\/media\/40623"}],"wp:attachment":[{"href":"https:\/\/www.visitsmaland.se\/dk\/wp-json\/wp\/v2\/media?parent=85625"}],"wp:term":[{"taxonomy":"post_tag","embeddable":true,"href":"https:\/\/www.visitsmaland.se\/dk\/wp-json\/wp\/v2\/tags?post=85625"},{"taxonomy":"land","embeddable":true,"href":"https:\/\/www.visitsmaland.se\/dk\/wp-json\/wp\/v2\/land?post=85625"}],"curies":[{"name":"wp","href":"https:\/\/api.w.org\/{rel}","templated":true}]}}