{"id":93760,"date":"2026-03-19T11:49:39","date_gmt":"2026-03-19T10:49:39","guid":{"rendered":"https:\/\/www.visitsmaland.se\/?post_type=guide&#038;p=93760"},"modified":"2026-03-19T13:18:21","modified_gmt":"2026-03-19T12:18:21","slug":"sarahs-naturoplevelser-paa-oeen-oeland","status":"publish","type":"guide","link":"https:\/\/www.visitsmaland.se\/dk\/opdag\/sarahs-naturoplevelser-paa-oeen-oeland\/","title":{"rendered":"Sarahs naturoplevelser p\u00e5 \u00f8en \u00d6land"},"content":{"rendered":"<div class=\"postHerosection postHerosection__wrapper\">\n    <div class=\"postHerosection postHerosection__container\">\n        <h1 class=\"postHerosection postHerosection__heroHeading\">\n            Sarahs naturoplevelser p\u00e5 \u00f8en \u00d6land        <\/h1>\n            <\/div>\n    <div class=\"postHerosection postHerosection__imageContainer\">\n        <img loading=\"lazy\" decoding=\"async\" width=\"2560\" height=\"1707\" src=\"https:\/\/www.visitsmaland.se\/wp-content\/uploads\/2026\/03\/gillberga-stenbrott-@sarahinthegreen-scaled.jpg\" class=\"attachment-full size-full\" alt=\"\" srcset=\"https:\/\/www.visitsmaland.se\/wp-content\/uploads\/2026\/03\/gillberga-stenbrott-@sarahinthegreen-scaled.jpg 2560w, https:\/\/www.visitsmaland.se\/wp-content\/uploads\/2026\/03\/gillberga-stenbrott-@sarahinthegreen-300x200.jpg 300w, https:\/\/www.visitsmaland.se\/wp-content\/uploads\/2026\/03\/gillberga-stenbrott-@sarahinthegreen-1024x683.jpg 1024w, https:\/\/www.visitsmaland.se\/wp-content\/uploads\/2026\/03\/gillberga-stenbrott-@sarahinthegreen-768x512.jpg 768w, https:\/\/www.visitsmaland.se\/wp-content\/uploads\/2026\/03\/gillberga-stenbrott-@sarahinthegreen-1536x1024.jpg 1536w, https:\/\/www.visitsmaland.se\/wp-content\/uploads\/2026\/03\/gillberga-stenbrott-@sarahinthegreen-2048x1365.jpg 2048w\" sizes=\"(max-width: 2560px) 100vw, 2560px\" \/>    <\/div>\n<\/div>\n<div class=\"postHerosection postHerosection__breadcrumbs\">\n   <div class=\"postHerosection postHerosection__breadcrumbs-container\">\n        <p id=\"breadcrumbs\"><span><span><a href=\"https:\/\/www.visitsmaland.se\/dk\/\">Forside<\/a><\/span><\/span><\/p>    <\/div>\n<\/div>\n\n<div class=\"contentImageTwoColumns contentImageTwoColumns__wrapper\" style=\"background-color: \">\n    <div class=\"contentImageTwoColumns contentImageTwoColumns__container \">\n        <div class=\"contentImageTwoColumns contentImageTwoColumns__contentWrapper\">\n            <h2 class=\"contentImageTwoColumns contentImageTwoColumns__heading\" style=\"color: \">\n                Sarah Green            <\/h2>\n            <div class=\"contentImageTwoColumns contentImageTwoColumns__text contentImageTwoColumns__text--short\" style=\"color: \">\n                                    <p>Sarah Green driver rejsebloggen og Instagram-kontoen Sarahinthegreen \u2013 som er Danmarks st\u00f8rste blog om naturoplevelser. Sarah elsker naturen i alle afskygninger, uanset om der er tale om vandreture&#8230;                    <button type=\"button\" class=\"contentImageTwoColumns contentImageTwoColumns__readMoreLess\">\n                        L\u00e6s mere +                    <\/button>\n                            <\/div>\n            <div class=\"contentImageTwoColumns contentImageTwoColumns__text contentImageTwoColumns__text--full\" style=\"color: \">\n                <p>Sarah Green driver rejsebloggen og Instagram-kontoen Sarahinthegreen \u2013 som er Danmarks st\u00f8rste blog om naturoplevelser. Sarah elsker naturen i alle afskygninger, uanset om der er tale om vandreture, dyr, smukke udsigter eller overnatningssteder i natursk\u00f8nne omgivelser. Det hele ender som rejseguides og smukke billeder til inspiration for alle dem der f\u00f8lger med. F\u00f8lg Sarah p\u00e5 Instagram: <a href=\"http:\/\/www.instagram.com\/sarahinthegreen\">@sarahinthegreen<\/a><\/p>\n                <button type=\"button\" class=\"contentImageTwoColumns contentImageTwoColumns__readMoreLess\">\n                    L\u00e6s mindre &#8211;                <\/button>\n            <\/div>\n                        <div class=\"wp-block-buttons is-layout-flex wp-block-buttons-is-layout-flex\">\n                <div class=\"wp-block-button \">\n                    <a aria-label=\"F\u00f8lg Sarahs Blogg\" class=\"wp-block-button__link wp-element-button\" href=\"https:\/\/www.sarahinthegreen.com\/da\/\" style=\"background-color: #fbbd51; color: ;border: solid 1px #fbbd51\">\n                        F\u00f8lg Sarahs Blogg                    <\/a>\n                <\/div>\n            <\/div>\n                                <\/div>\n        <div class=\"contentImageTwoColumns contentImageTwoColumns__imageWrapper\">\n            <img loading=\"lazy\" decoding=\"async\" width=\"600\" height=\"724\" src=\"https:\/\/www.visitsmaland.se\/wp-content\/uploads\/2024\/04\/sarah-green-sarahinthegreen-portrait-round-long.jpg\" class=\"attachment-grid-card-images size-grid-card-images\" alt=\"\" srcset=\"https:\/\/www.visitsmaland.se\/wp-content\/uploads\/2024\/04\/sarah-green-sarahinthegreen-portrait-round-long.jpg 600w, https:\/\/www.visitsmaland.se\/wp-content\/uploads\/2024\/04\/sarah-green-sarahinthegreen-portrait-round-long-249x300.jpg 249w\" sizes=\"(max-width: 600px) 100vw, 600px\" \/>        <\/div>\n    <\/div>\n<\/div>\n\n\n<div class=\"dynamicContentTwoColumns dynamicContentTwoColumns__wrapper\">\n    <div class=\"dynamicContentTwoColumns dynamicContentTwoColumns__container\">\n                                    <h3 class=\"dynamicContentTwoColumns dynamicContentTwoColumns__heading\">\n                    4 timers k\u00f8rsel fra K\u00f8benhavn                <\/h3>\n                                                <div class=\"dynamicContentTwoColumns dynamicContentTwoColumns__text\">\n                    <p><p>Jeg har igen f\u00e5et lov til at lave et masse l\u00e6kkert content om mit yndlingsnaboland Sverige. Denne gang om den fine \u00f8 \u00d6land som ligger ud for Sm\u00e5lands kyst ca. 4 timers k\u00f8rsel fra K\u00f8benhavn. Jeg kan godt afsl\u00f8re at \u00d6land er fuld af fine sev\u00e6rdigheder og smukke steder!<\/p>\n<p>\n                <\/div>\n                                                <div class=\"wp-block-buttons is-layout-flex wp-block-buttons-is-layout-flex\">\n                    <div class=\"wp-block-button\">\n                        <a aria-label=\"L\u00e6s mere \" class=\"wp-block-button__link wp-element-button dynamicContentTwoColumns dynamicContentTwoColumns__ctaButton\" href=\"https:\/\/en.oland.se\/\">\n                            L\u00e6s mere om \u00d6land                        <\/a>\n                    <\/div>\n                <\/div>\n                                                <h3 class=\"dynamicContentTwoColumns dynamicContentTwoColumns__heading\">\n                    Det sydlige \u00d6land                <\/h3>\n                                                <div class=\"dynamicContentTwoColumns dynamicContentTwoColumns__text\">\n                    <p><p>Man kommer til \u00d6land via byen Kalmar over en 6 kilometer lang bro med en sjov h\u00f8j bue p\u00e5 midten s\u00e5 skibene kan komme under. \u00d6land er en meget lang og smal \u00f8 med en l\u00e6ngde p\u00e5 cirka 150 km (det tager lidt over to timer at k\u00f8re fra den ene ende til de anden. Da de mest interessante steder ligger enten langt mod nord eller syd, giver det mening at overnatte to forskellige steder p\u00e5 \u00f8en. Det var i hvert fald s\u00e5dan vi valgte at opdele vores tur.<\/p>\n<p>\n                <\/div>\n                                                <h3 class=\"dynamicContentTwoColumns dynamicContentTwoColumns__heading\">\n                    Overnatning p\u00e5 All\u00e9g\u00e5rden i Kastl\u00f6sa                <\/h3>\n                                                <div class=\"dynamicContentTwoColumns dynamicContentTwoColumns__imageWrapper\">\n                    <img loading=\"lazy\" decoding=\"async\" width=\"500\" height=\"333\" src=\"https:\/\/www.visitsmaland.se\/wp-content\/uploads\/2026\/03\/allega\u2560e\u0300rden-kastlosa-@sarahinthegreen-scaled.jpg\" class=\"attachment-500x500 size-500x500\" alt=\"\" srcset=\"https:\/\/www.visitsmaland.se\/wp-content\/uploads\/2026\/03\/allega\u2560e\u0300rden-kastlosa-@sarahinthegreen-scaled.jpg 2560w, https:\/\/www.visitsmaland.se\/wp-content\/uploads\/2026\/03\/allega\u2560e\u0300rden-kastlosa-@sarahinthegreen-300x200.jpg 300w, https:\/\/www.visitsmaland.se\/wp-content\/uploads\/2026\/03\/allega\u2560e\u0300rden-kastlosa-@sarahinthegreen-1024x683.jpg 1024w, https:\/\/www.visitsmaland.se\/wp-content\/uploads\/2026\/03\/allega\u2560e\u0300rden-kastlosa-@sarahinthegreen-768x512.jpg 768w, https:\/\/www.visitsmaland.se\/wp-content\/uploads\/2026\/03\/allega\u2560e\u0300rden-kastlosa-@sarahinthegreen-1536x1024.jpg 1536w, https:\/\/www.visitsmaland.se\/wp-content\/uploads\/2026\/03\/allega\u2560e\u0300rden-kastlosa-@sarahinthegreen-2048x1365.jpg 2048w\" sizes=\"(max-width: 500px) 100vw, 500px\" \/>                <\/div>\n                                                <div class=\"dynamicContentTwoColumns dynamicContentTwoColumns__text\">\n                    <p><p>Under vores bes\u00f8g p\u00e5 det sydlig \u00d6land boede vi p\u00e5 All\u00e9g\u00e5rden i den lille landsby Kastl\u00f6sa. All\u00e9g\u00e5rden har b\u00e5de hotelv\u00e6relser, hostelv\u00e6relser og hytter. Vi boede p\u00e5 hotelv\u00e6relse i hovedbygningen p\u00e5 billedet herunder som var super hyggeligt med blomstret tapet p\u00e5 v\u00e6ggene og eget bad og toilet. Stedet har ogs\u00e5 egen restaurant hvor der serveres morgenmad for alle g\u00e6ster \u2013 og hvor man ogs\u00e5 kan tilk\u00f8be dagens ret til aftensmad, som typisk best\u00e5r af traditionelle \u00d6landske retter. Vi fik smagt retten Lufsa \u2013 en slags kartoffelt\u00e6rte med bacon.<\/p>\n<p>\n                <\/div>\n                                                <div class=\"wp-block-buttons is-layout-flex wp-block-buttons-is-layout-flex\">\n                    <div class=\"wp-block-button\">\n                        <a aria-label=\"L\u00e6s mere \" class=\"wp-block-button__link wp-element-button dynamicContentTwoColumns dynamicContentTwoColumns__ctaButton\" href=\"https:\/\/kastlosa.se\/en\/\">\n                            All\u00e9g\u00e5rden i Kastl\u00f6sa                        <\/a>\n                    <\/div>\n                <\/div>\n                                                <div class=\"dynamicContentTwoColumns dynamicContentTwoColumns__imageWrapper\">\n                    <img loading=\"lazy\" decoding=\"async\" width=\"333\" height=\"500\" src=\"https:\/\/www.visitsmaland.se\/wp-content\/uploads\/2026\/03\/allega\u2560e\u0300rden-kastlosa-3@sarahinthegreen-scaled.jpg\" class=\"attachment-500x500 size-500x500\" alt=\"\" srcset=\"https:\/\/www.visitsmaland.se\/wp-content\/uploads\/2026\/03\/allega\u2560e\u0300rden-kastlosa-3@sarahinthegreen-scaled.jpg 1707w, https:\/\/www.visitsmaland.se\/wp-content\/uploads\/2026\/03\/allega\u2560e\u0300rden-kastlosa-3@sarahinthegreen-200x300.jpg 200w, https:\/\/www.visitsmaland.se\/wp-content\/uploads\/2026\/03\/allega\u2560e\u0300rden-kastlosa-3@sarahinthegreen-683x1024.jpg 683w, https:\/\/www.visitsmaland.se\/wp-content\/uploads\/2026\/03\/allega\u2560e\u0300rden-kastlosa-3@sarahinthegreen-768x1152.jpg 768w, https:\/\/www.visitsmaland.se\/wp-content\/uploads\/2026\/03\/allega\u2560e\u0300rden-kastlosa-3@sarahinthegreen-1024x1536.jpg 1024w, https:\/\/www.visitsmaland.se\/wp-content\/uploads\/2026\/03\/allega\u2560e\u0300rden-kastlosa-3@sarahinthegreen-1365x2048.jpg 1365w\" sizes=\"(max-width: 333px) 100vw, 333px\" \/>                <\/div>\n                        <\/div>\n<\/div>\n\n\n<div class=\"contentImageTwoColumns contentImageTwoColumns__wrapper\" style=\"background-color: #133a26\">\n    <div class=\"contentImageTwoColumns contentImageTwoColumns__container \">\n        <div class=\"contentImageTwoColumns contentImageTwoColumns__contentWrapper\">\n            <h2 class=\"contentImageTwoColumns contentImageTwoColumns__heading\" style=\"color: #ffffff\">\n                Ud at g\u00e5 p\u00e5 Alvaret            <\/h2>\n            <div class=\"contentImageTwoColumns contentImageTwoColumns__text contentImageTwoColumns__text--short\" style=\"color: #ffffff\">\n                                    <p>Gps-en blev sat til\u00a0M\u00f6ckelmossen\u00a0hvor vi skulle ud at se p\u00e5 den helt s\u00e6rlige naturtype som fylder omkring en fjerdedel af \u00d6land og det meste af syd\u00f8en. Alvaret hedder den og er store omr\u00e5der med ka&#8230;                    <button type=\"button\" class=\"contentImageTwoColumns contentImageTwoColumns__readMoreLess\">\n                        L\u00e6s mere +                    <\/button>\n                            <\/div>\n            <div class=\"contentImageTwoColumns contentImageTwoColumns__text contentImageTwoColumns__text--full\" style=\"color: #ffffff\">\n                <p>Gps-en blev sat til\u00a0M\u00f6ckelmossen\u00a0hvor vi skulle ud at se p\u00e5 den helt s\u00e6rlige naturtype som fylder omkring en fjerdedel af \u00d6land og det meste af syd\u00f8en. Alvaret hedder den og er store omr\u00e5der med kalkstenslette, hvor jordlaget er s\u00e5 tyndt at det har v\u00e6ret ubrugeligt som landbrugsjord og derfra har v\u00e6ret afgr\u00e6sset af dyr i mange \u00e5r. Det har skabt et goldt og tr\u00e6l\u00f8st landskab, men med en k\u00e6mpe artsrigdom af blomster. Vi bes\u00f8gte \u00d6land i slutningen af august, hvor de fleste var afblomstret, men landskabet var stadig imponerende. Vidtstrakt, fladt og s\u00e6rpr\u00e6get.<\/p>\n                <button type=\"button\" class=\"contentImageTwoColumns contentImageTwoColumns__readMoreLess\">\n                    L\u00e6s mindre &#8211;                <\/button>\n            <\/div>\n                        <div class=\"wp-block-buttons is-layout-flex wp-block-buttons-is-layout-flex\">\n                <div class=\"wp-block-button \">\n                    <a aria-label=\"M\u00f6ckelmossen\" class=\"wp-block-button__link wp-element-button\" href=\"https:\/\/www.google.com\/maps\/place\/M%C3%B6ckelmossen\/@56.5282266,16.5197014,229m\/data=!3m1!1e3!4m6!3m5!1s0x46f8811bfaa6a8f1:0x9b6eea2d79a1366c!8m2!3d56.5278996!4d16.5207487!16s%2Fg%2F11fd7100pq?entry=ttu&#038;g_ep=EgoyMDI2MDMxNS4wIKXMDSoASAFQAw%3D%3D\" style=\"background-color: #f0efe9; color: #000000;border: solid 1px #f0efe9\">\n                        M\u00f6ckelmossen                    <\/a>\n                <\/div>\n            <\/div>\n                                <\/div>\n        <div class=\"contentImageTwoColumns contentImageTwoColumns__imageWrapper\">\n            <img loading=\"lazy\" decoding=\"async\" width=\"1024\" height=\"740\" src=\"https:\/\/www.visitsmaland.se\/wp-content\/uploads\/2026\/03\/Alvaret-@sarahinthegreen-1024x740.jpg\" class=\"attachment-grid-card-images size-grid-card-images\" alt=\"\" \/>        <\/div>\n    <\/div>\n<\/div>\n\n\n<div class=\"contentImageTwoColumns contentImageTwoColumns__wrapper\" style=\"background-color: #f0efe9\">\n    <div class=\"contentImageTwoColumns contentImageTwoColumns__container layout-reversed\">\n        <div class=\"contentImageTwoColumns contentImageTwoColumns__contentWrapper\">\n            <h2 class=\"contentImageTwoColumns contentImageTwoColumns__heading\" style=\"color: #111111\">\n                F\u00e5gelv\u00e4gen og Gr\u00e4sg\u00e5rds fiskehamn            <\/h2>\n            <div class=\"contentImageTwoColumns contentImageTwoColumns__text contentImageTwoColumns__text--short\" style=\"color: #111111\">\n                                    <p>Fra M\u00f6ckelmossen forts\u00e6tter vi ud til \u00d6lands \u00f8stkyst og k\u00f8rer sydp\u00e5 p\u00e5 F\u00e5gelv\u00e4gen som den kaldes. Med Alvaret p\u00e5 den ene side og endel\u00f8se strandenge p\u00e5 den anden k\u00f8rer vi igennem de sm\u00e5 byer langs &#8230;                    <button type=\"button\" class=\"contentImageTwoColumns contentImageTwoColumns__readMoreLess\">\n                        L\u00e6s mere +                    <\/button>\n                            <\/div>\n            <div class=\"contentImageTwoColumns contentImageTwoColumns__text contentImageTwoColumns__text--full\" style=\"color: #111111\">\n                <p>Fra M\u00f6ckelmossen forts\u00e6tter vi ud til \u00d6lands \u00f8stkyst og k\u00f8rer sydp\u00e5 p\u00e5 F\u00e5gelv\u00e4gen som den kaldes. Med Alvaret p\u00e5 den ene side og endel\u00f8se strandenge p\u00e5 den anden k\u00f8rer vi igennem de sm\u00e5 byer langs kysten.\u00a0 Vejen lever op til sit navn for snart ser vi en k\u00e6mpe flok traner og senere flere hav\u00f8rne der sv\u00e6ver henover vejen. Vi k\u00f8rer ned til den fine lille Gr\u00e4sg\u00e5rds Fiskehamn med de r\u00f8de fiskerhuse. Her st\u00e5r flere fugleentusiaster med store kikkerter og spejder efter fuglene p\u00e5 strandegnene. Der er ingen tvivl om at \u00d6land er en fantastisk fuglelokation!<\/p>\n                <button type=\"button\" class=\"contentImageTwoColumns contentImageTwoColumns__readMoreLess\">\n                    L\u00e6s mindre &#8211;                <\/button>\n            <\/div>\n                        <div class=\"wp-block-buttons is-layout-flex wp-block-buttons-is-layout-flex\">\n                <div class=\"wp-block-button arrow-white\">\n                    <a aria-label=\"Gr\u00e4sg\u00e5rds Fiskehamn\" class=\"wp-block-button__link wp-element-button\" href=\"https:\/\/grasgardshamn.se\/\" style=\"background-color: #133a26; color: #ffffff;border: solid 1px #133a26\">\n                        Gr\u00e4sg\u00e5rds Fiskehamn                    <\/a>\n                <\/div>\n            <\/div>\n                                <\/div>\n        <div class=\"contentImageTwoColumns contentImageTwoColumns__imageWrapper\">\n            <img loading=\"lazy\" decoding=\"async\" width=\"1024\" height=\"740\" src=\"https:\/\/www.visitsmaland.se\/wp-content\/uploads\/2026\/03\/grashamn2-@sarahinthegreen-1024x740.jpg\" class=\"attachment-grid-card-images size-grid-card-images\" alt=\"\" \/>        <\/div>\n    <\/div>\n<\/div>\n\n\n\n<div style=\"height:20px\" aria-hidden=\"true\" class=\"wp-block-spacer\"><\/div>\n\n\n\n<figure class=\"wp-block-gallery has-nested-images columns-default is-cropped wp-block-gallery-2 is-layout-flex wp-block-gallery-is-layout-flex\">\n<figure class=\"wp-block-image size-large\"><img loading=\"lazy\" decoding=\"async\" width=\"2560\" height=\"2560\" data-id=\"94042\" src=\"https:\/\/www.visitsmaland.se\/wp-content\/uploads\/2026\/03\/grashamn-@sarahinthegreen-edited-scaled.jpg\" alt=\"\" class=\"wp-image-94042\" srcset=\"https:\/\/www.visitsmaland.se\/wp-content\/uploads\/2026\/03\/grashamn-@sarahinthegreen-edited-scaled.jpg 2560w, https:\/\/www.visitsmaland.se\/wp-content\/uploads\/2026\/03\/grashamn-@sarahinthegreen-edited-300x300.jpg 300w, https:\/\/www.visitsmaland.se\/wp-content\/uploads\/2026\/03\/grashamn-@sarahinthegreen-edited-1024x1024.jpg 1024w, https:\/\/www.visitsmaland.se\/wp-content\/uploads\/2026\/03\/grashamn-@sarahinthegreen-edited-150x150.jpg 150w, https:\/\/www.visitsmaland.se\/wp-content\/uploads\/2026\/03\/grashamn-@sarahinthegreen-edited-768x768.jpg 768w, https:\/\/www.visitsmaland.se\/wp-content\/uploads\/2026\/03\/grashamn-@sarahinthegreen-edited-1536x1536.jpg 1536w, https:\/\/www.visitsmaland.se\/wp-content\/uploads\/2026\/03\/grashamn-@sarahinthegreen-edited-2048x2048.jpg 2048w\" sizes=\"(max-width: 2560px) 100vw, 2560px\" \/><\/figure>\n\n\n\n<figure class=\"wp-block-image size-large\"><img loading=\"lazy\" decoding=\"async\" width=\"2558\" height=\"2560\" data-id=\"94047\" src=\"https:\/\/www.visitsmaland.se\/wp-content\/uploads\/2026\/03\/grashamn3-@sarahinthegreen-edited-scaled.jpg\" alt=\"\" class=\"wp-image-94047\" srcset=\"https:\/\/www.visitsmaland.se\/wp-content\/uploads\/2026\/03\/grashamn3-@sarahinthegreen-edited-scaled.jpg 2558w, https:\/\/www.visitsmaland.se\/wp-content\/uploads\/2026\/03\/grashamn3-@sarahinthegreen-edited-300x300.jpg 300w, https:\/\/www.visitsmaland.se\/wp-content\/uploads\/2026\/03\/grashamn3-@sarahinthegreen-edited-1024x1024.jpg 1024w, https:\/\/www.visitsmaland.se\/wp-content\/uploads\/2026\/03\/grashamn3-@sarahinthegreen-edited-150x150.jpg 150w, https:\/\/www.visitsmaland.se\/wp-content\/uploads\/2026\/03\/grashamn3-@sarahinthegreen-edited-768x768.jpg 768w, https:\/\/www.visitsmaland.se\/wp-content\/uploads\/2026\/03\/grashamn3-@sarahinthegreen-edited-1536x1536.jpg 1536w\" sizes=\"(max-width: 2558px) 100vw, 2558px\" \/><\/figure>\n<\/figure>\n\n\n<div class=\"dynamicContentTwoColumns dynamicContentTwoColumns__wrapper\">\n    <div class=\"dynamicContentTwoColumns dynamicContentTwoColumns__container\">\n                                    <h3 class=\"dynamicContentTwoColumns dynamicContentTwoColumns__heading\">\n                    Eketorps Borg                <\/h3>\n                                                <div class=\"dynamicContentTwoColumns dynamicContentTwoColumns__text\">\n                    <p><p>Lidt l\u00e6ngere sydp\u00e5 svinger vi ind mod Eketorps Borg som er en ud af mange borge og fortidslevn p\u00e5 \u00d6land. Men Eketorp er s\u00e6rlig fin fordi den ikke er en ruin, men er blevet bevaret og genopbygget s\u00e5 den st\u00e5r som den gjorde i jernalderen og middelalderen. Meget fascinerende oplevelse at st\u00e5 midt i en \u201crigtig\u201d borg, hvor man ikke skal bruge s\u00e6rlig meget fantasi for at f\u00f8le sig hensat til fortiden.\u00a0 Og s\u00e5 ligger den s\u00e5 smukt i landskabet og er et fantastisk dronemotiv med sin runde form.<\/p>\n<p>\n                <\/div>\n                                                <h3 class=\"dynamicContentTwoColumns dynamicContentTwoColumns__heading\">\n                    Tips inden bes\u00f8g                <\/h3>\n                                                <div class=\"dynamicContentTwoColumns dynamicContentTwoColumns__text\">\n                    <p><p>I \u00e5bningstiden kan man ogs\u00e5 bes\u00f8ge det tilknyttede museum. Uden for \u00e5bningstiden kan man stadig komme ind p\u00e5 borgen \u2013 bare ikke i museet og i husene inde i borgen.<\/p>\n<p>\n                <\/div>\n                                                <div class=\"wp-block-buttons is-layout-flex wp-block-buttons-is-layout-flex\">\n                    <div class=\"wp-block-button\">\n                        <a aria-label=\"L\u00e6s mere \" class=\"wp-block-button__link wp-element-button dynamicContentTwoColumns dynamicContentTwoColumns__ctaButton\" href=\"https:\/\/eketorpsborg.se\/\">\n                            Eketorps Borg                        <\/a>\n                    <\/div>\n                <\/div>\n                                                <div class=\"dynamicContentTwoColumns dynamicContentTwoColumns__imageWrapper\">\n                    <img loading=\"lazy\" decoding=\"async\" width=\"500\" height=\"333\" src=\"https:\/\/www.visitsmaland.se\/wp-content\/uploads\/2026\/03\/Eketorps-borg-drone-@sarahinthegreen-scaled.jpg\" class=\"attachment-500x500 size-500x500\" alt=\"\" srcset=\"https:\/\/www.visitsmaland.se\/wp-content\/uploads\/2026\/03\/Eketorps-borg-drone-@sarahinthegreen-scaled.jpg 2560w, https:\/\/www.visitsmaland.se\/wp-content\/uploads\/2026\/03\/Eketorps-borg-drone-@sarahinthegreen-300x200.jpg 300w, https:\/\/www.visitsmaland.se\/wp-content\/uploads\/2026\/03\/Eketorps-borg-drone-@sarahinthegreen-1024x682.jpg 1024w, https:\/\/www.visitsmaland.se\/wp-content\/uploads\/2026\/03\/Eketorps-borg-drone-@sarahinthegreen-768x512.jpg 768w, https:\/\/www.visitsmaland.se\/wp-content\/uploads\/2026\/03\/Eketorps-borg-drone-@sarahinthegreen-1536x1023.jpg 1536w, https:\/\/www.visitsmaland.se\/wp-content\/uploads\/2026\/03\/Eketorps-borg-drone-@sarahinthegreen-2048x1364.jpg 2048w\" sizes=\"(max-width: 500px) 100vw, 500px\" \/>                <\/div>\n                        <\/div>\n<\/div>\n\n\n\n<figure class=\"wp-block-gallery has-nested-images columns-default is-cropped wp-block-gallery-3 is-layout-flex wp-block-gallery-is-layout-flex\">\n<figure class=\"wp-block-image size-large\"><img loading=\"lazy\" decoding=\"async\" width=\"683\" height=\"1024\" data-id=\"93806\" src=\"https:\/\/www.visitsmaland.se\/wp-content\/uploads\/2026\/03\/Eketorps-borg2-@sarahinthegreen-683x1024.jpg\" alt=\"\" class=\"wp-image-93806\" srcset=\"https:\/\/www.visitsmaland.se\/wp-content\/uploads\/2026\/03\/Eketorps-borg2-@sarahinthegreen-683x1024.jpg 683w, https:\/\/www.visitsmaland.se\/wp-content\/uploads\/2026\/03\/Eketorps-borg2-@sarahinthegreen-200x300.jpg 200w, https:\/\/www.visitsmaland.se\/wp-content\/uploads\/2026\/03\/Eketorps-borg2-@sarahinthegreen-768x1152.jpg 768w, https:\/\/www.visitsmaland.se\/wp-content\/uploads\/2026\/03\/Eketorps-borg2-@sarahinthegreen-1024x1536.jpg 1024w, https:\/\/www.visitsmaland.se\/wp-content\/uploads\/2026\/03\/Eketorps-borg2-@sarahinthegreen-1365x2048.jpg 1365w, https:\/\/www.visitsmaland.se\/wp-content\/uploads\/2026\/03\/Eketorps-borg2-@sarahinthegreen-scaled.jpg 1707w\" sizes=\"(max-width: 683px) 100vw, 683px\" \/><\/figure>\n\n\n\n<figure class=\"wp-block-image size-large\"><img loading=\"lazy\" decoding=\"async\" width=\"1024\" height=\"683\" data-id=\"93796\" src=\"https:\/\/www.visitsmaland.se\/wp-content\/uploads\/2026\/03\/Eketorps-borg-3@sarahinthegreen-1024x683.jpg\" alt=\"\" class=\"wp-image-93796\" srcset=\"https:\/\/www.visitsmaland.se\/wp-content\/uploads\/2026\/03\/Eketorps-borg-3@sarahinthegreen-1024x683.jpg 1024w, https:\/\/www.visitsmaland.se\/wp-content\/uploads\/2026\/03\/Eketorps-borg-3@sarahinthegreen-300x200.jpg 300w, https:\/\/www.visitsmaland.se\/wp-content\/uploads\/2026\/03\/Eketorps-borg-3@sarahinthegreen-768x512.jpg 768w, https:\/\/www.visitsmaland.se\/wp-content\/uploads\/2026\/03\/Eketorps-borg-3@sarahinthegreen-1536x1024.jpg 1536w, https:\/\/www.visitsmaland.se\/wp-content\/uploads\/2026\/03\/Eketorps-borg-3@sarahinthegreen-2048x1365.jpg 2048w\" sizes=\"(max-width: 1024px) 100vw, 1024px\" \/><\/figure>\n\n\n\n<figure class=\"wp-block-image size-large\"><img loading=\"lazy\" decoding=\"async\" width=\"1024\" height=\"683\" data-id=\"93811\" src=\"https:\/\/www.visitsmaland.se\/wp-content\/uploads\/2026\/03\/Eketorps-borg4-@sarahinthegreen-1024x683.jpg\" alt=\"\" class=\"wp-image-93811\" srcset=\"https:\/\/www.visitsmaland.se\/wp-content\/uploads\/2026\/03\/Eketorps-borg4-@sarahinthegreen-1024x683.jpg 1024w, https:\/\/www.visitsmaland.se\/wp-content\/uploads\/2026\/03\/Eketorps-borg4-@sarahinthegreen-300x200.jpg 300w, https:\/\/www.visitsmaland.se\/wp-content\/uploads\/2026\/03\/Eketorps-borg4-@sarahinthegreen-768x512.jpg 768w, https:\/\/www.visitsmaland.se\/wp-content\/uploads\/2026\/03\/Eketorps-borg4-@sarahinthegreen-1536x1024.jpg 1536w, https:\/\/www.visitsmaland.se\/wp-content\/uploads\/2026\/03\/Eketorps-borg4-@sarahinthegreen-2048x1365.jpg 2048w\" sizes=\"(max-width: 1024px) 100vw, 1024px\" \/><\/figure>\n\n\n\n<figure class=\"wp-block-image size-large\"><img loading=\"lazy\" decoding=\"async\" width=\"1024\" height=\"683\" data-id=\"93791\" src=\"https:\/\/www.visitsmaland.se\/wp-content\/uploads\/2026\/03\/Eketorps-borg-@sarahinthegreen-1024x683.jpg\" alt=\"\" class=\"wp-image-93791\" srcset=\"https:\/\/www.visitsmaland.se\/wp-content\/uploads\/2026\/03\/Eketorps-borg-@sarahinthegreen-1024x683.jpg 1024w, https:\/\/www.visitsmaland.se\/wp-content\/uploads\/2026\/03\/Eketorps-borg-@sarahinthegreen-300x200.jpg 300w, https:\/\/www.visitsmaland.se\/wp-content\/uploads\/2026\/03\/Eketorps-borg-@sarahinthegreen-768x512.jpg 768w, https:\/\/www.visitsmaland.se\/wp-content\/uploads\/2026\/03\/Eketorps-borg-@sarahinthegreen-1536x1024.jpg 1536w, https:\/\/www.visitsmaland.se\/wp-content\/uploads\/2026\/03\/Eketorps-borg-@sarahinthegreen-2048x1365.jpg 2048w\" sizes=\"(max-width: 1024px) 100vw, 1024px\" \/><\/figure>\n<\/figure>\n\n\n<div class=\"contentImageTwoColumns contentImageTwoColumns__wrapper\" style=\"background-color: #133a26\">\n    <div class=\"contentImageTwoColumns contentImageTwoColumns__container \">\n        <div class=\"contentImageTwoColumns contentImageTwoColumns__contentWrapper\">\n            <h2 class=\"contentImageTwoColumns contentImageTwoColumns__heading\" style=\"color: #ffffff\">\n                Ottenby og L\u00e5nge Jan            <\/h2>\n            <div class=\"contentImageTwoColumns contentImageTwoColumns__text contentImageTwoColumns__text--short\" style=\"color: #ffffff\">\n                                    <p>Alleryderst p\u00e5 \u00d6lands sydspids fra Ottenby og ud til fyret L\u00e5nge Jan str\u00e6kker sig et fladt slettelignende landskab med spredte tr\u00e6er, sten, f\u00e5r og d\u00e5dyr. Vi k\u00f8rte over f\u00e6risten og ud p\u00e5 en lang sma&#8230;                    <button type=\"button\" class=\"contentImageTwoColumns contentImageTwoColumns__readMoreLess\">\n                        L\u00e6s mere +                    <\/button>\n                            <\/div>\n            <div class=\"contentImageTwoColumns contentImageTwoColumns__text contentImageTwoColumns__text--full\" style=\"color: #ffffff\">\n                <p>Alleryderst p\u00e5 \u00d6lands sydspids fra Ottenby og ud til fyret L\u00e5nge Jan str\u00e6kker sig et fladt slettelignende landskab med spredte tr\u00e6er, sten, f\u00e5r og d\u00e5dyr. Vi k\u00f8rte over f\u00e6risten og ud p\u00e5 en lang smal grusvej der l\u00f8ber igennem det hele forbi fiskerhuse af sten og fugle i massevis. For enden fandt vi fyret L\u00e5nge Jan (jeps fyrene p\u00e5 \u00d6land har ret sjove navne) og den lille cafe\u00a0<a href=\"http:\/\/restfagelbla.se\/\" target=\"_blank\" rel=\"noopener\">F\u00e5gel Bl\u00e5<\/a>, hvor vi fik hjorteb\u00f8ffer til frokost. Det myldrer med endnu flere fugle ude p\u00e5 spidsen og p\u00e5 en sandbanke ude i vandet spottede flere s\u00e6ler der l\u00e5 og str\u00e6kkede sig. Virkelig et smukt sted med en helt s\u00e6rlig atmosf\u00e6re!<\/p>\n                <button type=\"button\" class=\"contentImageTwoColumns contentImageTwoColumns__readMoreLess\">\n                    L\u00e6s mindre &#8211;                <\/button>\n            <\/div>\n                        <div class=\"wp-block-buttons is-layout-flex wp-block-buttons-is-layout-flex\">\n                <div class=\"wp-block-button \">\n                    <a aria-label=\"Ottenby\" class=\"wp-block-button__link wp-element-button\" href=\"https:\/\/www.ottenby.se\/en\/\" style=\"background-color: #f0efe9; color: #111111;border: solid 1px #f0efe9\">\n                        Ottenby                    <\/a>\n                <\/div>\n            <\/div>\n                                <\/div>\n        <div class=\"contentImageTwoColumns contentImageTwoColumns__imageWrapper\">\n            <img loading=\"lazy\" decoding=\"async\" width=\"1024\" height=\"740\" src=\"https:\/\/www.visitsmaland.se\/wp-content\/uploads\/2026\/03\/la\u2560e\u0300nge-jan-@sarahinthegreen-1024x740.jpg\" class=\"attachment-grid-card-images size-grid-card-images\" alt=\"\" \/>        <\/div>\n    <\/div>\n<\/div>\n\n\n\n<div style=\"height:20px\" aria-hidden=\"true\" class=\"wp-block-spacer\"><\/div>\n\n\n\n<figure class=\"wp-block-gallery has-nested-images columns-default is-cropped wp-block-gallery-4 is-layout-flex wp-block-gallery-is-layout-flex\">\n<figure class=\"wp-block-image size-large\"><img loading=\"lazy\" decoding=\"async\" width=\"768\" height=\"1024\" data-id=\"93946\" src=\"https:\/\/www.visitsmaland.se\/wp-content\/uploads\/2026\/03\/Ottenby4-@sarahinthegreen-768x1024.jpg\" alt=\"\" class=\"wp-image-93946\" srcset=\"https:\/\/www.visitsmaland.se\/wp-content\/uploads\/2026\/03\/Ottenby4-@sarahinthegreen-768x1024.jpg 768w, https:\/\/www.visitsmaland.se\/wp-content\/uploads\/2026\/03\/Ottenby4-@sarahinthegreen-225x300.jpg 225w, https:\/\/www.visitsmaland.se\/wp-content\/uploads\/2026\/03\/Ottenby4-@sarahinthegreen-1152x1536.jpg 1152w, https:\/\/www.visitsmaland.se\/wp-content\/uploads\/2026\/03\/Ottenby4-@sarahinthegreen-1536x2048.jpg 1536w, https:\/\/www.visitsmaland.se\/wp-content\/uploads\/2026\/03\/Ottenby4-@sarahinthegreen-scaled.jpg 1920w\" sizes=\"(max-width: 768px) 100vw, 768px\" \/><\/figure>\n\n\n\n<figure class=\"wp-block-image size-large\"><img loading=\"lazy\" decoding=\"async\" width=\"1024\" height=\"683\" data-id=\"93941\" src=\"https:\/\/www.visitsmaland.se\/wp-content\/uploads\/2026\/03\/Ottenby3-@sarahinthegreen-1024x683.jpg\" alt=\"\" class=\"wp-image-93941\" srcset=\"https:\/\/www.visitsmaland.se\/wp-content\/uploads\/2026\/03\/Ottenby3-@sarahinthegreen-1024x683.jpg 1024w, https:\/\/www.visitsmaland.se\/wp-content\/uploads\/2026\/03\/Ottenby3-@sarahinthegreen-300x200.jpg 300w, https:\/\/www.visitsmaland.se\/wp-content\/uploads\/2026\/03\/Ottenby3-@sarahinthegreen-768x512.jpg 768w, https:\/\/www.visitsmaland.se\/wp-content\/uploads\/2026\/03\/Ottenby3-@sarahinthegreen-1536x1024.jpg 1536w, https:\/\/www.visitsmaland.se\/wp-content\/uploads\/2026\/03\/Ottenby3-@sarahinthegreen-2048x1365.jpg 2048w\" sizes=\"(max-width: 1024px) 100vw, 1024px\" \/><\/figure>\n\n\n\n<figure class=\"wp-block-image size-large\"><img loading=\"lazy\" decoding=\"async\" width=\"768\" height=\"1024\" data-id=\"93966\" src=\"https:\/\/www.visitsmaland.se\/wp-content\/uploads\/2026\/03\/sodra-udde-bird-@sarahinthegreen-768x1024.jpg\" alt=\"\" class=\"wp-image-93966\" srcset=\"https:\/\/www.visitsmaland.se\/wp-content\/uploads\/2026\/03\/sodra-udde-bird-@sarahinthegreen-768x1024.jpg 768w, https:\/\/www.visitsmaland.se\/wp-content\/uploads\/2026\/03\/sodra-udde-bird-@sarahinthegreen-225x300.jpg 225w, https:\/\/www.visitsmaland.se\/wp-content\/uploads\/2026\/03\/sodra-udde-bird-@sarahinthegreen-1152x1536.jpg 1152w, https:\/\/www.visitsmaland.se\/wp-content\/uploads\/2026\/03\/sodra-udde-bird-@sarahinthegreen-1536x2048.jpg 1536w, https:\/\/www.visitsmaland.se\/wp-content\/uploads\/2026\/03\/sodra-udde-bird-@sarahinthegreen-scaled.jpg 1920w\" sizes=\"(max-width: 768px) 100vw, 768px\" \/><\/figure>\n<\/figure>\n\n\n<div class=\"contentImageTwoColumns contentImageTwoColumns__wrapper\" style=\"background-color: #f0efe9\">\n    <div class=\"contentImageTwoColumns contentImageTwoColumns__container layout-reversed\">\n        <div class=\"contentImageTwoColumns contentImageTwoColumns__contentWrapper\">\n            <h2 class=\"contentImageTwoColumns contentImageTwoColumns__heading\" style=\"color: \">\n                Gamle m\u00f8ller overalt p\u00e5 \u00d6land            <\/h2>\n            <div class=\"contentImageTwoColumns contentImageTwoColumns__text contentImageTwoColumns__text--short\" style=\"color: #111111\">\n                                    <p>Der er s\u00e5 mange gamle m\u00f8ller p\u00e5 \u00d6land at det ikke giver mening at henvise til nogle bestemte. De st\u00e5r simpelthen overalt hvor man kigger hen.<\/p>\n                            <\/div>\n            <div class=\"contentImageTwoColumns contentImageTwoColumns__text contentImageTwoColumns__text--full\" style=\"color: #111111\">\n                <p>Der er s\u00e5 mange gamle m\u00f8ller p\u00e5 \u00d6land at det ikke giver mening at henvise til nogle bestemte. De st\u00e5r simpelthen overalt hvor man kigger hen.<\/p>\n                <button type=\"button\" class=\"contentImageTwoColumns contentImageTwoColumns__readMoreLess\">\n                    L\u00e6s mindre &#8211;                <\/button>\n            <\/div>\n                        <div class=\"wp-block-buttons is-layout-flex wp-block-buttons-is-layout-flex\">\n                <div class=\"wp-block-button arrow-white\">\n                    <a aria-label=\"Historien om vindm\u00f8llerne p\u00e5 \u00d6land\" class=\"wp-block-button__link wp-element-button\" href=\"https:\/\/en.oland.se\/kultur-och-historia\/olandska-kvarnar\" style=\"background-color: #133a26; color: #ffffff;border: solid 1px #133a26\">\n                        Historien om vindm\u00f8llerne p\u00e5 \u00d6land                    <\/a>\n                <\/div>\n            <\/div>\n                                <\/div>\n        <div class=\"contentImageTwoColumns contentImageTwoColumns__imageWrapper\">\n            <img loading=\"lazy\" decoding=\"async\" width=\"1024\" height=\"740\" src=\"https:\/\/www.visitsmaland.se\/wp-content\/uploads\/2026\/03\/mill-@sarahinthegreen-1024x740.jpg\" class=\"attachment-grid-card-images size-grid-card-images\" alt=\"\" \/>        <\/div>\n    <\/div>\n<\/div>\n\n\n<div class=\"dynamicContentTwoColumns dynamicContentTwoColumns__wrapper\">\n    <div class=\"dynamicContentTwoColumns dynamicContentTwoColumns__container\">\n                                    <h3 class=\"dynamicContentTwoColumns dynamicContentTwoColumns__heading\">\n                    Det nordlige \u00d6land                <\/h3>\n                                                <div class=\"dynamicContentTwoColumns dynamicContentTwoColumns__imageWrapper\">\n                    <img loading=\"lazy\" decoding=\"async\" width=\"500\" height=\"333\" src=\"https:\/\/www.visitsmaland.se\/wp-content\/uploads\/2026\/03\/mormors-stenugnsbageri2-@sarahinthegreen-scaled.jpg\" class=\"attachment-500x500 size-500x500\" alt=\"\" srcset=\"https:\/\/www.visitsmaland.se\/wp-content\/uploads\/2026\/03\/mormors-stenugnsbageri2-@sarahinthegreen-scaled.jpg 2560w, https:\/\/www.visitsmaland.se\/wp-content\/uploads\/2026\/03\/mormors-stenugnsbageri2-@sarahinthegreen-300x200.jpg 300w, https:\/\/www.visitsmaland.se\/wp-content\/uploads\/2026\/03\/mormors-stenugnsbageri2-@sarahinthegreen-1024x683.jpg 1024w, https:\/\/www.visitsmaland.se\/wp-content\/uploads\/2026\/03\/mormors-stenugnsbageri2-@sarahinthegreen-768x512.jpg 768w, https:\/\/www.visitsmaland.se\/wp-content\/uploads\/2026\/03\/mormors-stenugnsbageri2-@sarahinthegreen-1536x1024.jpg 1536w, https:\/\/www.visitsmaland.se\/wp-content\/uploads\/2026\/03\/mormors-stenugnsbageri2-@sarahinthegreen-2048x1365.jpg 2048w\" sizes=\"(max-width: 500px) 100vw, 500px\" \/>                <\/div>\n                                                <div class=\"dynamicContentTwoColumns dynamicContentTwoColumns__text\">\n                    <p><p>N\u00e6ste dag er det blevet tid til at udforske den nordlige del af \u00f8en. P\u00e5 vej nordp\u00e5 svinger vi forbi Mormors stenugnbageri i Stora R\u00f6r som er ber\u00f8mt p\u00e5 hele \u00d6land for deres kardomme- og kanelsnurrer og for deres surdejsbr\u00f8d. Der er noget om snakken for begge dele smager fantastisk. K\u00e6mpe anbefaling herfra!<\/p>\n<p>\n                <\/div>\n                                                <div class=\"wp-block-buttons is-layout-flex wp-block-buttons-is-layout-flex\">\n                    <div class=\"wp-block-button\">\n                        <a aria-label=\"L\u00e6s mere \" class=\"wp-block-button__link wp-element-button dynamicContentTwoColumns dynamicContentTwoColumns__ctaButton\" href=\"https:\/\/www.mormorsihamnen.se\/\">\n                            Mormors stenugnbageri                         <\/a>\n                    <\/div>\n                <\/div>\n                                                <h3 class=\"dynamicContentTwoColumns dynamicContentTwoColumns__heading\">\n                    Jordhamn og Horns Kustv\u00e4g                <\/h3>\n                                                <div class=\"dynamicContentTwoColumns dynamicContentTwoColumns__text\">\n                    <p><p>I byen Sandvik starter en lille grusvej kaldet Horns Kustv\u00e4g der l\u00f8ber langt den mest s\u00e6rpr\u00e6gede kyststr\u00e6kning p\u00e5 \u00d6land. R\u00e5, stenet og forbl\u00e6st med efterladenskaber fra den store stenproduktion som altid har v\u00e6ret lidt af en industri p\u00e5 \u00d6land. I Jordhamn st\u00e5r Skurverket som den kaldes \u2013 \u00d6lands \u00e6ldste m\u00f8lle som blev brugt til at slibe de mange sten. Den stenede kyst, den skelletagtige konstruktion og de sm\u00e5 stenhuse langs kysten giver virkelig en s\u00e6rpr\u00e6get stemning til stedet, som kun blev endnu mere mystisk af, at det var meget t\u00e5get den dag vi kom forbi.<\/p>\n<p>\n                <\/div>\n                                                <div class=\"wp-block-buttons is-layout-flex wp-block-buttons-is-layout-flex\">\n                    <div class=\"wp-block-button\">\n                        <a aria-label=\"L\u00e6s mere \" class=\"wp-block-button__link wp-element-button dynamicContentTwoColumns dynamicContentTwoColumns__ctaButton\" href=\"https:\/\/en.oland.se\/jordhamns-skurkvarn\">\n                            Jordhamn                        <\/a>\n                    <\/div>\n                <\/div>\n                                                <h3 class=\"dynamicContentTwoColumns dynamicContentTwoColumns__heading\">\n                    Gilberga Stenbrott                <\/h3>\n                                                <div class=\"dynamicContentTwoColumns dynamicContentTwoColumns__imageWrapper\">\n                    <img loading=\"lazy\" decoding=\"async\" width=\"333\" height=\"500\" src=\"https:\/\/www.visitsmaland.se\/wp-content\/uploads\/2026\/03\/gillberga-stenbrott4-@sarahinthegreen-scaled.jpg\" class=\"attachment-500x500 size-500x500\" alt=\"\" srcset=\"https:\/\/www.visitsmaland.se\/wp-content\/uploads\/2026\/03\/gillberga-stenbrott4-@sarahinthegreen-scaled.jpg 1707w, https:\/\/www.visitsmaland.se\/wp-content\/uploads\/2026\/03\/gillberga-stenbrott4-@sarahinthegreen-200x300.jpg 200w, https:\/\/www.visitsmaland.se\/wp-content\/uploads\/2026\/03\/gillberga-stenbrott4-@sarahinthegreen-683x1024.jpg 683w, https:\/\/www.visitsmaland.se\/wp-content\/uploads\/2026\/03\/gillberga-stenbrott4-@sarahinthegreen-768x1152.jpg 768w, https:\/\/www.visitsmaland.se\/wp-content\/uploads\/2026\/03\/gillberga-stenbrott4-@sarahinthegreen-1024x1536.jpg 1024w, https:\/\/www.visitsmaland.se\/wp-content\/uploads\/2026\/03\/gillberga-stenbrott4-@sarahinthegreen-1365x2048.jpg 1365w\" sizes=\"(max-width: 333px) 100vw, 333px\" \/>                <\/div>\n                                                <div class=\"dynamicContentTwoColumns dynamicContentTwoColumns__text\">\n                    <p><p>Vi k\u00f8rte lidt l\u00e6ngere mod nord p\u00e5 grusvejen langs kysten og kom forbi Gilberga Stenbrud som ikke l\u00e6ngere er aktivt s\u00e5 man kan g\u00e5 helt ned til stenbruddet og kigge. Landskabet omkring er ogs\u00e5 ret s\u00e6rpr\u00e6get med flade stenplateauer, der stikker frem fra jorden. En forsmag p\u00e5 hvad der venter forude!<\/p>\n<p>\n                <\/div>\n                                                <div class=\"wp-block-buttons is-layout-flex wp-block-buttons-is-layout-flex\">\n                    <div class=\"wp-block-button\">\n                        <a aria-label=\"L\u00e6s mere \" class=\"wp-block-button__link wp-element-button dynamicContentTwoColumns dynamicContentTwoColumns__ctaButton\" href=\"https:\/\/en.oland.se\/gillberga-natur-och-kulturstenbrott\">\n                            Gilberga Stenbrott                        <\/a>\n                    <\/div>\n                <\/div>\n                                                <h3 class=\"dynamicContentTwoColumns dynamicContentTwoColumns__heading\">\n                    Horns Kustv\u00e4g                <\/h3>\n                                                <div class=\"dynamicContentTwoColumns dynamicContentTwoColumns__imageWrapper\">\n                    <img loading=\"lazy\" decoding=\"async\" width=\"500\" height=\"333\" src=\"https:\/\/www.visitsmaland.se\/wp-content\/uploads\/2026\/03\/horns-kustvag-@sarahinthegreen-scaled.jpg\" class=\"attachment-500x500 size-500x500\" alt=\"\" srcset=\"https:\/\/www.visitsmaland.se\/wp-content\/uploads\/2026\/03\/horns-kustvag-@sarahinthegreen-scaled.jpg 2560w, https:\/\/www.visitsmaland.se\/wp-content\/uploads\/2026\/03\/horns-kustvag-@sarahinthegreen-300x200.jpg 300w, https:\/\/www.visitsmaland.se\/wp-content\/uploads\/2026\/03\/horns-kustvag-@sarahinthegreen-1024x683.jpg 1024w, https:\/\/www.visitsmaland.se\/wp-content\/uploads\/2026\/03\/horns-kustvag-@sarahinthegreen-768x512.jpg 768w, https:\/\/www.visitsmaland.se\/wp-content\/uploads\/2026\/03\/horns-kustvag-@sarahinthegreen-1536x1024.jpg 1536w, https:\/\/www.visitsmaland.se\/wp-content\/uploads\/2026\/03\/horns-kustvag-@sarahinthegreen-2048x1365.jpg 2048w\" sizes=\"(max-width: 500px) 100vw, 500px\" \/>                <\/div>\n                                                <div class=\"dynamicContentTwoColumns dynamicContentTwoColumns__text\">\n                    <p><p>Horns Kustv\u00e4g er som sagt den grusvej der l\u00f8ber mellem byen Sandvik og Byrums Rauker. Flere steder p\u00e5 vejen st\u00e5r der sm\u00e5 fiskerhytter af sten eller tr\u00e6 og spredte vindbl\u00e6ste tr\u00e6er. En helt \u00f8de str\u00e6kning uden huse, men med en helt s\u00e6rlig stemning.<\/p>\n<p>\n                <\/div>\n                                                <h3 class=\"dynamicContentTwoColumns dynamicContentTwoColumns__heading\">\n                    Byrums Rauker                <\/h3>\n                                                <div class=\"dynamicContentTwoColumns dynamicContentTwoColumns__imageWrapper\">\n                    <img loading=\"lazy\" decoding=\"async\" width=\"500\" height=\"333\" src=\"https:\/\/www.visitsmaland.se\/wp-content\/uploads\/2026\/03\/byrums-rauker-@sarahinthegreen-scaled.jpg\" class=\"attachment-500x500 size-500x500\" alt=\"\" srcset=\"https:\/\/www.visitsmaland.se\/wp-content\/uploads\/2026\/03\/byrums-rauker-@sarahinthegreen-scaled.jpg 2560w, https:\/\/www.visitsmaland.se\/wp-content\/uploads\/2026\/03\/byrums-rauker-@sarahinthegreen-300x200.jpg 300w, https:\/\/www.visitsmaland.se\/wp-content\/uploads\/2026\/03\/byrums-rauker-@sarahinthegreen-1024x683.jpg 1024w, https:\/\/www.visitsmaland.se\/wp-content\/uploads\/2026\/03\/byrums-rauker-@sarahinthegreen-768x512.jpg 768w, https:\/\/www.visitsmaland.se\/wp-content\/uploads\/2026\/03\/byrums-rauker-@sarahinthegreen-1536x1024.jpg 1536w, https:\/\/www.visitsmaland.se\/wp-content\/uploads\/2026\/03\/byrums-rauker-@sarahinthegreen-2048x1365.jpg 2048w\" sizes=\"(max-width: 500px) 100vw, 500px\" \/>                <\/div>\n                                                <div class=\"dynamicContentTwoColumns dynamicContentTwoColumns__text\">\n                    <p><p>Bel\u00f8nningen for enden af Horns Kustv\u00e4g! De specielle geologiske formationer kaldet rauker, som der st\u00e5r omkring 120 af langs kysten her ved byen Byrum. Havet har eroderet de bl\u00f8de kalksten v\u00e6k og tilbage st\u00e5r de her skulpturelle platforme af sten. Utrolig flot og ikke noget jeg har set nogen andre steder.<\/p>\n<p>\n                <\/div>\n                                                <div class=\"wp-block-buttons is-layout-flex wp-block-buttons-is-layout-flex\">\n                    <div class=\"wp-block-button\">\n                        <a aria-label=\"L\u00e6s mere \" class=\"wp-block-button__link wp-element-button dynamicContentTwoColumns dynamicContentTwoColumns__ctaButton\" href=\"https:\/\/en.oland.se\/byroom%27s-raukar\">\n                            Byrums Rauker                        <\/a>\n                    <\/div>\n                <\/div>\n                        <\/div>\n<\/div>\n\n\n\n<figure class=\"wp-block-gallery has-nested-images columns-default is-cropped wp-block-gallery-5 is-layout-flex wp-block-gallery-is-layout-flex\">\n<figure class=\"wp-block-image size-large\"><img loading=\"lazy\" decoding=\"async\" width=\"2560\" height=\"2560\" data-id=\"94079\" src=\"https:\/\/www.visitsmaland.se\/wp-content\/uploads\/2026\/03\/horns-kustvag3-@sarahinthegreen-edited-scaled.jpg\" alt=\"\" class=\"wp-image-94079\" srcset=\"https:\/\/www.visitsmaland.se\/wp-content\/uploads\/2026\/03\/horns-kustvag3-@sarahinthegreen-edited-scaled.jpg 2560w, https:\/\/www.visitsmaland.se\/wp-content\/uploads\/2026\/03\/horns-kustvag3-@sarahinthegreen-edited-300x300.jpg 300w, https:\/\/www.visitsmaland.se\/wp-content\/uploads\/2026\/03\/horns-kustvag3-@sarahinthegreen-edited-1024x1024.jpg 1024w, https:\/\/www.visitsmaland.se\/wp-content\/uploads\/2026\/03\/horns-kustvag3-@sarahinthegreen-edited-150x150.jpg 150w, https:\/\/www.visitsmaland.se\/wp-content\/uploads\/2026\/03\/horns-kustvag3-@sarahinthegreen-edited-768x768.jpg 768w, https:\/\/www.visitsmaland.se\/wp-content\/uploads\/2026\/03\/horns-kustvag3-@sarahinthegreen-edited-1536x1536.jpg 1536w, https:\/\/www.visitsmaland.se\/wp-content\/uploads\/2026\/03\/horns-kustvag3-@sarahinthegreen-edited-2048x2048.jpg 2048w\" sizes=\"(max-width: 2560px) 100vw, 2560px\" \/><\/figure>\n\n\n\n<figure class=\"wp-block-image size-large\"><img loading=\"lazy\" decoding=\"async\" width=\"2560\" height=\"2560\" data-id=\"94089\" src=\"https:\/\/www.visitsmaland.se\/wp-content\/uploads\/2026\/03\/horns-kustvag2-@sarahinthegreen-edited-scaled.jpg\" alt=\"\" class=\"wp-image-94089\" srcset=\"https:\/\/www.visitsmaland.se\/wp-content\/uploads\/2026\/03\/horns-kustvag2-@sarahinthegreen-edited-scaled.jpg 2560w, https:\/\/www.visitsmaland.se\/wp-content\/uploads\/2026\/03\/horns-kustvag2-@sarahinthegreen-edited-300x300.jpg 300w, https:\/\/www.visitsmaland.se\/wp-content\/uploads\/2026\/03\/horns-kustvag2-@sarahinthegreen-edited-1024x1024.jpg 1024w, https:\/\/www.visitsmaland.se\/wp-content\/uploads\/2026\/03\/horns-kustvag2-@sarahinthegreen-edited-150x150.jpg 150w, https:\/\/www.visitsmaland.se\/wp-content\/uploads\/2026\/03\/horns-kustvag2-@sarahinthegreen-edited-768x768.jpg 768w, https:\/\/www.visitsmaland.se\/wp-content\/uploads\/2026\/03\/horns-kustvag2-@sarahinthegreen-edited-1536x1536.jpg 1536w, https:\/\/www.visitsmaland.se\/wp-content\/uploads\/2026\/03\/horns-kustvag2-@sarahinthegreen-edited-2048x2048.jpg 2048w\" sizes=\"(max-width: 2560px) 100vw, 2560px\" \/><\/figure>\n\n\n\n<figure class=\"wp-block-image size-large\"><img loading=\"lazy\" decoding=\"async\" width=\"2560\" height=\"2560\" data-id=\"94084\" src=\"https:\/\/www.visitsmaland.se\/wp-content\/uploads\/2026\/03\/gillberga-stenbrott3-@sarahinthegreen-edited-scaled.jpg\" alt=\"\" class=\"wp-image-94084\" srcset=\"https:\/\/www.visitsmaland.se\/wp-content\/uploads\/2026\/03\/gillberga-stenbrott3-@sarahinthegreen-edited-scaled.jpg 2560w, https:\/\/www.visitsmaland.se\/wp-content\/uploads\/2026\/03\/gillberga-stenbrott3-@sarahinthegreen-edited-300x300.jpg 300w, https:\/\/www.visitsmaland.se\/wp-content\/uploads\/2026\/03\/gillberga-stenbrott3-@sarahinthegreen-edited-1024x1024.jpg 1024w, https:\/\/www.visitsmaland.se\/wp-content\/uploads\/2026\/03\/gillberga-stenbrott3-@sarahinthegreen-edited-150x150.jpg 150w, https:\/\/www.visitsmaland.se\/wp-content\/uploads\/2026\/03\/gillberga-stenbrott3-@sarahinthegreen-edited-768x768.jpg 768w, https:\/\/www.visitsmaland.se\/wp-content\/uploads\/2026\/03\/gillberga-stenbrott3-@sarahinthegreen-edited-1536x1536.jpg 1536w, https:\/\/www.visitsmaland.se\/wp-content\/uploads\/2026\/03\/gillberga-stenbrott3-@sarahinthegreen-edited-2048x2048.jpg 2048w\" sizes=\"(max-width: 2560px) 100vw, 2560px\" \/><\/figure>\n<\/figure>\n\n\n\n<div class=\"wp-block-group alignwide is-layout-constrained wp-block-group-is-layout-constrained\">\n<figure class=\"wp-block-embed is-type-video is-provider-youtube wp-block-embed-youtube wp-embed-aspect-16-9 wp-has-aspect-ratio\"><div class=\"wp-block-embed__wrapper\">\n<iframe loading=\"lazy\" title=\"\u00d6land in Sweden: Exploring the island of mills, limestone and old fortresses\" width=\"500\" height=\"281\" src=\"https:\/\/www.youtube.com\/embed\/83JsyF2Erug?feature=oembed\" frameborder=\"0\" allow=\"accelerometer; autoplay; clipboard-write; encrypted-media; gyroscope; picture-in-picture; web-share\" referrerpolicy=\"strict-origin-when-cross-origin\" allowfullscreen><\/iframe>\n<\/div><\/figure>\n<\/div>\n\n\n<div class=\"contentImageTwoColumns contentImageTwoColumns__wrapper\" style=\"background-color: #133a26\">\n    <div class=\"contentImageTwoColumns contentImageTwoColumns__container \">\n        <div class=\"contentImageTwoColumns contentImageTwoColumns__contentWrapper\">\n            <h2 class=\"contentImageTwoColumns contentImageTwoColumns__heading\" style=\"color: #ffffff\">\n                L\u00e5nge Erik            <\/h2>\n            <div class=\"contentImageTwoColumns contentImageTwoColumns__text contentImageTwoColumns__text--short\" style=\"color: #ffffff\">\n                                    <p>P\u00e5 \u00d6lands yderste nordspids ligger endnu et fyrt\u00e5rn med et sjovt navn. Fyret ligger p\u00e5 sin egen halv\u00f8 (der g\u00e5r en lille bro derover) og man kan g\u00e5 hele \u00f8en rundt med kig til nogle af de naturbeskyt&#8230;                    <button type=\"button\" class=\"contentImageTwoColumns contentImageTwoColumns__readMoreLess\">\n                        L\u00e6s mere +                    <\/button>\n                            <\/div>\n            <div class=\"contentImageTwoColumns contentImageTwoColumns__text contentImageTwoColumns__text--full\" style=\"color: #ffffff\">\n                <p>P\u00e5 \u00d6lands yderste nordspids ligger endnu et fyrt\u00e5rn med et sjovt navn. Fyret ligger p\u00e5 sin egen halv\u00f8 (der g\u00e5r en lille bro derover) og man kan g\u00e5 hele \u00f8en rundt med kig til nogle af de naturbeskyttede \u00f8er l\u00e6ngere ude. \u00d8en er befolket af nogle meget nysgerrige f\u00e5r der gerne lader sig klappe. En rigtig smuk og fin lille tur.<\/p>\n                <button type=\"button\" class=\"contentImageTwoColumns contentImageTwoColumns__readMoreLess\">\n                    L\u00e6s mindre &#8211;                <\/button>\n            <\/div>\n                        <div class=\"wp-block-buttons is-layout-flex wp-block-buttons-is-layout-flex\">\n                <div class=\"wp-block-button \">\n                    <a aria-label=\"L\u00e5nge Erik\" class=\"wp-block-button__link wp-element-button\" href=\"https:\/\/en.oland.se\/the-lighthouse-erik-oland%27s-northern-cape\" style=\"background-color: #f0efe9; color: #000000;border: solid 1px #f0efe9\">\n                        L\u00e5nge Erik                    <\/a>\n                <\/div>\n            <\/div>\n                                <\/div>\n        <div class=\"contentImageTwoColumns contentImageTwoColumns__imageWrapper\">\n            <img loading=\"lazy\" decoding=\"async\" width=\"1024\" height=\"740\" src=\"https:\/\/www.visitsmaland.se\/wp-content\/uploads\/2026\/03\/La\u2560e\u0300nge-Erik-2-@sarahinthegreen-1024x740.jpg\" class=\"attachment-grid-card-images size-grid-card-images\" alt=\"\" \/>        <\/div>\n    <\/div>\n<\/div>\n\n\n<div class=\"contentImageTwoColumns contentImageTwoColumns__wrapper\" style=\"background-color: #f0efe9\">\n    <div class=\"contentImageTwoColumns contentImageTwoColumns__container layout-reversed\">\n        <div class=\"contentImageTwoColumns contentImageTwoColumns__contentWrapper\">\n            <h2 class=\"contentImageTwoColumns contentImageTwoColumns__heading\" style=\"color: #111111\">\n                Trollskogen            <\/h2>\n            <div class=\"contentImageTwoColumns contentImageTwoColumns__text contentImageTwoColumns__text--short\" style=\"color: #111111\">\n                                    <p>Lige p\u00e5 den anden side af vigen ligger endnu et fint naturomr\u00e5de kaldet Trollskogen. Der g\u00e5r en 4,5 kilometer lang vandretur rundt langs kysten som g\u00e5r igennem den fineste skov med masser af kr\u00f8lle&#8230;                    <button type=\"button\" class=\"contentImageTwoColumns contentImageTwoColumns__readMoreLess\">\n                        L\u00e6s mere +                    <\/button>\n                            <\/div>\n            <div class=\"contentImageTwoColumns contentImageTwoColumns__text contentImageTwoColumns__text--full\" style=\"color: #111111\">\n                <p>Lige p\u00e5 den anden side af vigen ligger endnu et fint naturomr\u00e5de kaldet Trollskogen. Der g\u00e5r en 4,5 kilometer lang vandretur rundt langs kysten som g\u00e5r igennem den fineste skov med masser af kr\u00f8llede tr\u00e6er. Det er dog ikke de kr\u00f8llede tr\u00e6er der har givet navn til skoven \u2013 det er det 900 \u00e5r gamle egetr\u00e6 Trolleken. P\u00e5 turen er der ogs\u00e5 kig til et gammelt skibsvrag p\u00e5 stranden \u2013 og man kan hele tiden h\u00f8re havets brusen.<\/p>\n<p>Vandreturen starter ved\u00a0<a href=\"https:\/\/goo.gl\/maps\/ng8FLMpehBQTktuT8\" target=\"_blank\" rel=\"nofollow noopener\">Naturum Trollskogen<\/a>\u00a0som ogs\u00e5 har en fin udstilling om omr\u00e5dets natur og dyreliv.<\/p>\n                <button type=\"button\" class=\"contentImageTwoColumns contentImageTwoColumns__readMoreLess\">\n                    L\u00e6s mindre &#8211;                <\/button>\n            <\/div>\n                        <div class=\"wp-block-buttons is-layout-flex wp-block-buttons-is-layout-flex\">\n                <div class=\"wp-block-button arrow-white\">\n                    <a aria-label=\"Trollskogen\" class=\"wp-block-button__link wp-element-button\" href=\"https:\/\/www.visitsmaland.se\/dk\/opdag\/naturum-trollskogen\/\" style=\"background-color: #133a26; color: #ffffff;border: solid 1px #133a26\">\n                        Trollskogen                    <\/a>\n                <\/div>\n            <\/div>\n                                <\/div>\n        <div class=\"contentImageTwoColumns contentImageTwoColumns__imageWrapper\">\n            <img loading=\"lazy\" decoding=\"async\" width=\"1024\" height=\"740\" src=\"https:\/\/www.visitsmaland.se\/wp-content\/uploads\/2026\/03\/trollskogen-@sarahinthegreen-1024x740.jpg\" class=\"attachment-grid-card-images size-grid-card-images\" alt=\"\" \/>        <\/div>\n    <\/div>\n<\/div>\n\n\n\n<div style=\"height:20px\" aria-hidden=\"true\" class=\"wp-block-spacer\"><\/div>\n\n\n\n<figure class=\"wp-block-gallery has-nested-images columns-default is-cropped wp-block-gallery-6 is-layout-flex wp-block-gallery-is-layout-flex\">\n<figure class=\"wp-block-image size-large\"><img loading=\"lazy\" decoding=\"async\" width=\"771\" height=\"1024\" data-id=\"94026\" src=\"https:\/\/www.visitsmaland.se\/wp-content\/uploads\/2026\/03\/trollskogen4-@sarahinthegreen-771x1024.jpg\" alt=\"\" class=\"wp-image-94026\" srcset=\"https:\/\/www.visitsmaland.se\/wp-content\/uploads\/2026\/03\/trollskogen4-@sarahinthegreen-771x1024.jpg 771w, https:\/\/www.visitsmaland.se\/wp-content\/uploads\/2026\/03\/trollskogen4-@sarahinthegreen-226x300.jpg 226w, https:\/\/www.visitsmaland.se\/wp-content\/uploads\/2026\/03\/trollskogen4-@sarahinthegreen-768x1020.jpg 768w, https:\/\/www.visitsmaland.se\/wp-content\/uploads\/2026\/03\/trollskogen4-@sarahinthegreen-1157x1536.jpg 1157w, https:\/\/www.visitsmaland.se\/wp-content\/uploads\/2026\/03\/trollskogen4-@sarahinthegreen-1543x2048.jpg 1543w, https:\/\/www.visitsmaland.se\/wp-content\/uploads\/2026\/03\/trollskogen4-@sarahinthegreen-scaled.jpg 1928w\" sizes=\"(max-width: 771px) 100vw, 771px\" \/><\/figure>\n\n\n\n<figure class=\"wp-block-image size-large\"><img loading=\"lazy\" decoding=\"async\" width=\"1024\" height=\"683\" data-id=\"94006\" src=\"https:\/\/www.visitsmaland.se\/wp-content\/uploads\/2026\/03\/trolleken-@sarahinthegreen-1024x683.jpg\" alt=\"\" class=\"wp-image-94006\" srcset=\"https:\/\/www.visitsmaland.se\/wp-content\/uploads\/2026\/03\/trolleken-@sarahinthegreen-1024x683.jpg 1024w, https:\/\/www.visitsmaland.se\/wp-content\/uploads\/2026\/03\/trolleken-@sarahinthegreen-300x200.jpg 300w, https:\/\/www.visitsmaland.se\/wp-content\/uploads\/2026\/03\/trolleken-@sarahinthegreen-768x512.jpg 768w, https:\/\/www.visitsmaland.se\/wp-content\/uploads\/2026\/03\/trolleken-@sarahinthegreen-1536x1024.jpg 1536w, https:\/\/www.visitsmaland.se\/wp-content\/uploads\/2026\/03\/trolleken-@sarahinthegreen-2048x1365.jpg 2048w\" sizes=\"(max-width: 1024px) 100vw, 1024px\" \/><\/figure>\n\n\n\n<figure class=\"wp-block-image size-large\"><img loading=\"lazy\" decoding=\"async\" width=\"1024\" height=\"683\" data-id=\"94016\" src=\"https:\/\/www.visitsmaland.se\/wp-content\/uploads\/2026\/03\/trollskogen2-@sarahinthegreen-1024x683.jpg\" alt=\"\" class=\"wp-image-94016\" srcset=\"https:\/\/www.visitsmaland.se\/wp-content\/uploads\/2026\/03\/trollskogen2-@sarahinthegreen-1024x683.jpg 1024w, https:\/\/www.visitsmaland.se\/wp-content\/uploads\/2026\/03\/trollskogen2-@sarahinthegreen-300x200.jpg 300w, https:\/\/www.visitsmaland.se\/wp-content\/uploads\/2026\/03\/trollskogen2-@sarahinthegreen-768x512.jpg 768w, https:\/\/www.visitsmaland.se\/wp-content\/uploads\/2026\/03\/trollskogen2-@sarahinthegreen-1536x1024.jpg 1536w, https:\/\/www.visitsmaland.se\/wp-content\/uploads\/2026\/03\/trollskogen2-@sarahinthegreen-2048x1365.jpg 2048w\" sizes=\"(max-width: 1024px) 100vw, 1024px\" \/><\/figure>\n<\/figure>\n\n\n<div class=\"dynamicContentTwoColumns dynamicContentTwoColumns__wrapper\">\n    <div class=\"dynamicContentTwoColumns dynamicContentTwoColumns__container\">\n                                    <h3 class=\"dynamicContentTwoColumns dynamicContentTwoColumns__heading\">\n                    Elgcarpaccio og andre l\u00e6kkerier hos Kalk                <\/h3>\n                                                <div class=\"dynamicContentTwoColumns dynamicContentTwoColumns__imageWrapper\">\n                    <img loading=\"lazy\" decoding=\"async\" width=\"500\" height=\"333\" src=\"https:\/\/www.visitsmaland.se\/wp-content\/uploads\/2026\/03\/kalk-moose-cappaccio-@sarahinthegreen-scaled.jpg\" class=\"attachment-500x500 size-500x500\" alt=\"\" srcset=\"https:\/\/www.visitsmaland.se\/wp-content\/uploads\/2026\/03\/kalk-moose-cappaccio-@sarahinthegreen-scaled.jpg 2560w, https:\/\/www.visitsmaland.se\/wp-content\/uploads\/2026\/03\/kalk-moose-cappaccio-@sarahinthegreen-300x200.jpg 300w, https:\/\/www.visitsmaland.se\/wp-content\/uploads\/2026\/03\/kalk-moose-cappaccio-@sarahinthegreen-1024x683.jpg 1024w, https:\/\/www.visitsmaland.se\/wp-content\/uploads\/2026\/03\/kalk-moose-cappaccio-@sarahinthegreen-768x512.jpg 768w, https:\/\/www.visitsmaland.se\/wp-content\/uploads\/2026\/03\/kalk-moose-cappaccio-@sarahinthegreen-1536x1024.jpg 1536w, https:\/\/www.visitsmaland.se\/wp-content\/uploads\/2026\/03\/kalk-moose-cappaccio-@sarahinthegreen-2048x1365.jpg 2048w\" sizes=\"(max-width: 500px) 100vw, 500px\" \/>                <\/div>\n                                                <div class=\"dynamicContentTwoColumns dynamicContentTwoColumns__text\">\n                    <p><p>Man skal altid spise godt p\u00e5 sin sidste feriedag ikke? Det gjorde vi i den grad p\u00e5 restauranten Kalk i den lille by L\u00f6ttorp. Vi fik en lidt italiensk inspireret menu med et svensk touch \u2013 elgcarpaccio (som smagte helt forrygende) gnocchi med f\u00e5reost, laks og creme brul\u00e9e til dessert. Virkelig god mad!<\/p>\n<p>Find restauranten p\u00e5\u00a0<a href=\"https:\/\/goo.gl\/maps\/51uPUAfU8nM9CiWH8\" target=\"_blank\" rel=\"nofollow noopener\">Google Maps her<\/a>\u00a0og\u00a0<a href=\"http:\/\/www.kalk-oland.se\/oppettider\/meny\/\" target=\"_blank\" rel=\"nofollow noopener\">tjek menuen her.<\/a><\/p>\n<p>\n                <\/div>\n                                                <h3 class=\"dynamicContentTwoColumns dynamicContentTwoColumns__heading\">\n                    Overnatning i S\u00f6dviks G\u00e6stgiverg\u00e5rd                <\/h3>\n                                                <div class=\"dynamicContentTwoColumns dynamicContentTwoColumns__text\">\n                    <p><p>Vores overnatning p\u00e5 nord\u00f8en var dette hyggelige g\u00e6stgiveri i byen S\u00f6dvik. Et gammel sted som har v\u00e6ret g\u00e6stgiveri siden 1700-tallet. Indrettet med blomstret tapet p\u00e5 v\u00e6ggene og gamle hyggelige m\u00f8bler. Ogs\u00e5 her er der morgenmad med i opholdet. Stedet bliver ofte brugt til arrangementer og best\u00e5r ogs\u00e5 af en stor have og to store (tidligere staldbygninger g\u00e6tter jeg p\u00e5) af sten. Sk\u00f8nt lille sted.<\/p>\n<p>\n                <\/div>\n                                                <div class=\"wp-block-buttons is-layout-flex wp-block-buttons-is-layout-flex\">\n                    <div class=\"wp-block-button\">\n                        <a aria-label=\"L\u00e6s mere \" class=\"wp-block-button__link wp-element-button dynamicContentTwoColumns dynamicContentTwoColumns__ctaButton\" href=\"https:\/\/sodviksgastgivaregard.se\/\">\n                            Overnatning kan bookes her                        <\/a>\n                    <\/div>\n                <\/div>\n                        <\/div>\n<\/div>\n\n\n\n<figure class=\"wp-block-gallery has-nested-images columns-default is-cropped wp-block-gallery-7 is-layout-flex wp-block-gallery-is-layout-flex\">\n<figure class=\"wp-block-image size-large\"><img loading=\"lazy\" decoding=\"async\" width=\"1024\" height=\"683\" data-id=\"93991\" src=\"https:\/\/www.visitsmaland.se\/wp-content\/uploads\/2026\/03\/sodviks-gj\u251castgiverga\u2560e\u0300rd4-@sarahinthegreen-1024x683.jpg\" alt=\"\" class=\"wp-image-93991\" srcset=\"https:\/\/www.visitsmaland.se\/wp-content\/uploads\/2026\/03\/sodviks-gj\u251castgiverga\u2560e\u0300rd4-@sarahinthegreen-1024x683.jpg 1024w, https:\/\/www.visitsmaland.se\/wp-content\/uploads\/2026\/03\/sodviks-gj\u251castgiverga\u2560e\u0300rd4-@sarahinthegreen-300x200.jpg 300w, https:\/\/www.visitsmaland.se\/wp-content\/uploads\/2026\/03\/sodviks-gj\u251castgiverga\u2560e\u0300rd4-@sarahinthegreen-768x512.jpg 768w, https:\/\/www.visitsmaland.se\/wp-content\/uploads\/2026\/03\/sodviks-gj\u251castgiverga\u2560e\u0300rd4-@sarahinthegreen-1536x1024.jpg 1536w, https:\/\/www.visitsmaland.se\/wp-content\/uploads\/2026\/03\/sodviks-gj\u251castgiverga\u2560e\u0300rd4-@sarahinthegreen-2048x1365.jpg 2048w\" sizes=\"(max-width: 1024px) 100vw, 1024px\" \/><\/figure>\n\n\n\n<figure class=\"wp-block-image size-large\"><img loading=\"lazy\" decoding=\"async\" width=\"683\" height=\"1024\" data-id=\"93981\" src=\"https:\/\/www.visitsmaland.se\/wp-content\/uploads\/2026\/03\/sodviks-gj\u251castgiverga\u2560e\u0300rd2-@sarahinthegreen-683x1024.jpg\" alt=\"\" class=\"wp-image-93981\" srcset=\"https:\/\/www.visitsmaland.se\/wp-content\/uploads\/2026\/03\/sodviks-gj\u251castgiverga\u2560e\u0300rd2-@sarahinthegreen-683x1024.jpg 683w, https:\/\/www.visitsmaland.se\/wp-content\/uploads\/2026\/03\/sodviks-gj\u251castgiverga\u2560e\u0300rd2-@sarahinthegreen-200x300.jpg 200w, https:\/\/www.visitsmaland.se\/wp-content\/uploads\/2026\/03\/sodviks-gj\u251castgiverga\u2560e\u0300rd2-@sarahinthegreen-768x1152.jpg 768w, https:\/\/www.visitsmaland.se\/wp-content\/uploads\/2026\/03\/sodviks-gj\u251castgiverga\u2560e\u0300rd2-@sarahinthegreen-1024x1536.jpg 1024w, https:\/\/www.visitsmaland.se\/wp-content\/uploads\/2026\/03\/sodviks-gj\u251castgiverga\u2560e\u0300rd2-@sarahinthegreen-1365x2048.jpg 1365w, https:\/\/www.visitsmaland.se\/wp-content\/uploads\/2026\/03\/sodviks-gj\u251castgiverga\u2560e\u0300rd2-@sarahinthegreen-scaled.jpg 1707w\" sizes=\"(max-width: 683px) 100vw, 683px\" \/><\/figure>\n\n\n\n<figure class=\"wp-block-image size-large\"><img loading=\"lazy\" decoding=\"async\" width=\"683\" height=\"1024\" data-id=\"93976\" src=\"https:\/\/www.visitsmaland.se\/wp-content\/uploads\/2026\/03\/sodviks-gj\u251castgiverga\u2560e\u0300rd-683x1024.jpg\" alt=\"\" class=\"wp-image-93976\" srcset=\"https:\/\/www.visitsmaland.se\/wp-content\/uploads\/2026\/03\/sodviks-gj\u251castgiverga\u2560e\u0300rd-683x1024.jpg 683w, https:\/\/www.visitsmaland.se\/wp-content\/uploads\/2026\/03\/sodviks-gj\u251castgiverga\u2560e\u0300rd-200x300.jpg 200w, https:\/\/www.visitsmaland.se\/wp-content\/uploads\/2026\/03\/sodviks-gj\u251castgiverga\u2560e\u0300rd-768x1152.jpg 768w, https:\/\/www.visitsmaland.se\/wp-content\/uploads\/2026\/03\/sodviks-gj\u251castgiverga\u2560e\u0300rd-1024x1536.jpg 1024w, https:\/\/www.visitsmaland.se\/wp-content\/uploads\/2026\/03\/sodviks-gj\u251castgiverga\u2560e\u0300rd-1365x2048.jpg 1365w, https:\/\/www.visitsmaland.se\/wp-content\/uploads\/2026\/03\/sodviks-gj\u251castgiverga\u2560e\u0300rd-scaled.jpg 1707w\" sizes=\"(max-width: 683px) 100vw, 683px\" \/><\/figure>\n\n\n\n<figure class=\"wp-block-image size-large\"><img loading=\"lazy\" decoding=\"async\" width=\"683\" height=\"1024\" data-id=\"94001\" src=\"https:\/\/www.visitsmaland.se\/wp-content\/uploads\/2026\/03\/sodviks-gj\u251castgiverga\u2560e\u0300rd7-@sarahinthegreen-683x1024.jpg\" alt=\"\" class=\"wp-image-94001\" srcset=\"https:\/\/www.visitsmaland.se\/wp-content\/uploads\/2026\/03\/sodviks-gj\u251castgiverga\u2560e\u0300rd7-@sarahinthegreen-683x1024.jpg 683w, https:\/\/www.visitsmaland.se\/wp-content\/uploads\/2026\/03\/sodviks-gj\u251castgiverga\u2560e\u0300rd7-@sarahinthegreen-200x300.jpg 200w, https:\/\/www.visitsmaland.se\/wp-content\/uploads\/2026\/03\/sodviks-gj\u251castgiverga\u2560e\u0300rd7-@sarahinthegreen-768x1152.jpg 768w, https:\/\/www.visitsmaland.se\/wp-content\/uploads\/2026\/03\/sodviks-gj\u251castgiverga\u2560e\u0300rd7-@sarahinthegreen-1024x1536.jpg 1024w, https:\/\/www.visitsmaland.se\/wp-content\/uploads\/2026\/03\/sodviks-gj\u251castgiverga\u2560e\u0300rd7-@sarahinthegreen-1365x2048.jpg 1365w, https:\/\/www.visitsmaland.se\/wp-content\/uploads\/2026\/03\/sodviks-gj\u251castgiverga\u2560e\u0300rd7-@sarahinthegreen-scaled.jpg 1707w\" sizes=\"(max-width: 683px) 100vw, 683px\" \/><\/figure>\n\n\n\n<figure class=\"wp-block-image size-large\"><img loading=\"lazy\" decoding=\"async\" width=\"683\" height=\"1024\" data-id=\"93986\" src=\"https:\/\/www.visitsmaland.se\/wp-content\/uploads\/2026\/03\/sodviks-gj\u251castgiverga\u2560e\u0300rd3-@sarahinthegreen-683x1024.jpg\" alt=\"\" class=\"wp-image-93986\" srcset=\"https:\/\/www.visitsmaland.se\/wp-content\/uploads\/2026\/03\/sodviks-gj\u251castgiverga\u2560e\u0300rd3-@sarahinthegreen-683x1024.jpg 683w, https:\/\/www.visitsmaland.se\/wp-content\/uploads\/2026\/03\/sodviks-gj\u251castgiverga\u2560e\u0300rd3-@sarahinthegreen-200x300.jpg 200w, https:\/\/www.visitsmaland.se\/wp-content\/uploads\/2026\/03\/sodviks-gj\u251castgiverga\u2560e\u0300rd3-@sarahinthegreen-768x1152.jpg 768w, https:\/\/www.visitsmaland.se\/wp-content\/uploads\/2026\/03\/sodviks-gj\u251castgiverga\u2560e\u0300rd3-@sarahinthegreen-1024x1536.jpg 1024w, https:\/\/www.visitsmaland.se\/wp-content\/uploads\/2026\/03\/sodviks-gj\u251castgiverga\u2560e\u0300rd3-@sarahinthegreen-1365x2048.jpg 1365w, https:\/\/www.visitsmaland.se\/wp-content\/uploads\/2026\/03\/sodviks-gj\u251castgiverga\u2560e\u0300rd3-@sarahinthegreen-scaled.jpg 1707w\" sizes=\"(max-width: 683px) 100vw, 683px\" \/><\/figure>\n\n\n\n<figure class=\"wp-block-image size-large\"><img loading=\"lazy\" decoding=\"async\" width=\"683\" height=\"1024\" data-id=\"93971\" src=\"https:\/\/www.visitsmaland.se\/wp-content\/uploads\/2026\/03\/sodviks-gj\u251castgiverga\u2560e\u0300rd-@sarahinthegreen-683x1024.jpg\" alt=\"\" class=\"wp-image-93971\" srcset=\"https:\/\/www.visitsmaland.se\/wp-content\/uploads\/2026\/03\/sodviks-gj\u251castgiverga\u2560e\u0300rd-@sarahinthegreen-683x1024.jpg 683w, https:\/\/www.visitsmaland.se\/wp-content\/uploads\/2026\/03\/sodviks-gj\u251castgiverga\u2560e\u0300rd-@sarahinthegreen-200x300.jpg 200w, https:\/\/www.visitsmaland.se\/wp-content\/uploads\/2026\/03\/sodviks-gj\u251castgiverga\u2560e\u0300rd-@sarahinthegreen-768x1152.jpg 768w, https:\/\/www.visitsmaland.se\/wp-content\/uploads\/2026\/03\/sodviks-gj\u251castgiverga\u2560e\u0300rd-@sarahinthegreen-1024x1536.jpg 1024w, https:\/\/www.visitsmaland.se\/wp-content\/uploads\/2026\/03\/sodviks-gj\u251castgiverga\u2560e\u0300rd-@sarahinthegreen-1365x2048.jpg 1365w, https:\/\/www.visitsmaland.se\/wp-content\/uploads\/2026\/03\/sodviks-gj\u251castgiverga\u2560e\u0300rd-@sarahinthegreen-scaled.jpg 1707w\" sizes=\"(max-width: 683px) 100vw, 683px\" \/><\/figure>\n<\/figure>\n\n\n  \n<div class=\"featuredTwoColumns featuredTwoColumns__wrapper\">\n    <div class=\"featuredTwoColumns featuredTwoColumns__container\">  \n            <div class=\"featuredTwoColumns featuredTwoColumns__feturedWrapper\">\n            <a aria-label=\"Sarahs naturoplevelser i Sm\u00e5land\" href=\"https:\/\/www.visitsmaland.se\/dk\/opdag\/sarahs-naturoplevelser-i-smaland\/\"class=\"featuredTwoColumns featuredTwoColumns__imageWrapper\">\n                <img loading=\"lazy\" decoding=\"async\" width=\"1024\" height=\"740\" src=\"https:\/\/www.visitsmaland.se\/wp-content\/uploads\/2024\/04\/smaaland-sverige-bo-pa-din-egen-oe-6-1-1024x740.jpg\" class=\"attachment-grid-card-images size-grid-card-images wp-post-image\" alt=\"\" \/>            <\/a>\n            <div class=\"featuredTwoColumns featuredTwoColumns__contentWrapper\">\n                <h2 class=\"featuredTwoColumns featuredTwoColumns__heading\">\n                    Sarahs naturoplevelser i Sm\u00e5land                <\/h2>\n                <p class=\"featuredTwoColumns featuredTwoColumns__description\">\n                    Smukke vandreture, dyr og unikke overnatningssteder\u2026                <\/p>\n                 \n                 \n                <div class=\"wp-block-buttons is-layout-flex wp-block-buttons-is-layout-flex\">\n                    <div class=\"wp-block-button \">\n                        <a aria-label=\"Sarahs naturoplevelser i Sm\u00e5land\"class=\"wp-block-button__link wp-element-button\" href=\"https:\/\/www.visitsmaland.se\/dk\/opdag\/sarahs-naturoplevelser-i-smaland\/\">\n                            Opdag                       \n                         <\/a>\n                    <\/div>\n                <\/div>\n            <\/div>\n        <\/div>\n                <div class=\"featuredTwoColumns featuredTwoColumns__feturedWrapper\">\n            <a aria-label=\"\u00d6land og \u00f8erne i Sm\u00e5land\" href=\"https:\/\/www.visitsmaland.se\/dk\/opdag\/oeland-og-oeerne-i-smaaland\/\"class=\"featuredTwoColumns featuredTwoColumns__imageWrapper\">\n                <img loading=\"lazy\" decoding=\"async\" width=\"1024\" height=\"740\" src=\"https:\/\/www.visitsmaland.se\/wp-content\/uploads\/2026\/02\/Linzimda_Sparosund-i-Tjustskargard_4-1-1024x740.png\" class=\"attachment-grid-card-images size-grid-card-images wp-post-image\" alt=\"\" \/>            <\/a>\n            <div class=\"featuredTwoColumns featuredTwoColumns__contentWrapper\">\n                <h2 class=\"featuredTwoColumns featuredTwoColumns__heading\">\n                    \u00d6land og \u00f8erne i Sm\u00e5land                <\/h2>\n                <p class=\"featuredTwoColumns featuredTwoColumns__description\">\n                    Der er virkelig noget helt s\u00e6rligt ved at v\u00e6re omgi\u2026                <\/p>\n                 \n                 \n                <div class=\"wp-block-buttons is-layout-flex wp-block-buttons-is-layout-flex\">\n                    <div class=\"wp-block-button \">\n                        <a aria-label=\"\u00d6land og \u00f8erne i Sm\u00e5land\"class=\"wp-block-button__link wp-element-button\" href=\"https:\/\/www.visitsmaland.se\/dk\/opdag\/oeland-og-oeerne-i-smaaland\/\">\n                            Opdag                       \n                         <\/a>\n                    <\/div>\n                <\/div>\n            <\/div>\n        <\/div>\n            <\/div>\n<\/div>\n","protected":false},"excerpt":{"rendered":"<p>Jeg har igen f\u00e5et lov til at lave et masse l\u00e6kkert content om mit yndlingsnaboland Sverige. Denne gang om den fine \u00f8 \u00d6land som ligger ud for Sm\u00e5lands kyst ca. 4 timers k\u00f8rsel fra K\u00f8benhavn. Jeg kan godt afsl\u00f8re at \u00d6land er fuld af fine sev\u00e6rdigheder og smukke steder!<\/p>\n","protected":false},"featured_media":93826,"parent":0,"menu_order":22,"template":"","tags":[],"land":[],"class_list":["post-93760","guide","type-guide","status-publish","has-post-thumbnail","hentry"],"acf":{"priority":""},"yoast_head":"<!-- This site is optimized with the Yoast SEO plugin v27.5 - https:\/\/yoast.com\/product\/yoast-seo-wordpress\/ -->\n<title>Sarahs naturoplevelser p\u00e5 \u00f8en \u00d6land | Visit Sm\u00e5land<\/title>\n<meta name=\"description\" content=\"Sarahs naturoplevelser p\u00e5 \u00f8en \u00d6land. Denne gang om den fine \u00f8 \u00d6land som ligger ud for Sm\u00e5lands kyst ca. 4 timers k\u00f8rsel fra K\u00f8benhavn.\" \/>\n<meta name=\"robots\" content=\"index, follow, max-snippet:-1, max-image-preview:large, max-video-preview:-1\" \/>\n<link rel=\"canonical\" href=\"https:\/\/www.visitsmaland.se\/dk\/opdag\/sarahs-naturoplevelser-paa-oeen-oeland\/\" \/>\n<meta property=\"og:locale\" content=\"da_DK\" \/>\n<meta property=\"og:type\" content=\"article\" \/>\n<meta property=\"og:title\" content=\"Sarahs naturoplevelser p\u00e5 \u00f8en \u00d6land | Visit Sm\u00e5land\" \/>\n<meta property=\"og:description\" content=\"Sarahs naturoplevelser p\u00e5 \u00f8en \u00d6land. Denne gang om den fine \u00f8 \u00d6land som ligger ud for Sm\u00e5lands kyst ca. 4 timers k\u00f8rsel fra K\u00f8benhavn.\" \/>\n<meta property=\"og:url\" content=\"https:\/\/www.visitsmaland.se\/dk\/opdag\/sarahs-naturoplevelser-paa-oeen-oeland\/\" \/>\n<meta property=\"og:site_name\" content=\"Visit Sm\u00e5land\" \/>\n<meta property=\"article:publisher\" content=\"https:\/\/www.facebook.com\/visitsmaland\/\" \/>\n<meta property=\"article:modified_time\" content=\"2026-03-19T12:18:21+00:00\" \/>\n<meta property=\"og:image\" content=\"https:\/\/www.visitsmaland.se\/wp-content\/uploads\/2026\/03\/gillberga-stenbrott-@sarahinthegreen-scaled.jpg\" \/>\n\t<meta property=\"og:image:width\" content=\"2560\" \/>\n\t<meta property=\"og:image:height\" content=\"1707\" \/>\n\t<meta property=\"og:image:type\" content=\"image\/jpeg\" \/>\n<meta name=\"twitter:card\" content=\"summary_large_image\" \/>\n<meta name=\"twitter:label1\" content=\"Estimeret l\u00e6setid\" \/>\n\t<meta name=\"twitter:data1\" content=\"15 minutter\" \/>\n<script type=\"application\/ld+json\" class=\"yoast-schema-graph\">{\"@context\":\"https:\\\/\\\/schema.org\",\"@graph\":[{\"@type\":\"WebPage\",\"@id\":\"https:\\\/\\\/www.visitsmaland.se\\\/dk\\\/opdag\\\/sarahs-naturoplevelser-paa-oeen-oeland\\\/\",\"url\":\"https:\\\/\\\/www.visitsmaland.se\\\/dk\\\/opdag\\\/sarahs-naturoplevelser-paa-oeen-oeland\\\/\",\"name\":\"Sarahs naturoplevelser p\u00e5 \u00f8en \u00d6land | Visit Sm\u00e5land\",\"isPartOf\":{\"@id\":\"https:\\\/\\\/www.visitsmaland.se\\\/dk\\\/#website\"},\"primaryImageOfPage\":{\"@id\":\"https:\\\/\\\/www.visitsmaland.se\\\/dk\\\/opdag\\\/sarahs-naturoplevelser-paa-oeen-oeland\\\/#primaryimage\"},\"image\":{\"@id\":\"https:\\\/\\\/www.visitsmaland.se\\\/dk\\\/opdag\\\/sarahs-naturoplevelser-paa-oeen-oeland\\\/#primaryimage\"},\"thumbnailUrl\":\"https:\\\/\\\/www.visitsmaland.se\\\/wp-content\\\/uploads\\\/2026\\\/03\\\/gillberga-stenbrott-@sarahinthegreen-scaled.jpg\",\"datePublished\":\"2026-03-19T10:49:39+00:00\",\"dateModified\":\"2026-03-19T12:18:21+00:00\",\"description\":\"Sarahs naturoplevelser p\u00e5 \u00f8en \u00d6land. Denne gang om den fine \u00f8 \u00d6land som ligger ud for Sm\u00e5lands kyst ca. 4 timers k\u00f8rsel fra K\u00f8benhavn.\",\"breadcrumb\":{\"@id\":\"https:\\\/\\\/www.visitsmaland.se\\\/dk\\\/opdag\\\/sarahs-naturoplevelser-paa-oeen-oeland\\\/#breadcrumb\"},\"inLanguage\":\"da-DK\",\"potentialAction\":[{\"@type\":\"ReadAction\",\"target\":[\"https:\\\/\\\/www.visitsmaland.se\\\/dk\\\/opdag\\\/sarahs-naturoplevelser-paa-oeen-oeland\\\/\"]}]},{\"@type\":\"ImageObject\",\"inLanguage\":\"da-DK\",\"@id\":\"https:\\\/\\\/www.visitsmaland.se\\\/dk\\\/opdag\\\/sarahs-naturoplevelser-paa-oeen-oeland\\\/#primaryimage\",\"url\":\"https:\\\/\\\/www.visitsmaland.se\\\/wp-content\\\/uploads\\\/2026\\\/03\\\/gillberga-stenbrott-@sarahinthegreen-scaled.jpg\",\"contentUrl\":\"https:\\\/\\\/www.visitsmaland.se\\\/wp-content\\\/uploads\\\/2026\\\/03\\\/gillberga-stenbrott-@sarahinthegreen-scaled.jpg\",\"width\":2560,\"height\":1707},{\"@type\":\"BreadcrumbList\",\"@id\":\"https:\\\/\\\/www.visitsmaland.se\\\/dk\\\/opdag\\\/sarahs-naturoplevelser-paa-oeen-oeland\\\/#breadcrumb\",\"itemListElement\":[{\"@type\":\"ListItem\",\"position\":1,\"name\":\"Forside\",\"item\":\"https:\\\/\\\/www.visitsmaland.se\\\/dk\\\/\"},{\"@type\":\"ListItem\",\"position\":2,\"name\":\"Sarahs naturoplevelser p\u00e5 \u00f8en \u00d6land\"}]},{\"@type\":\"WebSite\",\"@id\":\"https:\\\/\\\/www.visitsmaland.se\\\/dk\\\/#website\",\"url\":\"https:\\\/\\\/www.visitsmaland.se\\\/dk\\\/\",\"name\":\"Visit Sm\u00e5land\",\"description\":\"V\u00e4lkommen till Sm\u00e5land\",\"potentialAction\":[{\"@type\":\"SearchAction\",\"target\":{\"@type\":\"EntryPoint\",\"urlTemplate\":\"https:\\\/\\\/www.visitsmaland.se\\\/dk\\\/?s={search_term_string}\"},\"query-input\":{\"@type\":\"PropertyValueSpecification\",\"valueRequired\":true,\"valueName\":\"search_term_string\"}}],\"inLanguage\":\"da-DK\"}]}<\/script>\n<!-- \/ Yoast SEO plugin. -->","yoast_head_json":{"title":"Sarahs naturoplevelser p\u00e5 \u00f8en \u00d6land | Visit Sm\u00e5land","description":"Sarahs naturoplevelser p\u00e5 \u00f8en \u00d6land. Denne gang om den fine \u00f8 \u00d6land som ligger ud for Sm\u00e5lands kyst ca. 4 timers k\u00f8rsel fra K\u00f8benhavn.","robots":{"index":"index","follow":"follow","max-snippet":"max-snippet:-1","max-image-preview":"max-image-preview:large","max-video-preview":"max-video-preview:-1"},"canonical":"https:\/\/www.visitsmaland.se\/dk\/opdag\/sarahs-naturoplevelser-paa-oeen-oeland\/","og_locale":"da_DK","og_type":"article","og_title":"Sarahs naturoplevelser p\u00e5 \u00f8en \u00d6land | Visit Sm\u00e5land","og_description":"Sarahs naturoplevelser p\u00e5 \u00f8en \u00d6land. Denne gang om den fine \u00f8 \u00d6land som ligger ud for Sm\u00e5lands kyst ca. 4 timers k\u00f8rsel fra K\u00f8benhavn.","og_url":"https:\/\/www.visitsmaland.se\/dk\/opdag\/sarahs-naturoplevelser-paa-oeen-oeland\/","og_site_name":"Visit Sm\u00e5land","article_publisher":"https:\/\/www.facebook.com\/visitsmaland\/","article_modified_time":"2026-03-19T12:18:21+00:00","og_image":[{"width":2560,"height":1707,"url":"https:\/\/www.visitsmaland.se\/wp-content\/uploads\/2026\/03\/gillberga-stenbrott-@sarahinthegreen-scaled.jpg","type":"image\/jpeg"}],"twitter_card":"summary_large_image","twitter_misc":{"Estimeret l\u00e6setid":"15 minutter"},"schema":{"@context":"https:\/\/schema.org","@graph":[{"@type":"WebPage","@id":"https:\/\/www.visitsmaland.se\/dk\/opdag\/sarahs-naturoplevelser-paa-oeen-oeland\/","url":"https:\/\/www.visitsmaland.se\/dk\/opdag\/sarahs-naturoplevelser-paa-oeen-oeland\/","name":"Sarahs naturoplevelser p\u00e5 \u00f8en \u00d6land | Visit Sm\u00e5land","isPartOf":{"@id":"https:\/\/www.visitsmaland.se\/dk\/#website"},"primaryImageOfPage":{"@id":"https:\/\/www.visitsmaland.se\/dk\/opdag\/sarahs-naturoplevelser-paa-oeen-oeland\/#primaryimage"},"image":{"@id":"https:\/\/www.visitsmaland.se\/dk\/opdag\/sarahs-naturoplevelser-paa-oeen-oeland\/#primaryimage"},"thumbnailUrl":"https:\/\/www.visitsmaland.se\/wp-content\/uploads\/2026\/03\/gillberga-stenbrott-@sarahinthegreen-scaled.jpg","datePublished":"2026-03-19T10:49:39+00:00","dateModified":"2026-03-19T12:18:21+00:00","description":"Sarahs naturoplevelser p\u00e5 \u00f8en \u00d6land. Denne gang om den fine \u00f8 \u00d6land som ligger ud for Sm\u00e5lands kyst ca. 4 timers k\u00f8rsel fra K\u00f8benhavn.","breadcrumb":{"@id":"https:\/\/www.visitsmaland.se\/dk\/opdag\/sarahs-naturoplevelser-paa-oeen-oeland\/#breadcrumb"},"inLanguage":"da-DK","potentialAction":[{"@type":"ReadAction","target":["https:\/\/www.visitsmaland.se\/dk\/opdag\/sarahs-naturoplevelser-paa-oeen-oeland\/"]}]},{"@type":"ImageObject","inLanguage":"da-DK","@id":"https:\/\/www.visitsmaland.se\/dk\/opdag\/sarahs-naturoplevelser-paa-oeen-oeland\/#primaryimage","url":"https:\/\/www.visitsmaland.se\/wp-content\/uploads\/2026\/03\/gillberga-stenbrott-@sarahinthegreen-scaled.jpg","contentUrl":"https:\/\/www.visitsmaland.se\/wp-content\/uploads\/2026\/03\/gillberga-stenbrott-@sarahinthegreen-scaled.jpg","width":2560,"height":1707},{"@type":"BreadcrumbList","@id":"https:\/\/www.visitsmaland.se\/dk\/opdag\/sarahs-naturoplevelser-paa-oeen-oeland\/#breadcrumb","itemListElement":[{"@type":"ListItem","position":1,"name":"Forside","item":"https:\/\/www.visitsmaland.se\/dk\/"},{"@type":"ListItem","position":2,"name":"Sarahs naturoplevelser p\u00e5 \u00f8en \u00d6land"}]},{"@type":"WebSite","@id":"https:\/\/www.visitsmaland.se\/dk\/#website","url":"https:\/\/www.visitsmaland.se\/dk\/","name":"Visit Sm\u00e5land","description":"V\u00e4lkommen till Sm\u00e5land","potentialAction":[{"@type":"SearchAction","target":{"@type":"EntryPoint","urlTemplate":"https:\/\/www.visitsmaland.se\/dk\/?s={search_term_string}"},"query-input":{"@type":"PropertyValueSpecification","valueRequired":true,"valueName":"search_term_string"}}],"inLanguage":"da-DK"}]}},"_links":{"self":[{"href":"https:\/\/www.visitsmaland.se\/dk\/wp-json\/wp\/v2\/guide\/93760","targetHints":{"allow":["GET"]}}],"collection":[{"href":"https:\/\/www.visitsmaland.se\/dk\/wp-json\/wp\/v2\/guide"}],"about":[{"href":"https:\/\/www.visitsmaland.se\/dk\/wp-json\/wp\/v2\/types\/guide"}],"version-history":[{"count":10,"href":"https:\/\/www.visitsmaland.se\/dk\/wp-json\/wp\/v2\/guide\/93760\/revisions"}],"predecessor-version":[{"id":94126,"href":"https:\/\/www.visitsmaland.se\/dk\/wp-json\/wp\/v2\/guide\/93760\/revisions\/94126"}],"wp:featuredmedia":[{"embeddable":true,"href":"https:\/\/www.visitsmaland.se\/dk\/wp-json\/wp\/v2\/media\/93826"}],"wp:attachment":[{"href":"https:\/\/www.visitsmaland.se\/dk\/wp-json\/wp\/v2\/media?parent=93760"}],"wp:term":[{"taxonomy":"post_tag","embeddable":true,"href":"https:\/\/www.visitsmaland.se\/dk\/wp-json\/wp\/v2\/tags?post=93760"},{"taxonomy":"land","embeddable":true,"href":"https:\/\/www.visitsmaland.se\/dk\/wp-json\/wp\/v2\/land?post=93760"}],"curies":[{"name":"wp","href":"https:\/\/api.w.org\/{rel}","templated":true}]}}