{"id":65936,"date":"2020-06-10T10:01:32","date_gmt":"2020-06-10T08:01:32","guid":{"rendered":"https:\/\/www.visitsmaland.se\/upptack\/cykla-i-utvandrarnas-spar\/"},"modified":"2025-04-17T15:53:15","modified_gmt":"2025-04-17T13:53:15","slug":"cycling-footsteps-of-emigrants","status":"publish","type":"guide","link":"https:\/\/www.visitsmaland.se\/en\/discover\/cycling-footsteps-of-emigrants\/","title":{"rendered":"Cycling in the footsteps of emigrants"},"content":{"rendered":"<div class=\"postHerosection postHerosection__wrapper\">\n    <div class=\"postHerosection postHerosection__container\">\n        <h1 class=\"postHerosection postHerosection__heroHeading\">\n            Cycling in the footsteps of emigrants        <\/h1>\n            <\/div>\n    <div class=\"postHerosection postHerosection__imageContainer\">\n        <img loading=\"lazy\" decoding=\"async\" width=\"2560\" height=\"1708\" src=\"https:\/\/www.visitsmaland.se\/wp-content\/uploads\/2023\/05\/Cykel-Utvandrarled2-scaled.jpg\" class=\"attachment-full size-full\" alt=\"\" srcset=\"https:\/\/www.visitsmaland.se\/wp-content\/uploads\/2023\/05\/Cykel-Utvandrarled2-scaled.jpg 2560w, https:\/\/www.visitsmaland.se\/wp-content\/uploads\/2023\/05\/Cykel-Utvandrarled2-300x200.jpg 300w, https:\/\/www.visitsmaland.se\/wp-content\/uploads\/2023\/05\/Cykel-Utvandrarled2-1024x683.jpg 1024w, https:\/\/www.visitsmaland.se\/wp-content\/uploads\/2023\/05\/Cykel-Utvandrarled2-768x512.jpg 768w, https:\/\/www.visitsmaland.se\/wp-content\/uploads\/2023\/05\/Cykel-Utvandrarled2-120x80.jpg 120w, https:\/\/www.visitsmaland.se\/wp-content\/uploads\/2023\/05\/Cykel-Utvandrarled2-1536x1025.jpg 1536w, https:\/\/www.visitsmaland.se\/wp-content\/uploads\/2023\/05\/Cykel-Utvandrarled2-2048x1366.jpg 2048w, https:\/\/www.visitsmaland.se\/wp-content\/uploads\/2023\/05\/Cykel-Utvandrarled2-600x400.jpg 600w\" sizes=\"(max-width: 2560px) 100vw, 2560px\" \/>    <\/div>\n<\/div>\n<div class=\"postHerosection postHerosection__breadcrumbs\">\n   <div class=\"postHerosection postHerosection__breadcrumbs-container\">\n        <p id=\"breadcrumbs\"><span><span><a href=\"https:\/\/www.visitsmaland.se\/en\/\">Frontpage<\/a><\/span><\/span><\/p>    <\/div>\n<\/div>\n\n<div class=\"contentCta contentCta__wrapper\">\n    <div class=\"contentCta contentCta__container\">\n                    \t\t\t<div class=\"contentCta contentCta__text\" style=\"color: \">\n\t\t\t\t<p>Take a bike ride through the rocky Sm\u00e5land that Vilhelm Moberg&#8217;s emigrants once left behind. It&#8217;s a 130 km long circular route with many overnight accommodations. You choose where you want to start and end, and how long daily distances you want to cycle.<\/p>\n\t\t\t<\/div>\n                <hr>\n            <\/div>\n<\/div>\n\n\n<div class=\"dynamicContentTwoColumns dynamicContentTwoColumns__wrapper\">\n    <div class=\"dynamicContentTwoColumns dynamicContentTwoColumns__container\">\n                                    <h3 class=\"dynamicContentTwoColumns dynamicContentTwoColumns__heading\">\n                    Explore Vilhelm Moberg&#8217;s legacy                <\/h3>\n                                                <div class=\"dynamicContentTwoColumns dynamicContentTwoColumns__text\">\n                    <p><p>The cycle path is mostly on gravel roads and smaller asphalt roads. It is also adapted for mountain biking on some sections. If you want to cycle around all or parts of the trail, there are adapted packages with overnight stays and food. There are many places to visit along the trail with connections to Vilhelm Moberg and the emigration. For example, Moshultam\u00e5la old school, \u00c5kerby crossroads and Ljuders church. We are also in the Kingdom of Glass and the trail passes Skrufs glassworks. There are plenty of places to cool off as many small lakes with swimming are passed.<\/p>\n<p>\n                <\/div>\n                                                <div class=\"dynamicContentTwoColumns dynamicContentTwoColumns__imageWrapper\">\n                    <img loading=\"lazy\" decoding=\"async\" width=\"334\" height=\"500\" src=\"https:\/\/www.visitsmaland.se\/wp-content\/uploads\/2020\/06\/Grimsnas-Korro-17-scaled-e1742457855690.jpg\" class=\"attachment-500x500 size-500x500\" alt=\"\" \/>                <\/div>\n                                                <div class=\"dynamicContentTwoColumns dynamicContentTwoColumns__imageWrapper\">\n                    <img loading=\"lazy\" decoding=\"async\" width=\"500\" height=\"334\" src=\"https:\/\/www.visitsmaland.se\/wp-content\/uploads\/2024\/04\/Grimsnas-Korro-7-scaled.jpg\" class=\"attachment-500x500 size-500x500\" alt=\"\" srcset=\"https:\/\/www.visitsmaland.se\/wp-content\/uploads\/2024\/04\/Grimsnas-Korro-7-scaled.jpg 2560w, https:\/\/www.visitsmaland.se\/wp-content\/uploads\/2024\/04\/Grimsnas-Korro-7-300x200.jpg 300w, https:\/\/www.visitsmaland.se\/wp-content\/uploads\/2024\/04\/Grimsnas-Korro-7-1024x683.jpg 1024w, https:\/\/www.visitsmaland.se\/wp-content\/uploads\/2024\/04\/Grimsnas-Korro-7-768x513.jpg 768w, https:\/\/www.visitsmaland.se\/wp-content\/uploads\/2024\/04\/Grimsnas-Korro-7-1536x1025.jpg 1536w, https:\/\/www.visitsmaland.se\/wp-content\/uploads\/2024\/04\/Grimsnas-Korro-7-2048x1367.jpg 2048w\" sizes=\"(max-width: 500px) 100vw, 500px\" \/>                <\/div>\n                                                <h3 class=\"dynamicContentTwoColumns dynamicContentTwoColumns__heading\">\n                    Stop and pause                <\/h3>\n                                                <div class=\"dynamicContentTwoColumns dynamicContentTwoColumns__text\">\n                    <p><p>Along the trail there are two particularly picturesque places that offer cozy packages for one or more days. Korr\u00f6 is surrounded by the roaring Ronneby\u00e5n River and Grimsn\u00e4s Herrg\u00e5rd is beautifully situated amidst deciduous forest and meadows. They offer cozy accommodation, a three-course dinner, breakfast and sandwich packages for the day. You can also hike on the trail and from Korr\u00f6 you can paddle a stretch if you wish.<\/p>\n<p>\n                <\/div>\n                                                <div class=\"wp-block-buttons is-layout-flex wp-block-buttons-is-layout-flex\">\n                    <div class=\"wp-block-button\">\n                        <a aria-label=\"Read more\" class=\"wp-block-button__link wp-element-button dynamicContentTwoColumns dynamicContentTwoColumns__ctaButton\" href=\"https:\/\/utvandrarleden.se\/cykla\/\">\n                            Cycle along the Emigrant Trail                        <\/a>\n                    <\/div>\n                <\/div>\n                        <\/div>\n<\/div>\n\n\n\n<figure class=\"wp-block-gallery has-nested-images columns-default is-cropped wp-block-gallery-2 is-layout-flex wp-block-gallery-is-layout-flex\">\n<figure class=\"wp-block-image size-large\"><img loading=\"lazy\" decoding=\"async\" width=\"1024\" height=\"683\" data-id=\"65401\" src=\"https:\/\/www.visitsmaland.se\/wp-content\/uploads\/2020\/06\/Grimsnas-Korro-6-1024x683.jpg\" alt=\"\" class=\"wp-image-65401\" srcset=\"https:\/\/www.visitsmaland.se\/wp-content\/uploads\/2020\/06\/Grimsnas-Korro-6-1024x683.jpg 1024w, https:\/\/www.visitsmaland.se\/wp-content\/uploads\/2020\/06\/Grimsnas-Korro-6-300x200.jpg 300w, https:\/\/www.visitsmaland.se\/wp-content\/uploads\/2020\/06\/Grimsnas-Korro-6-768x513.jpg 768w, https:\/\/www.visitsmaland.se\/wp-content\/uploads\/2020\/06\/Grimsnas-Korro-6-1536x1025.jpg 1536w, https:\/\/www.visitsmaland.se\/wp-content\/uploads\/2020\/06\/Grimsnas-Korro-6-2048x1367.jpg 2048w\" sizes=\"(max-width: 1024px) 100vw, 1024px\" \/><\/figure>\n\n\n\n<figure class=\"wp-block-image size-large\"><img loading=\"lazy\" decoding=\"async\" width=\"1024\" height=\"683\" data-id=\"33758\" src=\"https:\/\/www.visitsmaland.se\/wp-content\/uploads\/2024\/04\/cykel-grimsnas-korro-1024x683.jpg\" alt=\"\" class=\"wp-image-33758\" srcset=\"https:\/\/www.visitsmaland.se\/wp-content\/uploads\/2024\/04\/cykel-grimsnas-korro-1024x683.jpg 1024w, https:\/\/www.visitsmaland.se\/wp-content\/uploads\/2024\/04\/cykel-grimsnas-korro-300x200.jpg 300w, https:\/\/www.visitsmaland.se\/wp-content\/uploads\/2024\/04\/cykel-grimsnas-korro-768x513.jpg 768w, https:\/\/www.visitsmaland.se\/wp-content\/uploads\/2024\/04\/cykel-grimsnas-korro-1536x1025.jpg 1536w, https:\/\/www.visitsmaland.se\/wp-content\/uploads\/2024\/04\/cykel-grimsnas-korro-2048x1367.jpg 2048w\" sizes=\"(max-width: 1024px) 100vw, 1024px\" \/><\/figure>\n\n\n\n<figure class=\"wp-block-image size-large\"><img loading=\"lazy\" decoding=\"async\" width=\"1024\" height=\"683\" data-id=\"65411\" src=\"https:\/\/www.visitsmaland.se\/wp-content\/uploads\/2020\/06\/Grimsnas-Korro-13-1024x683.jpg\" alt=\"\" class=\"wp-image-65411\" srcset=\"https:\/\/www.visitsmaland.se\/wp-content\/uploads\/2020\/06\/Grimsnas-Korro-13-1024x683.jpg 1024w, https:\/\/www.visitsmaland.se\/wp-content\/uploads\/2020\/06\/Grimsnas-Korro-13-300x200.jpg 300w, https:\/\/www.visitsmaland.se\/wp-content\/uploads\/2020\/06\/Grimsnas-Korro-13-768x513.jpg 768w, https:\/\/www.visitsmaland.se\/wp-content\/uploads\/2020\/06\/Grimsnas-Korro-13-1536x1025.jpg 1536w, https:\/\/www.visitsmaland.se\/wp-content\/uploads\/2020\/06\/Grimsnas-Korro-13-2048x1367.jpg 2048w\" sizes=\"(max-width: 1024px) 100vw, 1024px\" \/><\/figure>\n<\/figure>\n\n\n<div class=\"contentImageTwoColumns contentImageTwoColumns__wrapper\" style=\"background-color: #f4f2eb\">\n    <div class=\"contentImageTwoColumns contentImageTwoColumns__container \">\n        <div class=\"contentImageTwoColumns contentImageTwoColumns__contentWrapper\">\n            <h2 class=\"contentImageTwoColumns contentImageTwoColumns__heading\" style=\"color: \">\n                Vilhelm Moberg            <\/h2>\n            <div class=\"contentImageTwoColumns contentImageTwoColumns__text contentImageTwoColumns__text--short\" style=\"color: \">\n                                    <p>In his four famous novels, which have been translated into 42 languages, Vilhelm Moberg has told the story of Karl-Oskar and Kristina and 20 other Sm\u00e5land farmers from Ljuder and their emigration t&#8230;                    <button type=\"button\" class=\"contentImageTwoColumns contentImageTwoColumns__readMoreLess\">\n                        Read more +                    <\/button>\n                            <\/div>\n            <div class=\"contentImageTwoColumns contentImageTwoColumns__text contentImageTwoColumns__text--full\" style=\"color: \">\n                <p>In his four famous novels, which have been translated into 42 languages, Vilhelm Moberg has told the story of Karl-Oskar and Kristina and 20 other Sm\u00e5land farmers from Ljuder and their emigration to the USA in the 1860s. But this is also a great epic about the fate of emigrants all over the world, both then and now. He was named by the Swedish people as the most popular Swedish author of the century in 2000. In the Land of Emigrants between V\u00e4xj\u00f6 and Kalmar, you can recognize place names from books and film recordings. The 110 km long \u201cUtvandrarleden\u201d hiking trail runs through the area, and in V\u00e4xj\u00f6 there is the \u201cUtvandrarnas Hus\u201d with an exhibition.<\/p>\n                <button type=\"button\" class=\"contentImageTwoColumns contentImageTwoColumns__readMoreLess\">\n                    Read less &#8211;                <\/button>\n            <\/div>\n                        <div class=\"wp-block-buttons is-layout-flex wp-block-buttons-is-layout-flex\">\n                <div class=\"wp-block-button arrow-white\">\n                    <a aria-label=\"kulturparkensmaland.se\" class=\"wp-block-button__link wp-element-button\" href=\"https:\/\/www.kulturparkensmaland.se\/en\/moberg-and-the-emigrants\/\" style=\"background-color: #374632; color: #ffffff;border: solid 1px #374632\">\n                        kulturparkensmaland.se                    <\/a>\n                <\/div>\n            <\/div>\n                                <\/div>\n        <div class=\"contentImageTwoColumns contentImageTwoColumns__imageWrapper\">\n            <img loading=\"lazy\" decoding=\"async\" width=\"1024\" height=\"740\" src=\"https:\/\/www.visitsmaland.se\/wp-content\/uploads\/2024\/08\/Vilhelm-Moberg-1024x740.jpg\" class=\"attachment-grid-card-images size-grid-card-images\" alt=\"Eingang zur Ausstellung Vilhelm Moberg &amp; die Auswanderer.\" \/>        <\/div>\n    <\/div>\n<\/div>\n\n\n  \n<div class=\"featuredTwoColumns featuredTwoColumns__wrapper\">\n    <div class=\"featuredTwoColumns featuredTwoColumns__container\">  \n            <div class=\"featuredTwoColumns featuredTwoColumns__feturedWrapper\">\n            <a aria-label=\"Cycling tour guide\" href=\"https:\/\/www.visitsmaland.se\/en\/discover\/cycling-tour-guide\/\"class=\"featuredTwoColumns featuredTwoColumns__imageWrapper\">\n                <img loading=\"lazy\" decoding=\"async\" width=\"1024\" height=\"740\" src=\"https:\/\/www.visitsmaland.se\/wp-content\/uploads\/2024\/04\/topp_guide-1024x740.jpg\" class=\"attachment-grid-card-images size-grid-card-images wp-post-image\" alt=\"\" \/>            <\/a>\n            <div class=\"featuredTwoColumns featuredTwoColumns__contentWrapper\">\n                <h2 class=\"featuredTwoColumns featuredTwoColumns__heading\">\n                    Cycling tour guide                <\/h2>\n                <p class=\"featuredTwoColumns featuredTwoColumns__description\">\n                    Experience all our cycling routes with our cycling \u2026                <\/p>\n                 \n                 \n                <div class=\"wp-block-buttons is-layout-flex wp-block-buttons-is-layout-flex\">\n                    <div class=\"wp-block-button \">\n                        <a aria-label=\"Cycling tour guide\"class=\"wp-block-button__link wp-element-button\" href=\"https:\/\/www.visitsmaland.se\/en\/discover\/cycling-tour-guide\/\">\n                            Discover                       \n                         <\/a>\n                    <\/div>\n                <\/div>\n            <\/div>\n        <\/div>\n                <div class=\"featuredTwoColumns featuredTwoColumns__feturedWrapper\">\n            <a aria-label=\"Bikehotels\" href=\"https:\/\/www.visitsmaland.se\/en\/discover\/bikehotels\/\"class=\"featuredTwoColumns featuredTwoColumns__imageWrapper\">\n                <img loading=\"lazy\" decoding=\"async\" width=\"1024\" height=\"740\" src=\"https:\/\/www.visitsmaland.se\/wp-content\/uploads\/2024\/04\/christopherlanawayphotography_smalandgravelexperience-75094-1024x740.jpg\" class=\"attachment-grid-card-images size-grid-card-images wp-post-image\" alt=\"\" \/>            <\/a>\n            <div class=\"featuredTwoColumns featuredTwoColumns__contentWrapper\">\n                <h2 class=\"featuredTwoColumns featuredTwoColumns__heading\">\n                    Bikehotels                <\/h2>\n                <p class=\"featuredTwoColumns featuredTwoColumns__description\">\n                    If you want to stay overnight there are several acc\u2026                <\/p>\n                 \n                 \n                <div class=\"wp-block-buttons is-layout-flex wp-block-buttons-is-layout-flex\">\n                    <div class=\"wp-block-button \">\n                        <a aria-label=\"Bikehotels\"class=\"wp-block-button__link wp-element-button\" href=\"https:\/\/www.visitsmaland.se\/en\/discover\/bikehotels\/\">\n                            Discover                       \n                         <\/a>\n                    <\/div>\n                <\/div>\n            <\/div>\n        <\/div>\n            <\/div>\n<\/div>\n","protected":false},"excerpt":{"rendered":"<p>Take a bike ride through the rocky Sm\u00e5land that Vilhelm Moberg&#8217;s emigrants once left behind. It&#8217;s a 130 km long circular route with many overnight accommodations. You choose where you want to start and end, and how long daily distances you want to cycle.<\/p>\n","protected":false},"featured_media":22127,"parent":0,"menu_order":1095,"template":"","tags":[114],"land":[39],"class_list":["post-65936","guide","type-guide","status-publish","has-post-thumbnail","hentry","tag-featured-en","land-aventyrslandet"],"acf":{"priority":""},"yoast_head":"<!-- This site is optimized with the Yoast SEO plugin v27.2 - https:\/\/yoast.com\/product\/yoast-seo-wordpress\/ -->\n<title>Cycling in the footsteps of emigrants | Visit Sm\u00e5land<\/title>\n<meta name=\"description\" content=\"Take a bike ride through Sm\u00e5land, which Vilhelm Moberg&#039;s emigrants once left. A circular route of approximately 130 km.\" \/>\n<meta name=\"robots\" content=\"index, follow, max-snippet:-1, max-image-preview:large, max-video-preview:-1\" \/>\n<link rel=\"canonical\" href=\"https:\/\/www.visitsmaland.se\/en\/discover\/cycling-footsteps-of-emigrants\/\" \/>\n<meta property=\"og:locale\" content=\"en_US\" \/>\n<meta property=\"og:type\" content=\"article\" \/>\n<meta property=\"og:title\" content=\"Cycling in the footsteps of emigrants | Visit Sm\u00e5land\" \/>\n<meta property=\"og:description\" content=\"Take a bike ride through Sm\u00e5land, which Vilhelm Moberg&#039;s emigrants once left. A circular route of approximately 130 km.\" \/>\n<meta property=\"og:url\" content=\"https:\/\/www.visitsmaland.se\/en\/discover\/cycling-footsteps-of-emigrants\/\" \/>\n<meta property=\"og:site_name\" content=\"Visit Sm\u00e5land\" \/>\n<meta property=\"article:publisher\" content=\"https:\/\/www.facebook.com\/visitsmaland\/\" \/>\n<meta property=\"article:modified_time\" content=\"2025-04-17T13:53:15+00:00\" \/>\n<meta property=\"og:image\" content=\"https:\/\/www.visitsmaland.se\/wp-content\/uploads\/2023\/05\/Cykel-Utvandrarled2-scaled.jpg\" \/>\n\t<meta property=\"og:image:width\" content=\"2560\" \/>\n\t<meta property=\"og:image:height\" content=\"1708\" \/>\n\t<meta property=\"og:image:type\" content=\"image\/jpeg\" \/>\n<meta name=\"twitter:card\" content=\"summary_large_image\" \/>\n<meta name=\"twitter:label1\" content=\"Est. reading time\" \/>\n\t<meta name=\"twitter:data1\" content=\"3 minutes\" \/>\n<script type=\"application\/ld+json\" class=\"yoast-schema-graph\">{\"@context\":\"https:\/\/schema.org\",\"@graph\":[{\"@type\":\"WebPage\",\"@id\":\"https:\/\/www.visitsmaland.se\/en\/discover\/cycling-footsteps-of-emigrants\/\",\"url\":\"https:\/\/www.visitsmaland.se\/en\/discover\/cycling-footsteps-of-emigrants\/\",\"name\":\"Cycling in the footsteps of emigrants | Visit Sm\u00e5land\",\"isPartOf\":{\"@id\":\"https:\/\/www.visitsmaland.se\/en\/#website\"},\"primaryImageOfPage\":{\"@id\":\"https:\/\/www.visitsmaland.se\/en\/discover\/cycling-footsteps-of-emigrants\/#primaryimage\"},\"image\":{\"@id\":\"https:\/\/www.visitsmaland.se\/en\/discover\/cycling-footsteps-of-emigrants\/#primaryimage\"},\"thumbnailUrl\":\"https:\/\/www.visitsmaland.se\/wp-content\/uploads\/2023\/05\/Cykel-Utvandrarled2-scaled.jpg\",\"datePublished\":\"2020-06-10T08:01:32+00:00\",\"dateModified\":\"2025-04-17T13:53:15+00:00\",\"description\":\"Take a bike ride through Sm\u00e5land, which Vilhelm Moberg's emigrants once left. A circular route of approximately 130 km.\",\"breadcrumb\":{\"@id\":\"https:\/\/www.visitsmaland.se\/en\/discover\/cycling-footsteps-of-emigrants\/#breadcrumb\"},\"inLanguage\":\"en-US\",\"potentialAction\":[{\"@type\":\"ReadAction\",\"target\":[\"https:\/\/www.visitsmaland.se\/en\/discover\/cycling-footsteps-of-emigrants\/\"]}]},{\"@type\":\"ImageObject\",\"inLanguage\":\"en-US\",\"@id\":\"https:\/\/www.visitsmaland.se\/en\/discover\/cycling-footsteps-of-emigrants\/#primaryimage\",\"url\":\"https:\/\/www.visitsmaland.se\/wp-content\/uploads\/2023\/05\/Cykel-Utvandrarled2-scaled.jpg\",\"contentUrl\":\"https:\/\/www.visitsmaland.se\/wp-content\/uploads\/2023\/05\/Cykel-Utvandrarled2-scaled.jpg\",\"width\":2560,\"height\":1708},{\"@type\":\"BreadcrumbList\",\"@id\":\"https:\/\/www.visitsmaland.se\/en\/discover\/cycling-footsteps-of-emigrants\/#breadcrumb\",\"itemListElement\":[{\"@type\":\"ListItem\",\"position\":1,\"name\":\"Frontpage\",\"item\":\"https:\/\/www.visitsmaland.se\/en\/\"},{\"@type\":\"ListItem\",\"position\":2,\"name\":\"Cycling in the footsteps of emigrants\"}]},{\"@type\":\"WebSite\",\"@id\":\"https:\/\/www.visitsmaland.se\/en\/#website\",\"url\":\"https:\/\/www.visitsmaland.se\/en\/\",\"name\":\"Visit Sm\u00e5land\",\"description\":\"V\u00e4lkommen till Sm\u00e5land\",\"potentialAction\":[{\"@type\":\"SearchAction\",\"target\":{\"@type\":\"EntryPoint\",\"urlTemplate\":\"https:\/\/www.visitsmaland.se\/en\/?s={search_term_string}\"},\"query-input\":{\"@type\":\"PropertyValueSpecification\",\"valueRequired\":true,\"valueName\":\"search_term_string\"}}],\"inLanguage\":\"en-US\"}]}<\/script>\n<!-- \/ Yoast SEO plugin. -->","yoast_head_json":{"title":"Cycling in the footsteps of emigrants | Visit Sm\u00e5land","description":"Take a bike ride through Sm\u00e5land, which Vilhelm Moberg's emigrants once left. A circular route of approximately 130 km.","robots":{"index":"index","follow":"follow","max-snippet":"max-snippet:-1","max-image-preview":"max-image-preview:large","max-video-preview":"max-video-preview:-1"},"canonical":"https:\/\/www.visitsmaland.se\/en\/discover\/cycling-footsteps-of-emigrants\/","og_locale":"en_US","og_type":"article","og_title":"Cycling in the footsteps of emigrants | Visit Sm\u00e5land","og_description":"Take a bike ride through Sm\u00e5land, which Vilhelm Moberg's emigrants once left. A circular route of approximately 130 km.","og_url":"https:\/\/www.visitsmaland.se\/en\/discover\/cycling-footsteps-of-emigrants\/","og_site_name":"Visit Sm\u00e5land","article_publisher":"https:\/\/www.facebook.com\/visitsmaland\/","article_modified_time":"2025-04-17T13:53:15+00:00","og_image":[{"width":2560,"height":1708,"url":"https:\/\/www.visitsmaland.se\/wp-content\/uploads\/2023\/05\/Cykel-Utvandrarled2-scaled.jpg","type":"image\/jpeg"}],"twitter_card":"summary_large_image","twitter_misc":{"Est. reading time":"3 minutes"},"schema":{"@context":"https:\/\/schema.org","@graph":[{"@type":"WebPage","@id":"https:\/\/www.visitsmaland.se\/en\/discover\/cycling-footsteps-of-emigrants\/","url":"https:\/\/www.visitsmaland.se\/en\/discover\/cycling-footsteps-of-emigrants\/","name":"Cycling in the footsteps of emigrants | Visit Sm\u00e5land","isPartOf":{"@id":"https:\/\/www.visitsmaland.se\/en\/#website"},"primaryImageOfPage":{"@id":"https:\/\/www.visitsmaland.se\/en\/discover\/cycling-footsteps-of-emigrants\/#primaryimage"},"image":{"@id":"https:\/\/www.visitsmaland.se\/en\/discover\/cycling-footsteps-of-emigrants\/#primaryimage"},"thumbnailUrl":"https:\/\/www.visitsmaland.se\/wp-content\/uploads\/2023\/05\/Cykel-Utvandrarled2-scaled.jpg","datePublished":"2020-06-10T08:01:32+00:00","dateModified":"2025-04-17T13:53:15+00:00","description":"Take a bike ride through Sm\u00e5land, which Vilhelm Moberg's emigrants once left. A circular route of approximately 130 km.","breadcrumb":{"@id":"https:\/\/www.visitsmaland.se\/en\/discover\/cycling-footsteps-of-emigrants\/#breadcrumb"},"inLanguage":"en-US","potentialAction":[{"@type":"ReadAction","target":["https:\/\/www.visitsmaland.se\/en\/discover\/cycling-footsteps-of-emigrants\/"]}]},{"@type":"ImageObject","inLanguage":"en-US","@id":"https:\/\/www.visitsmaland.se\/en\/discover\/cycling-footsteps-of-emigrants\/#primaryimage","url":"https:\/\/www.visitsmaland.se\/wp-content\/uploads\/2023\/05\/Cykel-Utvandrarled2-scaled.jpg","contentUrl":"https:\/\/www.visitsmaland.se\/wp-content\/uploads\/2023\/05\/Cykel-Utvandrarled2-scaled.jpg","width":2560,"height":1708},{"@type":"BreadcrumbList","@id":"https:\/\/www.visitsmaland.se\/en\/discover\/cycling-footsteps-of-emigrants\/#breadcrumb","itemListElement":[{"@type":"ListItem","position":1,"name":"Frontpage","item":"https:\/\/www.visitsmaland.se\/en\/"},{"@type":"ListItem","position":2,"name":"Cycling in the footsteps of emigrants"}]},{"@type":"WebSite","@id":"https:\/\/www.visitsmaland.se\/en\/#website","url":"https:\/\/www.visitsmaland.se\/en\/","name":"Visit Sm\u00e5land","description":"V\u00e4lkommen till Sm\u00e5land","potentialAction":[{"@type":"SearchAction","target":{"@type":"EntryPoint","urlTemplate":"https:\/\/www.visitsmaland.se\/en\/?s={search_term_string}"},"query-input":{"@type":"PropertyValueSpecification","valueRequired":true,"valueName":"search_term_string"}}],"inLanguage":"en-US"}]}},"_links":{"self":[{"href":"https:\/\/www.visitsmaland.se\/en\/wp-json\/wp\/v2\/guide\/65936","targetHints":{"allow":["GET"]}}],"collection":[{"href":"https:\/\/www.visitsmaland.se\/en\/wp-json\/wp\/v2\/guide"}],"about":[{"href":"https:\/\/www.visitsmaland.se\/en\/wp-json\/wp\/v2\/types\/guide"}],"version-history":[{"count":2,"href":"https:\/\/www.visitsmaland.se\/en\/wp-json\/wp\/v2\/guide\/65936\/revisions"}],"predecessor-version":[{"id":68021,"href":"https:\/\/www.visitsmaland.se\/en\/wp-json\/wp\/v2\/guide\/65936\/revisions\/68021"}],"wp:featuredmedia":[{"embeddable":true,"href":"https:\/\/www.visitsmaland.se\/en\/wp-json\/wp\/v2\/media\/22127"}],"wp:attachment":[{"href":"https:\/\/www.visitsmaland.se\/en\/wp-json\/wp\/v2\/media?parent=65936"}],"wp:term":[{"taxonomy":"post_tag","embeddable":true,"href":"https:\/\/www.visitsmaland.se\/en\/wp-json\/wp\/v2\/tags?post=65936"},{"taxonomy":"land","embeddable":true,"href":"https:\/\/www.visitsmaland.se\/en\/wp-json\/wp\/v2\/land?post=65936"}],"curies":[{"name":"wp","href":"https:\/\/api.w.org\/{rel}","templated":true}]}}