{"id":80408,"date":"2025-12-10T16:04:02","date_gmt":"2025-12-10T15:04:02","guid":{"rendered":"https:\/\/www.visitsmaland.se\/upptack\/vintercamping\/"},"modified":"2025-12-11T10:56:02","modified_gmt":"2025-12-11T09:56:02","slug":"vintercamping","status":"publish","type":"guide","link":"https:\/\/www.visitsmaland.se\/en\/discover\/vintercamping\/","title":{"rendered":"Winter camping"},"content":{"rendered":"<div class=\"postHerosection postHerosection__wrapper\">\n    <div class=\"postHerosection postHerosection__container\">\n        <h1 class=\"postHerosection postHerosection__heroHeading\">\n            Winter camping        <\/h1>\n            <\/div>\n    <div class=\"postHerosection postHerosection__imageContainer\">\n        <img loading=\"lazy\" decoding=\"async\" width=\"2560\" height=\"1920\" src=\"https:\/\/www.visitsmaland.se\/wp-content\/uploads\/2025\/12\/vintercamping-scaled.jpg\" class=\"attachment-full size-full\" alt=\"\" srcset=\"https:\/\/www.visitsmaland.se\/wp-content\/uploads\/2025\/12\/vintercamping-scaled.jpg 2560w, https:\/\/www.visitsmaland.se\/wp-content\/uploads\/2025\/12\/vintercamping-300x225.jpg 300w, https:\/\/www.visitsmaland.se\/wp-content\/uploads\/2025\/12\/vintercamping-1024x768.jpg 1024w, https:\/\/www.visitsmaland.se\/wp-content\/uploads\/2025\/12\/vintercamping-768x576.jpg 768w, https:\/\/www.visitsmaland.se\/wp-content\/uploads\/2025\/12\/vintercamping-1536x1152.jpg 1536w, https:\/\/www.visitsmaland.se\/wp-content\/uploads\/2025\/12\/vintercamping-2048x1536.jpg 2048w\" sizes=\"(max-width: 2560px) 100vw, 2560px\" \/>    <\/div>\n<\/div>\n<div class=\"postHerosection postHerosection__breadcrumbs\">\n   <div class=\"postHerosection postHerosection__breadcrumbs-container\">\n        <p id=\"breadcrumbs\"><span><span><a href=\"https:\/\/www.visitsmaland.se\/en\/\">Frontpage<\/a><\/span><\/span><\/p>    <\/div>\n<\/div>\n\n<div class=\"contentCta contentCta__wrapper\">\n    <div class=\"contentCta contentCta__container\">\n                    \t\t\t<div class=\"contentCta contentCta__text\" style=\"color: \">\n\t\t\t\t<p>Experience the winter landscapes of Sm\u00e5land and \u00d6land up close with winter camping. Quiet forests, frost-covered scenery and cozy cabins close to nature. Several campsites remain open with electric pitches available.<\/p>\n\t\t\t<\/div>\n                <hr>\n            <\/div>\n<\/div>\n\n\n<div class=\"dynamicContentTwoColumns dynamicContentTwoColumns__wrapper\">\n    <div class=\"dynamicContentTwoColumns dynamicContentTwoColumns__container\">\n                                    <h3 class=\"dynamicContentTwoColumns dynamicContentTwoColumns__heading\">\n                    V\u00e4stervik Resort                <\/h3>\n                                                <div class=\"dynamicContentTwoColumns dynamicContentTwoColumns__text\">\n                    <p><p>The five-star holiday complex V\u00e4stervik Resort is one of Sweden\u2019s largest vacation destinations \u2013 right in the heart of the V\u00e4stervik archipelago. During the winter season, you can book a cottage or a camping pitch with electricity.<\/p>\n<p>\n                <\/div>\n                                                <div class=\"wp-block-buttons is-layout-flex wp-block-buttons-is-layout-flex\">\n                    <div class=\"wp-block-button\">\n                        <a aria-label=\"Read more\" class=\"wp-block-button__link wp-element-button dynamicContentTwoColumns dynamicContentTwoColumns__ctaButton\" href=\"https:\/\/vastervikresort.se\/en\/\">\n                            Read more about the campsite here                        <\/a>\n                    <\/div>\n                <\/div>\n                                                <div class=\"dynamicContentTwoColumns dynamicContentTwoColumns__imageWrapper\">\n                    <img loading=\"lazy\" decoding=\"async\" width=\"500\" height=\"333\" src=\"https:\/\/www.visitsmaland.se\/wp-content\/uploads\/2025\/12\/Vastervik-vy-Sta-Gertrud-Gamlebyviken-vinter-2-Niklas-Lind-scaled.jpg\" class=\"attachment-500x500 size-500x500\" alt=\"\" srcset=\"https:\/\/www.visitsmaland.se\/wp-content\/uploads\/2025\/12\/Vastervik-vy-Sta-Gertrud-Gamlebyviken-vinter-2-Niklas-Lind-scaled.jpg 2560w, https:\/\/www.visitsmaland.se\/wp-content\/uploads\/2025\/12\/Vastervik-vy-Sta-Gertrud-Gamlebyviken-vinter-2-Niklas-Lind-300x200.jpg 300w, https:\/\/www.visitsmaland.se\/wp-content\/uploads\/2025\/12\/Vastervik-vy-Sta-Gertrud-Gamlebyviken-vinter-2-Niklas-Lind-1024x683.jpg 1024w, https:\/\/www.visitsmaland.se\/wp-content\/uploads\/2025\/12\/Vastervik-vy-Sta-Gertrud-Gamlebyviken-vinter-2-Niklas-Lind-768x512.jpg 768w, https:\/\/www.visitsmaland.se\/wp-content\/uploads\/2025\/12\/Vastervik-vy-Sta-Gertrud-Gamlebyviken-vinter-2-Niklas-Lind-1536x1024.jpg 1536w, https:\/\/www.visitsmaland.se\/wp-content\/uploads\/2025\/12\/Vastervik-vy-Sta-Gertrud-Gamlebyviken-vinter-2-Niklas-Lind-2048x1365.jpg 2048w\" sizes=\"(max-width: 500px) 100vw, 500px\" \/>                <\/div>\n                                                <h3 class=\"dynamicContentTwoColumns dynamicContentTwoColumns__heading\">\n                    KustCamp Gamleby                <\/h3>\n                                                <div class=\"dynamicContentTwoColumns dynamicContentTwoColumns__text\">\n                    <p><p>The four-star family campsite KustCamp Gamleby is located by a bay of the Baltic Sea, offering pleasant terraced pitches in a scenic and hilly landscape. The campsite and cabins are open all year round.<\/p>\n<p>\n                <\/div>\n                                                <div class=\"wp-block-buttons is-layout-flex wp-block-buttons-is-layout-flex\">\n                    <div class=\"wp-block-button\">\n                        <a aria-label=\"Read more\" class=\"wp-block-button__link wp-element-button dynamicContentTwoColumns dynamicContentTwoColumns__ctaButton\" href=\"https:\/\/campa.se\/\">\n                            KustCamp                        <\/a>\n                    <\/div>\n                <\/div>\n                                                <div class=\"dynamicContentTwoColumns dynamicContentTwoColumns__imageWrapper\">\n                    <img loading=\"lazy\" decoding=\"async\" width=\"500\" height=\"333\" src=\"https:\/\/www.visitsmaland.se\/wp-content\/uploads\/2024\/04\/nathalie_chavez_vinter_1-f80487b0663bcb1bb7d13adbe6466c48-1800x1200-2.jpg\" class=\"attachment-500x500 size-500x500\" alt=\"\" srcset=\"https:\/\/www.visitsmaland.se\/wp-content\/uploads\/2024\/04\/nathalie_chavez_vinter_1-f80487b0663bcb1bb7d13adbe6466c48-1800x1200-2.jpg 1800w, https:\/\/www.visitsmaland.se\/wp-content\/uploads\/2024\/04\/nathalie_chavez_vinter_1-f80487b0663bcb1bb7d13adbe6466c48-1800x1200-2-300x200.jpg 300w, https:\/\/www.visitsmaland.se\/wp-content\/uploads\/2024\/04\/nathalie_chavez_vinter_1-f80487b0663bcb1bb7d13adbe6466c48-1800x1200-2-1024x683.jpg 1024w, https:\/\/www.visitsmaland.se\/wp-content\/uploads\/2024\/04\/nathalie_chavez_vinter_1-f80487b0663bcb1bb7d13adbe6466c48-1800x1200-2-768x512.jpg 768w, https:\/\/www.visitsmaland.se\/wp-content\/uploads\/2024\/04\/nathalie_chavez_vinter_1-f80487b0663bcb1bb7d13adbe6466c48-1800x1200-2-1536x1024.jpg 1536w\" sizes=\"(max-width: 500px) 100vw, 500px\" \/>                <\/div>\n                                                <h3 class=\"dynamicContentTwoColumns dynamicContentTwoColumns__heading\">\n                    Caravan Club Kettils\u00e5s                <\/h3>\n                                                <div class=\"dynamicContentTwoColumns dynamicContentTwoColumns__text\">\n                    <p><p>Discover Kettils\u00e5s, a family-friendly campsite in Sm\u00e5land located next to ski slopes and beautiful walking trails. Here you\u2019ll find ski school, outdoor activities, winter fishing and fun for children.<\/p>\n<p>\n                <\/div>\n                                                <div class=\"wp-block-buttons is-layout-flex wp-block-buttons-is-layout-flex\">\n                    <div class=\"wp-block-button\">\n                        <a aria-label=\"Read more\" class=\"wp-block-button__link wp-element-button dynamicContentTwoColumns dynamicContentTwoColumns__ctaButton\" href=\"https:\/\/caravanclub.se\/camping\/kettilsas\/\">\n                            Caravan Club Kettils\u00e5s                        <\/a>\n                    <\/div>\n                <\/div>\n                                                <h3 class=\"dynamicContentTwoColumns dynamicContentTwoColumns__heading\">\n                    Caravan Club Timmernabben                <\/h3>\n                                                <div class=\"dynamicContentTwoColumns dynamicContentTwoColumns__text\">\n                    <p><p>Experience peaceful winter days by the sea, with snow-covered views and nature just around the corner. The campsite is open year-round.<\/p>\n<p>\n                <\/div>\n                                                <div class=\"wp-block-buttons is-layout-flex wp-block-buttons-is-layout-flex\">\n                    <div class=\"wp-block-button\">\n                        <a aria-label=\"Read more\" class=\"wp-block-button__link wp-element-button dynamicContentTwoColumns dynamicContentTwoColumns__ctaButton\" href=\"https:\/\/caravanclub.se\/camping\/timmernabben\/\">\n                            Caravan Club Timmernabben                        <\/a>\n                    <\/div>\n                <\/div>\n                        <\/div>\n<\/div>\n\n\n\n<figure class=\"wp-block-gallery has-nested-images columns-default is-cropped wp-block-gallery-2 is-layout-flex wp-block-gallery-is-layout-flex\">\n<figure class=\"wp-block-image size-large\"><img loading=\"lazy\" decoding=\"async\" width=\"768\" height=\"1024\" data-id=\"80299\" src=\"https:\/\/www.visitsmaland.se\/wp-content\/uploads\/2025\/12\/wetransfer_image00001-jpeg_2025-12-10_1323_image00004-768x1024.jpeg\" alt=\"\" class=\"wp-image-80299\" srcset=\"https:\/\/www.visitsmaland.se\/wp-content\/uploads\/2025\/12\/wetransfer_image00001-jpeg_2025-12-10_1323_image00004-768x1024.jpeg 768w, https:\/\/www.visitsmaland.se\/wp-content\/uploads\/2025\/12\/wetransfer_image00001-jpeg_2025-12-10_1323_image00004-225x300.jpeg 225w, https:\/\/www.visitsmaland.se\/wp-content\/uploads\/2025\/12\/wetransfer_image00001-jpeg_2025-12-10_1323_image00004-1152x1536.jpeg 1152w, https:\/\/www.visitsmaland.se\/wp-content\/uploads\/2025\/12\/wetransfer_image00001-jpeg_2025-12-10_1323_image00004-1536x2048.jpeg 1536w, https:\/\/www.visitsmaland.se\/wp-content\/uploads\/2025\/12\/wetransfer_image00001-jpeg_2025-12-10_1323_image00004-scaled.jpeg 1920w\" sizes=\"(max-width: 768px) 100vw, 768px\" \/><\/figure>\n\n\n\n<figure class=\"wp-block-image size-large\"><img loading=\"lazy\" decoding=\"async\" width=\"768\" height=\"1024\" data-id=\"80304\" src=\"https:\/\/www.visitsmaland.se\/wp-content\/uploads\/2025\/12\/wetransfer_image00001-jpeg_2025-12-10_1323_image00002-768x1024.jpeg\" alt=\"\" class=\"wp-image-80304\" srcset=\"https:\/\/www.visitsmaland.se\/wp-content\/uploads\/2025\/12\/wetransfer_image00001-jpeg_2025-12-10_1323_image00002-768x1024.jpeg 768w, https:\/\/www.visitsmaland.se\/wp-content\/uploads\/2025\/12\/wetransfer_image00001-jpeg_2025-12-10_1323_image00002-225x300.jpeg 225w, https:\/\/www.visitsmaland.se\/wp-content\/uploads\/2025\/12\/wetransfer_image00001-jpeg_2025-12-10_1323_image00002-1152x1536.jpeg 1152w, https:\/\/www.visitsmaland.se\/wp-content\/uploads\/2025\/12\/wetransfer_image00001-jpeg_2025-12-10_1323_image00002-1536x2048.jpeg 1536w, https:\/\/www.visitsmaland.se\/wp-content\/uploads\/2025\/12\/wetransfer_image00001-jpeg_2025-12-10_1323_image00002-scaled.jpeg 1920w\" sizes=\"(max-width: 768px) 100vw, 768px\" \/><\/figure>\n\n\n\n<figure class=\"wp-block-image size-large\"><img loading=\"lazy\" decoding=\"async\" width=\"768\" height=\"1024\" data-id=\"80309\" src=\"https:\/\/www.visitsmaland.se\/wp-content\/uploads\/2025\/12\/wetransfer_image00001-jpeg_2025-12-10_1323_image00006-768x1024.jpeg\" alt=\"\" class=\"wp-image-80309\" srcset=\"https:\/\/www.visitsmaland.se\/wp-content\/uploads\/2025\/12\/wetransfer_image00001-jpeg_2025-12-10_1323_image00006-768x1024.jpeg 768w, https:\/\/www.visitsmaland.se\/wp-content\/uploads\/2025\/12\/wetransfer_image00001-jpeg_2025-12-10_1323_image00006-225x300.jpeg 225w, https:\/\/www.visitsmaland.se\/wp-content\/uploads\/2025\/12\/wetransfer_image00001-jpeg_2025-12-10_1323_image00006-1152x1536.jpeg 1152w, https:\/\/www.visitsmaland.se\/wp-content\/uploads\/2025\/12\/wetransfer_image00001-jpeg_2025-12-10_1323_image00006-1536x2048.jpeg 1536w, https:\/\/www.visitsmaland.se\/wp-content\/uploads\/2025\/12\/wetransfer_image00001-jpeg_2025-12-10_1323_image00006-scaled.jpeg 1920w\" sizes=\"(max-width: 768px) 100vw, 768px\" \/><\/figure>\n\n\n\n<figure class=\"wp-block-image size-large\"><img loading=\"lazy\" decoding=\"async\" width=\"768\" height=\"1024\" data-id=\"80314\" src=\"https:\/\/www.visitsmaland.se\/wp-content\/uploads\/2025\/12\/wetransfer_image00001-jpeg_2025-12-10_1323_image00007-768x1024.jpeg\" alt=\"\" class=\"wp-image-80314\" srcset=\"https:\/\/www.visitsmaland.se\/wp-content\/uploads\/2025\/12\/wetransfer_image00001-jpeg_2025-12-10_1323_image00007-768x1024.jpeg 768w, https:\/\/www.visitsmaland.se\/wp-content\/uploads\/2025\/12\/wetransfer_image00001-jpeg_2025-12-10_1323_image00007-225x300.jpeg 225w, https:\/\/www.visitsmaland.se\/wp-content\/uploads\/2025\/12\/wetransfer_image00001-jpeg_2025-12-10_1323_image00007-1152x1536.jpeg 1152w, https:\/\/www.visitsmaland.se\/wp-content\/uploads\/2025\/12\/wetransfer_image00001-jpeg_2025-12-10_1323_image00007-1536x2048.jpeg 1536w, https:\/\/www.visitsmaland.se\/wp-content\/uploads\/2025\/12\/wetransfer_image00001-jpeg_2025-12-10_1323_image00007-scaled.jpeg 1920w\" sizes=\"(max-width: 768px) 100vw, 768px\" \/><\/figure>\n\n\n\n<figure class=\"wp-block-image size-large\"><img loading=\"lazy\" decoding=\"async\" width=\"768\" height=\"1024\" data-id=\"80319\" src=\"https:\/\/www.visitsmaland.se\/wp-content\/uploads\/2025\/12\/wetransfer_image00001-jpeg_2025-12-10_1323_image00010-768x1024.jpeg\" alt=\"\" class=\"wp-image-80319\" srcset=\"https:\/\/www.visitsmaland.se\/wp-content\/uploads\/2025\/12\/wetransfer_image00001-jpeg_2025-12-10_1323_image00010-768x1024.jpeg 768w, https:\/\/www.visitsmaland.se\/wp-content\/uploads\/2025\/12\/wetransfer_image00001-jpeg_2025-12-10_1323_image00010-225x300.jpeg 225w, https:\/\/www.visitsmaland.se\/wp-content\/uploads\/2025\/12\/wetransfer_image00001-jpeg_2025-12-10_1323_image00010-1152x1536.jpeg 1152w, https:\/\/www.visitsmaland.se\/wp-content\/uploads\/2025\/12\/wetransfer_image00001-jpeg_2025-12-10_1323_image00010-1536x2048.jpeg 1536w, https:\/\/www.visitsmaland.se\/wp-content\/uploads\/2025\/12\/wetransfer_image00001-jpeg_2025-12-10_1323_image00010-scaled.jpeg 1920w\" sizes=\"(max-width: 768px) 100vw, 768px\" \/><\/figure>\n<\/figure>\n\n\n<div class=\"dynamicContentTwoColumns dynamicContentTwoColumns__wrapper\">\n    <div class=\"dynamicContentTwoColumns dynamicContentTwoColumns__container\">\n                                    <h3 class=\"dynamicContentTwoColumns dynamicContentTwoColumns__heading\">\n                    First Camp Stens\u00f6 &#8211; Kalmar                <\/h3>\n                                                <div class=\"dynamicContentTwoColumns dynamicContentTwoColumns__text\">\n                    <p><p data-start=\"266\" data-end=\"398\">First Camp Stens\u00f6 in Kalmar is located on a scenic, sheltered peninsula in the Kalmar Strait, with beautiful hiking trails close by.<\/p>\n<p data-start=\"400\" data-end=\"666\">Just 3 km from the campsite lies the city centre of Kvarnholmen, offering beaches, shops, caf\u00e9s, restaurants and the lively Larmtorget square. For excursions, you\u2019ll find the Sm\u00e5land glassworks, Sl\u00f6jdriket and the beautiful island of \u00d6land with its many attractions.<\/p>\n<p>\n                <\/div>\n                                                <div class=\"wp-block-buttons is-layout-flex wp-block-buttons-is-layout-flex\">\n                    <div class=\"wp-block-button\">\n                        <a aria-label=\"Read more\" class=\"wp-block-button__link wp-element-button dynamicContentTwoColumns dynamicContentTwoColumns__ctaButton\" href=\"https:\/\/firstcamp.se\/destinationer\/stenso-kalmar\">\n                            First Camp Stens\u00f6                        <\/a>\n                    <\/div>\n                <\/div>\n                                                <div class=\"dynamicContentTwoColumns dynamicContentTwoColumns__imageWrapper\">\n                    <img loading=\"lazy\" decoding=\"async\" width=\"500\" height=\"313\" src=\"https:\/\/www.visitsmaland.se\/wp-content\/uploads\/2025\/11\/20210202_Kalmar_slott_panorama_2_LowResolution96dpi65Quality.jpg\" class=\"attachment-500x500 size-500x500\" alt=\"\" srcset=\"https:\/\/www.visitsmaland.se\/wp-content\/uploads\/2025\/11\/20210202_Kalmar_slott_panorama_2_LowResolution96dpi65Quality.jpg 1500w, https:\/\/www.visitsmaland.se\/wp-content\/uploads\/2025\/11\/20210202_Kalmar_slott_panorama_2_LowResolution96dpi65Quality-300x188.jpg 300w, https:\/\/www.visitsmaland.se\/wp-content\/uploads\/2025\/11\/20210202_Kalmar_slott_panorama_2_LowResolution96dpi65Quality-1024x641.jpg 1024w, https:\/\/www.visitsmaland.se\/wp-content\/uploads\/2025\/11\/20210202_Kalmar_slott_panorama_2_LowResolution96dpi65Quality-768x481.jpg 768w\" sizes=\"(max-width: 500px) 100vw, 500px\" \/>                <\/div>\n                                                <h3 class=\"dynamicContentTwoColumns dynamicContentTwoColumns__heading\">\n                    First Camp Sj\u00f6stugan &#8211; \u00c4lmhult                <\/h3>\n                                                <div class=\"dynamicContentTwoColumns dynamicContentTwoColumns__text\">\n                    <p><p data-start=\"733\" data-end=\"971\">First Camp Sj\u00f6stugan in \u00c4lmhult is a nature-near campsite open year-round, offering a peaceful and relaxing environment. Stay in cozy cabins, camp, or book a hotel room with lake views, right among Sm\u00e5land\u2019s forests and shimmering waters.<\/p>\n<p data-start=\"973\" data-end=\"1256\">During winter, activities include walks along snow-covered trails, winter fishing, and on milder days, relaxing on the sauna boat. When you want to explore more, the area offers culture and attractions such as the IKEA Museum, as well as charming local caf\u00e9s and outdoor experiences.<\/p>\n<p>\n                <\/div>\n                                                <div class=\"wp-block-buttons is-layout-flex wp-block-buttons-is-layout-flex\">\n                    <div class=\"wp-block-button\">\n                        <a aria-label=\"Read more\" class=\"wp-block-button__link wp-element-button dynamicContentTwoColumns dynamicContentTwoColumns__ctaButton\" href=\"https:\/\/firstcamp.se\/destinationer\/sjostugan-almhult\">\n                            First Camp Sj\u00f6stugan\u00a0                        <\/a>\n                    <\/div>\n                <\/div>\n                                                <h3 class=\"dynamicContentTwoColumns dynamicContentTwoColumns__heading\">\n                    First Camp Gunnars\u00f6 &#8211; Oskarshamn                <\/h3>\n                                                <div class=\"dynamicContentTwoColumns dynamicContentTwoColumns__text\">\n                    <p><p data-start=\"1328\" data-end=\"1588\">The campsite in Oskarshamn is set in a beautiful archipelago environment overlooking the Baltic Sea. The area offers scenic hiking trails and, within comfortable driving distance, popular destinations such as Astrid Lindgren\u2019s World and the Kingdom of Crystal.<\/p>\n<p data-start=\"1590\" data-end=\"1792\">The cabins remain open all year, even when temperatures drop. Camping and RV pitches are closed for the winter and reopen in spring, while the cabins continue to offer accommodation throughout the year.<\/p>\n<p>\n                <\/div>\n                                                <div class=\"wp-block-buttons is-layout-flex wp-block-buttons-is-layout-flex\">\n                    <div class=\"wp-block-button\">\n                        <a aria-label=\"Read more\" class=\"wp-block-button__link wp-element-button dynamicContentTwoColumns dynamicContentTwoColumns__ctaButton\" href=\"https:\/\/firstcamp.se\/destinationer\/gunnarso-oskarshamn\">\n                            First Camp Gunnars\u00f6                        <\/a>\n                    <\/div>\n                <\/div>\n                                                <h3 class=\"dynamicContentTwoColumns dynamicContentTwoColumns__heading\">\n                    First Camp Gr\u00e4nna &#8211; V\u00e4ttern                <\/h3>\n                                                <div class=\"dynamicContentTwoColumns dynamicContentTwoColumns__text\">\n                    <p><p data-start=\"1858\" data-end=\"2168\">First Camp Gr\u00e4nna \u2013 V\u00e4ttern is a year-round destination with more than 400 sites and a cabin village located right by the shoreline in the well-known town of Gr\u00e4nna, famous for its traditional peppermint candy. The site is centrally located in the harbour area, just a short walk from the charming town centre.<\/p>\n<p data-start=\"2170\" data-end=\"2368\">The surroundings offer experiences throughout the year \u2013 from summer\u2019s bustling harbour and sunny beach days to winter\u2019s tranquil atmosphere, frosty walks and peaceful moments in a cabin or caravan.<\/p>\n<p>\n                <\/div>\n                                                <div class=\"wp-block-buttons is-layout-flex wp-block-buttons-is-layout-flex\">\n                    <div class=\"wp-block-button\">\n                        <a aria-label=\"Read more\" class=\"wp-block-button__link wp-element-button dynamicContentTwoColumns dynamicContentTwoColumns__ctaButton\" href=\"https:\/\/firstcamp.se\/destinationer\/granna-vattern\">\n                            First Camp Gr\u00e4nna                        <\/a>\n                    <\/div>\n                <\/div>\n                        <\/div>\n<\/div>\n\n\n<div class=\"contentCta contentCta__wrapper\">\n    <div class=\"contentCta contentCta__container\">\n                        <h2 class=\"contentCta contentCta__heading\" style=\"color: \">\n                Find more campsites in Sm\u00e5land            <\/h2>\n                        <hr>\n                <div class=\"contentCta contentCta__ctaWrapper\">\n            <div class=\"wp-block-buttons is-layout-flex wp-block-buttons-is-layout-flex\">\n                                                                                            <div class=\"wp-block-button \">\n                    <a aria-label=\"SCR Swedish Camping\" class=\"wp-block-button__link wp-element-button\" href=\"https:\/\/camping.se\/en\/camping\/smaland\" style=\"background-color: #fbbd51; color: \">\n                        SCR Swedish Camping                    <\/a>\n                <\/div>\n                                                                                                <div class=\"wp-block-button \">\n                    <a aria-label=\"Swecamp\" class=\"wp-block-button__link wp-element-button\" href=\"https:\/\/swecamp.se\/?_gl=1%2A1q5i5y2%2A_gcl_au%2AMTg1ODI1NDg5MS4xNzM0NjkxMDkw%2A_ga%2ANDg1ODY5NTYxLjE3MzQ2OTEwODI.%2A_ga_R27SGNMM2V%2AMTczNDY5MTA4MC4xLjEuMTczNDY5MTIxMC41NC4wLjE4NjQ0MDIwMTE.\" style=\"background-color: #fbbd51; color: \">\n                        Swecamp                    <\/a>\n                <\/div>\n                                                                                                <div class=\"wp-block-button \">\n                    <a aria-label=\"More Campsites\" class=\"wp-block-button__link wp-element-button\" href=\"https:\/\/www.visitsmaland.se\/en\/discover\/camping\/\" style=\"background-color: #fbbd51; color: \">\n                        More Campsites                    <\/a>\n                <\/div>\n                            <\/div>\n        <\/div>\n            <\/div>\n<\/div>\n\n\n  \n<div class=\"featuredTwoColumns featuredTwoColumns__wrapper\">\n    <div class=\"featuredTwoColumns featuredTwoColumns__container\">  \n            <div class=\"featuredTwoColumns featuredTwoColumns__feturedWrapper\">\n            <a aria-label=\"Winter activities for children in Sm\u00e5land\" href=\"https:\/\/www.visitsmaland.se\/en\/discover\/winter-activities-for-children-in-smaland\/\"class=\"featuredTwoColumns featuredTwoColumns__imageWrapper\">\n                <img loading=\"lazy\" decoding=\"async\" width=\"1024\" height=\"740\" src=\"https:\/\/www.visitsmaland.se\/wp-content\/uploads\/2025\/09\/rodel-1024x740.jpg\" class=\"attachment-grid-card-images size-grid-card-images wp-post-image\" alt=\"\" \/>            <\/a>\n            <div class=\"featuredTwoColumns featuredTwoColumns__contentWrapper\">\n                <h2 class=\"featuredTwoColumns featuredTwoColumns__heading\">\n                    Winter activities for children in Sm\u00e5land                <\/h2>\n                <p class=\"featuredTwoColumns featuredTwoColumns__description\">\n                    Winter activities for children in Sm\u00e5land and on \u00d6l\u2026                <\/p>\n                 \n                 \n                <div class=\"wp-block-buttons is-layout-flex wp-block-buttons-is-layout-flex\">\n                    <div class=\"wp-block-button \">\n                        <a aria-label=\"Winter activities for children in Sm\u00e5land\"class=\"wp-block-button__link wp-element-button\" href=\"https:\/\/www.visitsmaland.se\/en\/discover\/winter-activities-for-children-in-smaland\/\">\n                            Discover                       \n                         <\/a>\n                    <\/div>\n                <\/div>\n            <\/div>\n        <\/div>\n                <div class=\"featuredTwoColumns featuredTwoColumns__feturedWrapper\">\n            <a aria-label=\"Winter in Sm\u00e5land\" href=\"https:\/\/www.visitsmaland.se\/en\/discover\/winter-in-smaland\/\"class=\"featuredTwoColumns featuredTwoColumns__imageWrapper\">\n                <img loading=\"lazy\" decoding=\"async\" width=\"1024\" height=\"740\" src=\"https:\/\/www.visitsmaland.se\/wp-content\/uploads\/2025\/08\/WEB_NY_FotografEmmaIvarsson_240110-53-1024x740.jpg\" class=\"attachment-grid-card-images size-grid-card-images wp-post-image\" alt=\"Par hos Trakt Forest Hotel i vintrig milj\u00f6.\" \/>            <\/a>\n            <div class=\"featuredTwoColumns featuredTwoColumns__contentWrapper\">\n                <h2 class=\"featuredTwoColumns featuredTwoColumns__heading\">\n                    Winter in Sm\u00e5land                <\/h2>\n                <p class=\"featuredTwoColumns featuredTwoColumns__description\">\n                    Welcome to experience the winter in Sm\u00e5land and on \u2026                <\/p>\n                 \n                 \n                <div class=\"wp-block-buttons is-layout-flex wp-block-buttons-is-layout-flex\">\n                    <div class=\"wp-block-button \">\n                        <a aria-label=\"Winter in Sm\u00e5land\"class=\"wp-block-button__link wp-element-button\" href=\"https:\/\/www.visitsmaland.se\/en\/discover\/winter-in-smaland\/\">\n                            Discover                       \n                         <\/a>\n                    <\/div>\n                <\/div>\n            <\/div>\n        <\/div>\n            <\/div>\n<\/div>\n\n\n\n<p class=\"wp-block-paragraph\"><\/p>\n","protected":false},"excerpt":{"rendered":"<p>Experience winter camping in Sm\u00e5land and on \u00d6land \u2013 quiet forests, frost-covered landscapes and cozy cabins close to nature. Discover Sm\u00e5land\u2019s winter gems all year round.<\/p>\n","protected":false},"featured_media":80331,"parent":0,"menu_order":270,"template":"","tags":[],"land":[],"class_list":["post-80408","guide","type-guide","status-publish","has-post-thumbnail","hentry"],"acf":{"priority":""},"yoast_head":"<!-- This site is optimized with the Yoast SEO plugin v28.3 - https:\/\/yoast.com\/product\/yoast-seo-wordpress\/ -->\n<title>Winter camping i Sm\u00e5land och p\u00e5 \u00d6land | Visit Sm\u00e5land<\/title>\n<meta name=\"description\" content=\"Experience winter camping in Sm\u00e5land and on \u00d6land \u2013 quiet forests, frost-covered landscapes and cozy cabins close to nature.\" \/>\n<meta name=\"robots\" content=\"index, follow, max-snippet:-1, max-image-preview:large, max-video-preview:-1\" \/>\n<link rel=\"canonical\" href=\"https:\/\/www.visitsmaland.se\/en\/discover\/vintercamping\/\" \/>\n<meta property=\"og:locale\" content=\"en_US\" \/>\n<meta property=\"og:type\" content=\"article\" \/>\n<meta property=\"og:title\" content=\"Winter camping i Sm\u00e5land och p\u00e5 \u00d6land | Visit Sm\u00e5land\" \/>\n<meta property=\"og:description\" content=\"Experience winter camping in Sm\u00e5land and on \u00d6land \u2013 quiet forests, frost-covered landscapes and cozy cabins close to nature.\" \/>\n<meta property=\"og:url\" content=\"https:\/\/www.visitsmaland.se\/en\/discover\/vintercamping\/\" \/>\n<meta property=\"og:site_name\" content=\"Visit Sm\u00e5land\" \/>\n<meta property=\"article:publisher\" content=\"https:\/\/www.facebook.com\/visitsmaland\/\" \/>\n<meta property=\"article:modified_time\" content=\"2025-12-11T09:56:02+00:00\" \/>\n<meta property=\"og:image\" content=\"https:\/\/www.visitsmaland.se\/wp-content\/uploads\/2025\/12\/vintercamping-scaled.jpg\" \/>\n\t<meta property=\"og:image:width\" content=\"2560\" \/>\n\t<meta property=\"og:image:height\" content=\"1920\" \/>\n\t<meta property=\"og:image:type\" content=\"image\/jpeg\" \/>\n<meta name=\"twitter:card\" content=\"summary_large_image\" \/>\n<meta name=\"twitter:label1\" content=\"Est. reading time\" \/>\n\t<meta name=\"twitter:data1\" content=\"3 minutes\" \/>\n<script type=\"application\/ld+json\" class=\"yoast-schema-graph\">{\"@context\":\"https:\\\/\\\/schema.org\",\"@graph\":[{\"@type\":\"WebPage\",\"@id\":\"https:\\\/\\\/www.visitsmaland.se\\\/en\\\/discover\\\/vintercamping\\\/\",\"url\":\"https:\\\/\\\/www.visitsmaland.se\\\/en\\\/discover\\\/vintercamping\\\/\",\"name\":\"Winter camping i Sm\u00e5land och p\u00e5 \u00d6land | Visit Sm\u00e5land\",\"isPartOf\":{\"@id\":\"https:\\\/\\\/www.visitsmaland.se\\\/en\\\/#website\"},\"primaryImageOfPage\":{\"@id\":\"https:\\\/\\\/www.visitsmaland.se\\\/en\\\/discover\\\/vintercamping\\\/#primaryimage\"},\"image\":{\"@id\":\"https:\\\/\\\/www.visitsmaland.se\\\/en\\\/discover\\\/vintercamping\\\/#primaryimage\"},\"thumbnailUrl\":\"https:\\\/\\\/www.visitsmaland.se\\\/wp-content\\\/uploads\\\/2025\\\/12\\\/vintercamping-scaled.jpg\",\"datePublished\":\"2025-12-10T15:04:02+00:00\",\"dateModified\":\"2025-12-11T09:56:02+00:00\",\"description\":\"Experience winter camping in Sm\u00e5land and on \u00d6land \u2013 quiet forests, frost-covered landscapes and cozy cabins close to nature.\",\"breadcrumb\":{\"@id\":\"https:\\\/\\\/www.visitsmaland.se\\\/en\\\/discover\\\/vintercamping\\\/#breadcrumb\"},\"inLanguage\":\"en-US\",\"potentialAction\":[{\"@type\":\"ReadAction\",\"target\":[\"https:\\\/\\\/www.visitsmaland.se\\\/en\\\/discover\\\/vintercamping\\\/\"]}]},{\"@type\":\"ImageObject\",\"inLanguage\":\"en-US\",\"@id\":\"https:\\\/\\\/www.visitsmaland.se\\\/en\\\/discover\\\/vintercamping\\\/#primaryimage\",\"url\":\"https:\\\/\\\/www.visitsmaland.se\\\/wp-content\\\/uploads\\\/2025\\\/12\\\/vintercamping-scaled.jpg\",\"contentUrl\":\"https:\\\/\\\/www.visitsmaland.se\\\/wp-content\\\/uploads\\\/2025\\\/12\\\/vintercamping-scaled.jpg\",\"width\":2560,\"height\":1920},{\"@type\":\"BreadcrumbList\",\"@id\":\"https:\\\/\\\/www.visitsmaland.se\\\/en\\\/discover\\\/vintercamping\\\/#breadcrumb\",\"itemListElement\":[{\"@type\":\"ListItem\",\"position\":1,\"name\":\"Frontpage\",\"item\":\"https:\\\/\\\/www.visitsmaland.se\\\/en\\\/\"},{\"@type\":\"ListItem\",\"position\":2,\"name\":\"Winter camping\"}]},{\"@type\":\"WebSite\",\"@id\":\"https:\\\/\\\/www.visitsmaland.se\\\/en\\\/#website\",\"url\":\"https:\\\/\\\/www.visitsmaland.se\\\/en\\\/\",\"name\":\"Visit Sm\u00e5land\",\"description\":\"V\u00e4lkommen till Sm\u00e5land\",\"potentialAction\":[{\"@type\":\"SearchAction\",\"target\":{\"@type\":\"EntryPoint\",\"urlTemplate\":\"https:\\\/\\\/www.visitsmaland.se\\\/en\\\/?s={search_term_string}\"},\"query-input\":{\"@type\":\"PropertyValueSpecification\",\"valueRequired\":true,\"valueName\":\"search_term_string\"}}],\"inLanguage\":\"en-US\"}]}<\/script>\n<!-- \/ Yoast SEO plugin. -->","yoast_head_json":{"title":"Winter camping i Sm\u00e5land och p\u00e5 \u00d6land | Visit Sm\u00e5land","description":"Experience winter camping in Sm\u00e5land and on \u00d6land \u2013 quiet forests, frost-covered landscapes and cozy cabins close to nature.","robots":{"index":"index","follow":"follow","max-snippet":"max-snippet:-1","max-image-preview":"max-image-preview:large","max-video-preview":"max-video-preview:-1"},"canonical":"https:\/\/www.visitsmaland.se\/en\/discover\/vintercamping\/","og_locale":"en_US","og_type":"article","og_title":"Winter camping i Sm\u00e5land och p\u00e5 \u00d6land | Visit Sm\u00e5land","og_description":"Experience winter camping in Sm\u00e5land and on \u00d6land \u2013 quiet forests, frost-covered landscapes and cozy cabins close to nature.","og_url":"https:\/\/www.visitsmaland.se\/en\/discover\/vintercamping\/","og_site_name":"Visit Sm\u00e5land","article_publisher":"https:\/\/www.facebook.com\/visitsmaland\/","article_modified_time":"2025-12-11T09:56:02+00:00","og_image":[{"width":2560,"height":1920,"url":"https:\/\/www.visitsmaland.se\/wp-content\/uploads\/2025\/12\/vintercamping-scaled.jpg","type":"image\/jpeg"}],"twitter_card":"summary_large_image","twitter_misc":{"Est. reading time":"3 minutes"},"schema":{"@context":"https:\/\/schema.org","@graph":[{"@type":"WebPage","@id":"https:\/\/www.visitsmaland.se\/en\/discover\/vintercamping\/","url":"https:\/\/www.visitsmaland.se\/en\/discover\/vintercamping\/","name":"Winter camping i Sm\u00e5land och p\u00e5 \u00d6land | Visit Sm\u00e5land","isPartOf":{"@id":"https:\/\/www.visitsmaland.se\/en\/#website"},"primaryImageOfPage":{"@id":"https:\/\/www.visitsmaland.se\/en\/discover\/vintercamping\/#primaryimage"},"image":{"@id":"https:\/\/www.visitsmaland.se\/en\/discover\/vintercamping\/#primaryimage"},"thumbnailUrl":"https:\/\/www.visitsmaland.se\/wp-content\/uploads\/2025\/12\/vintercamping-scaled.jpg","datePublished":"2025-12-10T15:04:02+00:00","dateModified":"2025-12-11T09:56:02+00:00","description":"Experience winter camping in Sm\u00e5land and on \u00d6land \u2013 quiet forests, frost-covered landscapes and cozy cabins close to nature.","breadcrumb":{"@id":"https:\/\/www.visitsmaland.se\/en\/discover\/vintercamping\/#breadcrumb"},"inLanguage":"en-US","potentialAction":[{"@type":"ReadAction","target":["https:\/\/www.visitsmaland.se\/en\/discover\/vintercamping\/"]}]},{"@type":"ImageObject","inLanguage":"en-US","@id":"https:\/\/www.visitsmaland.se\/en\/discover\/vintercamping\/#primaryimage","url":"https:\/\/www.visitsmaland.se\/wp-content\/uploads\/2025\/12\/vintercamping-scaled.jpg","contentUrl":"https:\/\/www.visitsmaland.se\/wp-content\/uploads\/2025\/12\/vintercamping-scaled.jpg","width":2560,"height":1920},{"@type":"BreadcrumbList","@id":"https:\/\/www.visitsmaland.se\/en\/discover\/vintercamping\/#breadcrumb","itemListElement":[{"@type":"ListItem","position":1,"name":"Frontpage","item":"https:\/\/www.visitsmaland.se\/en\/"},{"@type":"ListItem","position":2,"name":"Winter camping"}]},{"@type":"WebSite","@id":"https:\/\/www.visitsmaland.se\/en\/#website","url":"https:\/\/www.visitsmaland.se\/en\/","name":"Visit Sm\u00e5land","description":"V\u00e4lkommen till Sm\u00e5land","potentialAction":[{"@type":"SearchAction","target":{"@type":"EntryPoint","urlTemplate":"https:\/\/www.visitsmaland.se\/en\/?s={search_term_string}"},"query-input":{"@type":"PropertyValueSpecification","valueRequired":true,"valueName":"search_term_string"}}],"inLanguage":"en-US"}]}},"_links":{"self":[{"href":"https:\/\/www.visitsmaland.se\/en\/wp-json\/wp\/v2\/guide\/80408","targetHints":{"allow":["GET"]}}],"collection":[{"href":"https:\/\/www.visitsmaland.se\/en\/wp-json\/wp\/v2\/guide"}],"about":[{"href":"https:\/\/www.visitsmaland.se\/en\/wp-json\/wp\/v2\/types\/guide"}],"version-history":[{"count":2,"href":"https:\/\/www.visitsmaland.se\/en\/wp-json\/wp\/v2\/guide\/80408\/revisions"}],"predecessor-version":[{"id":80418,"href":"https:\/\/www.visitsmaland.se\/en\/wp-json\/wp\/v2\/guide\/80408\/revisions\/80418"}],"wp:featuredmedia":[{"embeddable":true,"href":"https:\/\/www.visitsmaland.se\/en\/wp-json\/wp\/v2\/media\/80331"}],"wp:attachment":[{"href":"https:\/\/www.visitsmaland.se\/en\/wp-json\/wp\/v2\/media?parent=80408"}],"wp:term":[{"taxonomy":"post_tag","embeddable":true,"href":"https:\/\/www.visitsmaland.se\/en\/wp-json\/wp\/v2\/tags?post=80408"},{"taxonomy":"land","embeddable":true,"href":"https:\/\/www.visitsmaland.se\/en\/wp-json\/wp\/v2\/land?post=80408"}],"curies":[{"name":"wp","href":"https:\/\/api.w.org\/{rel}","templated":true}]}}