{"id":96908,"date":"2026-04-27T11:22:42","date_gmt":"2026-04-27T09:22:42","guid":{"rendered":"https:\/\/www.visitsmaland.se\/upptack\/en-weekend-i-vaxjo\/"},"modified":"2026-04-27T14:09:09","modified_gmt":"2026-04-27T12:09:09","slug":"a-weekend-in-vaxjo","status":"publish","type":"guide","link":"https:\/\/www.visitsmaland.se\/en\/discover\/a-weekend-in-vaxjo\/","title":{"rendered":"A weekend in V\u00e4xj\u00f6"},"content":{"rendered":"<div class=\"postHerosection postHerosection__wrapper\">\n    <div class=\"postHerosection postHerosection__container\">\n        <h1 class=\"postHerosection postHerosection__heroHeading\">\n            A weekend in V\u00e4xj\u00f6        <\/h1>\n            <\/div>\n    <div class=\"postHerosection postHerosection__imageContainer\">\n        <img loading=\"lazy\" decoding=\"async\" width=\"2560\" height=\"1707\" src=\"https:\/\/www.visitsmaland.se\/wp-content\/uploads\/2024\/04\/vaxjo-a-view-from-pm-vanner_alexander-hall-mediumresolution150dpi80quality-1-scaled.jpg\" class=\"attachment-full size-full\" alt=\"\" srcset=\"https:\/\/www.visitsmaland.se\/wp-content\/uploads\/2024\/04\/vaxjo-a-view-from-pm-vanner_alexander-hall-mediumresolution150dpi80quality-1-scaled.jpg 2560w, https:\/\/www.visitsmaland.se\/wp-content\/uploads\/2024\/04\/vaxjo-a-view-from-pm-vanner_alexander-hall-mediumresolution150dpi80quality-1-300x200.jpg 300w, https:\/\/www.visitsmaland.se\/wp-content\/uploads\/2024\/04\/vaxjo-a-view-from-pm-vanner_alexander-hall-mediumresolution150dpi80quality-1-1024x683.jpg 1024w, https:\/\/www.visitsmaland.se\/wp-content\/uploads\/2024\/04\/vaxjo-a-view-from-pm-vanner_alexander-hall-mediumresolution150dpi80quality-1-768x512.jpg 768w, https:\/\/www.visitsmaland.se\/wp-content\/uploads\/2024\/04\/vaxjo-a-view-from-pm-vanner_alexander-hall-mediumresolution150dpi80quality-1-1536x1024.jpg 1536w, https:\/\/www.visitsmaland.se\/wp-content\/uploads\/2024\/04\/vaxjo-a-view-from-pm-vanner_alexander-hall-mediumresolution150dpi80quality-1-2048x1365.jpg 2048w\" sizes=\"(max-width: 2560px) 100vw, 2560px\" \/>    <\/div>\n<\/div>\n<div class=\"postHerosection postHerosection__breadcrumbs\">\n   <div class=\"postHerosection postHerosection__breadcrumbs-container\">\n        <p id=\"breadcrumbs\"><span><span><a href=\"https:\/\/www.visitsmaland.se\/en\/\">Frontpage<\/a><\/span><\/span><\/p>    <\/div>\n<\/div>\n\n<div class=\"contentCta contentCta__wrapper\">\n    <div class=\"contentCta contentCta__container\">\n                    \t\t\t<div class=\"contentCta contentCta__text\" style=\"color: \">\n\t\t\t\t<p>During a weekend in V\u00e4xj\u00f6, you can explore a world-class city in a smaller format, with everything from shopping, sights, and entertainment to exciting gastronomic experiences.<\/p>\n\t\t\t<\/div>\n                <hr>\n            <\/div>\n<\/div>\n\n\n<div class=\"contentImageTwoColumns contentImageTwoColumns__wrapper\" style=\"background-color: #f0efe9\">\n    <div class=\"contentImageTwoColumns contentImageTwoColumns__container layout-reversed\">\n        <div class=\"contentImageTwoColumns contentImageTwoColumns__contentWrapper\">\n            <h2 class=\"contentImageTwoColumns contentImageTwoColumns__heading\" style=\"color: \">\n                Accommodation            <\/h2>\n            <div class=\"contentImageTwoColumns contentImageTwoColumns__text contentImageTwoColumns__text--short\" style=\"color: \">\n                                    <p>In V\u00e4xj\u00f6, there are several different accommodation options for overnight stays. Here you can stay right in the city center or a little outside the city core. There are hotels, bed and breakfasts, &#8230;                    <button type=\"button\" class=\"contentImageTwoColumns contentImageTwoColumns__readMoreLess\">\n                        Read more +                    <\/button>\n                            <\/div>\n            <div class=\"contentImageTwoColumns contentImageTwoColumns__text contentImageTwoColumns__text--full\" style=\"color: \">\n                <p>In V\u00e4xj\u00f6, there are several different accommodation options for overnight stays. Here you can stay right in the city center or a little outside the city core. There are hotels, bed and breakfasts, hostels, or why not stay in a castle? There are many different choices regardless of your taste and budget.<\/p>\n                <button type=\"button\" class=\"contentImageTwoColumns contentImageTwoColumns__readMoreLess\">\n                    Read less &#8211;                <\/button>\n            <\/div>\n                        <div class=\"wp-block-buttons is-layout-flex wp-block-buttons-is-layout-flex\">\n                <div class=\"wp-block-button \">\n                    <a aria-label=\"Accommodation in V\u00e4xj\u00f6\" class=\"wp-block-button__link wp-element-button\" href=\"https:\/\/upplev.vaxjo.se\/english\/experience-vaxjo\/accommodation\" style=\"background-color: #fbbd51; color: #000000;border: solid 1px #fbbd51\">\n                        Accommodation in V\u00e4xj\u00f6                    <\/a>\n                <\/div>\n            <\/div>\n                                <\/div>\n        <div class=\"contentImageTwoColumns contentImageTwoColumns__imageWrapper\">\n            <img loading=\"lazy\" decoding=\"async\" width=\"1024\" height=\"740\" src=\"https:\/\/www.visitsmaland.se\/wp-content\/uploads\/2025\/10\/Hotel-3-Ake-Lindman-kopia-1024x740.jpg\" class=\"attachment-grid-card-images size-grid-card-images\" alt=\"\" \/>        <\/div>\n    <\/div>\n<\/div>\n\n\n\n<div style=\"height:21px\" aria-hidden=\"true\" class=\"wp-block-spacer\"><\/div>\n\n\n\n<figure class=\"wp-block-gallery has-nested-images columns-default is-cropped wp-block-gallery-2 is-layout-flex wp-block-gallery-is-layout-flex\">\n<figure class=\"wp-block-image size-large\"><img loading=\"lazy\" decoding=\"async\" width=\"1024\" height=\"768\" data-id=\"96809\" src=\"https:\/\/www.visitsmaland.se\/wp-content\/uploads\/2026\/04\/PM-Va\u0308nner-1-1-1024x768.jpg\" alt=\"\" class=\"wp-image-96809\" srcset=\"https:\/\/www.visitsmaland.se\/wp-content\/uploads\/2026\/04\/PM-Va\u0308nner-1-1-1024x768.jpg 1024w, https:\/\/www.visitsmaland.se\/wp-content\/uploads\/2026\/04\/PM-Va\u0308nner-1-1-300x225.jpg 300w, https:\/\/www.visitsmaland.se\/wp-content\/uploads\/2026\/04\/PM-Va\u0308nner-1-1-768x576.jpg 768w, https:\/\/www.visitsmaland.se\/wp-content\/uploads\/2026\/04\/PM-Va\u0308nner-1-1-1536x1152.jpg 1536w, https:\/\/www.visitsmaland.se\/wp-content\/uploads\/2026\/04\/PM-Va\u0308nner-1-1-2048x1536.jpg 2048w\" sizes=\"(max-width: 1024px) 100vw, 1024px\" \/><\/figure>\n\n\n\n<figure class=\"wp-block-image size-large\"><img loading=\"lazy\" decoding=\"async\" width=\"1024\" height=\"683\" data-id=\"25054\" src=\"https:\/\/www.visitsmaland.se\/wp-content\/uploads\/2024\/04\/vaxjo-1024x683.jpg\" alt=\"\" class=\"wp-image-25054\" srcset=\"https:\/\/www.visitsmaland.se\/wp-content\/uploads\/2024\/04\/vaxjo-1024x683.jpg 1024w, https:\/\/www.visitsmaland.se\/wp-content\/uploads\/2024\/04\/vaxjo-300x200.jpg 300w, https:\/\/www.visitsmaland.se\/wp-content\/uploads\/2024\/04\/vaxjo-768x512.jpg 768w, https:\/\/www.visitsmaland.se\/wp-content\/uploads\/2024\/04\/vaxjo.jpg 1200w\" sizes=\"(max-width: 1024px) 100vw, 1024px\" \/><\/figure>\n\n\n\n<figure class=\"wp-block-image size-large\"><img loading=\"lazy\" decoding=\"async\" width=\"1024\" height=\"683\" data-id=\"35270\" src=\"https:\/\/www.visitsmaland.se\/wp-content\/uploads\/2024\/04\/pm-vanner_alexander_hall-8eaab0a45acff0e5d9e56ef5f9dd63ab-1800x1200-2-1024x683.jpg\" alt=\"\" class=\"wp-image-35270\" srcset=\"https:\/\/www.visitsmaland.se\/wp-content\/uploads\/2024\/04\/pm-vanner_alexander_hall-8eaab0a45acff0e5d9e56ef5f9dd63ab-1800x1200-2-1024x683.jpg 1024w, https:\/\/www.visitsmaland.se\/wp-content\/uploads\/2024\/04\/pm-vanner_alexander_hall-8eaab0a45acff0e5d9e56ef5f9dd63ab-1800x1200-2-300x200.jpg 300w, https:\/\/www.visitsmaland.se\/wp-content\/uploads\/2024\/04\/pm-vanner_alexander_hall-8eaab0a45acff0e5d9e56ef5f9dd63ab-1800x1200-2-768x512.jpg 768w, https:\/\/www.visitsmaland.se\/wp-content\/uploads\/2024\/04\/pm-vanner_alexander_hall-8eaab0a45acff0e5d9e56ef5f9dd63ab-1800x1200-2-1536x1024.jpg 1536w, https:\/\/www.visitsmaland.se\/wp-content\/uploads\/2024\/04\/pm-vanner_alexander_hall-8eaab0a45acff0e5d9e56ef5f9dd63ab-1800x1200-2.jpg 1800w\" sizes=\"(max-width: 1024px) 100vw, 1024px\" \/><\/figure>\n<\/figure>\n\n\n<div class=\"dynamicContentTwoColumns dynamicContentTwoColumns__wrapper\">\n    <div class=\"dynamicContentTwoColumns dynamicContentTwoColumns__container\">\n                                    <h3 class=\"dynamicContentTwoColumns dynamicContentTwoColumns__heading\">\n                    Activities                <\/h3>\n                                                <div class=\"dynamicContentTwoColumns dynamicContentTwoColumns__text\">\n                    <p><p>There are many activities to see and discover in V\u00e4xj\u00f6 during a weekend, as the city offers a perfect mix of nature, culture, and shopping. The city is surrounded by lakes and forests, making it ideal for both relaxing in nature and more fast-paced experiences.<\/p>\n<p>\n                <\/div>\n                                                <div class=\"wp-block-buttons is-layout-flex wp-block-buttons-is-layout-flex\">\n                    <div class=\"wp-block-button\">\n                        <a aria-label=\"Read more\" class=\"wp-block-button__link wp-element-button dynamicContentTwoColumns dynamicContentTwoColumns__ctaButton\" href=\"https:\/\/upplev.vaxjo.se\/english\/experience-vaxjo\/things-to-do\">\n                            Read more!                        <\/a>\n                    <\/div>\n                <\/div>\n                                                <h3 class=\"dynamicContentTwoColumns dynamicContentTwoColumns__heading\">\n                    Surrounded by nature                <\/h3>\n                                                <div class=\"dynamicContentTwoColumns dynamicContentTwoColumns__text\">\n                    <p><p>Start the day with a walk around Lake V\u00e4xj\u00f6sj\u00f6n or in Linn\u00e9 Park, where you can enjoy beautiful nature right in the city center. For those who want to be more active, there are cycling and running trails in the area, or why not rent a kayak and experience the city from the water? There are also several other parks, lakes, and gardens to visit during your stay, as well as nature reserves just outside the city.<\/p>\n<p>\n                <\/div>\n                                                <div class=\"dynamicContentTwoColumns dynamicContentTwoColumns__imageWrapper\">\n                    <img loading=\"lazy\" decoding=\"async\" width=\"500\" height=\"333\" src=\"https:\/\/www.visitsmaland.se\/wp-content\/uploads\/2026\/04\/Va\u0308xjo\u0308-city-9-scaled.jpg\" class=\"attachment-500x500 size-500x500\" alt=\"\" srcset=\"https:\/\/www.visitsmaland.se\/wp-content\/uploads\/2026\/04\/Va\u0308xjo\u0308-city-9-scaled.jpg 2560w, https:\/\/www.visitsmaland.se\/wp-content\/uploads\/2026\/04\/Va\u0308xjo\u0308-city-9-300x200.jpg 300w, https:\/\/www.visitsmaland.se\/wp-content\/uploads\/2026\/04\/Va\u0308xjo\u0308-city-9-1024x683.jpg 1024w, https:\/\/www.visitsmaland.se\/wp-content\/uploads\/2026\/04\/Va\u0308xjo\u0308-city-9-768x512.jpg 768w, https:\/\/www.visitsmaland.se\/wp-content\/uploads\/2026\/04\/Va\u0308xjo\u0308-city-9-1536x1024.jpg 1536w, https:\/\/www.visitsmaland.se\/wp-content\/uploads\/2026\/04\/Va\u0308xjo\u0308-city-9-2048x1365.jpg 2048w\" sizes=\"(max-width: 500px) 100vw, 500px\" \/>                <\/div>\n                                                <div class=\"wp-block-buttons is-layout-flex wp-block-buttons-is-layout-flex\">\n                    <div class=\"wp-block-button\">\n                        <a aria-label=\"Read more\" class=\"wp-block-button__link wp-element-button dynamicContentTwoColumns dynamicContentTwoColumns__ctaButton\" href=\"https:\/\/upplev.vaxjo.se\/english\/experience-vaxjo\/things-to-do\/nature\">\n                            Nature experiences                        <\/a>\n                    <\/div>\n                <\/div>\n                                                <h3 class=\"dynamicContentTwoColumns dynamicContentTwoColumns__heading\">\n                    Culture &#038; Sights                <\/h3>\n                                                <div class=\"dynamicContentTwoColumns dynamicContentTwoColumns__text\">\n                    <p><p>For culture enthusiasts, a visit to one of V\u00e4xj\u00f6\u2019s museums is a must, including <a href=\"https:\/\/www.visitsmaland.se\/att-gora\/sveriges-glasmuseum\/\">Sweden\u2019s Glass Museum<\/a> and <a href=\"https:\/\/www.kulturparkensmaland.se\/utvandrarnas-hus\/\">The House of Emigrants<\/a>. During a weekend getaway, you should also take time to stroll around the city center. Here you will find shops, caf\u00e9s, and restaurants with a local character. Don\u2019t miss a visit to <a href=\"https:\/\/www.svenskakyrkan.se\/vaxjo\/vaxjo-domkyrka-\">V\u00e4xj\u00f6 Cathedral<\/a>, with its medieval origins, during your stay; with its twin towers, it is one of the city\u2019s most well-known landmarks. Inside, you can view artworks in both glass and wood, and there are often concerts in a variety of genres.<\/p>\n<p>\n                <\/div>\n                                                <div class=\"dynamicContentTwoColumns dynamicContentTwoColumns__imageWrapper\">\n                    <img loading=\"lazy\" decoding=\"async\" width=\"333\" height=\"500\" src=\"https:\/\/www.visitsmaland.se\/wp-content\/uploads\/2026\/04\/Vaxjo-Domkyrka-scaled.jpg\" class=\"attachment-500x500 size-500x500\" alt=\"\" srcset=\"https:\/\/www.visitsmaland.se\/wp-content\/uploads\/2026\/04\/Vaxjo-Domkyrka-scaled.jpg 1707w, https:\/\/www.visitsmaland.se\/wp-content\/uploads\/2026\/04\/Vaxjo-Domkyrka-200x300.jpg 200w, https:\/\/www.visitsmaland.se\/wp-content\/uploads\/2026\/04\/Vaxjo-Domkyrka-683x1024.jpg 683w, https:\/\/www.visitsmaland.se\/wp-content\/uploads\/2026\/04\/Vaxjo-Domkyrka-768x1152.jpg 768w, https:\/\/www.visitsmaland.se\/wp-content\/uploads\/2026\/04\/Vaxjo-Domkyrka-1024x1536.jpg 1024w, https:\/\/www.visitsmaland.se\/wp-content\/uploads\/2026\/04\/Vaxjo-Domkyrka-1365x2048.jpg 1365w\" sizes=\"(max-width: 333px) 100vw, 333px\" \/>                <\/div>\n                                                <div class=\"wp-block-buttons is-layout-flex wp-block-buttons-is-layout-flex\">\n                    <div class=\"wp-block-button\">\n                        <a aria-label=\"Read more\" class=\"wp-block-button__link wp-element-button dynamicContentTwoColumns dynamicContentTwoColumns__ctaButton\" href=\"https:\/\/upplev.vaxjo.se\/english\/experience-vaxjo\/things-to-do\/art-culture-and-attractions\">\n                            Read more here!                        <\/a>\n                    <\/div>\n                <\/div>\n                                                <h3 class=\"dynamicContentTwoColumns dynamicContentTwoColumns__heading\">\n                                    <\/h3>\n                        <\/div>\n<\/div>\n\n\n\n<figure class=\"wp-block-gallery has-nested-images columns-default is-cropped wp-block-gallery-3 is-layout-flex wp-block-gallery-is-layout-flex\">\n<figure class=\"wp-block-image size-large\"><img loading=\"lazy\" decoding=\"async\" width=\"2560\" height=\"1920\" data-id=\"96875\" src=\"https:\/\/www.visitsmaland.se\/wp-content\/uploads\/2026\/04\/HALL3854-edited-scaled.jpg\" alt=\"\" class=\"wp-image-96875\" srcset=\"https:\/\/www.visitsmaland.se\/wp-content\/uploads\/2026\/04\/HALL3854-edited-scaled.jpg 2560w, https:\/\/www.visitsmaland.se\/wp-content\/uploads\/2026\/04\/HALL3854-edited-300x225.jpg 300w, https:\/\/www.visitsmaland.se\/wp-content\/uploads\/2026\/04\/HALL3854-edited-1024x768.jpg 1024w, https:\/\/www.visitsmaland.se\/wp-content\/uploads\/2026\/04\/HALL3854-edited-768x576.jpg 768w, https:\/\/www.visitsmaland.se\/wp-content\/uploads\/2026\/04\/HALL3854-edited-1536x1152.jpg 1536w, https:\/\/www.visitsmaland.se\/wp-content\/uploads\/2026\/04\/HALL3854-edited-2048x1536.jpg 2048w\" sizes=\"(max-width: 2560px) 100vw, 2560px\" \/><\/figure>\n\n\n\n<figure class=\"wp-block-image size-large\"><img loading=\"lazy\" decoding=\"async\" width=\"1024\" height=\"683\" data-id=\"96069\" src=\"https:\/\/www.visitsmaland.se\/wp-content\/uploads\/2026\/04\/HALL2380-1024x683.jpg\" alt=\"\" class=\"wp-image-96069\" srcset=\"https:\/\/www.visitsmaland.se\/wp-content\/uploads\/2026\/04\/HALL2380-1024x683.jpg 1024w, https:\/\/www.visitsmaland.se\/wp-content\/uploads\/2026\/04\/HALL2380-300x200.jpg 300w, https:\/\/www.visitsmaland.se\/wp-content\/uploads\/2026\/04\/HALL2380-768x512.jpg 768w, https:\/\/www.visitsmaland.se\/wp-content\/uploads\/2026\/04\/HALL2380-1536x1025.jpg 1536w, https:\/\/www.visitsmaland.se\/wp-content\/uploads\/2026\/04\/HALL2380-2048x1366.jpg 2048w\" sizes=\"(max-width: 1024px) 100vw, 1024px\" \/><\/figure>\n\n\n\n<figure class=\"wp-block-image size-large\"><img loading=\"lazy\" decoding=\"async\" width=\"1024\" height=\"591\" data-id=\"96804\" src=\"https:\/\/www.visitsmaland.se\/wp-content\/uploads\/2026\/04\/PM-2-1-1024x591.jpg\" alt=\"\" class=\"wp-image-96804\" srcset=\"https:\/\/www.visitsmaland.se\/wp-content\/uploads\/2026\/04\/PM-2-1-1024x591.jpg 1024w, https:\/\/www.visitsmaland.se\/wp-content\/uploads\/2026\/04\/PM-2-1-300x173.jpg 300w, https:\/\/www.visitsmaland.se\/wp-content\/uploads\/2026\/04\/PM-2-1-768x444.jpg 768w, https:\/\/www.visitsmaland.se\/wp-content\/uploads\/2026\/04\/PM-2-1-1536x887.jpg 1536w, https:\/\/www.visitsmaland.se\/wp-content\/uploads\/2026\/04\/PM-2-1-2048x1183.jpg 2048w\" sizes=\"(max-width: 1024px) 100vw, 1024px\" \/><\/figure>\n<\/figure>\n\n\n\n<div class=\"wp-block-group has-visitsmaland-greige-background-color has-background is-layout-constrained wp-block-group-is-layout-constrained\"><div class=\"dynamicContentTwoColumns dynamicContentTwoColumns__wrapper\">\n    <div class=\"dynamicContentTwoColumns dynamicContentTwoColumns__container\">\n                                    <h3 class=\"dynamicContentTwoColumns dynamicContentTwoColumns__heading\">\n                    The food city V\u00e4xj\u00f6                <\/h3>\n                                                <div class=\"dynamicContentTwoColumns dynamicContentTwoColumns__text\">\n                    <p><p>In recent years, V\u00e4xj\u00f6 has made a name for itself as an exciting food city where sustainability and local ingredients are in focus. With its strong connection to the Sm\u00e5land landscape, the city offers restaurants that highlight locally produced ingredients from forests, lakes, and farms. Here, modern restaurants are combined with classic flavors. Whether you are looking for a fine dining experience, a relaxed lunch, or a coffee break, V\u00e4xj\u00f6 offers varied culinary experiences that reflect both tradition and innovation. Treat yourself to a unique food experience during your stay in the food city of V\u00e4xj\u00f6!<\/p>\n<p>\n                <\/div>\n                                                <h3 class=\"dynamicContentTwoColumns dynamicContentTwoColumns__heading\">\n                    PM &#038; V\u00e4nner                <\/h3>\n                                                <div class=\"dynamicContentTwoColumns dynamicContentTwoColumns__imageWrapper\">\n                    <img loading=\"lazy\" decoding=\"async\" width=\"500\" height=\"333\" src=\"https:\/\/www.visitsmaland.se\/wp-content\/uploads\/2024\/04\/pmomslag-scaled.jpg\" class=\"attachment-500x500 size-500x500\" alt=\"\" srcset=\"https:\/\/www.visitsmaland.se\/wp-content\/uploads\/2024\/04\/pmomslag-scaled.jpg 2560w, https:\/\/www.visitsmaland.se\/wp-content\/uploads\/2024\/04\/pmomslag-300x200.jpg 300w, https:\/\/www.visitsmaland.se\/wp-content\/uploads\/2024\/04\/pmomslag-1024x683.jpg 1024w, https:\/\/www.visitsmaland.se\/wp-content\/uploads\/2024\/04\/pmomslag-768x512.jpg 768w, https:\/\/www.visitsmaland.se\/wp-content\/uploads\/2024\/04\/pmomslag-1536x1024.jpg 1536w, https:\/\/www.visitsmaland.se\/wp-content\/uploads\/2024\/04\/pmomslag-2048x1365.jpg 2048w\" sizes=\"(max-width: 500px) 100vw, 500px\" \/>                <\/div>\n                                                <div class=\"dynamicContentTwoColumns dynamicContentTwoColumns__text\">\n                    <p><p>PM &#038; V\u00e4nner is not only an award-winning restaurant with a Michelin star in the Michelin Guide, but also a modern hotel, bakery (PM &#038; V\u00e4nner Br\u00f6d &#038; Sovel), and flower shop (Flora PM &#038; V\u00e4nner), all located in the heart of V\u00e4xj\u00f6 and well worth a visit. Here you can enjoy a luxurious tasting menu, world-class wines, and Sm\u00e5land cheesecake served at the breakfast buffet, to name just a few highlights.<\/p>\n<p>\n                <\/div>\n                                                <div class=\"wp-block-buttons is-layout-flex wp-block-buttons-is-layout-flex\">\n                    <div class=\"wp-block-button\">\n                        <a aria-label=\"Read more\" class=\"wp-block-button__link wp-element-button dynamicContentTwoColumns dynamicContentTwoColumns__ctaButton\" href=\"https:\/\/pmrestauranger.se\/en\/\">\n                            PM &#038; V\u00e4nner!                        <\/a>\n                    <\/div>\n                <\/div>\n                                                <h3 class=\"dynamicContentTwoColumns dynamicContentTwoColumns__heading\">\n                    Kaf\u00e9 de luxe                <\/h3>\n                                                <div class=\"dynamicContentTwoColumns dynamicContentTwoColumns__imageWrapper\">\n                    <img loading=\"lazy\" decoding=\"async\" width=\"500\" height=\"375\" src=\"https:\/\/www.visitsmaland.se\/wp-content\/uploads\/2026\/04\/kafe-de-luxe-va\u0308xjo\u0308-1-scaled.jpg\" class=\"attachment-500x500 size-500x500\" alt=\"\" srcset=\"https:\/\/www.visitsmaland.se\/wp-content\/uploads\/2026\/04\/kafe-de-luxe-va\u0308xjo\u0308-1-scaled.jpg 2560w, https:\/\/www.visitsmaland.se\/wp-content\/uploads\/2026\/04\/kafe-de-luxe-va\u0308xjo\u0308-1-300x225.jpg 300w, https:\/\/www.visitsmaland.se\/wp-content\/uploads\/2026\/04\/kafe-de-luxe-va\u0308xjo\u0308-1-1024x768.jpg 1024w, https:\/\/www.visitsmaland.se\/wp-content\/uploads\/2026\/04\/kafe-de-luxe-va\u0308xjo\u0308-1-768x576.jpg 768w, https:\/\/www.visitsmaland.se\/wp-content\/uploads\/2026\/04\/kafe-de-luxe-va\u0308xjo\u0308-1-1536x1152.jpg 1536w, https:\/\/www.visitsmaland.se\/wp-content\/uploads\/2026\/04\/kafe-de-luxe-va\u0308xjo\u0308-1-2048x1536.jpg 2048w\" sizes=\"(max-width: 500px) 100vw, 500px\" \/>                <\/div>\n                                                <div class=\"dynamicContentTwoColumns dynamicContentTwoColumns__text\">\n                    <p><p>In an old 18th-century building where everything is a little crooked and uneven, you\u2019ll find Kaf\u00e9 de luxe, a meeting place for anyone interested in food and culture. Here you can enjoy good food and coffee made from locally grown ingredients from their own urban farm, Ekobacken. You can also experience live music and other cultural events.<\/p>\n<p>\n                <\/div>\n                                                <div class=\"wp-block-buttons is-layout-flex wp-block-buttons-is-layout-flex\">\n                    <div class=\"wp-block-button\">\n                        <a aria-label=\"Read more\" class=\"wp-block-button__link wp-element-button dynamicContentTwoColumns dynamicContentTwoColumns__ctaButton\" href=\"https:\/\/www.kafedeluxe.se\/english\">\n                            Kaf\u00e9 de luxe!                        <\/a>\n                    <\/div>\n                <\/div>\n                                                <h3 class=\"dynamicContentTwoColumns dynamicContentTwoColumns__heading\">\n                    Villa &#038; tr\u00e4dg\u00e5rd de luxe                <\/h3>\n                                                <div class=\"dynamicContentTwoColumns dynamicContentTwoColumns__imageWrapper\">\n                    <img loading=\"lazy\" decoding=\"async\" width=\"400\" height=\"500\" src=\"https:\/\/www.visitsmaland.se\/wp-content\/uploads\/2026\/04\/Villa-Tra\u0308dga\u030ard-de-luxe-7.jpg\" class=\"attachment-500x500 size-500x500\" alt=\"\" srcset=\"https:\/\/www.visitsmaland.se\/wp-content\/uploads\/2026\/04\/Villa-Tra\u0308dga\u030ard-de-luxe-7.jpg 1638w, https:\/\/www.visitsmaland.se\/wp-content\/uploads\/2026\/04\/Villa-Tra\u0308dga\u030ard-de-luxe-7-240x300.jpg 240w, https:\/\/www.visitsmaland.se\/wp-content\/uploads\/2026\/04\/Villa-Tra\u0308dga\u030ard-de-luxe-7-819x1024.jpg 819w, https:\/\/www.visitsmaland.se\/wp-content\/uploads\/2026\/04\/Villa-Tra\u0308dga\u030ard-de-luxe-7-768x960.jpg 768w, https:\/\/www.visitsmaland.se\/wp-content\/uploads\/2026\/04\/Villa-Tra\u0308dga\u030ard-de-luxe-7-1229x1536.jpg 1229w\" sizes=\"(max-width: 400px) 100vw, 400px\" \/>                <\/div>\n                                                <div class=\"dynamicContentTwoColumns dynamicContentTwoColumns__text\">\n                    <p><p>Part of the De luxe family is Villa &#038; Garden de luxe, located in the old parish house (Komministerg\u00e5rden). It offers, among other things, pizza, tasting events, jazz concerts, and craft beer. During the summer, you can enjoy food and drinks outdoors in the garden, live music, as well as a game of p\u00e9tanque or table tennis.<\/p>\n<p>\n                <\/div>\n                                                <div class=\"wp-block-buttons is-layout-flex wp-block-buttons-is-layout-flex\">\n                    <div class=\"wp-block-button\">\n                        <a aria-label=\"Read more\" class=\"wp-block-button__link wp-element-button dynamicContentTwoColumns dynamicContentTwoColumns__ctaButton\" href=\"https:\/\/www.villadeluxe.se\/english\">\n                            Villa de luxe!                        <\/a>\n                    <\/div>\n                <\/div>\n                                                <h3 class=\"dynamicContentTwoColumns dynamicContentTwoColumns__heading\">\n                    B\u00f6nan &#038; Mustaschen                <\/h3>\n                                                <div class=\"dynamicContentTwoColumns dynamicContentTwoColumns__imageWrapper\">\n                    <img loading=\"lazy\" decoding=\"async\" width=\"500\" height=\"334\" src=\"https:\/\/www.visitsmaland.se\/wp-content\/uploads\/2026\/04\/HALL3848-scaled.jpg\" class=\"attachment-500x500 size-500x500\" alt=\"\" srcset=\"https:\/\/www.visitsmaland.se\/wp-content\/uploads\/2026\/04\/HALL3848-scaled.jpg 2560w, https:\/\/www.visitsmaland.se\/wp-content\/uploads\/2026\/04\/HALL3848-300x200.jpg 300w, https:\/\/www.visitsmaland.se\/wp-content\/uploads\/2026\/04\/HALL3848-1024x683.jpg 1024w, https:\/\/www.visitsmaland.se\/wp-content\/uploads\/2026\/04\/HALL3848-768x512.jpg 768w, https:\/\/www.visitsmaland.se\/wp-content\/uploads\/2026\/04\/HALL3848-1536x1025.jpg 1536w, https:\/\/www.visitsmaland.se\/wp-content\/uploads\/2026\/04\/HALL3848-2048x1366.jpg 2048w\" sizes=\"(max-width: 500px) 100vw, 500px\" \/>                <\/div>\n                                                <div class=\"dynamicContentTwoColumns dynamicContentTwoColumns__text\">\n                    <p><p>If you\u2019re in the mood for really good coffee and fika, there is the coffee bar B\u00f6nan &#038; Mustaschen, where specialty coffee is served\u2014a quality designation meaning the coffee must exceed a certain standard. Here you can enjoy hot drinks, pastries, and light lunches between your activities.<\/p>\n<p>\n                <\/div>\n                                                <div class=\"wp-block-buttons is-layout-flex wp-block-buttons-is-layout-flex\">\n                    <div class=\"wp-block-button\">\n                        <a aria-label=\"Read more\" class=\"wp-block-button__link wp-element-button dynamicContentTwoColumns dynamicContentTwoColumns__ctaButton\" href=\"https:\/\/upplev.vaxjo.se\/english\/experience-vaxjo\/food-and-drinks\/cafes\/bonan--mustaschen\">\n                            B\u00f6nan &#038; Mustaschen!                        <\/a>\n                    <\/div>\n                <\/div>\n                        <\/div>\n<\/div>\n<\/div>\n\n\n\n<div style=\"height:21px\" aria-hidden=\"true\" class=\"wp-block-spacer\"><\/div>\n\n\n\n<figure class=\"wp-block-gallery has-nested-images columns-default is-cropped wp-block-gallery-4 is-layout-flex wp-block-gallery-is-layout-flex\">\n<figure class=\"wp-block-image size-large\"><img loading=\"lazy\" decoding=\"async\" width=\"2560\" height=\"2560\" data-id=\"96868\" src=\"https:\/\/www.visitsmaland.se\/wp-content\/uploads\/2026\/04\/PM_Bro\u0308d-och-Sovel-6-1-edited-scaled.jpg\" alt=\"\" class=\"wp-image-96868\" srcset=\"https:\/\/www.visitsmaland.se\/wp-content\/uploads\/2026\/04\/PM_Bro\u0308d-och-Sovel-6-1-edited-scaled.jpg 2560w, https:\/\/www.visitsmaland.se\/wp-content\/uploads\/2026\/04\/PM_Bro\u0308d-och-Sovel-6-1-edited-300x300.jpg 300w, https:\/\/www.visitsmaland.se\/wp-content\/uploads\/2026\/04\/PM_Bro\u0308d-och-Sovel-6-1-edited-1024x1024.jpg 1024w, https:\/\/www.visitsmaland.se\/wp-content\/uploads\/2026\/04\/PM_Bro\u0308d-och-Sovel-6-1-edited-150x150.jpg 150w, https:\/\/www.visitsmaland.se\/wp-content\/uploads\/2026\/04\/PM_Bro\u0308d-och-Sovel-6-1-edited-768x768.jpg 768w, https:\/\/www.visitsmaland.se\/wp-content\/uploads\/2026\/04\/PM_Bro\u0308d-och-Sovel-6-1-edited-1536x1536.jpg 1536w, https:\/\/www.visitsmaland.se\/wp-content\/uploads\/2026\/04\/PM_Bro\u0308d-och-Sovel-6-1-edited-2048x2048.jpg 2048w\" sizes=\"(max-width: 2560px) 100vw, 2560px\" \/><\/figure>\n\n\n\n<figure class=\"wp-block-image size-large\"><img loading=\"lazy\" decoding=\"async\" width=\"1024\" height=\"683\" data-id=\"96844\" src=\"https:\/\/www.visitsmaland.se\/wp-content\/uploads\/2026\/04\/Va\u0308xjo\u0308-city-4-1-1024x683.jpg\" alt=\"\" class=\"wp-image-96844\" srcset=\"https:\/\/www.visitsmaland.se\/wp-content\/uploads\/2026\/04\/Va\u0308xjo\u0308-city-4-1-1024x683.jpg 1024w, https:\/\/www.visitsmaland.se\/wp-content\/uploads\/2026\/04\/Va\u0308xjo\u0308-city-4-1-300x200.jpg 300w, https:\/\/www.visitsmaland.se\/wp-content\/uploads\/2026\/04\/Va\u0308xjo\u0308-city-4-1-768x512.jpg 768w, https:\/\/www.visitsmaland.se\/wp-content\/uploads\/2026\/04\/Va\u0308xjo\u0308-city-4-1-1536x1024.jpg 1536w, https:\/\/www.visitsmaland.se\/wp-content\/uploads\/2026\/04\/Va\u0308xjo\u0308-city-4-1-2048x1365.jpg 2048w\" sizes=\"(max-width: 1024px) 100vw, 1024px\" \/><\/figure>\n\n\n\n<figure class=\"wp-block-image size-large\"><img loading=\"lazy\" decoding=\"async\" width=\"2560\" height=\"2560\" data-id=\"96222\" src=\"https:\/\/www.visitsmaland.se\/wp-content\/uploads\/2026\/04\/Va\u0308xjo\u0308-Kafe-de-luxe-WANDERSofMANAO_x_Sma\u030aland_9.jpg-edited-scaled.jpg\" alt=\"\" class=\"wp-image-96222\" srcset=\"https:\/\/www.visitsmaland.se\/wp-content\/uploads\/2026\/04\/Va\u0308xjo\u0308-Kafe-de-luxe-WANDERSofMANAO_x_Sma\u030aland_9.jpg-edited-scaled.jpg 2560w, https:\/\/www.visitsmaland.se\/wp-content\/uploads\/2026\/04\/Va\u0308xjo\u0308-Kafe-de-luxe-WANDERSofMANAO_x_Sma\u030aland_9.jpg-edited-300x300.jpg 300w, https:\/\/www.visitsmaland.se\/wp-content\/uploads\/2026\/04\/Va\u0308xjo\u0308-Kafe-de-luxe-WANDERSofMANAO_x_Sma\u030aland_9.jpg-edited-1024x1024.jpg 1024w, https:\/\/www.visitsmaland.se\/wp-content\/uploads\/2026\/04\/Va\u0308xjo\u0308-Kafe-de-luxe-WANDERSofMANAO_x_Sma\u030aland_9.jpg-edited-150x150.jpg 150w, https:\/\/www.visitsmaland.se\/wp-content\/uploads\/2026\/04\/Va\u0308xjo\u0308-Kafe-de-luxe-WANDERSofMANAO_x_Sma\u030aland_9.jpg-edited-768x768.jpg 768w, https:\/\/www.visitsmaland.se\/wp-content\/uploads\/2026\/04\/Va\u0308xjo\u0308-Kafe-de-luxe-WANDERSofMANAO_x_Sma\u030aland_9.jpg-edited-1536x1536.jpg 1536w, https:\/\/www.visitsmaland.se\/wp-content\/uploads\/2026\/04\/Va\u0308xjo\u0308-Kafe-de-luxe-WANDERSofMANAO_x_Sma\u030aland_9.jpg-edited-2048x2048.jpg 2048w\" sizes=\"(max-width: 2560px) 100vw, 2560px\" \/><\/figure>\n<\/figure>\n\n\n  \n<div class=\"featuredTwoColumns featuredTwoColumns__wrapper\">\n    <div class=\"featuredTwoColumns featuredTwoColumns__container\">  \n            <div class=\"featuredTwoColumns featuredTwoColumns__feturedWrapper\">\n            <a aria-label=\"PM &amp; V\u00e4nner\" href=\"https:\/\/www.visitsmaland.se\/en\/discover\/pm-vanner\/\"class=\"featuredTwoColumns featuredTwoColumns__imageWrapper\">\n                <img loading=\"lazy\" decoding=\"async\" width=\"1024\" height=\"740\" src=\"https:\/\/www.visitsmaland.se\/wp-content\/uploads\/2024\/04\/ALEX3051-1-1024x740.jpg\" class=\"attachment-grid-card-images size-grid-card-images wp-post-image\" alt=\"\" \/>            <\/a>\n            <div class=\"featuredTwoColumns featuredTwoColumns__contentWrapper\">\n                <h2 class=\"featuredTwoColumns featuredTwoColumns__heading\">\n                    PM &amp; V\u00e4nner                <\/h2>\n                <p class=\"featuredTwoColumns featuredTwoColumns__description\">\n                    Award winning restaurant with one star in Guide Mic\u2026                <\/p>\n                 \n                 \n                <div class=\"wp-block-buttons is-layout-flex wp-block-buttons-is-layout-flex\">\n                    <div class=\"wp-block-button \">\n                        <a aria-label=\"PM &amp; V\u00e4nner\"class=\"wp-block-button__link wp-element-button\" href=\"https:\/\/www.visitsmaland.se\/en\/discover\/pm-vanner\/\">\n                            Discover                       \n                         <\/a>\n                    <\/div>\n                <\/div>\n            <\/div>\n        <\/div>\n                <div class=\"featuredTwoColumns featuredTwoColumns__feturedWrapper\">\n            <a aria-label=\"White Guide Restaurants\" href=\"https:\/\/www.visitsmaland.se\/en\/discover\/whiteguide\/\"class=\"featuredTwoColumns featuredTwoColumns__imageWrapper\">\n                <img loading=\"lazy\" decoding=\"async\" width=\"1024\" height=\"740\" src=\"https:\/\/www.visitsmaland.se\/wp-content\/uploads\/2024\/04\/alex3310-1024x740.jpg\" class=\"attachment-grid-card-images size-grid-card-images wp-post-image\" alt=\"\" \/>            <\/a>\n            <div class=\"featuredTwoColumns featuredTwoColumns__contentWrapper\">\n                <h2 class=\"featuredTwoColumns featuredTwoColumns__heading\">\n                    White Guide Restaurants                <\/h2>\n                <p class=\"featuredTwoColumns featuredTwoColumns__description\">\n                    Restaurants and caf\u00e9s in Sm\u00e5land with an award in W\u2026                <\/p>\n                 \n                 \n                <div class=\"wp-block-buttons is-layout-flex wp-block-buttons-is-layout-flex\">\n                    <div class=\"wp-block-button \">\n                        <a aria-label=\"White Guide Restaurants\"class=\"wp-block-button__link wp-element-button\" href=\"https:\/\/www.visitsmaland.se\/en\/discover\/whiteguide\/\">\n                            Discover                       \n                         <\/a>\n                    <\/div>\n                <\/div>\n            <\/div>\n        <\/div>\n            <\/div>\n<\/div>\n\n\n<div class=\"contentImageTwoColumns contentImageTwoColumns__wrapper\" style=\"background-color: #133a26\">\n    <div class=\"contentImageTwoColumns contentImageTwoColumns__container \">\n        <div class=\"contentImageTwoColumns contentImageTwoColumns__contentWrapper\">\n            <h2 class=\"contentImageTwoColumns contentImageTwoColumns__heading\" style=\"color: #ffffff\">\n                Teleborg Castle            <\/h2>\n            <div class=\"contentImageTwoColumns contentImageTwoColumns__text contentImageTwoColumns__text--short\" style=\"color: #ffffff\">\n                                    <p>Teleborg Castle in V\u00e4xj\u00f6 was built in the late 19th century by Count Fredrik Bonde for his wife Anna Koskull, and is a true fairytale castle. The castle is known for its unique Neo-Gothic style and&#8230;                    <button type=\"button\" class=\"contentImageTwoColumns contentImageTwoColumns__readMoreLess\">\n                        Read more +                    <\/button>\n                            <\/div>\n            <div class=\"contentImageTwoColumns contentImageTwoColumns__text contentImageTwoColumns__text--full\" style=\"color: #ffffff\">\n                <p>Teleborg Castle in V\u00e4xj\u00f6 was built in the late 19th century by Count Fredrik Bonde for his wife Anna Koskull, and is a true fairytale castle. The castle is known for its unique Neo-Gothic style and is beautifully situated by Lake Trummen. Today, it is a popular venue for overnight stays, weddings, parties, and conferences, featuring elegantly furnished halls and rooms.<\/p>\n                <button type=\"button\" class=\"contentImageTwoColumns contentImageTwoColumns__readMoreLess\">\n                    Read less &#8211;                <\/button>\n            <\/div>\n                        <div class=\"wp-block-buttons is-layout-flex wp-block-buttons-is-layout-flex\">\n                <div class=\"wp-block-button \">\n                    <a aria-label=\"Teleborg Castle\" class=\"wp-block-button__link wp-element-button\" href=\"https:\/\/teleborgsslott.com\/en\/\" style=\"background-color: #f0efe9; color: #000000;border: solid 1px #f0efe9\">\n                        Teleborg Castle                    <\/a>\n                <\/div>\n            <\/div>\n                                <\/div>\n        <div class=\"contentImageTwoColumns contentImageTwoColumns__imageWrapper\">\n            <img loading=\"lazy\" decoding=\"async\" width=\"1024\" height=\"740\" src=\"https:\/\/www.visitsmaland.se\/wp-content\/uploads\/2026\/03\/Teleborgs-slott-88869-1024x740.jpeg\" class=\"attachment-grid-card-images size-grid-card-images\" alt=\"\" \/>        <\/div>\n    <\/div>\n<\/div>\n\n\n<div class=\"contentImageTwoColumns contentImageTwoColumns__wrapper\" style=\"background-color: #f0efe9\">\n    <div class=\"contentImageTwoColumns contentImageTwoColumns__container layout-reversed\">\n        <div class=\"contentImageTwoColumns contentImageTwoColumns__contentWrapper\">\n            <h2 class=\"contentImageTwoColumns contentImageTwoColumns__heading\" style=\"color: \">\n                Events            <\/h2>\n            <div class=\"contentImageTwoColumns contentImageTwoColumns__text contentImageTwoColumns__text--short\" style=\"color: \">\n                                    <p>Several events are organized throughout the year in V\u00e4xj\u00f6, especially during the summer when Karl-Oskar Days and Scensommar take place, offering concerts, amusement rides, theatre, and markets. Sev&#8230;                    <button type=\"button\" class=\"contentImageTwoColumns contentImageTwoColumns__readMoreLess\">\n                        Read more +                    <\/button>\n                            <\/div>\n            <div class=\"contentImageTwoColumns contentImageTwoColumns__text contentImageTwoColumns__text--full\" style=\"color: \">\n                <p>Several events are organized throughout the year in V\u00e4xj\u00f6, especially during the summer when Karl-Oskar Days and Scensommar take place, offering concerts, amusement rides, theatre, and markets. Several sporting events are also arranged, such as the traditional V\u00e4xj\u00f6 Run. On the last Saturday in January, you can also visit Culture Night, when the entire city of V\u00e4xj\u00f6 is filled with music, art, and theatre.<\/p>\n                <button type=\"button\" class=\"contentImageTwoColumns contentImageTwoColumns__readMoreLess\">\n                    Read less &#8211;                <\/button>\n            <\/div>\n                        <div class=\"wp-block-buttons is-layout-flex wp-block-buttons-is-layout-flex\">\n                <div class=\"wp-block-button \">\n                    <a aria-label=\"Events in V\u00e4xj\u00f6!\" class=\"wp-block-button__link wp-element-button\" href=\"https:\/\/vaxjoco.se\/en\/events\/\" style=\"background-color: #fbbd51; color: #000000;border: solid 1px #000000\">\n                        Events in V\u00e4xj\u00f6!                    <\/a>\n                <\/div>\n            <\/div>\n                                <\/div>\n        <div class=\"contentImageTwoColumns contentImageTwoColumns__imageWrapper\">\n            <img loading=\"lazy\" decoding=\"async\" width=\"1024\" height=\"740\" src=\"https:\/\/www.visitsmaland.se\/wp-content\/uploads\/2026\/04\/Va\u0308xjo\u0308_scensommar-1-1024x740.jpg\" class=\"attachment-grid-card-images size-grid-card-images\" alt=\"\" \/>        <\/div>\n    <\/div>\n<\/div>\n\n\n\n<div style=\"height:21px\" aria-hidden=\"true\" class=\"wp-block-spacer\"><\/div>\n\n\n  \n<div class=\"featuredTwoColumns featuredTwoColumns__wrapper\">\n    <div class=\"featuredTwoColumns featuredTwoColumns__container\">  \n            <div class=\"featuredTwoColumns featuredTwoColumns__feturedWrapper\">\n            <a aria-label=\"Cities in Sm\u00e5land\" href=\"https:\/\/www.visitsmaland.se\/en\/discover\/stader-i-smaland\/\"class=\"featuredTwoColumns featuredTwoColumns__imageWrapper\">\n                <img loading=\"lazy\" decoding=\"async\" width=\"1024\" height=\"740\" src=\"https:\/\/www.visitsmaland.se\/wp-content\/uploads\/2024\/04\/Bron01-1-1024x740.jpg\" class=\"attachment-grid-card-images size-grid-card-images wp-post-image\" alt=\"\" \/>            <\/a>\n            <div class=\"featuredTwoColumns featuredTwoColumns__contentWrapper\">\n                <h2 class=\"featuredTwoColumns featuredTwoColumns__heading\">\n                    Cities in Sm\u00e5land                <\/h2>\n                <p class=\"featuredTwoColumns featuredTwoColumns__description\">\n                    Restaurants and bars, shopping and activities, cult\u2026                <\/p>\n                 \n                 \n                <div class=\"wp-block-buttons is-layout-flex wp-block-buttons-is-layout-flex\">\n                    <div class=\"wp-block-button \">\n                        <a aria-label=\"Cities in Sm\u00e5land\"class=\"wp-block-button__link wp-element-button\" href=\"https:\/\/www.visitsmaland.se\/en\/discover\/stader-i-smaland\/\">\n                            Discover                       \n                         <\/a>\n                    <\/div>\n                <\/div>\n            <\/div>\n        <\/div>\n                <div class=\"featuredTwoColumns featuredTwoColumns__feturedWrapper\">\n            <a aria-label=\"Experience Sm\u00e5land &amp; \u00d6land car-free\" href=\"https:\/\/www.visitsmaland.se\/en\/discover\/experience-smaland-oland-car-free\/\"class=\"featuredTwoColumns featuredTwoColumns__imageWrapper\">\n                <img loading=\"lazy\" decoding=\"async\" width=\"1024\" height=\"640\" src=\"https:\/\/www.visitsmaland.se\/wp-content\/uploads\/2022\/06\/Alex_o_-carro-v-taget-topp-3-kopia.jpg\" class=\"attachment-grid-card-images size-grid-card-images wp-post-image\" alt=\"\" srcset=\"https:\/\/www.visitsmaland.se\/wp-content\/uploads\/2022\/06\/Alex_o_-carro-v-taget-topp-3-kopia.jpg 1280w, https:\/\/www.visitsmaland.se\/wp-content\/uploads\/2022\/06\/Alex_o_-carro-v-taget-topp-3-kopia-300x188.jpg 300w, https:\/\/www.visitsmaland.se\/wp-content\/uploads\/2022\/06\/Alex_o_-carro-v-taget-topp-3-kopia-1024x640.jpg 1024w, https:\/\/www.visitsmaland.se\/wp-content\/uploads\/2022\/06\/Alex_o_-carro-v-taget-topp-3-kopia-768x480.jpg 768w, https:\/\/www.visitsmaland.se\/wp-content\/uploads\/2022\/06\/Alex_o_-carro-v-taget-topp-3-kopia-640x400.jpg 640w, https:\/\/www.visitsmaland.se\/wp-content\/uploads\/2022\/06\/Alex_o_-carro-v-taget-topp-3-kopia-240x150.jpg 240w, https:\/\/www.visitsmaland.se\/wp-content\/uploads\/2022\/06\/Alex_o_-carro-v-taget-topp-3-kopia-192x120.jpg 192w\" sizes=\"(max-width: 1024px) 100vw, 1024px\" \/>            <\/a>\n            <div class=\"featuredTwoColumns featuredTwoColumns__contentWrapper\">\n                <h2 class=\"featuredTwoColumns featuredTwoColumns__heading\">\n                    Experience Sm\u00e5land &amp; \u00d6land car-free                <\/h2>\n                <p class=\"featuredTwoColumns featuredTwoColumns__description\">\n                    Sm\u00e5land and \u00d6land offer countless opportunities to \u2026                <\/p>\n                 \n                 \n                <div class=\"wp-block-buttons is-layout-flex wp-block-buttons-is-layout-flex\">\n                    <div class=\"wp-block-button \">\n                        <a aria-label=\"Experience Sm\u00e5land &amp; \u00d6land car-free\"class=\"wp-block-button__link wp-element-button\" href=\"https:\/\/www.visitsmaland.se\/en\/discover\/experience-smaland-oland-car-free\/\">\n                            Discover                       \n                         <\/a>\n                    <\/div>\n                <\/div>\n            <\/div>\n        <\/div>\n            <\/div>\n<\/div>\n","protected":false},"excerpt":{"rendered":"<p>During a weekend in V\u00e4xj\u00f6, you can explore a world-class city in a smaller format, with everything from shopping, sights, and entertainment to exciting gastronomic experiences.<\/p>\n","protected":false},"featured_media":47123,"parent":0,"menu_order":3,"template":"","tags":[],"land":[],"class_list":["post-96908","guide","type-guide","status-publish","has-post-thumbnail","hentry"],"acf":{"priority":""},"yoast_head":"<!-- This site is optimized with the Yoast SEO plugin v27.2 - https:\/\/yoast.com\/product\/yoast-seo-wordpress\/ -->\n<title>A weekend in V\u00e4xj\u00f6 i Sm\u00e5land | Visit Sm\u00e5land<\/title>\n<meta name=\"description\" content=\"During a weekend in V\u00e4xj\u00f6, explore a world-class city in a smaller format, with everything from shopping, sights, and gastronomic experiences.\" \/>\n<meta name=\"robots\" content=\"index, follow, max-snippet:-1, max-image-preview:large, max-video-preview:-1\" \/>\n<link rel=\"canonical\" href=\"https:\/\/www.visitsmaland.se\/en\/discover\/a-weekend-in-vaxjo\/\" \/>\n<meta property=\"og:locale\" content=\"en_US\" \/>\n<meta property=\"og:type\" content=\"article\" \/>\n<meta property=\"og:title\" content=\"A weekend in V\u00e4xj\u00f6 i Sm\u00e5land | Visit Sm\u00e5land\" \/>\n<meta property=\"og:description\" content=\"During a weekend in V\u00e4xj\u00f6, explore a world-class city in a smaller format, with everything from shopping, sights, and gastronomic experiences.\" \/>\n<meta property=\"og:url\" content=\"https:\/\/www.visitsmaland.se\/en\/discover\/a-weekend-in-vaxjo\/\" \/>\n<meta property=\"og:site_name\" content=\"Visit Sm\u00e5land\" \/>\n<meta property=\"article:publisher\" content=\"https:\/\/www.facebook.com\/visitsmaland\/\" \/>\n<meta property=\"article:modified_time\" content=\"2026-04-27T12:09:09+00:00\" \/>\n<meta property=\"og:image\" content=\"https:\/\/www.visitsmaland.se\/wp-content\/uploads\/2024\/04\/vaxjo-a-view-from-pm-vanner_alexander-hall-mediumresolution150dpi80quality-1-scaled.jpg\" \/>\n\t<meta property=\"og:image:width\" content=\"2560\" \/>\n\t<meta property=\"og:image:height\" content=\"1707\" \/>\n\t<meta property=\"og:image:type\" content=\"image\/jpeg\" \/>\n<meta name=\"twitter:card\" content=\"summary_large_image\" \/>\n<meta name=\"twitter:label1\" content=\"Est. reading time\" \/>\n\t<meta name=\"twitter:data1\" content=\"9 minutes\" \/>\n<script type=\"application\/ld+json\" class=\"yoast-schema-graph\">{\"@context\":\"https:\/\/schema.org\",\"@graph\":[{\"@type\":\"WebPage\",\"@id\":\"https:\/\/www.visitsmaland.se\/en\/discover\/a-weekend-in-vaxjo\/\",\"url\":\"https:\/\/www.visitsmaland.se\/en\/discover\/a-weekend-in-vaxjo\/\",\"name\":\"A weekend in V\u00e4xj\u00f6 i Sm\u00e5land | Visit Sm\u00e5land\",\"isPartOf\":{\"@id\":\"https:\/\/www.visitsmaland.se\/en\/#website\"},\"primaryImageOfPage\":{\"@id\":\"https:\/\/www.visitsmaland.se\/en\/discover\/a-weekend-in-vaxjo\/#primaryimage\"},\"image\":{\"@id\":\"https:\/\/www.visitsmaland.se\/en\/discover\/a-weekend-in-vaxjo\/#primaryimage\"},\"thumbnailUrl\":\"https:\/\/www.visitsmaland.se\/wp-content\/uploads\/2024\/04\/vaxjo-a-view-from-pm-vanner_alexander-hall-mediumresolution150dpi80quality-1-scaled.jpg\",\"datePublished\":\"2026-04-27T09:22:42+00:00\",\"dateModified\":\"2026-04-27T12:09:09+00:00\",\"description\":\"During a weekend in V\u00e4xj\u00f6, explore a world-class city in a smaller format, with everything from shopping, sights, and gastronomic experiences.\",\"breadcrumb\":{\"@id\":\"https:\/\/www.visitsmaland.se\/en\/discover\/a-weekend-in-vaxjo\/#breadcrumb\"},\"inLanguage\":\"en-US\",\"potentialAction\":[{\"@type\":\"ReadAction\",\"target\":[\"https:\/\/www.visitsmaland.se\/en\/discover\/a-weekend-in-vaxjo\/\"]}]},{\"@type\":\"ImageObject\",\"inLanguage\":\"en-US\",\"@id\":\"https:\/\/www.visitsmaland.se\/en\/discover\/a-weekend-in-vaxjo\/#primaryimage\",\"url\":\"https:\/\/www.visitsmaland.se\/wp-content\/uploads\/2024\/04\/vaxjo-a-view-from-pm-vanner_alexander-hall-mediumresolution150dpi80quality-1-scaled.jpg\",\"contentUrl\":\"https:\/\/www.visitsmaland.se\/wp-content\/uploads\/2024\/04\/vaxjo-a-view-from-pm-vanner_alexander-hall-mediumresolution150dpi80quality-1-scaled.jpg\",\"width\":2560,\"height\":1707},{\"@type\":\"BreadcrumbList\",\"@id\":\"https:\/\/www.visitsmaland.se\/en\/discover\/a-weekend-in-vaxjo\/#breadcrumb\",\"itemListElement\":[{\"@type\":\"ListItem\",\"position\":1,\"name\":\"Frontpage\",\"item\":\"https:\/\/www.visitsmaland.se\/en\/\"},{\"@type\":\"ListItem\",\"position\":2,\"name\":\"A weekend in V\u00e4xj\u00f6\"}]},{\"@type\":\"WebSite\",\"@id\":\"https:\/\/www.visitsmaland.se\/en\/#website\",\"url\":\"https:\/\/www.visitsmaland.se\/en\/\",\"name\":\"Visit Sm\u00e5land\",\"description\":\"V\u00e4lkommen till Sm\u00e5land\",\"potentialAction\":[{\"@type\":\"SearchAction\",\"target\":{\"@type\":\"EntryPoint\",\"urlTemplate\":\"https:\/\/www.visitsmaland.se\/en\/?s={search_term_string}\"},\"query-input\":{\"@type\":\"PropertyValueSpecification\",\"valueRequired\":true,\"valueName\":\"search_term_string\"}}],\"inLanguage\":\"en-US\"}]}<\/script>\n<!-- \/ Yoast SEO plugin. -->","yoast_head_json":{"title":"A weekend in V\u00e4xj\u00f6 i Sm\u00e5land | Visit Sm\u00e5land","description":"During a weekend in V\u00e4xj\u00f6, explore a world-class city in a smaller format, with everything from shopping, sights, and gastronomic experiences.","robots":{"index":"index","follow":"follow","max-snippet":"max-snippet:-1","max-image-preview":"max-image-preview:large","max-video-preview":"max-video-preview:-1"},"canonical":"https:\/\/www.visitsmaland.se\/en\/discover\/a-weekend-in-vaxjo\/","og_locale":"en_US","og_type":"article","og_title":"A weekend in V\u00e4xj\u00f6 i Sm\u00e5land | Visit Sm\u00e5land","og_description":"During a weekend in V\u00e4xj\u00f6, explore a world-class city in a smaller format, with everything from shopping, sights, and gastronomic experiences.","og_url":"https:\/\/www.visitsmaland.se\/en\/discover\/a-weekend-in-vaxjo\/","og_site_name":"Visit Sm\u00e5land","article_publisher":"https:\/\/www.facebook.com\/visitsmaland\/","article_modified_time":"2026-04-27T12:09:09+00:00","og_image":[{"width":2560,"height":1707,"url":"https:\/\/www.visitsmaland.se\/wp-content\/uploads\/2024\/04\/vaxjo-a-view-from-pm-vanner_alexander-hall-mediumresolution150dpi80quality-1-scaled.jpg","type":"image\/jpeg"}],"twitter_card":"summary_large_image","twitter_misc":{"Est. reading time":"9 minutes"},"schema":{"@context":"https:\/\/schema.org","@graph":[{"@type":"WebPage","@id":"https:\/\/www.visitsmaland.se\/en\/discover\/a-weekend-in-vaxjo\/","url":"https:\/\/www.visitsmaland.se\/en\/discover\/a-weekend-in-vaxjo\/","name":"A weekend in V\u00e4xj\u00f6 i Sm\u00e5land | Visit Sm\u00e5land","isPartOf":{"@id":"https:\/\/www.visitsmaland.se\/en\/#website"},"primaryImageOfPage":{"@id":"https:\/\/www.visitsmaland.se\/en\/discover\/a-weekend-in-vaxjo\/#primaryimage"},"image":{"@id":"https:\/\/www.visitsmaland.se\/en\/discover\/a-weekend-in-vaxjo\/#primaryimage"},"thumbnailUrl":"https:\/\/www.visitsmaland.se\/wp-content\/uploads\/2024\/04\/vaxjo-a-view-from-pm-vanner_alexander-hall-mediumresolution150dpi80quality-1-scaled.jpg","datePublished":"2026-04-27T09:22:42+00:00","dateModified":"2026-04-27T12:09:09+00:00","description":"During a weekend in V\u00e4xj\u00f6, explore a world-class city in a smaller format, with everything from shopping, sights, and gastronomic experiences.","breadcrumb":{"@id":"https:\/\/www.visitsmaland.se\/en\/discover\/a-weekend-in-vaxjo\/#breadcrumb"},"inLanguage":"en-US","potentialAction":[{"@type":"ReadAction","target":["https:\/\/www.visitsmaland.se\/en\/discover\/a-weekend-in-vaxjo\/"]}]},{"@type":"ImageObject","inLanguage":"en-US","@id":"https:\/\/www.visitsmaland.se\/en\/discover\/a-weekend-in-vaxjo\/#primaryimage","url":"https:\/\/www.visitsmaland.se\/wp-content\/uploads\/2024\/04\/vaxjo-a-view-from-pm-vanner_alexander-hall-mediumresolution150dpi80quality-1-scaled.jpg","contentUrl":"https:\/\/www.visitsmaland.se\/wp-content\/uploads\/2024\/04\/vaxjo-a-view-from-pm-vanner_alexander-hall-mediumresolution150dpi80quality-1-scaled.jpg","width":2560,"height":1707},{"@type":"BreadcrumbList","@id":"https:\/\/www.visitsmaland.se\/en\/discover\/a-weekend-in-vaxjo\/#breadcrumb","itemListElement":[{"@type":"ListItem","position":1,"name":"Frontpage","item":"https:\/\/www.visitsmaland.se\/en\/"},{"@type":"ListItem","position":2,"name":"A weekend in V\u00e4xj\u00f6"}]},{"@type":"WebSite","@id":"https:\/\/www.visitsmaland.se\/en\/#website","url":"https:\/\/www.visitsmaland.se\/en\/","name":"Visit Sm\u00e5land","description":"V\u00e4lkommen till Sm\u00e5land","potentialAction":[{"@type":"SearchAction","target":{"@type":"EntryPoint","urlTemplate":"https:\/\/www.visitsmaland.se\/en\/?s={search_term_string}"},"query-input":{"@type":"PropertyValueSpecification","valueRequired":true,"valueName":"search_term_string"}}],"inLanguage":"en-US"}]}},"_links":{"self":[{"href":"https:\/\/www.visitsmaland.se\/en\/wp-json\/wp\/v2\/guide\/96908","targetHints":{"allow":["GET"]}}],"collection":[{"href":"https:\/\/www.visitsmaland.se\/en\/wp-json\/wp\/v2\/guide"}],"about":[{"href":"https:\/\/www.visitsmaland.se\/en\/wp-json\/wp\/v2\/types\/guide"}],"version-history":[{"count":3,"href":"https:\/\/www.visitsmaland.se\/en\/wp-json\/wp\/v2\/guide\/96908\/revisions"}],"predecessor-version":[{"id":96920,"href":"https:\/\/www.visitsmaland.se\/en\/wp-json\/wp\/v2\/guide\/96908\/revisions\/96920"}],"wp:featuredmedia":[{"embeddable":true,"href":"https:\/\/www.visitsmaland.se\/en\/wp-json\/wp\/v2\/media\/47123"}],"wp:attachment":[{"href":"https:\/\/www.visitsmaland.se\/en\/wp-json\/wp\/v2\/media?parent=96908"}],"wp:term":[{"taxonomy":"post_tag","embeddable":true,"href":"https:\/\/www.visitsmaland.se\/en\/wp-json\/wp\/v2\/tags?post=96908"},{"taxonomy":"land","embeddable":true,"href":"https:\/\/www.visitsmaland.se\/en\/wp-json\/wp\/v2\/land?post=96908"}],"curies":[{"name":"wp","href":"https:\/\/api.w.org\/{rel}","templated":true}]}}