{"id":43569,"date":"2024-04-12T09:14:28","date_gmt":"2024-04-12T07:14:28","guid":{"rendered":"https:\/\/www.visitsmaland.se\/destinationer\/vaxjo\/"},"modified":"2026-04-24T14:04:18","modified_gmt":"2026-04-24T12:04:18","slug":"vaxjo","status":"publish","type":"destination","link":"https:\/\/www.visitsmaland.se\/nl\/bestemmingen\/vaxjo\/","title":{"rendered":"V\u00e4xj\u00f6"},"content":{"rendered":"<div class=\"postHerosection postHerosection__wrapper\">\n    <div class=\"postHerosection postHerosection__container\">\n        <h1 class=\"postHerosection postHerosection__heroHeading\">\n            V\u00e4xj\u00f6        <\/h1>\n            <\/div>\n    <div class=\"postHerosection postHerosection__imageContainer\">\n        <img loading=\"lazy\" decoding=\"async\" width=\"2560\" height=\"1707\" src=\"https:\/\/www.visitsmaland.se\/wp-content\/uploads\/2024\/04\/HERO-4-scaled.jpg\" class=\"attachment-full size-full\" alt=\"\" srcset=\"https:\/\/www.visitsmaland.se\/wp-content\/uploads\/2024\/04\/HERO-4-scaled.jpg 2560w, https:\/\/www.visitsmaland.se\/wp-content\/uploads\/2024\/04\/HERO-4-300x200.jpg 300w, https:\/\/www.visitsmaland.se\/wp-content\/uploads\/2024\/04\/HERO-4-1024x683.jpg 1024w, https:\/\/www.visitsmaland.se\/wp-content\/uploads\/2024\/04\/HERO-4-768x512.jpg 768w, https:\/\/www.visitsmaland.se\/wp-content\/uploads\/2024\/04\/HERO-4-1536x1024.jpg 1536w, https:\/\/www.visitsmaland.se\/wp-content\/uploads\/2024\/04\/HERO-4-2048x1365.jpg 2048w\" sizes=\"(max-width: 2560px) 100vw, 2560px\" \/>    <\/div>\n<\/div>\n<div class=\"postHerosection postHerosection__breadcrumbs\">\n   <div class=\"postHerosection postHerosection__breadcrumbs-container\">\n        <p id=\"breadcrumbs\"><span><span><a href=\"https:\/\/www.visitsmaland.se\/nl\/\">Startpagina<\/a><\/span><\/span><\/p>    <\/div>\n<\/div>\n\n<div class=\"contentCta contentCta__wrapper\">\n    <div class=\"contentCta contentCta__container\">\n                    \t\t\t<div class=\"contentCta contentCta__text\" style=\"color: \">\n\t\t\t\t<p>V\u00e4xj\u00f6 is het hart van Sm\u00e5land en de residentiestad van Kronoberg. Een kleine wereldstad die wordt gekenmerkt door contrasten. Aan de ene kant is er levendigheid, winkelen en amusement, aan de andere kant zijn er gezellige zijstraten, stadslandbouw, kinderkopjes en cultuur. De naam &#8220;V\u00e4xj\u00f6&#8221; ontstond toen de stad op een oude marktplaats aan het meer lag waar veel wegen samenkwamen, &#8220;V\u00e4gsj\u00f6&#8221;, dat later V\u00e4xj\u00f6 werd. Verschillende grote markten en jaarlijks terugkerende evenementen zoals MAT, Karl-Oskardagarna en Scensommar nodigen zowel locals als bezoekers uit om te genieten van een heerlijke feeststemming en samenzijn.<\/p>\n\t\t\t<\/div>\n                <hr>\n            <\/div>\n<\/div>\n\n\n<div class=\"dynamicContentTwoColumns dynamicContentTwoColumns__wrapper\">\n    <div class=\"dynamicContentTwoColumns dynamicContentTwoColumns__container\">\n                                    <h3 class=\"dynamicContentTwoColumns dynamicContentTwoColumns__heading\">\n                    Gezellige en gastronomische stadt                <\/h3>\n                                                <div class=\"dynamicContentTwoColumns dynamicContentTwoColumns__text\">\n                    <p><p>In V\u00e4xj\u00f6 vind je misschien wel een van de langste autovrije winkelstraten van Zweden, met zijn 700 meter. In de buurt zijn er verschillende andere autovrije straten en hier vind je een mix van kleine, unieke winkels, ketens, tweedehands, boetiekjes en glaskunst \u2013 een zeer gevarieerd aanbod. De winkels zijn alle dagen van de week geopend en elke woensdag en zaterdag is er ook traditionele markt op Stortorget. De kathedraal met zijn twee torens en heldere kleur is een duidelijk herkenningspunt voor de stad, dat vaak opduikt boven de daken in de stad en open is voor bezoek. In de kerk is prachtige glaskunst te bewonderen.<\/p>\n<p>\n                <\/div>\n                                                <div class=\"dynamicContentTwoColumns dynamicContentTwoColumns__text\">\n                    <p><p>V\u00e4xj\u00f6 is een gastronomische stad met een sterke focus op duurzaamheid. De restaurantgroep PM &#038; V\u00e4nner met bijbehorend gastronomisch hotel laat je de regio proeven. Dat doen ze op een smaakvolle manier dankzij hun filosofie gebaseerd op de drie pijlers \u201cbos, weide en meer\u201d. Het restaurant is bekroond met een Michelin-ster en de wijnselectie met een Grand Award van Wine Spectator. Naast diverse restaurants heeft de gelijknamige Deluxe-familie ook een biologische stadsboerderij die hen voorziet van groenten. Direct vanaf het land naar de tafel via Picknick de luxe. Bovendien vind je in de kleine stad een breed scala aan wereldgerechten, zoals Japans, Aziatisch, Mexicaans, enz.<\/p>\n<p>\n                <\/div>\n                                                <div class=\"dynamicContentTwoColumns dynamicContentTwoColumns__imageWrapper\">\n                    <img loading=\"lazy\" decoding=\"async\" width=\"500\" height=\"333\" src=\"https:\/\/www.visitsmaland.se\/wp-content\/uploads\/2024\/04\/vaxjo-Ekobacken_alexander-hall-scaled.jpg\" class=\"attachment-500x500 size-500x500\" alt=\"\" srcset=\"https:\/\/www.visitsmaland.se\/wp-content\/uploads\/2024\/04\/vaxjo-Ekobacken_alexander-hall-scaled.jpg 2560w, https:\/\/www.visitsmaland.se\/wp-content\/uploads\/2024\/04\/vaxjo-Ekobacken_alexander-hall-300x200.jpg 300w, https:\/\/www.visitsmaland.se\/wp-content\/uploads\/2024\/04\/vaxjo-Ekobacken_alexander-hall-1024x683.jpg 1024w, https:\/\/www.visitsmaland.se\/wp-content\/uploads\/2024\/04\/vaxjo-Ekobacken_alexander-hall-768x512.jpg 768w, https:\/\/www.visitsmaland.se\/wp-content\/uploads\/2024\/04\/vaxjo-Ekobacken_alexander-hall-1536x1024.jpg 1536w, https:\/\/www.visitsmaland.se\/wp-content\/uploads\/2024\/04\/vaxjo-Ekobacken_alexander-hall-2048x1365.jpg 2048w\" sizes=\"(max-width: 500px) 100vw, 500px\" \/>                <\/div>\n                                                <div class=\"wp-block-buttons is-layout-flex wp-block-buttons-is-layout-flex\">\n                    <div class=\"wp-block-button\">\n                        <a aria-label=\"Lees verder\" class=\"wp-block-button__link wp-element-button dynamicContentTwoColumns dynamicContentTwoColumns__ctaButton\" href=\"https:\/\/www.vaxjocity.com\/\">\n                            vaxjocity.com                        <\/a>\n                    <\/div>\n                <\/div>\n                        <\/div>\n<\/div>\n\n\n<div class=\"contentImageTwoColumns contentImageTwoColumns__wrapper\" style=\"background-color: #f4f2eb\">\n    <div class=\"contentImageTwoColumns contentImageTwoColumns__container layout-reversed\">\n        <div class=\"contentImageTwoColumns contentImageTwoColumns__contentWrapper\">\n            <h2 class=\"contentImageTwoColumns contentImageTwoColumns__heading\" style=\"color: #000000\">\n                Culturele stad            <\/h2>\n            <div class=\"contentImageTwoColumns contentImageTwoColumns__text contentImageTwoColumns__text--short\" style=\"color: #000000\">\n                                    <p>En er is meer. V\u00e4xj\u00f6 is ook een echte culturele stad met galerie\u00ebn, musea, theaters en concertzalen. Het Sm\u00e5lands Museum is het oudste regionale museum van Zweden en opende al in 1885 zijn deuren i&#8230;                    <button type=\"button\" class=\"contentImageTwoColumns contentImageTwoColumns__readMoreLess\">\n                        Lees verder +                    <\/button>\n                            <\/div>\n            <div class=\"contentImageTwoColumns contentImageTwoColumns__text contentImageTwoColumns__text--full\" style=\"color: #000000\">\n                <p>En er is meer. V\u00e4xj\u00f6 is ook een echte culturele stad met galerie\u00ebn, musea, theaters en concertzalen. Het Sm\u00e5lands Museum is het oudste regionale museum van Zweden en opende al in 1885 zijn deuren in een eigen gebouw. In de vaste tentoonstellingen vind je hoogtepunten uit de grote museumcollectie die door de jaren heen is gegroeid. Aangrenzend ligt het Zweeds Glasmuseum, waar een selectie van de grootste collectie glaskunst en glazen gebruiksvoorwerpen van Zweden wordt getoond, evenals het Utvandrarnashus (Huis van de Emigranten), dat de grote golf van emigratie naar Amerika in de 19e en 20e eeuw portretteert. Bovendien kun je met de oudste door hout gestookte stoomboot van Zweden, de \u00c5ngaren Thor, varen op het Helgasj\u00f6n-meer buiten V\u00e4xj\u00f6, met de ru\u00efnes van het Kronoberg-kasteel als thuishaven.<\/p>\n                <button type=\"button\" class=\"contentImageTwoColumns contentImageTwoColumns__readMoreLess\">\n                    Lees minder &#8211;                <\/button>\n            <\/div>\n                        <div class=\"wp-block-buttons is-layout-flex wp-block-buttons-is-layout-flex\">\n                <div class=\"wp-block-button arrow-white\">\n                    <a aria-label=\"Ontdek de cultuur\" class=\"wp-block-button__link wp-element-button\" href=\"https:\/\/upplev.vaxjo.se\/english\/experience-vaxjo\/things-to-do\/art-culture-and-attractions\" style=\"background-color: #374632; color: #ffffff;border: solid 1px #374632\">\n                        Ontdek de cultuur                    <\/a>\n                <\/div>\n            <\/div>\n                                <\/div>\n        <div class=\"contentImageTwoColumns contentImageTwoColumns__imageWrapper\">\n            <img loading=\"lazy\" decoding=\"async\" width=\"1024\" height=\"616\" src=\"https:\/\/www.visitsmaland.se\/wp-content\/uploads\/2021\/10\/92A1702_b_foto_anders-bergo\u0308n-e1634125898193.jpg\" class=\"attachment-grid-card-images size-grid-card-images\" alt=\"\" srcset=\"https:\/\/www.visitsmaland.se\/wp-content\/uploads\/2021\/10\/92A1702_b_foto_anders-bergo\u0308n-e1634125898193.jpg 2000w, https:\/\/www.visitsmaland.se\/wp-content\/uploads\/2021\/10\/92A1702_b_foto_anders-bergo\u0308n-e1634125898193-300x180.jpg 300w, https:\/\/www.visitsmaland.se\/wp-content\/uploads\/2021\/10\/92A1702_b_foto_anders-bergo\u0308n-e1634125898193-1024x616.jpg 1024w, https:\/\/www.visitsmaland.se\/wp-content\/uploads\/2021\/10\/92A1702_b_foto_anders-bergo\u0308n-e1634125898193-768x462.jpg 768w, https:\/\/www.visitsmaland.se\/wp-content\/uploads\/2021\/10\/92A1702_b_foto_anders-bergo\u0308n-e1634125898193-1536x924.jpg 1536w, https:\/\/www.visitsmaland.se\/wp-content\/uploads\/2021\/10\/92A1702_b_foto_anders-bergo\u0308n-e1634125898193-660x397.jpg 660w, https:\/\/www.visitsmaland.se\/wp-content\/uploads\/2021\/10\/92A1702_b_foto_anders-bergo\u0308n-e1634125898193-249x150.jpg 249w, https:\/\/www.visitsmaland.se\/wp-content\/uploads\/2021\/10\/92A1702_b_foto_anders-bergo\u0308n-e1634125898193-200x120.jpg 200w\" sizes=\"(max-width: 1024px) 100vw, 1024px\" \/>        <\/div>\n    <\/div>\n<\/div>\n\n\n<div class=\"contentImageTwoColumns contentImageTwoColumns__wrapper\" style=\"background-color: #374632\">\n    <div class=\"contentImageTwoColumns contentImageTwoColumns__container \">\n        <div class=\"contentImageTwoColumns contentImageTwoColumns__contentWrapper\">\n            <h2 class=\"contentImageTwoColumns contentImageTwoColumns__heading\" style=\"color: #ffffff\">\n                Nabij de natuur            <\/h2>\n            <div class=\"contentImageTwoColumns contentImageTwoColumns__text contentImageTwoColumns__text--short\" style=\"color: #ffffff\">\n                                    <p>De natuur is hier altijd dichtbij. Op slechts een steenworp afstand van Stortorget en de winkelstraten ligt het V\u00e4xj\u00f6meer, een natuurlijke ontmoetingsplaats waar je kunt genieten van een drankje me&#8230;                    <button type=\"button\" class=\"contentImageTwoColumns contentImageTwoColumns__readMoreLess\">\n                        Lees verder +                    <\/button>\n                            <\/div>\n            <div class=\"contentImageTwoColumns contentImageTwoColumns__text contentImageTwoColumns__text--full\" style=\"color: #ffffff\">\n                <p>De natuur is hier altijd dichtbij. Op slechts een steenworp afstand van Stortorget en de winkelstraten ligt het V\u00e4xj\u00f6meer, een natuurlijke ontmoetingsplaats waar je kunt genieten van een drankje met vrienden aan de steiger of kunt sporten. Om nog meer van de stad te ontdekken, kan je de ruim 4 kilometer lange V\u00e4xj\u00f6 Runt-fietsroute (of wandelroute!) volgen, die de natuur, zes meren en woonwijken van V\u00e4xj\u00f6 met elkaar verbindt.<\/p>\n                <button type=\"button\" class=\"contentImageTwoColumns contentImageTwoColumns__readMoreLess\">\n                    Lees minder &#8211;                <\/button>\n            <\/div>\n                        <div class=\"wp-block-buttons is-layout-flex wp-block-buttons-is-layout-flex\">\n                <div class=\"wp-block-button \">\n                    <a aria-label=\"Beleef de natuur\" class=\"wp-block-button__link wp-element-button\" href=\"https:\/\/www.upplev.vaxjo.se\/english\/experience-vaxjo\/things-to-do\/art-culture-and-attractions\/gallerys-and-art\/vaxjo-art-site---art-around-lake-vaxjosjon\" style=\"background-color: #f4f2eb; color: #000000;border: solid 1px #f4f2eb\">\n                        Beleef de natuur                    <\/a>\n                <\/div>\n            <\/div>\n                                <\/div>\n        <div class=\"contentImageTwoColumns contentImageTwoColumns__imageWrapper\">\n            <img loading=\"lazy\" decoding=\"async\" width=\"1024\" height=\"740\" src=\"https:\/\/www.visitsmaland.se\/wp-content\/uploads\/2024\/04\/sydostleden_vaxjo-tingsryd-1-1024x740.jpg\" class=\"attachment-grid-card-images size-grid-card-images\" alt=\"\" \/>        <\/div>\n    <\/div>\n<\/div>\n\n\n\n<div style=\"height:23px\" aria-hidden=\"true\" class=\"wp-block-spacer\"><\/div>\n\n\n\n<figure class=\"wp-block-gallery has-nested-images columns-default is-cropped wp-block-gallery-2 is-layout-flex wp-block-gallery-is-layout-flex\">\n<figure class=\"wp-block-image size-large\"><img loading=\"lazy\" decoding=\"async\" width=\"1024\" height=\"683\" data-id=\"68419\" src=\"https:\/\/www.visitsmaland.se\/wp-content\/uploads\/2024\/04\/Domkyrkan-Vaxjo-1-1024x683.jpg\" alt=\"\" class=\"wp-image-68419\" srcset=\"https:\/\/www.visitsmaland.se\/wp-content\/uploads\/2024\/04\/Domkyrkan-Vaxjo-1-1024x683.jpg 1024w, https:\/\/www.visitsmaland.se\/wp-content\/uploads\/2024\/04\/Domkyrkan-Vaxjo-1-300x200.jpg 300w, https:\/\/www.visitsmaland.se\/wp-content\/uploads\/2024\/04\/Domkyrkan-Vaxjo-1-768x512.jpg 768w, https:\/\/www.visitsmaland.se\/wp-content\/uploads\/2024\/04\/Domkyrkan-Vaxjo-1-1536x1024.jpg 1536w, https:\/\/www.visitsmaland.se\/wp-content\/uploads\/2024\/04\/Domkyrkan-Vaxjo-1-2048x1365.jpg 2048w\" sizes=\"(max-width: 1024px) 100vw, 1024px\" \/><\/figure>\n\n\n\n<figure class=\"wp-block-image size-large\"><img loading=\"lazy\" decoding=\"async\" width=\"1024\" height=\"683\" data-id=\"65626\" src=\"https:\/\/www.visitsmaland.se\/wp-content\/uploads\/2024\/04\/Ekobacken_vaxjo_2022-Alexander-Hall-1-1024x683.jpg\" alt=\"\" class=\"wp-image-65626\" srcset=\"https:\/\/www.visitsmaland.se\/wp-content\/uploads\/2024\/04\/Ekobacken_vaxjo_2022-Alexander-Hall-1-1024x683.jpg 1024w, https:\/\/www.visitsmaland.se\/wp-content\/uploads\/2024\/04\/Ekobacken_vaxjo_2022-Alexander-Hall-1-300x200.jpg 300w, https:\/\/www.visitsmaland.se\/wp-content\/uploads\/2024\/04\/Ekobacken_vaxjo_2022-Alexander-Hall-1-768x512.jpg 768w, https:\/\/www.visitsmaland.se\/wp-content\/uploads\/2024\/04\/Ekobacken_vaxjo_2022-Alexander-Hall-1-1536x1025.jpg 1536w, https:\/\/www.visitsmaland.se\/wp-content\/uploads\/2024\/04\/Ekobacken_vaxjo_2022-Alexander-Hall-1-2048x1366.jpg 2048w\" sizes=\"(max-width: 1024px) 100vw, 1024px\" \/><\/figure>\n\n\n\n<figure class=\"wp-block-image size-large\"><img loading=\"lazy\" decoding=\"async\" width=\"1024\" height=\"686\" data-id=\"19158\" src=\"https:\/\/www.visitsmaland.se\/wp-content\/uploads\/2021\/10\/Vy-o\u0308ver-Va\u0308xjo\u0308-innerstad-mot-so\u0308der-1024x686.jpg\" alt=\"\" class=\"wp-image-19158\"\/><figcaption class=\"wp-element-caption\">V\u00e4xj\u00f6<\/figcaption><\/figure>\n<\/figure>\n\n\n\n<section class=\"contentFAQBlock contentFAQBlock__wrapper\">\n    <div class=\"contentFAQBlock contentFAQBlock__container\">\n                    <h2 class=\"contentFAQBlock contentFAQBlock__title\">FAQ over V\u00e4xj\u00f6<\/h2>\n                \n        <div class=\"contentFAQBlock contentFAQBlock__faqContent\" itemscope itemtype=\"https:\/\/schema.org\/FAQPage\">\n            <div id=\"accordion-group-block_fce700cba0373e739e91ce4e171e23fc\" class=\"contentFAQBlock contentFAQBlock__accordion\" data-allow-toggle>\n                                                <div class=\"contentFAQBlock contentFAQBlock__categoryGroup\">\n                                                                                                                <div class=\"contentFAQBlock contentFAQBlock__accordionItem\" itemscope itemprop=\"mainEntity\" itemtype=\"https:\/\/schema.org\/Question\">\n                                            <h4>\n                                                <button aria-expanded=\"false\" class=\"contentFAQBlock contentFAQBlock__accordionTrigger accordion-trigger\" aria-controls=\"accordion96480-cat1139-block_fce700cba0373e739e91ce4e171e23fc\" id=\"accordion96480-cat1139-block_fce700cba0373e739e91ce4e171e23fcid\">\n                                                    <span class=\"contentFAQBlock contentFAQBlock__accordionTitle accordion-title\" itemprop=\"name\">\n                                                        Kun je zwemmen of wandelen rond het V\u00e4xj\u00f6meer?                                                        <span class=\"contentFAQBlock contentFAQBlock__accordionIcon accordion-icon\"><\/span>\n                                                    <\/span>\n                                                <\/button>\n                                            <\/h4>\n                                            <div itemscope itemprop=\"acceptedAnswer\" itemtype=\"https:\/\/schema.org\/Answer\" id=\"accordion96480-cat1139-block_fce700cba0373e739e91ce4e171e23fc\" role=\"region\" aria-labelledby=\"accordion96480-cat1139-block_fce700cba0373e739e91ce4e171e23fcid\" class=\"contentFAQBlock contentFAQBlock__accordionPanel accordion-panel\" hidden>\n                                                <div itemprop=\"text\" class=\"contentFAQBlock contentFAQBlock__accordionContent accordion-content\">\n                                                    <p>Ja, je kunt zowel wandelen als fietsen in en rond het V\u00e4xj\u00f6sj\u00f6n. Er zijn verschillende zwemplaatsen langs het meer, onder andere dicht bij het centrum. Rond V\u00e4xj\u00f6sj\u00f6n zijn ook routes waar je kunt wandelen of hardlopen rond het meer.<\/p>\n                                                <\/div>\n                                            <\/div>\n                                        <\/div>\n                                                                            <div class=\"contentFAQBlock contentFAQBlock__accordionItem\" itemscope itemprop=\"mainEntity\" itemtype=\"https:\/\/schema.org\/Question\">\n                                            <h4>\n                                                <button aria-expanded=\"false\" class=\"contentFAQBlock contentFAQBlock__accordionTrigger accordion-trigger\" aria-controls=\"accordion96482-cat1139-block_fce700cba0373e739e91ce4e171e23fc\" id=\"accordion96482-cat1139-block_fce700cba0373e739e91ce4e171e23fcid\">\n                                                    <span class=\"contentFAQBlock contentFAQBlock__accordionTitle accordion-title\" itemprop=\"name\">\n                                                        Waar kun je genieten van natuur in V\u00e4xj\u00f6?                                                        <span class=\"contentFAQBlock contentFAQBlock__accordionIcon accordion-icon\"><\/span>\n                                                    <\/span>\n                                                <\/button>\n                                            <\/h4>\n                                            <div itemscope itemprop=\"acceptedAnswer\" itemtype=\"https:\/\/schema.org\/Answer\" id=\"accordion96482-cat1139-block_fce700cba0373e739e91ce4e171e23fc\" role=\"region\" aria-labelledby=\"accordion96482-cat1139-block_fce700cba0373e739e91ce4e171e23fcid\" class=\"contentFAQBlock contentFAQBlock__accordionPanel accordion-panel\" hidden>\n                                                <div itemprop=\"text\" class=\"contentFAQBlock contentFAQBlock__accordionContent accordion-content\">\n                                                    <p>In V\u00e4xj\u00f6 ben je dicht bij de natuur, dus je kunt er wandelen, fietsen of vissen \u2013 allemaal in de buurt van het stadscentrum. In de stad zijn er ook verschillende parken en tuinen die je kunt bezoeken. <a href=\"https:\/\/upplev.vaxjo.se\/english\/experience-vaxjo\/things-to-do\/nature\">Lees hier meer<\/a>!<\/p>\n                                                <\/div>\n                                            <\/div>\n                                        <\/div>\n                                                                            <div class=\"contentFAQBlock contentFAQBlock__accordionItem\" itemscope itemprop=\"mainEntity\" itemtype=\"https:\/\/schema.org\/Question\">\n                                            <h4>\n                                                <button aria-expanded=\"false\" class=\"contentFAQBlock contentFAQBlock__accordionTrigger accordion-trigger\" aria-controls=\"accordion96478-cat1139-block_fce700cba0373e739e91ce4e171e23fc\" id=\"accordion96478-cat1139-block_fce700cba0373e739e91ce4e171e23fcid\">\n                                                    <span class=\"contentFAQBlock contentFAQBlock__accordionTitle accordion-title\" itemprop=\"name\">\n                                                        Wat is V\u00e4xj\u00f6 en waar ligt het?                                                        <span class=\"contentFAQBlock contentFAQBlock__accordionIcon accordion-icon\"><\/span>\n                                                    <\/span>\n                                                <\/button>\n                                            <\/h4>\n                                            <div itemscope itemprop=\"acceptedAnswer\" itemtype=\"https:\/\/schema.org\/Answer\" id=\"accordion96478-cat1139-block_fce700cba0373e739e91ce4e171e23fc\" role=\"region\" aria-labelledby=\"accordion96478-cat1139-block_fce700cba0373e739e91ce4e171e23fcid\" class=\"contentFAQBlock contentFAQBlock__accordionPanel accordion-panel\" hidden>\n                                                <div itemprop=\"text\" class=\"contentFAQBlock contentFAQBlock__accordionContent accordion-content\">\n                                                    <p>V\u00e4xj\u00f6 is een stad die in het midden van Sm\u00e5land ligt en vaak het hart van Sm\u00e5land wordt genoemd vanwege de geografische ligging en de geschiedenis als belangrijke handelsplaats. In de gemeente V\u00e4xj\u00f6 wonen ongeveer 97.000 inwoners, wat de stad tot een van de grotere in Sm\u00e5land maakt.<\/p>\n                                                <\/div>\n                                            <\/div>\n                                        <\/div>\n                                                                            <div class=\"contentFAQBlock contentFAQBlock__accordionItem\" itemscope itemprop=\"mainEntity\" itemtype=\"https:\/\/schema.org\/Question\">\n                                            <h4>\n                                                <button aria-expanded=\"false\" class=\"contentFAQBlock contentFAQBlock__accordionTrigger accordion-trigger\" aria-controls=\"accordion96481-cat1139-block_fce700cba0373e739e91ce4e171e23fc\" id=\"accordion96481-cat1139-block_fce700cba0373e739e91ce4e171e23fcid\">\n                                                    <span class=\"contentFAQBlock contentFAQBlock__accordionTitle accordion-title\" itemprop=\"name\">\n                                                        Wat kun je doen in V\u00e4xj\u00f6 op een regenachtige dag?                                                        <span class=\"contentFAQBlock contentFAQBlock__accordionIcon accordion-icon\"><\/span>\n                                                    <\/span>\n                                                <\/button>\n                                            <\/h4>\n                                            <div itemscope itemprop=\"acceptedAnswer\" itemtype=\"https:\/\/schema.org\/Answer\" id=\"accordion96481-cat1139-block_fce700cba0373e739e91ce4e171e23fc\" role=\"region\" aria-labelledby=\"accordion96481-cat1139-block_fce700cba0373e739e91ce4e171e23fcid\" class=\"contentFAQBlock contentFAQBlock__accordionPanel accordion-panel\" hidden>\n                                                <div itemprop=\"text\" class=\"contentFAQBlock contentFAQBlock__accordionContent accordion-content\">\n                                                    <p>Er is veel te doen in V\u00e4xj\u00f6, zelfs als het regent, zoals winkelen en eten in Grand Samarkand, een bezoek aan Sm\u00e5lands spelhal, een museum of misschien het zwembad van V\u00e4xj\u00f6.<\/p>\n                                                <\/div>\n                                            <\/div>\n                                        <\/div>\n                                                                            <div class=\"contentFAQBlock contentFAQBlock__accordionItem\" itemscope itemprop=\"mainEntity\" itemtype=\"https:\/\/schema.org\/Question\">\n                                            <h4>\n                                                <button aria-expanded=\"false\" class=\"contentFAQBlock contentFAQBlock__accordionTrigger accordion-trigger\" aria-controls=\"accordion96477-cat1139-block_fce700cba0373e739e91ce4e171e23fc\" id=\"accordion96477-cat1139-block_fce700cba0373e739e91ce4e171e23fcid\">\n                                                    <span class=\"contentFAQBlock contentFAQBlock__accordionTitle accordion-title\" itemprop=\"name\">\n                                                        Wat kun je doen in V\u00e4xj\u00f6?                                                        <span class=\"contentFAQBlock contentFAQBlock__accordionIcon accordion-icon\"><\/span>\n                                                    <\/span>\n                                                <\/button>\n                                            <\/h4>\n                                            <div itemscope itemprop=\"acceptedAnswer\" itemtype=\"https:\/\/schema.org\/Answer\" id=\"accordion96477-cat1139-block_fce700cba0373e739e91ce4e171e23fc\" role=\"region\" aria-labelledby=\"accordion96477-cat1139-block_fce700cba0373e739e91ce4e171e23fcid\" class=\"contentFAQBlock contentFAQBlock__accordionPanel accordion-panel\" hidden>\n                                                <div itemprop=\"text\" class=\"contentFAQBlock contentFAQBlock__accordionContent accordion-content\">\n                                                    <p>Er is veel te doen in V\u00e4xj\u00f6, hier zijn een paar tips: er zijn diverse bezienswaardigheden en activiteiten, zoals winkelen en eten in Grand Samarkand, een bezoek aan Sm\u00e5lands spelhal, een museum of misschien V\u00e4xj\u00f6 zwembad. Ontdek de omliggende natuur door te wandelen of te fietsen. <a href=\"https:\/\/upplev.vaxjo.se\/english\/experience-vaxjo\/things-to-do\">Lees hier meer!<\/a><\/p>\n                                                <\/div>\n                                            <\/div>\n                                        <\/div>\n                                                                            <div class=\"contentFAQBlock contentFAQBlock__accordionItem\" itemscope itemprop=\"mainEntity\" itemtype=\"https:\/\/schema.org\/Question\">\n                                            <h4>\n                                                <button aria-expanded=\"false\" class=\"contentFAQBlock contentFAQBlock__accordionTrigger accordion-trigger\" aria-controls=\"accordion96479-cat1139-block_fce700cba0373e739e91ce4e171e23fc\" id=\"accordion96479-cat1139-block_fce700cba0373e739e91ce4e171e23fcid\">\n                                                    <span class=\"contentFAQBlock contentFAQBlock__accordionTitle accordion-title\" itemprop=\"name\">\n                                                        Wat maakt V\u00e4xj\u00f6 een gastronomische stad?                                                        <span class=\"contentFAQBlock contentFAQBlock__accordionIcon accordion-icon\"><\/span>\n                                                    <\/span>\n                                                <\/button>\n                                            <\/h4>\n                                            <div itemscope itemprop=\"acceptedAnswer\" itemtype=\"https:\/\/schema.org\/Answer\" id=\"accordion96479-cat1139-block_fce700cba0373e739e91ce4e171e23fc\" role=\"region\" aria-labelledby=\"accordion96479-cat1139-block_fce700cba0373e739e91ce4e171e23fcid\" class=\"contentFAQBlock contentFAQBlock__accordionPanel accordion-panel\" hidden>\n                                                <div itemprop=\"text\" class=\"contentFAQBlock contentFAQBlock__accordionContent accordion-content\">\n                                                    <p>Vanwege de vele restaurants staat de stad ook bekend als de foodstad V\u00e4xj\u00f6. In V\u00e4xj\u00f6 zijn er verschillende goede restaurants, en sommige daarvan staan vermeld in de White Guide. Enkele voorbeelden zijn PM &#038; V\u00e4nner, Izakaya Moshi, Signatur en Massimo. <a href=\"https:\/\/upplev.vaxjo.se\/english\/experience-vaxjo\/food-and-drinks\">Lees hier meer<\/a>!<\/p>\n                                                <\/div>\n                                            <\/div>\n                                        <\/div>\n                                                                    <\/div>\n                                        <\/div>\n        <\/div>\n    <\/div>\n<\/section>\n\n\n\n<div class=\"contentImageTwoColumns contentImageTwoColumns__wrapper\" style=\"background-color: #f4f2eb\">\n    <div class=\"contentImageTwoColumns contentImageTwoColumns__container layout-reversed\">\n        <div class=\"contentImageTwoColumns contentImageTwoColumns__contentWrapper\">\n            <h2 class=\"contentImageTwoColumns contentImageTwoColumns__heading\" style=\"color: \">\n                Lees meer over V\u00e4xj\u00f6            <\/h2>\n            <div class=\"contentImageTwoColumns contentImageTwoColumns__text contentImageTwoColumns__text--short\" style=\"color: \">\n                                                                <\/div>\n            <div class=\"contentImageTwoColumns contentImageTwoColumns__text contentImageTwoColumns__text--full\" style=\"color: \">\n                                <button type=\"button\" class=\"contentImageTwoColumns contentImageTwoColumns__readMoreLess\">\n                    Lees minder &#8211;                <\/button>\n            <\/div>\n                        <div class=\"wp-block-buttons is-layout-flex wp-block-buttons-is-layout-flex\">\n                <div class=\"wp-block-button arrow-white\">\n                    <a aria-label=\"Klik hier\" class=\"wp-block-button__link wp-element-button\" href=\"https:\/\/upplev.vaxjo.se\/english\/experience-vaxjo\" style=\"background-color: #374632; color: #ffffff;border: solid 1px #374632\">\n                        Klik hier                    <\/a>\n                <\/div>\n            <\/div>\n                                <\/div>\n        <div class=\"contentImageTwoColumns contentImageTwoColumns__imageWrapper\">\n            <img loading=\"lazy\" decoding=\"async\" width=\"1024\" height=\"740\" src=\"https:\/\/www.visitsmaland.se\/wp-content\/uploads\/2024\/04\/linnneparken_vaxjo_smaland_-Jahja-alKhatib-1024x740.jpg\" class=\"attachment-grid-card-images size-grid-card-images\" alt=\"\" \/>        <\/div>\n    <\/div>\n<\/div>\n\n\n  \n<div class=\"featuredTwoColumns featuredTwoColumns__wrapper\">\n    <div class=\"featuredTwoColumns featuredTwoColumns__container\">  \n            <div class=\"featuredTwoColumns featuredTwoColumns__feturedWrapper\">\n            <a aria-label=\"PM &amp; V\u00e4nner\" href=\"https:\/\/www.visitsmaland.se\/nl\/ontdekken\/pm-vanner\/\"class=\"featuredTwoColumns featuredTwoColumns__imageWrapper\">\n                <img loading=\"lazy\" decoding=\"async\" width=\"1024\" height=\"740\" src=\"https:\/\/www.visitsmaland.se\/wp-content\/uploads\/2024\/04\/ALEX3051-1-1024x740.jpg\" class=\"attachment-grid-card-images size-grid-card-images wp-post-image\" alt=\"\" \/>            <\/a>\n            <div class=\"featuredTwoColumns featuredTwoColumns__contentWrapper\">\n                <h2 class=\"featuredTwoColumns featuredTwoColumns__heading\">\n                    PM &amp; V\u00e4nner                <\/h2>\n                <p class=\"featuredTwoColumns featuredTwoColumns__description\">\n                    Bekroond restaurant PM &#038; V\u00e4nner met \u00e9\u00e9n ster in de \u2026                <\/p>\n                 \n                 \n                <div class=\"wp-block-buttons is-layout-flex wp-block-buttons-is-layout-flex\">\n                    <div class=\"wp-block-button \">\n                        <a aria-label=\"PM &amp; V\u00e4nner\"class=\"wp-block-button__link wp-element-button\" href=\"https:\/\/www.visitsmaland.se\/nl\/ontdekken\/pm-vanner\/\">\n                            Ontdek                       \n                         <\/a>\n                    <\/div>\n                <\/div>\n            <\/div>\n        <\/div>\n                <div class=\"featuredTwoColumns featuredTwoColumns__feturedWrapper\">\n            <a aria-label=\"Teleborg Kasteel\" href=\"https:\/\/www.visitsmaland.se\/nl\/ontdekken\/teleborg-kasteel\/\"class=\"featuredTwoColumns featuredTwoColumns__imageWrapper\">\n                <img loading=\"lazy\" decoding=\"async\" width=\"1024\" height=\"740\" src=\"https:\/\/www.visitsmaland.se\/wp-content\/uploads\/2026\/02\/teleborgext3-1024x740.jpg\" class=\"attachment-grid-card-images size-grid-card-images wp-post-image\" alt=\"\" \/>            <\/a>\n            <div class=\"featuredTwoColumns featuredTwoColumns__contentWrapper\">\n                <h2 class=\"featuredTwoColumns featuredTwoColumns__heading\">\n                    Teleborg Kasteel                <\/h2>\n                <p class=\"featuredTwoColumns featuredTwoColumns__description\">\n                    In V\u00e4xj\u00f6 vind je Teleborg Kasteel, dat werd gebouwd\u2026                <\/p>\n                 \n                 \n                <div class=\"wp-block-buttons is-layout-flex wp-block-buttons-is-layout-flex\">\n                    <div class=\"wp-block-button \">\n                        <a aria-label=\"Teleborg Kasteel\"class=\"wp-block-button__link wp-element-button\" href=\"https:\/\/www.visitsmaland.se\/nl\/ontdekken\/teleborg-kasteel\/\">\n                            Ontdek                       \n                         <\/a>\n                    <\/div>\n                <\/div>\n            <\/div>\n        <\/div>\n            <\/div>\n<\/div>\n","protected":false},"featured_media":36846,"template":"","region":[191],"class_list":["post-43569","destination","type-destination","status-publish","has-post-thumbnail","hentry","region-zuid-smaland"],"acf":[],"yoast_head":"<!-- This site is optimized with the Yoast SEO plugin v27.5 - https:\/\/yoast.com\/product\/yoast-seo-wordpress\/ -->\n<title>V\u00e4xj\u00f6 | Visit Sm\u00e5land<\/title>\n<meta name=\"description\" content=\"V\u00e4xj\u00f6 is een kleine wereldstad, gedefinieerd door contrasten: energie, winkelen, uitgaan, stadsmoestuinen, klinkers en cultuur.\" \/>\n<meta name=\"robots\" content=\"index, follow, max-snippet:-1, max-image-preview:large, max-video-preview:-1\" \/>\n<link rel=\"canonical\" href=\"https:\/\/www.visitsmaland.se\/nl\/bestemmingen\/vaxjo\/\" \/>\n<meta property=\"og:locale\" content=\"nl_NL\" \/>\n<meta property=\"og:type\" content=\"article\" \/>\n<meta property=\"og:title\" content=\"V\u00e4xj\u00f6 | Visit Sm\u00e5land\" \/>\n<meta property=\"og:description\" content=\"V\u00e4xj\u00f6 is een kleine wereldstad, gedefinieerd door contrasten: energie, winkelen, uitgaan, stadsmoestuinen, klinkers en cultuur.\" \/>\n<meta property=\"og:url\" content=\"https:\/\/www.visitsmaland.se\/nl\/bestemmingen\/vaxjo\/\" \/>\n<meta property=\"og:site_name\" content=\"Visit Sm\u00e5land\" \/>\n<meta property=\"article:publisher\" content=\"https:\/\/www.facebook.com\/visitsmaland\/\" \/>\n<meta property=\"article:modified_time\" content=\"2026-04-24T12:04:18+00:00\" \/>\n<meta property=\"og:image\" content=\"https:\/\/www.visitsmaland.se\/wp-content\/uploads\/2024\/04\/HERO-4-scaled.jpg\" \/>\n\t<meta property=\"og:image:width\" content=\"2560\" \/>\n\t<meta property=\"og:image:height\" content=\"1707\" \/>\n\t<meta property=\"og:image:type\" content=\"image\/jpeg\" \/>\n<meta name=\"twitter:card\" content=\"summary_large_image\" \/>\n<meta name=\"twitter:label1\" content=\"Geschatte leestijd\" \/>\n\t<meta name=\"twitter:data1\" content=\"1 minuut\" \/>\n<script type=\"application\/ld+json\" class=\"yoast-schema-graph\">{\"@context\":\"https:\\\/\\\/schema.org\",\"@graph\":[{\"@type\":\"WebPage\",\"@id\":\"https:\\\/\\\/www.visitsmaland.se\\\/nl\\\/bestemmingen\\\/vaxjo\\\/\",\"url\":\"https:\\\/\\\/www.visitsmaland.se\\\/nl\\\/bestemmingen\\\/vaxjo\\\/\",\"name\":\"V\u00e4xj\u00f6 | Visit Sm\u00e5land\",\"isPartOf\":{\"@id\":\"https:\\\/\\\/www.visitsmaland.se\\\/nl\\\/#website\"},\"primaryImageOfPage\":{\"@id\":\"https:\\\/\\\/www.visitsmaland.se\\\/nl\\\/bestemmingen\\\/vaxjo\\\/#primaryimage\"},\"image\":{\"@id\":\"https:\\\/\\\/www.visitsmaland.se\\\/nl\\\/bestemmingen\\\/vaxjo\\\/#primaryimage\"},\"thumbnailUrl\":\"https:\\\/\\\/www.visitsmaland.se\\\/wp-content\\\/uploads\\\/2024\\\/04\\\/HERO-4-scaled.jpg\",\"datePublished\":\"2024-04-12T07:14:28+00:00\",\"dateModified\":\"2026-04-24T12:04:18+00:00\",\"description\":\"V\u00e4xj\u00f6 is een kleine wereldstad, gedefinieerd door contrasten: energie, winkelen, uitgaan, stadsmoestuinen, klinkers en cultuur.\",\"breadcrumb\":{\"@id\":\"https:\\\/\\\/www.visitsmaland.se\\\/nl\\\/bestemmingen\\\/vaxjo\\\/#breadcrumb\"},\"inLanguage\":\"nl-NL\",\"potentialAction\":[{\"@type\":\"ReadAction\",\"target\":[\"https:\\\/\\\/www.visitsmaland.se\\\/nl\\\/bestemmingen\\\/vaxjo\\\/\"]}]},{\"@type\":\"ImageObject\",\"inLanguage\":\"nl-NL\",\"@id\":\"https:\\\/\\\/www.visitsmaland.se\\\/nl\\\/bestemmingen\\\/vaxjo\\\/#primaryimage\",\"url\":\"https:\\\/\\\/www.visitsmaland.se\\\/wp-content\\\/uploads\\\/2024\\\/04\\\/HERO-4-scaled.jpg\",\"contentUrl\":\"https:\\\/\\\/www.visitsmaland.se\\\/wp-content\\\/uploads\\\/2024\\\/04\\\/HERO-4-scaled.jpg\",\"width\":2560,\"height\":1707},{\"@type\":\"BreadcrumbList\",\"@id\":\"https:\\\/\\\/www.visitsmaland.se\\\/nl\\\/bestemmingen\\\/vaxjo\\\/#breadcrumb\",\"itemListElement\":[{\"@type\":\"ListItem\",\"position\":1,\"name\":\"Startpagina\",\"item\":\"https:\\\/\\\/www.visitsmaland.se\\\/nl\\\/\"},{\"@type\":\"ListItem\",\"position\":2,\"name\":\"V\u00e4xj\u00f6\"}]},{\"@type\":\"WebSite\",\"@id\":\"https:\\\/\\\/www.visitsmaland.se\\\/nl\\\/#website\",\"url\":\"https:\\\/\\\/www.visitsmaland.se\\\/nl\\\/\",\"name\":\"Visit Sm\u00e5land\",\"description\":\"V\u00e4lkommen till Sm\u00e5land\",\"potentialAction\":[{\"@type\":\"SearchAction\",\"target\":{\"@type\":\"EntryPoint\",\"urlTemplate\":\"https:\\\/\\\/www.visitsmaland.se\\\/nl\\\/?s={search_term_string}\"},\"query-input\":{\"@type\":\"PropertyValueSpecification\",\"valueRequired\":true,\"valueName\":\"search_term_string\"}}],\"inLanguage\":\"nl-NL\"}]}<\/script>\n<!-- \/ Yoast SEO plugin. -->","yoast_head_json":{"title":"V\u00e4xj\u00f6 | Visit Sm\u00e5land","description":"V\u00e4xj\u00f6 is een kleine wereldstad, gedefinieerd door contrasten: energie, winkelen, uitgaan, stadsmoestuinen, klinkers en cultuur.","robots":{"index":"index","follow":"follow","max-snippet":"max-snippet:-1","max-image-preview":"max-image-preview:large","max-video-preview":"max-video-preview:-1"},"canonical":"https:\/\/www.visitsmaland.se\/nl\/bestemmingen\/vaxjo\/","og_locale":"nl_NL","og_type":"article","og_title":"V\u00e4xj\u00f6 | Visit Sm\u00e5land","og_description":"V\u00e4xj\u00f6 is een kleine wereldstad, gedefinieerd door contrasten: energie, winkelen, uitgaan, stadsmoestuinen, klinkers en cultuur.","og_url":"https:\/\/www.visitsmaland.se\/nl\/bestemmingen\/vaxjo\/","og_site_name":"Visit Sm\u00e5land","article_publisher":"https:\/\/www.facebook.com\/visitsmaland\/","article_modified_time":"2026-04-24T12:04:18+00:00","og_image":[{"width":2560,"height":1707,"url":"https:\/\/www.visitsmaland.se\/wp-content\/uploads\/2024\/04\/HERO-4-scaled.jpg","type":"image\/jpeg"}],"twitter_card":"summary_large_image","twitter_misc":{"Geschatte leestijd":"1 minuut"},"schema":{"@context":"https:\/\/schema.org","@graph":[{"@type":"WebPage","@id":"https:\/\/www.visitsmaland.se\/nl\/bestemmingen\/vaxjo\/","url":"https:\/\/www.visitsmaland.se\/nl\/bestemmingen\/vaxjo\/","name":"V\u00e4xj\u00f6 | Visit Sm\u00e5land","isPartOf":{"@id":"https:\/\/www.visitsmaland.se\/nl\/#website"},"primaryImageOfPage":{"@id":"https:\/\/www.visitsmaland.se\/nl\/bestemmingen\/vaxjo\/#primaryimage"},"image":{"@id":"https:\/\/www.visitsmaland.se\/nl\/bestemmingen\/vaxjo\/#primaryimage"},"thumbnailUrl":"https:\/\/www.visitsmaland.se\/wp-content\/uploads\/2024\/04\/HERO-4-scaled.jpg","datePublished":"2024-04-12T07:14:28+00:00","dateModified":"2026-04-24T12:04:18+00:00","description":"V\u00e4xj\u00f6 is een kleine wereldstad, gedefinieerd door contrasten: energie, winkelen, uitgaan, stadsmoestuinen, klinkers en cultuur.","breadcrumb":{"@id":"https:\/\/www.visitsmaland.se\/nl\/bestemmingen\/vaxjo\/#breadcrumb"},"inLanguage":"nl-NL","potentialAction":[{"@type":"ReadAction","target":["https:\/\/www.visitsmaland.se\/nl\/bestemmingen\/vaxjo\/"]}]},{"@type":"ImageObject","inLanguage":"nl-NL","@id":"https:\/\/www.visitsmaland.se\/nl\/bestemmingen\/vaxjo\/#primaryimage","url":"https:\/\/www.visitsmaland.se\/wp-content\/uploads\/2024\/04\/HERO-4-scaled.jpg","contentUrl":"https:\/\/www.visitsmaland.se\/wp-content\/uploads\/2024\/04\/HERO-4-scaled.jpg","width":2560,"height":1707},{"@type":"BreadcrumbList","@id":"https:\/\/www.visitsmaland.se\/nl\/bestemmingen\/vaxjo\/#breadcrumb","itemListElement":[{"@type":"ListItem","position":1,"name":"Startpagina","item":"https:\/\/www.visitsmaland.se\/nl\/"},{"@type":"ListItem","position":2,"name":"V\u00e4xj\u00f6"}]},{"@type":"WebSite","@id":"https:\/\/www.visitsmaland.se\/nl\/#website","url":"https:\/\/www.visitsmaland.se\/nl\/","name":"Visit Sm\u00e5land","description":"V\u00e4lkommen till Sm\u00e5land","potentialAction":[{"@type":"SearchAction","target":{"@type":"EntryPoint","urlTemplate":"https:\/\/www.visitsmaland.se\/nl\/?s={search_term_string}"},"query-input":{"@type":"PropertyValueSpecification","valueRequired":true,"valueName":"search_term_string"}}],"inLanguage":"nl-NL"}]}},"_links":{"self":[{"href":"https:\/\/www.visitsmaland.se\/nl\/wp-json\/wp\/v2\/destination\/43569","targetHints":{"allow":["GET"]}}],"collection":[{"href":"https:\/\/www.visitsmaland.se\/nl\/wp-json\/wp\/v2\/destination"}],"about":[{"href":"https:\/\/www.visitsmaland.se\/nl\/wp-json\/wp\/v2\/types\/destination"}],"wp:featuredmedia":[{"embeddable":true,"href":"https:\/\/www.visitsmaland.se\/nl\/wp-json\/wp\/v2\/media\/36846"}],"wp:attachment":[{"href":"https:\/\/www.visitsmaland.se\/nl\/wp-json\/wp\/v2\/media?parent=43569"}],"wp:term":[{"taxonomy":"region","embeddable":true,"href":"https:\/\/www.visitsmaland.se\/nl\/wp-json\/wp\/v2\/region?post=43569"}],"curies":[{"name":"wp","href":"https:\/\/api.w.org\/{rel}","templated":true}]}}