{"id":43577,"date":"2024-04-12T09:34:59","date_gmt":"2024-04-12T07:34:59","guid":{"rendered":"https:\/\/www.visitsmaland.se\/destinationer\/asnen\/"},"modified":"2026-04-24T14:05:01","modified_gmt":"2026-04-24T12:05:01","slug":"asnen","status":"publish","type":"destination","link":"https:\/\/www.visitsmaland.se\/nl\/bestemmingen\/asnen\/","title":{"rendered":"\u00c5snen"},"content":{"rendered":"<div class=\"postHerosection postHerosection__wrapper\">\n    <div class=\"postHerosection postHerosection__container\">\n        <h1 class=\"postHerosection postHerosection__heroHeading\">\n            \u00c5snen         <\/h1>\n            <\/div>\n    <div class=\"postHerosection postHerosection__imageContainer\">\n        <img loading=\"lazy\" decoding=\"async\" width=\"2560\" height=\"1683\" src=\"https:\/\/www.visitsmaland.se\/wp-content\/uploads\/2024\/04\/HERO-5-scaled.jpg\" class=\"attachment-full size-full\" alt=\"\" srcset=\"https:\/\/www.visitsmaland.se\/wp-content\/uploads\/2024\/04\/HERO-5-scaled.jpg 2560w, https:\/\/www.visitsmaland.se\/wp-content\/uploads\/2024\/04\/HERO-5-300x197.jpg 300w, https:\/\/www.visitsmaland.se\/wp-content\/uploads\/2024\/04\/HERO-5-1024x673.jpg 1024w, https:\/\/www.visitsmaland.se\/wp-content\/uploads\/2024\/04\/HERO-5-768x505.jpg 768w, https:\/\/www.visitsmaland.se\/wp-content\/uploads\/2024\/04\/HERO-5-1536x1010.jpg 1536w, https:\/\/www.visitsmaland.se\/wp-content\/uploads\/2024\/04\/HERO-5-2048x1346.jpg 2048w\" sizes=\"(max-width: 2560px) 100vw, 2560px\" \/>    <\/div>\n<\/div>\n<div class=\"postHerosection postHerosection__breadcrumbs\">\n   <div class=\"postHerosection postHerosection__breadcrumbs-container\">\n        <p id=\"breadcrumbs\"><span><span><a href=\"https:\/\/www.visitsmaland.se\/nl\/\">Startpagina<\/a><\/span><\/span><\/p>    <\/div>\n<\/div>\n\n<div class=\"contentCta contentCta__wrapper\">\n    <div class=\"contentCta contentCta__container\">\n                    \t\t\t<div class=\"contentCta contentCta__text\" style=\"color: \">\n\t\t\t\t<p>\u00c5snen bestaat uit een buitengewone archipel met meren, meer dan duizend eilanden en 700 km kustlijn. Een unieke omgeving. Hier bevindt zich ook het 30e nationale park van Zweden.<\/p>\n\t\t\t<\/div>\n                <hr>\n            <\/div>\n<\/div>\n\n\n<div class=\"dynamicContentTwoColumns dynamicContentTwoColumns__wrapper\">\n    <div class=\"dynamicContentTwoColumns dynamicContentTwoColumns__container\">\n                                    <h3 class=\"dynamicContentTwoColumns dynamicContentTwoColumns__heading\">\n                    Ontdek het nationaal park                <\/h3>\n                                                <div class=\"dynamicContentTwoColumns dynamicContentTwoColumns__text\">\n                    <p><p>Het nationale park \u00c5snen is ongerept en bestaat grotendeels uit bossen, meren en eilanden. Als je uitkijkt over het meer krijg je een echt gevoel van wildernis. Hier kun je nog steeds volledige stilte ervaren en een sterrenhemel zien die niet wordt verstoord door kunstmatig licht.<\/p>\n<p>\n                <\/div>\n                                                <div class=\"dynamicContentTwoColumns dynamicContentTwoColumns__text\">\n                    <p><p>In het nationale park zijn veel delen toegankelijk voor bezoekers en daarom zijn de mogelijkheden voor natuurobservatie eindeloos! Peddel door de wateren van \u00c5snen, wandel door weelderige loofbossen en geniet van prachtige vogelconcerten. Misschien zie je de visexpert van het meer, de visarend, of hoor je het unieke geluid van de kuifkoekoek die op mysterieuze wijze tussen de eilanden roept.<\/p>\n<p>\n                <\/div>\n                                                <div class=\"dynamicContentTwoColumns dynamicContentTwoColumns__imageWrapper\">\n                    <img loading=\"lazy\" decoding=\"async\" width=\"500\" height=\"333\" src=\"https:\/\/www.visitsmaland.se\/wp-content\/uploads\/2024\/04\/asnen_alexhall-0af34b6a0539ee97d03edcf555f0a3da-1800x1200-2.jpg\" class=\"attachment-500x500 size-500x500\" alt=\"\" srcset=\"https:\/\/www.visitsmaland.se\/wp-content\/uploads\/2024\/04\/asnen_alexhall-0af34b6a0539ee97d03edcf555f0a3da-1800x1200-2.jpg 1800w, https:\/\/www.visitsmaland.se\/wp-content\/uploads\/2024\/04\/asnen_alexhall-0af34b6a0539ee97d03edcf555f0a3da-1800x1200-2-300x200.jpg 300w, https:\/\/www.visitsmaland.se\/wp-content\/uploads\/2024\/04\/asnen_alexhall-0af34b6a0539ee97d03edcf555f0a3da-1800x1200-2-1024x683.jpg 1024w, https:\/\/www.visitsmaland.se\/wp-content\/uploads\/2024\/04\/asnen_alexhall-0af34b6a0539ee97d03edcf555f0a3da-1800x1200-2-768x512.jpg 768w, https:\/\/www.visitsmaland.se\/wp-content\/uploads\/2024\/04\/asnen_alexhall-0af34b6a0539ee97d03edcf555f0a3da-1800x1200-2-1536x1024.jpg 1536w\" sizes=\"(max-width: 500px) 100vw, 500px\" \/>                <\/div>\n                                                <div class=\"dynamicContentTwoColumns dynamicContentTwoColumns__text\">\n                    <p><p>De noordelijke ingang van het nationale park is Sunnabron, langs het kanaal naar het grootste eiland van \u00c5snen, Sirk\u00f6n. Wandelpaden leiden naar het nabijgelegen gebied Bjurk\u00e4rr, dat behoort tot de meest uitgestrekte loofbossen van Europa. Hier vind je een rijke vogelwereld en zeldzame insecten en verschillende soorten mossen en korstmossen.<\/p>\n<p>\n                <\/div>\n                                                <div class=\"dynamicContentTwoColumns dynamicContentTwoColumns__text\">\n                    <p><p>In het westelijke deel van het nationale park vind je de tweede ingang, Trollberget genaamd. Dit deel wordt vaak \u201c\u00c5snen in miniatuurversie\u201d genoemd, omdat je hier alles vindt, van loofbossen tot dennen, sparren, meren en moerasbossen op een klein oppervlak. De kloof van Trollberget, waarvan wordt gezegd dat de trollen er feesten tijdens kerst, is populair bij gezinnen met kinderen die \u00c5snen bezoeken.<\/p>\n<p>\n                <\/div>\n                                                <div class=\"dynamicContentTwoColumns dynamicContentTwoColumns__text\">\n                    <p><p>Een stuk naar het zuiden ligt het Toft\u00e5sa-moeras, waar mooie wandelpaden je door dennenbossen en geurige moerassen leiden, een klein stukje Noord-Zweden in het klein!<br \/>\nBij alle ingangen van het nationale park vind je picknickplaatsen, toiletten en vuurplaatsen. Je kunt wandelen op de diverse gemarkeerde wandelpaden in het hele nationale park. Bij de ingangen liggen mooie steigers waar je perfect kunt genieten en relaxen met een picknickmand.<\/p>\n<p>\n                <\/div>\n                                                <div class=\"dynamicContentTwoColumns dynamicContentTwoColumns__text\">\n                    <p><p>In het \u00c5snen-gebied zijn naast het nationale park ook 19 natuurgebieden te vinden. Dat betekent veel ruimte om de natuur optimaal te beleven en mooie wandelingen te maken, die ook geschikt zijn voor beginnende lopers. Om de eilanden te bereiken heb je een boot, kano of kajak nodig. Het vogelleven in het meer is waardevol en ook gevoelig op bepaalde tijden. Tijdens de periode van 1 april tot 31 juli zijn broedende vogels beschermd en is het niet toegestaan om alle delen van het meer te bezoeken. Maar maak je geen zorgen, er zijn meer dan duizend eilanden, dus er is genoeg ruimte om van de natuur te genieten!<\/p>\n<p>\n                <\/div>\n                                                <div class=\"wp-block-buttons is-layout-flex wp-block-buttons-is-layout-flex\">\n                    <div class=\"wp-block-button\">\n                        <a aria-label=\"Lees verder\" class=\"wp-block-button__link wp-element-button dynamicContentTwoColumns dynamicContentTwoColumns__ctaButton\" href=\"https:\/\/visitasnen.se\/en\/\">\n                            visitasnen.se\/en                        <\/a>\n                    <\/div>\n                <\/div>\n                        <\/div>\n<\/div>\n\n\n<div class=\"contentImageTwoColumns contentImageTwoColumns__wrapper\" style=\"background-color: #374632\">\n    <div class=\"contentImageTwoColumns contentImageTwoColumns__container \">\n        <div class=\"contentImageTwoColumns contentImageTwoColumns__contentWrapper\">\n            <h2 class=\"contentImageTwoColumns contentImageTwoColumns__heading\" style=\"color: #ffffff\">\n                Lokaal eten en boerderijwinkels            <\/h2>\n            <div class=\"contentImageTwoColumns contentImageTwoColumns__text contentImageTwoColumns__text--short\" style=\"color: #ffffff\">\n                                    <p>Van het buitenleven krijg je trek. Geen probleem, want er zijn diverse boerderijwinkels met lokaal geproduceerde lekkernijen te verkrijgen. De teelttraditie is oud en sommige gebieden worden gekwal&#8230;                    <button type=\"button\" class=\"contentImageTwoColumns contentImageTwoColumns__readMoreLess\">\n                        Lees verder +                    <\/button>\n                            <\/div>\n            <div class=\"contentImageTwoColumns contentImageTwoColumns__text contentImageTwoColumns__text--full\" style=\"color: #ffffff\">\n                <p>Van het buitenleven krijg je trek. Geen probleem, want er zijn diverse boerderijwinkels met lokaal geproduceerde lekkernijen te verkrijgen. De teelttraditie is oud en sommige gebieden worden gekwalificeerd als van nationaal belang vanwege unieke weidefruitteelt. Zelfgemaakt ijs, lokaal geproduceerde sap, vers geoogste bessen en groenten zijn op diverse locaties te krijgen.<\/p>\n                <button type=\"button\" class=\"contentImageTwoColumns contentImageTwoColumns__readMoreLess\">\n                    Lees minder &#8211;                <\/button>\n            <\/div>\n                        <div class=\"wp-block-buttons is-layout-flex wp-block-buttons-is-layout-flex\">\n                <div class=\"wp-block-button \">\n                    <a aria-label=\"Ontdek meer!\" class=\"wp-block-button__link wp-element-button\" href=\"https:\/\/visitasnen.se\/mat\/?category=19472\" style=\"background-color: #f4f2eb; color: #000000;border: solid 1px #f4f2eb\">\n                        Ontdek meer!                    <\/a>\n                <\/div>\n            <\/div>\n                                <\/div>\n        <div class=\"contentImageTwoColumns contentImageTwoColumns__imageWrapper\">\n            <img loading=\"lazy\" decoding=\"async\" width=\"1024\" height=\"740\" src=\"https:\/\/www.visitsmaland.se\/wp-content\/uploads\/2024\/04\/358077665_766376558616786_6057983724067609183_n-1024x740.jpg\" class=\"attachment-grid-card-images size-grid-card-images\" alt=\"\" \/>        <\/div>\n    <\/div>\n<\/div>\n\n\n<div class=\"contentImageTwoColumns contentImageTwoColumns__wrapper\" style=\"background-color: #f4f2eb\">\n    <div class=\"contentImageTwoColumns contentImageTwoColumns__container layout-reversed\">\n        <div class=\"contentImageTwoColumns contentImageTwoColumns__contentWrapper\">\n            <h2 class=\"contentImageTwoColumns contentImageTwoColumns__heading\" style=\"color: #000000\">\n                \u00c9\u00e9n met de natuur in een kajak            <\/h2>\n            <div class=\"contentImageTwoColumns contentImageTwoColumns__text contentImageTwoColumns__text--short\" style=\"color: #000000\">\n                                    <p>Een uitstekende manier om \u00c5snen te beleven, is door tussen de eilanden te kajakken. Speur naar visarenden of luister naar de roep van de kuifkoekoek tijdens de schemering. Dichter bij de natuur dan&#8230;                    <button type=\"button\" class=\"contentImageTwoColumns contentImageTwoColumns__readMoreLess\">\n                        Lees verder +                    <\/button>\n                            <\/div>\n            <div class=\"contentImageTwoColumns contentImageTwoColumns__text contentImageTwoColumns__text--full\" style=\"color: #000000\">\n                <p>Een uitstekende manier om \u00c5snen te beleven, is door tussen de eilanden te kajakken. Speur naar visarenden of luister naar de roep van de kuifkoekoek tijdens de schemering. Dichter bij de natuur dan hier kom je bijna niet. Je kunt kajaks huren bij bijvoorbeeld Getn\u00f6 Lake \u00c5snen Resort, waar ze ook vislessen voor kinderen hebben. Getn\u00f6 heeft een groot aanbod aan natuurexcursies. Ook vind je er natuurcampings, huisjes, vissen, kano\u2019s, kajaks en excursies met een gids. Als je een beginner bent, kun je een cursus volgen bij Norraryds camping, waar je ook begeleide kajaktochten kunt boeken.<\/p>\n                <button type=\"button\" class=\"contentImageTwoColumns contentImageTwoColumns__readMoreLess\">\n                    Lees minder &#8211;                <\/button>\n            <\/div>\n                        <div class=\"wp-block-buttons is-layout-flex wp-block-buttons-is-layout-flex\">\n                <div class=\"wp-block-button arrow-white\">\n                    <a aria-label=\"visitasnen.se\/outdoor\" class=\"wp-block-button__link wp-element-button\" href=\"https:\/\/visitasnen.se\/outdoor\/nara-vatten-upplevelser\/paddla-i-asnen\/\" style=\"background-color: #374632; color: #ffffff;border: solid 1px #374632\">\n                        visitasnen.se\/outdoor                    <\/a>\n                <\/div>\n            <\/div>\n                                <\/div>\n        <div class=\"contentImageTwoColumns contentImageTwoColumns__imageWrapper\">\n            <img loading=\"lazy\" decoding=\"async\" width=\"1024\" height=\"740\" src=\"https:\/\/www.visitsmaland.se\/wp-content\/uploads\/2024\/04\/kanot-i-motvind_asnen-c6a031f1d74607276cce3fba145bff63-1800x1200-2-1024x740.jpg\" class=\"attachment-grid-card-images size-grid-card-images\" alt=\"\" \/>        <\/div>\n    <\/div>\n<\/div>\n\n\n<div class=\"contentImageTwoColumns contentImageTwoColumns__wrapper\" style=\"background-color: #ffffff\">\n    <div class=\"contentImageTwoColumns contentImageTwoColumns__container \">\n        <div class=\"contentImageTwoColumns contentImageTwoColumns__contentWrapper\">\n            <h2 class=\"contentImageTwoColumns contentImageTwoColumns__heading\" style=\"color: #000000\">\n                Fietsen rond \u00c5snen            <\/h2>\n            <div class=\"contentImageTwoColumns contentImageTwoColumns__text contentImageTwoColumns__text--short\" style=\"color: \">\n                                    <p>Een andere manier om bij de binnenarchipel van \u00c5snen te komen, is per fiets. Het fietspad dat helemaal rond \u00c5snen loopt, is 14 km lang en kan in zoveel delen worden opgesplitst als je wilt, met kor&#8230;                    <button type=\"button\" class=\"contentImageTwoColumns contentImageTwoColumns__readMoreLess\">\n                        Lees verder +                    <\/button>\n                            <\/div>\n            <div class=\"contentImageTwoColumns contentImageTwoColumns__text contentImageTwoColumns__text--full\" style=\"color: \">\n                <p>Een andere manier om bij de binnenarchipel van \u00c5snen te komen, is per fiets. Het fietspad dat helemaal rond \u00c5snen loopt, is 14 km lang en kan in zoveel delen worden opgesplitst als je wilt, met kortere stops langs de weg of overnachtingen als je het rustiger aan wilt doen. De route gaat over voormalige spoorwegbermen en kleine grindwegen. Je kunt eenvoudig fietsarrangementen boeken of er is de mogelijkheid om een fiets te huren via RentBike.<\/p>\n                <button type=\"button\" class=\"contentImageTwoColumns contentImageTwoColumns__readMoreLess\">\n                    Lees minder &#8211;                <\/button>\n            <\/div>\n                        <div class=\"wp-block-buttons is-layout-flex wp-block-buttons-is-layout-flex\">\n                <div class=\"wp-block-button \">\n                    <a aria-label=\"rentbike.se\" class=\"wp-block-button__link wp-element-button\" href=\"https:\/\/rentbike.se\/\" style=\"background-color: #fbbd51; color: #000000;border: solid 1px #fbbd51\">\n                        rentbike.se                    <\/a>\n                <\/div>\n            <\/div>\n                                <\/div>\n        <div class=\"contentImageTwoColumns contentImageTwoColumns__imageWrapper\">\n            <img loading=\"lazy\" decoding=\"async\" width=\"1024\" height=\"683\" src=\"https:\/\/www.visitsmaland.se\/wp-content\/uploads\/2020\/06\/CyklaiA\u030asnen-scaled.jpg\" class=\"attachment-grid-card-images size-grid-card-images\" alt=\"\" srcset=\"https:\/\/www.visitsmaland.se\/wp-content\/uploads\/2020\/06\/CyklaiA\u030asnen-scaled.jpg 2000w, https:\/\/www.visitsmaland.se\/wp-content\/uploads\/2020\/06\/CyklaiA\u030asnen-300x200.jpg 300w, https:\/\/www.visitsmaland.se\/wp-content\/uploads\/2020\/06\/CyklaiA\u030asnen-1024x683.jpg 1024w, https:\/\/www.visitsmaland.se\/wp-content\/uploads\/2020\/06\/CyklaiA\u030asnen-768x512.jpg 768w, https:\/\/www.visitsmaland.se\/wp-content\/uploads\/2020\/06\/CyklaiA\u030asnen-1536x1024.jpg 1536w, https:\/\/www.visitsmaland.se\/wp-content\/uploads\/2020\/06\/CyklaiA\u030asnen-2048x1365.jpg 2048w, https:\/\/www.visitsmaland.se\/wp-content\/uploads\/2020\/06\/CyklaiA\u030asnen-600x400.jpg 600w\" sizes=\"(max-width: 1024px) 100vw, 1024px\" \/>        <\/div>\n    <\/div>\n<\/div>\n\n\n<div class=\"contentImageTwoColumns contentImageTwoColumns__wrapper\" style=\"background-color: #374632\">\n    <div class=\"contentImageTwoColumns contentImageTwoColumns__container layout-reversed\">\n        <div class=\"contentImageTwoColumns contentImageTwoColumns__contentWrapper\">\n            <h2 class=\"contentImageTwoColumns contentImageTwoColumns__heading\" style=\"color: #ffffff\">\n                \u00c5snen must see            <\/h2>\n            <div class=\"contentImageTwoColumns contentImageTwoColumns__text contentImageTwoColumns__text--short\" style=\"color: #ffffff\">\n                                    <p>\u00b7 Het uitzicht op de eilandenwereld vanaf Lunnabacken.<br \/>\n\u00b7 Bjurk\u00e4rr met unieke loofbossen en brede paden.<br \/>\n\u00b7 De legendarische locatie van Trollberget met spannende rotsen.<br \/>\n\u00b7 Een schi&#8230;                    <button type=\"button\" class=\"contentImageTwoColumns contentImageTwoColumns__readMoreLess\">\n                        Lees verder +                    <\/button>\n                            <\/div>\n            <div class=\"contentImageTwoColumns contentImageTwoColumns__text contentImageTwoColumns__text--full\" style=\"color: #ffffff\">\n                <p>\u00b7 Het uitzicht op de eilandenwereld vanaf Lunnabacken.<br \/>\n\u00b7 Bjurk\u00e4rr met unieke loofbossen en brede paden.<br \/>\n\u00b7 De legendarische locatie van Trollberget met spannende rotsen.<br \/>\n\u00b7 Een schilderachtige waterwandeling van Ulv\u00f6 rond Toft\u00e5sa-moeras.<br \/>\n\u00b7 Huseby Bruk, een levende industri\u00eble omgeving met kasteel, tuin, park, restaurant en evenementen.<\/p>\n                <button type=\"button\" class=\"contentImageTwoColumns contentImageTwoColumns__readMoreLess\">\n                    Lees minder &#8211;                <\/button>\n            <\/div>\n                        <div class=\"wp-block-buttons is-layout-flex wp-block-buttons-is-layout-flex\">\n                <div class=\"wp-block-button \">\n                    <a aria-label=\"visitasnen.se\/en\" class=\"wp-block-button__link wp-element-button\" href=\"https:\/\/visitasnen.se\/en\/\" style=\"background-color: #f4f2eb; color: #000000;border: solid 1px #f4f2eb\">\n                        visitasnen.se\/en                    <\/a>\n                <\/div>\n            <\/div>\n                                <\/div>\n        <div class=\"contentImageTwoColumns contentImageTwoColumns__imageWrapper\">\n            <img loading=\"lazy\" decoding=\"async\" width=\"1024\" height=\"740\" src=\"https:\/\/www.visitsmaland.se\/wp-content\/uploads\/2024\/04\/8179_huseby-bruk-1024x740.jpg\" class=\"attachment-grid-card-images size-grid-card-images\" alt=\"\" \/>        <\/div>\n    <\/div>\n<\/div>\n\n\n\n<div style=\"height:23px\" aria-hidden=\"true\" class=\"wp-block-spacer\"><\/div>\n\n\n\n<figure class=\"wp-block-gallery has-nested-images columns-default is-cropped wp-block-gallery-2 is-layout-flex wp-block-gallery-is-layout-flex\">\n<figure class=\"wp-block-image size-large\"><img loading=\"lazy\" decoding=\"async\" width=\"1024\" height=\"682\" data-id=\"56642\" src=\"https:\/\/www.visitsmaland.se\/wp-content\/uploads\/2024\/04\/Asnen-banvallsleden_alexander-hall-1-1024x682.jpg\" alt=\"\" class=\"wp-image-56642\" srcset=\"https:\/\/www.visitsmaland.se\/wp-content\/uploads\/2024\/04\/Asnen-banvallsleden_alexander-hall-1-1024x682.jpg 1024w, https:\/\/www.visitsmaland.se\/wp-content\/uploads\/2024\/04\/Asnen-banvallsleden_alexander-hall-1-300x200.jpg 300w, https:\/\/www.visitsmaland.se\/wp-content\/uploads\/2024\/04\/Asnen-banvallsleden_alexander-hall-1-768x512.jpg 768w, https:\/\/www.visitsmaland.se\/wp-content\/uploads\/2024\/04\/Asnen-banvallsleden_alexander-hall-1-1536x1024.jpg 1536w, https:\/\/www.visitsmaland.se\/wp-content\/uploads\/2024\/04\/Asnen-banvallsleden_alexander-hall-1.jpg 2000w\" sizes=\"(max-width: 1024px) 100vw, 1024px\" \/><\/figure>\n\n\n\n<figure class=\"wp-block-image size-large\"><img loading=\"lazy\" decoding=\"async\" width=\"1024\" height=\"768\" data-id=\"73328\" src=\"https:\/\/www.visitsmaland.se\/wp-content\/uploads\/2025\/07\/20230726_165527-1024x768.jpg\" alt=\"\" class=\"wp-image-73328\" srcset=\"https:\/\/www.visitsmaland.se\/wp-content\/uploads\/2025\/07\/20230726_165527-1024x768.jpg 1024w, https:\/\/www.visitsmaland.se\/wp-content\/uploads\/2025\/07\/20230726_165527-300x225.jpg 300w, https:\/\/www.visitsmaland.se\/wp-content\/uploads\/2025\/07\/20230726_165527-768x576.jpg 768w, https:\/\/www.visitsmaland.se\/wp-content\/uploads\/2025\/07\/20230726_165527-1536x1152.jpg 1536w, https:\/\/www.visitsmaland.se\/wp-content\/uploads\/2025\/07\/20230726_165527-2048x1536.jpg 2048w\" sizes=\"(max-width: 1024px) 100vw, 1024px\" \/><\/figure>\n\n\n\n<figure class=\"wp-block-image size-large\"><img loading=\"lazy\" decoding=\"async\" width=\"1024\" height=\"682\" data-id=\"14490\" src=\"https:\/\/www.visitsmaland.se\/wp-content\/uploads\/2020\/06\/ALEX6108-1-1024x682.jpg\" alt=\"\" class=\"wp-image-14490\" srcset=\"https:\/\/www.visitsmaland.se\/wp-content\/uploads\/2020\/06\/ALEX6108-1-1024x682.jpg 1024w, https:\/\/www.visitsmaland.se\/wp-content\/uploads\/2020\/06\/ALEX6108-1-300x200.jpg 300w, https:\/\/www.visitsmaland.se\/wp-content\/uploads\/2020\/06\/ALEX6108-1-768x512.jpg 768w, https:\/\/www.visitsmaland.se\/wp-content\/uploads\/2020\/06\/ALEX6108-1-120x80.jpg 120w, https:\/\/www.visitsmaland.se\/wp-content\/uploads\/2020\/06\/ALEX6108-1-1536x1024.jpg 1536w, https:\/\/www.visitsmaland.se\/wp-content\/uploads\/2020\/06\/ALEX6108-1-600x400.jpg 600w, https:\/\/www.visitsmaland.se\/wp-content\/uploads\/2020\/06\/ALEX6108-1.jpg 2000w\" sizes=\"(max-width: 1024px) 100vw, 1024px\" \/><\/figure>\n<\/figure>\n\n\n\n<section class=\"contentFAQBlock contentFAQBlock__wrapper\">\n    <div class=\"contentFAQBlock contentFAQBlock__container\">\n                    <h2 class=\"contentFAQBlock contentFAQBlock__title\">FAQ over \u00c5snen<\/h2>\n                \n        <div class=\"contentFAQBlock contentFAQBlock__faqContent\" itemscope itemtype=\"https:\/\/schema.org\/FAQPage\">\n            <div id=\"accordion-group-block_65ac3e301ee85218f513b7ad4d5bdbf0\" class=\"contentFAQBlock contentFAQBlock__accordion\" data-allow-toggle>\n                                                <div class=\"contentFAQBlock contentFAQBlock__categoryGroup\">\n                                                                                                                <div class=\"contentFAQBlock contentFAQBlock__accordionItem\" itemscope itemprop=\"mainEntity\" itemtype=\"https:\/\/schema.org\/Question\">\n                                            <h4>\n                                                <button aria-expanded=\"false\" class=\"contentFAQBlock contentFAQBlock__accordionTrigger accordion-trigger\" aria-controls=\"accordion96485-cat1142-block_65ac3e301ee85218f513b7ad4d5bdbf0\" id=\"accordion96485-cat1142-block_65ac3e301ee85218f513b7ad4d5bdbf0id\">\n                                                    <span class=\"contentFAQBlock contentFAQBlock__accordionTitle accordion-title\" itemprop=\"name\">\n                                                        Kun je kajakken of kano\u00ebn op \u00c5snen?                                                        <span class=\"contentFAQBlock contentFAQBlock__accordionIcon accordion-icon\"><\/span>\n                                                    <\/span>\n                                                <\/button>\n                                            <\/h4>\n                                            <div itemscope itemprop=\"acceptedAnswer\" itemtype=\"https:\/\/schema.org\/Answer\" id=\"accordion96485-cat1142-block_65ac3e301ee85218f513b7ad4d5bdbf0\" role=\"region\" aria-labelledby=\"accordion96485-cat1142-block_65ac3e301ee85218f513b7ad4d5bdbf0id\" class=\"contentFAQBlock contentFAQBlock__accordionPanel accordion-panel\" hidden>\n                                                <div itemprop=\"text\" class=\"contentFAQBlock contentFAQBlock__accordionContent accordion-content\">\n                                                    <p>Ja, je kunt kano\u00ebn en kajakken op het meer \u00c5snen; het is een fantastische manier om van de uitzichten vanaf het water te genieten. Je kunt je eigen kajak meenemen of er ter plaatse een huren. <a href=\"https:\/\/visitasnen.se\/en\/outdoor\/waterbound\/canoeing-and-kayaking\/\">Lees hier meer<\/a>!<\/p>\n                                                <\/div>\n                                            <\/div>\n                                        <\/div>\n                                                                            <div class=\"contentFAQBlock contentFAQBlock__accordionItem\" itemscope itemprop=\"mainEntity\" itemtype=\"https:\/\/schema.org\/Question\">\n                                            <h4>\n                                                <button aria-expanded=\"false\" class=\"contentFAQBlock contentFAQBlock__accordionTrigger accordion-trigger\" aria-controls=\"accordion96488-cat1142-block_65ac3e301ee85218f513b7ad4d5bdbf0\" id=\"accordion96488-cat1142-block_65ac3e301ee85218f513b7ad4d5bdbf0id\">\n                                                    <span class=\"contentFAQBlock contentFAQBlock__accordionTitle accordion-title\" itemprop=\"name\">\n                                                        Kun je overnachten in het \u00c5snen-gebied?                                                        <span class=\"contentFAQBlock contentFAQBlock__accordionIcon accordion-icon\"><\/span>\n                                                    <\/span>\n                                                <\/button>\n                                            <\/h4>\n                                            <div itemscope itemprop=\"acceptedAnswer\" itemtype=\"https:\/\/schema.org\/Answer\" id=\"accordion96488-cat1142-block_65ac3e301ee85218f513b7ad4d5bdbf0\" role=\"region\" aria-labelledby=\"accordion96488-cat1142-block_65ac3e301ee85218f513b7ad4d5bdbf0id\" class=\"contentFAQBlock contentFAQBlock__accordionPanel accordion-panel\" hidden>\n                                                <div itemprop=\"text\" class=\"contentFAQBlock contentFAQBlock__accordionContent accordion-content\">\n                                                    <p>Er zijn verschillende kampeermogelijkheden rond \u00c5snen. Bezoekers kunnen verblijven op georganiseerde campings, cabins huren of in de natuur kamperen. Het Zweedse \u201cAllemansr\u00e4tten\u201d (recht van openbaar toegang) maakt ook wildkamperen in veel gebieden mogelijk, zolang je de regels volgt en respect toont voor de natuur. In de nabije omgeving zijn ook hotels en andere vormen van accommodatie te vinden. <a href=\"https:\/\/visitasnen.se\/en\/accommodation\/\">Lees hier meer!<\/a><\/p>\n                                                <\/div>\n                                            <\/div>\n                                        <\/div>\n                                                                            <div class=\"contentFAQBlock contentFAQBlock__accordionItem\" itemscope itemprop=\"mainEntity\" itemtype=\"https:\/\/schema.org\/Question\">\n                                            <h4>\n                                                <button aria-expanded=\"false\" class=\"contentFAQBlock contentFAQBlock__accordionTrigger accordion-trigger\" aria-controls=\"accordion96484-cat1142-block_65ac3e301ee85218f513b7ad4d5bdbf0\" id=\"accordion96484-cat1142-block_65ac3e301ee85218f513b7ad4d5bdbf0id\">\n                                                    <span class=\"contentFAQBlock contentFAQBlock__accordionTitle accordion-title\" itemprop=\"name\">\n                                                        Wat is \u00c5snen en waar ligt het?                                                        <span class=\"contentFAQBlock contentFAQBlock__accordionIcon accordion-icon\"><\/span>\n                                                    <\/span>\n                                                <\/button>\n                                            <\/h4>\n                                            <div itemscope itemprop=\"acceptedAnswer\" itemtype=\"https:\/\/schema.org\/Answer\" id=\"accordion96484-cat1142-block_65ac3e301ee85218f513b7ad4d5bdbf0\" role=\"region\" aria-labelledby=\"accordion96484-cat1142-block_65ac3e301ee85218f513b7ad4d5bdbf0id\" class=\"contentFAQBlock contentFAQBlock__accordionPanel accordion-panel\" hidden>\n                                                <div itemprop=\"text\" class=\"contentFAQBlock contentFAQBlock__accordionContent accordion-content\">\n                                                    <p>Het meer <a href=\"https:\/\/visitasnen.se\/en\/\">\u00c5snen<\/a> en het nationale park liggen in het zuiden van Sm\u00e5land, tussen de gemeenten Tingsryd, Alvesta en V\u00e4xj\u00f6 in de provincie Kronoberg.<\/p>\n                                                <\/div>\n                                            <\/div>\n                                        <\/div>\n                                                                            <div class=\"contentFAQBlock contentFAQBlock__accordionItem\" itemscope itemprop=\"mainEntity\" itemtype=\"https:\/\/schema.org\/Question\">\n                                            <h4>\n                                                <button aria-expanded=\"false\" class=\"contentFAQBlock contentFAQBlock__accordionTrigger accordion-trigger\" aria-controls=\"accordion96486-cat1142-block_65ac3e301ee85218f513b7ad4d5bdbf0\" id=\"accordion96486-cat1142-block_65ac3e301ee85218f513b7ad4d5bdbf0id\">\n                                                    <span class=\"contentFAQBlock contentFAQBlock__accordionTitle accordion-title\" itemprop=\"name\">\n                                                        Wat kun je doen in het Nationaal Park \u00c5snen?                                                        <span class=\"contentFAQBlock contentFAQBlock__accordionIcon accordion-icon\"><\/span>\n                                                    <\/span>\n                                                <\/button>\n                                            <\/h4>\n                                            <div itemscope itemprop=\"acceptedAnswer\" itemtype=\"https:\/\/schema.org\/Answer\" id=\"accordion96486-cat1142-block_65ac3e301ee85218f513b7ad4d5bdbf0\" role=\"region\" aria-labelledby=\"accordion96486-cat1142-block_65ac3e301ee85218f513b7ad4d5bdbf0id\" class=\"contentFAQBlock contentFAQBlock__accordionPanel accordion-panel\" hidden>\n                                                <div itemprop=\"text\" class=\"contentFAQBlock contentFAQBlock__accordionContent accordion-content\">\n                                                    <p>Bij \u00c5snen kun je genieten van een breed scala aan buitenactiviteiten, zoals kajakken en kano\u00ebn, fietsen, wandelen, vissen, zwemmen en vogels spotten. Het verkennen van de eilanden per boot is ook een populaire activiteit.<\/p>\n                                                <\/div>\n                                            <\/div>\n                                        <\/div>\n                                                                            <div class=\"contentFAQBlock contentFAQBlock__accordionItem\" itemscope itemprop=\"mainEntity\" itemtype=\"https:\/\/schema.org\/Question\">\n                                            <h4>\n                                                <button aria-expanded=\"false\" class=\"contentFAQBlock contentFAQBlock__accordionTrigger accordion-trigger\" aria-controls=\"accordion96487-cat1142-block_65ac3e301ee85218f513b7ad4d5bdbf0\" id=\"accordion96487-cat1142-block_65ac3e301ee85218f513b7ad4d5bdbf0id\">\n                                                    <span class=\"contentFAQBlock contentFAQBlock__accordionTitle accordion-title\" itemprop=\"name\">\n                                                        Zijn er wandelroutes in \u00c5snen?                                                        <span class=\"contentFAQBlock contentFAQBlock__accordionIcon accordion-icon\"><\/span>\n                                                    <\/span>\n                                                <\/button>\n                                            <\/h4>\n                                            <div itemscope itemprop=\"acceptedAnswer\" itemtype=\"https:\/\/schema.org\/Answer\" id=\"accordion96487-cat1142-block_65ac3e301ee85218f513b7ad4d5bdbf0\" role=\"region\" aria-labelledby=\"accordion96487-cat1142-block_65ac3e301ee85218f513b7ad4d5bdbf0id\" class=\"contentFAQBlock contentFAQBlock__accordionPanel accordion-panel\" hidden>\n                                                <div itemprop=\"text\" class=\"contentFAQBlock contentFAQBlock__accordionContent accordion-content\">\n                                                    <p>Er zijn verschillende<a href=\"https:\/\/visitasnen.se\/en\/outdoor\/hiking\/\"> wandelroutes<\/a> in en rond \u00c5snen, zowel lange als korte trajecten, waar je de unieke natuur van het gebied kunt ervaren.<\/p>\n                                                <\/div>\n                                            <\/div>\n                                        <\/div>\n                                                                    <\/div>\n                                        <\/div>\n        <\/div>\n    <\/div>\n<\/section>\n\n\n\n<div class=\"contentImageTwoColumns contentImageTwoColumns__wrapper\" style=\"background-color: #f4f2eb\">\n    <div class=\"contentImageTwoColumns contentImageTwoColumns__container layout-reversed\">\n        <div class=\"contentImageTwoColumns contentImageTwoColumns__contentWrapper\">\n            <h2 class=\"contentImageTwoColumns contentImageTwoColumns__heading\" style=\"color: \">\n                Lees meer over \u00c5snen            <\/h2>\n            <div class=\"contentImageTwoColumns contentImageTwoColumns__text contentImageTwoColumns__text--short\" style=\"color: \">\n                                                                <\/div>\n            <div class=\"contentImageTwoColumns contentImageTwoColumns__text contentImageTwoColumns__text--full\" style=\"color: \">\n                                <button type=\"button\" class=\"contentImageTwoColumns contentImageTwoColumns__readMoreLess\">\n                    Lees minder &#8211;                <\/button>\n            <\/div>\n                        <div class=\"wp-block-buttons is-layout-flex wp-block-buttons-is-layout-flex\">\n                <div class=\"wp-block-button arrow-white\">\n                    <a aria-label=\"Klik hier!\" class=\"wp-block-button__link wp-element-button\" href=\"https:\/\/visitasnen.se\/en\/\" style=\"background-color: #374632; color: #ffffff;border: solid 1px #374632\">\n                        Klik hier!                    <\/a>\n                <\/div>\n            <\/div>\n                                <\/div>\n        <div class=\"contentImageTwoColumns contentImageTwoColumns__imageWrapper\">\n            <img loading=\"lazy\" decoding=\"async\" width=\"1024\" height=\"740\" src=\"https:\/\/www.visitsmaland.se\/wp-content\/uploads\/2024\/04\/ALEX6736-1-1024x740.jpg\" class=\"attachment-grid-card-images size-grid-card-images\" alt=\"\" \/>        <\/div>\n    <\/div>\n<\/div>\n\n\n  \n<div class=\"featuredTwoColumns featuredTwoColumns__wrapper\">\n    <div class=\"featuredTwoColumns featuredTwoColumns__container\">  \n            <div class=\"featuredTwoColumns featuredTwoColumns__feturedWrapper\">\n            <a aria-label=\"Getn\u00f6 Lake \u00c5snen Resort\" href=\"https:\/\/www.visitsmaland.se\/nl\/ontdekken\/getno-lake-asnen-resort\/\"class=\"featuredTwoColumns featuredTwoColumns__imageWrapper\">\n                <img loading=\"lazy\" decoding=\"async\" width=\"1024\" height=\"740\" src=\"https:\/\/www.visitsmaland.se\/wp-content\/uploads\/2024\/04\/TD-SWEDEN-GETNO-LAKE-15-1-1024x740.jpg\" class=\"attachment-grid-card-images size-grid-card-images wp-post-image\" alt=\"\" \/>            <\/a>\n            <div class=\"featuredTwoColumns featuredTwoColumns__contentWrapper\">\n                <h2 class=\"featuredTwoColumns featuredTwoColumns__heading\">\n                    Getn\u00f6 Lake \u00c5snen Resort                <\/h2>\n                <p class=\"featuredTwoColumns featuredTwoColumns__description\">\n                    Getn\u00f6 \u2013 Lake \u00c5snen Resort is een priv\u00e9-natuurgebied\u2026                <\/p>\n                 \n                 \n                <div class=\"wp-block-buttons is-layout-flex wp-block-buttons-is-layout-flex\">\n                    <div class=\"wp-block-button \">\n                        <a aria-label=\"Getn\u00f6 Lake \u00c5snen Resort\"class=\"wp-block-button__link wp-element-button\" href=\"https:\/\/www.visitsmaland.se\/nl\/ontdekken\/getno-lake-asnen-resort\/\">\n                            Ontdek                       \n                         <\/a>\n                    <\/div>\n                <\/div>\n            <\/div>\n        <\/div>\n                <div class=\"featuredTwoColumns featuredTwoColumns__feturedWrapper\">\n            <a aria-label=\"Nationaal Park \u00c5snen\" href=\"https:\/\/www.visitsmaland.se\/nl\/ontdekken\/asnen-national-park\/\"class=\"featuredTwoColumns featuredTwoColumns__imageWrapper\">\n                <img loading=\"lazy\" decoding=\"async\" width=\"1024\" height=\"740\" src=\"https:\/\/www.visitsmaland.se\/wp-content\/uploads\/2024\/04\/5889_snen_flyg-1024x740.jpg\" class=\"attachment-grid-card-images size-grid-card-images wp-post-image\" alt=\"\" \/>            <\/a>\n            <div class=\"featuredTwoColumns featuredTwoColumns__contentWrapper\">\n                <h2 class=\"featuredTwoColumns featuredTwoColumns__heading\">\n                    Nationaal Park \u00c5snen                <\/h2>\n                <p class=\"featuredTwoColumns featuredTwoColumns__description\">\n                    Diep in de wildernis van Sm\u00e5land ligt \u00c5snen \u2013 een m\u2026                <\/p>\n                 \n                 \n                <div class=\"wp-block-buttons is-layout-flex wp-block-buttons-is-layout-flex\">\n                    <div class=\"wp-block-button \">\n                        <a aria-label=\"Nationaal Park \u00c5snen\"class=\"wp-block-button__link wp-element-button\" href=\"https:\/\/www.visitsmaland.se\/nl\/ontdekken\/asnen-national-park\/\">\n                            Ontdek                       \n                         <\/a>\n                    <\/div>\n                <\/div>\n            <\/div>\n        <\/div>\n            <\/div>\n<\/div>\n","protected":false},"featured_media":36892,"template":"","region":[191],"class_list":["post-43577","destination","type-destination","status-publish","has-post-thumbnail","hentry","region-zuid-smaland"],"acf":[],"yoast_head":"<!-- This site is optimized with the Yoast SEO plugin v27.2 - https:\/\/yoast.com\/product\/yoast-seo-wordpress\/ -->\n<title>\u00c5snen | Visit Sm\u00e5land<\/title>\n<meta name=\"description\" content=\"\u00c5snen bestaat uit een buitengewone archipel met meren, meer dan duizend eilanden en 700 km kustlijn. Een unieke omgeving.\" \/>\n<meta name=\"robots\" content=\"index, follow, max-snippet:-1, max-image-preview:large, max-video-preview:-1\" \/>\n<link rel=\"canonical\" href=\"https:\/\/www.visitsmaland.se\/nl\/bestemmingen\/asnen\/\" \/>\n<meta property=\"og:locale\" content=\"nl_NL\" \/>\n<meta property=\"og:type\" content=\"article\" \/>\n<meta property=\"og:title\" content=\"\u00c5snen | Visit Sm\u00e5land\" \/>\n<meta property=\"og:description\" content=\"\u00c5snen bestaat uit een buitengewone archipel met meren, meer dan duizend eilanden en 700 km kustlijn. Een unieke omgeving.\" \/>\n<meta property=\"og:url\" content=\"https:\/\/www.visitsmaland.se\/nl\/bestemmingen\/asnen\/\" \/>\n<meta property=\"og:site_name\" content=\"Visit Sm\u00e5land\" \/>\n<meta property=\"article:publisher\" content=\"https:\/\/www.facebook.com\/visitsmaland\/\" \/>\n<meta property=\"article:modified_time\" content=\"2026-04-24T12:05:01+00:00\" \/>\n<meta property=\"og:image\" content=\"https:\/\/www.visitsmaland.se\/wp-content\/uploads\/2024\/04\/HERO-5-scaled.jpg\" \/>\n\t<meta property=\"og:image:width\" content=\"2560\" \/>\n\t<meta property=\"og:image:height\" content=\"1683\" \/>\n\t<meta property=\"og:image:type\" content=\"image\/jpeg\" \/>\n<meta name=\"twitter:card\" content=\"summary_large_image\" \/>\n<meta name=\"twitter:label1\" content=\"Geschatte leestijd\" \/>\n\t<meta name=\"twitter:data1\" content=\"1 minuut\" \/>\n<script type=\"application\/ld+json\" class=\"yoast-schema-graph\">{\"@context\":\"https:\/\/schema.org\",\"@graph\":[{\"@type\":\"WebPage\",\"@id\":\"https:\/\/www.visitsmaland.se\/nl\/bestemmingen\/asnen\/\",\"url\":\"https:\/\/www.visitsmaland.se\/nl\/bestemmingen\/asnen\/\",\"name\":\"\u00c5snen | Visit Sm\u00e5land\",\"isPartOf\":{\"@id\":\"https:\/\/www.visitsmaland.se\/nl\/#website\"},\"primaryImageOfPage\":{\"@id\":\"https:\/\/www.visitsmaland.se\/nl\/bestemmingen\/asnen\/#primaryimage\"},\"image\":{\"@id\":\"https:\/\/www.visitsmaland.se\/nl\/bestemmingen\/asnen\/#primaryimage\"},\"thumbnailUrl\":\"https:\/\/www.visitsmaland.se\/wp-content\/uploads\/2024\/04\/HERO-5-scaled.jpg\",\"datePublished\":\"2024-04-12T07:34:59+00:00\",\"dateModified\":\"2026-04-24T12:05:01+00:00\",\"description\":\"\u00c5snen bestaat uit een buitengewone archipel met meren, meer dan duizend eilanden en 700 km kustlijn. Een unieke omgeving.\",\"breadcrumb\":{\"@id\":\"https:\/\/www.visitsmaland.se\/nl\/bestemmingen\/asnen\/#breadcrumb\"},\"inLanguage\":\"nl-NL\",\"potentialAction\":[{\"@type\":\"ReadAction\",\"target\":[\"https:\/\/www.visitsmaland.se\/nl\/bestemmingen\/asnen\/\"]}]},{\"@type\":\"ImageObject\",\"inLanguage\":\"nl-NL\",\"@id\":\"https:\/\/www.visitsmaland.se\/nl\/bestemmingen\/asnen\/#primaryimage\",\"url\":\"https:\/\/www.visitsmaland.se\/wp-content\/uploads\/2024\/04\/HERO-5-scaled.jpg\",\"contentUrl\":\"https:\/\/www.visitsmaland.se\/wp-content\/uploads\/2024\/04\/HERO-5-scaled.jpg\",\"width\":2560,\"height\":1683},{\"@type\":\"BreadcrumbList\",\"@id\":\"https:\/\/www.visitsmaland.se\/nl\/bestemmingen\/asnen\/#breadcrumb\",\"itemListElement\":[{\"@type\":\"ListItem\",\"position\":1,\"name\":\"Startpagina\",\"item\":\"https:\/\/www.visitsmaland.se\/nl\/\"},{\"@type\":\"ListItem\",\"position\":2,\"name\":\"\u00c5snen\"}]},{\"@type\":\"WebSite\",\"@id\":\"https:\/\/www.visitsmaland.se\/nl\/#website\",\"url\":\"https:\/\/www.visitsmaland.se\/nl\/\",\"name\":\"Visit Sm\u00e5land\",\"description\":\"V\u00e4lkommen till Sm\u00e5land\",\"potentialAction\":[{\"@type\":\"SearchAction\",\"target\":{\"@type\":\"EntryPoint\",\"urlTemplate\":\"https:\/\/www.visitsmaland.se\/nl\/?s={search_term_string}\"},\"query-input\":{\"@type\":\"PropertyValueSpecification\",\"valueRequired\":true,\"valueName\":\"search_term_string\"}}],\"inLanguage\":\"nl-NL\"}]}<\/script>\n<!-- \/ Yoast SEO plugin. -->","yoast_head_json":{"title":"\u00c5snen | Visit Sm\u00e5land","description":"\u00c5snen bestaat uit een buitengewone archipel met meren, meer dan duizend eilanden en 700 km kustlijn. Een unieke omgeving.","robots":{"index":"index","follow":"follow","max-snippet":"max-snippet:-1","max-image-preview":"max-image-preview:large","max-video-preview":"max-video-preview:-1"},"canonical":"https:\/\/www.visitsmaland.se\/nl\/bestemmingen\/asnen\/","og_locale":"nl_NL","og_type":"article","og_title":"\u00c5snen | Visit Sm\u00e5land","og_description":"\u00c5snen bestaat uit een buitengewone archipel met meren, meer dan duizend eilanden en 700 km kustlijn. Een unieke omgeving.","og_url":"https:\/\/www.visitsmaland.se\/nl\/bestemmingen\/asnen\/","og_site_name":"Visit Sm\u00e5land","article_publisher":"https:\/\/www.facebook.com\/visitsmaland\/","article_modified_time":"2026-04-24T12:05:01+00:00","og_image":[{"width":2560,"height":1683,"url":"https:\/\/www.visitsmaland.se\/wp-content\/uploads\/2024\/04\/HERO-5-scaled.jpg","type":"image\/jpeg"}],"twitter_card":"summary_large_image","twitter_misc":{"Geschatte leestijd":"1 minuut"},"schema":{"@context":"https:\/\/schema.org","@graph":[{"@type":"WebPage","@id":"https:\/\/www.visitsmaland.se\/nl\/bestemmingen\/asnen\/","url":"https:\/\/www.visitsmaland.se\/nl\/bestemmingen\/asnen\/","name":"\u00c5snen | Visit Sm\u00e5land","isPartOf":{"@id":"https:\/\/www.visitsmaland.se\/nl\/#website"},"primaryImageOfPage":{"@id":"https:\/\/www.visitsmaland.se\/nl\/bestemmingen\/asnen\/#primaryimage"},"image":{"@id":"https:\/\/www.visitsmaland.se\/nl\/bestemmingen\/asnen\/#primaryimage"},"thumbnailUrl":"https:\/\/www.visitsmaland.se\/wp-content\/uploads\/2024\/04\/HERO-5-scaled.jpg","datePublished":"2024-04-12T07:34:59+00:00","dateModified":"2026-04-24T12:05:01+00:00","description":"\u00c5snen bestaat uit een buitengewone archipel met meren, meer dan duizend eilanden en 700 km kustlijn. Een unieke omgeving.","breadcrumb":{"@id":"https:\/\/www.visitsmaland.se\/nl\/bestemmingen\/asnen\/#breadcrumb"},"inLanguage":"nl-NL","potentialAction":[{"@type":"ReadAction","target":["https:\/\/www.visitsmaland.se\/nl\/bestemmingen\/asnen\/"]}]},{"@type":"ImageObject","inLanguage":"nl-NL","@id":"https:\/\/www.visitsmaland.se\/nl\/bestemmingen\/asnen\/#primaryimage","url":"https:\/\/www.visitsmaland.se\/wp-content\/uploads\/2024\/04\/HERO-5-scaled.jpg","contentUrl":"https:\/\/www.visitsmaland.se\/wp-content\/uploads\/2024\/04\/HERO-5-scaled.jpg","width":2560,"height":1683},{"@type":"BreadcrumbList","@id":"https:\/\/www.visitsmaland.se\/nl\/bestemmingen\/asnen\/#breadcrumb","itemListElement":[{"@type":"ListItem","position":1,"name":"Startpagina","item":"https:\/\/www.visitsmaland.se\/nl\/"},{"@type":"ListItem","position":2,"name":"\u00c5snen"}]},{"@type":"WebSite","@id":"https:\/\/www.visitsmaland.se\/nl\/#website","url":"https:\/\/www.visitsmaland.se\/nl\/","name":"Visit Sm\u00e5land","description":"V\u00e4lkommen till Sm\u00e5land","potentialAction":[{"@type":"SearchAction","target":{"@type":"EntryPoint","urlTemplate":"https:\/\/www.visitsmaland.se\/nl\/?s={search_term_string}"},"query-input":{"@type":"PropertyValueSpecification","valueRequired":true,"valueName":"search_term_string"}}],"inLanguage":"nl-NL"}]}},"_links":{"self":[{"href":"https:\/\/www.visitsmaland.se\/nl\/wp-json\/wp\/v2\/destination\/43577","targetHints":{"allow":["GET"]}}],"collection":[{"href":"https:\/\/www.visitsmaland.se\/nl\/wp-json\/wp\/v2\/destination"}],"about":[{"href":"https:\/\/www.visitsmaland.se\/nl\/wp-json\/wp\/v2\/types\/destination"}],"wp:featuredmedia":[{"embeddable":true,"href":"https:\/\/www.visitsmaland.se\/nl\/wp-json\/wp\/v2\/media\/36892"}],"wp:attachment":[{"href":"https:\/\/www.visitsmaland.se\/nl\/wp-json\/wp\/v2\/media?parent=43577"}],"wp:term":[{"taxonomy":"region","embeddable":true,"href":"https:\/\/www.visitsmaland.se\/nl\/wp-json\/wp\/v2\/region?post=43577"}],"curies":[{"name":"wp","href":"https:\/\/api.w.org\/{rel}","templated":true}]}}