{"id":78347,"date":"2025-11-13T13:42:06","date_gmt":"2025-11-13T12:42:06","guid":{"rendered":"https:\/\/www.visitsmaland.se\/destinationer\/apple-valley\/"},"modified":"2026-04-24T11:39:42","modified_gmt":"2026-04-24T09:39:42","slug":"appledalen","status":"publish","type":"destination","link":"https:\/\/www.visitsmaland.se\/nl\/bestemmingen\/appledalen\/","title":{"rendered":"\u00c4ppledalen"},"content":{"rendered":"<div class=\"postHerosection postHerosection__wrapper\">\n    <div class=\"postHerosection postHerosection__container\">\n        <h1 class=\"postHerosection postHerosection__heroHeading\">\n            \u00c4ppledalen         <\/h1>\n            <\/div>\n    <div class=\"postHerosection postHerosection__imageContainer\">\n        <img loading=\"lazy\" decoding=\"async\" width=\"2000\" height=\"1334\" src=\"https:\/\/www.visitsmaland.se\/wp-content\/uploads\/2025\/03\/Appledalen-webb.jpg\" class=\"attachment-full size-full\" alt=\"\" srcset=\"https:\/\/www.visitsmaland.se\/wp-content\/uploads\/2025\/03\/Appledalen-webb.jpg 2000w, https:\/\/www.visitsmaland.se\/wp-content\/uploads\/2025\/03\/Appledalen-webb-300x200.jpg 300w, https:\/\/www.visitsmaland.se\/wp-content\/uploads\/2025\/03\/Appledalen-webb-1024x683.jpg 1024w, https:\/\/www.visitsmaland.se\/wp-content\/uploads\/2025\/03\/Appledalen-webb-768x512.jpg 768w, https:\/\/www.visitsmaland.se\/wp-content\/uploads\/2025\/03\/Appledalen-webb-1536x1025.jpg 1536w\" sizes=\"(max-width: 2000px) 100vw, 2000px\" \/>    <\/div>\n<\/div>\n<div class=\"postHerosection postHerosection__breadcrumbs\">\n   <div class=\"postHerosection postHerosection__breadcrumbs-container\">\n        <p id=\"breadcrumbs\"><span><span><a href=\"https:\/\/www.visitsmaland.se\/nl\/\">Startpagina<\/a><\/span><\/span><\/p>    <\/div>\n<\/div>\n\n<div class=\"contentCta contentCta__wrapper\">\n    <div class=\"contentCta contentCta__container\">\n                    \t\t\t<div class=\"contentCta contentCta__text\" style=\"color: \">\n\t\t\t\t<p>\u00c4ppledalen, net buiten J\u00f6nk\u00f6ping, is een schilderachtige streek die bekend staat om zijn boomgaarden en prachtige landschappen. De vallei strekt zich uit langs de oostelijke oever van het meer V\u00e4ttern en is al lange tijd een belangrijk gebied voor appelteelt in Zweden.<\/p>\n\t\t\t<\/div>\n                <hr>\n            <\/div>\n<\/div>\n\n\n<div class=\"dynamicContentTwoColumns dynamicContentTwoColumns__wrapper\">\n    <div class=\"dynamicContentTwoColumns dynamicContentTwoColumns__container\">\n                                    <h3 class=\"dynamicContentTwoColumns dynamicContentTwoColumns__heading\">\n                    Sm\u00e5lands Toscane                <\/h3>\n                                                <div class=\"dynamicContentTwoColumns dynamicContentTwoColumns__text\">\n                    <p><p>\u00c4ppledalen is niet alleen een plek voor fruitteelt, maar ook een levend onderdeel van het Sm\u00e5landse platteland, waar natuur, traditie en modern agrarisch ondernemerschap samenkomen. De vele appelboomgaarden geven de vallei haar karakteristieke charme. Elk seizoen biedt iets bijzonders: in de lente bloeien de appelbomen in een bloemenpracht, in de zomer kleurt het landschap weelderig groen, en in de herfst wordt de oogst van rijpe appels binnengehaald en direct verkocht op de boerderijen.<\/p>\n<p>\n                <\/div>\n                                                <div class=\"dynamicContentTwoColumns dynamicContentTwoColumns__imageWrapper\">\n                    <img loading=\"lazy\" decoding=\"async\" width=\"500\" height=\"334\" src=\"https:\/\/www.visitsmaland.se\/wp-content\/uploads\/2025\/03\/Rudenstams-2-webb.jpg\" class=\"attachment-500x500 size-500x500\" alt=\"\" srcset=\"https:\/\/www.visitsmaland.se\/wp-content\/uploads\/2025\/03\/Rudenstams-2-webb.jpg 2000w, https:\/\/www.visitsmaland.se\/wp-content\/uploads\/2025\/03\/Rudenstams-2-webb-300x200.jpg 300w, https:\/\/www.visitsmaland.se\/wp-content\/uploads\/2025\/03\/Rudenstams-2-webb-1024x683.jpg 1024w, https:\/\/www.visitsmaland.se\/wp-content\/uploads\/2025\/03\/Rudenstams-2-webb-768x512.jpg 768w, https:\/\/www.visitsmaland.se\/wp-content\/uploads\/2025\/03\/Rudenstams-2-webb-1536x1025.jpg 1536w\" sizes=\"(max-width: 500px) 100vw, 500px\" \/>                <\/div>\n                                                <div class=\"dynamicContentTwoColumns dynamicContentTwoColumns__text\">\n                    <p><p>Naast de pittoreske boomgaarden kun je de omliggende natuur ontdekken via talrijke wandel- en fietsroutes door de vallei. Deze paden bieden adembenemende uitzichten over V\u00e4ttern en het omliggende landschap; vanaf sommige uitzichtpunten kun je zelfs Gr\u00e4nna en Visings\u00f6 zien.<\/p>\n<p>\n                <\/div>\n                                                <h3 class=\"dynamicContentTwoColumns dynamicContentTwoColumns__heading\">\n                    Evenementen in het prachtige landschap van \u00c4ppledalen                <\/h3>\n                                                <div class=\"dynamicContentTwoColumns dynamicContentTwoColumns__text\">\n                    <p><p>In \u00c4ppledalen vind je ook culturele belevenissen. Het hele jaar door worden er verschillende evenementen georganiseerd, zoals fruit- en oogstfeesten, markten en food-festivals waar lokale producenten en ambachtslieden hun producten tonen. Hier proef je de lokale cultuur en ontmoet je de mensen die al generaties lang in dit gebied leven en werken.<\/p>\n<p>\n                <\/div>\n                                                <div class=\"dynamicContentTwoColumns dynamicContentTwoColumns__text\">\n                    <p><p>Met een mix van geschiedenis, natuur, duurzaamheid en evenementen trekt \u00c4ppledalen niet alleen bezoekers aan vanwege het adembenemende landschap, maar geeft het ook een inkijk in de traditie van appelteelt en landbouw in Sm\u00e5land. Of je nu van natuur houdt, van lekker eten of gewoon een rustgevende dagtripje zoekt \u2014 \u00c4ppledalen heeft voor ieder wat wils.<\/p>\n<p>\n                <\/div>\n                                                <div class=\"dynamicContentTwoColumns dynamicContentTwoColumns__imageWrapper\">\n                    <img loading=\"lazy\" decoding=\"async\" width=\"500\" height=\"334\" src=\"https:\/\/www.visitsmaland.se\/wp-content\/uploads\/2025\/03\/Rudenstam-02_PeterAppelin_DestinationJonkoping.jpg\" class=\"attachment-500x500 size-500x500\" alt=\"\" srcset=\"https:\/\/www.visitsmaland.se\/wp-content\/uploads\/2025\/03\/Rudenstam-02_PeterAppelin_DestinationJonkoping.jpg 2048w, https:\/\/www.visitsmaland.se\/wp-content\/uploads\/2025\/03\/Rudenstam-02_PeterAppelin_DestinationJonkoping-300x200.jpg 300w, https:\/\/www.visitsmaland.se\/wp-content\/uploads\/2025\/03\/Rudenstam-02_PeterAppelin_DestinationJonkoping-1024x684.jpg 1024w, https:\/\/www.visitsmaland.se\/wp-content\/uploads\/2025\/03\/Rudenstam-02_PeterAppelin_DestinationJonkoping-768x513.jpg 768w, https:\/\/www.visitsmaland.se\/wp-content\/uploads\/2025\/03\/Rudenstam-02_PeterAppelin_DestinationJonkoping-1536x1025.jpg 1536w\" sizes=\"(max-width: 500px) 100vw, 500px\" \/>                <\/div>\n                                                <div class=\"wp-block-buttons is-layout-flex wp-block-buttons-is-layout-flex\">\n                    <div class=\"wp-block-button\">\n                        <a aria-label=\"Lees verder\" class=\"wp-block-button__link wp-element-button dynamicContentTwoColumns dynamicContentTwoColumns__ctaButton\" href=\"https:\/\/xn--ppledalen-u2a.se\/\">\n                            Lees meer over de Appelvallei                        <\/a>\n                    <\/div>\n                <\/div>\n                        <\/div>\n<\/div>\n\n\n<div class=\"contentImageTwoColumns contentImageTwoColumns__wrapper\" style=\"background-color: #374632\">\n    <div class=\"contentImageTwoColumns contentImageTwoColumns__container layout-reversed\">\n        <div class=\"contentImageTwoColumns contentImageTwoColumns__contentWrapper\">\n            <h2 class=\"contentImageTwoColumns contentImageTwoColumns__heading\" style=\"color: #ffffff\">\n                Uitkijkpunt Vistakulle            <\/h2>\n            <div class=\"contentImageTwoColumns contentImageTwoColumns__text contentImageTwoColumns__text--short\" style=\"color: #ffffff\">\n                                    <p>Het uitkijkpunt Vistakulle biedt een prachtig panoramisch uitzicht over \u00c4ppledalen, het V\u00e4ttern meer en het nabijgelegen platteland. Vanaf de top heb je een geweldig uitzicht over de boomgaarden en&#8230;                    <button type=\"button\" class=\"contentImageTwoColumns contentImageTwoColumns__readMoreLess\">\n                        Lees verder +                    <\/button>\n                            <\/div>\n            <div class=\"contentImageTwoColumns contentImageTwoColumns__text contentImageTwoColumns__text--full\" style=\"color: #ffffff\">\n                <p>Het uitkijkpunt Vistakulle biedt een prachtig panoramisch uitzicht over \u00c4ppledalen, het V\u00e4ttern meer en het nabijgelegen platteland. Vanaf de top heb je een geweldig uitzicht over de boomgaarden en de rustige natuur. Deze plek is geliefd bij fotografen \u00e9n mensen die gewoon willen ontspannen. Wie de steile route naar boven loopt, wordt beloond met een onvergetelijk uitzicht \u2013 en het charmante theehuisje nodigt uit om even te pauzeren.<\/p>\n                <button type=\"button\" class=\"contentImageTwoColumns contentImageTwoColumns__readMoreLess\">\n                    Lees minder &#8211;                <\/button>\n            <\/div>\n                        <div class=\"wp-block-buttons is-layout-flex wp-block-buttons-is-layout-flex\">\n                <div class=\"wp-block-button \">\n                    <a aria-label=\"Uitkijkpunt Vistakulle\" class=\"wp-block-button__link wp-element-button\" href=\"https:\/\/www.jonkoping.se\/fritid-kultur--natur\/friluftsliv-natur-och-parker\/naturreservat-och-naturminnen\/naturreservatet-vista-kulle\" style=\"background-color: #f4f2eb; color: #000000;border: solid 1px #f4f2eb\">\n                        Uitkijkpunt Vistakulle                    <\/a>\n                <\/div>\n            <\/div>\n                                <\/div>\n        <div class=\"contentImageTwoColumns contentImageTwoColumns__imageWrapper\">\n            <img loading=\"lazy\" decoding=\"async\" width=\"1024\" height=\"740\" src=\"https:\/\/www.visitsmaland.se\/wp-content\/uploads\/2025\/02\/VistaKulle_Huskvarna_DJAB-1024x740.jpg\" class=\"attachment-grid-card-images size-grid-card-images\" alt=\"\" \/>        <\/div>\n    <\/div>\n<\/div>\n\n\n\n<div style=\"height:18px\" aria-hidden=\"true\" class=\"wp-block-spacer\"><\/div>\n\n\n\n<div class=\"wp-block-group alignwide is-layout-constrained wp-block-group-is-layout-constrained\">\n<figure class=\"wp-block-embed is-type-video is-provider-youtube wp-block-embed-youtube wp-embed-aspect-16-9 wp-has-aspect-ratio\"><div class=\"wp-block-embed__wrapper\">\n<iframe loading=\"lazy\" title=\"V\u00e4lkommen till \u00c4ppledalen \u2013 uppt\u00e4ck Sm\u00e5lands Toscana\" width=\"500\" height=\"281\" src=\"https:\/\/www.youtube.com\/embed\/WZ2N2je6mIw?feature=oembed&#038;enablejsapi=1&#038;origin=https:\/\/www.visitsmaland.se\" frameborder=\"0\" allow=\"accelerometer; autoplay; clipboard-write; encrypted-media; gyroscope; picture-in-picture; web-share\" referrerpolicy=\"strict-origin-when-cross-origin\" allowfullscreen><\/iframe>\n<\/div><\/figure>\n<\/div>\n\n\n\n<div class=\"wp-block-group has-visitsmaland-greige-background-color has-background is-layout-constrained wp-block-group-is-layout-constrained\"><div class=\"dynamicContentTwoColumns dynamicContentTwoColumns__wrapper\">\n    <div class=\"dynamicContentTwoColumns dynamicContentTwoColumns__container\">\n                                    <h3 class=\"dynamicContentTwoColumns dynamicContentTwoColumns__heading\">\n                    Boomgaarden en boerderijen                <\/h3>\n                                                <div class=\"dynamicContentTwoColumns dynamicContentTwoColumns__text\">\n                    <p><p>Wat \u00c4ppledalen echt uniek maakt, zijn de vele boomgaarden. Er zijn verschillende boerderijen die verschillende soorten appels verbouwen. Bij Rudenstams boerderijwinkel &amp; caf\u00e9 kun je met een gids het proces van appelteelt en oogst ontdekken. In het appelseizoen kun je verse appels kopen of je eigen appels laten persen tot sap.<\/p>\n<p>\n                <\/div>\n                                                <div class=\"dynamicContentTwoColumns dynamicContentTwoColumns__text\">\n                    <p><p>Voor fijnproevers is \u00c4ppledalen een paradijs. Naast appels vind je lokaal geproduceerde appelcider, sap en andere seizoensgebonden lekkernijen. Verschillende boerderijen en caf\u00e9s serveren traditionele Sm\u00e5landse gerechten met focus op lokale ingredi\u00ebnten. En natuurlijk kun je genieten van huisgemaakte appeltaart en andere lekkernijen \u2014 perfect voor een fika na een dag in de natuur.<\/p>\n<p>\n                <\/div>\n                                                <div class=\"dynamicContentTwoColumns dynamicContentTwoColumns__imageWrapper\">\n                    <img loading=\"lazy\" decoding=\"async\" width=\"500\" height=\"333\" src=\"https:\/\/www.visitsmaland.se\/wp-content\/uploads\/2025\/03\/TD-SWEDEN-GRENNA-1.jpg\" class=\"attachment-500x500 size-500x500\" alt=\"\" srcset=\"https:\/\/www.visitsmaland.se\/wp-content\/uploads\/2025\/03\/TD-SWEDEN-GRENNA-1.jpg 2500w, https:\/\/www.visitsmaland.se\/wp-content\/uploads\/2025\/03\/TD-SWEDEN-GRENNA-1-300x200.jpg 300w, https:\/\/www.visitsmaland.se\/wp-content\/uploads\/2025\/03\/TD-SWEDEN-GRENNA-1-1024x683.jpg 1024w, https:\/\/www.visitsmaland.se\/wp-content\/uploads\/2025\/03\/TD-SWEDEN-GRENNA-1-768x512.jpg 768w, https:\/\/www.visitsmaland.se\/wp-content\/uploads\/2025\/03\/TD-SWEDEN-GRENNA-1-1536x1024.jpg 1536w, https:\/\/www.visitsmaland.se\/wp-content\/uploads\/2025\/03\/TD-SWEDEN-GRENNA-1-2048x1366.jpg 2048w\" sizes=\"(max-width: 500px) 100vw, 500px\" \/>                <\/div>\n                                                <h3 class=\"dynamicContentTwoColumns dynamicContentTwoColumns__heading\">\n                    Rudenstams boerderijwinkel &#038; caf\u00e9                <\/h3>\n                                                <div class=\"dynamicContentTwoColumns dynamicContentTwoColumns__text\">\n                    <p><p>Rudenstams boerderijwinkel &amp; caf\u00e9 ligt in het hart van het landelijke Sm\u00e5land en is een geliefde plek onder zowel inwoners als toeristen. Je kunt er vers fruit en groenten kopen, evenals producten van eigen land zoals sap, jam en honing. In het caf\u00e9 heerst een gezellige sfeer waar je geniet van huisgemaakte taarten en vers gezette koffie \u2014 appeltaart is tijdens het seizoen een absolute aanrader.<\/p>\n<p>\n                <\/div>\n                                                <div class=\"wp-block-buttons is-layout-flex wp-block-buttons-is-layout-flex\">\n                    <div class=\"wp-block-button\">\n                        <a aria-label=\"Lees verder\" class=\"wp-block-button__link wp-element-button dynamicContentTwoColumns dynamicContentTwoColumns__ctaButton\" href=\"https:\/\/rudenstam.se\/\">\n                            Rudenstams Bessen &#038; Fruit                        <\/a>\n                    <\/div>\n                <\/div>\n                                                <div class=\"dynamicContentTwoColumns dynamicContentTwoColumns__imageWrapper\">\n                    <img loading=\"lazy\" decoding=\"async\" width=\"500\" height=\"334\" src=\"https:\/\/www.visitsmaland.se\/wp-content\/uploads\/2025\/03\/Rudenstams-5-webb.jpg\" class=\"attachment-500x500 size-500x500\" alt=\"\" srcset=\"https:\/\/www.visitsmaland.se\/wp-content\/uploads\/2025\/03\/Rudenstams-5-webb.jpg 2000w, https:\/\/www.visitsmaland.se\/wp-content\/uploads\/2025\/03\/Rudenstams-5-webb-300x200.jpg 300w, https:\/\/www.visitsmaland.se\/wp-content\/uploads\/2025\/03\/Rudenstams-5-webb-1024x683.jpg 1024w, https:\/\/www.visitsmaland.se\/wp-content\/uploads\/2025\/03\/Rudenstams-5-webb-768x512.jpg 768w, https:\/\/www.visitsmaland.se\/wp-content\/uploads\/2025\/03\/Rudenstams-5-webb-1536x1025.jpg 1536w\" sizes=\"(max-width: 500px) 100vw, 500px\" \/>                <\/div>\n                                                <h3 class=\"dynamicContentTwoColumns dynamicContentTwoColumns__heading\">\n                    Grafitgr\u00e5 &#038; Grafitgr\u00e5 Caf\u00e9                 <\/h3>\n                                                <div class=\"dynamicContentTwoColumns dynamicContentTwoColumns__text\">\n                    <p><p>Grafitgr\u00e5 is een bijzondere winkel met caf\u00e9 in Kaxholmen. Het combineert interieurdesign, woonaccessoires en een ontspannen caf\u00e9-beleving op een stijlvolle manier. In de winkel vind je zorgvuldig geselecteerde woonitems \u2014 meubels, kunst en handwerk \u2014 terwijl je in het caf\u00e9 geniet van aromatische koffie, gebak en sandwiches. Een ideaal plekje om in stijl even tot rust te komen.<\/p>\n<p>\n                <\/div>\n                                                <div class=\"wp-block-buttons is-layout-flex wp-block-buttons-is-layout-flex\">\n                    <div class=\"wp-block-button\">\n                        <a aria-label=\"Lees verder\" class=\"wp-block-button__link wp-element-button dynamicContentTwoColumns dynamicContentTwoColumns__ctaButton\" href=\"https:\/\/grafitgra.se\/besok-grafitgra\/cafe\/\">\n                            Grafitgr\u00e5 &#038; Grafitgr\u00e5 Caf\u00e9                         <\/a>\n                    <\/div>\n                <\/div>\n                                                <div class=\"dynamicContentTwoColumns dynamicContentTwoColumns__imageWrapper\">\n                    <img loading=\"lazy\" decoding=\"async\" width=\"500\" height=\"334\" src=\"https:\/\/www.visitsmaland.se\/wp-content\/uploads\/2025\/03\/grafitgra-webb.jpg\" class=\"attachment-500x500 size-500x500\" alt=\"\" srcset=\"https:\/\/www.visitsmaland.se\/wp-content\/uploads\/2025\/03\/grafitgra-webb.jpg 2000w, https:\/\/www.visitsmaland.se\/wp-content\/uploads\/2025\/03\/grafitgra-webb-300x200.jpg 300w, https:\/\/www.visitsmaland.se\/wp-content\/uploads\/2025\/03\/grafitgra-webb-1024x683.jpg 1024w, https:\/\/www.visitsmaland.se\/wp-content\/uploads\/2025\/03\/grafitgra-webb-768x512.jpg 768w, https:\/\/www.visitsmaland.se\/wp-content\/uploads\/2025\/03\/grafitgra-webb-1536x1025.jpg 1536w\" sizes=\"(max-width: 500px) 100vw, 500px\" \/>                <\/div>\n                                                <h3 class=\"dynamicContentTwoColumns dynamicContentTwoColumns__heading\">\n                    Vistakulle Boomgaard                <\/h3>\n                                                <div class=\"dynamicContentTwoColumns dynamicContentTwoColumns__text\">\n                    <p><p>De familieboerderij Vistakulle is gespecialiseerd in appelteelt en biedt een ruim assortiment appelsoorten die in het najaar direct verkocht worden. Bezoekers kunnen ook zelf appels plukken \u2014 een populaire activiteit. Daarnaast produceert de boerderij wijn, die je ter plekke kunt proeven en kopen.<\/p>\n<p>\n                <\/div>\n                                                <div class=\"wp-block-buttons is-layout-flex wp-block-buttons-is-layout-flex\">\n                    <div class=\"wp-block-button\">\n                        <a aria-label=\"Lees verder\" class=\"wp-block-button__link wp-element-button dynamicContentTwoColumns dynamicContentTwoColumns__ctaButton\" href=\"https:\/\/vistakullefruktodling.se\/\">\n                            Vistakulle Boomgaard                        <\/a>\n                    <\/div>\n                <\/div>\n                                                <h3 class=\"dynamicContentTwoColumns dynamicContentTwoColumns__heading\">\n                    Strands G\u00e5rd \u2013 Boerderijwinkel                <\/h3>\n                                                <div class=\"dynamicContentTwoColumns dynamicContentTwoColumns__text\">\n                    <p><p>De boerderijwinkel van Strands G\u00e5rd biedt een breed assortiment aan lokaal geproduceerde producten: vers fruit, groenten, vlees en andere streekdelicatessen. De focus ligt op kwaliteit en duurzaamheid, en veel producten zijn biologisch. Het is een perfecte plek voor wie lokaal wil shoppen en wil genieten van de smaken uit de natuur.<\/p>\n<p>\n                <\/div>\n                                                <div class=\"wp-block-buttons is-layout-flex wp-block-buttons-is-layout-flex\">\n                    <div class=\"wp-block-button\">\n                        <a aria-label=\"Lees verder\" class=\"wp-block-button__link wp-element-button dynamicContentTwoColumns dynamicContentTwoColumns__ctaButton\" href=\"https:\/\/www.strandsgard.se\/\">\n                            Strands G\u00e5rd \u2013 Boerderijwinkel                        <\/a>\n                    <\/div>\n                <\/div>\n                        <\/div>\n<\/div>\n<\/div>\n\n\n<div class=\"contentImageTwoColumns contentImageTwoColumns__wrapper\" style=\"background-color: #374632\">\n    <div class=\"contentImageTwoColumns contentImageTwoColumns__container \">\n        <div class=\"contentImageTwoColumns contentImageTwoColumns__contentWrapper\">\n            <h2 class=\"contentImageTwoColumns contentImageTwoColumns__heading\" style=\"color: #ffffff\">\n                Kallfeldts Lederfabriek            <\/h2>\n            <div class=\"contentImageTwoColumns contentImageTwoColumns__text contentImageTwoColumns__text--short\" style=\"color: #ffffff\">\n                                    <p>De Kallfeldts Lederfabriek is een historisch bedrijf en werkplaats waar hoogwaardig leer wordt verwerkt tot handgemaakte tassen, portemonnees en andere exclusieve accessoires. Ambacht wordt gecombi&#8230;                    <button type=\"button\" class=\"contentImageTwoColumns contentImageTwoColumns__readMoreLess\">\n                        Lees verder +                    <\/button>\n                            <\/div>\n            <div class=\"contentImageTwoColumns contentImageTwoColumns__text contentImageTwoColumns__text--full\" style=\"color: #ffffff\">\n                <p>De Kallfeldts Lederfabriek is een historisch bedrijf en werkplaats waar hoogwaardig leer wordt verwerkt tot handgemaakte tassen, portemonnees en andere exclusieve accessoires. Ambacht wordt gecombineerd met modern design, wat zorgt voor tijdloze \u00e9n functionele producten. Bezoekers krijgen inzicht in het duurzame productieproces en kunnen producten direct in de fabriek kopen.<\/p>\n                <button type=\"button\" class=\"contentImageTwoColumns contentImageTwoColumns__readMoreLess\">\n                    Lees minder &#8211;                <\/button>\n            <\/div>\n                        <div class=\"wp-block-buttons is-layout-flex wp-block-buttons-is-layout-flex\">\n                <div class=\"wp-block-button \">\n                    <a aria-label=\"Lees meer over Kallfeldts leerfabriek\" class=\"wp-block-button__link wp-element-button\" href=\"https:\/\/kallfeldtsladerfabrik.se\/\" style=\"background-color: #f4f2eb; color: #000000;border: solid 1px #f4f2eb\">\n                        Lees meer over Kallfeldts leerfabriek                    <\/a>\n                <\/div>\n            <\/div>\n                                <\/div>\n        <div class=\"contentImageTwoColumns contentImageTwoColumns__imageWrapper\">\n            <img loading=\"lazy\" decoding=\"async\" width=\"1000\" height=\"667\" src=\"https:\/\/www.visitsmaland.se\/wp-content\/uploads\/2025\/11\/KF_Hillevi_Johan_Rickard_2.0.jpg\" class=\"attachment-grid-card-images size-grid-card-images\" alt=\"\" srcset=\"https:\/\/www.visitsmaland.se\/wp-content\/uploads\/2025\/11\/KF_Hillevi_Johan_Rickard_2.0.jpg 1000w, https:\/\/www.visitsmaland.se\/wp-content\/uploads\/2025\/11\/KF_Hillevi_Johan_Rickard_2.0-300x200.jpg 300w, https:\/\/www.visitsmaland.se\/wp-content\/uploads\/2025\/11\/KF_Hillevi_Johan_Rickard_2.0-768x512.jpg 768w\" sizes=\"(max-width: 1000px) 100vw, 1000px\" \/>        <\/div>\n    <\/div>\n<\/div>\n\n\n\n<div style=\"height:18px\" aria-hidden=\"true\" class=\"wp-block-spacer\"><\/div>\n\n\n\n<figure class=\"wp-block-gallery has-nested-images columns-default is-cropped wp-block-gallery-2 is-layout-flex wp-block-gallery-is-layout-flex\">\n<figure class=\"wp-block-image size-large\"><img loading=\"lazy\" decoding=\"async\" width=\"1000\" height=\"1000\" data-id=\"77948\" src=\"https:\/\/www.visitsmaland.se\/wp-content\/uploads\/2025\/11\/KF_butiken_disk-edited.jpg\" alt=\"\" class=\"wp-image-77948\" srcset=\"https:\/\/www.visitsmaland.se\/wp-content\/uploads\/2025\/11\/KF_butiken_disk-edited.jpg 1000w, https:\/\/www.visitsmaland.se\/wp-content\/uploads\/2025\/11\/KF_butiken_disk-edited-300x300.jpg 300w, https:\/\/www.visitsmaland.se\/wp-content\/uploads\/2025\/11\/KF_butiken_disk-edited-150x150.jpg 150w, https:\/\/www.visitsmaland.se\/wp-content\/uploads\/2025\/11\/KF_butiken_disk-edited-768x768.jpg 768w\" sizes=\"(max-width: 1000px) 100vw, 1000px\" \/><\/figure>\n\n\n\n<figure class=\"wp-block-image size-large\"><img loading=\"lazy\" decoding=\"async\" width=\"1000\" height=\"1000\" data-id=\"77953\" src=\"https:\/\/www.visitsmaland.se\/wp-content\/uploads\/2025\/11\/KF_pragling_2.0-edited.jpg\" alt=\"\" class=\"wp-image-77953\" srcset=\"https:\/\/www.visitsmaland.se\/wp-content\/uploads\/2025\/11\/KF_pragling_2.0-edited.jpg 1000w, https:\/\/www.visitsmaland.se\/wp-content\/uploads\/2025\/11\/KF_pragling_2.0-edited-300x300.jpg 300w, https:\/\/www.visitsmaland.se\/wp-content\/uploads\/2025\/11\/KF_pragling_2.0-edited-150x150.jpg 150w, https:\/\/www.visitsmaland.se\/wp-content\/uploads\/2025\/11\/KF_pragling_2.0-edited-768x768.jpg 768w\" sizes=\"(max-width: 1000px) 100vw, 1000px\" \/><\/figure>\n\n\n\n<figure class=\"wp-block-image size-large\"><img loading=\"lazy\" decoding=\"async\" width=\"1000\" height=\"1000\" data-id=\"77970\" src=\"https:\/\/www.visitsmaland.se\/wp-content\/uploads\/2025\/11\/KF_nitmaskin_2.0-edited.jpg\" alt=\"\" class=\"wp-image-77970\" srcset=\"https:\/\/www.visitsmaland.se\/wp-content\/uploads\/2025\/11\/KF_nitmaskin_2.0-edited.jpg 1000w, https:\/\/www.visitsmaland.se\/wp-content\/uploads\/2025\/11\/KF_nitmaskin_2.0-edited-300x300.jpg 300w, https:\/\/www.visitsmaland.se\/wp-content\/uploads\/2025\/11\/KF_nitmaskin_2.0-edited-150x150.jpg 150w, https:\/\/www.visitsmaland.se\/wp-content\/uploads\/2025\/11\/KF_nitmaskin_2.0-edited-768x768.jpg 768w\" sizes=\"(max-width: 1000px) 100vw, 1000px\" \/><\/figure>\n<\/figure>\n\n\n<div class=\"contentImageTwoColumns contentImageTwoColumns__wrapper\" style=\"background-color: \">\n    <div class=\"contentImageTwoColumns contentImageTwoColumns__container \">\n        <div class=\"contentImageTwoColumns contentImageTwoColumns__contentWrapper\">\n            <h2 class=\"contentImageTwoColumns contentImageTwoColumns__heading\" style=\"color: \">\n                Gisebo Wijn            <\/h2>\n            <div class=\"contentImageTwoColumns contentImageTwoColumns__text contentImageTwoColumns__text--short\" style=\"color: \">\n                                    <p>Gisebo Wijn is een kleinschalige wijngaard in \u00c4ppledalen. In de zomer kun je er wijn proeven en eenvoudige gerechten nuttigen in het kas-restaurant. Je kunt het hele jaar door verblijven bij het wijndomein, wat zorgt voor een charmante buitenervaring.<\/p>\n                            <\/div>\n            <div class=\"contentImageTwoColumns contentImageTwoColumns__text contentImageTwoColumns__text--full\" style=\"color: \">\n                <p>Gisebo Wijn is een kleinschalige wijngaard in \u00c4ppledalen. In de zomer kun je er wijn proeven en eenvoudige gerechten nuttigen in het kas-restaurant. Je kunt het hele jaar door verblijven bij het wijndomein, wat zorgt voor een charmante buitenervaring.<\/p>\n                <button type=\"button\" class=\"contentImageTwoColumns contentImageTwoColumns__readMoreLess\">\n                    Lees minder &#8211;                <\/button>\n            <\/div>\n                        <div class=\"wp-block-buttons is-layout-flex wp-block-buttons-is-layout-flex\">\n                <div class=\"wp-block-button \">\n                    <a aria-label=\"Lees meer over Gisebo Wijn\" class=\"wp-block-button__link wp-element-button\" href=\"https:\/\/gisebovin.se\/\" style=\"background-color: #fbbd51; color: #000000;border: solid 1px #fbbd51\">\n                        Lees meer over Gisebo Wijn                    <\/a>\n                <\/div>\n            <\/div>\n                                <\/div>\n        <div class=\"contentImageTwoColumns contentImageTwoColumns__imageWrapper\">\n            <img loading=\"lazy\" decoding=\"async\" width=\"1024\" height=\"740\" src=\"https:\/\/www.visitsmaland.se\/wp-content\/uploads\/2025\/03\/vin-webb-1024x740.jpg\" class=\"attachment-grid-card-images size-grid-card-images\" alt=\"\" \/>        <\/div>\n    <\/div>\n<\/div>\n\n\n<div class=\"contentImageTwoColumns contentImageTwoColumns__wrapper\" style=\"background-color: #374632\">\n    <div class=\"contentImageTwoColumns contentImageTwoColumns__container layout-reversed\">\n        <div class=\"contentImageTwoColumns contentImageTwoColumns__contentWrapper\">\n            <h2 class=\"contentImageTwoColumns contentImageTwoColumns__heading\" style=\"color: #ffffff\">\n                Boerderij Brunstorp            <\/h2>\n            <div class=\"contentImageTwoColumns contentImageTwoColumns__text contentImageTwoColumns__text--short\" style=\"color: #ffffff\">\n                                    <p>Brunstorps G\u00e5rd is een sfeervolle boerderij die bekend staat om haar \u201cfruitbank\u201d \u2014 een verzameling van appel-, peren- en kersensoorten. In de zomer worden er rondleidingen georganiseerd langs de bo&#8230;                    <button type=\"button\" class=\"contentImageTwoColumns contentImageTwoColumns__readMoreLess\">\n                        Lees verder +                    <\/button>\n                            <\/div>\n            <div class=\"contentImageTwoColumns contentImageTwoColumns__text contentImageTwoColumns__text--full\" style=\"color: #ffffff\">\n                <p>Brunstorps G\u00e5rd is een sfeervolle boerderij die bekend staat om haar \u201cfruitbank\u201d \u2014 een verzameling van appel-, peren- en kersensoorten. In de zomer worden er rondleidingen georganiseerd langs de boomgaarden, kun je genieten van fika in het caf\u00e9, en is het huren van een authentieke boerderijwoning mogelijk.<\/p>\n                <button type=\"button\" class=\"contentImageTwoColumns contentImageTwoColumns__readMoreLess\">\n                    Lees minder &#8211;                <\/button>\n            <\/div>\n                        <div class=\"wp-block-buttons is-layout-flex wp-block-buttons-is-layout-flex\">\n                <div class=\"wp-block-button \">\n                    <a aria-label=\"Lees meer over de boerderij Brunstorp\" class=\"wp-block-button__link wp-element-button\" href=\"https:\/\/www.brunstorpscafe.com\/\" style=\"background-color: #f4f2eb; color: #000000;border: solid 1px #f4f2eb\">\n                        Lees meer over de boerderij Brunstorp                    <\/a>\n                <\/div>\n            <\/div>\n                                <\/div>\n        <div class=\"contentImageTwoColumns contentImageTwoColumns__imageWrapper\">\n            <img loading=\"lazy\" decoding=\"async\" width=\"1024\" height=\"740\" src=\"https:\/\/www.visitsmaland.se\/wp-content\/uploads\/2025\/03\/brunstorsps-gard-webb-1024x740.jpg\" class=\"attachment-grid-card-images size-grid-card-images\" alt=\"\" \/>        <\/div>\n    <\/div>\n<\/div>\n\n\n<div class=\"dynamicContentTwoColumns dynamicContentTwoColumns__wrapper\">\n    <div class=\"dynamicContentTwoColumns dynamicContentTwoColumns__container\">\n                                    <h3 class=\"dynamicContentTwoColumns dynamicContentTwoColumns__heading\">\n                    Wandelen rond \u00c4ppledalen                <\/h3>\n                                                <div class=\"dynamicContentTwoColumns dynamicContentTwoColumns__text\">\n                    <p><p data-start=\"6574\" data-end=\"6789\"><strong data-start=\"6574\" data-end=\"6589\">Vista Kulle<\/strong> \u2013 Een korte, maar steile wandeling leidt naar de top van Vista Kulle, vanwaar je een panoramisch uitzicht hebt over \u00c4ppledalen, het meer Landsj\u00f6n en V\u00e4ttern.<\/p>\n<p>\n                <\/div>\n                                                <div class=\"dynamicContentTwoColumns dynamicContentTwoColumns__text\">\n                    <p><p data-start=\"6792\" data-end=\"6987\"><strong data-start=\"6792\" data-end=\"6827\">Rondwandeling Landsj\u00f6n (~12 km)<\/strong> \u2013 Wandel helemaal rond het meer Landsj\u00f6n en ontdek de boomgaarden, het vogelrijke landschap en de rust van de natuur.<\/p>\n<p>\n                <\/div>\n                                                <div class=\"dynamicContentTwoColumns dynamicContentTwoColumns__text\">\n                    <p><p><strong data-start=\"6990\" data-end=\"7015\">Vistakulle \/ \u00d6xnehaga<\/strong> \u2013 Een uitgestrekt natuurgebied met gemarkeerde paden, uitzichtpunten en picknickplekken \u2013 dichtbij, maar toch in de wildernis.<\/p>\n<p>\n                <\/div>\n                                                <div class=\"dynamicContentTwoColumns dynamicContentTwoColumns__imageWrapper\">\n                    <img loading=\"lazy\" decoding=\"async\" width=\"500\" height=\"334\" src=\"https:\/\/www.visitsmaland.se\/wp-content\/uploads\/2025\/03\/brunstorp-utsikt-webb.jpg\" class=\"attachment-500x500 size-500x500\" alt=\"\" srcset=\"https:\/\/www.visitsmaland.se\/wp-content\/uploads\/2025\/03\/brunstorp-utsikt-webb.jpg 2000w, https:\/\/www.visitsmaland.se\/wp-content\/uploads\/2025\/03\/brunstorp-utsikt-webb-300x200.jpg 300w, https:\/\/www.visitsmaland.se\/wp-content\/uploads\/2025\/03\/brunstorp-utsikt-webb-1024x684.jpg 1024w, https:\/\/www.visitsmaland.se\/wp-content\/uploads\/2025\/03\/brunstorp-utsikt-webb-768x513.jpg 768w, https:\/\/www.visitsmaland.se\/wp-content\/uploads\/2025\/03\/brunstorp-utsikt-webb-1536x1025.jpg 1536w\" sizes=\"(max-width: 500px) 100vw, 500px\" \/>                <\/div>\n                                                <h3 class=\"dynamicContentTwoColumns dynamicContentTwoColumns__heading\">\n                    Fietsen rond \u00c4ppledalen                <\/h3>\n                                                <div class=\"dynamicContentTwoColumns dynamicContentTwoColumns__text\">\n                    <p><p data-start=\"7223\" data-end=\"7438\"><strong data-start=\"7223\" data-end=\"7257\">Kaxholmen \u2013 Huskvarna (~15 km)<\/strong> \u2013 Een schilderachtige route over rustige landwegen door het open platteland. In Huskvarna vind je culturele attracties en gezellige caf\u00e9s.<\/p>\n<p>\n                <\/div>\n                                                <div class=\"dynamicContentTwoColumns dynamicContentTwoColumns__text\">\n                    <p><p><strong data-start=\"7441\" data-end=\"7492\">V\u00e4ttern View Route (Kaxholmen \u2013 Gr\u00e4nna, ~30 km)<\/strong> \u2013 Een langere dagtocht met prachtige uitzichten over V\u00e4ttern, historische bezienswaardigheden en een tussenstop in Gr\u00e4nna.<\/p>\n<p>\n                <\/div>\n                                                <div class=\"dynamicContentTwoColumns dynamicContentTwoColumns__text\">\n                    <p><p><strong data-start=\"7660\" data-end=\"7691\">\u00c4ppledalen Loop (~10\u201315 km)<\/strong> \u2013 Stel je eigen route samen: fiets bijvoorbeeld langs Rudenstams Boerderijwinkel, Ebbarps Norrg\u00e5rd en verschillende boerderij-caf\u00e9\u2019s.<\/p>\n<p>\n                <\/div>\n                                                <div class=\"wp-block-buttons is-layout-flex wp-block-buttons-is-layout-flex\">\n                    <div class=\"wp-block-button\">\n                        <a aria-label=\"Lees verder\" class=\"wp-block-button__link wp-element-button dynamicContentTwoColumns dynamicContentTwoColumns__ctaButton\" href=\"https:\/\/xn--ppledalen-u2a.se\/wp-content\/uploads\/2023\/11\/2311_appledalen_papperskarta_digital.pdf\">\n                            Kaart van de Appelvallei                        <\/a>\n                    <\/div>\n                <\/div>\n                                                <div class=\"dynamicContentTwoColumns dynamicContentTwoColumns__imageWrapper\">\n                    <img loading=\"lazy\" decoding=\"async\" width=\"500\" height=\"334\" src=\"https:\/\/www.visitsmaland.se\/wp-content\/uploads\/2024\/04\/cykel-grimsnas-korro-scaled.jpg\" class=\"attachment-500x500 size-500x500\" alt=\"\" srcset=\"https:\/\/www.visitsmaland.se\/wp-content\/uploads\/2024\/04\/cykel-grimsnas-korro-scaled.jpg 2560w, https:\/\/www.visitsmaland.se\/wp-content\/uploads\/2024\/04\/cykel-grimsnas-korro-300x200.jpg 300w, https:\/\/www.visitsmaland.se\/wp-content\/uploads\/2024\/04\/cykel-grimsnas-korro-1024x683.jpg 1024w, https:\/\/www.visitsmaland.se\/wp-content\/uploads\/2024\/04\/cykel-grimsnas-korro-768x513.jpg 768w, https:\/\/www.visitsmaland.se\/wp-content\/uploads\/2024\/04\/cykel-grimsnas-korro-1536x1025.jpg 1536w, https:\/\/www.visitsmaland.se\/wp-content\/uploads\/2024\/04\/cykel-grimsnas-korro-2048x1367.jpg 2048w\" sizes=\"(max-width: 500px) 100vw, 500px\" \/>                <\/div>\n                        <\/div>\n<\/div>\n\n\n<div class=\"contentImageTwoColumns contentImageTwoColumns__wrapper\" style=\"background-color: #374632\">\n    <div class=\"contentImageTwoColumns contentImageTwoColumns__container layout-reversed\">\n        <div class=\"contentImageTwoColumns contentImageTwoColumns__contentWrapper\">\n            <h2 class=\"contentImageTwoColumns contentImageTwoColumns__heading\" style=\"color: #ffffff\">\n                Hunnerydsstrand            <\/h2>\n            <div class=\"contentImageTwoColumns contentImageTwoColumns__text contentImageTwoColumns__text--short\" style=\"color: #ffffff\">\n                                    <p>Hunnerydsstrand, in Kaxholmen bij het meer Landsj\u00f6n, is een geliefde plek om te zwemmen, zonnebaden of rustig te wandelen. Het zandstrand heeft ook een steiger \u2013 ideaal voor zowel zwemmers als bootliefhebbers. In de zomer is het een kalme en pittoreske plek voor gezinnen.<\/p>\n                            <\/div>\n            <div class=\"contentImageTwoColumns contentImageTwoColumns__text contentImageTwoColumns__text--full\" style=\"color: #ffffff\">\n                <p>Hunnerydsstrand, in Kaxholmen bij het meer Landsj\u00f6n, is een geliefde plek om te zwemmen, zonnebaden of rustig te wandelen. Het zandstrand heeft ook een steiger \u2013 ideaal voor zowel zwemmers als bootliefhebbers. In de zomer is het een kalme en pittoreske plek voor gezinnen.<\/p>\n                <button type=\"button\" class=\"contentImageTwoColumns contentImageTwoColumns__readMoreLess\">\n                    Lees minder &#8211;                <\/button>\n            <\/div>\n                        <div class=\"wp-block-buttons is-layout-flex wp-block-buttons-is-layout-flex\">\n                <div class=\"wp-block-button \">\n                    <a aria-label=\"Naturkartan.se\" class=\"wp-block-button__link wp-element-button\" href=\"https:\/\/www.naturkartan.se\/en\/jonkopings-lan\/hunnerydsbadet-da5bb3dc-cdc6-45af-99bd-ec95c0eb7de1\" style=\"background-color: #f4f2eb; color: #000000;border: solid 1px #f4f2eb\">\n                        Naturkartan.se                    <\/a>\n                <\/div>\n            <\/div>\n                                <\/div>\n        <div class=\"contentImageTwoColumns contentImageTwoColumns__imageWrapper\">\n            <img loading=\"lazy\" decoding=\"async\" width=\"1024\" height=\"740\" src=\"https:\/\/www.visitsmaland.se\/wp-content\/uploads\/2025\/03\/vatterstranden-3-webb-1024x740.jpg\" class=\"attachment-grid-card-images size-grid-card-images\" alt=\"\" \/>        <\/div>\n    <\/div>\n<\/div>\n\n\n\n<section class=\"contentFAQBlock contentFAQBlock__wrapper\">\n    <div class=\"contentFAQBlock contentFAQBlock__container\">\n                    <h2 class=\"contentFAQBlock contentFAQBlock__title\">FAQ over \u00c4ppledalen<\/h2>\n                \n        <div class=\"contentFAQBlock contentFAQBlock__faqContent\" itemscope itemtype=\"https:\/\/schema.org\/FAQPage\">\n            <div id=\"accordion-group-block_d8c6c9a03830a5705903b002c88c1423\" class=\"contentFAQBlock contentFAQBlock__accordion\" data-allow-toggle>\n                                                <div class=\"contentFAQBlock contentFAQBlock__categoryGroup\">\n                                                                                                                <div class=\"contentFAQBlock contentFAQBlock__accordionItem\" itemscope itemprop=\"mainEntity\" itemtype=\"https:\/\/schema.org\/Question\">\n                                            <h4>\n                                                <button aria-expanded=\"false\" class=\"contentFAQBlock contentFAQBlock__accordionTrigger accordion-trigger\" aria-controls=\"accordion96535-cat1144-block_d8c6c9a03830a5705903b002c88c1423\" id=\"accordion96535-cat1144-block_d8c6c9a03830a5705903b002c88c1423id\">\n                                                    <span class=\"contentFAQBlock contentFAQBlock__accordionTitle accordion-title\" itemprop=\"name\">\n                                                        Kan ik overnachten in of rond \u00c4ppledalen?                                                        <span class=\"contentFAQBlock contentFAQBlock__accordionIcon accordion-icon\"><\/span>\n                                                    <\/span>\n                                                <\/button>\n                                            <\/h4>\n                                            <div itemscope itemprop=\"acceptedAnswer\" itemtype=\"https:\/\/schema.org\/Answer\" id=\"accordion96535-cat1144-block_d8c6c9a03830a5705903b002c88c1423\" role=\"region\" aria-labelledby=\"accordion96535-cat1144-block_d8c6c9a03830a5705903b002c88c1423id\" class=\"contentFAQBlock contentFAQBlock__accordionPanel accordion-panel\" hidden>\n                                                <div itemprop=\"text\" class=\"contentFAQBlock contentFAQBlock__accordionContent accordion-content\">\n                                                    <p>Ja, er zijn overnachtingsmogelijkheden in de omgeving van \u00c4ppledalen, onder andere in de nabijgelegen stad Huskvarna, J\u00f6nk\u00f6ping &#038; Gr\u00e4nna waar je hotels, pensions en campings kunt vinden. <\/p>\n                                                <\/div>\n                                            <\/div>\n                                        <\/div>\n                                                                            <div class=\"contentFAQBlock contentFAQBlock__accordionItem\" itemscope itemprop=\"mainEntity\" itemtype=\"https:\/\/schema.org\/Question\">\n                                            <h4>\n                                                <button aria-expanded=\"false\" class=\"contentFAQBlock contentFAQBlock__accordionTrigger accordion-trigger\" aria-controls=\"accordion96533-cat1144-block_d8c6c9a03830a5705903b002c88c1423\" id=\"accordion96533-cat1144-block_d8c6c9a03830a5705903b002c88c1423id\">\n                                                    <span class=\"contentFAQBlock contentFAQBlock__accordionTitle accordion-title\" itemprop=\"name\">\n                                                        Waarom wordt \u00c4ppledalen het \u201cToscane van Sm\u00e5land\u201d genoemd?                                                        <span class=\"contentFAQBlock contentFAQBlock__accordionIcon accordion-icon\"><\/span>\n                                                    <\/span>\n                                                <\/button>\n                                            <\/h4>\n                                            <div itemscope itemprop=\"acceptedAnswer\" itemtype=\"https:\/\/schema.org\/Answer\" id=\"accordion96533-cat1144-block_d8c6c9a03830a5705903b002c88c1423\" role=\"region\" aria-labelledby=\"accordion96533-cat1144-block_d8c6c9a03830a5705903b002c88c1423id\" class=\"contentFAQBlock contentFAQBlock__accordionPanel accordion-panel\" hidden>\n                                                <div itemprop=\"text\" class=\"contentFAQBlock contentFAQBlock__accordionContent accordion-content\">\n                                                    <p>\u00c4ppledalen wordt vaak het Toscane van Sm\u00e5land genoemd, omdat het landschap hier veel weg heeft van dat in Toscane, Itali\u00eb. Er zijn hier ook diverse landbouwgebieden.<\/p>\n                                                <\/div>\n                                            <\/div>\n                                        <\/div>\n                                                                            <div class=\"contentFAQBlock contentFAQBlock__accordionItem\" itemscope itemprop=\"mainEntity\" itemtype=\"https:\/\/schema.org\/Question\">\n                                            <h4>\n                                                <button aria-expanded=\"false\" class=\"contentFAQBlock contentFAQBlock__accordionTrigger accordion-trigger\" aria-controls=\"accordion96532-cat1144-block_d8c6c9a03830a5705903b002c88c1423\" id=\"accordion96532-cat1144-block_d8c6c9a03830a5705903b002c88c1423id\">\n                                                    <span class=\"contentFAQBlock contentFAQBlock__accordionTitle accordion-title\" itemprop=\"name\">\n                                                        Wat is \u00c4ppledalen en waar ligt het?                                                        <span class=\"contentFAQBlock contentFAQBlock__accordionIcon accordion-icon\"><\/span>\n                                                    <\/span>\n                                                <\/button>\n                                            <\/h4>\n                                            <div itemscope itemprop=\"acceptedAnswer\" itemtype=\"https:\/\/schema.org\/Answer\" id=\"accordion96532-cat1144-block_d8c6c9a03830a5705903b002c88c1423\" role=\"region\" aria-labelledby=\"accordion96532-cat1144-block_d8c6c9a03830a5705903b002c88c1423id\" class=\"contentFAQBlock contentFAQBlock__accordionPanel accordion-panel\" hidden>\n                                                <div itemprop=\"text\" class=\"contentFAQBlock contentFAQBlock__accordionContent accordion-content\">\n                                                    <p><a href=\"https:\/\/jkpg.com\/en\/appledalen\">\u00c4ppledalen<\/a> ligt net ten noorden van Huskvarna in de provincie J\u00f6nk\u00f6ping in Sm\u00e5land en wordt vaak het \u201cToscane van Sm\u00e5land\u201d genoemd. Het is een glooiend landschap met appelboomgaarden en schilderachtige omgeving met uitzicht over Landsj\u00f6n en V\u00e4ttern<\/p>\n                                                <\/div>\n                                            <\/div>\n                                        <\/div>\n                                                                            <div class=\"contentFAQBlock contentFAQBlock__accordionItem\" itemscope itemprop=\"mainEntity\" itemtype=\"https:\/\/schema.org\/Question\">\n                                            <h4>\n                                                <button aria-expanded=\"false\" class=\"contentFAQBlock contentFAQBlock__accordionTrigger accordion-trigger\" aria-controls=\"accordion96534-cat1144-block_d8c6c9a03830a5705903b002c88c1423\" id=\"accordion96534-cat1144-block_d8c6c9a03830a5705903b002c88c1423id\">\n                                                    <span class=\"contentFAQBlock contentFAQBlock__accordionTitle accordion-title\" itemprop=\"name\">\n                                                        Wat kun je doen in \u00c4ppledalen?                                                        <span class=\"contentFAQBlock contentFAQBlock__accordionIcon accordion-icon\"><\/span>\n                                                    <\/span>\n                                                <\/button>\n                                            <\/h4>\n                                            <div itemscope itemprop=\"acceptedAnswer\" itemtype=\"https:\/\/schema.org\/Answer\" id=\"accordion96534-cat1144-block_d8c6c9a03830a5705903b002c88c1423\" role=\"region\" aria-labelledby=\"accordion96534-cat1144-block_d8c6c9a03830a5705903b002c88c1423id\" class=\"contentFAQBlock contentFAQBlock__accordionPanel accordion-panel\" hidden>\n                                                <div itemprop=\"text\" class=\"contentFAQBlock contentFAQBlock__accordionContent accordion-content\">\n                                                    <p>In \u00c4ppledalen vind je onder andere appelboomgaarden, een boerderijwinkel, een leerlooierij, een caf\u00e9 en verschillende wandel- en fietsroutes om te verkennen. <a href=\"https:\/\/xn--ppledalen-u2a.se\/\">Lees hier meer<\/a>!<\/p>\n                                                <\/div>\n                                            <\/div>\n                                        <\/div>\n                                                                            <div class=\"contentFAQBlock contentFAQBlock__accordionItem\" itemscope itemprop=\"mainEntity\" itemtype=\"https:\/\/schema.org\/Question\">\n                                            <h4>\n                                                <button aria-expanded=\"false\" class=\"contentFAQBlock contentFAQBlock__accordionTrigger accordion-trigger\" aria-controls=\"accordion96537-cat1144-block_d8c6c9a03830a5705903b002c88c1423\" id=\"accordion96537-cat1144-block_d8c6c9a03830a5705903b002c88c1423id\">\n                                                    <span class=\"contentFAQBlock contentFAQBlock__accordionTitle accordion-title\" itemprop=\"name\">\n                                                        Wat zijn de mooiste wandelroutes in \u00c4ppledalen?                                                        <span class=\"contentFAQBlock contentFAQBlock__accordionIcon accordion-icon\"><\/span>\n                                                    <\/span>\n                                                <\/button>\n                                            <\/h4>\n                                            <div itemscope itemprop=\"acceptedAnswer\" itemtype=\"https:\/\/schema.org\/Answer\" id=\"accordion96537-cat1144-block_d8c6c9a03830a5705903b002c88c1423\" role=\"region\" aria-labelledby=\"accordion96537-cat1144-block_d8c6c9a03830a5705903b002c88c1423id\" class=\"contentFAQBlock contentFAQBlock__accordionPanel accordion-panel\" hidden>\n                                                <div itemprop=\"text\" class=\"contentFAQBlock contentFAQBlock__accordionContent accordion-content\">\n                                                    <p>Ja, er zijn wandelpaden in \u00c4ppledalen, zoals de paden rond Landsj\u00f6n en de \u00c4ppledalen-route. Het gebied is ook geschikt voor fietsen en kajakken op Landsj\u00f6n. Er zijn fiets- en peddelroutes in \u00c4ppledalen; bezoekers kunnen fietsen over schilderachtige landwegen en de Landsj\u00f6n-route volgen, en kajakken of kano\u00ebn is mogelijk op Landsj\u00f6n.<\/p>\n                                                <\/div>\n                                            <\/div>\n                                        <\/div>\n                                                                            <div class=\"contentFAQBlock contentFAQBlock__accordionItem\" itemscope itemprop=\"mainEntity\" itemtype=\"https:\/\/schema.org\/Question\">\n                                            <h4>\n                                                <button aria-expanded=\"false\" class=\"contentFAQBlock contentFAQBlock__accordionTrigger accordion-trigger\" aria-controls=\"accordion96536-cat1144-block_d8c6c9a03830a5705903b002c88c1423\" id=\"accordion96536-cat1144-block_d8c6c9a03830a5705903b002c88c1423id\">\n                                                    <span class=\"contentFAQBlock contentFAQBlock__accordionTitle accordion-title\" itemprop=\"name\">\n                                                        Zijn er fietsroutes in de omgeving?                                                        <span class=\"contentFAQBlock contentFAQBlock__accordionIcon accordion-icon\"><\/span>\n                                                    <\/span>\n                                                <\/button>\n                                            <\/h4>\n                                            <div itemscope itemprop=\"acceptedAnswer\" itemtype=\"https:\/\/schema.org\/Answer\" id=\"accordion96536-cat1144-block_d8c6c9a03830a5705903b002c88c1423\" role=\"region\" aria-labelledby=\"accordion96536-cat1144-block_d8c6c9a03830a5705903b002c88c1423id\" class=\"contentFAQBlock contentFAQBlock__accordionPanel accordion-panel\" hidden>\n                                                <div itemprop=\"text\" class=\"contentFAQBlock contentFAQBlock__accordionContent accordion-content\">\n                                                    <p>Ja, er zijn wandelpaden in \u00c4ppledalen, zoals de paden rond Landsj\u00f6n en de \u00c4ppledalen-route. Het gebied is ook geschikt voor fietsen en kajakken op Landsj\u00f6n. Er zijn fiets- en peddelroutes in \u00c4ppledalen; bezoekers kunnen fietsen over schilderachtige landwegen en de Landsj\u00f6n-route volgen, en kajakken of kano\u00ebn is mogelijk op Landsj\u00f6n. <a href=\"https:\/\/xn--ppledalen-u2a.se\/aktivera\/\">Lees hier meer<\/a>!<\/p>\n                                                <\/div>\n                                            <\/div>\n                                        <\/div>\n                                                                    <\/div>\n                                        <\/div>\n        <\/div>\n    <\/div>\n<\/section>\n\n\n\n<div class=\"contentImageTwoColumns contentImageTwoColumns__wrapper\" style=\"background-color: #f4f2eb\">\n    <div class=\"contentImageTwoColumns contentImageTwoColumns__container \">\n        <div class=\"contentImageTwoColumns contentImageTwoColumns__contentWrapper\">\n            <h2 class=\"contentImageTwoColumns contentImageTwoColumns__heading\" style=\"color: \">\n                Lees meer over de Appelvallei            <\/h2>\n            <div class=\"contentImageTwoColumns contentImageTwoColumns__text contentImageTwoColumns__text--short\" style=\"color: \">\n                                                                <\/div>\n            <div class=\"contentImageTwoColumns contentImageTwoColumns__text contentImageTwoColumns__text--full\" style=\"color: \">\n                                <button type=\"button\" class=\"contentImageTwoColumns contentImageTwoColumns__readMoreLess\">\n                    Lees minder &#8211;                <\/button>\n            <\/div>\n                        <div class=\"wp-block-buttons is-layout-flex wp-block-buttons-is-layout-flex\">\n                <div class=\"wp-block-button arrow-white\">\n                    <a aria-label=\"Klik hier\" class=\"wp-block-button__link wp-element-button\" href=\"https:\/\/xn--ppledalen-u2a.se\/\" style=\"background-color: #374632; color: #ffffff;border: solid 1px #374632\">\n                        Klik hier                    <\/a>\n                <\/div>\n            <\/div>\n                                <\/div>\n        <div class=\"contentImageTwoColumns contentImageTwoColumns__imageWrapper\">\n            <img loading=\"lazy\" decoding=\"async\" width=\"1024\" height=\"740\" src=\"https:\/\/www.visitsmaland.se\/wp-content\/uploads\/2025\/11\/39A0209-1024x740.jpg\" class=\"attachment-grid-card-images size-grid-card-images\" alt=\"\" \/>        <\/div>\n    <\/div>\n<\/div>\n\n\n\n<div style=\"height:18px\" aria-hidden=\"true\" class=\"wp-block-spacer\"><\/div>\n\n\n\n<figure class=\"wp-block-gallery has-nested-images columns-default is-cropped wp-block-gallery-3 is-layout-flex wp-block-gallery-is-layout-flex\">\n<figure class=\"wp-block-image size-large\"><img loading=\"lazy\" decoding=\"async\" width=\"2560\" height=\"2560\" data-id=\"77919\" src=\"https:\/\/www.visitsmaland.se\/wp-content\/uploads\/2025\/11\/130-edited-scaled.jpg\" alt=\"Bullar p\u00e5 Grafitgr\u00e5.\" class=\"wp-image-77919\" srcset=\"https:\/\/www.visitsmaland.se\/wp-content\/uploads\/2025\/11\/130-edited-scaled.jpg 2560w, https:\/\/www.visitsmaland.se\/wp-content\/uploads\/2025\/11\/130-edited-300x300.jpg 300w, https:\/\/www.visitsmaland.se\/wp-content\/uploads\/2025\/11\/130-edited-1024x1024.jpg 1024w, https:\/\/www.visitsmaland.se\/wp-content\/uploads\/2025\/11\/130-edited-150x150.jpg 150w, https:\/\/www.visitsmaland.se\/wp-content\/uploads\/2025\/11\/130-edited-768x768.jpg 768w, https:\/\/www.visitsmaland.se\/wp-content\/uploads\/2025\/11\/130-edited-1536x1536.jpg 1536w, https:\/\/www.visitsmaland.se\/wp-content\/uploads\/2025\/11\/130-edited-2048x2048.jpg 2048w\" sizes=\"(max-width: 2560px) 100vw, 2560px\" \/><\/figure>\n\n\n\n<figure class=\"wp-block-image size-large\"><img loading=\"lazy\" decoding=\"async\" width=\"2560\" height=\"2560\" data-id=\"77990\" src=\"https:\/\/www.visitsmaland.se\/wp-content\/uploads\/2025\/11\/globusliebe_2-edited-scaled.jpg\" alt=\"\" class=\"wp-image-77990\" srcset=\"https:\/\/www.visitsmaland.se\/wp-content\/uploads\/2025\/11\/globusliebe_2-edited-scaled.jpg 2560w, https:\/\/www.visitsmaland.se\/wp-content\/uploads\/2025\/11\/globusliebe_2-edited-300x300.jpg 300w, https:\/\/www.visitsmaland.se\/wp-content\/uploads\/2025\/11\/globusliebe_2-edited-1024x1024.jpg 1024w, https:\/\/www.visitsmaland.se\/wp-content\/uploads\/2025\/11\/globusliebe_2-edited-150x150.jpg 150w, https:\/\/www.visitsmaland.se\/wp-content\/uploads\/2025\/11\/globusliebe_2-edited-768x768.jpg 768w, https:\/\/www.visitsmaland.se\/wp-content\/uploads\/2025\/11\/globusliebe_2-edited-1536x1536.jpg 1536w, https:\/\/www.visitsmaland.se\/wp-content\/uploads\/2025\/11\/globusliebe_2-edited-2048x2048.jpg 2048w\" sizes=\"(max-width: 2560px) 100vw, 2560px\" \/><\/figure>\n\n\n\n<figure class=\"wp-block-image size-large\"><img loading=\"lazy\" decoding=\"async\" width=\"2560\" height=\"2560\" data-id=\"77985\" src=\"https:\/\/www.visitsmaland.se\/wp-content\/uploads\/2025\/11\/DAYFOTOGRAFI_RUDU-0034-edited-scaled.jpg\" alt=\"\" class=\"wp-image-77985\" srcset=\"https:\/\/www.visitsmaland.se\/wp-content\/uploads\/2025\/11\/DAYFOTOGRAFI_RUDU-0034-edited-scaled.jpg 2560w, https:\/\/www.visitsmaland.se\/wp-content\/uploads\/2025\/11\/DAYFOTOGRAFI_RUDU-0034-edited-300x300.jpg 300w, https:\/\/www.visitsmaland.se\/wp-content\/uploads\/2025\/11\/DAYFOTOGRAFI_RUDU-0034-edited-1024x1024.jpg 1024w, https:\/\/www.visitsmaland.se\/wp-content\/uploads\/2025\/11\/DAYFOTOGRAFI_RUDU-0034-edited-150x150.jpg 150w, https:\/\/www.visitsmaland.se\/wp-content\/uploads\/2025\/11\/DAYFOTOGRAFI_RUDU-0034-edited-768x768.jpg 768w, https:\/\/www.visitsmaland.se\/wp-content\/uploads\/2025\/11\/DAYFOTOGRAFI_RUDU-0034-edited-1536x1536.jpg 1536w, https:\/\/www.visitsmaland.se\/wp-content\/uploads\/2025\/11\/DAYFOTOGRAFI_RUDU-0034-edited-2048x2048.jpg 2048w\" sizes=\"(max-width: 2560px) 100vw, 2560px\" \/><\/figure>\n<\/figure>\n\n\n  \n<div class=\"featuredTwoColumns featuredTwoColumns__wrapper\">\n    <div class=\"featuredTwoColumns featuredTwoColumns__container\">  \n            <div class=\"featuredTwoColumns featuredTwoColumns__feturedWrapper\">\n            <a aria-label=\"Natuur &amp; Avontuur\" href=\"https:\/\/www.visitsmaland.se\/nl\/ontdekken\/natuur-avontuur\/\"class=\"featuredTwoColumns featuredTwoColumns__imageWrapper\">\n                <img loading=\"lazy\" decoding=\"async\" width=\"1024\" height=\"740\" src=\"https:\/\/www.visitsmaland.se\/wp-content\/uploads\/2024\/04\/cykel_vattern_low-1024x740.jpg\" class=\"attachment-grid-card-images size-grid-card-images wp-post-image\" alt=\"\" \/>            <\/a>\n            <div class=\"featuredTwoColumns featuredTwoColumns__contentWrapper\">\n                <h2 class=\"featuredTwoColumns featuredTwoColumns__heading\">\n                    Natuur &amp; Avontuur                <\/h2>\n                <p class=\"featuredTwoColumns featuredTwoColumns__description\">\n                    Sm\u00e5land zit vol met natuur en avontuur. Wandel, fie\u2026                <\/p>\n                 \n                 \n                <div class=\"wp-block-buttons is-layout-flex wp-block-buttons-is-layout-flex\">\n                    <div class=\"wp-block-button \">\n                        <a aria-label=\"Natuur &amp; Avontuur\"class=\"wp-block-button__link wp-element-button\" href=\"https:\/\/www.visitsmaland.se\/nl\/ontdekken\/natuur-avontuur\/\">\n                            Ontdek                       \n                         <\/a>\n                    <\/div>\n                <\/div>\n            <\/div>\n        <\/div>\n                <div class=\"featuredTwoColumns featuredTwoColumns__feturedWrapper\">\n            <a aria-label=\"Fietstochten in Sm\u00e5land\" href=\"https:\/\/www.visitsmaland.se\/nl\/ontdekken\/fietstochten-in-smaland\/\"class=\"featuredTwoColumns featuredTwoColumns__imageWrapper\">\n                <img loading=\"lazy\" decoding=\"async\" width=\"1024\" height=\"740\" src=\"https:\/\/www.visitsmaland.se\/wp-content\/uploads\/2024\/04\/Smalands-Turism_Robert-Brolin-51-1024x740.jpg\" class=\"attachment-grid-card-images size-grid-card-images wp-post-image\" alt=\"\" \/>            <\/a>\n            <div class=\"featuredTwoColumns featuredTwoColumns__contentWrapper\">\n                <h2 class=\"featuredTwoColumns featuredTwoColumns__heading\">\n                    Fietstochten in Sm\u00e5land                <\/h2>\n                <p class=\"featuredTwoColumns featuredTwoColumns__description\">\n                    Spring in het zadel en ga op fietstocht in Sm\u00e5land.\u2026                <\/p>\n                 \n                 \n                <div class=\"wp-block-buttons is-layout-flex wp-block-buttons-is-layout-flex\">\n                    <div class=\"wp-block-button \">\n                        <a aria-label=\"Fietstochten in Sm\u00e5land\"class=\"wp-block-button__link wp-element-button\" href=\"https:\/\/www.visitsmaland.se\/nl\/ontdekken\/fietstochten-in-smaland\/\">\n                            Ontdek                       \n                         <\/a>\n                    <\/div>\n                <\/div>\n            <\/div>\n        <\/div>\n            <\/div>\n<\/div>\n","protected":false},"featured_media":65827,"template":"","region":[146],"class_list":["post-78347","destination","type-destination","status-publish","has-post-thumbnail","hentry","region-noord-smaland"],"acf":[],"yoast_head":"<!-- This site is optimized with the Yoast SEO plugin v27.5 - https:\/\/yoast.com\/product\/yoast-seo-wordpress\/ -->\n<title>\u00c4ppledalen in Sm\u00e5land | Visit Sm\u00e5land<\/title>\n<meta name=\"description\" content=\"De Appelvallei, net buiten J\u00f6nk\u00f6ping, is een schilderachtig gebied dat bekendstaat om zijn boomgaarden en pittoreske landschappen.\" \/>\n<meta name=\"robots\" content=\"index, follow, max-snippet:-1, max-image-preview:large, max-video-preview:-1\" \/>\n<link rel=\"canonical\" href=\"https:\/\/www.visitsmaland.se\/nl\/bestemmingen\/appledalen\/\" \/>\n<meta property=\"og:locale\" content=\"nl_NL\" \/>\n<meta property=\"og:type\" content=\"article\" \/>\n<meta property=\"og:title\" content=\"\u00c4ppledalen in Sm\u00e5land | Visit Sm\u00e5land\" \/>\n<meta property=\"og:description\" content=\"De Appelvallei, net buiten J\u00f6nk\u00f6ping, is een schilderachtig gebied dat bekendstaat om zijn boomgaarden en pittoreske landschappen.\" \/>\n<meta property=\"og:url\" content=\"https:\/\/www.visitsmaland.se\/nl\/bestemmingen\/appledalen\/\" \/>\n<meta property=\"og:site_name\" content=\"Visit Sm\u00e5land\" \/>\n<meta property=\"article:publisher\" content=\"https:\/\/www.facebook.com\/visitsmaland\/\" \/>\n<meta property=\"article:modified_time\" content=\"2026-04-24T09:39:42+00:00\" \/>\n<meta property=\"og:image\" content=\"https:\/\/www.visitsmaland.se\/wp-content\/uploads\/2025\/03\/Appledalen-webb.jpg\" \/>\n\t<meta property=\"og:image:width\" content=\"2000\" \/>\n\t<meta property=\"og:image:height\" content=\"1334\" \/>\n\t<meta property=\"og:image:type\" content=\"image\/jpeg\" \/>\n<meta name=\"twitter:card\" content=\"summary_large_image\" \/>\n<meta name=\"twitter:label1\" content=\"Geschatte leestijd\" \/>\n\t<meta name=\"twitter:data1\" content=\"10 minuten\" \/>\n<script type=\"application\/ld+json\" class=\"yoast-schema-graph\">{\"@context\":\"https:\\\/\\\/schema.org\",\"@graph\":[{\"@type\":\"WebPage\",\"@id\":\"https:\\\/\\\/www.visitsmaland.se\\\/nl\\\/bestemmingen\\\/appledalen\\\/\",\"url\":\"https:\\\/\\\/www.visitsmaland.se\\\/nl\\\/bestemmingen\\\/appledalen\\\/\",\"name\":\"\u00c4ppledalen in Sm\u00e5land | Visit Sm\u00e5land\",\"isPartOf\":{\"@id\":\"https:\\\/\\\/www.visitsmaland.se\\\/nl\\\/#website\"},\"primaryImageOfPage\":{\"@id\":\"https:\\\/\\\/www.visitsmaland.se\\\/nl\\\/bestemmingen\\\/appledalen\\\/#primaryimage\"},\"image\":{\"@id\":\"https:\\\/\\\/www.visitsmaland.se\\\/nl\\\/bestemmingen\\\/appledalen\\\/#primaryimage\"},\"thumbnailUrl\":\"https:\\\/\\\/www.visitsmaland.se\\\/wp-content\\\/uploads\\\/2025\\\/03\\\/Appledalen-webb.jpg\",\"datePublished\":\"2025-11-13T12:42:06+00:00\",\"dateModified\":\"2026-04-24T09:39:42+00:00\",\"description\":\"De Appelvallei, net buiten J\u00f6nk\u00f6ping, is een schilderachtig gebied dat bekendstaat om zijn boomgaarden en pittoreske landschappen.\",\"breadcrumb\":{\"@id\":\"https:\\\/\\\/www.visitsmaland.se\\\/nl\\\/bestemmingen\\\/appledalen\\\/#breadcrumb\"},\"inLanguage\":\"nl-NL\",\"potentialAction\":[{\"@type\":\"ReadAction\",\"target\":[\"https:\\\/\\\/www.visitsmaland.se\\\/nl\\\/bestemmingen\\\/appledalen\\\/\"]}]},{\"@type\":\"ImageObject\",\"inLanguage\":\"nl-NL\",\"@id\":\"https:\\\/\\\/www.visitsmaland.se\\\/nl\\\/bestemmingen\\\/appledalen\\\/#primaryimage\",\"url\":\"https:\\\/\\\/www.visitsmaland.se\\\/wp-content\\\/uploads\\\/2025\\\/03\\\/Appledalen-webb.jpg\",\"contentUrl\":\"https:\\\/\\\/www.visitsmaland.se\\\/wp-content\\\/uploads\\\/2025\\\/03\\\/Appledalen-webb.jpg\",\"width\":2000,\"height\":1334,\"caption\":\"Foto:\"},{\"@type\":\"BreadcrumbList\",\"@id\":\"https:\\\/\\\/www.visitsmaland.se\\\/nl\\\/bestemmingen\\\/appledalen\\\/#breadcrumb\",\"itemListElement\":[{\"@type\":\"ListItem\",\"position\":1,\"name\":\"Startpagina\",\"item\":\"https:\\\/\\\/www.visitsmaland.se\\\/nl\\\/\"},{\"@type\":\"ListItem\",\"position\":2,\"name\":\"\u00c4ppledalen\"}]},{\"@type\":\"WebSite\",\"@id\":\"https:\\\/\\\/www.visitsmaland.se\\\/nl\\\/#website\",\"url\":\"https:\\\/\\\/www.visitsmaland.se\\\/nl\\\/\",\"name\":\"Visit Sm\u00e5land\",\"description\":\"V\u00e4lkommen till Sm\u00e5land\",\"potentialAction\":[{\"@type\":\"SearchAction\",\"target\":{\"@type\":\"EntryPoint\",\"urlTemplate\":\"https:\\\/\\\/www.visitsmaland.se\\\/nl\\\/?s={search_term_string}\"},\"query-input\":{\"@type\":\"PropertyValueSpecification\",\"valueRequired\":true,\"valueName\":\"search_term_string\"}}],\"inLanguage\":\"nl-NL\"}]}<\/script>\n<!-- \/ Yoast SEO plugin. -->","yoast_head_json":{"title":"\u00c4ppledalen in Sm\u00e5land | Visit Sm\u00e5land","description":"De Appelvallei, net buiten J\u00f6nk\u00f6ping, is een schilderachtig gebied dat bekendstaat om zijn boomgaarden en pittoreske landschappen.","robots":{"index":"index","follow":"follow","max-snippet":"max-snippet:-1","max-image-preview":"max-image-preview:large","max-video-preview":"max-video-preview:-1"},"canonical":"https:\/\/www.visitsmaland.se\/nl\/bestemmingen\/appledalen\/","og_locale":"nl_NL","og_type":"article","og_title":"\u00c4ppledalen in Sm\u00e5land | Visit Sm\u00e5land","og_description":"De Appelvallei, net buiten J\u00f6nk\u00f6ping, is een schilderachtig gebied dat bekendstaat om zijn boomgaarden en pittoreske landschappen.","og_url":"https:\/\/www.visitsmaland.se\/nl\/bestemmingen\/appledalen\/","og_site_name":"Visit Sm\u00e5land","article_publisher":"https:\/\/www.facebook.com\/visitsmaland\/","article_modified_time":"2026-04-24T09:39:42+00:00","og_image":[{"width":2000,"height":1334,"url":"https:\/\/www.visitsmaland.se\/wp-content\/uploads\/2025\/03\/Appledalen-webb.jpg","type":"image\/jpeg"}],"twitter_card":"summary_large_image","twitter_misc":{"Geschatte leestijd":"10 minuten"},"schema":{"@context":"https:\/\/schema.org","@graph":[{"@type":"WebPage","@id":"https:\/\/www.visitsmaland.se\/nl\/bestemmingen\/appledalen\/","url":"https:\/\/www.visitsmaland.se\/nl\/bestemmingen\/appledalen\/","name":"\u00c4ppledalen in Sm\u00e5land | Visit Sm\u00e5land","isPartOf":{"@id":"https:\/\/www.visitsmaland.se\/nl\/#website"},"primaryImageOfPage":{"@id":"https:\/\/www.visitsmaland.se\/nl\/bestemmingen\/appledalen\/#primaryimage"},"image":{"@id":"https:\/\/www.visitsmaland.se\/nl\/bestemmingen\/appledalen\/#primaryimage"},"thumbnailUrl":"https:\/\/www.visitsmaland.se\/wp-content\/uploads\/2025\/03\/Appledalen-webb.jpg","datePublished":"2025-11-13T12:42:06+00:00","dateModified":"2026-04-24T09:39:42+00:00","description":"De Appelvallei, net buiten J\u00f6nk\u00f6ping, is een schilderachtig gebied dat bekendstaat om zijn boomgaarden en pittoreske landschappen.","breadcrumb":{"@id":"https:\/\/www.visitsmaland.se\/nl\/bestemmingen\/appledalen\/#breadcrumb"},"inLanguage":"nl-NL","potentialAction":[{"@type":"ReadAction","target":["https:\/\/www.visitsmaland.se\/nl\/bestemmingen\/appledalen\/"]}]},{"@type":"ImageObject","inLanguage":"nl-NL","@id":"https:\/\/www.visitsmaland.se\/nl\/bestemmingen\/appledalen\/#primaryimage","url":"https:\/\/www.visitsmaland.se\/wp-content\/uploads\/2025\/03\/Appledalen-webb.jpg","contentUrl":"https:\/\/www.visitsmaland.se\/wp-content\/uploads\/2025\/03\/Appledalen-webb.jpg","width":2000,"height":1334,"caption":"Foto:"},{"@type":"BreadcrumbList","@id":"https:\/\/www.visitsmaland.se\/nl\/bestemmingen\/appledalen\/#breadcrumb","itemListElement":[{"@type":"ListItem","position":1,"name":"Startpagina","item":"https:\/\/www.visitsmaland.se\/nl\/"},{"@type":"ListItem","position":2,"name":"\u00c4ppledalen"}]},{"@type":"WebSite","@id":"https:\/\/www.visitsmaland.se\/nl\/#website","url":"https:\/\/www.visitsmaland.se\/nl\/","name":"Visit Sm\u00e5land","description":"V\u00e4lkommen till Sm\u00e5land","potentialAction":[{"@type":"SearchAction","target":{"@type":"EntryPoint","urlTemplate":"https:\/\/www.visitsmaland.se\/nl\/?s={search_term_string}"},"query-input":{"@type":"PropertyValueSpecification","valueRequired":true,"valueName":"search_term_string"}}],"inLanguage":"nl-NL"}]}},"_links":{"self":[{"href":"https:\/\/www.visitsmaland.se\/nl\/wp-json\/wp\/v2\/destination\/78347","targetHints":{"allow":["GET"]}}],"collection":[{"href":"https:\/\/www.visitsmaland.se\/nl\/wp-json\/wp\/v2\/destination"}],"about":[{"href":"https:\/\/www.visitsmaland.se\/nl\/wp-json\/wp\/v2\/types\/destination"}],"wp:featuredmedia":[{"embeddable":true,"href":"https:\/\/www.visitsmaland.se\/nl\/wp-json\/wp\/v2\/media\/65827"}],"wp:attachment":[{"href":"https:\/\/www.visitsmaland.se\/nl\/wp-json\/wp\/v2\/media?parent=78347"}],"wp:term":[{"taxonomy":"region","embeddable":true,"href":"https:\/\/www.visitsmaland.se\/nl\/wp-json\/wp\/v2\/region?post=78347"}],"curies":[{"name":"wp","href":"https:\/\/api.w.org\/{rel}","templated":true}]}}