{"id":79897,"date":"2024-12-12T10:49:54","date_gmt":"2024-12-12T09:49:54","guid":{"rendered":"https:\/\/www.visitsmaland.se\/upptack\/spring-in-smaland\/"},"modified":"2026-04-01T08:38:51","modified_gmt":"2026-04-01T06:38:51","slug":"lente-in-smaland","status":"publish","type":"guide","link":"https:\/\/www.visitsmaland.se\/nl\/ontdekken\/lente-in-smaland\/","title":{"rendered":"Lente in Sm\u00e5land"},"content":{"rendered":"<div class=\"postHerosection postHerosection__wrapper\">\n    <div class=\"postHerosection postHerosection__container\">\n        <h1 class=\"postHerosection postHerosection__heroHeading\">\n            Lente in Sm\u00e5land        <\/h1>\n            <\/div>\n    <div class=\"postHerosection postHerosection__imageContainer\">\n        <img loading=\"lazy\" decoding=\"async\" width=\"2560\" height=\"1707\" src=\"https:\/\/www.visitsmaland.se\/wp-content\/uploads\/2024\/12\/ALEX8856-1-scaled.jpg\" class=\"attachment-full size-full\" alt=\"\" srcset=\"https:\/\/www.visitsmaland.se\/wp-content\/uploads\/2024\/12\/ALEX8856-1-scaled.jpg 2560w, https:\/\/www.visitsmaland.se\/wp-content\/uploads\/2024\/12\/ALEX8856-1-300x200.jpg 300w, https:\/\/www.visitsmaland.se\/wp-content\/uploads\/2024\/12\/ALEX8856-1-1024x683.jpg 1024w, https:\/\/www.visitsmaland.se\/wp-content\/uploads\/2024\/12\/ALEX8856-1-768x512.jpg 768w, https:\/\/www.visitsmaland.se\/wp-content\/uploads\/2024\/12\/ALEX8856-1-1536x1024.jpg 1536w, https:\/\/www.visitsmaland.se\/wp-content\/uploads\/2024\/12\/ALEX8856-1-2048x1365.jpg 2048w\" sizes=\"(max-width: 2560px) 100vw, 2560px\" \/>    <\/div>\n<\/div>\n<div class=\"postHerosection postHerosection__breadcrumbs\">\n   <div class=\"postHerosection postHerosection__breadcrumbs-container\">\n        <p id=\"breadcrumbs\"><span><span><a href=\"https:\/\/www.visitsmaland.se\/nl\/\">Startpagina<\/a><\/span><\/span><\/p>    <\/div>\n<\/div>\n\n<div class=\"contentCta contentCta__wrapper\">\n    <div class=\"contentCta contentCta__container\">\n                    \t\t\t<div class=\"contentCta contentCta__text\" style=\"color: \">\n\t\t\t\t<p>Na de lange wintermaanden voelt de Zweedse lente nog beter aan. Ongeveer vanaf april ontwaakt de natuur en verandert het landschap snel in fris groen \u2013 ideaal voor lange wandelingen die een gevoel van lichtheid en een nieuw begin geven.<\/p>\n\t\t\t<\/div>\n                <hr>\n            <\/div>\n<\/div>\n\n\n<div class=\"contentImageTwoColumns contentImageTwoColumns__wrapper\" style=\"background-color: #f4f2eb\">\n    <div class=\"contentImageTwoColumns contentImageTwoColumns__container \">\n        <div class=\"contentImageTwoColumns contentImageTwoColumns__contentWrapper\">\n            <h2 class=\"contentImageTwoColumns contentImageTwoColumns__heading\" style=\"color: \">\n                \u00c5sens village            <\/h2>\n            <div class=\"contentImageTwoColumns contentImageTwoColumns__text contentImageTwoColumns__text--short\" style=\"color: \">\n                                    <p>In het kleine dorpje \u00c5sens by kun je de ontwakende lente ervaren zoals die er 100 jaar geleden uitzag: de boomkronen kleuren groen, overal verschijnen bloemen en lammetjes dartelen over de heuvels&#8230;.                    <button type=\"button\" class=\"contentImageTwoColumns contentImageTwoColumns__readMoreLess\">\n                        Lees verder +                    <\/button>\n                            <\/div>\n            <div class=\"contentImageTwoColumns contentImageTwoColumns__text contentImageTwoColumns__text--full\" style=\"color: \">\n                <p>In het kleine dorpje \u00c5sens by kun je de ontwakende lente ervaren zoals die er 100 jaar geleden uitzag: de boomkronen kleuren groen, overal verschijnen bloemen en lammetjes dartelen over de heuvels. In de pre-industri\u00eble tijd was het nog belangrijker om in harmonie met de natuur te leven om van eigen levensonderhoud te kunnen leven. In \u00c5sens by wordt de landbouw vandaag de dag nog steeds op traditionele wijze uitgevoerd \u2013 zonder elektriciteit en zware machines.<\/p>\n                <button type=\"button\" class=\"contentImageTwoColumns contentImageTwoColumns__readMoreLess\">\n                    Lees minder &#8211;                <\/button>\n            <\/div>\n                        <div class=\"wp-block-buttons is-layout-flex wp-block-buttons-is-layout-flex\">\n                <div class=\"wp-block-button arrow-white\">\n                    <a aria-label=\"Ontdek nu\" class=\"wp-block-button__link wp-element-button\" href=\"https:\/\/www.visitsmaland.se\/en\/discover\/asens-by\/\" style=\"background-color: #374632; color: #ffffff;border: solid 1px #374632\">\n                        Ontdek nu                    <\/a>\n                <\/div>\n            <\/div>\n                                <\/div>\n        <div class=\"contentImageTwoColumns contentImageTwoColumns__imageWrapper\">\n            <img loading=\"lazy\" decoding=\"async\" width=\"1024\" height=\"740\" src=\"https:\/\/www.visitsmaland.se\/wp-content\/uploads\/2024\/12\/Asens-by-1024x740.jpg\" class=\"attachment-grid-card-images size-grid-card-images\" alt=\"Schafe grasen vor einem schwedisch-roten Holzhaus\" \/>        <\/div>\n    <\/div>\n<\/div>\n\n\n<div class=\"contentImageTwoColumns contentImageTwoColumns__wrapper\" style=\"background-color: #374632\">\n    <div class=\"contentImageTwoColumns contentImageTwoColumns__container layout-reversed\">\n        <div class=\"contentImageTwoColumns contentImageTwoColumns__contentWrapper\">\n            <h2 class=\"contentImageTwoColumns contentImageTwoColumns__heading\" style=\"color: #ffffff\">\n                Buitenactiviteiten            <\/h2>\n            <div class=\"contentImageTwoColumns contentImageTwoColumns__text contentImageTwoColumns__text--short\" style=\"color: #ffffff\">\n                                    <p>Niemand kan de eerste lentezon weerstaan: De lente is de ideale tijd om te fietsen, wandelen en eropuit te gaan\u2026 Ontdek de frisse natuur in de nationale parken van Sm\u00e5land of in een van de talloze natuurreservaten, die perfect zijn om te verkennen ter voet of met de fiets.<\/p>\n                            <\/div>\n            <div class=\"contentImageTwoColumns contentImageTwoColumns__text contentImageTwoColumns__text--full\" style=\"color: #ffffff\">\n                <p>Niemand kan de eerste lentezon weerstaan: De lente is de ideale tijd om te fietsen, wandelen en eropuit te gaan\u2026 Ontdek de frisse natuur in de nationale parken van Sm\u00e5land of in een van de talloze natuurreservaten, die perfect zijn om te verkennen ter voet of met de fiets.<\/p>\n                <button type=\"button\" class=\"contentImageTwoColumns contentImageTwoColumns__readMoreLess\">\n                    Lees minder &#8211;                <\/button>\n            <\/div>\n                        <div class=\"wp-block-buttons is-layout-flex wp-block-buttons-is-layout-flex\">\n                <div class=\"wp-block-button \">\n                    <a aria-label=\"Ontdek nu\" class=\"wp-block-button__link wp-element-button\" href=\"https:\/\/www.visitsmaland.se\/en\/discover\/national-parks\/\" style=\"background-color: #f4f2eb; color: #000000;border: solid 1px #f4f2eb\">\n                        Ontdek nu                    <\/a>\n                <\/div>\n            <\/div>\n                                <\/div>\n        <div class=\"contentImageTwoColumns contentImageTwoColumns__imageWrapper\">\n            <img loading=\"lazy\" decoding=\"async\" width=\"1024\" height=\"740\" src=\"https:\/\/www.visitsmaland.se\/wp-content\/uploads\/2024\/12\/Asnen_alexander-hall-1024x740.jpg\" class=\"attachment-grid-card-images size-grid-card-images\" alt=\"Eine Frau sitzt auf einem Baumstamm und blickt auf den See.\" \/>        <\/div>\n    <\/div>\n<\/div>\n\n\n  \n<div class=\"featuredTwoColumns featuredTwoColumns__wrapper\">\n    <div class=\"featuredTwoColumns featuredTwoColumns__container\">  \n            <div class=\"featuredTwoColumns featuredTwoColumns__feturedWrapper\">\n            <a aria-label=\"Wandelen\" href=\"https:\/\/www.visitsmaland.se\/nl\/ontdekken\/wandelen\/\"class=\"featuredTwoColumns featuredTwoColumns__imageWrapper\">\n                <img loading=\"lazy\" decoding=\"async\" width=\"1024\" height=\"740\" src=\"https:\/\/www.visitsmaland.se\/wp-content\/uploads\/2024\/04\/dscf0898-mediumresolution150dpi80quality-1024x740.jpg\" class=\"attachment-grid-card-images size-grid-card-images wp-post-image\" alt=\"\" \/>            <\/a>\n            <div class=\"featuredTwoColumns featuredTwoColumns__contentWrapper\">\n                <h2 class=\"featuredTwoColumns featuredTwoColumns__heading\">\n                    Wandelen                <\/h2>\n                <p class=\"featuredTwoColumns featuredTwoColumns__description\">\n                    Het landschap van Sm\u00e5land heeft honderden kilometer\u2026                <\/p>\n                 \n                 \n                <div class=\"wp-block-buttons is-layout-flex wp-block-buttons-is-layout-flex\">\n                    <div class=\"wp-block-button \">\n                        <a aria-label=\"Wandelen\"class=\"wp-block-button__link wp-element-button\" href=\"https:\/\/www.visitsmaland.se\/nl\/ontdekken\/wandelen\/\">\n                            Ontdek                       \n                         <\/a>\n                    <\/div>\n                <\/div>\n            <\/div>\n        <\/div>\n                <div class=\"featuredTwoColumns featuredTwoColumns__feturedWrapper\">\n            <a aria-label=\"Fietstochten in Sm\u00e5land\" href=\"https:\/\/www.visitsmaland.se\/nl\/ontdekken\/fietstochten-in-smaland\/\"class=\"featuredTwoColumns featuredTwoColumns__imageWrapper\">\n                <img loading=\"lazy\" decoding=\"async\" width=\"1024\" height=\"740\" src=\"https:\/\/www.visitsmaland.se\/wp-content\/uploads\/2024\/04\/Smalands-Turism_Robert-Brolin-51-1024x740.jpg\" class=\"attachment-grid-card-images size-grid-card-images wp-post-image\" alt=\"\" \/>            <\/a>\n            <div class=\"featuredTwoColumns featuredTwoColumns__contentWrapper\">\n                <h2 class=\"featuredTwoColumns featuredTwoColumns__heading\">\n                    Fietstochten in Sm\u00e5land                <\/h2>\n                <p class=\"featuredTwoColumns featuredTwoColumns__description\">\n                    Spring in het zadel en ga op fietstocht in Sm\u00e5land.\u2026                <\/p>\n                 \n                 \n                <div class=\"wp-block-buttons is-layout-flex wp-block-buttons-is-layout-flex\">\n                    <div class=\"wp-block-button \">\n                        <a aria-label=\"Fietstochten in Sm\u00e5land\"class=\"wp-block-button__link wp-element-button\" href=\"https:\/\/www.visitsmaland.se\/nl\/ontdekken\/fietstochten-in-smaland\/\">\n                            Ontdek                       \n                         <\/a>\n                    <\/div>\n                <\/div>\n            <\/div>\n        <\/div>\n            <\/div>\n<\/div>\n\n\n<div class=\"dynamicContentTwoColumns dynamicContentTwoColumns__wrapper\">\n    <div class=\"dynamicContentTwoColumns dynamicContentTwoColumns__container\">\n                                    <h3 class=\"dynamicContentTwoColumns dynamicContentTwoColumns__heading\">\n                    Boomgaardweiden in \u00c5snen National Park                <\/h3>\n                                                <div class=\"dynamicContentTwoColumns dynamicContentTwoColumns__text\">\n                    <p><p>In de lente en vroege zomer verandert het zuidoosten van \u00c5snen in een ware zee van bloesem. De appelbomen met hun roze en witte bloemen bloeien in de weiden, langs de wegen en op de oude stenen muren, en cre\u00ebren een adembenemend decoratie dat herinneringen oproept aan vroeger en je doet verlangen naar de komende zomer.<\/p>\n<p>\n                <\/div>\n                                                <div class=\"wp-block-buttons is-layout-flex wp-block-buttons-is-layout-flex\">\n                    <div class=\"wp-block-button\">\n                        <a aria-label=\"Lees verder\" class=\"wp-block-button__link wp-element-button dynamicContentTwoColumns dynamicContentTwoColumns__ctaButton\" href=\"https:\/\/visitasnen.se\/en\/\">\n                            Meer lezen                        <\/a>\n                    <\/div>\n                <\/div>\n                                                <div class=\"dynamicContentTwoColumns dynamicContentTwoColumns__imageWrapper\">\n                    <img loading=\"lazy\" decoding=\"async\" width=\"333\" height=\"500\" src=\"https:\/\/www.visitsmaland.se\/wp-content\/uploads\/2024\/12\/ALEX2363-1-scaled.jpg\" class=\"attachment-500x500 size-500x500\" alt=\"Eine Frau steht lachend zwischen den Apfelbl\u00fcten.\" srcset=\"https:\/\/www.visitsmaland.se\/wp-content\/uploads\/2024\/12\/ALEX2363-1-scaled.jpg 1707w, https:\/\/www.visitsmaland.se\/wp-content\/uploads\/2024\/12\/ALEX2363-1-200x300.jpg 200w, https:\/\/www.visitsmaland.se\/wp-content\/uploads\/2024\/12\/ALEX2363-1-683x1024.jpg 683w, https:\/\/www.visitsmaland.se\/wp-content\/uploads\/2024\/12\/ALEX2363-1-768x1152.jpg 768w, https:\/\/www.visitsmaland.se\/wp-content\/uploads\/2024\/12\/ALEX2363-1-1024x1536.jpg 1024w, https:\/\/www.visitsmaland.se\/wp-content\/uploads\/2024\/12\/ALEX2363-1-1365x2048.jpg 1365w\" sizes=\"(max-width: 333px) 100vw, 333px\" \/>                <\/div>\n                                                <h3 class=\"dynamicContentTwoColumns dynamicContentTwoColumns__heading\">\n                    \u00c4ppeldalen \u2013 de Appelvallei bij het V\u00e4ttermeer                <\/h3>\n                                                <div class=\"dynamicContentTwoColumns dynamicContentTwoColumns__text\">\n                    <p><p>De Appelvallei, of <em data-start=\"1392\" data-end=\"1404\">\u00c4ppeldalen<\/em> op het Zweeds, ligt aan de oost-zuid kant van de oever van het V\u00e4ttermeer en biedt ideale omstandigheden voor fruitteelt. Hier vind je onder andere de appelboomgaarden van Rudenstam, met een boerderijwinkel en een caf\u00e9 voor bezoekers. In de lente is de vallei bijzonder indrukwekkend met meer dan 80.000 bloeiende appelbomen \u2013 een ware lust voor het oog!<\/p>\n<p>\n                <\/div>\n                                                <div class=\"wp-block-buttons is-layout-flex wp-block-buttons-is-layout-flex\">\n                    <div class=\"wp-block-button\">\n                        <a aria-label=\"Lees verder\" class=\"wp-block-button__link wp-element-button dynamicContentTwoColumns dynamicContentTwoColumns__ctaButton\" href=\"https:\/\/www.visitsmaland.se\/en\/to-do\/rudenstams-farm-shop-cafe\/\">\n                            Meer informatie                        <\/a>\n                    <\/div>\n                <\/div>\n                                                <div class=\"dynamicContentTwoColumns dynamicContentTwoColumns__imageWrapper\">\n                    <img loading=\"lazy\" decoding=\"async\" width=\"281\" height=\"500\" src=\"https:\/\/www.visitsmaland.se\/wp-content\/uploads\/2024\/12\/Rudenstam_13_1080x1920-1.jpg\" class=\"attachment-500x500 size-500x500\" alt=\"Landschaftsbild der Apfelbaumplantagen mit Hof im Hintergrund.\" srcset=\"https:\/\/www.visitsmaland.se\/wp-content\/uploads\/2024\/12\/Rudenstam_13_1080x1920-1.jpg 1080w, https:\/\/www.visitsmaland.se\/wp-content\/uploads\/2024\/12\/Rudenstam_13_1080x1920-1-169x300.jpg 169w, https:\/\/www.visitsmaland.se\/wp-content\/uploads\/2024\/12\/Rudenstam_13_1080x1920-1-576x1024.jpg 576w, https:\/\/www.visitsmaland.se\/wp-content\/uploads\/2024\/12\/Rudenstam_13_1080x1920-1-768x1365.jpg 768w, https:\/\/www.visitsmaland.se\/wp-content\/uploads\/2024\/12\/Rudenstam_13_1080x1920-1-864x1536.jpg 864w\" sizes=\"(max-width: 281px) 100vw, 281px\" \/>                <\/div>\n                        <\/div>\n<\/div>\n\n\n<div class=\"contentImageTwoColumns contentImageTwoColumns__wrapper\" style=\"background-color: #f4f2eb\">\n    <div class=\"contentImageTwoColumns contentImageTwoColumns__container \">\n        <div class=\"contentImageTwoColumns contentImageTwoColumns__contentWrapper\">\n            <h2 class=\"contentImageTwoColumns contentImageTwoColumns__heading\" style=\"color: \">\n                De start van het kampeerseizoen            <\/h2>\n            <div class=\"contentImageTwoColumns contentImageTwoColumns__text contentImageTwoColumns__text--short\" style=\"color: \">\n                                    <p>De eerste zonnestralen wekken niet alleen planten en dieren uit hun winterslaap, maar trekken ook de eerste kampeerders aan. De meeste campings in Sm\u00e5land openen rond Pasen en bieden vaak voordeligere tarieven tijdens het laagseizoen.<\/p>\n                            <\/div>\n            <div class=\"contentImageTwoColumns contentImageTwoColumns__text contentImageTwoColumns__text--full\" style=\"color: \">\n                <p>De eerste zonnestralen wekken niet alleen planten en dieren uit hun winterslaap, maar trekken ook de eerste kampeerders aan. De meeste campings in Sm\u00e5land openen rond Pasen en bieden vaak voordeligere tarieven tijdens het laagseizoen.<\/p>\n                <button type=\"button\" class=\"contentImageTwoColumns contentImageTwoColumns__readMoreLess\">\n                    Lees minder &#8211;                <\/button>\n            <\/div>\n                        <div class=\"wp-block-buttons is-layout-flex wp-block-buttons-is-layout-flex\">\n                <div class=\"wp-block-button arrow-white\">\n                    <a aria-label=\"Meer informatie\" class=\"wp-block-button__link wp-element-button\" href=\"https:\/\/www.visitsmaland.se\/en\/discover\/camping\/\" style=\"background-color: #374632; color: #ffffff;border: solid 1px #374632\">\n                        Meer informatie                    <\/a>\n                <\/div>\n            <\/div>\n                                <\/div>\n        <div class=\"contentImageTwoColumns contentImageTwoColumns__imageWrapper\">\n            <img loading=\"lazy\" decoding=\"async\" width=\"1024\" height=\"740\" src=\"https:\/\/www.visitsmaland.se\/wp-content\/uploads\/2024\/04\/eksjo-camping-3-1024x740.jpg\" class=\"attachment-grid-card-images size-grid-card-images\" alt=\"\" \/>        <\/div>\n    <\/div>\n<\/div>\n\n\n\n<div style=\"height:66px\" aria-hidden=\"true\" class=\"wp-block-spacer\"><\/div>\n\n\n<div class=\"dynamicContentTwoColumns dynamicContentTwoColumns__wrapper\">\n    <div class=\"dynamicContentTwoColumns dynamicContentTwoColumns__container\">\n                                    <h3 class=\"dynamicContentTwoColumns dynamicContentTwoColumns__heading\">\n                    Dieren spotten in Sm\u00e5land                <\/h3>\n                                                <div class=\"dynamicContentTwoColumns dynamicContentTwoColumns__text\">\n                    <p><p>De lente is ideaal voor vogelspotten, maar ook andere dieren worden langzamerhand actiever. Sm\u00e5land biedt talloze plekken aan waar je de Zweedse fauna van dichtbij kunt ervaren.<\/p>\n<p>\n                <\/div>\n                                                <h3 class=\"dynamicContentTwoColumns dynamicContentTwoColumns__heading\">\n                    Ottenby                <\/h3>\n                                                <div class=\"dynamicContentTwoColumns dynamicContentTwoColumns__text\">\n                    <p><p>Rond Ottenby, op de zuidelijke puntje van \u00d6land, bevindt zich het belangrijkste trekvogelgebied van Zweden. Na een lange vlucht over de Oostzee rusten de meeste vogels hier uit voordat ze verder naar het noorden trekken. En ook voor bezoekers zonder veren is er veel te ontdekken rond de hoogste vuurtoren van Zweden!<\/p>\n<p>\n                <\/div>\n                                                <div class=\"wp-block-buttons is-layout-flex wp-block-buttons-is-layout-flex\">\n                    <div class=\"wp-block-button\">\n                        <a aria-label=\"Lees verder\" class=\"wp-block-button__link wp-element-button dynamicContentTwoColumns dynamicContentTwoColumns__ctaButton\" href=\"https:\/\/www.visitsmaland.se\/en\/to-do\/naturum-ottenby\/\">\n                            Naturrum Ottenby                        <\/a>\n                    <\/div>\n                <\/div>\n                                                <div class=\"dynamicContentTwoColumns dynamicContentTwoColumns__imageWrapper\">\n                    <img loading=\"lazy\" decoding=\"async\" width=\"500\" height=\"334\" src=\"https:\/\/www.visitsmaland.se\/wp-content\/uploads\/2024\/12\/Longe-Jan-Ottenby-Alexander-Hall-2023-OlandCo-ALEX3784-scaled.jpg\" class=\"attachment-500x500 size-500x500\" alt=\"Ein Mann genie\u00dft die Aussicht vom Aussichtsturm in Ottenby\" srcset=\"https:\/\/www.visitsmaland.se\/wp-content\/uploads\/2024\/12\/Longe-Jan-Ottenby-Alexander-Hall-2023-OlandCo-ALEX3784-scaled.jpg 2560w, https:\/\/www.visitsmaland.se\/wp-content\/uploads\/2024\/12\/Longe-Jan-Ottenby-Alexander-Hall-2023-OlandCo-ALEX3784-300x200.jpg 300w, https:\/\/www.visitsmaland.se\/wp-content\/uploads\/2024\/12\/Longe-Jan-Ottenby-Alexander-Hall-2023-OlandCo-ALEX3784-1024x683.jpg 1024w, https:\/\/www.visitsmaland.se\/wp-content\/uploads\/2024\/12\/Longe-Jan-Ottenby-Alexander-Hall-2023-OlandCo-ALEX3784-768x512.jpg 768w, https:\/\/www.visitsmaland.se\/wp-content\/uploads\/2024\/12\/Longe-Jan-Ottenby-Alexander-Hall-2023-OlandCo-ALEX3784-1536x1025.jpg 1536w, https:\/\/www.visitsmaland.se\/wp-content\/uploads\/2024\/12\/Longe-Jan-Ottenby-Alexander-Hall-2023-OlandCo-ALEX3784-2048x1366.jpg 2048w\" sizes=\"(max-width: 500px) 100vw, 500px\" \/>                <\/div>\n                                                <h3 class=\"dynamicContentTwoColumns dynamicContentTwoColumns__heading\">\n                    Store Mosse National park                <\/h3>\n                                                <div class=\"dynamicContentTwoColumns dynamicContentTwoColumns__text\">\n                    <p><p>Het landschap van Store Mosse National Park wordt gedomineerd door het zuidelijkste moerasgebied van Zweden. De meren en veengebieden vormen een ongestoord leefgebied voor kraanvogels, elanden en adelaars. Direct naast de parkeerplaats en het bezoekerscentrum, Naturrum, staat een 12 meter hoge uitkijktoren vanwaar je het hele gebied kunt overzien \u2013 vergeet je verrekijker niet!<\/p>\n<p>\n                <\/div>\n                                                <div class=\"wp-block-buttons is-layout-flex wp-block-buttons-is-layout-flex\">\n                    <div class=\"wp-block-button\">\n                        <a aria-label=\"Lees verder\" class=\"wp-block-button__link wp-element-button dynamicContentTwoColumns dynamicContentTwoColumns__ctaButton\" href=\"https:\/\/www.visitsmaland.se\/en\/discover\/store-mosse\/\">\n                            Store Mosse Nationalpark                        <\/a>\n                    <\/div>\n                <\/div>\n                                                <div class=\"dynamicContentTwoColumns dynamicContentTwoColumns__imageWrapper\">\n                    <img loading=\"lazy\" decoding=\"async\" width=\"500\" height=\"333\" src=\"https:\/\/www.visitsmaland.se\/wp-content\/uploads\/2024\/12\/svea_store-mosse-3-1-scaled.jpg\" class=\"attachment-500x500 size-500x500\" alt=\"Eine Frau blickt durch ein Fernglas\" srcset=\"https:\/\/www.visitsmaland.se\/wp-content\/uploads\/2024\/12\/svea_store-mosse-3-1-scaled.jpg 2560w, https:\/\/www.visitsmaland.se\/wp-content\/uploads\/2024\/12\/svea_store-mosse-3-1-300x200.jpg 300w, https:\/\/www.visitsmaland.se\/wp-content\/uploads\/2024\/12\/svea_store-mosse-3-1-1024x683.jpg 1024w, https:\/\/www.visitsmaland.se\/wp-content\/uploads\/2024\/12\/svea_store-mosse-3-1-768x512.jpg 768w, https:\/\/www.visitsmaland.se\/wp-content\/uploads\/2024\/12\/svea_store-mosse-3-1-1536x1024.jpg 1536w, https:\/\/www.visitsmaland.se\/wp-content\/uploads\/2024\/12\/svea_store-mosse-3-1-2048x1365.jpg 2048w\" sizes=\"(max-width: 500px) 100vw, 500px\" \/>                <\/div>\n                                                <h3 class=\"dynamicContentTwoColumns dynamicContentTwoColumns__heading\">\n                    \u00c5snen National Park                <\/h3>\n                                                <div class=\"dynamicContentTwoColumns dynamicContentTwoColumns__text\">\n                    <p><p>\u00c5snen National Park is wonderbaarlijk met een prachtige mix van diepe bossen, blauwe baaien en een zoetwaterarchipel. Het gebied is een waar paradijs voor Zweedse fauna. Ken je <em data-start=\"1514\" data-end=\"1533\">de \u00c5snen Big Five<\/em> al? Met een beetje geluk spot je hier een eland, visarend, zeearend, kraanvogel en de parelduiker.<\/p>\n<p>\n                <\/div>\n                                                <div class=\"wp-block-buttons is-layout-flex wp-block-buttons-is-layout-flex\">\n                    <div class=\"wp-block-button\">\n                        <a aria-label=\"Lees verder\" class=\"wp-block-button__link wp-element-button dynamicContentTwoColumns dynamicContentTwoColumns__ctaButton\" href=\"https:\/\/www.visitsmaland.se\/en\/discover\/asnen\/\">\n                            \u00c5snen National Park                        <\/a>\n                    <\/div>\n                <\/div>\n                                                <div class=\"dynamicContentTwoColumns dynamicContentTwoColumns__imageWrapper\">\n                    <img loading=\"lazy\" decoding=\"async\" width=\"500\" height=\"333\" src=\"https:\/\/www.visitsmaland.se\/wp-content\/uploads\/2024\/12\/TD-SWEDEN-GETNO_robin-visser-2.jpg\" class=\"attachment-500x500 size-500x500\" alt=\"Mutter und Kind sitzen in einem Boot und betrachten die Umgebung durch Ferngl\u00e4ser.\" srcset=\"https:\/\/www.visitsmaland.se\/wp-content\/uploads\/2024\/12\/TD-SWEDEN-GETNO_robin-visser-2.jpg 2500w, https:\/\/www.visitsmaland.se\/wp-content\/uploads\/2024\/12\/TD-SWEDEN-GETNO_robin-visser-2-300x200.jpg 300w, https:\/\/www.visitsmaland.se\/wp-content\/uploads\/2024\/12\/TD-SWEDEN-GETNO_robin-visser-2-1024x683.jpg 1024w, https:\/\/www.visitsmaland.se\/wp-content\/uploads\/2024\/12\/TD-SWEDEN-GETNO_robin-visser-2-768x512.jpg 768w, https:\/\/www.visitsmaland.se\/wp-content\/uploads\/2024\/12\/TD-SWEDEN-GETNO_robin-visser-2-1536x1024.jpg 1536w, https:\/\/www.visitsmaland.se\/wp-content\/uploads\/2024\/12\/TD-SWEDEN-GETNO_robin-visser-2-2048x1366.jpg 2048w\" sizes=\"(max-width: 500px) 100vw, 500px\" \/>                <\/div>\n                        <\/div>\n<\/div>\n\n\n<div class=\"contentImageTwoColumns contentImageTwoColumns__wrapper\" style=\"background-color: #374632\">\n    <div class=\"contentImageTwoColumns contentImageTwoColumns__container layout-reversed\">\n        <div class=\"contentImageTwoColumns contentImageTwoColumns__contentWrapper\">\n            <h2 class=\"contentImageTwoColumns contentImageTwoColumns__heading\" style=\"color: #ffffff\">\n                Rozen in J\u00f6nk\u00f6ping            <\/h2>\n            <div class=\"contentImageTwoColumns contentImageTwoColumns__text contentImageTwoColumns__text--short\" style=\"color: #ffffff\">\n                                    <p>Kun je geen genoeg krijgen van de weelderige lente\u00adbloei, dan is het Rosarium in Rosenlund, J\u00f6nk\u00f6ping, de ideale plek voor jou. De tuin ligt op loopafstand van het strand van het V\u00e4ttermeer en bevat meer dan 370 verschillende rozenvari\u00ebteiten. Entree is gratis.<\/p>\n                            <\/div>\n            <div class=\"contentImageTwoColumns contentImageTwoColumns__text contentImageTwoColumns__text--full\" style=\"color: #ffffff\">\n                <p>Kun je geen genoeg krijgen van de weelderige lente\u00adbloei, dan is het Rosarium in Rosenlund, J\u00f6nk\u00f6ping, de ideale plek voor jou. De tuin ligt op loopafstand van het strand van het V\u00e4ttermeer en bevat meer dan 370 verschillende rozenvari\u00ebteiten. Entree is gratis.<\/p>\n                <button type=\"button\" class=\"contentImageTwoColumns contentImageTwoColumns__readMoreLess\">\n                    Lees minder &#8211;                <\/button>\n            <\/div>\n                        <div class=\"wp-block-buttons is-layout-flex wp-block-buttons-is-layout-flex\">\n                <div class=\"wp-block-button \">\n                    <a aria-label=\"Meer informatie\" class=\"wp-block-button__link wp-element-button\" href=\"https:\/\/www.visitsmaland.se\/en\/to-do\/rosenlund-manor-and-rose-garden\/\" style=\"background-color: #f4f2eb; color: #000000;border: solid 1px #f4f2eb\">\n                        Meer informatie                    <\/a>\n                <\/div>\n            <\/div>\n                                <\/div>\n        <div class=\"contentImageTwoColumns contentImageTwoColumns__imageWrapper\">\n            <img loading=\"lazy\" decoding=\"async\" width=\"1024\" height=\"740\" src=\"https:\/\/www.visitsmaland.se\/wp-content\/uploads\/2024\/12\/herrgarden-2-1024x740.jpg\" class=\"attachment-grid-card-images size-grid-card-images\" alt=\"Das Rosarium in J\u00f6nk\u00f6ping\" \/>        <\/div>\n    <\/div>\n<\/div>\n\n\n<div class=\"contentImageTwoColumns contentImageTwoColumns__wrapper\" style=\"background-color: #f4f2eb\">\n    <div class=\"contentImageTwoColumns contentImageTwoColumns__container \">\n        <div class=\"contentImageTwoColumns contentImageTwoColumns__contentWrapper\">\n            <h2 class=\"contentImageTwoColumns contentImageTwoColumns__heading\" style=\"color: \">\n                Orchidee\u00ebn op \u00d6land            <\/h2>\n            <div class=\"contentImageTwoColumns contentImageTwoColumns__text contentImageTwoColumns__text--short\" style=\"color: \">\n                                    <p>Op \u00d6land zijn meer dan 30 verschillende soorten orchidee\u00ebn te vinden, waarbij de vroegste al in april beginnen te bloeien. Soorten zoals Adam &amp; Eva, de vroege paarse orchis en de gevlekte orchi&#8230;                    <button type=\"button\" class=\"contentImageTwoColumns contentImageTwoColumns__readMoreLess\">\n                        Lees verder +                    <\/button>\n                            <\/div>\n            <div class=\"contentImageTwoColumns contentImageTwoColumns__text contentImageTwoColumns__text--full\" style=\"color: \">\n                <p>Op \u00d6land zijn meer dan 30 verschillende soorten orchidee\u00ebn te vinden, waarbij de vroegste al in april beginnen te bloeien. Soorten zoals Adam &amp; Eva, de vroege paarse orchis en de gevlekte orchis kunnen velden en landschappen omtoveren tot tinten paars en roze, terwijl de bloei van andere soorten doorgaat tot in juli en augustus. Een volledige lijst van inheemse orchidee\u00ebn is te vinden op de Zweedse website <em data-start=\"1012\" data-end=\"1027\">Allt p\u00e5 \u00d6land<\/em>.<\/p>\n                <button type=\"button\" class=\"contentImageTwoColumns contentImageTwoColumns__readMoreLess\">\n                    Lees minder &#8211;                <\/button>\n            <\/div>\n                        <div class=\"wp-block-buttons is-layout-flex wp-block-buttons-is-layout-flex\">\n                <div class=\"wp-block-button arrow-white\">\n                    <a aria-label=\"Alles over \u00d6land\" class=\"wp-block-button__link wp-element-button\" href=\"https:\/\/alltpaoland.se\/vaxter\/orkideer\/\" style=\"background-color: #374632; color: #ffffff;border: solid 1px #374632\">\n                        Alles over \u00d6land                    <\/a>\n                <\/div>\n            <\/div>\n                                <\/div>\n        <div class=\"contentImageTwoColumns contentImageTwoColumns__imageWrapper\">\n            <img loading=\"lazy\" decoding=\"async\" width=\"1024\" height=\"740\" src=\"https:\/\/www.visitsmaland.se\/wp-content\/uploads\/2024\/12\/Eriksore-alvar-26-05-21-a-NET-1024x740.jpg\" class=\"attachment-grid-card-images size-grid-card-images\" alt=\"Bl\u00fchende Orchideen\" \/>        <\/div>\n    <\/div>\n<\/div>\n\n\n<div class=\"dynamicContentTwoColumns dynamicContentTwoColumns__wrapper\">\n    <div class=\"dynamicContentTwoColumns dynamicContentTwoColumns__container\">\n                                    <h3 class=\"dynamicContentTwoColumns dynamicContentTwoColumns__heading\">\n                    Het voorjaar verwelkomen op Valborg                <\/h3>\n                                                <div class=\"dynamicContentTwoColumns dynamicContentTwoColumns__text\">\n                    <p><p>Valborg (op het Engels Walpurgis) wordt traditioneel in Zweden gevierd op 30 april en is het feest waarbij de lente officieel wordt binnengehaald. Grote vreugdevuren worden door het hele land aangestoken\u00a0 om afscheid te nemen van de winter, en mensen vieren de lente samen met vrienden en familie \u2013 vaak met veel zang. Toevallig viert koning Carl XVI Gustaf ook op deze dag zijn verjaardag. 1 mei is de Dag van de Arbeid en dus een offici\u00eble feestdag.<\/p>\n<p>\n                <\/div>\n                                                <div class=\"dynamicContentTwoColumns dynamicContentTwoColumns__imageWrapper\">\n                    <img loading=\"lazy\" decoding=\"async\" width=\"408\" height=\"500\" src=\"https:\/\/www.visitsmaland.se\/wp-content\/uploads\/2024\/12\/Valborg.jpg\" class=\"attachment-500x500 size-500x500\" alt=\"Menschen stehen um ein Valborg-Feuer am See.\" srcset=\"https:\/\/www.visitsmaland.se\/wp-content\/uploads\/2024\/12\/Valborg.jpg 1170w, https:\/\/www.visitsmaland.se\/wp-content\/uploads\/2024\/12\/Valborg-245x300.jpg 245w, https:\/\/www.visitsmaland.se\/wp-content\/uploads\/2024\/12\/Valborg-836x1024.jpg 836w, https:\/\/www.visitsmaland.se\/wp-content\/uploads\/2024\/12\/Valborg-768x941.jpg 768w\" sizes=\"(max-width: 408px) 100vw, 408px\" \/>                <\/div>\n                                                <h3 class=\"dynamicContentTwoColumns dynamicContentTwoColumns__heading\">\n                    V\u00e5ffeldagen \u2013 de Wafeldag                <\/h3>\n                                                <div class=\"dynamicContentTwoColumns dynamicContentTwoColumns__text\">\n                    <p><p>De wafel heeft in Zweden een eigen feestdag, gevierd op 25 maart. Veel mensen pakken het wafelijzer tevoorschijn en serveren wafels tijdens de traditionele fika thuis. Er zijn geen strikte regels voor hoe wafels gegeten moeten worden, maar meestal worden ze geserveerd met jam en slagroom, en natuurlijk met koffie erbij.<\/p>\n<p>\n                <\/div>\n                                                <div class=\"dynamicContentTwoColumns dynamicContentTwoColumns__imageWrapper\">\n                    <img loading=\"lazy\" decoding=\"async\" width=\"500\" height=\"333\" src=\"https:\/\/www.visitsmaland.se\/wp-content\/uploads\/2024\/12\/ALEX5601-scaled.jpg\" class=\"attachment-500x500 size-500x500\" alt=\"Eine Person tr\u00e4gt zwei Teller mit frischen Waffeln.\" srcset=\"https:\/\/www.visitsmaland.se\/wp-content\/uploads\/2024\/12\/ALEX5601-scaled.jpg 2560w, https:\/\/www.visitsmaland.se\/wp-content\/uploads\/2024\/12\/ALEX5601-300x200.jpg 300w, https:\/\/www.visitsmaland.se\/wp-content\/uploads\/2024\/12\/ALEX5601-1024x683.jpg 1024w, https:\/\/www.visitsmaland.se\/wp-content\/uploads\/2024\/12\/ALEX5601-768x512.jpg 768w, https:\/\/www.visitsmaland.se\/wp-content\/uploads\/2024\/12\/ALEX5601-1536x1024.jpg 1536w, https:\/\/www.visitsmaland.se\/wp-content\/uploads\/2024\/12\/ALEX5601-2048x1365.jpg 2048w\" sizes=\"(max-width: 500px) 100vw, 500px\" \/>                <\/div>\n                        <\/div>\n<\/div>\n\n\n\n<div class=\"wp-block-group has-visitsmaland-greige-background-color has-background is-layout-constrained wp-block-group-is-layout-constrained\"><div class=\"contentCta contentCta__wrapper\">\n    <div class=\"contentCta contentCta__container\">\n                        <h2 class=\"contentCta contentCta__heading\" style=\"color: \">\n                Wil je meer inspiratie?            <\/h2>\n                \t\t\t<div class=\"contentCta contentCta__text\" style=\"color: \">\n\t\t\t\t<p>Kun je nu al bijna niet meer wachten om eindelijk naar het lenteachtige Sm\u00e5land te vertrekken?<br data-start=\"432\" data-end=\"435\" \/>Dan is Sarah\u2019s reisblog precies wat je zoekt:<\/p>\n\t\t\t<\/div>\n                <hr>\n                <div class=\"contentCta contentCta__ctaWrapper\">\n            <div class=\"wp-block-buttons is-layout-flex wp-block-buttons-is-layout-flex\">\n                                                                                            <div class=\"wp-block-button  arrow-white\">\n                    <a aria-label=\"Sarahs natuurbeleving\" class=\"wp-block-button__link wp-element-button\" href=\"https:\/\/www.visitsmaland.se\/en\/discover\/sarahs-nature-experiences-in-smaland\/\" style=\"background-color: #374632; color: #ffffff\">\n                        Sarahs natuurbeleving                    <\/a>\n                <\/div>\n                            <\/div>\n        <\/div>\n            <\/div>\n<\/div>\n<\/div>\n\n\n  \n<div class=\"featuredTwoColumns featuredTwoColumns__wrapper\">\n    <div class=\"featuredTwoColumns featuredTwoColumns__container\">  \n            <div class=\"featuredTwoColumns featuredTwoColumns__feturedWrapper\">\n            <a aria-label=\"Accommodatie\" href=\"https:\/\/www.visitsmaland.se\/nl\/ontdekken\/accommodation-inspiration\/\"class=\"featuredTwoColumns featuredTwoColumns__imageWrapper\">\n                <img loading=\"lazy\" decoding=\"async\" width=\"1024\" height=\"740\" src=\"https:\/\/www.visitsmaland.se\/wp-content\/uploads\/2024\/04\/012-1024x740.jpg\" class=\"attachment-grid-card-images size-grid-card-images wp-post-image\" alt=\"\" \/>            <\/a>\n            <div class=\"featuredTwoColumns featuredTwoColumns__contentWrapper\">\n                <h2 class=\"featuredTwoColumns featuredTwoColumns__heading\">\n                    Accommodatie                <\/h2>\n                <p class=\"featuredTwoColumns featuredTwoColumns__description\">\n                    In Sm\u00e5land slaap je overal lekker. Kies je accommod\u2026                <\/p>\n                 \n                 \n                <div class=\"wp-block-buttons is-layout-flex wp-block-buttons-is-layout-flex\">\n                    <div class=\"wp-block-button \">\n                        <a aria-label=\"Accommodatie\"class=\"wp-block-button__link wp-element-button\" href=\"https:\/\/www.visitsmaland.se\/nl\/ontdekken\/accommodation-inspiration\/\">\n                            Ontdek                       \n                         <\/a>\n                    <\/div>\n                <\/div>\n            <\/div>\n        <\/div>\n                <div class=\"featuredTwoColumns featuredTwoColumns__feturedWrapper\">\n            <a aria-label=\"Eten &amp; drinken\" href=\"https:\/\/www.visitsmaland.se\/nl\/ontdekken\/eten-drinken\/\"class=\"featuredTwoColumns featuredTwoColumns__imageWrapper\">\n                <img loading=\"lazy\" decoding=\"async\" width=\"1024\" height=\"740\" src=\"https:\/\/www.visitsmaland.se\/wp-content\/uploads\/2024\/04\/alex7823-1024x740.jpg\" class=\"attachment-grid-card-images size-grid-card-images wp-post-image\" alt=\"Zwei frisch zubereitete Teller in einem Restaurant werden serviert.\" \/>            <\/a>\n            <div class=\"featuredTwoColumns featuredTwoColumns__contentWrapper\">\n                <h2 class=\"featuredTwoColumns featuredTwoColumns__heading\">\n                    Eten &amp; drinken                <\/h2>\n                <p class=\"featuredTwoColumns featuredTwoColumns__description\">\n                    Welkom in het culinaire Sm\u00e5land. Hier worden lokale\u2026                <\/p>\n                 \n                 \n                <div class=\"wp-block-buttons is-layout-flex wp-block-buttons-is-layout-flex\">\n                    <div class=\"wp-block-button \">\n                        <a aria-label=\"Eten &amp; drinken\"class=\"wp-block-button__link wp-element-button\" href=\"https:\/\/www.visitsmaland.se\/nl\/ontdekken\/eten-drinken\/\">\n                            Ontdek                       \n                         <\/a>\n                    <\/div>\n                <\/div>\n            <\/div>\n        <\/div>\n            <\/div>\n<\/div>\n","protected":false},"excerpt":{"rendered":"<p>Na de lange wintermaanden voelt de Zweedse lente des te intenser aan. Vanaf ongeveer april ontwaakt de natuur en verandert het landschap snel in fris groen \u2013 ideaal voor lange wandelingen die een gevoel van lichtheid en een nieuwe start geven.<\/p>\n","protected":false},"featured_media":57468,"parent":0,"menu_order":398,"template":"","tags":[],"land":[],"class_list":["post-79897","guide","type-guide","status-publish","has-post-thumbnail","hentry"],"acf":{"priority":""},"yoast_head":"<!-- This site is optimized with the Yoast SEO plugin v27.2 - https:\/\/yoast.com\/product\/yoast-seo-wordpress\/ -->\n<title>Lente in Sm\u00e5land | Visit Sm\u00e5land<\/title>\n<meta name=\"description\" content=\"Na de lange wintermaanden voelt de Zweedse lente nog intensiever aan. De natuur ontwaakt en het leven keert zichtbaar terug in het landschap.\" \/>\n<meta name=\"robots\" content=\"index, follow, max-snippet:-1, max-image-preview:large, max-video-preview:-1\" \/>\n<link rel=\"canonical\" href=\"https:\/\/www.visitsmaland.se\/nl\/ontdekken\/lente-in-smaland\/\" \/>\n<meta property=\"og:locale\" content=\"nl_NL\" \/>\n<meta property=\"og:type\" content=\"article\" \/>\n<meta property=\"og:title\" content=\"Lente in Sm\u00e5land | Visit Sm\u00e5land\" \/>\n<meta property=\"og:description\" content=\"Na de lange wintermaanden voelt de Zweedse lente nog intensiever aan. De natuur ontwaakt en het leven keert zichtbaar terug in het landschap.\" \/>\n<meta property=\"og:url\" content=\"https:\/\/www.visitsmaland.se\/nl\/ontdekken\/lente-in-smaland\/\" \/>\n<meta property=\"og:site_name\" content=\"Visit Sm\u00e5land\" \/>\n<meta property=\"article:publisher\" content=\"https:\/\/www.facebook.com\/visitsmaland\/\" \/>\n<meta property=\"article:modified_time\" content=\"2026-04-01T06:38:51+00:00\" \/>\n<meta property=\"og:image\" content=\"https:\/\/www.visitsmaland.se\/wp-content\/uploads\/2024\/12\/ALEX8856-1-scaled.jpg\" \/>\n\t<meta property=\"og:image:width\" content=\"2560\" \/>\n\t<meta property=\"og:image:height\" content=\"1707\" \/>\n\t<meta property=\"og:image:type\" content=\"image\/jpeg\" \/>\n<meta name=\"twitter:card\" content=\"summary_large_image\" \/>\n<meta name=\"twitter:label1\" content=\"Geschatte leestijd\" \/>\n\t<meta name=\"twitter:data1\" content=\"7 minuten\" \/>\n<script type=\"application\/ld+json\" class=\"yoast-schema-graph\">{\"@context\":\"https:\/\/schema.org\",\"@graph\":[{\"@type\":\"WebPage\",\"@id\":\"https:\/\/www.visitsmaland.se\/nl\/ontdekken\/lente-in-smaland\/\",\"url\":\"https:\/\/www.visitsmaland.se\/nl\/ontdekken\/lente-in-smaland\/\",\"name\":\"Lente in Sm\u00e5land | Visit Sm\u00e5land\",\"isPartOf\":{\"@id\":\"https:\/\/www.visitsmaland.se\/nl\/#website\"},\"primaryImageOfPage\":{\"@id\":\"https:\/\/www.visitsmaland.se\/nl\/ontdekken\/lente-in-smaland\/#primaryimage\"},\"image\":{\"@id\":\"https:\/\/www.visitsmaland.se\/nl\/ontdekken\/lente-in-smaland\/#primaryimage\"},\"thumbnailUrl\":\"https:\/\/www.visitsmaland.se\/wp-content\/uploads\/2024\/12\/ALEX8856-1-scaled.jpg\",\"datePublished\":\"2024-12-12T09:49:54+00:00\",\"dateModified\":\"2026-04-01T06:38:51+00:00\",\"description\":\"Na de lange wintermaanden voelt de Zweedse lente nog intensiever aan. De natuur ontwaakt en het leven keert zichtbaar terug in het landschap.\",\"breadcrumb\":{\"@id\":\"https:\/\/www.visitsmaland.se\/nl\/ontdekken\/lente-in-smaland\/#breadcrumb\"},\"inLanguage\":\"nl-NL\",\"potentialAction\":[{\"@type\":\"ReadAction\",\"target\":[\"https:\/\/www.visitsmaland.se\/nl\/ontdekken\/lente-in-smaland\/\"]}]},{\"@type\":\"ImageObject\",\"inLanguage\":\"nl-NL\",\"@id\":\"https:\/\/www.visitsmaland.se\/nl\/ontdekken\/lente-in-smaland\/#primaryimage\",\"url\":\"https:\/\/www.visitsmaland.se\/wp-content\/uploads\/2024\/12\/ALEX8856-1-scaled.jpg\",\"contentUrl\":\"https:\/\/www.visitsmaland.se\/wp-content\/uploads\/2024\/12\/ALEX8856-1-scaled.jpg\",\"width\":2560,\"height\":1707},{\"@type\":\"BreadcrumbList\",\"@id\":\"https:\/\/www.visitsmaland.se\/nl\/ontdekken\/lente-in-smaland\/#breadcrumb\",\"itemListElement\":[{\"@type\":\"ListItem\",\"position\":1,\"name\":\"Startpagina\",\"item\":\"https:\/\/www.visitsmaland.se\/nl\/\"},{\"@type\":\"ListItem\",\"position\":2,\"name\":\"Lente in Sm\u00e5land\"}]},{\"@type\":\"WebSite\",\"@id\":\"https:\/\/www.visitsmaland.se\/nl\/#website\",\"url\":\"https:\/\/www.visitsmaland.se\/nl\/\",\"name\":\"Visit Sm\u00e5land\",\"description\":\"V\u00e4lkommen till Sm\u00e5land\",\"potentialAction\":[{\"@type\":\"SearchAction\",\"target\":{\"@type\":\"EntryPoint\",\"urlTemplate\":\"https:\/\/www.visitsmaland.se\/nl\/?s={search_term_string}\"},\"query-input\":{\"@type\":\"PropertyValueSpecification\",\"valueRequired\":true,\"valueName\":\"search_term_string\"}}],\"inLanguage\":\"nl-NL\"}]}<\/script>\n<!-- \/ Yoast SEO plugin. -->","yoast_head_json":{"title":"Lente in Sm\u00e5land | Visit Sm\u00e5land","description":"Na de lange wintermaanden voelt de Zweedse lente nog intensiever aan. De natuur ontwaakt en het leven keert zichtbaar terug in het landschap.","robots":{"index":"index","follow":"follow","max-snippet":"max-snippet:-1","max-image-preview":"max-image-preview:large","max-video-preview":"max-video-preview:-1"},"canonical":"https:\/\/www.visitsmaland.se\/nl\/ontdekken\/lente-in-smaland\/","og_locale":"nl_NL","og_type":"article","og_title":"Lente in Sm\u00e5land | Visit Sm\u00e5land","og_description":"Na de lange wintermaanden voelt de Zweedse lente nog intensiever aan. De natuur ontwaakt en het leven keert zichtbaar terug in het landschap.","og_url":"https:\/\/www.visitsmaland.se\/nl\/ontdekken\/lente-in-smaland\/","og_site_name":"Visit Sm\u00e5land","article_publisher":"https:\/\/www.facebook.com\/visitsmaland\/","article_modified_time":"2026-04-01T06:38:51+00:00","og_image":[{"width":2560,"height":1707,"url":"https:\/\/www.visitsmaland.se\/wp-content\/uploads\/2024\/12\/ALEX8856-1-scaled.jpg","type":"image\/jpeg"}],"twitter_card":"summary_large_image","twitter_misc":{"Geschatte leestijd":"7 minuten"},"schema":{"@context":"https:\/\/schema.org","@graph":[{"@type":"WebPage","@id":"https:\/\/www.visitsmaland.se\/nl\/ontdekken\/lente-in-smaland\/","url":"https:\/\/www.visitsmaland.se\/nl\/ontdekken\/lente-in-smaland\/","name":"Lente in Sm\u00e5land | Visit Sm\u00e5land","isPartOf":{"@id":"https:\/\/www.visitsmaland.se\/nl\/#website"},"primaryImageOfPage":{"@id":"https:\/\/www.visitsmaland.se\/nl\/ontdekken\/lente-in-smaland\/#primaryimage"},"image":{"@id":"https:\/\/www.visitsmaland.se\/nl\/ontdekken\/lente-in-smaland\/#primaryimage"},"thumbnailUrl":"https:\/\/www.visitsmaland.se\/wp-content\/uploads\/2024\/12\/ALEX8856-1-scaled.jpg","datePublished":"2024-12-12T09:49:54+00:00","dateModified":"2026-04-01T06:38:51+00:00","description":"Na de lange wintermaanden voelt de Zweedse lente nog intensiever aan. De natuur ontwaakt en het leven keert zichtbaar terug in het landschap.","breadcrumb":{"@id":"https:\/\/www.visitsmaland.se\/nl\/ontdekken\/lente-in-smaland\/#breadcrumb"},"inLanguage":"nl-NL","potentialAction":[{"@type":"ReadAction","target":["https:\/\/www.visitsmaland.se\/nl\/ontdekken\/lente-in-smaland\/"]}]},{"@type":"ImageObject","inLanguage":"nl-NL","@id":"https:\/\/www.visitsmaland.se\/nl\/ontdekken\/lente-in-smaland\/#primaryimage","url":"https:\/\/www.visitsmaland.se\/wp-content\/uploads\/2024\/12\/ALEX8856-1-scaled.jpg","contentUrl":"https:\/\/www.visitsmaland.se\/wp-content\/uploads\/2024\/12\/ALEX8856-1-scaled.jpg","width":2560,"height":1707},{"@type":"BreadcrumbList","@id":"https:\/\/www.visitsmaland.se\/nl\/ontdekken\/lente-in-smaland\/#breadcrumb","itemListElement":[{"@type":"ListItem","position":1,"name":"Startpagina","item":"https:\/\/www.visitsmaland.se\/nl\/"},{"@type":"ListItem","position":2,"name":"Lente in Sm\u00e5land"}]},{"@type":"WebSite","@id":"https:\/\/www.visitsmaland.se\/nl\/#website","url":"https:\/\/www.visitsmaland.se\/nl\/","name":"Visit Sm\u00e5land","description":"V\u00e4lkommen till Sm\u00e5land","potentialAction":[{"@type":"SearchAction","target":{"@type":"EntryPoint","urlTemplate":"https:\/\/www.visitsmaland.se\/nl\/?s={search_term_string}"},"query-input":{"@type":"PropertyValueSpecification","valueRequired":true,"valueName":"search_term_string"}}],"inLanguage":"nl-NL"}]}},"_links":{"self":[{"href":"https:\/\/www.visitsmaland.se\/nl\/wp-json\/wp\/v2\/guide\/79897","targetHints":{"allow":["GET"]}}],"collection":[{"href":"https:\/\/www.visitsmaland.se\/nl\/wp-json\/wp\/v2\/guide"}],"about":[{"href":"https:\/\/www.visitsmaland.se\/nl\/wp-json\/wp\/v2\/types\/guide"}],"version-history":[{"count":4,"href":"https:\/\/www.visitsmaland.se\/nl\/wp-json\/wp\/v2\/guide\/79897\/revisions"}],"predecessor-version":[{"id":95064,"href":"https:\/\/www.visitsmaland.se\/nl\/wp-json\/wp\/v2\/guide\/79897\/revisions\/95064"}],"wp:featuredmedia":[{"embeddable":true,"href":"https:\/\/www.visitsmaland.se\/nl\/wp-json\/wp\/v2\/media\/57468"}],"wp:attachment":[{"href":"https:\/\/www.visitsmaland.se\/nl\/wp-json\/wp\/v2\/media?parent=79897"}],"wp:term":[{"taxonomy":"post_tag","embeddable":true,"href":"https:\/\/www.visitsmaland.se\/nl\/wp-json\/wp\/v2\/tags?post=79897"},{"taxonomy":"land","embeddable":true,"href":"https:\/\/www.visitsmaland.se\/nl\/wp-json\/wp\/v2\/land?post=79897"}],"curies":[{"name":"wp","href":"https:\/\/api.w.org\/{rel}","templated":true}]}}