{"id":80536,"date":"2025-12-10T16:19:56","date_gmt":"2025-12-10T15:19:56","guid":{"rendered":"https:\/\/www.visitsmaland.se\/upptack\/sjalvplock-i-smaland\/"},"modified":"2026-04-01T07:58:18","modified_gmt":"2026-04-01T05:58:18","slug":"zelfpluk-in-smaland","status":"publish","type":"guide","link":"https:\/\/www.visitsmaland.se\/nl\/ontdekken\/zelfpluk-in-smaland\/","title":{"rendered":"Zelfpluk in Sm\u00e5land"},"content":{"rendered":"<div class=\"postHerosection postHerosection__wrapper\">\n    <div class=\"postHerosection postHerosection__container\">\n        <h1 class=\"postHerosection postHerosection__heroHeading\">\n            Zelfpluk in Sm\u00e5land        <\/h1>\n            <\/div>\n    <div class=\"postHerosection postHerosection__imageContainer\">\n        <img loading=\"lazy\" decoding=\"async\" width=\"2560\" height=\"1708\" src=\"https:\/\/www.visitsmaland.se\/wp-content\/uploads\/2025\/11\/OlandsSkordefest-Pumpor-AlexanderHall2022-OlandCo-ALEX1234-scaled.jpg\" class=\"attachment-full size-full\" alt=\"\" srcset=\"https:\/\/www.visitsmaland.se\/wp-content\/uploads\/2025\/11\/OlandsSkordefest-Pumpor-AlexanderHall2022-OlandCo-ALEX1234-scaled.jpg 2560w, https:\/\/www.visitsmaland.se\/wp-content\/uploads\/2025\/11\/OlandsSkordefest-Pumpor-AlexanderHall2022-OlandCo-ALEX1234-300x200.jpg 300w, https:\/\/www.visitsmaland.se\/wp-content\/uploads\/2025\/11\/OlandsSkordefest-Pumpor-AlexanderHall2022-OlandCo-ALEX1234-1024x683.jpg 1024w, https:\/\/www.visitsmaland.se\/wp-content\/uploads\/2025\/11\/OlandsSkordefest-Pumpor-AlexanderHall2022-OlandCo-ALEX1234-768x512.jpg 768w, https:\/\/www.visitsmaland.se\/wp-content\/uploads\/2025\/11\/OlandsSkordefest-Pumpor-AlexanderHall2022-OlandCo-ALEX1234-1536x1025.jpg 1536w, https:\/\/www.visitsmaland.se\/wp-content\/uploads\/2025\/11\/OlandsSkordefest-Pumpor-AlexanderHall2022-OlandCo-ALEX1234-2048x1366.jpg 2048w\" sizes=\"(max-width: 2560px) 100vw, 2560px\" \/>    <\/div>\n<\/div>\n<div class=\"postHerosection postHerosection__breadcrumbs\">\n   <div class=\"postHerosection postHerosection__breadcrumbs-container\">\n        <p id=\"breadcrumbs\"><span><span><a href=\"https:\/\/www.visitsmaland.se\/nl\/\">Startpagina<\/a><\/span><\/span><\/p>    <\/div>\n<\/div>\n\n<div class=\"contentCta contentCta__wrapper\">\n    <div class=\"contentCta contentCta__container\">\n                    \t\t\t<div class=\"contentCta contentCta__text\" style=\"color: \">\n\t\t\t\t<p>Ontdek het zelfplukken in Sm\u00e5land en op \u00d6land en vul je mandje met verse seizoensproducten. Pluk aardbeien, bloemen en zonnebloemen in de zomer en pompoenen, ma\u00efs en vossenbessen in de herfst \u2013 een leuke manier om van de natuur te genieten en lokale smaken mee naar huis te nemen.<\/p>\n\t\t\t<\/div>\n                <hr>\n            <\/div>\n<\/div>\n\n\n<div class=\"contentImageTwoColumns contentImageTwoColumns__wrapper\" style=\"background-color: #f4f2eb\">\n    <div class=\"contentImageTwoColumns contentImageTwoColumns__container \">\n        <div class=\"contentImageTwoColumns contentImageTwoColumns__contentWrapper\">\n            <h2 class=\"contentImageTwoColumns contentImageTwoColumns__heading\" style=\"color: \">\n                Zonnebloemen            <\/h2>\n            <div class=\"contentImageTwoColumns contentImageTwoColumns__text contentImageTwoColumns__text--short\" style=\"color: \">\n                                    <p data-start=\"170\" data-end=\"454\">In de late zomer staan de zonnebloemvelden in volle bloei en vormen ze een kleurrijk en prachtig onderdeel van het landschap van Sm\u00e5land. In Sm\u00e5land, onder andere in&#8230;                    <button type=\"button\" class=\"contentImageTwoColumns contentImageTwoColumns__readMoreLess\">\n                        Lees verder +                    <\/button>\n                            <\/div>\n            <div class=\"contentImageTwoColumns contentImageTwoColumns__text contentImageTwoColumns__text--full\" style=\"color: \">\n                <p data-start=\"170\" data-end=\"454\">In de late zomer staan de zonnebloemvelden in volle bloei en vormen ze een kleurrijk en prachtig onderdeel van het landschap van Sm\u00e5land. In Sm\u00e5land, onder andere in \u00c4lmhult en M\u00f6nster\u00e5s, zijn er boerderijen waar je tussen de hoge zonnebloemen kunt wandelen en zelf bloemen kunt plukken, rechtstreeks van het veld, om je eigen boeketten te maken.<\/p>\n                <button type=\"button\" class=\"contentImageTwoColumns contentImageTwoColumns__readMoreLess\">\n                    Lees minder &#8211;                <\/button>\n            <\/div>\n                        <div class=\"wp-block-buttons is-layout-flex wp-block-buttons-is-layout-flex\">\n                <div class=\"wp-block-button \">\n                    <a aria-label=\"Zonnebloemen plukken\" class=\"wp-block-button__link wp-element-button\" href=\"https:\/\/www.facebook.com\/solrosorielmhult\/?locale=sv_SE\" style=\"background-color: #fbbd51; color: #000000;border: solid 1px #fbbd51\">\n                        Zonnebloemen plukken                    <\/a>\n                <\/div>\n            <\/div>\n                                <\/div>\n        <div class=\"contentImageTwoColumns contentImageTwoColumns__imageWrapper\">\n            <img loading=\"lazy\" decoding=\"async\" width=\"1024\" height=\"740\" src=\"https:\/\/www.visitsmaland.se\/wp-content\/uploads\/2025\/11\/ALEX2168-scaled-e1765882698773-1024x740.jpg\" class=\"attachment-grid-card-images size-grid-card-images\" alt=\"\" \/>        <\/div>\n    <\/div>\n<\/div>\n\n\n<div class=\"dynamicContentTwoColumns dynamicContentTwoColumns__wrapper\">\n    <div class=\"dynamicContentTwoColumns dynamicContentTwoColumns__container\">\n                                    <h3 class=\"dynamicContentTwoColumns dynamicContentTwoColumns__heading\">\n                    Vossenbessen \u2013 de nationale bes van Zweden                <\/h3>\n                                                <div class=\"dynamicContentTwoColumns dynamicContentTwoColumns__text\">\n                    <p><p data-start=\"124\" data-end=\"431\">In Sm\u00e5land zijn er altijd veel bossen geweest \u2013 en daarmee veel vossenbessen (lingonbessen). Deze kleine rode bes is de nationale bes van Zweden en een vanzelfsprekend onderdeel van de oogst in de herfst. Ze zijn fris, licht zuur en rijk aan vitamines, en worden vaak gebruikt voor jam, sap, sauzen of als smakelijke aanvulling bij diverse gerechten.<\/p>\n<p>\n                <\/div>\n                                                <div class=\"wp-block-buttons is-layout-flex wp-block-buttons-is-layout-flex\">\n                    <div class=\"wp-block-button\">\n                        <a aria-label=\"Lees verder\" class=\"wp-block-button__link wp-element-button dynamicContentTwoColumns dynamicContentTwoColumns__ctaButton\" href=\"https:\/\/www.visitsmaland.se\/nl\/ontdekken\/veenbessen-in-smaland\/\">\n                            Lees meer over vossenbessen in Sm\u00e5land                        <\/a>\n                    <\/div>\n                <\/div>\n                                                <div class=\"dynamicContentTwoColumns dynamicContentTwoColumns__imageWrapper\">\n                    <img loading=\"lazy\" decoding=\"async\" width=\"500\" height=\"333\" src=\"https:\/\/www.visitsmaland.se\/wp-content\/uploads\/2024\/04\/lingon4.jpg\" class=\"attachment-500x500 size-500x500\" alt=\"\" srcset=\"https:\/\/www.visitsmaland.se\/wp-content\/uploads\/2024\/04\/lingon4.jpg 1329w, https:\/\/www.visitsmaland.se\/wp-content\/uploads\/2024\/04\/lingon4-300x200.jpg 300w, https:\/\/www.visitsmaland.se\/wp-content\/uploads\/2024\/04\/lingon4-1024x683.jpg 1024w, https:\/\/www.visitsmaland.se\/wp-content\/uploads\/2024\/04\/lingon4-768x512.jpg 768w\" sizes=\"(max-width: 500px) 100vw, 500px\" \/>                <\/div>\n                                                <div class=\"dynamicContentTwoColumns dynamicContentTwoColumns__imageWrapper\">\n                    <img loading=\"lazy\" decoding=\"async\" width=\"500\" height=\"333\" src=\"https:\/\/www.visitsmaland.se\/wp-content\/uploads\/2025\/11\/gigeryd-13.jpg\" class=\"attachment-500x500 size-500x500\" alt=\"\" srcset=\"https:\/\/www.visitsmaland.se\/wp-content\/uploads\/2025\/11\/gigeryd-13.jpg 2048w, https:\/\/www.visitsmaland.se\/wp-content\/uploads\/2025\/11\/gigeryd-13-300x200.jpg 300w, https:\/\/www.visitsmaland.se\/wp-content\/uploads\/2025\/11\/gigeryd-13-1024x683.jpg 1024w, https:\/\/www.visitsmaland.se\/wp-content\/uploads\/2025\/11\/gigeryd-13-768x512.jpg 768w, https:\/\/www.visitsmaland.se\/wp-content\/uploads\/2025\/11\/gigeryd-13-1536x1024.jpg 1536w\" sizes=\"(max-width: 500px) 100vw, 500px\" \/>                <\/div>\n                                                <h3 class=\"dynamicContentTwoColumns dynamicContentTwoColumns__heading\">\n                    Zelf aardbeien plukken in Sm\u00e5land en op \u00d6land                <\/h3>\n                                                <div class=\"dynamicContentTwoColumns dynamicContentTwoColumns__text\">\n                    <p><p data-start=\"3554\" data-end=\"3764\">Zelf aardbeien plukken is een populaire zomeractiviteit in Sm\u00e5land en op \u00d6land. Het is de perfecte manier om zon-gerijpte, sappige aardbeien rechtstreeks van het veld te proeven en de landelijke sfeer te ervaren.<\/p>\n<p data-start=\"3766\" data-end=\"3991\">Op verschillende boerderijen kun je zelf aardbeien plukken, tussen de rijen wandelen en genieten van de geuren en kleuren van de zomer. Neem verse aardbeien mee naar huis \u2013 rechtstreeks van de boerderijen in Sm\u00e5land en op \u00d6land.<\/p>\n<p>\n                <\/div>\n                                                <div class=\"wp-block-buttons is-layout-flex wp-block-buttons-is-layout-flex\">\n                    <div class=\"wp-block-button\">\n                        <a aria-label=\"Lees verder\" class=\"wp-block-button__link wp-element-button dynamicContentTwoColumns dynamicContentTwoColumns__ctaButton\" href=\"https:\/\/www.visitsmaland.se\/nl\/ontdekken\/aardbeien-plukken-in-smaland\/\">\n                            Plekken waar je aardbeien kan plukken                        <\/a>\n                    <\/div>\n                <\/div>\n                        <\/div>\n<\/div>\n\n\n<div class=\"contentImageTwoColumns contentImageTwoColumns__wrapper\" style=\"background-color: #374632\">\n    <div class=\"contentImageTwoColumns contentImageTwoColumns__container \">\n        <div class=\"contentImageTwoColumns contentImageTwoColumns__contentWrapper\">\n            <h2 class=\"contentImageTwoColumns contentImageTwoColumns__heading\" style=\"color: #ffffff\">\n                Pompoenen            <\/h2>\n            <div class=\"contentImageTwoColumns contentImageTwoColumns__text contentImageTwoColumns__text--short\" style=\"color: #ffffff\">\n                                    <p data-start=\"184\" data-end=\"406\">Tijdens het Oogstfeest op \u00d6land veranderen de boerderijen in kleurrijke herfstvelden vol pompoenen in alle soorten en maten. Je kunt hier je eigen pompoen rechtstree&#8230;                    <button type=\"button\" class=\"contentImageTwoColumns contentImageTwoColumns__readMoreLess\">\n                        Lees verder +                    <\/button>\n                            <\/div>\n            <div class=\"contentImageTwoColumns contentImageTwoColumns__text contentImageTwoColumns__text--full\" style=\"color: #ffffff\">\n                <p data-start=\"184\" data-end=\"406\">Tijdens het Oogstfeest op \u00d6land veranderen de boerderijen in kleurrijke herfstvelden vol pompoenen in alle soorten en maten. Je kunt hier je eigen pompoen rechtstreeks van het veld plukken of kiezen uit de pompoenen die al zijn geoogst. Geniet van de frisse herfstsfeer en wandel tussen de kleurrijke pompoenen.<\/p>\n<p>&nbsp;<\/p>\n                <button type=\"button\" class=\"contentImageTwoColumns contentImageTwoColumns__readMoreLess\">\n                    Lees minder &#8211;                <\/button>\n            <\/div>\n                        <div class=\"wp-block-buttons is-layout-flex wp-block-buttons-is-layout-flex\">\n                <div class=\"wp-block-button \">\n                    <a aria-label=\"\u00d6lands Oogstfeest\" class=\"wp-block-button__link wp-element-button\" href=\"https:\/\/skordefest.nu\/\" style=\"background-color: #f4f2eb; color: #000000;border: solid 1px #f4f2eb\">\n                        \u00d6lands Oogstfeest                    <\/a>\n                <\/div>\n            <\/div>\n                                <\/div>\n        <div class=\"contentImageTwoColumns contentImageTwoColumns__imageWrapper\">\n            <img loading=\"lazy\" decoding=\"async\" width=\"1024\" height=\"740\" src=\"https:\/\/www.visitsmaland.se\/wp-content\/uploads\/2024\/04\/Olands-Skordefest-Pumpor-6-AH-2018-1024x740.jpg\" class=\"attachment-grid-card-images size-grid-card-images\" alt=\"\" \/>        <\/div>\n    <\/div>\n<\/div>\n\n\n\n<div style=\"height:11px\" aria-hidden=\"true\" class=\"wp-block-spacer\"><\/div>\n\n\n\n<figure class=\"wp-block-gallery has-nested-images columns-default is-cropped wp-block-gallery-2 is-layout-flex wp-block-gallery-is-layout-flex\">\n<figure class=\"wp-block-image size-large\"><img loading=\"lazy\" decoding=\"async\" width=\"1024\" height=\"683\" data-id=\"78696\" src=\"https:\/\/www.visitsmaland.se\/wp-content\/uploads\/2025\/11\/ALEX2264-1024x683.jpg\" alt=\"\" class=\"wp-image-78696\" srcset=\"https:\/\/www.visitsmaland.se\/wp-content\/uploads\/2025\/11\/ALEX2264-1024x683.jpg 1024w, https:\/\/www.visitsmaland.se\/wp-content\/uploads\/2025\/11\/ALEX2264-300x200.jpg 300w, https:\/\/www.visitsmaland.se\/wp-content\/uploads\/2025\/11\/ALEX2264-768x512.jpg 768w, https:\/\/www.visitsmaland.se\/wp-content\/uploads\/2025\/11\/ALEX2264-1536x1025.jpg 1536w, https:\/\/www.visitsmaland.se\/wp-content\/uploads\/2025\/11\/ALEX2264-2048x1366.jpg 2048w\" sizes=\"(max-width: 1024px) 100vw, 1024px\" \/><\/figure>\n\n\n\n<figure class=\"wp-block-image size-large\"><img loading=\"lazy\" decoding=\"async\" width=\"1024\" height=\"683\" data-id=\"65298\" src=\"https:\/\/www.visitsmaland.se\/wp-content\/uploads\/2025\/03\/gigeryd-27-1024x683.jpg\" alt=\"\" class=\"wp-image-65298\" srcset=\"https:\/\/www.visitsmaland.se\/wp-content\/uploads\/2025\/03\/gigeryd-27-1024x683.jpg 1024w, https:\/\/www.visitsmaland.se\/wp-content\/uploads\/2025\/03\/gigeryd-27-300x200.jpg 300w, https:\/\/www.visitsmaland.se\/wp-content\/uploads\/2025\/03\/gigeryd-27-768x512.jpg 768w, https:\/\/www.visitsmaland.se\/wp-content\/uploads\/2025\/03\/gigeryd-27-1536x1024.jpg 1536w, https:\/\/www.visitsmaland.se\/wp-content\/uploads\/2025\/03\/gigeryd-27.jpg 2048w\" sizes=\"(max-width: 1024px) 100vw, 1024px\" \/><\/figure>\n\n\n\n<figure class=\"wp-block-image size-large\"><img loading=\"lazy\" decoding=\"async\" width=\"1024\" height=\"683\" data-id=\"78671\" src=\"https:\/\/www.visitsmaland.se\/wp-content\/uploads\/2025\/11\/olandsskordefest-norrgarden-i-ventlinge-alexander-hall-oland-co-2025-ALEX0139-1024x683.jpg\" alt=\"\" class=\"wp-image-78671\" srcset=\"https:\/\/www.visitsmaland.se\/wp-content\/uploads\/2025\/11\/olandsskordefest-norrgarden-i-ventlinge-alexander-hall-oland-co-2025-ALEX0139-1024x683.jpg 1024w, https:\/\/www.visitsmaland.se\/wp-content\/uploads\/2025\/11\/olandsskordefest-norrgarden-i-ventlinge-alexander-hall-oland-co-2025-ALEX0139-300x200.jpg 300w, https:\/\/www.visitsmaland.se\/wp-content\/uploads\/2025\/11\/olandsskordefest-norrgarden-i-ventlinge-alexander-hall-oland-co-2025-ALEX0139-768x512.jpg 768w, https:\/\/www.visitsmaland.se\/wp-content\/uploads\/2025\/11\/olandsskordefest-norrgarden-i-ventlinge-alexander-hall-oland-co-2025-ALEX0139-1536x1025.jpg 1536w, https:\/\/www.visitsmaland.se\/wp-content\/uploads\/2025\/11\/olandsskordefest-norrgarden-i-ventlinge-alexander-hall-oland-co-2025-ALEX0139-2048x1366.jpg 2048w\" sizes=\"(max-width: 1024px) 100vw, 1024px\" \/><\/figure>\n<\/figure>\n\n\n<div class=\"dynamicContentTwoColumns dynamicContentTwoColumns__wrapper\">\n    <div class=\"dynamicContentTwoColumns dynamicContentTwoColumns__container\">\n                                    <h3 class=\"dynamicContentTwoColumns dynamicContentTwoColumns__heading\">\n                    Zelf bloemen plukken in Sm\u00e5land                <\/h3>\n                                                <div class=\"dynamicContentTwoColumns dynamicContentTwoColumns__imageWrapper\">\n                    <img loading=\"lazy\" decoding=\"async\" width=\"500\" height=\"375\" src=\"https:\/\/www.visitsmaland.se\/wp-content\/uploads\/2025\/04\/Wieselgrensgarden_huvudbild.jpg\" class=\"attachment-500x500 size-500x500\" alt=\"\" srcset=\"https:\/\/www.visitsmaland.se\/wp-content\/uploads\/2025\/04\/Wieselgrensgarden_huvudbild.jpg 1847w, https:\/\/www.visitsmaland.se\/wp-content\/uploads\/2025\/04\/Wieselgrensgarden_huvudbild-300x225.jpg 300w, https:\/\/www.visitsmaland.se\/wp-content\/uploads\/2025\/04\/Wieselgrensgarden_huvudbild-1024x768.jpg 1024w, https:\/\/www.visitsmaland.se\/wp-content\/uploads\/2025\/04\/Wieselgrensgarden_huvudbild-768x576.jpg 768w, https:\/\/www.visitsmaland.se\/wp-content\/uploads\/2025\/04\/Wieselgrensgarden_huvudbild-1536x1152.jpg 1536w\" sizes=\"(max-width: 500px) 100vw, 500px\" \/>                <\/div>\n                                                <div class=\"dynamicContentTwoColumns dynamicContentTwoColumns__text\">\n                    <p><p data-start=\"792\" data-end=\"956\">Op veel boerderijen in Sm\u00e5land kun je tussen de velden wandelen en kiezen uit de mooiste bloemen van het seizoen. Stel je eigen boeket samen en neem een stukje Sm\u00e5land mee naar huis. Ontdek lokale boerderijen met bloemenvelden en laat je inspireren door de kleuren, geuren en landelijke charme van Sm\u00e5land.<\/p>\n<p>\n                <\/div>\n                                                <div class=\"wp-block-buttons is-layout-flex wp-block-buttons-is-layout-flex\">\n                    <div class=\"wp-block-button\">\n                        <a aria-label=\"Lees verder\" class=\"wp-block-button__link wp-element-button dynamicContentTwoColumns dynamicContentTwoColumns__ctaButton\" href=\"https:\/\/www.visitsmaland.se\/en\/discover\/market-gardens\/\">\n                            Tuincentra                        <\/a>\n                    <\/div>\n                <\/div>\n                                                <h3 class=\"dynamicContentTwoColumns dynamicContentTwoColumns__heading\">\n                    Zelf ma\u00efs plukken in Sm\u00e5land                <\/h3>\n                                                <div class=\"dynamicContentTwoColumns dynamicContentTwoColumns__imageWrapper\">\n                    <img loading=\"lazy\" decoding=\"async\" width=\"500\" height=\"334\" src=\"https:\/\/www.visitsmaland.se\/wp-content\/uploads\/2025\/11\/majplockning-scaled.jpg\" class=\"attachment-500x500 size-500x500\" alt=\"\" srcset=\"https:\/\/www.visitsmaland.se\/wp-content\/uploads\/2025\/11\/majplockning-scaled.jpg 2560w, https:\/\/www.visitsmaland.se\/wp-content\/uploads\/2025\/11\/majplockning-300x200.jpg 300w, https:\/\/www.visitsmaland.se\/wp-content\/uploads\/2025\/11\/majplockning-1024x683.jpg 1024w, https:\/\/www.visitsmaland.se\/wp-content\/uploads\/2025\/11\/majplockning-768x513.jpg 768w, https:\/\/www.visitsmaland.se\/wp-content\/uploads\/2025\/11\/majplockning-1536x1025.jpg 1536w, https:\/\/www.visitsmaland.se\/wp-content\/uploads\/2025\/11\/majplockning-2048x1367.jpg 2048w\" sizes=\"(max-width: 500px) 100vw, 500px\" \/>                <\/div>\n                                                <div class=\"dynamicContentTwoColumns dynamicContentTwoColumns__text\">\n                    <p><p data-start=\"3006\" data-end=\"3262\">In de herfst is het tijd om verse, sappige ma\u00efs te plukken! In Sm\u00e5land kun je rustig door de groene ma\u00efsvelden wandelen, de zon-gerijpte kolven uitzoeken, de geur van versgeplukte ma\u00efs opsnuiven en genieten van de rustige, landelijke sfeer op de boerderij.<\/p>\n<p data-start=\"3264\" data-end=\"3416\">Er zijn verschillende boerderijen in Sm\u00e5land waar je zelf ma\u00efs kunt plukken, waaronder <a href=\"https:\/\/www.strandsgard.se\/\">Strands G\u00e5rd<\/a> vlakbij Huskvarna en <a href=\"https:\/\/wirbladhs.se\/\">Wirbladhs G\u00e5rdshandel<\/a> dichtbij Kalmar.<\/p>\n<p>\n                <\/div>\n                        <\/div>\n<\/div>\n\n\n  \n<div class=\"featuredTwoColumns featuredTwoColumns__wrapper\">\n    <div class=\"featuredTwoColumns featuredTwoColumns__container\">  \n            <div class=\"featuredTwoColumns featuredTwoColumns__feturedWrapper\">\n            <a aria-label=\"Pluk bessen en paddestoelen\" href=\"https:\/\/www.visitsmaland.se\/nl\/ontdekken\/pluk-bessen-en-paddestoelen\/\"class=\"featuredTwoColumns featuredTwoColumns__imageWrapper\">\n                <img loading=\"lazy\" decoding=\"async\" width=\"1024\" height=\"740\" src=\"https:\/\/www.visitsmaland.se\/wp-content\/uploads\/2024\/04\/kantareller4-1024x740.jpg\" class=\"attachment-grid-card-images size-grid-card-images wp-post-image\" alt=\"\" \/>            <\/a>\n            <div class=\"featuredTwoColumns featuredTwoColumns__contentWrapper\">\n                <h2 class=\"featuredTwoColumns featuredTwoColumns__heading\">\n                    Pluk bessen en paddestoelen                <\/h2>\n                <p class=\"featuredTwoColumns featuredTwoColumns__description\">\n                    De prachtige bossen van Sm\u00e5land zijn voor iedereen \u2026                <\/p>\n                 \n                 \n                <div class=\"wp-block-buttons is-layout-flex wp-block-buttons-is-layout-flex\">\n                    <div class=\"wp-block-button \">\n                        <a aria-label=\"Pluk bessen en paddestoelen\"class=\"wp-block-button__link wp-element-button\" href=\"https:\/\/www.visitsmaland.se\/nl\/ontdekken\/pluk-bessen-en-paddestoelen\/\">\n                            Ontdek                       \n                         <\/a>\n                    <\/div>\n                <\/div>\n            <\/div>\n        <\/div>\n                <div class=\"featuredTwoColumns featuredTwoColumns__feturedWrapper\">\n            <a aria-label=\"Boerderijwinkels\" href=\"https:\/\/www.visitsmaland.se\/nl\/ontdekken\/boerderijwinkels\/\"class=\"featuredTwoColumns featuredTwoColumns__imageWrapper\">\n                <img loading=\"lazy\" decoding=\"async\" width=\"1024\" height=\"740\" src=\"https:\/\/www.visitsmaland.se\/wp-content\/uploads\/2024\/04\/img_2422-1024x740.jpg\" class=\"attachment-grid-card-images size-grid-card-images wp-post-image\" alt=\"\" \/>            <\/a>\n            <div class=\"featuredTwoColumns featuredTwoColumns__contentWrapper\">\n                <h2 class=\"featuredTwoColumns featuredTwoColumns__heading\">\n                    Boerderijwinkels                <\/h2>\n                <p class=\"featuredTwoColumns featuredTwoColumns__description\">\n                    Sm\u00e5landse boerderijwinkels verkopen groenten, vlees\u2026                <\/p>\n                 \n                 \n                <div class=\"wp-block-buttons is-layout-flex wp-block-buttons-is-layout-flex\">\n                    <div class=\"wp-block-button \">\n                        <a aria-label=\"Boerderijwinkels\"class=\"wp-block-button__link wp-element-button\" href=\"https:\/\/www.visitsmaland.se\/nl\/ontdekken\/boerderijwinkels\/\">\n                            Ontdek                       \n                         <\/a>\n                    <\/div>\n                <\/div>\n            <\/div>\n        <\/div>\n            <\/div>\n<\/div>\n","protected":false},"excerpt":{"rendered":"<p>Ontdek zelfpluk in Sm\u00e5land en op \u00d6land \u2013 pluk aardbeien, ma\u00efs, bloemen, zonnebloemen, pompoenen en vossenbessen rechtstreeks op de boerderijen.<\/p>\n","protected":false},"featured_media":78662,"parent":0,"menu_order":249,"template":"","tags":[],"land":[],"class_list":["post-80536","guide","type-guide","status-publish","has-post-thumbnail","hentry"],"acf":{"priority":""},"yoast_head":"<!-- This site is optimized with the Yoast SEO plugin v27.5 - https:\/\/yoast.com\/product\/yoast-seo-wordpress\/ -->\n<title>Zelfpluk in Sm\u00e5land en op \u00d6land | Visit Sm\u00e5land<\/title>\n<meta name=\"description\" content=\"Ontdek het zelfplukken in Sm\u00e5land \u2013 pluk aardbeien, ma\u00efs, bloemen, zonnebloemen, pompoenen en vossenbessen rechtstreeks van het platteland.\" \/>\n<meta name=\"robots\" content=\"index, follow, max-snippet:-1, max-image-preview:large, max-video-preview:-1\" \/>\n<link rel=\"canonical\" href=\"https:\/\/www.visitsmaland.se\/nl\/ontdekken\/zelfpluk-in-smaland\/\" \/>\n<meta property=\"og:locale\" content=\"nl_NL\" \/>\n<meta property=\"og:type\" content=\"article\" \/>\n<meta property=\"og:title\" content=\"Zelfpluk in Sm\u00e5land en op \u00d6land | Visit Sm\u00e5land\" \/>\n<meta property=\"og:description\" content=\"Ontdek het zelfplukken in Sm\u00e5land \u2013 pluk aardbeien, ma\u00efs, bloemen, zonnebloemen, pompoenen en vossenbessen rechtstreeks van het platteland.\" \/>\n<meta property=\"og:url\" content=\"https:\/\/www.visitsmaland.se\/nl\/ontdekken\/zelfpluk-in-smaland\/\" \/>\n<meta property=\"og:site_name\" content=\"Visit Sm\u00e5land\" \/>\n<meta property=\"article:publisher\" content=\"https:\/\/www.facebook.com\/visitsmaland\/\" \/>\n<meta property=\"article:modified_time\" content=\"2026-04-01T05:58:18+00:00\" \/>\n<meta property=\"og:image\" content=\"https:\/\/www.visitsmaland.se\/wp-content\/uploads\/2025\/11\/OlandsSkordefest-Pumpor-AlexanderHall2022-OlandCo-ALEX1234-scaled.jpg\" \/>\n\t<meta property=\"og:image:width\" content=\"2560\" \/>\n\t<meta property=\"og:image:height\" content=\"1708\" \/>\n\t<meta property=\"og:image:type\" content=\"image\/jpeg\" \/>\n<meta name=\"twitter:card\" content=\"summary_large_image\" \/>\n<meta name=\"twitter:label1\" content=\"Geschatte leestijd\" \/>\n\t<meta name=\"twitter:data1\" content=\"5 minuten\" \/>\n<script type=\"application\/ld+json\" class=\"yoast-schema-graph\">{\"@context\":\"https:\\\/\\\/schema.org\",\"@graph\":[{\"@type\":\"WebPage\",\"@id\":\"https:\\\/\\\/www.visitsmaland.se\\\/nl\\\/ontdekken\\\/zelfpluk-in-smaland\\\/\",\"url\":\"https:\\\/\\\/www.visitsmaland.se\\\/nl\\\/ontdekken\\\/zelfpluk-in-smaland\\\/\",\"name\":\"Zelfpluk in Sm\u00e5land en op \u00d6land | Visit Sm\u00e5land\",\"isPartOf\":{\"@id\":\"https:\\\/\\\/www.visitsmaland.se\\\/nl\\\/#website\"},\"primaryImageOfPage\":{\"@id\":\"https:\\\/\\\/www.visitsmaland.se\\\/nl\\\/ontdekken\\\/zelfpluk-in-smaland\\\/#primaryimage\"},\"image\":{\"@id\":\"https:\\\/\\\/www.visitsmaland.se\\\/nl\\\/ontdekken\\\/zelfpluk-in-smaland\\\/#primaryimage\"},\"thumbnailUrl\":\"https:\\\/\\\/www.visitsmaland.se\\\/wp-content\\\/uploads\\\/2025\\\/11\\\/OlandsSkordefest-Pumpor-AlexanderHall2022-OlandCo-ALEX1234-scaled.jpg\",\"datePublished\":\"2025-12-10T15:19:56+00:00\",\"dateModified\":\"2026-04-01T05:58:18+00:00\",\"description\":\"Ontdek het zelfplukken in Sm\u00e5land \u2013 pluk aardbeien, ma\u00efs, bloemen, zonnebloemen, pompoenen en vossenbessen rechtstreeks van het platteland.\",\"breadcrumb\":{\"@id\":\"https:\\\/\\\/www.visitsmaland.se\\\/nl\\\/ontdekken\\\/zelfpluk-in-smaland\\\/#breadcrumb\"},\"inLanguage\":\"nl-NL\",\"potentialAction\":[{\"@type\":\"ReadAction\",\"target\":[\"https:\\\/\\\/www.visitsmaland.se\\\/nl\\\/ontdekken\\\/zelfpluk-in-smaland\\\/\"]}]},{\"@type\":\"ImageObject\",\"inLanguage\":\"nl-NL\",\"@id\":\"https:\\\/\\\/www.visitsmaland.se\\\/nl\\\/ontdekken\\\/zelfpluk-in-smaland\\\/#primaryimage\",\"url\":\"https:\\\/\\\/www.visitsmaland.se\\\/wp-content\\\/uploads\\\/2025\\\/11\\\/OlandsSkordefest-Pumpor-AlexanderHall2022-OlandCo-ALEX1234-scaled.jpg\",\"contentUrl\":\"https:\\\/\\\/www.visitsmaland.se\\\/wp-content\\\/uploads\\\/2025\\\/11\\\/OlandsSkordefest-Pumpor-AlexanderHall2022-OlandCo-ALEX1234-scaled.jpg\",\"width\":2560,\"height\":1708},{\"@type\":\"BreadcrumbList\",\"@id\":\"https:\\\/\\\/www.visitsmaland.se\\\/nl\\\/ontdekken\\\/zelfpluk-in-smaland\\\/#breadcrumb\",\"itemListElement\":[{\"@type\":\"ListItem\",\"position\":1,\"name\":\"Startpagina\",\"item\":\"https:\\\/\\\/www.visitsmaland.se\\\/nl\\\/\"},{\"@type\":\"ListItem\",\"position\":2,\"name\":\"Zelfpluk in Sm\u00e5land\"}]},{\"@type\":\"WebSite\",\"@id\":\"https:\\\/\\\/www.visitsmaland.se\\\/nl\\\/#website\",\"url\":\"https:\\\/\\\/www.visitsmaland.se\\\/nl\\\/\",\"name\":\"Visit Sm\u00e5land\",\"description\":\"V\u00e4lkommen till Sm\u00e5land\",\"potentialAction\":[{\"@type\":\"SearchAction\",\"target\":{\"@type\":\"EntryPoint\",\"urlTemplate\":\"https:\\\/\\\/www.visitsmaland.se\\\/nl\\\/?s={search_term_string}\"},\"query-input\":{\"@type\":\"PropertyValueSpecification\",\"valueRequired\":true,\"valueName\":\"search_term_string\"}}],\"inLanguage\":\"nl-NL\"}]}<\/script>\n<!-- \/ Yoast SEO plugin. -->","yoast_head_json":{"title":"Zelfpluk in Sm\u00e5land en op \u00d6land | Visit Sm\u00e5land","description":"Ontdek het zelfplukken in Sm\u00e5land \u2013 pluk aardbeien, ma\u00efs, bloemen, zonnebloemen, pompoenen en vossenbessen rechtstreeks van het platteland.","robots":{"index":"index","follow":"follow","max-snippet":"max-snippet:-1","max-image-preview":"max-image-preview:large","max-video-preview":"max-video-preview:-1"},"canonical":"https:\/\/www.visitsmaland.se\/nl\/ontdekken\/zelfpluk-in-smaland\/","og_locale":"nl_NL","og_type":"article","og_title":"Zelfpluk in Sm\u00e5land en op \u00d6land | Visit Sm\u00e5land","og_description":"Ontdek het zelfplukken in Sm\u00e5land \u2013 pluk aardbeien, ma\u00efs, bloemen, zonnebloemen, pompoenen en vossenbessen rechtstreeks van het platteland.","og_url":"https:\/\/www.visitsmaland.se\/nl\/ontdekken\/zelfpluk-in-smaland\/","og_site_name":"Visit Sm\u00e5land","article_publisher":"https:\/\/www.facebook.com\/visitsmaland\/","article_modified_time":"2026-04-01T05:58:18+00:00","og_image":[{"width":2560,"height":1708,"url":"https:\/\/www.visitsmaland.se\/wp-content\/uploads\/2025\/11\/OlandsSkordefest-Pumpor-AlexanderHall2022-OlandCo-ALEX1234-scaled.jpg","type":"image\/jpeg"}],"twitter_card":"summary_large_image","twitter_misc":{"Geschatte leestijd":"5 minuten"},"schema":{"@context":"https:\/\/schema.org","@graph":[{"@type":"WebPage","@id":"https:\/\/www.visitsmaland.se\/nl\/ontdekken\/zelfpluk-in-smaland\/","url":"https:\/\/www.visitsmaland.se\/nl\/ontdekken\/zelfpluk-in-smaland\/","name":"Zelfpluk in Sm\u00e5land en op \u00d6land | Visit Sm\u00e5land","isPartOf":{"@id":"https:\/\/www.visitsmaland.se\/nl\/#website"},"primaryImageOfPage":{"@id":"https:\/\/www.visitsmaland.se\/nl\/ontdekken\/zelfpluk-in-smaland\/#primaryimage"},"image":{"@id":"https:\/\/www.visitsmaland.se\/nl\/ontdekken\/zelfpluk-in-smaland\/#primaryimage"},"thumbnailUrl":"https:\/\/www.visitsmaland.se\/wp-content\/uploads\/2025\/11\/OlandsSkordefest-Pumpor-AlexanderHall2022-OlandCo-ALEX1234-scaled.jpg","datePublished":"2025-12-10T15:19:56+00:00","dateModified":"2026-04-01T05:58:18+00:00","description":"Ontdek het zelfplukken in Sm\u00e5land \u2013 pluk aardbeien, ma\u00efs, bloemen, zonnebloemen, pompoenen en vossenbessen rechtstreeks van het platteland.","breadcrumb":{"@id":"https:\/\/www.visitsmaland.se\/nl\/ontdekken\/zelfpluk-in-smaland\/#breadcrumb"},"inLanguage":"nl-NL","potentialAction":[{"@type":"ReadAction","target":["https:\/\/www.visitsmaland.se\/nl\/ontdekken\/zelfpluk-in-smaland\/"]}]},{"@type":"ImageObject","inLanguage":"nl-NL","@id":"https:\/\/www.visitsmaland.se\/nl\/ontdekken\/zelfpluk-in-smaland\/#primaryimage","url":"https:\/\/www.visitsmaland.se\/wp-content\/uploads\/2025\/11\/OlandsSkordefest-Pumpor-AlexanderHall2022-OlandCo-ALEX1234-scaled.jpg","contentUrl":"https:\/\/www.visitsmaland.se\/wp-content\/uploads\/2025\/11\/OlandsSkordefest-Pumpor-AlexanderHall2022-OlandCo-ALEX1234-scaled.jpg","width":2560,"height":1708},{"@type":"BreadcrumbList","@id":"https:\/\/www.visitsmaland.se\/nl\/ontdekken\/zelfpluk-in-smaland\/#breadcrumb","itemListElement":[{"@type":"ListItem","position":1,"name":"Startpagina","item":"https:\/\/www.visitsmaland.se\/nl\/"},{"@type":"ListItem","position":2,"name":"Zelfpluk in Sm\u00e5land"}]},{"@type":"WebSite","@id":"https:\/\/www.visitsmaland.se\/nl\/#website","url":"https:\/\/www.visitsmaland.se\/nl\/","name":"Visit Sm\u00e5land","description":"V\u00e4lkommen till Sm\u00e5land","potentialAction":[{"@type":"SearchAction","target":{"@type":"EntryPoint","urlTemplate":"https:\/\/www.visitsmaland.se\/nl\/?s={search_term_string}"},"query-input":{"@type":"PropertyValueSpecification","valueRequired":true,"valueName":"search_term_string"}}],"inLanguage":"nl-NL"}]}},"_links":{"self":[{"href":"https:\/\/www.visitsmaland.se\/nl\/wp-json\/wp\/v2\/guide\/80536","targetHints":{"allow":["GET"]}}],"collection":[{"href":"https:\/\/www.visitsmaland.se\/nl\/wp-json\/wp\/v2\/guide"}],"about":[{"href":"https:\/\/www.visitsmaland.se\/nl\/wp-json\/wp\/v2\/types\/guide"}],"version-history":[{"count":6,"href":"https:\/\/www.visitsmaland.se\/nl\/wp-json\/wp\/v2\/guide\/80536\/revisions"}],"predecessor-version":[{"id":95056,"href":"https:\/\/www.visitsmaland.se\/nl\/wp-json\/wp\/v2\/guide\/80536\/revisions\/95056"}],"wp:featuredmedia":[{"embeddable":true,"href":"https:\/\/www.visitsmaland.se\/nl\/wp-json\/wp\/v2\/media\/78662"}],"wp:attachment":[{"href":"https:\/\/www.visitsmaland.se\/nl\/wp-json\/wp\/v2\/media?parent=80536"}],"wp:term":[{"taxonomy":"post_tag","embeddable":true,"href":"https:\/\/www.visitsmaland.se\/nl\/wp-json\/wp\/v2\/tags?post=80536"},{"taxonomy":"land","embeddable":true,"href":"https:\/\/www.visitsmaland.se\/nl\/wp-json\/wp\/v2\/land?post=80536"}],"curies":[{"name":"wp","href":"https:\/\/api.w.org\/{rel}","templated":true}]}}