{"id":82329,"date":"2026-01-07T14:39:56","date_gmt":"2026-01-07T13:39:56","guid":{"rendered":"https:\/\/www.visitsmaland.se\/upptack\/traditions-in-smaland\/"},"modified":"2026-03-03T12:25:56","modified_gmt":"2026-03-03T11:25:56","slug":"tradities-in-smaland","status":"publish","type":"guide","link":"https:\/\/www.visitsmaland.se\/nl\/ontdekken\/tradities-in-smaland\/","title":{"rendered":"Tradities in Sm\u00e5land"},"content":{"rendered":"<div class=\"frontpageHerosection frontpageHerosection__wrapper\">\n    <div class=\"frontpageHerosection frontpageHerosection__container\">\n        <h1 class=\"frontpageHerosection frontpageHerosection__heroHeading\">\n            <span>Tradities in<\/span> Sm\u00e5land        <\/h1>\n        <div class=\"frontpageHerosection frontpageHerosection__ctaWrapper\">\n                <\/div>\n    <\/div>\n    <div class=\"frontpageHerosection frontpageHerosection__videoContainer\">\n                    <button\n                id=\"heroVideo-block_b072d138d37935c9cc1524274bdd41ca-toggle\"\n                type=\"button\"\n                class=\"frontpageHerosection frontpageHerosection__videoToggle\"\n                aria-controls=\"heroVideo-block_b072d138d37935c9cc1524274bdd41ca\"\n                aria-pressed=\"false\"\n                aria-label=\"Pausa bakgrundsvideo\"\n                style=\"min-width:24px;min-height:24px;width:44px;height:44px;display:inline-flex;align-items:center;justify-content:center;position:absolute;bottom:16px;right:16px;background:rgba(0,0,0,0.4);border-radius:50%;border:none;color:#fff;cursor:pointer;z-index:10;padding:8px;\"\n            >\n                <span class=\"frontpageHerosection frontpageHerosection__videoToggleIcon\" aria-hidden=\"true\" style=\"height:20px\">\n                    <svg class=\"frontpageHerosection frontpageHerosection__pauseIcon\" width=\"20\" height=\"20\" viewBox=\"0 0 20 20\" fill=\"currentColor\" focusable=\"false\"><rect x=\"3\" y=\"2\" width=\"5\" height=\"16\" rx=\"1\"\/><rect x=\"12\" y=\"2\" width=\"5\" height=\"16\" rx=\"1\"\/><\/svg>\n                    <svg class=\"frontpageHerosection frontpageHerosection__playIcon\" width=\"20\" height=\"20\" viewBox=\"0 0 20 20\" fill=\"currentColor\" focusable=\"false\" style=\"display:none;\"><path d=\"M4 2.5v15l13-7.5-13-7.5Z\"\/><\/svg>\n                <\/span>\n            <\/button>\n            <video id=\"heroVideo-block_b072d138d37935c9cc1524274bdd41ca\" muted loop autoplay playsinline class=\"frontpageHerosection frontpageHerosection__video\" aria-hidden=\"true\" src=\"https:\/\/www.visitsmaland.se\/wp-content\/uploads\/2026\/01\/vs_hero_traditioner_par_1.mp4\"><\/video>\n            <script>(function(){\n                const video = document.getElementById('heroVideo-block_b072d138d37935c9cc1524274bdd41ca');\n                const btn = document.getElementById('heroVideo-block_b072d138d37935c9cc1524274bdd41ca-toggle');\n                if(!video || !btn) return;\n                const pauseLabel = 'Pausa bakgrundsvideo';\n                const playLabel = 'Spela bakgrundsvideo';\n                const pauseIcon = btn.querySelector('.frontpageHerosection .frontpageHerosection__pauseIcon');\n                const playIcon = btn.querySelector('.frontpageHerosection .frontpageHerosection__playIcon');\n                \/\/ Respect prefers-reduced-motion\n                try { if (matchMedia('(prefers-reduced-motion: reduce)').matches) { video.pause(); } } catch(e){}\n                function updateState(){\n                    const isPaused = video.paused;\n                    btn.setAttribute('aria-pressed', String(!isPaused));\n                    btn.setAttribute('aria-label', isPaused ? playLabel : pauseLabel);\n                    if(pauseIcon && playIcon){\n                        pauseIcon.style.display = isPaused ? 'none' : 'inline';\n                        playIcon.style.display = isPaused ? 'inline' : 'none';\n                    }\n                }\n                btn.addEventListener('click', function(){\n                    if(video.paused){ video.play().catch(()=>{}); } else { video.pause(); }\n                    updateState();\n                });\n                btn.addEventListener('keydown', function(e){ if(e.key===' '){ e.preventDefault(); } });\n                video.addEventListener('play', updateState);\n                video.addEventListener('pause', updateState);\n                \/\/ Single initial sync after potential prefers-reduced-motion adjustment\n                updateState();\n            })();<\/script>\n            <\/div>\n<\/div>\n    <div class=\"frontpageHerosection frontpageHerosection__breadcrumbs\">\n    <div class=\"frontpageHerosection frontpageHerosection__breadcrumbs-container\">\n            <p id=\"breadcrumbs\"><span><span><a href=\"https:\/\/www.visitsmaland.se\/nl\/\">Startpagina<\/a><\/span><\/span><\/p>        <\/div>\n    <\/div>\n\n\n<div class=\"contentCta contentCta__wrapper\">\n    <div class=\"contentCta contentCta__container\">\n                    \t\t\t<div class=\"contentCta contentCta__text\" style=\"color: \">\n\t\t\t\t<p>In Sm\u00e5land en op \u00d6land worden tradities het hele jaar door levendig gehouden. Midzomerfeesten, rivierkreeftvissen, Lucia, de \u201cEerste donderdag in maart\u201d en hyttsill brengen zowel locals als bezoekers samen rond eten, gezelligheid en authentieke cultuur.<\/p>\n\t\t\t<\/div>\n                <hr>\n            <\/div>\n<\/div>\n\n\n<div class=\"dynamicContentTwoColumns dynamicContentTwoColumns__wrapper\">\n    <div class=\"dynamicContentTwoColumns dynamicContentTwoColumns__container\">\n                                    <h3 class=\"dynamicContentTwoColumns dynamicContentTwoColumns__heading\">\n                    Beleef levende tradities in Sm\u00e5land en op \u00d6land                <\/h3>\n                                                <div class=\"dynamicContentTwoColumns dynamicContentTwoColumns__text\">\n                    <p><p data-start=\"0\" data-end=\"220\">In Sm\u00e5land en op \u00d6land zijn tradities geen losse momenten op de kalender, maar een vanzelfsprekend onderdeel van het dagelijks leven. Ze verbinden generaties en houden het culturele erfgoed levend, het hele jaar door. In de zomer brengt midzomer mensen samen voor dans rond de meiboom, muziek en lange avonden in bloeiende, groene weiden. Later in het seizoen trekken families en vrienden naar meren en rivieren voor het geliefde rivierkreeftvissenfeest. Als de dagen korter worden, verspreidt Lucia licht en sfeer in het winterdonker. En op de \u2018Eerste donderdag in maart\u2019 wordt de lente op typisch Sm\u00e5landse wijze verwelkomd. In december draait het om samen aan tafel: genieten van klassieke kerstbuffetten met lokale smaken, terwijl in de glasblazerijen de traditionele hyttsill zorgt voor warmte en verbondenheid. Zo geven de tradities kleur aan elk seizoen en maken ze het eenvoudig om het echte Sm\u00e5land en \u00d6land te beleven, wanneer je ook komt.<\/p>\n<p>\n                <\/div>\n                                                <div class=\"dynamicContentTwoColumns dynamicContentTwoColumns__imageWrapper\">\n                    <img loading=\"lazy\" decoding=\"async\" width=\"500\" height=\"334\" src=\"https:\/\/www.visitsmaland.se\/wp-content\/uploads\/2025\/12\/Oland-Himmelsberga-UpZoneStudios2019-8-OlandCo--scaled.jpg\" class=\"attachment-500x500 size-500x500\" alt=\"\" srcset=\"https:\/\/www.visitsmaland.se\/wp-content\/uploads\/2025\/12\/Oland-Himmelsberga-UpZoneStudios2019-8-OlandCo--scaled.jpg 2560w, https:\/\/www.visitsmaland.se\/wp-content\/uploads\/2025\/12\/Oland-Himmelsberga-UpZoneStudios2019-8-OlandCo--300x200.jpg 300w, https:\/\/www.visitsmaland.se\/wp-content\/uploads\/2025\/12\/Oland-Himmelsberga-UpZoneStudios2019-8-OlandCo--1024x683.jpg 1024w, https:\/\/www.visitsmaland.se\/wp-content\/uploads\/2025\/12\/Oland-Himmelsberga-UpZoneStudios2019-8-OlandCo--768x512.jpg 768w, https:\/\/www.visitsmaland.se\/wp-content\/uploads\/2025\/12\/Oland-Himmelsberga-UpZoneStudios2019-8-OlandCo--1536x1025.jpg 1536w, https:\/\/www.visitsmaland.se\/wp-content\/uploads\/2025\/12\/Oland-Himmelsberga-UpZoneStudios2019-8-OlandCo--2048x1366.jpg 2048w\" sizes=\"(max-width: 500px) 100vw, 500px\" \/>                <\/div>\n                        <\/div>\n<\/div>\n\n\n<div class=\"contentImageTwoColumns contentImageTwoColumns__wrapper\" style=\"background-color: #f4f2eb\">\n    <div class=\"contentImageTwoColumns contentImageTwoColumns__container layout-reversed\">\n        <div class=\"contentImageTwoColumns contentImageTwoColumns__contentWrapper\">\n            <h2 class=\"contentImageTwoColumns contentImageTwoColumns__heading\" style=\"color: #000000\">\n                Midzomer            <\/h2>\n            <div class=\"contentImageTwoColumns contentImageTwoColumns__text contentImageTwoColumns__text--short\" style=\"color: #000000\">\n                                    <p>Beleef midzomer &#8211; Midsommar &#8211; in Sm\u00e5land, waar tradities en natuur samenkomen in een feest vol dans, bloemen en heerlijk eten. Vier de langste dag van het jaar met lokale Sm\u00e5landse gere&#8230;                    <button type=\"button\" class=\"contentImageTwoColumns contentImageTwoColumns__readMoreLess\">\n                        Lees verder +                    <\/button>\n                            <\/div>\n            <div class=\"contentImageTwoColumns contentImageTwoColumns__text contentImageTwoColumns__text--full\" style=\"color: #000000\">\n                <p>Beleef midzomer &#8211; Midsommar &#8211; in Sm\u00e5land, waar tradities en natuur samenkomen in een feest vol dans, bloemen en heerlijk eten. Vier de langste dag van het jaar met lokale Sm\u00e5landse gerechten, bloemenkransen en dans rond de midzomerpaal. Geniet van een van de meest geliefde tradities van het land: het midzomerfeest!<\/p>\n                <button type=\"button\" class=\"contentImageTwoColumns contentImageTwoColumns__readMoreLess\">\n                    Lees minder &#8211;                <\/button>\n            <\/div>\n                        <div class=\"wp-block-buttons is-layout-flex wp-block-buttons-is-layout-flex\">\n                <div class=\"wp-block-button arrow-white\">\n                    <a aria-label=\"Midzomer in Sm\u00e5land\" class=\"wp-block-button__link wp-element-button\" href=\"https:\/\/www.visitsmaland.se\/nl\/ontdekken\/midzomer-in-smaland\/\" style=\"background-color: #374632; color: #ffffff;border: solid 1px #374632\">\n                        Midzomer in Sm\u00e5land                    <\/a>\n                <\/div>\n            <\/div>\n                                <\/div>\n        <div class=\"contentImageTwoColumns contentImageTwoColumns__imageWrapper\">\n            <img loading=\"lazy\" decoding=\"async\" width=\"1024\" height=\"740\" src=\"https:\/\/www.visitsmaland.se\/wp-content\/uploads\/2026\/01\/JournalofWonders-Midsommar-10-1024x740.jpg\" class=\"attachment-grid-card-images size-grid-card-images\" alt=\"\" \/>        <\/div>\n    <\/div>\n<\/div>\n\n\n\n<div style=\"height:16px\" aria-hidden=\"true\" class=\"wp-block-spacer\"><\/div>\n\n\n\n<figure class=\"wp-block-gallery has-nested-images columns-default is-cropped wp-block-gallery-2 is-layout-flex wp-block-gallery-is-layout-flex\">\n<figure class=\"wp-block-image size-large\"><img loading=\"lazy\" decoding=\"async\" width=\"1024\" height=\"682\" data-id=\"59930\" src=\"https:\/\/www.visitsmaland.se\/wp-content\/uploads\/2024\/04\/Midsommar_2600-2-1024x682.jpg\" alt=\"\" class=\"wp-image-59930\" srcset=\"https:\/\/www.visitsmaland.se\/wp-content\/uploads\/2024\/04\/Midsommar_2600-2-1024x682.jpg 1024w, https:\/\/www.visitsmaland.se\/wp-content\/uploads\/2024\/04\/Midsommar_2600-2-300x200.jpg 300w, https:\/\/www.visitsmaland.se\/wp-content\/uploads\/2024\/04\/Midsommar_2600-2-768x511.jpg 768w, https:\/\/www.visitsmaland.se\/wp-content\/uploads\/2024\/04\/Midsommar_2600-2-1536x1022.jpg 1536w, https:\/\/www.visitsmaland.se\/wp-content\/uploads\/2024\/04\/Midsommar_2600-2-2048x1363.jpg 2048w\" sizes=\"(max-width: 1024px) 100vw, 1024px\" \/><\/figure>\n\n\n\n<figure class=\"wp-block-image size-large\"><img loading=\"lazy\" decoding=\"async\" width=\"1024\" height=\"681\" data-id=\"59949\" src=\"https:\/\/www.visitsmaland.se\/wp-content\/uploads\/2024\/04\/WhereSheGoes.nl-X-Midsommar-Smalandsgarden-4-1024x681.jpg\" alt=\"\" class=\"wp-image-59949\" srcset=\"https:\/\/www.visitsmaland.se\/wp-content\/uploads\/2024\/04\/WhereSheGoes.nl-X-Midsommar-Smalandsgarden-4-1024x681.jpg 1024w, https:\/\/www.visitsmaland.se\/wp-content\/uploads\/2024\/04\/WhereSheGoes.nl-X-Midsommar-Smalandsgarden-4-300x200.jpg 300w, https:\/\/www.visitsmaland.se\/wp-content\/uploads\/2024\/04\/WhereSheGoes.nl-X-Midsommar-Smalandsgarden-4-768x511.jpg 768w, https:\/\/www.visitsmaland.se\/wp-content\/uploads\/2024\/04\/WhereSheGoes.nl-X-Midsommar-Smalandsgarden-4-1536x1022.jpg 1536w, https:\/\/www.visitsmaland.se\/wp-content\/uploads\/2024\/04\/WhereSheGoes.nl-X-Midsommar-Smalandsgarden-4-2048x1363.jpg 2048w\" sizes=\"(max-width: 1024px) 100vw, 1024px\" \/><\/figure>\n\n\n\n<figure class=\"wp-block-image size-large\"><img loading=\"lazy\" decoding=\"async\" width=\"1024\" height=\"683\" data-id=\"59981\" src=\"https:\/\/www.visitsmaland.se\/wp-content\/uploads\/2024\/04\/ALEX7994-2-1024x683.jpg\" alt=\"\" class=\"wp-image-59981\" srcset=\"https:\/\/www.visitsmaland.se\/wp-content\/uploads\/2024\/04\/ALEX7994-2-1024x683.jpg 1024w, https:\/\/www.visitsmaland.se\/wp-content\/uploads\/2024\/04\/ALEX7994-2-300x200.jpg 300w, https:\/\/www.visitsmaland.se\/wp-content\/uploads\/2024\/04\/ALEX7994-2-768x512.jpg 768w, https:\/\/www.visitsmaland.se\/wp-content\/uploads\/2024\/04\/ALEX7994-2-1536x1024.jpg 1536w, https:\/\/www.visitsmaland.se\/wp-content\/uploads\/2024\/04\/ALEX7994-2-2048x1365.jpg 2048w\" sizes=\"(max-width: 1024px) 100vw, 1024px\" \/><\/figure>\n\n\n\n<figure class=\"wp-block-image size-large\"><img loading=\"lazy\" decoding=\"async\" width=\"1024\" height=\"683\" data-id=\"82212\" src=\"https:\/\/www.visitsmaland.se\/wp-content\/uploads\/2026\/01\/WhereSheGoes.nl-Bauergarden-1-1024x683.jpg\" alt=\"\" class=\"wp-image-82212\" srcset=\"https:\/\/www.visitsmaland.se\/wp-content\/uploads\/2026\/01\/WhereSheGoes.nl-Bauergarden-1-1024x683.jpg 1024w, https:\/\/www.visitsmaland.se\/wp-content\/uploads\/2026\/01\/WhereSheGoes.nl-Bauergarden-1-300x200.jpg 300w, https:\/\/www.visitsmaland.se\/wp-content\/uploads\/2026\/01\/WhereSheGoes.nl-Bauergarden-1-768x512.jpg 768w, https:\/\/www.visitsmaland.se\/wp-content\/uploads\/2026\/01\/WhereSheGoes.nl-Bauergarden-1-1536x1024.jpg 1536w, https:\/\/www.visitsmaland.se\/wp-content\/uploads\/2026\/01\/WhereSheGoes.nl-Bauergarden-1-2048x1366.jpg 2048w\" sizes=\"(max-width: 1024px) 100vw, 1024px\" \/><\/figure>\n\n\n\n<figure class=\"wp-block-image size-large\"><img loading=\"lazy\" decoding=\"async\" width=\"1024\" height=\"681\" data-id=\"82207\" src=\"https:\/\/www.visitsmaland.se\/wp-content\/uploads\/2026\/01\/WhereSheGoes.nl-Bauergarden-3-1024x681.jpg\" alt=\"\" class=\"wp-image-82207\" srcset=\"https:\/\/www.visitsmaland.se\/wp-content\/uploads\/2026\/01\/WhereSheGoes.nl-Bauergarden-3-1024x681.jpg 1024w, https:\/\/www.visitsmaland.se\/wp-content\/uploads\/2026\/01\/WhereSheGoes.nl-Bauergarden-3-300x200.jpg 300w, https:\/\/www.visitsmaland.se\/wp-content\/uploads\/2026\/01\/WhereSheGoes.nl-Bauergarden-3-768x511.jpg 768w, https:\/\/www.visitsmaland.se\/wp-content\/uploads\/2026\/01\/WhereSheGoes.nl-Bauergarden-3-1536x1022.jpg 1536w, https:\/\/www.visitsmaland.se\/wp-content\/uploads\/2026\/01\/WhereSheGoes.nl-Bauergarden-3-2048x1363.jpg 2048w\" sizes=\"(max-width: 1024px) 100vw, 1024px\" \/><\/figure>\n\n\n\n<figure class=\"wp-block-image size-large\"><img loading=\"lazy\" decoding=\"async\" width=\"1024\" height=\"683\" data-id=\"82217\" src=\"https:\/\/www.visitsmaland.se\/wp-content\/uploads\/2026\/01\/JournalofWonders_Midsommar-20-1024x683.jpg\" alt=\"\" class=\"wp-image-82217\" srcset=\"https:\/\/www.visitsmaland.se\/wp-content\/uploads\/2026\/01\/JournalofWonders_Midsommar-20-1024x683.jpg 1024w, https:\/\/www.visitsmaland.se\/wp-content\/uploads\/2026\/01\/JournalofWonders_Midsommar-20-300x200.jpg 300w, https:\/\/www.visitsmaland.se\/wp-content\/uploads\/2026\/01\/JournalofWonders_Midsommar-20-768x512.jpg 768w, https:\/\/www.visitsmaland.se\/wp-content\/uploads\/2026\/01\/JournalofWonders_Midsommar-20-1536x1024.jpg 1536w, https:\/\/www.visitsmaland.se\/wp-content\/uploads\/2026\/01\/JournalofWonders_Midsommar-20-2048x1365.jpg 2048w\" sizes=\"(max-width: 1024px) 100vw, 1024px\" \/><\/figure>\n<\/figure>\n\n\n<div class=\"contentImageTwoColumns contentImageTwoColumns__wrapper\" style=\"background-color: #f4f2eb\">\n    <div class=\"contentImageTwoColumns contentImageTwoColumns__container \">\n        <div class=\"contentImageTwoColumns contentImageTwoColumns__contentWrapper\">\n            <h2 class=\"contentImageTwoColumns contentImageTwoColumns__heading\" style=\"color: \">\n                Vier het rivierkreeftenfeest            <\/h2>\n            <div class=\"contentImageTwoColumns contentImageTwoColumns__text contentImageTwoColumns__text--short\" style=\"color: \">\n                                    <p data-start=\"843\" data-end=\"1161\">Zodra de schemering valt, gaan de fuiken het stille water in en verzamelen mensen zich bij meren en rivieren om samen te genieten van natuur en gezelligheid. Met ve&#8230;                    <button type=\"button\" class=\"contentImageTwoColumns contentImageTwoColumns__readMoreLess\">\n                        Lees verder +                    <\/button>\n                            <\/div>\n            <div class=\"contentImageTwoColumns contentImageTwoColumns__text contentImageTwoColumns__text--full\" style=\"color: \">\n                <p data-start=\"843\" data-end=\"1161\">Zodra de schemering valt, gaan de fuiken het stille water in en verzamelen mensen zich bij meren en rivieren om samen te genieten van natuur en gezelligheid. Met vers gekookte rivierkreeften en lange, zachte nazomeravonden proef je hier de authentieke sfeer van Sm\u00e5land en \u00d6land.<\/p>\n                <button type=\"button\" class=\"contentImageTwoColumns contentImageTwoColumns__readMoreLess\">\n                    Lees minder &#8211;                <\/button>\n            <\/div>\n                        <div class=\"wp-block-buttons is-layout-flex wp-block-buttons-is-layout-flex\">\n                <div class=\"wp-block-button arrow-white\">\n                    <a aria-label=\"Rivierkreeftvissen in Sm\u00e5land\" class=\"wp-block-button__link wp-element-button\" href=\"https:\/\/www.visitsmaland.se\/nl\/ontdekken\/rivierkreeft-een-echte-smaland-traditie\/\" style=\"background-color: #680004; color: #ffffff;border: solid 1px #680004\">\n                        Rivierkreeftvissen in Sm\u00e5land                    <\/a>\n                <\/div>\n            <\/div>\n                                <\/div>\n        <div class=\"contentImageTwoColumns contentImageTwoColumns__imageWrapper\">\n            <img loading=\"lazy\" decoding=\"async\" width=\"1024\" height=\"740\" src=\"https:\/\/www.visitsmaland.se\/wp-content\/uploads\/2025\/12\/DAYFOTOGRAFI-WALLBY-0189-1024x740.jpg\" class=\"attachment-grid-card-images size-grid-card-images\" alt=\"\" \/>        <\/div>\n    <\/div>\n<\/div>\n\n\n\n<div style=\"height:16px\" aria-hidden=\"true\" class=\"wp-block-spacer\"><\/div>\n\n\n\n<figure class=\"wp-block-gallery has-nested-images columns-default is-cropped wp-block-gallery-3 is-layout-flex wp-block-gallery-is-layout-flex\">\n<figure class=\"wp-block-image size-large\"><img loading=\"lazy\" decoding=\"async\" width=\"2560\" height=\"2560\" data-id=\"82224\" src=\"https:\/\/www.visitsmaland.se\/wp-content\/uploads\/2026\/01\/DAYFOTOGRAFI-WALLBY-0287-edited-scaled.jpg\" alt=\"\" class=\"wp-image-82224\" srcset=\"https:\/\/www.visitsmaland.se\/wp-content\/uploads\/2026\/01\/DAYFOTOGRAFI-WALLBY-0287-edited-scaled.jpg 2560w, https:\/\/www.visitsmaland.se\/wp-content\/uploads\/2026\/01\/DAYFOTOGRAFI-WALLBY-0287-edited-300x300.jpg 300w, https:\/\/www.visitsmaland.se\/wp-content\/uploads\/2026\/01\/DAYFOTOGRAFI-WALLBY-0287-edited-1024x1024.jpg 1024w, https:\/\/www.visitsmaland.se\/wp-content\/uploads\/2026\/01\/DAYFOTOGRAFI-WALLBY-0287-edited-150x150.jpg 150w, https:\/\/www.visitsmaland.se\/wp-content\/uploads\/2026\/01\/DAYFOTOGRAFI-WALLBY-0287-edited-768x768.jpg 768w, https:\/\/www.visitsmaland.se\/wp-content\/uploads\/2026\/01\/DAYFOTOGRAFI-WALLBY-0287-edited-1536x1536.jpg 1536w, https:\/\/www.visitsmaland.se\/wp-content\/uploads\/2026\/01\/DAYFOTOGRAFI-WALLBY-0287-edited-2048x2048.jpg 2048w\" sizes=\"(max-width: 2560px) 100vw, 2560px\" \/><\/figure>\n\n\n\n<figure class=\"wp-block-image size-large\"><img loading=\"lazy\" decoding=\"async\" width=\"2002\" height=\"2001\" data-id=\"82229\" src=\"https:\/\/www.visitsmaland.se\/wp-content\/uploads\/2026\/01\/asa_herrgaird_210606_stralmansfoto_0085-kopia-edited.jpg\" alt=\"\" class=\"wp-image-82229\" srcset=\"https:\/\/www.visitsmaland.se\/wp-content\/uploads\/2026\/01\/asa_herrgaird_210606_stralmansfoto_0085-kopia-edited.jpg 2002w, https:\/\/www.visitsmaland.se\/wp-content\/uploads\/2026\/01\/asa_herrgaird_210606_stralmansfoto_0085-kopia-edited-300x300.jpg 300w, https:\/\/www.visitsmaland.se\/wp-content\/uploads\/2026\/01\/asa_herrgaird_210606_stralmansfoto_0085-kopia-edited-1024x1024.jpg 1024w, https:\/\/www.visitsmaland.se\/wp-content\/uploads\/2026\/01\/asa_herrgaird_210606_stralmansfoto_0085-kopia-edited-150x150.jpg 150w, https:\/\/www.visitsmaland.se\/wp-content\/uploads\/2026\/01\/asa_herrgaird_210606_stralmansfoto_0085-kopia-edited-768x768.jpg 768w, https:\/\/www.visitsmaland.se\/wp-content\/uploads\/2026\/01\/asa_herrgaird_210606_stralmansfoto_0085-kopia-edited-1536x1536.jpg 1536w\" sizes=\"(max-width: 2002px) 100vw, 2002px\" \/><\/figure>\n\n\n\n<figure class=\"wp-block-image size-large\"><img loading=\"lazy\" decoding=\"async\" width=\"2560\" height=\"2560\" data-id=\"82234\" src=\"https:\/\/www.visitsmaland.se\/wp-content\/uploads\/2026\/01\/WALLBY_170925-1062_HIGHRES-edited-scaled.jpg\" alt=\"\" class=\"wp-image-82234\" srcset=\"https:\/\/www.visitsmaland.se\/wp-content\/uploads\/2026\/01\/WALLBY_170925-1062_HIGHRES-edited-scaled.jpg 2560w, https:\/\/www.visitsmaland.se\/wp-content\/uploads\/2026\/01\/WALLBY_170925-1062_HIGHRES-edited-300x300.jpg 300w, https:\/\/www.visitsmaland.se\/wp-content\/uploads\/2026\/01\/WALLBY_170925-1062_HIGHRES-edited-1024x1024.jpg 1024w, https:\/\/www.visitsmaland.se\/wp-content\/uploads\/2026\/01\/WALLBY_170925-1062_HIGHRES-edited-150x150.jpg 150w, https:\/\/www.visitsmaland.se\/wp-content\/uploads\/2026\/01\/WALLBY_170925-1062_HIGHRES-edited-768x768.jpg 768w, https:\/\/www.visitsmaland.se\/wp-content\/uploads\/2026\/01\/WALLBY_170925-1062_HIGHRES-edited-1536x1536.jpg 1536w, https:\/\/www.visitsmaland.se\/wp-content\/uploads\/2026\/01\/WALLBY_170925-1062_HIGHRES-edited-2048x2048.jpg 2048w\" sizes=\"(max-width: 2560px) 100vw, 2560px\" \/><\/figure>\n<\/figure>\n\n\n<div class=\"dynamicContentTwoColumns dynamicContentTwoColumns__wrapper\">\n    <div class=\"dynamicContentTwoColumns dynamicContentTwoColumns__container\">\n                                    <h3 class=\"dynamicContentTwoColumns dynamicContentTwoColumns__heading\">\n                    Fika in Sm\u00e5land en op \u00d6land                <\/h3>\n                                                <div class=\"dynamicContentTwoColumns dynamicContentTwoColumns__text\">\n                    <p><p>Wij Zweden \u2013 en zeker de mensen in Sm\u00e5land en op \u00d6land \u2013 houden van <em data-start=\"6443\" data-end=\"6449\">fika<\/em>. Fika betekent dat je bewust gaat zitten om een kop koffie te drinken met iets lekkers erbij. Dat kan alles zijn, van de klassieke &#8216;kanelbulle&#8217; tot een stukje taart of ander gebak. Omdat we onze lekkernijen zo waarderen, zijn er in de loop van het jaar verschillende speciale dagen waarop we bepaalde zoetigheden extra vieren. Hier volgen er enkele:<\/p>\n<p>\n                <\/div>\n                                                <h3 class=\"dynamicContentTwoColumns dynamicContentTwoColumns__heading\">\n                    Kanelbullens dag                <\/h3>\n                                                <div class=\"dynamicContentTwoColumns dynamicContentTwoColumns__text\">\n                    <p><p data-start=\"6790\" data-end=\"7116\"><em data-start=\"6813\" data-end=\"6831\">Kanelbullens dag<\/em> valt op 4 oktober en eert misschien wel de meest iconische Zweedse lekkernij: het kaneelbroodje. Met de geur van kaneel en kardemom die uit keukens en bakkerijen komt, is deze dag de perfecte gelegenheid om samen te komen in een van de vele gezellige caf\u00e9s en te genieten van de beroemde kanelbulle. Vier je mee?<\/p>\n<p>\n                <\/div>\n                                                <div class=\"wp-block-buttons is-layout-flex wp-block-buttons-is-layout-flex\">\n                    <div class=\"wp-block-button\">\n                        <a aria-label=\"Lees verder\" class=\"wp-block-button__link wp-element-button dynamicContentTwoColumns dynamicContentTwoColumns__ctaButton\" href=\"https:\/\/www.visitsmaland.se\/nl\/ontdekken\/cafes-in-smaland\/\">\n                            Caf\u00e9s in Sm\u00e5land en op \u00d6land                        <\/a>\n                    <\/div>\n                <\/div>\n                                                <div class=\"dynamicContentTwoColumns dynamicContentTwoColumns__imageWrapper\">\n                    <img loading=\"lazy\" decoding=\"async\" width=\"333\" height=\"500\" src=\"https:\/\/www.visitsmaland.se\/wp-content\/uploads\/2024\/04\/ALEX7152-1-scaled.jpg\" class=\"attachment-500x500 size-500x500\" alt=\"\" srcset=\"https:\/\/www.visitsmaland.se\/wp-content\/uploads\/2024\/04\/ALEX7152-1-scaled.jpg 1707w, https:\/\/www.visitsmaland.se\/wp-content\/uploads\/2024\/04\/ALEX7152-1-200x300.jpg 200w, https:\/\/www.visitsmaland.se\/wp-content\/uploads\/2024\/04\/ALEX7152-1-683x1024.jpg 683w, https:\/\/www.visitsmaland.se\/wp-content\/uploads\/2024\/04\/ALEX7152-1-768x1152.jpg 768w, https:\/\/www.visitsmaland.se\/wp-content\/uploads\/2024\/04\/ALEX7152-1-1024x1536.jpg 1024w, https:\/\/www.visitsmaland.se\/wp-content\/uploads\/2024\/04\/ALEX7152-1-1365x2048.jpg 1365w\" sizes=\"(max-width: 333px) 100vw, 333px\" \/>                <\/div>\n                                                <h3 class=\"dynamicContentTwoColumns dynamicContentTwoColumns__heading\">\n                    Kladdkakans dag                <\/h3>\n                                                <div class=\"dynamicContentTwoColumns dynamicContentTwoColumns__imageWrapper\">\n                    <img loading=\"lazy\" decoding=\"async\" width=\"333\" height=\"500\" src=\"https:\/\/www.visitsmaland.se\/wp-content\/uploads\/2024\/04\/Kladdkaka-Nilssons-scaled.jpg\" class=\"attachment-500x500 size-500x500\" alt=\"\" srcset=\"https:\/\/www.visitsmaland.se\/wp-content\/uploads\/2024\/04\/Kladdkaka-Nilssons-scaled.jpg 1707w, https:\/\/www.visitsmaland.se\/wp-content\/uploads\/2024\/04\/Kladdkaka-Nilssons-200x300.jpg 200w, https:\/\/www.visitsmaland.se\/wp-content\/uploads\/2024\/04\/Kladdkaka-Nilssons-683x1024.jpg 683w, https:\/\/www.visitsmaland.se\/wp-content\/uploads\/2024\/04\/Kladdkaka-Nilssons-768x1152.jpg 768w, https:\/\/www.visitsmaland.se\/wp-content\/uploads\/2024\/04\/Kladdkaka-Nilssons-1024x1536.jpg 1024w, https:\/\/www.visitsmaland.se\/wp-content\/uploads\/2024\/04\/Kladdkaka-Nilssons-1365x2048.jpg 1365w\" sizes=\"(max-width: 333px) 100vw, 333px\" \/>                <\/div>\n                                                <div class=\"dynamicContentTwoColumns dynamicContentTwoColumns__text\">\n                    <p><p data-start=\"1059\" data-end=\"1368\">Op 7 november is het <em data-start=\"7195\" data-end=\"7212\">Kladdkakans dag, <\/em>een hoogtepunt voor chocoladeliefhebbers. <em data-start=\"7257\" data-end=\"7268\">Kladdkaka<\/em>, met zijn smeu\u00efge binnenkant en licht knapperige bovenlaag, is een favoriet voor zowel doordeweeks als feestdagen. In Sm\u00e5land vind je varianten van deze chocoladetaart met een lokale twist, bijvoorbeeld met bessen of chocolade van kleinschalige producenten.<\/p>\n<p>\n                <\/div>\n                                                <h3 class=\"dynamicContentTwoColumns dynamicContentTwoColumns__heading\">\n                    Ostkakans dag                <\/h3>\n                                                <div class=\"dynamicContentTwoColumns dynamicContentTwoColumns__imageWrapper\">\n                    <img loading=\"lazy\" decoding=\"async\" width=\"500\" height=\"334\" src=\"https:\/\/www.visitsmaland.se\/wp-content\/uploads\/2024\/04\/sussies_cafe_alexander-hall-12-1-scaled.jpg\" class=\"attachment-500x500 size-500x500\" alt=\"\" srcset=\"https:\/\/www.visitsmaland.se\/wp-content\/uploads\/2024\/04\/sussies_cafe_alexander-hall-12-1-scaled.jpg 2560w, https:\/\/www.visitsmaland.se\/wp-content\/uploads\/2024\/04\/sussies_cafe_alexander-hall-12-1-300x200.jpg 300w, https:\/\/www.visitsmaland.se\/wp-content\/uploads\/2024\/04\/sussies_cafe_alexander-hall-12-1-1024x683.jpg 1024w, https:\/\/www.visitsmaland.se\/wp-content\/uploads\/2024\/04\/sussies_cafe_alexander-hall-12-1-768x512.jpg 768w, https:\/\/www.visitsmaland.se\/wp-content\/uploads\/2024\/04\/sussies_cafe_alexander-hall-12-1-1536x1025.jpg 1536w, https:\/\/www.visitsmaland.se\/wp-content\/uploads\/2024\/04\/sussies_cafe_alexander-hall-12-1-2048x1366.jpg 2048w\" sizes=\"(max-width: 500px) 100vw, 500px\" \/>                <\/div>\n                                                <div class=\"dynamicContentTwoColumns dynamicContentTwoColumns__text\">\n                    <p><p data-start=\"7504\" data-end=\"7849\">In Sm\u00e5land is <em data-start=\"7538\" data-end=\"7547\">ostkaka<\/em> iets om trots op te zijn, en daarom wordt <em data-start=\"7590\" data-end=\"7605\">Ostkakans dag<\/em> op 14 november hier met extra vreugde gevierd. De Sm\u00e5landse ostkaka &#8211; variant op de cheesecake &#8211; is uniek: zacht, romig en vaak geserveerd met jam en slagroom. Veel boerderijwinkels en caf\u00e9s bieden huisgemaakte ostkaka aan, die je beslist moet proeven.<\/p>\n<p>\n                <\/div>\n                                                <div class=\"wp-block-buttons is-layout-flex wp-block-buttons-is-layout-flex\">\n                    <div class=\"wp-block-button\">\n                        <a aria-label=\"Lees verder\" class=\"wp-block-button__link wp-element-button dynamicContentTwoColumns dynamicContentTwoColumns__ctaButton\" href=\"https:\/\/www.visitsmaland.se\/nl\/ontdekken\/smalandse-cheesecake\/\">\n                            Hier kun je ostkaka kopen                        <\/a>\n                    <\/div>\n                <\/div>\n                                                <h3 class=\"dynamicContentTwoColumns dynamicContentTwoColumns__heading\">\n                    Fettisdagen                <\/h3>\n                                                <div class=\"dynamicContentTwoColumns dynamicContentTwoColumns__imageWrapper\">\n                    <img loading=\"lazy\" decoding=\"async\" width=\"500\" height=\"500\" src=\"https:\/\/www.visitsmaland.se\/wp-content\/uploads\/2024\/04\/semla-landhs-2-1-768x768.jpg\" class=\"attachment-500x500 size-500x500\" alt=\"\" srcset=\"https:\/\/www.visitsmaland.se\/wp-content\/uploads\/2024\/04\/semla-landhs-2-1-768x768.jpg 768w, https:\/\/www.visitsmaland.se\/wp-content\/uploads\/2024\/04\/semla-landhs-2-1-300x300.jpg 300w, https:\/\/www.visitsmaland.se\/wp-content\/uploads\/2024\/04\/semla-landhs-2-1-1024x1024.jpg 1024w, https:\/\/www.visitsmaland.se\/wp-content\/uploads\/2024\/04\/semla-landhs-2-1-150x150.jpg 150w, https:\/\/www.visitsmaland.se\/wp-content\/uploads\/2024\/04\/semla-landhs-2-1.jpg 1440w\" sizes=\"(max-width: 500px) 100vw, 500px\" \/>                <\/div>\n                                                <div class=\"dynamicContentTwoColumns dynamicContentTwoColumns__text\">\n                    <p><p data-start=\"1807\" data-end=\"2082\"><em data-start=\"7900\" data-end=\"7913\">Fettisdagen<\/em> is de favoriete dag voor iedereen die van semlor houdt, en ook in Sm\u00e5land wordt deze dag enthousiast gevierd. Van traditionele semlor met amandelspijs en slagroom tot moderne varianten met nieuwe smaken, deze dag is puur genieten.<\/p>\n<p>\n                <\/div>\n                                                <h3 class=\"dynamicContentTwoColumns dynamicContentTwoColumns__heading\">\n                    V\u00e5ffeldagen                <\/h3>\n                                                <div class=\"dynamicContentTwoColumns dynamicContentTwoColumns__imageWrapper\">\n                    <img loading=\"lazy\" decoding=\"async\" width=\"334\" height=\"500\" src=\"https:\/\/www.visitsmaland.se\/wp-content\/uploads\/2024\/04\/Aby_FotoAlexanderHall21-scaled.jpg\" class=\"attachment-500x500 size-500x500\" alt=\"\" srcset=\"https:\/\/www.visitsmaland.se\/wp-content\/uploads\/2024\/04\/Aby_FotoAlexanderHall21-scaled.jpg 1708w, https:\/\/www.visitsmaland.se\/wp-content\/uploads\/2024\/04\/Aby_FotoAlexanderHall21-200x300.jpg 200w, https:\/\/www.visitsmaland.se\/wp-content\/uploads\/2024\/04\/Aby_FotoAlexanderHall21-683x1024.jpg 683w, https:\/\/www.visitsmaland.se\/wp-content\/uploads\/2024\/04\/Aby_FotoAlexanderHall21-768x1151.jpg 768w, https:\/\/www.visitsmaland.se\/wp-content\/uploads\/2024\/04\/Aby_FotoAlexanderHall21-1025x1536.jpg 1025w, https:\/\/www.visitsmaland.se\/wp-content\/uploads\/2024\/04\/Aby_FotoAlexanderHall21-1366x2048.jpg 1366w\" sizes=\"(max-width: 334px) 100vw, 334px\" \/>                <\/div>\n                                                <div class=\"dynamicContentTwoColumns dynamicContentTwoColumns__text\">\n                    <p><p>Op 25 maart vieren we <em data-start=\"8207\" data-end=\"8220\">V\u00e5ffeldagen<\/em>, een dag die bij velen jeugdherinneringen oproept. In Sm\u00e5land kun je versgebakken wafels eten in talloze charmante caf\u00e9s, geserveerd met klassieke toppings zoals bessen, jam, ijs en slagroom. Voor wie iets anders zoekt, zijn er ook hartige varianten. Bij <a href=\"https:\/\/www.axelssonsiaby.se\/sv\/gardsbutiken\/servering-\/\">Axelssons in Aby<\/a>, kun je in de boerderijwinkel aardappelwafels proberen, gemaakt van de eigen aardappelen van het bedrijf. Een heerlijke smaakbeleving met lokale uitstraling!<\/p>\n<p>\n                <\/div>\n                                                <h3 class=\"dynamicContentTwoColumns dynamicContentTwoColumns__heading\">\n                    F\u00f6ssta Tossdan i Mass                <\/h3>\n                                                <div class=\"dynamicContentTwoColumns dynamicContentTwoColumns__imageWrapper\">\n                    <img loading=\"lazy\" decoding=\"async\" width=\"500\" height=\"333\" src=\"https:\/\/www.visitsmaland.se\/wp-content\/uploads\/2024\/04\/MG_8798-scaled.jpg\" class=\"attachment-500x500 size-500x500\" alt=\"\" srcset=\"https:\/\/www.visitsmaland.se\/wp-content\/uploads\/2024\/04\/MG_8798-scaled.jpg 2560w, https:\/\/www.visitsmaland.se\/wp-content\/uploads\/2024\/04\/MG_8798-300x200.jpg 300w, https:\/\/www.visitsmaland.se\/wp-content\/uploads\/2024\/04\/MG_8798-1024x683.jpg 1024w, https:\/\/www.visitsmaland.se\/wp-content\/uploads\/2024\/04\/MG_8798-768x512.jpg 768w, https:\/\/www.visitsmaland.se\/wp-content\/uploads\/2024\/04\/MG_8798-1536x1024.jpg 1536w, https:\/\/www.visitsmaland.se\/wp-content\/uploads\/2024\/04\/MG_8798-2048x1365.jpg 2048w\" sizes=\"(max-width: 500px) 100vw, 500px\" \/>                <\/div>\n                                                <div class=\"dynamicContentTwoColumns dynamicContentTwoColumns__text\">\n                    <p><p data-start=\"8653\" data-end=\"9056\">Voor wie zich echt wil onderdompelen in de tradities van Sm\u00e5land is er F\u00f6ssta Tossdan i Mass: een knipoog naar het lokale dialect \u00e9n een perfecte reden om massipant\u00e5\u00e5ta (marsepeintaart) te eten. Op de eerste donderdag in maart staat alles in het teken van humor, warmte en trots. Inwoners vieren hun taal met een feest vol taart en dialect, een eigenzinnige traditie die Sm\u00e5land extra karakter geeft.<\/p>\n<p>\n                <\/div>\n                                                <div class=\"dynamicContentTwoColumns dynamicContentTwoColumns__text\">\n                    <p><p>Van klassieke gebakjes tot lokale specialiteiten, deze dagen zijn meer dan alleen data in de kalender. Het zijn smakelijke vieringen van tradities, cultuur en verbondenheid. In Sm\u00e5land krijgt elke feestdag zijn eigen twist, die bijdraagt aan de charme en het karakter van de regio.<\/p>\n<p>\n                <\/div>\n                                                <div class=\"wp-block-buttons is-layout-flex wp-block-buttons-is-layout-flex\">\n                    <div class=\"wp-block-button\">\n                        <a aria-label=\"Lees verder\" class=\"wp-block-button__link wp-element-button dynamicContentTwoColumns dynamicContentTwoColumns__ctaButton\" href=\"https:\/\/www.visitsmaland.se\/upptack\/fossta-tossdan-i-mass\/\">\n                            Meer over F\u00f6ssta Tossdan i Mass                        <\/a>\n                    <\/div>\n                <\/div>\n                        <\/div>\n<\/div>\n\n\n<div class=\"contentImageTwoColumns contentImageTwoColumns__wrapper\" style=\"background-color: #374632\">\n    <div class=\"contentImageTwoColumns contentImageTwoColumns__container layout-reversed\">\n        <div class=\"contentImageTwoColumns contentImageTwoColumns__contentWrapper\">\n            <h2 class=\"contentImageTwoColumns contentImageTwoColumns__heading\" style=\"color: #ffffff\">\n                Hyttsill            <\/h2>\n            <div class=\"contentImageTwoColumns contentImageTwoColumns__text contentImageTwoColumns__text--short\" style=\"color: #ffffff\">\n                                    <p data-start=\"677\" data-end=\"900\">De combinatie van de warmte van de glasblazerij, gloeiende glasmassa, stevige Sm\u00e5landse gerechten, sterke verhalen, gezelligheid en glasblazen. Wij kunnen je beloven, dit vind je nergens anders ter wereld.<\/p>\n                            <\/div>\n            <div class=\"contentImageTwoColumns contentImageTwoColumns__text contentImageTwoColumns__text--full\" style=\"color: #ffffff\">\n                <p data-start=\"677\" data-end=\"900\">De combinatie van de warmte van de glasblazerij, gloeiende glasmassa, stevige Sm\u00e5landse gerechten, sterke verhalen, gezelligheid en glasblazen. Wij kunnen je beloven, dit vind je nergens anders ter wereld.<\/p>\n                <button type=\"button\" class=\"contentImageTwoColumns contentImageTwoColumns__readMoreLess\">\n                    Lees minder &#8211;                <\/button>\n            <\/div>\n                        <div class=\"wp-block-buttons is-layout-flex wp-block-buttons-is-layout-flex\">\n                <div class=\"wp-block-button \">\n                    <a aria-label=\"Hyttsill in het Kristalrijk\" class=\"wp-block-button__link wp-element-button\" href=\"https:\/\/www.visitsmaland.se\/nl\/ontdekken\/hyttesild-in-het-glasrijk\/\" style=\"background-color: #f4f2eb; color: #000000;border: solid 1px #f4f2eb\">\n                        Hyttsill in het Kristalrijk                    <\/a>\n                <\/div>\n            <\/div>\n                                <\/div>\n        <div class=\"contentImageTwoColumns contentImageTwoColumns__imageWrapper\">\n            <img loading=\"lazy\" decoding=\"async\" width=\"1024\" height=\"740\" src=\"https:\/\/www.visitsmaland.se\/wp-content\/uploads\/2024\/04\/hyttsill-1024x740.jpg\" class=\"attachment-grid-card-images size-grid-card-images\" alt=\"\" \/>        <\/div>\n    <\/div>\n<\/div>\n\n\n\n<div style=\"height:16px\" aria-hidden=\"true\" class=\"wp-block-spacer\"><\/div>\n\n\n\n<figure class=\"wp-block-gallery has-nested-images columns-default is-cropped wp-block-gallery-4 is-layout-flex wp-block-gallery-is-layout-flex\">\n<figure class=\"wp-block-image size-large\"><img loading=\"lazy\" decoding=\"async\" width=\"1281\" height=\"1280\" data-id=\"82244\" src=\"https:\/\/www.visitsmaland.se\/wp-content\/uploads\/2026\/01\/RL35124124515_MediumResolution150dpi80Quality-edited.jpg\" alt=\"\" class=\"wp-image-82244\" srcset=\"https:\/\/www.visitsmaland.se\/wp-content\/uploads\/2026\/01\/RL35124124515_MediumResolution150dpi80Quality-edited.jpg 1281w, https:\/\/www.visitsmaland.se\/wp-content\/uploads\/2026\/01\/RL35124124515_MediumResolution150dpi80Quality-edited-300x300.jpg 300w, https:\/\/www.visitsmaland.se\/wp-content\/uploads\/2026\/01\/RL35124124515_MediumResolution150dpi80Quality-edited-1024x1024.jpg 1024w, https:\/\/www.visitsmaland.se\/wp-content\/uploads\/2026\/01\/RL35124124515_MediumResolution150dpi80Quality-edited-150x150.jpg 150w, https:\/\/www.visitsmaland.se\/wp-content\/uploads\/2026\/01\/RL35124124515_MediumResolution150dpi80Quality-edited-768x767.jpg 768w\" sizes=\"(max-width: 1281px) 100vw, 1281px\" \/><\/figure>\n\n\n\n<figure class=\"wp-block-image size-large\"><img loading=\"lazy\" decoding=\"async\" width=\"2000\" height=\"2001\" data-id=\"82249\" src=\"https:\/\/www.visitsmaland.se\/wp-content\/uploads\/2026\/01\/hyttsill_19a5275_vertikal-edited.jpg\" alt=\"\" class=\"wp-image-82249\" srcset=\"https:\/\/www.visitsmaland.se\/wp-content\/uploads\/2026\/01\/hyttsill_19a5275_vertikal-edited.jpg 2000w, https:\/\/www.visitsmaland.se\/wp-content\/uploads\/2026\/01\/hyttsill_19a5275_vertikal-edited-300x300.jpg 300w, https:\/\/www.visitsmaland.se\/wp-content\/uploads\/2026\/01\/hyttsill_19a5275_vertikal-edited-1024x1024.jpg 1024w, https:\/\/www.visitsmaland.se\/wp-content\/uploads\/2026\/01\/hyttsill_19a5275_vertikal-edited-150x150.jpg 150w, https:\/\/www.visitsmaland.se\/wp-content\/uploads\/2026\/01\/hyttsill_19a5275_vertikal-edited-768x768.jpg 768w, https:\/\/www.visitsmaland.se\/wp-content\/uploads\/2026\/01\/hyttsill_19a5275_vertikal-edited-1536x1536.jpg 1536w\" sizes=\"(max-width: 2000px) 100vw, 2000px\" \/><\/figure>\n\n\n\n<figure class=\"wp-block-image size-large\"><img loading=\"lazy\" decoding=\"async\" width=\"1281\" height=\"1280\" data-id=\"82254\" src=\"https:\/\/www.visitsmaland.se\/wp-content\/uploads\/2026\/01\/RL34917124509_MediumResolution150dpi80Quality-edited.jpg\" alt=\"\" class=\"wp-image-82254\" srcset=\"https:\/\/www.visitsmaland.se\/wp-content\/uploads\/2026\/01\/RL34917124509_MediumResolution150dpi80Quality-edited.jpg 1281w, https:\/\/www.visitsmaland.se\/wp-content\/uploads\/2026\/01\/RL34917124509_MediumResolution150dpi80Quality-edited-300x300.jpg 300w, https:\/\/www.visitsmaland.se\/wp-content\/uploads\/2026\/01\/RL34917124509_MediumResolution150dpi80Quality-edited-1024x1024.jpg 1024w, https:\/\/www.visitsmaland.se\/wp-content\/uploads\/2026\/01\/RL34917124509_MediumResolution150dpi80Quality-edited-150x150.jpg 150w, https:\/\/www.visitsmaland.se\/wp-content\/uploads\/2026\/01\/RL34917124509_MediumResolution150dpi80Quality-edited-768x767.jpg 768w\" sizes=\"(max-width: 1281px) 100vw, 1281px\" \/><\/figure>\n<\/figure>\n\n\n<div class=\"dynamicContentTwoColumns dynamicContentTwoColumns__wrapper\">\n    <div class=\"dynamicContentTwoColumns dynamicContentTwoColumns__container\">\n                                    <h3 class=\"dynamicContentTwoColumns dynamicContentTwoColumns__heading\">\n                    Kersttradities                <\/h3>\n                                                <div class=\"dynamicContentTwoColumns dynamicContentTwoColumns__text\">\n                    <p><p>In november en december is de kerstsfeer in Sm\u00e5land en op \u00d6land op zijn hoogtepunt. De kerstmarkten beginnen vroeg en worden gevolgd door Lucia- en kerstvieringen.<\/p>\n<p>\n                <\/div>\n                                                <h3 class=\"dynamicContentTwoColumns dynamicContentTwoColumns__heading\">\n                    Kerstmarkten                <\/h3>\n                                                <div class=\"dynamicContentTwoColumns dynamicContentTwoColumns__imageWrapper\">\n                    <img loading=\"lazy\" decoding=\"async\" width=\"500\" height=\"375\" src=\"https:\/\/www.visitsmaland.se\/wp-content\/uploads\/2025\/08\/Asens_by_julmarknad-0_foto_sanna_halonen-scaled.jpg\" class=\"attachment-500x500 size-500x500\" alt=\"\" srcset=\"https:\/\/www.visitsmaland.se\/wp-content\/uploads\/2025\/08\/Asens_by_julmarknad-0_foto_sanna_halonen-scaled.jpg 2560w, https:\/\/www.visitsmaland.se\/wp-content\/uploads\/2025\/08\/Asens_by_julmarknad-0_foto_sanna_halonen-300x225.jpg 300w, https:\/\/www.visitsmaland.se\/wp-content\/uploads\/2025\/08\/Asens_by_julmarknad-0_foto_sanna_halonen-1024x768.jpg 1024w, https:\/\/www.visitsmaland.se\/wp-content\/uploads\/2025\/08\/Asens_by_julmarknad-0_foto_sanna_halonen-768x576.jpg 768w, https:\/\/www.visitsmaland.se\/wp-content\/uploads\/2025\/08\/Asens_by_julmarknad-0_foto_sanna_halonen-1536x1152.jpg 1536w, https:\/\/www.visitsmaland.se\/wp-content\/uploads\/2025\/08\/Asens_by_julmarknad-0_foto_sanna_halonen-2048x1537.jpg 2048w\" sizes=\"(max-width: 500px) 100vw, 500px\" \/>                <\/div>\n                                                <div class=\"dynamicContentTwoColumns dynamicContentTwoColumns__text\">\n                    <p><p data-start=\"3750\" data-end=\"4068\">Struin tussen kerstmannen, zoetigheden en regionale kerstgerechten, en vind dat unieke cadeau voor iemand die je lief is. Hier geven we tips over enkele van de vele kerstmarkten in Sm\u00e5land en op \u00d6land, waar je volop in de kerstsfeer kunt duiken. Van harte welkom om de kerstsfeer bij ons te beleven!<\/p>\n<p>\n                <\/div>\n                                                <div class=\"wp-block-buttons is-layout-flex wp-block-buttons-is-layout-flex\">\n                    <div class=\"wp-block-button\">\n                        <a aria-label=\"Lees verder\" class=\"wp-block-button__link wp-element-button dynamicContentTwoColumns dynamicContentTwoColumns__ctaButton\" href=\"https:\/\/www.visitsmaland.se\/nl\/ontdekken\/kerstmarkten-in-smaland\/\">\n                            Kerstmarkten in Sm\u00e5land en op \u00d6land                        <\/a>\n                    <\/div>\n                <\/div>\n                                                <h3 class=\"dynamicContentTwoColumns dynamicContentTwoColumns__heading\">\n                    Lucia                <\/h3>\n                                                <div class=\"dynamicContentTwoColumns dynamicContentTwoColumns__imageWrapper\">\n                    <img loading=\"lazy\" decoding=\"async\" width=\"500\" height=\"334\" src=\"https:\/\/www.visitsmaland.se\/wp-content\/uploads\/2025\/11\/Evelyn-Einebrant-01-1-scaled.jpg\" class=\"attachment-500x500 size-500x500\" alt=\"\" srcset=\"https:\/\/www.visitsmaland.se\/wp-content\/uploads\/2025\/11\/Evelyn-Einebrant-01-1-scaled.jpg 2560w, https:\/\/www.visitsmaland.se\/wp-content\/uploads\/2025\/11\/Evelyn-Einebrant-01-1-300x200.jpg 300w, https:\/\/www.visitsmaland.se\/wp-content\/uploads\/2025\/11\/Evelyn-Einebrant-01-1-1024x683.jpg 1024w, https:\/\/www.visitsmaland.se\/wp-content\/uploads\/2025\/11\/Evelyn-Einebrant-01-1-768x513.jpg 768w, https:\/\/www.visitsmaland.se\/wp-content\/uploads\/2025\/11\/Evelyn-Einebrant-01-1-1536x1025.jpg 1536w, https:\/\/www.visitsmaland.se\/wp-content\/uploads\/2025\/11\/Evelyn-Einebrant-01-1-2048x1367.jpg 2048w\" sizes=\"(max-width: 500px) 100vw, 500px\" \/>                <\/div>\n                                                <div class=\"dynamicContentTwoColumns dynamicContentTwoColumns__text\">\n                    <p><p>Op 13 december viert men in Zweden Lucia met traditionele processies (<em data-start=\"4193\" data-end=\"4203\">Luciat\u00e5g<\/em>) die kerken en huizen vullen met licht, zang en verbondenheid. Deze Zweedse kersttraditie heeft een geschiedenis van bijna 400 jaar en brengt elk jaar warmte, vreugde en een magische sfeer tijdens de korte winterdagen.<\/p>\n<p>\n                <\/div>\n                                                <div class=\"wp-block-buttons is-layout-flex wp-block-buttons-is-layout-flex\">\n                    <div class=\"wp-block-button\">\n                        <a aria-label=\"Lees verder\" class=\"wp-block-button__link wp-element-button dynamicContentTwoColumns dynamicContentTwoColumns__ctaButton\" href=\"https:\/\/www.visitsmaland.se\/nl\/ontdekken\/lucia\/\">\n                            Lucia                        <\/a>\n                    <\/div>\n                <\/div>\n                                                <h3 class=\"dynamicContentTwoColumns dynamicContentTwoColumns__heading\">\n                                    <\/h3>\n                                                <h3 class=\"dynamicContentTwoColumns dynamicContentTwoColumns__heading\">\n                    Kerstbuffet (Julbord)                <\/h3>\n                                                <div class=\"dynamicContentTwoColumns dynamicContentTwoColumns__imageWrapper\">\n                    <img loading=\"lazy\" decoding=\"async\" width=\"500\" height=\"333\" src=\"https:\/\/www.visitsmaland.se\/wp-content\/uploads\/2025\/10\/ALEX6246-1-scaled.jpg\" class=\"attachment-500x500 size-500x500\" alt=\"\" srcset=\"https:\/\/www.visitsmaland.se\/wp-content\/uploads\/2025\/10\/ALEX6246-1-scaled.jpg 2560w, https:\/\/www.visitsmaland.se\/wp-content\/uploads\/2025\/10\/ALEX6246-1-300x200.jpg 300w, https:\/\/www.visitsmaland.se\/wp-content\/uploads\/2025\/10\/ALEX6246-1-1024x683.jpg 1024w, https:\/\/www.visitsmaland.se\/wp-content\/uploads\/2025\/10\/ALEX6246-1-768x512.jpg 768w, https:\/\/www.visitsmaland.se\/wp-content\/uploads\/2025\/10\/ALEX6246-1-1536x1024.jpg 1536w, https:\/\/www.visitsmaland.se\/wp-content\/uploads\/2025\/10\/ALEX6246-1-2048x1365.jpg 2048w\" sizes=\"(max-width: 500px) 100vw, 500px\" \/>                <\/div>\n                                                <div class=\"dynamicContentTwoColumns dynamicContentTwoColumns__text\">\n                    <p><p>Kerstbuffetten in Sm\u00e5land en op \u00d6land bieden traditionele gerechten met een lokale twist. In Sm\u00e5land vind je vaak <em data-start=\"4577\" data-end=\"4589\">kroppkakor<\/em>, <em data-start=\"4591\" data-end=\"4602\">isterband<\/em> en huisgebakken brood naast klassiekers zoals haring en kerstham. Op \u00d6land worden vaak lam, lokale kazen en \u00f6l\u00e4ndse <em data-start=\"4719\" data-end=\"4731\">kroppkakor<\/em> extra in de spotlight gezet. Veel boerderijen en herbergen serveren in historische omgevingen, wat voor een bijzondere feestelijke sfeer zorgt.<\/p>\n<p>\n                <\/div>\n                                                <div class=\"wp-block-buttons is-layout-flex wp-block-buttons-is-layout-flex\">\n                    <div class=\"wp-block-button\">\n                        <a aria-label=\"Lees verder\" class=\"wp-block-button__link wp-element-button dynamicContentTwoColumns dynamicContentTwoColumns__ctaButton\" href=\"https:\/\/www.visitsmaland.se\/nl\/ontdekken\/kerstbuffet-in-smaland\/\">\n                            Kerstbuffetten in Sm\u00e5land en op \u00d6land                        <\/a>\n                    <\/div>\n                <\/div>\n                                                <h3 class=\"dynamicContentTwoColumns dynamicContentTwoColumns__heading\">\n                    Kerst en Nieuwjaar vieren in Sm\u00e5land                <\/h3>\n                                                <div class=\"dynamicContentTwoColumns dynamicContentTwoColumns__imageWrapper\">\n                    <img loading=\"lazy\" decoding=\"async\" width=\"333\" height=\"500\" src=\"https:\/\/www.visitsmaland.se\/wp-content\/uploads\/2025\/09\/IT30788-Forbattrat-BR-scaled.jpg\" class=\"attachment-500x500 size-500x500\" alt=\"\" srcset=\"https:\/\/www.visitsmaland.se\/wp-content\/uploads\/2025\/09\/IT30788-Forbattrat-BR-scaled.jpg 1707w, https:\/\/www.visitsmaland.se\/wp-content\/uploads\/2025\/09\/IT30788-Forbattrat-BR-200x300.jpg 200w, https:\/\/www.visitsmaland.se\/wp-content\/uploads\/2025\/09\/IT30788-Forbattrat-BR-683x1024.jpg 683w, https:\/\/www.visitsmaland.se\/wp-content\/uploads\/2025\/09\/IT30788-Forbattrat-BR-768x1152.jpg 768w, https:\/\/www.visitsmaland.se\/wp-content\/uploads\/2025\/09\/IT30788-Forbattrat-BR-1024x1536.jpg 1024w, https:\/\/www.visitsmaland.se\/wp-content\/uploads\/2025\/09\/IT30788-Forbattrat-BR-1366x2048.jpg 1366w\" sizes=\"(max-width: 333px) 100vw, 333px\" \/>                <\/div>\n                                                <div class=\"dynamicContentTwoColumns dynamicContentTwoColumns__text\">\n                    <p><p data-start=\"4920\" data-end=\"5126\">Wil je ontsnappen aan de stress rond Kerst en Oud &amp; Nieuw? Dan tippen we accommodaties waar je in alle rust kunt genieten van lekker eten en feestelijke vieringen.<\/p>\n<p>\n                <\/div>\n                                                <div class=\"wp-block-buttons is-layout-flex wp-block-buttons-is-layout-flex\">\n                    <div class=\"wp-block-button\">\n                        <a aria-label=\"Lees verder\" class=\"wp-block-button__link wp-element-button dynamicContentTwoColumns dynamicContentTwoColumns__ctaButton\" href=\"https:\/\/www.visitsmaland.se\/nl\/ontdekken\/verblijven-in-smaland-in-de-winter\/\">\n                            Kerst en Nieuwjaar vieren                        <\/a>\n                    <\/div>\n                <\/div>\n                        <\/div>\n<\/div>\n\n\n  \n<div class=\"featuredTwoColumns featuredTwoColumns__wrapper\">\n    <div class=\"featuredTwoColumns featuredTwoColumns__container\">  \n            <div class=\"featuredTwoColumns featuredTwoColumns__feturedWrapper\">\n            <a aria-label=\"Leef als een Sm\u00e5lander\" href=\"https:\/\/www.visitsmaland.se\/nl\/ontdekken\/leef-als-een-smalander\/\"class=\"featuredTwoColumns featuredTwoColumns__imageWrapper\">\n                <img loading=\"lazy\" decoding=\"async\" width=\"1024\" height=\"740\" src=\"https:\/\/www.visitsmaland.se\/wp-content\/uploads\/2025\/06\/ALEX6736_MediumResolution150dpi80Quality-1024x740.jpg\" class=\"attachment-grid-card-images size-grid-card-images wp-post-image\" alt=\"\" \/>            <\/a>\n            <div class=\"featuredTwoColumns featuredTwoColumns__contentWrapper\">\n                <h2 class=\"featuredTwoColumns featuredTwoColumns__heading\">\n                    Leef als een Sm\u00e5lander                <\/h2>\n                <p class=\"featuredTwoColumns featuredTwoColumns__description\">\n                    Tijd doorbrengen in de spectaculaire natuur is heel\u2026                <\/p>\n                 \n                 \n                <div class=\"wp-block-buttons is-layout-flex wp-block-buttons-is-layout-flex\">\n                    <div class=\"wp-block-button \">\n                        <a aria-label=\"Leef als een Sm\u00e5lander\"class=\"wp-block-button__link wp-element-button\" href=\"https:\/\/www.visitsmaland.se\/nl\/ontdekken\/leef-als-een-smalander\/\">\n                            Ontdek                       \n                         <\/a>\n                    <\/div>\n                <\/div>\n            <\/div>\n        <\/div>\n                <div class=\"featuredTwoColumns featuredTwoColumns__feturedWrapper\">\n            <a aria-label=\"Caf\u00e9s in Sm\u00e5land\" href=\"https:\/\/www.visitsmaland.se\/nl\/ontdekken\/cafes-in-smaland\/\"class=\"featuredTwoColumns featuredTwoColumns__imageWrapper\">\n                <img loading=\"lazy\" decoding=\"async\" width=\"1024\" height=\"740\" src=\"https:\/\/www.visitsmaland.se\/wp-content\/uploads\/2024\/04\/sussies_cafe_alexander-hall-17-1024x740.jpg\" class=\"attachment-grid-card-images size-grid-card-images wp-post-image\" alt=\"\" \/>            <\/a>\n            <div class=\"featuredTwoColumns featuredTwoColumns__contentWrapper\">\n                <h2 class=\"featuredTwoColumns featuredTwoColumns__heading\">\n                    Caf\u00e9s in Sm\u00e5land                <\/h2>\n                <p class=\"featuredTwoColumns featuredTwoColumns__description\">\n                    Tijd doorbrengen in een gezellig caf\u00e9 kan een van d\u2026                <\/p>\n                 \n                 \n                <div class=\"wp-block-buttons is-layout-flex wp-block-buttons-is-layout-flex\">\n                    <div class=\"wp-block-button \">\n                        <a aria-label=\"Caf\u00e9s in Sm\u00e5land\"class=\"wp-block-button__link wp-element-button\" href=\"https:\/\/www.visitsmaland.se\/nl\/ontdekken\/cafes-in-smaland\/\">\n                            Ontdek                       \n                         <\/a>\n                    <\/div>\n                <\/div>\n            <\/div>\n        <\/div>\n            <\/div>\n<\/div>\n","protected":false},"excerpt":{"rendered":"<p>Ontdek de tradities van Sm\u00e5land en \u00d6land \u2013 van rivierkreeftvissen en midzomer tot Lucia, F\u00f6ssta Tossdan i Mass, kerstbuffetten en hyttsill. Beleef lokale cultuur, smaken en verbondenheid het hele jaar door.<\/p>\n","protected":false},"featured_media":59921,"parent":0,"menu_order":228,"template":"","tags":[],"land":[],"class_list":["post-82329","guide","type-guide","status-publish","has-post-thumbnail","hentry"],"acf":{"priority":""},"yoast_head":"<!-- This site is optimized with the Yoast SEO plugin v27.5 - https:\/\/yoast.com\/product\/yoast-seo-wordpress\/ -->\n<title>Tradities in Sm\u00e5land en \u00d6land | Visit Sm\u00e5land<\/title>\n<meta name=\"description\" content=\"Ontdek de tradities van Sm\u00e5land en \u00d6land \u2013 van rivierkreeftvissen en midzomer tot Lucia, F\u00f6ssta Tossdan i Mass, kerstbuffetten en hyttsill.\" \/>\n<meta name=\"robots\" content=\"index, follow, max-snippet:-1, max-image-preview:large, max-video-preview:-1\" \/>\n<link rel=\"canonical\" href=\"https:\/\/www.visitsmaland.se\/nl\/ontdekken\/tradities-in-smaland\/\" \/>\n<meta property=\"og:locale\" content=\"nl_NL\" \/>\n<meta property=\"og:type\" content=\"article\" \/>\n<meta property=\"og:title\" content=\"Tradities in Sm\u00e5land en \u00d6land | Visit Sm\u00e5land\" \/>\n<meta property=\"og:description\" content=\"Ontdek de tradities van Sm\u00e5land en \u00d6land \u2013 van rivierkreeftvissen en midzomer tot Lucia, F\u00f6ssta Tossdan i Mass, kerstbuffetten en hyttsill.\" \/>\n<meta property=\"og:url\" content=\"https:\/\/www.visitsmaland.se\/nl\/ontdekken\/tradities-in-smaland\/\" \/>\n<meta property=\"og:site_name\" content=\"Visit Sm\u00e5land\" \/>\n<meta property=\"article:publisher\" content=\"https:\/\/www.facebook.com\/visitsmaland\/\" \/>\n<meta property=\"article:modified_time\" content=\"2026-03-03T11:25:56+00:00\" \/>\n<meta property=\"og:image\" content=\"https:\/\/www.visitsmaland.se\/wp-content\/uploads\/2024\/04\/WhereSheGoes.nl-X-Midsommar-Smalandsgarden-2-scaled.jpg\" \/>\n\t<meta property=\"og:image:width\" content=\"2560\" \/>\n\t<meta property=\"og:image:height\" content=\"1707\" \/>\n\t<meta property=\"og:image:type\" content=\"image\/jpeg\" \/>\n<meta name=\"twitter:card\" content=\"summary_large_image\" \/>\n<meta name=\"twitter:label1\" content=\"Geschatte leestijd\" \/>\n\t<meta name=\"twitter:data1\" content=\"9 minuten\" \/>\n<script type=\"application\/ld+json\" class=\"yoast-schema-graph\">{\"@context\":\"https:\\\/\\\/schema.org\",\"@graph\":[{\"@type\":\"WebPage\",\"@id\":\"https:\\\/\\\/www.visitsmaland.se\\\/nl\\\/ontdekken\\\/tradities-in-smaland\\\/\",\"url\":\"https:\\\/\\\/www.visitsmaland.se\\\/nl\\\/ontdekken\\\/tradities-in-smaland\\\/\",\"name\":\"Tradities in Sm\u00e5land en \u00d6land | Visit Sm\u00e5land\",\"isPartOf\":{\"@id\":\"https:\\\/\\\/www.visitsmaland.se\\\/nl\\\/#website\"},\"primaryImageOfPage\":{\"@id\":\"https:\\\/\\\/www.visitsmaland.se\\\/nl\\\/ontdekken\\\/tradities-in-smaland\\\/#primaryimage\"},\"image\":{\"@id\":\"https:\\\/\\\/www.visitsmaland.se\\\/nl\\\/ontdekken\\\/tradities-in-smaland\\\/#primaryimage\"},\"thumbnailUrl\":\"https:\\\/\\\/www.visitsmaland.se\\\/wp-content\\\/uploads\\\/2024\\\/04\\\/WhereSheGoes.nl-X-Midsommar-Smalandsgarden-2-scaled.jpg\",\"datePublished\":\"2026-01-07T13:39:56+00:00\",\"dateModified\":\"2026-03-03T11:25:56+00:00\",\"description\":\"Ontdek de tradities van Sm\u00e5land en \u00d6land \u2013 van rivierkreeftvissen en midzomer tot Lucia, F\u00f6ssta Tossdan i Mass, kerstbuffetten en hyttsill.\",\"breadcrumb\":{\"@id\":\"https:\\\/\\\/www.visitsmaland.se\\\/nl\\\/ontdekken\\\/tradities-in-smaland\\\/#breadcrumb\"},\"inLanguage\":\"nl-NL\",\"potentialAction\":[{\"@type\":\"ReadAction\",\"target\":[\"https:\\\/\\\/www.visitsmaland.se\\\/nl\\\/ontdekken\\\/tradities-in-smaland\\\/\"]}]},{\"@type\":\"ImageObject\",\"inLanguage\":\"nl-NL\",\"@id\":\"https:\\\/\\\/www.visitsmaland.se\\\/nl\\\/ontdekken\\\/tradities-in-smaland\\\/#primaryimage\",\"url\":\"https:\\\/\\\/www.visitsmaland.se\\\/wp-content\\\/uploads\\\/2024\\\/04\\\/WhereSheGoes.nl-X-Midsommar-Smalandsgarden-2-scaled.jpg\",\"contentUrl\":\"https:\\\/\\\/www.visitsmaland.se\\\/wp-content\\\/uploads\\\/2024\\\/04\\\/WhereSheGoes.nl-X-Midsommar-Smalandsgarden-2-scaled.jpg\",\"width\":2560,\"height\":1707},{\"@type\":\"BreadcrumbList\",\"@id\":\"https:\\\/\\\/www.visitsmaland.se\\\/nl\\\/ontdekken\\\/tradities-in-smaland\\\/#breadcrumb\",\"itemListElement\":[{\"@type\":\"ListItem\",\"position\":1,\"name\":\"Startpagina\",\"item\":\"https:\\\/\\\/www.visitsmaland.se\\\/nl\\\/\"},{\"@type\":\"ListItem\",\"position\":2,\"name\":\"Tradities in Sm\u00e5land\"}]},{\"@type\":\"WebSite\",\"@id\":\"https:\\\/\\\/www.visitsmaland.se\\\/nl\\\/#website\",\"url\":\"https:\\\/\\\/www.visitsmaland.se\\\/nl\\\/\",\"name\":\"Visit Sm\u00e5land\",\"description\":\"V\u00e4lkommen till Sm\u00e5land\",\"potentialAction\":[{\"@type\":\"SearchAction\",\"target\":{\"@type\":\"EntryPoint\",\"urlTemplate\":\"https:\\\/\\\/www.visitsmaland.se\\\/nl\\\/?s={search_term_string}\"},\"query-input\":{\"@type\":\"PropertyValueSpecification\",\"valueRequired\":true,\"valueName\":\"search_term_string\"}}],\"inLanguage\":\"nl-NL\"}]}<\/script>\n<!-- \/ Yoast SEO plugin. -->","yoast_head_json":{"title":"Tradities in Sm\u00e5land en \u00d6land | Visit Sm\u00e5land","description":"Ontdek de tradities van Sm\u00e5land en \u00d6land \u2013 van rivierkreeftvissen en midzomer tot Lucia, F\u00f6ssta Tossdan i Mass, kerstbuffetten en hyttsill.","robots":{"index":"index","follow":"follow","max-snippet":"max-snippet:-1","max-image-preview":"max-image-preview:large","max-video-preview":"max-video-preview:-1"},"canonical":"https:\/\/www.visitsmaland.se\/nl\/ontdekken\/tradities-in-smaland\/","og_locale":"nl_NL","og_type":"article","og_title":"Tradities in Sm\u00e5land en \u00d6land | Visit Sm\u00e5land","og_description":"Ontdek de tradities van Sm\u00e5land en \u00d6land \u2013 van rivierkreeftvissen en midzomer tot Lucia, F\u00f6ssta Tossdan i Mass, kerstbuffetten en hyttsill.","og_url":"https:\/\/www.visitsmaland.se\/nl\/ontdekken\/tradities-in-smaland\/","og_site_name":"Visit Sm\u00e5land","article_publisher":"https:\/\/www.facebook.com\/visitsmaland\/","article_modified_time":"2026-03-03T11:25:56+00:00","og_image":[{"width":2560,"height":1707,"url":"https:\/\/www.visitsmaland.se\/wp-content\/uploads\/2024\/04\/WhereSheGoes.nl-X-Midsommar-Smalandsgarden-2-scaled.jpg","type":"image\/jpeg"}],"twitter_card":"summary_large_image","twitter_misc":{"Geschatte leestijd":"9 minuten"},"schema":{"@context":"https:\/\/schema.org","@graph":[{"@type":"WebPage","@id":"https:\/\/www.visitsmaland.se\/nl\/ontdekken\/tradities-in-smaland\/","url":"https:\/\/www.visitsmaland.se\/nl\/ontdekken\/tradities-in-smaland\/","name":"Tradities in Sm\u00e5land en \u00d6land | Visit Sm\u00e5land","isPartOf":{"@id":"https:\/\/www.visitsmaland.se\/nl\/#website"},"primaryImageOfPage":{"@id":"https:\/\/www.visitsmaland.se\/nl\/ontdekken\/tradities-in-smaland\/#primaryimage"},"image":{"@id":"https:\/\/www.visitsmaland.se\/nl\/ontdekken\/tradities-in-smaland\/#primaryimage"},"thumbnailUrl":"https:\/\/www.visitsmaland.se\/wp-content\/uploads\/2024\/04\/WhereSheGoes.nl-X-Midsommar-Smalandsgarden-2-scaled.jpg","datePublished":"2026-01-07T13:39:56+00:00","dateModified":"2026-03-03T11:25:56+00:00","description":"Ontdek de tradities van Sm\u00e5land en \u00d6land \u2013 van rivierkreeftvissen en midzomer tot Lucia, F\u00f6ssta Tossdan i Mass, kerstbuffetten en hyttsill.","breadcrumb":{"@id":"https:\/\/www.visitsmaland.se\/nl\/ontdekken\/tradities-in-smaland\/#breadcrumb"},"inLanguage":"nl-NL","potentialAction":[{"@type":"ReadAction","target":["https:\/\/www.visitsmaland.se\/nl\/ontdekken\/tradities-in-smaland\/"]}]},{"@type":"ImageObject","inLanguage":"nl-NL","@id":"https:\/\/www.visitsmaland.se\/nl\/ontdekken\/tradities-in-smaland\/#primaryimage","url":"https:\/\/www.visitsmaland.se\/wp-content\/uploads\/2024\/04\/WhereSheGoes.nl-X-Midsommar-Smalandsgarden-2-scaled.jpg","contentUrl":"https:\/\/www.visitsmaland.se\/wp-content\/uploads\/2024\/04\/WhereSheGoes.nl-X-Midsommar-Smalandsgarden-2-scaled.jpg","width":2560,"height":1707},{"@type":"BreadcrumbList","@id":"https:\/\/www.visitsmaland.se\/nl\/ontdekken\/tradities-in-smaland\/#breadcrumb","itemListElement":[{"@type":"ListItem","position":1,"name":"Startpagina","item":"https:\/\/www.visitsmaland.se\/nl\/"},{"@type":"ListItem","position":2,"name":"Tradities in Sm\u00e5land"}]},{"@type":"WebSite","@id":"https:\/\/www.visitsmaland.se\/nl\/#website","url":"https:\/\/www.visitsmaland.se\/nl\/","name":"Visit Sm\u00e5land","description":"V\u00e4lkommen till Sm\u00e5land","potentialAction":[{"@type":"SearchAction","target":{"@type":"EntryPoint","urlTemplate":"https:\/\/www.visitsmaland.se\/nl\/?s={search_term_string}"},"query-input":{"@type":"PropertyValueSpecification","valueRequired":true,"valueName":"search_term_string"}}],"inLanguage":"nl-NL"}]}},"_links":{"self":[{"href":"https:\/\/www.visitsmaland.se\/nl\/wp-json\/wp\/v2\/guide\/82329","targetHints":{"allow":["GET"]}}],"collection":[{"href":"https:\/\/www.visitsmaland.se\/nl\/wp-json\/wp\/v2\/guide"}],"about":[{"href":"https:\/\/www.visitsmaland.se\/nl\/wp-json\/wp\/v2\/types\/guide"}],"version-history":[{"count":9,"href":"https:\/\/www.visitsmaland.se\/nl\/wp-json\/wp\/v2\/guide\/82329\/revisions"}],"predecessor-version":[{"id":89516,"href":"https:\/\/www.visitsmaland.se\/nl\/wp-json\/wp\/v2\/guide\/82329\/revisions\/89516"}],"wp:featuredmedia":[{"embeddable":true,"href":"https:\/\/www.visitsmaland.se\/nl\/wp-json\/wp\/v2\/media\/59921"}],"wp:attachment":[{"href":"https:\/\/www.visitsmaland.se\/nl\/wp-json\/wp\/v2\/media?parent=82329"}],"wp:term":[{"taxonomy":"post_tag","embeddable":true,"href":"https:\/\/www.visitsmaland.se\/nl\/wp-json\/wp\/v2\/tags?post=82329"},{"taxonomy":"land","embeddable":true,"href":"https:\/\/www.visitsmaland.se\/nl\/wp-json\/wp\/v2\/land?post=82329"}],"curies":[{"name":"wp","href":"https:\/\/api.w.org\/{rel}","templated":true}]}}