{"id":85023,"date":"2026-02-11T16:42:05","date_gmt":"2026-02-11T15:42:05","guid":{"rendered":"https:\/\/www.visitsmaland.se\/upptack\/kalmar-county-museum\/"},"modified":"2026-06-29T15:23:07","modified_gmt":"2026-06-29T13:23:07","slug":"kalmar-lans-museum","status":"publish","type":"guide","link":"https:\/\/www.visitsmaland.se\/nl\/ontdekken\/kalmar-lans-museum\/","title":{"rendered":"Kalmar L\u00e4ns Museum"},"content":{"rendered":"<div class=\"postHerosection postHerosection__wrapper\">\n    <div class=\"postHerosection postHerosection__container\">\n        <h1 class=\"postHerosection postHerosection__heroHeading\">\n            Kalmar L\u00e4ns Museum        <\/h1>\n            <\/div>\n    <div class=\"postHerosection postHerosection__imageContainer\">\n        <img loading=\"lazy\" decoding=\"async\" width=\"2560\" height=\"1574\" src=\"https:\/\/www.visitsmaland.se\/wp-content\/uploads\/2026\/02\/Angkvarnen_20A7820_Flyden-annons-scaled.jpg\" class=\"attachment-full size-full\" alt=\"\" srcset=\"https:\/\/www.visitsmaland.se\/wp-content\/uploads\/2026\/02\/Angkvarnen_20A7820_Flyden-annons-scaled.jpg 2560w, https:\/\/www.visitsmaland.se\/wp-content\/uploads\/2026\/02\/Angkvarnen_20A7820_Flyden-annons-300x185.jpg 300w, https:\/\/www.visitsmaland.se\/wp-content\/uploads\/2026\/02\/Angkvarnen_20A7820_Flyden-annons-1024x630.jpg 1024w, https:\/\/www.visitsmaland.se\/wp-content\/uploads\/2026\/02\/Angkvarnen_20A7820_Flyden-annons-768x472.jpg 768w, https:\/\/www.visitsmaland.se\/wp-content\/uploads\/2026\/02\/Angkvarnen_20A7820_Flyden-annons-1536x945.jpg 1536w, https:\/\/www.visitsmaland.se\/wp-content\/uploads\/2026\/02\/Angkvarnen_20A7820_Flyden-annons-2048x1260.jpg 2048w\" sizes=\"(max-width: 2560px) 100vw, 2560px\" \/>    <\/div>\n<\/div>\n<div class=\"postHerosection postHerosection__breadcrumbs\">\n   <div class=\"postHerosection postHerosection__breadcrumbs-container\">\n        <p id=\"breadcrumbs\"><span><span><a href=\"https:\/\/www.visitsmaland.se\/nl\/\">Startpagina<\/a><\/span><\/span><\/p>    <\/div>\n<\/div>\n\n<div class=\"contentCta contentCta__wrapper\">\n    <div class=\"contentCta contentCta__container\">\n                    \t\t\t<div class=\"contentCta contentCta__text\" style=\"color: \">\n\t\t\t\t<p>In het Kalmar L\u00e4ns Museum is er voor alle leeftijden van alles te beleven. Ontdek de vaste en wisselende tentoonstellingen, neem deel aan een rondleiding of een van de vele activiteiten en evenementen. Daarnaast vind je er een restaurant, caf\u00e9 en studio.<\/p>\n\t\t\t<\/div>\n                <hr>\n            <\/div>\n<\/div>\n\n\n<div class=\"dynamicContentTwoColumns dynamicContentTwoColumns__wrapper\">\n    <div class=\"dynamicContentTwoColumns dynamicContentTwoColumns__container\">\n                                    <h3 class=\"dynamicContentTwoColumns dynamicContentTwoColumns__heading\">\n                    Het oorlogsschip Kronan                <\/h3>\n                                                <div class=\"dynamicContentTwoColumns dynamicContentTwoColumns__imageWrapper\">\n                    <img loading=\"lazy\" decoding=\"async\" width=\"333\" height=\"500\" src=\"https:\/\/www.visitsmaland.se\/wp-content\/uploads\/2026\/02\/AdamHumlesol_Kronan-1.jpg\" class=\"attachment-500x500 size-500x500\" alt=\"\" srcset=\"https:\/\/www.visitsmaland.se\/wp-content\/uploads\/2026\/02\/AdamHumlesol_Kronan-1.jpg 1333w, https:\/\/www.visitsmaland.se\/wp-content\/uploads\/2026\/02\/AdamHumlesol_Kronan-1-200x300.jpg 200w, https:\/\/www.visitsmaland.se\/wp-content\/uploads\/2026\/02\/AdamHumlesol_Kronan-1-682x1024.jpg 682w, https:\/\/www.visitsmaland.se\/wp-content\/uploads\/2026\/02\/AdamHumlesol_Kronan-1-768x1152.jpg 768w, https:\/\/www.visitsmaland.se\/wp-content\/uploads\/2026\/02\/AdamHumlesol_Kronan-1-1024x1536.jpg 1024w\" sizes=\"(max-width: 333px) 100vw, 333px\" \/>                <\/div>\n                                                <div class=\"dynamicContentTwoColumns dynamicContentTwoColumns__text\">\n                    <p><p>Bezoek de tentoonstelling over het oorlogsschip Kronan, dat in de 17e eeuw voor de kust van \u00d6land zonk. Ontdek het verhaal achter dit machtige schip en de schatten die het aan boord had.<\/p>\n<p>\n                <\/div>\n                                                <div class=\"wp-block-buttons is-layout-flex wp-block-buttons-is-layout-flex\">\n                    <div class=\"wp-block-button\">\n                        <a aria-label=\"Lees verder\" class=\"wp-block-button__link wp-element-button dynamicContentTwoColumns dynamicContentTwoColumns__ctaButton\" href=\"https:\/\/kalmarlansmuseum.se\/kronan\/\">\n                            Het oorlogsschip Kronan                        <\/a>\n                    <\/div>\n                <\/div>\n                                                <h3 class=\"dynamicContentTwoColumns dynamicContentTwoColumns__heading\">\n                    Jenny Nystr\u00f6m                <\/h3>\n                                                <div class=\"dynamicContentTwoColumns dynamicContentTwoColumns__text\">\n                    <p><p>Kunstenares Jenny Nystr\u00f6m werd geboren in Kalmar in 1854 en is bekend omdat ze de Zweedse versie van de Kerstman introduceerde via haar illustraties. Gedurende haar lange carri\u00e8re cre\u00eberde ze kunstwerken die nog steeds in het museum te zien zijn.<\/p>\n<p>\n                <\/div>\n                                                <div class=\"wp-block-buttons is-layout-flex wp-block-buttons-is-layout-flex\">\n                    <div class=\"wp-block-button\">\n                        <a aria-label=\"Lees verder\" class=\"wp-block-button__link wp-element-button dynamicContentTwoColumns dynamicContentTwoColumns__ctaButton\" href=\"https:\/\/kalmarlansmuseum.se\/utstallningar\/jenny-nystrom\/\">\n                            Jenny Nystr\u00f6m                        <\/a>\n                    <\/div>\n                <\/div>\n                                                <h3 class=\"dynamicContentTwoColumns dynamicContentTwoColumns__heading\">\n                    Restaurant en Caf\u00e9                <\/h3>\n                                                <div class=\"dynamicContentTwoColumns dynamicContentTwoColumns__text\">\n                    <p><p>Trek gekregen? Schuif dan aan in museumrestaurant en caf\u00e9 \u00c5ngkvarnen voor een lunch of een fika (koffie met iets lekkers). Voor kinderen is er bovendien een speciale speelruimte.<\/p>\n<p>\n                <\/div>\n                                                <div class=\"wp-block-buttons is-layout-flex wp-block-buttons-is-layout-flex\">\n                    <div class=\"wp-block-button\">\n                        <a aria-label=\"Lees verder\" class=\"wp-block-button__link wp-element-button dynamicContentTwoColumns dynamicContentTwoColumns__ctaButton\" href=\"https:\/\/kalmarlansmuseum.se\/restaurang\/barnvanligt\/\">\n                            \u00c5ngkvarnen                        <\/a>\n                    <\/div>\n                <\/div>\n                        <\/div>\n<\/div>\n\n\n\n<div class=\"wp-block-group is-layout-constrained wp-block-group-is-layout-constrained\">\n<figure class=\"wp-block-embed aligncenter is-type-video is-provider-youtube wp-block-embed-youtube wp-embed-aspect-16-9 wp-has-aspect-ratio\"><div class=\"wp-block-embed__wrapper\">\n<iframe loading=\"lazy\" title=\"\u00c4ventyret Superkronan - Skeppsbygget!\" width=\"500\" height=\"281\" src=\"https:\/\/www.youtube.com\/embed\/n1jlCqGHtSY?feature=oembed&#038;enablejsapi=1&#038;origin=https:\/\/www.visitsmaland.se\" frameborder=\"0\" allow=\"accelerometer; autoplay; clipboard-write; encrypted-media; gyroscope; picture-in-picture; web-share\" referrerpolicy=\"strict-origin-when-cross-origin\" allowfullscreen><\/iframe>\n<\/div><\/figure>\n<\/div>\n\n\n\n<div class=\"wp-block-group has-visitsmaland-greige-background-color has-background is-layout-constrained wp-block-group-is-layout-constrained\"><div class=\"contentCta contentCta__wrapper\">\n    <div class=\"contentCta contentCta__container\">\n                        <h2 class=\"contentCta contentCta__heading\" style=\"color: \">\n                Lees meer over Kalmar L\u00e4ns Museum            <\/h2>\n                        <hr>\n                <div class=\"contentCta contentCta__ctaWrapper\">\n            <div class=\"wp-block-buttons is-layout-flex wp-block-buttons-is-layout-flex\">\n                                                                                            <div class=\"wp-block-button \">\n                    <a aria-label=\"Lees meer\" class=\"wp-block-button__link wp-element-button\" href=\"https:\/\/kalmarlansmuseum.se\/\" style=\"background-color: #fbbd51; color: #000000\">\n                        Lees meer                    <\/a>\n                <\/div>\n                            <\/div>\n        <\/div>\n            <\/div>\n<\/div>\n<\/div>\n\n\n  \n<div class=\"featuredTwoColumns featuredTwoColumns__wrapper\">\n    <div class=\"featuredTwoColumns featuredTwoColumns__container\">  \n            <div class=\"featuredTwoColumns featuredTwoColumns__feturedWrapper\">\n            <a aria-label=\"Alles voor kinderen en families\" href=\"https:\/\/www.visitsmaland.se\/nl\/ontdekken\/alles-voor-kinderen-en-families\/\"class=\"featuredTwoColumns featuredTwoColumns__imageWrapper\">\n                <img loading=\"lazy\" decoding=\"async\" width=\"1024\" height=\"681\" src=\"https:\/\/www.visitsmaland.se\/wp-content\/uploads\/2020\/06\/Smaland_9067.jpg\" class=\"attachment-grid-card-images size-grid-card-images wp-post-image\" alt=\"Zwei Kinder spielen im Garten auf einer Schaukel\" srcset=\"https:\/\/www.visitsmaland.se\/wp-content\/uploads\/2020\/06\/Smaland_9067.jpg 2000w, https:\/\/www.visitsmaland.se\/wp-content\/uploads\/2020\/06\/Smaland_9067-300x200.jpg 300w, https:\/\/www.visitsmaland.se\/wp-content\/uploads\/2020\/06\/Smaland_9067-1024x681.jpg 1024w, https:\/\/www.visitsmaland.se\/wp-content\/uploads\/2020\/06\/Smaland_9067-768x511.jpg 768w, https:\/\/www.visitsmaland.se\/wp-content\/uploads\/2020\/06\/Smaland_9067-120x80.jpg 120w, https:\/\/www.visitsmaland.se\/wp-content\/uploads\/2020\/06\/Smaland_9067-1536x1022.jpg 1536w, https:\/\/www.visitsmaland.se\/wp-content\/uploads\/2020\/06\/Smaland_9067-601x400.jpg 601w\" sizes=\"(max-width: 1024px) 100vw, 1024px\" \/>            <\/a>\n            <div class=\"featuredTwoColumns featuredTwoColumns__contentWrapper\">\n                <h2 class=\"featuredTwoColumns featuredTwoColumns__heading\">\n                    Alles voor kinderen en families                <\/h2>\n                <p class=\"featuredTwoColumns featuredTwoColumns__description\">\n                    Sm\u00e5land is een natuurlijke speeltuin voor alle leef\u2026                <\/p>\n                 \n                 \n                <div class=\"wp-block-buttons is-layout-flex wp-block-buttons-is-layout-flex\">\n                    <div class=\"wp-block-button \">\n                        <a aria-label=\"Alles voor kinderen en families\"class=\"wp-block-button__link wp-element-button\" href=\"https:\/\/www.visitsmaland.se\/nl\/ontdekken\/alles-voor-kinderen-en-families\/\">\n                            Ontdek                       \n                         <\/a>\n                    <\/div>\n                <\/div>\n            <\/div>\n        <\/div>\n                <div class=\"featuredTwoColumns featuredTwoColumns__feturedWrapper\">\n            <a aria-label=\"Cultuur en geschiedenis\" href=\"https:\/\/www.visitsmaland.se\/nl\/ontdekken\/cultuur-geschiedenis\/\"class=\"featuredTwoColumns featuredTwoColumns__imageWrapper\">\n                <img loading=\"lazy\" decoding=\"async\" width=\"1024\" height=\"740\" src=\"https:\/\/www.visitsmaland.se\/wp-content\/uploads\/2024\/04\/asensby_fotografemmaivarsson-3-1024x740.jpg\" class=\"attachment-grid-card-images size-grid-card-images wp-post-image\" alt=\"\" \/>            <\/a>\n            <div class=\"featuredTwoColumns featuredTwoColumns__contentWrapper\">\n                <h2 class=\"featuredTwoColumns featuredTwoColumns__heading\">\n                    Cultuur en geschiedenis                <\/h2>\n                <p class=\"featuredTwoColumns featuredTwoColumns__description\">\n                    \nIn Sm\u00e5land en op \u00d6land vind je volop cultuur en ge\u2026                <\/p>\n                 \n                 \n                <div class=\"wp-block-buttons is-layout-flex wp-block-buttons-is-layout-flex\">\n                    <div class=\"wp-block-button \">\n                        <a aria-label=\"Cultuur en geschiedenis\"class=\"wp-block-button__link wp-element-button\" href=\"https:\/\/www.visitsmaland.se\/nl\/ontdekken\/cultuur-geschiedenis\/\">\n                            Ontdek                       \n                         <\/a>\n                    <\/div>\n                <\/div>\n            <\/div>\n        <\/div>\n            <\/div>\n<\/div>\n","protected":false},"excerpt":{"rendered":"<p>In het Kalmar L\u00e4ns Museum is er voor alle leeftijden van alles te beleven. Ontdek de vaste en wisselende tentoonstellingen, neem deel aan een rondleiding of een van de vele activiteiten en evenementen. Daarnaast vind je er een restaurant, caf\u00e9 en studio.<\/p>\n","protected":false},"featured_media":84405,"parent":0,"menu_order":146,"template":"","tags":[],"land":[],"class_list":["post-85023","guide","type-guide","status-publish","has-post-thumbnail","hentry"],"acf":{"priority":""},"yoast_head":"<!-- This site is optimized with the Yoast SEO plugin v28.3 - https:\/\/yoast.com\/product\/yoast-seo-wordpress\/ -->\n<title>Kalmar L\u00e4ns Museum | Visit Sm\u00e5land<\/title>\n<meta name=\"description\" content=\"Bij het Kalmar L\u00e4ns Museum is er voor alle leeftijden van alles te beleven. Ontdek de vaste en wisselende tentoonstellingen.\" \/>\n<meta name=\"robots\" content=\"index, follow, max-snippet:-1, max-image-preview:large, max-video-preview:-1\" \/>\n<link rel=\"canonical\" href=\"https:\/\/www.visitsmaland.se\/nl\/ontdekken\/kalmar-lans-museum\/\" \/>\n<meta property=\"og:locale\" content=\"nl_NL\" \/>\n<meta property=\"og:type\" content=\"article\" \/>\n<meta property=\"og:title\" content=\"Kalmar L\u00e4ns Museum | Visit Sm\u00e5land\" \/>\n<meta property=\"og:description\" content=\"Bij het Kalmar L\u00e4ns Museum is er voor alle leeftijden van alles te beleven. Ontdek de vaste en wisselende tentoonstellingen.\" \/>\n<meta property=\"og:url\" content=\"https:\/\/www.visitsmaland.se\/nl\/ontdekken\/kalmar-lans-museum\/\" \/>\n<meta property=\"og:site_name\" content=\"Visit Sm\u00e5land\" \/>\n<meta property=\"article:publisher\" content=\"https:\/\/www.facebook.com\/visitsmaland\/\" \/>\n<meta property=\"article:modified_time\" content=\"2026-06-29T13:23:07+00:00\" \/>\n<meta property=\"og:image\" content=\"https:\/\/www.visitsmaland.se\/wp-content\/uploads\/2026\/02\/Angkvarnen_20A7820_Flyden-annons-scaled.jpg\" \/>\n\t<meta property=\"og:image:width\" content=\"2560\" \/>\n\t<meta property=\"og:image:height\" content=\"1574\" \/>\n\t<meta property=\"og:image:type\" content=\"image\/jpeg\" \/>\n<meta name=\"twitter:card\" content=\"summary_large_image\" \/>\n<meta name=\"twitter:label1\" content=\"Geschatte leestijd\" \/>\n\t<meta name=\"twitter:data1\" content=\"2 minuten\" \/>\n<script type=\"application\/ld+json\" class=\"yoast-schema-graph\">{\"@context\":\"https:\\\/\\\/schema.org\",\"@graph\":[{\"@type\":\"WebPage\",\"@id\":\"https:\\\/\\\/www.visitsmaland.se\\\/nl\\\/ontdekken\\\/kalmar-lans-museum\\\/\",\"url\":\"https:\\\/\\\/www.visitsmaland.se\\\/nl\\\/ontdekken\\\/kalmar-lans-museum\\\/\",\"name\":\"Kalmar L\u00e4ns Museum | Visit Sm\u00e5land\",\"isPartOf\":{\"@id\":\"https:\\\/\\\/www.visitsmaland.se\\\/nl\\\/#website\"},\"primaryImageOfPage\":{\"@id\":\"https:\\\/\\\/www.visitsmaland.se\\\/nl\\\/ontdekken\\\/kalmar-lans-museum\\\/#primaryimage\"},\"image\":{\"@id\":\"https:\\\/\\\/www.visitsmaland.se\\\/nl\\\/ontdekken\\\/kalmar-lans-museum\\\/#primaryimage\"},\"thumbnailUrl\":\"https:\\\/\\\/www.visitsmaland.se\\\/wp-content\\\/uploads\\\/2026\\\/02\\\/Angkvarnen_20A7820_Flyden-annons-scaled.jpg\",\"datePublished\":\"2026-02-11T15:42:05+00:00\",\"dateModified\":\"2026-06-29T13:23:07+00:00\",\"description\":\"Bij het Kalmar L\u00e4ns Museum is er voor alle leeftijden van alles te beleven. Ontdek de vaste en wisselende tentoonstellingen.\",\"breadcrumb\":{\"@id\":\"https:\\\/\\\/www.visitsmaland.se\\\/nl\\\/ontdekken\\\/kalmar-lans-museum\\\/#breadcrumb\"},\"inLanguage\":\"nl-NL\",\"potentialAction\":[{\"@type\":\"ReadAction\",\"target\":[\"https:\\\/\\\/www.visitsmaland.se\\\/nl\\\/ontdekken\\\/kalmar-lans-museum\\\/\"]}]},{\"@type\":\"ImageObject\",\"inLanguage\":\"nl-NL\",\"@id\":\"https:\\\/\\\/www.visitsmaland.se\\\/nl\\\/ontdekken\\\/kalmar-lans-museum\\\/#primaryimage\",\"url\":\"https:\\\/\\\/www.visitsmaland.se\\\/wp-content\\\/uploads\\\/2026\\\/02\\\/Angkvarnen_20A7820_Flyden-annons-scaled.jpg\",\"contentUrl\":\"https:\\\/\\\/www.visitsmaland.se\\\/wp-content\\\/uploads\\\/2026\\\/02\\\/Angkvarnen_20A7820_Flyden-annons-scaled.jpg\",\"width\":2560,\"height\":1574},{\"@type\":\"BreadcrumbList\",\"@id\":\"https:\\\/\\\/www.visitsmaland.se\\\/nl\\\/ontdekken\\\/kalmar-lans-museum\\\/#breadcrumb\",\"itemListElement\":[{\"@type\":\"ListItem\",\"position\":1,\"name\":\"Startpagina\",\"item\":\"https:\\\/\\\/www.visitsmaland.se\\\/nl\\\/\"},{\"@type\":\"ListItem\",\"position\":2,\"name\":\"Kalmar L\u00e4ns Museum\"}]},{\"@type\":\"WebSite\",\"@id\":\"https:\\\/\\\/www.visitsmaland.se\\\/nl\\\/#website\",\"url\":\"https:\\\/\\\/www.visitsmaland.se\\\/nl\\\/\",\"name\":\"Visit Sm\u00e5land\",\"description\":\"V\u00e4lkommen till Sm\u00e5land\",\"potentialAction\":[{\"@type\":\"SearchAction\",\"target\":{\"@type\":\"EntryPoint\",\"urlTemplate\":\"https:\\\/\\\/www.visitsmaland.se\\\/nl\\\/?s={search_term_string}\"},\"query-input\":{\"@type\":\"PropertyValueSpecification\",\"valueRequired\":true,\"valueName\":\"search_term_string\"}}],\"inLanguage\":\"nl-NL\"}]}<\/script>\n<!-- \/ Yoast SEO plugin. -->","yoast_head_json":{"title":"Kalmar L\u00e4ns Museum | Visit Sm\u00e5land","description":"Bij het Kalmar L\u00e4ns Museum is er voor alle leeftijden van alles te beleven. Ontdek de vaste en wisselende tentoonstellingen.","robots":{"index":"index","follow":"follow","max-snippet":"max-snippet:-1","max-image-preview":"max-image-preview:large","max-video-preview":"max-video-preview:-1"},"canonical":"https:\/\/www.visitsmaland.se\/nl\/ontdekken\/kalmar-lans-museum\/","og_locale":"nl_NL","og_type":"article","og_title":"Kalmar L\u00e4ns Museum | Visit Sm\u00e5land","og_description":"Bij het Kalmar L\u00e4ns Museum is er voor alle leeftijden van alles te beleven. Ontdek de vaste en wisselende tentoonstellingen.","og_url":"https:\/\/www.visitsmaland.se\/nl\/ontdekken\/kalmar-lans-museum\/","og_site_name":"Visit Sm\u00e5land","article_publisher":"https:\/\/www.facebook.com\/visitsmaland\/","article_modified_time":"2026-06-29T13:23:07+00:00","og_image":[{"width":2560,"height":1574,"url":"https:\/\/www.visitsmaland.se\/wp-content\/uploads\/2026\/02\/Angkvarnen_20A7820_Flyden-annons-scaled.jpg","type":"image\/jpeg"}],"twitter_card":"summary_large_image","twitter_misc":{"Geschatte leestijd":"2 minuten"},"schema":{"@context":"https:\/\/schema.org","@graph":[{"@type":"WebPage","@id":"https:\/\/www.visitsmaland.se\/nl\/ontdekken\/kalmar-lans-museum\/","url":"https:\/\/www.visitsmaland.se\/nl\/ontdekken\/kalmar-lans-museum\/","name":"Kalmar L\u00e4ns Museum | Visit Sm\u00e5land","isPartOf":{"@id":"https:\/\/www.visitsmaland.se\/nl\/#website"},"primaryImageOfPage":{"@id":"https:\/\/www.visitsmaland.se\/nl\/ontdekken\/kalmar-lans-museum\/#primaryimage"},"image":{"@id":"https:\/\/www.visitsmaland.se\/nl\/ontdekken\/kalmar-lans-museum\/#primaryimage"},"thumbnailUrl":"https:\/\/www.visitsmaland.se\/wp-content\/uploads\/2026\/02\/Angkvarnen_20A7820_Flyden-annons-scaled.jpg","datePublished":"2026-02-11T15:42:05+00:00","dateModified":"2026-06-29T13:23:07+00:00","description":"Bij het Kalmar L\u00e4ns Museum is er voor alle leeftijden van alles te beleven. Ontdek de vaste en wisselende tentoonstellingen.","breadcrumb":{"@id":"https:\/\/www.visitsmaland.se\/nl\/ontdekken\/kalmar-lans-museum\/#breadcrumb"},"inLanguage":"nl-NL","potentialAction":[{"@type":"ReadAction","target":["https:\/\/www.visitsmaland.se\/nl\/ontdekken\/kalmar-lans-museum\/"]}]},{"@type":"ImageObject","inLanguage":"nl-NL","@id":"https:\/\/www.visitsmaland.se\/nl\/ontdekken\/kalmar-lans-museum\/#primaryimage","url":"https:\/\/www.visitsmaland.se\/wp-content\/uploads\/2026\/02\/Angkvarnen_20A7820_Flyden-annons-scaled.jpg","contentUrl":"https:\/\/www.visitsmaland.se\/wp-content\/uploads\/2026\/02\/Angkvarnen_20A7820_Flyden-annons-scaled.jpg","width":2560,"height":1574},{"@type":"BreadcrumbList","@id":"https:\/\/www.visitsmaland.se\/nl\/ontdekken\/kalmar-lans-museum\/#breadcrumb","itemListElement":[{"@type":"ListItem","position":1,"name":"Startpagina","item":"https:\/\/www.visitsmaland.se\/nl\/"},{"@type":"ListItem","position":2,"name":"Kalmar L\u00e4ns Museum"}]},{"@type":"WebSite","@id":"https:\/\/www.visitsmaland.se\/nl\/#website","url":"https:\/\/www.visitsmaland.se\/nl\/","name":"Visit Sm\u00e5land","description":"V\u00e4lkommen till Sm\u00e5land","potentialAction":[{"@type":"SearchAction","target":{"@type":"EntryPoint","urlTemplate":"https:\/\/www.visitsmaland.se\/nl\/?s={search_term_string}"},"query-input":{"@type":"PropertyValueSpecification","valueRequired":true,"valueName":"search_term_string"}}],"inLanguage":"nl-NL"}]}},"_links":{"self":[{"href":"https:\/\/www.visitsmaland.se\/nl\/wp-json\/wp\/v2\/guide\/85023","targetHints":{"allow":["GET"]}}],"collection":[{"href":"https:\/\/www.visitsmaland.se\/nl\/wp-json\/wp\/v2\/guide"}],"about":[{"href":"https:\/\/www.visitsmaland.se\/nl\/wp-json\/wp\/v2\/types\/guide"}],"version-history":[{"count":3,"href":"https:\/\/www.visitsmaland.se\/nl\/wp-json\/wp\/v2\/guide\/85023\/revisions"}],"predecessor-version":[{"id":101990,"href":"https:\/\/www.visitsmaland.se\/nl\/wp-json\/wp\/v2\/guide\/85023\/revisions\/101990"}],"wp:featuredmedia":[{"embeddable":true,"href":"https:\/\/www.visitsmaland.se\/nl\/wp-json\/wp\/v2\/media\/84405"}],"wp:attachment":[{"href":"https:\/\/www.visitsmaland.se\/nl\/wp-json\/wp\/v2\/media?parent=85023"}],"wp:term":[{"taxonomy":"post_tag","embeddable":true,"href":"https:\/\/www.visitsmaland.se\/nl\/wp-json\/wp\/v2\/tags?post=85023"},{"taxonomy":"land","embeddable":true,"href":"https:\/\/www.visitsmaland.se\/nl\/wp-json\/wp\/v2\/land?post=85023"}],"curies":[{"name":"wp","href":"https:\/\/api.w.org\/{rel}","templated":true}]}}