{"id":96916,"date":"2026-04-27T11:22:42","date_gmt":"2026-04-27T09:22:42","guid":{"rendered":"https:\/\/www.visitsmaland.se\/upptack\/a-weekend-in-vaxjo\/"},"modified":"2026-04-27T14:07:49","modified_gmt":"2026-04-27T12:07:49","slug":"een-weekend-in-vaxjo","status":"publish","type":"guide","link":"https:\/\/www.visitsmaland.se\/nl\/ontdekken\/een-weekend-in-vaxjo\/","title":{"rendered":"Een weekend in V\u00e4xj\u00f6"},"content":{"rendered":"<div class=\"postHerosection postHerosection__wrapper\">\n    <div class=\"postHerosection postHerosection__container\">\n        <h1 class=\"postHerosection postHerosection__heroHeading\">\n            Een weekend in V\u00e4xj\u00f6        <\/h1>\n            <\/div>\n    <div class=\"postHerosection postHerosection__imageContainer\">\n        <img loading=\"lazy\" decoding=\"async\" width=\"2560\" height=\"1707\" src=\"https:\/\/www.visitsmaland.se\/wp-content\/uploads\/2024\/04\/vaxjo-a-view-from-pm-vanner_alexander-hall-mediumresolution150dpi80quality-1-scaled.jpg\" class=\"attachment-full size-full\" alt=\"\" srcset=\"https:\/\/www.visitsmaland.se\/wp-content\/uploads\/2024\/04\/vaxjo-a-view-from-pm-vanner_alexander-hall-mediumresolution150dpi80quality-1-scaled.jpg 2560w, https:\/\/www.visitsmaland.se\/wp-content\/uploads\/2024\/04\/vaxjo-a-view-from-pm-vanner_alexander-hall-mediumresolution150dpi80quality-1-300x200.jpg 300w, https:\/\/www.visitsmaland.se\/wp-content\/uploads\/2024\/04\/vaxjo-a-view-from-pm-vanner_alexander-hall-mediumresolution150dpi80quality-1-1024x683.jpg 1024w, https:\/\/www.visitsmaland.se\/wp-content\/uploads\/2024\/04\/vaxjo-a-view-from-pm-vanner_alexander-hall-mediumresolution150dpi80quality-1-768x512.jpg 768w, https:\/\/www.visitsmaland.se\/wp-content\/uploads\/2024\/04\/vaxjo-a-view-from-pm-vanner_alexander-hall-mediumresolution150dpi80quality-1-1536x1024.jpg 1536w, https:\/\/www.visitsmaland.se\/wp-content\/uploads\/2024\/04\/vaxjo-a-view-from-pm-vanner_alexander-hall-mediumresolution150dpi80quality-1-2048x1365.jpg 2048w\" sizes=\"(max-width: 2560px) 100vw, 2560px\" \/>    <\/div>\n<\/div>\n<div class=\"postHerosection postHerosection__breadcrumbs\">\n   <div class=\"postHerosection postHerosection__breadcrumbs-container\">\n        <p id=\"breadcrumbs\"><span><span><a href=\"https:\/\/www.visitsmaland.se\/nl\/\">Startpagina<\/a><\/span><\/span><\/p>    <\/div>\n<\/div>\n\n<div class=\"contentCta contentCta__wrapper\">\n    <div class=\"contentCta contentCta__container\">\n                    \t\t\t<div class=\"contentCta contentCta__text\" style=\"color: \">\n\t\t\t\t<p>Tijdens een weekend in V\u00e4xj\u00f6 kun je een wereldstad in het klein ontdekken, met alles van winkelen, bezienswaardigheden, uitgaansleven en spannende gastronomische ervaringen.<\/p>\n\t\t\t<\/div>\n                <hr>\n            <\/div>\n<\/div>\n\n\n<div class=\"contentImageTwoColumns contentImageTwoColumns__wrapper\" style=\"background-color: #f0efe9\">\n    <div class=\"contentImageTwoColumns contentImageTwoColumns__container layout-reversed\">\n        <div class=\"contentImageTwoColumns contentImageTwoColumns__contentWrapper\">\n            <h2 class=\"contentImageTwoColumns contentImageTwoColumns__heading\" style=\"color: \">\n                Accommodatie            <\/h2>\n            <div class=\"contentImageTwoColumns contentImageTwoColumns__text contentImageTwoColumns__text--short\" style=\"color: \">\n                                    <p>In V\u00e4xj\u00f6 zijn er verschillende overnachtingsmogelijkheden. Hier kun je midden in het centrum verblijven of iets buiten het stadscentrum. Er zijn hotels, bed &#038; breakfasts, hostels of waarom niet overnachten in een kasteel? Er zijn veel verschillende keuzes, ongeacht je smaak en budget.<\/p>\n                            <\/div>\n            <div class=\"contentImageTwoColumns contentImageTwoColumns__text contentImageTwoColumns__text--full\" style=\"color: \">\n                <p>In V\u00e4xj\u00f6 zijn er verschillende overnachtingsmogelijkheden. Hier kun je midden in het centrum verblijven of iets buiten het stadscentrum. Er zijn hotels, bed &#038; breakfasts, hostels of waarom niet overnachten in een kasteel? Er zijn veel verschillende keuzes, ongeacht je smaak en budget.<\/p>\n                <button type=\"button\" class=\"contentImageTwoColumns contentImageTwoColumns__readMoreLess\">\n                    Lees minder &#8211;                <\/button>\n            <\/div>\n                        <div class=\"wp-block-buttons is-layout-flex wp-block-buttons-is-layout-flex\">\n                <div class=\"wp-block-button \">\n                    <a aria-label=\"Accommodatie in V\u00e4xj\u00f6\" class=\"wp-block-button__link wp-element-button\" href=\"https:\/\/upplev.vaxjo.se\/english\/experience-vaxjo\/accommodation\" style=\"background-color: #fbbd51; color: #000000;border: solid 1px #fbbd51\">\n                        Accommodatie in V\u00e4xj\u00f6                    <\/a>\n                <\/div>\n            <\/div>\n                                <\/div>\n        <div class=\"contentImageTwoColumns contentImageTwoColumns__imageWrapper\">\n            <img loading=\"lazy\" decoding=\"async\" width=\"1024\" height=\"740\" src=\"https:\/\/www.visitsmaland.se\/wp-content\/uploads\/2025\/10\/Hotel-3-Ake-Lindman-kopia-1024x740.jpg\" class=\"attachment-grid-card-images size-grid-card-images\" alt=\"\" \/>        <\/div>\n    <\/div>\n<\/div>\n\n\n\n<div style=\"height:21px\" aria-hidden=\"true\" class=\"wp-block-spacer\"><\/div>\n\n\n\n<figure class=\"wp-block-gallery has-nested-images columns-default is-cropped wp-block-gallery-2 is-layout-flex wp-block-gallery-is-layout-flex\">\n<figure class=\"wp-block-image size-large\"><img loading=\"lazy\" decoding=\"async\" width=\"1024\" height=\"768\" data-id=\"96809\" src=\"https:\/\/www.visitsmaland.se\/wp-content\/uploads\/2026\/04\/PM-Va\u0308nner-1-1-1024x768.jpg\" alt=\"\" class=\"wp-image-96809\" srcset=\"https:\/\/www.visitsmaland.se\/wp-content\/uploads\/2026\/04\/PM-Va\u0308nner-1-1-1024x768.jpg 1024w, https:\/\/www.visitsmaland.se\/wp-content\/uploads\/2026\/04\/PM-Va\u0308nner-1-1-300x225.jpg 300w, https:\/\/www.visitsmaland.se\/wp-content\/uploads\/2026\/04\/PM-Va\u0308nner-1-1-768x576.jpg 768w, https:\/\/www.visitsmaland.se\/wp-content\/uploads\/2026\/04\/PM-Va\u0308nner-1-1-1536x1152.jpg 1536w, https:\/\/www.visitsmaland.se\/wp-content\/uploads\/2026\/04\/PM-Va\u0308nner-1-1-2048x1536.jpg 2048w\" sizes=\"(max-width: 1024px) 100vw, 1024px\" \/><\/figure>\n\n\n\n<figure class=\"wp-block-image size-large\"><img loading=\"lazy\" decoding=\"async\" width=\"1024\" height=\"683\" data-id=\"25054\" src=\"https:\/\/www.visitsmaland.se\/wp-content\/uploads\/2024\/04\/vaxjo-1024x683.jpg\" alt=\"\" class=\"wp-image-25054\" srcset=\"https:\/\/www.visitsmaland.se\/wp-content\/uploads\/2024\/04\/vaxjo-1024x683.jpg 1024w, https:\/\/www.visitsmaland.se\/wp-content\/uploads\/2024\/04\/vaxjo-300x200.jpg 300w, https:\/\/www.visitsmaland.se\/wp-content\/uploads\/2024\/04\/vaxjo-768x512.jpg 768w, https:\/\/www.visitsmaland.se\/wp-content\/uploads\/2024\/04\/vaxjo.jpg 1200w\" sizes=\"(max-width: 1024px) 100vw, 1024px\" \/><\/figure>\n\n\n\n<figure class=\"wp-block-image size-large\"><img loading=\"lazy\" decoding=\"async\" width=\"1024\" height=\"683\" data-id=\"35270\" src=\"https:\/\/www.visitsmaland.se\/wp-content\/uploads\/2024\/04\/pm-vanner_alexander_hall-8eaab0a45acff0e5d9e56ef5f9dd63ab-1800x1200-2-1024x683.jpg\" alt=\"\" class=\"wp-image-35270\" srcset=\"https:\/\/www.visitsmaland.se\/wp-content\/uploads\/2024\/04\/pm-vanner_alexander_hall-8eaab0a45acff0e5d9e56ef5f9dd63ab-1800x1200-2-1024x683.jpg 1024w, https:\/\/www.visitsmaland.se\/wp-content\/uploads\/2024\/04\/pm-vanner_alexander_hall-8eaab0a45acff0e5d9e56ef5f9dd63ab-1800x1200-2-300x200.jpg 300w, https:\/\/www.visitsmaland.se\/wp-content\/uploads\/2024\/04\/pm-vanner_alexander_hall-8eaab0a45acff0e5d9e56ef5f9dd63ab-1800x1200-2-768x512.jpg 768w, https:\/\/www.visitsmaland.se\/wp-content\/uploads\/2024\/04\/pm-vanner_alexander_hall-8eaab0a45acff0e5d9e56ef5f9dd63ab-1800x1200-2-1536x1024.jpg 1536w, https:\/\/www.visitsmaland.se\/wp-content\/uploads\/2024\/04\/pm-vanner_alexander_hall-8eaab0a45acff0e5d9e56ef5f9dd63ab-1800x1200-2.jpg 1800w\" sizes=\"(max-width: 1024px) 100vw, 1024px\" \/><\/figure>\n<\/figure>\n\n\n<div class=\"dynamicContentTwoColumns dynamicContentTwoColumns__wrapper\">\n    <div class=\"dynamicContentTwoColumns dynamicContentTwoColumns__container\">\n                                    <h3 class=\"dynamicContentTwoColumns dynamicContentTwoColumns__heading\">\n                    Activiteiten                <\/h3>\n                                                <div class=\"dynamicContentTwoColumns dynamicContentTwoColumns__text\">\n                    <p><p>Er zijn veel activiteiten te zien en te ontdekken in V\u00e4xj\u00f6 tijdens een weekend, omdat de stad een perfecte mix biedt van natuur, cultuur en winkelen. De stad wordt omringd door meren en bossen, wat haar ideaal maakt voor zowel ontspanning in de natuur als actievere ervaringen.<\/p>\n<p>\n                <\/div>\n                                                <div class=\"wp-block-buttons is-layout-flex wp-block-buttons-is-layout-flex\">\n                    <div class=\"wp-block-button\">\n                        <a aria-label=\"Lees verder\" class=\"wp-block-button__link wp-element-button dynamicContentTwoColumns dynamicContentTwoColumns__ctaButton\" href=\"https:\/\/upplev.vaxjo.se\/english\/experience-vaxjo\/things-to-do\">\n                            Lees meer!                        <\/a>\n                    <\/div>\n                <\/div>\n                                                <h3 class=\"dynamicContentTwoColumns dynamicContentTwoColumns__heading\">\n                    Omringd door natuur                <\/h3>\n                                                <div class=\"dynamicContentTwoColumns dynamicContentTwoColumns__text\">\n                    <p><p>Begin de dag met een wandeling rond het V\u00e4xj\u00f6meer of in Linn\u00e9park, waar je kunt genieten van prachtige natuur midden in het stadscentrum. Voor wie actiever wil zijn, zijn er fiets- en hardlooproutes in de omgeving, of waarom niet een kajak huren en de stad vanaf het water beleven? Er zijn ook meerdere andere parken, meren en tuinen te bezoeken tijdens je verblijf, evenals natuurreservaten net buiten de stad.<\/p>\n<p>\n                <\/div>\n                                                <div class=\"dynamicContentTwoColumns dynamicContentTwoColumns__imageWrapper\">\n                    <img loading=\"lazy\" decoding=\"async\" width=\"500\" height=\"333\" src=\"https:\/\/www.visitsmaland.se\/wp-content\/uploads\/2026\/04\/Va\u0308xjo\u0308-city-9-scaled.jpg\" class=\"attachment-500x500 size-500x500\" alt=\"\" srcset=\"https:\/\/www.visitsmaland.se\/wp-content\/uploads\/2026\/04\/Va\u0308xjo\u0308-city-9-scaled.jpg 2560w, https:\/\/www.visitsmaland.se\/wp-content\/uploads\/2026\/04\/Va\u0308xjo\u0308-city-9-300x200.jpg 300w, https:\/\/www.visitsmaland.se\/wp-content\/uploads\/2026\/04\/Va\u0308xjo\u0308-city-9-1024x683.jpg 1024w, https:\/\/www.visitsmaland.se\/wp-content\/uploads\/2026\/04\/Va\u0308xjo\u0308-city-9-768x512.jpg 768w, https:\/\/www.visitsmaland.se\/wp-content\/uploads\/2026\/04\/Va\u0308xjo\u0308-city-9-1536x1024.jpg 1536w, https:\/\/www.visitsmaland.se\/wp-content\/uploads\/2026\/04\/Va\u0308xjo\u0308-city-9-2048x1365.jpg 2048w\" sizes=\"(max-width: 500px) 100vw, 500px\" \/>                <\/div>\n                                                <div class=\"wp-block-buttons is-layout-flex wp-block-buttons-is-layout-flex\">\n                    <div class=\"wp-block-button\">\n                        <a aria-label=\"Lees verder\" class=\"wp-block-button__link wp-element-button dynamicContentTwoColumns dynamicContentTwoColumns__ctaButton\" href=\"https:\/\/upplev.vaxjo.se\/english\/experience-vaxjo\/things-to-do\/nature\">\n                            Natuurervaringen                        <\/a>\n                    <\/div>\n                <\/div>\n                                                <h3 class=\"dynamicContentTwoColumns dynamicContentTwoColumns__heading\">\n                    Cultuur &#038; bezienswaardigheden                <\/h3>\n                                                <div class=\"dynamicContentTwoColumns dynamicContentTwoColumns__text\">\n                    <p><p>Voor cultuurliefhebbers is een bezoek aan een van de musea in V\u00e4xj\u00f6 een must, waaronder <a href=\"https:\/\/www.visitsmaland.se\/att-gora\/sveriges-glasmuseum\/\">het Zweedse Glasmuseum<\/a> en <a href=\"https:\/\/www.kulturparkensmaland.se\/utvandrarnas-hus\/\">Het Huis van de Emigranten<\/a>. Tijdens een weekendje weg moet je ook tijd nemen om door het centrum te slenteren. Hier vind je winkels, caf\u00e9s en restaurants met een lokaal karakter. Vergeet niet een bezoek te brengen aan de <a href=\"https:\/\/www.svenskakyrkan.se\/vaxjo\/vaxjo-domkyrka-\">kathedraal van V\u00e4xj\u00f6<\/a>, met middeleeuwse oorsprong, tijdens je verblijf; met haar dubbele torens is dit een van de bekendste bezienswaardigheden van de stad. Binnen kun je kunstwerken in zowel glas als hout bekijken, en er worden vaak concerten in verschillende genres georganiseerd.<\/p>\n<p>\n                <\/div>\n                                                <div class=\"dynamicContentTwoColumns dynamicContentTwoColumns__imageWrapper\">\n                    <img loading=\"lazy\" decoding=\"async\" width=\"333\" height=\"500\" src=\"https:\/\/www.visitsmaland.se\/wp-content\/uploads\/2026\/04\/Vaxjo-Domkyrka-scaled.jpg\" class=\"attachment-500x500 size-500x500\" alt=\"\" srcset=\"https:\/\/www.visitsmaland.se\/wp-content\/uploads\/2026\/04\/Vaxjo-Domkyrka-scaled.jpg 1707w, https:\/\/www.visitsmaland.se\/wp-content\/uploads\/2026\/04\/Vaxjo-Domkyrka-200x300.jpg 200w, https:\/\/www.visitsmaland.se\/wp-content\/uploads\/2026\/04\/Vaxjo-Domkyrka-683x1024.jpg 683w, https:\/\/www.visitsmaland.se\/wp-content\/uploads\/2026\/04\/Vaxjo-Domkyrka-768x1152.jpg 768w, https:\/\/www.visitsmaland.se\/wp-content\/uploads\/2026\/04\/Vaxjo-Domkyrka-1024x1536.jpg 1024w, https:\/\/www.visitsmaland.se\/wp-content\/uploads\/2026\/04\/Vaxjo-Domkyrka-1365x2048.jpg 1365w\" sizes=\"(max-width: 333px) 100vw, 333px\" \/>                <\/div>\n                                                <div class=\"wp-block-buttons is-layout-flex wp-block-buttons-is-layout-flex\">\n                    <div class=\"wp-block-button\">\n                        <a aria-label=\"Lees verder\" class=\"wp-block-button__link wp-element-button dynamicContentTwoColumns dynamicContentTwoColumns__ctaButton\" href=\"https:\/\/upplev.vaxjo.se\/english\/experience-vaxjo\/things-to-do\/art-culture-and-attractions\">\n                            Lees meer hier!                        <\/a>\n                    <\/div>\n                <\/div>\n                                                <h3 class=\"dynamicContentTwoColumns dynamicContentTwoColumns__heading\">\n                                    <\/h3>\n                        <\/div>\n<\/div>\n\n\n\n<figure class=\"wp-block-gallery has-nested-images columns-default is-cropped wp-block-gallery-3 is-layout-flex wp-block-gallery-is-layout-flex\">\n<figure class=\"wp-block-image size-large\"><img loading=\"lazy\" decoding=\"async\" width=\"2560\" height=\"1920\" data-id=\"96875\" src=\"https:\/\/www.visitsmaland.se\/wp-content\/uploads\/2026\/04\/HALL3854-edited-scaled.jpg\" alt=\"\" class=\"wp-image-96875\" srcset=\"https:\/\/www.visitsmaland.se\/wp-content\/uploads\/2026\/04\/HALL3854-edited-scaled.jpg 2560w, https:\/\/www.visitsmaland.se\/wp-content\/uploads\/2026\/04\/HALL3854-edited-300x225.jpg 300w, https:\/\/www.visitsmaland.se\/wp-content\/uploads\/2026\/04\/HALL3854-edited-1024x768.jpg 1024w, https:\/\/www.visitsmaland.se\/wp-content\/uploads\/2026\/04\/HALL3854-edited-768x576.jpg 768w, https:\/\/www.visitsmaland.se\/wp-content\/uploads\/2026\/04\/HALL3854-edited-1536x1152.jpg 1536w, https:\/\/www.visitsmaland.se\/wp-content\/uploads\/2026\/04\/HALL3854-edited-2048x1536.jpg 2048w\" sizes=\"(max-width: 2560px) 100vw, 2560px\" \/><\/figure>\n\n\n\n<figure class=\"wp-block-image size-large\"><img loading=\"lazy\" decoding=\"async\" width=\"1024\" height=\"683\" data-id=\"96069\" src=\"https:\/\/www.visitsmaland.se\/wp-content\/uploads\/2026\/04\/HALL2380-1024x683.jpg\" alt=\"\" class=\"wp-image-96069\" srcset=\"https:\/\/www.visitsmaland.se\/wp-content\/uploads\/2026\/04\/HALL2380-1024x683.jpg 1024w, https:\/\/www.visitsmaland.se\/wp-content\/uploads\/2026\/04\/HALL2380-300x200.jpg 300w, https:\/\/www.visitsmaland.se\/wp-content\/uploads\/2026\/04\/HALL2380-768x512.jpg 768w, https:\/\/www.visitsmaland.se\/wp-content\/uploads\/2026\/04\/HALL2380-1536x1025.jpg 1536w, https:\/\/www.visitsmaland.se\/wp-content\/uploads\/2026\/04\/HALL2380-2048x1366.jpg 2048w\" sizes=\"(max-width: 1024px) 100vw, 1024px\" \/><\/figure>\n\n\n\n<figure class=\"wp-block-image size-large\"><img loading=\"lazy\" decoding=\"async\" width=\"1024\" height=\"591\" data-id=\"96804\" src=\"https:\/\/www.visitsmaland.se\/wp-content\/uploads\/2026\/04\/PM-2-1-1024x591.jpg\" alt=\"\" class=\"wp-image-96804\" srcset=\"https:\/\/www.visitsmaland.se\/wp-content\/uploads\/2026\/04\/PM-2-1-1024x591.jpg 1024w, https:\/\/www.visitsmaland.se\/wp-content\/uploads\/2026\/04\/PM-2-1-300x173.jpg 300w, https:\/\/www.visitsmaland.se\/wp-content\/uploads\/2026\/04\/PM-2-1-768x444.jpg 768w, https:\/\/www.visitsmaland.se\/wp-content\/uploads\/2026\/04\/PM-2-1-1536x887.jpg 1536w, https:\/\/www.visitsmaland.se\/wp-content\/uploads\/2026\/04\/PM-2-1-2048x1183.jpg 2048w\" sizes=\"(max-width: 1024px) 100vw, 1024px\" \/><\/figure>\n<\/figure>\n\n\n\n<div class=\"wp-block-group has-visitsmaland-greige-background-color has-background is-layout-constrained wp-block-group-is-layout-constrained\"><div class=\"dynamicContentTwoColumns dynamicContentTwoColumns__wrapper\">\n    <div class=\"dynamicContentTwoColumns dynamicContentTwoColumns__container\">\n                                    <h3 class=\"dynamicContentTwoColumns dynamicContentTwoColumns__heading\">\n                    De foodstad V\u00e4xj\u00f6                <\/h3>\n                                                <div class=\"dynamicContentTwoColumns dynamicContentTwoColumns__text\">\n                    <p><p>V\u00e4xj\u00f6 heeft zich de laatste jaren ontwikkeld tot een spannende foodstad waar duurzaamheid en lokale producten centraal staan. Met een sterke verbinding met het Sm\u00e5landse landschap bieden restaurants ingredi\u00ebnten uit bos, meer en landbouw uit de regio. Hier worden moderne restaurants gecombineerd met klassieke smaken. Of je nu op zoek bent naar een luxe diner, een ontspannen lunch of een koffiemoment, V\u00e4xj\u00f6 biedt gevarieerde culinaire ervaringen die traditie en vernieuwing combineren. Trakteer jezelf op een unieke eetervaring in de foodstad V\u00e4xj\u00f6!<\/p>\n<p>\n                <\/div>\n                                                <h3 class=\"dynamicContentTwoColumns dynamicContentTwoColumns__heading\">\n                    PM &#038; V\u00e4nner                <\/h3>\n                                                <div class=\"dynamicContentTwoColumns dynamicContentTwoColumns__imageWrapper\">\n                    <img loading=\"lazy\" decoding=\"async\" width=\"500\" height=\"333\" src=\"https:\/\/www.visitsmaland.se\/wp-content\/uploads\/2024\/04\/pmomslag-scaled.jpg\" class=\"attachment-500x500 size-500x500\" alt=\"\" srcset=\"https:\/\/www.visitsmaland.se\/wp-content\/uploads\/2024\/04\/pmomslag-scaled.jpg 2560w, https:\/\/www.visitsmaland.se\/wp-content\/uploads\/2024\/04\/pmomslag-300x200.jpg 300w, https:\/\/www.visitsmaland.se\/wp-content\/uploads\/2024\/04\/pmomslag-1024x683.jpg 1024w, https:\/\/www.visitsmaland.se\/wp-content\/uploads\/2024\/04\/pmomslag-768x512.jpg 768w, https:\/\/www.visitsmaland.se\/wp-content\/uploads\/2024\/04\/pmomslag-1536x1024.jpg 1536w, https:\/\/www.visitsmaland.se\/wp-content\/uploads\/2024\/04\/pmomslag-2048x1365.jpg 2048w\" sizes=\"(max-width: 500px) 100vw, 500px\" \/>                <\/div>\n                                                <div class=\"dynamicContentTwoColumns dynamicContentTwoColumns__text\">\n                    <p><p>PM &#038; V\u00e4nner is niet alleen een bekroond restaurant met een Michelinster in de Michelin Guide, maar ook een modern hotel, bakkerij (PM &#038; V\u00e4nner Br\u00f6d &#038; Sovel) en bloemenwinkel (Flora PM &#038; V\u00e4nner), allemaal gelegen in het centrum van V\u00e4xj\u00f6 en absoluut een bezoek waard. Hier kun je genieten van een luxe proeverijmenu, wijnen van wereldklasse en Sm\u00e5landse cheesecake die wordt geserveerd bij het ontbijtbuffet \u2014 om slechts enkele hoogtepunten te noemen!<\/p>\n<p>\n                <\/div>\n                                                <div class=\"wp-block-buttons is-layout-flex wp-block-buttons-is-layout-flex\">\n                    <div class=\"wp-block-button\">\n                        <a aria-label=\"Lees verder\" class=\"wp-block-button__link wp-element-button dynamicContentTwoColumns dynamicContentTwoColumns__ctaButton\" href=\"https:\/\/pmrestauranger.se\/en\/\">\n                            PM &#038; V\u00e4nner!                        <\/a>\n                    <\/div>\n                <\/div>\n                                                <h3 class=\"dynamicContentTwoColumns dynamicContentTwoColumns__heading\">\n                    Kaf\u00e9 de luxe                <\/h3>\n                                                <div class=\"dynamicContentTwoColumns dynamicContentTwoColumns__imageWrapper\">\n                    <img loading=\"lazy\" decoding=\"async\" width=\"500\" height=\"375\" src=\"https:\/\/www.visitsmaland.se\/wp-content\/uploads\/2026\/04\/kafe-de-luxe-va\u0308xjo\u0308-1-scaled.jpg\" class=\"attachment-500x500 size-500x500\" alt=\"\" srcset=\"https:\/\/www.visitsmaland.se\/wp-content\/uploads\/2026\/04\/kafe-de-luxe-va\u0308xjo\u0308-1-scaled.jpg 2560w, https:\/\/www.visitsmaland.se\/wp-content\/uploads\/2026\/04\/kafe-de-luxe-va\u0308xjo\u0308-1-300x225.jpg 300w, https:\/\/www.visitsmaland.se\/wp-content\/uploads\/2026\/04\/kafe-de-luxe-va\u0308xjo\u0308-1-1024x768.jpg 1024w, https:\/\/www.visitsmaland.se\/wp-content\/uploads\/2026\/04\/kafe-de-luxe-va\u0308xjo\u0308-1-768x576.jpg 768w, https:\/\/www.visitsmaland.se\/wp-content\/uploads\/2026\/04\/kafe-de-luxe-va\u0308xjo\u0308-1-1536x1152.jpg 1536w, https:\/\/www.visitsmaland.se\/wp-content\/uploads\/2026\/04\/kafe-de-luxe-va\u0308xjo\u0308-1-2048x1536.jpg 2048w\" sizes=\"(max-width: 500px) 100vw, 500px\" \/>                <\/div>\n                                                <div class=\"dynamicContentTwoColumns dynamicContentTwoColumns__text\">\n                    <p><p>In een oud 18e-eeuws huis waar alles een beetje scheef en schots is, vind je Kaf\u00e9 de luxe, een ontmoetingsplek voor iedereen die ge\u00efnteresseerd is in eten en cultuur. Hier kun je genieten van goed eten en koffie gemaakt van lokaal geteelde producten uit hun eigen stadstuin Ekobacken. Je kunt er ook live muziek en andere culturele ervaringen beleven.<\/p>\n<p>\n                <\/div>\n                                                <div class=\"wp-block-buttons is-layout-flex wp-block-buttons-is-layout-flex\">\n                    <div class=\"wp-block-button\">\n                        <a aria-label=\"Lees verder\" class=\"wp-block-button__link wp-element-button dynamicContentTwoColumns dynamicContentTwoColumns__ctaButton\" href=\"https:\/\/www.kafedeluxe.se\/english\">\n                            Kaf\u00e9 de luxe!                        <\/a>\n                    <\/div>\n                <\/div>\n                                                <h3 class=\"dynamicContentTwoColumns dynamicContentTwoColumns__heading\">\n                    Villa &#038; tr\u00e4dg\u00e5rd de luxe                <\/h3>\n                                                <div class=\"dynamicContentTwoColumns dynamicContentTwoColumns__imageWrapper\">\n                    <img loading=\"lazy\" decoding=\"async\" width=\"400\" height=\"500\" src=\"https:\/\/www.visitsmaland.se\/wp-content\/uploads\/2026\/04\/Villa-Tra\u0308dga\u030ard-de-luxe-7.jpg\" class=\"attachment-500x500 size-500x500\" alt=\"\" srcset=\"https:\/\/www.visitsmaland.se\/wp-content\/uploads\/2026\/04\/Villa-Tra\u0308dga\u030ard-de-luxe-7.jpg 1638w, https:\/\/www.visitsmaland.se\/wp-content\/uploads\/2026\/04\/Villa-Tra\u0308dga\u030ard-de-luxe-7-240x300.jpg 240w, https:\/\/www.visitsmaland.se\/wp-content\/uploads\/2026\/04\/Villa-Tra\u0308dga\u030ard-de-luxe-7-819x1024.jpg 819w, https:\/\/www.visitsmaland.se\/wp-content\/uploads\/2026\/04\/Villa-Tra\u0308dga\u030ard-de-luxe-7-768x960.jpg 768w, https:\/\/www.visitsmaland.se\/wp-content\/uploads\/2026\/04\/Villa-Tra\u0308dga\u030ard-de-luxe-7-1229x1536.jpg 1229w\" sizes=\"(max-width: 400px) 100vw, 400px\" \/>                <\/div>\n                                                <div class=\"dynamicContentTwoColumns dynamicContentTwoColumns__text\">\n                    <p><p>Als onderdeel van de De luxe-familie vind je Villa &#038; tuin de luxe, gelegen in de oude pastorie. Hier worden onder andere pizza, proeverijen, jazzconcerten en ambachtelijk bier aangeboden. In de zomer kun je genieten van eten en drinken in de tuin, livemuziek en een potje jeu de boules of tafeltennis.<\/p>\n<p>\n                <\/div>\n                                                <div class=\"wp-block-buttons is-layout-flex wp-block-buttons-is-layout-flex\">\n                    <div class=\"wp-block-button\">\n                        <a aria-label=\"Lees verder\" class=\"wp-block-button__link wp-element-button dynamicContentTwoColumns dynamicContentTwoColumns__ctaButton\" href=\"https:\/\/www.villadeluxe.se\/english\">\n                            Villa de luxe!                        <\/a>\n                    <\/div>\n                <\/div>\n                                                <h3 class=\"dynamicContentTwoColumns dynamicContentTwoColumns__heading\">\n                    B\u00f6nan &#038; Mustaschen                <\/h3>\n                                                <div class=\"dynamicContentTwoColumns dynamicContentTwoColumns__imageWrapper\">\n                    <img loading=\"lazy\" decoding=\"async\" width=\"500\" height=\"334\" src=\"https:\/\/www.visitsmaland.se\/wp-content\/uploads\/2026\/04\/HALL3848-scaled.jpg\" class=\"attachment-500x500 size-500x500\" alt=\"\" srcset=\"https:\/\/www.visitsmaland.se\/wp-content\/uploads\/2026\/04\/HALL3848-scaled.jpg 2560w, https:\/\/www.visitsmaland.se\/wp-content\/uploads\/2026\/04\/HALL3848-300x200.jpg 300w, https:\/\/www.visitsmaland.se\/wp-content\/uploads\/2026\/04\/HALL3848-1024x683.jpg 1024w, https:\/\/www.visitsmaland.se\/wp-content\/uploads\/2026\/04\/HALL3848-768x512.jpg 768w, https:\/\/www.visitsmaland.se\/wp-content\/uploads\/2026\/04\/HALL3848-1536x1025.jpg 1536w, https:\/\/www.visitsmaland.se\/wp-content\/uploads\/2026\/04\/HALL3848-2048x1366.jpg 2048w\" sizes=\"(max-width: 500px) 100vw, 500px\" \/>                <\/div>\n                                                <div class=\"dynamicContentTwoColumns dynamicContentTwoColumns__text\">\n                    <p><p>Als je zin hebt in echt goede koffie en fika, dan is er de koffiebar B\u00f6nan &#038; Mustaschen, waar specialty coffee wordt geserveerd \u2014 een kwaliteitslabel waarbij de koffie aan een bepaalde standaard moet voldoen. Hier kun je genieten van warme dranken, gebak en lichte lunches tussen je activiteiten door.<\/p>\n<p>\n                <\/div>\n                                                <div class=\"wp-block-buttons is-layout-flex wp-block-buttons-is-layout-flex\">\n                    <div class=\"wp-block-button\">\n                        <a aria-label=\"Lees verder\" class=\"wp-block-button__link wp-element-button dynamicContentTwoColumns dynamicContentTwoColumns__ctaButton\" href=\"https:\/\/upplev.vaxjo.se\/english\/experience-vaxjo\/food-and-drinks\/cafes\/bonan--mustaschen\">\n                            B\u00f6nan &#038; Mustaschen!                        <\/a>\n                    <\/div>\n                <\/div>\n                        <\/div>\n<\/div>\n<\/div>\n\n\n\n<div style=\"height:21px\" aria-hidden=\"true\" class=\"wp-block-spacer\"><\/div>\n\n\n\n<figure class=\"wp-block-gallery has-nested-images columns-default is-cropped wp-block-gallery-4 is-layout-flex wp-block-gallery-is-layout-flex\">\n<figure class=\"wp-block-image size-large\"><img loading=\"lazy\" decoding=\"async\" width=\"2560\" height=\"2560\" data-id=\"96868\" src=\"https:\/\/www.visitsmaland.se\/wp-content\/uploads\/2026\/04\/PM_Bro\u0308d-och-Sovel-6-1-edited-scaled.jpg\" alt=\"\" class=\"wp-image-96868\" srcset=\"https:\/\/www.visitsmaland.se\/wp-content\/uploads\/2026\/04\/PM_Bro\u0308d-och-Sovel-6-1-edited-scaled.jpg 2560w, https:\/\/www.visitsmaland.se\/wp-content\/uploads\/2026\/04\/PM_Bro\u0308d-och-Sovel-6-1-edited-300x300.jpg 300w, https:\/\/www.visitsmaland.se\/wp-content\/uploads\/2026\/04\/PM_Bro\u0308d-och-Sovel-6-1-edited-1024x1024.jpg 1024w, https:\/\/www.visitsmaland.se\/wp-content\/uploads\/2026\/04\/PM_Bro\u0308d-och-Sovel-6-1-edited-150x150.jpg 150w, https:\/\/www.visitsmaland.se\/wp-content\/uploads\/2026\/04\/PM_Bro\u0308d-och-Sovel-6-1-edited-768x768.jpg 768w, https:\/\/www.visitsmaland.se\/wp-content\/uploads\/2026\/04\/PM_Bro\u0308d-och-Sovel-6-1-edited-1536x1536.jpg 1536w, https:\/\/www.visitsmaland.se\/wp-content\/uploads\/2026\/04\/PM_Bro\u0308d-och-Sovel-6-1-edited-2048x2048.jpg 2048w\" sizes=\"(max-width: 2560px) 100vw, 2560px\" \/><\/figure>\n\n\n\n<figure class=\"wp-block-image size-large\"><img loading=\"lazy\" decoding=\"async\" width=\"1024\" height=\"683\" data-id=\"96844\" src=\"https:\/\/www.visitsmaland.se\/wp-content\/uploads\/2026\/04\/Va\u0308xjo\u0308-city-4-1-1024x683.jpg\" alt=\"\" class=\"wp-image-96844\" srcset=\"https:\/\/www.visitsmaland.se\/wp-content\/uploads\/2026\/04\/Va\u0308xjo\u0308-city-4-1-1024x683.jpg 1024w, https:\/\/www.visitsmaland.se\/wp-content\/uploads\/2026\/04\/Va\u0308xjo\u0308-city-4-1-300x200.jpg 300w, https:\/\/www.visitsmaland.se\/wp-content\/uploads\/2026\/04\/Va\u0308xjo\u0308-city-4-1-768x512.jpg 768w, https:\/\/www.visitsmaland.se\/wp-content\/uploads\/2026\/04\/Va\u0308xjo\u0308-city-4-1-1536x1024.jpg 1536w, https:\/\/www.visitsmaland.se\/wp-content\/uploads\/2026\/04\/Va\u0308xjo\u0308-city-4-1-2048x1365.jpg 2048w\" sizes=\"(max-width: 1024px) 100vw, 1024px\" \/><\/figure>\n\n\n\n<figure class=\"wp-block-image size-large\"><img loading=\"lazy\" decoding=\"async\" width=\"2560\" height=\"2560\" data-id=\"96222\" src=\"https:\/\/www.visitsmaland.se\/wp-content\/uploads\/2026\/04\/Va\u0308xjo\u0308-Kafe-de-luxe-WANDERSofMANAO_x_Sma\u030aland_9.jpg-edited-scaled.jpg\" alt=\"\" class=\"wp-image-96222\" srcset=\"https:\/\/www.visitsmaland.se\/wp-content\/uploads\/2026\/04\/Va\u0308xjo\u0308-Kafe-de-luxe-WANDERSofMANAO_x_Sma\u030aland_9.jpg-edited-scaled.jpg 2560w, https:\/\/www.visitsmaland.se\/wp-content\/uploads\/2026\/04\/Va\u0308xjo\u0308-Kafe-de-luxe-WANDERSofMANAO_x_Sma\u030aland_9.jpg-edited-300x300.jpg 300w, https:\/\/www.visitsmaland.se\/wp-content\/uploads\/2026\/04\/Va\u0308xjo\u0308-Kafe-de-luxe-WANDERSofMANAO_x_Sma\u030aland_9.jpg-edited-1024x1024.jpg 1024w, https:\/\/www.visitsmaland.se\/wp-content\/uploads\/2026\/04\/Va\u0308xjo\u0308-Kafe-de-luxe-WANDERSofMANAO_x_Sma\u030aland_9.jpg-edited-150x150.jpg 150w, https:\/\/www.visitsmaland.se\/wp-content\/uploads\/2026\/04\/Va\u0308xjo\u0308-Kafe-de-luxe-WANDERSofMANAO_x_Sma\u030aland_9.jpg-edited-768x768.jpg 768w, https:\/\/www.visitsmaland.se\/wp-content\/uploads\/2026\/04\/Va\u0308xjo\u0308-Kafe-de-luxe-WANDERSofMANAO_x_Sma\u030aland_9.jpg-edited-1536x1536.jpg 1536w, https:\/\/www.visitsmaland.se\/wp-content\/uploads\/2026\/04\/Va\u0308xjo\u0308-Kafe-de-luxe-WANDERSofMANAO_x_Sma\u030aland_9.jpg-edited-2048x2048.jpg 2048w\" sizes=\"(max-width: 2560px) 100vw, 2560px\" \/><\/figure>\n<\/figure>\n\n\n  \n<div class=\"featuredTwoColumns featuredTwoColumns__wrapper\">\n    <div class=\"featuredTwoColumns featuredTwoColumns__container\">  \n            <div class=\"featuredTwoColumns featuredTwoColumns__feturedWrapper\">\n            <a aria-label=\"PM &amp; V\u00e4nner\" href=\"https:\/\/www.visitsmaland.se\/nl\/ontdekken\/pm-vanner\/\"class=\"featuredTwoColumns featuredTwoColumns__imageWrapper\">\n                <img loading=\"lazy\" decoding=\"async\" width=\"1024\" height=\"740\" src=\"https:\/\/www.visitsmaland.se\/wp-content\/uploads\/2024\/04\/ALEX3051-1-1024x740.jpg\" class=\"attachment-grid-card-images size-grid-card-images wp-post-image\" alt=\"\" \/>            <\/a>\n            <div class=\"featuredTwoColumns featuredTwoColumns__contentWrapper\">\n                <h2 class=\"featuredTwoColumns featuredTwoColumns__heading\">\n                    PM &amp; V\u00e4nner                <\/h2>\n                <p class=\"featuredTwoColumns featuredTwoColumns__description\">\n                    Bekroond restaurant PM &#038; V\u00e4nner met \u00e9\u00e9n ster in de \u2026                <\/p>\n                 \n                 \n                <div class=\"wp-block-buttons is-layout-flex wp-block-buttons-is-layout-flex\">\n                    <div class=\"wp-block-button \">\n                        <a aria-label=\"PM &amp; V\u00e4nner\"class=\"wp-block-button__link wp-element-button\" href=\"https:\/\/www.visitsmaland.se\/nl\/ontdekken\/pm-vanner\/\">\n                            Ontdek                       \n                         <\/a>\n                    <\/div>\n                <\/div>\n            <\/div>\n        <\/div>\n                <div class=\"featuredTwoColumns featuredTwoColumns__feturedWrapper\">\n            <a aria-label=\"Restaurants in de White Guide\" href=\"https:\/\/www.visitsmaland.se\/nl\/ontdekken\/restaurants-in-de-white-guide\/\"class=\"featuredTwoColumns featuredTwoColumns__imageWrapper\">\n                <img loading=\"lazy\" decoding=\"async\" width=\"1024\" height=\"740\" src=\"https:\/\/www.visitsmaland.se\/wp-content\/uploads\/2024\/04\/alex3310-1024x740.jpg\" class=\"attachment-grid-card-images size-grid-card-images wp-post-image\" alt=\"\" \/>            <\/a>\n            <div class=\"featuredTwoColumns featuredTwoColumns__contentWrapper\">\n                <h2 class=\"featuredTwoColumns featuredTwoColumns__heading\">\n                    Restaurants in de White Guide                <\/h2>\n                <p class=\"featuredTwoColumns featuredTwoColumns__description\">\n                    Restaurants en caf\u00e9s in Sm\u00e5land met een bekroning i\u2026                <\/p>\n                 \n                 \n                <div class=\"wp-block-buttons is-layout-flex wp-block-buttons-is-layout-flex\">\n                    <div class=\"wp-block-button \">\n                        <a aria-label=\"Restaurants in de White Guide\"class=\"wp-block-button__link wp-element-button\" href=\"https:\/\/www.visitsmaland.se\/nl\/ontdekken\/restaurants-in-de-white-guide\/\">\n                            Ontdek                       \n                         <\/a>\n                    <\/div>\n                <\/div>\n            <\/div>\n        <\/div>\n            <\/div>\n<\/div>\n\n\n<div class=\"contentImageTwoColumns contentImageTwoColumns__wrapper\" style=\"background-color: #133a26\">\n    <div class=\"contentImageTwoColumns contentImageTwoColumns__container \">\n        <div class=\"contentImageTwoColumns contentImageTwoColumns__contentWrapper\">\n            <h2 class=\"contentImageTwoColumns contentImageTwoColumns__heading\" style=\"color: #ffffff\">\n                Teleborg Kasteel            <\/h2>\n            <div class=\"contentImageTwoColumns contentImageTwoColumns__text contentImageTwoColumns__text--short\" style=\"color: #ffffff\">\n                                    <p>Teleborg Kasteel in V\u00e4xj\u00f6 werd eind 19e eeuw gebouwd door graaf Fredrik Bonde voor zijn vrouw Anna Koskull en is een echt sprookjeskasteel. Het kasteel staat bekend om zijn unieke neogotische stijl&#8230;                    <button type=\"button\" class=\"contentImageTwoColumns contentImageTwoColumns__readMoreLess\">\n                        Lees verder +                    <\/button>\n                            <\/div>\n            <div class=\"contentImageTwoColumns contentImageTwoColumns__text contentImageTwoColumns__text--full\" style=\"color: #ffffff\">\n                <p>Teleborg Kasteel in V\u00e4xj\u00f6 werd eind 19e eeuw gebouwd door graaf Fredrik Bonde voor zijn vrouw Anna Koskull en is een echt sprookjeskasteel. Het kasteel staat bekend om zijn unieke neogotische stijl en ligt prachtig aan het meer Trummen. Vandaag is het een populaire locatie voor overnachtingen, bruiloften, feesten en conferenties met stijlvol ingerichte zalen en kamers.<\/p>\n                <button type=\"button\" class=\"contentImageTwoColumns contentImageTwoColumns__readMoreLess\">\n                    Lees minder &#8211;                <\/button>\n            <\/div>\n                        <div class=\"wp-block-buttons is-layout-flex wp-block-buttons-is-layout-flex\">\n                <div class=\"wp-block-button \">\n                    <a aria-label=\"Teleborg Kasteel\" class=\"wp-block-button__link wp-element-button\" href=\"https:\/\/teleborgsslott.com\/en\/\" style=\"background-color: #f0efe9; color: #000000;border: solid 1px #f0efe9\">\n                        Teleborg Kasteel                    <\/a>\n                <\/div>\n            <\/div>\n                                <\/div>\n        <div class=\"contentImageTwoColumns contentImageTwoColumns__imageWrapper\">\n            <img loading=\"lazy\" decoding=\"async\" width=\"1024\" height=\"740\" src=\"https:\/\/www.visitsmaland.se\/wp-content\/uploads\/2026\/03\/Teleborgs-slott-88869-1024x740.jpeg\" class=\"attachment-grid-card-images size-grid-card-images\" alt=\"\" \/>        <\/div>\n    <\/div>\n<\/div>\n\n\n<div class=\"contentImageTwoColumns contentImageTwoColumns__wrapper\" style=\"background-color: #f0efe9\">\n    <div class=\"contentImageTwoColumns contentImageTwoColumns__container layout-reversed\">\n        <div class=\"contentImageTwoColumns contentImageTwoColumns__contentWrapper\">\n            <h2 class=\"contentImageTwoColumns contentImageTwoColumns__heading\" style=\"color: \">\n                Evenementen            <\/h2>\n            <div class=\"contentImageTwoColumns contentImageTwoColumns__text contentImageTwoColumns__text--short\" style=\"color: \">\n                                    <p>Het hele jaar door worden er verschillende evenementen georganiseerd in V\u00e4xj\u00f6, vooral in de zomer wanneer de Karl-Oskar-dagen en Scensommar plaatsvinden met concerten, kermis, theater en markten. E&#8230;                    <button type=\"button\" class=\"contentImageTwoColumns contentImageTwoColumns__readMoreLess\">\n                        Lees verder +                    <\/button>\n                            <\/div>\n            <div class=\"contentImageTwoColumns contentImageTwoColumns__text contentImageTwoColumns__text--full\" style=\"color: \">\n                <p>Het hele jaar door worden er verschillende evenementen georganiseerd in V\u00e4xj\u00f6, vooral in de zomer wanneer de Karl-Oskar-dagen en Scensommar plaatsvinden met concerten, kermis, theater en markten. Er worden ook verschillende sportevenementen georganiseerd, zoals de traditionele V\u00e4xj\u00f6lop. Op de laatste zaterdag van januari kun je bovendien de Cultuurnacht bezoeken, wanneer heel V\u00e4xj\u00f6 gevuld is met muziek, kunst en theater.<\/p>\n                <button type=\"button\" class=\"contentImageTwoColumns contentImageTwoColumns__readMoreLess\">\n                    Lees minder &#8211;                <\/button>\n            <\/div>\n                        <div class=\"wp-block-buttons is-layout-flex wp-block-buttons-is-layout-flex\">\n                <div class=\"wp-block-button \">\n                    <a aria-label=\"Evenementen in V\u00e4xj\u00f6!\" class=\"wp-block-button__link wp-element-button\" href=\"https:\/\/vaxjoco.se\/en\/events\/\" style=\"background-color: #fbbd51; color: #000000;border: solid 1px #000000\">\n                        Evenementen in V\u00e4xj\u00f6!                    <\/a>\n                <\/div>\n            <\/div>\n                                <\/div>\n        <div class=\"contentImageTwoColumns contentImageTwoColumns__imageWrapper\">\n            <img loading=\"lazy\" decoding=\"async\" width=\"1024\" height=\"740\" src=\"https:\/\/www.visitsmaland.se\/wp-content\/uploads\/2026\/04\/Va\u0308xjo\u0308_scensommar-1-1024x740.jpg\" class=\"attachment-grid-card-images size-grid-card-images\" alt=\"\" \/>        <\/div>\n    <\/div>\n<\/div>\n\n\n\n<div style=\"height:21px\" aria-hidden=\"true\" class=\"wp-block-spacer\"><\/div>\n\n\n  \n<div class=\"featuredTwoColumns featuredTwoColumns__wrapper\">\n    <div class=\"featuredTwoColumns featuredTwoColumns__container\">  \n            <div class=\"featuredTwoColumns featuredTwoColumns__feturedWrapper\">\n            <a aria-label=\"Ontdek Sm\u00e5land &amp; \u00d6land zonder auto\" href=\"https:\/\/www.visitsmaland.se\/nl\/ontdekken\/ontdek-smaland-oland-zonder-auto\/\"class=\"featuredTwoColumns featuredTwoColumns__imageWrapper\">\n                <img loading=\"lazy\" decoding=\"async\" width=\"1024\" height=\"640\" src=\"https:\/\/www.visitsmaland.se\/wp-content\/uploads\/2022\/06\/Alex_o_-carro-v-taget-topp-3-kopia.jpg\" class=\"attachment-grid-card-images size-grid-card-images wp-post-image\" alt=\"\" srcset=\"https:\/\/www.visitsmaland.se\/wp-content\/uploads\/2022\/06\/Alex_o_-carro-v-taget-topp-3-kopia.jpg 1280w, https:\/\/www.visitsmaland.se\/wp-content\/uploads\/2022\/06\/Alex_o_-carro-v-taget-topp-3-kopia-300x188.jpg 300w, https:\/\/www.visitsmaland.se\/wp-content\/uploads\/2022\/06\/Alex_o_-carro-v-taget-topp-3-kopia-1024x640.jpg 1024w, https:\/\/www.visitsmaland.se\/wp-content\/uploads\/2022\/06\/Alex_o_-carro-v-taget-topp-3-kopia-768x480.jpg 768w, https:\/\/www.visitsmaland.se\/wp-content\/uploads\/2022\/06\/Alex_o_-carro-v-taget-topp-3-kopia-640x400.jpg 640w, https:\/\/www.visitsmaland.se\/wp-content\/uploads\/2022\/06\/Alex_o_-carro-v-taget-topp-3-kopia-240x150.jpg 240w, https:\/\/www.visitsmaland.se\/wp-content\/uploads\/2022\/06\/Alex_o_-carro-v-taget-topp-3-kopia-192x120.jpg 192w\" sizes=\"(max-width: 1024px) 100vw, 1024px\" \/>            <\/a>\n            <div class=\"featuredTwoColumns featuredTwoColumns__contentWrapper\">\n                <h2 class=\"featuredTwoColumns featuredTwoColumns__heading\">\n                    Ontdek Sm\u00e5land &amp; \u00d6land zonder auto                <\/h2>\n                <p class=\"featuredTwoColumns featuredTwoColumns__description\">\n                    Sm\u00e5land en \u00d6land bieden talloze mogelijkheden om na\u2026                <\/p>\n                 \n                 \n                <div class=\"wp-block-buttons is-layout-flex wp-block-buttons-is-layout-flex\">\n                    <div class=\"wp-block-button \">\n                        <a aria-label=\"Ontdek Sm\u00e5land &amp; \u00d6land zonder auto\"class=\"wp-block-button__link wp-element-button\" href=\"https:\/\/www.visitsmaland.se\/nl\/ontdekken\/ontdek-smaland-oland-zonder-auto\/\">\n                            Ontdek                       \n                         <\/a>\n                    <\/div>\n                <\/div>\n            <\/div>\n        <\/div>\n                <div class=\"featuredTwoColumns featuredTwoColumns__feturedWrapper\">\n            <a aria-label=\"Steden in Sm\u00e5land\" href=\"https:\/\/www.visitsmaland.se\/nl\/ontdekken\/steden-in-smaland\/\"class=\"featuredTwoColumns featuredTwoColumns__imageWrapper\">\n                <img loading=\"lazy\" decoding=\"async\" width=\"1024\" height=\"740\" src=\"https:\/\/www.visitsmaland.se\/wp-content\/uploads\/2024\/04\/Bron01-1-1024x740.jpg\" class=\"attachment-grid-card-images size-grid-card-images wp-post-image\" alt=\"\" \/>            <\/a>\n            <div class=\"featuredTwoColumns featuredTwoColumns__contentWrapper\">\n                <h2 class=\"featuredTwoColumns featuredTwoColumns__heading\">\n                    Steden in Sm\u00e5land                <\/h2>\n                <p class=\"featuredTwoColumns featuredTwoColumns__description\">\n                    Restaurants en bars, winkelen en activiteiten, cult\u2026                <\/p>\n                 \n                 \n                <div class=\"wp-block-buttons is-layout-flex wp-block-buttons-is-layout-flex\">\n                    <div class=\"wp-block-button \">\n                        <a aria-label=\"Steden in Sm\u00e5land\"class=\"wp-block-button__link wp-element-button\" href=\"https:\/\/www.visitsmaland.se\/nl\/ontdekken\/steden-in-smaland\/\">\n                            Ontdek                       \n                         <\/a>\n                    <\/div>\n                <\/div>\n            <\/div>\n        <\/div>\n            <\/div>\n<\/div>\n","protected":false},"excerpt":{"rendered":"<p>Tijdens een weekend in V\u00e4xj\u00f6 kun je een wereldstad in het klein ontdekken, met alles van winkelen, bezienswaardigheden, uitgaansleven en spannende gastronomische ervaringen.<\/p>\n","protected":false},"featured_media":47122,"parent":0,"menu_order":3,"template":"","tags":[],"land":[],"class_list":["post-96916","guide","type-guide","status-publish","has-post-thumbnail","hentry"],"acf":{"priority":""},"yoast_head":"<!-- This site is optimized with the Yoast SEO plugin v27.2 - https:\/\/yoast.com\/product\/yoast-seo-wordpress\/ -->\n<title>Een weekend in V\u00e4xj\u00f6 i Sm\u00e5land | Visit Sm\u00e5land<\/title>\n<meta name=\"description\" content=\"Tijdens een weekend in V\u00e4xj\u00f6 in het klein ontdekken, met alles van winkelen, bezienswaardigheden, uitgaansleven en gastronomische ervaringen.\" \/>\n<meta name=\"robots\" content=\"index, follow, max-snippet:-1, max-image-preview:large, max-video-preview:-1\" \/>\n<link rel=\"canonical\" href=\"https:\/\/www.visitsmaland.se\/nl\/ontdekken\/een-weekend-in-vaxjo\/\" \/>\n<meta property=\"og:locale\" content=\"nl_NL\" \/>\n<meta property=\"og:type\" content=\"article\" \/>\n<meta property=\"og:title\" content=\"Een weekend in V\u00e4xj\u00f6 i Sm\u00e5land | Visit Sm\u00e5land\" \/>\n<meta property=\"og:description\" content=\"Tijdens een weekend in V\u00e4xj\u00f6 in het klein ontdekken, met alles van winkelen, bezienswaardigheden, uitgaansleven en gastronomische ervaringen.\" \/>\n<meta property=\"og:url\" content=\"https:\/\/www.visitsmaland.se\/nl\/ontdekken\/een-weekend-in-vaxjo\/\" \/>\n<meta property=\"og:site_name\" content=\"Visit Sm\u00e5land\" \/>\n<meta property=\"article:publisher\" content=\"https:\/\/www.facebook.com\/visitsmaland\/\" \/>\n<meta property=\"article:modified_time\" content=\"2026-04-27T12:07:49+00:00\" \/>\n<meta property=\"og:image\" content=\"https:\/\/www.visitsmaland.se\/wp-content\/uploads\/2024\/04\/vaxjo-a-view-from-pm-vanner_alexander-hall-mediumresolution150dpi80quality-1-scaled.jpg\" \/>\n\t<meta property=\"og:image:width\" content=\"2560\" \/>\n\t<meta property=\"og:image:height\" content=\"1707\" \/>\n\t<meta property=\"og:image:type\" content=\"image\/jpeg\" \/>\n<meta name=\"twitter:card\" content=\"summary_large_image\" \/>\n<meta name=\"twitter:label1\" content=\"Geschatte leestijd\" \/>\n\t<meta name=\"twitter:data1\" content=\"8 minuten\" \/>\n<script type=\"application\/ld+json\" class=\"yoast-schema-graph\">{\"@context\":\"https:\/\/schema.org\",\"@graph\":[{\"@type\":\"WebPage\",\"@id\":\"https:\/\/www.visitsmaland.se\/nl\/ontdekken\/een-weekend-in-vaxjo\/\",\"url\":\"https:\/\/www.visitsmaland.se\/nl\/ontdekken\/een-weekend-in-vaxjo\/\",\"name\":\"Een weekend in V\u00e4xj\u00f6 i Sm\u00e5land | Visit Sm\u00e5land\",\"isPartOf\":{\"@id\":\"https:\/\/www.visitsmaland.se\/nl\/#website\"},\"primaryImageOfPage\":{\"@id\":\"https:\/\/www.visitsmaland.se\/nl\/ontdekken\/een-weekend-in-vaxjo\/#primaryimage\"},\"image\":{\"@id\":\"https:\/\/www.visitsmaland.se\/nl\/ontdekken\/een-weekend-in-vaxjo\/#primaryimage\"},\"thumbnailUrl\":\"https:\/\/www.visitsmaland.se\/wp-content\/uploads\/2024\/04\/vaxjo-a-view-from-pm-vanner_alexander-hall-mediumresolution150dpi80quality-1-scaled.jpg\",\"datePublished\":\"2026-04-27T09:22:42+00:00\",\"dateModified\":\"2026-04-27T12:07:49+00:00\",\"description\":\"Tijdens een weekend in V\u00e4xj\u00f6 in het klein ontdekken, met alles van winkelen, bezienswaardigheden, uitgaansleven en gastronomische ervaringen.\",\"breadcrumb\":{\"@id\":\"https:\/\/www.visitsmaland.se\/nl\/ontdekken\/een-weekend-in-vaxjo\/#breadcrumb\"},\"inLanguage\":\"nl-NL\",\"potentialAction\":[{\"@type\":\"ReadAction\",\"target\":[\"https:\/\/www.visitsmaland.se\/nl\/ontdekken\/een-weekend-in-vaxjo\/\"]}]},{\"@type\":\"ImageObject\",\"inLanguage\":\"nl-NL\",\"@id\":\"https:\/\/www.visitsmaland.se\/nl\/ontdekken\/een-weekend-in-vaxjo\/#primaryimage\",\"url\":\"https:\/\/www.visitsmaland.se\/wp-content\/uploads\/2024\/04\/vaxjo-a-view-from-pm-vanner_alexander-hall-mediumresolution150dpi80quality-1-scaled.jpg\",\"contentUrl\":\"https:\/\/www.visitsmaland.se\/wp-content\/uploads\/2024\/04\/vaxjo-a-view-from-pm-vanner_alexander-hall-mediumresolution150dpi80quality-1-scaled.jpg\",\"width\":2560,\"height\":1707},{\"@type\":\"BreadcrumbList\",\"@id\":\"https:\/\/www.visitsmaland.se\/nl\/ontdekken\/een-weekend-in-vaxjo\/#breadcrumb\",\"itemListElement\":[{\"@type\":\"ListItem\",\"position\":1,\"name\":\"Startpagina\",\"item\":\"https:\/\/www.visitsmaland.se\/nl\/\"},{\"@type\":\"ListItem\",\"position\":2,\"name\":\"Een weekend in V\u00e4xj\u00f6\"}]},{\"@type\":\"WebSite\",\"@id\":\"https:\/\/www.visitsmaland.se\/nl\/#website\",\"url\":\"https:\/\/www.visitsmaland.se\/nl\/\",\"name\":\"Visit Sm\u00e5land\",\"description\":\"V\u00e4lkommen till Sm\u00e5land\",\"potentialAction\":[{\"@type\":\"SearchAction\",\"target\":{\"@type\":\"EntryPoint\",\"urlTemplate\":\"https:\/\/www.visitsmaland.se\/nl\/?s={search_term_string}\"},\"query-input\":{\"@type\":\"PropertyValueSpecification\",\"valueRequired\":true,\"valueName\":\"search_term_string\"}}],\"inLanguage\":\"nl-NL\"}]}<\/script>\n<!-- \/ Yoast SEO plugin. -->","yoast_head_json":{"title":"Een weekend in V\u00e4xj\u00f6 i Sm\u00e5land | Visit Sm\u00e5land","description":"Tijdens een weekend in V\u00e4xj\u00f6 in het klein ontdekken, met alles van winkelen, bezienswaardigheden, uitgaansleven en gastronomische ervaringen.","robots":{"index":"index","follow":"follow","max-snippet":"max-snippet:-1","max-image-preview":"max-image-preview:large","max-video-preview":"max-video-preview:-1"},"canonical":"https:\/\/www.visitsmaland.se\/nl\/ontdekken\/een-weekend-in-vaxjo\/","og_locale":"nl_NL","og_type":"article","og_title":"Een weekend in V\u00e4xj\u00f6 i Sm\u00e5land | Visit Sm\u00e5land","og_description":"Tijdens een weekend in V\u00e4xj\u00f6 in het klein ontdekken, met alles van winkelen, bezienswaardigheden, uitgaansleven en gastronomische ervaringen.","og_url":"https:\/\/www.visitsmaland.se\/nl\/ontdekken\/een-weekend-in-vaxjo\/","og_site_name":"Visit Sm\u00e5land","article_publisher":"https:\/\/www.facebook.com\/visitsmaland\/","article_modified_time":"2026-04-27T12:07:49+00:00","og_image":[{"width":2560,"height":1707,"url":"https:\/\/www.visitsmaland.se\/wp-content\/uploads\/2024\/04\/vaxjo-a-view-from-pm-vanner_alexander-hall-mediumresolution150dpi80quality-1-scaled.jpg","type":"image\/jpeg"}],"twitter_card":"summary_large_image","twitter_misc":{"Geschatte leestijd":"8 minuten"},"schema":{"@context":"https:\/\/schema.org","@graph":[{"@type":"WebPage","@id":"https:\/\/www.visitsmaland.se\/nl\/ontdekken\/een-weekend-in-vaxjo\/","url":"https:\/\/www.visitsmaland.se\/nl\/ontdekken\/een-weekend-in-vaxjo\/","name":"Een weekend in V\u00e4xj\u00f6 i Sm\u00e5land | Visit Sm\u00e5land","isPartOf":{"@id":"https:\/\/www.visitsmaland.se\/nl\/#website"},"primaryImageOfPage":{"@id":"https:\/\/www.visitsmaland.se\/nl\/ontdekken\/een-weekend-in-vaxjo\/#primaryimage"},"image":{"@id":"https:\/\/www.visitsmaland.se\/nl\/ontdekken\/een-weekend-in-vaxjo\/#primaryimage"},"thumbnailUrl":"https:\/\/www.visitsmaland.se\/wp-content\/uploads\/2024\/04\/vaxjo-a-view-from-pm-vanner_alexander-hall-mediumresolution150dpi80quality-1-scaled.jpg","datePublished":"2026-04-27T09:22:42+00:00","dateModified":"2026-04-27T12:07:49+00:00","description":"Tijdens een weekend in V\u00e4xj\u00f6 in het klein ontdekken, met alles van winkelen, bezienswaardigheden, uitgaansleven en gastronomische ervaringen.","breadcrumb":{"@id":"https:\/\/www.visitsmaland.se\/nl\/ontdekken\/een-weekend-in-vaxjo\/#breadcrumb"},"inLanguage":"nl-NL","potentialAction":[{"@type":"ReadAction","target":["https:\/\/www.visitsmaland.se\/nl\/ontdekken\/een-weekend-in-vaxjo\/"]}]},{"@type":"ImageObject","inLanguage":"nl-NL","@id":"https:\/\/www.visitsmaland.se\/nl\/ontdekken\/een-weekend-in-vaxjo\/#primaryimage","url":"https:\/\/www.visitsmaland.se\/wp-content\/uploads\/2024\/04\/vaxjo-a-view-from-pm-vanner_alexander-hall-mediumresolution150dpi80quality-1-scaled.jpg","contentUrl":"https:\/\/www.visitsmaland.se\/wp-content\/uploads\/2024\/04\/vaxjo-a-view-from-pm-vanner_alexander-hall-mediumresolution150dpi80quality-1-scaled.jpg","width":2560,"height":1707},{"@type":"BreadcrumbList","@id":"https:\/\/www.visitsmaland.se\/nl\/ontdekken\/een-weekend-in-vaxjo\/#breadcrumb","itemListElement":[{"@type":"ListItem","position":1,"name":"Startpagina","item":"https:\/\/www.visitsmaland.se\/nl\/"},{"@type":"ListItem","position":2,"name":"Een weekend in V\u00e4xj\u00f6"}]},{"@type":"WebSite","@id":"https:\/\/www.visitsmaland.se\/nl\/#website","url":"https:\/\/www.visitsmaland.se\/nl\/","name":"Visit Sm\u00e5land","description":"V\u00e4lkommen till Sm\u00e5land","potentialAction":[{"@type":"SearchAction","target":{"@type":"EntryPoint","urlTemplate":"https:\/\/www.visitsmaland.se\/nl\/?s={search_term_string}"},"query-input":{"@type":"PropertyValueSpecification","valueRequired":true,"valueName":"search_term_string"}}],"inLanguage":"nl-NL"}]}},"_links":{"self":[{"href":"https:\/\/www.visitsmaland.se\/nl\/wp-json\/wp\/v2\/guide\/96916","targetHints":{"allow":["GET"]}}],"collection":[{"href":"https:\/\/www.visitsmaland.se\/nl\/wp-json\/wp\/v2\/guide"}],"about":[{"href":"https:\/\/www.visitsmaland.se\/nl\/wp-json\/wp\/v2\/types\/guide"}],"version-history":[{"count":2,"href":"https:\/\/www.visitsmaland.se\/nl\/wp-json\/wp\/v2\/guide\/96916\/revisions"}],"predecessor-version":[{"id":96919,"href":"https:\/\/www.visitsmaland.se\/nl\/wp-json\/wp\/v2\/guide\/96916\/revisions\/96919"}],"wp:featuredmedia":[{"embeddable":true,"href":"https:\/\/www.visitsmaland.se\/nl\/wp-json\/wp\/v2\/media\/47122"}],"wp:attachment":[{"href":"https:\/\/www.visitsmaland.se\/nl\/wp-json\/wp\/v2\/media?parent=96916"}],"wp:term":[{"taxonomy":"post_tag","embeddable":true,"href":"https:\/\/www.visitsmaland.se\/nl\/wp-json\/wp\/v2\/tags?post=96916"},{"taxonomy":"land","embeddable":true,"href":"https:\/\/www.visitsmaland.se\/nl\/wp-json\/wp\/v2\/land?post=96916"}],"curies":[{"name":"wp","href":"https:\/\/api.w.org\/{rel}","templated":true}]}}